{"id":4328,"date":"2024-04-12T11:38:35","date_gmt":"2024-04-12T09:38:35","guid":{"rendered":"https:\/\/dfvcg-events.de\/nonfood-kongress\/?post_type=portfolio&#038;p=4328"},"modified":"2026-04-16T09:59:52","modified_gmt":"2026-04-16T07:59:52","slug":"christian-koch","status":"publish","type":"portfolio","link":"https:\/\/dfvcg-events.de\/nonfood-kongress\/referent\/christian-koch\/","title":{"rendered":"Christian Koch"},"content":{"rendered":"\n<style type=\"text\/css\" data-created_by=\"avia_inline_auto\" id=\"style-css-av-1hpil-9666fe4db9abbb55e16afcaa46b74565\">\n.flex_column.av-1hpil-9666fe4db9abbb55e16afcaa46b74565{\nborder-radius:0px 0px 0px 0px;\npadding:0px 0px 0px 0px;\n}\n<\/style>\n<div  class='flex_column av-1hpil-9666fe4db9abbb55e16afcaa46b74565 av_one_third  avia-builder-el-0  el_before_av_two_third  avia-builder-el-first  first flex_column_div av-zero-column-padding  '     ><style type=\"text\/css\" data-created_by=\"avia_inline_auto\" id=\"style-css-av-k7yud6gx-f268cdb05bbf4940429f1b835560608c\">\n.avia-image-container.av-k7yud6gx-f268cdb05bbf4940429f1b835560608c img.avia_image{\nbox-shadow:none;\n}\n.avia-image-container.av-k7yud6gx-f268cdb05bbf4940429f1b835560608c .av-image-caption-overlay-center{\ncolor:#ffffff;\n}\n<\/style>\n<div  class='avia-image-container av-k7yud6gx-f268cdb05bbf4940429f1b835560608c av-styling-no-styling avia-align-center  avia-builder-el-1  avia-builder-el-no-sibling '   itemprop=\"image\" itemscope=\"itemscope\" itemtype=\"https:\/\/schema.org\/ImageObject\" ><div class=\"avia-image-container-inner\"><div class=\"avia-image-overlay-wrap\"><img decoding=\"async\" fetchpriority=\"high\" class='wp-image-5649 avia-img-lazy-loading-not-5649 avia_image ' src=\"https:\/\/dfvcg-events.de\/nonfood-kongress\/wp-content\/uploads\/sites\/2\/2024\/04\/Koch-Christian-YouGov_web.png\" alt='' title='Koch-Christian-YouGov_web'  height=\"800\" width=\"600\"  itemprop=\"thumbnailUrl\" srcset=\"https:\/\/dfvcg-events.de\/nonfood-kongress\/wp-content\/uploads\/sites\/2\/2024\/04\/Koch-Christian-YouGov_web.png 600w, https:\/\/dfvcg-events.de\/nonfood-kongress\/wp-content\/uploads\/sites\/2\/2024\/04\/Koch-Christian-YouGov_web-529x705.png 529w\" sizes=\"(max-width: 600px) 100vw, 600px\" \/><\/div><\/div><\/div><\/div>\n<style type=\"text\/css\" data-created_by=\"avia_inline_auto\" id=\"style-css-av-q939-36bd9e2970eba44b209398e6adaba9f5\">\n.flex_column.av-q939-36bd9e2970eba44b209398e6adaba9f5{\nborder-radius:0px 0px 0px 0px;\npadding:0px 0px 0px 0px;\n}\n<\/style>\n<div  class='flex_column av-q939-36bd9e2970eba44b209398e6adaba9f5 av_two_third  avia-builder-el-2  el_after_av_one_third  avia-builder-el-last  flex_column_div av-zero-column-padding  '     ><p>\n<style type=\"text\/css\" data-created_by=\"avia_inline_auto\" id=\"style-css-av-knhbgp9x-029ceffb71e4a5d90c1fda43e542462c\">\n#top .av-special-heading.av-knhbgp9x-029ceffb71e4a5d90c1fda43e542462c{\npadding-bottom:10px;\n}\nbody .av-special-heading.av-knhbgp9x-029ceffb71e4a5d90c1fda43e542462c .av-special-heading-tag .heading-char{\nfont-size:25px;\n}\n.av-special-heading.av-knhbgp9x-029ceffb71e4a5d90c1fda43e542462c .av-subheading{\nfont-size:19px;\n}\n<\/style>\n<div  class='av-special-heading av-knhbgp9x-029ceffb71e4a5d90c1fda43e542462c av-special-heading-h2 blockquote modern-quote  avia-builder-el-3  el_before_av_textblock  avia-builder-el-first '><h2 class='av-special-heading-tag '  itemprop=\"headline\"  >Christian Koch<\/h2><div class='av-subheading av-subheading_below'><p>Senior Consultant Nonfood, YouGov CP Germany<\/p>\n<\/div><div class=\"special-heading-border\"><div class=\"special-heading-inner-border\"><\/div><\/div><\/div><br \/>\n<section  class='av_textblock_section av-mnwulj35-2c6fafad6357436aa94a52e31b02f36c '   itemscope=\"itemscope\" itemtype=\"https:\/\/schema.org\/CreativeWork\" ><div class='avia_textblock'  itemprop=\"text\" ><p>Christian Koch ist Senior Consultant im Bereich der Shopper Panel Forschung im Nonfood\u2011Sektor. Nach seinem Studium der Betriebswirtschaftslehre startete er 2007 bei GfK Consumer Panel und ist seit der \u00dcbernahme im Januar 2024 f\u00fcr YouGov t\u00e4tig. Als zertifizierter Category Manager (GS1) ber\u00e4t er f\u00fchrende H\u00e4ndler und Hersteller im Bereich Nonfood, u.a. in den Branchen DIY, Home &amp; Living, Discount, LEH und e\u2011Commerce. Seine Schwerpunkte liegen auf datenbasierter Marktanalyse, Category Management sowie der Entwicklung strategischer Handlungsempfehlungen. Neben seiner Beratungst\u00e4tigkeit ist er regelm\u00e4\u00dfig als Fachreferent t\u00e4tig und verkn\u00fcpft in seinen Vortr\u00e4gen praktische Marktkenntnisse mit Shopper Panel Know\u2011how.<\/p>\n<\/div><\/section><\/p><\/div><\/p>\n","protected":false},"excerpt":{"rendered":"<p>YouGov CP Germany<\/p>\n","protected":false},"author":29,"featured_media":5649,"comment_status":"open","ping_status":"closed","template":"","meta":{"footnotes":""},"tags":[],"portfolio_entries":[82,89,97],"class_list":["post-4328","portfolio","type-portfolio","status-publish","has-post-thumbnail","hentry","portfolio_entries-vortragend-2024","portfolio_entries-vortragende-2025","portfolio_entries-vortragend-2026"],"yoast_head":"<!-- This site is optimized with the Yoast SEO plugin v27.4 - https:\/\/yoast.com\/product\/yoast-seo-wordpress\/ -->\n<title>Referent: Christian Koch | Nonfood Kongress<\/title>\n<meta name=\"description\" content=\"Begr\u00fc\u00dfen Sie beim Nonfood Kongress auf der B\u00fchne: Christian Koch\" \/>\n<meta name=\"robots\" content=\"index, follow, max-snippet:-1, max-image-preview:large, max-video-preview:-1\" \/>\n<link rel=\"canonical\" href=\"https:\/\/dfvcg-events.de\/nonfood-kongress\/referent\/christian-koch\/\" \/>\n<meta property=\"og:locale\" content=\"de_DE\" \/>\n<meta property=\"og:type\" content=\"article\" \/>\n<meta property=\"og:title\" content=\"Referent: Christian Koch | Nonfood Kongress\" \/>\n<meta property=\"og:description\" content=\"Begr\u00fc\u00dfen Sie beim Nonfood Kongress auf der B\u00fchne: Christian Koch\" \/>\n<meta property=\"og:url\" content=\"https:\/\/dfvcg-events.de\/nonfood-kongress\/referent\/christian-koch\/\" \/>\n<meta property=\"og:site_name\" content=\"Nonfood Kongress\" \/>\n<meta property=\"article:modified_time\" content=\"2026-04-16T07:59:52+00:00\" \/>\n<meta property=\"og:image\" content=\"https:\/\/dfvcg-events.de\/nonfood-kongress\/wp-content\/uploads\/sites\/2\/2024\/04\/Koch-Christian-YouGov_web.png\" \/>\n\t<meta property=\"og:image:width\" content=\"600\" \/>\n\t<meta property=\"og:image:height\" content=\"800\" \/>\n\t<meta property=\"og:image:type\" content=\"image\/png\" \/>\n<meta name=\"twitter:card\" content=\"summary_large_image\" \/>\n<meta name=\"twitter:label1\" content=\"Gesch\u00e4tzte Lesezeit\" \/>\n\t<meta name=\"twitter:data1\" content=\"1\u00a0Minute\" \/>\n<script type=\"application\/ld+json\" class=\"yoast-schema-graph\">{\"@context\":\"https:\\\/\\\/schema.org\",\"@graph\":[{\"@type\":\"WebPage\",\"@id\":\"https:\\\/\\\/dfvcg-events.de\\\/nonfood-kongress\\\/referent\\\/christian-koch\\\/\",\"url\":\"https:\\\/\\\/dfvcg-events.de\\\/nonfood-kongress\\\/referent\\\/christian-koch\\\/\",\"name\":\"Referent: Christian Koch | Nonfood Kongress\",\"isPartOf\":{\"@id\":\"https:\\\/\\\/dfvcg-events.de\\\/nonfood-kongress\\\/#website\"},\"primaryImageOfPage\":{\"@id\":\"https:\\\/\\\/dfvcg-events.de\\\/nonfood-kongress\\\/referent\\\/christian-koch\\\/#primaryimage\"},\"image\":{\"@id\":\"https:\\\/\\\/dfvcg-events.de\\\/nonfood-kongress\\\/referent\\\/christian-koch\\\/#primaryimage\"},\"thumbnailUrl\":\"https:\\\/\\\/dfvcg-events.de\\\/nonfood-kongress\\\/wp-content\\\/uploads\\\/sites\\\/2\\\/2024\\\/04\\\/Koch-Christian-YouGov_web.png\",\"datePublished\":\"2024-04-12T09:38:35+00:00\",\"dateModified\":\"2026-04-16T07:59:52+00:00\",\"description\":\"Begr\u00fc\u00dfen Sie beim Nonfood Kongress auf der B\u00fchne: Christian Koch\",\"breadcrumb\":{\"@id\":\"https:\\\/\\\/dfvcg-events.de\\\/nonfood-kongress\\\/referent\\\/christian-koch\\\/#breadcrumb\"},\"inLanguage\":\"de\",\"potentialAction\":[{\"@type\":\"ReadAction\",\"target\":[\"https:\\\/\\\/dfvcg-events.de\\\/nonfood-kongress\\\/referent\\\/christian-koch\\\/\"]}]},{\"@type\":\"ImageObject\",\"inLanguage\":\"de\",\"@id\":\"https:\\\/\\\/dfvcg-events.de\\\/nonfood-kongress\\\/referent\\\/christian-koch\\\/#primaryimage\",\"url\":\"https:\\\/\\\/dfvcg-events.de\\\/nonfood-kongress\\\/wp-content\\\/uploads\\\/sites\\\/2\\\/2024\\\/04\\\/Koch-Christian-YouGov_web.png\",\"contentUrl\":\"https:\\\/\\\/dfvcg-events.de\\\/nonfood-kongress\\\/wp-content\\\/uploads\\\/sites\\\/2\\\/2024\\\/04\\\/Koch-Christian-YouGov_web.png\",\"width\":600,\"height\":800},{\"@type\":\"BreadcrumbList\",\"@id\":\"https:\\\/\\\/dfvcg-events.de\\\/nonfood-kongress\\\/referent\\\/christian-koch\\\/#breadcrumb\",\"itemListElement\":[{\"@type\":\"ListItem\",\"position\":1,\"name\":\"Startseite\",\"item\":\"https:\\\/\\\/dfvcg-events.de\\\/nonfood-kongress\\\/\"},{\"@type\":\"ListItem\",\"position\":2,\"name\":\"Christian Koch\"}]},{\"@type\":\"WebSite\",\"@id\":\"https:\\\/\\\/dfvcg-events.de\\\/nonfood-kongress\\\/#website\",\"url\":\"https:\\\/\\\/dfvcg-events.de\\\/nonfood-kongress\\\/\",\"name\":\"Nonfood Kongress\",\"description\":\"dfv Conference Group\",\"publisher\":{\"@id\":\"https:\\\/\\\/dfvcg-events.de\\\/nonfood-kongress\\\/#organization\"},\"potentialAction\":[{\"@type\":\"SearchAction\",\"target\":{\"@type\":\"EntryPoint\",\"urlTemplate\":\"https:\\\/\\\/dfvcg-events.de\\\/nonfood-kongress\\\/?s={search_term_string}\"},\"query-input\":{\"@type\":\"PropertyValueSpecification\",\"valueRequired\":true,\"valueName\":\"search_term_string\"}}],\"inLanguage\":\"de\"},{\"@type\":\"Organization\",\"@id\":\"https:\\\/\\\/dfvcg-events.de\\\/nonfood-kongress\\\/#organization\",\"name\":\"Deutscher Nonfood Kongress\",\"url\":\"https:\\\/\\\/dfvcg-events.de\\\/nonfood-kongress\\\/\",\"logo\":{\"@type\":\"ImageObject\",\"inLanguage\":\"de\",\"@id\":\"https:\\\/\\\/dfvcg-events.de\\\/nonfood-kongress\\\/#\\\/schema\\\/logo\\\/image\\\/\",\"url\":\"https:\\\/\\\/dfvcg-events.de\\\/nonfood-kongress\\\/wp-content\\\/uploads\\\/sites\\\/2\\\/2021\\\/11\\\/Nonfood-Teaser-800x800px.jpg\",\"contentUrl\":\"https:\\\/\\\/dfvcg-events.de\\\/nonfood-kongress\\\/wp-content\\\/uploads\\\/sites\\\/2\\\/2021\\\/11\\\/Nonfood-Teaser-800x800px.jpg\",\"width\":800,\"height\":800,\"caption\":\"Deutscher Nonfood Kongress\"},\"image\":{\"@id\":\"https:\\\/\\\/dfvcg-events.de\\\/nonfood-kongress\\\/#\\\/schema\\\/logo\\\/image\\\/\"}}]}<\/script>\n<!-- \/ Yoast SEO plugin. -->","yoast_head_json":{"title":"Referent: Christian Koch | Nonfood Kongress","description":"Begr\u00fc\u00dfen Sie beim Nonfood Kongress auf der B\u00fchne: Christian Koch","robots":{"index":"index","follow":"follow","max-snippet":"max-snippet:-1","max-image-preview":"max-image-preview:large","max-video-preview":"max-video-preview:-1"},"canonical":"https:\/\/dfvcg-events.de\/nonfood-kongress\/referent\/christian-koch\/","og_locale":"de_DE","og_type":"article","og_title":"Referent: Christian Koch | Nonfood Kongress","og_description":"Begr\u00fc\u00dfen Sie beim Nonfood Kongress auf der B\u00fchne: Christian Koch","og_url":"https:\/\/dfvcg-events.de\/nonfood-kongress\/referent\/christian-koch\/","og_site_name":"Nonfood Kongress","article_modified_time":"2026-04-16T07:59:52+00:00","og_image":[{"width":600,"height":800,"url":"https:\/\/dfvcg-events.de\/nonfood-kongress\/wp-content\/uploads\/sites\/2\/2024\/04\/Koch-Christian-YouGov_web.png","type":"image\/png"}],"twitter_card":"summary_large_image","twitter_misc":{"Gesch\u00e4tzte Lesezeit":"1\u00a0Minute"},"schema":{"@context":"https:\/\/schema.org","@graph":[{"@type":"WebPage","@id":"https:\/\/dfvcg-events.de\/nonfood-kongress\/referent\/christian-koch\/","url":"https:\/\/dfvcg-events.de\/nonfood-kongress\/referent\/christian-koch\/","name":"Referent: Christian Koch | Nonfood Kongress","isPartOf":{"@id":"https:\/\/dfvcg-events.de\/nonfood-kongress\/#website"},"primaryImageOfPage":{"@id":"https:\/\/dfvcg-events.de\/nonfood-kongress\/referent\/christian-koch\/#primaryimage"},"image":{"@id":"https:\/\/dfvcg-events.de\/nonfood-kongress\/referent\/christian-koch\/#primaryimage"},"thumbnailUrl":"https:\/\/dfvcg-events.de\/nonfood-kongress\/wp-content\/uploads\/sites\/2\/2024\/04\/Koch-Christian-YouGov_web.png","datePublished":"2024-04-12T09:38:35+00:00","dateModified":"2026-04-16T07:59:52+00:00","description":"Begr\u00fc\u00dfen Sie beim Nonfood Kongress auf der B\u00fchne: Christian Koch","breadcrumb":{"@id":"https:\/\/dfvcg-events.de\/nonfood-kongress\/referent\/christian-koch\/#breadcrumb"},"inLanguage":"de","potentialAction":[{"@type":"ReadAction","target":["https:\/\/dfvcg-events.de\/nonfood-kongress\/referent\/christian-koch\/"]}]},{"@type":"ImageObject","inLanguage":"de","@id":"https:\/\/dfvcg-events.de\/nonfood-kongress\/referent\/christian-koch\/#primaryimage","url":"https:\/\/dfvcg-events.de\/nonfood-kongress\/wp-content\/uploads\/sites\/2\/2024\/04\/Koch-Christian-YouGov_web.png","contentUrl":"https:\/\/dfvcg-events.de\/nonfood-kongress\/wp-content\/uploads\/sites\/2\/2024\/04\/Koch-Christian-YouGov_web.png","width":600,"height":800},{"@type":"BreadcrumbList","@id":"https:\/\/dfvcg-events.de\/nonfood-kongress\/referent\/christian-koch\/#breadcrumb","itemListElement":[{"@type":"ListItem","position":1,"name":"Startseite","item":"https:\/\/dfvcg-events.de\/nonfood-kongress\/"},{"@type":"ListItem","position":2,"name":"Christian Koch"}]},{"@type":"WebSite","@id":"https:\/\/dfvcg-events.de\/nonfood-kongress\/#website","url":"https:\/\/dfvcg-events.de\/nonfood-kongress\/","name":"Nonfood Kongress","description":"dfv Conference Group","publisher":{"@id":"https:\/\/dfvcg-events.de\/nonfood-kongress\/#organization"},"potentialAction":[{"@type":"SearchAction","target":{"@type":"EntryPoint","urlTemplate":"https:\/\/dfvcg-events.de\/nonfood-kongress\/?s={search_term_string}"},"query-input":{"@type":"PropertyValueSpecification","valueRequired":true,"valueName":"search_term_string"}}],"inLanguage":"de"},{"@type":"Organization","@id":"https:\/\/dfvcg-events.de\/nonfood-kongress\/#organization","name":"Deutscher Nonfood Kongress","url":"https:\/\/dfvcg-events.de\/nonfood-kongress\/","logo":{"@type":"ImageObject","inLanguage":"de","@id":"https:\/\/dfvcg-events.de\/nonfood-kongress\/#\/schema\/logo\/image\/","url":"https:\/\/dfvcg-events.de\/nonfood-kongress\/wp-content\/uploads\/sites\/2\/2021\/11\/Nonfood-Teaser-800x800px.jpg","contentUrl":"https:\/\/dfvcg-events.de\/nonfood-kongress\/wp-content\/uploads\/sites\/2\/2021\/11\/Nonfood-Teaser-800x800px.jpg","width":800,"height":800,"caption":"Deutscher Nonfood Kongress"},"image":{"@id":"https:\/\/dfvcg-events.de\/nonfood-kongress\/#\/schema\/logo\/image\/"}}]}},"_links":{"self":[{"href":"https:\/\/dfvcg-events.de\/nonfood-kongress\/wp-json\/wp\/v2\/portfolio\/4328","targetHints":{"allow":["GET"]}}],"collection":[{"href":"https:\/\/dfvcg-events.de\/nonfood-kongress\/wp-json\/wp\/v2\/portfolio"}],"about":[{"href":"https:\/\/dfvcg-events.de\/nonfood-kongress\/wp-json\/wp\/v2\/types\/portfolio"}],"author":[{"embeddable":true,"href":"https:\/\/dfvcg-events.de\/nonfood-kongress\/wp-json\/wp\/v2\/users\/29"}],"replies":[{"embeddable":true,"href":"https:\/\/dfvcg-events.de\/nonfood-kongress\/wp-json\/wp\/v2\/comments?post=4328"}],"version-history":[{"count":7,"href":"https:\/\/dfvcg-events.de\/nonfood-kongress\/wp-json\/wp\/v2\/portfolio\/4328\/revisions"}],"predecessor-version":[{"id":5646,"href":"https:\/\/dfvcg-events.de\/nonfood-kongress\/wp-json\/wp\/v2\/portfolio\/4328\/revisions\/5646"}],"wp:featuredmedia":[{"embeddable":true,"href":"https:\/\/dfvcg-events.de\/nonfood-kongress\/wp-json\/wp\/v2\/media\/5649"}],"wp:attachment":[{"href":"https:\/\/dfvcg-events.de\/nonfood-kongress\/wp-json\/wp\/v2\/media?parent=4328"}],"wp:term":[{"taxonomy":"post_tag","embeddable":true,"href":"https:\/\/dfvcg-events.de\/nonfood-kongress\/wp-json\/wp\/v2\/tags?post=4328"},{"taxonomy":"portfolio_entries","embeddable":true,"href":"https:\/\/dfvcg-events.de\/nonfood-kongress\/wp-json\/wp\/v2\/portfolio_entries?post=4328"}],"curies":[{"name":"wp","href":"https:\/\/api.w.org\/{rel}","templated":true}]}}