{"id":1738,"date":"2021-04-14T12:36:13","date_gmt":"2021-04-14T10:36:13","guid":{"rendered":"https:\/\/dfvcg-events.de\/nonfood-kongress\/?post_type=portfolio&#038;p=1738"},"modified":"2025-03-20T11:27:09","modified_gmt":"2025-03-20T10:27:09","slug":"philipp-ferger","status":"publish","type":"portfolio","link":"https:\/\/dfvcg-events.de\/nonfood-kongress\/referent\/philipp-ferger\/","title":{"rendered":"Philipp Ferger"},"content":{"rendered":"\n<style type=\"text\/css\" data-created_by=\"avia_inline_auto\" id=\"style-css-av-1hpil-9666fe4db9abbb55e16afcaa46b74565\">\n.flex_column.av-1hpil-9666fe4db9abbb55e16afcaa46b74565{\nborder-radius:0px 0px 0px 0px;\npadding:0px 0px 0px 0px;\n}\n<\/style>\n<div  class='flex_column av-1hpil-9666fe4db9abbb55e16afcaa46b74565 av_one_third  avia-builder-el-0  el_before_av_two_third  avia-builder-el-first  first flex_column_div av-zero-column-padding  '     ><p>\n<style type=\"text\/css\" data-created_by=\"avia_inline_auto\" id=\"style-css-av-k7yud6gx-bdc8631d13f44f93b5b2aa688809d632\">\n.avia-image-container.av-k7yud6gx-bdc8631d13f44f93b5b2aa688809d632 img.avia_image{\nbox-shadow:none;\n}\n.avia-image-container.av-k7yud6gx-bdc8631d13f44f93b5b2aa688809d632 .av-image-caption-overlay-center{\ncolor:#ffffff;\n}\n<\/style>\n<div  class='avia-image-container av-k7yud6gx-bdc8631d13f44f93b5b2aa688809d632 av-styling-no-styling avia-align-center  avia-builder-el-1  el_before_av_textblock  avia-builder-el-first '   itemprop=\"image\" itemscope=\"itemscope\" itemtype=\"https:\/\/schema.org\/ImageObject\" ><div class=\"avia-image-container-inner\"><div class=\"avia-image-overlay-wrap\"><img decoding=\"async\" fetchpriority=\"high\" class='wp-image-3489 avia-img-lazy-loading-not-3489 avia_image ' src=\"https:\/\/dfvcg-events.de\/nonfood-kongress\/wp-content\/uploads\/sites\/2\/2023\/03\/ferger-philipp-press_web.jpg\" alt='' title='ferger-philipp-press_web'  height=\"800\" width=\"600\"  itemprop=\"thumbnailUrl\"  \/><\/div><\/div><\/div><br \/>\n<section  class='av_textblock_section av-l0l1ykdj-8727d8809fe7571c9a215d2acf8bff57 '   itemscope=\"itemscope\" itemtype=\"https:\/\/schema.org\/CreativeWork\" ><div class='avia_textblock'  itemprop=\"text\" ><p><span class=\"ILfuVd\"><span class=\"hgKElc\"> \u00a9 <\/span><\/span>Messe Frankfurt\/Pietro Sutera<\/p>\n<\/div><\/section><\/p><\/div>\n\n<style type=\"text\/css\" data-created_by=\"avia_inline_auto\" id=\"style-css-av-q939-36bd9e2970eba44b209398e6adaba9f5\">\n.flex_column.av-q939-36bd9e2970eba44b209398e6adaba9f5{\nborder-radius:0px 0px 0px 0px;\npadding:0px 0px 0px 0px;\n}\n<\/style>\n<div  class='flex_column av-q939-36bd9e2970eba44b209398e6adaba9f5 av_two_third  avia-builder-el-3  el_after_av_one_third  avia-builder-el-last  flex_column_div av-zero-column-padding  '     ><style type=\"text\/css\" data-created_by=\"avia_inline_auto\" id=\"style-css-av-knhbgp9x-bd96e17ddcc322af9b2b066fc14a38ff\">\n#top .av-special-heading.av-knhbgp9x-bd96e17ddcc322af9b2b066fc14a38ff{\npadding-bottom:10px;\n}\nbody .av-special-heading.av-knhbgp9x-bd96e17ddcc322af9b2b066fc14a38ff .av-special-heading-tag .heading-char{\nfont-size:25px;\n}\n.av-special-heading.av-knhbgp9x-bd96e17ddcc322af9b2b066fc14a38ff .av-subheading{\nfont-size:19px;\n}\n<\/style>\n<div  class='av-special-heading av-knhbgp9x-bd96e17ddcc322af9b2b066fc14a38ff av-special-heading-h2 blockquote modern-quote  avia-builder-el-4  avia-builder-el-no-sibling '><h2 class='av-special-heading-tag '  itemprop=\"headline\"  >Philipp Ferger<\/h2><div class='av-subheading av-subheading_below'><p>Vice President Consumer Goods Fairs, Messe Frankfurt GmbH<\/p>\n<\/div><div class=\"special-heading-border\"><div class=\"special-heading-inner-border\"><\/div><\/div><\/div><\/div>\n","protected":false},"excerpt":{"rendered":"<p>Messe Frankfurt<\/p>\n","protected":false},"author":8,"featured_media":3489,"comment_status":"open","ping_status":"closed","template":"","meta":{"footnotes":""},"tags":[],"portfolio_entries":[50,64,82,89],"class_list":["post-1738","portfolio","type-portfolio","status-publish","has-post-thumbnail","hentry","portfolio_entries-referent-2021","portfolio_entries-referent-2022","portfolio_entries-vortragend-2024","portfolio_entries-vortragende-2025"],"yoast_head":"<!-- This site is optimized with the Yoast SEO plugin v27.4 - https:\/\/yoast.com\/product\/yoast-seo-wordpress\/ -->\n<title>Referent: Philipp Ferger | Nonfood Kongress<\/title>\n<meta name=\"description\" content=\"Begr\u00fc\u00dfen Sie beim Nonfood Kongress als auf der B\u00fchne: Philipp Ferger\" \/>\n<meta name=\"robots\" content=\"index, follow, max-snippet:-1, max-image-preview:large, max-video-preview:-1\" \/>\n<link rel=\"canonical\" href=\"https:\/\/dfvcg-events.de\/nonfood-kongress\/referent\/philipp-ferger\/\" \/>\n<meta property=\"og:locale\" content=\"de_DE\" \/>\n<meta property=\"og:type\" content=\"article\" \/>\n<meta property=\"og:title\" content=\"Referent: Philipp Ferger | Nonfood Kongress\" \/>\n<meta property=\"og:description\" content=\"Begr\u00fc\u00dfen Sie beim Nonfood Kongress als auf der B\u00fchne: Philipp Ferger\" \/>\n<meta property=\"og:url\" content=\"https:\/\/dfvcg-events.de\/nonfood-kongress\/referent\/philipp-ferger\/\" \/>\n<meta property=\"og:site_name\" content=\"Nonfood Kongress\" \/>\n<meta property=\"article:modified_time\" content=\"2025-03-20T10:27:09+00:00\" \/>\n<meta property=\"og:image\" content=\"https:\/\/dfvcg-events.de\/nonfood-kongress\/wp-content\/uploads\/sites\/2\/2023\/03\/ferger-philipp-press_web.jpg\" \/>\n\t<meta property=\"og:image:width\" content=\"600\" \/>\n\t<meta property=\"og:image:height\" content=\"800\" \/>\n\t<meta property=\"og:image:type\" content=\"image\/jpeg\" \/>\n<meta name=\"twitter:card\" content=\"summary_large_image\" \/>\n<meta name=\"twitter:label1\" content=\"Gesch\u00e4tzte Lesezeit\" \/>\n\t<meta name=\"twitter:data1\" content=\"1\u00a0Minute\" \/>\n<script type=\"application\/ld+json\" class=\"yoast-schema-graph\">{\"@context\":\"https:\\\/\\\/schema.org\",\"@graph\":[{\"@type\":\"WebPage\",\"@id\":\"https:\\\/\\\/dfvcg-events.de\\\/nonfood-kongress\\\/referent\\\/philipp-ferger\\\/\",\"url\":\"https:\\\/\\\/dfvcg-events.de\\\/nonfood-kongress\\\/referent\\\/philipp-ferger\\\/\",\"name\":\"Referent: Philipp Ferger | Nonfood Kongress\",\"isPartOf\":{\"@id\":\"https:\\\/\\\/dfvcg-events.de\\\/nonfood-kongress\\\/#website\"},\"primaryImageOfPage\":{\"@id\":\"https:\\\/\\\/dfvcg-events.de\\\/nonfood-kongress\\\/referent\\\/philipp-ferger\\\/#primaryimage\"},\"image\":{\"@id\":\"https:\\\/\\\/dfvcg-events.de\\\/nonfood-kongress\\\/referent\\\/philipp-ferger\\\/#primaryimage\"},\"thumbnailUrl\":\"https:\\\/\\\/dfvcg-events.de\\\/nonfood-kongress\\\/wp-content\\\/uploads\\\/sites\\\/2\\\/2023\\\/03\\\/ferger-philipp-press_web.jpg\",\"datePublished\":\"2021-04-14T10:36:13+00:00\",\"dateModified\":\"2025-03-20T10:27:09+00:00\",\"description\":\"Begr\u00fc\u00dfen Sie beim Nonfood Kongress als auf der B\u00fchne: Philipp Ferger\",\"breadcrumb\":{\"@id\":\"https:\\\/\\\/dfvcg-events.de\\\/nonfood-kongress\\\/referent\\\/philipp-ferger\\\/#breadcrumb\"},\"inLanguage\":\"de\",\"potentialAction\":[{\"@type\":\"ReadAction\",\"target\":[\"https:\\\/\\\/dfvcg-events.de\\\/nonfood-kongress\\\/referent\\\/philipp-ferger\\\/\"]}]},{\"@type\":\"ImageObject\",\"inLanguage\":\"de\",\"@id\":\"https:\\\/\\\/dfvcg-events.de\\\/nonfood-kongress\\\/referent\\\/philipp-ferger\\\/#primaryimage\",\"url\":\"https:\\\/\\\/dfvcg-events.de\\\/nonfood-kongress\\\/wp-content\\\/uploads\\\/sites\\\/2\\\/2023\\\/03\\\/ferger-philipp-press_web.jpg\",\"contentUrl\":\"https:\\\/\\\/dfvcg-events.de\\\/nonfood-kongress\\\/wp-content\\\/uploads\\\/sites\\\/2\\\/2023\\\/03\\\/ferger-philipp-press_web.jpg\",\"width\":600,\"height\":800},{\"@type\":\"BreadcrumbList\",\"@id\":\"https:\\\/\\\/dfvcg-events.de\\\/nonfood-kongress\\\/referent\\\/philipp-ferger\\\/#breadcrumb\",\"itemListElement\":[{\"@type\":\"ListItem\",\"position\":1,\"name\":\"Startseite\",\"item\":\"https:\\\/\\\/dfvcg-events.de\\\/nonfood-kongress\\\/\"},{\"@type\":\"ListItem\",\"position\":2,\"name\":\"Philipp Ferger\"}]},{\"@type\":\"WebSite\",\"@id\":\"https:\\\/\\\/dfvcg-events.de\\\/nonfood-kongress\\\/#website\",\"url\":\"https:\\\/\\\/dfvcg-events.de\\\/nonfood-kongress\\\/\",\"name\":\"Nonfood Kongress\",\"description\":\"dfv Conference Group\",\"publisher\":{\"@id\":\"https:\\\/\\\/dfvcg-events.de\\\/nonfood-kongress\\\/#organization\"},\"potentialAction\":[{\"@type\":\"SearchAction\",\"target\":{\"@type\":\"EntryPoint\",\"urlTemplate\":\"https:\\\/\\\/dfvcg-events.de\\\/nonfood-kongress\\\/?s={search_term_string}\"},\"query-input\":{\"@type\":\"PropertyValueSpecification\",\"valueRequired\":true,\"valueName\":\"search_term_string\"}}],\"inLanguage\":\"de\"},{\"@type\":\"Organization\",\"@id\":\"https:\\\/\\\/dfvcg-events.de\\\/nonfood-kongress\\\/#organization\",\"name\":\"Deutscher Nonfood Kongress\",\"url\":\"https:\\\/\\\/dfvcg-events.de\\\/nonfood-kongress\\\/\",\"logo\":{\"@type\":\"ImageObject\",\"inLanguage\":\"de\",\"@id\":\"https:\\\/\\\/dfvcg-events.de\\\/nonfood-kongress\\\/#\\\/schema\\\/logo\\\/image\\\/\",\"url\":\"https:\\\/\\\/dfvcg-events.de\\\/nonfood-kongress\\\/wp-content\\\/uploads\\\/sites\\\/2\\\/2021\\\/11\\\/Nonfood-Teaser-800x800px.jpg\",\"contentUrl\":\"https:\\\/\\\/dfvcg-events.de\\\/nonfood-kongress\\\/wp-content\\\/uploads\\\/sites\\\/2\\\/2021\\\/11\\\/Nonfood-Teaser-800x800px.jpg\",\"width\":800,\"height\":800,\"caption\":\"Deutscher Nonfood Kongress\"},\"image\":{\"@id\":\"https:\\\/\\\/dfvcg-events.de\\\/nonfood-kongress\\\/#\\\/schema\\\/logo\\\/image\\\/\"}}]}<\/script>\n<!-- \/ Yoast SEO plugin. -->","yoast_head_json":{"title":"Referent: Philipp Ferger | Nonfood Kongress","description":"Begr\u00fc\u00dfen Sie beim Nonfood Kongress als auf der B\u00fchne: Philipp Ferger","robots":{"index":"index","follow":"follow","max-snippet":"max-snippet:-1","max-image-preview":"max-image-preview:large","max-video-preview":"max-video-preview:-1"},"canonical":"https:\/\/dfvcg-events.de\/nonfood-kongress\/referent\/philipp-ferger\/","og_locale":"de_DE","og_type":"article","og_title":"Referent: Philipp Ferger | Nonfood Kongress","og_description":"Begr\u00fc\u00dfen Sie beim Nonfood Kongress als auf der B\u00fchne: Philipp Ferger","og_url":"https:\/\/dfvcg-events.de\/nonfood-kongress\/referent\/philipp-ferger\/","og_site_name":"Nonfood Kongress","article_modified_time":"2025-03-20T10:27:09+00:00","og_image":[{"width":600,"height":800,"url":"https:\/\/dfvcg-events.de\/nonfood-kongress\/wp-content\/uploads\/sites\/2\/2023\/03\/ferger-philipp-press_web.jpg","type":"image\/jpeg"}],"twitter_card":"summary_large_image","twitter_misc":{"Gesch\u00e4tzte Lesezeit":"1\u00a0Minute"},"schema":{"@context":"https:\/\/schema.org","@graph":[{"@type":"WebPage","@id":"https:\/\/dfvcg-events.de\/nonfood-kongress\/referent\/philipp-ferger\/","url":"https:\/\/dfvcg-events.de\/nonfood-kongress\/referent\/philipp-ferger\/","name":"Referent: Philipp Ferger | Nonfood Kongress","isPartOf":{"@id":"https:\/\/dfvcg-events.de\/nonfood-kongress\/#website"},"primaryImageOfPage":{"@id":"https:\/\/dfvcg-events.de\/nonfood-kongress\/referent\/philipp-ferger\/#primaryimage"},"image":{"@id":"https:\/\/dfvcg-events.de\/nonfood-kongress\/referent\/philipp-ferger\/#primaryimage"},"thumbnailUrl":"https:\/\/dfvcg-events.de\/nonfood-kongress\/wp-content\/uploads\/sites\/2\/2023\/03\/ferger-philipp-press_web.jpg","datePublished":"2021-04-14T10:36:13+00:00","dateModified":"2025-03-20T10:27:09+00:00","description":"Begr\u00fc\u00dfen Sie beim Nonfood Kongress als auf der B\u00fchne: Philipp Ferger","breadcrumb":{"@id":"https:\/\/dfvcg-events.de\/nonfood-kongress\/referent\/philipp-ferger\/#breadcrumb"},"inLanguage":"de","potentialAction":[{"@type":"ReadAction","target":["https:\/\/dfvcg-events.de\/nonfood-kongress\/referent\/philipp-ferger\/"]}]},{"@type":"ImageObject","inLanguage":"de","@id":"https:\/\/dfvcg-events.de\/nonfood-kongress\/referent\/philipp-ferger\/#primaryimage","url":"https:\/\/dfvcg-events.de\/nonfood-kongress\/wp-content\/uploads\/sites\/2\/2023\/03\/ferger-philipp-press_web.jpg","contentUrl":"https:\/\/dfvcg-events.de\/nonfood-kongress\/wp-content\/uploads\/sites\/2\/2023\/03\/ferger-philipp-press_web.jpg","width":600,"height":800},{"@type":"BreadcrumbList","@id":"https:\/\/dfvcg-events.de\/nonfood-kongress\/referent\/philipp-ferger\/#breadcrumb","itemListElement":[{"@type":"ListItem","position":1,"name":"Startseite","item":"https:\/\/dfvcg-events.de\/nonfood-kongress\/"},{"@type":"ListItem","position":2,"name":"Philipp Ferger"}]},{"@type":"WebSite","@id":"https:\/\/dfvcg-events.de\/nonfood-kongress\/#website","url":"https:\/\/dfvcg-events.de\/nonfood-kongress\/","name":"Nonfood Kongress","description":"dfv Conference Group","publisher":{"@id":"https:\/\/dfvcg-events.de\/nonfood-kongress\/#organization"},"potentialAction":[{"@type":"SearchAction","target":{"@type":"EntryPoint","urlTemplate":"https:\/\/dfvcg-events.de\/nonfood-kongress\/?s={search_term_string}"},"query-input":{"@type":"PropertyValueSpecification","valueRequired":true,"valueName":"search_term_string"}}],"inLanguage":"de"},{"@type":"Organization","@id":"https:\/\/dfvcg-events.de\/nonfood-kongress\/#organization","name":"Deutscher Nonfood Kongress","url":"https:\/\/dfvcg-events.de\/nonfood-kongress\/","logo":{"@type":"ImageObject","inLanguage":"de","@id":"https:\/\/dfvcg-events.de\/nonfood-kongress\/#\/schema\/logo\/image\/","url":"https:\/\/dfvcg-events.de\/nonfood-kongress\/wp-content\/uploads\/sites\/2\/2021\/11\/Nonfood-Teaser-800x800px.jpg","contentUrl":"https:\/\/dfvcg-events.de\/nonfood-kongress\/wp-content\/uploads\/sites\/2\/2021\/11\/Nonfood-Teaser-800x800px.jpg","width":800,"height":800,"caption":"Deutscher Nonfood Kongress"},"image":{"@id":"https:\/\/dfvcg-events.de\/nonfood-kongress\/#\/schema\/logo\/image\/"}}]}},"_links":{"self":[{"href":"https:\/\/dfvcg-events.de\/nonfood-kongress\/wp-json\/wp\/v2\/portfolio\/1738","targetHints":{"allow":["GET"]}}],"collection":[{"href":"https:\/\/dfvcg-events.de\/nonfood-kongress\/wp-json\/wp\/v2\/portfolio"}],"about":[{"href":"https:\/\/dfvcg-events.de\/nonfood-kongress\/wp-json\/wp\/v2\/types\/portfolio"}],"author":[{"embeddable":true,"href":"https:\/\/dfvcg-events.de\/nonfood-kongress\/wp-json\/wp\/v2\/users\/8"}],"replies":[{"embeddable":true,"href":"https:\/\/dfvcg-events.de\/nonfood-kongress\/wp-json\/wp\/v2\/comments?post=1738"}],"version-history":[{"count":2,"href":"https:\/\/dfvcg-events.de\/nonfood-kongress\/wp-json\/wp\/v2\/portfolio\/1738\/revisions"}],"predecessor-version":[{"id":4848,"href":"https:\/\/dfvcg-events.de\/nonfood-kongress\/wp-json\/wp\/v2\/portfolio\/1738\/revisions\/4848"}],"wp:featuredmedia":[{"embeddable":true,"href":"https:\/\/dfvcg-events.de\/nonfood-kongress\/wp-json\/wp\/v2\/media\/3489"}],"wp:attachment":[{"href":"https:\/\/dfvcg-events.de\/nonfood-kongress\/wp-json\/wp\/v2\/media?parent=1738"}],"wp:term":[{"taxonomy":"post_tag","embeddable":true,"href":"https:\/\/dfvcg-events.de\/nonfood-kongress\/wp-json\/wp\/v2\/tags?post=1738"},{"taxonomy":"portfolio_entries","embeddable":true,"href":"https:\/\/dfvcg-events.de\/nonfood-kongress\/wp-json\/wp\/v2\/portfolio_entries?post=1738"}],"curies":[{"name":"wp","href":"https:\/\/api.w.org\/{rel}","templated":true}]}}