{"id":3029,"date":"2022-11-01T12:33:51","date_gmt":"2022-11-01T11:33:51","guid":{"rendered":"https:\/\/dfvcg-events.de\/nonfood-kongress\/?page_id=3029"},"modified":"2026-03-11T10:58:18","modified_gmt":"2026-03-11T09:58:18","slug":"aussteller-sponsoren","status":"publish","type":"page","link":"https:\/\/dfvcg-events.de\/nonfood-kongress\/aussteller-sponsoren\/","title":{"rendered":"Partner &amp; Aussteller"},"content":{"rendered":"\n<style type=\"text\/css\" data-created_by=\"avia_inline_auto\" id=\"style-css-av-2ll6x1-66446ef80f2e15452a849b018fcf8deb\">\n.avia-section.av-2ll6x1-66446ef80f2e15452a849b018fcf8deb{\nbackground-color:#4bc0e2;\nbackground:linear-gradient( to right, #4bc0e2, #ffffff );\n}\n<\/style>\n<div id='av_section_1'  class='avia-section av-2ll6x1-66446ef80f2e15452a849b018fcf8deb main_color avia-section-default avia-no-border-styling  avia-builder-el-0  el_before_av_section  avia-builder-el-first  header-verlauf avia-bg-style-scroll container_wrap fullsize'  ><div class='container av-section-cont-open' ><main  role=\"main\" itemprop=\"mainContentOfPage\"  class='template-page content  av-content-full alpha units'><div class='post-entry post-entry-type-page post-entry-3029'><div class='entry-content-wrapper clearfix'>\n\n<style type=\"text\/css\" data-created_by=\"avia_inline_auto\" id=\"style-css-av-33m5ry-af0e31db392c5d8245dc0405f8d28438\">\n#top .av-special-heading.av-33m5ry-af0e31db392c5d8245dc0405f8d28438{\npadding-bottom:0;\ncolor:#ffffff;\n}\nbody .av-special-heading.av-33m5ry-af0e31db392c5d8245dc0405f8d28438 .av-special-heading-tag .heading-char{\nfont-size:25px;\n}\n.av-special-heading.av-33m5ry-af0e31db392c5d8245dc0405f8d28438 .special-heading-inner-border{\nborder-color:#ffffff;\n}\n.av-special-heading.av-33m5ry-af0e31db392c5d8245dc0405f8d28438 .av-subheading{\nfont-size:19px;\ncolor:#ffffff;\n}\n<\/style>\n<div  class='av-special-heading av-33m5ry-af0e31db392c5d8245dc0405f8d28438 av-special-heading-h1 custom-color-heading blockquote modern-quote  avia-builder-el-1  avia-builder-el-no-sibling '><div class='av_custom_color av-subheading av-subheading_above'><p>Nonfood Kongress<\/p>\n<\/div><h1 class='av-special-heading-tag '  itemprop=\"headline\"  >Partner <span class='special_amp'>&amp;<\/span> Aussteller<\/h1><div class=\"special-heading-border\"><div class=\"special-heading-inner-border\"><\/div><\/div><\/div>\n\n<\/div><\/div><\/main><!-- close content main element --><\/div><\/div><div id='av_section_2'  class='avia-section av-k7z9vjbr-f03eed16e0b5a73415541a971347cd58 main_color avia-section-default avia-no-shadow  avia-builder-el-2  el_after_av_section  el_before_av_section  avia-bg-style-scroll container_wrap fullsize'  ><div class='container av-section-cont-open' ><div class='template-page content  av-content-full alpha units'><div class='post-entry post-entry-type-page post-entry-3029'><div class='entry-content-wrapper clearfix'>\n<div class='flex_column_table av-dl4xh-9de891944d243bcdbcf4322a174dfa4c sc-av_three_fifth av-equal-height-column-flextable'>\n<style type=\"text\/css\" data-created_by=\"avia_inline_auto\" id=\"style-css-av-dl4xh-9de891944d243bcdbcf4322a174dfa4c\">\n.flex_column.av-dl4xh-9de891944d243bcdbcf4322a174dfa4c{\nborder-radius:0px 0px 0px 0px;\npadding:0px 0px 0px 0px;\n}\n<\/style>\n<div  class='flex_column av-dl4xh-9de891944d243bcdbcf4322a174dfa4c av_three_fifth  avia-builder-el-3  el_before_av_two_fifth  avia-builder-el-first  first flex_column_table_cell av-equal-height-column av-align-middle av-zero-column-padding  '     ><p>\n<style type=\"text\/css\" data-created_by=\"avia_inline_auto\" id=\"style-css-av-kk76ukxk-8a311a4fd2ba7ab96decae62f64aff10\">\n#top .av-special-heading.av-kk76ukxk-8a311a4fd2ba7ab96decae62f64aff10{\npadding-bottom:0;\n}\nbody .av-special-heading.av-kk76ukxk-8a311a4fd2ba7ab96decae62f64aff10 .av-special-heading-tag .heading-char{\nfont-size:25px;\n}\n.av-special-heading.av-kk76ukxk-8a311a4fd2ba7ab96decae62f64aff10 .av-subheading{\nfont-size:19px;\n}\n<\/style>\n<div  class='av-special-heading av-kk76ukxk-8a311a4fd2ba7ab96decae62f64aff10 av-special-heading-h2 blockquote modern-quote  avia-builder-el-4  el_before_av_textblock  avia-builder-el-first '><h2 class='av-special-heading-tag '  itemprop=\"headline\"  >Werden Sie Partner oder Aussteller beim Nonfood Kongress 2026<\/h2><div class=\"special-heading-border\"><div class=\"special-heading-inner-border\"><\/div><\/div><\/div><br \/>\n<section  class='av_textblock_section av-k7z3il24-e1616f05ba37c0df16747ba5a58b87ef '   itemscope=\"itemscope\" itemtype=\"https:\/\/schema.org\/CreativeWork\" ><div class='avia_textblock'  itemprop=\"text\" ><p>Der Branchentreff f\u00fcr Unternehmer:innen und Top-Entscheider:innen aus Nonfood-Handel und Industrie. Setzen Sie Impulse und \u00fcberzeugen Sie als Expert:innen der Branche mit innovativen Konzepten. Profitieren Sie von der Medienpower \u2013 der kompetenten, reichweitenstarken und intensi\u00adven Begleitung durch die Lebensmittel Zeitung.<\/p>\n<p><strong>F\u00fcr Ihren individuellen Auftritt berate ich Sie gerne:<\/strong><br \/>\nKirsten Elsen<br \/>\nTelefon: +49 69 7595-3045<br \/>\nE-Mail: <a href=\"&#x6d;a&#x69;&#108;&#x74;&#111;:&#x6b;&#105;&#x72;&#115;t&#x65;&#110;&#x2e;&#101;l&#x73;e&#x6e;&#64;&#x64;&#x66;v&#x63;&#103;&#x2e;&#100;e\">k&#105;&#114;&#x73;&#x74;en&#46;&#101;&#x6c;&#x73;en&#64;&#100;&#x66;&#x76;cg&#46;&#x64;&#x65;<\/a><\/p>\n<\/div><\/section><\/p><\/div><div class='av-flex-placeholder'><\/div>\n<style type=\"text\/css\" data-created_by=\"avia_inline_auto\" id=\"style-css-av-9dlol-a844edb8b977d114264d8f0c538861b6\">\n.flex_column.av-9dlol-a844edb8b977d114264d8f0c538861b6{\nborder-radius:0px 0px 0px 0px;\npadding:0px 0px 0px 0px;\n}\n<\/style>\n<div  class='flex_column av-9dlol-a844edb8b977d114264d8f0c538861b6 av_two_fifth  avia-builder-el-6  el_after_av_three_fifth  avia-builder-el-last  flex_column_table_cell av-equal-height-column av-align-middle av-zero-column-padding  '     ><style type=\"text\/css\" data-created_by=\"avia_inline_auto\" id=\"style-css-av-k84pbxiw-a71bf6739fee456e9f61bc956b439922\">\n.avia-image-container.av-k84pbxiw-a71bf6739fee456e9f61bc956b439922 img.avia_image{\nbox-shadow:none;\n}\n.avia-image-container.av-k84pbxiw-a71bf6739fee456e9f61bc956b439922 .av-image-caption-overlay-center{\ncolor:#ffffff;\n}\n<\/style>\n<div  class='avia-image-container av-k84pbxiw-a71bf6739fee456e9f61bc956b439922 av-styling-no-styling avia-align-center  avia-builder-el-7  avia-builder-el-no-sibling '   itemprop=\"image\" itemscope=\"itemscope\" itemtype=\"https:\/\/schema.org\/ImageObject\" ><div class=\"avia-image-container-inner\"><div class=\"avia-image-overlay-wrap\"><img decoding=\"async\" fetchpriority=\"high\" class='wp-image-5149 avia-img-lazy-loading-not-5149 avia_image ' src=\"https:\/\/dfvcg-events.de\/nonfood-kongress\/wp-content\/uploads\/sites\/2\/2025\/05\/TF71898.jpg\" alt='' title='_TF71898'  height=\"1155\" width=\"1731\"  itemprop=\"thumbnailUrl\" srcset=\"https:\/\/dfvcg-events.de\/nonfood-kongress\/wp-content\/uploads\/sites\/2\/2025\/05\/TF71898.jpg 1731w, https:\/\/dfvcg-events.de\/nonfood-kongress\/wp-content\/uploads\/sites\/2\/2025\/05\/TF71898-705x470.jpg 705w\" sizes=\"(max-width: 1731px) 100vw, 1731px\" \/><\/div><\/div><\/div><\/div><\/div><!--close column table wrapper. Autoclose: 1 -->\n\n<\/div><\/div><\/div><!-- close content main div --><\/div><\/div><div id='av_section_3'  class='avia-section av-2a88p1-469b9ab92d1b26e0da445297a82bbd24 main_color avia-section-default avia-no-shadow  avia-builder-el-8  el_after_av_section  el_before_av_section  avia-bg-style-scroll container_wrap fullsize'  ><div class='container av-section-cont-open' ><div class='template-page content  av-content-full alpha units'><div class='post-entry post-entry-type-page post-entry-3029'><div class='entry-content-wrapper clearfix'>\n\n<style type=\"text\/css\" data-created_by=\"avia_inline_auto\" id=\"style-css-av-mixdd7mn-ad6d43bdc3180c7d21cc07fc8f180d5e\">\n#top .av-special-heading.av-mixdd7mn-ad6d43bdc3180c7d21cc07fc8f180d5e{\npadding-bottom:0;\n}\nbody .av-special-heading.av-mixdd7mn-ad6d43bdc3180c7d21cc07fc8f180d5e .av-special-heading-tag .heading-char{\nfont-size:25px;\n}\n.av-special-heading.av-mixdd7mn-ad6d43bdc3180c7d21cc07fc8f180d5e .av-subheading{\nfont-size:19px;\n}\n<\/style>\n<div  class='av-special-heading av-mixdd7mn-ad6d43bdc3180c7d21cc07fc8f180d5e av-special-heading-h2 blockquote modern-quote  avia-builder-el-9  el_before_av_masonry_entries  avia-builder-el-no-sibling '><h2 class='av-special-heading-tag '  itemprop=\"headline\"  >Community Partner<\/h2><div class='av-subheading av-subheading_below'><p>2026<\/p>\n<\/div><div class=\"special-heading-border\"><div class=\"special-heading-inner-border\"><\/div><\/div><\/div>\n<div id='av-masonry-1' class='av-masonry av-mixddddb-ebff6f0ea09cb225371fb9bcf9aa1a3d noHover av-flex-size av-large-gap av-hover-overlay- av-masonry-animation- av-masonry-col-6 av-caption-always av-caption-style- av-masonry-entries ' data-post_id=\"3029\"><div class=\"av-masonry-container isotope av-js-disabled\"><div class='av-masonry-entry isotope-item av-masonry-item-no-image '><\/div><a href=\"https:\/\/dfvcg-events.de\/nonfood-kongress\/ambiente\/\"  id='av-masonry-1-item-1630' data-av-masonry-item='1630' class='av-masonry-entry isotope-item post-1630 post type-post status-publish format-standard has-post-thumbnail hentry category-community-partner-2025 category-community-partner-2026 category-platin-partner category-platin-partner-2022 category-platin-partner-2023 category-platin-partner-2024  av-masonry-item-with-image' title=\"AM_Logo_4c_neu_web\"   itemscope=\"itemscope\" itemtype=\"https:\/\/schema.org\/CreativeWork\" ><div class='av-inner-masonry-sizer'><\/div><figure class='av-inner-masonry main_color'><div class=\"av-masonry-outerimage-container\"><div class='av-masonry-image-container'  ><img decoding=\"async\" width=\"800\" height=\"600\" fetchpriority=\"high\" class=\"wp-image-3558 avia-img-lazy-loading-not-3558\"  src=\"https:\/\/dfvcg-events.de\/nonfood-kongress\/wp-content\/uploads\/sites\/2\/2021\/03\/AM_Logo_4c_neu_web.jpg\" title=\"AM_Logo_4c_neu_web\" alt=\"\" \/><\/div><\/div><\/figure><\/a><!--end av-masonry entry--><\/div><\/div>\n\n<\/div><\/div><\/div><!-- close content main div --><\/div><\/div><div id='av_section_4'  class='avia-section av-2hoswl-d5794e4a6946a2816fc48997a7c406fa main_color avia-section-default avia-no-shadow  avia-builder-el-11  el_after_av_section  el_before_av_section  avia-bg-style-scroll container_wrap fullsize'  ><div class='container av-section-cont-open' ><div class='template-page content  av-content-full alpha units'><div class='post-entry post-entry-type-page post-entry-3029'><div class='entry-content-wrapper clearfix'>\n\n<style type=\"text\/css\" data-created_by=\"avia_inline_auto\" id=\"style-css-av-mhkcq6px-ee8e7567a46e97b8c35ee187ce06583f\">\n#top .av-special-heading.av-mhkcq6px-ee8e7567a46e97b8c35ee187ce06583f{\npadding-bottom:0;\n}\nbody .av-special-heading.av-mhkcq6px-ee8e7567a46e97b8c35ee187ce06583f .av-special-heading-tag .heading-char{\nfont-size:25px;\n}\n.av-special-heading.av-mhkcq6px-ee8e7567a46e97b8c35ee187ce06583f .av-subheading{\nfont-size:19px;\n}\n<\/style>\n<div  class='av-special-heading av-mhkcq6px-ee8e7567a46e97b8c35ee187ce06583f av-special-heading-h2 blockquote modern-quote  avia-builder-el-12  el_before_av_masonry_entries  avia-builder-el-no-sibling '><h2 class='av-special-heading-tag '  itemprop=\"headline\"  >Premium Partner<\/h2><div class='av-subheading av-subheading_below'><p>2026<\/p>\n<\/div><div class=\"special-heading-border\"><div class=\"special-heading-inner-border\"><\/div><\/div><\/div>\n<div id='av-masonry-2' class='av-masonry av-mhkcq9yz-59b9da2f119f9e08a0fffff682f38d21 noHover av-flex-size av-large-gap av-hover-overlay- av-masonry-animation- av-masonry-col-6 av-caption-always av-caption-style- av-masonry-entries ' data-post_id=\"3029\"><div class=\"av-masonry-container isotope av-js-disabled\"><div class='av-masonry-entry isotope-item av-masonry-item-no-image '><\/div><a href=\"https:\/\/dfvcg-events.de\/nonfood-kongress\/ibena\/\"  id='av-masonry-2-item-5280' data-av-masonry-item='5280' class='av-masonry-entry isotope-item post-5280 post type-post status-publish format-standard has-post-thumbnail hentry category-premium-partner-2026  av-masonry-item-with-image' title=\"IBENA-Logo_DE_web\"   itemscope=\"itemscope\" itemtype=\"https:\/\/schema.org\/CreativeWork\" ><div class='av-inner-masonry-sizer'><\/div><figure class='av-inner-masonry main_color'><div class=\"av-masonry-outerimage-container\"><div class='av-masonry-image-container'  ><img decoding=\"async\" width=\"705\" height=\"529\" fetchpriority=\"high\" class=\"wp-image-5281 avia-img-lazy-loading-not-5281\"  src=\"https:\/\/dfvcg-events.de\/nonfood-kongress\/wp-content\/uploads\/sites\/2\/2025\/11\/IBENA-Logo_DE_web-705x529.jpg\" title=\"IBENA-Logo_DE_web\" alt=\"\" srcset=\"https:\/\/dfvcg-events.de\/nonfood-kongress\/wp-content\/uploads\/sites\/2\/2025\/11\/IBENA-Logo_DE_web-705x529.jpg 705w, https:\/\/dfvcg-events.de\/nonfood-kongress\/wp-content\/uploads\/sites\/2\/2025\/11\/IBENA-Logo_DE_web.jpg 800w\" sizes=\"(max-width: 705px) 100vw, 705px\" \/><\/div><\/div><\/figure><\/a><!--end av-masonry entry--><a href=\"https:\/\/dfvcg-events.de\/nonfood-kongress\/sodastream\/\"  id='av-masonry-2-item-5434' data-av-masonry-item='5434' class='av-masonry-entry isotope-item post-5434 post type-post status-publish format-standard has-post-thumbnail hentry category-premium-partner-2026  av-masonry-item-with-image' title=\"SST_logotype_deep-sea_RGB-web\"   itemscope=\"itemscope\" itemtype=\"https:\/\/schema.org\/CreativeWork\" ><div class='av-inner-masonry-sizer'><\/div><figure class='av-inner-masonry main_color'><div class=\"av-masonry-outerimage-container\"><div class='av-masonry-image-container'  ><img decoding=\"async\" width=\"705\" height=\"529\" fetchpriority=\"high\" class=\"wp-image-5471 avia-img-lazy-loading-not-5471\"  src=\"https:\/\/dfvcg-events.de\/nonfood-kongress\/wp-content\/uploads\/sites\/2\/2026\/03\/SST_logotype_deep-sea_RGB-web-705x529.jpg\" title=\"SST_logotype_deep-sea_RGB-web\" alt=\"\" srcset=\"https:\/\/dfvcg-events.de\/nonfood-kongress\/wp-content\/uploads\/sites\/2\/2026\/03\/SST_logotype_deep-sea_RGB-web-705x529.jpg 705w, https:\/\/dfvcg-events.de\/nonfood-kongress\/wp-content\/uploads\/sites\/2\/2026\/03\/SST_logotype_deep-sea_RGB-web.jpg 800w\" sizes=\"(max-width: 705px) 100vw, 705px\" \/><\/div><\/div><\/figure><\/a><!--end av-masonry entry--><\/div><\/div>\n\n<\/div><\/div><\/div><!-- close content main div --><\/div><\/div><div id='av_section_5'  class='avia-section av-1xpa4l-fd2144bbe28c6b7e271d172ae0415357 main_color avia-section-default avia-no-shadow  avia-builder-el-14  el_after_av_section  el_before_av_section  avia-bg-style-scroll container_wrap fullsize'  ><div class='container av-section-cont-open' ><div class='template-page content  av-content-full alpha units'><div class='post-entry post-entry-type-page post-entry-3029'><div class='entry-content-wrapper clearfix'>\n\n<style type=\"text\/css\" data-created_by=\"avia_inline_auto\" id=\"style-css-av-mhype4dh-73b6b8fb94e99fd47a8ca669934ac996\">\n#top .av-special-heading.av-mhype4dh-73b6b8fb94e99fd47a8ca669934ac996{\npadding-bottom:0;\n}\nbody .av-special-heading.av-mhype4dh-73b6b8fb94e99fd47a8ca669934ac996 .av-special-heading-tag .heading-char{\nfont-size:25px;\n}\n.av-special-heading.av-mhype4dh-73b6b8fb94e99fd47a8ca669934ac996 .av-subheading{\nfont-size:19px;\n}\n<\/style>\n<div  class='av-special-heading av-mhype4dh-73b6b8fb94e99fd47a8ca669934ac996 av-special-heading-h2 blockquote modern-quote  avia-builder-el-15  el_before_av_masonry_entries  avia-builder-el-no-sibling '><h2 class='av-special-heading-tag '  itemprop=\"headline\"  >Partner<\/h2><div class='av-subheading av-subheading_below'><p>2026<\/p>\n<\/div><div class=\"special-heading-border\"><div class=\"special-heading-inner-border\"><\/div><\/div><\/div>\n<div id='av-masonry-3' class='av-masonry av-mhypear3-e2ef66b7092a53de837ebfa678b9f77d noHover av-fixed-size av-large-gap av-hover-overlay- av-masonry-animation- av-masonry-col-6 av-caption-always av-caption-style- av-masonry-entries ' data-post_id=\"3029\"><div class=\"av-masonry-container isotope av-js-disabled\"><div class='av-masonry-entry isotope-item av-masonry-item-no-image '><\/div><a href=\"https:\/\/dfvcg-events.de\/nonfood-kongress\/bic\/\"  id='av-masonry-3-item-4726' data-av-masonry-item='4726' class='av-masonry-entry isotope-item post-4726 post type-post status-publish format-standard has-post-thumbnail hentry category-aussteller-2025 category-partner-2026  av-masonry-item-with-image' title=\"BIC-logo-web\"   itemscope=\"itemscope\" itemtype=\"https:\/\/schema.org\/CreativeWork\" ><div class='av-inner-masonry-sizer'><\/div><figure class='av-inner-masonry main_color'><div class=\"av-masonry-outerimage-container\"><div class='av-masonry-image-container' style=\"background-image: url(https:\/\/dfvcg-events.de\/nonfood-kongress\/wp-content\/uploads\/sites\/2\/2025\/02\/BIC-logo-web-705x529.jpg);\"  title=\"BIC-logo-web\" ><\/div><\/div><\/figure><\/a><!--end av-masonry entry--><a href=\"https:\/\/dfvcg-events.de\/nonfood-kongress\/centric-software-gmbh\/\"  id='av-masonry-3-item-1841' data-av-masonry-item='1841' class='av-masonry-entry isotope-item post-1841 post type-post status-publish format-standard has-post-thumbnail hentry category-aussteller-2021 category-aussteller-2022 category-aussteller-2023 category-aussteller-2024 category-aussteller-2025 category-partner-2026  av-masonry-item-with-image' title=\"Centric_Software-web\"   itemscope=\"itemscope\" itemtype=\"https:\/\/schema.org\/CreativeWork\" ><div class='av-inner-masonry-sizer'><\/div><figure class='av-inner-masonry main_color'><div class=\"av-masonry-outerimage-container\"><div class='av-masonry-image-container' style=\"background-image: url(https:\/\/dfvcg-events.de\/nonfood-kongress\/wp-content\/uploads\/sites\/2\/2021\/06\/Centric_Software-web-705x529.jpg);\"  title=\"Centric_Software-web\" ><\/div><\/div><\/figure><\/a><!--end av-masonry entry--><a href=\"https:\/\/dfvcg-events.de\/nonfood-kongress\/coca-cola\/\"  id='av-masonry-3-item-5363' data-av-masonry-item='5363' class='av-masonry-entry isotope-item post-5363 post type-post status-publish format-standard has-post-thumbnail hentry category-partner-2026  av-masonry-item-with-image' title=\"CCEP_Stacked_Logo_RGB_Mono-web\"   itemscope=\"itemscope\" itemtype=\"https:\/\/schema.org\/CreativeWork\" ><div class='av-inner-masonry-sizer'><\/div><figure class='av-inner-masonry main_color'><div class=\"av-masonry-outerimage-container\"><div class='av-masonry-image-container' style=\"background-image: url(https:\/\/dfvcg-events.de\/nonfood-kongress\/wp-content\/uploads\/sites\/2\/2026\/02\/CCEP_Stacked_Logo_RGB_Mono-web-705x529.jpg);\"  title=\"CCEP_Stacked_Logo_RGB_Mono-web\" ><\/div><\/div><\/figure><\/a><!--end av-masonry entry--><a href=\"https:\/\/dfvcg-events.de\/nonfood-kongress\/elo-stahlwaren\/\"  id='av-masonry-3-item-221' data-av-masonry-item='221' class='av-masonry-entry isotope-item post-221 post type-post status-publish format-standard has-post-thumbnail hentry category-branchentreff-2020 category-branchentreff-2021 category-branchentreff-2022 category-partner-2020 category-partner-2022 category-partner-2023 category-partner-2024 category-partner-2025 category-partner-2026  av-masonry-item-with-image' title=\"Nonfood-2020-elo\"   itemscope=\"itemscope\" itemtype=\"https:\/\/schema.org\/CreativeWork\" ><div class='av-inner-masonry-sizer'><\/div><figure class='av-inner-masonry main_color'><div class=\"av-masonry-outerimage-container\"><div class='av-masonry-image-container' style=\"background-image: url(https:\/\/dfvcg-events.de\/nonfood-kongress\/wp-content\/uploads\/sites\/2\/2020\/03\/Nonfood-2020-elo.jpg);\"  title=\"Nonfood-2020-elo\" ><\/div><\/div><\/figure><\/a><!--end av-masonry entry--><a href=\"https:\/\/dfvcg-events.de\/nonfood-kongress\/fackelmann\/\"  id='av-masonry-3-item-1890' data-av-masonry-item='1890' class='av-masonry-entry isotope-item post-1890 post type-post status-publish format-standard has-post-thumbnail hentry category-branchentreff-2022 category-partner-2021 category-partner-2022 category-partner-2023 category-partner-2024 category-partner-2025 category-partner-2026  av-masonry-item-with-image' title=\"FACKELMANN_Logo_neu_092018_web\"   itemscope=\"itemscope\" itemtype=\"https:\/\/schema.org\/CreativeWork\" ><div class='av-inner-masonry-sizer'><\/div><figure class='av-inner-masonry main_color'><div class=\"av-masonry-outerimage-container\"><div class='av-masonry-image-container' style=\"background-image: url(https:\/\/dfvcg-events.de\/nonfood-kongress\/wp-content\/uploads\/sites\/2\/2023\/12\/FACKELMANN_Logo_neu_092018_web.jpg);\"  title=\"FACKELMANN_Logo_neu_092018_web\" ><\/div><\/div><\/figure><\/a><!--end av-masonry entry--><a href=\"https:\/\/dfvcg-events.de\/nonfood-kongress\/fiskars\/\"  id='av-masonry-3-item-4889' data-av-masonry-item='4889' class='av-masonry-entry isotope-item post-4889 post type-post status-publish format-standard has-post-thumbnail hentry category-night-partner-2025 category-partner-2026  av-masonry-item-with-image' title=\"Fiskars_logo_Orange_RGB-web\"   itemscope=\"itemscope\" itemtype=\"https:\/\/schema.org\/CreativeWork\" ><div class='av-inner-masonry-sizer'><\/div><figure class='av-inner-masonry main_color'><div class=\"av-masonry-outerimage-container\"><div class='av-masonry-image-container' style=\"background-image: url(https:\/\/dfvcg-events.de\/nonfood-kongress\/wp-content\/uploads\/sites\/2\/2025\/03\/Fiskars_logo_Orange_RGB-web-705x529.jpg);\"  title=\"Fiskars_logo_Orange_RGB-web\" ><\/div><\/div><\/figure><\/a><!--end av-masonry entry--><a href=\"https:\/\/dfvcg-events.de\/nonfood-kongress\/rtl-schoener-wohnen\/\"  id='av-masonry-3-item-5654' data-av-masonry-item='5654' class='av-masonry-entry isotope-item post-5654 post type-post status-publish format-standard has-post-thumbnail hentry category-partner-2026  av-masonry-item-with-image' title=\"-webSCHOENER_WOHNEN-Kollektion_sRGB_Digital-web\"   itemscope=\"itemscope\" itemtype=\"https:\/\/schema.org\/CreativeWork\" ><div class='av-inner-masonry-sizer'><\/div><figure class='av-inner-masonry main_color'><div class=\"av-masonry-outerimage-container\"><div class='av-masonry-image-container' style=\"background-image: url(https:\/\/dfvcg-events.de\/nonfood-kongress\/wp-content\/uploads\/sites\/2\/2026\/04\/webSCHOENER_WOHNEN-Kollektion_sRGB_Digital-web-705x529.jpg);\"  title=\"-webSCHOENER_WOHNEN-Kollektion_sRGB_Digital-web\" ><\/div><\/div><\/figure><\/a><!--end av-masonry entry--><a href=\"https:\/\/dfvcg-events.de\/nonfood-kongress\/yougov\/\"  id='av-masonry-3-item-5391' data-av-masonry-item='5391' class='av-masonry-entry isotope-item post-5391 post type-post status-publish format-standard has-post-thumbnail hentry category-partner-2026  av-masonry-item-with-image' title=\"YouGov-Logo_Grapefruit_web1\"   itemscope=\"itemscope\" itemtype=\"https:\/\/schema.org\/CreativeWork\" ><div class='av-inner-masonry-sizer'><\/div><figure class='av-inner-masonry main_color'><div class=\"av-masonry-outerimage-container\"><div class='av-masonry-image-container' style=\"background-image: url(https:\/\/dfvcg-events.de\/nonfood-kongress\/wp-content\/uploads\/sites\/2\/2026\/03\/YouGov-Logo_Grapefruit_web1-705x528.png);\"  title=\"YouGov-Logo_Grapefruit_web1\" ><\/div><\/div><\/figure><\/a><!--end av-masonry entry--><\/div><\/div>\n<\/div><\/div><\/div><!-- close content main div --><\/div><\/div><div id='av_section_6'  class='avia-section av-f7i1rw-2a534acd1043190990c4547bdb8cebe4 main_color avia-section-default avia-no-shadow  avia-builder-el-17  el_after_av_section  el_before_av_section  avia-bg-style-scroll container_wrap fullsize'  ><div class='container av-section-cont-open' ><div class='template-page content  av-content-full alpha units'><div class='post-entry post-entry-type-page post-entry-3029'><div class='entry-content-wrapper clearfix'>\n\n<style type=\"text\/css\" data-created_by=\"avia_inline_auto\" id=\"style-css-av-epn9cc-d0a580b0443f90545da385c309113ed4\">\n#top .av-special-heading.av-epn9cc-d0a580b0443f90545da385c309113ed4{\npadding-bottom:0;\n}\nbody .av-special-heading.av-epn9cc-d0a580b0443f90545da385c309113ed4 .av-special-heading-tag .heading-char{\nfont-size:25px;\n}\n.av-special-heading.av-epn9cc-d0a580b0443f90545da385c309113ed4 .av-subheading{\nfont-size:19px;\n}\n<\/style>\n<div  class='av-special-heading av-epn9cc-d0a580b0443f90545da385c309113ed4 av-special-heading-h2 blockquote modern-quote  avia-builder-el-18  el_before_av_masonry_entries  avia-builder-el-no-sibling '><h2 class='av-special-heading-tag '  itemprop=\"headline\"  >Aussteller<\/h2><div class='av-subheading av-subheading_below'><p>2026<\/p>\n<\/div><div class=\"special-heading-border\"><div class=\"special-heading-inner-border\"><\/div><\/div><\/div>\n<div id='av-masonry-4' class='av-masonry av-ch6yd8-0193602b91accbd1c1d3825e54bf799a noHover av-fixed-size av-large-gap av-hover-overlay- av-masonry-animation- av-masonry-col-6 av-caption-always av-caption-style- av-masonry-entries ' data-post_id=\"3029\"><div class=\"av-masonry-container isotope av-js-disabled\"><div class='av-masonry-entry isotope-item av-masonry-item-no-image '><\/div><a href=\"https:\/\/dfvcg-events.de\/nonfood-kongress\/broszio\/\"  id='av-masonry-4-item-4375' data-av-masonry-item='4375' class='av-masonry-entry isotope-item post-4375 post type-post status-publish format-standard has-post-thumbnail hentry category-aussteller-2024 category-aussteller-2025 category-aussteller-2026  av-masonry-item-with-image' title=\"Unbenannt-1\"   itemscope=\"itemscope\" itemtype=\"https:\/\/schema.org\/CreativeWork\" ><div class='av-inner-masonry-sizer'><\/div><figure class='av-inner-masonry main_color'><div class=\"av-masonry-outerimage-container\"><div class='av-masonry-image-container' style=\"background-image: url(https:\/\/dfvcg-events.de\/nonfood-kongress\/wp-content\/uploads\/sites\/2\/2024\/04\/Unbenannt-1-705x529.jpg);\"  title=\"Unbenannt-1\" ><\/div><\/div><\/figure><\/a><!--end av-masonry entry--><a href=\"https:\/\/dfvcg-events.de\/nonfood-kongress\/dr-denkriesen\/\"  id='av-masonry-4-item-4702' data-av-masonry-item='4702' class='av-masonry-entry isotope-item post-4702 post type-post status-publish format-standard has-post-thumbnail hentry category-aussteller-2026 category-premium-partner-2025  av-masonry-item-with-image' title=\"Denkriesen-Logo-web\"   itemscope=\"itemscope\" itemtype=\"https:\/\/schema.org\/CreativeWork\" ><div class='av-inner-masonry-sizer'><\/div><figure class='av-inner-masonry main_color'><div class=\"av-masonry-outerimage-container\"><div class='av-masonry-image-container' style=\"background-image: url(https:\/\/dfvcg-events.de\/nonfood-kongress\/wp-content\/uploads\/sites\/2\/2025\/02\/Denkriesen-Logo-web-705x529.jpg);\"  title=\"Denkriesen-Logo-web\" ><\/div><\/div><\/figure><\/a><!--end av-masonry entry--><a href=\"https:\/\/dfvcg-events.de\/nonfood-kongress\/flatworld\/\"  id='av-masonry-4-item-5351' data-av-masonry-item='5351' class='av-masonry-entry isotope-item post-5351 post type-post status-publish format-standard has-post-thumbnail hentry category-aussteller-2026  av-masonry-item-with-image' title=\"Flatworld logo-web\"   itemscope=\"itemscope\" itemtype=\"https:\/\/schema.org\/CreativeWork\" ><div class='av-inner-masonry-sizer'><\/div><figure class='av-inner-masonry main_color'><div class=\"av-masonry-outerimage-container\"><div class='av-masonry-image-container' style=\"background-image: url(https:\/\/dfvcg-events.de\/nonfood-kongress\/wp-content\/uploads\/sites\/2\/2026\/02\/Flatworld-logo-web-705x529.jpg);\"  title=\"Flatworld logo-web\" ><\/div><\/div><\/figure><\/a><!--end av-masonry entry--><a href=\"https:\/\/dfvcg-events.de\/nonfood-kongress\/max-gruendl\/\"  id='av-masonry-4-item-183' data-av-masonry-item='183' class='av-masonry-entry isotope-item post-183 post type-post status-publish format-standard has-post-thumbnail hentry category-aussteller-2020 category-aussteller-2021 category-aussteller-2022 category-aussteller-2023 category-aussteller-2024 category-aussteller-2025 category-aussteller-2026  av-masonry-item-with-image' title=\"gr\u00fcndl_Nonfood_2022\"   itemscope=\"itemscope\" itemtype=\"https:\/\/schema.org\/CreativeWork\" ><div class='av-inner-masonry-sizer'><\/div><figure class='av-inner-masonry main_color'><div class=\"av-masonry-outerimage-container\"><div class='av-masonry-image-container' style=\"background-image: url(https:\/\/dfvcg-events.de\/nonfood-kongress\/wp-content\/uploads\/sites\/2\/2020\/03\/gruendl_Nonfood_2022-1.png);\"  title=\"gr\u00fcndl_Nonfood_2022\" ><\/div><\/div><\/figure><\/a><!--end av-masonry entry--><a href=\"https:\/\/dfvcg-events.de\/nonfood-kongress\/just-sales-food\/\"  id='av-masonry-4-item-3418' data-av-masonry-item='3418' class='av-masonry-entry isotope-item post-3418 post type-post status-publish format-standard has-post-thumbnail hentry category-aussteller-2023 category-aussteller-2024 category-aussteller-2025 category-aussteller-2026  av-masonry-item-with-image' title=\"Just-Sales-Food_Logo_web\"   itemscope=\"itemscope\" itemtype=\"https:\/\/schema.org\/CreativeWork\" ><div class='av-inner-masonry-sizer'><\/div><figure class='av-inner-masonry main_color'><div class=\"av-masonry-outerimage-container\"><div class='av-masonry-image-container' style=\"background-image: url(https:\/\/dfvcg-events.de\/nonfood-kongress\/wp-content\/uploads\/sites\/2\/2023\/03\/Just-Sales-Food_Logo_web-705x529.jpg);\"  title=\"Just-Sales-Food_Logo_web\" ><\/div><\/div><\/figure><\/a><!--end av-masonry entry--><a href=\"https:\/\/dfvcg-events.de\/nonfood-kongress\/kerler-gmbh\/\"  id='av-masonry-4-item-186' data-av-masonry-item='186' class='av-masonry-entry isotope-item post-186 post type-post status-publish format-standard has-post-thumbnail hentry category-aussteller-2020 category-aussteller-2021 category-aussteller-2022 category-aussteller-2023 category-aussteller-2024 category-aussteller-2025 category-aussteller-2026  av-masonry-item-with-image' title=\"Kerler_Logo_Ki\u00dflegg, M\u00fcnchen, Z\u00fcrich, Wien-web\"   itemscope=\"itemscope\" itemtype=\"https:\/\/schema.org\/CreativeWork\" ><div class='av-inner-masonry-sizer'><\/div><figure class='av-inner-masonry main_color'><div class=\"av-masonry-outerimage-container\"><div class='av-masonry-image-container' style=\"background-image: url(https:\/\/dfvcg-events.de\/nonfood-kongress\/wp-content\/uploads\/sites\/2\/2020\/03\/Kerler_Logo_Kisslegg-Muenchen-Zuerich-Wien-web-705x529.jpg);\"  title=\"Kerler_Logo_Ki\u00dflegg, M\u00fcnchen, Z\u00fcrich, Wien-web\" ><\/div><\/div><\/figure><\/a><!--end av-masonry entry--><a href=\"https:\/\/dfvcg-events.de\/nonfood-kongress\/multipac\/\"  id='av-masonry-4-item-5509' data-av-masonry-item='5509' class='av-masonry-entry isotope-item post-5509 post type-post status-publish format-standard has-post-thumbnail hentry category-aussteller-2026  av-masonry-item-with-image' title=\"MultiPac Logo_web\"   itemscope=\"itemscope\" itemtype=\"https:\/\/schema.org\/CreativeWork\" ><div class='av-inner-masonry-sizer'><\/div><figure class='av-inner-masonry main_color'><div class=\"av-masonry-outerimage-container\"><div class='av-masonry-image-container' style=\"background-image: url(https:\/\/dfvcg-events.de\/nonfood-kongress\/wp-content\/uploads\/sites\/2\/2026\/04\/MultiPac-Logo_web-705x529.png);\"  title=\"MultiPac Logo_web\" ><\/div><\/div><\/figure><\/a><!--end av-masonry entry--><a href=\"https:\/\/dfvcg-events.de\/nonfood-kongress\/mueller-licht\/\"  id='av-masonry-4-item-4610' data-av-masonry-item='4610' class='av-masonry-entry isotope-item post-4610 post type-post status-publish format-standard has-post-thumbnail hentry category-aussteller-2020 category-aussteller-2021 category-aussteller-2022 category-aussteller-2023 category-aussteller-2024 category-aussteller-2025 category-aussteller-2026  av-masonry-item-with-image' title=\"MLi-Logo_(blue-on-transparent)_2023_web\"   itemscope=\"itemscope\" itemtype=\"https:\/\/schema.org\/CreativeWork\" ><div class='av-inner-masonry-sizer'><\/div><figure class='av-inner-masonry main_color'><div class=\"av-masonry-outerimage-container\"><div class='av-masonry-image-container' style=\"background-image: url(https:\/\/dfvcg-events.de\/nonfood-kongress\/wp-content\/uploads\/sites\/2\/2024\/12\/MLi-Logo_blue-on-transparent_2023_web.png);\"  title=\"MLi-Logo_(blue-on-transparent)_2023_web\" ><\/div><\/div><\/figure><\/a><!--end av-masonry entry--><a href=\"https:\/\/dfvcg-events.de\/nonfood-kongress\/playmobil\/\"  id='av-masonry-4-item-5381' data-av-masonry-item='5381' class='av-masonry-entry isotope-item post-5381 post type-post status-publish format-standard has-post-thumbnail hentry category-aussteller-2026  av-masonry-item-with-image' title=\"PM_Logo_HG_P300C_RZ_01.23-web\"   itemscope=\"itemscope\" itemtype=\"https:\/\/schema.org\/CreativeWork\" ><div class='av-inner-masonry-sizer'><\/div><figure class='av-inner-masonry main_color'><div class=\"av-masonry-outerimage-container\"><div class='av-masonry-image-container' style=\"background-image: url(https:\/\/dfvcg-events.de\/nonfood-kongress\/wp-content\/uploads\/sites\/2\/2026\/02\/PM_Logo_HG_P300C_RZ_01.23-web-705x529.jpg);\"  title=\"PM_Logo_HG_P300C_RZ_01.23-web\" ><\/div><\/div><\/figure><\/a><!--end av-masonry entry--><a href=\"https:\/\/dfvcg-events.de\/nonfood-kongress\/pfenning-gruppe\/\"  id='av-masonry-4-item-5308' data-av-masonry-item='5308' class='av-masonry-entry isotope-item post-5308 post type-post status-publish format-standard has-post-thumbnail hentry category-aussteller-2026  av-masonry-item-with-image' title=\"pfenning_group_logo-web\"   itemscope=\"itemscope\" itemtype=\"https:\/\/schema.org\/CreativeWork\" ><div class='av-inner-masonry-sizer'><\/div><figure class='av-inner-masonry main_color'><div class=\"av-masonry-outerimage-container\"><div class='av-masonry-image-container' style=\"background-image: url(https:\/\/dfvcg-events.de\/nonfood-kongress\/wp-content\/uploads\/sites\/2\/2025\/12\/pfenning_group_logo-web-705x529.jpg);\"  title=\"pfenning_group_logo-web\" ><\/div><\/div><\/figure><\/a><!--end av-masonry entry--><a href=\"https:\/\/dfvcg-events.de\/nonfood-kongress\/sodataste-gmbh\/\"  id='av-masonry-4-item-5261' data-av-masonry-item='5261' class='av-masonry-entry isotope-item post-5261 post type-post status-publish format-standard has-post-thumbnail hentry category-aussteller-2026  av-masonry-item-with-image' title=\"SodaTASTE-Logo-web\"   itemscope=\"itemscope\" itemtype=\"https:\/\/schema.org\/CreativeWork\" ><div class='av-inner-masonry-sizer'><\/div><figure class='av-inner-masonry main_color'><div class=\"av-masonry-outerimage-container\"><div class='av-masonry-image-container' style=\"background-image: url(https:\/\/dfvcg-events.de\/nonfood-kongress\/wp-content\/uploads\/sites\/2\/2025\/09\/SodaTASTE-Logo-web-705x529.jpg);\"  title=\"SodaTASTE-Logo-web\" ><\/div><\/div><\/figure><\/a><!--end av-masonry entry--><a href=\"https:\/\/dfvcg-events.de\/nonfood-kongress\/spielmix\/\"  id='av-masonry-4-item-5304' data-av-masonry-item='5304' class='av-masonry-entry isotope-item post-5304 post type-post status-publish format-standard has-post-thumbnail hentry category-aussteller-2026  av-masonry-item-with-image' title=\"Spielmix logo-web\"   itemscope=\"itemscope\" itemtype=\"https:\/\/schema.org\/CreativeWork\" ><div class='av-inner-masonry-sizer'><\/div><figure class='av-inner-masonry main_color'><div class=\"av-masonry-outerimage-container\"><div class='av-masonry-image-container' style=\"background-image: url(https:\/\/dfvcg-events.de\/nonfood-kongress\/wp-content\/uploads\/sites\/2\/2025\/12\/Spielmix-logo-web-705x529.jpg);\"  title=\"Spielmix logo-web\" ><\/div><\/div><\/figure><\/a><!--end av-masonry entry--><a href=\"https:\/\/dfvcg-events.de\/nonfood-kongress\/vileda\/\"  id='av-masonry-4-item-4682' data-av-masonry-item='4682' class='av-masonry-entry isotope-item post-4682 post type-post status-publish format-standard has-post-thumbnail hentry category-aussteller-2025 category-aussteller-2026  av-masonry-item-with-image' title=\"Vileda Unternehmenslogo-web\"   itemscope=\"itemscope\" itemtype=\"https:\/\/schema.org\/CreativeWork\" ><div class='av-inner-masonry-sizer'><\/div><figure class='av-inner-masonry main_color'><div class=\"av-masonry-outerimage-container\"><div class='av-masonry-image-container' style=\"background-image: url(https:\/\/dfvcg-events.de\/nonfood-kongress\/wp-content\/uploads\/sites\/2\/2025\/02\/Vileda-Unternehmenslogo-web-705x529.jpg);\"  title=\"Vileda Unternehmenslogo-web\" ><\/div><\/div><\/figure><\/a><!--end av-masonry entry--><\/div><\/div>\n<\/p>\n<\/div><\/div><\/div><!-- close content main div --><\/div><\/div><div id='av_section_7'  class='avia-section av-5sx9h8-0f59a931b37ddff3d460e009d98e8d6c main_color avia-section-default avia-no-shadow  avia-builder-el-20  el_after_av_section  avia-builder-el-last  avia-bg-style-scroll container_wrap fullsize'  ><div class='container av-section-cont-open' ><div class='template-page content  av-content-full alpha units'><div class='post-entry post-entry-type-page post-entry-3029'><div class='entry-content-wrapper clearfix'>\n\n<style type=\"text\/css\" data-created_by=\"avia_inline_auto\" id=\"style-css-av-4tj9a4-93924dc0f64d6af9f5451e0d9ecad30b\">\n#top .av-special-heading.av-4tj9a4-93924dc0f64d6af9f5451e0d9ecad30b{\npadding-bottom:0;\n}\nbody .av-special-heading.av-4tj9a4-93924dc0f64d6af9f5451e0d9ecad30b .av-special-heading-tag .heading-char{\nfont-size:25px;\n}\n.av-special-heading.av-4tj9a4-93924dc0f64d6af9f5451e0d9ecad30b .av-subheading{\nfont-size:19px;\n}\n<\/style>\n<div  class='av-special-heading av-4tj9a4-93924dc0f64d6af9f5451e0d9ecad30b av-special-heading-h2 blockquote modern-quote  avia-builder-el-21  el_before_av_masonry_entries  avia-builder-el-no-sibling  av-mini-hide'><h2 class='av-special-heading-tag '  itemprop=\"headline\"  >Medienpartner<\/h2><div class=\"special-heading-border\"><div class=\"special-heading-inner-border\"><\/div><\/div><\/div>\n<div id='av-masonry-5' class='av-masonry av-2qapkc-f0952e92adf8b28d586d42436321192b noHover av-flex-size av-large-gap av-hover-overlay- av-masonry-animation- av-masonry-col-6 av-caption-always av-caption-style- av-masonry-entries ' data-post_id=\"3029\"><div class=\"av-masonry-container isotope av-js-disabled\"><div class='av-masonry-entry isotope-item av-masonry-item-no-image '><\/div><a href=\"https:\/\/dfvcg-events.de\/nonfood-kongress\/der-handel\/\"  id='av-masonry-5-item-3998' data-av-masonry-item='3998' class='av-masonry-entry isotope-item post-3998 post type-post status-publish format-standard has-post-thumbnail hentry category-medienpartner-2024 category-medienpartner-2025  av-masonry-item-with-image' title=\"der-handel-web\"   itemscope=\"itemscope\" itemtype=\"https:\/\/schema.org\/CreativeWork\" ><div class='av-inner-masonry-sizer'><\/div><figure class='av-inner-masonry main_color'><div class=\"av-masonry-outerimage-container\"><div class='av-masonry-image-container'  ><img decoding=\"async\" width=\"570\" height=\"428\" fetchpriority=\"high\" class=\"wp-image-3991 avia-img-lazy-loading-not-3991\"  src=\"https:\/\/dfvcg-events.de\/nonfood-kongress\/wp-content\/uploads\/sites\/2\/2024\/01\/der-handel-web.jpg\" title=\"der-handel-web\" alt=\"\" \/><\/div><\/div><\/figure><\/a><!--end av-masonry entry--><a href=\"https:\/\/dfvcg-events.de\/nonfood-kongress\/etailment\/\"  id='av-masonry-5-item-3995' data-av-masonry-item='3995' class='av-masonry-entry isotope-item post-3995 post type-post status-publish format-standard has-post-thumbnail hentry category-medienpartner-2024 category-medienpartner-2025  av-masonry-item-with-image' title=\"etailment-web\"   itemscope=\"itemscope\" itemtype=\"https:\/\/schema.org\/CreativeWork\" ><div class='av-inner-masonry-sizer'><\/div><figure class='av-inner-masonry main_color'><div class=\"av-masonry-outerimage-container\"><div class='av-masonry-image-container'  ><img decoding=\"async\" width=\"800\" height=\"600\" fetchpriority=\"high\" class=\"wp-image-3992 avia-img-lazy-loading-not-3992\"  src=\"https:\/\/dfvcg-events.de\/nonfood-kongress\/wp-content\/uploads\/sites\/2\/2024\/01\/etailment-web.jpg\" title=\"etailment-web\" alt=\"\" \/><\/div><\/div><\/figure><\/a><!--end av-masonry entry--><a href=\"https:\/\/dfvcg-events.de\/nonfood-kongress\/lebensmittel-zeitung\/\"  id='av-masonry-5-item-204' data-av-masonry-item='204' class='av-masonry-entry isotope-item post-204 post type-post status-publish format-standard has-post-thumbnail hentry category-medienpartner-2020 category-medienpartner-2024 category-medienpartner-2025  av-masonry-item-with-image' title=\"LZ_2021-website\"   itemscope=\"itemscope\" itemtype=\"https:\/\/schema.org\/CreativeWork\" ><div class='av-inner-masonry-sizer'><\/div><figure class='av-inner-masonry main_color'><div class=\"av-masonry-outerimage-container\"><div class='av-masonry-image-container'  ><img decoding=\"async\" width=\"800\" height=\"600\" fetchpriority=\"high\" class=\"wp-image-3986 avia-img-lazy-loading-not-3986\"  src=\"https:\/\/dfvcg-events.de\/nonfood-kongress\/wp-content\/uploads\/sites\/2\/2020\/03\/LZ_2021-website.jpg\" title=\"LZ_2021-website\" alt=\"\" \/><\/div><\/div><\/figure><\/a><!--end av-masonry entry--><a href=\"https:\/\/dfvcg-events.de\/nonfood-kongress\/lz-direkt\/\"  id='av-masonry-5-item-3989' data-av-masonry-item='3989' class='av-masonry-entry isotope-item post-3989 post type-post status-publish format-standard has-post-thumbnail hentry category-medienpartner-2024 category-medienpartner-2025  av-masonry-item-with-image' title=\"LZ_direkt_web\"   itemscope=\"itemscope\" itemtype=\"https:\/\/schema.org\/CreativeWork\" ><div class='av-inner-masonry-sizer'><\/div><figure class='av-inner-masonry main_color'><div class=\"av-masonry-outerimage-container\"><div class='av-masonry-image-container'  ><img decoding=\"async\" width=\"800\" height=\"600\" fetchpriority=\"high\" class=\"wp-image-3990 avia-img-lazy-loading-not-3990\"  src=\"https:\/\/dfvcg-events.de\/nonfood-kongress\/wp-content\/uploads\/sites\/2\/2024\/01\/LZ_direkt_web.jpg\" title=\"LZ_direkt_web\" alt=\"\" \/><\/div><\/div><\/figure><\/a><!--end av-masonry entry--><\/div><\/div>\n\n","protected":false},"excerpt":{"rendered":"","protected":false},"author":1,"featured_media":0,"parent":0,"menu_order":0,"comment_status":"closed","ping_status":"closed","template":"","meta":{"footnotes":""},"class_list":["post-3029","page","type-page","status-publish","hentry"],"yoast_head":"<!-- This site is optimized with the Yoast SEO plugin v27.4 - https:\/\/yoast.com\/product\/yoast-seo-wordpress\/ -->\n<title>Partner &amp; Aussteller | Nonfood Kongress | Frankfurt<\/title>\n<meta name=\"description\" content=\"Als Teilnehmer:innen des Nonfood Kongresses erwarten Sie interessante Innovationen unserer Partner &amp; Aussteller.\" \/>\n<meta name=\"robots\" content=\"index, follow, max-snippet:-1, max-image-preview:large, max-video-preview:-1\" \/>\n<link rel=\"canonical\" href=\"https:\/\/dfvcg-events.de\/nonfood-kongress\/aussteller-sponsoren\/\" \/>\n<meta property=\"og:locale\" content=\"de_DE\" \/>\n<meta property=\"og:type\" content=\"article\" \/>\n<meta property=\"og:title\" content=\"Partner &amp; Aussteller | Nonfood Kongress | Frankfurt\" \/>\n<meta property=\"og:description\" content=\"Als Teilnehmer:innen des Nonfood Kongresses erwarten Sie interessante Innovationen unserer Partner &amp; Aussteller.\" \/>\n<meta property=\"og:url\" content=\"https:\/\/dfvcg-events.de\/nonfood-kongress\/aussteller-sponsoren\/\" \/>\n<meta property=\"og:site_name\" content=\"Nonfood Kongress\" \/>\n<meta property=\"article:modified_time\" content=\"2026-03-11T09:58:18+00:00\" \/>\n<meta name=\"twitter:card\" content=\"summary_large_image\" \/>\n<meta name=\"twitter:label1\" content=\"Gesch\u00e4tzte Lesezeit\" \/>\n\t<meta name=\"twitter:data1\" content=\"4\u00a0Minuten\" \/>\n<script type=\"application\/ld+json\" class=\"yoast-schema-graph\">{\"@context\":\"https:\\\/\\\/schema.org\",\"@graph\":[{\"@type\":\"WebPage\",\"@id\":\"https:\\\/\\\/dfvcg-events.de\\\/nonfood-kongress\\\/aussteller-sponsoren\\\/\",\"url\":\"https:\\\/\\\/dfvcg-events.de\\\/nonfood-kongress\\\/aussteller-sponsoren\\\/\",\"name\":\"Partner & Aussteller | Nonfood Kongress | Frankfurt\",\"isPartOf\":{\"@id\":\"https:\\\/\\\/dfvcg-events.de\\\/nonfood-kongress\\\/#website\"},\"datePublished\":\"2022-11-01T11:33:51+00:00\",\"dateModified\":\"2026-03-11T09:58:18+00:00\",\"description\":\"Als Teilnehmer:innen des Nonfood Kongresses erwarten Sie interessante Innovationen unserer Partner & Aussteller.\",\"breadcrumb\":{\"@id\":\"https:\\\/\\\/dfvcg-events.de\\\/nonfood-kongress\\\/aussteller-sponsoren\\\/#breadcrumb\"},\"inLanguage\":\"de\",\"potentialAction\":[{\"@type\":\"ReadAction\",\"target\":[\"https:\\\/\\\/dfvcg-events.de\\\/nonfood-kongress\\\/aussteller-sponsoren\\\/\"]}]},{\"@type\":\"BreadcrumbList\",\"@id\":\"https:\\\/\\\/dfvcg-events.de\\\/nonfood-kongress\\\/aussteller-sponsoren\\\/#breadcrumb\",\"itemListElement\":[{\"@type\":\"ListItem\",\"position\":1,\"name\":\"Startseite\",\"item\":\"https:\\\/\\\/dfvcg-events.de\\\/nonfood-kongress\\\/\"},{\"@type\":\"ListItem\",\"position\":2,\"name\":\"Partner &amp; Aussteller\"}]},{\"@type\":\"WebSite\",\"@id\":\"https:\\\/\\\/dfvcg-events.de\\\/nonfood-kongress\\\/#website\",\"url\":\"https:\\\/\\\/dfvcg-events.de\\\/nonfood-kongress\\\/\",\"name\":\"Nonfood Kongress\",\"description\":\"dfv Conference Group\",\"publisher\":{\"@id\":\"https:\\\/\\\/dfvcg-events.de\\\/nonfood-kongress\\\/#organization\"},\"potentialAction\":[{\"@type\":\"SearchAction\",\"target\":{\"@type\":\"EntryPoint\",\"urlTemplate\":\"https:\\\/\\\/dfvcg-events.de\\\/nonfood-kongress\\\/?s={search_term_string}\"},\"query-input\":{\"@type\":\"PropertyValueSpecification\",\"valueRequired\":true,\"valueName\":\"search_term_string\"}}],\"inLanguage\":\"de\"},{\"@type\":\"Organization\",\"@id\":\"https:\\\/\\\/dfvcg-events.de\\\/nonfood-kongress\\\/#organization\",\"name\":\"Deutscher Nonfood Kongress\",\"url\":\"https:\\\/\\\/dfvcg-events.de\\\/nonfood-kongress\\\/\",\"logo\":{\"@type\":\"ImageObject\",\"inLanguage\":\"de\",\"@id\":\"https:\\\/\\\/dfvcg-events.de\\\/nonfood-kongress\\\/#\\\/schema\\\/logo\\\/image\\\/\",\"url\":\"https:\\\/\\\/dfvcg-events.de\\\/nonfood-kongress\\\/wp-content\\\/uploads\\\/sites\\\/2\\\/2021\\\/11\\\/Nonfood-Teaser-800x800px.jpg\",\"contentUrl\":\"https:\\\/\\\/dfvcg-events.de\\\/nonfood-kongress\\\/wp-content\\\/uploads\\\/sites\\\/2\\\/2021\\\/11\\\/Nonfood-Teaser-800x800px.jpg\",\"width\":800,\"height\":800,\"caption\":\"Deutscher Nonfood Kongress\"},\"image\":{\"@id\":\"https:\\\/\\\/dfvcg-events.de\\\/nonfood-kongress\\\/#\\\/schema\\\/logo\\\/image\\\/\"}}]}<\/script>\n<!-- \/ Yoast SEO plugin. -->","yoast_head_json":{"title":"Partner & Aussteller | Nonfood Kongress | Frankfurt","description":"Als Teilnehmer:innen des Nonfood Kongresses erwarten Sie interessante Innovationen unserer Partner & Aussteller.","robots":{"index":"index","follow":"follow","max-snippet":"max-snippet:-1","max-image-preview":"max-image-preview:large","max-video-preview":"max-video-preview:-1"},"canonical":"https:\/\/dfvcg-events.de\/nonfood-kongress\/aussteller-sponsoren\/","og_locale":"de_DE","og_type":"article","og_title":"Partner & Aussteller | Nonfood Kongress | Frankfurt","og_description":"Als Teilnehmer:innen des Nonfood Kongresses erwarten Sie interessante Innovationen unserer Partner & Aussteller.","og_url":"https:\/\/dfvcg-events.de\/nonfood-kongress\/aussteller-sponsoren\/","og_site_name":"Nonfood Kongress","article_modified_time":"2026-03-11T09:58:18+00:00","twitter_card":"summary_large_image","twitter_misc":{"Gesch\u00e4tzte Lesezeit":"4\u00a0Minuten"},"schema":{"@context":"https:\/\/schema.org","@graph":[{"@type":"WebPage","@id":"https:\/\/dfvcg-events.de\/nonfood-kongress\/aussteller-sponsoren\/","url":"https:\/\/dfvcg-events.de\/nonfood-kongress\/aussteller-sponsoren\/","name":"Partner & Aussteller | Nonfood Kongress | Frankfurt","isPartOf":{"@id":"https:\/\/dfvcg-events.de\/nonfood-kongress\/#website"},"datePublished":"2022-11-01T11:33:51+00:00","dateModified":"2026-03-11T09:58:18+00:00","description":"Als Teilnehmer:innen des Nonfood Kongresses erwarten Sie interessante Innovationen unserer Partner & Aussteller.","breadcrumb":{"@id":"https:\/\/dfvcg-events.de\/nonfood-kongress\/aussteller-sponsoren\/#breadcrumb"},"inLanguage":"de","potentialAction":[{"@type":"ReadAction","target":["https:\/\/dfvcg-events.de\/nonfood-kongress\/aussteller-sponsoren\/"]}]},{"@type":"BreadcrumbList","@id":"https:\/\/dfvcg-events.de\/nonfood-kongress\/aussteller-sponsoren\/#breadcrumb","itemListElement":[{"@type":"ListItem","position":1,"name":"Startseite","item":"https:\/\/dfvcg-events.de\/nonfood-kongress\/"},{"@type":"ListItem","position":2,"name":"Partner &amp; Aussteller"}]},{"@type":"WebSite","@id":"https:\/\/dfvcg-events.de\/nonfood-kongress\/#website","url":"https:\/\/dfvcg-events.de\/nonfood-kongress\/","name":"Nonfood Kongress","description":"dfv Conference Group","publisher":{"@id":"https:\/\/dfvcg-events.de\/nonfood-kongress\/#organization"},"potentialAction":[{"@type":"SearchAction","target":{"@type":"EntryPoint","urlTemplate":"https:\/\/dfvcg-events.de\/nonfood-kongress\/?s={search_term_string}"},"query-input":{"@type":"PropertyValueSpecification","valueRequired":true,"valueName":"search_term_string"}}],"inLanguage":"de"},{"@type":"Organization","@id":"https:\/\/dfvcg-events.de\/nonfood-kongress\/#organization","name":"Deutscher Nonfood Kongress","url":"https:\/\/dfvcg-events.de\/nonfood-kongress\/","logo":{"@type":"ImageObject","inLanguage":"de","@id":"https:\/\/dfvcg-events.de\/nonfood-kongress\/#\/schema\/logo\/image\/","url":"https:\/\/dfvcg-events.de\/nonfood-kongress\/wp-content\/uploads\/sites\/2\/2021\/11\/Nonfood-Teaser-800x800px.jpg","contentUrl":"https:\/\/dfvcg-events.de\/nonfood-kongress\/wp-content\/uploads\/sites\/2\/2021\/11\/Nonfood-Teaser-800x800px.jpg","width":800,"height":800,"caption":"Deutscher Nonfood Kongress"},"image":{"@id":"https:\/\/dfvcg-events.de\/nonfood-kongress\/#\/schema\/logo\/image\/"}}]}},"_links":{"self":[{"href":"https:\/\/dfvcg-events.de\/nonfood-kongress\/wp-json\/wp\/v2\/pages\/3029","targetHints":{"allow":["GET"]}}],"collection":[{"href":"https:\/\/dfvcg-events.de\/nonfood-kongress\/wp-json\/wp\/v2\/pages"}],"about":[{"href":"https:\/\/dfvcg-events.de\/nonfood-kongress\/wp-json\/wp\/v2\/types\/page"}],"author":[{"embeddable":true,"href":"https:\/\/dfvcg-events.de\/nonfood-kongress\/wp-json\/wp\/v2\/users\/1"}],"replies":[{"embeddable":true,"href":"https:\/\/dfvcg-events.de\/nonfood-kongress\/wp-json\/wp\/v2\/comments?post=3029"}],"version-history":[{"count":24,"href":"https:\/\/dfvcg-events.de\/nonfood-kongress\/wp-json\/wp\/v2\/pages\/3029\/revisions"}],"predecessor-version":[{"id":5428,"href":"https:\/\/dfvcg-events.de\/nonfood-kongress\/wp-json\/wp\/v2\/pages\/3029\/revisions\/5428"}],"wp:attachment":[{"href":"https:\/\/dfvcg-events.de\/nonfood-kongress\/wp-json\/wp\/v2\/media?parent=3029"}],"curies":[{"name":"wp","href":"https:\/\/api.w.org\/{rel}","templated":true}]}}