{"id":158,"date":"2020-03-19T22:30:05","date_gmt":"2020-03-19T21:30:05","guid":{"rendered":"https:\/\/dfvcg-events.de\/nonfood-kongress\/?page_id=158"},"modified":"2025-10-28T15:34:49","modified_gmt":"2025-10-28T14:34:49","slug":"hotel-anreise","status":"publish","type":"page","link":"https:\/\/dfvcg-events.de\/nonfood-kongress\/hotel-anreise\/","title":{"rendered":"Location, Hotel &amp; Anreise"},"content":{"rendered":"\n<style type=\"text\/css\" data-created_by=\"avia_inline_auto\" id=\"style-css-av-7xpm6-2840bedb1adeab1dbba7c7007848449d\">\n.avia-section.av-7xpm6-2840bedb1adeab1dbba7c7007848449d{\nbackground-color:#4bc0e2;\nbackground:linear-gradient( to right, #4bc0e2, #ffffff );\n}\n<\/style>\n<div id='av_section_1'  class='avia-section av-7xpm6-2840bedb1adeab1dbba7c7007848449d main_color avia-section-default avia-no-border-styling  avia-builder-el-0  el_before_av_section  avia-builder-el-first  header-verlauf avia-bg-style-scroll container_wrap fullsize'  ><div class='container av-section-cont-open' ><main  role=\"main\" itemprop=\"mainContentOfPage\"  class='template-page content  av-content-full alpha units'><div class='post-entry post-entry-type-page post-entry-158'><div class='entry-content-wrapper clearfix'>\n\n<style type=\"text\/css\" data-created_by=\"avia_inline_auto\" id=\"style-css-av-ajmse-c3ec5b66a5ce6944f5d5c664a6d2ff04\">\n#top .av-special-heading.av-ajmse-c3ec5b66a5ce6944f5d5c664a6d2ff04{\npadding-bottom:0;\ncolor:#ffffff;\n}\nbody .av-special-heading.av-ajmse-c3ec5b66a5ce6944f5d5c664a6d2ff04 .av-special-heading-tag .heading-char{\nfont-size:25px;\n}\n.av-special-heading.av-ajmse-c3ec5b66a5ce6944f5d5c664a6d2ff04 .special-heading-inner-border{\nborder-color:#ffffff;\n}\n.av-special-heading.av-ajmse-c3ec5b66a5ce6944f5d5c664a6d2ff04 .av-subheading{\nfont-size:19px;\n}\n<\/style>\n<div  class='av-special-heading av-ajmse-c3ec5b66a5ce6944f5d5c664a6d2ff04 av-special-heading-h1 custom-color-heading blockquote modern-quote  avia-builder-el-1  avia-builder-el-no-sibling '><div class='av_custom_color av-subheading av-subheading_above'><p>Nonfood Kongress<\/p>\n<\/div><h1 class='av-special-heading-tag '  itemprop=\"headline\"  >Location, Hotel <span class='special_amp'>&amp;<\/span> Anreise<\/h1><div class=\"special-heading-border\"><div class=\"special-heading-inner-border\"><\/div><\/div><\/div>\n\n<\/div><\/div><\/main><!-- close content main element --><\/div><\/div><div id='av_section_2'  class='avia-section av-katn4t88-89157e3567fe8ba4b31c586624c47979 main_color avia-section-default avia-no-border-styling  avia-builder-el-2  el_after_av_section  el_before_av_section  avia-bg-style-scroll container_wrap fullsize'  ><div class='container av-section-cont-open' ><div class='template-page content  av-content-full alpha units'><div class='post-entry post-entry-type-page post-entry-158'><div class='entry-content-wrapper clearfix'>\n<div class='flex_column_table av-lkorq-0acd5191bb4463655c40c05f2056fd15 sc-av_two_third av-equal-height-column-flextable'>\n<style type=\"text\/css\" data-created_by=\"avia_inline_auto\" id=\"style-css-av-lkorq-0acd5191bb4463655c40c05f2056fd15\">\n.flex_column.av-lkorq-0acd5191bb4463655c40c05f2056fd15{\nborder-radius:0px 0px 0px 0px;\npadding:0px 0px 0px 0px;\n}\n<\/style>\n<div  class='flex_column av-lkorq-0acd5191bb4463655c40c05f2056fd15 av_two_third  avia-builder-el-3  el_before_av_one_third  avia-builder-el-first  first flex_column_table_cell av-equal-height-column av-align-middle av-zero-column-padding  '     ><p>\n<style type=\"text\/css\" data-created_by=\"avia_inline_auto\" id=\"style-css-av-1q6fge-9e60d7d763d85f2367f2ccb454b1b14f\">\n#top .av-special-heading.av-1q6fge-9e60d7d763d85f2367f2ccb454b1b14f{\npadding-bottom:0;\n}\nbody .av-special-heading.av-1q6fge-9e60d7d763d85f2367f2ccb454b1b14f .av-special-heading-tag .heading-char{\nfont-size:25px;\n}\n.av-special-heading.av-1q6fge-9e60d7d763d85f2367f2ccb454b1b14f .av-subheading{\nfont-size:19px;\n}\n<\/style>\n<div  class='av-special-heading av-1q6fge-9e60d7d763d85f2367f2ccb454b1b14f av-special-heading-h2 blockquote modern-quote  avia-builder-el-4  el_before_av_hr  avia-builder-el-first '><h2 class='av-special-heading-tag '  itemprop=\"headline\"  >Location<\/h2><div class=\"special-heading-border\"><div class=\"special-heading-inner-border\"><\/div><\/div><\/div><br \/>\n\n<style type=\"text\/css\" data-created_by=\"avia_inline_auto\" id=\"style-css-av-916wu-4ff2d25deb690dd28418d401f9e5e104\">\n#top .hr.hr-invisible.av-916wu-4ff2d25deb690dd28418d401f9e5e104{\nheight:50px;\n}\n<\/style>\n<div  class='hr av-916wu-4ff2d25deb690dd28418d401f9e5e104 hr-invisible  avia-builder-el-5  el_after_av_heading  el_before_av_google_map  avia-builder-el-last '><span class='hr-inner '><span class=\"hr-inner-style\"><\/span><\/span><\/div><br \/>\n<div  class='av_gmaps_sc_main_wrap av_gmaps_main_wrap '><div id='av_gmap_0' class='avia-google-map-container avia-google-map-sc av_gmaps_show_unconditionally av-no-fallback-img ' data-mapid='av_gmap_0'  style='height: 400px;'><a class=\"av_gmaps_browser_disabled av_text_confirm_link av_text_confirm_link_visible\" href=\"https:\/\/www.google.com\/maps\/search\/?api=1&#038;query=Osloer%20Str.%205%2060327%20Frankfurt%20am%20Main%20Hessen%20Germany\" target=\"_blank\">Karten wurden vom Besucher auf dieser Webseite deaktiviert. Klicken Sie hier, um die Karte in einem neuen Fenster zu \u00f6ffnen.<\/a><\/div><\/div><\/p><\/div><div class='av-flex-placeholder'><\/div>\n<style type=\"text\/css\" data-created_by=\"avia_inline_auto\" id=\"style-css-av-ebssm-75f9989e1dd8a385d2c00faef42f16fe\">\n.flex_column.av-ebssm-75f9989e1dd8a385d2c00faef42f16fe{\nborder-radius:0px 0px 0px 0px;\npadding:0px 0px 0px 0px;\n}\n<\/style>\n<div  class='flex_column av-ebssm-75f9989e1dd8a385d2c00faef42f16fe av_one_third  avia-builder-el-7  el_after_av_two_third  avia-builder-el-last  flex_column_table_cell av-equal-height-column av-align-middle av-hide-on-mobile av-zero-column-padding  '     ><p>\n<style type=\"text\/css\" data-created_by=\"avia_inline_auto\" id=\"style-css-av-l9ze4uvu-1162527f5c37762717df240d7fb3478f\">\n.avia-image-container.av-l9ze4uvu-1162527f5c37762717df240d7fb3478f img.avia_image{\nbox-shadow:none;\n}\n.avia-image-container.av-l9ze4uvu-1162527f5c37762717df240d7fb3478f .av-image-caption-overlay-center{\ncolor:#ffffff;\n}\n<\/style>\n<div  class='avia-image-container av-l9ze4uvu-1162527f5c37762717df240d7fb3478f av-styling- avia-align-center  avia-builder-el-8  el_before_av_image  avia-builder-el-first '   itemprop=\"image\" itemscope=\"itemscope\" itemtype=\"https:\/\/schema.org\/ImageObject\" ><div class=\"avia-image-container-inner\"><div class=\"avia-image-overlay-wrap\"><img decoding=\"async\" fetchpriority=\"high\" class='wp-image-3956 avia-img-lazy-loading-not-3956 avia_image ' src=\"https:\/\/dfvcg-events.de\/nonfood-kongress\/wp-content\/uploads\/sites\/2\/2023\/12\/NFK-Karte.png\" alt='' title='NFK-Karte'  height=\"250\" width=\"250\"  itemprop=\"thumbnailUrl\"  \/><\/div><\/div><\/div><br \/>\n\n<style type=\"text\/css\" data-created_by=\"avia_inline_auto\" id=\"style-css-av-lq3l9s7n-b750d1fa7381bbdfc891e9de91d08e24\">\n.avia-image-container.av-lq3l9s7n-b750d1fa7381bbdfc891e9de91d08e24 img.avia_image{\nbox-shadow:none;\n}\n.avia-image-container.av-lq3l9s7n-b750d1fa7381bbdfc891e9de91d08e24 .av-image-caption-overlay-center{\ncolor:#ffffff;\n}\n<\/style>\n<div  class='avia-image-container av-lq3l9s7n-b750d1fa7381bbdfc891e9de91d08e24 av-styling- avia-align-center  avia-builder-el-9  el_after_av_image  avia-builder-el-last '   itemprop=\"image\" itemscope=\"itemscope\" itemtype=\"https:\/\/schema.org\/ImageObject\" ><div class=\"avia-image-container-inner\"><div class=\"avia-image-overlay-wrap\"><img decoding=\"async\" fetchpriority=\"high\" class='wp-image-3953 avia-img-lazy-loading-not-3953 avia_image ' src=\"https:\/\/dfvcg-events.de\/nonfood-kongress\/wp-content\/uploads\/sites\/2\/2023\/12\/NFK-Pfeil-rechts.png\" alt='' title='NFK-Pfeil rechts'  height=\"250\" width=\"250\"  itemprop=\"thumbnailUrl\"  \/><\/div><\/div><\/div><\/p><\/div><\/div><!--close column table wrapper. Autoclose: 1 -->\n\n<\/div><\/div><\/div><!-- close content main div --><\/div><\/div><div id='av_section_3'  class='avia-section av-av_section-324ae939cf2cdb30ea04200c73e78635 main_color avia-section-default avia-no-shadow  avia-builder-el-10  el_after_av_section  el_before_av_section  avia-bg-style-scroll container_wrap fullsize'  ><div class='container av-section-cont-open' ><div class='template-page content  av-content-full alpha units'><div class='post-entry post-entry-type-page post-entry-158'><div class='entry-content-wrapper clearfix'>\n<div  class='flex_column av-av_one_third-40c2ab66117eaf826a4ccbebcd60e050 av_one_third  avia-builder-el-11  el_before_av_two_third  avia-builder-el-first  first flex_column_div av-hide-on-mobile  '     ><p>\n<style type=\"text\/css\" data-created_by=\"avia_inline_auto\" id=\"style-css-av-av_image-6dcace7ac75d211e7aa839282b19849c\">\n.avia-image-container.av-av_image-6dcace7ac75d211e7aa839282b19849c img.avia_image{\nbox-shadow:none;\n}\n.avia-image-container.av-av_image-6dcace7ac75d211e7aa839282b19849c .av-image-caption-overlay-center{\ncolor:#ffffff;\n}\n<\/style>\n<div  class='avia-image-container av-av_image-6dcace7ac75d211e7aa839282b19849c av-styling- avia-align-center  avia-builder-el-12  el_before_av_image  avia-builder-el-first '   itemprop=\"image\" itemscope=\"itemscope\" itemtype=\"https:\/\/schema.org\/ImageObject\" ><div class=\"avia-image-container-inner\"><div class=\"avia-image-overlay-wrap\"><img decoding=\"async\" fetchpriority=\"high\" class='wp-image-3965 avia-img-lazy-loading-not-3965 avia_image ' src=\"https:\/\/dfvcg-events.de\/nonfood-kongress\/wp-content\/uploads\/sites\/2\/2023\/12\/NFK-Hotel2-2.png\" alt='' title='NFK-Hotel2'  height=\"250\" width=\"250\"  itemprop=\"thumbnailUrl\"  \/><\/div><\/div><\/div><br \/>\n\n<style type=\"text\/css\" data-created_by=\"avia_inline_auto\" id=\"style-css-av-av_image-da296a765add4a655d7cf9fe544d8485\">\n.avia-image-container.av-av_image-da296a765add4a655d7cf9fe544d8485 img.avia_image{\nbox-shadow:none;\n}\n.avia-image-container.av-av_image-da296a765add4a655d7cf9fe544d8485 .av-image-caption-overlay-center{\ncolor:#ffffff;\n}\n<\/style>\n<div  class='avia-image-container av-av_image-da296a765add4a655d7cf9fe544d8485 av-styling- avia-align-center  avia-builder-el-13  el_after_av_image  avia-builder-el-last '   itemprop=\"image\" itemscope=\"itemscope\" itemtype=\"https:\/\/schema.org\/ImageObject\" ><div class=\"avia-image-container-inner\"><div class=\"avia-image-overlay-wrap\"><img decoding=\"async\" fetchpriority=\"high\" class='wp-image-3957 avia-img-lazy-loading-not-3957 avia_image ' src=\"https:\/\/dfvcg-events.de\/nonfood-kongress\/wp-content\/uploads\/sites\/2\/2023\/12\/NFK-Pfeil-links.png\" alt='' title='NFK-Pfeil links'  height=\"250\" width=\"250\"  itemprop=\"thumbnailUrl\"  \/><\/div><\/div><\/div><\/p><\/div>\n<style type=\"text\/css\" data-created_by=\"avia_inline_auto\" id=\"style-css-av-av_two_third-40c6d9705e245cc4e24c1d1367af6d93\">\n.flex_column.av-av_two_third-40c6d9705e245cc4e24c1d1367af6d93{\nborder-radius:0px 0px 0px 0px;\npadding:0px 0px 0px 0px;\n}\n<\/style>\n<div  class='flex_column av-av_two_third-40c6d9705e245cc4e24c1d1367af6d93 av_two_third  avia-builder-el-14  el_after_av_one_third  avia-builder-el-last  flex_column_div av-zero-column-padding  '     ><p>\n<style type=\"text\/css\" data-created_by=\"avia_inline_auto\" id=\"style-css-av-av_heading-1b09e78fbdca9a869a6b9f80e6854b7b\">\n#top .av-special-heading.av-av_heading-1b09e78fbdca9a869a6b9f80e6854b7b{\npadding-bottom:0;\n}\nbody .av-special-heading.av-av_heading-1b09e78fbdca9a869a6b9f80e6854b7b .av-special-heading-tag .heading-char{\nfont-size:25px;\n}\n.av-special-heading.av-av_heading-1b09e78fbdca9a869a6b9f80e6854b7b .av-subheading{\nfont-size:19px;\n}\n<\/style>\n<div  class='av-special-heading av-av_heading-1b09e78fbdca9a869a6b9f80e6854b7b av-special-heading-h2 blockquote modern-quote  avia-builder-el-15  el_before_av_hr  avia-builder-el-first '><h2 class='av-special-heading-tag '  itemprop=\"headline\"  >Zimmerreservierung<\/h2><div class=\"special-heading-border\"><div class=\"special-heading-inner-border\"><\/div><\/div><\/div><br \/>\n\n<style type=\"text\/css\" data-created_by=\"avia_inline_auto\" id=\"style-css-av-av_hr-3a876428eececa9d35452247ddb053af\">\n#top .hr.hr-invisible.av-av_hr-3a876428eececa9d35452247ddb053af{\nheight:50px;\n}\n<\/style>\n<div  class='hr av-av_hr-3a876428eececa9d35452247ddb053af hr-invisible  avia-builder-el-16  el_after_av_heading  el_before_av_textblock '><span class='hr-inner '><span class=\"hr-inner-style\"><\/span><\/span><\/div><br \/>\n<section  class='av_textblock_section av-av_textblock-92ab5b4c5448b40ef3b82fb3d397e98e '   itemscope=\"itemscope\" itemtype=\"https:\/\/schema.org\/CreativeWork\" ><div class='avia_textblock'  itemprop=\"text\" ><section class=\"av_textblock_section \">\n<div class=\"avia_textblock \">\n<p>Das <strong>Motel One Frankfurt-Messe<\/strong> h\u00e4lt als <strong>exklusives Partnerhotel<\/strong> Zimmerkontingente f\u00fcr die Kongressteilnehmer:innen bereit, auf das Sie bei Bedarf zur\u00fcckgreifen k\u00f6nnen. Das Hotel befindet sich in unmittelbarer N\u00e4he zum Kap Europa und somit in bester Lage f\u00fcr Ihre Kongressteilnahme.<\/p>\n<\/div>\n<\/section>\n<\/div><\/section><br \/>\n\n<style type=\"text\/css\" data-created_by=\"avia_inline_auto\" id=\"style-css-av-av_hr-3a876428eececa9d35452247ddb053af\">\n#top .hr.hr-invisible.av-av_hr-3a876428eececa9d35452247ddb053af{\nheight:50px;\n}\n<\/style>\n<div  class='hr av-av_hr-3a876428eececa9d35452247ddb053af hr-invisible  avia-builder-el-18  el_after_av_textblock  el_before_av_textblock '><span class='hr-inner '><span class=\"hr-inner-style\"><\/span><\/span><\/div><br \/>\n<section  class='av_textblock_section av-mhao4e8j-88b2b9021b9820c753d6b40829f7741b '   itemscope=\"itemscope\" itemtype=\"https:\/\/schema.org\/CreativeWork\" ><div class='avia_textblock'  itemprop=\"text\" ><h3>Motel One Frankfurt-Messe<\/h3>\n<p>Europa-Allee 25<br \/>\n60327 Frankfurt, Germany<\/p>\n<p>T: +49 (69) 66 12 453-0<br \/>\n<a href=\"m&#97;&#105;&#x6c;&#x74;o:&#102;&#114;&#x61;&#x6e;kf&#117;&#114;&#x74;&#x2d;me&#115;&#x73;&#x65;&#x40;m&#111;&#116;&#x65;&#x6c;&#x2d;o&#110;&#101;&#x2e;&#x63;&#x6f;m\">f&#114;&#x61;&#x6e;k&#102;&#117;&#x72;&#x74;-&#109;&#101;&#x73;&#x73;e&#64;&#x6d;&#x6f;&#x74;e&#108;&#x2d;&#x6f;n&#101;&#46;&#x63;&#x6f;m<\/a><\/p>\n<p>Bitte nehmen Sie die Buchung telefonisch oder per Mail unter dem Stichwort<strong> \u201e<em>Nonfood 2026<\/em>\u201c<\/strong> vor.<\/p>\n<p>Weitere Infos zum Hotel finden Sie <a href=\"https:\/\/www.motel-one.com\/de\/hotels\/frankfurt\/hotel-frankfurt-messe\/\">hier<\/a>.<br \/>\nEZ pro Nacht: 119,90 \u20ac | inkl. Fr\u00fchst\u00fcck | zzgl. 2,00 \u20ac Tourismusabgabe<\/p>\n<p>Das Abrufkontingent ist <strong>bis einschlie\u00dflich 6. April 2026 verf\u00fcgbar.<\/strong><\/p>\n<\/div><\/section><\/p><\/div><\/div><\/div><\/div><!-- close content main div --><\/div><\/div><div id='av_section_4'  class='avia-section av-k7z9vjbr-3e22d832fa217a1975661be0ce7df55e main_color avia-section-default avia-no-shadow  avia-builder-el-20  el_after_av_section  el_before_av_section  avia-bg-style-scroll container_wrap fullsize'  ><div class='container av-section-cont-open' ><div class='template-page content  av-content-full alpha units'><div class='post-entry post-entry-type-page post-entry-158'><div class='entry-content-wrapper clearfix'>\n<div  class='flex_column av-dis1i-bda29182f4f265caa877ff0f3726e0be av_two_third  avia-builder-el-21  el_before_av_one_third  avia-builder-el-first  first flex_column_div  '     ><p>\n<style type=\"text\/css\" data-created_by=\"avia_inline_auto\" id=\"style-css-av-avulq-c7a89a736a59f82238ed711f42bfcaff\">\n#top .av-special-heading.av-avulq-c7a89a736a59f82238ed711f42bfcaff{\npadding-bottom:0;\n}\nbody .av-special-heading.av-avulq-c7a89a736a59f82238ed711f42bfcaff .av-special-heading-tag .heading-char{\nfont-size:25px;\n}\n.av-special-heading.av-avulq-c7a89a736a59f82238ed711f42bfcaff .av-subheading{\nfont-size:19px;\n}\n<\/style>\n<div  class='av-special-heading av-avulq-c7a89a736a59f82238ed711f42bfcaff av-special-heading-h2 blockquote modern-quote  avia-builder-el-22  el_before_av_toggle_container  avia-builder-el-first '><h2 class='av-special-heading-tag '  itemprop=\"headline\"  >Anreise<\/h2><div class=\"special-heading-border\"><div class=\"special-heading-inner-border\"><\/div><\/div><\/div><br \/>\n\n<style type=\"text\/css\" data-created_by=\"avia_inline_auto\" id=\"style-css-av-lsoidfwi-e8aba98219324d28e658771965f6cf61\">\n#top .togglecontainer.av-lsoidfwi-e8aba98219324d28e658771965f6cf61 p.toggler{\ncolor:#ffffff;\nbackground-color:#0098c4;\n}\n#top .togglecontainer.av-lsoidfwi-e8aba98219324d28e658771965f6cf61 p.toggler .toggle_icon{\ncolor:#ffffff;\nborder-color:#ffffff;\n}\n#top .togglecontainer.av-lsoidfwi-e8aba98219324d28e658771965f6cf61 .toggle_wrap .toggle_content{\ncolor:#ffffff;\nbackground-color:#0098c4;\n}\n<\/style>\n<div  class='togglecontainer av-lsoidfwi-e8aba98219324d28e658771965f6cf61 av-minimal-toggle  avia-builder-el-23  el_after_av_heading  avia-builder-el-last  toggle_close_all' >\n<section class='av_toggle_section av-lsoidevo-16bd9ac7d124efed4c463cfa9ab1762b'  itemscope=\"itemscope\" itemtype=\"https:\/\/schema.org\/CreativeWork\" ><div role=\"tablist\" class=\"single_toggle\" data-tags=\"{Alle} \"  ><p id='toggle-toggle-id-1' data-fake-id='#toggle-id-1' class='toggler  av-title-above av-inherit-font-color hasCustomColor'  itemprop=\"headline\"  role='tab' tabindex='0' aria-controls='toggle-id-1' data-slide-speed=\"200\" data-title=\"Anreise mit der Bahn\" data-title-open=\"\" data-aria_collapsed=\"Click to expand: Anreise mit der Bahn\" data-aria_expanded=\"Click to collapse: Anreise mit der Bahn\">Anreise mit der Bahn<span class=\"toggle_icon\"><span class=\"vert_icon\"><\/span><span class=\"hor_icon\"><\/span><\/span><\/p><div id='toggle-id-1' aria-labelledby='toggle-toggle-id-1' role='region' class='toggle_wrap  av-title-above'  ><div class='toggle_content invers-color av-inherit-font-color hasCustomColor'  itemprop=\"text\" ><p>Vom Hauptbahnhof Frankfurt am Main k\u00f6nnen Sie mit der U-Bahn oder der Stra\u00dfenbahn direkt zum Kap-Europa weiterreisen.<br \/>\n<strong>Die n\u00e4chstgelegenen Haltestationen sind:<\/strong><br \/>\nFesthalle Messe<br \/>\nFrankfurt (Main) G\u00fcterplatz<\/p>\n<\/div><\/div><\/div><\/section>\n<section class='av_toggle_section av-lsoiizvj-6bdd1b4205bfd33e914e4ce6eefe7034'  itemscope=\"itemscope\" itemtype=\"https:\/\/schema.org\/CreativeWork\" ><div role=\"tablist\" class=\"single_toggle\" data-tags=\"{Alle} \"  ><p id='toggle-toggle-id-2' data-fake-id='#toggle-id-2' class='toggler  av-title-above av-inherit-font-color hasCustomColor'  itemprop=\"headline\"  role='tab' tabindex='0' aria-controls='toggle-id-2' data-slide-speed=\"200\" data-title=\"Anreise mit dem Auto\" data-title-open=\"\" data-aria_collapsed=\"Click to expand: Anreise mit dem Auto\" data-aria_expanded=\"Click to collapse: Anreise mit dem Auto\">Anreise mit dem Auto<span class=\"toggle_icon\"><span class=\"vert_icon\"><\/span><span class=\"hor_icon\"><\/span><\/span><\/p><div id='toggle-id-2' aria-labelledby='toggle-toggle-id-2' role='region' class='toggle_wrap  av-title-above'  ><div class='toggle_content invers-color av-inherit-font-color hasCustomColor'  itemprop=\"text\" ><p>Wenn Sie mit dem Auto anreisen, bietet Ihnen das Parkhaus des Skyline Plaza eine Vielzahl an Parkpl\u00e4tzen und ist nur 5 Minuten Fu\u00dfweg vom Kap Europa entfernt.<\/p>\n<p><strong>\u00d6ffentliche Parkm\u00f6glichkeiten<\/strong><br \/>\nParkhaus Skyline Plaza<\/p>\n<p>Zufahrt Tiefgarage Skyline Plaza<br \/>\n60327 Frankfurt am Main<\/p>\n<\/div><\/div><\/div><\/section>\n<\/div><\/p><\/div><div  class='flex_column av-7m81a-e03a24a5de5a74f4c22b839e240b5c1f av_one_third  avia-builder-el-24  el_after_av_two_third  avia-builder-el-last  flex_column_div av-hide-on-mobile  '     ><style type=\"text\/css\" data-created_by=\"avia_inline_auto\" id=\"style-css-av-lq3l44ko-506d9d3a6dc77481ab6b653a3aeb3988\">\n.avia-image-container.av-lq3l44ko-506d9d3a6dc77481ab6b653a3aeb3988 img.avia_image{\nbox-shadow:none;\n}\n.avia-image-container.av-lq3l44ko-506d9d3a6dc77481ab6b653a3aeb3988 .av-image-caption-overlay-center{\ncolor:#ffffff;\n}\n<\/style>\n<div  class='avia-image-container av-lq3l44ko-506d9d3a6dc77481ab6b653a3aeb3988 av-styling- avia-align-center  avia-builder-el-25  avia-builder-el-no-sibling '   itemprop=\"image\" itemscope=\"itemscope\" itemtype=\"https:\/\/schema.org\/ImageObject\" ><div class=\"avia-image-container-inner\"><div class=\"avia-image-overlay-wrap\"><img decoding=\"async\" fetchpriority=\"high\" class='wp-image-3954 avia-img-lazy-loading-not-3954 avia_image ' src=\"https:\/\/dfvcg-events.de\/nonfood-kongress\/wp-content\/uploads\/sites\/2\/2023\/12\/NFK-Auto.png\" alt='' title='NFK-Auto'  height=\"250\" width=\"250\"  itemprop=\"thumbnailUrl\"  \/><\/div><\/div><\/div><\/div>\n<\/p>\n<\/div><\/div><\/div><!-- close content main div --><\/div><\/div><div id='av_section_5'  class='avia-section av-9blwu-f0770ccc5e0b90f159b998ca15dd5d8e main_color avia-section-default avia-no-border-styling  avia-builder-el-26  el_after_av_section  avia-builder-el-last  avia-bg-style-scroll container_wrap fullsize'  ><div class='container av-section-cont-open' ><div class='template-page content  av-content-full alpha units'><div class='post-entry post-entry-type-page post-entry-158'><div class='entry-content-wrapper clearfix'>\n<section  class='av_textblock_section av-lq3lpl0w-ddd45605837d67beeefea2db9fc7368a '   itemscope=\"itemscope\" itemtype=\"https:\/\/schema.org\/CreativeWork\" ><div class='avia_textblock'  itemprop=\"text\" ><h3 style=\"text-align: center\"><span style=\"color: #00acda\">HERZLICH WILLKOMMEN AUF DEM NONFOOD KONGRESS!<\/span><\/h3>\n<\/div><\/section>\n\n","protected":false},"excerpt":{"rendered":"","protected":false},"author":1,"featured_media":0,"parent":0,"menu_order":0,"comment_status":"closed","ping_status":"closed","template":"","meta":{"footnotes":""},"class_list":["post-158","page","type-page","status-publish","hentry"],"yoast_head":"<!-- This site is optimized with the Yoast SEO plugin v27.4 - https:\/\/yoast.com\/product\/yoast-seo-wordpress\/ -->\n<title>Location, Hotel &amp; Anreise | Nonfood Kongress | Frankfurt<\/title>\n<meta name=\"description\" content=\"Alle Informationen rund um \u00dcbernachtungsm\u00f6glichkeiten und die Location des Nonfood Kongresses.\" \/>\n<meta name=\"robots\" content=\"index, follow, max-snippet:-1, max-image-preview:large, max-video-preview:-1\" \/>\n<link rel=\"canonical\" href=\"https:\/\/dfvcg-events.de\/nonfood-kongress\/hotel-anreise\/\" \/>\n<meta property=\"og:locale\" content=\"de_DE\" \/>\n<meta property=\"og:type\" content=\"article\" \/>\n<meta property=\"og:title\" content=\"Location, Hotel &amp; Anreise | Nonfood Kongress | Frankfurt\" \/>\n<meta property=\"og:description\" content=\"Alle Informationen rund um \u00dcbernachtungsm\u00f6glichkeiten und die Location des Nonfood Kongresses.\" \/>\n<meta property=\"og:url\" content=\"https:\/\/dfvcg-events.de\/nonfood-kongress\/hotel-anreise\/\" \/>\n<meta property=\"og:site_name\" content=\"Nonfood Kongress\" \/>\n<meta property=\"article:modified_time\" content=\"2025-10-28T14:34:49+00:00\" \/>\n<meta name=\"twitter:card\" content=\"summary_large_image\" \/>\n<meta name=\"twitter:label1\" content=\"Gesch\u00e4tzte Lesezeit\" \/>\n\t<meta name=\"twitter:data1\" content=\"3\u00a0Minuten\" \/>\n<script type=\"application\/ld+json\" class=\"yoast-schema-graph\">{\"@context\":\"https:\\\/\\\/schema.org\",\"@graph\":[{\"@type\":\"WebPage\",\"@id\":\"https:\\\/\\\/dfvcg-events.de\\\/nonfood-kongress\\\/hotel-anreise\\\/\",\"url\":\"https:\\\/\\\/dfvcg-events.de\\\/nonfood-kongress\\\/hotel-anreise\\\/\",\"name\":\"Location, Hotel & Anreise | Nonfood Kongress | Frankfurt\",\"isPartOf\":{\"@id\":\"https:\\\/\\\/dfvcg-events.de\\\/nonfood-kongress\\\/#website\"},\"datePublished\":\"2020-03-19T21:30:05+00:00\",\"dateModified\":\"2025-10-28T14:34:49+00:00\",\"description\":\"Alle Informationen rund um \u00dcbernachtungsm\u00f6glichkeiten und die Location des Nonfood Kongresses.\",\"breadcrumb\":{\"@id\":\"https:\\\/\\\/dfvcg-events.de\\\/nonfood-kongress\\\/hotel-anreise\\\/#breadcrumb\"},\"inLanguage\":\"de\",\"potentialAction\":[{\"@type\":\"ReadAction\",\"target\":[\"https:\\\/\\\/dfvcg-events.de\\\/nonfood-kongress\\\/hotel-anreise\\\/\"]}]},{\"@type\":\"BreadcrumbList\",\"@id\":\"https:\\\/\\\/dfvcg-events.de\\\/nonfood-kongress\\\/hotel-anreise\\\/#breadcrumb\",\"itemListElement\":[{\"@type\":\"ListItem\",\"position\":1,\"name\":\"Startseite\",\"item\":\"https:\\\/\\\/dfvcg-events.de\\\/nonfood-kongress\\\/\"},{\"@type\":\"ListItem\",\"position\":2,\"name\":\"Location, Hotel &amp; Anreise\"}]},{\"@type\":\"WebSite\",\"@id\":\"https:\\\/\\\/dfvcg-events.de\\\/nonfood-kongress\\\/#website\",\"url\":\"https:\\\/\\\/dfvcg-events.de\\\/nonfood-kongress\\\/\",\"name\":\"Nonfood Kongress\",\"description\":\"dfv Conference Group\",\"publisher\":{\"@id\":\"https:\\\/\\\/dfvcg-events.de\\\/nonfood-kongress\\\/#organization\"},\"potentialAction\":[{\"@type\":\"SearchAction\",\"target\":{\"@type\":\"EntryPoint\",\"urlTemplate\":\"https:\\\/\\\/dfvcg-events.de\\\/nonfood-kongress\\\/?s={search_term_string}\"},\"query-input\":{\"@type\":\"PropertyValueSpecification\",\"valueRequired\":true,\"valueName\":\"search_term_string\"}}],\"inLanguage\":\"de\"},{\"@type\":\"Organization\",\"@id\":\"https:\\\/\\\/dfvcg-events.de\\\/nonfood-kongress\\\/#organization\",\"name\":\"Deutscher Nonfood Kongress\",\"url\":\"https:\\\/\\\/dfvcg-events.de\\\/nonfood-kongress\\\/\",\"logo\":{\"@type\":\"ImageObject\",\"inLanguage\":\"de\",\"@id\":\"https:\\\/\\\/dfvcg-events.de\\\/nonfood-kongress\\\/#\\\/schema\\\/logo\\\/image\\\/\",\"url\":\"https:\\\/\\\/dfvcg-events.de\\\/nonfood-kongress\\\/wp-content\\\/uploads\\\/sites\\\/2\\\/2021\\\/11\\\/Nonfood-Teaser-800x800px.jpg\",\"contentUrl\":\"https:\\\/\\\/dfvcg-events.de\\\/nonfood-kongress\\\/wp-content\\\/uploads\\\/sites\\\/2\\\/2021\\\/11\\\/Nonfood-Teaser-800x800px.jpg\",\"width\":800,\"height\":800,\"caption\":\"Deutscher Nonfood Kongress\"},\"image\":{\"@id\":\"https:\\\/\\\/dfvcg-events.de\\\/nonfood-kongress\\\/#\\\/schema\\\/logo\\\/image\\\/\"}}]}<\/script>\n<!-- \/ Yoast SEO plugin. -->","yoast_head_json":{"title":"Location, Hotel & Anreise | Nonfood Kongress | Frankfurt","description":"Alle Informationen rund um \u00dcbernachtungsm\u00f6glichkeiten und die Location des Nonfood Kongresses.","robots":{"index":"index","follow":"follow","max-snippet":"max-snippet:-1","max-image-preview":"max-image-preview:large","max-video-preview":"max-video-preview:-1"},"canonical":"https:\/\/dfvcg-events.de\/nonfood-kongress\/hotel-anreise\/","og_locale":"de_DE","og_type":"article","og_title":"Location, Hotel & Anreise | Nonfood Kongress | Frankfurt","og_description":"Alle Informationen rund um \u00dcbernachtungsm\u00f6glichkeiten und die Location des Nonfood Kongresses.","og_url":"https:\/\/dfvcg-events.de\/nonfood-kongress\/hotel-anreise\/","og_site_name":"Nonfood Kongress","article_modified_time":"2025-10-28T14:34:49+00:00","twitter_card":"summary_large_image","twitter_misc":{"Gesch\u00e4tzte Lesezeit":"3\u00a0Minuten"},"schema":{"@context":"https:\/\/schema.org","@graph":[{"@type":"WebPage","@id":"https:\/\/dfvcg-events.de\/nonfood-kongress\/hotel-anreise\/","url":"https:\/\/dfvcg-events.de\/nonfood-kongress\/hotel-anreise\/","name":"Location, Hotel & Anreise | Nonfood Kongress | Frankfurt","isPartOf":{"@id":"https:\/\/dfvcg-events.de\/nonfood-kongress\/#website"},"datePublished":"2020-03-19T21:30:05+00:00","dateModified":"2025-10-28T14:34:49+00:00","description":"Alle Informationen rund um \u00dcbernachtungsm\u00f6glichkeiten und die Location des Nonfood Kongresses.","breadcrumb":{"@id":"https:\/\/dfvcg-events.de\/nonfood-kongress\/hotel-anreise\/#breadcrumb"},"inLanguage":"de","potentialAction":[{"@type":"ReadAction","target":["https:\/\/dfvcg-events.de\/nonfood-kongress\/hotel-anreise\/"]}]},{"@type":"BreadcrumbList","@id":"https:\/\/dfvcg-events.de\/nonfood-kongress\/hotel-anreise\/#breadcrumb","itemListElement":[{"@type":"ListItem","position":1,"name":"Startseite","item":"https:\/\/dfvcg-events.de\/nonfood-kongress\/"},{"@type":"ListItem","position":2,"name":"Location, Hotel &amp; Anreise"}]},{"@type":"WebSite","@id":"https:\/\/dfvcg-events.de\/nonfood-kongress\/#website","url":"https:\/\/dfvcg-events.de\/nonfood-kongress\/","name":"Nonfood Kongress","description":"dfv Conference Group","publisher":{"@id":"https:\/\/dfvcg-events.de\/nonfood-kongress\/#organization"},"potentialAction":[{"@type":"SearchAction","target":{"@type":"EntryPoint","urlTemplate":"https:\/\/dfvcg-events.de\/nonfood-kongress\/?s={search_term_string}"},"query-input":{"@type":"PropertyValueSpecification","valueRequired":true,"valueName":"search_term_string"}}],"inLanguage":"de"},{"@type":"Organization","@id":"https:\/\/dfvcg-events.de\/nonfood-kongress\/#organization","name":"Deutscher Nonfood Kongress","url":"https:\/\/dfvcg-events.de\/nonfood-kongress\/","logo":{"@type":"ImageObject","inLanguage":"de","@id":"https:\/\/dfvcg-events.de\/nonfood-kongress\/#\/schema\/logo\/image\/","url":"https:\/\/dfvcg-events.de\/nonfood-kongress\/wp-content\/uploads\/sites\/2\/2021\/11\/Nonfood-Teaser-800x800px.jpg","contentUrl":"https:\/\/dfvcg-events.de\/nonfood-kongress\/wp-content\/uploads\/sites\/2\/2021\/11\/Nonfood-Teaser-800x800px.jpg","width":800,"height":800,"caption":"Deutscher Nonfood Kongress"},"image":{"@id":"https:\/\/dfvcg-events.de\/nonfood-kongress\/#\/schema\/logo\/image\/"}}]}},"_links":{"self":[{"href":"https:\/\/dfvcg-events.de\/nonfood-kongress\/wp-json\/wp\/v2\/pages\/158","targetHints":{"allow":["GET"]}}],"collection":[{"href":"https:\/\/dfvcg-events.de\/nonfood-kongress\/wp-json\/wp\/v2\/pages"}],"about":[{"href":"https:\/\/dfvcg-events.de\/nonfood-kongress\/wp-json\/wp\/v2\/types\/page"}],"author":[{"embeddable":true,"href":"https:\/\/dfvcg-events.de\/nonfood-kongress\/wp-json\/wp\/v2\/users\/1"}],"replies":[{"embeddable":true,"href":"https:\/\/dfvcg-events.de\/nonfood-kongress\/wp-json\/wp\/v2\/comments?post=158"}],"version-history":[{"count":13,"href":"https:\/\/dfvcg-events.de\/nonfood-kongress\/wp-json\/wp\/v2\/pages\/158\/revisions"}],"predecessor-version":[{"id":4752,"href":"https:\/\/dfvcg-events.de\/nonfood-kongress\/wp-json\/wp\/v2\/pages\/158\/revisions\/4752"}],"wp:attachment":[{"href":"https:\/\/dfvcg-events.de\/nonfood-kongress\/wp-json\/wp\/v2\/media?parent=158"}],"curies":[{"name":"wp","href":"https:\/\/api.w.org\/{rel}","templated":true}]}}