{"id":4985,"date":"2025-02-25T23:04:42","date_gmt":"2025-02-25T22:04:42","guid":{"rendered":"https:\/\/dfvcg-events.de\/molkereikongress\/?post_type=portfolio&#038;p=4985"},"modified":"2026-03-31T16:40:41","modified_gmt":"2026-03-31T14:40:41","slug":"charlotte-rothert","status":"publish","type":"portfolio","link":"https:\/\/dfvcg-events.de\/molkereikongress\/referent\/charlotte-rothert\/","title":{"rendered":"Charlotte Rothert"},"content":{"rendered":"<div id='av_section_1'  class='avia-section av-k7yuhjt1-ba5d951d805ccc387084b7d219eb2b77 main_color avia-section-default avia-no-border-styling  avia-builder-el-0  el_before_av_one_fourth  avia-builder-el-first  header-verlauf avia-bg-style-scroll container_wrap fullsize'  ><div class='container av-section-cont-open' ><main  role=\"main\" itemprop=\"mainContentOfPage\"  class='template-page content  av-content-full alpha units'><div class='post-entry post-entry-type-page post-entry-4985'><div class='entry-content-wrapper clearfix'>\n\n<style type=\"text\/css\" data-created_by=\"avia_inline_auto\" id=\"style-css-av-kav2vwa8-de6dff53a3dbe779a5947e552c21718e\">\n#top .av-special-heading.av-kav2vwa8-de6dff53a3dbe779a5947e552c21718e{\npadding-bottom:0;\ncolor:#ffffff;\n}\nbody .av-special-heading.av-kav2vwa8-de6dff53a3dbe779a5947e552c21718e .av-special-heading-tag .heading-char{\nfont-size:25px;\n}\n.av-special-heading.av-kav2vwa8-de6dff53a3dbe779a5947e552c21718e .special-heading-inner-border{\nborder-color:#ffffff;\n}\n.av-special-heading.av-kav2vwa8-de6dff53a3dbe779a5947e552c21718e .av-subheading{\nfont-size:19px;\n}\n<\/style>\n<div  class='av-special-heading av-kav2vwa8-de6dff53a3dbe779a5947e552c21718e av-special-heading-h1 custom-color-heading blockquote modern-quote  avia-builder-el-1  avia-builder-el-no-sibling '><div class='av_custom_color av-subheading av-subheading_above'><p>Molkerei Kongress<\/p>\n<\/div><h1 class='av-special-heading-tag '  itemprop=\"headline\"  >Vortragende<\/h1><div class=\"special-heading-border\"><div class=\"special-heading-inner-border\"><\/div><\/div><\/div>\n<\/div><\/div><\/main><!-- close content main element --><\/div><\/div><div id='after_section_1'  class='main_color av_default_container_wrap container_wrap fullsize'  ><div class='container av-section-cont-open' ><div class='template-page content  av-content-full alpha units'><div class='post-entry post-entry-type-page post-entry-4985'><div class='entry-content-wrapper clearfix'>\n\n<style type=\"text\/css\" data-created_by=\"avia_inline_auto\" id=\"style-css-av-1hpil-9666fe4db9abbb55e16afcaa46b74565\">\n.flex_column.av-1hpil-9666fe4db9abbb55e16afcaa46b74565{\nborder-radius:0px 0px 0px 0px;\npadding:0px 0px 0px 0px;\n}\n<\/style>\n<div  class='flex_column av-1hpil-9666fe4db9abbb55e16afcaa46b74565 av_one_fourth  avia-builder-el-2  el_after_av_section  el_before_av_three_fourth  avia-builder-el-first  first flex_column_div av-zero-column-padding  '     ><style type=\"text\/css\" data-created_by=\"avia_inline_auto\" id=\"style-css-av-k7z57foz-d3fae85b85ee7f9a6f84172dfd73cf4b\">\n.avia-image-container.av-k7z57foz-d3fae85b85ee7f9a6f84172dfd73cf4b img.avia_image{\nbox-shadow:none;\n}\n.avia-image-container.av-k7z57foz-d3fae85b85ee7f9a6f84172dfd73cf4b .av-image-caption-overlay-center{\ncolor:#ffffff;\n}\n<\/style>\n<div  class='avia-image-container av-k7z57foz-d3fae85b85ee7f9a6f84172dfd73cf4b av-styling-no-styling avia-align-center  avia-builder-el-3  avia-builder-el-no-sibling '   itemprop=\"image\" itemscope=\"itemscope\" itemtype=\"https:\/\/schema.org\/ImageObject\" ><div class=\"avia-image-container-inner\"><div class=\"avia-image-overlay-wrap\"><img class='avia_image ' src='https:\/\/dfvcg-events.de\/molkereikongress\/wp-content\/uploads\/sites\/21\/2025\/02\/Rothert-Charlotte-doinstruct-web-1.jpg' alt='' title='Rothert-Charlotte-doinstruct-web'  height=\"800\" width=\"600\"  itemprop=\"thumbnailUrl\"  \/><\/div><\/div><\/div><\/div>\n\n<style type=\"text\/css\" data-created_by=\"avia_inline_auto\" id=\"style-css-av-q939-36bd9e2970eba44b209398e6adaba9f5\">\n.flex_column.av-q939-36bd9e2970eba44b209398e6adaba9f5{\nborder-radius:0px 0px 0px 0px;\npadding:0px 0px 0px 0px;\n}\n<\/style>\n<div  class='flex_column av-q939-36bd9e2970eba44b209398e6adaba9f5 av_three_fourth  avia-builder-el-4  el_after_av_one_fourth  avia-builder-el-last  flex_column_div av-zero-column-padding  '     ><p>\n<style type=\"text\/css\" data-created_by=\"avia_inline_auto\" id=\"style-css-av-klrm3euk-79161941a3bcc13375278fafc225bef8\">\n#top .av-special-heading.av-klrm3euk-79161941a3bcc13375278fafc225bef8{\npadding-bottom:10px;\n}\nbody .av-special-heading.av-klrm3euk-79161941a3bcc13375278fafc225bef8 .av-special-heading-tag .heading-char{\nfont-size:25px;\n}\n.av-special-heading.av-klrm3euk-79161941a3bcc13375278fafc225bef8 .av-subheading{\nfont-size:19px;\n}\n<\/style>\n<div  class='av-special-heading av-klrm3euk-79161941a3bcc13375278fafc225bef8 av-special-heading-h2 blockquote modern-quote  avia-builder-el-5  el_before_av_textblock  avia-builder-el-first '><h2 class='av-special-heading-tag '  itemprop=\"headline\"  >Charlotte Rothert<\/h2><div class='av-subheading av-subheading_below'><p>CEO &amp; Gr\u00fcnderin<br \/>\ndoinstruct<\/p>\n<\/div><div class=\"special-heading-border\"><div class=\"special-heading-inner-border\"><\/div><\/div><\/div><br \/>\n<section  class='av_textblock_section av-mneq53ct-a5a71a666e92a74a843cbf3894e8c72f '   itemscope=\"itemscope\" itemtype=\"https:\/\/schema.org\/CreativeWork\" ><div class='avia_textblock'  itemprop=\"text\" ><p class=\"gmail-isselectedend\">Charlotte Rothert ist CEO und Gr\u00fcnderin von doinstruct, der Frontline Operational Excellence Plattform, die Sicherheit, Qualit\u00e4t und Effizienz verbessert, indem Training direkt in den Arbeitsalltag integriert wird.<\/p>\n<p class=\"gmail-isselectedend\">Ihre Erfahrung in der Restrukturierung gro\u00dfer, komplexer Betriebe zeigte ihr fr\u00fch, wie herausfordernd es f\u00fcr Unternehmen ist, gewerbliche Mitarbeitende effektiv zu schulen \u2013 insbesondere in stark regulierten Umgebungen mit Sprachbarrieren und erh\u00f6hten Sicherheitsanforderungen. Mit doinstruct schlie\u00dft sie diese L\u00fccke: \u00dcber 400 Unternehmen in neun L\u00e4ndern nutzen die Plattform, um sprach-, rollen- und standortspezifische Schulungen automatisiert und KI-gest\u00fctzt bereitzustellen.<\/p>\n<\/div><\/section><\/p><\/div>\n","protected":false},"excerpt":{"rendered":"<p>doinstruct<\/p>\n","protected":false},"author":4,"featured_media":5806,"comment_status":"closed","ping_status":"closed","template":"","meta":{"footnotes":""},"tags":[],"portfolio_entries":[66,76,79],"class_list":["post-4985","portfolio","type-portfolio","status-publish","has-post-thumbnail","hentry","portfolio_entries-vortragend-2025","portfolio_entries-vortragend-2026","portfolio_entries-vortragende-dds-2026"],"yoast_head":"<!-- This site is optimized with the Yoast SEO plugin v27.4 - https:\/\/yoast.com\/product\/yoast-seo-wordpress\/ -->\n<title>Vortragende: Charlotte Rothert - Molkerei Kongress<\/title>\n<meta name=\"description\" content=\"Molkerei Kongress | Begr\u00fc\u00dfen Sie auf der B\u00fchne: Charlotte Rothert\" \/>\n<meta name=\"robots\" content=\"index, follow, max-snippet:-1, max-image-preview:large, max-video-preview:-1\" \/>\n<link rel=\"canonical\" href=\"https:\/\/dfvcg-events.de\/molkereikongress\/referent\/charlotte-rothert\/\" \/>\n<meta property=\"og:locale\" content=\"de_DE\" \/>\n<meta property=\"og:type\" content=\"article\" \/>\n<meta property=\"og:title\" content=\"Vortragende: Charlotte Rothert - Molkerei Kongress\" \/>\n<meta property=\"og:description\" content=\"Molkerei Kongress | Begr\u00fc\u00dfen Sie auf der B\u00fchne: Charlotte Rothert\" \/>\n<meta property=\"og:url\" content=\"https:\/\/dfvcg-events.de\/molkereikongress\/referent\/charlotte-rothert\/\" \/>\n<meta property=\"og:site_name\" content=\"Molkerei Kongress\" \/>\n<meta property=\"article:modified_time\" content=\"2026-03-31T14:40:41+00:00\" \/>\n<meta property=\"og:image\" content=\"https:\/\/dfvcg-events.de\/molkereikongress\/wp-content\/uploads\/sites\/21\/2025\/02\/Rothert-Charlotte-doinstruct-web-1.jpg\" \/>\n\t<meta property=\"og:image:width\" content=\"600\" \/>\n\t<meta property=\"og:image:height\" content=\"800\" \/>\n\t<meta property=\"og:image:type\" content=\"image\/jpeg\" \/>\n<meta name=\"twitter:card\" content=\"summary_large_image\" \/>\n<meta name=\"twitter:label1\" content=\"Gesch\u00e4tzte Lesezeit\" \/>\n\t<meta name=\"twitter:data1\" content=\"1\u00a0Minute\" \/>\n<script type=\"application\/ld+json\" class=\"yoast-schema-graph\">{\"@context\":\"https:\\\/\\\/schema.org\",\"@graph\":[{\"@type\":\"WebPage\",\"@id\":\"https:\\\/\\\/dfvcg-events.de\\\/molkereikongress\\\/referent\\\/charlotte-rothert\\\/\",\"url\":\"https:\\\/\\\/dfvcg-events.de\\\/molkereikongress\\\/referent\\\/charlotte-rothert\\\/\",\"name\":\"Vortragende: Charlotte Rothert - Molkerei Kongress\",\"isPartOf\":{\"@id\":\"https:\\\/\\\/dfvcg-events.de\\\/molkereikongress\\\/#website\"},\"primaryImageOfPage\":{\"@id\":\"https:\\\/\\\/dfvcg-events.de\\\/molkereikongress\\\/referent\\\/charlotte-rothert\\\/#primaryimage\"},\"image\":{\"@id\":\"https:\\\/\\\/dfvcg-events.de\\\/molkereikongress\\\/referent\\\/charlotte-rothert\\\/#primaryimage\"},\"thumbnailUrl\":\"https:\\\/\\\/dfvcg-events.de\\\/molkereikongress\\\/wp-content\\\/uploads\\\/sites\\\/21\\\/2025\\\/02\\\/Rothert-Charlotte-doinstruct-web-1.jpg\",\"datePublished\":\"2025-02-25T22:04:42+00:00\",\"dateModified\":\"2026-03-31T14:40:41+00:00\",\"description\":\"Molkerei Kongress | Begr\u00fc\u00dfen Sie auf der B\u00fchne: Charlotte Rothert\",\"breadcrumb\":{\"@id\":\"https:\\\/\\\/dfvcg-events.de\\\/molkereikongress\\\/referent\\\/charlotte-rothert\\\/#breadcrumb\"},\"inLanguage\":\"de\",\"potentialAction\":[{\"@type\":\"ReadAction\",\"target\":[\"https:\\\/\\\/dfvcg-events.de\\\/molkereikongress\\\/referent\\\/charlotte-rothert\\\/\"]}]},{\"@type\":\"ImageObject\",\"inLanguage\":\"de\",\"@id\":\"https:\\\/\\\/dfvcg-events.de\\\/molkereikongress\\\/referent\\\/charlotte-rothert\\\/#primaryimage\",\"url\":\"https:\\\/\\\/dfvcg-events.de\\\/molkereikongress\\\/wp-content\\\/uploads\\\/sites\\\/21\\\/2025\\\/02\\\/Rothert-Charlotte-doinstruct-web-1.jpg\",\"contentUrl\":\"https:\\\/\\\/dfvcg-events.de\\\/molkereikongress\\\/wp-content\\\/uploads\\\/sites\\\/21\\\/2025\\\/02\\\/Rothert-Charlotte-doinstruct-web-1.jpg\",\"width\":600,\"height\":800},{\"@type\":\"BreadcrumbList\",\"@id\":\"https:\\\/\\\/dfvcg-events.de\\\/molkereikongress\\\/referent\\\/charlotte-rothert\\\/#breadcrumb\",\"itemListElement\":[{\"@type\":\"ListItem\",\"position\":1,\"name\":\"Startseite\",\"item\":\"https:\\\/\\\/dfvcg-events.de\\\/molkereikongress\\\/\"},{\"@type\":\"ListItem\",\"position\":2,\"name\":\"Charlotte Rothert\"}]},{\"@type\":\"WebSite\",\"@id\":\"https:\\\/\\\/dfvcg-events.de\\\/molkereikongress\\\/#website\",\"url\":\"https:\\\/\\\/dfvcg-events.de\\\/molkereikongress\\\/\",\"name\":\"Molkerei Kongress\",\"description\":\"dfv Conference Group\",\"potentialAction\":[{\"@type\":\"SearchAction\",\"target\":{\"@type\":\"EntryPoint\",\"urlTemplate\":\"https:\\\/\\\/dfvcg-events.de\\\/molkereikongress\\\/?s={search_term_string}\"},\"query-input\":{\"@type\":\"PropertyValueSpecification\",\"valueRequired\":true,\"valueName\":\"search_term_string\"}}],\"inLanguage\":\"de\"}]}<\/script>\n<!-- \/ Yoast SEO plugin. -->","yoast_head_json":{"title":"Vortragende: Charlotte Rothert - Molkerei Kongress","description":"Molkerei Kongress | Begr\u00fc\u00dfen Sie auf der B\u00fchne: Charlotte Rothert","robots":{"index":"index","follow":"follow","max-snippet":"max-snippet:-1","max-image-preview":"max-image-preview:large","max-video-preview":"max-video-preview:-1"},"canonical":"https:\/\/dfvcg-events.de\/molkereikongress\/referent\/charlotte-rothert\/","og_locale":"de_DE","og_type":"article","og_title":"Vortragende: Charlotte Rothert - Molkerei Kongress","og_description":"Molkerei Kongress | Begr\u00fc\u00dfen Sie auf der B\u00fchne: Charlotte Rothert","og_url":"https:\/\/dfvcg-events.de\/molkereikongress\/referent\/charlotte-rothert\/","og_site_name":"Molkerei Kongress","article_modified_time":"2026-03-31T14:40:41+00:00","og_image":[{"width":600,"height":800,"url":"https:\/\/dfvcg-events.de\/molkereikongress\/wp-content\/uploads\/sites\/21\/2025\/02\/Rothert-Charlotte-doinstruct-web-1.jpg","type":"image\/jpeg"}],"twitter_card":"summary_large_image","twitter_misc":{"Gesch\u00e4tzte Lesezeit":"1\u00a0Minute"},"schema":{"@context":"https:\/\/schema.org","@graph":[{"@type":"WebPage","@id":"https:\/\/dfvcg-events.de\/molkereikongress\/referent\/charlotte-rothert\/","url":"https:\/\/dfvcg-events.de\/molkereikongress\/referent\/charlotte-rothert\/","name":"Vortragende: Charlotte Rothert - Molkerei Kongress","isPartOf":{"@id":"https:\/\/dfvcg-events.de\/molkereikongress\/#website"},"primaryImageOfPage":{"@id":"https:\/\/dfvcg-events.de\/molkereikongress\/referent\/charlotte-rothert\/#primaryimage"},"image":{"@id":"https:\/\/dfvcg-events.de\/molkereikongress\/referent\/charlotte-rothert\/#primaryimage"},"thumbnailUrl":"https:\/\/dfvcg-events.de\/molkereikongress\/wp-content\/uploads\/sites\/21\/2025\/02\/Rothert-Charlotte-doinstruct-web-1.jpg","datePublished":"2025-02-25T22:04:42+00:00","dateModified":"2026-03-31T14:40:41+00:00","description":"Molkerei Kongress | Begr\u00fc\u00dfen Sie auf der B\u00fchne: Charlotte Rothert","breadcrumb":{"@id":"https:\/\/dfvcg-events.de\/molkereikongress\/referent\/charlotte-rothert\/#breadcrumb"},"inLanguage":"de","potentialAction":[{"@type":"ReadAction","target":["https:\/\/dfvcg-events.de\/molkereikongress\/referent\/charlotte-rothert\/"]}]},{"@type":"ImageObject","inLanguage":"de","@id":"https:\/\/dfvcg-events.de\/molkereikongress\/referent\/charlotte-rothert\/#primaryimage","url":"https:\/\/dfvcg-events.de\/molkereikongress\/wp-content\/uploads\/sites\/21\/2025\/02\/Rothert-Charlotte-doinstruct-web-1.jpg","contentUrl":"https:\/\/dfvcg-events.de\/molkereikongress\/wp-content\/uploads\/sites\/21\/2025\/02\/Rothert-Charlotte-doinstruct-web-1.jpg","width":600,"height":800},{"@type":"BreadcrumbList","@id":"https:\/\/dfvcg-events.de\/molkereikongress\/referent\/charlotte-rothert\/#breadcrumb","itemListElement":[{"@type":"ListItem","position":1,"name":"Startseite","item":"https:\/\/dfvcg-events.de\/molkereikongress\/"},{"@type":"ListItem","position":2,"name":"Charlotte Rothert"}]},{"@type":"WebSite","@id":"https:\/\/dfvcg-events.de\/molkereikongress\/#website","url":"https:\/\/dfvcg-events.de\/molkereikongress\/","name":"Molkerei Kongress","description":"dfv Conference Group","potentialAction":[{"@type":"SearchAction","target":{"@type":"EntryPoint","urlTemplate":"https:\/\/dfvcg-events.de\/molkereikongress\/?s={search_term_string}"},"query-input":{"@type":"PropertyValueSpecification","valueRequired":true,"valueName":"search_term_string"}}],"inLanguage":"de"}]}},"_links":{"self":[{"href":"https:\/\/dfvcg-events.de\/molkereikongress\/wp-json\/wp\/v2\/portfolio\/4985","targetHints":{"allow":["GET"]}}],"collection":[{"href":"https:\/\/dfvcg-events.de\/molkereikongress\/wp-json\/wp\/v2\/portfolio"}],"about":[{"href":"https:\/\/dfvcg-events.de\/molkereikongress\/wp-json\/wp\/v2\/types\/portfolio"}],"author":[{"embeddable":true,"href":"https:\/\/dfvcg-events.de\/molkereikongress\/wp-json\/wp\/v2\/users\/4"}],"replies":[{"embeddable":true,"href":"https:\/\/dfvcg-events.de\/molkereikongress\/wp-json\/wp\/v2\/comments?post=4985"}],"version-history":[{"count":4,"href":"https:\/\/dfvcg-events.de\/molkereikongress\/wp-json\/wp\/v2\/portfolio\/4985\/revisions"}],"predecessor-version":[{"id":5846,"href":"https:\/\/dfvcg-events.de\/molkereikongress\/wp-json\/wp\/v2\/portfolio\/4985\/revisions\/5846"}],"wp:featuredmedia":[{"embeddable":true,"href":"https:\/\/dfvcg-events.de\/molkereikongress\/wp-json\/wp\/v2\/media\/5806"}],"wp:attachment":[{"href":"https:\/\/dfvcg-events.de\/molkereikongress\/wp-json\/wp\/v2\/media?parent=4985"}],"wp:term":[{"taxonomy":"post_tag","embeddable":true,"href":"https:\/\/dfvcg-events.de\/molkereikongress\/wp-json\/wp\/v2\/tags?post=4985"},{"taxonomy":"portfolio_entries","embeddable":true,"href":"https:\/\/dfvcg-events.de\/molkereikongress\/wp-json\/wp\/v2\/portfolio_entries?post=4985"}],"curies":[{"name":"wp","href":"https:\/\/api.w.org\/{rel}","templated":true}]}}