{"id":3066,"date":"2022-10-21T15:09:39","date_gmt":"2022-10-21T13:09:39","guid":{"rendered":"https:\/\/dfvcg-events.de\/molkereikongress\/?page_id=3066"},"modified":"2024-01-29T21:59:54","modified_gmt":"2024-01-29T20:59:54","slug":"programm-2023","status":"publish","type":"page","link":"https:\/\/dfvcg-events.de\/molkereikongress\/programm-2023\/","title":{"rendered":"Programm 2023"},"content":{"rendered":"<div id='av_section_1'  class='avia-section av-k7yuhjt1-07cb250c566e7f8d356e8c12f58685a4 main_color avia-section-default avia-no-border-styling  avia-builder-el-0  el_before_av_section  avia-builder-el-first  header-verlauf avia-bg-style-scroll container_wrap fullsize'  ><div class='container av-section-cont-open' ><main  role=\"main\" itemprop=\"mainContentOfPage\"  class='template-page content  av-content-full alpha units'><div class='post-entry post-entry-type-page post-entry-3066'><div class='entry-content-wrapper clearfix'>\n\n<style type=\"text\/css\" data-created_by=\"avia_inline_auto\" id=\"style-css-av-9bv8g-936ebbaa846e38ffda28573d65e216c0\">\n#top .av-special-heading.av-9bv8g-936ebbaa846e38ffda28573d65e216c0{\npadding-bottom:0;\ncolor:#ffffff;\n}\nbody .av-special-heading.av-9bv8g-936ebbaa846e38ffda28573d65e216c0 .av-special-heading-tag .heading-char{\nfont-size:25px;\n}\n.av-special-heading.av-9bv8g-936ebbaa846e38ffda28573d65e216c0 .special-heading-inner-border{\nborder-color:#ffffff;\n}\n.av-special-heading.av-9bv8g-936ebbaa846e38ffda28573d65e216c0 .av-subheading{\nfont-size:19px;\n}\n<\/style>\n<div  class='av-special-heading av-9bv8g-936ebbaa846e38ffda28573d65e216c0 av-special-heading-h1 custom-color-heading blockquote modern-quote  avia-builder-el-1  avia-builder-el-no-sibling '><div class='av_custom_color av-subheading av-subheading_above'><p>Molkerei Kongress<\/p>\n<\/div><h1 class='av-special-heading-tag '  itemprop=\"headline\"  >Programm<\/h1><div class=\"special-heading-border\"><div class=\"special-heading-inner-border\"><\/div><\/div><\/div>\n<\/div><\/div><\/main><!-- close content main element --><\/div><\/div><div id='av_section_2'  class='avia-section av-2kom3u-660cf82558bc187309fd6e76b94e7d45 main_color avia-section-default avia-no-shadow  avia-builder-el-2  el_after_av_section  el_before_av_section  av-desktop-hide av-medium-hide av-small-hide av-mini-hide avia-bg-style-scroll container_wrap fullsize'  ><div class='container av-section-cont-open' ><div class='template-page content  av-content-full alpha units'><div class='post-entry post-entry-type-page post-entry-3066'><div class='entry-content-wrapper clearfix'>\n\n<style type=\"text\/css\" data-created_by=\"avia_inline_auto\" id=\"style-css-av-lb3mqaq4-7eb5d50647f0d3292b55898dd5618b95\">\n#top .av-special-heading.av-lb3mqaq4-7eb5d50647f0d3292b55898dd5618b95{\npadding-bottom:10px;\n}\nbody .av-special-heading.av-lb3mqaq4-7eb5d50647f0d3292b55898dd5618b95 .av-special-heading-tag .heading-char{\nfont-size:25px;\n}\n.av-special-heading.av-lb3mqaq4-7eb5d50647f0d3292b55898dd5618b95 .av-subheading{\nfont-size:15px;\n}\n<\/style>\n<div  class='av-special-heading av-lb3mqaq4-7eb5d50647f0d3292b55898dd5618b95 av-special-heading-h1 blockquote modern-quote modern-centered  avia-builder-el-3  avia-builder-el-no-sibling '><h1 class='av-special-heading-tag '  itemprop=\"headline\"  >Das vollst\u00e4ndige Programm 2023 finden Sie hier ab Ende Januar<\/h1><div class=\"special-heading-border\"><div class=\"special-heading-inner-border\"><\/div><\/div><\/div>\n<\/p>\n<\/div><\/div><\/div><!-- close content main div --><\/div><\/div><div id='av_section_3'  class='avia-section av-98t530-89ee7b093fbc863b25c27eabb7a332bd main_color avia-section-default avia-no-shadow  avia-builder-el-4  el_after_av_section  el_before_av_section  avia-bg-style-scroll container_wrap fullsize'  ><div class='container av-section-cont-open' ><div class='template-page content  av-content-full alpha units'><div class='post-entry post-entry-type-page post-entry-3066'><div class='entry-content-wrapper clearfix'>\n<div class='flex_column_table av-70g1uk-abb51559cb31328ce1c0ab6b0f18401d sc-av_three_fifth av-equal-height-column-flextable'><div  class='flex_column av-70g1uk-abb51559cb31328ce1c0ab6b0f18401d av_three_fifth  avia-builder-el-5  el_before_av_two_fifth  avia-builder-el-first  first flex_column_table_cell av-equal-height-column av-align-top  '     ><section  class='av_textblock_section av-5k7h8c-f30dbf97838078091b3cafd104e70be8 '   itemscope=\"itemscope\" itemtype=\"https:\/\/schema.org\/CreativeWork\" ><div class='avia_textblock'  itemprop=\"text\" ><p><strong>Das sind die Themen 2023:<\/strong><\/p>\n<ul>\n<li><strong>Zahlen \u2013 Daten \u2013 Fakten<\/strong>: Wie entwickeln sich die M\u00e4rkte im Inland und Ausland?<\/li>\n<li><strong>Zukunftsperspektive<\/strong>: Wie sind die n\u00e4chsten Schritte in Richtung nachhaltige Landwirtschaft?<\/li>\n<li><strong>Kokos, Hafer &amp; Co<\/strong>.: Welche pflanzlichen Alternativen erobern das K\u00fchlregal?<\/li>\n<li><strong>Innovationen &#8211; Trends &#8211; Konsumverhalten<\/strong>: Wie entwickelt sich die Anforderung des Kunden?<\/li>\n<\/ul>\n<\/div><\/section><\/div><div class='av-flex-placeholder'><\/div><div  class='flex_column av-3w9cbw-a78509683c7a865786cc1523ea781704 av_two_fifth  avia-builder-el-7  el_after_av_three_fifth  el_before_av_button  flex_column_table_cell av-equal-height-column av-align-top  '     ><section  class='av_textblock_section av-37txdo-c60ce30e4441207ba6905a5729504532 '   itemscope=\"itemscope\" itemtype=\"https:\/\/schema.org\/CreativeWork\" ><div class='avia_textblock'  itemprop=\"text\" ><p><strong>5 Gr\u00fcnde f\u00fcr Ihre Teilnahme<\/strong><\/p>\n<p><strong>M<\/strong>arktteilnehmer:innen und wichtige Partner erreichen<br \/>\n<strong>I<\/strong>mpulse f\u00fcr Ihre strategischen Zielsetzungen<br \/>\n<strong>L<\/strong>ernen von namhaften Branchen-Insidern<br \/>\n<strong>C<\/strong>hancen im Ausland bewerten<br \/>\n<strong>H<\/strong>intergrundinformationen und kritische Einsch\u00e4tzungen von Markttrends<\/p>\n<\/div><\/section><\/div><\/div><!--close column table wrapper. Autoclose: 1 --><div  class='avia-button-wrap av-kzmj0nad-bcd288562225a3a753fead034ef98ed7-wrap avia-button-left  avia-builder-el-9  el_after_av_two_fifth  avia-builder-el-last '><a href='https:\/\/dfvcg-events.de\/molkereikongress\/wp-content\/uploads\/sites\/21\/2023\/03\/dfvcg_Molk23_Prog_A5_web.pdf'  class='avia-button av-kzmj0nad-bcd288562225a3a753fead034ef98ed7 av-link-btn avia-icon_select-no avia-size-x-large avia-position-left avia-color-theme-color'   aria-label=\"Programm Download\"><span class='avia_iconbox_title' >Programm Download<\/span><\/a><\/div>\n\n<\/div><\/div><\/div><!-- close content main div --><\/div><\/div><div id='av_section_4'  class='avia-section av-b81oca-96109b4090c8aece8e3aca18f52ecc50 main_color avia-section-default avia-no-shadow  avia-builder-el-10  el_after_av_section  el_before_av_section  avia-bg-style-scroll container_wrap fullsize'  ><div class='container av-section-cont-open' ><div class='template-page content  av-content-full alpha units'><div class='post-entry post-entry-type-page post-entry-3066'><div class='entry-content-wrapper clearfix'>\n<div  class='flex_column av-903l8a-2265257373777cca471404d8dc81febc av_one_third  avia-builder-el-11  el_before_av_one_third  avia-builder-el-first  first flex_column_div  '     ><div  class='avia-button-wrap av-7vem16-f10a464cea62dc663fa2157b1213deec-wrap avia-button-center  avia-builder-el-12  avia-builder-el-no-sibling '><a href='#tag-1'  class='avia-button av-7vem16-f10a464cea62dc663fa2157b1213deec av-link-btn avia-icon_select-no avia-size-x-large avia-position-center avia-color-theme-color'   aria-label=\"1. Kongresstag\"><span class='avia_iconbox_title' >1. Kongresstag<\/span><\/a><\/div><\/div><div  class='flex_column av-66wbtm-3979d05dc9ac334670c518f745e909b4 av_one_third  avia-builder-el-13  el_after_av_one_third  el_before_av_one_third  flex_column_div  '     ><div  class='avia-button-wrap av-4lz2oa-1a09fd0d112465fd13c30297d60d1a9f-wrap avia-button-center  avia-builder-el-14  avia-builder-el-no-sibling '><a href='#tag-2'  class='avia-button av-4lz2oa-1a09fd0d112465fd13c30297d60d1a9f av-link-btn avia-icon_select-no avia-size-x-large avia-position-center avia-color-theme-color'   aria-label=\"2. Kongresstag\"><span class='avia_iconbox_title' >2. Kongresstag<\/span><\/a><\/div><\/div><div  class='flex_column av-33rrre-b1923f8c41d95b6872d51cc33ee98068 av_one_third  avia-builder-el-15  el_after_av_one_third  avia-builder-el-last  flex_column_div  '     ><div  class='avia-button-wrap av-ldgf72lr-53d37d03b4a8f42394b584085e50158e-wrap avia-button-center  avia-builder-el-16  avia-builder-el-no-sibling '><a href='#deep-dive-neu'  class='avia-button av-ldgf72lr-53d37d03b4a8f42394b584085e50158e av-link-btn avia-icon_select-no avia-size-x-large avia-position-center avia-color-theme-color'   aria-label=\"Deep Dive Hour\"><span class='avia_iconbox_title' >Deep Dive Hour<\/span><\/a><\/div><\/div>\n\n<\/div><\/div><\/div><!-- close content main div --><\/div><\/div><div id='tag-1'  class='avia-section av-ki7s5m86-e8815c2e7b7e011a2f055f0fc2b4d661 main_color avia-section-default avia-no-shadow  avia-builder-el-17  el_after_av_section  el_before_av_section  avia-bg-style-scroll container_wrap fullsize'  ><div class='container av-section-cont-open' ><div class='template-page content  av-content-full alpha units'><div class='post-entry post-entry-type-page post-entry-3066'><div class='entry-content-wrapper clearfix'>\n\n<style type=\"text\/css\" data-created_by=\"avia_inline_auto\" id=\"style-css-av-ki7s7xej-61507ee8b173190cae9d296d240f72ac\">\n#top .av-special-heading.av-ki7s7xej-61507ee8b173190cae9d296d240f72ac{\npadding-bottom:10px;\n}\nbody .av-special-heading.av-ki7s7xej-61507ee8b173190cae9d296d240f72ac .av-special-heading-tag .heading-char{\nfont-size:25px;\n}\n.av-special-heading.av-ki7s7xej-61507ee8b173190cae9d296d240f72ac .av-subheading{\nfont-size:15px;\n}\n<\/style>\n<div  class='av-special-heading av-ki7s7xej-61507ee8b173190cae9d296d240f72ac av-special-heading-h2 blockquote modern-quote  avia-builder-el-18  el_before_av_table  avia-builder-el-first '><div class='av-subheading av-subheading_above'><p>1. Kongresstag<\/p>\n<\/div><h2 class='av-special-heading-tag '  itemprop=\"headline\"  >28. M\u00e4rz 2023<\/h2><div class=\"special-heading-border\"><div class=\"special-heading-inner-border\"><\/div><\/div><\/div>\n<div class='avia-data-table-wrap av-9insx4-0d32577fe2fd7b247df57f1c2715177b avia_responsive_table avia-table-1'><table  id=\"programm-tabelle\"  class='avia-table avia-data-table avia_pricing_default  avia-builder-el-19  el_after_av_heading  avia-builder-el-last  programm-tabelle'  itemscope=\"itemscope\" itemtype=\"https:\/\/schema.org\/Table\" ><tbody><tr class=''><th class='avia-desc-col'><\/th><td class=''><\/td><td class=''><\/td><\/tr><tr class=''><th class='avia-desc-col'>09.00<\/th><td class=''><strong>WELCOME<\/strong><\/td><td class=''><b>Christian Kuhn<\/b>, Gesch\u00e4ftsfu\u0308hrer, dfv Conference Group<br \/>\n<b>Dirk Lenders<\/b>, Ressortleiter Frischware, Lebensmittel Zeitung<\/td><\/tr><tr class=''><th class='avia-desc-col'><\/th><td class=''><b>ZAHLEN.FAKTEN.TRENDS.<\/b><\/td><td class=''><\/td><\/tr><tr class=''><th class='avia-desc-col'>09.20<\/th><td class=''><b>Vortrag<\/b><br \/>\nWie entwickelt sich die gelbe und wei\u00dfe Linie?<\/td><td class=''><b>Hanna Kehl<\/b>, Inights Director, GFK<\/td><\/tr><tr class=''><th class='avia-desc-col'>09.50<\/th><td class=''><b>Vortrag<\/b><br \/>\nGlobal Dairy Market: Overview and Outlook.<br \/>\nIndustry Trends, Markets, Prices, Opportunities and Forecasts<\/p>\n<p><b>(Vortrag in englischer Sprache)<\/b><br \/>\n<\/td><td class=''><b>Richard Scheper<\/b>, Analyst Dairy, Rabobank Wholesale Rural and Retail<\/td><\/tr><tr class=''><th class='avia-desc-col'>10.20<\/th><td class=''><b>Impuls<\/b><br \/>\nTierwohl und Kennzeichnung<br \/>\nWas kommt auf die Branche zu? Worauf muss man sich einstellen?<\/td><td class=''><b>Prof. Dr. Otto A. Strecker<\/b>,Vorstand\/Managing Partner, AFC Consulting Group<\/td><\/tr><tr class=''><th class='avia-desc-col'>10.50<\/th><td class=''><b>NETWORKING BREAK<\/b><\/td><td class=''><\/td><\/tr><tr class=''><th class='avia-desc-col'>11.40<\/th><td class=''><b>Impuls<\/b><br \/>\nHandel und Industrie im Wettbewerb \u2013 Akteure, Machtmittel sowie produkt- und preispolitische Strategien der Zukunft<\/td><td class=''><b>Dr. Philipp Br\u00fcggemann<\/b>, Postdoctoral Researcher, FernUniversit\u00e4t in Hagen<\/td><\/tr><tr class=''><th class='avia-desc-col'>12.00<\/th><td class=''><b>LZ TALKRUNDE<\/b><br \/>\n15 Jahre Milchmarkt &#8211; Mitten in der Stapelkrise und was ist das neue Normal?<\/p>\n<ul>\n<li>Wie entwickeln sich die M\u00e4rkte im Inland und Ausland<\/li>\n<li>Wie sind die n\u00e4chsten Schritte in Richtung nachhaltige Landwirtschaft?<\/li>\n<li>Wie entwickelt sich die Anforderung des Kunden?<\/li>\n<\/ul>\n<\/td><td class=''><b>Josef Braunshofer<\/b>, Gesch\u00e4ftsf\u00fchrer, Berglandmilch eGen<br \/>\n<b>Werner Giselbrecht<\/b>, kaufm. Leiter\/Leiter Milchboard, HOCHLAND Deutschland<br \/>\n<b>Stefan Keller<\/b>, Commercial Director Private Label, DMK Group<br \/>\n<b>Prof. Dr. Holger D. Thiele<\/b>, ife &#8211; Institut f\u00fcr Ern\u00e4hrungswirtschaft Kiel<\/p>\n<p><b>MODERATION: Dirk Lenders<\/b>, Ressortleiter<br \/>\nFrischware, Lebensmittel Zeitung<\/td><\/tr><tr class=''><th class='avia-desc-col'>12.30<\/th><td class=''><b>LUNCH BREAK<\/b><\/td><td class=''><\/td><\/tr><tr class=''><th class='avia-desc-col'>13.45<\/th><td class=''><b>DEEP DIVE HOUR<\/b><br \/>\n2 parallele Deep Dive-Sessions zu den Themen:<\/p>\n<ul>\n<li><b>Verpackung<\/b><\/li>\n<li><b>Nachhaltigkeit &amp; Automatisierung<\/b><\/li>\n<\/ul>\n<\/td><td class=''><\/td><\/tr><tr class=''><th class='avia-desc-col'>14.45<\/th><td class=''><b>NETWORKING BREAK<\/b><\/td><td class=''><\/td><\/tr><tr class=''><th class='avia-desc-col'><\/th><td class=''><b>ZUKUNFTSPERSPEKTIVE<\/b><\/td><td class=''><\/td><\/tr><tr class=''><th class='avia-desc-col'>15.30<\/th><td class=''><b>Keynote<\/b><br \/>\nF\u00fcr ein besseres Klima: Wie Arla mit Bits, Bytes &amp; Incentives die gr\u00fcne Transformation vorantreibt<\/p>\n<p><b>(Vortrag in englischer Sprache)<\/b><\/td><td class=''><b>Lillie Li Valeur<\/b>, Gesch\u00e4ftsf\u00fchrerin, Arla Foods Deutschland<\/td><\/tr><tr class=''><th class='avia-desc-col'>16.00<\/th><td class=''><b>Impuls<\/b><br \/>\nBCORP \u2013 Chancen und Herausforderungen einer ganzheitlichen Nachhaltigkeitszertifizierung. Ein Erfahrungsbericht von DANONE D-A-CH.<\/td><td class=''><b>Nadine K\u00fcster<\/b>, General Secretary, DANONE D-A-CH<\/td><\/tr><tr class=''><th class='avia-desc-col'>16.30<\/th><td class=''><b>Im Gespr\u00e4ch mit der Redaktion<\/b><br \/>\nALDI &amp; Naturland \u2013 Verbandsprodukte erobern das Discounter-Regal<br \/>\n<\/td><td class=''><b>Dirk Lenders<\/b> im Gespr\u00e4ch mit&#8230;<br \/>\n<b>Dr. Julia Adou<\/b>, Director Corporate Responsibility, ALDI S\u00dcD<br \/>\n<b>Wilhelm Heilmann<\/b>, Gesch\u00e4ftsleiter Verarbeitung und Handel, Naturland Zeichen<br \/>\n<\/td><\/tr><tr class=''><th class='avia-desc-col'>17.00<\/th><td class=''><b>Im Gespr\u00e4ch mit Michaela Kaniber<\/b><br \/>\nBedeutung der Milchwirtschaft f\u00fcr Gesellschaft und Politik<\/td><td class=''><b>Michaela Kaniber<\/b>, Bayerische Staatsministerin f\u00fcr Ern\u00e4hrung, Landwirtschaft und Forsten<\/td><\/tr><tr class=''><th class='avia-desc-col'>17.25<\/th><td class=''><b>CLOSING<\/b><\/td><td class=''><\/td><\/tr><tr class=''><th class='avia-desc-col'>19.00<\/th><td class=''><b>BAYERISCHER ABEND IM \u00c4IRBR\u00c4U<\/b><\/p>\n<p>Wir laden Sie ein 15 Jahre Molkerei Kongress mit uns zu feiern und den Abend gemeinsam ausklingen zu lassen.<br \/>\nEinem bayerischen Abend w\u00fcrdig freuen wir uns Sie in Ihrer Tracht am Abend begr\u00fc\u00dfen zu d\u00fcrfen.<br \/>\n<b>Als Highlight wird im Laufe des Abends noch die sch\u00f6nste Tracht gew\u00e4hlt.<\/b><br \/>\nWir freuen uns auf Sie!<\/td><td class=''><\/td><\/tr><\/tbody><\/table><\/div><style type='text\/css'>.avia-table-1 td:nth-of-type(1):before { content: ''; } <\/style>\n\n<\/div><\/div><\/div><!-- close content main div --><\/div><\/div><div id='deep-dive-neu'  class='avia-section av-ldgejsdi-1df4d7e7e141adbc5c3a4f8ae5e3548d main_color avia-section-default avia-no-shadow  avia-builder-el-20  el_after_av_section  el_before_av_section  avia-bg-style-scroll container_wrap fullsize'  ><div class='container av-section-cont-open' ><div class='template-page content  av-content-full alpha units'><div class='post-entry post-entry-type-page post-entry-3066'><div class='entry-content-wrapper clearfix'>\n\n<style type=\"text\/css\" data-created_by=\"avia_inline_auto\" id=\"style-css-av-ldger0qi-aa86d407a3db5dd85a826945c260bf35\">\n#top .av-special-heading.av-ldger0qi-aa86d407a3db5dd85a826945c260bf35{\npadding-bottom:10px;\n}\nbody .av-special-heading.av-ldger0qi-aa86d407a3db5dd85a826945c260bf35 .av-special-heading-tag .heading-char{\nfont-size:25px;\n}\n.av-special-heading.av-ldger0qi-aa86d407a3db5dd85a826945c260bf35 .av-subheading{\nfont-size:15px;\n}\n<\/style>\n<div  class='av-special-heading av-ldger0qi-aa86d407a3db5dd85a826945c260bf35 av-special-heading-h2 blockquote modern-quote  avia-builder-el-21  el_before_av_hr  avia-builder-el-first '><div class='av-subheading av-subheading_above'><p>1. Kongresstag, 14.15 &#8211; 15.15<\/p>\n<\/div><h2 class='av-special-heading-tag '  itemprop=\"headline\"  >DEEP DIVE HOUR<\/h2><div class=\"special-heading-border\"><div class=\"special-heading-inner-border\"><\/div><\/div><\/div>\n\n<style type=\"text\/css\" data-created_by=\"avia_inline_auto\" id=\"style-css-av-2hqvkve-8e31b125186789e2c1b5823fd4249e18\">\n#top .hr.hr-invisible.av-2hqvkve-8e31b125186789e2c1b5823fd4249e18{\nheight:40px;\n}\n<\/style>\n<div  class='hr av-2hqvkve-8e31b125186789e2c1b5823fd4249e18 hr-invisible  avia-builder-el-22  el_after_av_heading  el_before_av_one_half '><span class='hr-inner '><span class=\"hr-inner-style\"><\/span><\/span><\/div>\n<div  class='flex_column av-1hi09re-4013a1c488b9e2f0a474803e01f4297b av_one_half  avia-builder-el-23  el_after_av_hr  el_before_av_one_half  first flex_column_div  '     ><p>\n<style type=\"text\/css\" data-created_by=\"avia_inline_auto\" id=\"style-css-av-2pddp1m-e8dbda9761ff372ba0f368b2124e93d7\">\n#top .av-special-heading.av-2pddp1m-e8dbda9761ff372ba0f368b2124e93d7{\npadding-bottom:10px;\n}\nbody .av-special-heading.av-2pddp1m-e8dbda9761ff372ba0f368b2124e93d7 .av-special-heading-tag .heading-char{\nfont-size:25px;\n}\n.av-special-heading.av-2pddp1m-e8dbda9761ff372ba0f368b2124e93d7 .av-subheading{\nfont-size:15px;\n}\n<\/style>\n<div  class='av-special-heading av-2pddp1m-e8dbda9761ff372ba0f368b2124e93d7 av-special-heading-h2 blockquote modern-quote  avia-builder-el-24  el_before_av_textblock  avia-builder-el-first '><div class='av-subheading av-subheading_above'><p>DEEP DIVE 1<\/p>\n<\/div><h2 class='av-special-heading-tag '  itemprop=\"headline\"  >VERPACKUNG<\/h2><div class=\"special-heading-border\"><div class=\"special-heading-inner-border\"><\/div><\/div><\/div><br \/>\n<section  class='av_textblock_section av-ldisdplz-3b2d31814bbbd12d2dbc4ff328743a1c '   itemscope=\"itemscope\" itemtype=\"https:\/\/schema.org\/CreativeWork\" ><div class='avia_textblock'  itemprop=\"text\" ><p><strong>13.45 \u2013 14.15<\/strong><br \/>\n<strong>Wertstoffkreisl\u00e4ufe schlie\u00dfen.<\/strong><br \/>\nChemisches Recycling als essenzieller Baustein f\u00fcr die Verpackungsindustrie.<\/p>\n<p><em>Dirk Hardow, Business Unit Leiter Functional Films &amp; Compounds, S\u00dcDPACK<\/em><\/p>\n<p><strong>14.15 \u2013 14.45<\/strong><br \/>\n<strong>Performance Packaging.<\/strong><br \/>\nKosteneffizienz und Optimierungen im Bereich der Transportverpackung.<\/p>\n<p><em>Nico Heitmann, Director Marketing &amp; Business Development DACH, Smurfit Kappa<\/em><\/p>\n<\/div><\/section><\/p><\/div><div  class='flex_column av-xtzdga-babf7c76744592c4c8a799357fc92352 av_one_half  avia-builder-el-26  el_after_av_one_half  el_before_av_one_fourth  flex_column_div  '     ><p>\n<style type=\"text\/css\" data-created_by=\"avia_inline_auto\" id=\"style-css-av-2njr316-200cd3eee5b0309a3e0acb1912e7b61e\">\n#top .av-special-heading.av-2njr316-200cd3eee5b0309a3e0acb1912e7b61e{\npadding-bottom:10px;\n}\nbody .av-special-heading.av-2njr316-200cd3eee5b0309a3e0acb1912e7b61e .av-special-heading-tag .heading-char{\nfont-size:25px;\n}\n.av-special-heading.av-2njr316-200cd3eee5b0309a3e0acb1912e7b61e .av-subheading{\nfont-size:15px;\n}\n<\/style>\n<div  class='av-special-heading av-2njr316-200cd3eee5b0309a3e0acb1912e7b61e av-special-heading-h2 blockquote modern-quote  avia-builder-el-27  el_before_av_textblock  avia-builder-el-first '><div class='av-subheading av-subheading_above'><p>DEEP DIVE 2<\/p>\n<\/div><h2 class='av-special-heading-tag '  itemprop=\"headline\"  >NACHHALTIGKEIT <span class='special_amp'>&amp;<\/span> AUTOMATISIERUNG<\/h2><div class=\"special-heading-border\"><div class=\"special-heading-inner-border\"><\/div><\/div><\/div><br \/>\n<section  class='av_textblock_section av-2m4z8ka-25f4f680bc308f69f119bca5fa0dfb11 '   itemscope=\"itemscope\" itemtype=\"https:\/\/schema.org\/CreativeWork\" ><div class='avia_textblock'  itemprop=\"text\" ><p><strong>13.45 \u2013 14.15<\/strong><br \/>\n<strong>Nachhaltige &amp; digitalisierte Poolingkonzepte in Europa.<\/strong><\/p>\n<p><em>Christina Feltes, Category Manager Dairy, WBG-Pooling<\/em><br \/>\n<em>Oliver Reinke, Country Manager DE\/AT\/CH, WBG-Pooling<\/em><\/p>\n<p><strong>14.15 \u2013 14.45<br \/>\n<\/strong><strong>Stoffkreisl\u00e4ufe schlie\u00dfen.<\/strong><br \/>\nMit Biogas aus Molkerei-Reststoffen Energie erzeugen.<\/p>\n<p><em>Markus Wolf, Senior Project Development Manager<\/em><em>, HZI Schmack<\/em><\/p>\n<\/div><\/section><\/p><\/div><div  class='flex_column av-2jyxive-8f41aaa58a81ef86c33aabd7f81c1b87 av_one_fourth  avia-builder-el-29  el_after_av_one_half  el_before_av_one_fourth  first flex_column_div  column-top-margin'     ><style type=\"text\/css\" data-created_by=\"avia_inline_auto\" id=\"style-css-av-2hj7avu-6853d87839d1c53e8e776e746edd09a5\">\n.avia-image-container.av-2hj7avu-6853d87839d1c53e8e776e746edd09a5 img.avia_image{\nbox-shadow:none;\n}\n.avia-image-container.av-2hj7avu-6853d87839d1c53e8e776e746edd09a5 .av-image-caption-overlay-center{\ncolor:#ffffff;\n}\n<\/style>\n<div  class='avia-image-container av-2hj7avu-6853d87839d1c53e8e776e746edd09a5 av-styling- av-img-linked avia-align-center  avia-builder-el-30  avia-builder-el-no-sibling '   itemprop=\"image\" itemscope=\"itemscope\" itemtype=\"https:\/\/schema.org\/ImageObject\" ><div class=\"avia-image-container-inner\"><div class=\"avia-image-overlay-wrap\"><a href=\"https:\/\/www.suedpack.com\/de\/\" class='avia_image '  target=\"_blank\"  rel=\"noopener noreferrer\" aria-label='20221123_Logo_S\u00dcDPACK_CMYK_web-neu'><img class='avia_image ' src='https:\/\/dfvcg-events.de\/molkereikongress\/wp-content\/uploads\/sites\/21\/2023\/01\/20221123_Logo_SUeDPACK_CMYK_web-neu.jpg' alt='' title='20221123_Logo_S\u00dcDPACK_CMYK_web-neu'  height=\"600\" width=\"800\"  itemprop=\"thumbnailUrl\"  \/><\/a><\/div><\/div><\/div><\/div><div  class='flex_column av-2gsdxsq-adf5048ee0827e85fc624073adb5328d av_one_fourth  avia-builder-el-31  el_after_av_one_fourth  el_before_av_one_fourth  flex_column_div  column-top-margin'     ><style type=\"text\/css\" data-created_by=\"avia_inline_auto\" id=\"style-css-av-ldise5k6-509823995d09b54e0434243779dc7bdc\">\n.avia-image-container.av-ldise5k6-509823995d09b54e0434243779dc7bdc img.avia_image{\nbox-shadow:none;\n}\n.avia-image-container.av-ldise5k6-509823995d09b54e0434243779dc7bdc .av-image-caption-overlay-center{\ncolor:#ffffff;\n}\n<\/style>\n<div  class='avia-image-container av-ldise5k6-509823995d09b54e0434243779dc7bdc av-styling- av-img-linked avia-align-center  avia-builder-el-32  avia-builder-el-no-sibling '   itemprop=\"image\" itemscope=\"itemscope\" itemtype=\"https:\/\/schema.org\/ImageObject\" ><div class=\"avia-image-container-inner\"><div class=\"avia-image-overlay-wrap\"><a href=\"https:\/\/www.smurfitkappa.com\/de\" class='avia_image '  target=\"_blank\"  rel=\"noopener noreferrer\" aria-label='Smurfit Kappa Logo_web-neu'><img class='avia_image ' src='https:\/\/dfvcg-events.de\/molkereikongress\/wp-content\/uploads\/sites\/21\/2022\/01\/Smurfit-Kappa-Logo_web-neu.jpg' alt='' title='Smurfit Kappa Logo_web-neu'  height=\"600\" width=\"800\"  itemprop=\"thumbnailUrl\"  \/><\/a><\/div><\/div><\/div><\/div><div  class='flex_column av-8qsl1m-abd432dbd92c65ebff24ad0b7a55a515 av_one_fourth  avia-builder-el-33  el_after_av_one_fourth  el_before_av_one_fourth  flex_column_div  column-top-margin'     ><style type=\"text\/css\" data-created_by=\"avia_inline_auto\" id=\"style-css-av-1xfune-e4af96e2168264f92810ec82cf21c880\">\n.avia-image-container.av-1xfune-e4af96e2168264f92810ec82cf21c880 img.avia_image{\nbox-shadow:none;\n}\n.avia-image-container.av-1xfune-e4af96e2168264f92810ec82cf21c880 .av-image-caption-overlay-center{\ncolor:#ffffff;\n}\n<\/style>\n<div  class='avia-image-container av-1xfune-e4af96e2168264f92810ec82cf21c880 av-styling- av-img-linked avia-align-center  avia-builder-el-34  avia-builder-el-no-sibling '   itemprop=\"image\" itemscope=\"itemscope\" itemtype=\"https:\/\/schema.org\/ImageObject\" ><div class=\"avia-image-container-inner\"><div class=\"avia-image-overlay-wrap\"><a href=\"https:\/\/wbg-pooling.eu\/\" class='avia_image '  target=\"_blank\"  rel=\"noopener noreferrer\" aria-label='Logo_WBG_Pooling_GmbH_RGB_VECTOR-01_web-neu'><img class='avia_image ' src='https:\/\/dfvcg-events.de\/molkereikongress\/wp-content\/uploads\/sites\/21\/2021\/07\/Logo_WBG_Pooling_GmbH_RGB_VECTOR-01_web-neu.jpg' alt='' title='Logo_WBG_Pooling_GmbH_RGB_VECTOR-01_web-neu'  height=\"600\" width=\"800\"  itemprop=\"thumbnailUrl\"  \/><\/a><\/div><\/div><\/div><\/div><div  class='flex_column av-2de87wa-89d6a7efe25d49bb5b09c48545ff77a5 av_one_fourth  avia-builder-el-35  el_after_av_one_fourth  avia-builder-el-last  flex_column_div  column-top-margin'     ><style type=\"text\/css\" data-created_by=\"avia_inline_auto\" id=\"style-css-av-ldisepo5-c75312675deb03c8fca62863c6955a0d\">\n.avia-image-container.av-ldisepo5-c75312675deb03c8fca62863c6955a0d img.avia_image{\nbox-shadow:none;\n}\n.avia-image-container.av-ldisepo5-c75312675deb03c8fca62863c6955a0d .av-image-caption-overlay-center{\ncolor:#ffffff;\n}\n<\/style>\n<div  class='avia-image-container av-ldisepo5-c75312675deb03c8fca62863c6955a0d av-styling- av-img-linked avia-align-center  avia-builder-el-36  avia-builder-el-no-sibling '   itemprop=\"image\" itemscope=\"itemscope\" itemtype=\"https:\/\/schema.org\/ImageObject\" ><div class=\"avia-image-container-inner\"><div class=\"avia-image-overlay-wrap\"><a href=\"https:\/\/www.schmack-biogas.com\/de\/about-us\/hzi-group\/\" class='avia_image '  target=\"_blank\"  rel=\"noopener noreferrer\" aria-label='HZI_Logo_Coated_4c_web-neu'><img class='avia_image ' src='https:\/\/dfvcg-events.de\/molkereikongress\/wp-content\/uploads\/sites\/21\/2023\/01\/HZI_Logo_Coated_4c_web-neu.jpg' alt='' title='HZI_Logo_Coated_4c_web-neu'  height=\"600\" width=\"800\"  itemprop=\"thumbnailUrl\"  \/><\/a><\/div><\/div><\/div><\/div>\n\n<\/div><\/div><\/div><!-- close content main div --><\/div><\/div><div id='tag-2'  class='avia-section av-41euwn0-5958c3e498f9e6f072fc665f61b19a06 main_color avia-section-default avia-no-shadow  avia-builder-el-37  el_after_av_section  avia-builder-el-last  avia-bg-style-scroll container_wrap fullsize'  ><div class='container av-section-cont-open' ><div class='template-page content  av-content-full alpha units'><div class='post-entry post-entry-type-page post-entry-3066'><div class='entry-content-wrapper clearfix'>\n\n<style type=\"text\/css\" data-created_by=\"avia_inline_auto\" id=\"style-css-av-2haziqi-8ee075c385ee3e4eb38221c2287a6420\">\n#top .av-special-heading.av-2haziqi-8ee075c385ee3e4eb38221c2287a6420{\npadding-bottom:10px;\n}\nbody .av-special-heading.av-2haziqi-8ee075c385ee3e4eb38221c2287a6420 .av-special-heading-tag .heading-char{\nfont-size:25px;\n}\n.av-special-heading.av-2haziqi-8ee075c385ee3e4eb38221c2287a6420 .av-subheading{\nfont-size:15px;\n}\n<\/style>\n<div  class='av-special-heading av-2haziqi-8ee075c385ee3e4eb38221c2287a6420 av-special-heading-h2 blockquote modern-quote  avia-builder-el-38  el_before_av_table  avia-builder-el-first '><div class='av-subheading av-subheading_above'><p>2. Kongresstag<\/p>\n<\/div><h2 class='av-special-heading-tag '  itemprop=\"headline\"  >29. M\u00e4rz 2023<\/h2><div class=\"special-heading-border\"><div class=\"special-heading-inner-border\"><\/div><\/div><\/div>\n<div class='avia-data-table-wrap av-3qero16-3af2c7ecfdaeccd100e0db724d72bec1 avia_responsive_table avia-table-2'><table  id=\"programm-tabelle\"  class='avia-table avia-data-table avia_pricing_default  avia-builder-el-39  el_after_av_heading  avia-builder-el-last  programm-tabelle'  itemscope=\"itemscope\" itemtype=\"https:\/\/schema.org\/Table\" ><tbody><tr class=''><th class='avia-desc-col'><\/th><td class=''><\/td><td class=''><\/td><\/tr><tr class=''><th class='avia-desc-col'>09.00<\/th><td class=''><strong>WELCOME<\/strong><\/td><td class=''><b>Dirk Lenders<\/b>, Ressortleiter Frischware, Lebensmittel Zeitung<\/td><\/tr><tr class=''><th class='avia-desc-col'><\/th><td class=''><b>KOKOS, HAFER &amp; CO.<\/b><\/td><td class=''><\/td><\/tr><tr class=''><th class='avia-desc-col'>09.05<\/th><td class=''><b>Impuls + Start-Up-Session<\/b><br \/>\nDIVERSITY meets MoPro<br \/>\n\u2026zwischen Vielfalt und Fokus<\/td><td class=''><b>Patrizia Stitz<\/b>, Inhaberin, FOOD IDEAS<br \/>\nim Gespr\u00e4ch mit folgenden <b>Newcomern:<\/b><\/p>\n<p>Lino Liebmann, Gr\u00fcnder &amp; Gesch\u00e4ftsf\u00fchrer, <b>KUHdo<\/b><br \/>\nRobert Morgunov, Gr\u00fcnder und Gesch\u00e4ftsf\u00fchrer, <b>QUARKWERK<\/b><br \/>\nLutz Wildermann, Head of Agriculture, <b>Klim<\/b><\/td><\/tr><tr class=''><th class='avia-desc-col'>09.35<\/th><td class=''><b>Impuls<\/b><br \/>\nVegan und High Protein<br \/>\n2 Megatrends \u2013 ein Widerspruch?<\/td><td class=''><b>Jan Herbert<\/b>, Gesch\u00e4ftsf\u00fchrer, CONDETTA<\/td><\/tr><tr class=''><th class='avia-desc-col'>09.55<\/th><td class=''><b>Impuls<\/b><br \/>\nNew-Food-Produktion \u2013 mit Fermentation die Lebensmittel der Zukunft produzieren<\/td><td class=''><b>Heinz J\u00fcrgen Kroner<\/b>, Senior Vice President New Food, GEA Group<\/td><\/tr><tr class=''><th class='avia-desc-col'>10.15<\/th><td class=''><b>Highlight-Talk<\/b><br \/>\nErfolg in Balance &#8211; Dirk Lenders im Gespr\u00e4ch mit Sven Hannawald<\/td><td class=''><b>Sven Hannawald<\/b>, Vierschanzentourneesieger, Olympiasieger, 4-facher Weltmeister Skispringen. Inhaber und Gesch\u00e4ftsf\u00fchrer bei SVEN HANNAWALD &amp; SVEN EHRICHT Unternehmensberatung<\/td><\/tr><tr class=''><th class='avia-desc-col'>11.00<\/th><td class=''><b>NETWORKING BREAK<\/b><\/td><td class=''><\/td><\/tr><tr class=''><th class='avia-desc-col'><\/th><td class=''><b>INNOVATIONEN &#8211; TRENDS &#8211; KONSUMVERHALTEN<\/b><\/td><td class=''><\/td><\/tr><tr class=''><th class='avia-desc-col'>11.50<\/th><td class=''><b>Impuls<\/b><br \/>\nDie Lebensmittelverpackung der Zukunft<\/td><td class=''><b>Caroline Babendererde<\/b>, Head of Sustainability, Mid Europe, Tetra Pak<\/td><\/tr><tr class=''><th class='avia-desc-col'>12.10<\/th><td class=''><b>Vortrag<\/b><br \/>\nBillig, Bio oder Marke &#8211; was w\u00fcnscht sich der Konsument am MoPro-Regal?<\/td><td class=''><b>Thomas Ebenfeld<\/b>, Managing Partner, concept m research + consulting<\/td><\/tr><tr class=''><th class='avia-desc-col'>12.40<\/th><td class=''><b>CLOSING<\/b><\/td><td class=''><\/td><\/tr><tr class=''><th class='avia-desc-col'>12.45<\/th><td class=''><b>LUNCH BREAK<\/b><\/td><td class=''><\/td><\/tr><tr class=''><th class='avia-desc-col'>13.45<\/th><td class=''><b>ENDE DES MOLKEREI KONGRESSES 2023<\/b><\/td><td class=''><\/td><\/tr><\/tbody><\/table><\/div><style type='text\/css'>.avia-table-2 td:nth-of-type(1):before { content: ''; } <\/style>\n\n","protected":false},"excerpt":{"rendered":"","protected":false},"author":1,"featured_media":0,"parent":0,"menu_order":0,"comment_status":"closed","ping_status":"closed","template":"","meta":{"footnotes":""},"class_list":["post-3066","page","type-page","status-publish","hentry"],"yoast_head":"<!-- This site is optimized with the Yoast SEO plugin v27.4 - https:\/\/yoast.com\/product\/yoast-seo-wordpress\/ -->\n<title>Programm | Molkerei Kongress | 28.\/29. M\u00e4rz 2023 | M\u00fcnchen<\/title>\n<meta name=\"description\" content=\"Als Teilnehmer:innen des Molkerei Kongresses erwarten Sie die wichtigsten Themen, Innovationen und Highlights der Branche. Hier geht es zum Programm.\" \/>\n<meta name=\"robots\" content=\"index, follow, max-snippet:-1, max-image-preview:large, max-video-preview:-1\" \/>\n<link rel=\"canonical\" href=\"https:\/\/dfvcg-events.de\/molkereikongress\/programm-2023\/\" \/>\n<meta property=\"og:locale\" content=\"de_DE\" \/>\n<meta property=\"og:type\" content=\"article\" \/>\n<meta property=\"og:title\" content=\"Programm | Molkerei Kongress | 28.\/29. M\u00e4rz 2023 | M\u00fcnchen\" \/>\n<meta property=\"og:description\" content=\"Als Teilnehmer:innen des Molkerei Kongresses erwarten Sie die wichtigsten Themen, Innovationen und Highlights der Branche. Hier geht es zum Programm.\" \/>\n<meta property=\"og:url\" content=\"https:\/\/dfvcg-events.de\/molkereikongress\/programm-2023\/\" \/>\n<meta property=\"og:site_name\" content=\"Molkerei Kongress\" \/>\n<meta property=\"article:modified_time\" content=\"2024-01-29T20:59:54+00:00\" \/>\n<meta name=\"twitter:card\" content=\"summary_large_image\" \/>\n<meta name=\"twitter:label1\" content=\"Gesch\u00e4tzte Lesezeit\" \/>\n\t<meta name=\"twitter:data1\" content=\"5\u00a0Minuten\" \/>\n<script type=\"application\/ld+json\" class=\"yoast-schema-graph\">{\"@context\":\"https:\\\/\\\/schema.org\",\"@graph\":[{\"@type\":\"WebPage\",\"@id\":\"https:\\\/\\\/dfvcg-events.de\\\/molkereikongress\\\/programm-2023\\\/\",\"url\":\"https:\\\/\\\/dfvcg-events.de\\\/molkereikongress\\\/programm-2023\\\/\",\"name\":\"Programm | Molkerei Kongress | 28.\\\/29. M\u00e4rz 2023 | M\u00fcnchen\",\"isPartOf\":{\"@id\":\"https:\\\/\\\/dfvcg-events.de\\\/molkereikongress\\\/#website\"},\"datePublished\":\"2022-10-21T13:09:39+00:00\",\"dateModified\":\"2024-01-29T20:59:54+00:00\",\"description\":\"Als Teilnehmer:innen des Molkerei Kongresses erwarten Sie die wichtigsten Themen, Innovationen und Highlights der Branche. Hier geht es zum Programm.\",\"breadcrumb\":{\"@id\":\"https:\\\/\\\/dfvcg-events.de\\\/molkereikongress\\\/programm-2023\\\/#breadcrumb\"},\"inLanguage\":\"de\",\"potentialAction\":[{\"@type\":\"ReadAction\",\"target\":[\"https:\\\/\\\/dfvcg-events.de\\\/molkereikongress\\\/programm-2023\\\/\"]}]},{\"@type\":\"BreadcrumbList\",\"@id\":\"https:\\\/\\\/dfvcg-events.de\\\/molkereikongress\\\/programm-2023\\\/#breadcrumb\",\"itemListElement\":[{\"@type\":\"ListItem\",\"position\":1,\"name\":\"Startseite\",\"item\":\"https:\\\/\\\/dfvcg-events.de\\\/molkereikongress\\\/\"},{\"@type\":\"ListItem\",\"position\":2,\"name\":\"Programm 2023\"}]},{\"@type\":\"WebSite\",\"@id\":\"https:\\\/\\\/dfvcg-events.de\\\/molkereikongress\\\/#website\",\"url\":\"https:\\\/\\\/dfvcg-events.de\\\/molkereikongress\\\/\",\"name\":\"Molkerei Kongress\",\"description\":\"dfv Conference Group\",\"potentialAction\":[{\"@type\":\"SearchAction\",\"target\":{\"@type\":\"EntryPoint\",\"urlTemplate\":\"https:\\\/\\\/dfvcg-events.de\\\/molkereikongress\\\/?s={search_term_string}\"},\"query-input\":{\"@type\":\"PropertyValueSpecification\",\"valueRequired\":true,\"valueName\":\"search_term_string\"}}],\"inLanguage\":\"de\"}]}<\/script>\n<!-- \/ Yoast SEO plugin. -->","yoast_head_json":{"title":"Programm | Molkerei Kongress | 28.\/29. M\u00e4rz 2023 | M\u00fcnchen","description":"Als Teilnehmer:innen des Molkerei Kongresses erwarten Sie die wichtigsten Themen, Innovationen und Highlights der Branche. Hier geht es zum Programm.","robots":{"index":"index","follow":"follow","max-snippet":"max-snippet:-1","max-image-preview":"max-image-preview:large","max-video-preview":"max-video-preview:-1"},"canonical":"https:\/\/dfvcg-events.de\/molkereikongress\/programm-2023\/","og_locale":"de_DE","og_type":"article","og_title":"Programm | Molkerei Kongress | 28.\/29. M\u00e4rz 2023 | M\u00fcnchen","og_description":"Als Teilnehmer:innen des Molkerei Kongresses erwarten Sie die wichtigsten Themen, Innovationen und Highlights der Branche. Hier geht es zum Programm.","og_url":"https:\/\/dfvcg-events.de\/molkereikongress\/programm-2023\/","og_site_name":"Molkerei Kongress","article_modified_time":"2024-01-29T20:59:54+00:00","twitter_card":"summary_large_image","twitter_misc":{"Gesch\u00e4tzte Lesezeit":"5\u00a0Minuten"},"schema":{"@context":"https:\/\/schema.org","@graph":[{"@type":"WebPage","@id":"https:\/\/dfvcg-events.de\/molkereikongress\/programm-2023\/","url":"https:\/\/dfvcg-events.de\/molkereikongress\/programm-2023\/","name":"Programm | Molkerei Kongress | 28.\/29. M\u00e4rz 2023 | M\u00fcnchen","isPartOf":{"@id":"https:\/\/dfvcg-events.de\/molkereikongress\/#website"},"datePublished":"2022-10-21T13:09:39+00:00","dateModified":"2024-01-29T20:59:54+00:00","description":"Als Teilnehmer:innen des Molkerei Kongresses erwarten Sie die wichtigsten Themen, Innovationen und Highlights der Branche. Hier geht es zum Programm.","breadcrumb":{"@id":"https:\/\/dfvcg-events.de\/molkereikongress\/programm-2023\/#breadcrumb"},"inLanguage":"de","potentialAction":[{"@type":"ReadAction","target":["https:\/\/dfvcg-events.de\/molkereikongress\/programm-2023\/"]}]},{"@type":"BreadcrumbList","@id":"https:\/\/dfvcg-events.de\/molkereikongress\/programm-2023\/#breadcrumb","itemListElement":[{"@type":"ListItem","position":1,"name":"Startseite","item":"https:\/\/dfvcg-events.de\/molkereikongress\/"},{"@type":"ListItem","position":2,"name":"Programm 2023"}]},{"@type":"WebSite","@id":"https:\/\/dfvcg-events.de\/molkereikongress\/#website","url":"https:\/\/dfvcg-events.de\/molkereikongress\/","name":"Molkerei Kongress","description":"dfv Conference Group","potentialAction":[{"@type":"SearchAction","target":{"@type":"EntryPoint","urlTemplate":"https:\/\/dfvcg-events.de\/molkereikongress\/?s={search_term_string}"},"query-input":{"@type":"PropertyValueSpecification","valueRequired":true,"valueName":"search_term_string"}}],"inLanguage":"de"}]}},"_links":{"self":[{"href":"https:\/\/dfvcg-events.de\/molkereikongress\/wp-json\/wp\/v2\/pages\/3066","targetHints":{"allow":["GET"]}}],"collection":[{"href":"https:\/\/dfvcg-events.de\/molkereikongress\/wp-json\/wp\/v2\/pages"}],"about":[{"href":"https:\/\/dfvcg-events.de\/molkereikongress\/wp-json\/wp\/v2\/types\/page"}],"author":[{"embeddable":true,"href":"https:\/\/dfvcg-events.de\/molkereikongress\/wp-json\/wp\/v2\/users\/1"}],"replies":[{"embeddable":true,"href":"https:\/\/dfvcg-events.de\/molkereikongress\/wp-json\/wp\/v2\/comments?post=3066"}],"version-history":[{"count":0,"href":"https:\/\/dfvcg-events.de\/molkereikongress\/wp-json\/wp\/v2\/pages\/3066\/revisions"}],"wp:attachment":[{"href":"https:\/\/dfvcg-events.de\/molkereikongress\/wp-json\/wp\/v2\/media?parent=3066"}],"curies":[{"name":"wp","href":"https:\/\/api.w.org\/{rel}","templated":true}]}}