{"id":2129,"date":"2021-11-19T14:39:27","date_gmt":"2021-11-19T13:39:27","guid":{"rendered":"https:\/\/dfvcg-events.de\/molkereikongress\/?page_id=2129"},"modified":"2026-04-22T12:49:30","modified_gmt":"2026-04-22T10:49:30","slug":"molkerei-kongress-2022","status":"publish","type":"page","link":"https:\/\/dfvcg-events.de\/molkereikongress\/","title":{"rendered":"Molkerei Kongress 2027"},"content":{"rendered":"<div id='av_section_1'  class='avia-section av-k7yuhjt1-1be3a2806fc7142e832626d7730f7e45 main_color avia-section-large avia-no-border-styling  avia-builder-el-0  el_before_av_section  avia-builder-el-first  header-verlauf avia-bg-style-fixed av-minimum-height av-minimum-height-75 av-height-75  container_wrap fullsize'   data-av_minimum_height_pc='75' data-av_min_height_opt='75'><div class=\"av-section-color-overlay-wrap\"><a href='#next-section' title='' class='scroll-down-link  avia-svg-icon avia-font-svg_entypo-fontello' data-av_svg_icon='down-open-mini' data-av_iconset='svg_entypo-fontello'><svg version=\"1.1\" xmlns=\"http:\/\/www.w3.org\/2000\/svg\" width=\"15\" height=\"32\" viewBox=\"0 0 15 32\" preserveAspectRatio=\"xMidYMid meet\" aria-labelledby='av-svg-title-1' aria-describedby='av-svg-desc-1' role=\"graphics-symbol\" aria-hidden=\"true\">\n<title id='av-svg-title-1'>Scroll to next section<\/title>\n<desc id='av-svg-desc-1'>Scroll to next section<\/desc>\n<path d=\"M12.96 12.16q0.704-0.832 1.536 0 0.832 0.704 0 1.536l-6.272 6.144q-0.704 0.704-1.536 0l-6.272-6.144q-0.832-0.832 0-1.536 0.768-0.768 1.6 0l5.44 4.992z\"><\/path>\n<\/svg><\/a><div class='container av-section-cont-open' ><main  role=\"main\" itemprop=\"mainContentOfPage\"  class='template-page content  av-content-full alpha units'><div class='post-entry post-entry-type-page post-entry-2129'><div class='entry-content-wrapper clearfix'>\n<div class='flex_column_table av-k7xsgdvc-06926ffe6ff9caadce4b297ee286b60f sc-av_one_half av-break-at-tablet-flextable av-equal-height-column-flextable'>\n<style type=\"text\/css\" data-created_by=\"avia_inline_auto\" id=\"style-css-av-k7xsgdvc-06926ffe6ff9caadce4b297ee286b60f\">\n.flex_column.av-k7xsgdvc-06926ffe6ff9caadce4b297ee286b60f{\nborder-radius:0px 0px 0px 0px;\npadding:0px 0px 0px 0px;\n}\n<\/style>\n<div  class='flex_column av-k7xsgdvc-06926ffe6ff9caadce4b297ee286b60f av_one_half  avia-builder-el-1  el_before_av_one_half  avia-builder-el-first  first av-break-at-tablet flex_column_table_cell av-equal-height-column av-align-middle av-zero-column-padding  '     ><style type=\"text\/css\" data-created_by=\"avia_inline_auto\" id=\"style-css-av-2khy6p-0ad2c5f2e303b6cdf6c06bafc8511774\">\n.avia-image-container.av-2khy6p-0ad2c5f2e303b6cdf6c06bafc8511774 img.avia_image{\nbox-shadow:none;\n}\n.avia-image-container.av-2khy6p-0ad2c5f2e303b6cdf6c06bafc8511774 .av-image-caption-overlay-center{\ncolor:#ffffff;\n}\n<\/style>\n<div  class='avia-image-container av-2khy6p-0ad2c5f2e303b6cdf6c06bafc8511774 av-styling- avia-align-center  avia-builder-el-2  avia-builder-el-no-sibling '   itemprop=\"image\" itemscope=\"itemscope\" itemtype=\"https:\/\/schema.org\/ImageObject\" ><div class=\"avia-image-container-inner\"><div class=\"avia-image-overlay-wrap\"><img class='avia_image ' src='https:\/\/dfvcg-events.de\/molkereikongress\/wp-content\/uploads\/sites\/21\/2023\/03\/dfvcg_Molk24_Logo_.png' alt='' title='dfvcg_Molk24_Logo_'  height=\"3333\" width=\"3333\"  itemprop=\"thumbnailUrl\"  \/><\/div><\/div><\/div><\/div><div class='av-flex-placeholder'><\/div>\n<style type=\"text\/css\" data-created_by=\"avia_inline_auto\" id=\"style-css-av-13cu0-dd4d7ea449f8f02d36028f3661316b27\">\n.flex_column.av-13cu0-dd4d7ea449f8f02d36028f3661316b27{\nborder-radius:0px 0px 0px 0px;\npadding:0px 0px 0px 0px;\n}\n<\/style>\n<div  class='flex_column av-13cu0-dd4d7ea449f8f02d36028f3661316b27 av_one_half  avia-builder-el-3  el_after_av_one_half  el_before_av_countdown  av-break-at-tablet flex_column_table_cell av-equal-height-column av-align-middle av-zero-column-padding  '     ><p>\n<style type=\"text\/css\" data-created_by=\"avia_inline_auto\" id=\"style-css-av-mo9wt90e-4c5b8b86ed650e4f652204e5440b63d9\">\n#top .av-special-heading.av-mo9wt90e-4c5b8b86ed650e4f652204e5440b63d9{\npadding-bottom:10px;\ncolor:#ffffff;\n}\nbody .av-special-heading.av-mo9wt90e-4c5b8b86ed650e4f652204e5440b63d9 .av-special-heading-tag .heading-char{\nfont-size:25px;\n}\n.av-special-heading.av-mo9wt90e-4c5b8b86ed650e4f652204e5440b63d9 .special-heading-inner-border{\nborder-color:#ffffff;\n}\n.av-special-heading.av-mo9wt90e-4c5b8b86ed650e4f652204e5440b63d9 .av-subheading{\nfont-size:15px;\n}\n<\/style>\n<div  class='av-special-heading av-mo9wt90e-4c5b8b86ed650e4f652204e5440b63d9 av-special-heading-h1 custom-color-heading blockquote modern-quote  avia-builder-el-4  el_before_av_textblock  avia-builder-el-first '><h1 class='av-special-heading-tag '  itemprop=\"headline\"  >19. Molkerei Kongress<\/h1><div class='av_custom_color av-subheading av-subheading_below'><p>27.\/28. April 2027 | Hilton Munich Airport | M\u00fcnchen<\/p>\n<\/div><div class=\"special-heading-border\"><div class=\"special-heading-inner-border\"><\/div><\/div><\/div><br \/>\n\n<style type=\"text\/css\" data-created_by=\"avia_inline_auto\" id=\"style-css-av-21tsnl-a0da69e64d334fb4f6c5eaa04cb2fabc\">\n#top .av_textblock_section.av-21tsnl-a0da69e64d334fb4f6c5eaa04cb2fabc .avia_textblock{\nfont-size:21px;\ncolor:#ffffff;\n}\n<\/style>\n<section  class='av_textblock_section av-21tsnl-a0da69e64d334fb4f6c5eaa04cb2fabc '   itemscope=\"itemscope\" itemtype=\"https:\/\/schema.org\/CreativeWork\" ><div class='avia_textblock av_inherit_color'  itemprop=\"text\" ><p>Der Branchentreff der Lebensmittel Zeitung f\u00fcr Milchwirtschaft, milchverarbeitende Unternehmen und Handel<\/p>\n<\/div><\/section><br \/>\n\n<style type=\"text\/css\" data-created_by=\"avia_inline_auto\" id=\"style-css-av-k7xsodl6-f3db390f86b9d45e08c8afccab641604\">\n#top .hr.hr-invisible.av-k7xsodl6-f3db390f86b9d45e08c8afccab641604{\nheight:35px;\n}\n<\/style>\n<div  class='hr av-k7xsodl6-f3db390f86b9d45e08c8afccab641604 hr-invisible  avia-builder-el-6  el_after_av_textblock  el_before_av_buttonrow  av-medium-hide av-small-hide av-mini-hide'><span class='hr-inner '><span class=\"hr-inner-style\"><\/span><\/span><\/div><br \/>\n<div  class='avia-buttonrow-wrap av-l2s56khi-fe9f3199011ba4ae6aa273d47fe2661a avia-buttonrow-left  avia-builder-el-7  el_after_av_hr  avia-builder-el-last '>\n\n<style type=\"text\/css\" data-created_by=\"avia_inline_auto\" id=\"style-css-av-l2s56bia-da4b07e4d5cc3b73d17b708f2666f3e6\">\n#top #wrap_all .avia-button.av-l2s56bia-da4b07e4d5cc3b73d17b708f2666f3e6{\nbackground-color:#cd1619;\nborder-color:#cd1619;\ncolor:#ffffff;\ntransition:all 0.4s ease-in-out;\nmargin-bottom:5px;\nmargin-right:5px;\n}\n#top #wrap_all .avia-button.av-l2s56bia-da4b07e4d5cc3b73d17b708f2666f3e6 .avia-svg-icon svg:first-child{\nfill:#ffffff;\nstroke:#ffffff;\n}\n<\/style>\n<a href='https:\/\/dfvcg-events.de\/molkereikongress\/ticketshop\/'  class='avia-button av-l2s56bia-da4b07e4d5cc3b73d17b708f2666f3e6 avia-icon_select-yes-left-icon avia-size-x-large'   aria-label=\"Jetzt anmelden!\"><span class='avia_button_icon avia_button_icon_left avia-iconfont avia-font-entypo-fontello' data-av_icon='\ue8cb' data-av_iconfont='entypo-fontello' ><\/span><span class='avia_iconbox_title' >Jetzt anmelden!<\/span><\/a>\n<\/div><\/p><\/div><\/div><!--close column table wrapper. Autoclose: 1 -->\n<style type=\"text\/css\" data-created_by=\"avia_inline_auto\" id=\"style-css-av-miria9f5-6e01ee4ae88466d33aa3720adc13ebaa\">\n#top .av-countdown-timer.av-miria9f5-6e01ee4ae88466d33aa3720adc13ebaa .av-countdown-time-label{\ncolor:#ffffff;\n}\n#top .av-countdown-timer.av-miria9f5-6e01ee4ae88466d33aa3720adc13ebaa.av-flip-numbers .card-time-color{\ncolor:#1d3c63;\n}\n#top .av-countdown-timer.av-miria9f5-6e01ee4ae88466d33aa3720adc13ebaa.av-flip-numbers .card-time-color::before{\ncolor:#1d3c63;\n}\n#top .av-countdown-timer.av-miria9f5-6e01ee4ae88466d33aa3720adc13ebaa.av-flip-numbers .card__bottom::after{\ncolor:#1d3c63;\n}\n#top .av-countdown-timer.av-miria9f5-6e01ee4ae88466d33aa3720adc13ebaa.av-flip-numbers .card__top{\nbackground-color:#ffffff;\n}\n#top .av-countdown-timer.av-miria9f5-6e01ee4ae88466d33aa3720adc13ebaa.av-flip-numbers .card__back::before{\nbackground-color:#ffffff;\n}\n#top .av-countdown-timer.av-miria9f5-6e01ee4ae88466d33aa3720adc13ebaa.av-flip-numbers .card__back::after{\nbackground-color:#ffffff;\n}\n#top .av-countdown-timer.av-miria9f5-6e01ee4ae88466d33aa3720adc13ebaa.av-flip-numbers .card__bottom{\nbackground-color:#ffffff;\n}\n<\/style>\n<div  class='av-countdown-timer av-miria9f5-6e01ee4ae88466d33aa3720adc13ebaa av-align-center av-custom-simple av-flip-numbers av-number-space-equal  avia-builder-el-8  el_after_av_one_half  avia-builder-el-last  av-desktop-hide av-medium-hide av-small-hide av-mini-hide'  data-year=' 2027' data-month='3' data-day=' 27 ' data-hour='8' data-minute='0' data-timezone='120' data-interval='1000' data-maximum='5' ><span class='av-countdown-timer-inner'><span class='flip-numbers__piece av-countdown-weeks'><span class='flip-numbers__card card av-countdown-time' data-upate-width='weeks'><span class=\"card__top card-time-color\"><\/span><span class=\"card__bottom card-time-color\" data-value=\"\"><\/span><span class=\"card__back card-time-color\" data-value=\"\"><span class=\"card__bottom card-time-color\" data-value=\"\"><\/span><\/span><\/span><span class='flip-numbers_label av-countdown-time-label' data-label='Woche' data-label-multi='Wochen'>Wochen<\/span><\/span><span class='flip-numbers__piece av-countdown-days'><span class='flip-numbers__card card av-countdown-time' data-upate-width='days'><span class=\"card__top card-time-color\"><\/span><span class=\"card__bottom card-time-color\" data-value=\"\"><\/span><span class=\"card__back card-time-color\" data-value=\"\"><span class=\"card__bottom card-time-color\" data-value=\"\"><\/span><\/span><\/span><span class='flip-numbers_label av-countdown-time-label' data-label='Tag' data-label-multi='Tage'>Tage<\/span><\/span><span class='flip-numbers__piece av-countdown-hours'><span class='flip-numbers__card card av-countdown-time' data-upate-width='hours'><span class=\"card__top card-time-color\"><\/span><span class=\"card__bottom card-time-color\" data-value=\"\"><\/span><span class=\"card__back card-time-color\" data-value=\"\"><span class=\"card__bottom card-time-color\" data-value=\"\"><\/span><\/span><\/span><span class='flip-numbers_label av-countdown-time-label' data-label='Stunde' data-label-multi='Stunden'>Stunden<\/span><\/span><span class='flip-numbers__piece av-countdown-minutes'><span class='flip-numbers__card card av-countdown-time' data-upate-width='minutes'><span class=\"card__top card-time-color\"><\/span><span class=\"card__bottom card-time-color\" data-value=\"\"><\/span><span class=\"card__back card-time-color\" data-value=\"\"><span class=\"card__bottom card-time-color\" data-value=\"\"><\/span><\/span><\/span><span class='flip-numbers_label av-countdown-time-label' data-label='Minute' data-label-multi='Minuten'>Minuten<\/span><\/span><span class='flip-numbers__piece av-countdown-seconds'><span class='flip-numbers__card card av-countdown-time' data-upate-width='seconds'><span class=\"card__top card-time-color\"><\/span><span class=\"card__bottom card-time-color\" data-value=\"\"><\/span><span class=\"card__back card-time-color\" data-value=\"\"><span class=\"card__bottom card-time-color\" data-value=\"\"><\/span><\/span><\/span><span class='flip-numbers_label av-countdown-time-label' data-label='Zweite' data-label-multi='Sekunden'>Sekunden<\/span><\/span><\/span><\/div>\n\n<\/div><\/div><\/main><!-- close content main element --><\/div><\/div><\/div><div id='av_section_2'  class='avia-section av-lai8h-e7094fc5001f11eacdc08fcedf6dcab1 main_color avia-section-default avia-no-shadow  avia-builder-el-9  el_after_av_section  el_before_av_section  avia-bg-style-scroll container_wrap fullsize'  ><div class='container av-section-cont-open' ><div class='template-page content  av-content-full alpha units'><div class='post-entry post-entry-type-page post-entry-2129'><div class='entry-content-wrapper clearfix'>\n\n<style type=\"text\/css\" data-created_by=\"avia_inline_auto\" id=\"style-css-av-43ph41-2133e7c553324f65a83cec966178a1eb\">\n#top .av-special-heading.av-43ph41-2133e7c553324f65a83cec966178a1eb{\npadding-bottom:10px;\n}\nbody .av-special-heading.av-43ph41-2133e7c553324f65a83cec966178a1eb .av-special-heading-tag .heading-char{\nfont-size:25px;\n}\n.av-special-heading.av-43ph41-2133e7c553324f65a83cec966178a1eb .av-subheading{\nfont-size:19px;\n}\n<\/style>\n<div  class='av-special-heading av-43ph41-2133e7c553324f65a83cec966178a1eb av-special-heading-h1 blockquote modern-quote  avia-builder-el-10  el_before_av_textblock  avia-builder-el-first '><h1 class='av-special-heading-tag '  itemprop=\"headline\"  >27.\/28. April 2027<\/h1><div class='av-subheading av-subheading_below'><p>Hilton Munich Airport | M\u00fcnchen<\/p>\n<\/div><div class=\"special-heading-border\"><div class=\"special-heading-inner-border\"><\/div><\/div><\/div>\n<section  class='av_textblock_section av-p31cx-0359a8edd724fc33ec5ac240a47c3d94 '   itemscope=\"itemscope\" itemtype=\"https:\/\/schema.org\/CreativeWork\" ><div class='avia_textblock'  itemprop=\"text\" ><p>Am <strong>27.\/28. April 2027<\/strong> findet der <strong>19. Molkerei Kongress<\/strong> im <strong>Hilton Munich Airport<\/strong> statt.<\/p>\n<p>Der Kongress bietet eine Plattform f\u00fcr den Austausch zu zentralen Themen der Molkereiwirtschaft.<\/p>\n<p>Expert:innen geben Einblicke in Trends, Herausforderungen und m\u00f6gliche L\u00f6sungsans\u00e4tze und beleuchten unterschiedliche Perspektiven auf die Zukunft der Branche. Dabei stehen unter anderem folgende Fragen im Fokus: Wie entwickelt sich der Markt? Wie k\u00f6nnen Molkereien darauf reagieren? Und welche Faktoren werden k\u00fcnftig besonders relevant sein?<\/p>\n<p>Die begleitende Fachausstellung bietet Einblicke in Produkte und Dienstleistungen relevanter Anbieter und l\u00e4dt zum fachlichen Austausch ein.<\/p>\n<p>Der Molkerei Kongress war in der Vergangenheit bereits ausgebucht \u2013 sichern Sie sich daher fr\u00fchzeitig Ihre Teilnahme. <strong>#molkereikongress<\/strong><\/p>\n<\/div><\/section>\n<\/div><\/div><\/div><!-- close content main div --><\/div><\/div><div id='av_section_3'  class='avia-section av-6z2bq9-0d560d77d8904a0b71534ee1e7173d63 main_color avia-section-default avia-no-shadow  avia-builder-el-12  el_after_av_section  el_before_av_section  avia-bg-style-scroll container_wrap fullsize'  ><div class='container av-section-cont-open' ><div class='template-page content  av-content-full alpha units'><div class='post-entry post-entry-type-page post-entry-2129'><div class='entry-content-wrapper clearfix'>\n\n<style type=\"text\/css\" data-created_by=\"avia_inline_auto\" id=\"style-css-av-5nksip-5dc12a29648d62173a5d4b7f3318ca48\">\n#top .av-special-heading.av-5nksip-5dc12a29648d62173a5d4b7f3318ca48{\npadding-bottom:35px;\ncolor:#003863;\n}\nbody .av-special-heading.av-5nksip-5dc12a29648d62173a5d4b7f3318ca48 .av-special-heading-tag .heading-char{\nfont-size:25px;\n}\n.av-special-heading.av-5nksip-5dc12a29648d62173a5d4b7f3318ca48 .special-heading-inner-border{\nborder-color:#003863;\n}\n.av-special-heading.av-5nksip-5dc12a29648d62173a5d4b7f3318ca48 .av-subheading{\nfont-size:19px;\n}\n<\/style>\n<div  class='av-special-heading av-5nksip-5dc12a29648d62173a5d4b7f3318ca48 av-special-heading-h2 custom-color-heading blockquote modern-quote  avia-builder-el-13  el_before_av_masonry_entries  avia-builder-el-no-sibling  av-linked-heading'><h2 class='av-special-heading-tag '  itemprop=\"headline\"  >Vortragende 2026<\/h2><div class='av_custom_color av-subheading av-subheading_below'><p>Das waren die Vortragenden des Molkerei Kongresses 2026<\/p>\n<\/div><div class=\"special-heading-border\"><div class=\"special-heading-inner-border\"><\/div><\/div><\/div>\n<div id='av-masonry-1' class='av-masonry av-3scybl-0cc73f616f8cb89b3447390f1db90f68 noHover av-fixed-size av-large-gap av-hover-overlay- av-masonry-animation-active av-masonry-col-4 av-caption-always av-caption-style- av-masonry-entries av-medium-columns-overwrite av-medium-columns-2 av-small-columns-overwrite av-small-columns-2 av-mini-columns-overwrite av-mini-columns-1 av-orientation-portrait-large ' data-post_id=\"2129\"><div class=\"av-masonry-container isotope av-js-disabled\"><div class='av-masonry-entry isotope-item av-masonry-item-no-image '><\/div><a href=\"https:\/\/dfvcg-events.de\/molkereikongress\/referent\/nina-bakker\/\"  id='av-masonry-1-item-5569' data-av-masonry-item='5569' class='av-masonry-entry isotope-item post-5569 portfolio type-portfolio status-publish has-post-thumbnail hentry portfolio_entries-vortragend-2026 portfolio_entries-vortragend-feature-2026  av-masonry-item-with-image' title=\"Bakker_Nina-Molkerei S\u00f6bbeke-web\"   itemscope=\"itemscope\" itemtype=\"https:\/\/schema.org\/CreativeWork\" ><div class='av-inner-masonry-sizer'><\/div><figure class='av-inner-masonry main_color'><div class=\"av-masonry-outerimage-container\"><div class='av-masonry-image-container' style=\"background-image: url(https:\/\/dfvcg-events.de\/molkereikongress\/wp-content\/uploads\/sites\/21\/2026\/02\/Bakker_Nina-Molkerei-Soebbeke-web.jpg);\"  title=\"Bakker_Nina-Molkerei S\u00f6bbeke-web\" ><\/div><\/div><figcaption class='av-inner-masonry-content site-background'><div class='av-inner-masonry-content-pos'><div class='av-inner-masonry-content-pos-content'><div class='avia-arrow'><\/div><h3 class='av-masonry-entry-title entry-title '  itemprop=\"headline\" >Nina Bakker<\/h3><div class='av-masonry-entry-content entry-content'  itemprop=\"text\" >Molkerei S\u00f6bbeke<\/div><\/div><\/div><\/figcaption><\/figure><\/a><!--end av-masonry entry--><a href=\"https:\/\/dfvcg-events.de\/molkereikongress\/referent\/oliver-bartelt\/\"  id='av-masonry-1-item-3921' data-av-masonry-item='3921' class='av-masonry-entry isotope-item post-3921 portfolio type-portfolio status-publish has-post-thumbnail hentry portfolio_entries-vortragend-2023 portfolio_entries-vortragend-2023-feature portfolio_entries-vortragend-2024 portfolio_entries-vortragend-2024-feature portfolio_entries-vortragend-2026 portfolio_entries-vortragend-feature-2026  av-masonry-item-with-image' title=\"Bartelt -Oliver-DMK Group-web\"   itemscope=\"itemscope\" itemtype=\"https:\/\/schema.org\/CreativeWork\" ><div class='av-inner-masonry-sizer'><\/div><figure class='av-inner-masonry main_color'><div class=\"av-masonry-outerimage-container\"><div class='av-masonry-image-container' style=\"background-image: url(https:\/\/dfvcg-events.de\/molkereikongress\/wp-content\/uploads\/sites\/21\/2024\/01\/Bartelt-Oliver-DMK-Group-web.jpg);\"  title=\"Bartelt -Oliver-DMK Group-web\" ><\/div><\/div><figcaption class='av-inner-masonry-content site-background'><div class='av-inner-masonry-content-pos'><div class='av-inner-masonry-content-pos-content'><div class='avia-arrow'><\/div><h3 class='av-masonry-entry-title entry-title '  itemprop=\"headline\" >Oliver Bartelt<\/h3><div class='av-masonry-entry-content entry-content'  itemprop=\"text\" >DMK Deutsches Milchkontor<\/div><\/div><\/div><\/figcaption><\/figure><\/a><!--end av-masonry entry--><a href=\"https:\/\/dfvcg-events.de\/molkereikongress\/referent\/aydin-senguen\/\"  id='av-masonry-1-item-5634' data-av-masonry-item='5634' class='av-masonry-entry isotope-item post-5634 portfolio type-portfolio status-publish has-post-thumbnail hentry portfolio_entries-vortragend-2026 portfolio_entries-vortragend-feature-2026  av-masonry-item-with-image' title=\"Seng\u00fcn-Aydin-Lactalis BU Cheese_2-web\"   itemscope=\"itemscope\" itemtype=\"https:\/\/schema.org\/CreativeWork\" ><div class='av-inner-masonry-sizer'><\/div><figure class='av-inner-masonry main_color'><div class=\"av-masonry-outerimage-container\"><div class='av-masonry-image-container' style=\"background-image: url(https:\/\/dfvcg-events.de\/molkereikongress\/wp-content\/uploads\/sites\/21\/2026\/02\/Senguen-Aydin-Lactalis-BU-Cheese_2-web.png);\"  title=\"Seng\u00fcn-Aydin-Lactalis BU Cheese_2-web\" ><\/div><\/div><figcaption class='av-inner-masonry-content site-background'><div class='av-inner-masonry-content-pos'><div class='av-inner-masonry-content-pos-content'><div class='avia-arrow'><\/div><h3 class='av-masonry-entry-title entry-title '  itemprop=\"headline\" >Aydin Seng\u00fcn<\/h3><div class='av-masonry-entry-content entry-content'  itemprop=\"text\" >Lactalis Gruppe Deutschland<\/div><\/div><\/div><\/figcaption><\/figure><\/a><!--end av-masonry entry--><a href=\"https:\/\/dfvcg-events.de\/molkereikongress\/referent\/clement-tischer\/\"  id='av-masonry-1-item-5688' data-av-masonry-item='5688' class='av-masonry-entry isotope-item post-5688 portfolio type-portfolio status-publish has-post-thumbnail hentry portfolio_entries-vortragend-2026 portfolio_entries-vortragend-feature-2026  av-masonry-item-with-image' title=\"Tischer-Clement-REWE Group-web\"   itemscope=\"itemscope\" itemtype=\"https:\/\/schema.org\/CreativeWork\" ><div class='av-inner-masonry-sizer'><\/div><figure class='av-inner-masonry main_color'><div class=\"av-masonry-outerimage-container\"><div class='av-masonry-image-container' style=\"background-image: url(https:\/\/dfvcg-events.de\/molkereikongress\/wp-content\/uploads\/sites\/21\/2026\/03\/Tischer-Clement-REWE-Group-web.jpg);\"  title=\"Tischer-Clement-REWE Group-web\" ><\/div><\/div><figcaption class='av-inner-masonry-content site-background'><div class='av-inner-masonry-content-pos'><div class='av-inner-masonry-content-pos-content'><div class='avia-arrow'><\/div><h3 class='av-masonry-entry-title entry-title '  itemprop=\"headline\" >Cl\u00e9ment Tischer<\/h3><div class='av-masonry-entry-content entry-content'  itemprop=\"text\" >REWE Group<\/div><\/div><\/div><\/figcaption><\/figure><\/a><!--end av-masonry entry--><\/div><\/div>\n<div  class='avia-button-wrap av-2fr4ht-214e8a8138db7af115ce450a83fb7d66-wrap avia-button-center  avia-builder-el-15  el_after_av_masonry_entries  avia-builder-el-no-sibling '>\n<style type=\"text\/css\" data-created_by=\"avia_inline_auto\" id=\"style-css-av-2fr4ht-214e8a8138db7af115ce450a83fb7d66\">\n#top #wrap_all .avia-button.av-2fr4ht-214e8a8138db7af115ce450a83fb7d66{\nbackground-color:#01b7df;\nborder-color:#01b7df;\ncolor:#ffffff;\ntransition:all 0.4s ease-in-out;\n}\n#top #wrap_all .avia-button.av-2fr4ht-214e8a8138db7af115ce450a83fb7d66 .avia-svg-icon svg:first-child{\nfill:#ffffff;\nstroke:#ffffff;\n}\n<\/style>\n<a href='https:\/\/dfvcg-events.de\/molkereikongress\/vortragende\/'  class='avia-button av-2fr4ht-214e8a8138db7af115ce450a83fb7d66 av-link-btn avia-icon_select-yes-left-icon avia-size-x-large avia-position-center'   aria-label=\"Alle Vortragenden\"><span class='avia_button_icon avia_button_icon_left avia-iconfont avia-font-entypo-fontello' data-av_icon='\ue80b' data-av_iconfont='entypo-fontello' ><\/span><span class='avia_iconbox_title' >Alle Vortragenden<\/span><\/a><\/div>\n<\/p>\n<\/div><\/div><\/div><!-- close content main div --><\/div><\/div><div id='av_section_4'  class='avia-section av-k2euylkg-708de17bda8388c62e986d9ef61a02be main_color avia-section-default avia-no-shadow  avia-builder-el-16  el_after_av_section  el_before_av_section  avia-bg-style-scroll container_wrap fullsize'  ><div class='container av-section-cont-open' ><div class='template-page content  av-content-full alpha units'><div class='post-entry post-entry-type-page post-entry-2129'><div class='entry-content-wrapper clearfix'>\n\n<style type=\"text\/css\" data-created_by=\"avia_inline_auto\" id=\"style-css-av-ko9z73sq-469d96f78e90ca332300ea3964f94bc2\">\n#top .av-special-heading.av-ko9z73sq-469d96f78e90ca332300ea3964f94bc2{\npadding-bottom:35px;\ncolor:#003863;\n}\nbody .av-special-heading.av-ko9z73sq-469d96f78e90ca332300ea3964f94bc2 .av-special-heading-tag .heading-char{\nfont-size:25px;\n}\n.av-special-heading.av-ko9z73sq-469d96f78e90ca332300ea3964f94bc2 .special-heading-inner-border{\nborder-color:#003863;\n}\n.av-special-heading.av-ko9z73sq-469d96f78e90ca332300ea3964f94bc2 .av-subheading{\nfont-size:19px;\n}\n<\/style>\n<div  class='av-special-heading av-ko9z73sq-469d96f78e90ca332300ea3964f94bc2 av-special-heading-h2 custom-color-heading blockquote modern-quote  avia-builder-el-17  el_before_av_postslider  avia-builder-el-first  av-linked-heading'><h2 class='av-special-heading-tag '  itemprop=\"headline\"  >Partner <span class='special_amp'>&amp;<\/span> Aussteller 2026<\/h2><div class='av_custom_color av-subheading av-subheading_below'><p>Das waren die Partner &amp; Aussteller des Molkerei Kongresses 2026<\/p>\n<\/div><div class=\"special-heading-border\"><div class=\"special-heading-inner-border\"><\/div><\/div><\/div>\n<div  data-slideshow-options=\"{&quot;animation&quot;:&quot;fade&quot;,&quot;autoplay&quot;:true,&quot;loop_autoplay&quot;:&quot;endless&quot;,&quot;interval&quot;:&quot;4&quot;,&quot;loop_manual&quot;:&quot;manual-endless&quot;,&quot;autoplay_stopper&quot;:false,&quot;noNavigation&quot;:false,&quot;show_slide_delay&quot;:90}\" class='avia-content-slider avia-content-slider-active avia-content-slider1 avia-content-slider-even  avia-builder-el-18  el_after_av_heading  avia-builder-el-last  av-slideshow-ui av-control-default   av-no-slider-navigation av-slideshow-autoplay av-loop-endless av-loop-manual-endless '  itemscope=\"itemscope\" itemtype=\"https:\/\/schema.org\/Blog\" ><div class=\"avia-content-slider-inner\"><div class=\"slide-entry-wrap\"><article class='slide-entry flex_column  post-entry post-entry-5900 slide-entry-overview slide-loop-1 slide-parity-odd  av_one_fourth first real-thumbnail posttype-post post-format-standard'  itemscope=\"itemscope\" itemtype=\"https:\/\/schema.org\/CreativeWork\" ><a href='https:\/\/dfvcg-events.de\/molkereikongress\/katma\/' data-rel='slide-1' class='slide-image' title='KATMA CleanControl'><img decoding=\"async\" width=\"260\" height=\"185\" src=\"https:\/\/dfvcg-events.de\/molkereikongress\/wp-content\/uploads\/sites\/21\/2026\/04\/LOGO_KATMA_CleanControl-web-260x185.jpg\" class=\"attachment-portfolio_small size-portfolio_small wp-post-image\" alt=\"\" \/><\/a><div class=\"slide-content\"><header class=\"entry-content-header\" aria-label=\"Slide: KATMA CleanControl\"><\/header><\/div><footer class=\"entry-footer\"><\/footer><span class='hidden'>\n\t\t\t\t<span class='av-structured-data'  itemprop=\"image\" itemscope=\"itemscope\" itemtype=\"https:\/\/schema.org\/ImageObject\" >\n\t\t\t\t\t\t<span itemprop='url'>https:\/\/dfvcg-events.de\/molkereikongress\/wp-content\/uploads\/sites\/21\/2026\/04\/LOGO_KATMA_CleanControl-web.jpg<\/span>\n\t\t\t\t\t\t<span itemprop='height'>600<\/span>\n\t\t\t\t\t\t<span itemprop='width'>800<\/span>\n\t\t\t\t<\/span>\n\t\t\t\t<span class='av-structured-data'  itemprop=\"publisher\" itemtype=\"https:\/\/schema.org\/Organization\" itemscope=\"itemscope\" >\n\t\t\t\t\t\t<span itemprop='name'>como<\/span>\n\t\t\t\t\t\t<span itemprop='logo' itemscope itemtype='https:\/\/schema.org\/ImageObject'>\n\t\t\t\t\t\t\t<span itemprop='url'>https:\/\/dfvcg-events.de\/molkereikongress\/wp-content\/uploads\/sites\/21\/2021\/11\/molkerei-kongress-logo-header-2022.png<\/span>\n\t\t\t\t\t\t<\/span>\n\t\t\t\t<\/span><span class='av-structured-data'  itemprop=\"author\" itemscope=\"itemscope\" itemtype=\"https:\/\/schema.org\/Person\" ><span itemprop='name'>como<\/span><\/span><span class='av-structured-data'  itemprop=\"datePublished\" datetime=\"2021-11-19T14:39:27+01:00\" >2026-04-10 19:08:17<\/span><span class='av-structured-data'  itemprop=\"dateModified\" itemtype=\"https:\/\/schema.org\/dateModified\" >2026-04-10 19:08:17<\/span><span class='av-structured-data'  itemprop=\"mainEntityOfPage\" itemtype=\"https:\/\/schema.org\/mainEntityOfPage\" ><span itemprop='name'>KATMA CleanControl<\/span><\/span><\/span><\/article><article class='slide-entry flex_column  post-entry post-entry-5749 slide-entry-overview slide-loop-2 slide-parity-even  av_one_fourth  real-thumbnail posttype-post post-format-standard'  itemscope=\"itemscope\" itemtype=\"https:\/\/schema.org\/CreativeWork\" ><a href='https:\/\/dfvcg-events.de\/molkereikongress\/hb-rts\/' data-rel='slide-1' class='slide-image' title='HB RTS'><img decoding=\"async\" width=\"260\" height=\"185\" src=\"https:\/\/dfvcg-events.de\/molkereikongress\/wp-content\/uploads\/sites\/21\/2026\/03\/HB-RTS-web-260x185.jpg\" class=\"attachment-portfolio_small size-portfolio_small wp-post-image\" alt=\"\" \/><\/a><div class=\"slide-content\"><header class=\"entry-content-header\" aria-label=\"Slide: HB RTS\"><\/header><\/div><footer class=\"entry-footer\"><\/footer><span class='hidden'>\n\t\t\t\t<span class='av-structured-data'  itemprop=\"image\" itemscope=\"itemscope\" itemtype=\"https:\/\/schema.org\/ImageObject\" >\n\t\t\t\t\t\t<span itemprop='url'>https:\/\/dfvcg-events.de\/molkereikongress\/wp-content\/uploads\/sites\/21\/2026\/03\/HB-RTS-web.jpg<\/span>\n\t\t\t\t\t\t<span itemprop='height'>600<\/span>\n\t\t\t\t\t\t<span itemprop='width'>800<\/span>\n\t\t\t\t<\/span>\n\t\t\t\t<span class='av-structured-data'  itemprop=\"publisher\" itemtype=\"https:\/\/schema.org\/Organization\" itemscope=\"itemscope\" >\n\t\t\t\t\t\t<span itemprop='name'>como<\/span>\n\t\t\t\t\t\t<span itemprop='logo' itemscope itemtype='https:\/\/schema.org\/ImageObject'>\n\t\t\t\t\t\t\t<span itemprop='url'>https:\/\/dfvcg-events.de\/molkereikongress\/wp-content\/uploads\/sites\/21\/2021\/11\/molkerei-kongress-logo-header-2022.png<\/span>\n\t\t\t\t\t\t<\/span>\n\t\t\t\t<\/span><span class='av-structured-data'  itemprop=\"author\" itemscope=\"itemscope\" itemtype=\"https:\/\/schema.org\/Person\" ><span itemprop='name'>como<\/span><\/span><span class='av-structured-data'  itemprop=\"datePublished\" datetime=\"2021-11-19T14:39:27+01:00\" >2026-03-25 09:41:21<\/span><span class='av-structured-data'  itemprop=\"dateModified\" itemtype=\"https:\/\/schema.org\/dateModified\" >2026-03-25 09:41:21<\/span><span class='av-structured-data'  itemprop=\"mainEntityOfPage\" itemtype=\"https:\/\/schema.org\/mainEntityOfPage\" ><span itemprop='name'>HB RTS<\/span><\/span><\/span><\/article><article class='slide-entry flex_column  post-entry post-entry-5735 slide-entry-overview slide-loop-3 slide-parity-odd  av_one_fourth  real-thumbnail posttype-post post-format-standard'  itemscope=\"itemscope\" itemtype=\"https:\/\/schema.org\/CreativeWork\" ><a href='https:\/\/dfvcg-events.de\/molkereikongress\/akquinet\/' data-rel='slide-1' class='slide-image' title='akquinet'><img decoding=\"async\" width=\"260\" height=\"185\" src=\"https:\/\/dfvcg-events.de\/molkereikongress\/wp-content\/uploads\/sites\/21\/2026\/03\/akquinet-web-260x185.jpg\" class=\"attachment-portfolio_small size-portfolio_small wp-post-image\" alt=\"\" \/><\/a><div class=\"slide-content\"><header class=\"entry-content-header\" aria-label=\"Slide: akquinet\"><\/header><\/div><footer class=\"entry-footer\"><\/footer><span class='hidden'>\n\t\t\t\t<span class='av-structured-data'  itemprop=\"image\" itemscope=\"itemscope\" itemtype=\"https:\/\/schema.org\/ImageObject\" >\n\t\t\t\t\t\t<span itemprop='url'>https:\/\/dfvcg-events.de\/molkereikongress\/wp-content\/uploads\/sites\/21\/2026\/03\/akquinet-web.jpg<\/span>\n\t\t\t\t\t\t<span itemprop='height'>600<\/span>\n\t\t\t\t\t\t<span itemprop='width'>800<\/span>\n\t\t\t\t<\/span>\n\t\t\t\t<span class='av-structured-data'  itemprop=\"publisher\" itemtype=\"https:\/\/schema.org\/Organization\" itemscope=\"itemscope\" >\n\t\t\t\t\t\t<span itemprop='name'>como<\/span>\n\t\t\t\t\t\t<span itemprop='logo' itemscope itemtype='https:\/\/schema.org\/ImageObject'>\n\t\t\t\t\t\t\t<span itemprop='url'>https:\/\/dfvcg-events.de\/molkereikongress\/wp-content\/uploads\/sites\/21\/2021\/11\/molkerei-kongress-logo-header-2022.png<\/span>\n\t\t\t\t\t\t<\/span>\n\t\t\t\t<\/span><span class='av-structured-data'  itemprop=\"author\" itemscope=\"itemscope\" itemtype=\"https:\/\/schema.org\/Person\" ><span itemprop='name'>como<\/span><\/span><span class='av-structured-data'  itemprop=\"datePublished\" datetime=\"2021-11-19T14:39:27+01:00\" >2026-03-13 11:34:09<\/span><span class='av-structured-data'  itemprop=\"dateModified\" itemtype=\"https:\/\/schema.org\/dateModified\" >2026-03-13 11:34:09<\/span><span class='av-structured-data'  itemprop=\"mainEntityOfPage\" itemtype=\"https:\/\/schema.org\/mainEntityOfPage\" ><span itemprop='name'>akquinet<\/span><\/span><\/span><\/article><article class='slide-entry flex_column  post-entry post-entry-5726 slide-entry-overview slide-loop-4 slide-parity-even  av_one_fourth  real-thumbnail posttype-post post-format-standard'  itemscope=\"itemscope\" itemtype=\"https:\/\/schema.org\/CreativeWork\" ><a href='https:\/\/dfvcg-events.de\/molkereikongress\/ek-pack-folien\/' data-rel='slide-1' class='slide-image' title='EK-Pack Folien'><img decoding=\"async\" width=\"260\" height=\"185\" src=\"https:\/\/dfvcg-events.de\/molkereikongress\/wp-content\/uploads\/sites\/21\/2026\/03\/EK-PackFolienOliver_RGB-web-260x185.png\" class=\"attachment-portfolio_small size-portfolio_small wp-post-image\" alt=\"\" \/><\/a><div class=\"slide-content\"><header class=\"entry-content-header\" aria-label=\"Slide: EK-Pack Folien\"><\/header><\/div><footer class=\"entry-footer\"><\/footer><span class='hidden'>\n\t\t\t\t<span class='av-structured-data'  itemprop=\"image\" itemscope=\"itemscope\" itemtype=\"https:\/\/schema.org\/ImageObject\" >\n\t\t\t\t\t\t<span itemprop='url'>https:\/\/dfvcg-events.de\/molkereikongress\/wp-content\/uploads\/sites\/21\/2026\/03\/EK-PackFolienOliver_RGB-web.png<\/span>\n\t\t\t\t\t\t<span itemprop='height'>600<\/span>\n\t\t\t\t\t\t<span itemprop='width'>800<\/span>\n\t\t\t\t<\/span>\n\t\t\t\t<span class='av-structured-data'  itemprop=\"publisher\" itemtype=\"https:\/\/schema.org\/Organization\" itemscope=\"itemscope\" >\n\t\t\t\t\t\t<span itemprop='name'>como<\/span>\n\t\t\t\t\t\t<span itemprop='logo' itemscope itemtype='https:\/\/schema.org\/ImageObject'>\n\t\t\t\t\t\t\t<span itemprop='url'>https:\/\/dfvcg-events.de\/molkereikongress\/wp-content\/uploads\/sites\/21\/2021\/11\/molkerei-kongress-logo-header-2022.png<\/span>\n\t\t\t\t\t\t<\/span>\n\t\t\t\t<\/span><span class='av-structured-data'  itemprop=\"author\" itemscope=\"itemscope\" itemtype=\"https:\/\/schema.org\/Person\" ><span itemprop='name'>como<\/span><\/span><span class='av-structured-data'  itemprop=\"datePublished\" datetime=\"2021-11-19T14:39:27+01:00\" >2026-03-05 16:06:56<\/span><span class='av-structured-data'  itemprop=\"dateModified\" itemtype=\"https:\/\/schema.org\/dateModified\" >2026-03-05 16:06:56<\/span><span class='av-structured-data'  itemprop=\"mainEntityOfPage\" itemtype=\"https:\/\/schema.org\/mainEntityOfPage\" ><span itemprop='name'>EK-Pack Folien<\/span><\/span><\/span><\/article><\/div><div class=\"slide-entry-wrap\"><article class='slide-entry flex_column  post-entry post-entry-5710 slide-entry-overview slide-loop-5 slide-parity-odd  av_one_fourth first real-thumbnail posttype-post post-format-standard'  itemscope=\"itemscope\" itemtype=\"https:\/\/schema.org\/CreativeWork\" ><a href='https:\/\/dfvcg-events.de\/molkereikongress\/bpw\/' data-rel='slide-1' class='slide-image' title='BPW'><img decoding=\"async\" width=\"260\" height=\"185\" src=\"https:\/\/dfvcg-events.de\/molkereikongress\/wp-content\/uploads\/sites\/21\/2026\/03\/BPW_Logo_Blue-web-260x185.png\" class=\"attachment-portfolio_small size-portfolio_small wp-post-image\" alt=\"\" \/><\/a><div class=\"slide-content\"><header class=\"entry-content-header\" aria-label=\"Slide: BPW\"><\/header><\/div><footer class=\"entry-footer\"><\/footer><span class='hidden'>\n\t\t\t\t<span class='av-structured-data'  itemprop=\"image\" itemscope=\"itemscope\" itemtype=\"https:\/\/schema.org\/ImageObject\" >\n\t\t\t\t\t\t<span itemprop='url'>https:\/\/dfvcg-events.de\/molkereikongress\/wp-content\/uploads\/sites\/21\/2026\/03\/BPW_Logo_Blue-web.png<\/span>\n\t\t\t\t\t\t<span itemprop='height'>600<\/span>\n\t\t\t\t\t\t<span itemprop='width'>800<\/span>\n\t\t\t\t<\/span>\n\t\t\t\t<span class='av-structured-data'  itemprop=\"publisher\" itemtype=\"https:\/\/schema.org\/Organization\" itemscope=\"itemscope\" >\n\t\t\t\t\t\t<span itemprop='name'>como<\/span>\n\t\t\t\t\t\t<span itemprop='logo' itemscope itemtype='https:\/\/schema.org\/ImageObject'>\n\t\t\t\t\t\t\t<span itemprop='url'>https:\/\/dfvcg-events.de\/molkereikongress\/wp-content\/uploads\/sites\/21\/2021\/11\/molkerei-kongress-logo-header-2022.png<\/span>\n\t\t\t\t\t\t<\/span>\n\t\t\t\t<\/span><span class='av-structured-data'  itemprop=\"author\" itemscope=\"itemscope\" itemtype=\"https:\/\/schema.org\/Person\" ><span itemprop='name'>como<\/span><\/span><span class='av-structured-data'  itemprop=\"datePublished\" datetime=\"2021-11-19T14:39:27+01:00\" >2026-03-03 23:21:19<\/span><span class='av-structured-data'  itemprop=\"dateModified\" itemtype=\"https:\/\/schema.org\/dateModified\" >2026-04-02 12:03:25<\/span><span class='av-structured-data'  itemprop=\"mainEntityOfPage\" itemtype=\"https:\/\/schema.org\/mainEntityOfPage\" ><span itemprop='name'>BPW<\/span><\/span><\/span><\/article><article class='slide-entry flex_column  post-entry post-entry-5647 slide-entry-overview slide-loop-6 slide-parity-even  av_one_fourth  real-thumbnail posttype-post post-format-standard'  itemscope=\"itemscope\" itemtype=\"https:\/\/schema.org\/CreativeWork\" ><a href='https:\/\/dfvcg-events.de\/molkereikongress\/ommm\/' data-rel='slide-1' class='slide-image' title='OMMM'><img decoding=\"async\" width=\"260\" height=\"185\" src=\"https:\/\/dfvcg-events.de\/molkereikongress\/wp-content\/uploads\/sites\/21\/2026\/02\/logo_claim_webpage-web-260x185.jpg\" class=\"attachment-portfolio_small size-portfolio_small wp-post-image\" alt=\"\" \/><\/a><div class=\"slide-content\"><header class=\"entry-content-header\" aria-label=\"Slide: OMMM\"><\/header><\/div><footer class=\"entry-footer\"><\/footer><span class='hidden'>\n\t\t\t\t<span class='av-structured-data'  itemprop=\"image\" itemscope=\"itemscope\" itemtype=\"https:\/\/schema.org\/ImageObject\" >\n\t\t\t\t\t\t<span itemprop='url'>https:\/\/dfvcg-events.de\/molkereikongress\/wp-content\/uploads\/sites\/21\/2026\/02\/logo_claim_webpage-web.jpg<\/span>\n\t\t\t\t\t\t<span itemprop='height'>600<\/span>\n\t\t\t\t\t\t<span itemprop='width'>800<\/span>\n\t\t\t\t<\/span>\n\t\t\t\t<span class='av-structured-data'  itemprop=\"publisher\" itemtype=\"https:\/\/schema.org\/Organization\" itemscope=\"itemscope\" >\n\t\t\t\t\t\t<span itemprop='name'>como<\/span>\n\t\t\t\t\t\t<span itemprop='logo' itemscope itemtype='https:\/\/schema.org\/ImageObject'>\n\t\t\t\t\t\t\t<span itemprop='url'>https:\/\/dfvcg-events.de\/molkereikongress\/wp-content\/uploads\/sites\/21\/2021\/11\/molkerei-kongress-logo-header-2022.png<\/span>\n\t\t\t\t\t\t<\/span>\n\t\t\t\t<\/span><span class='av-structured-data'  itemprop=\"author\" itemscope=\"itemscope\" itemtype=\"https:\/\/schema.org\/Person\" ><span itemprop='name'>como<\/span><\/span><span class='av-structured-data'  itemprop=\"datePublished\" datetime=\"2021-11-19T14:39:27+01:00\" >2026-02-17 22:50:47<\/span><span class='av-structured-data'  itemprop=\"dateModified\" itemtype=\"https:\/\/schema.org\/dateModified\" >2026-02-17 22:50:47<\/span><span class='av-structured-data'  itemprop=\"mainEntityOfPage\" itemtype=\"https:\/\/schema.org\/mainEntityOfPage\" ><span itemprop='name'>OMMM<\/span><\/span><\/span><\/article><article class='slide-entry flex_column  post-entry post-entry-5561 slide-entry-overview slide-loop-7 slide-parity-odd  av_one_fourth  real-thumbnail posttype-post post-format-standard'  itemscope=\"itemscope\" itemtype=\"https:\/\/schema.org\/CreativeWork\" ><a href='https:\/\/dfvcg-events.de\/molkereikongress\/initiative-milch\/' data-rel='slide-1' class='slide-image' title='Initiative Milch'><img decoding=\"async\" width=\"260\" height=\"185\" src=\"https:\/\/dfvcg-events.de\/molkereikongress\/wp-content\/uploads\/sites\/21\/2026\/02\/Initiative_Milch-web-260x185.jpg\" class=\"attachment-portfolio_small size-portfolio_small wp-post-image\" alt=\"\" \/><\/a><div class=\"slide-content\"><header class=\"entry-content-header\" aria-label=\"Slide: Initiative Milch\"><\/header><\/div><footer class=\"entry-footer\"><\/footer><span class='hidden'>\n\t\t\t\t<span class='av-structured-data'  itemprop=\"image\" itemscope=\"itemscope\" itemtype=\"https:\/\/schema.org\/ImageObject\" >\n\t\t\t\t\t\t<span itemprop='url'>https:\/\/dfvcg-events.de\/molkereikongress\/wp-content\/uploads\/sites\/21\/2026\/02\/Initiative_Milch-web.jpg<\/span>\n\t\t\t\t\t\t<span itemprop='height'>600<\/span>\n\t\t\t\t\t\t<span itemprop='width'>800<\/span>\n\t\t\t\t<\/span>\n\t\t\t\t<span class='av-structured-data'  itemprop=\"publisher\" itemtype=\"https:\/\/schema.org\/Organization\" itemscope=\"itemscope\" >\n\t\t\t\t\t\t<span itemprop='name'>como<\/span>\n\t\t\t\t\t\t<span itemprop='logo' itemscope itemtype='https:\/\/schema.org\/ImageObject'>\n\t\t\t\t\t\t\t<span itemprop='url'>https:\/\/dfvcg-events.de\/molkereikongress\/wp-content\/uploads\/sites\/21\/2021\/11\/molkerei-kongress-logo-header-2022.png<\/span>\n\t\t\t\t\t\t<\/span>\n\t\t\t\t<\/span><span class='av-structured-data'  itemprop=\"author\" itemscope=\"itemscope\" itemtype=\"https:\/\/schema.org\/Person\" ><span itemprop='name'>como<\/span><\/span><span class='av-structured-data'  itemprop=\"datePublished\" datetime=\"2021-11-19T14:39:27+01:00\" >2026-02-09 14:46:54<\/span><span class='av-structured-data'  itemprop=\"dateModified\" itemtype=\"https:\/\/schema.org\/dateModified\" >2026-02-09 14:46:54<\/span><span class='av-structured-data'  itemprop=\"mainEntityOfPage\" itemtype=\"https:\/\/schema.org\/mainEntityOfPage\" ><span itemprop='name'>Initiative Milch<\/span><\/span><\/span><\/article><article class='slide-entry flex_column  post-entry post-entry-5543 slide-entry-overview slide-loop-8 slide-parity-even  av_one_fourth  real-thumbnail posttype-post post-format-standard'  itemscope=\"itemscope\" itemtype=\"https:\/\/schema.org\/CreativeWork\" ><a href='https:\/\/dfvcg-events.de\/molkereikongress\/tracegains\/' data-rel='slide-1' class='slide-image' title='TraceGains'><img decoding=\"async\" width=\"260\" height=\"185\" src=\"https:\/\/dfvcg-events.de\/molkereikongress\/wp-content\/uploads\/sites\/21\/2026\/01\/TG_Portrait_Blue_web-260x185.jpg\" class=\"attachment-portfolio_small size-portfolio_small wp-post-image\" alt=\"\" \/><\/a><div class=\"slide-content\"><header class=\"entry-content-header\" aria-label=\"Slide: TraceGains\"><\/header><\/div><footer class=\"entry-footer\"><\/footer><span class='hidden'>\n\t\t\t\t<span class='av-structured-data'  itemprop=\"image\" itemscope=\"itemscope\" itemtype=\"https:\/\/schema.org\/ImageObject\" >\n\t\t\t\t\t\t<span itemprop='url'>https:\/\/dfvcg-events.de\/molkereikongress\/wp-content\/uploads\/sites\/21\/2026\/01\/TG_Portrait_Blue_web.jpg<\/span>\n\t\t\t\t\t\t<span itemprop='height'>600<\/span>\n\t\t\t\t\t\t<span itemprop='width'>800<\/span>\n\t\t\t\t<\/span>\n\t\t\t\t<span class='av-structured-data'  itemprop=\"publisher\" itemtype=\"https:\/\/schema.org\/Organization\" itemscope=\"itemscope\" >\n\t\t\t\t\t\t<span itemprop='name'>como<\/span>\n\t\t\t\t\t\t<span itemprop='logo' itemscope itemtype='https:\/\/schema.org\/ImageObject'>\n\t\t\t\t\t\t\t<span itemprop='url'>https:\/\/dfvcg-events.de\/molkereikongress\/wp-content\/uploads\/sites\/21\/2021\/11\/molkerei-kongress-logo-header-2022.png<\/span>\n\t\t\t\t\t\t<\/span>\n\t\t\t\t<\/span><span class='av-structured-data'  itemprop=\"author\" itemscope=\"itemscope\" itemtype=\"https:\/\/schema.org\/Person\" ><span itemprop='name'>como<\/span><\/span><span class='av-structured-data'  itemprop=\"datePublished\" datetime=\"2021-11-19T14:39:27+01:00\" >2026-01-22 23:40:50<\/span><span class='av-structured-data'  itemprop=\"dateModified\" itemtype=\"https:\/\/schema.org\/dateModified\" >2026-01-22 23:40:50<\/span><span class='av-structured-data'  itemprop=\"mainEntityOfPage\" itemtype=\"https:\/\/schema.org\/mainEntityOfPage\" ><span itemprop='name'>TraceGains<\/span><\/span><\/span><\/article><\/div><div class=\"slide-entry-wrap\"><article class='slide-entry flex_column  post-entry post-entry-4723 slide-entry-overview slide-loop-9 slide-parity-odd  av_one_fourth first real-thumbnail posttype-post post-format-standard'  itemscope=\"itemscope\" itemtype=\"https:\/\/schema.org\/CreativeWork\" ><a href='https:\/\/dfvcg-events.de\/molkereikongress\/screenmakers\/' data-rel='slide-1' class='slide-image' title='SCREENMAKERS'><img decoding=\"async\" width=\"247\" height=\"185\" src=\"https:\/\/dfvcg-events.de\/molkereikongress\/wp-content\/uploads\/sites\/21\/2025\/01\/Logo_screenmakers-web.jpg\" class=\"attachment-portfolio_small size-portfolio_small wp-post-image\" alt=\"\" \/><\/a><div class=\"slide-content\"><header class=\"entry-content-header\" aria-label=\"Slide: SCREENMAKERS\"><\/header><\/div><footer class=\"entry-footer\"><\/footer><span class='hidden'>\n\t\t\t\t<span class='av-structured-data'  itemprop=\"image\" itemscope=\"itemscope\" itemtype=\"https:\/\/schema.org\/ImageObject\" >\n\t\t\t\t\t\t<span itemprop='url'>https:\/\/dfvcg-events.de\/molkereikongress\/wp-content\/uploads\/sites\/21\/2025\/01\/Logo_screenmakers-web.jpg<\/span>\n\t\t\t\t\t\t<span itemprop='height'>600<\/span>\n\t\t\t\t\t\t<span itemprop='width'>800<\/span>\n\t\t\t\t<\/span>\n\t\t\t\t<span class='av-structured-data'  itemprop=\"publisher\" itemtype=\"https:\/\/schema.org\/Organization\" itemscope=\"itemscope\" >\n\t\t\t\t\t\t<span itemprop='name'>como<\/span>\n\t\t\t\t\t\t<span itemprop='logo' itemscope itemtype='https:\/\/schema.org\/ImageObject'>\n\t\t\t\t\t\t\t<span itemprop='url'>https:\/\/dfvcg-events.de\/molkereikongress\/wp-content\/uploads\/sites\/21\/2021\/11\/molkerei-kongress-logo-header-2022.png<\/span>\n\t\t\t\t\t\t<\/span>\n\t\t\t\t<\/span><span class='av-structured-data'  itemprop=\"author\" itemscope=\"itemscope\" itemtype=\"https:\/\/schema.org\/Person\" ><span itemprop='name'>como<\/span><\/span><span class='av-structured-data'  itemprop=\"datePublished\" datetime=\"2021-11-19T14:39:27+01:00\" >2025-01-22 12:29:49<\/span><span class='av-structured-data'  itemprop=\"dateModified\" itemtype=\"https:\/\/schema.org\/dateModified\" >2026-02-05 00:42:14<\/span><span class='av-structured-data'  itemprop=\"mainEntityOfPage\" itemtype=\"https:\/\/schema.org\/mainEntityOfPage\" ><span itemprop='name'>SCREENMAKERS<\/span><\/span><\/span><\/article><article class='slide-entry flex_column  post-entry post-entry-4693 slide-entry-overview slide-loop-10 slide-parity-even  av_one_fourth  real-thumbnail posttype-post post-format-standard'  itemscope=\"itemscope\" itemtype=\"https:\/\/schema.org\/CreativeWork\" ><a href='https:\/\/dfvcg-events.de\/molkereikongress\/bord-bia\/' data-rel='slide-1' class='slide-image' title='Bord Bia'><img decoding=\"async\" width=\"247\" height=\"185\" src=\"https:\/\/dfvcg-events.de\/molkereikongress\/wp-content\/uploads\/sites\/21\/2024\/12\/Bord-Bia_web.jpg\" class=\"attachment-portfolio_small size-portfolio_small wp-post-image\" alt=\"\" \/><\/a><div class=\"slide-content\"><header class=\"entry-content-header\" aria-label=\"Slide: Bord Bia\"><\/header><\/div><footer class=\"entry-footer\"><\/footer><span class='hidden'>\n\t\t\t\t<span class='av-structured-data'  itemprop=\"image\" itemscope=\"itemscope\" itemtype=\"https:\/\/schema.org\/ImageObject\" >\n\t\t\t\t\t\t<span itemprop='url'>https:\/\/dfvcg-events.de\/molkereikongress\/wp-content\/uploads\/sites\/21\/2024\/12\/Bord-Bia_web.jpg<\/span>\n\t\t\t\t\t\t<span itemprop='height'>600<\/span>\n\t\t\t\t\t\t<span itemprop='width'>800<\/span>\n\t\t\t\t<\/span>\n\t\t\t\t<span class='av-structured-data'  itemprop=\"publisher\" itemtype=\"https:\/\/schema.org\/Organization\" itemscope=\"itemscope\" >\n\t\t\t\t\t\t<span itemprop='name'>como<\/span>\n\t\t\t\t\t\t<span itemprop='logo' itemscope itemtype='https:\/\/schema.org\/ImageObject'>\n\t\t\t\t\t\t\t<span itemprop='url'>https:\/\/dfvcg-events.de\/molkereikongress\/wp-content\/uploads\/sites\/21\/2021\/11\/molkerei-kongress-logo-header-2022.png<\/span>\n\t\t\t\t\t\t<\/span>\n\t\t\t\t<\/span><span class='av-structured-data'  itemprop=\"author\" itemscope=\"itemscope\" itemtype=\"https:\/\/schema.org\/Person\" ><span itemprop='name'>como<\/span><\/span><span class='av-structured-data'  itemprop=\"datePublished\" datetime=\"2021-11-19T14:39:27+01:00\" >2024-12-16 18:28:25<\/span><span class='av-structured-data'  itemprop=\"dateModified\" itemtype=\"https:\/\/schema.org\/dateModified\" >2026-02-06 02:27:56<\/span><span class='av-structured-data'  itemprop=\"mainEntityOfPage\" itemtype=\"https:\/\/schema.org\/mainEntityOfPage\" ><span itemprop='name'>Bord Bia<\/span><\/span><\/span><\/article><article class='slide-entry flex_column  post-entry post-entry-4683 slide-entry-overview slide-loop-11 slide-parity-odd  av_one_fourth  real-thumbnail posttype-post post-format-standard'  itemscope=\"itemscope\" itemtype=\"https:\/\/schema.org\/CreativeWork\" ><a href='https:\/\/dfvcg-events.de\/molkereikongress\/doinstruct\/' data-rel='slide-1' class='slide-image' title='doinstruct'><img decoding=\"async\" width=\"260\" height=\"185\" src=\"https:\/\/dfvcg-events.de\/molkereikongress\/wp-content\/uploads\/sites\/21\/2024\/12\/doinstruct-Logo-web-260x185.png\" class=\"attachment-portfolio_small size-portfolio_small wp-post-image\" alt=\"\" \/><\/a><div class=\"slide-content\"><header class=\"entry-content-header\" aria-label=\"Slide: doinstruct\"><\/header><\/div><footer class=\"entry-footer\"><\/footer><span class='hidden'>\n\t\t\t\t<span class='av-structured-data'  itemprop=\"image\" itemscope=\"itemscope\" itemtype=\"https:\/\/schema.org\/ImageObject\" >\n\t\t\t\t\t\t<span itemprop='url'>https:\/\/dfvcg-events.de\/molkereikongress\/wp-content\/uploads\/sites\/21\/2024\/12\/doinstruct-Logo-web.png<\/span>\n\t\t\t\t\t\t<span itemprop='height'>600<\/span>\n\t\t\t\t\t\t<span itemprop='width'>800<\/span>\n\t\t\t\t<\/span>\n\t\t\t\t<span class='av-structured-data'  itemprop=\"publisher\" itemtype=\"https:\/\/schema.org\/Organization\" itemscope=\"itemscope\" >\n\t\t\t\t\t\t<span itemprop='name'>como<\/span>\n\t\t\t\t\t\t<span itemprop='logo' itemscope itemtype='https:\/\/schema.org\/ImageObject'>\n\t\t\t\t\t\t\t<span itemprop='url'>https:\/\/dfvcg-events.de\/molkereikongress\/wp-content\/uploads\/sites\/21\/2021\/11\/molkerei-kongress-logo-header-2022.png<\/span>\n\t\t\t\t\t\t<\/span>\n\t\t\t\t<\/span><span class='av-structured-data'  itemprop=\"author\" itemscope=\"itemscope\" itemtype=\"https:\/\/schema.org\/Person\" ><span itemprop='name'>como<\/span><\/span><span class='av-structured-data'  itemprop=\"datePublished\" datetime=\"2021-11-19T14:39:27+01:00\" >2024-12-11 16:40:32<\/span><span class='av-structured-data'  itemprop=\"dateModified\" itemtype=\"https:\/\/schema.org\/dateModified\" >2026-02-19 17:43:19<\/span><span class='av-structured-data'  itemprop=\"mainEntityOfPage\" itemtype=\"https:\/\/schema.org\/mainEntityOfPage\" ><span itemprop='name'>doinstruct<\/span><\/span><\/span><\/article><article class='slide-entry flex_column  post-entry post-entry-4679 slide-entry-overview slide-loop-12 slide-parity-even  av_one_fourth  real-thumbnail posttype-post post-format-standard'  itemscope=\"itemscope\" itemtype=\"https:\/\/schema.org\/CreativeWork\" ><a href='https:\/\/dfvcg-events.de\/molkereikongress\/ds-smith\/' data-rel='slide-1' class='slide-image' title='DS Smith'><img decoding=\"async\" width=\"247\" height=\"185\" src=\"https:\/\/dfvcg-events.de\/molkereikongress\/wp-content\/uploads\/sites\/21\/2024\/12\/DS_Master_Full_CMYK_web-neu.jpg\" class=\"attachment-portfolio_small size-portfolio_small wp-post-image\" alt=\"\" \/><\/a><div class=\"slide-content\"><header class=\"entry-content-header\" aria-label=\"Slide: DS Smith\"><\/header><\/div><footer class=\"entry-footer\"><\/footer><span class='hidden'>\n\t\t\t\t<span class='av-structured-data'  itemprop=\"image\" itemscope=\"itemscope\" itemtype=\"https:\/\/schema.org\/ImageObject\" >\n\t\t\t\t\t\t<span itemprop='url'>https:\/\/dfvcg-events.de\/molkereikongress\/wp-content\/uploads\/sites\/21\/2024\/12\/DS_Master_Full_CMYK_web-neu.jpg<\/span>\n\t\t\t\t\t\t<span itemprop='height'>600<\/span>\n\t\t\t\t\t\t<span itemprop='width'>800<\/span>\n\t\t\t\t<\/span>\n\t\t\t\t<span class='av-structured-data'  itemprop=\"publisher\" itemtype=\"https:\/\/schema.org\/Organization\" itemscope=\"itemscope\" >\n\t\t\t\t\t\t<span itemprop='name'>como<\/span>\n\t\t\t\t\t\t<span itemprop='logo' itemscope itemtype='https:\/\/schema.org\/ImageObject'>\n\t\t\t\t\t\t\t<span itemprop='url'>https:\/\/dfvcg-events.de\/molkereikongress\/wp-content\/uploads\/sites\/21\/2021\/11\/molkerei-kongress-logo-header-2022.png<\/span>\n\t\t\t\t\t\t<\/span>\n\t\t\t\t<\/span><span class='av-structured-data'  itemprop=\"author\" itemscope=\"itemscope\" itemtype=\"https:\/\/schema.org\/Person\" ><span itemprop='name'>como<\/span><\/span><span class='av-structured-data'  itemprop=\"datePublished\" datetime=\"2021-11-19T14:39:27+01:00\" >2024-12-11 16:21:13<\/span><span class='av-structured-data'  itemprop=\"dateModified\" itemtype=\"https:\/\/schema.org\/dateModified\" >2025-12-09 00:21:33<\/span><span class='av-structured-data'  itemprop=\"mainEntityOfPage\" itemtype=\"https:\/\/schema.org\/mainEntityOfPage\" ><span itemprop='name'>DS Smith<\/span><\/span><\/span><\/article><\/div><div class=\"slide-entry-wrap\"><article class='slide-entry flex_column  post-entry post-entry-3176 slide-entry-overview slide-loop-13 slide-parity-odd  av_one_fourth first real-thumbnail posttype-post post-format-standard'  itemscope=\"itemscope\" itemtype=\"https:\/\/schema.org\/CreativeWork\" ><a href='https:\/\/dfvcg-events.de\/molkereikongress\/tetra-pak\/' data-rel='slide-1' class='slide-image' title='Tetra Pak'><img decoding=\"async\" width=\"247\" height=\"185\" src=\"https:\/\/dfvcg-events.de\/molkereikongress\/wp-content\/uploads\/sites\/21\/2023\/01\/TETRA_PAK_LOGO_DE_68_web-neu.jpg\" class=\"attachment-portfolio_small size-portfolio_small wp-post-image\" alt=\"\" \/><\/a><div class=\"slide-content\"><header class=\"entry-content-header\" aria-label=\"Slide: Tetra Pak\"><\/header><\/div><footer class=\"entry-footer\"><\/footer><span class='hidden'>\n\t\t\t\t<span class='av-structured-data'  itemprop=\"image\" itemscope=\"itemscope\" itemtype=\"https:\/\/schema.org\/ImageObject\" >\n\t\t\t\t\t\t<span itemprop='url'>https:\/\/dfvcg-events.de\/molkereikongress\/wp-content\/uploads\/sites\/21\/2023\/01\/TETRA_PAK_LOGO_DE_68_web-neu.jpg<\/span>\n\t\t\t\t\t\t<span itemprop='height'>600<\/span>\n\t\t\t\t\t\t<span itemprop='width'>800<\/span>\n\t\t\t\t<\/span>\n\t\t\t\t<span class='av-structured-data'  itemprop=\"publisher\" itemtype=\"https:\/\/schema.org\/Organization\" itemscope=\"itemscope\" >\n\t\t\t\t\t\t<span itemprop='name'>como<\/span>\n\t\t\t\t\t\t<span itemprop='logo' itemscope itemtype='https:\/\/schema.org\/ImageObject'>\n\t\t\t\t\t\t\t<span itemprop='url'>https:\/\/dfvcg-events.de\/molkereikongress\/wp-content\/uploads\/sites\/21\/2021\/11\/molkerei-kongress-logo-header-2022.png<\/span>\n\t\t\t\t\t\t<\/span>\n\t\t\t\t<\/span><span class='av-structured-data'  itemprop=\"author\" itemscope=\"itemscope\" itemtype=\"https:\/\/schema.org\/Person\" ><span itemprop='name'>como<\/span><\/span><span class='av-structured-data'  itemprop=\"datePublished\" datetime=\"2021-11-19T14:39:27+01:00\" >2023-01-17 12:00:20<\/span><span class='av-structured-data'  itemprop=\"dateModified\" itemtype=\"https:\/\/schema.org\/dateModified\" >2026-02-25 16:41:02<\/span><span class='av-structured-data'  itemprop=\"mainEntityOfPage\" itemtype=\"https:\/\/schema.org\/mainEntityOfPage\" ><span itemprop='name'>Tetra Pak<\/span><\/span><\/span><\/article><article class='slide-entry flex_column  post-entry post-entry-3161 slide-entry-overview slide-loop-14 slide-parity-even  av_one_fourth  real-thumbnail posttype-post post-format-standard'  itemscope=\"itemscope\" itemtype=\"https:\/\/schema.org\/CreativeWork\" ><a href='https:\/\/dfvcg-events.de\/molkereikongress\/condetta\/' data-rel='slide-1' class='slide-image' title='Condetta'><img decoding=\"async\" width=\"247\" height=\"185\" src=\"https:\/\/dfvcg-events.de\/molkereikongress\/wp-content\/uploads\/sites\/21\/2023\/01\/Condetta_Logo.eps_ohneClaim_Jun24-web.jpg\" class=\"attachment-portfolio_small size-portfolio_small wp-post-image\" alt=\"\" \/><\/a><div class=\"slide-content\"><header class=\"entry-content-header\" aria-label=\"Slide: Condetta\"><\/header><\/div><footer class=\"entry-footer\"><\/footer><span class='hidden'>\n\t\t\t\t<span class='av-structured-data'  itemprop=\"image\" itemscope=\"itemscope\" itemtype=\"https:\/\/schema.org\/ImageObject\" >\n\t\t\t\t\t\t<span itemprop='url'>https:\/\/dfvcg-events.de\/molkereikongress\/wp-content\/uploads\/sites\/21\/2023\/01\/Condetta_Logo.eps_ohneClaim_Jun24-web.jpg<\/span>\n\t\t\t\t\t\t<span itemprop='height'>600<\/span>\n\t\t\t\t\t\t<span itemprop='width'>800<\/span>\n\t\t\t\t<\/span>\n\t\t\t\t<span class='av-structured-data'  itemprop=\"publisher\" itemtype=\"https:\/\/schema.org\/Organization\" itemscope=\"itemscope\" >\n\t\t\t\t\t\t<span itemprop='name'>como<\/span>\n\t\t\t\t\t\t<span itemprop='logo' itemscope itemtype='https:\/\/schema.org\/ImageObject'>\n\t\t\t\t\t\t\t<span itemprop='url'>https:\/\/dfvcg-events.de\/molkereikongress\/wp-content\/uploads\/sites\/21\/2021\/11\/molkerei-kongress-logo-header-2022.png<\/span>\n\t\t\t\t\t\t<\/span>\n\t\t\t\t<\/span><span class='av-structured-data'  itemprop=\"author\" itemscope=\"itemscope\" itemtype=\"https:\/\/schema.org\/Person\" ><span itemprop='name'>como<\/span><\/span><span class='av-structured-data'  itemprop=\"datePublished\" datetime=\"2021-11-19T14:39:27+01:00\" >2023-01-17 11:42:45<\/span><span class='av-structured-data'  itemprop=\"dateModified\" itemtype=\"https:\/\/schema.org\/dateModified\" >2025-12-08 11:49:44<\/span><span class='av-structured-data'  itemprop=\"mainEntityOfPage\" itemtype=\"https:\/\/schema.org\/mainEntityOfPage\" ><span itemprop='name'>Condetta<\/span><\/span><\/span><\/article><article class='slide-entry flex_column  post-entry post-entry-2727 slide-entry-overview slide-loop-15 slide-parity-odd  av_one_fourth  real-thumbnail posttype-post post-format-standard'  itemscope=\"itemscope\" itemtype=\"https:\/\/schema.org\/CreativeWork\" ><a href='https:\/\/dfvcg-events.de\/molkereikongress\/infor\/' data-rel='slide-1' class='slide-image' title='Infor'><img decoding=\"async\" width=\"247\" height=\"185\" src=\"https:\/\/dfvcg-events.de\/molkereikongress\/wp-content\/uploads\/sites\/21\/2022\/03\/Infor-web.png\" class=\"attachment-portfolio_small size-portfolio_small wp-post-image\" alt=\"\" \/><\/a><div class=\"slide-content\"><header class=\"entry-content-header\" aria-label=\"Slide: Infor\"><\/header><\/div><footer class=\"entry-footer\"><\/footer><span class='hidden'>\n\t\t\t\t<span class='av-structured-data'  itemprop=\"image\" itemscope=\"itemscope\" itemtype=\"https:\/\/schema.org\/ImageObject\" >\n\t\t\t\t\t\t<span itemprop='url'>https:\/\/dfvcg-events.de\/molkereikongress\/wp-content\/uploads\/sites\/21\/2022\/03\/Infor-web.png<\/span>\n\t\t\t\t\t\t<span itemprop='height'>600<\/span>\n\t\t\t\t\t\t<span itemprop='width'>800<\/span>\n\t\t\t\t<\/span>\n\t\t\t\t<span class='av-structured-data'  itemprop=\"publisher\" itemtype=\"https:\/\/schema.org\/Organization\" itemscope=\"itemscope\" >\n\t\t\t\t\t\t<span itemprop='name'>como<\/span>\n\t\t\t\t\t\t<span itemprop='logo' itemscope itemtype='https:\/\/schema.org\/ImageObject'>\n\t\t\t\t\t\t\t<span itemprop='url'>https:\/\/dfvcg-events.de\/molkereikongress\/wp-content\/uploads\/sites\/21\/2021\/11\/molkerei-kongress-logo-header-2022.png<\/span>\n\t\t\t\t\t\t<\/span>\n\t\t\t\t<\/span><span class='av-structured-data'  itemprop=\"author\" itemscope=\"itemscope\" itemtype=\"https:\/\/schema.org\/Person\" ><span itemprop='name'>como<\/span><\/span><span class='av-structured-data'  itemprop=\"datePublished\" datetime=\"2021-11-19T14:39:27+01:00\" >2022-03-16 15:30:54<\/span><span class='av-structured-data'  itemprop=\"dateModified\" itemtype=\"https:\/\/schema.org\/dateModified\" >2025-12-09 00:27:51<\/span><span class='av-structured-data'  itemprop=\"mainEntityOfPage\" itemtype=\"https:\/\/schema.org\/mainEntityOfPage\" ><span itemprop='name'>Infor<\/span><\/span><\/span><\/article><article class='slide-entry flex_column  post-entry post-entry-2548 slide-entry-overview slide-loop-16 slide-parity-even  av_one_fourth  real-thumbnail posttype-post post-format-standard'  itemscope=\"itemscope\" itemtype=\"https:\/\/schema.org\/CreativeWork\" ><a href='https:\/\/dfvcg-events.de\/molkereikongress\/food-ideas\/' data-rel='slide-1' class='slide-image' title='Food Ideas &#8211; Patrizia Stitz'><img decoding=\"async\" width=\"247\" height=\"185\" src=\"https:\/\/dfvcg-events.de\/molkereikongress\/wp-content\/uploads\/sites\/21\/2022\/02\/FOOD-IDEAS-Logo_web-neu.jpg\" class=\"attachment-portfolio_small size-portfolio_small wp-post-image\" alt=\"\" \/><\/a><div class=\"slide-content\"><header class=\"entry-content-header\" aria-label=\"Slide: Food Ideas - Patrizia Stitz\"><\/header><\/div><footer class=\"entry-footer\"><\/footer><span class='hidden'>\n\t\t\t\t<span class='av-structured-data'  itemprop=\"image\" itemscope=\"itemscope\" itemtype=\"https:\/\/schema.org\/ImageObject\" >\n\t\t\t\t\t\t<span itemprop='url'>https:\/\/dfvcg-events.de\/molkereikongress\/wp-content\/uploads\/sites\/21\/2022\/02\/FOOD-IDEAS-Logo_web-neu.jpg<\/span>\n\t\t\t\t\t\t<span itemprop='height'>600<\/span>\n\t\t\t\t\t\t<span itemprop='width'>800<\/span>\n\t\t\t\t<\/span>\n\t\t\t\t<span class='av-structured-data'  itemprop=\"publisher\" itemtype=\"https:\/\/schema.org\/Organization\" itemscope=\"itemscope\" >\n\t\t\t\t\t\t<span itemprop='name'>como<\/span>\n\t\t\t\t\t\t<span itemprop='logo' itemscope itemtype='https:\/\/schema.org\/ImageObject'>\n\t\t\t\t\t\t\t<span itemprop='url'>https:\/\/dfvcg-events.de\/molkereikongress\/wp-content\/uploads\/sites\/21\/2021\/11\/molkerei-kongress-logo-header-2022.png<\/span>\n\t\t\t\t\t\t<\/span>\n\t\t\t\t<\/span><span class='av-structured-data'  itemprop=\"author\" itemscope=\"itemscope\" itemtype=\"https:\/\/schema.org\/Person\" ><span itemprop='name'>como<\/span><\/span><span class='av-structured-data'  itemprop=\"datePublished\" datetime=\"2021-11-19T14:39:27+01:00\" >2022-02-07 11:44:47<\/span><span class='av-structured-data'  itemprop=\"dateModified\" itemtype=\"https:\/\/schema.org\/dateModified\" >2025-12-09 00:26:51<\/span><span class='av-structured-data'  itemprop=\"mainEntityOfPage\" itemtype=\"https:\/\/schema.org\/mainEntityOfPage\" ><span itemprop='name'>Food Ideas &#8211; Patrizia Stitz<\/span><\/span><\/span><\/article><\/div><div class=\"slide-entry-wrap\"><article class='slide-entry flex_column  post-entry post-entry-2493 slide-entry-overview slide-loop-17 slide-parity-odd  av_one_fourth first real-thumbnail posttype-post post-format-standard'  itemscope=\"itemscope\" itemtype=\"https:\/\/schema.org\/CreativeWork\" ><a href='https:\/\/dfvcg-events.de\/molkereikongress\/vemag\/' data-rel='slide-1' class='slide-image' title='VEMAG'><img decoding=\"async\" width=\"247\" height=\"185\" src=\"https:\/\/dfvcg-events.de\/molkereikongress\/wp-content\/uploads\/sites\/21\/2022\/01\/Vemag_Logo_web-neu.jpg\" class=\"attachment-portfolio_small size-portfolio_small wp-post-image\" alt=\"\" \/><\/a><div class=\"slide-content\"><header class=\"entry-content-header\" aria-label=\"Slide: VEMAG\"><\/header><\/div><footer class=\"entry-footer\"><\/footer><span class='hidden'>\n\t\t\t\t<span class='av-structured-data'  itemprop=\"image\" itemscope=\"itemscope\" itemtype=\"https:\/\/schema.org\/ImageObject\" >\n\t\t\t\t\t\t<span itemprop='url'>https:\/\/dfvcg-events.de\/molkereikongress\/wp-content\/uploads\/sites\/21\/2022\/01\/Vemag_Logo_web-neu.jpg<\/span>\n\t\t\t\t\t\t<span itemprop='height'>600<\/span>\n\t\t\t\t\t\t<span itemprop='width'>800<\/span>\n\t\t\t\t<\/span>\n\t\t\t\t<span class='av-structured-data'  itemprop=\"publisher\" itemtype=\"https:\/\/schema.org\/Organization\" itemscope=\"itemscope\" >\n\t\t\t\t\t\t<span itemprop='name'>como<\/span>\n\t\t\t\t\t\t<span itemprop='logo' itemscope itemtype='https:\/\/schema.org\/ImageObject'>\n\t\t\t\t\t\t\t<span itemprop='url'>https:\/\/dfvcg-events.de\/molkereikongress\/wp-content\/uploads\/sites\/21\/2021\/11\/molkerei-kongress-logo-header-2022.png<\/span>\n\t\t\t\t\t\t<\/span>\n\t\t\t\t<\/span><span class='av-structured-data'  itemprop=\"author\" itemscope=\"itemscope\" itemtype=\"https:\/\/schema.org\/Person\" ><span itemprop='name'>como<\/span><\/span><span class='av-structured-data'  itemprop=\"datePublished\" datetime=\"2021-11-19T14:39:27+01:00\" >2022-01-30 16:37:08<\/span><span class='av-structured-data'  itemprop=\"dateModified\" itemtype=\"https:\/\/schema.org\/dateModified\" >2026-02-23 23:29:32<\/span><span class='av-structured-data'  itemprop=\"mainEntityOfPage\" itemtype=\"https:\/\/schema.org\/mainEntityOfPage\" ><span itemprop='name'>VEMAG<\/span><\/span><\/span><\/article><article class='slide-entry flex_column  post-entry post-entry-2467 slide-entry-overview slide-loop-18 slide-parity-even  av_one_fourth  real-thumbnail posttype-post post-format-standard'  itemscope=\"itemscope\" itemtype=\"https:\/\/schema.org\/CreativeWork\" ><a href='https:\/\/dfvcg-events.de\/molkereikongress\/smurfit-westrock\/' data-rel='slide-1' class='slide-image' title='Smurfit Westrock'><img decoding=\"async\" width=\"247\" height=\"185\" src=\"https:\/\/dfvcg-events.de\/molkereikongress\/wp-content\/uploads\/sites\/21\/2022\/01\/SW_LOGO_2COL_CMYK-web.jpg\" class=\"attachment-portfolio_small size-portfolio_small wp-post-image\" alt=\"\" \/><\/a><div class=\"slide-content\"><header class=\"entry-content-header\" aria-label=\"Slide: Smurfit Westrock\"><\/header><\/div><footer class=\"entry-footer\"><\/footer><span class='hidden'>\n\t\t\t\t<span class='av-structured-data'  itemprop=\"image\" itemscope=\"itemscope\" itemtype=\"https:\/\/schema.org\/ImageObject\" >\n\t\t\t\t\t\t<span itemprop='url'>https:\/\/dfvcg-events.de\/molkereikongress\/wp-content\/uploads\/sites\/21\/2022\/01\/SW_LOGO_2COL_CMYK-web.jpg<\/span>\n\t\t\t\t\t\t<span itemprop='height'>600<\/span>\n\t\t\t\t\t\t<span itemprop='width'>800<\/span>\n\t\t\t\t<\/span>\n\t\t\t\t<span class='av-structured-data'  itemprop=\"publisher\" itemtype=\"https:\/\/schema.org\/Organization\" itemscope=\"itemscope\" >\n\t\t\t\t\t\t<span itemprop='name'>como<\/span>\n\t\t\t\t\t\t<span itemprop='logo' itemscope itemtype='https:\/\/schema.org\/ImageObject'>\n\t\t\t\t\t\t\t<span itemprop='url'>https:\/\/dfvcg-events.de\/molkereikongress\/wp-content\/uploads\/sites\/21\/2021\/11\/molkerei-kongress-logo-header-2022.png<\/span>\n\t\t\t\t\t\t<\/span>\n\t\t\t\t<\/span><span class='av-structured-data'  itemprop=\"author\" itemscope=\"itemscope\" itemtype=\"https:\/\/schema.org\/Person\" ><span itemprop='name'>como<\/span><\/span><span class='av-structured-data'  itemprop=\"datePublished\" datetime=\"2021-11-19T14:39:27+01:00\" >2022-01-19 16:10:17<\/span><span class='av-structured-data'  itemprop=\"dateModified\" itemtype=\"https:\/\/schema.org\/dateModified\" >2025-12-09 00:30:31<\/span><span class='av-structured-data'  itemprop=\"mainEntityOfPage\" itemtype=\"https:\/\/schema.org\/mainEntityOfPage\" ><span itemprop='name'>Smurfit Westrock<\/span><\/span><\/span><\/article><article class='slide-entry flex_column  post-entry post-entry-1905 slide-entry-overview slide-loop-19 slide-parity-odd  av_one_fourth  real-thumbnail posttype-post post-format-standard'  itemscope=\"itemscope\" itemtype=\"https:\/\/schema.org\/CreativeWork\" ><a href='https:\/\/dfvcg-events.de\/molkereikongress\/wbg-pooling\/' data-rel='slide-1' class='slide-image' title='WBG-Pooling'><img decoding=\"async\" width=\"247\" height=\"185\" src=\"https:\/\/dfvcg-events.de\/molkereikongress\/wp-content\/uploads\/sites\/21\/2024\/01\/WBG-Pooling-web.png\" class=\"attachment-portfolio_small size-portfolio_small wp-post-image\" alt=\"\" \/><\/a><div class=\"slide-content\"><header class=\"entry-content-header\" aria-label=\"Slide: WBG-Pooling\"><\/header><\/div><footer class=\"entry-footer\"><\/footer><span class='hidden'>\n\t\t\t\t<span class='av-structured-data'  itemprop=\"image\" itemscope=\"itemscope\" itemtype=\"https:\/\/schema.org\/ImageObject\" >\n\t\t\t\t\t\t<span itemprop='url'>https:\/\/dfvcg-events.de\/molkereikongress\/wp-content\/uploads\/sites\/21\/2024\/01\/WBG-Pooling-web.png<\/span>\n\t\t\t\t\t\t<span itemprop='height'>600<\/span>\n\t\t\t\t\t\t<span itemprop='width'>800<\/span>\n\t\t\t\t<\/span>\n\t\t\t\t<span class='av-structured-data'  itemprop=\"publisher\" itemtype=\"https:\/\/schema.org\/Organization\" itemscope=\"itemscope\" >\n\t\t\t\t\t\t<span itemprop='name'>zeus<\/span>\n\t\t\t\t\t\t<span itemprop='logo' itemscope itemtype='https:\/\/schema.org\/ImageObject'>\n\t\t\t\t\t\t\t<span itemprop='url'>https:\/\/dfvcg-events.de\/molkereikongress\/wp-content\/uploads\/sites\/21\/2021\/11\/molkerei-kongress-logo-header-2022.png<\/span>\n\t\t\t\t\t\t<\/span>\n\t\t\t\t<\/span><span class='av-structured-data'  itemprop=\"author\" itemscope=\"itemscope\" itemtype=\"https:\/\/schema.org\/Person\" ><span itemprop='name'>zeus<\/span><\/span><span class='av-structured-data'  itemprop=\"datePublished\" datetime=\"2021-11-19T14:39:27+01:00\" >2021-07-07 20:06:56<\/span><span class='av-structured-data'  itemprop=\"dateModified\" itemtype=\"https:\/\/schema.org\/dateModified\" >2025-12-08 11:53:25<\/span><span class='av-structured-data'  itemprop=\"mainEntityOfPage\" itemtype=\"https:\/\/schema.org\/mainEntityOfPage\" ><span itemprop='name'>WBG-Pooling<\/span><\/span><\/span><\/article><article class='slide-entry flex_column  post-entry post-entry-1408 slide-entry-overview slide-loop-20 slide-parity-even  av_one_fourth  real-thumbnail posttype-post post-format-standard'  itemscope=\"itemscope\" itemtype=\"https:\/\/schema.org\/CreativeWork\" ><a href='https:\/\/dfvcg-events.de\/molkereikongress\/frischpack\/' data-rel='slide-1' class='slide-image' title='Frischpack'><img decoding=\"async\" width=\"247\" height=\"185\" src=\"https:\/\/dfvcg-events.de\/molkereikongress\/wp-content\/uploads\/sites\/21\/2021\/01\/Frischpack-web.jpg\" class=\"attachment-portfolio_small size-portfolio_small wp-post-image\" alt=\"\" \/><\/a><div class=\"slide-content\"><header class=\"entry-content-header\" aria-label=\"Slide: Frischpack\"><\/header><\/div><footer class=\"entry-footer\"><\/footer><span class='hidden'>\n\t\t\t\t<span class='av-structured-data'  itemprop=\"image\" itemscope=\"itemscope\" itemtype=\"https:\/\/schema.org\/ImageObject\" >\n\t\t\t\t\t\t<span itemprop='url'>https:\/\/dfvcg-events.de\/molkereikongress\/wp-content\/uploads\/sites\/21\/2021\/01\/Frischpack-web.jpg<\/span>\n\t\t\t\t\t\t<span itemprop='height'>600<\/span>\n\t\t\t\t\t\t<span itemprop='width'>800<\/span>\n\t\t\t\t<\/span>\n\t\t\t\t<span class='av-structured-data'  itemprop=\"publisher\" itemtype=\"https:\/\/schema.org\/Organization\" itemscope=\"itemscope\" >\n\t\t\t\t\t\t<span itemprop='name'>zeus<\/span>\n\t\t\t\t\t\t<span itemprop='logo' itemscope itemtype='https:\/\/schema.org\/ImageObject'>\n\t\t\t\t\t\t\t<span itemprop='url'>https:\/\/dfvcg-events.de\/molkereikongress\/wp-content\/uploads\/sites\/21\/2021\/11\/molkerei-kongress-logo-header-2022.png<\/span>\n\t\t\t\t\t\t<\/span>\n\t\t\t\t<\/span><span class='av-structured-data'  itemprop=\"author\" itemscope=\"itemscope\" itemtype=\"https:\/\/schema.org\/Person\" ><span itemprop='name'>zeus<\/span><\/span><span class='av-structured-data'  itemprop=\"datePublished\" datetime=\"2021-11-19T14:39:27+01:00\" >2021-01-12 19:02:02<\/span><span class='av-structured-data'  itemprop=\"dateModified\" itemtype=\"https:\/\/schema.org\/dateModified\" >2026-01-13 11:55:34<\/span><span class='av-structured-data'  itemprop=\"mainEntityOfPage\" itemtype=\"https:\/\/schema.org\/mainEntityOfPage\" ><span itemprop='name'>Frischpack<\/span><\/span><\/span><\/article><\/div><div class=\"slide-entry-wrap\"><article class='slide-entry flex_column  post-entry post-entry-1360 slide-entry-overview slide-loop-21 slide-parity-odd  av_one_fourth first real-thumbnail posttype-post post-format-standard'  itemscope=\"itemscope\" itemtype=\"https:\/\/schema.org\/CreativeWork\" ><a href='https:\/\/dfvcg-events.de\/molkereikongress\/weber-food-technology\/' data-rel='slide-1' class='slide-image' title='Weber Food Technology'><img decoding=\"async\" width=\"247\" height=\"185\" src=\"https:\/\/dfvcg-events.de\/molkereikongress\/wp-content\/uploads\/sites\/21\/2024\/01\/Weber-web.jpg\" class=\"attachment-portfolio_small size-portfolio_small wp-post-image\" alt=\"\" \/><\/a><div class=\"slide-content\"><header class=\"entry-content-header\" aria-label=\"Slide: Weber Food Technology\"><\/header><\/div><footer class=\"entry-footer\"><\/footer><span class='hidden'>\n\t\t\t\t<span class='av-structured-data'  itemprop=\"image\" itemscope=\"itemscope\" itemtype=\"https:\/\/schema.org\/ImageObject\" >\n\t\t\t\t\t\t<span itemprop='url'>https:\/\/dfvcg-events.de\/molkereikongress\/wp-content\/uploads\/sites\/21\/2024\/01\/Weber-web.jpg<\/span>\n\t\t\t\t\t\t<span itemprop='height'>600<\/span>\n\t\t\t\t\t\t<span itemprop='width'>800<\/span>\n\t\t\t\t<\/span>\n\t\t\t\t<span class='av-structured-data'  itemprop=\"publisher\" itemtype=\"https:\/\/schema.org\/Organization\" itemscope=\"itemscope\" >\n\t\t\t\t\t\t<span itemprop='name'>zeus<\/span>\n\t\t\t\t\t\t<span itemprop='logo' itemscope itemtype='https:\/\/schema.org\/ImageObject'>\n\t\t\t\t\t\t\t<span itemprop='url'>https:\/\/dfvcg-events.de\/molkereikongress\/wp-content\/uploads\/sites\/21\/2021\/11\/molkerei-kongress-logo-header-2022.png<\/span>\n\t\t\t\t\t\t<\/span>\n\t\t\t\t<\/span><span class='av-structured-data'  itemprop=\"author\" itemscope=\"itemscope\" itemtype=\"https:\/\/schema.org\/Person\" ><span itemprop='name'>zeus<\/span><\/span><span class='av-structured-data'  itemprop=\"datePublished\" datetime=\"2021-11-19T14:39:27+01:00\" >2020-12-15 18:05:36<\/span><span class='av-structured-data'  itemprop=\"dateModified\" itemtype=\"https:\/\/schema.org\/dateModified\" >2026-01-22 23:35:30<\/span><span class='av-structured-data'  itemprop=\"mainEntityOfPage\" itemtype=\"https:\/\/schema.org\/mainEntityOfPage\" ><span itemprop='name'>Weber Food Technology<\/span><\/span><\/span><\/article><article class='slide-entry flex_column  post-entry post-entry-218 slide-entry-overview slide-loop-22 slide-parity-even  post-entry-last  av_one_fourth  real-thumbnail posttype-post post-format-standard'  itemscope=\"itemscope\" itemtype=\"https:\/\/schema.org\/CreativeWork\" ><a href='https:\/\/dfvcg-events.de\/molkereikongress\/csb-system\/' data-rel='slide-1' class='slide-image' title='CSB-System'><img decoding=\"async\" width=\"247\" height=\"185\" src=\"https:\/\/dfvcg-events.de\/molkereikongress\/wp-content\/uploads\/sites\/21\/2024\/01\/CSB-System-web1.jpg\" class=\"attachment-portfolio_small size-portfolio_small wp-post-image\" alt=\"\" \/><\/a><div class=\"slide-content\"><header class=\"entry-content-header\" aria-label=\"Slide: CSB-System\"><\/header><\/div><footer class=\"entry-footer\"><\/footer><span class='hidden'>\n\t\t\t\t<span class='av-structured-data'  itemprop=\"image\" itemscope=\"itemscope\" itemtype=\"https:\/\/schema.org\/ImageObject\" >\n\t\t\t\t\t\t<span itemprop='url'>https:\/\/dfvcg-events.de\/molkereikongress\/wp-content\/uploads\/sites\/21\/2024\/01\/CSB-System-web1.jpg<\/span>\n\t\t\t\t\t\t<span itemprop='height'>600<\/span>\n\t\t\t\t\t\t<span itemprop='width'>800<\/span>\n\t\t\t\t<\/span>\n\t\t\t\t<span class='av-structured-data'  itemprop=\"publisher\" itemtype=\"https:\/\/schema.org\/Organization\" itemscope=\"itemscope\" >\n\t\t\t\t\t\t<span itemprop='name'>Typoindex<\/span>\n\t\t\t\t\t\t<span itemprop='logo' itemscope itemtype='https:\/\/schema.org\/ImageObject'>\n\t\t\t\t\t\t\t<span itemprop='url'>https:\/\/dfvcg-events.de\/molkereikongress\/wp-content\/uploads\/sites\/21\/2021\/11\/molkerei-kongress-logo-header-2022.png<\/span>\n\t\t\t\t\t\t<\/span>\n\t\t\t\t<\/span><span class='av-structured-data'  itemprop=\"author\" itemscope=\"itemscope\" itemtype=\"https:\/\/schema.org\/Person\" ><span itemprop='name'>Typoindex<\/span><\/span><span class='av-structured-data'  itemprop=\"datePublished\" datetime=\"2021-11-19T14:39:27+01:00\" >2020-03-19 23:45:54<\/span><span class='av-structured-data'  itemprop=\"dateModified\" itemtype=\"https:\/\/schema.org\/dateModified\" >2025-12-08 11:56:01<\/span><span class='av-structured-data'  itemprop=\"mainEntityOfPage\" itemtype=\"https:\/\/schema.org\/mainEntityOfPage\" ><span itemprop='name'>CSB-System<\/span><\/span><\/span><\/article><\/div><\/div><div class='avia-slideshow-arrows avia-slideshow-controls' ><a href='#prev' class='prev-slide  avia-svg-icon avia-font-svg_entypo-fontello' data-av_svg_icon='left-open-big' data-av_iconset='svg_entypo-fontello' tabindex='-1' title=\"Zur\u00fcck\"><svg version=\"1.1\" xmlns=\"http:\/\/www.w3.org\/2000\/svg\" width=\"15\" height=\"32\" viewBox=\"0 0 15 32\" preserveAspectRatio=\"xMidYMid meet\" aria-labelledby='av-svg-title-24' aria-describedby='av-svg-desc-24' role=\"graphics-symbol\" aria-hidden=\"true\">\n<title id='av-svg-title-24'>Zur\u00fcck<\/title>\n<desc id='av-svg-desc-24'>Zur\u00fcck<\/desc>\n<path d=\"M14.464 27.84q0.832 0.832 0 1.536-0.832 0.832-1.536 0l-12.544-12.608q-0.768-0.768 0-1.6l12.544-12.608q0.704-0.832 1.536 0 0.832 0.704 0 1.536l-11.456 11.904z\"><\/path>\n<\/svg><span class='avia_hidden_link_text'>Zur\u00fcck<\/span><\/a><a href='#next' class='next-slide  avia-svg-icon avia-font-svg_entypo-fontello' data-av_svg_icon='right-open-big' data-av_iconset='svg_entypo-fontello' tabindex='-1' title=\"Weiter\"><svg version=\"1.1\" xmlns=\"http:\/\/www.w3.org\/2000\/svg\" width=\"15\" height=\"32\" viewBox=\"0 0 15 32\" preserveAspectRatio=\"xMidYMid meet\" aria-labelledby='av-svg-title-25' aria-describedby='av-svg-desc-25' role=\"graphics-symbol\" aria-hidden=\"true\">\n<title id='av-svg-title-25'>Weiter<\/title>\n<desc id='av-svg-desc-25'>Weiter<\/desc>\n<path d=\"M0.416 27.84l11.456-11.84-11.456-11.904q-0.832-0.832 0-1.536 0.832-0.832 1.536 0l12.544 12.608q0.768 0.832 0 1.6l-12.544 12.608q-0.704 0.832-1.536 0-0.832-0.704 0-1.536z\"><\/path>\n<\/svg><span class='avia_hidden_link_text'>Weiter<\/span><\/a><\/div><\/div>\n\n<\/div><\/div><\/div><!-- close content main div --><\/div><\/div><div id='av_section_5'  class='avia-section av-1va8pt-04bff78379d2f079ac15a9fa5a8722fa main_color avia-section-default avia-no-shadow  avia-builder-el-19  el_after_av_section  el_before_av_section  av-desktop-hide av-medium-hide av-small-hide av-mini-hide avia-bg-style-scroll container_wrap fullsize'  ><div class='container av-section-cont-open' ><div class='template-page content  av-content-full alpha units'><div class='post-entry post-entry-type-page post-entry-2129'><div class='entry-content-wrapper clearfix'>\n\n<style type=\"text\/css\" data-created_by=\"avia_inline_auto\" id=\"style-css-av-mo9tieh1-02d220f312aa8aec258bb1331712b02b\">\n#top .av-special-heading.av-mo9tieh1-02d220f312aa8aec258bb1331712b02b{\npadding-bottom:10px;\n}\nbody .av-special-heading.av-mo9tieh1-02d220f312aa8aec258bb1331712b02b .av-special-heading-tag .heading-char{\nfont-size:25px;\n}\n.av-special-heading.av-mo9tieh1-02d220f312aa8aec258bb1331712b02b .av-subheading{\nfont-size:19px;\n}\n<\/style>\n<div  class='av-special-heading av-mo9tieh1-02d220f312aa8aec258bb1331712b02b av-special-heading-h1 blockquote modern-quote  avia-builder-el-20  el_before_av_masonry_gallery  avia-builder-el-no-sibling '><h1 class='av-special-heading-tag '  itemprop=\"headline\"  >Impressionen 2026<\/h1><div class='av-subheading av-subheading_below'><p>Das war der Molkerei Kongress 2026 in Bildern (\u00a9 Hans-Rudolf Schulz)<\/p>\n<\/div><div class=\"special-heading-border\"><div class=\"special-heading-inner-border\"><\/div><\/div><\/div>\n<div id='av-masonry-2' class='av-masonry av-m92ij7yu-f9e2778867a6ff7753d97567dfaf2e33 noHover av-fixed-size av-large-gap av-hover-overlay- av-masonry-animation- av-masonry-col-4 av-caption-always av-caption-style- av-masonry-gallery impressionen-masonry' data-post_id=\"2129\"><div class=\"av-masonry-container isotope av-js-disabled\"><div class='av-masonry-entry isotope-item av-masonry-item-no-image '><\/div><a href=\"https:\/\/dfvcg-events.de\/molkereikongress\/wp-content\/uploads\/sites\/21\/2025\/04\/IMG_8841.jpg\"  aria-label=\"Bild IMG_8841\"  id='av-masonry-2-item-5373' data-av-masonry-item='5373' class='av-masonry-entry isotope-item post-5373 attachment type-attachment status-inherit hentry  av-masonry-item-with-image' title=\"\" alt=\"\"    itemprop=\"thumbnailUrl\" ><div class='av-inner-masonry-sizer'><\/div><figure class='av-inner-masonry main_color'><div class=\"av-masonry-outerimage-container\"><div class='av-masonry-image-container' style=\"background-image: url(https:\/\/dfvcg-events.de\/molkereikongress\/wp-content\/uploads\/sites\/21\/2025\/04\/IMG_8841-705x470.jpg);\"  title=\"IMG_8841\" ><\/div><\/div><\/figure><\/a><!--end av-masonry entry--><a href=\"https:\/\/dfvcg-events.de\/molkereikongress\/wp-content\/uploads\/sites\/21\/2025\/04\/IMG_8752.jpg\"  aria-label=\"Bild IMG_8752\"  id='av-masonry-2-item-5391' data-av-masonry-item='5391' class='av-masonry-entry isotope-item post-5391 attachment type-attachment status-inherit hentry  av-masonry-item-with-image' title=\"\" alt=\"\"    itemprop=\"thumbnailUrl\" ><div class='av-inner-masonry-sizer'><\/div><figure class='av-inner-masonry main_color'><div class=\"av-masonry-outerimage-container\"><div class='av-masonry-image-container' style=\"background-image: url(https:\/\/dfvcg-events.de\/molkereikongress\/wp-content\/uploads\/sites\/21\/2025\/04\/IMG_8752-705x417.jpg);\"  title=\"IMG_8752\" ><\/div><\/div><\/figure><\/a><!--end av-masonry entry--><a href=\"https:\/\/dfvcg-events.de\/molkereikongress\/wp-content\/uploads\/sites\/21\/2025\/04\/IMG_4881.jpg\"  aria-label=\"Bild IMG_4881\"  id='av-masonry-2-item-5389' data-av-masonry-item='5389' class='av-masonry-entry isotope-item post-5389 attachment type-attachment status-inherit hentry  av-masonry-item-with-image' title=\"\" alt=\"\"    itemprop=\"thumbnailUrl\" ><div class='av-inner-masonry-sizer'><\/div><figure class='av-inner-masonry main_color'><div class=\"av-masonry-outerimage-container\"><div class='av-masonry-image-container' style=\"background-image: url(https:\/\/dfvcg-events.de\/molkereikongress\/wp-content\/uploads\/sites\/21\/2025\/04\/IMG_4881-705x456.jpg);\"  title=\"IMG_4881\" ><\/div><\/div><\/figure><\/a><!--end av-masonry entry--><a href=\"https:\/\/dfvcg-events.de\/molkereikongress\/wp-content\/uploads\/sites\/21\/2025\/04\/IMG_8751.jpg\"  aria-label=\"Bild IMG_8751\"  id='av-masonry-2-item-5390' data-av-masonry-item='5390' class='av-masonry-entry isotope-item post-5390 attachment type-attachment status-inherit hentry  av-masonry-item-with-image' title=\"\" alt=\"\"    itemprop=\"thumbnailUrl\" ><div class='av-inner-masonry-sizer'><\/div><figure class='av-inner-masonry main_color'><div class=\"av-masonry-outerimage-container\"><div class='av-masonry-image-container' style=\"background-image: url(https:\/\/dfvcg-events.de\/molkereikongress\/wp-content\/uploads\/sites\/21\/2025\/04\/IMG_8751-705x487.jpg);\"  title=\"IMG_8751\" ><\/div><\/div><\/figure><\/a><!--end av-masonry entry--><\/div><\/div>\n\n<style type=\"text\/css\" data-created_by=\"avia_inline_auto\" id=\"style-css-av-3si3i9-443d6059319c4253e84f0ead2c5287eb\">\n#top .hr.hr-invisible.av-3si3i9-443d6059319c4253e84f0ead2c5287eb{\nheight:40px;\n}\n<\/style>\n<div  class='hr av-3si3i9-443d6059319c4253e84f0ead2c5287eb hr-invisible  avia-builder-el-22  el_after_av_masonry_gallery  el_before_av_button  avia-builder-el-first '><span class='hr-inner '><span class=\"hr-inner-style\"><\/span><\/span><\/div>\n<div  class='avia-button-wrap av-27fp69-d97a800a195f8ec118eabea131f6101e-wrap avia-button-center  avia-builder-el-23  el_after_av_hr  avia-builder-el-last '>\n<style type=\"text\/css\" data-created_by=\"avia_inline_auto\" id=\"style-css-av-27fp69-d97a800a195f8ec118eabea131f6101e\">\n#top #wrap_all .avia-button.av-27fp69-d97a800a195f8ec118eabea131f6101e:hover{\ncolor:white;\ntransition:all 0.4s ease-in-out;\n}\n#top #wrap_all .avia-button.av-27fp69-d97a800a195f8ec118eabea131f6101e:hover .avia-svg-icon svg:first-child{\nfill:white;\nstroke:white;\n}\n<\/style>\n<a href='https:\/\/dfvcg-events.de\/molkereikongress\/impressionen\/'  class='avia-button av-27fp69-d97a800a195f8ec118eabea131f6101e av-link-btn avia-icon_select-no avia-size-x-large avia-position-center avia-color-theme-color avia-font-color-theme-color'  target=\"_blank\"  rel=\"noopener noreferrer\"  aria-label=\"Jetzt alle Bilder anschauen!\"><span class='avia_iconbox_title' >Jetzt alle Bilder anschauen!<\/span><span class='avia_button_background avia-button avia-color-theme-color-highlight' ><\/span><\/a><\/div>\n\n<\/div><\/div><\/div><!-- close content main div --><\/div><\/div><div id='av_section_6'  class='avia-section av-k7yuhjt1-1-8c6b5a5e377b0450085fd05bde0405c5 main_color avia-section-default avia-no-shadow  avia-builder-el-24  el_after_av_section  el_before_av_section  av-desktop-hide av-medium-hide av-small-hide av-mini-hide avia-bg-style-scroll container_wrap fullsize'  ><div class='container av-section-cont-open' ><div class='template-page content  av-content-full alpha units'><div class='post-entry post-entry-type-page post-entry-2129'><div class='entry-content-wrapper clearfix'>\n<div class='flex_column_table av-d7cry-f6d49bcf53b962797fe1aba793f058e1 sc-av_one_fourth av-break-at-tablet-flextable av-equal-height-column-flextable'>\n<style type=\"text\/css\" data-created_by=\"avia_inline_auto\" id=\"style-css-av-d7cry-f6d49bcf53b962797fe1aba793f058e1\">\n.flex_column.av-d7cry-f6d49bcf53b962797fe1aba793f058e1{\nborder-radius:0px 0px 0px 0px;\npadding:0px 0px 0px 0px;\n}\n<\/style>\n<div  class='flex_column av-d7cry-f6d49bcf53b962797fe1aba793f058e1 av_one_fourth  avia-builder-el-25  el_before_av_three_fourth  avia-builder-el-first  first av-break-at-tablet flex_column_table_cell av-equal-height-column av-align-middle av-zero-column-padding  '     ><p>\n<style type=\"text\/css\" data-created_by=\"avia_inline_auto\" id=\"style-css-av-ko9z7avg-29ee3e8c64e82753465ce860185e7069\">\n#top .av-special-heading.av-ko9z7avg-29ee3e8c64e82753465ce860185e7069{\npadding-bottom:35px;\n}\nbody .av-special-heading.av-ko9z7avg-29ee3e8c64e82753465ce860185e7069 .av-special-heading-tag .heading-char{\nfont-size:25px;\n}\n.av-special-heading.av-ko9z7avg-29ee3e8c64e82753465ce860185e7069 .av-subheading{\nfont-size:19px;\n}\n<\/style>\n<div  class='av-special-heading av-ko9z7avg-29ee3e8c64e82753465ce860185e7069 av-special-heading-h2 blockquote modern-quote  avia-builder-el-26  el_before_av_textblock  avia-builder-el-first '><h2 class='av-special-heading-tag '  itemprop=\"headline\"  >Location<\/h2><div class=\"special-heading-border\"><div class=\"special-heading-inner-border\"><\/div><\/div><\/div><br \/>\n<section  class='av_textblock_section av-k7z3il24-24318a601660a4fdefa4c28fc36b6e16 '   itemscope=\"itemscope\" itemtype=\"https:\/\/schema.org\/CreativeWork\" ><div class='avia_textblock'  itemprop=\"text\" ><p><strong>Hilton Munich Airport<\/strong><\/p>\n<p>Terminalstra\u00dfe Mitte 20<br \/>\n85356 M\u00fcnchen-Flughafen<\/p>\n<\/div><\/section><br \/>\n<div  class='avia-button-wrap av-k7xsmivx-2-df68be29137b32edd7fe4749865daaf0-wrap avia-button-left  avia-builder-el-28  el_after_av_textblock  avia-builder-el-last '><a href='https:\/\/dfvcg-events.de\/molkereikongress\/location-anreise\/'  class='avia-button av-k7xsmivx-2-df68be29137b32edd7fe4749865daaf0 av-link-btn avia-icon_select-yes-left-icon avia-size-x-large avia-position-left avia-color-theme-color'   aria-label=\"Location, Hotel &amp; Anreise\"><span class='avia_button_icon avia_button_icon_left avia-iconfont avia-font-entypo-fontello' data-av_icon='\ue842' data-av_iconfont='entypo-fontello' ><\/span><span class='avia_iconbox_title' >Location, Hotel &amp; Anreise<\/span><\/a><\/div><\/p><\/div><div class='av-flex-placeholder'><\/div>\n<style type=\"text\/css\" data-created_by=\"avia_inline_auto\" id=\"style-css-av-k7z9th4t-22beabd505fd55696bce2d170fb20ce5\">\n.flex_column.av-k7z9th4t-22beabd505fd55696bce2d170fb20ce5{\nborder-radius:0px 0px 0px 0px;\npadding:0px 0px 0px 0px;\n}\n<\/style>\n<div  class='flex_column av-k7z9th4t-22beabd505fd55696bce2d170fb20ce5 av_three_fourth  avia-builder-el-29  el_after_av_one_fourth  avia-builder-el-last  av-break-at-tablet flex_column_table_cell av-equal-height-column av-align-middle av-zero-column-padding  '     ><div  class='av_gmaps_sc_main_wrap av_gmaps_main_wrap '><div id='av_gmap_0' class='avia-google-map-container avia-google-map-sc av_gmaps_show_unconditionally av-no-fallback-img ' data-mapid='av_gmap_0'  style='height: 400px;'><a class=\"av_gmaps_browser_disabled av_text_confirm_link av_text_confirm_link_visible\" href=\"https:\/\/www.google.com\/maps\/search\/?api=1&#038;query=Terminalstra\u00dfe%20Mitte%2020%2085356%20M\u00fcnchen%20Bayern\" target=\"_blank\">Karten wurden vom Besucher auf dieser Webseite deaktiviert. Klicken Sie hier, um die Karte in einem neuen Fenster zu \u00f6ffnen.<\/a><\/div><\/div><\/div><\/div><!--close column table wrapper. Autoclose: 1 -->\n\n<\/div><\/div><\/div><!-- close content main div --><\/div><\/div><div id='av_section_7'  class='avia-section av-8iy2kh-0df6d5f8a9507d39ff46f306b26c816d main_color avia-section-default avia-no-shadow  avia-builder-el-31  el_after_av_section  avia-builder-el-last  avia-bg-style-scroll container_wrap fullsize'  ><div class='container av-section-cont-open' ><div class='template-page content  av-content-full alpha units'><div class='post-entry post-entry-type-page post-entry-2129'><div class='entry-content-wrapper clearfix'>\n\n<style type=\"text\/css\" data-created_by=\"avia_inline_auto\" id=\"style-css-av-lrficvsu-7215f3f6e697ed8f0fc13892e5867552\">\n#top .av-special-heading.av-lrficvsu-7215f3f6e697ed8f0fc13892e5867552{\npadding-bottom:35px;\n}\nbody .av-special-heading.av-lrficvsu-7215f3f6e697ed8f0fc13892e5867552 .av-special-heading-tag .heading-char{\nfont-size:25px;\n}\n.av-special-heading.av-lrficvsu-7215f3f6e697ed8f0fc13892e5867552 .av-subheading{\nfont-size:19px;\n}\n<\/style>\n<div  class='av-special-heading av-lrficvsu-7215f3f6e697ed8f0fc13892e5867552 av-special-heading-h2 blockquote modern-quote  avia-builder-el-32  el_before_av_one_fourth  avia-builder-el-first '><h2 class='av-special-heading-tag '  itemprop=\"headline\"  >Ihre Ansprechpartner:innen<\/h2><div class=\"special-heading-border\"><div class=\"special-heading-inner-border\"><\/div><\/div><\/div>\n<div class='flex_column_table av-76yj7l-1178679c2c5a2af52ed5decb0451d526 sc-av_one_fourth av-break-at-tablet-flextable av-equal-height-column-flextable'>\n<style type=\"text\/css\" data-created_by=\"avia_inline_auto\" id=\"style-css-av-76yj7l-1178679c2c5a2af52ed5decb0451d526\">\n.flex_column.av-76yj7l-1178679c2c5a2af52ed5decb0451d526{\nborder-radius:0px 0px 0px 0px;\npadding:0px 0px 0px 0px;\n}\n<\/style>\n<div  class='flex_column av-76yj7l-1178679c2c5a2af52ed5decb0451d526 av_one_fourth  avia-builder-el-33  el_after_av_heading  el_before_av_one_fourth  first av-break-at-tablet flex_column_table_cell av-equal-height-column av-align-middle av-zero-column-padding  '     ><section  class='av_textblock_section av-lrfidm58-b6c64babad64af1a28d00672babd1fd6 '   itemscope=\"itemscope\" itemtype=\"https:\/\/schema.org\/CreativeWork\" ><div class='avia_textblock'  itemprop=\"text\" ><p><strong>Projektleitung &amp; Programm<\/strong><\/p>\n<p>Lisa Jung<br \/>\n<a href=\"&#x6d;&#x61;&#x69;&#x6c;&#x74;&#111;&#58;&#108;&#105;sa&#46;&#x6a;&#x75;&#x6e;&#x67;&#x40;&#x64;&#102;&#118;&#99;g&#46;d&#x65;\">&#108;&#x69;&#115;&#x61;&#46;&#x6a;&#117;&#x6e;&#103;&#x40;&#100;&#x66;&#118;&#x63;&#103;&#x2e;&#100;&#x65;<\/a><br \/>\n+49 69 7595 3048<\/p>\n<\/div><\/section><\/div><div class='av-flex-placeholder'><\/div>\n<style type=\"text\/css\" data-created_by=\"avia_inline_auto\" id=\"style-css-av-68ygup-4f815080e051da816e1ad92005a70431\">\n.flex_column.av-68ygup-4f815080e051da816e1ad92005a70431{\nborder-radius:0px 0px 0px 0px;\npadding:0px 0px 0px 0px;\n}\n<\/style>\n<div  class='flex_column av-68ygup-4f815080e051da816e1ad92005a70431 av_one_fourth  avia-builder-el-35  el_after_av_one_fourth  el_before_av_one_fourth  av-break-at-tablet flex_column_table_cell av-equal-height-column av-align-middle av-zero-column-padding  '     ><section  class='av_textblock_section av-lrfidtq5-f4ee5b532de3743516d0b8dadd6ca8ce '   itemscope=\"itemscope\" itemtype=\"https:\/\/schema.org\/CreativeWork\" ><div class='avia_textblock'  itemprop=\"text\" ><p><strong>Teilnehmer:innen &amp; Organisation<\/strong><\/p>\n<p>Raphael Como<br \/>\n<a href=\"&#109;&#x61;&#105;&#x6c;&#116;&#x6f;&#58;&#x72;&#97;&#x70;&#104;&#x61;e&#x6c;&#46;&#x63;o&#x6d;o&#x40;d&#x66;v&#99;&#x67;&#46;&#x64;&#101;\">&#x72;&#x61;&#x70;&#x68;&#x61;&#x65;&#x6c;&#x2e;&#x63;&#x6f;&#x6d;&#x6f;&#x40;&#x64;&#x66;&#x76;&#x63;&#x67;&#x2e;&#x64;&#x65;<\/a><br \/>\n+49 69 7595 3022<\/p>\n<\/div><\/section><\/div><div class='av-flex-placeholder'><\/div>\n<style type=\"text\/css\" data-created_by=\"avia_inline_auto\" id=\"style-css-av-41361t-818d2d1ffe69cc67790cca44c90c3b31\">\n.flex_column.av-41361t-818d2d1ffe69cc67790cca44c90c3b31{\nborder-radius:0px 0px 0px 0px;\npadding:0px 0px 0px 0px;\n}\n<\/style>\n<div  class='flex_column av-41361t-818d2d1ffe69cc67790cca44c90c3b31 av_one_fourth  avia-builder-el-37  el_after_av_one_fourth  el_before_av_one_fourth  av-break-at-tablet flex_column_table_cell av-equal-height-column av-align-middle av-zero-column-padding  '     ><section  class='av_textblock_section av-lrfie42k-7d11706922c4313bd7c8bb8684ae44e1 '   itemscope=\"itemscope\" itemtype=\"https:\/\/schema.org\/CreativeWork\" ><div class='avia_textblock'  itemprop=\"text\" ><p><strong>Partner &amp; Aussteller<\/strong><\/p>\n<p>Mehtap Acar<br \/>\n<a href=\"m&#97;&#105;&#x6c;&#x74;&#x6f;:&#109;&#101;&#x68;&#x74;&#x61;p&#46;&#97;&#x63;&#x61;&#x72;&#64;d&#102;&#118;&#x63;&#x67;&#x2e;d&#101;\">&#109;&#x65;&#x68;&#116;&#x61;&#x70;&#46;&#x61;&#x63;&#97;&#x72;&#x40;&#100;&#x66;&#x76;&#99;&#x67;&#x2e;&#100;&#x65;<\/a><br \/>\n+49 69 7595 2883<\/p>\n<\/div><\/section><\/div><div class='av-flex-placeholder'><\/div>\n<style type=\"text\/css\" data-created_by=\"avia_inline_auto\" id=\"style-css-av-38uktt-35c3a74eb5d283c416502e522806e817\">\n.flex_column.av-38uktt-35c3a74eb5d283c416502e522806e817{\nborder-radius:0px 0px 0px 0px;\npadding:0px 0px 0px 0px;\n}\n<\/style>\n<div  class='flex_column av-38uktt-35c3a74eb5d283c416502e522806e817 av_one_fourth  avia-builder-el-39  el_after_av_one_fourth  avia-builder-el-last  av-break-at-tablet flex_column_table_cell av-equal-height-column av-align-middle av-zero-column-padding  '     ><section  class='av_textblock_section av-lrfieb3j-c3347fbc899d83adf9a37296ac3c0530 '   itemscope=\"itemscope\" itemtype=\"https:\/\/schema.org\/CreativeWork\" ><div class='avia_textblock'  itemprop=\"text\" ><p><strong>Marketing &amp; Social Media<\/strong><\/p>\n<p>Sina Goy<br \/>\n<a href=\"&#109;&#x61;&#105;&#x6c;&#116;&#x6f;&#58;&#x73;&#105;&#x6e;&#97;&#x2e;&#103;&#x6f;&#121;&#x40;&#100;&#x66;&#118;&#x63;&#103;&#x2e;&#100;&#x65;\">&#x73;&#x69;&#x6e;&#x61;&#46;&#103;&#111;y&#64;&#x64;&#x66;&#x76;&#x63;&#x67;&#46;&#100;&#101;<\/a><br \/>\n+49 69 7595 1904<\/p>\n<\/div><\/section><\/div><\/div><!--close column table wrapper. Autoclose: 1 -->\n\n","protected":false},"excerpt":{"rendered":"","protected":false},"author":1,"featured_media":3712,"parent":0,"menu_order":0,"comment_status":"closed","ping_status":"closed","template":"","meta":{"footnotes":""},"class_list":["post-2129","page","type-page","status-publish","has-post-thumbnail","hentry"],"yoast_head":"<!-- This site is optimized with the Yoast SEO plugin v27.4 - https:\/\/yoast.com\/product\/yoast-seo-wordpress\/ -->\n<title>Molkerei Kongress | 27.\/28. April 2027 | M\u00fcnchen<\/title>\n<meta name=\"description\" content=\"Molkerei Kongress | 27.\/28. April 2027 | M\u00fcnchen: Der Branchentreff f\u00fcr Milchwirtschaft, milchverarbeitende Unternehmen und Handel.\" \/>\n<meta name=\"robots\" content=\"index, follow, max-snippet:-1, max-image-preview:large, max-video-preview:-1\" \/>\n<link rel=\"canonical\" href=\"https:\/\/dfvcg-events.de\/molkereikongress\/\" \/>\n<meta property=\"og:locale\" content=\"de_DE\" \/>\n<meta property=\"og:type\" content=\"article\" \/>\n<meta property=\"og:title\" content=\"Molkerei Kongress | 27.\/28. April 2027 | M\u00fcnchen\" \/>\n<meta property=\"og:description\" content=\"Molkerei Kongress | 27.\/28. April 2027 | M\u00fcnchen: Der Branchentreff f\u00fcr Milchwirtschaft, milchverarbeitende Unternehmen und Handel.\" \/>\n<meta property=\"og:url\" content=\"https:\/\/dfvcg-events.de\/molkereikongress\/\" \/>\n<meta property=\"og:site_name\" content=\"Molkerei Kongress\" \/>\n<meta property=\"article:modified_time\" content=\"2026-04-22T10:49:30+00:00\" \/>\n<meta property=\"og:image\" content=\"https:\/\/dfvcg-events.de\/molkereikongress\/wp-content\/uploads\/sites\/21\/2023\/03\/dfvcg_Molk24_Teaser_800x800.jpg\" \/>\n\t<meta property=\"og:image:width\" content=\"800\" \/>\n\t<meta property=\"og:image:height\" content=\"800\" \/>\n\t<meta property=\"og:image:type\" content=\"image\/jpeg\" \/>\n<meta name=\"twitter:card\" content=\"summary_large_image\" \/>\n<meta name=\"twitter:label1\" content=\"Gesch\u00e4tzte Lesezeit\" \/>\n\t<meta name=\"twitter:data1\" content=\"8\u00a0Minuten\" \/>\n<script type=\"application\/ld+json\" class=\"yoast-schema-graph\">{\"@context\":\"https:\\\/\\\/schema.org\",\"@graph\":[{\"@type\":\"WebPage\",\"@id\":\"https:\\\/\\\/dfvcg-events.de\\\/molkereikongress\\\/\",\"url\":\"https:\\\/\\\/dfvcg-events.de\\\/molkereikongress\\\/\",\"name\":\"Molkerei Kongress | 27.\\\/28. April 2027 | M\u00fcnchen\",\"isPartOf\":{\"@id\":\"https:\\\/\\\/dfvcg-events.de\\\/molkereikongress\\\/#website\"},\"primaryImageOfPage\":{\"@id\":\"https:\\\/\\\/dfvcg-events.de\\\/molkereikongress\\\/#primaryimage\"},\"image\":{\"@id\":\"https:\\\/\\\/dfvcg-events.de\\\/molkereikongress\\\/#primaryimage\"},\"thumbnailUrl\":\"https:\\\/\\\/dfvcg-events.de\\\/molkereikongress\\\/wp-content\\\/uploads\\\/sites\\\/21\\\/2023\\\/03\\\/dfvcg_Molk24_Teaser_800x800.jpg\",\"datePublished\":\"2021-11-19T13:39:27+00:00\",\"dateModified\":\"2026-04-22T10:49:30+00:00\",\"description\":\"Molkerei Kongress | 27.\\\/28. April 2027 | M\u00fcnchen: Der Branchentreff f\u00fcr Milchwirtschaft, milchverarbeitende Unternehmen und Handel.\",\"breadcrumb\":{\"@id\":\"https:\\\/\\\/dfvcg-events.de\\\/molkereikongress\\\/#breadcrumb\"},\"inLanguage\":\"de\",\"potentialAction\":[{\"@type\":\"ReadAction\",\"target\":[\"https:\\\/\\\/dfvcg-events.de\\\/molkereikongress\\\/\"]}]},{\"@type\":\"ImageObject\",\"inLanguage\":\"de\",\"@id\":\"https:\\\/\\\/dfvcg-events.de\\\/molkereikongress\\\/#primaryimage\",\"url\":\"https:\\\/\\\/dfvcg-events.de\\\/molkereikongress\\\/wp-content\\\/uploads\\\/sites\\\/21\\\/2023\\\/03\\\/dfvcg_Molk24_Teaser_800x800.jpg\",\"contentUrl\":\"https:\\\/\\\/dfvcg-events.de\\\/molkereikongress\\\/wp-content\\\/uploads\\\/sites\\\/21\\\/2023\\\/03\\\/dfvcg_Molk24_Teaser_800x800.jpg\",\"width\":800,\"height\":800},{\"@type\":\"BreadcrumbList\",\"@id\":\"https:\\\/\\\/dfvcg-events.de\\\/molkereikongress\\\/#breadcrumb\",\"itemListElement\":[{\"@type\":\"ListItem\",\"position\":1,\"name\":\"Startseite\",\"item\":\"https:\\\/\\\/dfvcg-events.de\\\/molkereikongress\\\/\"},{\"@type\":\"ListItem\",\"position\":2,\"name\":\"Molkerei Kongress 2027\"}]},{\"@type\":\"WebSite\",\"@id\":\"https:\\\/\\\/dfvcg-events.de\\\/molkereikongress\\\/#website\",\"url\":\"https:\\\/\\\/dfvcg-events.de\\\/molkereikongress\\\/\",\"name\":\"Molkerei Kongress\",\"description\":\"dfv Conference Group\",\"potentialAction\":[{\"@type\":\"SearchAction\",\"target\":{\"@type\":\"EntryPoint\",\"urlTemplate\":\"https:\\\/\\\/dfvcg-events.de\\\/molkereikongress\\\/?s={search_term_string}\"},\"query-input\":{\"@type\":\"PropertyValueSpecification\",\"valueRequired\":true,\"valueName\":\"search_term_string\"}}],\"inLanguage\":\"de\"}]}<\/script>\n<!-- \/ Yoast SEO plugin. -->","yoast_head_json":{"title":"Molkerei Kongress | 27.\/28. April 2027 | M\u00fcnchen","description":"Molkerei Kongress | 27.\/28. April 2027 | M\u00fcnchen: Der Branchentreff f\u00fcr Milchwirtschaft, milchverarbeitende Unternehmen und Handel.","robots":{"index":"index","follow":"follow","max-snippet":"max-snippet:-1","max-image-preview":"max-image-preview:large","max-video-preview":"max-video-preview:-1"},"canonical":"https:\/\/dfvcg-events.de\/molkereikongress\/","og_locale":"de_DE","og_type":"article","og_title":"Molkerei Kongress | 27.\/28. April 2027 | M\u00fcnchen","og_description":"Molkerei Kongress | 27.\/28. April 2027 | M\u00fcnchen: Der Branchentreff f\u00fcr Milchwirtschaft, milchverarbeitende Unternehmen und Handel.","og_url":"https:\/\/dfvcg-events.de\/molkereikongress\/","og_site_name":"Molkerei Kongress","article_modified_time":"2026-04-22T10:49:30+00:00","og_image":[{"width":800,"height":800,"url":"https:\/\/dfvcg-events.de\/molkereikongress\/wp-content\/uploads\/sites\/21\/2023\/03\/dfvcg_Molk24_Teaser_800x800.jpg","type":"image\/jpeg"}],"twitter_card":"summary_large_image","twitter_misc":{"Gesch\u00e4tzte Lesezeit":"8\u00a0Minuten"},"schema":{"@context":"https:\/\/schema.org","@graph":[{"@type":"WebPage","@id":"https:\/\/dfvcg-events.de\/molkereikongress\/","url":"https:\/\/dfvcg-events.de\/molkereikongress\/","name":"Molkerei Kongress | 27.\/28. April 2027 | M\u00fcnchen","isPartOf":{"@id":"https:\/\/dfvcg-events.de\/molkereikongress\/#website"},"primaryImageOfPage":{"@id":"https:\/\/dfvcg-events.de\/molkereikongress\/#primaryimage"},"image":{"@id":"https:\/\/dfvcg-events.de\/molkereikongress\/#primaryimage"},"thumbnailUrl":"https:\/\/dfvcg-events.de\/molkereikongress\/wp-content\/uploads\/sites\/21\/2023\/03\/dfvcg_Molk24_Teaser_800x800.jpg","datePublished":"2021-11-19T13:39:27+00:00","dateModified":"2026-04-22T10:49:30+00:00","description":"Molkerei Kongress | 27.\/28. April 2027 | M\u00fcnchen: Der Branchentreff f\u00fcr Milchwirtschaft, milchverarbeitende Unternehmen und Handel.","breadcrumb":{"@id":"https:\/\/dfvcg-events.de\/molkereikongress\/#breadcrumb"},"inLanguage":"de","potentialAction":[{"@type":"ReadAction","target":["https:\/\/dfvcg-events.de\/molkereikongress\/"]}]},{"@type":"ImageObject","inLanguage":"de","@id":"https:\/\/dfvcg-events.de\/molkereikongress\/#primaryimage","url":"https:\/\/dfvcg-events.de\/molkereikongress\/wp-content\/uploads\/sites\/21\/2023\/03\/dfvcg_Molk24_Teaser_800x800.jpg","contentUrl":"https:\/\/dfvcg-events.de\/molkereikongress\/wp-content\/uploads\/sites\/21\/2023\/03\/dfvcg_Molk24_Teaser_800x800.jpg","width":800,"height":800},{"@type":"BreadcrumbList","@id":"https:\/\/dfvcg-events.de\/molkereikongress\/#breadcrumb","itemListElement":[{"@type":"ListItem","position":1,"name":"Startseite","item":"https:\/\/dfvcg-events.de\/molkereikongress\/"},{"@type":"ListItem","position":2,"name":"Molkerei Kongress 2027"}]},{"@type":"WebSite","@id":"https:\/\/dfvcg-events.de\/molkereikongress\/#website","url":"https:\/\/dfvcg-events.de\/molkereikongress\/","name":"Molkerei Kongress","description":"dfv Conference Group","potentialAction":[{"@type":"SearchAction","target":{"@type":"EntryPoint","urlTemplate":"https:\/\/dfvcg-events.de\/molkereikongress\/?s={search_term_string}"},"query-input":{"@type":"PropertyValueSpecification","valueRequired":true,"valueName":"search_term_string"}}],"inLanguage":"de"}]}},"_links":{"self":[{"href":"https:\/\/dfvcg-events.de\/molkereikongress\/wp-json\/wp\/v2\/pages\/2129","targetHints":{"allow":["GET"]}}],"collection":[{"href":"https:\/\/dfvcg-events.de\/molkereikongress\/wp-json\/wp\/v2\/pages"}],"about":[{"href":"https:\/\/dfvcg-events.de\/molkereikongress\/wp-json\/wp\/v2\/types\/page"}],"author":[{"embeddable":true,"href":"https:\/\/dfvcg-events.de\/molkereikongress\/wp-json\/wp\/v2\/users\/1"}],"replies":[{"embeddable":true,"href":"https:\/\/dfvcg-events.de\/molkereikongress\/wp-json\/wp\/v2\/comments?post=2129"}],"version-history":[{"count":54,"href":"https:\/\/dfvcg-events.de\/molkereikongress\/wp-json\/wp\/v2\/pages\/2129\/revisions"}],"predecessor-version":[{"id":5997,"href":"https:\/\/dfvcg-events.de\/molkereikongress\/wp-json\/wp\/v2\/pages\/2129\/revisions\/5997"}],"wp:featuredmedia":[{"embeddable":true,"href":"https:\/\/dfvcg-events.de\/molkereikongress\/wp-json\/wp\/v2\/media\/3712"}],"wp:attachment":[{"href":"https:\/\/dfvcg-events.de\/molkereikongress\/wp-json\/wp\/v2\/media?parent=2129"}],"curies":[{"name":"wp","href":"https:\/\/api.w.org\/{rel}","templated":true}]}}