{"id":158,"date":"2020-03-19T22:30:05","date_gmt":"2020-03-19T21:30:05","guid":{"rendered":"https:\/\/dfvcg-events.de\/molkereikongress\/?page_id=158"},"modified":"2026-04-22T10:52:40","modified_gmt":"2026-04-22T08:52:40","slug":"location-anreise","status":"publish","type":"page","link":"https:\/\/dfvcg-events.de\/molkereikongress\/location-anreise\/","title":{"rendered":"Location, Hotel &amp; Anreise"},"content":{"rendered":"<div id='av_section_1'  class='avia-section av-k7yuhjt1-07cb250c566e7f8d356e8c12f58685a4 main_color avia-section-default avia-no-border-styling  avia-builder-el-0  el_before_av_section  avia-builder-el-first  header-verlauf avia-bg-style-scroll container_wrap fullsize'  ><div class='container av-section-cont-open' ><main  role=\"main\" itemprop=\"mainContentOfPage\"  class='template-page content  av-content-full alpha units'><div class='post-entry post-entry-type-page post-entry-158'><div class='entry-content-wrapper clearfix'>\n\n<style type=\"text\/css\" data-created_by=\"avia_inline_auto\" id=\"style-css-av-7khja-6fd3a98db09e6b7725b19d854030edc0\">\n#top .av-special-heading.av-7khja-6fd3a98db09e6b7725b19d854030edc0{\npadding-bottom:0;\ncolor:#ffffff;\n}\nbody .av-special-heading.av-7khja-6fd3a98db09e6b7725b19d854030edc0 .av-special-heading-tag .heading-char{\nfont-size:25px;\n}\n.av-special-heading.av-7khja-6fd3a98db09e6b7725b19d854030edc0 .special-heading-inner-border{\nborder-color:#ffffff;\n}\n.av-special-heading.av-7khja-6fd3a98db09e6b7725b19d854030edc0 .av-subheading{\nfont-size:19px;\n}\n<\/style>\n<div  class='av-special-heading av-7khja-6fd3a98db09e6b7725b19d854030edc0 av-special-heading-h1 custom-color-heading blockquote modern-quote  avia-builder-el-1  avia-builder-el-no-sibling '><div class='av_custom_color av-subheading av-subheading_above'><p>Molkerei Kongress<\/p>\n<\/div><h1 class='av-special-heading-tag '  itemprop=\"headline\"  >Location, Hotel <span class='special_amp'>&amp;<\/span> Anreise<\/h1><div class=\"special-heading-border\"><div class=\"special-heading-inner-border\"><\/div><\/div><\/div>\n\n<\/div><\/div><\/main><!-- close content main element --><\/div><\/div><div id='av_section_2'  class='avia-section av-1hf6ou-229b1f279dfc5e2cffb4aff6fe489326 main_color avia-section-no-padding avia-no-shadow  avia-builder-el-2  el_after_av_section  el_before_av_section  avia-bg-style-scroll container_wrap fullsize'  ><div class='container av-section-cont-open' ><div class='template-page content  av-content-full alpha units'><div class='post-entry post-entry-type-page post-entry-158'><div class='entry-content-wrapper clearfix'>\n<div class='flex_column_table av-180k3q-86e397daa763484fe502bf047ee848a7 sc-av_one_fourth av-break-at-tablet-flextable av-equal-height-column-flextable'>\n<style type=\"text\/css\" data-created_by=\"avia_inline_auto\" id=\"style-css-av-180k3q-86e397daa763484fe502bf047ee848a7\">\n.flex_column.av-180k3q-86e397daa763484fe502bf047ee848a7{\nborder-radius:0px 0px 0px 0px;\npadding:0px 0px 0px 0px;\n}\n<\/style>\n<div  class='flex_column av-180k3q-86e397daa763484fe502bf047ee848a7 av_one_fourth  avia-builder-el-3  el_before_av_three_fourth  avia-builder-el-first  first av-break-at-tablet flex_column_table_cell av-equal-height-column av-align-middle av-zero-column-padding  '     ><p>\n<style type=\"text\/css\" data-created_by=\"avia_inline_auto\" id=\"style-css-av-12j6e6-c692ed72aabb22ec44af7f4fa958c100\">\n#top .av-special-heading.av-12j6e6-c692ed72aabb22ec44af7f4fa958c100{\npadding-bottom:35px;\n}\nbody .av-special-heading.av-12j6e6-c692ed72aabb22ec44af7f4fa958c100 .av-special-heading-tag .heading-char{\nfont-size:25px;\n}\n.av-special-heading.av-12j6e6-c692ed72aabb22ec44af7f4fa958c100 .av-subheading{\nfont-size:19px;\n}\n<\/style>\n<div  class='av-special-heading av-12j6e6-c692ed72aabb22ec44af7f4fa958c100 av-special-heading-h2 blockquote modern-quote  avia-builder-el-4  el_before_av_textblock  avia-builder-el-first '><h2 class='av-special-heading-tag '  itemprop=\"headline\"  >Location Kongress<\/h2><div class=\"special-heading-border\"><div class=\"special-heading-inner-border\"><\/div><\/div><\/div><br \/>\n<section  class='av_textblock_section av-zh6im-5db2bc44c5b948a379aa1b6671c81629 '   itemscope=\"itemscope\" itemtype=\"https:\/\/schema.org\/CreativeWork\" ><div class='avia_textblock'  itemprop=\"text\" ><p><strong>Hilton Munich Airport<\/strong><\/p>\n<p>Terminalstra\u00dfe Mitte 20<br \/>\n85356 M\u00fcnchen-Flughafen<\/p>\n<\/div><\/section><br \/>\n<div  class='avia-button-wrap av-6yr4m-bc4489bf57fc60b8975ac141a0ee184a-wrap avia-button-left  avia-builder-el-6  el_after_av_textblock  avia-builder-el-last '><a href='https:\/\/www.hiltonhotels.de\/assets\/img\/Hotel%20Images\/Hilton\/M\/MUCTMHI\/PDF\/Anfahrtsbeschreibung%20(002).pdf'  class='avia-button av-6yr4m-bc4489bf57fc60b8975ac141a0ee184a av-link-btn avia-icon_select-yes-left-icon avia-size-x-large avia-position-left avia-color-theme-color'  target=\"_blank\"  rel=\"noopener noreferrer\"  aria-label=\"Location &amp; Anreise\"><span class='avia_button_icon avia_button_icon_left avia-iconfont avia-font-entypo-fontello' data-av_icon='\ue842' data-av_iconfont='entypo-fontello' ><\/span><span class='avia_iconbox_title' >Location &amp; Anreise<\/span><\/a><\/div><\/p><\/div><div class='av-flex-placeholder'><\/div>\n<style type=\"text\/css\" data-created_by=\"avia_inline_auto\" id=\"style-css-av-275nq-38f10daea186c735fe24a974406299a7\">\n.flex_column.av-275nq-38f10daea186c735fe24a974406299a7{\nborder-radius:0px 0px 0px 0px;\npadding:0px 0px 0px 0px;\n}\n<\/style>\n<div  class='flex_column av-275nq-38f10daea186c735fe24a974406299a7 av_three_fourth  avia-builder-el-7  el_after_av_one_fourth  avia-builder-el-last  av-break-at-tablet flex_column_table_cell av-equal-height-column av-align-middle av-zero-column-padding  '     ><div  class='av_gmaps_sc_main_wrap av_gmaps_main_wrap '><div id='av_gmap_0' class='avia-google-map-container avia-google-map-sc av_gmaps_show_unconditionally av-no-fallback-img ' data-mapid='av_gmap_0'  style='height: 400px;'><a class=\"av_gmaps_browser_disabled av_text_confirm_link av_text_confirm_link_visible\" href=\"https:\/\/www.google.com\/maps\/search\/?api=1&#038;query=Terminalstra\u00dfe%20Mitte%2020%2085356%20M\u00fcnchen%20Bayern\" target=\"_blank\">Karten wurden vom Besucher auf dieser Webseite deaktiviert. Klicken Sie hier, um die Karte in einem neuen Fenster zu \u00f6ffnen.<\/a><\/div><\/div><\/div><\/div><!--close column table wrapper. Autoclose: 1 -->\n\n<\/div><\/div><\/div><!-- close content main div --><\/div><\/div><div id='av_section_3'  class='avia-section av-k7z9vjbr-39cb3bc39dc793954eeb08633ff5a734 main_color avia-section-default avia-no-shadow  avia-builder-el-9  el_after_av_section  avia-builder-el-last  avia-bg-style-scroll container_wrap fullsize'  ><div class='container av-section-cont-open' ><div class='template-page content  av-content-full alpha units'><div class='post-entry post-entry-type-page post-entry-158'><div class='entry-content-wrapper clearfix'>\n\n<style type=\"text\/css\" data-created_by=\"avia_inline_auto\" id=\"style-css-av-bheu6-984d53aa216985dd4fa253c3303fd95b\">\n#top .av-special-heading.av-bheu6-984d53aa216985dd4fa253c3303fd95b{\npadding-bottom:25px;\n}\nbody .av-special-heading.av-bheu6-984d53aa216985dd4fa253c3303fd95b .av-special-heading-tag .heading-char{\nfont-size:25px;\n}\n.av-special-heading.av-bheu6-984d53aa216985dd4fa253c3303fd95b .av-subheading{\nfont-size:19px;\n}\n<\/style>\n<div  class='av-special-heading av-bheu6-984d53aa216985dd4fa253c3303fd95b av-special-heading-h2 blockquote modern-quote  avia-builder-el-10  el_before_av_one_third  avia-builder-el-first '><h2 class='av-special-heading-tag '  itemprop=\"headline\"  >Hotelangebote <span class='special_amp'>&amp;<\/span> -empfehlungen<\/h2><div class=\"special-heading-border\"><div class=\"special-heading-inner-border\"><\/div><\/div><\/div>\n\n<style type=\"text\/css\" data-created_by=\"avia_inline_auto\" id=\"style-css-av-1hh9ja-14e2b4dbaf822d38820d886b956a3258\">\n.flex_column.av-1hh9ja-14e2b4dbaf822d38820d886b956a3258{\nborder-radius:0px 0px 0px 0px;\npadding:0px 0px 0px 0px;\n}\n<\/style>\n<div  class='flex_column av-1hh9ja-14e2b4dbaf822d38820d886b956a3258 av_one_third  avia-builder-el-11  el_after_av_heading  el_before_av_two_third  first flex_column_div av-zero-column-padding  '     ><style type=\"text\/css\" data-created_by=\"avia_inline_auto\" id=\"style-css-av-lsnooaca-d993d001e4332af066c4ba65f02dc9e8\">\n#top .av-special-heading.av-lsnooaca-d993d001e4332af066c4ba65f02dc9e8{\npadding-bottom:25px;\n}\nbody .av-special-heading.av-lsnooaca-d993d001e4332af066c4ba65f02dc9e8 .av-special-heading-tag .heading-char{\nfont-size:25px;\n}\n.av-special-heading.av-lsnooaca-d993d001e4332af066c4ba65f02dc9e8 .av-subheading{\nfont-size:19px;\n}\n<\/style>\n<div  class='av-special-heading av-lsnooaca-d993d001e4332af066c4ba65f02dc9e8 av-special-heading-h3 blockquote modern-quote  avia-builder-el-12  avia-builder-el-no-sibling '><h3 class='av-special-heading-tag '  itemprop=\"headline\"  >Exklusives Hotelangebot:<\/h3><div class=\"special-heading-border\"><div class=\"special-heading-inner-border\"><\/div><\/div><\/div><\/div>\n<style type=\"text\/css\" data-created_by=\"avia_inline_auto\" id=\"style-css-av-ybwem-3d1c16ec5daa80d0081d36a7f7c8c709\">\n.flex_column.av-ybwem-3d1c16ec5daa80d0081d36a7f7c8c709{\nborder-radius:0px 0px 0px 0px;\npadding:0px 0px 0px 0px;\n}\n<\/style>\n<div  class='flex_column av-ybwem-3d1c16ec5daa80d0081d36a7f7c8c709 av_two_third  avia-builder-el-13  el_after_av_one_third  el_before_av_one_third  flex_column_div av-zero-column-padding  '     ><style type=\"text\/css\" data-created_by=\"avia_inline_auto\" id=\"style-css-av-m8zqvegv-483ceb5b89fbfbd9a7c03236cc8adab7\">\n#top .av-special-heading.av-m8zqvegv-483ceb5b89fbfbd9a7c03236cc8adab7{\npadding-bottom:25px;\n}\nbody .av-special-heading.av-m8zqvegv-483ceb5b89fbfbd9a7c03236cc8adab7 .av-special-heading-tag .heading-char{\nfont-size:25px;\n}\n.av-special-heading.av-m8zqvegv-483ceb5b89fbfbd9a7c03236cc8adab7 .av-subheading{\nfont-size:19px;\n}\n<\/style>\n<div  class='av-special-heading av-m8zqvegv-483ceb5b89fbfbd9a7c03236cc8adab7 av-special-heading-h3 blockquote modern-quote  avia-builder-el-14  avia-builder-el-no-sibling '><h3 class='av-special-heading-tag '  itemprop=\"headline\"  >Unsere Hotelempfehlungen:<\/h3><div class=\"special-heading-border\"><div class=\"special-heading-inner-border\"><\/div><\/div><\/div><\/div>\n<style type=\"text\/css\" data-created_by=\"avia_inline_auto\" id=\"style-css-av-khgqe-f36cbd83c6ee219d17a732d38a893ffb\">\n.flex_column.av-khgqe-f36cbd83c6ee219d17a732d38a893ffb{\nborder-radius:0px 0px 0px 0px;\npadding:0px 0px 0px 0px;\n}\n<\/style>\n<div  class='flex_column av-khgqe-f36cbd83c6ee219d17a732d38a893ffb av_one_third  avia-builder-el-15  el_after_av_two_third  el_before_av_one_third  first flex_column_div av-zero-column-padding  column-top-margin'     ><section  class='av_textblock_section av-e14ja-b149d1c3df7671966e1901989354e99d '   itemscope=\"itemscope\" itemtype=\"https:\/\/schema.org\/CreativeWork\" ><div class='avia_textblock'  itemprop=\"text\" ><h4>Hilton Munich Airport Hotel (Kongress-Location)<\/h4>\n<p>Terminalstra\u00dfe Mitte 20<br \/>\n85356 M\u00fcnchen-Flughafen<\/p>\n<p><strong>EZ inkl. Fr\u00fchst\u00fcck:<\/strong> 219,00 \u20ac pro Nacht<br \/>\n<strong>DZ inkl. Fr\u00fchst\u00fcck:<\/strong> 245,00 \u20ac pro Nacht<\/p>\n<p>Tel.: +49 (0) <span aria-label=\"089 97820 anrufen\">89 9782 2550<br \/>\n<\/span>E-Mail: <a href=\"&#x6d;&#x61;&#x69;&#x6c;&#x74;&#x6f;&#x3a;&#x72;&#x65;&#x73;&#x65;&#114;&#118;&#97;&#116;&#105;&#111;&#110;s&#46;muni&#x63;&#x68;&#x61;&#x69;&#x72;&#x70;&#x6f;&#x72;&#x74;&#x40;&#x68;&#x69;&#108;&#116;&#111;&#110;&#46;&#99;&#111;m\">&#x72;e&#x73;&#101;&#x72;&#118;a&#x74;i&#x6f;&#110;&#x73;&#46;m&#x75;&#110;&#x69;&#99;h&#x61;i&#x72;&#112;&#x6f;&#114;t&#x40;h&#x69;&#108;&#x74;&#x6f;n&#x2e;&#99;&#x6f;&#109;<\/a><br \/>\nWeitere Infos zum Hotel finden Sie <a href=\"https:\/\/www.hilton.com\/en\/hotels\/muctmhi-hilton-munich-airport\/?WT.mc_id=zELWAKN0EMEA1HI2DMH3LocalSearch4DGGenericx6MUCTMHI\">hier<\/a><\/p>\n<\/div><\/section><br \/>\n<div  class='avia-button-wrap av-rttpi-bfadec573e981a2f43d6e142b8f0e5d1-wrap avia-button-center  avia-builder-el-17  el_after_av_textblock  avia-builder-el-last '><a href='https:\/\/www.hilton.com\/en\/attend-my-event\/muctmhi-gmokb-15b5a1c2-b76a-4dc9-8fd8-064d0749b287\/'  class='avia-button av-rttpi-bfadec573e981a2f43d6e142b8f0e5d1 av-link-btn avia-icon_select-no avia-size-x-large avia-position-center avia-color-theme-color'  target=\"_blank\"  rel=\"noopener noreferrer\"  aria-label=\"Jetzt hier buchen\"><span class='avia_iconbox_title' >Jetzt hier buchen<\/span><\/a><\/div><\/p><\/div>\n<style type=\"text\/css\" data-created_by=\"avia_inline_auto\" id=\"style-css-av-9yb1i-6b915ec3947b8596edabaa0819f5c048\">\n.flex_column.av-9yb1i-6b915ec3947b8596edabaa0819f5c048{\nborder-radius:0px 0px 0px 0px;\npadding:0px 0px 0px 0px;\n}\n<\/style>\n<div  class='flex_column av-9yb1i-6b915ec3947b8596edabaa0819f5c048 av_one_third  avia-builder-el-18  el_after_av_one_third  el_before_av_one_third  flex_column_div av-zero-column-padding  column-top-margin'     ><section  class='av_textblock_section av-kz5iavt9-d9b38d2a3c486f7001e3d692054497c8 '   itemscope=\"itemscope\" itemtype=\"https:\/\/schema.org\/CreativeWork\" ><div class='avia_textblock'  itemprop=\"text\" ><h4>Novotel M\u00fcnchen Airport<\/h4>\n<p>Nordallee 29<br \/>\n85356 M\u00fcnchen<\/p>\n<p><strong>Entfernung zur Location:<\/strong> ca. 3 km<\/p>\n<p>Tel.: <span class=\"format-phone-number force-ltr\">+49 89 &#8211; 970513 800<\/span><span aria-label=\"089 97820 anrufen\"><br \/>\n<\/span>E-Mail: <span class=\"format-phone-number force-ltr\"><a href=\"&#109;&#x61;i&#108;&#x74;o&#x3a;&#x48;&#54;&#x37;1&#49;&#x40;a&#99;&#x63;&#111;&#x72;&#46;&#99;&#x6f;m\">&#x48;6&#x37;&#49;&#x31;&#64;a&#x63;c&#x6f;&#114;&#x2e;&#99;o&#x6d;<\/a><br \/>\nWeitere Infos zum Hotel finden Sie <a href=\"https:\/\/all.accor.com\/hotel\/6711\/index.de.shtml\">hier<\/a><\/span><\/p>\n<\/div><\/section><\/div>\n<style type=\"text\/css\" data-created_by=\"avia_inline_auto\" id=\"style-css-av-9yvvi-2f2426014528439d93ef91b97d0766f4\">\n.flex_column.av-9yvvi-2f2426014528439d93ef91b97d0766f4{\nborder-radius:0px 0px 0px 0px;\npadding:0px 0px 0px 0px;\n}\n<\/style>\n<div  class='flex_column av-9yvvi-2f2426014528439d93ef91b97d0766f4 av_one_third  avia-builder-el-20  el_after_av_one_third  avia-builder-el-last  flex_column_div av-zero-column-padding  column-top-margin'     ><section  class='av_textblock_section av-m8zqw87s-5795faeb365a997d5c09608c302fcf50 '   itemscope=\"itemscope\" itemtype=\"https:\/\/schema.org\/CreativeWork\" ><div class='avia_textblock'  itemprop=\"text\" ><h4>M\u00f6venpick Hotel M\u00fcnchen Airport<\/h4>\n<p>Ludwigstra\u00dfe 43<br \/>\n85399 Hallbergmoos<\/p>\n<p><strong>Entfernung zur Location:<\/strong> ca. 8 km<\/p>\n<p>Tel.: <span class=\"format-phone-number force-ltr\">+49 811 888 0<br \/>\nE-Mail: <a href=\"m&#97;&#x69;&#x6c;t&#111;&#x3a;&#x48;o&#116;&#x65;&#x6c;&#46;&#109;&#x75;&#x6e;i&#99;&#x68;&#x2e;a&#105;&#114;&#x70;&#x6f;r&#116;&#x40;&#x6d;o&#118;&#x65;&#x6e;p&#105;&#x63;&#x6b;&#46;&#99;&#x6f;&#x6d;\">&#x48;&#111;&#x74;&#x65;l&#x2e;&#109;u&#x6e;&#105;c&#x68;&#46;&#x61;&#x69;r&#x70;&#111;r&#x74;&#64;m&#x6f;&#118;&#x65;&#x6e;&#112;&#x69;&#x63;k&#x2e;&#99;o&#x6d;<\/a><br \/>\n<\/span>Weitere Infos zum Hotel finden Sie <a href=\"https:\/\/www.hilton.com\/en\/hotels\/muctmhi-hilton-munich-airport\/?WT.mc_id=zELWAKN0EMEA1HI2DMH3LocalSearch4DGGenericx6MUCTMHI\">hier<\/a><\/p>\n<\/div><\/section><\/div>\n","protected":false},"excerpt":{"rendered":"","protected":false},"author":1,"featured_media":0,"parent":0,"menu_order":0,"comment_status":"closed","ping_status":"closed","template":"","meta":{"footnotes":""},"class_list":["post-158","page","type-page","status-publish","hentry"],"yoast_head":"<!-- This site is optimized with the Yoast SEO plugin v27.4 - https:\/\/yoast.com\/product\/yoast-seo-wordpress\/ -->\n<title>Location, Hotel &amp; Anreise | Molkerei Kongress | 27.\/28. April 2027 | M\u00fcnchen<\/title>\n<meta name=\"description\" content=\"Alle Informationen rund um \u00dcbernachtungsm\u00f6glichkeiten und die Location des Molkerei Kongresses in M\u00fcnchen.\" \/>\n<meta name=\"robots\" content=\"index, follow, max-snippet:-1, max-image-preview:large, max-video-preview:-1\" \/>\n<link rel=\"canonical\" href=\"https:\/\/dfvcg-events.de\/molkereikongress\/location-anreise\/\" \/>\n<meta property=\"og:locale\" content=\"de_DE\" \/>\n<meta property=\"og:type\" content=\"article\" \/>\n<meta property=\"og:title\" content=\"Location, Hotel &amp; Anreise | Molkerei Kongress | 27.\/28. April 2027 | M\u00fcnchen\" \/>\n<meta property=\"og:description\" content=\"Alle Informationen rund um \u00dcbernachtungsm\u00f6glichkeiten und die Location des Molkerei Kongresses in M\u00fcnchen.\" \/>\n<meta property=\"og:url\" content=\"https:\/\/dfvcg-events.de\/molkereikongress\/location-anreise\/\" \/>\n<meta property=\"og:site_name\" content=\"Molkerei Kongress\" \/>\n<meta property=\"article:modified_time\" content=\"2026-04-22T08:52:40+00:00\" \/>\n<meta name=\"twitter:card\" content=\"summary_large_image\" \/>\n<meta name=\"twitter:label1\" content=\"Gesch\u00e4tzte Lesezeit\" \/>\n\t<meta name=\"twitter:data1\" content=\"1\u00a0Minute\" \/>\n<script type=\"application\/ld+json\" class=\"yoast-schema-graph\">{\"@context\":\"https:\\\/\\\/schema.org\",\"@graph\":[{\"@type\":\"WebPage\",\"@id\":\"https:\\\/\\\/dfvcg-events.de\\\/molkereikongress\\\/location-anreise\\\/\",\"url\":\"https:\\\/\\\/dfvcg-events.de\\\/molkereikongress\\\/location-anreise\\\/\",\"name\":\"Location, Hotel & Anreise | Molkerei Kongress | 27.\\\/28. April 2027 | M\u00fcnchen\",\"isPartOf\":{\"@id\":\"https:\\\/\\\/dfvcg-events.de\\\/molkereikongress\\\/#website\"},\"datePublished\":\"2020-03-19T21:30:05+00:00\",\"dateModified\":\"2026-04-22T08:52:40+00:00\",\"description\":\"Alle Informationen rund um \u00dcbernachtungsm\u00f6glichkeiten und die Location des Molkerei Kongresses in M\u00fcnchen.\",\"breadcrumb\":{\"@id\":\"https:\\\/\\\/dfvcg-events.de\\\/molkereikongress\\\/location-anreise\\\/#breadcrumb\"},\"inLanguage\":\"de\",\"potentialAction\":[{\"@type\":\"ReadAction\",\"target\":[\"https:\\\/\\\/dfvcg-events.de\\\/molkereikongress\\\/location-anreise\\\/\"]}]},{\"@type\":\"BreadcrumbList\",\"@id\":\"https:\\\/\\\/dfvcg-events.de\\\/molkereikongress\\\/location-anreise\\\/#breadcrumb\",\"itemListElement\":[{\"@type\":\"ListItem\",\"position\":1,\"name\":\"Startseite\",\"item\":\"https:\\\/\\\/dfvcg-events.de\\\/molkereikongress\\\/\"},{\"@type\":\"ListItem\",\"position\":2,\"name\":\"Location, Hotel &amp; Anreise\"}]},{\"@type\":\"WebSite\",\"@id\":\"https:\\\/\\\/dfvcg-events.de\\\/molkereikongress\\\/#website\",\"url\":\"https:\\\/\\\/dfvcg-events.de\\\/molkereikongress\\\/\",\"name\":\"Molkerei Kongress\",\"description\":\"dfv Conference Group\",\"potentialAction\":[{\"@type\":\"SearchAction\",\"target\":{\"@type\":\"EntryPoint\",\"urlTemplate\":\"https:\\\/\\\/dfvcg-events.de\\\/molkereikongress\\\/?s={search_term_string}\"},\"query-input\":{\"@type\":\"PropertyValueSpecification\",\"valueRequired\":true,\"valueName\":\"search_term_string\"}}],\"inLanguage\":\"de\"}]}<\/script>\n<!-- \/ Yoast SEO plugin. -->","yoast_head_json":{"title":"Location, Hotel & Anreise | Molkerei Kongress | 27.\/28. April 2027 | M\u00fcnchen","description":"Alle Informationen rund um \u00dcbernachtungsm\u00f6glichkeiten und die Location des Molkerei Kongresses in M\u00fcnchen.","robots":{"index":"index","follow":"follow","max-snippet":"max-snippet:-1","max-image-preview":"max-image-preview:large","max-video-preview":"max-video-preview:-1"},"canonical":"https:\/\/dfvcg-events.de\/molkereikongress\/location-anreise\/","og_locale":"de_DE","og_type":"article","og_title":"Location, Hotel & Anreise | Molkerei Kongress | 27.\/28. April 2027 | M\u00fcnchen","og_description":"Alle Informationen rund um \u00dcbernachtungsm\u00f6glichkeiten und die Location des Molkerei Kongresses in M\u00fcnchen.","og_url":"https:\/\/dfvcg-events.de\/molkereikongress\/location-anreise\/","og_site_name":"Molkerei Kongress","article_modified_time":"2026-04-22T08:52:40+00:00","twitter_card":"summary_large_image","twitter_misc":{"Gesch\u00e4tzte Lesezeit":"1\u00a0Minute"},"schema":{"@context":"https:\/\/schema.org","@graph":[{"@type":"WebPage","@id":"https:\/\/dfvcg-events.de\/molkereikongress\/location-anreise\/","url":"https:\/\/dfvcg-events.de\/molkereikongress\/location-anreise\/","name":"Location, Hotel & Anreise | Molkerei Kongress | 27.\/28. April 2027 | M\u00fcnchen","isPartOf":{"@id":"https:\/\/dfvcg-events.de\/molkereikongress\/#website"},"datePublished":"2020-03-19T21:30:05+00:00","dateModified":"2026-04-22T08:52:40+00:00","description":"Alle Informationen rund um \u00dcbernachtungsm\u00f6glichkeiten und die Location des Molkerei Kongresses in M\u00fcnchen.","breadcrumb":{"@id":"https:\/\/dfvcg-events.de\/molkereikongress\/location-anreise\/#breadcrumb"},"inLanguage":"de","potentialAction":[{"@type":"ReadAction","target":["https:\/\/dfvcg-events.de\/molkereikongress\/location-anreise\/"]}]},{"@type":"BreadcrumbList","@id":"https:\/\/dfvcg-events.de\/molkereikongress\/location-anreise\/#breadcrumb","itemListElement":[{"@type":"ListItem","position":1,"name":"Startseite","item":"https:\/\/dfvcg-events.de\/molkereikongress\/"},{"@type":"ListItem","position":2,"name":"Location, Hotel &amp; Anreise"}]},{"@type":"WebSite","@id":"https:\/\/dfvcg-events.de\/molkereikongress\/#website","url":"https:\/\/dfvcg-events.de\/molkereikongress\/","name":"Molkerei Kongress","description":"dfv Conference Group","potentialAction":[{"@type":"SearchAction","target":{"@type":"EntryPoint","urlTemplate":"https:\/\/dfvcg-events.de\/molkereikongress\/?s={search_term_string}"},"query-input":{"@type":"PropertyValueSpecification","valueRequired":true,"valueName":"search_term_string"}}],"inLanguage":"de"}]}},"_links":{"self":[{"href":"https:\/\/dfvcg-events.de\/molkereikongress\/wp-json\/wp\/v2\/pages\/158","targetHints":{"allow":["GET"]}}],"collection":[{"href":"https:\/\/dfvcg-events.de\/molkereikongress\/wp-json\/wp\/v2\/pages"}],"about":[{"href":"https:\/\/dfvcg-events.de\/molkereikongress\/wp-json\/wp\/v2\/types\/page"}],"author":[{"embeddable":true,"href":"https:\/\/dfvcg-events.de\/molkereikongress\/wp-json\/wp\/v2\/users\/1"}],"replies":[{"embeddable":true,"href":"https:\/\/dfvcg-events.de\/molkereikongress\/wp-json\/wp\/v2\/comments?post=158"}],"version-history":[{"count":12,"href":"https:\/\/dfvcg-events.de\/molkereikongress\/wp-json\/wp\/v2\/pages\/158\/revisions"}],"predecessor-version":[{"id":4632,"href":"https:\/\/dfvcg-events.de\/molkereikongress\/wp-json\/wp\/v2\/pages\/158\/revisions\/4632"}],"wp:attachment":[{"href":"https:\/\/dfvcg-events.de\/molkereikongress\/wp-json\/wp\/v2\/media?parent=158"}],"curies":[{"name":"wp","href":"https:\/\/api.w.org\/{rel}","templated":true}]}}