{"id":1650,"date":"2023-02-15T11:46:21","date_gmt":"2023-02-15T10:46:21","guid":{"rendered":"https:\/\/dfvcg-events.de\/metaverse\/?post_type=portfolio&#038;p=1650"},"modified":"2023-02-15T11:46:21","modified_gmt":"2023-02-15T10:46:21","slug":"juliane-maier","status":"publish","type":"portfolio","link":"https:\/\/dfvcg-events.de\/metaverse\/vortragend\/juliane-maier\/","title":{"rendered":"Juliane Maier"},"content":{"rendered":"<div id='av_section_1'  class='avia-section av-k7yuhjt1-ed130515dfde2ab83b8b09b38c6a9c95 main_color avia-section-default avia-no-border-styling  avia-builder-el-0  el_before_av_one_third  avia-builder-el-first  header-verlauf avia-bg-style-scroll container_wrap fullsize'  ><div class='container av-section-cont-open' ><main  role=\"main\" itemprop=\"mainContentOfPage\"  class='template-page content  av-content-full alpha units'><div class='post-entry post-entry-type-page post-entry-1650'><div class='entry-content-wrapper clearfix'>\n\n<style type=\"text\/css\" data-created_by=\"avia_inline_auto\" id=\"style-css-av-kav2vwa8-ebc24ceb07c8dd631da81f036238d6e6\">\n#top .av-special-heading.av-kav2vwa8-ebc24ceb07c8dd631da81f036238d6e6{\npadding-bottom:0;\ncolor:#ffffff;\n}\nbody .av-special-heading.av-kav2vwa8-ebc24ceb07c8dd631da81f036238d6e6 .av-special-heading-tag .heading-char{\nfont-size:25px;\n}\n.av-special-heading.av-kav2vwa8-ebc24ceb07c8dd631da81f036238d6e6 .special-heading-inner-border{\nborder-color:#ffffff;\n}\n.av-special-heading.av-kav2vwa8-ebc24ceb07c8dd631da81f036238d6e6 .av-subheading{\nfont-size:19px;\n}\n<\/style>\n<div  class='av-special-heading av-kav2vwa8-ebc24ceb07c8dd631da81f036238d6e6 av-special-heading-h1 custom-color-heading blockquote modern-quote  avia-builder-el-1  avia-builder-el-no-sibling '><div class='av_custom_color av-subheading av-subheading_above'><p>Metaverse<\/p>\n<\/div><h1 class='av-special-heading-tag '  itemprop=\"headline\"  >Vortragende<\/h1><div class=\"special-heading-border\"><div class=\"special-heading-inner-border\"><\/div><\/div><\/div>\n<\/div><\/div><\/main><!-- close content main element --><\/div><\/div><div id='after_section_1'  class='main_color av_default_container_wrap container_wrap fullsize'  ><div class='container av-section-cont-open' ><div class='template-page content  av-content-full alpha units'><div class='post-entry post-entry-type-page post-entry-1650'><div class='entry-content-wrapper clearfix'>\n\n<style type=\"text\/css\" data-created_by=\"avia_inline_auto\" id=\"style-css-av-1hpil-9666fe4db9abbb55e16afcaa46b74565\">\n.flex_column.av-1hpil-9666fe4db9abbb55e16afcaa46b74565{\nborder-radius:0px 0px 0px 0px;\npadding:0px 0px 0px 0px;\n}\n<\/style>\n<div  class='flex_column av-1hpil-9666fe4db9abbb55e16afcaa46b74565 av_one_third  avia-builder-el-2  el_after_av_section  el_before_av_two_third  avia-builder-el-first  first flex_column_div av-zero-column-padding  '     ><style type=\"text\/css\" data-created_by=\"avia_inline_auto\" id=\"style-css-av-k7z57foz-6beb669ae81433a24fdb348ba0223e1d\">\n.avia-image-container.av-k7z57foz-6beb669ae81433a24fdb348ba0223e1d img.avia_image{\nbox-shadow:none;\n}\n.avia-image-container.av-k7z57foz-6beb669ae81433a24fdb348ba0223e1d .av-image-caption-overlay-center{\ncolor:#ffffff;\n}\n<\/style>\n<div  class='avia-image-container av-k7z57foz-6beb669ae81433a24fdb348ba0223e1d av-styling-no-styling avia-align-center  avia-builder-el-3  avia-builder-el-no-sibling '   itemprop=\"image\" itemscope=\"itemscope\" itemtype=\"https:\/\/schema.org\/ImageObject\" ><div class=\"avia-image-container-inner\"><div class=\"avia-image-overlay-wrap\"><img decoding=\"async\" fetchpriority=\"high\" class='wp-image-1651 avia-img-lazy-loading-not-1651 avia_image ' src=\"https:\/\/dfvcg-events.de\/metaverse\/wp-content\/uploads\/sites\/45\/2023\/02\/Maier_Juliane_SAP_2023_web.jpg\" alt='' title='Maier_Juliane_SAP_2023_web'  height=\"800\" width=\"600\"  itemprop=\"thumbnailUrl\"  \/><\/div><\/div><\/div><\/div>\n<style type=\"text\/css\" data-created_by=\"avia_inline_auto\" id=\"style-css-av-q939-36bd9e2970eba44b209398e6adaba9f5\">\n.flex_column.av-q939-36bd9e2970eba44b209398e6adaba9f5{\nborder-radius:0px 0px 0px 0px;\npadding:0px 0px 0px 0px;\n}\n<\/style>\n<div  class='flex_column av-q939-36bd9e2970eba44b209398e6adaba9f5 av_two_third  avia-builder-el-4  el_after_av_one_third  avia-builder-el-last  flex_column_div av-zero-column-padding  '     ><p>\n<style type=\"text\/css\" data-created_by=\"avia_inline_auto\" id=\"style-css-av-kaux4tv8-0a2eb692672fb21dae35107c342df8ba\">\n#top .av-special-heading.av-kaux4tv8-0a2eb692672fb21dae35107c342df8ba{\npadding-bottom:10px;\n}\nbody .av-special-heading.av-kaux4tv8-0a2eb692672fb21dae35107c342df8ba .av-special-heading-tag .heading-char{\nfont-size:25px;\n}\n.av-special-heading.av-kaux4tv8-0a2eb692672fb21dae35107c342df8ba .av-subheading{\nfont-size:19px;\n}\n<\/style>\n<div  class='av-special-heading av-kaux4tv8-0a2eb692672fb21dae35107c342df8ba av-special-heading-h2 blockquote modern-quote  avia-builder-el-5  el_before_av_textblock  avia-builder-el-first '><h2 class='av-special-heading-tag '  itemprop=\"headline\"  >Juliane Maier<\/h2><div class='av-subheading av-subheading_below'><p>Industry Advisor Handel und Konsumg\u00fcter, SAP<\/p>\n<\/div><div class=\"special-heading-border\"><div class=\"special-heading-inner-border\"><\/div><\/div><\/div><br \/>\n<section  class='av_textblock_section av-k7yuci90-f8534781240039b49d63e38b610912bf '   itemscope=\"itemscope\" itemtype=\"https:\/\/schema.org\/CreativeWork\" ><div class='avia_textblock'  itemprop=\"text\" ><p>\u201eBevor Juliane Maier 2020 bei der SAP startete, studierte sie internationales Management mit Schwerpunkt Retail Business an der Hochschule Worms. Sie bringt wertvolle Erfahrung aus der Luftfahrbranche \u00fcber Kundenerwartungen, kundenzentrischen Service und Prozesse in ihre derzeitige Rolle mit ein. Als Alumni der SAP Presales Academy widmet sie sich als Industry Advisor im Unternehmen dem Handels- und Konsumg\u00fctermarkt und unterst\u00fctzt Kunden bei industrie-sowie produktspezifischen Fragen. Ihr Schwerpunkt liegt hierbei auf der Realisierung von Omnichannel-M\u00f6glichkeiten, die Kan\u00e4le wie eine intelligente Filiale mit Webshops und Metaversen miteinander verbinden.\u201c<\/p>\n<p><a href=\"https:\/\/de.linkedin.com\/in\/julianemaier\">Hier geht&#8217;s zum LinkedIn-Profil.<\/a><\/p>\n<\/div><\/section><\/p><\/div><\/p>\n","protected":false},"excerpt":{"rendered":"<p>SAP<\/p>\n","protected":false},"author":10,"featured_media":1651,"comment_status":"closed","ping_status":"closed","template":"","meta":{"footnotes":""},"tags":[],"portfolio_entries":[3,4],"class_list":["post-1650","portfolio","type-portfolio","status-publish","has-post-thumbnail","hentry","portfolio_entries-vortragend","portfolio_entries-vortragend-feature"],"yoast_head":"<!-- This site is optimized with the Yoast SEO plugin v27.4 - https:\/\/yoast.com\/product\/yoast-seo-wordpress\/ -->\n<title>Referent: Juliane Maier | Metaverse<\/title>\n<meta name=\"description\" content=\"Metaverse | Begr\u00fc\u00dfen Sie auf der B\u00fchne: Juliane Maier\" \/>\n<meta name=\"robots\" content=\"index, follow, max-snippet:-1, max-image-preview:large, max-video-preview:-1\" \/>\n<link rel=\"canonical\" href=\"https:\/\/dfvcg-events.de\/metaverse\/vortragend\/juliane-maier\/\" \/>\n<meta property=\"og:locale\" content=\"de_DE\" \/>\n<meta property=\"og:type\" content=\"article\" \/>\n<meta property=\"og:title\" content=\"Referent: Juliane Maier | Metaverse\" \/>\n<meta property=\"og:description\" content=\"Metaverse | Begr\u00fc\u00dfen Sie auf der B\u00fchne: Juliane Maier\" \/>\n<meta property=\"og:url\" content=\"https:\/\/dfvcg-events.de\/metaverse\/vortragend\/juliane-maier\/\" \/>\n<meta property=\"og:site_name\" content=\"Metaverse\" \/>\n<meta property=\"og:image\" content=\"https:\/\/dfvcg-events.de\/metaverse\/wp-content\/uploads\/sites\/45\/2023\/02\/Maier_Juliane_SAP_2023_web.jpg\" \/>\n\t<meta property=\"og:image:width\" content=\"600\" \/>\n\t<meta property=\"og:image:height\" content=\"800\" \/>\n\t<meta property=\"og:image:type\" content=\"image\/jpeg\" \/>\n<meta name=\"twitter:card\" content=\"summary_large_image\" \/>\n<meta name=\"twitter:label1\" content=\"Gesch\u00e4tzte Lesezeit\" \/>\n\t<meta name=\"twitter:data1\" content=\"3\u00a0Minuten\" \/>\n<script type=\"application\/ld+json\" class=\"yoast-schema-graph\">{\"@context\":\"https:\\\/\\\/schema.org\",\"@graph\":[{\"@type\":\"WebPage\",\"@id\":\"https:\\\/\\\/dfvcg-events.de\\\/metaverse\\\/vortragend\\\/juliane-maier\\\/\",\"url\":\"https:\\\/\\\/dfvcg-events.de\\\/metaverse\\\/vortragend\\\/juliane-maier\\\/\",\"name\":\"Referent: Juliane Maier | Metaverse\",\"isPartOf\":{\"@id\":\"https:\\\/\\\/dfvcg-events.de\\\/metaverse\\\/#website\"},\"primaryImageOfPage\":{\"@id\":\"https:\\\/\\\/dfvcg-events.de\\\/metaverse\\\/vortragend\\\/juliane-maier\\\/#primaryimage\"},\"image\":{\"@id\":\"https:\\\/\\\/dfvcg-events.de\\\/metaverse\\\/vortragend\\\/juliane-maier\\\/#primaryimage\"},\"thumbnailUrl\":\"https:\\\/\\\/dfvcg-events.de\\\/metaverse\\\/wp-content\\\/uploads\\\/sites\\\/45\\\/2023\\\/02\\\/Maier_Juliane_SAP_2023_web.jpg\",\"datePublished\":\"2023-02-15T10:46:21+00:00\",\"description\":\"Metaverse | Begr\u00fc\u00dfen Sie auf der B\u00fchne: Juliane Maier\",\"breadcrumb\":{\"@id\":\"https:\\\/\\\/dfvcg-events.de\\\/metaverse\\\/vortragend\\\/juliane-maier\\\/#breadcrumb\"},\"inLanguage\":\"de\",\"potentialAction\":[{\"@type\":\"ReadAction\",\"target\":[\"https:\\\/\\\/dfvcg-events.de\\\/metaverse\\\/vortragend\\\/juliane-maier\\\/\"]}]},{\"@type\":\"ImageObject\",\"inLanguage\":\"de\",\"@id\":\"https:\\\/\\\/dfvcg-events.de\\\/metaverse\\\/vortragend\\\/juliane-maier\\\/#primaryimage\",\"url\":\"https:\\\/\\\/dfvcg-events.de\\\/metaverse\\\/wp-content\\\/uploads\\\/sites\\\/45\\\/2023\\\/02\\\/Maier_Juliane_SAP_2023_web.jpg\",\"contentUrl\":\"https:\\\/\\\/dfvcg-events.de\\\/metaverse\\\/wp-content\\\/uploads\\\/sites\\\/45\\\/2023\\\/02\\\/Maier_Juliane_SAP_2023_web.jpg\",\"width\":600,\"height\":800},{\"@type\":\"BreadcrumbList\",\"@id\":\"https:\\\/\\\/dfvcg-events.de\\\/metaverse\\\/vortragend\\\/juliane-maier\\\/#breadcrumb\",\"itemListElement\":[{\"@type\":\"ListItem\",\"position\":1,\"name\":\"Startseite\",\"item\":\"https:\\\/\\\/dfvcg-events.de\\\/metaverse\\\/\"},{\"@type\":\"ListItem\",\"position\":2,\"name\":\"Juliane Maier\"}]},{\"@type\":\"WebSite\",\"@id\":\"https:\\\/\\\/dfvcg-events.de\\\/metaverse\\\/#website\",\"url\":\"https:\\\/\\\/dfvcg-events.de\\\/metaverse\\\/\",\"name\":\"Metaverse Now\",\"description\":\"dfv Conference Group\",\"publisher\":{\"@id\":\"https:\\\/\\\/dfvcg-events.de\\\/metaverse\\\/#organization\"},\"alternateName\":\"dfv Conference Group\",\"potentialAction\":[{\"@type\":\"SearchAction\",\"target\":{\"@type\":\"EntryPoint\",\"urlTemplate\":\"https:\\\/\\\/dfvcg-events.de\\\/metaverse\\\/?s={search_term_string}\"},\"query-input\":{\"@type\":\"PropertyValueSpecification\",\"valueRequired\":true,\"valueName\":\"search_term_string\"}}],\"inLanguage\":\"de\"},{\"@type\":\"Organization\",\"@id\":\"https:\\\/\\\/dfvcg-events.de\\\/metaverse\\\/#organization\",\"name\":\"Metaverse Now\",\"alternateName\":\"dfv Conference Group\",\"url\":\"https:\\\/\\\/dfvcg-events.de\\\/metaverse\\\/\",\"logo\":{\"@type\":\"ImageObject\",\"inLanguage\":\"de\",\"@id\":\"https:\\\/\\\/dfvcg-events.de\\\/metaverse\\\/#\\\/schema\\\/logo\\\/image\\\/\",\"url\":\"https:\\\/\\\/dfvcg-events.de\\\/metaverse\\\/wp-content\\\/uploads\\\/sites\\\/45\\\/2023\\\/01\\\/dfvcg-Metaverse-Teaser.jpg\",\"contentUrl\":\"https:\\\/\\\/dfvcg-events.de\\\/metaverse\\\/wp-content\\\/uploads\\\/sites\\\/45\\\/2023\\\/01\\\/dfvcg-Metaverse-Teaser.jpg\",\"width\":1280,\"height\":720,\"caption\":\"Metaverse Now\"},\"image\":{\"@id\":\"https:\\\/\\\/dfvcg-events.de\\\/metaverse\\\/#\\\/schema\\\/logo\\\/image\\\/\"}}]}<\/script>\n<!-- \/ Yoast SEO plugin. -->","yoast_head_json":{"title":"Referent: Juliane Maier | Metaverse","description":"Metaverse | Begr\u00fc\u00dfen Sie auf der B\u00fchne: Juliane Maier","robots":{"index":"index","follow":"follow","max-snippet":"max-snippet:-1","max-image-preview":"max-image-preview:large","max-video-preview":"max-video-preview:-1"},"canonical":"https:\/\/dfvcg-events.de\/metaverse\/vortragend\/juliane-maier\/","og_locale":"de_DE","og_type":"article","og_title":"Referent: Juliane Maier | Metaverse","og_description":"Metaverse | Begr\u00fc\u00dfen Sie auf der B\u00fchne: Juliane Maier","og_url":"https:\/\/dfvcg-events.de\/metaverse\/vortragend\/juliane-maier\/","og_site_name":"Metaverse","og_image":[{"width":600,"height":800,"url":"https:\/\/dfvcg-events.de\/metaverse\/wp-content\/uploads\/sites\/45\/2023\/02\/Maier_Juliane_SAP_2023_web.jpg","type":"image\/jpeg"}],"twitter_card":"summary_large_image","twitter_misc":{"Gesch\u00e4tzte Lesezeit":"3\u00a0Minuten"},"schema":{"@context":"https:\/\/schema.org","@graph":[{"@type":"WebPage","@id":"https:\/\/dfvcg-events.de\/metaverse\/vortragend\/juliane-maier\/","url":"https:\/\/dfvcg-events.de\/metaverse\/vortragend\/juliane-maier\/","name":"Referent: Juliane Maier | Metaverse","isPartOf":{"@id":"https:\/\/dfvcg-events.de\/metaverse\/#website"},"primaryImageOfPage":{"@id":"https:\/\/dfvcg-events.de\/metaverse\/vortragend\/juliane-maier\/#primaryimage"},"image":{"@id":"https:\/\/dfvcg-events.de\/metaverse\/vortragend\/juliane-maier\/#primaryimage"},"thumbnailUrl":"https:\/\/dfvcg-events.de\/metaverse\/wp-content\/uploads\/sites\/45\/2023\/02\/Maier_Juliane_SAP_2023_web.jpg","datePublished":"2023-02-15T10:46:21+00:00","description":"Metaverse | Begr\u00fc\u00dfen Sie auf der B\u00fchne: Juliane Maier","breadcrumb":{"@id":"https:\/\/dfvcg-events.de\/metaverse\/vortragend\/juliane-maier\/#breadcrumb"},"inLanguage":"de","potentialAction":[{"@type":"ReadAction","target":["https:\/\/dfvcg-events.de\/metaverse\/vortragend\/juliane-maier\/"]}]},{"@type":"ImageObject","inLanguage":"de","@id":"https:\/\/dfvcg-events.de\/metaverse\/vortragend\/juliane-maier\/#primaryimage","url":"https:\/\/dfvcg-events.de\/metaverse\/wp-content\/uploads\/sites\/45\/2023\/02\/Maier_Juliane_SAP_2023_web.jpg","contentUrl":"https:\/\/dfvcg-events.de\/metaverse\/wp-content\/uploads\/sites\/45\/2023\/02\/Maier_Juliane_SAP_2023_web.jpg","width":600,"height":800},{"@type":"BreadcrumbList","@id":"https:\/\/dfvcg-events.de\/metaverse\/vortragend\/juliane-maier\/#breadcrumb","itemListElement":[{"@type":"ListItem","position":1,"name":"Startseite","item":"https:\/\/dfvcg-events.de\/metaverse\/"},{"@type":"ListItem","position":2,"name":"Juliane Maier"}]},{"@type":"WebSite","@id":"https:\/\/dfvcg-events.de\/metaverse\/#website","url":"https:\/\/dfvcg-events.de\/metaverse\/","name":"Metaverse Now","description":"dfv Conference Group","publisher":{"@id":"https:\/\/dfvcg-events.de\/metaverse\/#organization"},"alternateName":"dfv Conference Group","potentialAction":[{"@type":"SearchAction","target":{"@type":"EntryPoint","urlTemplate":"https:\/\/dfvcg-events.de\/metaverse\/?s={search_term_string}"},"query-input":{"@type":"PropertyValueSpecification","valueRequired":true,"valueName":"search_term_string"}}],"inLanguage":"de"},{"@type":"Organization","@id":"https:\/\/dfvcg-events.de\/metaverse\/#organization","name":"Metaverse Now","alternateName":"dfv Conference Group","url":"https:\/\/dfvcg-events.de\/metaverse\/","logo":{"@type":"ImageObject","inLanguage":"de","@id":"https:\/\/dfvcg-events.de\/metaverse\/#\/schema\/logo\/image\/","url":"https:\/\/dfvcg-events.de\/metaverse\/wp-content\/uploads\/sites\/45\/2023\/01\/dfvcg-Metaverse-Teaser.jpg","contentUrl":"https:\/\/dfvcg-events.de\/metaverse\/wp-content\/uploads\/sites\/45\/2023\/01\/dfvcg-Metaverse-Teaser.jpg","width":1280,"height":720,"caption":"Metaverse Now"},"image":{"@id":"https:\/\/dfvcg-events.de\/metaverse\/#\/schema\/logo\/image\/"}}]}},"_links":{"self":[{"href":"https:\/\/dfvcg-events.de\/metaverse\/wp-json\/wp\/v2\/portfolio\/1650","targetHints":{"allow":["GET"]}}],"collection":[{"href":"https:\/\/dfvcg-events.de\/metaverse\/wp-json\/wp\/v2\/portfolio"}],"about":[{"href":"https:\/\/dfvcg-events.de\/metaverse\/wp-json\/wp\/v2\/types\/portfolio"}],"author":[{"embeddable":true,"href":"https:\/\/dfvcg-events.de\/metaverse\/wp-json\/wp\/v2\/users\/10"}],"replies":[{"embeddable":true,"href":"https:\/\/dfvcg-events.de\/metaverse\/wp-json\/wp\/v2\/comments?post=1650"}],"version-history":[{"count":0,"href":"https:\/\/dfvcg-events.de\/metaverse\/wp-json\/wp\/v2\/portfolio\/1650\/revisions"}],"wp:featuredmedia":[{"embeddable":true,"href":"https:\/\/dfvcg-events.de\/metaverse\/wp-json\/wp\/v2\/media\/1651"}],"wp:attachment":[{"href":"https:\/\/dfvcg-events.de\/metaverse\/wp-json\/wp\/v2\/media?parent=1650"}],"wp:term":[{"taxonomy":"post_tag","embeddable":true,"href":"https:\/\/dfvcg-events.de\/metaverse\/wp-json\/wp\/v2\/tags?post=1650"},{"taxonomy":"portfolio_entries","embeddable":true,"href":"https:\/\/dfvcg-events.de\/metaverse\/wp-json\/wp\/v2\/portfolio_entries?post=1650"}],"curies":[{"name":"wp","href":"https:\/\/api.w.org\/{rel}","templated":true}]}}