{"id":5544,"date":"2025-03-20T20:20:13","date_gmt":"2025-03-20T19:20:13","guid":{"rendered":"https:\/\/dfvcg-events.de\/hotelimmobilien-kongress\/?post_type=portfolio&#038;p=5544"},"modified":"2025-06-27T10:02:13","modified_gmt":"2025-06-27T08:02:13","slug":"daniel-kramer","status":"publish","type":"portfolio","link":"https:\/\/dfvcg-events.de\/hotelimmobilien-kongress\/referent\/daniel-kramer\/","title":{"rendered":"Daniel Kramer"},"content":{"rendered":"\n<style type=\"text\/css\" data-created_by=\"avia_inline_auto\" id=\"style-css-av-k7yuhjt1-53d70219debe6de7960d44ee8b79be7b\">\n.avia-section.av-k7yuhjt1-53d70219debe6de7960d44ee8b79be7b{\nbackground-color:#5a676b;\nbackground-image:unset;\n}\n<\/style>\n<div id='av_section_1'  class='avia-section av-k7yuhjt1-53d70219debe6de7960d44ee8b79be7b main_color avia-section-default avia-no-border-styling  avia-builder-el-0  el_before_av_one_third  avia-builder-el-first  avia-bg-style-scroll container_wrap fullsize'  ><div class='container av-section-cont-open' ><main  role=\"main\" itemprop=\"mainContentOfPage\"  class='template-page content  av-content-full alpha units'><div class='post-entry post-entry-type-page post-entry-5544'><div class='entry-content-wrapper clearfix'>\n\n<style type=\"text\/css\" data-created_by=\"avia_inline_auto\" id=\"style-css-av-kaqww2nf-e860a0c34612928b9853cc1823d55417\">\n#top .av-special-heading.av-kaqww2nf-e860a0c34612928b9853cc1823d55417{\npadding-bottom:0;\ncolor:#ffffff;\n}\nbody .av-special-heading.av-kaqww2nf-e860a0c34612928b9853cc1823d55417 .av-special-heading-tag .heading-char{\nfont-size:25px;\n}\n.av-special-heading.av-kaqww2nf-e860a0c34612928b9853cc1823d55417 .special-heading-inner-border{\nborder-color:#ffffff;\n}\n.av-special-heading.av-kaqww2nf-e860a0c34612928b9853cc1823d55417 .av-subheading{\nfont-size:19px;\n}\n<\/style>\n<div  class='av-special-heading av-kaqww2nf-e860a0c34612928b9853cc1823d55417 av-special-heading-h1 custom-color-heading blockquote modern-quote  avia-builder-el-1  avia-builder-el-no-sibling '><div class='av_custom_color av-subheading av-subheading_above'><p>Hotelimmobilien-Kongress<\/p>\n<\/div><h1 class='av-special-heading-tag '  itemprop=\"headline\"  >Vortragende<\/h1><div class=\"special-heading-border\"><div class=\"special-heading-inner-border\"><\/div><\/div><\/div>\n<\/div><\/div><\/main><!-- close content main element --><\/div><\/div><div id='after_section_1'  class='main_color av_default_container_wrap container_wrap fullsize'  ><div class='container av-section-cont-open' ><div class='template-page content  av-content-full alpha units'><div class='post-entry post-entry-type-page post-entry-5544'><div class='entry-content-wrapper clearfix'>\n\n<style type=\"text\/css\" data-created_by=\"avia_inline_auto\" id=\"style-css-av-1hpil-9666fe4db9abbb55e16afcaa46b74565\">\n.flex_column.av-1hpil-9666fe4db9abbb55e16afcaa46b74565{\nborder-radius:0px 0px 0px 0px;\npadding:0px 0px 0px 0px;\n}\n<\/style>\n<div  class='flex_column av-1hpil-9666fe4db9abbb55e16afcaa46b74565 av_one_third  avia-builder-el-2  el_after_av_section  el_before_av_two_third  avia-builder-el-first  first flex_column_div av-zero-column-padding  '     ><style type=\"text\/css\" data-created_by=\"avia_inline_auto\" id=\"style-css-av-k7z51wou-86829848f530f6bf63ef0206a9225589\">\n.avia-image-container.av-k7z51wou-86829848f530f6bf63ef0206a9225589 img.avia_image{\nbox-shadow:none;\n}\n.avia-image-container.av-k7z51wou-86829848f530f6bf63ef0206a9225589 .av-image-caption-overlay-center{\ncolor:#ffffff;\n}\n<\/style>\n<div  class='avia-image-container av-k7z51wou-86829848f530f6bf63ef0206a9225589 av-styling-no-styling avia-align-center  avia-builder-el-3  avia-builder-el-no-sibling '   itemprop=\"image\" itemscope=\"itemscope\" itemtype=\"https:\/\/schema.org\/ImageObject\" ><div class=\"avia-image-container-inner\"><div class=\"avia-image-overlay-wrap\"><img decoding=\"async\" fetchpriority=\"high\" class='wp-image-5914 avia-img-lazy-loading-not-5914 avia_image ' src=\"https:\/\/dfvcg-events.de\/hotelimmobilien-kongress\/wp-content\/uploads\/sites\/6\/2025\/03\/Kramer-Daniel-ipartment_web.jpg\" alt='' title='Kramer-Daniel-ipartment_web'  height=\"1148\" width=\"861\"  itemprop=\"thumbnailUrl\" srcset=\"https:\/\/dfvcg-events.de\/hotelimmobilien-kongress\/wp-content\/uploads\/sites\/6\/2025\/03\/Kramer-Daniel-ipartment_web.jpg 861w, https:\/\/dfvcg-events.de\/hotelimmobilien-kongress\/wp-content\/uploads\/sites\/6\/2025\/03\/Kramer-Daniel-ipartment_web-529x705.jpg 529w\" sizes=\"(max-width: 861px) 100vw, 861px\" \/><\/div><\/div><\/div><\/div>\n<style type=\"text\/css\" data-created_by=\"avia_inline_auto\" id=\"style-css-av-q939-36bd9e2970eba44b209398e6adaba9f5\">\n.flex_column.av-q939-36bd9e2970eba44b209398e6adaba9f5{\nborder-radius:0px 0px 0px 0px;\npadding:0px 0px 0px 0px;\n}\n<\/style>\n<div  class='flex_column av-q939-36bd9e2970eba44b209398e6adaba9f5 av_two_third  avia-builder-el-4  el_after_av_one_third  avia-builder-el-last  flex_column_div av-zero-column-padding  '     ><p>\n<style type=\"text\/css\" data-created_by=\"avia_inline_auto\" id=\"style-css-av-kaqwuudl-d3ef4167d6bfdb1c58e99a69937bec0c\">\n#top .av-special-heading.av-kaqwuudl-d3ef4167d6bfdb1c58e99a69937bec0c{\npadding-bottom:10px;\n}\nbody .av-special-heading.av-kaqwuudl-d3ef4167d6bfdb1c58e99a69937bec0c .av-special-heading-tag .heading-char{\nfont-size:25px;\n}\n.av-special-heading.av-kaqwuudl-d3ef4167d6bfdb1c58e99a69937bec0c .av-subheading{\nfont-size:19px;\n}\n<\/style>\n<div  class='av-special-heading av-kaqwuudl-d3ef4167d6bfdb1c58e99a69937bec0c av-special-heading-h2 blockquote modern-quote  avia-builder-el-5  el_before_av_textblock  avia-builder-el-first '><h2 class='av-special-heading-tag '  itemprop=\"headline\"  >Daniel Kramer<\/h2><div class='av-subheading av-subheading_below'><p>Expansion Manager<br \/>\nipartment<\/p>\n<\/div><div class=\"special-heading-border\"><div class=\"special-heading-inner-border\"><\/div><\/div><\/div><br \/>\n<section  class='av_textblock_section av-k7yuci90-cc8f536f476c354fb273c6b3e8aa0dbd '   itemscope=\"itemscope\" itemtype=\"https:\/\/schema.org\/CreativeWork\" ><div class='avia_textblock'  itemprop=\"text\" ><p>Daniel Kramer blickt auf \u00fcber ein Jahrzehnt Erfahrung in der Immobilienwirtschaft zur\u00fcck. Mit fundierter Expertise in der Entwicklung von Projekten, Standortanalyse, und Transaktionsberatung. Mit wirtschaftlichem Studium im Background verantwortete er als Projektmanager und Immobilienmakler die Planung, Steuerung und Vermarktung anspruchsvoller Immobilienprojekte in urbanen Lagen.<\/p>\n<p>Bei iPartment verantwortet und steuert er heute die gesamte Expansion des Unternehmens und ist zentral verantwortlich f\u00fcr die Identifikation, Bewertung und Akquisition neuer Standorte im In- und Ausland. Mit strategischem Blick auf M\u00e4rkte, Nutzerverhalten und Zukunftstrends entwickelt er skalierbare Standortkonzepte und pr\u00e4gt ma\u00dfgeblich die Wachstumsstrategie eines der f\u00fchrenden Anbieter im Segment der Serviced Apartments.<\/p>\n<\/div><\/section><\/p><\/div><\/p>\n","protected":false},"excerpt":{"rendered":"<p>ipartment <\/p>\n","protected":false},"author":10,"featured_media":5914,"comment_status":"closed","ping_status":"closed","template":"","meta":{"footnotes":""},"tags":[],"portfolio_entries":[63],"class_list":["post-5544","portfolio","type-portfolio","status-publish","has-post-thumbnail","hentry","portfolio_entries-vortragend-2025"],"yoast_head":"<!-- This site is optimized with the Yoast SEO plugin v27.4 - https:\/\/yoast.com\/product\/yoast-seo-wordpress\/ -->\n<title>Referent: Daniel Kramer | Deutscher Hotelimmobilien-Kongress<\/title>\n<meta name=\"description\" content=\"Deutscher Hotelimmobilien-Kongress | Begr\u00fc\u00dfen Sie auf der B\u00fchne: Daniel Kramer\" \/>\n<meta name=\"robots\" content=\"index, follow, max-snippet:-1, max-image-preview:large, max-video-preview:-1\" \/>\n<link rel=\"canonical\" href=\"https:\/\/dfvcg-events.de\/hotelimmobilien-kongress\/referent\/daniel-kramer\/\" \/>\n<meta property=\"og:locale\" content=\"de_DE\" \/>\n<meta property=\"og:type\" content=\"article\" \/>\n<meta property=\"og:title\" content=\"Referent: Daniel Kramer | Deutscher Hotelimmobilien-Kongress\" \/>\n<meta property=\"og:description\" content=\"Deutscher Hotelimmobilien-Kongress | Begr\u00fc\u00dfen Sie auf der B\u00fchne: Daniel Kramer\" \/>\n<meta property=\"og:url\" content=\"https:\/\/dfvcg-events.de\/hotelimmobilien-kongress\/referent\/daniel-kramer\/\" \/>\n<meta property=\"og:site_name\" content=\"Deutscher Hotelimmobilien-Kongress\" \/>\n<meta property=\"article:modified_time\" content=\"2025-06-27T08:02:13+00:00\" \/>\n<meta property=\"og:image\" content=\"https:\/\/dfvcg-events.de\/hotelimmobilien-kongress\/wp-content\/uploads\/sites\/6\/2025\/03\/Kramer-Daniel-ipartment_web.jpg\" \/>\n\t<meta property=\"og:image:width\" content=\"861\" \/>\n\t<meta property=\"og:image:height\" content=\"1148\" \/>\n\t<meta property=\"og:image:type\" content=\"image\/jpeg\" \/>\n<meta name=\"twitter:card\" content=\"summary_large_image\" \/>\n<meta name=\"twitter:label1\" content=\"Gesch\u00e4tzte Lesezeit\" \/>\n\t<meta name=\"twitter:data1\" content=\"1\u00a0Minute\" \/>\n<script type=\"application\/ld+json\" class=\"yoast-schema-graph\">{\"@context\":\"https:\\\/\\\/schema.org\",\"@graph\":[{\"@type\":\"WebPage\",\"@id\":\"https:\\\/\\\/dfvcg-events.de\\\/hotelimmobilien-kongress\\\/referent\\\/daniel-kramer\\\/\",\"url\":\"https:\\\/\\\/dfvcg-events.de\\\/hotelimmobilien-kongress\\\/referent\\\/daniel-kramer\\\/\",\"name\":\"Referent: Daniel Kramer | Deutscher Hotelimmobilien-Kongress\",\"isPartOf\":{\"@id\":\"https:\\\/\\\/dfvcg-events.de\\\/hotelimmobilien-kongress\\\/#website\"},\"primaryImageOfPage\":{\"@id\":\"https:\\\/\\\/dfvcg-events.de\\\/hotelimmobilien-kongress\\\/referent\\\/daniel-kramer\\\/#primaryimage\"},\"image\":{\"@id\":\"https:\\\/\\\/dfvcg-events.de\\\/hotelimmobilien-kongress\\\/referent\\\/daniel-kramer\\\/#primaryimage\"},\"thumbnailUrl\":\"https:\\\/\\\/dfvcg-events.de\\\/hotelimmobilien-kongress\\\/wp-content\\\/uploads\\\/sites\\\/6\\\/2025\\\/03\\\/Kramer-Daniel-ipartment_web.jpg\",\"datePublished\":\"2025-03-20T19:20:13+00:00\",\"dateModified\":\"2025-06-27T08:02:13+00:00\",\"description\":\"Deutscher Hotelimmobilien-Kongress | Begr\u00fc\u00dfen Sie auf der B\u00fchne: Daniel Kramer\",\"breadcrumb\":{\"@id\":\"https:\\\/\\\/dfvcg-events.de\\\/hotelimmobilien-kongress\\\/referent\\\/daniel-kramer\\\/#breadcrumb\"},\"inLanguage\":\"de\",\"potentialAction\":[{\"@type\":\"ReadAction\",\"target\":[\"https:\\\/\\\/dfvcg-events.de\\\/hotelimmobilien-kongress\\\/referent\\\/daniel-kramer\\\/\"]}]},{\"@type\":\"ImageObject\",\"inLanguage\":\"de\",\"@id\":\"https:\\\/\\\/dfvcg-events.de\\\/hotelimmobilien-kongress\\\/referent\\\/daniel-kramer\\\/#primaryimage\",\"url\":\"https:\\\/\\\/dfvcg-events.de\\\/hotelimmobilien-kongress\\\/wp-content\\\/uploads\\\/sites\\\/6\\\/2025\\\/03\\\/Kramer-Daniel-ipartment_web.jpg\",\"contentUrl\":\"https:\\\/\\\/dfvcg-events.de\\\/hotelimmobilien-kongress\\\/wp-content\\\/uploads\\\/sites\\\/6\\\/2025\\\/03\\\/Kramer-Daniel-ipartment_web.jpg\",\"width\":861,\"height\":1148},{\"@type\":\"BreadcrumbList\",\"@id\":\"https:\\\/\\\/dfvcg-events.de\\\/hotelimmobilien-kongress\\\/referent\\\/daniel-kramer\\\/#breadcrumb\",\"itemListElement\":[{\"@type\":\"ListItem\",\"position\":1,\"name\":\"Startseite\",\"item\":\"https:\\\/\\\/dfvcg-events.de\\\/hotelimmobilien-kongress\\\/\"},{\"@type\":\"ListItem\",\"position\":2,\"name\":\"Daniel Kramer\"}]},{\"@type\":\"WebSite\",\"@id\":\"https:\\\/\\\/dfvcg-events.de\\\/hotelimmobilien-kongress\\\/#website\",\"url\":\"https:\\\/\\\/dfvcg-events.de\\\/hotelimmobilien-kongress\\\/\",\"name\":\"Deutscher Hotelimmobilien-Kongress\",\"description\":\"dfv Conference Group\",\"publisher\":{\"@id\":\"https:\\\/\\\/dfvcg-events.de\\\/hotelimmobilien-kongress\\\/#organization\"},\"potentialAction\":[{\"@type\":\"SearchAction\",\"target\":{\"@type\":\"EntryPoint\",\"urlTemplate\":\"https:\\\/\\\/dfvcg-events.de\\\/hotelimmobilien-kongress\\\/?s={search_term_string}\"},\"query-input\":{\"@type\":\"PropertyValueSpecification\",\"valueRequired\":true,\"valueName\":\"search_term_string\"}}],\"inLanguage\":\"de\"},{\"@type\":\"Organization\",\"@id\":\"https:\\\/\\\/dfvcg-events.de\\\/hotelimmobilien-kongress\\\/#organization\",\"name\":\"Deutscher Hotelimmobilien-Kongress\",\"url\":\"https:\\\/\\\/dfvcg-events.de\\\/hotelimmobilien-kongress\\\/\",\"logo\":{\"@type\":\"ImageObject\",\"inLanguage\":\"de\",\"@id\":\"https:\\\/\\\/dfvcg-events.de\\\/hotelimmobilien-kongress\\\/#\\\/schema\\\/logo\\\/image\\\/\",\"url\":\"https:\\\/\\\/dfvcg-events.de\\\/hotelimmobilien-kongress\\\/wp-content\\\/uploads\\\/sites\\\/6\\\/2022\\\/12\\\/hotelimmobilien-kongress-2023-Teaser-800x800-1.jpg\",\"contentUrl\":\"https:\\\/\\\/dfvcg-events.de\\\/hotelimmobilien-kongress\\\/wp-content\\\/uploads\\\/sites\\\/6\\\/2022\\\/12\\\/hotelimmobilien-kongress-2023-Teaser-800x800-1.jpg\",\"width\":800,\"height\":800,\"caption\":\"Deutscher Hotelimmobilien-Kongress\"},\"image\":{\"@id\":\"https:\\\/\\\/dfvcg-events.de\\\/hotelimmobilien-kongress\\\/#\\\/schema\\\/logo\\\/image\\\/\"}}]}<\/script>\n<!-- \/ Yoast SEO plugin. -->","yoast_head_json":{"title":"Referent: Daniel Kramer | Deutscher Hotelimmobilien-Kongress","description":"Deutscher Hotelimmobilien-Kongress | Begr\u00fc\u00dfen Sie auf der B\u00fchne: Daniel Kramer","robots":{"index":"index","follow":"follow","max-snippet":"max-snippet:-1","max-image-preview":"max-image-preview:large","max-video-preview":"max-video-preview:-1"},"canonical":"https:\/\/dfvcg-events.de\/hotelimmobilien-kongress\/referent\/daniel-kramer\/","og_locale":"de_DE","og_type":"article","og_title":"Referent: Daniel Kramer | Deutscher Hotelimmobilien-Kongress","og_description":"Deutscher Hotelimmobilien-Kongress | Begr\u00fc\u00dfen Sie auf der B\u00fchne: Daniel Kramer","og_url":"https:\/\/dfvcg-events.de\/hotelimmobilien-kongress\/referent\/daniel-kramer\/","og_site_name":"Deutscher Hotelimmobilien-Kongress","article_modified_time":"2025-06-27T08:02:13+00:00","og_image":[{"width":861,"height":1148,"url":"https:\/\/dfvcg-events.de\/hotelimmobilien-kongress\/wp-content\/uploads\/sites\/6\/2025\/03\/Kramer-Daniel-ipartment_web.jpg","type":"image\/jpeg"}],"twitter_card":"summary_large_image","twitter_misc":{"Gesch\u00e4tzte Lesezeit":"1\u00a0Minute"},"schema":{"@context":"https:\/\/schema.org","@graph":[{"@type":"WebPage","@id":"https:\/\/dfvcg-events.de\/hotelimmobilien-kongress\/referent\/daniel-kramer\/","url":"https:\/\/dfvcg-events.de\/hotelimmobilien-kongress\/referent\/daniel-kramer\/","name":"Referent: Daniel Kramer | Deutscher Hotelimmobilien-Kongress","isPartOf":{"@id":"https:\/\/dfvcg-events.de\/hotelimmobilien-kongress\/#website"},"primaryImageOfPage":{"@id":"https:\/\/dfvcg-events.de\/hotelimmobilien-kongress\/referent\/daniel-kramer\/#primaryimage"},"image":{"@id":"https:\/\/dfvcg-events.de\/hotelimmobilien-kongress\/referent\/daniel-kramer\/#primaryimage"},"thumbnailUrl":"https:\/\/dfvcg-events.de\/hotelimmobilien-kongress\/wp-content\/uploads\/sites\/6\/2025\/03\/Kramer-Daniel-ipartment_web.jpg","datePublished":"2025-03-20T19:20:13+00:00","dateModified":"2025-06-27T08:02:13+00:00","description":"Deutscher Hotelimmobilien-Kongress | Begr\u00fc\u00dfen Sie auf der B\u00fchne: Daniel Kramer","breadcrumb":{"@id":"https:\/\/dfvcg-events.de\/hotelimmobilien-kongress\/referent\/daniel-kramer\/#breadcrumb"},"inLanguage":"de","potentialAction":[{"@type":"ReadAction","target":["https:\/\/dfvcg-events.de\/hotelimmobilien-kongress\/referent\/daniel-kramer\/"]}]},{"@type":"ImageObject","inLanguage":"de","@id":"https:\/\/dfvcg-events.de\/hotelimmobilien-kongress\/referent\/daniel-kramer\/#primaryimage","url":"https:\/\/dfvcg-events.de\/hotelimmobilien-kongress\/wp-content\/uploads\/sites\/6\/2025\/03\/Kramer-Daniel-ipartment_web.jpg","contentUrl":"https:\/\/dfvcg-events.de\/hotelimmobilien-kongress\/wp-content\/uploads\/sites\/6\/2025\/03\/Kramer-Daniel-ipartment_web.jpg","width":861,"height":1148},{"@type":"BreadcrumbList","@id":"https:\/\/dfvcg-events.de\/hotelimmobilien-kongress\/referent\/daniel-kramer\/#breadcrumb","itemListElement":[{"@type":"ListItem","position":1,"name":"Startseite","item":"https:\/\/dfvcg-events.de\/hotelimmobilien-kongress\/"},{"@type":"ListItem","position":2,"name":"Daniel Kramer"}]},{"@type":"WebSite","@id":"https:\/\/dfvcg-events.de\/hotelimmobilien-kongress\/#website","url":"https:\/\/dfvcg-events.de\/hotelimmobilien-kongress\/","name":"Deutscher Hotelimmobilien-Kongress","description":"dfv Conference Group","publisher":{"@id":"https:\/\/dfvcg-events.de\/hotelimmobilien-kongress\/#organization"},"potentialAction":[{"@type":"SearchAction","target":{"@type":"EntryPoint","urlTemplate":"https:\/\/dfvcg-events.de\/hotelimmobilien-kongress\/?s={search_term_string}"},"query-input":{"@type":"PropertyValueSpecification","valueRequired":true,"valueName":"search_term_string"}}],"inLanguage":"de"},{"@type":"Organization","@id":"https:\/\/dfvcg-events.de\/hotelimmobilien-kongress\/#organization","name":"Deutscher Hotelimmobilien-Kongress","url":"https:\/\/dfvcg-events.de\/hotelimmobilien-kongress\/","logo":{"@type":"ImageObject","inLanguage":"de","@id":"https:\/\/dfvcg-events.de\/hotelimmobilien-kongress\/#\/schema\/logo\/image\/","url":"https:\/\/dfvcg-events.de\/hotelimmobilien-kongress\/wp-content\/uploads\/sites\/6\/2022\/12\/hotelimmobilien-kongress-2023-Teaser-800x800-1.jpg","contentUrl":"https:\/\/dfvcg-events.de\/hotelimmobilien-kongress\/wp-content\/uploads\/sites\/6\/2022\/12\/hotelimmobilien-kongress-2023-Teaser-800x800-1.jpg","width":800,"height":800,"caption":"Deutscher Hotelimmobilien-Kongress"},"image":{"@id":"https:\/\/dfvcg-events.de\/hotelimmobilien-kongress\/#\/schema\/logo\/image\/"}}]}},"_links":{"self":[{"href":"https:\/\/dfvcg-events.de\/hotelimmobilien-kongress\/wp-json\/wp\/v2\/portfolio\/5544","targetHints":{"allow":["GET"]}}],"collection":[{"href":"https:\/\/dfvcg-events.de\/hotelimmobilien-kongress\/wp-json\/wp\/v2\/portfolio"}],"about":[{"href":"https:\/\/dfvcg-events.de\/hotelimmobilien-kongress\/wp-json\/wp\/v2\/types\/portfolio"}],"author":[{"embeddable":true,"href":"https:\/\/dfvcg-events.de\/hotelimmobilien-kongress\/wp-json\/wp\/v2\/users\/10"}],"replies":[{"embeddable":true,"href":"https:\/\/dfvcg-events.de\/hotelimmobilien-kongress\/wp-json\/wp\/v2\/comments?post=5544"}],"version-history":[{"count":3,"href":"https:\/\/dfvcg-events.de\/hotelimmobilien-kongress\/wp-json\/wp\/v2\/portfolio\/5544\/revisions"}],"predecessor-version":[{"id":5913,"href":"https:\/\/dfvcg-events.de\/hotelimmobilien-kongress\/wp-json\/wp\/v2\/portfolio\/5544\/revisions\/5913"}],"wp:featuredmedia":[{"embeddable":true,"href":"https:\/\/dfvcg-events.de\/hotelimmobilien-kongress\/wp-json\/wp\/v2\/media\/5914"}],"wp:attachment":[{"href":"https:\/\/dfvcg-events.de\/hotelimmobilien-kongress\/wp-json\/wp\/v2\/media?parent=5544"}],"wp:term":[{"taxonomy":"post_tag","embeddable":true,"href":"https:\/\/dfvcg-events.de\/hotelimmobilien-kongress\/wp-json\/wp\/v2\/tags?post=5544"},{"taxonomy":"portfolio_entries","embeddable":true,"href":"https:\/\/dfvcg-events.de\/hotelimmobilien-kongress\/wp-json\/wp\/v2\/portfolio_entries?post=5544"}],"curies":[{"name":"wp","href":"https:\/\/api.w.org\/{rel}","templated":true}]}}