{"id":5512,"date":"2025-03-20T18:23:01","date_gmt":"2025-03-20T17:23:01","guid":{"rendered":"https:\/\/dfvcg-events.de\/hotelimmobilien-kongress\/?post_type=portfolio&#038;p=5512"},"modified":"2025-03-20T18:23:01","modified_gmt":"2025-03-20T17:23:01","slug":"martin-schaffer-2","status":"publish","type":"portfolio","link":"https:\/\/dfvcg-events.de\/hotelimmobilien-kongress\/referent\/martin-schaffer-2\/","title":{"rendered":"Martin Schaffer"},"content":{"rendered":"\n<style type=\"text\/css\" data-created_by=\"avia_inline_auto\" id=\"style-css-av-k7yuhjt1-53d70219debe6de7960d44ee8b79be7b\">\n.avia-section.av-k7yuhjt1-53d70219debe6de7960d44ee8b79be7b{\nbackground-color:#5a676b;\nbackground-image:unset;\n}\n<\/style>\n<div id='av_section_1'  class='avia-section av-k7yuhjt1-53d70219debe6de7960d44ee8b79be7b main_color avia-section-default avia-no-border-styling  avia-builder-el-0  el_before_av_one_third  avia-builder-el-first  avia-bg-style-scroll container_wrap fullsize'  ><div class='container av-section-cont-open' ><main  role=\"main\" itemprop=\"mainContentOfPage\"  class='template-page content  av-content-full alpha units'><div class='post-entry post-entry-type-page post-entry-5512'><div class='entry-content-wrapper clearfix'>\n\n<style type=\"text\/css\" data-created_by=\"avia_inline_auto\" id=\"style-css-av-kaqww2nf-e860a0c34612928b9853cc1823d55417\">\n#top .av-special-heading.av-kaqww2nf-e860a0c34612928b9853cc1823d55417{\npadding-bottom:0;\ncolor:#ffffff;\n}\nbody .av-special-heading.av-kaqww2nf-e860a0c34612928b9853cc1823d55417 .av-special-heading-tag .heading-char{\nfont-size:25px;\n}\n.av-special-heading.av-kaqww2nf-e860a0c34612928b9853cc1823d55417 .special-heading-inner-border{\nborder-color:#ffffff;\n}\n.av-special-heading.av-kaqww2nf-e860a0c34612928b9853cc1823d55417 .av-subheading{\nfont-size:19px;\n}\n<\/style>\n<div  class='av-special-heading av-kaqww2nf-e860a0c34612928b9853cc1823d55417 av-special-heading-h1 custom-color-heading blockquote modern-quote  avia-builder-el-1  avia-builder-el-no-sibling '><div class='av_custom_color av-subheading av-subheading_above'><p>Hotelimmobilien-Kongress<\/p>\n<\/div><h1 class='av-special-heading-tag '  itemprop=\"headline\"  >Vortragende<\/h1><div class=\"special-heading-border\"><div class=\"special-heading-inner-border\"><\/div><\/div><\/div>\n<\/div><\/div><\/main><!-- close content main element --><\/div><\/div><div id='after_section_1'  class='main_color av_default_container_wrap container_wrap fullsize'  ><div class='container av-section-cont-open' ><div class='template-page content  av-content-full alpha units'><div class='post-entry post-entry-type-page post-entry-5512'><div class='entry-content-wrapper clearfix'>\n\n<style type=\"text\/css\" data-created_by=\"avia_inline_auto\" id=\"style-css-av-1hpil-9666fe4db9abbb55e16afcaa46b74565\">\n.flex_column.av-1hpil-9666fe4db9abbb55e16afcaa46b74565{\nborder-radius:0px 0px 0px 0px;\npadding:0px 0px 0px 0px;\n}\n<\/style>\n<div  class='flex_column av-1hpil-9666fe4db9abbb55e16afcaa46b74565 av_one_third  avia-builder-el-2  el_after_av_section  el_before_av_two_third  avia-builder-el-first  first flex_column_div av-zero-column-padding  '     ><style type=\"text\/css\" data-created_by=\"avia_inline_auto\" id=\"style-css-av-k7z51wou-bc855bea400aedcbf3e2c589b1642a01\">\n.avia-image-container.av-k7z51wou-bc855bea400aedcbf3e2c589b1642a01 img.avia_image{\nbox-shadow:none;\n}\n.avia-image-container.av-k7z51wou-bc855bea400aedcbf3e2c589b1642a01 .av-image-caption-overlay-center{\ncolor:#ffffff;\n}\n<\/style>\n<div  class='avia-image-container av-k7z51wou-bc855bea400aedcbf3e2c589b1642a01 av-styling-no-styling avia-align-center  avia-builder-el-3  avia-builder-el-no-sibling '   itemprop=\"image\" itemscope=\"itemscope\" itemtype=\"https:\/\/schema.org\/ImageObject\" ><div class=\"avia-image-container-inner\"><div class=\"avia-image-overlay-wrap\"><img decoding=\"async\" fetchpriority=\"high\" class='wp-image-5513 avia-img-lazy-loading-not-5513 avia_image ' src=\"https:\/\/dfvcg-events.de\/hotelimmobilien-kongress\/wp-content\/uploads\/sites\/6\/2025\/03\/Schaffer-Martin-MRP-Consult-web.jpg\" alt='' title='Schaffer-Martin-MRP Consult-web'  height=\"800\" width=\"600\"  itemprop=\"thumbnailUrl\" srcset=\"https:\/\/dfvcg-events.de\/hotelimmobilien-kongress\/wp-content\/uploads\/sites\/6\/2025\/03\/Schaffer-Martin-MRP-Consult-web.jpg 600w, https:\/\/dfvcg-events.de\/hotelimmobilien-kongress\/wp-content\/uploads\/sites\/6\/2025\/03\/Schaffer-Martin-MRP-Consult-web-529x705.jpg 529w\" sizes=\"(max-width: 600px) 100vw, 600px\" \/><\/div><\/div><\/div><\/div>\n<style type=\"text\/css\" data-created_by=\"avia_inline_auto\" id=\"style-css-av-q939-36bd9e2970eba44b209398e6adaba9f5\">\n.flex_column.av-q939-36bd9e2970eba44b209398e6adaba9f5{\nborder-radius:0px 0px 0px 0px;\npadding:0px 0px 0px 0px;\n}\n<\/style>\n<div  class='flex_column av-q939-36bd9e2970eba44b209398e6adaba9f5 av_two_third  avia-builder-el-4  el_after_av_one_third  avia-builder-el-last  flex_column_div av-zero-column-padding  '     ><p>\n<style type=\"text\/css\" data-created_by=\"avia_inline_auto\" id=\"style-css-av-kaqwuudl-d1a3b3e0c99b9f07f3d2991c856d0fbb\">\n#top .av-special-heading.av-kaqwuudl-d1a3b3e0c99b9f07f3d2991c856d0fbb{\npadding-bottom:10px;\n}\nbody .av-special-heading.av-kaqwuudl-d1a3b3e0c99b9f07f3d2991c856d0fbb .av-special-heading-tag .heading-char{\nfont-size:25px;\n}\n.av-special-heading.av-kaqwuudl-d1a3b3e0c99b9f07f3d2991c856d0fbb .av-subheading{\nfont-size:19px;\n}\n<\/style>\n<div  class='av-special-heading av-kaqwuudl-d1a3b3e0c99b9f07f3d2991c856d0fbb av-special-heading-h2 blockquote modern-quote  avia-builder-el-5  el_before_av_textblock  avia-builder-el-first '><h2 class='av-special-heading-tag '  itemprop=\"headline\"  >Martin Schaffer<\/h2><div class='av-subheading av-subheading_below'><p>Managing Partner<br \/>\nMRP Consult<\/p>\n<\/div><div class=\"special-heading-border\"><div class=\"special-heading-inner-border\"><\/div><\/div><\/div><br \/>\n<section  class='av_textblock_section av-k7yuci90-cc8f536f476c354fb273c6b3e8aa0dbd '   itemscope=\"itemscope\" itemtype=\"https:\/\/schema.org\/CreativeWork\" ><div class='avia_textblock'  itemprop=\"text\" ><p>Martin Schaffer ist gesch\u00e4ftsf\u00fchrender Partner bei mrp hotels, einem f\u00fchrenden Beratungsunternehmen f\u00fcr Hotellerie und Hotelimmobilien mit Standorten in Deutschland und \u00d6sterreich. Neben seiner T\u00e4tigkeit als Unternehmensberater ist er Investor und Mitbetreiber mehrerer Hotels in Europa und vereint in seiner Expertise fundiertes theoretisches Know-how mit umfassender praktischer Erfahrung.<\/p>\n<\/div><\/section><\/p><\/div><\/p>\n","protected":false},"excerpt":{"rendered":"<p>MRP Consult<\/p>\n","protected":false},"author":10,"featured_media":5513,"comment_status":"closed","ping_status":"closed","template":"","meta":{"footnotes":""},"tags":[],"portfolio_entries":[63],"class_list":["post-5512","portfolio","type-portfolio","status-publish","has-post-thumbnail","hentry","portfolio_entries-vortragend-2025"],"yoast_head":"<!-- This site is optimized with the Yoast SEO plugin v27.4 - https:\/\/yoast.com\/product\/yoast-seo-wordpress\/ -->\n<title>Referent: Martin Schaffer | Deutscher Hotelimmobilien-Kongress<\/title>\n<meta name=\"description\" content=\"Deutscher Hotelimmobilien-Kongress | Begr\u00fc\u00dfen Sie auf der B\u00fchne: Martin Schaffer\" \/>\n<meta name=\"robots\" content=\"index, follow, max-snippet:-1, max-image-preview:large, max-video-preview:-1\" \/>\n<link rel=\"canonical\" href=\"https:\/\/dfvcg-events.de\/hotelimmobilien-kongress\/referent\/martin-schaffer-2\/\" \/>\n<meta property=\"og:locale\" content=\"de_DE\" \/>\n<meta property=\"og:type\" content=\"article\" \/>\n<meta property=\"og:title\" content=\"Referent: Martin Schaffer | Deutscher Hotelimmobilien-Kongress\" \/>\n<meta property=\"og:description\" content=\"Deutscher Hotelimmobilien-Kongress | Begr\u00fc\u00dfen Sie auf der B\u00fchne: Martin Schaffer\" \/>\n<meta property=\"og:url\" content=\"https:\/\/dfvcg-events.de\/hotelimmobilien-kongress\/referent\/martin-schaffer-2\/\" \/>\n<meta property=\"og:site_name\" content=\"Deutscher Hotelimmobilien-Kongress\" \/>\n<meta property=\"og:image\" content=\"https:\/\/dfvcg-events.de\/hotelimmobilien-kongress\/wp-content\/uploads\/sites\/6\/2025\/03\/Schaffer-Martin-MRP-Consult-web.jpg\" \/>\n\t<meta property=\"og:image:width\" content=\"600\" \/>\n\t<meta property=\"og:image:height\" content=\"800\" \/>\n\t<meta property=\"og:image:type\" content=\"image\/jpeg\" \/>\n<meta name=\"twitter:card\" content=\"summary_large_image\" \/>\n<meta name=\"twitter:label1\" content=\"Gesch\u00e4tzte Lesezeit\" \/>\n\t<meta name=\"twitter:data1\" content=\"1\u00a0Minute\" \/>\n<script type=\"application\/ld+json\" class=\"yoast-schema-graph\">{\"@context\":\"https:\\\/\\\/schema.org\",\"@graph\":[{\"@type\":\"WebPage\",\"@id\":\"https:\\\/\\\/dfvcg-events.de\\\/hotelimmobilien-kongress\\\/referent\\\/martin-schaffer-2\\\/\",\"url\":\"https:\\\/\\\/dfvcg-events.de\\\/hotelimmobilien-kongress\\\/referent\\\/martin-schaffer-2\\\/\",\"name\":\"Referent: Martin Schaffer | Deutscher Hotelimmobilien-Kongress\",\"isPartOf\":{\"@id\":\"https:\\\/\\\/dfvcg-events.de\\\/hotelimmobilien-kongress\\\/#website\"},\"primaryImageOfPage\":{\"@id\":\"https:\\\/\\\/dfvcg-events.de\\\/hotelimmobilien-kongress\\\/referent\\\/martin-schaffer-2\\\/#primaryimage\"},\"image\":{\"@id\":\"https:\\\/\\\/dfvcg-events.de\\\/hotelimmobilien-kongress\\\/referent\\\/martin-schaffer-2\\\/#primaryimage\"},\"thumbnailUrl\":\"https:\\\/\\\/dfvcg-events.de\\\/hotelimmobilien-kongress\\\/wp-content\\\/uploads\\\/sites\\\/6\\\/2025\\\/03\\\/Schaffer-Martin-MRP-Consult-web.jpg\",\"datePublished\":\"2025-03-20T17:23:01+00:00\",\"description\":\"Deutscher Hotelimmobilien-Kongress | Begr\u00fc\u00dfen Sie auf der B\u00fchne: Martin Schaffer\",\"breadcrumb\":{\"@id\":\"https:\\\/\\\/dfvcg-events.de\\\/hotelimmobilien-kongress\\\/referent\\\/martin-schaffer-2\\\/#breadcrumb\"},\"inLanguage\":\"de\",\"potentialAction\":[{\"@type\":\"ReadAction\",\"target\":[\"https:\\\/\\\/dfvcg-events.de\\\/hotelimmobilien-kongress\\\/referent\\\/martin-schaffer-2\\\/\"]}]},{\"@type\":\"ImageObject\",\"inLanguage\":\"de\",\"@id\":\"https:\\\/\\\/dfvcg-events.de\\\/hotelimmobilien-kongress\\\/referent\\\/martin-schaffer-2\\\/#primaryimage\",\"url\":\"https:\\\/\\\/dfvcg-events.de\\\/hotelimmobilien-kongress\\\/wp-content\\\/uploads\\\/sites\\\/6\\\/2025\\\/03\\\/Schaffer-Martin-MRP-Consult-web.jpg\",\"contentUrl\":\"https:\\\/\\\/dfvcg-events.de\\\/hotelimmobilien-kongress\\\/wp-content\\\/uploads\\\/sites\\\/6\\\/2025\\\/03\\\/Schaffer-Martin-MRP-Consult-web.jpg\",\"width\":600,\"height\":800},{\"@type\":\"BreadcrumbList\",\"@id\":\"https:\\\/\\\/dfvcg-events.de\\\/hotelimmobilien-kongress\\\/referent\\\/martin-schaffer-2\\\/#breadcrumb\",\"itemListElement\":[{\"@type\":\"ListItem\",\"position\":1,\"name\":\"Startseite\",\"item\":\"https:\\\/\\\/dfvcg-events.de\\\/hotelimmobilien-kongress\\\/\"},{\"@type\":\"ListItem\",\"position\":2,\"name\":\"Martin Schaffer\"}]},{\"@type\":\"WebSite\",\"@id\":\"https:\\\/\\\/dfvcg-events.de\\\/hotelimmobilien-kongress\\\/#website\",\"url\":\"https:\\\/\\\/dfvcg-events.de\\\/hotelimmobilien-kongress\\\/\",\"name\":\"Deutscher Hotelimmobilien-Kongress\",\"description\":\"dfv Conference Group\",\"publisher\":{\"@id\":\"https:\\\/\\\/dfvcg-events.de\\\/hotelimmobilien-kongress\\\/#organization\"},\"potentialAction\":[{\"@type\":\"SearchAction\",\"target\":{\"@type\":\"EntryPoint\",\"urlTemplate\":\"https:\\\/\\\/dfvcg-events.de\\\/hotelimmobilien-kongress\\\/?s={search_term_string}\"},\"query-input\":{\"@type\":\"PropertyValueSpecification\",\"valueRequired\":true,\"valueName\":\"search_term_string\"}}],\"inLanguage\":\"de\"},{\"@type\":\"Organization\",\"@id\":\"https:\\\/\\\/dfvcg-events.de\\\/hotelimmobilien-kongress\\\/#organization\",\"name\":\"Deutscher Hotelimmobilien-Kongress\",\"url\":\"https:\\\/\\\/dfvcg-events.de\\\/hotelimmobilien-kongress\\\/\",\"logo\":{\"@type\":\"ImageObject\",\"inLanguage\":\"de\",\"@id\":\"https:\\\/\\\/dfvcg-events.de\\\/hotelimmobilien-kongress\\\/#\\\/schema\\\/logo\\\/image\\\/\",\"url\":\"https:\\\/\\\/dfvcg-events.de\\\/hotelimmobilien-kongress\\\/wp-content\\\/uploads\\\/sites\\\/6\\\/2022\\\/12\\\/hotelimmobilien-kongress-2023-Teaser-800x800-1.jpg\",\"contentUrl\":\"https:\\\/\\\/dfvcg-events.de\\\/hotelimmobilien-kongress\\\/wp-content\\\/uploads\\\/sites\\\/6\\\/2022\\\/12\\\/hotelimmobilien-kongress-2023-Teaser-800x800-1.jpg\",\"width\":800,\"height\":800,\"caption\":\"Deutscher Hotelimmobilien-Kongress\"},\"image\":{\"@id\":\"https:\\\/\\\/dfvcg-events.de\\\/hotelimmobilien-kongress\\\/#\\\/schema\\\/logo\\\/image\\\/\"}}]}<\/script>\n<!-- \/ Yoast SEO plugin. -->","yoast_head_json":{"title":"Referent: Martin Schaffer | Deutscher Hotelimmobilien-Kongress","description":"Deutscher Hotelimmobilien-Kongress | Begr\u00fc\u00dfen Sie auf der B\u00fchne: Martin Schaffer","robots":{"index":"index","follow":"follow","max-snippet":"max-snippet:-1","max-image-preview":"max-image-preview:large","max-video-preview":"max-video-preview:-1"},"canonical":"https:\/\/dfvcg-events.de\/hotelimmobilien-kongress\/referent\/martin-schaffer-2\/","og_locale":"de_DE","og_type":"article","og_title":"Referent: Martin Schaffer | Deutscher Hotelimmobilien-Kongress","og_description":"Deutscher Hotelimmobilien-Kongress | Begr\u00fc\u00dfen Sie auf der B\u00fchne: Martin Schaffer","og_url":"https:\/\/dfvcg-events.de\/hotelimmobilien-kongress\/referent\/martin-schaffer-2\/","og_site_name":"Deutscher Hotelimmobilien-Kongress","og_image":[{"width":600,"height":800,"url":"https:\/\/dfvcg-events.de\/hotelimmobilien-kongress\/wp-content\/uploads\/sites\/6\/2025\/03\/Schaffer-Martin-MRP-Consult-web.jpg","type":"image\/jpeg"}],"twitter_card":"summary_large_image","twitter_misc":{"Gesch\u00e4tzte Lesezeit":"1\u00a0Minute"},"schema":{"@context":"https:\/\/schema.org","@graph":[{"@type":"WebPage","@id":"https:\/\/dfvcg-events.de\/hotelimmobilien-kongress\/referent\/martin-schaffer-2\/","url":"https:\/\/dfvcg-events.de\/hotelimmobilien-kongress\/referent\/martin-schaffer-2\/","name":"Referent: Martin Schaffer | Deutscher Hotelimmobilien-Kongress","isPartOf":{"@id":"https:\/\/dfvcg-events.de\/hotelimmobilien-kongress\/#website"},"primaryImageOfPage":{"@id":"https:\/\/dfvcg-events.de\/hotelimmobilien-kongress\/referent\/martin-schaffer-2\/#primaryimage"},"image":{"@id":"https:\/\/dfvcg-events.de\/hotelimmobilien-kongress\/referent\/martin-schaffer-2\/#primaryimage"},"thumbnailUrl":"https:\/\/dfvcg-events.de\/hotelimmobilien-kongress\/wp-content\/uploads\/sites\/6\/2025\/03\/Schaffer-Martin-MRP-Consult-web.jpg","datePublished":"2025-03-20T17:23:01+00:00","description":"Deutscher Hotelimmobilien-Kongress | Begr\u00fc\u00dfen Sie auf der B\u00fchne: Martin Schaffer","breadcrumb":{"@id":"https:\/\/dfvcg-events.de\/hotelimmobilien-kongress\/referent\/martin-schaffer-2\/#breadcrumb"},"inLanguage":"de","potentialAction":[{"@type":"ReadAction","target":["https:\/\/dfvcg-events.de\/hotelimmobilien-kongress\/referent\/martin-schaffer-2\/"]}]},{"@type":"ImageObject","inLanguage":"de","@id":"https:\/\/dfvcg-events.de\/hotelimmobilien-kongress\/referent\/martin-schaffer-2\/#primaryimage","url":"https:\/\/dfvcg-events.de\/hotelimmobilien-kongress\/wp-content\/uploads\/sites\/6\/2025\/03\/Schaffer-Martin-MRP-Consult-web.jpg","contentUrl":"https:\/\/dfvcg-events.de\/hotelimmobilien-kongress\/wp-content\/uploads\/sites\/6\/2025\/03\/Schaffer-Martin-MRP-Consult-web.jpg","width":600,"height":800},{"@type":"BreadcrumbList","@id":"https:\/\/dfvcg-events.de\/hotelimmobilien-kongress\/referent\/martin-schaffer-2\/#breadcrumb","itemListElement":[{"@type":"ListItem","position":1,"name":"Startseite","item":"https:\/\/dfvcg-events.de\/hotelimmobilien-kongress\/"},{"@type":"ListItem","position":2,"name":"Martin Schaffer"}]},{"@type":"WebSite","@id":"https:\/\/dfvcg-events.de\/hotelimmobilien-kongress\/#website","url":"https:\/\/dfvcg-events.de\/hotelimmobilien-kongress\/","name":"Deutscher Hotelimmobilien-Kongress","description":"dfv Conference Group","publisher":{"@id":"https:\/\/dfvcg-events.de\/hotelimmobilien-kongress\/#organization"},"potentialAction":[{"@type":"SearchAction","target":{"@type":"EntryPoint","urlTemplate":"https:\/\/dfvcg-events.de\/hotelimmobilien-kongress\/?s={search_term_string}"},"query-input":{"@type":"PropertyValueSpecification","valueRequired":true,"valueName":"search_term_string"}}],"inLanguage":"de"},{"@type":"Organization","@id":"https:\/\/dfvcg-events.de\/hotelimmobilien-kongress\/#organization","name":"Deutscher Hotelimmobilien-Kongress","url":"https:\/\/dfvcg-events.de\/hotelimmobilien-kongress\/","logo":{"@type":"ImageObject","inLanguage":"de","@id":"https:\/\/dfvcg-events.de\/hotelimmobilien-kongress\/#\/schema\/logo\/image\/","url":"https:\/\/dfvcg-events.de\/hotelimmobilien-kongress\/wp-content\/uploads\/sites\/6\/2022\/12\/hotelimmobilien-kongress-2023-Teaser-800x800-1.jpg","contentUrl":"https:\/\/dfvcg-events.de\/hotelimmobilien-kongress\/wp-content\/uploads\/sites\/6\/2022\/12\/hotelimmobilien-kongress-2023-Teaser-800x800-1.jpg","width":800,"height":800,"caption":"Deutscher Hotelimmobilien-Kongress"},"image":{"@id":"https:\/\/dfvcg-events.de\/hotelimmobilien-kongress\/#\/schema\/logo\/image\/"}}]}},"_links":{"self":[{"href":"https:\/\/dfvcg-events.de\/hotelimmobilien-kongress\/wp-json\/wp\/v2\/portfolio\/5512","targetHints":{"allow":["GET"]}}],"collection":[{"href":"https:\/\/dfvcg-events.de\/hotelimmobilien-kongress\/wp-json\/wp\/v2\/portfolio"}],"about":[{"href":"https:\/\/dfvcg-events.de\/hotelimmobilien-kongress\/wp-json\/wp\/v2\/types\/portfolio"}],"author":[{"embeddable":true,"href":"https:\/\/dfvcg-events.de\/hotelimmobilien-kongress\/wp-json\/wp\/v2\/users\/10"}],"replies":[{"embeddable":true,"href":"https:\/\/dfvcg-events.de\/hotelimmobilien-kongress\/wp-json\/wp\/v2\/comments?post=5512"}],"version-history":[{"count":2,"href":"https:\/\/dfvcg-events.de\/hotelimmobilien-kongress\/wp-json\/wp\/v2\/portfolio\/5512\/revisions"}],"predecessor-version":[{"id":5515,"href":"https:\/\/dfvcg-events.de\/hotelimmobilien-kongress\/wp-json\/wp\/v2\/portfolio\/5512\/revisions\/5515"}],"wp:featuredmedia":[{"embeddable":true,"href":"https:\/\/dfvcg-events.de\/hotelimmobilien-kongress\/wp-json\/wp\/v2\/media\/5513"}],"wp:attachment":[{"href":"https:\/\/dfvcg-events.de\/hotelimmobilien-kongress\/wp-json\/wp\/v2\/media?parent=5512"}],"wp:term":[{"taxonomy":"post_tag","embeddable":true,"href":"https:\/\/dfvcg-events.de\/hotelimmobilien-kongress\/wp-json\/wp\/v2\/tags?post=5512"},{"taxonomy":"portfolio_entries","embeddable":true,"href":"https:\/\/dfvcg-events.de\/hotelimmobilien-kongress\/wp-json\/wp\/v2\/portfolio_entries?post=5512"}],"curies":[{"name":"wp","href":"https:\/\/api.w.org\/{rel}","templated":true}]}}