{"id":5465,"date":"2025-03-04T15:04:24","date_gmt":"2025-03-04T14:04:24","guid":{"rendered":"https:\/\/dfvcg-events.de\/hotelimmobilien-kongress\/?post_type=portfolio&#038;p=5465"},"modified":"2025-03-04T15:04:24","modified_gmt":"2025-03-04T14:04:24","slug":"ursula-kriegl","status":"publish","type":"portfolio","link":"https:\/\/dfvcg-events.de\/hotelimmobilien-kongress\/referent\/ursula-kriegl\/","title":{"rendered":"Ursula Kriegl"},"content":{"rendered":"\n<style type=\"text\/css\" data-created_by=\"avia_inline_auto\" id=\"style-css-av-k7yuhjt1-53d70219debe6de7960d44ee8b79be7b\">\n.avia-section.av-k7yuhjt1-53d70219debe6de7960d44ee8b79be7b{\nbackground-color:#5a676b;\nbackground-image:unset;\n}\n<\/style>\n<div id='av_section_1'  class='avia-section av-k7yuhjt1-53d70219debe6de7960d44ee8b79be7b main_color avia-section-default avia-no-border-styling  avia-builder-el-0  el_before_av_one_third  avia-builder-el-first  avia-bg-style-scroll container_wrap fullsize'  ><div class='container av-section-cont-open' ><main  role=\"main\" itemprop=\"mainContentOfPage\"  class='template-page content  av-content-full alpha units'><div class='post-entry post-entry-type-page post-entry-5465'><div class='entry-content-wrapper clearfix'>\n\n<style type=\"text\/css\" data-created_by=\"avia_inline_auto\" id=\"style-css-av-kaqww2nf-e860a0c34612928b9853cc1823d55417\">\n#top .av-special-heading.av-kaqww2nf-e860a0c34612928b9853cc1823d55417{\npadding-bottom:0;\ncolor:#ffffff;\n}\nbody .av-special-heading.av-kaqww2nf-e860a0c34612928b9853cc1823d55417 .av-special-heading-tag .heading-char{\nfont-size:25px;\n}\n.av-special-heading.av-kaqww2nf-e860a0c34612928b9853cc1823d55417 .special-heading-inner-border{\nborder-color:#ffffff;\n}\n.av-special-heading.av-kaqww2nf-e860a0c34612928b9853cc1823d55417 .av-subheading{\nfont-size:19px;\n}\n<\/style>\n<div  class='av-special-heading av-kaqww2nf-e860a0c34612928b9853cc1823d55417 av-special-heading-h1 custom-color-heading blockquote modern-quote  avia-builder-el-1  avia-builder-el-no-sibling '><div class='av_custom_color av-subheading av-subheading_above'><p>Hotelimmobilien-Kongress<\/p>\n<\/div><h1 class='av-special-heading-tag '  itemprop=\"headline\"  >Vortragende<\/h1><div class=\"special-heading-border\"><div class=\"special-heading-inner-border\"><\/div><\/div><\/div>\n<\/div><\/div><\/main><!-- close content main element --><\/div><\/div><div id='after_section_1'  class='main_color av_default_container_wrap container_wrap fullsize'  ><div class='container av-section-cont-open' ><div class='template-page content  av-content-full alpha units'><div class='post-entry post-entry-type-page post-entry-5465'><div class='entry-content-wrapper clearfix'>\n\n<style type=\"text\/css\" data-created_by=\"avia_inline_auto\" id=\"style-css-av-1hpil-9666fe4db9abbb55e16afcaa46b74565\">\n.flex_column.av-1hpil-9666fe4db9abbb55e16afcaa46b74565{\nborder-radius:0px 0px 0px 0px;\npadding:0px 0px 0px 0px;\n}\n<\/style>\n<div  class='flex_column av-1hpil-9666fe4db9abbb55e16afcaa46b74565 av_one_third  avia-builder-el-2  el_after_av_section  el_before_av_two_third  avia-builder-el-first  first flex_column_div av-zero-column-padding  '     ><style type=\"text\/css\" data-created_by=\"avia_inline_auto\" id=\"style-css-av-k7z51wou-865ec33a5631f4b79ba26cb64dae9e0d\">\n.avia-image-container.av-k7z51wou-865ec33a5631f4b79ba26cb64dae9e0d img.avia_image{\nbox-shadow:none;\n}\n.avia-image-container.av-k7z51wou-865ec33a5631f4b79ba26cb64dae9e0d .av-image-caption-overlay-center{\ncolor:#ffffff;\n}\n<\/style>\n<div  class='avia-image-container av-k7z51wou-865ec33a5631f4b79ba26cb64dae9e0d av-styling-no-styling avia-align-center  avia-builder-el-3  avia-builder-el-no-sibling '   itemprop=\"image\" itemscope=\"itemscope\" itemtype=\"https:\/\/schema.org\/ImageObject\" ><div class=\"avia-image-container-inner\"><div class=\"avia-image-overlay-wrap\"><img decoding=\"async\" fetchpriority=\"high\" class='wp-image-5466 avia-img-lazy-loading-not-5466 avia_image ' src=\"https:\/\/dfvcg-events.de\/hotelimmobilien-kongress\/wp-content\/uploads\/sites\/6\/2025\/03\/Kriegl-Ursula-SV-Hotel-web.jpg\" alt='' title='Kriegl-Ursula-SV Hotel-web'  height=\"7866\" width=\"5899\"  itemprop=\"thumbnailUrl\" srcset=\"https:\/\/dfvcg-events.de\/hotelimmobilien-kongress\/wp-content\/uploads\/sites\/6\/2025\/03\/Kriegl-Ursula-SV-Hotel-web.jpg 5899w, https:\/\/dfvcg-events.de\/hotelimmobilien-kongress\/wp-content\/uploads\/sites\/6\/2025\/03\/Kriegl-Ursula-SV-Hotel-web-529x705.jpg 529w\" sizes=\"(max-width: 5899px) 100vw, 5899px\" \/><\/div><\/div><\/div><\/div>\n<style type=\"text\/css\" data-created_by=\"avia_inline_auto\" id=\"style-css-av-q939-36bd9e2970eba44b209398e6adaba9f5\">\n.flex_column.av-q939-36bd9e2970eba44b209398e6adaba9f5{\nborder-radius:0px 0px 0px 0px;\npadding:0px 0px 0px 0px;\n}\n<\/style>\n<div  class='flex_column av-q939-36bd9e2970eba44b209398e6adaba9f5 av_two_third  avia-builder-el-4  el_after_av_one_third  avia-builder-el-last  flex_column_div av-zero-column-padding  '     ><p>\n<style type=\"text\/css\" data-created_by=\"avia_inline_auto\" id=\"style-css-av-kaqwuudl-82dc434eb775b249d1f37fa49080af8d\">\n#top .av-special-heading.av-kaqwuudl-82dc434eb775b249d1f37fa49080af8d{\npadding-bottom:10px;\n}\nbody .av-special-heading.av-kaqwuudl-82dc434eb775b249d1f37fa49080af8d .av-special-heading-tag .heading-char{\nfont-size:25px;\n}\n.av-special-heading.av-kaqwuudl-82dc434eb775b249d1f37fa49080af8d .av-subheading{\nfont-size:19px;\n}\n<\/style>\n<div  class='av-special-heading av-kaqwuudl-82dc434eb775b249d1f37fa49080af8d av-special-heading-h2 blockquote modern-quote  avia-builder-el-5  el_before_av_textblock  avia-builder-el-first '><h2 class='av-special-heading-tag '  itemprop=\"headline\"  >Ursula Kriegl<\/h2><div class='av-subheading av-subheading_below'><p>Director Business Development und Mitglied der Gesch\u00e4ftsleitung<br \/>\nSV Hotel<\/p>\n<\/div><div class=\"special-heading-border\"><div class=\"special-heading-inner-border\"><\/div><\/div><\/div><br \/>\n<section  class='av_textblock_section av-k7yuci90-cc8f536f476c354fb273c6b3e8aa0dbd '   itemscope=\"itemscope\" itemtype=\"https:\/\/schema.org\/CreativeWork\" ><div class='avia_textblock'  itemprop=\"text\" ><p>Als Director Business Development und Mitglied der Gesch\u00e4ftsleitung verantwortet Ursula Kriegl seit 2024 die Expansion von SV Hotel. Vormals war sie als Associate Partner bei EY und Executive Vice President bei Jones Lang LaSalle Hotels t\u00e4tig. Ihre Beratungslaufbahn startete sie 1998 bei Arthur Andersen. Ursula Kriegl verf\u00fcgt \u00fcber einen Bachelor- und Masterabschluss der Cornell School of Hotel Administration und ist Immobilien\u00f6konom (ebs) sowie Touristikkauffrau.<\/p>\n<\/div><\/section><\/p><\/div><\/p>\n","protected":false},"excerpt":{"rendered":"<p>SV Hotel<\/p>\n","protected":false},"author":10,"featured_media":5466,"comment_status":"closed","ping_status":"closed","template":"","meta":{"footnotes":""},"tags":[],"portfolio_entries":[63],"class_list":["post-5465","portfolio","type-portfolio","status-publish","has-post-thumbnail","hentry","portfolio_entries-vortragend-2025"],"yoast_head":"<!-- This site is optimized with the Yoast SEO plugin v27.4 - https:\/\/yoast.com\/product\/yoast-seo-wordpress\/ -->\n<title>Referent: Ursula Kriegl | Deutscher Hotelimmobilien-Kongress<\/title>\n<meta name=\"description\" content=\"Deutscher Hotelimmobilien-Kongress | Begr\u00fc\u00dfen Sie auf der B\u00fchne: Ursula Kriegl\" \/>\n<meta name=\"robots\" content=\"index, follow, max-snippet:-1, max-image-preview:large, max-video-preview:-1\" \/>\n<link rel=\"canonical\" href=\"https:\/\/dfvcg-events.de\/hotelimmobilien-kongress\/referent\/ursula-kriegl\/\" \/>\n<meta property=\"og:locale\" content=\"de_DE\" \/>\n<meta property=\"og:type\" content=\"article\" \/>\n<meta property=\"og:title\" content=\"Referent: Ursula Kriegl | Deutscher Hotelimmobilien-Kongress\" \/>\n<meta property=\"og:description\" content=\"Deutscher Hotelimmobilien-Kongress | Begr\u00fc\u00dfen Sie auf der B\u00fchne: Ursula Kriegl\" \/>\n<meta property=\"og:url\" content=\"https:\/\/dfvcg-events.de\/hotelimmobilien-kongress\/referent\/ursula-kriegl\/\" \/>\n<meta property=\"og:site_name\" content=\"Deutscher Hotelimmobilien-Kongress\" \/>\n<meta property=\"og:image\" content=\"https:\/\/dfvcg-events.de\/hotelimmobilien-kongress\/wp-content\/uploads\/sites\/6\/2025\/03\/Kriegl-Ursula-SV-Hotel-web.jpg\" \/>\n\t<meta property=\"og:image:width\" content=\"772\" \/>\n\t<meta property=\"og:image:height\" content=\"1030\" \/>\n\t<meta property=\"og:image:type\" content=\"image\/jpeg\" \/>\n<meta name=\"twitter:card\" content=\"summary_large_image\" \/>\n<meta name=\"twitter:label1\" content=\"Gesch\u00e4tzte Lesezeit\" \/>\n\t<meta name=\"twitter:data1\" content=\"1\u00a0Minute\" \/>\n<script type=\"application\/ld+json\" class=\"yoast-schema-graph\">{\"@context\":\"https:\\\/\\\/schema.org\",\"@graph\":[{\"@type\":\"WebPage\",\"@id\":\"https:\\\/\\\/dfvcg-events.de\\\/hotelimmobilien-kongress\\\/referent\\\/ursula-kriegl\\\/\",\"url\":\"https:\\\/\\\/dfvcg-events.de\\\/hotelimmobilien-kongress\\\/referent\\\/ursula-kriegl\\\/\",\"name\":\"Referent: Ursula Kriegl | Deutscher Hotelimmobilien-Kongress\",\"isPartOf\":{\"@id\":\"https:\\\/\\\/dfvcg-events.de\\\/hotelimmobilien-kongress\\\/#website\"},\"primaryImageOfPage\":{\"@id\":\"https:\\\/\\\/dfvcg-events.de\\\/hotelimmobilien-kongress\\\/referent\\\/ursula-kriegl\\\/#primaryimage\"},\"image\":{\"@id\":\"https:\\\/\\\/dfvcg-events.de\\\/hotelimmobilien-kongress\\\/referent\\\/ursula-kriegl\\\/#primaryimage\"},\"thumbnailUrl\":\"https:\\\/\\\/dfvcg-events.de\\\/hotelimmobilien-kongress\\\/wp-content\\\/uploads\\\/sites\\\/6\\\/2025\\\/03\\\/Kriegl-Ursula-SV-Hotel-web.jpg\",\"datePublished\":\"2025-03-04T14:04:24+00:00\",\"description\":\"Deutscher Hotelimmobilien-Kongress | Begr\u00fc\u00dfen Sie auf der B\u00fchne: Ursula Kriegl\",\"breadcrumb\":{\"@id\":\"https:\\\/\\\/dfvcg-events.de\\\/hotelimmobilien-kongress\\\/referent\\\/ursula-kriegl\\\/#breadcrumb\"},\"inLanguage\":\"de\",\"potentialAction\":[{\"@type\":\"ReadAction\",\"target\":[\"https:\\\/\\\/dfvcg-events.de\\\/hotelimmobilien-kongress\\\/referent\\\/ursula-kriegl\\\/\"]}]},{\"@type\":\"ImageObject\",\"inLanguage\":\"de\",\"@id\":\"https:\\\/\\\/dfvcg-events.de\\\/hotelimmobilien-kongress\\\/referent\\\/ursula-kriegl\\\/#primaryimage\",\"url\":\"https:\\\/\\\/dfvcg-events.de\\\/hotelimmobilien-kongress\\\/wp-content\\\/uploads\\\/sites\\\/6\\\/2025\\\/03\\\/Kriegl-Ursula-SV-Hotel-web.jpg\",\"contentUrl\":\"https:\\\/\\\/dfvcg-events.de\\\/hotelimmobilien-kongress\\\/wp-content\\\/uploads\\\/sites\\\/6\\\/2025\\\/03\\\/Kriegl-Ursula-SV-Hotel-web.jpg\",\"width\":5899,\"height\":7866},{\"@type\":\"BreadcrumbList\",\"@id\":\"https:\\\/\\\/dfvcg-events.de\\\/hotelimmobilien-kongress\\\/referent\\\/ursula-kriegl\\\/#breadcrumb\",\"itemListElement\":[{\"@type\":\"ListItem\",\"position\":1,\"name\":\"Startseite\",\"item\":\"https:\\\/\\\/dfvcg-events.de\\\/hotelimmobilien-kongress\\\/\"},{\"@type\":\"ListItem\",\"position\":2,\"name\":\"Ursula Kriegl\"}]},{\"@type\":\"WebSite\",\"@id\":\"https:\\\/\\\/dfvcg-events.de\\\/hotelimmobilien-kongress\\\/#website\",\"url\":\"https:\\\/\\\/dfvcg-events.de\\\/hotelimmobilien-kongress\\\/\",\"name\":\"Deutscher Hotelimmobilien-Kongress\",\"description\":\"dfv Conference Group\",\"publisher\":{\"@id\":\"https:\\\/\\\/dfvcg-events.de\\\/hotelimmobilien-kongress\\\/#organization\"},\"potentialAction\":[{\"@type\":\"SearchAction\",\"target\":{\"@type\":\"EntryPoint\",\"urlTemplate\":\"https:\\\/\\\/dfvcg-events.de\\\/hotelimmobilien-kongress\\\/?s={search_term_string}\"},\"query-input\":{\"@type\":\"PropertyValueSpecification\",\"valueRequired\":true,\"valueName\":\"search_term_string\"}}],\"inLanguage\":\"de\"},{\"@type\":\"Organization\",\"@id\":\"https:\\\/\\\/dfvcg-events.de\\\/hotelimmobilien-kongress\\\/#organization\",\"name\":\"Deutscher Hotelimmobilien-Kongress\",\"url\":\"https:\\\/\\\/dfvcg-events.de\\\/hotelimmobilien-kongress\\\/\",\"logo\":{\"@type\":\"ImageObject\",\"inLanguage\":\"de\",\"@id\":\"https:\\\/\\\/dfvcg-events.de\\\/hotelimmobilien-kongress\\\/#\\\/schema\\\/logo\\\/image\\\/\",\"url\":\"https:\\\/\\\/dfvcg-events.de\\\/hotelimmobilien-kongress\\\/wp-content\\\/uploads\\\/sites\\\/6\\\/2022\\\/12\\\/hotelimmobilien-kongress-2023-Teaser-800x800-1.jpg\",\"contentUrl\":\"https:\\\/\\\/dfvcg-events.de\\\/hotelimmobilien-kongress\\\/wp-content\\\/uploads\\\/sites\\\/6\\\/2022\\\/12\\\/hotelimmobilien-kongress-2023-Teaser-800x800-1.jpg\",\"width\":800,\"height\":800,\"caption\":\"Deutscher Hotelimmobilien-Kongress\"},\"image\":{\"@id\":\"https:\\\/\\\/dfvcg-events.de\\\/hotelimmobilien-kongress\\\/#\\\/schema\\\/logo\\\/image\\\/\"}}]}<\/script>\n<!-- \/ Yoast SEO plugin. -->","yoast_head_json":{"title":"Referent: Ursula Kriegl | Deutscher Hotelimmobilien-Kongress","description":"Deutscher Hotelimmobilien-Kongress | Begr\u00fc\u00dfen Sie auf der B\u00fchne: Ursula Kriegl","robots":{"index":"index","follow":"follow","max-snippet":"max-snippet:-1","max-image-preview":"max-image-preview:large","max-video-preview":"max-video-preview:-1"},"canonical":"https:\/\/dfvcg-events.de\/hotelimmobilien-kongress\/referent\/ursula-kriegl\/","og_locale":"de_DE","og_type":"article","og_title":"Referent: Ursula Kriegl | Deutscher Hotelimmobilien-Kongress","og_description":"Deutscher Hotelimmobilien-Kongress | Begr\u00fc\u00dfen Sie auf der B\u00fchne: Ursula Kriegl","og_url":"https:\/\/dfvcg-events.de\/hotelimmobilien-kongress\/referent\/ursula-kriegl\/","og_site_name":"Deutscher Hotelimmobilien-Kongress","og_image":[{"url":"https:\/\/dfvcg-events.de\/hotelimmobilien-kongress\/wp-content\/uploads\/sites\/6\/2025\/03\/Kriegl-Ursula-SV-Hotel-web.jpg","width":772,"height":1030,"type":"image\/jpeg"}],"twitter_card":"summary_large_image","twitter_misc":{"Gesch\u00e4tzte Lesezeit":"1\u00a0Minute"},"schema":{"@context":"https:\/\/schema.org","@graph":[{"@type":"WebPage","@id":"https:\/\/dfvcg-events.de\/hotelimmobilien-kongress\/referent\/ursula-kriegl\/","url":"https:\/\/dfvcg-events.de\/hotelimmobilien-kongress\/referent\/ursula-kriegl\/","name":"Referent: Ursula Kriegl | Deutscher Hotelimmobilien-Kongress","isPartOf":{"@id":"https:\/\/dfvcg-events.de\/hotelimmobilien-kongress\/#website"},"primaryImageOfPage":{"@id":"https:\/\/dfvcg-events.de\/hotelimmobilien-kongress\/referent\/ursula-kriegl\/#primaryimage"},"image":{"@id":"https:\/\/dfvcg-events.de\/hotelimmobilien-kongress\/referent\/ursula-kriegl\/#primaryimage"},"thumbnailUrl":"https:\/\/dfvcg-events.de\/hotelimmobilien-kongress\/wp-content\/uploads\/sites\/6\/2025\/03\/Kriegl-Ursula-SV-Hotel-web.jpg","datePublished":"2025-03-04T14:04:24+00:00","description":"Deutscher Hotelimmobilien-Kongress | Begr\u00fc\u00dfen Sie auf der B\u00fchne: Ursula Kriegl","breadcrumb":{"@id":"https:\/\/dfvcg-events.de\/hotelimmobilien-kongress\/referent\/ursula-kriegl\/#breadcrumb"},"inLanguage":"de","potentialAction":[{"@type":"ReadAction","target":["https:\/\/dfvcg-events.de\/hotelimmobilien-kongress\/referent\/ursula-kriegl\/"]}]},{"@type":"ImageObject","inLanguage":"de","@id":"https:\/\/dfvcg-events.de\/hotelimmobilien-kongress\/referent\/ursula-kriegl\/#primaryimage","url":"https:\/\/dfvcg-events.de\/hotelimmobilien-kongress\/wp-content\/uploads\/sites\/6\/2025\/03\/Kriegl-Ursula-SV-Hotel-web.jpg","contentUrl":"https:\/\/dfvcg-events.de\/hotelimmobilien-kongress\/wp-content\/uploads\/sites\/6\/2025\/03\/Kriegl-Ursula-SV-Hotel-web.jpg","width":5899,"height":7866},{"@type":"BreadcrumbList","@id":"https:\/\/dfvcg-events.de\/hotelimmobilien-kongress\/referent\/ursula-kriegl\/#breadcrumb","itemListElement":[{"@type":"ListItem","position":1,"name":"Startseite","item":"https:\/\/dfvcg-events.de\/hotelimmobilien-kongress\/"},{"@type":"ListItem","position":2,"name":"Ursula Kriegl"}]},{"@type":"WebSite","@id":"https:\/\/dfvcg-events.de\/hotelimmobilien-kongress\/#website","url":"https:\/\/dfvcg-events.de\/hotelimmobilien-kongress\/","name":"Deutscher Hotelimmobilien-Kongress","description":"dfv Conference Group","publisher":{"@id":"https:\/\/dfvcg-events.de\/hotelimmobilien-kongress\/#organization"},"potentialAction":[{"@type":"SearchAction","target":{"@type":"EntryPoint","urlTemplate":"https:\/\/dfvcg-events.de\/hotelimmobilien-kongress\/?s={search_term_string}"},"query-input":{"@type":"PropertyValueSpecification","valueRequired":true,"valueName":"search_term_string"}}],"inLanguage":"de"},{"@type":"Organization","@id":"https:\/\/dfvcg-events.de\/hotelimmobilien-kongress\/#organization","name":"Deutscher Hotelimmobilien-Kongress","url":"https:\/\/dfvcg-events.de\/hotelimmobilien-kongress\/","logo":{"@type":"ImageObject","inLanguage":"de","@id":"https:\/\/dfvcg-events.de\/hotelimmobilien-kongress\/#\/schema\/logo\/image\/","url":"https:\/\/dfvcg-events.de\/hotelimmobilien-kongress\/wp-content\/uploads\/sites\/6\/2022\/12\/hotelimmobilien-kongress-2023-Teaser-800x800-1.jpg","contentUrl":"https:\/\/dfvcg-events.de\/hotelimmobilien-kongress\/wp-content\/uploads\/sites\/6\/2022\/12\/hotelimmobilien-kongress-2023-Teaser-800x800-1.jpg","width":800,"height":800,"caption":"Deutscher Hotelimmobilien-Kongress"},"image":{"@id":"https:\/\/dfvcg-events.de\/hotelimmobilien-kongress\/#\/schema\/logo\/image\/"}}]}},"_links":{"self":[{"href":"https:\/\/dfvcg-events.de\/hotelimmobilien-kongress\/wp-json\/wp\/v2\/portfolio\/5465","targetHints":{"allow":["GET"]}}],"collection":[{"href":"https:\/\/dfvcg-events.de\/hotelimmobilien-kongress\/wp-json\/wp\/v2\/portfolio"}],"about":[{"href":"https:\/\/dfvcg-events.de\/hotelimmobilien-kongress\/wp-json\/wp\/v2\/types\/portfolio"}],"author":[{"embeddable":true,"href":"https:\/\/dfvcg-events.de\/hotelimmobilien-kongress\/wp-json\/wp\/v2\/users\/10"}],"replies":[{"embeddable":true,"href":"https:\/\/dfvcg-events.de\/hotelimmobilien-kongress\/wp-json\/wp\/v2\/comments?post=5465"}],"version-history":[{"count":2,"href":"https:\/\/dfvcg-events.de\/hotelimmobilien-kongress\/wp-json\/wp\/v2\/portfolio\/5465\/revisions"}],"predecessor-version":[{"id":5468,"href":"https:\/\/dfvcg-events.de\/hotelimmobilien-kongress\/wp-json\/wp\/v2\/portfolio\/5465\/revisions\/5468"}],"wp:featuredmedia":[{"embeddable":true,"href":"https:\/\/dfvcg-events.de\/hotelimmobilien-kongress\/wp-json\/wp\/v2\/media\/5466"}],"wp:attachment":[{"href":"https:\/\/dfvcg-events.de\/hotelimmobilien-kongress\/wp-json\/wp\/v2\/media?parent=5465"}],"wp:term":[{"taxonomy":"post_tag","embeddable":true,"href":"https:\/\/dfvcg-events.de\/hotelimmobilien-kongress\/wp-json\/wp\/v2\/tags?post=5465"},{"taxonomy":"portfolio_entries","embeddable":true,"href":"https:\/\/dfvcg-events.de\/hotelimmobilien-kongress\/wp-json\/wp\/v2\/portfolio_entries?post=5465"}],"curies":[{"name":"wp","href":"https:\/\/api.w.org\/{rel}","templated":true}]}}