{"id":4790,"date":"2024-03-21T10:18:27","date_gmt":"2024-03-21T09:18:27","guid":{"rendered":"https:\/\/dfvcg-events.de\/hotelimmobilien-kongress\/?post_type=portfolio&#038;p=4790"},"modified":"2024-03-21T10:18:27","modified_gmt":"2024-03-21T09:18:27","slug":"jens-sroka","status":"publish","type":"portfolio","link":"https:\/\/dfvcg-events.de\/hotelimmobilien-kongress\/referent\/jens-sroka\/","title":{"rendered":"Jens Sroka"},"content":{"rendered":"\n<style type=\"text\/css\" data-created_by=\"avia_inline_auto\" id=\"style-css-av-k7yuhjt1-53d70219debe6de7960d44ee8b79be7b\">\n.avia-section.av-k7yuhjt1-53d70219debe6de7960d44ee8b79be7b{\nbackground-color:#5a676b;\nbackground-image:unset;\n}\n<\/style>\n<div id='av_section_1'  class='avia-section av-k7yuhjt1-53d70219debe6de7960d44ee8b79be7b main_color avia-section-default avia-no-border-styling  avia-builder-el-0  el_before_av_one_third  avia-builder-el-first  avia-bg-style-scroll container_wrap fullsize'  ><div class='container av-section-cont-open' ><main  role=\"main\" itemprop=\"mainContentOfPage\"  class='template-page content  av-content-full alpha units'><div class='post-entry post-entry-type-page post-entry-4790'><div class='entry-content-wrapper clearfix'>\n\n<style type=\"text\/css\" data-created_by=\"avia_inline_auto\" id=\"style-css-av-kaqww2nf-e860a0c34612928b9853cc1823d55417\">\n#top .av-special-heading.av-kaqww2nf-e860a0c34612928b9853cc1823d55417{\npadding-bottom:0;\ncolor:#ffffff;\n}\nbody .av-special-heading.av-kaqww2nf-e860a0c34612928b9853cc1823d55417 .av-special-heading-tag .heading-char{\nfont-size:25px;\n}\n.av-special-heading.av-kaqww2nf-e860a0c34612928b9853cc1823d55417 .special-heading-inner-border{\nborder-color:#ffffff;\n}\n.av-special-heading.av-kaqww2nf-e860a0c34612928b9853cc1823d55417 .av-subheading{\nfont-size:19px;\n}\n<\/style>\n<div  class='av-special-heading av-kaqww2nf-e860a0c34612928b9853cc1823d55417 av-special-heading-h1 custom-color-heading blockquote modern-quote  avia-builder-el-1  avia-builder-el-no-sibling '><div class='av_custom_color av-subheading av-subheading_above'><p>Hotelimmobilien-Kongress<\/p>\n<\/div><h1 class='av-special-heading-tag '  itemprop=\"headline\"  >Vortragende<\/h1><div class=\"special-heading-border\"><div class=\"special-heading-inner-border\"><\/div><\/div><\/div>\n<\/div><\/div><\/main><!-- close content main element --><\/div><\/div><div id='after_section_1'  class='main_color av_default_container_wrap container_wrap fullsize'  ><div class='container av-section-cont-open' ><div class='template-page content  av-content-full alpha units'><div class='post-entry post-entry-type-page post-entry-4790'><div class='entry-content-wrapper clearfix'>\n\n<style type=\"text\/css\" data-created_by=\"avia_inline_auto\" id=\"style-css-av-1hpil-9666fe4db9abbb55e16afcaa46b74565\">\n.flex_column.av-1hpil-9666fe4db9abbb55e16afcaa46b74565{\nborder-radius:0px 0px 0px 0px;\npadding:0px 0px 0px 0px;\n}\n<\/style>\n<div  class='flex_column av-1hpil-9666fe4db9abbb55e16afcaa46b74565 av_one_third  avia-builder-el-2  el_after_av_section  el_before_av_two_third  avia-builder-el-first  first flex_column_div av-zero-column-padding  '     ><style type=\"text\/css\" data-created_by=\"avia_inline_auto\" id=\"style-css-av-k7z51wou-d364cfc11c6021b73fe93768bf5cb9cf\">\n.avia-image-container.av-k7z51wou-d364cfc11c6021b73fe93768bf5cb9cf img.avia_image{\nbox-shadow:none;\n}\n.avia-image-container.av-k7z51wou-d364cfc11c6021b73fe93768bf5cb9cf .av-image-caption-overlay-center{\ncolor:#ffffff;\n}\n<\/style>\n<div  class='avia-image-container av-k7z51wou-d364cfc11c6021b73fe93768bf5cb9cf av-styling-no-styling avia-align-center  avia-builder-el-3  avia-builder-el-no-sibling '   itemprop=\"image\" itemscope=\"itemscope\" itemtype=\"https:\/\/schema.org\/ImageObject\" ><div class=\"avia-image-container-inner\"><div class=\"avia-image-overlay-wrap\"><img decoding=\"async\" fetchpriority=\"high\" class='wp-image-4791 avia-img-lazy-loading-not-4791 avia_image ' src=\"https:\/\/dfvcg-events.de\/hotelimmobilien-kongress\/wp-content\/uploads\/sites\/6\/2024\/03\/Sroka-Jens-Heimathafen-Hotels-web.jpg\" alt='' title='Sroka-Jens-Heimathafen-Hotels-web'  height=\"800\" width=\"600\"  itemprop=\"thumbnailUrl\" srcset=\"https:\/\/dfvcg-events.de\/hotelimmobilien-kongress\/wp-content\/uploads\/sites\/6\/2024\/03\/Sroka-Jens-Heimathafen-Hotels-web.jpg 600w, https:\/\/dfvcg-events.de\/hotelimmobilien-kongress\/wp-content\/uploads\/sites\/6\/2024\/03\/Sroka-Jens-Heimathafen-Hotels-web-529x705.jpg 529w\" sizes=\"(max-width: 600px) 100vw, 600px\" \/><\/div><\/div><\/div><\/div>\n<style type=\"text\/css\" data-created_by=\"avia_inline_auto\" id=\"style-css-av-q939-36bd9e2970eba44b209398e6adaba9f5\">\n.flex_column.av-q939-36bd9e2970eba44b209398e6adaba9f5{\nborder-radius:0px 0px 0px 0px;\npadding:0px 0px 0px 0px;\n}\n<\/style>\n<div  class='flex_column av-q939-36bd9e2970eba44b209398e6adaba9f5 av_two_third  avia-builder-el-4  el_after_av_one_third  avia-builder-el-last  flex_column_div av-zero-column-padding  '     ><p>\n<style type=\"text\/css\" data-created_by=\"avia_inline_auto\" id=\"style-css-av-kaqwuudl-f31eba2de27daab4fb29a19bda1d22b2\">\n#top .av-special-heading.av-kaqwuudl-f31eba2de27daab4fb29a19bda1d22b2{\npadding-bottom:10px;\n}\nbody .av-special-heading.av-kaqwuudl-f31eba2de27daab4fb29a19bda1d22b2 .av-special-heading-tag .heading-char{\nfont-size:25px;\n}\n.av-special-heading.av-kaqwuudl-f31eba2de27daab4fb29a19bda1d22b2 .av-subheading{\nfont-size:19px;\n}\n<\/style>\n<div  class='av-special-heading av-kaqwuudl-f31eba2de27daab4fb29a19bda1d22b2 av-special-heading-h2 blockquote modern-quote  avia-builder-el-5  el_before_av_textblock  avia-builder-el-first '><h2 class='av-special-heading-tag '  itemprop=\"headline\"  >Jens Sroka<\/h2><div class='av-subheading av-subheading_below'><p>Gesch\u00e4ftsf\u00fchrender Gesellschafter<br \/>\nHeimathafen\u00ae Hotels<\/p>\n<\/div><div class=\"special-heading-border\"><div class=\"special-heading-inner-border\"><\/div><\/div><\/div><br \/>\n<section  class='av_textblock_section av-k7yuci90-cc8f536f476c354fb273c6b3e8aa0dbd '   itemscope=\"itemscope\" itemtype=\"https:\/\/schema.org\/CreativeWork\" ><div class='avia_textblock'  itemprop=\"text\" ><p>Jens U. Sroka, Hotelfachmann, startete seine Karriere 1996 in der Hotellerie im Atlantic Kempinski Hamburg. Mit dem StrandGut Resort in Sankt Peter-Ording er\u00f6ffnete er 2007 mit seinem Bruder sein erstes Lifestyle-Hotel an der Nordseek\u00fcste. Seit 2013 setzte er mit dem \u201eBeach Motel\u201c in SPO sein erstes alleiniges Statement in Sachen Hotelkonzept. Gefolgt von der \u201eBretterbude\u201c in 2016 und der gro\u00dfen Schwester, dem zweiten \u201eBeach Motel\u201c in Heiligenhafen sowie in 2019 weiteren Er\u00f6ffnungen vom \u201eFliegerdeich Hotel &amp; Restaurant\u201c im Wilhelmshaven und dem \u201eLighthouse Hotel &amp; Spa\u201c in B\u00fcsum. 2022 erweitert Jens Sroka seine Konzepte mit der \u201eBretterbude B\u00fcsum\u201c und den \u201eBeach Apartments B\u00fcsum\u201c an der Nord- und Ostseek\u00fcste. 2023 er\u00f6ffnete Jens Sroka mit Viva con Aqua die Villa Viva Gasthaus in Hamburg und erweiterte somit die Dachmarke der \u201cHeimathafen\u00ae Hotels\u201c.<br \/>\nunter<\/p>\n<\/div><\/section><\/p><\/div><\/p>\n","protected":false},"excerpt":{"rendered":"<p>Heimathafen\u00ae Hotels<\/p>\n","protected":false},"author":10,"featured_media":4791,"comment_status":"closed","ping_status":"closed","template":"","meta":{"footnotes":""},"tags":[],"portfolio_entries":[60,61],"class_list":["post-4790","portfolio","type-portfolio","status-publish","has-post-thumbnail","hentry","portfolio_entries-vortragend-2024","portfolio_entries-vortragend-2024-feature"],"yoast_head":"<!-- This site is optimized with the Yoast SEO plugin v27.4 - https:\/\/yoast.com\/product\/yoast-seo-wordpress\/ -->\n<title>Referent: Jens Sroka | Deutscher Hotelimmobilien-Kongress<\/title>\n<meta name=\"description\" content=\"Deutscher Hotelimmobilien-Kongress | Begr\u00fc\u00dfen Sie auf der B\u00fchne: Jens Sroka\" \/>\n<meta name=\"robots\" content=\"index, follow, max-snippet:-1, max-image-preview:large, max-video-preview:-1\" \/>\n<link rel=\"canonical\" href=\"https:\/\/dfvcg-events.de\/hotelimmobilien-kongress\/referent\/jens-sroka\/\" \/>\n<meta property=\"og:locale\" content=\"de_DE\" \/>\n<meta property=\"og:type\" content=\"article\" \/>\n<meta property=\"og:title\" content=\"Referent: Jens Sroka | Deutscher Hotelimmobilien-Kongress\" \/>\n<meta property=\"og:description\" content=\"Deutscher Hotelimmobilien-Kongress | Begr\u00fc\u00dfen Sie auf der B\u00fchne: Jens Sroka\" \/>\n<meta property=\"og:url\" content=\"https:\/\/dfvcg-events.de\/hotelimmobilien-kongress\/referent\/jens-sroka\/\" \/>\n<meta property=\"og:site_name\" content=\"Deutscher Hotelimmobilien-Kongress\" \/>\n<meta property=\"og:image\" content=\"https:\/\/dfvcg-events.de\/hotelimmobilien-kongress\/wp-content\/uploads\/sites\/6\/2024\/03\/Sroka-Jens-Heimathafen-Hotels-web.jpg\" \/>\n\t<meta property=\"og:image:width\" content=\"600\" \/>\n\t<meta property=\"og:image:height\" content=\"800\" \/>\n\t<meta property=\"og:image:type\" content=\"image\/jpeg\" \/>\n<meta name=\"twitter:card\" content=\"summary_large_image\" \/>\n<meta name=\"twitter:label1\" content=\"Gesch\u00e4tzte Lesezeit\" \/>\n\t<meta name=\"twitter:data1\" content=\"1\u00a0Minute\" \/>\n<script type=\"application\/ld+json\" class=\"yoast-schema-graph\">{\"@context\":\"https:\\\/\\\/schema.org\",\"@graph\":[{\"@type\":\"WebPage\",\"@id\":\"https:\\\/\\\/dfvcg-events.de\\\/hotelimmobilien-kongress\\\/referent\\\/jens-sroka\\\/\",\"url\":\"https:\\\/\\\/dfvcg-events.de\\\/hotelimmobilien-kongress\\\/referent\\\/jens-sroka\\\/\",\"name\":\"Referent: Jens Sroka | Deutscher Hotelimmobilien-Kongress\",\"isPartOf\":{\"@id\":\"https:\\\/\\\/dfvcg-events.de\\\/hotelimmobilien-kongress\\\/#website\"},\"primaryImageOfPage\":{\"@id\":\"https:\\\/\\\/dfvcg-events.de\\\/hotelimmobilien-kongress\\\/referent\\\/jens-sroka\\\/#primaryimage\"},\"image\":{\"@id\":\"https:\\\/\\\/dfvcg-events.de\\\/hotelimmobilien-kongress\\\/referent\\\/jens-sroka\\\/#primaryimage\"},\"thumbnailUrl\":\"https:\\\/\\\/dfvcg-events.de\\\/hotelimmobilien-kongress\\\/wp-content\\\/uploads\\\/sites\\\/6\\\/2024\\\/03\\\/Sroka-Jens-Heimathafen-Hotels-web.jpg\",\"datePublished\":\"2024-03-21T09:18:27+00:00\",\"description\":\"Deutscher Hotelimmobilien-Kongress | Begr\u00fc\u00dfen Sie auf der B\u00fchne: Jens Sroka\",\"breadcrumb\":{\"@id\":\"https:\\\/\\\/dfvcg-events.de\\\/hotelimmobilien-kongress\\\/referent\\\/jens-sroka\\\/#breadcrumb\"},\"inLanguage\":\"de\",\"potentialAction\":[{\"@type\":\"ReadAction\",\"target\":[\"https:\\\/\\\/dfvcg-events.de\\\/hotelimmobilien-kongress\\\/referent\\\/jens-sroka\\\/\"]}]},{\"@type\":\"ImageObject\",\"inLanguage\":\"de\",\"@id\":\"https:\\\/\\\/dfvcg-events.de\\\/hotelimmobilien-kongress\\\/referent\\\/jens-sroka\\\/#primaryimage\",\"url\":\"https:\\\/\\\/dfvcg-events.de\\\/hotelimmobilien-kongress\\\/wp-content\\\/uploads\\\/sites\\\/6\\\/2024\\\/03\\\/Sroka-Jens-Heimathafen-Hotels-web.jpg\",\"contentUrl\":\"https:\\\/\\\/dfvcg-events.de\\\/hotelimmobilien-kongress\\\/wp-content\\\/uploads\\\/sites\\\/6\\\/2024\\\/03\\\/Sroka-Jens-Heimathafen-Hotels-web.jpg\",\"width\":600,\"height\":800},{\"@type\":\"BreadcrumbList\",\"@id\":\"https:\\\/\\\/dfvcg-events.de\\\/hotelimmobilien-kongress\\\/referent\\\/jens-sroka\\\/#breadcrumb\",\"itemListElement\":[{\"@type\":\"ListItem\",\"position\":1,\"name\":\"Startseite\",\"item\":\"https:\\\/\\\/dfvcg-events.de\\\/hotelimmobilien-kongress\\\/\"},{\"@type\":\"ListItem\",\"position\":2,\"name\":\"Jens Sroka\"}]},{\"@type\":\"WebSite\",\"@id\":\"https:\\\/\\\/dfvcg-events.de\\\/hotelimmobilien-kongress\\\/#website\",\"url\":\"https:\\\/\\\/dfvcg-events.de\\\/hotelimmobilien-kongress\\\/\",\"name\":\"Deutscher Hotelimmobilien-Kongress\",\"description\":\"dfv Conference Group\",\"publisher\":{\"@id\":\"https:\\\/\\\/dfvcg-events.de\\\/hotelimmobilien-kongress\\\/#organization\"},\"potentialAction\":[{\"@type\":\"SearchAction\",\"target\":{\"@type\":\"EntryPoint\",\"urlTemplate\":\"https:\\\/\\\/dfvcg-events.de\\\/hotelimmobilien-kongress\\\/?s={search_term_string}\"},\"query-input\":{\"@type\":\"PropertyValueSpecification\",\"valueRequired\":true,\"valueName\":\"search_term_string\"}}],\"inLanguage\":\"de\"},{\"@type\":\"Organization\",\"@id\":\"https:\\\/\\\/dfvcg-events.de\\\/hotelimmobilien-kongress\\\/#organization\",\"name\":\"Deutscher Hotelimmobilien-Kongress\",\"url\":\"https:\\\/\\\/dfvcg-events.de\\\/hotelimmobilien-kongress\\\/\",\"logo\":{\"@type\":\"ImageObject\",\"inLanguage\":\"de\",\"@id\":\"https:\\\/\\\/dfvcg-events.de\\\/hotelimmobilien-kongress\\\/#\\\/schema\\\/logo\\\/image\\\/\",\"url\":\"https:\\\/\\\/dfvcg-events.de\\\/hotelimmobilien-kongress\\\/wp-content\\\/uploads\\\/sites\\\/6\\\/2022\\\/12\\\/hotelimmobilien-kongress-2023-Teaser-800x800-1.jpg\",\"contentUrl\":\"https:\\\/\\\/dfvcg-events.de\\\/hotelimmobilien-kongress\\\/wp-content\\\/uploads\\\/sites\\\/6\\\/2022\\\/12\\\/hotelimmobilien-kongress-2023-Teaser-800x800-1.jpg\",\"width\":800,\"height\":800,\"caption\":\"Deutscher Hotelimmobilien-Kongress\"},\"image\":{\"@id\":\"https:\\\/\\\/dfvcg-events.de\\\/hotelimmobilien-kongress\\\/#\\\/schema\\\/logo\\\/image\\\/\"}}]}<\/script>\n<!-- \/ Yoast SEO plugin. -->","yoast_head_json":{"title":"Referent: Jens Sroka | Deutscher Hotelimmobilien-Kongress","description":"Deutscher Hotelimmobilien-Kongress | Begr\u00fc\u00dfen Sie auf der B\u00fchne: Jens Sroka","robots":{"index":"index","follow":"follow","max-snippet":"max-snippet:-1","max-image-preview":"max-image-preview:large","max-video-preview":"max-video-preview:-1"},"canonical":"https:\/\/dfvcg-events.de\/hotelimmobilien-kongress\/referent\/jens-sroka\/","og_locale":"de_DE","og_type":"article","og_title":"Referent: Jens Sroka | Deutscher Hotelimmobilien-Kongress","og_description":"Deutscher Hotelimmobilien-Kongress | Begr\u00fc\u00dfen Sie auf der B\u00fchne: Jens Sroka","og_url":"https:\/\/dfvcg-events.de\/hotelimmobilien-kongress\/referent\/jens-sroka\/","og_site_name":"Deutscher Hotelimmobilien-Kongress","og_image":[{"width":600,"height":800,"url":"https:\/\/dfvcg-events.de\/hotelimmobilien-kongress\/wp-content\/uploads\/sites\/6\/2024\/03\/Sroka-Jens-Heimathafen-Hotels-web.jpg","type":"image\/jpeg"}],"twitter_card":"summary_large_image","twitter_misc":{"Gesch\u00e4tzte Lesezeit":"1\u00a0Minute"},"schema":{"@context":"https:\/\/schema.org","@graph":[{"@type":"WebPage","@id":"https:\/\/dfvcg-events.de\/hotelimmobilien-kongress\/referent\/jens-sroka\/","url":"https:\/\/dfvcg-events.de\/hotelimmobilien-kongress\/referent\/jens-sroka\/","name":"Referent: Jens Sroka | Deutscher Hotelimmobilien-Kongress","isPartOf":{"@id":"https:\/\/dfvcg-events.de\/hotelimmobilien-kongress\/#website"},"primaryImageOfPage":{"@id":"https:\/\/dfvcg-events.de\/hotelimmobilien-kongress\/referent\/jens-sroka\/#primaryimage"},"image":{"@id":"https:\/\/dfvcg-events.de\/hotelimmobilien-kongress\/referent\/jens-sroka\/#primaryimage"},"thumbnailUrl":"https:\/\/dfvcg-events.de\/hotelimmobilien-kongress\/wp-content\/uploads\/sites\/6\/2024\/03\/Sroka-Jens-Heimathafen-Hotels-web.jpg","datePublished":"2024-03-21T09:18:27+00:00","description":"Deutscher Hotelimmobilien-Kongress | Begr\u00fc\u00dfen Sie auf der B\u00fchne: Jens Sroka","breadcrumb":{"@id":"https:\/\/dfvcg-events.de\/hotelimmobilien-kongress\/referent\/jens-sroka\/#breadcrumb"},"inLanguage":"de","potentialAction":[{"@type":"ReadAction","target":["https:\/\/dfvcg-events.de\/hotelimmobilien-kongress\/referent\/jens-sroka\/"]}]},{"@type":"ImageObject","inLanguage":"de","@id":"https:\/\/dfvcg-events.de\/hotelimmobilien-kongress\/referent\/jens-sroka\/#primaryimage","url":"https:\/\/dfvcg-events.de\/hotelimmobilien-kongress\/wp-content\/uploads\/sites\/6\/2024\/03\/Sroka-Jens-Heimathafen-Hotels-web.jpg","contentUrl":"https:\/\/dfvcg-events.de\/hotelimmobilien-kongress\/wp-content\/uploads\/sites\/6\/2024\/03\/Sroka-Jens-Heimathafen-Hotels-web.jpg","width":600,"height":800},{"@type":"BreadcrumbList","@id":"https:\/\/dfvcg-events.de\/hotelimmobilien-kongress\/referent\/jens-sroka\/#breadcrumb","itemListElement":[{"@type":"ListItem","position":1,"name":"Startseite","item":"https:\/\/dfvcg-events.de\/hotelimmobilien-kongress\/"},{"@type":"ListItem","position":2,"name":"Jens Sroka"}]},{"@type":"WebSite","@id":"https:\/\/dfvcg-events.de\/hotelimmobilien-kongress\/#website","url":"https:\/\/dfvcg-events.de\/hotelimmobilien-kongress\/","name":"Deutscher Hotelimmobilien-Kongress","description":"dfv Conference Group","publisher":{"@id":"https:\/\/dfvcg-events.de\/hotelimmobilien-kongress\/#organization"},"potentialAction":[{"@type":"SearchAction","target":{"@type":"EntryPoint","urlTemplate":"https:\/\/dfvcg-events.de\/hotelimmobilien-kongress\/?s={search_term_string}"},"query-input":{"@type":"PropertyValueSpecification","valueRequired":true,"valueName":"search_term_string"}}],"inLanguage":"de"},{"@type":"Organization","@id":"https:\/\/dfvcg-events.de\/hotelimmobilien-kongress\/#organization","name":"Deutscher Hotelimmobilien-Kongress","url":"https:\/\/dfvcg-events.de\/hotelimmobilien-kongress\/","logo":{"@type":"ImageObject","inLanguage":"de","@id":"https:\/\/dfvcg-events.de\/hotelimmobilien-kongress\/#\/schema\/logo\/image\/","url":"https:\/\/dfvcg-events.de\/hotelimmobilien-kongress\/wp-content\/uploads\/sites\/6\/2022\/12\/hotelimmobilien-kongress-2023-Teaser-800x800-1.jpg","contentUrl":"https:\/\/dfvcg-events.de\/hotelimmobilien-kongress\/wp-content\/uploads\/sites\/6\/2022\/12\/hotelimmobilien-kongress-2023-Teaser-800x800-1.jpg","width":800,"height":800,"caption":"Deutscher Hotelimmobilien-Kongress"},"image":{"@id":"https:\/\/dfvcg-events.de\/hotelimmobilien-kongress\/#\/schema\/logo\/image\/"}}]}},"_links":{"self":[{"href":"https:\/\/dfvcg-events.de\/hotelimmobilien-kongress\/wp-json\/wp\/v2\/portfolio\/4790","targetHints":{"allow":["GET"]}}],"collection":[{"href":"https:\/\/dfvcg-events.de\/hotelimmobilien-kongress\/wp-json\/wp\/v2\/portfolio"}],"about":[{"href":"https:\/\/dfvcg-events.de\/hotelimmobilien-kongress\/wp-json\/wp\/v2\/types\/portfolio"}],"author":[{"embeddable":true,"href":"https:\/\/dfvcg-events.de\/hotelimmobilien-kongress\/wp-json\/wp\/v2\/users\/10"}],"replies":[{"embeddable":true,"href":"https:\/\/dfvcg-events.de\/hotelimmobilien-kongress\/wp-json\/wp\/v2\/comments?post=4790"}],"version-history":[{"count":0,"href":"https:\/\/dfvcg-events.de\/hotelimmobilien-kongress\/wp-json\/wp\/v2\/portfolio\/4790\/revisions"}],"wp:featuredmedia":[{"embeddable":true,"href":"https:\/\/dfvcg-events.de\/hotelimmobilien-kongress\/wp-json\/wp\/v2\/media\/4791"}],"wp:attachment":[{"href":"https:\/\/dfvcg-events.de\/hotelimmobilien-kongress\/wp-json\/wp\/v2\/media?parent=4790"}],"wp:term":[{"taxonomy":"post_tag","embeddable":true,"href":"https:\/\/dfvcg-events.de\/hotelimmobilien-kongress\/wp-json\/wp\/v2\/tags?post=4790"},{"taxonomy":"portfolio_entries","embeddable":true,"href":"https:\/\/dfvcg-events.de\/hotelimmobilien-kongress\/wp-json\/wp\/v2\/portfolio_entries?post=4790"}],"curies":[{"name":"wp","href":"https:\/\/api.w.org\/{rel}","templated":true}]}}