{"id":4432,"date":"2023-12-07T08:43:14","date_gmt":"2023-12-07T07:43:14","guid":{"rendered":"https:\/\/dfvcg-events.de\/hotelimmobilien-kongress\/?page_id=4432"},"modified":"2025-07-24T11:08:46","modified_gmt":"2025-07-24T09:08:46","slug":"vortragende","status":"publish","type":"page","link":"https:\/\/dfvcg-events.de\/hotelimmobilien-kongress\/vortragende\/","title":{"rendered":"Vortragende 2025"},"content":{"rendered":"<div id='av_section_1'  class='avia-section av-k7yuhjt1-2c4f4c3632ea1ae03aacefeb1a66452a main_color avia-section-default avia-no-border-styling  avia-builder-el-0  el_before_av_section  avia-builder-el-first  header-farbe avia-bg-style-scroll container_wrap fullsize'  ><div class='container av-section-cont-open' ><main  role=\"main\" itemprop=\"mainContentOfPage\"  class='template-page content  av-content-full alpha units'><div class='post-entry post-entry-type-page post-entry-4432'><div class='entry-content-wrapper clearfix'>\n\n<style type=\"text\/css\" data-created_by=\"avia_inline_auto\" id=\"style-css-av-kkpoec3h-efee8f41170dfd80c3b214dea5f31837\">\n#top .av-special-heading.av-kkpoec3h-efee8f41170dfd80c3b214dea5f31837{\npadding-bottom:0;\ncolor:#ffffff;\n}\nbody .av-special-heading.av-kkpoec3h-efee8f41170dfd80c3b214dea5f31837 .av-special-heading-tag .heading-char{\nfont-size:25px;\n}\n.av-special-heading.av-kkpoec3h-efee8f41170dfd80c3b214dea5f31837 .special-heading-inner-border{\nborder-color:#ffffff;\n}\n.av-special-heading.av-kkpoec3h-efee8f41170dfd80c3b214dea5f31837 .av-subheading{\nfont-size:19px;\n}\n<\/style>\n<div  class='av-special-heading av-kkpoec3h-efee8f41170dfd80c3b214dea5f31837 av-special-heading-h1 custom-color-heading blockquote modern-quote  avia-builder-el-1  avia-builder-el-no-sibling '><div class='av_custom_color av-subheading av-subheading_above'><p>Hotelimmobilien-Kongress<\/p>\n<\/div><h1 class='av-special-heading-tag '  itemprop=\"headline\"  >Das waren unsere Vortragenden:<\/h1><div class=\"special-heading-border\"><div class=\"special-heading-inner-border\"><\/div><\/div><\/div>\n<\/div><\/div><\/main><!-- close content main element --><\/div><\/div><div id='av_section_2'  class='avia-section av-xixk-39afc5aa2fa705e9dde2fad06671b925 main_color avia-section-default avia-no-border-styling  avia-builder-el-2  el_after_av_section  avia-builder-el-last  avia-bg-style-scroll container_wrap fullsize'  ><div class='container av-section-cont-open' ><div class='template-page content  av-content-full alpha units'><div class='post-entry post-entry-type-page post-entry-4432'><div class='entry-content-wrapper clearfix'>\n<div id='av-masonry-1' class='av-masonry av-k7z3l9y7-8dedcc66c11ede6a25d508eb8ff277fe noHover av-fixed-size av-large-gap av-hover-overlay- av-masonry-animation-active av-masonry-col-4 av-caption-always av-caption-style- av-masonry-entries av-medium-columns-overwrite av-medium-columns-2 av-small-columns-overwrite av-small-columns-2 av-orientation-portrait-large ' data-post_id=\"4432\"><div class=\"av-masonry-container isotope av-js-disabled\"><div class='av-masonry-entry isotope-item av-masonry-item-no-image '><\/div><a href=\"https:\/\/dfvcg-events.de\/hotelimmobilien-kongress\/referent\/oliver-blume\/\"  id='av-masonry-1-item-5516' data-av-masonry-item='5516' class='av-masonry-entry isotope-item post-5516 portfolio type-portfolio status-publish has-post-thumbnail hentry portfolio_entries-vortragend-2025  av-masonry-item-with-image' title=\"Blume-Oliver-Box Hotel-web\"   itemscope=\"itemscope\" itemtype=\"https:\/\/schema.org\/CreativeWork\" ><div class='av-inner-masonry-sizer'><\/div><figure class='av-inner-masonry main_color'><div class=\"av-masonry-outerimage-container\"><div class='av-masonry-image-container' style=\"background-image: url(https:\/\/dfvcg-events.de\/hotelimmobilien-kongress\/wp-content\/uploads\/sites\/6\/2025\/03\/Blume-Oliver-Box-Hotel-web-529x705.jpg);\"  title=\"Blume-Oliver-Box Hotel-web\" ><\/div><\/div><figcaption class='av-inner-masonry-content site-background'><div class='av-inner-masonry-content-pos'><div class='av-inner-masonry-content-pos-content'><div class='avia-arrow'><\/div><h3 class='av-masonry-entry-title entry-title '  itemprop=\"headline\" >Oliver Blume<\/h3><div class='av-masonry-entry-content entry-content'  itemprop=\"text\" >Boxhotel<\/div><\/div><\/div><\/figcaption><\/figure><\/a><!--end av-masonry entry--><a href=\"https:\/\/dfvcg-events.de\/hotelimmobilien-kongress\/referent\/birgit-boehn\/\"  id='av-masonry-1-item-4832' data-av-masonry-item='4832' class='av-masonry-entry isotope-item post-4832 portfolio type-portfolio status-publish has-post-thumbnail hentry portfolio_entries-vortragend-2024 portfolio_entries-vortragend-2025  av-masonry-item-with-image' title=\"B\u00f6hn-Birgit-KUCERA-Rechtsanw\u00e4lte-web\"   itemscope=\"itemscope\" itemtype=\"https:\/\/schema.org\/CreativeWork\" ><div class='av-inner-masonry-sizer'><\/div><figure class='av-inner-masonry main_color'><div class=\"av-masonry-outerimage-container\"><div class='av-masonry-image-container' style=\"background-image: url(https:\/\/dfvcg-events.de\/hotelimmobilien-kongress\/wp-content\/uploads\/sites\/6\/2024\/03\/Boehn-Birgit-KUCERA-Rechtsanwaelte-web-529x705.jpg);\"  title=\"B\u00f6hn-Birgit-KUCERA-Rechtsanw\u00e4lte-web\" ><\/div><\/div><figcaption class='av-inner-masonry-content site-background'><div class='av-inner-masonry-content-pos'><div class='av-inner-masonry-content-pos-content'><div class='avia-arrow'><\/div><h3 class='av-masonry-entry-title entry-title '  itemprop=\"headline\" >Birgit B\u00f6hn<\/h3><div class='av-masonry-entry-content entry-content'  itemprop=\"text\" >KUCERA<\/div><\/div><\/div><\/figcaption><\/figure><\/a><!--end av-masonry entry--><a href=\"https:\/\/dfvcg-events.de\/hotelimmobilien-kongress\/referent\/conny-doss\/\"  id='av-masonry-1-item-5640' data-av-masonry-item='5640' class='av-masonry-entry isotope-item post-5640 portfolio type-portfolio status-publish has-post-thumbnail hentry portfolio_entries-vortragend-2025  av-masonry-item-with-image' title=\"Festes Seitenverh\u00e4ltnis\"   itemscope=\"itemscope\" itemtype=\"https:\/\/schema.org\/CreativeWork\" ><div class='av-inner-masonry-sizer'><\/div><figure class='av-inner-masonry main_color'><div class=\"av-masonry-outerimage-container\"><div class='av-masonry-image-container' style=\"background-image: url(https:\/\/dfvcg-events.de\/hotelimmobilien-kongress\/wp-content\/uploads\/sites\/6\/2025\/04\/Doss-Conny-MOA-Berlin-web-529x705.jpg);\"  title=\"Festes Seitenverh\u00e4ltnis\" ><\/div><\/div><figcaption class='av-inner-masonry-content site-background'><div class='av-inner-masonry-content-pos'><div class='av-inner-masonry-content-pos-content'><div class='avia-arrow'><\/div><h3 class='av-masonry-entry-title entry-title '  itemprop=\"headline\" >Conny Do\u00df<\/h3><div class='av-masonry-entry-content entry-content'  itemprop=\"text\" >MOA Berlin<\/div><\/div><\/div><\/figcaption><\/figure><\/a><!--end av-masonry entry--><a href=\"https:\/\/dfvcg-events.de\/hotelimmobilien-kongress\/referent\/matthias-frank\/\"  id='av-masonry-1-item-5538' data-av-masonry-item='5538' class='av-masonry-entry isotope-item post-5538 portfolio type-portfolio status-publish has-post-thumbnail hentry portfolio_entries-vortragend-2025  av-masonry-item-with-image' title=\"Frank-Matthias-Kucera-web\"   itemscope=\"itemscope\" itemtype=\"https:\/\/schema.org\/CreativeWork\" ><div class='av-inner-masonry-sizer'><\/div><figure class='av-inner-masonry main_color'><div class=\"av-masonry-outerimage-container\"><div class='av-masonry-image-container' style=\"background-image: url(https:\/\/dfvcg-events.de\/hotelimmobilien-kongress\/wp-content\/uploads\/sites\/6\/2025\/03\/Frank-Matthias-Kucera-web-529x705.jpg);\"  title=\"Frank-Matthias-Kucera-web\" ><\/div><\/div><figcaption class='av-inner-masonry-content site-background'><div class='av-inner-masonry-content-pos'><div class='av-inner-masonry-content-pos-content'><div class='avia-arrow'><\/div><h3 class='av-masonry-entry-title entry-title '  itemprop=\"headline\" >Matthias Frank<\/h3><div class='av-masonry-entry-content entry-content'  itemprop=\"text\" >KUCERA<\/div><\/div><\/div><\/figcaption><\/figure><\/a><!--end av-masonry entry--><a href=\"https:\/\/dfvcg-events.de\/hotelimmobilien-kongress\/referent\/tobias-gollnest\/\"  id='av-masonry-1-item-5745' data-av-masonry-item='5745' class='av-masonry-entry isotope-item post-5745 portfolio type-portfolio status-publish has-post-thumbnail hentry portfolio_entries-vortragend-2025  av-masonry-item-with-image' title=\"Gollnest-Tobias-B&amp;B Hotels_web\"   itemscope=\"itemscope\" itemtype=\"https:\/\/schema.org\/CreativeWork\" ><div class='av-inner-masonry-sizer'><\/div><figure class='av-inner-masonry main_color'><div class=\"av-masonry-outerimage-container\"><div class='av-masonry-image-container' style=\"background-image: url(https:\/\/dfvcg-events.de\/hotelimmobilien-kongress\/wp-content\/uploads\/sites\/6\/2025\/05\/Gollnest-Tobias-BB-Hotels_web-529x705.jpg);\"  title=\"Gollnest-Tobias-B&amp;B Hotels_web\" ><\/div><\/div><figcaption class='av-inner-masonry-content site-background'><div class='av-inner-masonry-content-pos'><div class='av-inner-masonry-content-pos-content'><div class='avia-arrow'><\/div><h3 class='av-masonry-entry-title entry-title '  itemprop=\"headline\" >Tobias Gollnest<\/h3><div class='av-masonry-entry-content entry-content'  itemprop=\"text\" >B&amp;B Hotels<\/div><\/div><\/div><\/figcaption><\/figure><\/a><!--end av-masonry entry--><a href=\"https:\/\/dfvcg-events.de\/hotelimmobilien-kongress\/referent\/jannik-noah-graetke\/\"  id='av-masonry-1-item-5855' data-av-masonry-item='5855' class='av-masonry-entry isotope-item post-5855 portfolio type-portfolio status-publish has-post-thumbnail hentry portfolio_entries-vortragend-2025  av-masonry-item-with-image' title=\"Gr\u00e4tke-Jannik-Noah-P&amp;N Kanaltechnik_web\"   itemscope=\"itemscope\" itemtype=\"https:\/\/schema.org\/CreativeWork\" ><div class='av-inner-masonry-sizer'><\/div><figure class='av-inner-masonry main_color'><div class=\"av-masonry-outerimage-container\"><div class='av-masonry-image-container' style=\"background-image: url(https:\/\/dfvcg-events.de\/hotelimmobilien-kongress\/wp-content\/uploads\/sites\/6\/2025\/06\/Graetke-Jannik-Noah-PN-Kanaltechnik_web-529x705.jpg);\"  title=\"Gr\u00e4tke-Jannik-Noah-P&amp;N Kanaltechnik_web\" ><\/div><\/div><figcaption class='av-inner-masonry-content site-background'><div class='av-inner-masonry-content-pos'><div class='av-inner-masonry-content-pos-content'><div class='avia-arrow'><\/div><h3 class='av-masonry-entry-title entry-title '  itemprop=\"headline\" >Jannik-Noah Gr\u00e4tke<\/h3><div class='av-masonry-entry-content entry-content'  itemprop=\"text\" >P&amp;N Kanaltechnik<\/div><\/div><\/div><\/figcaption><\/figure><\/a><!--end av-masonry entry--><a href=\"https:\/\/dfvcg-events.de\/hotelimmobilien-kongress\/referent\/alexandra-habdank\/\"  id='av-masonry-1-item-5502' data-av-masonry-item='5502' class='av-masonry-entry isotope-item post-5502 portfolio type-portfolio status-publish has-post-thumbnail hentry portfolio_entries-vortragend-2025  av-masonry-item-with-image' title=\"Habdank-Alexandra-ahgz-Fotocredit-Hans-Peter Kn\u00f6pke-web\"   itemscope=\"itemscope\" itemtype=\"https:\/\/schema.org\/CreativeWork\" ><div class='av-inner-masonry-sizer'><\/div><figure class='av-inner-masonry main_color'><div class=\"av-masonry-outerimage-container\"><div class='av-masonry-image-container' style=\"background-image: url(https:\/\/dfvcg-events.de\/hotelimmobilien-kongress\/wp-content\/uploads\/sites\/6\/2025\/03\/Habdank-Alexandra-ahgz-Fotocredit-Hans-Peter-Knoepke-web-1-529x705.jpg);\"  title=\"Habdank-Alexandra-ahgz-Fotocredit-Hans-Peter Kn\u00f6pke-web\" ><\/div><\/div><figcaption class='av-inner-masonry-content site-background'><div class='av-inner-masonry-content-pos'><div class='av-inner-masonry-content-pos-content'><div class='avia-arrow'><\/div><h3 class='av-masonry-entry-title entry-title '  itemprop=\"headline\" >Alexandra Habdank<\/h3><div class='av-masonry-entry-content entry-content'  itemprop=\"text\" >ahgz<\/div><\/div><\/div><\/figcaption><\/figure><\/a><!--end av-masonry entry--><a href=\"https:\/\/dfvcg-events.de\/hotelimmobilien-kongress\/referent\/hans-harml\/\"  id='av-masonry-1-item-5586' data-av-masonry-item='5586' class='av-masonry-entry isotope-item post-5586 portfolio type-portfolio status-publish has-post-thumbnail hentry portfolio_entries-vortragend-2025  av-masonry-item-with-image' title=\"Harml_Hans_web\"   itemscope=\"itemscope\" itemtype=\"https:\/\/schema.org\/CreativeWork\" ><div class='av-inner-masonry-sizer'><\/div><figure class='av-inner-masonry main_color'><div class=\"av-masonry-outerimage-container\"><div class='av-masonry-image-container' style=\"background-image: url(https:\/\/dfvcg-events.de\/hotelimmobilien-kongress\/wp-content\/uploads\/sites\/6\/2025\/03\/Harml_Hans_web-529x705.jpg);\"  title=\"Harml_Hans_web\" ><\/div><\/div><figcaption class='av-inner-masonry-content site-background'><div class='av-inner-masonry-content-pos'><div class='av-inner-masonry-content-pos-content'><div class='avia-arrow'><\/div><h3 class='av-masonry-entry-title entry-title '  itemprop=\"headline\" >Hans Harml<\/h3><div class='av-masonry-entry-content entry-content'  itemprop=\"text\" >DIPS&amp;DROPS<\/div><\/div><\/div><\/figcaption><\/figure><\/a><!--end av-masonry entry--><a href=\"https:\/\/dfvcg-events.de\/hotelimmobilien-kongress\/referent\/niklas-hipler\/\"  id='av-masonry-1-item-5859' data-av-masonry-item='5859' class='av-masonry-entry isotope-item post-5859 portfolio type-portfolio status-publish has-post-thumbnail hentry portfolio_entries-vortragend-2025  av-masonry-item-with-image' title=\"Hipler-Niklas-P&amp;N Kanaltechnik_web\"   itemscope=\"itemscope\" itemtype=\"https:\/\/schema.org\/CreativeWork\" ><div class='av-inner-masonry-sizer'><\/div><figure class='av-inner-masonry main_color'><div class=\"av-masonry-outerimage-container\"><div class='av-masonry-image-container' style=\"background-image: url(https:\/\/dfvcg-events.de\/hotelimmobilien-kongress\/wp-content\/uploads\/sites\/6\/2025\/06\/Hipler-Niklas-PN-Kanaltechnik_web-529x705.jpg);\"  title=\"Hipler-Niklas-P&amp;N Kanaltechnik_web\" ><\/div><\/div><figcaption class='av-inner-masonry-content site-background'><div class='av-inner-masonry-content-pos'><div class='av-inner-masonry-content-pos-content'><div class='avia-arrow'><\/div><h3 class='av-masonry-entry-title entry-title '  itemprop=\"headline\" >Niklas Hipler<\/h3><div class='av-masonry-entry-content entry-content'  itemprop=\"text\" >P&amp;N Kanaltechnik<\/div><\/div><\/div><\/figcaption><\/figure><\/a><!--end av-masonry entry--><a href=\"https:\/\/dfvcg-events.de\/hotelimmobilien-kongress\/referent\/sabine-hirtreiter\/\"  id='av-masonry-1-item-5348' data-av-masonry-item='5348' class='av-masonry-entry isotope-item post-5348 portfolio type-portfolio status-publish has-post-thumbnail hentry portfolio_entries-vortragend-2025 portfolio_entries-vortragend-2025-feature  av-masonry-item-with-image' title=\"Hirtreiter-Sabine-bulwiengesa\"   itemscope=\"itemscope\" itemtype=\"https:\/\/schema.org\/CreativeWork\" ><div class='av-inner-masonry-sizer'><\/div><figure class='av-inner-masonry main_color'><div class=\"av-masonry-outerimage-container\"><div class='av-masonry-image-container' style=\"background-image: url(https:\/\/dfvcg-events.de\/hotelimmobilien-kongress\/wp-content\/uploads\/sites\/6\/2025\/02\/Hirtreiter-Sabine-bulwiengesa-600x800-1-529x705.jpg);\"  title=\"Hirtreiter-Sabine-bulwiengesa\" ><\/div><\/div><figcaption class='av-inner-masonry-content site-background'><div class='av-inner-masonry-content-pos'><div class='av-inner-masonry-content-pos-content'><div class='avia-arrow'><\/div><h3 class='av-masonry-entry-title entry-title '  itemprop=\"headline\" >Sabine Hirtreiter<\/h3><div class='av-masonry-entry-content entry-content'  itemprop=\"text\" >bulwiengesa<\/div><\/div><\/div><\/figcaption><\/figure><\/a><!--end av-masonry entry--><a href=\"https:\/\/dfvcg-events.de\/hotelimmobilien-kongress\/referent\/kevin-kaliszan\/\"  id='av-masonry-1-item-5817' data-av-masonry-item='5817' class='av-masonry-entry isotope-item post-5817 portfolio type-portfolio status-publish has-post-thumbnail hentry portfolio_entries-vortragend-2025  av-masonry-item-with-image' title=\"Kaliszan-Kevin-Stayery_web\"   itemscope=\"itemscope\" itemtype=\"https:\/\/schema.org\/CreativeWork\" ><div class='av-inner-masonry-sizer'><\/div><figure class='av-inner-masonry main_color'><div class=\"av-masonry-outerimage-container\"><div class='av-masonry-image-container' style=\"background-image: url(https:\/\/dfvcg-events.de\/hotelimmobilien-kongress\/wp-content\/uploads\/sites\/6\/2025\/06\/Kaliszan-Kevin-Stayery_web-528x705.jpg);\"  title=\"Kaliszan-Kevin-Stayery_web\" ><\/div><\/div><figcaption class='av-inner-masonry-content site-background'><div class='av-inner-masonry-content-pos'><div class='av-inner-masonry-content-pos-content'><div class='avia-arrow'><\/div><h3 class='av-masonry-entry-title entry-title '  itemprop=\"headline\" >Kevin Kaliszan<\/h3><div class='av-masonry-entry-content entry-content'  itemprop=\"text\" >STAYERY<\/div><\/div><\/div><\/figcaption><\/figure><\/a><!--end av-masonry entry--><a href=\"https:\/\/dfvcg-events.de\/hotelimmobilien-kongress\/referent\/sebastian-koch\/\"  id='av-masonry-1-item-5554' data-av-masonry-item='5554' class='av-masonry-entry isotope-item post-5554 portfolio type-portfolio status-publish has-post-thumbnail hentry portfolio_entries-vortragend-2025  av-masonry-item-with-image' title=\"Koch-Sebastian-Covivio-web\"   itemscope=\"itemscope\" itemtype=\"https:\/\/schema.org\/CreativeWork\" ><div class='av-inner-masonry-sizer'><\/div><figure class='av-inner-masonry main_color'><div class=\"av-masonry-outerimage-container\"><div class='av-masonry-image-container' style=\"background-image: url(https:\/\/dfvcg-events.de\/hotelimmobilien-kongress\/wp-content\/uploads\/sites\/6\/2025\/03\/Koch-Sebastian-Covivio-web-529x705.jpg);\"  title=\"Koch-Sebastian-Covivio-web\" ><\/div><\/div><figcaption class='av-inner-masonry-content site-background'><div class='av-inner-masonry-content-pos'><div class='av-inner-masonry-content-pos-content'><div class='avia-arrow'><\/div><h3 class='av-masonry-entry-title entry-title '  itemprop=\"headline\" >Sebastian Koch<\/h3><div class='av-masonry-entry-content entry-content'  itemprop=\"text\" >Covivio Immobilien<\/div><\/div><\/div><\/figcaption><\/figure><\/a><!--end av-masonry entry--><a href=\"https:\/\/dfvcg-events.de\/hotelimmobilien-kongress\/referent\/daniel-kramer\/\"  id='av-masonry-1-item-5544' data-av-masonry-item='5544' class='av-masonry-entry isotope-item post-5544 portfolio type-portfolio status-publish has-post-thumbnail hentry portfolio_entries-vortragend-2025  av-masonry-item-with-image' title=\"Kramer-Daniel-ipartment_web\"   itemscope=\"itemscope\" itemtype=\"https:\/\/schema.org\/CreativeWork\" ><div class='av-inner-masonry-sizer'><\/div><figure class='av-inner-masonry main_color'><div class=\"av-masonry-outerimage-container\"><div class='av-masonry-image-container' style=\"background-image: url(https:\/\/dfvcg-events.de\/hotelimmobilien-kongress\/wp-content\/uploads\/sites\/6\/2025\/03\/Kramer-Daniel-ipartment_web-529x705.jpg);\"  title=\"Kramer-Daniel-ipartment_web\" ><\/div><\/div><figcaption class='av-inner-masonry-content site-background'><div class='av-inner-masonry-content-pos'><div class='av-inner-masonry-content-pos-content'><div class='avia-arrow'><\/div><h3 class='av-masonry-entry-title entry-title '  itemprop=\"headline\" >Daniel Kramer<\/h3><div class='av-masonry-entry-content entry-content'  itemprop=\"text\" >ipartment<\/div><\/div><\/div><\/figcaption><\/figure><\/a><!--end av-masonry entry--><a href=\"https:\/\/dfvcg-events.de\/hotelimmobilien-kongress\/referent\/ursula-kriegl\/\"  id='av-masonry-1-item-5465' data-av-masonry-item='5465' class='av-masonry-entry isotope-item post-5465 portfolio type-portfolio status-publish has-post-thumbnail hentry portfolio_entries-vortragend-2025  av-masonry-item-with-image' title=\"Kriegl-Ursula-SV Hotel-web\"   itemscope=\"itemscope\" itemtype=\"https:\/\/schema.org\/CreativeWork\" ><div class='av-inner-masonry-sizer'><\/div><figure class='av-inner-masonry main_color'><div class=\"av-masonry-outerimage-container\"><div class='av-masonry-image-container' style=\"background-image: url(https:\/\/dfvcg-events.de\/hotelimmobilien-kongress\/wp-content\/uploads\/sites\/6\/2025\/03\/Kriegl-Ursula-SV-Hotel-web-529x705.jpg);\"  title=\"Kriegl-Ursula-SV Hotel-web\" ><\/div><\/div><figcaption class='av-inner-masonry-content site-background'><div class='av-inner-masonry-content-pos'><div class='av-inner-masonry-content-pos-content'><div class='avia-arrow'><\/div><h3 class='av-masonry-entry-title entry-title '  itemprop=\"headline\" >Ursula Kriegl<\/h3><div class='av-masonry-entry-content entry-content'  itemprop=\"text\" >SV Hotel<\/div><\/div><\/div><\/figcaption><\/figure><\/a><!--end av-masonry entry--><a href=\"https:\/\/dfvcg-events.de\/hotelimmobilien-kongress\/referent\/jan-patrick-krueger\/\"  id='av-masonry-1-item-5804' data-av-masonry-item='5804' class='av-masonry-entry isotope-item post-5804 portfolio type-portfolio status-publish has-post-thumbnail hentry portfolio_entries-vortragend-2025  av-masonry-item-with-image' title=\"Kr\u00fcger-Jan-Patrick-Pandox_web\"   itemscope=\"itemscope\" itemtype=\"https:\/\/schema.org\/CreativeWork\" ><div class='av-inner-masonry-sizer'><\/div><figure class='av-inner-masonry main_color'><div class=\"av-masonry-outerimage-container\"><div class='av-masonry-image-container' style=\"background-image: url(https:\/\/dfvcg-events.de\/hotelimmobilien-kongress\/wp-content\/uploads\/sites\/6\/2025\/06\/Krueger-Jan-Patrick-Pandox_web.png);\"  title=\"Kr\u00fcger-Jan-Patrick-Pandox_web\" ><\/div><\/div><figcaption class='av-inner-masonry-content site-background'><div class='av-inner-masonry-content-pos'><div class='av-inner-masonry-content-pos-content'><div class='avia-arrow'><\/div><h3 class='av-masonry-entry-title entry-title '  itemprop=\"headline\" >Jan-Patrick Kr\u00fcger<\/h3><div class='av-masonry-entry-content entry-content'  itemprop=\"text\" >Pandox<\/div><\/div><\/div><\/figcaption><\/figure><\/a><!--end av-masonry entry--><a href=\"https:\/\/dfvcg-events.de\/hotelimmobilien-kongress\/referent\/peter-lagies\/\"  id='av-masonry-1-item-5417' data-av-masonry-item='5417' class='av-masonry-entry isotope-item post-5417 portfolio type-portfolio status-publish has-post-thumbnail hentry portfolio_entries-vortragend-2025 portfolio_entries-vortragend-2025-feature  av-masonry-item-with-image' title=\"Lagies-Peter-NOVUM_web\"   itemscope=\"itemscope\" itemtype=\"https:\/\/schema.org\/CreativeWork\" ><div class='av-inner-masonry-sizer'><\/div><figure class='av-inner-masonry main_color'><div class=\"av-masonry-outerimage-container\"><div class='av-masonry-image-container' style=\"background-image: url(https:\/\/dfvcg-events.de\/hotelimmobilien-kongress\/wp-content\/uploads\/sites\/6\/2025\/02\/Lagies-Peter-NOVUM_web-529x705.jpg);\"  title=\"Lagies-Peter-NOVUM_web\" ><\/div><\/div><figcaption class='av-inner-masonry-content site-background'><div class='av-inner-masonry-content-pos'><div class='av-inner-masonry-content-pos-content'><div class='avia-arrow'><\/div><h3 class='av-masonry-entry-title entry-title '  itemprop=\"headline\" >Peter Lagies<\/h3><div class='av-masonry-entry-content entry-content'  itemprop=\"text\" >NOVUM Hospitality<\/div><\/div><\/div><\/figcaption><\/figure><\/a><!--end av-masonry entry--><a href=\"https:\/\/dfvcg-events.de\/hotelimmobilien-kongress\/referent\/maximilian-ludwig-3\/\"  id='av-masonry-1-item-5481' data-av-masonry-item='5481' class='av-masonry-entry isotope-item post-5481 portfolio type-portfolio status-publish has-post-thumbnail hentry portfolio_entries-vortragend-2025  av-masonry-item-with-image' title=\"Ludwig-Maximilian-Real IS-web\"   itemscope=\"itemscope\" itemtype=\"https:\/\/schema.org\/CreativeWork\" ><div class='av-inner-masonry-sizer'><\/div><figure class='av-inner-masonry main_color'><div class=\"av-masonry-outerimage-container\"><div class='av-masonry-image-container' style=\"background-image: url(https:\/\/dfvcg-events.de\/hotelimmobilien-kongress\/wp-content\/uploads\/sites\/6\/2025\/03\/Ludwig-Maximilian-Real-IS-web-529x705.jpg);\"  title=\"Ludwig-Maximilian-Real IS-web\" ><\/div><\/div><figcaption class='av-inner-masonry-content site-background'><div class='av-inner-masonry-content-pos'><div class='av-inner-masonry-content-pos-content'><div class='avia-arrow'><\/div><h3 class='av-masonry-entry-title entry-title '  itemprop=\"headline\" >Maximilian Ludwig<\/h3><div class='av-masonry-entry-content entry-content'  itemprop=\"text\" >Real I.S.<\/div><\/div><\/div><\/figcaption><\/figure><\/a><!--end av-masonry entry--><a href=\"https:\/\/dfvcg-events.de\/hotelimmobilien-kongress\/referent\/sven-noetling-2\/\"  id='av-masonry-1-item-5487' data-av-masonry-item='5487' class='av-masonry-entry isotope-item post-5487 portfolio type-portfolio status-publish has-post-thumbnail hentry portfolio_entries-vortragend-2025  av-masonry-item-with-image' title=\"N\u00f6tling-Sven-Commerz Real-web\"   itemscope=\"itemscope\" itemtype=\"https:\/\/schema.org\/CreativeWork\" ><div class='av-inner-masonry-sizer'><\/div><figure class='av-inner-masonry main_color'><div class=\"av-masonry-outerimage-container\"><div class='av-masonry-image-container' style=\"background-image: url(https:\/\/dfvcg-events.de\/hotelimmobilien-kongress\/wp-content\/uploads\/sites\/6\/2025\/03\/Noetling-Sven-Commerz-Real-web-529x705.jpg);\"  title=\"N\u00f6tling-Sven-Commerz Real-web\" ><\/div><\/div><figcaption class='av-inner-masonry-content site-background'><div class='av-inner-masonry-content-pos'><div class='av-inner-masonry-content-pos-content'><div class='avia-arrow'><\/div><h3 class='av-masonry-entry-title entry-title '  itemprop=\"headline\" >Sven N\u00f6tling<\/h3><div class='av-masonry-entry-content entry-content'  itemprop=\"text\" >Commerz Real<\/div><\/div><\/div><\/figcaption><\/figure><\/a><!--end av-masonry entry--><a href=\"https:\/\/dfvcg-events.de\/hotelimmobilien-kongress\/referent\/anja-pangerl-2\/\"  id='av-masonry-1-item-5590' data-av-masonry-item='5590' class='av-masonry-entry isotope-item post-5590 portfolio type-portfolio status-publish has-post-thumbnail hentry portfolio_entries-vortragend-2025  av-masonry-item-with-image' title=\"Anja_Pangerl__Quelle_Hansgrohe_SE-web\"   itemscope=\"itemscope\" itemtype=\"https:\/\/schema.org\/CreativeWork\" ><div class='av-inner-masonry-sizer'><\/div><figure class='av-inner-masonry main_color'><div class=\"av-masonry-outerimage-container\"><div class='av-masonry-image-container' style=\"background-image: url(https:\/\/dfvcg-events.de\/hotelimmobilien-kongress\/wp-content\/uploads\/sites\/6\/2025\/03\/Anja_Pangerl__Quelle_Hansgrohe_SE-web-529x705.jpg);\"  title=\"Anja_Pangerl__Quelle_Hansgrohe_SE-web\" ><\/div><\/div><figcaption class='av-inner-masonry-content site-background'><div class='av-inner-masonry-content-pos'><div class='av-inner-masonry-content-pos-content'><div class='avia-arrow'><\/div><h3 class='av-masonry-entry-title entry-title '  itemprop=\"headline\" >Anja Pangerl<\/h3><div class='av-masonry-entry-content entry-content'  itemprop=\"text\" >blocher partners<\/div><\/div><\/div><\/figcaption><\/figure><\/a><!--end av-masonry entry--><a href=\"https:\/\/dfvcg-events.de\/hotelimmobilien-kongress\/referent\/ralf-pimiskern\/\"  id='av-masonry-1-item-5700' data-av-masonry-item='5700' class='av-masonry-entry isotope-item post-5700 portfolio type-portfolio status-publish has-post-thumbnail hentry portfolio_entries-vortragend-2025  av-masonry-item-with-image' title=\"Pimiskern-Ralf-DGNB-web\"   itemscope=\"itemscope\" itemtype=\"https:\/\/schema.org\/CreativeWork\" ><div class='av-inner-masonry-sizer'><\/div><figure class='av-inner-masonry main_color'><div class=\"av-masonry-outerimage-container\"><div class='av-masonry-image-container' style=\"background-image: url(https:\/\/dfvcg-events.de\/hotelimmobilien-kongress\/wp-content\/uploads\/sites\/6\/2025\/05\/Pimiskern-Ralf-DGNB-web.jpg);\"  title=\"Pimiskern-Ralf-DGNB-web\" ><\/div><\/div><figcaption class='av-inner-masonry-content site-background'><div class='av-inner-masonry-content-pos'><div class='av-inner-masonry-content-pos-content'><div class='avia-arrow'><\/div><h3 class='av-masonry-entry-title entry-title '  itemprop=\"headline\" >Ralf Pimiskern<\/h3><div class='av-masonry-entry-content entry-content'  itemprop=\"text\" >DGNB<\/div><\/div><\/div><\/figcaption><\/figure><\/a><!--end av-masonry entry--><a href=\"https:\/\/dfvcg-events.de\/hotelimmobilien-kongress\/referent\/sven-roedig\/\"  id='av-masonry-1-item-5933' data-av-masonry-item='5933' class='av-masonry-entry isotope-item post-5933 portfolio type-portfolio status-publish has-post-thumbnail hentry portfolio_entries-vortragend-2025  av-masonry-item-with-image' title=\"R\u00f6dig-Sven-Garbe_web\"   itemscope=\"itemscope\" itemtype=\"https:\/\/schema.org\/CreativeWork\" ><div class='av-inner-masonry-sizer'><\/div><figure class='av-inner-masonry main_color'><div class=\"av-masonry-outerimage-container\"><div class='av-masonry-image-container' style=\"background-image: url(https:\/\/dfvcg-events.de\/hotelimmobilien-kongress\/wp-content\/uploads\/sites\/6\/2025\/06\/Roedig-Sven-Garbe_web-529x705.png);\"  title=\"R\u00f6dig-Sven-Garbe_web\" ><\/div><\/div><figcaption class='av-inner-masonry-content site-background'><div class='av-inner-masonry-content-pos'><div class='av-inner-masonry-content-pos-content'><div class='avia-arrow'><\/div><h3 class='av-masonry-entry-title entry-title '  itemprop=\"headline\" >Sven R\u00f6dig<\/h3><div class='av-masonry-entry-content entry-content'  itemprop=\"text\" >Garbe<\/div><\/div><\/div><\/figcaption><\/figure><\/a><!--end av-masonry entry--><a href=\"https:\/\/dfvcg-events.de\/hotelimmobilien-kongress\/referent\/martin-schaffer-2\/\"  id='av-masonry-1-item-5512' data-av-masonry-item='5512' class='av-masonry-entry isotope-item post-5512 portfolio type-portfolio status-publish has-post-thumbnail hentry portfolio_entries-vortragend-2025  av-masonry-item-with-image' title=\"Schaffer-Martin-MRP Consult-web\"   itemscope=\"itemscope\" itemtype=\"https:\/\/schema.org\/CreativeWork\" ><div class='av-inner-masonry-sizer'><\/div><figure class='av-inner-masonry main_color'><div class=\"av-masonry-outerimage-container\"><div class='av-masonry-image-container' style=\"background-image: url(https:\/\/dfvcg-events.de\/hotelimmobilien-kongress\/wp-content\/uploads\/sites\/6\/2025\/03\/Schaffer-Martin-MRP-Consult-web-529x705.jpg);\"  title=\"Schaffer-Martin-MRP Consult-web\" ><\/div><\/div><figcaption class='av-inner-masonry-content site-background'><div class='av-inner-masonry-content-pos'><div class='av-inner-masonry-content-pos-content'><div class='avia-arrow'><\/div><h3 class='av-masonry-entry-title entry-title '  itemprop=\"headline\" >Martin Schaffer<\/h3><div class='av-masonry-entry-content entry-content'  itemprop=\"text\" >MRP Consult<\/div><\/div><\/div><\/figcaption><\/figure><\/a><!--end av-masonry entry--><a href=\"https:\/\/dfvcg-events.de\/hotelimmobilien-kongress\/referent\/denise-seeholzer\/\"  id='av-masonry-1-item-5532' data-av-masonry-item='5532' class='av-masonry-entry isotope-item post-5532 portfolio type-portfolio status-publish has-post-thumbnail hentry portfolio_entries-vortragend-2025  av-masonry-item-with-image' title=\"Seeholzer-Denise-STR-web\"   itemscope=\"itemscope\" itemtype=\"https:\/\/schema.org\/CreativeWork\" ><div class='av-inner-masonry-sizer'><\/div><figure class='av-inner-masonry main_color'><div class=\"av-masonry-outerimage-container\"><div class='av-masonry-image-container' style=\"background-image: url(https:\/\/dfvcg-events.de\/hotelimmobilien-kongress\/wp-content\/uploads\/sites\/6\/2025\/03\/Seeholzer-Denise-STR-web-529x705.jpg);\"  title=\"Seeholzer-Denise-STR-web\" ><\/div><\/div><figcaption class='av-inner-masonry-content site-background'><div class='av-inner-masonry-content-pos'><div class='av-inner-masonry-content-pos-content'><div class='avia-arrow'><\/div><h3 class='av-masonry-entry-title entry-title '  itemprop=\"headline\" >Denise Seeholzer<\/h3><div class='av-masonry-entry-content entry-content'  itemprop=\"text\" >STR<\/div><\/div><\/div><\/figcaption><\/figure><\/a><!--end av-masonry entry--><a href=\"https:\/\/dfvcg-events.de\/hotelimmobilien-kongress\/referent\/dr-ingo-seidemann\/\"  id='av-masonry-1-item-5921' data-av-masonry-item='5921' class='av-masonry-entry isotope-item post-5921 portfolio type-portfolio status-publish has-post-thumbnail hentry portfolio_entries-vortragend-2025  av-masonry-item-with-image' title=\"Seidemann-Dr.-Ingo-S&amp;G Development_web\"   itemscope=\"itemscope\" itemtype=\"https:\/\/schema.org\/CreativeWork\" ><div class='av-inner-masonry-sizer'><\/div><figure class='av-inner-masonry main_color'><div class=\"av-masonry-outerimage-container\"><div class='av-masonry-image-container' style=\"background-image: url(https:\/\/dfvcg-events.de\/hotelimmobilien-kongress\/wp-content\/uploads\/sites\/6\/2025\/06\/Seidemann-Dr.-Ingo-SG-Development_web-529x705.jpg);\"  title=\"Seidemann-Dr.-Ingo-S&amp;G Development_web\" ><\/div><\/div><figcaption class='av-inner-masonry-content site-background'><div class='av-inner-masonry-content-pos'><div class='av-inner-masonry-content-pos-content'><div class='avia-arrow'><\/div><h3 class='av-masonry-entry-title entry-title '  itemprop=\"headline\" >Dr. Ingo Seidemann<\/h3><div class='av-masonry-entry-content entry-content'  itemprop=\"text\" >S&amp;G Development<\/div><\/div><\/div><\/figcaption><\/figure><\/a><!--end av-masonry entry--><a href=\"https:\/\/dfvcg-events.de\/hotelimmobilien-kongress\/referent\/olaf-steinhage\/\"  id='av-masonry-1-item-1111' data-av-masonry-item='1111' class='av-masonry-entry isotope-item post-1111 portfolio type-portfolio status-publish has-post-thumbnail hentry portfolio_entries-referent-2020 portfolio_entries-referent-2021 portfolio_entries-referent-2022 portfolio_entries-referent-2022-feature portfolio_entries-vortragend-2023 portfolio_entries-vortragend-2024 portfolio_entries-vortragend-2025  av-masonry-item-with-image' title=\"Steinhage-Olf-MRP -web\"   itemscope=\"itemscope\" itemtype=\"https:\/\/schema.org\/CreativeWork\" ><div class='av-inner-masonry-sizer'><\/div><figure class='av-inner-masonry main_color'><div class=\"av-masonry-outerimage-container\"><div class='av-masonry-image-container' style=\"background-image: url(https:\/\/dfvcg-events.de\/hotelimmobilien-kongress\/wp-content\/uploads\/sites\/6\/2020\/05\/Steinhage-Olf-MRP-web.jpg);\"  title=\"Steinhage-Olf-MRP -web\" ><\/div><\/div><figcaption class='av-inner-masonry-content site-background'><div class='av-inner-masonry-content-pos'><div class='av-inner-masonry-content-pos-content'><div class='avia-arrow'><\/div><h3 class='av-masonry-entry-title entry-title '  itemprop=\"headline\" >Olaf Steinhage<\/h3><div class='av-masonry-entry-content entry-content'  itemprop=\"text\" >Artprojekt Hospitality<\/div><\/div><\/div><\/figcaption><\/figure><\/a><!--end av-masonry entry--><a href=\"https:\/\/dfvcg-events.de\/hotelimmobilien-kongress\/referent\/nico-sauerland\/\"  id='av-masonry-1-item-5454' data-av-masonry-item='5454' class='av-masonry-entry isotope-item post-5454 portfolio type-portfolio status-publish has-post-thumbnail hentry portfolio_entries-vortragend-2025  av-masonry-item-with-image' title=\"Sauerland-Nico-TIN INN_web\"   itemscope=\"itemscope\" itemtype=\"https:\/\/schema.org\/CreativeWork\" ><div class='av-inner-masonry-sizer'><\/div><figure class='av-inner-masonry main_color'><div class=\"av-masonry-outerimage-container\"><div class='av-masonry-image-container' style=\"background-image: url(https:\/\/dfvcg-events.de\/hotelimmobilien-kongress\/wp-content\/uploads\/sites\/6\/2025\/03\/Sauerland-Nico-TIN-INN_web-529x705.jpg);\"  title=\"Sauerland-Nico-TIN INN_web\" ><\/div><\/div><figcaption class='av-inner-masonry-content site-background'><div class='av-inner-masonry-content-pos'><div class='av-inner-masonry-content-pos-content'><div class='avia-arrow'><\/div><h3 class='av-masonry-entry-title entry-title '  itemprop=\"headline\" >Nico Sauerland<\/h3><div class='av-masonry-entry-content entry-content'  itemprop=\"text\" >TIN INN<\/div><\/div><\/div><\/figcaption><\/figure><\/a><!--end av-masonry entry--><a href=\"https:\/\/dfvcg-events.de\/hotelimmobilien-kongress\/referent\/dr-stefan-tewes\/\"  id='av-masonry-1-item-5469' data-av-masonry-item='5469' class='av-masonry-entry isotope-item post-5469 portfolio type-portfolio status-publish has-post-thumbnail hentry portfolio_entries-vortragend-2025  av-masonry-item-with-image' title=\"Tewes-Dr.-Stefan-Coffee Fellows_web\"   itemscope=\"itemscope\" itemtype=\"https:\/\/schema.org\/CreativeWork\" ><div class='av-inner-masonry-sizer'><\/div><figure class='av-inner-masonry main_color'><div class=\"av-masonry-outerimage-container\"><div class='av-masonry-image-container' style=\"background-image: url(https:\/\/dfvcg-events.de\/hotelimmobilien-kongress\/wp-content\/uploads\/sites\/6\/2025\/03\/Tewes-Dr.-Stefan-Coffee-Fellows_web-1-529x705.jpg);\"  title=\"Tewes-Dr.-Stefan-Coffee Fellows_web\" ><\/div><\/div><figcaption class='av-inner-masonry-content site-background'><div class='av-inner-masonry-content-pos'><div class='av-inner-masonry-content-pos-content'><div class='avia-arrow'><\/div><h3 class='av-masonry-entry-title entry-title '  itemprop=\"headline\" >Dr. Stefan Tewes<\/h3><div class='av-masonry-entry-content entry-content'  itemprop=\"text\" >Coffee Fellows &amp; Coffee Fellows Hotel<\/div><\/div><\/div><\/figcaption><\/figure><\/a><!--end av-masonry entry--><a href=\"https:\/\/dfvcg-events.de\/hotelimmobilien-kongress\/referent\/dr-alexandra-treutler\/\"  id='av-masonry-1-item-5528' data-av-masonry-item='5528' class='av-masonry-entry isotope-item post-5528 portfolio type-portfolio status-publish has-post-thumbnail hentry portfolio_entries-vortragend-2025  av-masonry-item-with-image' title=\"Treutler-Dr. Alexandra-Schw\u00f6rerHaus-web\"   itemscope=\"itemscope\" itemtype=\"https:\/\/schema.org\/CreativeWork\" ><div class='av-inner-masonry-sizer'><\/div><figure class='av-inner-masonry main_color'><div class=\"av-masonry-outerimage-container\"><div class='av-masonry-image-container' style=\"background-image: url(https:\/\/dfvcg-events.de\/hotelimmobilien-kongress\/wp-content\/uploads\/sites\/6\/2025\/03\/Treutler-Dr.-Alexandra-SchwoererHaus-web-529x705.jpg);\"  title=\"Treutler-Dr. Alexandra-Schw\u00f6rerHaus-web\" ><\/div><\/div><figcaption class='av-inner-masonry-content site-background'><div class='av-inner-masonry-content-pos'><div class='av-inner-masonry-content-pos-content'><div class='avia-arrow'><\/div><h3 class='av-masonry-entry-title entry-title '  itemprop=\"headline\" >Dr. Alexandra Treutler<\/h3><div class='av-masonry-entry-content entry-content'  itemprop=\"text\" >Schw\u00f6rerHaus<\/div><\/div><\/div><\/figcaption><\/figure><\/a><!--end av-masonry entry--><a href=\"https:\/\/dfvcg-events.de\/hotelimmobilien-kongress\/referent\/robert-van-der-graaf-2\/\"  id='av-masonry-1-item-5037' data-av-masonry-item='5037' class='av-masonry-entry isotope-item post-5037 portfolio type-portfolio status-publish has-post-thumbnail hentry portfolio_entries-vortragend-2024 portfolio_entries-vortragend-2025 portfolio_entries-vortragend-2025-feature  av-masonry-item-with-image' title=\"van-der-Graaf-Robert-IHG-Hotels\"   itemscope=\"itemscope\" itemtype=\"https:\/\/schema.org\/CreativeWork\" ><div class='av-inner-masonry-sizer'><\/div><figure class='av-inner-masonry main_color'><div class=\"av-masonry-outerimage-container\"><div class='av-masonry-image-container' style=\"background-image: url(https:\/\/dfvcg-events.de\/hotelimmobilien-kongress\/wp-content\/uploads\/sites\/6\/2024\/06\/van-der-Graaf-Robert-IHG-Hotels-600x800-1-529x705.jpg);\"  title=\"van-der-Graaf-Robert-IHG-Hotels\" ><\/div><\/div><figcaption class='av-inner-masonry-content site-background'><div class='av-inner-masonry-content-pos'><div class='av-inner-masonry-content-pos-content'><div class='avia-arrow'><\/div><h3 class='av-masonry-entry-title entry-title '  itemprop=\"headline\" >Robert van der Graaf<\/h3><div class='av-masonry-entry-content entry-content'  itemprop=\"text\" >IHG Intercontinental Hotels<\/div><\/div><\/div><\/figcaption><\/figure><\/a><!--end av-masonry entry--><a href=\"https:\/\/dfvcg-events.de\/hotelimmobilien-kongress\/referent\/torsten-vey\/\"  id='av-masonry-1-item-5379' data-av-masonry-item='5379' class='av-masonry-entry isotope-item post-5379 portfolio type-portfolio status-publish has-post-thumbnail hentry portfolio_entries-vortragend-2025  av-masonry-item-with-image' title=\"Vey-Torsten-DSR-Hotel-Holding\"   itemscope=\"itemscope\" itemtype=\"https:\/\/schema.org\/CreativeWork\" ><div class='av-inner-masonry-sizer'><\/div><figure class='av-inner-masonry main_color'><div class=\"av-masonry-outerimage-container\"><div class='av-masonry-image-container' style=\"background-image: url(https:\/\/dfvcg-events.de\/hotelimmobilien-kongress\/wp-content\/uploads\/sites\/6\/2025\/02\/Vey-Torsten-DSR-Hotel-Holding-600x800-1-529x705.jpg);\"  title=\"Vey-Torsten-DSR-Hotel-Holding\" ><\/div><\/div><figcaption class='av-inner-masonry-content site-background'><div class='av-inner-masonry-content-pos'><div class='av-inner-masonry-content-pos-content'><div class='avia-arrow'><\/div><h3 class='av-masonry-entry-title entry-title '  itemprop=\"headline\" >Torsten Vey<\/h3><div class='av-masonry-entry-content entry-content'  itemprop=\"text\" >DSR Hotel Holding<\/div><\/div><\/div><\/figcaption><\/figure><\/a><!--end av-masonry entry--><a href=\"https:\/\/dfvcg-events.de\/hotelimmobilien-kongress\/referent\/dr-josef-vollmayr-2\/\"  id='av-masonry-1-item-5362' data-av-masonry-item='5362' class='av-masonry-entry isotope-item post-5362 portfolio type-portfolio status-publish has-post-thumbnail hentry portfolio_entries-vortragend-2024 portfolio_entries-vortragend-2025 portfolio_entries-vortragend-2025-feature  av-masonry-item-with-image' title=\"Vollmayr-Dr-Josef-limehome\"   itemscope=\"itemscope\" itemtype=\"https:\/\/schema.org\/CreativeWork\" ><div class='av-inner-masonry-sizer'><\/div><figure class='av-inner-masonry main_color'><div class=\"av-masonry-outerimage-container\"><div class='av-masonry-image-container' style=\"background-image: url(https:\/\/dfvcg-events.de\/hotelimmobilien-kongress\/wp-content\/uploads\/sites\/6\/2025\/02\/Vollmayr-Dr-Josef-limehome-600x800-1-529x705.jpg);\"  title=\"Vollmayr-Dr-Josef-limehome\" ><\/div><\/div><figcaption class='av-inner-masonry-content site-background'><div class='av-inner-masonry-content-pos'><div class='av-inner-masonry-content-pos-content'><div class='avia-arrow'><\/div><h3 class='av-masonry-entry-title entry-title '  itemprop=\"headline\" >Dr. Josef Vollmayr<\/h3><div class='av-masonry-entry-content entry-content'  itemprop=\"text\" >limehome<\/div><\/div><\/div><\/figcaption><\/figure><\/a><!--end av-masonry entry--><a href=\"https:\/\/dfvcg-events.de\/hotelimmobilien-kongress\/referent\/dipl-ing-andreas-wenz\/\"  id='av-masonry-1-item-5508' data-av-masonry-item='5508' class='av-masonry-entry isotope-item post-5508 portfolio type-portfolio status-publish has-post-thumbnail hentry portfolio_entries-vortragend-2025  av-masonry-item-with-image' title=\"Andreas-Wenz-Getzner- \u00a9Claudia G\u00f6pperl-web\"   itemscope=\"itemscope\" itemtype=\"https:\/\/schema.org\/CreativeWork\" ><div class='av-inner-masonry-sizer'><\/div><figure class='av-inner-masonry main_color'><div class=\"av-masonry-outerimage-container\"><div class='av-masonry-image-container' style=\"background-image: url(https:\/\/dfvcg-events.de\/hotelimmobilien-kongress\/wp-content\/uploads\/sites\/6\/2025\/03\/Andreas-Wenz-Getzner-\u00a9Claudia-Goepperl-web.jpg);\"  title=\"Andreas-Wenz-Getzner- \u00a9Claudia G\u00f6pperl-web\" ><\/div><\/div><figcaption class='av-inner-masonry-content site-background'><div class='av-inner-masonry-content-pos'><div class='av-inner-masonry-content-pos-content'><div class='avia-arrow'><\/div><h3 class='av-masonry-entry-title entry-title '  itemprop=\"headline\" >Dipl.-Ing. Andreas Wenz<\/h3><div class='av-masonry-entry-content entry-content'  itemprop=\"text\" >Getzner Werkstoffe<\/div><\/div><\/div><\/figcaption><\/figure><\/a><!--end av-masonry entry--><a href=\"https:\/\/dfvcg-events.de\/hotelimmobilien-kongress\/referent\/andreas-westerburg\/\"  id='av-masonry-1-item-5524' data-av-masonry-item='5524' class='av-masonry-entry isotope-item post-5524 portfolio type-portfolio status-publish has-post-thumbnail hentry portfolio_entries-vortragend-2025  av-masonry-item-with-image' title=\"Westerburg-Andreas-BWH Hotels Central Europe-web\"   itemscope=\"itemscope\" itemtype=\"https:\/\/schema.org\/CreativeWork\" ><div class='av-inner-masonry-sizer'><\/div><figure class='av-inner-masonry main_color'><div class=\"av-masonry-outerimage-container\"><div class='av-masonry-image-container' style=\"background-image: url(https:\/\/dfvcg-events.de\/hotelimmobilien-kongress\/wp-content\/uploads\/sites\/6\/2025\/03\/Westerburg-Andreas-BWH-Hotels-Central-Europe-web-529x705.jpg);\"  title=\"Westerburg-Andreas-BWH Hotels Central Europe-web\" ><\/div><\/div><figcaption class='av-inner-masonry-content site-background'><div class='av-inner-masonry-content-pos'><div class='av-inner-masonry-content-pos-content'><div class='avia-arrow'><\/div><h3 class='av-masonry-entry-title entry-title '  itemprop=\"headline\" >Andreas Westerburg<\/h3><div class='av-masonry-entry-content entry-content'  itemprop=\"text\" >BWH Hotels Central Europe<\/div><\/div><\/div><\/figcaption><\/figure><\/a><!--end av-masonry entry--><a href=\"https:\/\/dfvcg-events.de\/hotelimmobilien-kongress\/referent\/matthias-wiehlpuetz\/\"  id='av-masonry-1-item-5863' data-av-masonry-item='5863' class='av-masonry-entry isotope-item post-5863 portfolio type-portfolio status-publish has-post-thumbnail hentry portfolio_entries-vortragend-2025  av-masonry-item-with-image' title=\"Matthias-Wiehlpu\u0308tz-timpla_web\"   itemscope=\"itemscope\" itemtype=\"https:\/\/schema.org\/CreativeWork\" ><div class='av-inner-masonry-sizer'><\/div><figure class='av-inner-masonry main_color'><div class=\"av-masonry-outerimage-container\"><div class='av-masonry-image-container' style=\"background-image: url(https:\/\/dfvcg-events.de\/hotelimmobilien-kongress\/wp-content\/uploads\/sites\/6\/2025\/06\/Matthias-Wiehlpuetz-timpla_web-529x705.jpg);\"  title=\"Matthias-Wiehlpu\u0308tz-timpla_web\" ><\/div><\/div><figcaption class='av-inner-masonry-content site-background'><div class='av-inner-masonry-content-pos'><div class='av-inner-masonry-content-pos-content'><div class='avia-arrow'><\/div><h3 class='av-masonry-entry-title entry-title '  itemprop=\"headline\" >Matthias Wiehlp\u00fctz<\/h3><div class='av-masonry-entry-content entry-content'  itemprop=\"text\" >timpla<\/div><\/div><\/div><\/figcaption><\/figure><\/a><!--end av-masonry entry--><a href=\"https:\/\/dfvcg-events.de\/hotelimmobilien-kongress\/referent\/thiemo-willms\/\"  id='av-masonry-1-item-5370' data-av-masonry-item='5370' class='av-masonry-entry isotope-item post-5370 portfolio type-portfolio status-publish has-post-thumbnail hentry portfolio_entries-vortragend-2025  av-masonry-item-with-image' title=\"Thiemo-Willms-Accor\"   itemscope=\"itemscope\" itemtype=\"https:\/\/schema.org\/CreativeWork\" ><div class='av-inner-masonry-sizer'><\/div><figure class='av-inner-masonry main_color'><div class=\"av-masonry-outerimage-container\"><div class='av-masonry-image-container' style=\"background-image: url(https:\/\/dfvcg-events.de\/hotelimmobilien-kongress\/wp-content\/uploads\/sites\/6\/2025\/02\/Thiemo-Willms-Accor_600x800-529x705.jpg);\"  title=\"Thiemo-Willms-Accor\" ><\/div><\/div><figcaption class='av-inner-masonry-content site-background'><div class='av-inner-masonry-content-pos'><div class='av-inner-masonry-content-pos-content'><div class='avia-arrow'><\/div><h3 class='av-masonry-entry-title entry-title '  itemprop=\"headline\" >Thiemo Willms<\/h3><div class='av-masonry-entry-content entry-content'  itemprop=\"text\" >Accor Hotels<\/div><\/div><\/div><\/figcaption><\/figure><\/a><!--end av-masonry entry--><a href=\"https:\/\/dfvcg-events.de\/hotelimmobilien-kongress\/referent\/stefanie-zimmermanns-2\/\"  id='av-masonry-1-item-4817' data-av-masonry-item='4817' class='av-masonry-entry isotope-item post-4817 portfolio type-portfolio status-publish has-post-thumbnail hentry portfolio_entries-vortragend-2024 portfolio_entries-vortragend-2025  av-masonry-item-with-image' title=\"Zimmermanns-Stefanie-Hotel-Affairs-Consulting-web\"   itemscope=\"itemscope\" itemtype=\"https:\/\/schema.org\/CreativeWork\" ><div class='av-inner-masonry-sizer'><\/div><figure class='av-inner-masonry main_color'><div class=\"av-masonry-outerimage-container\"><div class='av-masonry-image-container' style=\"background-image: url(https:\/\/dfvcg-events.de\/hotelimmobilien-kongress\/wp-content\/uploads\/sites\/6\/2024\/03\/Zimmermanns-Stefanie-Hotel-Affairs-Consulting-web-529x705.jpg);\"  title=\"Zimmermanns-Stefanie-Hotel-Affairs-Consulting-web\" ><\/div><\/div><figcaption class='av-inner-masonry-content site-background'><div class='av-inner-masonry-content-pos'><div class='av-inner-masonry-content-pos-content'><div class='avia-arrow'><\/div><h3 class='av-masonry-entry-title entry-title '  itemprop=\"headline\" >Stefanie Zimmermanns<\/h3><div class='av-masonry-entry-content entry-content'  itemprop=\"text\" >Hotel Affairs<\/div><\/div><\/div><\/figcaption><\/figure><\/a><!--end av-masonry entry--><\/div><\/div>\n<\/p>\n","protected":false},"excerpt":{"rendered":"","protected":false},"author":4,"featured_media":0,"parent":0,"menu_order":0,"comment_status":"closed","ping_status":"closed","template":"","meta":{"footnotes":""},"class_list":["post-4432","page","type-page","status-publish","hentry"],"yoast_head":"<!-- This site is optimized with the Yoast SEO plugin v27.4 - https:\/\/yoast.com\/product\/yoast-seo-wordpress\/ -->\n<title>Vortragende | Hotelimmobilien Kongress | 30.6.\/1.7.2025 | Leipzig<\/title>\n<meta name=\"description\" content=\"Zum Hotelimmobilien Kongress begr\u00fc\u00dfen wir Top-Vortragende aus der Branche. Freuen Sie sich auf spannende Vortr\u00e4ge zu wichtigen Themen und Innovationen.\" \/>\n<meta name=\"robots\" content=\"index, follow, max-snippet:-1, max-image-preview:large, max-video-preview:-1\" \/>\n<link rel=\"canonical\" href=\"https:\/\/dfvcg-events.de\/hotelimmobilien-kongress\/vortragende\/\" \/>\n<meta property=\"og:locale\" content=\"de_DE\" \/>\n<meta property=\"og:type\" content=\"article\" \/>\n<meta property=\"og:title\" content=\"Vortragende | Hotelimmobilien Kongress | 30.6.\/1.7.2025 | Leipzig\" \/>\n<meta property=\"og:description\" content=\"Zum Hotelimmobilien Kongress begr\u00fc\u00dfen wir Top-Vortragende aus der Branche. Freuen Sie sich auf spannende Vortr\u00e4ge zu wichtigen Themen und Innovationen.\" \/>\n<meta property=\"og:url\" content=\"https:\/\/dfvcg-events.de\/hotelimmobilien-kongress\/vortragende\/\" \/>\n<meta property=\"og:site_name\" content=\"Deutscher Hotelimmobilien-Kongress\" \/>\n<meta property=\"article:modified_time\" content=\"2025-07-24T09:08:46+00:00\" \/>\n<meta name=\"twitter:card\" content=\"summary_large_image\" \/>\n<meta name=\"twitter:label1\" content=\"Gesch\u00e4tzte Lesezeit\" \/>\n\t<meta name=\"twitter:data1\" content=\"1\u00a0Minute\" \/>\n<script type=\"application\/ld+json\" class=\"yoast-schema-graph\">{\"@context\":\"https:\\\/\\\/schema.org\",\"@graph\":[{\"@type\":\"WebPage\",\"@id\":\"https:\\\/\\\/dfvcg-events.de\\\/hotelimmobilien-kongress\\\/vortragende\\\/\",\"url\":\"https:\\\/\\\/dfvcg-events.de\\\/hotelimmobilien-kongress\\\/vortragende\\\/\",\"name\":\"Vortragende | Hotelimmobilien Kongress | 30.6.\\\/1.7.2025 | Leipzig\",\"isPartOf\":{\"@id\":\"https:\\\/\\\/dfvcg-events.de\\\/hotelimmobilien-kongress\\\/#website\"},\"datePublished\":\"2023-12-07T07:43:14+00:00\",\"dateModified\":\"2025-07-24T09:08:46+00:00\",\"description\":\"Zum Hotelimmobilien Kongress begr\u00fc\u00dfen wir Top-Vortragende aus der Branche. Freuen Sie sich auf spannende Vortr\u00e4ge zu wichtigen Themen und Innovationen.\",\"breadcrumb\":{\"@id\":\"https:\\\/\\\/dfvcg-events.de\\\/hotelimmobilien-kongress\\\/vortragende\\\/#breadcrumb\"},\"inLanguage\":\"de\",\"potentialAction\":[{\"@type\":\"ReadAction\",\"target\":[\"https:\\\/\\\/dfvcg-events.de\\\/hotelimmobilien-kongress\\\/vortragende\\\/\"]}]},{\"@type\":\"BreadcrumbList\",\"@id\":\"https:\\\/\\\/dfvcg-events.de\\\/hotelimmobilien-kongress\\\/vortragende\\\/#breadcrumb\",\"itemListElement\":[{\"@type\":\"ListItem\",\"position\":1,\"name\":\"Startseite\",\"item\":\"https:\\\/\\\/dfvcg-events.de\\\/hotelimmobilien-kongress\\\/\"},{\"@type\":\"ListItem\",\"position\":2,\"name\":\"Vortragende 2025\"}]},{\"@type\":\"WebSite\",\"@id\":\"https:\\\/\\\/dfvcg-events.de\\\/hotelimmobilien-kongress\\\/#website\",\"url\":\"https:\\\/\\\/dfvcg-events.de\\\/hotelimmobilien-kongress\\\/\",\"name\":\"Deutscher Hotelimmobilien-Kongress\",\"description\":\"dfv Conference Group\",\"publisher\":{\"@id\":\"https:\\\/\\\/dfvcg-events.de\\\/hotelimmobilien-kongress\\\/#organization\"},\"potentialAction\":[{\"@type\":\"SearchAction\",\"target\":{\"@type\":\"EntryPoint\",\"urlTemplate\":\"https:\\\/\\\/dfvcg-events.de\\\/hotelimmobilien-kongress\\\/?s={search_term_string}\"},\"query-input\":{\"@type\":\"PropertyValueSpecification\",\"valueRequired\":true,\"valueName\":\"search_term_string\"}}],\"inLanguage\":\"de\"},{\"@type\":\"Organization\",\"@id\":\"https:\\\/\\\/dfvcg-events.de\\\/hotelimmobilien-kongress\\\/#organization\",\"name\":\"Deutscher Hotelimmobilien-Kongress\",\"url\":\"https:\\\/\\\/dfvcg-events.de\\\/hotelimmobilien-kongress\\\/\",\"logo\":{\"@type\":\"ImageObject\",\"inLanguage\":\"de\",\"@id\":\"https:\\\/\\\/dfvcg-events.de\\\/hotelimmobilien-kongress\\\/#\\\/schema\\\/logo\\\/image\\\/\",\"url\":\"https:\\\/\\\/dfvcg-events.de\\\/hotelimmobilien-kongress\\\/wp-content\\\/uploads\\\/sites\\\/6\\\/2022\\\/12\\\/hotelimmobilien-kongress-2023-Teaser-800x800-1.jpg\",\"contentUrl\":\"https:\\\/\\\/dfvcg-events.de\\\/hotelimmobilien-kongress\\\/wp-content\\\/uploads\\\/sites\\\/6\\\/2022\\\/12\\\/hotelimmobilien-kongress-2023-Teaser-800x800-1.jpg\",\"width\":800,\"height\":800,\"caption\":\"Deutscher Hotelimmobilien-Kongress\"},\"image\":{\"@id\":\"https:\\\/\\\/dfvcg-events.de\\\/hotelimmobilien-kongress\\\/#\\\/schema\\\/logo\\\/image\\\/\"}}]}<\/script>\n<!-- \/ Yoast SEO plugin. -->","yoast_head_json":{"title":"Vortragende | Hotelimmobilien Kongress | 30.6.\/1.7.2025 | Leipzig","description":"Zum Hotelimmobilien Kongress begr\u00fc\u00dfen wir Top-Vortragende aus der Branche. Freuen Sie sich auf spannende Vortr\u00e4ge zu wichtigen Themen und Innovationen.","robots":{"index":"index","follow":"follow","max-snippet":"max-snippet:-1","max-image-preview":"max-image-preview:large","max-video-preview":"max-video-preview:-1"},"canonical":"https:\/\/dfvcg-events.de\/hotelimmobilien-kongress\/vortragende\/","og_locale":"de_DE","og_type":"article","og_title":"Vortragende | Hotelimmobilien Kongress | 30.6.\/1.7.2025 | Leipzig","og_description":"Zum Hotelimmobilien Kongress begr\u00fc\u00dfen wir Top-Vortragende aus der Branche. Freuen Sie sich auf spannende Vortr\u00e4ge zu wichtigen Themen und Innovationen.","og_url":"https:\/\/dfvcg-events.de\/hotelimmobilien-kongress\/vortragende\/","og_site_name":"Deutscher Hotelimmobilien-Kongress","article_modified_time":"2025-07-24T09:08:46+00:00","twitter_card":"summary_large_image","twitter_misc":{"Gesch\u00e4tzte Lesezeit":"1\u00a0Minute"},"schema":{"@context":"https:\/\/schema.org","@graph":[{"@type":"WebPage","@id":"https:\/\/dfvcg-events.de\/hotelimmobilien-kongress\/vortragende\/","url":"https:\/\/dfvcg-events.de\/hotelimmobilien-kongress\/vortragende\/","name":"Vortragende | Hotelimmobilien Kongress | 30.6.\/1.7.2025 | Leipzig","isPartOf":{"@id":"https:\/\/dfvcg-events.de\/hotelimmobilien-kongress\/#website"},"datePublished":"2023-12-07T07:43:14+00:00","dateModified":"2025-07-24T09:08:46+00:00","description":"Zum Hotelimmobilien Kongress begr\u00fc\u00dfen wir Top-Vortragende aus der Branche. Freuen Sie sich auf spannende Vortr\u00e4ge zu wichtigen Themen und Innovationen.","breadcrumb":{"@id":"https:\/\/dfvcg-events.de\/hotelimmobilien-kongress\/vortragende\/#breadcrumb"},"inLanguage":"de","potentialAction":[{"@type":"ReadAction","target":["https:\/\/dfvcg-events.de\/hotelimmobilien-kongress\/vortragende\/"]}]},{"@type":"BreadcrumbList","@id":"https:\/\/dfvcg-events.de\/hotelimmobilien-kongress\/vortragende\/#breadcrumb","itemListElement":[{"@type":"ListItem","position":1,"name":"Startseite","item":"https:\/\/dfvcg-events.de\/hotelimmobilien-kongress\/"},{"@type":"ListItem","position":2,"name":"Vortragende 2025"}]},{"@type":"WebSite","@id":"https:\/\/dfvcg-events.de\/hotelimmobilien-kongress\/#website","url":"https:\/\/dfvcg-events.de\/hotelimmobilien-kongress\/","name":"Deutscher Hotelimmobilien-Kongress","description":"dfv Conference Group","publisher":{"@id":"https:\/\/dfvcg-events.de\/hotelimmobilien-kongress\/#organization"},"potentialAction":[{"@type":"SearchAction","target":{"@type":"EntryPoint","urlTemplate":"https:\/\/dfvcg-events.de\/hotelimmobilien-kongress\/?s={search_term_string}"},"query-input":{"@type":"PropertyValueSpecification","valueRequired":true,"valueName":"search_term_string"}}],"inLanguage":"de"},{"@type":"Organization","@id":"https:\/\/dfvcg-events.de\/hotelimmobilien-kongress\/#organization","name":"Deutscher Hotelimmobilien-Kongress","url":"https:\/\/dfvcg-events.de\/hotelimmobilien-kongress\/","logo":{"@type":"ImageObject","inLanguage":"de","@id":"https:\/\/dfvcg-events.de\/hotelimmobilien-kongress\/#\/schema\/logo\/image\/","url":"https:\/\/dfvcg-events.de\/hotelimmobilien-kongress\/wp-content\/uploads\/sites\/6\/2022\/12\/hotelimmobilien-kongress-2023-Teaser-800x800-1.jpg","contentUrl":"https:\/\/dfvcg-events.de\/hotelimmobilien-kongress\/wp-content\/uploads\/sites\/6\/2022\/12\/hotelimmobilien-kongress-2023-Teaser-800x800-1.jpg","width":800,"height":800,"caption":"Deutscher Hotelimmobilien-Kongress"},"image":{"@id":"https:\/\/dfvcg-events.de\/hotelimmobilien-kongress\/#\/schema\/logo\/image\/"}}]}},"_links":{"self":[{"href":"https:\/\/dfvcg-events.de\/hotelimmobilien-kongress\/wp-json\/wp\/v2\/pages\/4432","targetHints":{"allow":["GET"]}}],"collection":[{"href":"https:\/\/dfvcg-events.de\/hotelimmobilien-kongress\/wp-json\/wp\/v2\/pages"}],"about":[{"href":"https:\/\/dfvcg-events.de\/hotelimmobilien-kongress\/wp-json\/wp\/v2\/types\/page"}],"author":[{"embeddable":true,"href":"https:\/\/dfvcg-events.de\/hotelimmobilien-kongress\/wp-json\/wp\/v2\/users\/4"}],"replies":[{"embeddable":true,"href":"https:\/\/dfvcg-events.de\/hotelimmobilien-kongress\/wp-json\/wp\/v2\/comments?post=4432"}],"version-history":[{"count":6,"href":"https:\/\/dfvcg-events.de\/hotelimmobilien-kongress\/wp-json\/wp\/v2\/pages\/4432\/revisions"}],"predecessor-version":[{"id":6025,"href":"https:\/\/dfvcg-events.de\/hotelimmobilien-kongress\/wp-json\/wp\/v2\/pages\/4432\/revisions\/6025"}],"wp:attachment":[{"href":"https:\/\/dfvcg-events.de\/hotelimmobilien-kongress\/wp-json\/wp\/v2\/media?parent=4432"}],"curies":[{"name":"wp","href":"https:\/\/api.w.org\/{rel}","templated":true}]}}