{"id":4420,"date":"2023-12-07T08:45:41","date_gmt":"2023-12-07T07:45:41","guid":{"rendered":"https:\/\/dfvcg-events.de\/hotelimmobilien-kongress\/?page_id=4420"},"modified":"2025-07-24T11:07:17","modified_gmt":"2025-07-24T09:07:17","slug":"hotelimmobilien-kongress-2024-2","status":"publish","type":"page","link":"https:\/\/dfvcg-events.de\/hotelimmobilien-kongress\/","title":{"rendered":"Hotelimmobilien-Kongress 2025"},"content":{"rendered":"\n<style type=\"text\/css\" data-created_by=\"avia_inline_auto\" id=\"style-css-av-k7yuhjt1-74fc0e333488bcba0d82e58bb08857f8\">\n.avia-section.av-k7yuhjt1-74fc0e333488bcba0d82e58bb08857f8{\nbackground-repeat:no-repeat;\nbackground-image:url(https:\/\/dfvcg-events.de\/hotelimmobilien-kongress\/wp-content\/uploads\/sites\/6\/2024\/12\/241202-dfvcg-HIK-Visual25-1920x1080px-BG-RZ.jpg);\nbackground-position:50% 50%;\nbackground-attachment:scroll;\n}\n.avia-section.av-k7yuhjt1-74fc0e333488bcba0d82e58bb08857f8 .av-section-color-overlay{\nopacity:0.7;\nbackground-color:#172e40;\n}\n<\/style>\n<div id='av_section_1'  class='avia-section av-k7yuhjt1-74fc0e333488bcba0d82e58bb08857f8 main_color avia-section-default avia-no-border-styling  avia-builder-el-0  el_before_av_section  avia-builder-el-first  header-farbe avia-full-stretch avia-bg-style-scroll av-section-color-overlay-active av-minimum-height av-minimum-height-100 av-height-100  container_wrap fullsize'  data-section-bg-repeat='stretch' data-av_minimum_height_pc='100' data-av_min_height_opt='100'><div class=\"av-section-color-overlay-wrap\"><div class=\"av-section-color-overlay\"><\/div><a href='#next-section' title='' class='scroll-down-link  avia-svg-icon avia-font-svg_entypo-fontello' data-av_svg_icon='down-open-mini' data-av_iconset='svg_entypo-fontello'><svg version=\"1.1\" xmlns=\"http:\/\/www.w3.org\/2000\/svg\" width=\"15\" height=\"32\" viewBox=\"0 0 15 32\" preserveAspectRatio=\"xMidYMid meet\" aria-labelledby='av-svg-title-1' aria-describedby='av-svg-desc-1' role=\"graphics-symbol\" aria-hidden=\"true\">\n<title id='av-svg-title-1'>Scroll to next section<\/title>\n<desc id='av-svg-desc-1'>Scroll to next section<\/desc>\n<path d=\"M12.96 12.16q0.704-0.832 1.536 0 0.832 0.704 0 1.536l-6.272 6.144q-0.704 0.704-1.536 0l-6.272-6.144q-0.832-0.832 0-1.536 0.768-0.768 1.6 0l5.44 4.992z\"><\/path>\n<\/svg><\/a><div class='container av-section-cont-open' ><main  role=\"main\" itemprop=\"mainContentOfPage\"  class='template-page content  av-content-full alpha units'><div class='post-entry post-entry-type-page post-entry-4420'><div class='entry-content-wrapper clearfix'>\n<div class='flex_column_table av-k7xsgdvc-99439a0a9a6290c3e1db4e4cb87dcccc sc-av_two_fifth av-break-at-tablet-flextable av-equal-height-column-flextable'>\n<style type=\"text\/css\" data-created_by=\"avia_inline_auto\" id=\"style-css-av-k7xsgdvc-99439a0a9a6290c3e1db4e4cb87dcccc\">\n.flex_column.av-k7xsgdvc-99439a0a9a6290c3e1db4e4cb87dcccc{\nborder-radius:0px 0px 0px 0px;\npadding:0px 0px 0px 0px;\n}\n<\/style>\n<div  class='flex_column av-k7xsgdvc-99439a0a9a6290c3e1db4e4cb87dcccc av_two_fifth  avia-builder-el-1  el_before_av_three_fifth  avia-builder-el-first  first av-break-at-tablet flex_column_table_cell av-equal-height-column av-align-middle av-zero-column-padding  '     ><style type=\"text\/css\" data-created_by=\"avia_inline_auto\" id=\"style-css-av-kwgp0g5o-0eed8b5a83e82345e297e9387ea63a93\">\n.avia-image-container.av-kwgp0g5o-0eed8b5a83e82345e297e9387ea63a93 img.avia_image{\nbox-shadow:none;\n}\n.avia-image-container.av-kwgp0g5o-0eed8b5a83e82345e297e9387ea63a93 .av-image-caption-overlay-center{\ncolor:#ffffff;\n}\n<\/style>\n<div  class='avia-image-container av-kwgp0g5o-0eed8b5a83e82345e297e9387ea63a93 av-styling- avia-align-center  avia-builder-el-2  avia-builder-el-no-sibling '   itemprop=\"image\" itemscope=\"itemscope\" itemtype=\"https:\/\/schema.org\/ImageObject\" ><div class=\"avia-image-container-inner\"><div class=\"avia-image-overlay-wrap\"><img decoding=\"async\" fetchpriority=\"high\" class='wp-image-3692 avia-img-lazy-loading-not-3692 avia_image ' src=\"https:\/\/dfvcg-events.de\/hotelimmobilien-kongress\/wp-content\/uploads\/sites\/6\/2022\/12\/hotelimmobilien-kongress-2023-Logo-Start.png\" alt='' title='hotelimmobilien-kongress-2023-Logo-Start'  height=\"1368\" width=\"805\"  itemprop=\"thumbnailUrl\"  \/><\/div><\/div><\/div><\/div><div class='av-flex-placeholder'><\/div>\n<style type=\"text\/css\" data-created_by=\"avia_inline_auto\" id=\"style-css-av-13cu0-dd4d7ea449f8f02d36028f3661316b27\">\n.flex_column.av-13cu0-dd4d7ea449f8f02d36028f3661316b27{\nborder-radius:0px 0px 0px 0px;\npadding:0px 0px 0px 0px;\n}\n<\/style>\n<div  class='flex_column av-13cu0-dd4d7ea449f8f02d36028f3661316b27 av_three_fifth  avia-builder-el-3  el_after_av_two_fifth  el_before_av_hr  av-break-at-tablet flex_column_table_cell av-equal-height-column av-align-middle av-zero-column-padding  '     ><p>\n<style type=\"text\/css\" data-created_by=\"avia_inline_auto\" id=\"style-css-av-1jrdu-7a3544d554dfc25fc738869a3e4dde82\">\n#top .av-special-heading.av-1jrdu-7a3544d554dfc25fc738869a3e4dde82{\npadding-bottom:10px;\ncolor:#ffffff;\n}\nbody .av-special-heading.av-1jrdu-7a3544d554dfc25fc738869a3e4dde82 .av-special-heading-tag .heading-char{\nfont-size:25px;\n}\n.av-special-heading.av-1jrdu-7a3544d554dfc25fc738869a3e4dde82 .special-heading-inner-border{\nborder-color:#ffffff;\n}\n.av-special-heading.av-1jrdu-7a3544d554dfc25fc738869a3e4dde82 .av-subheading{\nfont-size:21px;\n}\n<\/style>\n<div  class='av-special-heading av-1jrdu-7a3544d554dfc25fc738869a3e4dde82 av-special-heading-h1 custom-color-heading blockquote modern-quote  avia-builder-el-4  el_before_av_textblock  avia-builder-el-first  av-linked-heading'><h1 class='av-special-heading-tag '  itemprop=\"headline\"  >Hotelimmobilien-Kongress<\/h1><div class='av_custom_color av-subheading av-subheading_below'><p>30. Juni \/ 1. Juli 2025 | Hyperion | Leipzig<\/p>\n<\/div><div class=\"special-heading-border\"><div class=\"special-heading-inner-border\"><\/div><\/div><\/div><br \/>\n\n<style type=\"text\/css\" data-created_by=\"avia_inline_auto\" id=\"style-css-av-3iuncy-59f3f3415c21e6c0b9428f389dc79dce\">\n#top .av_textblock_section.av-3iuncy-59f3f3415c21e6c0b9428f389dc79dce .avia_textblock{\nfont-size:21px;\ncolor:#ffffff;\n}\n<\/style>\n<section  class='av_textblock_section av-3iuncy-59f3f3415c21e6c0b9428f389dc79dce '   itemscope=\"itemscope\" itemtype=\"https:\/\/schema.org\/CreativeWork\" ><div class='avia_textblock av_inherit_color'  itemprop=\"text\" ><p>Beim Hotelimmobilien-Kongress treffen sich die Entscheider:innen aus Hotellerie und Hotelimmobilien-Wirtschaft zu dem j\u00e4hrlichen Branchenevent. Es erwartet Sie ein zweit\u00e4giger Kongress mit spannenden Insights, Best Cases und Zeit f\u00fcr den pers\u00f6nlichen Austausch.<\/p>\n<\/div><\/section><br \/>\n\n<style type=\"text\/css\" data-created_by=\"avia_inline_auto\" id=\"style-css-av-1yxf84-df4fb59ef94c78c27e0aa67b4ac46551\">\n#top .hr.hr-invisible.av-1yxf84-df4fb59ef94c78c27e0aa67b4ac46551{\nheight:35px;\n}\n<\/style>\n<div  class='hr av-1yxf84-df4fb59ef94c78c27e0aa67b4ac46551 hr-invisible  avia-builder-el-6  el_after_av_textblock  el_before_av_buttonrow  av-medium-hide av-small-hide av-mini-hide'><span class='hr-inner '><span class=\"hr-inner-style\"><\/span><\/span><\/div><br \/>\n<div  class='avia-buttonrow-wrap av-kb7paubn-29a35d225aa778af2b4fbc8cce666d50 avia-buttonrow-left  avia-builder-el-7  el_after_av_hr  avia-builder-el-last  av-desktop-hide av-medium-hide av-small-hide av-mini-hide'>\n\n<style type=\"text\/css\" data-created_by=\"avia_inline_auto\" id=\"style-css-av-1kx34-48262d67d39081b081e0599e711905d6\">\n#top #wrap_all .avia-button.av-1kx34-48262d67d39081b081e0599e711905d6{\nmargin-bottom:5px;\nmargin-right:5px;\n}\n<\/style>\n<a href='https:\/\/dfvcg-events.de\/hotelimmobilien-kongress\/jetzt-anmelden\/'  class='avia-button av-1kx34-48262d67d39081b081e0599e711905d6 avia-icon_select-yes-left-icon avia-size-x-large avia-color-theme-color'   aria-label=\"Jetzt anmelden!\"><span class='avia_button_icon avia_button_icon_left avia-iconfont avia-font-entypo-fontello' data-av_icon='\ue8cb' data-av_iconfont='entypo-fontello' ><\/span><span class='avia_iconbox_title' >Jetzt anmelden!<\/span><\/a>\n<\/div><\/p><\/div><\/div><!--close column table wrapper. Autoclose: 1 -->\n<style type=\"text\/css\" data-created_by=\"avia_inline_auto\" id=\"style-css-av-ls4if91m-bcb8d57dbffea38a8c4b67fc47cdb805\">\n#top .hr.hr-invisible.av-ls4if91m-bcb8d57dbffea38a8c4b67fc47cdb805{\nheight:35px;\n}\n<\/style>\n<div  class='hr av-ls4if91m-bcb8d57dbffea38a8c4b67fc47cdb805 hr-invisible  avia-builder-el-8  el_after_av_three_fifth  el_before_av_countdown '><span class='hr-inner '><span class=\"hr-inner-style\"><\/span><\/span><\/div>\n<div  class='av-countdown-timer av-3a9n0k-55e8109f9c28047014a48ed51da9fe26 av-align-center av-trans-light-style av-classic-numbers  avia-builder-el-9  el_after_av_hr  avia-builder-el-last  av-desktop-hide av-medium-hide av-small-hide av-mini-hide'  data-year=' 2025' data-month='5' data-day=' 30 ' data-hour='8' data-minute='0' data-timezone='120' data-interval='1000' data-maximum='5' ><span class='av-countdown-timer-inner'><span class='av-countdown-cell av-countdown-weeks'><span class='av-countdown-cell-inner'><span class='av-countdown-time' data-upate-width='weeks'>0<\/span><span class='av-countdown-time-label' data-label='Woche' data-label-multi='Wochen'>Wochen<\/span><\/span><\/span><span class='av-countdown-cell av-countdown-days'><span class='av-countdown-cell-inner'><span class='av-countdown-time' data-upate-width='days'>0<\/span><span class='av-countdown-time-label' data-label='Tag' data-label-multi='Tage'>Tage<\/span><\/span><\/span><span class='av-countdown-cell av-countdown-hours'><span class='av-countdown-cell-inner'><span class='av-countdown-time' data-upate-width='hours'>0<\/span><span class='av-countdown-time-label' data-label='Stunde' data-label-multi='Stunden'>Stunden<\/span><\/span><\/span><span class='av-countdown-cell av-countdown-minutes'><span class='av-countdown-cell-inner'><span class='av-countdown-time' data-upate-width='minutes'>0<\/span><span class='av-countdown-time-label' data-label='Minute' data-label-multi='Minuten'>Minuten<\/span><\/span><\/span><span class='av-countdown-cell av-countdown-seconds'><span class='av-countdown-cell-inner'><span class='av-countdown-time' data-upate-width='seconds'>0<\/span><span class='av-countdown-time-label' data-label='Sekunde' data-label-multi='Sekunden'>Sekunden<\/span><\/span><\/span><\/span><\/div>\n\n<\/div><\/div><\/main><!-- close content main element --><\/div><\/div><\/div><div id='av_section_2'  class='avia-section av-lfqmgkxm-4a976e798385354eba89667a1caa9a58 main_color avia-section-default avia-no-shadow  avia-builder-el-10  el_after_av_section  el_before_av_section  avia-bg-style-scroll container_wrap fullsize'  ><div class='container av-section-cont-open' ><div class='template-page content  av-content-full alpha units'><div class='post-entry post-entry-type-page post-entry-4420'><div class='entry-content-wrapper clearfix'>\n\n<style type=\"text\/css\" data-created_by=\"avia_inline_auto\" id=\"style-css-av-lrfgnlal-b7328b86b97bdbc918cb72b4f3d6ea36\">\n#top .av-special-heading.av-lrfgnlal-b7328b86b97bdbc918cb72b4f3d6ea36{\npadding-bottom:10px;\n}\nbody .av-special-heading.av-lrfgnlal-b7328b86b97bdbc918cb72b4f3d6ea36 .av-special-heading-tag .heading-char{\nfont-size:25px;\n}\n.av-special-heading.av-lrfgnlal-b7328b86b97bdbc918cb72b4f3d6ea36 .av-subheading{\nfont-size:15px;\n}\n<\/style>\n<div  class='av-special-heading av-lrfgnlal-b7328b86b97bdbc918cb72b4f3d6ea36 av-special-heading-h1 blockquote modern-quote  avia-builder-el-11  el_before_av_textblock  avia-builder-el-first '><div class='av-subheading av-subheading_above'><p>Hotelimmobilien-Kongress<\/p>\n<\/div><h1 class='av-special-heading-tag '  itemprop=\"headline\"  >Der Jahreskongress f\u00fcr die Hotellerie und Immobilien-Wirtschaft<\/h1><div class=\"special-heading-border\"><div class=\"special-heading-inner-border\"><\/div><\/div><\/div>\n<section  class='av_textblock_section av-lrfgpzfm-4dcbe3336c641a7860c03858ca77b647 '   itemscope=\"itemscope\" itemtype=\"https:\/\/schema.org\/CreativeWork\" ><div class='avia_textblock'  itemprop=\"text\" ><p>Am <strong>30. Juni \/ 1. Juli 2025<\/strong> fand der <strong>Hotelimmobilien-Kongress<\/strong> bereits zum 17. Mal statt. Der Kongress ist das Jahresevent f\u00fcr die Branche und empf\u00e4ngt jedes Jahr die Top-Entscheider und Entscheiderinnen aus dem Bereich Hotellerie, Immobilienwirtschaft, Investment, Wissenschaft und Industrie.<\/p>\n<p>Hotelimmobilien haben sich langsam mit den multiplen Krisen arrangiert und bleiben weiterhin eine attraktive Investitionsm\u00f6glichkeit. Allerdings sto\u00dfen Neubauprojekte aufgrund der hohen Zinsen und Baukosten auf epochale Herausforderungen, sodass der Development-Markt beinahe zum Erliegen gekommen ist. Daher gewinnen Umnutzungen und Sanierungen von in die Jahre gekommenen Geb\u00e4uden immer mehr an Fahrt.<\/p>\n<\/div><\/section>\n<\/div><\/div><\/div><!-- close content main div --><\/div><\/div>\n<style type=\"text\/css\" data-created_by=\"avia_inline_auto\" id=\"style-css-av-m694n9ag-9a2c14e1324a8f1734168ee827cb53c0\">\n.avia-section.av-m694n9ag-9a2c14e1324a8f1734168ee827cb53c0{\nbackground-color:#1e3b53;\nbackground:linear-gradient( to bottom right, #1e3b53, #d53d0c );\n}\n.avia-section.av-m694n9ag-9a2c14e1324a8f1734168ee827cb53c0 .av-section-color-overlay{\nopacity:0.1;\nbackground-color:#ffffff;\n}\n<\/style>\n<div id='av_section_3'  class='avia-section av-m694n9ag-9a2c14e1324a8f1734168ee827cb53c0 main_color avia-section-default avia-no-border-styling  avia-builder-el-13  el_after_av_section  el_before_av_section  avia-bg-style-scroll av-section-color-overlay-active container_wrap fullsize'  ><div class=\"av-section-color-overlay-wrap\"><div class=\"av-section-color-overlay\"><\/div><div class='container av-section-cont-open' ><div class='template-page content  av-content-full alpha units'><div class='post-entry post-entry-type-page post-entry-4420'><div class='entry-content-wrapper clearfix'>\n\n<style type=\"text\/css\" data-created_by=\"avia_inline_auto\" id=\"style-css-av-m694sfd4-7f02b74dc16611909ba1c39dfff46b2f\">\n#top .av-special-heading.av-m694sfd4-7f02b74dc16611909ba1c39dfff46b2f{\npadding-bottom:10px;\ncolor:#ffffff;\n}\nbody .av-special-heading.av-m694sfd4-7f02b74dc16611909ba1c39dfff46b2f .av-special-heading-tag .heading-char{\nfont-size:25px;\n}\n.av-special-heading.av-m694sfd4-7f02b74dc16611909ba1c39dfff46b2f .special-heading-inner-border{\nborder-color:#ffffff;\n}\n.av-special-heading.av-m694sfd4-7f02b74dc16611909ba1c39dfff46b2f .av-subheading{\nfont-size:15px;\n}\n<\/style>\n<div  class='av-special-heading av-m694sfd4-7f02b74dc16611909ba1c39dfff46b2f av-special-heading-h1 custom-color-heading blockquote modern-quote  avia-builder-el-14  el_before_av_textblock  avia-builder-el-first '><h1 class='av-special-heading-tag '  itemprop=\"headline\"  >Das waren die Themen 2025<\/h1><div class=\"special-heading-border\"><div class=\"special-heading-inner-border\"><\/div><\/div><\/div>\n\n<style type=\"text\/css\" data-created_by=\"avia_inline_auto\" id=\"style-css-av-6tswic-e3aa878844d51c00c87414e10286ccc2\">\n#top .av_textblock_section.av-6tswic-e3aa878844d51c00c87414e10286ccc2 .avia_textblock{\ncolor:#ffffff;\n}\n<\/style>\n<section  class='av_textblock_section av-6tswic-e3aa878844d51c00c87414e10286ccc2 '   itemscope=\"itemscope\" itemtype=\"https:\/\/schema.org\/CreativeWork\" ><div class='avia_textblock av_inherit_color'  itemprop=\"text\" ><ul>\n<li><span style=\"color: #ffffff\"><strong>Investment und Finanzierung: Marktchancen in turbulenten Zeiten<\/strong><\/span><\/li>\n<li><span style=\"color: #ffffff\"><strong>Neues Leben f\u00fcr alte Mauern: Wie kreative Bestandsumnutzung den Weg zu nachhaltigem Profit ebnet<\/strong><\/span><\/li>\n<li><span style=\"color: #ffffff\"><strong>Serielles Bauen: Modularit\u00e4t als Schl\u00fcssel zur Effizienz<\/strong><\/span><\/li>\n<li><span style=\"color: #ffffff\"><strong>New Kids on the Block: Long-Stay und Serviced Apartments als Erfolgsfaktor der Zukunft<\/strong><\/span><\/li>\n<\/ul>\n<\/div><\/section>\n\n<style type=\"text\/css\" data-created_by=\"avia_inline_auto\" id=\"style-css-av-m8yg2p4s-a847b32fb9932361a8e7317f9e2db826\">\n#top .av_textblock_section.av-m8yg2p4s-a847b32fb9932361a8e7317f9e2db826 .avia_textblock{\ncolor:#ffffff;\n}\n<\/style>\n<section  class='av_textblock_section av-m8yg2p4s-a847b32fb9932361a8e7317f9e2db826 '   itemscope=\"itemscope\" itemtype=\"https:\/\/schema.org\/CreativeWork\" ><div class='avia_textblock av_inherit_color'  itemprop=\"text\" ><\/div><\/section>\n<div  class='avia-button-wrap av-k7xsmivx-fdd4fa357aa099534a69f3b5ea097091-wrap avia-button-left  avia-builder-el-17  el_after_av_textblock  avia-builder-el-last '><a href='https:\/\/dfvcg-events.de\/hotelimmobilien-kongress\/programm\/'  class='avia-button av-k7xsmivx-fdd4fa357aa099534a69f3b5ea097091 av-link-btn avia-icon_select-yes-left-icon avia-size-large avia-position-left avia-color-theme-color'   aria-label=\"Programm\"><span class='avia_button_icon avia_button_icon_left avia-svg-icon avia-font-svg_entypo-fontello' data-av_svg_icon='menu' data-av_iconset='svg_entypo-fontello'><svg version=\"1.1\" xmlns=\"http:\/\/www.w3.org\/2000\/svg\" width=\"22\" height=\"32\" viewBox=\"0 0 22 32\" preserveAspectRatio=\"xMidYMid meet\" aria-labelledby='av-svg-title-2' aria-describedby='av-svg-desc-2' role=\"graphics-symbol\">\n<title id='av-svg-title-2'>Menu<\/title>\n<desc id='av-svg-desc-2'>Menu<\/desc>\n<path d=\"M20.8 14.4q0.704 0 1.152 0.48t0.448 1.12-0.48 1.12-1.12 0.48h-19.2q-0.64 0-1.12-0.48t-0.48-1.12 0.448-1.12 1.152-0.48h19.2zM1.6 11.2q-0.64 0-1.12-0.48t-0.48-1.12 0.448-1.12 1.152-0.48h19.2q0.704 0 1.152 0.48t0.448 1.12-0.48 1.12-1.12 0.48h-19.2zM20.8 20.8q0.704 0 1.152 0.48t0.448 1.12-0.48 1.12-1.12 0.48h-19.2q-0.64 0-1.12-0.48t-0.48-1.12 0.448-1.12 1.152-0.48h19.2z\"><\/path>\n<\/svg><\/span><span class='avia_iconbox_title' >Programm<\/span><\/a><\/div>\n<\/p>\n<\/div><\/div><\/div><!-- close content main div --><\/div><\/div><\/div><div id='av_section_4'  class='avia-section av-a8g74k-225962fd7a21b8f8ea535aaa832444b9 main_color avia-section-default avia-no-border-styling  avia-builder-el-18  el_after_av_section  el_before_av_section  av-desktop-hide av-medium-hide av-small-hide av-mini-hide avia-bg-style-scroll container_wrap fullsize'  ><div class='container av-section-cont-open' ><div class='template-page content  av-content-full alpha units'><div class='post-entry post-entry-type-page post-entry-4420'><div class='entry-content-wrapper clearfix'>\n\n<style type=\"text\/css\" data-created_by=\"avia_inline_auto\" id=\"style-css-av-m8yfd0rq-09e73a01dd5117c28021379dff88349e\">\n#top .av-special-heading.av-m8yfd0rq-09e73a01dd5117c28021379dff88349e{\npadding-bottom:10px;\ncolor:#000000;\n}\nbody .av-special-heading.av-m8yfd0rq-09e73a01dd5117c28021379dff88349e .av-special-heading-tag .heading-char{\nfont-size:25px;\n}\n.av-special-heading.av-m8yfd0rq-09e73a01dd5117c28021379dff88349e .special-heading-inner-border{\nborder-color:#000000;\n}\n.av-special-heading.av-m8yfd0rq-09e73a01dd5117c28021379dff88349e .av-subheading{\nfont-size:15px;\n}\n<\/style>\n<div  class='av-special-heading av-m8yfd0rq-09e73a01dd5117c28021379dff88349e av-special-heading-h1 custom-color-heading blockquote modern-quote  avia-builder-el-19  el_before_av_three_fifth  avia-builder-el-first '><h1 class='av-special-heading-tag '  itemprop=\"headline\"  >Eine Stadt mit Geschichte <span class='special_amp'>&amp;<\/span> Innovation!<\/h1><div class=\"special-heading-border\"><div class=\"special-heading-inner-border\"><\/div><\/div><\/div>\n<div  class='flex_column av-9kvfkk-8ea18ea17f9d5e975f0d272656d3b07f av_three_fifth  avia-builder-el-20  el_after_av_heading  el_before_av_two_fifth  first flex_column_div  '     ><style type=\"text\/css\" data-created_by=\"avia_inline_auto\" id=\"style-css-av-m8yfe0i9-64226bb9c773dee6322487d4da695ef2\">\n#top .av_textblock_section.av-m8yfe0i9-64226bb9c773dee6322487d4da695ef2 .avia_textblock{\ncolor:#ffffff;\n}\n<\/style>\n<section  class='av_textblock_section av-m8yfe0i9-64226bb9c773dee6322487d4da695ef2 '   itemscope=\"itemscope\" itemtype=\"https:\/\/schema.org\/CreativeWork\" ><div class='avia_textblock av_inherit_color'  itemprop=\"text\" ><p><span style=\"color: #000000\">Unser Kongress findet in Leipzig, einer Stadt voller <\/span><span style=\"color: #000000\">Kultur, Dynamik und unternehmerischem Geist, <\/span><span style=\"color: #000000\">statt. Leipzig war nicht nur eine der wichtigsten <\/span><span style=\"color: #000000\">Handelsst\u00e4dte des Mittelalters, sondern ist <\/span><span style=\"color: #000000\">heute <\/span><span style=\"color: #000000\">ein Hotspot f\u00fcr Immobilieninvestitionen und <\/span><span style=\"color: #000000\">urbane Entwicklung. Wussten Sie, dass Leipzig <\/span><span style=\"color: #000000\">als \u201eKlein-Paris\u201c galt, weil Goethe dort lebte und <\/span><span style=\"color: #000000\">studierte? Genau hier schaffen wir die B\u00fchne f\u00fcr <\/span><span style=\"color: #000000\">wegweisende Diskussionen.<\/span><\/p>\n<\/div><\/section><\/div><div  class='flex_column av-789isk-f1007dfb641daa0423e186809df70119 av_two_fifth  avia-builder-el-22  el_after_av_three_fifth  avia-builder-el-last  flex_column_div  '     ><style type=\"text\/css\" data-created_by=\"avia_inline_auto\" id=\"style-css-av-m8yffcvz-a2f809501834d14a89f10f19c1d7f576\">\n.avia-image-container.av-m8yffcvz-a2f809501834d14a89f10f19c1d7f576 img.avia_image{\nbox-shadow:none;\n}\n.avia-image-container.av-m8yffcvz-a2f809501834d14a89f10f19c1d7f576 .av-image-caption-overlay-center{\ncolor:#ffffff;\n}\n<\/style>\n<div  class='avia-image-container av-m8yffcvz-a2f809501834d14a89f10f19c1d7f576 av-styling- avia-align-center  avia-builder-el-23  avia-builder-el-no-sibling '   itemprop=\"image\" itemscope=\"itemscope\" itemtype=\"https:\/\/schema.org\/ImageObject\" ><div class=\"avia-image-container-inner\"><div class=\"avia-image-overlay-wrap\"><img decoding=\"async\" fetchpriority=\"high\" class='wp-image-5611 avia-img-lazy-loading-not-5611 avia_image ' src=\"https:\/\/dfvcg-events.de\/hotelimmobilien-kongress\/wp-content\/uploads\/sites\/6\/2025\/04\/Dachterrasse-Sehenswuerdigkeiten.jpg\" alt='' title='Dachterrasse Sehenswu\u0308rdigkeiten'  height=\"576\" width=\"1024\"  itemprop=\"thumbnailUrl\" srcset=\"https:\/\/dfvcg-events.de\/hotelimmobilien-kongress\/wp-content\/uploads\/sites\/6\/2025\/04\/Dachterrasse-Sehenswuerdigkeiten.jpg 1024w, https:\/\/dfvcg-events.de\/hotelimmobilien-kongress\/wp-content\/uploads\/sites\/6\/2025\/04\/Dachterrasse-Sehenswuerdigkeiten-705x397.jpg 705w\" sizes=\"(max-width: 1024px) 100vw, 1024px\" \/><\/div><\/div><\/div><\/div>\n\n<\/div><\/div><\/div><!-- close content main div --><\/div><\/div><div id='av_section_5'  class='avia-section av-54xbwk-5ce83b8c1556d95295dc98977727542f main_color avia-section-default avia-no-border-styling  avia-builder-el-24  el_after_av_section  el_before_av_section  av-desktop-hide av-medium-hide av-small-hide av-mini-hide avia-bg-style-scroll container_wrap fullsize'  ><div class='container av-section-cont-open' ><div class='template-page content  av-content-full alpha units'><div class='post-entry post-entry-type-page post-entry-4420'><div class='entry-content-wrapper clearfix'>\n\n<style type=\"text\/css\" data-created_by=\"avia_inline_auto\" id=\"style-css-av-m8yfgre4-eca756008b93dee5dcb26a705a13eab5\">\n#top .av-special-heading.av-m8yfgre4-eca756008b93dee5dcb26a705a13eab5{\npadding-bottom:10px;\ncolor:#000000;\n}\nbody .av-special-heading.av-m8yfgre4-eca756008b93dee5dcb26a705a13eab5 .av-special-heading-tag .heading-char{\nfont-size:25px;\n}\n.av-special-heading.av-m8yfgre4-eca756008b93dee5dcb26a705a13eab5 .special-heading-inner-border{\nborder-color:#000000;\n}\n.av-special-heading.av-m8yfgre4-eca756008b93dee5dcb26a705a13eab5 .av-subheading{\nfont-size:15px;\n}\n<\/style>\n<div  class='av-special-heading av-m8yfgre4-eca756008b93dee5dcb26a705a13eab5 av-special-heading-h1 custom-color-heading blockquote modern-quote  avia-builder-el-25  el_before_av_textblock  avia-builder-el-first '><h1 class='av-special-heading-tag '  itemprop=\"headline\"  >Abendlocation mit Charme<\/h1><div class=\"special-heading-border\"><div class=\"special-heading-inner-border\"><\/div><\/div><\/div>\n<section  class='av_textblock_section av-m8yfkvx6-ba2d624570c527433a88b8f897849a92 '   itemscope=\"itemscope\" itemtype=\"https:\/\/schema.org\/CreativeWork\" ><div class='avia_textblock'  itemprop=\"text\" ><\/div><\/section>\n<div  class='flex_column av-3kcakk-70f7ec9d926fecf4ca3d078fd88d61ad av_two_fifth  avia-builder-el-27  el_after_av_textblock  el_before_av_three_fifth  first flex_column_div  column-top-margin'     ><style type=\"text\/css\" data-created_by=\"avia_inline_auto\" id=\"style-css-av-m8yffzs2-70b874c0e9bfdb72cbdd6754479be649\">\n.avia-image-container.av-m8yffzs2-70b874c0e9bfdb72cbdd6754479be649 img.avia_image{\nbox-shadow:none;\n}\n.avia-image-container.av-m8yffzs2-70b874c0e9bfdb72cbdd6754479be649 .av-image-caption-overlay-center{\ncolor:#ffffff;\n}\n<\/style>\n<div  class='avia-image-container av-m8yffzs2-70b874c0e9bfdb72cbdd6754479be649 av-styling- avia-align-center  avia-builder-el-28  avia-builder-el-no-sibling '   itemprop=\"image\" itemscope=\"itemscope\" itemtype=\"https:\/\/schema.org\/ImageObject\" ><div class=\"avia-image-container-inner\"><div class=\"avia-image-overlay-wrap\"><img decoding=\"async\" fetchpriority=\"high\" class='wp-image-5612 avia-img-lazy-loading-not-5612 avia_image ' src=\"https:\/\/dfvcg-events.de\/hotelimmobilien-kongress\/wp-content\/uploads\/sites\/6\/2025\/04\/Aussenansicht-Abend.jpg\" alt='' title='Au\u00dfenansicht Abend'  height=\"1850\" width=\"3000\"  itemprop=\"thumbnailUrl\" srcset=\"https:\/\/dfvcg-events.de\/hotelimmobilien-kongress\/wp-content\/uploads\/sites\/6\/2025\/04\/Aussenansicht-Abend.jpg 3000w, https:\/\/dfvcg-events.de\/hotelimmobilien-kongress\/wp-content\/uploads\/sites\/6\/2025\/04\/Aussenansicht-Abend-705x435.jpg 705w\" sizes=\"(max-width: 3000px) 100vw, 3000px\" \/><\/div><\/div><\/div><\/div><div  class='flex_column av-2zewno-e59921daf1b5bd10d00d0326627c59ca av_three_fifth  avia-builder-el-29  el_after_av_two_fifth  avia-builder-el-last  flex_column_div  column-top-margin'     ><style type=\"text\/css\" data-created_by=\"avia_inline_auto\" id=\"style-css-av-m8yfggx9-547fb3d2b5d04fcdc212773bcc18665b\">\n#top .av_textblock_section.av-m8yfggx9-547fb3d2b5d04fcdc212773bcc18665b .avia_textblock{\ncolor:#ffffff;\n}\n<\/style>\n<section  class='av_textblock_section av-m8yfggx9-547fb3d2b5d04fcdc212773bcc18665b '   itemscope=\"itemscope\" itemtype=\"https:\/\/schema.org\/CreativeWork\" ><div class='avia_textblock av_inherit_color'  itemprop=\"text\" ><p><span style=\"color: #000000\">Nach einem intensiven Kongresstag laden <\/span><span style=\"color: #000000\">wir Sie ein, den Abend in einer der exklusivsten <\/span><span style=\"color: #000000\">Locations <\/span><span style=\"color: #000000\">Leipzigs ausklingen zu lassen \u2013 <\/span><span style=\"color: #000000\">dem Felix Restaurant. In stilvollem Ambiente <\/span><span style=\"color: #000000\">erwarten <\/span><span style=\"color: #000000\">Sie kulinarische Highlights, Networking <\/span><span style=\"color: #000000\">auf h\u00f6chstem Niveau und ein atemberaubender <\/span><span style=\"color: #000000\">Blick auf die Skyline der Stadt. <\/span><span style=\"color: #000000\">Seien Sie dabei, wenn wir die Weichen f\u00fcr die <\/span><span style=\"color: #000000\">Zukunft <\/span><span style=\"color: #000000\">der Hotelimmobilien stellen!<\/span><\/p>\n<\/div><\/section><\/div>\n\n<\/div><\/div><\/div><!-- close content main div --><\/div><\/div><div id='av_section_6'  class='avia-section av-k2euylkg-5c014f21cfaddded7117b6d1c6b33b10 main_color avia-section-default avia-no-shadow  avia-builder-el-31  el_after_av_section  el_before_av_section  avia-bg-style-scroll container_wrap fullsize'  ><div class='container av-section-cont-open' ><div class='template-page content  av-content-full alpha units'><div class='post-entry post-entry-type-page post-entry-4420'><div class='entry-content-wrapper clearfix'>\n\n<style type=\"text\/css\" data-created_by=\"avia_inline_auto\" id=\"style-css-av-2ioac-1b961047a72fe7cabc5d8402ad7fa910\">\n#top .av-special-heading.av-2ioac-1b961047a72fe7cabc5d8402ad7fa910{\npadding-bottom:35px;\n}\nbody .av-special-heading.av-2ioac-1b961047a72fe7cabc5d8402ad7fa910 .av-special-heading-tag .heading-char{\nfont-size:25px;\n}\n.av-special-heading.av-2ioac-1b961047a72fe7cabc5d8402ad7fa910 .av-subheading{\nfont-size:19px;\n}\n<\/style>\n<div  class='av-special-heading av-2ioac-1b961047a72fe7cabc5d8402ad7fa910 av-special-heading-h2 blockquote modern-quote  avia-builder-el-32  el_before_av_masonry_entries  avia-builder-el-no-sibling  av-linked-heading'><h2 class='av-special-heading-tag '  itemprop=\"headline\"  >Das waren die Vortragenden 2025<\/h2><div class=\"special-heading-border\"><div class=\"special-heading-inner-border\"><\/div><\/div><\/div>\n<div id='av-masonry-1' class='av-masonry av-k7z0uy20-f67f3d89d9731f23b2802e77c2feb05f noHover av-flex-size av-large-gap av-hover-overlay- av-masonry-animation-active av-masonry-col-4 av-caption-always av-caption-style- av-masonry-entries av-medium-columns-overwrite av-medium-columns-2 av-small-columns-overwrite av-small-columns-2 av-mini-columns-overwrite av-mini-columns-1 ' data-post_id=\"4420\"><div class=\"av-masonry-container isotope av-js-disabled\"><div class='av-masonry-entry isotope-item av-masonry-item-no-image '><\/div><a href=\"https:\/\/dfvcg-events.de\/hotelimmobilien-kongress\/referent\/robert-van-der-graaf-2\/\"  id='av-masonry-1-item-5037' data-av-masonry-item='5037' class='av-masonry-entry isotope-item post-5037 portfolio type-portfolio status-publish has-post-thumbnail hentry portfolio_entries-vortragend-2024 portfolio_entries-vortragend-2025 portfolio_entries-vortragend-2025-feature  av-masonry-item-with-image' title=\"van-der-Graaf-Robert-IHG-Hotels\"   itemscope=\"itemscope\" itemtype=\"https:\/\/schema.org\/CreativeWork\" ><div class='av-inner-masonry-sizer'><\/div><figure class='av-inner-masonry main_color'><div class=\"av-masonry-outerimage-container\"><div class='av-masonry-image-container'  ><img decoding=\"async\" width=\"529\" height=\"705\" fetchpriority=\"high\" class=\"wp-image-5423 avia-img-lazy-loading-not-5423\"  src=\"https:\/\/dfvcg-events.de\/hotelimmobilien-kongress\/wp-content\/uploads\/sites\/6\/2024\/06\/van-der-Graaf-Robert-IHG-Hotels-600x800-1-529x705.jpg\" title=\"van-der-Graaf-Robert-IHG-Hotels\" alt=\"\" srcset=\"https:\/\/dfvcg-events.de\/hotelimmobilien-kongress\/wp-content\/uploads\/sites\/6\/2024\/06\/van-der-Graaf-Robert-IHG-Hotels-600x800-1-529x705.jpg 529w, https:\/\/dfvcg-events.de\/hotelimmobilien-kongress\/wp-content\/uploads\/sites\/6\/2024\/06\/van-der-Graaf-Robert-IHG-Hotels-600x800-1.jpg 600w\" sizes=\"(max-width: 529px) 100vw, 529px\" \/><\/div><\/div><figcaption class='av-inner-masonry-content site-background'><div class='av-inner-masonry-content-pos'><div class='av-inner-masonry-content-pos-content'><div class='avia-arrow'><\/div><h3 class='av-masonry-entry-title entry-title '  itemprop=\"headline\" >Robert van der Graaf<\/h3><div class='av-masonry-entry-content entry-content'  itemprop=\"text\" >IHG Intercontinental Hotels<\/div><\/div><\/div><\/figcaption><\/figure><\/a><!--end av-masonry entry--><a href=\"https:\/\/dfvcg-events.de\/hotelimmobilien-kongress\/referent\/sabine-hirtreiter\/\"  id='av-masonry-1-item-5348' data-av-masonry-item='5348' class='av-masonry-entry isotope-item post-5348 portfolio type-portfolio status-publish has-post-thumbnail hentry portfolio_entries-vortragend-2025 portfolio_entries-vortragend-2025-feature  av-masonry-item-with-image' title=\"Hirtreiter-Sabine-bulwiengesa\"   itemscope=\"itemscope\" itemtype=\"https:\/\/schema.org\/CreativeWork\" ><div class='av-inner-masonry-sizer'><\/div><figure class='av-inner-masonry main_color'><div class=\"av-masonry-outerimage-container\"><div class='av-masonry-image-container'  ><img decoding=\"async\" width=\"529\" height=\"705\" fetchpriority=\"high\" class=\"wp-image-5349 avia-img-lazy-loading-not-5349\"  src=\"https:\/\/dfvcg-events.de\/hotelimmobilien-kongress\/wp-content\/uploads\/sites\/6\/2025\/02\/Hirtreiter-Sabine-bulwiengesa-600x800-1-529x705.jpg\" title=\"Hirtreiter-Sabine-bulwiengesa\" alt=\"\" srcset=\"https:\/\/dfvcg-events.de\/hotelimmobilien-kongress\/wp-content\/uploads\/sites\/6\/2025\/02\/Hirtreiter-Sabine-bulwiengesa-600x800-1-529x705.jpg 529w, https:\/\/dfvcg-events.de\/hotelimmobilien-kongress\/wp-content\/uploads\/sites\/6\/2025\/02\/Hirtreiter-Sabine-bulwiengesa-600x800-1.jpg 600w\" sizes=\"(max-width: 529px) 100vw, 529px\" \/><\/div><\/div><figcaption class='av-inner-masonry-content site-background'><div class='av-inner-masonry-content-pos'><div class='av-inner-masonry-content-pos-content'><div class='avia-arrow'><\/div><h3 class='av-masonry-entry-title entry-title '  itemprop=\"headline\" >Sabine Hirtreiter<\/h3><div class='av-masonry-entry-content entry-content'  itemprop=\"text\" >bulwiengesa<\/div><\/div><\/div><\/figcaption><\/figure><\/a><!--end av-masonry entry--><a href=\"https:\/\/dfvcg-events.de\/hotelimmobilien-kongress\/referent\/dr-josef-vollmayr-2\/\"  id='av-masonry-1-item-5362' data-av-masonry-item='5362' class='av-masonry-entry isotope-item post-5362 portfolio type-portfolio status-publish has-post-thumbnail hentry portfolio_entries-vortragend-2024 portfolio_entries-vortragend-2025 portfolio_entries-vortragend-2025-feature  av-masonry-item-with-image' title=\"Vollmayr-Dr-Josef-limehome\"   itemscope=\"itemscope\" itemtype=\"https:\/\/schema.org\/CreativeWork\" ><div class='av-inner-masonry-sizer'><\/div><figure class='av-inner-masonry main_color'><div class=\"av-masonry-outerimage-container\"><div class='av-masonry-image-container'  ><img decoding=\"async\" width=\"529\" height=\"705\" fetchpriority=\"high\" class=\"wp-image-5363 avia-img-lazy-loading-not-5363\"  src=\"https:\/\/dfvcg-events.de\/hotelimmobilien-kongress\/wp-content\/uploads\/sites\/6\/2025\/02\/Vollmayr-Dr-Josef-limehome-600x800-1-529x705.jpg\" title=\"Vollmayr-Dr-Josef-limehome\" alt=\"\" srcset=\"https:\/\/dfvcg-events.de\/hotelimmobilien-kongress\/wp-content\/uploads\/sites\/6\/2025\/02\/Vollmayr-Dr-Josef-limehome-600x800-1-529x705.jpg 529w, https:\/\/dfvcg-events.de\/hotelimmobilien-kongress\/wp-content\/uploads\/sites\/6\/2025\/02\/Vollmayr-Dr-Josef-limehome-600x800-1.jpg 687w\" sizes=\"(max-width: 529px) 100vw, 529px\" \/><\/div><\/div><figcaption class='av-inner-masonry-content site-background'><div class='av-inner-masonry-content-pos'><div class='av-inner-masonry-content-pos-content'><div class='avia-arrow'><\/div><h3 class='av-masonry-entry-title entry-title '  itemprop=\"headline\" >Dr. Josef Vollmayr<\/h3><div class='av-masonry-entry-content entry-content'  itemprop=\"text\" >limehome<\/div><\/div><\/div><\/figcaption><\/figure><\/a><!--end av-masonry entry--><a href=\"https:\/\/dfvcg-events.de\/hotelimmobilien-kongress\/referent\/peter-lagies\/\"  id='av-masonry-1-item-5417' data-av-masonry-item='5417' class='av-masonry-entry isotope-item post-5417 portfolio type-portfolio status-publish has-post-thumbnail hentry portfolio_entries-vortragend-2025 portfolio_entries-vortragend-2025-feature  av-masonry-item-with-image' title=\"Lagies-Peter-NOVUM_web\"   itemscope=\"itemscope\" itemtype=\"https:\/\/schema.org\/CreativeWork\" ><div class='av-inner-masonry-sizer'><\/div><figure class='av-inner-masonry main_color'><div class=\"av-masonry-outerimage-container\"><div class='av-masonry-image-container'  ><img decoding=\"async\" width=\"529\" height=\"705\" fetchpriority=\"high\" class=\"wp-image-5841 avia-img-lazy-loading-not-5841\"  src=\"https:\/\/dfvcg-events.de\/hotelimmobilien-kongress\/wp-content\/uploads\/sites\/6\/2025\/02\/Lagies-Peter-NOVUM_web-529x705.jpg\" title=\"Lagies-Peter-NOVUM_web\" alt=\"\" srcset=\"https:\/\/dfvcg-events.de\/hotelimmobilien-kongress\/wp-content\/uploads\/sites\/6\/2025\/02\/Lagies-Peter-NOVUM_web-529x705.jpg 529w, https:\/\/dfvcg-events.de\/hotelimmobilien-kongress\/wp-content\/uploads\/sites\/6\/2025\/02\/Lagies-Peter-NOVUM_web.jpg 645w\" sizes=\"(max-width: 529px) 100vw, 529px\" \/><\/div><\/div><figcaption class='av-inner-masonry-content site-background'><div class='av-inner-masonry-content-pos'><div class='av-inner-masonry-content-pos-content'><div class='avia-arrow'><\/div><h3 class='av-masonry-entry-title entry-title '  itemprop=\"headline\" >Peter Lagies<\/h3><div class='av-masonry-entry-content entry-content'  itemprop=\"text\" >NOVUM Hospitality<\/div><\/div><\/div><\/figcaption><\/figure><\/a><!--end av-masonry entry--><\/div><\/div>\n<div  class='avia-button-wrap av-2xojac-8ce2eba995de7da3168d368045653a96-wrap avia-button-left  avia-builder-el-34  el_after_av_masonry_entries  avia-builder-el-no-sibling '><a href='https:\/\/dfvcg-events.de\/hotelimmobilien-kongress\/vortragende\/'  class='avia-button av-2xojac-8ce2eba995de7da3168d368045653a96 av-link-btn avia-icon_select-yes-left-icon avia-size-large avia-position-left avia-color-theme-color'   aria-label=\"Alle Vortragenden\"><span class='avia_button_icon avia_button_icon_left avia-iconfont avia-font-entypo-fontello' data-av_icon='\ue80b' data-av_iconfont='entypo-fontello' ><\/span><span class='avia_iconbox_title' >Alle Vortragenden<\/span><\/a><\/div>\n\n<\/div><\/div><\/div><!-- close content main div --><\/div><\/div><div id='av_section_7'  class='avia-section av-8a0pw-b8feba46d1793aaf84f9f3ba2f9f4b45 main_color avia-section-default avia-no-shadow  avia-builder-el-35  el_after_av_section  el_before_av_section  avia-bg-style-scroll container_wrap fullsize'  ><div class='container av-section-cont-open' ><div class='template-page content  av-content-full alpha units'><div class='post-entry post-entry-type-page post-entry-4420'><div class='entry-content-wrapper clearfix'>\n\n<style type=\"text\/css\" data-created_by=\"avia_inline_auto\" id=\"style-css-av-21x9vo-5fc9552b72a8ec30d15e9dbe39029324\">\n#top .av-special-heading.av-21x9vo-5fc9552b72a8ec30d15e9dbe39029324{\npadding-bottom:10px;\ncolor:#424823;\n}\nbody .av-special-heading.av-21x9vo-5fc9552b72a8ec30d15e9dbe39029324 .av-special-heading-tag .heading-char{\nfont-size:25px;\n}\n.av-special-heading.av-21x9vo-5fc9552b72a8ec30d15e9dbe39029324 .special-heading-inner-border{\nborder-color:#424823;\n}\n.av-special-heading.av-21x9vo-5fc9552b72a8ec30d15e9dbe39029324 .av-subheading{\nfont-size:19px;\n}\n<\/style>\n<div  class='av-special-heading av-21x9vo-5fc9552b72a8ec30d15e9dbe39029324 av-special-heading-h2 custom-color-heading blockquote modern-quote  avia-builder-el-36  el_before_av_postslider  avia-builder-el-first '><h2 class='av-special-heading-tag '  itemprop=\"headline\"  >Das waren die Partner <span class='special_amp'>&amp;<\/span> Aussteller 2025<\/h2><div class=\"special-heading-border\"><div class=\"special-heading-inner-border\"><\/div><\/div><\/div>\n<div  data-slideshow-options=\"{&quot;animation&quot;:&quot;fade&quot;,&quot;autoplay&quot;:true,&quot;loop_autoplay&quot;:&quot;endless&quot;,&quot;interval&quot;:&quot;4&quot;,&quot;loop_manual&quot;:&quot;manual-endless&quot;,&quot;autoplay_stopper&quot;:false,&quot;noNavigation&quot;:false,&quot;show_slide_delay&quot;:90}\" class='avia-content-slider avia-content-slider-active avia-content-slider1 avia-content-slider-even  avia-builder-el-37  el_after_av_heading  avia-builder-el-last  av-slideshow-ui av-control-default   av-no-slider-navigation av-slideshow-autoplay av-loop-endless av-loop-manual-endless '  itemscope=\"itemscope\" itemtype=\"https:\/\/schema.org\/Blog\" ><div class=\"avia-content-slider-inner\"><div class=\"slide-entry-wrap\"><article class='slide-entry flex_column  post-entry post-entry-5826 slide-entry-overview slide-loop-1 slide-parity-odd  av_one_fourth first real-thumbnail posttype-post post-format-standard'  itemscope=\"itemscope\" itemtype=\"https:\/\/schema.org\/CreativeWork\" ><a href='https:\/\/dfvcg-events.de\/hotelimmobilien-kongress\/pn-kanaltechnik\/' data-rel='slide-1' class='slide-image' title='P&amp;N Kanaltechnik'><img decoding=\"async\" fetchpriority=\"high\" width=\"247\" height=\"185\" src=\"https:\/\/dfvcg-events.de\/hotelimmobilien-kongress\/wp-content\/uploads\/sites\/6\/2025\/06\/Logo_PundN-Kanaltechnik_390x285nn-1_web.png\" class=\"wp-image-5827 avia-img-lazy-loading-not-5827 attachment-portfolio_small size-portfolio_small wp-post-image\" alt=\"\" srcset=\"https:\/\/dfvcg-events.de\/hotelimmobilien-kongress\/wp-content\/uploads\/sites\/6\/2025\/06\/Logo_PundN-Kanaltechnik_390x285nn-1_web.png 2242w, https:\/\/dfvcg-events.de\/hotelimmobilien-kongress\/wp-content\/uploads\/sites\/6\/2025\/06\/Logo_PundN-Kanaltechnik_390x285nn-1_web-705x529.png 705w\" sizes=\"(max-width: 247px) 100vw, 247px\" \/><\/a><div class=\"slide-content\"><header class=\"entry-content-header\" aria-label=\"Slide: P&amp;N Kanaltechnik\"><\/header><\/div><footer class=\"entry-footer\"><\/footer><span class='hidden'>\n\t\t\t\t<span class='av-structured-data'  itemprop=\"image\" itemscope=\"itemscope\" itemtype=\"https:\/\/schema.org\/ImageObject\" >\n\t\t\t\t\t\t<span itemprop='url'>https:\/\/dfvcg-events.de\/hotelimmobilien-kongress\/wp-content\/uploads\/sites\/6\/2025\/06\/Logo_PundN-Kanaltechnik_390x285nn-1_web.png<\/span>\n\t\t\t\t\t\t<span itemprop='height'>1681<\/span>\n\t\t\t\t\t\t<span itemprop='width'>2242<\/span>\n\t\t\t\t<\/span>\n\t\t\t\t<span class='av-structured-data'  itemprop=\"publisher\" itemtype=\"https:\/\/schema.org\/Organization\" itemscope=\"itemscope\" >\n\t\t\t\t\t\t<span itemprop='name'>kunz<\/span>\n\t\t\t\t\t\t<span itemprop='logo' itemscope itemtype='https:\/\/schema.org\/ImageObject'>\n\t\t\t\t\t\t\t<span itemprop='url'>https:\/\/dfvcg-events.de\/hotelimmobilien-kongress\/wp-content\/uploads\/sites\/6\/2021\/12\/Hotelimmobilien-2022-logo-header-2.png<\/span>\n\t\t\t\t\t\t<\/span>\n\t\t\t\t<\/span><span class='av-structured-data'  itemprop=\"author\" itemscope=\"itemscope\" itemtype=\"https:\/\/schema.org\/Person\" ><span itemprop='name'>kunz<\/span><\/span><span class='av-structured-data'  itemprop=\"datePublished\" datetime=\"2023-12-07T08:45:41+01:00\" >2025-06-18 09:59:19<\/span><span class='av-structured-data'  itemprop=\"dateModified\" itemtype=\"https:\/\/schema.org\/dateModified\" >2025-06-18 10:14:25<\/span><span class='av-structured-data'  itemprop=\"mainEntityOfPage\" itemtype=\"https:\/\/schema.org\/mainEntityOfPage\" ><span itemprop='name'>P&amp;N Kanaltechnik<\/span><\/span><\/span><\/article><article class='slide-entry flex_column  post-entry post-entry-5792 slide-entry-overview slide-loop-2 slide-parity-even  av_one_fourth  real-thumbnail posttype-post post-format-standard'  itemscope=\"itemscope\" itemtype=\"https:\/\/schema.org\/CreativeWork\" ><a href='https:\/\/dfvcg-events.de\/hotelimmobilien-kongress\/timpla\/' data-rel='slide-1' class='slide-image' title='timpla'><img decoding=\"async\" fetchpriority=\"high\" width=\"247\" height=\"185\" src=\"https:\/\/dfvcg-events.de\/hotelimmobilien-kongress\/wp-content\/uploads\/sites\/6\/2025\/06\/timpla_by_Renggli_Logo_positiv_sRGB_web.png\" class=\"wp-image-5793 avia-img-lazy-loading-not-5793 attachment-portfolio_small size-portfolio_small wp-post-image\" alt=\"\" srcset=\"https:\/\/dfvcg-events.de\/hotelimmobilien-kongress\/wp-content\/uploads\/sites\/6\/2025\/06\/timpla_by_Renggli_Logo_positiv_sRGB_web.png 800w, https:\/\/dfvcg-events.de\/hotelimmobilien-kongress\/wp-content\/uploads\/sites\/6\/2025\/06\/timpla_by_Renggli_Logo_positiv_sRGB_web-705x529.png 705w\" sizes=\"(max-width: 247px) 100vw, 247px\" \/><\/a><div class=\"slide-content\"><header class=\"entry-content-header\" aria-label=\"Slide: timpla\"><\/header><\/div><footer class=\"entry-footer\"><\/footer><span class='hidden'>\n\t\t\t\t<span class='av-structured-data'  itemprop=\"image\" itemscope=\"itemscope\" itemtype=\"https:\/\/schema.org\/ImageObject\" >\n\t\t\t\t\t\t<span itemprop='url'>https:\/\/dfvcg-events.de\/hotelimmobilien-kongress\/wp-content\/uploads\/sites\/6\/2025\/06\/timpla_by_Renggli_Logo_positiv_sRGB_web.png<\/span>\n\t\t\t\t\t\t<span itemprop='height'>600<\/span>\n\t\t\t\t\t\t<span itemprop='width'>800<\/span>\n\t\t\t\t<\/span>\n\t\t\t\t<span class='av-structured-data'  itemprop=\"publisher\" itemtype=\"https:\/\/schema.org\/Organization\" itemscope=\"itemscope\" >\n\t\t\t\t\t\t<span itemprop='name'>kunz<\/span>\n\t\t\t\t\t\t<span itemprop='logo' itemscope itemtype='https:\/\/schema.org\/ImageObject'>\n\t\t\t\t\t\t\t<span itemprop='url'>https:\/\/dfvcg-events.de\/hotelimmobilien-kongress\/wp-content\/uploads\/sites\/6\/2021\/12\/Hotelimmobilien-2022-logo-header-2.png<\/span>\n\t\t\t\t\t\t<\/span>\n\t\t\t\t<\/span><span class='av-structured-data'  itemprop=\"author\" itemscope=\"itemscope\" itemtype=\"https:\/\/schema.org\/Person\" ><span itemprop='name'>kunz<\/span><\/span><span class='av-structured-data'  itemprop=\"datePublished\" datetime=\"2023-12-07T08:45:41+01:00\" >2025-06-16 09:21:08<\/span><span class='av-structured-data'  itemprop=\"dateModified\" itemtype=\"https:\/\/schema.org\/dateModified\" >2025-06-16 09:23:39<\/span><span class='av-structured-data'  itemprop=\"mainEntityOfPage\" itemtype=\"https:\/\/schema.org\/mainEntityOfPage\" ><span itemprop='name'>timpla<\/span><\/span><\/span><\/article><article class='slide-entry flex_column  post-entry post-entry-5779 slide-entry-overview slide-loop-3 slide-parity-odd  av_one_fourth  real-thumbnail posttype-post post-format-standard'  itemscope=\"itemscope\" itemtype=\"https:\/\/schema.org\/CreativeWork\" ><a href='https:\/\/dfvcg-events.de\/hotelimmobilien-kongress\/ht-shop-solutions-24-7\/' data-rel='slide-1' class='slide-image' title='HT Shop Solutions 24\/7'><img decoding=\"async\" fetchpriority=\"high\" width=\"247\" height=\"185\" src=\"https:\/\/dfvcg-events.de\/hotelimmobilien-kongress\/wp-content\/uploads\/sites\/6\/2025\/06\/HT-LOGO_web.png\" class=\"wp-image-5780 avia-img-lazy-loading-not-5780 attachment-portfolio_small size-portfolio_small wp-post-image\" alt=\"\" srcset=\"https:\/\/dfvcg-events.de\/hotelimmobilien-kongress\/wp-content\/uploads\/sites\/6\/2025\/06\/HT-LOGO_web.png 800w, https:\/\/dfvcg-events.de\/hotelimmobilien-kongress\/wp-content\/uploads\/sites\/6\/2025\/06\/HT-LOGO_web-705x529.png 705w\" sizes=\"(max-width: 247px) 100vw, 247px\" \/><\/a><div class=\"slide-content\"><header class=\"entry-content-header\" aria-label=\"Slide: HT Shop Solutions 24\/7\"><\/header><\/div><footer class=\"entry-footer\"><\/footer><span class='hidden'>\n\t\t\t\t<span class='av-structured-data'  itemprop=\"image\" itemscope=\"itemscope\" itemtype=\"https:\/\/schema.org\/ImageObject\" >\n\t\t\t\t\t\t<span itemprop='url'>https:\/\/dfvcg-events.de\/hotelimmobilien-kongress\/wp-content\/uploads\/sites\/6\/2025\/06\/HT-LOGO_web.png<\/span>\n\t\t\t\t\t\t<span itemprop='height'>600<\/span>\n\t\t\t\t\t\t<span itemprop='width'>800<\/span>\n\t\t\t\t<\/span>\n\t\t\t\t<span class='av-structured-data'  itemprop=\"publisher\" itemtype=\"https:\/\/schema.org\/Organization\" itemscope=\"itemscope\" >\n\t\t\t\t\t\t<span itemprop='name'>kunz<\/span>\n\t\t\t\t\t\t<span itemprop='logo' itemscope itemtype='https:\/\/schema.org\/ImageObject'>\n\t\t\t\t\t\t\t<span itemprop='url'>https:\/\/dfvcg-events.de\/hotelimmobilien-kongress\/wp-content\/uploads\/sites\/6\/2021\/12\/Hotelimmobilien-2022-logo-header-2.png<\/span>\n\t\t\t\t\t\t<\/span>\n\t\t\t\t<\/span><span class='av-structured-data'  itemprop=\"author\" itemscope=\"itemscope\" itemtype=\"https:\/\/schema.org\/Person\" ><span itemprop='name'>kunz<\/span><\/span><span class='av-structured-data'  itemprop=\"datePublished\" datetime=\"2023-12-07T08:45:41+01:00\" >2025-06-10 12:12:51<\/span><span class='av-structured-data'  itemprop=\"dateModified\" itemtype=\"https:\/\/schema.org\/dateModified\" >2025-06-24 07:53:02<\/span><span class='av-structured-data'  itemprop=\"mainEntityOfPage\" itemtype=\"https:\/\/schema.org\/mainEntityOfPage\" ><span itemprop='name'>HT Shop Solutions 24\/7<\/span><\/span><\/span><\/article><article class='slide-entry flex_column  post-entry post-entry-5494 slide-entry-overview slide-loop-4 slide-parity-even  av_one_fourth  real-thumbnail posttype-post post-format-standard'  itemscope=\"itemscope\" itemtype=\"https:\/\/schema.org\/CreativeWork\" ><a href='https:\/\/dfvcg-events.de\/hotelimmobilien-kongress\/getzner\/' data-rel='slide-1' class='slide-image' title='Getzner'><img decoding=\"async\" fetchpriority=\"high\" width=\"247\" height=\"185\" src=\"https:\/\/dfvcg-events.de\/hotelimmobilien-kongress\/wp-content\/uploads\/sites\/6\/2025\/03\/Unbenannt-1.jpg\" class=\"wp-image-5491 avia-img-lazy-loading-not-5491 attachment-portfolio_small size-portfolio_small wp-post-image\" alt=\"\" srcset=\"https:\/\/dfvcg-events.de\/hotelimmobilien-kongress\/wp-content\/uploads\/sites\/6\/2025\/03\/Unbenannt-1.jpg 800w, https:\/\/dfvcg-events.de\/hotelimmobilien-kongress\/wp-content\/uploads\/sites\/6\/2025\/03\/Unbenannt-1-705x529.jpg 705w\" sizes=\"(max-width: 247px) 100vw, 247px\" \/><\/a><div class=\"slide-content\"><header class=\"entry-content-header\" aria-label=\"Slide: Getzner\"><\/header><\/div><footer class=\"entry-footer\"><\/footer><span class='hidden'>\n\t\t\t\t<span class='av-structured-data'  itemprop=\"image\" itemscope=\"itemscope\" itemtype=\"https:\/\/schema.org\/ImageObject\" >\n\t\t\t\t\t\t<span itemprop='url'>https:\/\/dfvcg-events.de\/hotelimmobilien-kongress\/wp-content\/uploads\/sites\/6\/2025\/03\/Unbenannt-1.jpg<\/span>\n\t\t\t\t\t\t<span itemprop='height'>600<\/span>\n\t\t\t\t\t\t<span itemprop='width'>800<\/span>\n\t\t\t\t<\/span>\n\t\t\t\t<span class='av-structured-data'  itemprop=\"publisher\" itemtype=\"https:\/\/schema.org\/Organization\" itemscope=\"itemscope\" >\n\t\t\t\t\t\t<span itemprop='name'>hartmann<\/span>\n\t\t\t\t\t\t<span itemprop='logo' itemscope itemtype='https:\/\/schema.org\/ImageObject'>\n\t\t\t\t\t\t\t<span itemprop='url'>https:\/\/dfvcg-events.de\/hotelimmobilien-kongress\/wp-content\/uploads\/sites\/6\/2021\/12\/Hotelimmobilien-2022-logo-header-2.png<\/span>\n\t\t\t\t\t\t<\/span>\n\t\t\t\t<\/span><span class='av-structured-data'  itemprop=\"author\" itemscope=\"itemscope\" itemtype=\"https:\/\/schema.org\/Person\" ><span itemprop='name'>hartmann<\/span><\/span><span class='av-structured-data'  itemprop=\"datePublished\" datetime=\"2023-12-07T08:45:41+01:00\" >2025-03-14 12:58:45<\/span><span class='av-structured-data'  itemprop=\"dateModified\" itemtype=\"https:\/\/schema.org\/dateModified\" >2025-06-24 07:52:37<\/span><span class='av-structured-data'  itemprop=\"mainEntityOfPage\" itemtype=\"https:\/\/schema.org\/mainEntityOfPage\" ><span itemprop='name'>Getzner<\/span><\/span><\/span><\/article><\/div><div class=\"slide-entry-wrap\"><article class='slide-entry flex_column  post-entry post-entry-5310 slide-entry-overview slide-loop-5 slide-parity-odd  av_one_fourth first real-thumbnail posttype-post post-format-standard'  itemscope=\"itemscope\" itemtype=\"https:\/\/schema.org\/CreativeWork\" ><a href='https:\/\/dfvcg-events.de\/hotelimmobilien-kongress\/covivio\/' data-rel='slide-1' class='slide-image' title='Covivio'><img decoding=\"async\" fetchpriority=\"high\" width=\"247\" height=\"185\" src=\"https:\/\/dfvcg-events.de\/hotelimmobilien-kongress\/wp-content\/uploads\/sites\/6\/2025\/01\/convivio-web.jpg\" class=\"wp-image-5301 avia-img-lazy-loading-not-5301 attachment-portfolio_small size-portfolio_small wp-post-image\" alt=\"\" srcset=\"https:\/\/dfvcg-events.de\/hotelimmobilien-kongress\/wp-content\/uploads\/sites\/6\/2025\/01\/convivio-web.jpg 800w, https:\/\/dfvcg-events.de\/hotelimmobilien-kongress\/wp-content\/uploads\/sites\/6\/2025\/01\/convivio-web-705x529.jpg 705w\" sizes=\"(max-width: 247px) 100vw, 247px\" \/><\/a><div class=\"slide-content\"><header class=\"entry-content-header\" aria-label=\"Slide: Covivio\"><\/header><\/div><footer class=\"entry-footer\"><\/footer><span class='hidden'>\n\t\t\t\t<span class='av-structured-data'  itemprop=\"image\" itemscope=\"itemscope\" itemtype=\"https:\/\/schema.org\/ImageObject\" >\n\t\t\t\t\t\t<span itemprop='url'>https:\/\/dfvcg-events.de\/hotelimmobilien-kongress\/wp-content\/uploads\/sites\/6\/2025\/01\/convivio-web.jpg<\/span>\n\t\t\t\t\t\t<span itemprop='height'>600<\/span>\n\t\t\t\t\t\t<span itemprop='width'>800<\/span>\n\t\t\t\t<\/span>\n\t\t\t\t<span class='av-structured-data'  itemprop=\"publisher\" itemtype=\"https:\/\/schema.org\/Organization\" itemscope=\"itemscope\" >\n\t\t\t\t\t\t<span itemprop='name'>como<\/span>\n\t\t\t\t\t\t<span itemprop='logo' itemscope itemtype='https:\/\/schema.org\/ImageObject'>\n\t\t\t\t\t\t\t<span itemprop='url'>https:\/\/dfvcg-events.de\/hotelimmobilien-kongress\/wp-content\/uploads\/sites\/6\/2021\/12\/Hotelimmobilien-2022-logo-header-2.png<\/span>\n\t\t\t\t\t\t<\/span>\n\t\t\t\t<\/span><span class='av-structured-data'  itemprop=\"author\" itemscope=\"itemscope\" itemtype=\"https:\/\/schema.org\/Person\" ><span itemprop='name'>como<\/span><\/span><span class='av-structured-data'  itemprop=\"datePublished\" datetime=\"2023-12-07T08:45:41+01:00\" >2025-01-10 15:02:48<\/span><span class='av-structured-data'  itemprop=\"dateModified\" itemtype=\"https:\/\/schema.org\/dateModified\" >2025-01-10 15:07:36<\/span><span class='av-structured-data'  itemprop=\"mainEntityOfPage\" itemtype=\"https:\/\/schema.org\/mainEntityOfPage\" ><span itemprop='name'>Covivio<\/span><\/span><\/span><\/article><article class='slide-entry flex_column  post-entry post-entry-1155 slide-entry-overview slide-loop-6 slide-parity-even  av_one_fourth  real-thumbnail posttype-post post-format-standard'  itemscope=\"itemscope\" itemtype=\"https:\/\/schema.org\/CreativeWork\" ><a href='https:\/\/dfvcg-events.de\/hotelimmobilien-kongress\/mrp-consult\/' data-rel='slide-1' class='slide-image' title='MRP Consult'><img decoding=\"async\" fetchpriority=\"high\" width=\"247\" height=\"185\" src=\"https:\/\/dfvcg-events.de\/hotelimmobilien-kongress\/wp-content\/uploads\/sites\/6\/2020\/05\/mrp_logo_2018_DRK_web-neu.png\" class=\"wp-image-1890 avia-img-lazy-loading-not-1890 attachment-portfolio_small size-portfolio_small wp-post-image\" alt=\"\" \/><\/a><div class=\"slide-content\"><header class=\"entry-content-header\" aria-label=\"Slide: MRP Consult\"><\/header><\/div><footer class=\"entry-footer\"><\/footer><span class='hidden'>\n\t\t\t\t<span class='av-structured-data'  itemprop=\"image\" itemscope=\"itemscope\" itemtype=\"https:\/\/schema.org\/ImageObject\" >\n\t\t\t\t\t\t<span itemprop='url'>https:\/\/dfvcg-events.de\/hotelimmobilien-kongress\/wp-content\/uploads\/sites\/6\/2020\/05\/mrp_logo_2018_DRK_web-neu.png<\/span>\n\t\t\t\t\t\t<span itemprop='height'>600<\/span>\n\t\t\t\t\t\t<span itemprop='width'>800<\/span>\n\t\t\t\t<\/span>\n\t\t\t\t<span class='av-structured-data'  itemprop=\"publisher\" itemtype=\"https:\/\/schema.org\/Organization\" itemscope=\"itemscope\" >\n\t\t\t\t\t\t<span itemprop='name'>Typoindex<\/span>\n\t\t\t\t\t\t<span itemprop='logo' itemscope itemtype='https:\/\/schema.org\/ImageObject'>\n\t\t\t\t\t\t\t<span itemprop='url'>https:\/\/dfvcg-events.de\/hotelimmobilien-kongress\/wp-content\/uploads\/sites\/6\/2021\/12\/Hotelimmobilien-2022-logo-header-2.png<\/span>\n\t\t\t\t\t\t<\/span>\n\t\t\t\t<\/span><span class='av-structured-data'  itemprop=\"author\" itemscope=\"itemscope\" itemtype=\"https:\/\/schema.org\/Person\" ><span itemprop='name'>Typoindex<\/span><\/span><span class='av-structured-data'  itemprop=\"datePublished\" datetime=\"2023-12-07T08:45:41+01:00\" >2024-04-11 22:08:27<\/span><span class='av-structured-data'  itemprop=\"dateModified\" itemtype=\"https:\/\/schema.org\/dateModified\" >2025-05-28 10:15:30<\/span><span class='av-structured-data'  itemprop=\"mainEntityOfPage\" itemtype=\"https:\/\/schema.org\/mainEntityOfPage\" ><span itemprop='name'>MRP Consult<\/span><\/span><\/span><\/article><article class='slide-entry flex_column  post-entry post-entry-4768 slide-entry-overview slide-loop-7 slide-parity-odd  av_one_fourth  real-thumbnail posttype-post post-format-standard'  itemscope=\"itemscope\" itemtype=\"https:\/\/schema.org\/CreativeWork\" ><a href='https:\/\/dfvcg-events.de\/hotelimmobilien-kongress\/kucera-rechtsanwaelte\/' data-rel='slide-1' class='slide-image' title='KUCERA Rechtsanw\u00e4lte'><img decoding=\"async\" fetchpriority=\"high\" width=\"247\" height=\"185\" src=\"https:\/\/dfvcg-events.de\/hotelimmobilien-kongress\/wp-content\/uploads\/sites\/6\/2024\/03\/kucera.jpg\" class=\"wp-image-4769 avia-img-lazy-loading-not-4769 attachment-portfolio_small size-portfolio_small wp-post-image\" alt=\"\" srcset=\"https:\/\/dfvcg-events.de\/hotelimmobilien-kongress\/wp-content\/uploads\/sites\/6\/2024\/03\/kucera.jpg 800w, https:\/\/dfvcg-events.de\/hotelimmobilien-kongress\/wp-content\/uploads\/sites\/6\/2024\/03\/kucera-705x529.jpg 705w\" sizes=\"(max-width: 247px) 100vw, 247px\" \/><\/a><div class=\"slide-content\"><header class=\"entry-content-header\" aria-label=\"Slide: KUCERA Rechtsanw\u00e4lte\"><\/header><\/div><footer class=\"entry-footer\"><\/footer><span class='hidden'>\n\t\t\t\t<span class='av-structured-data'  itemprop=\"image\" itemscope=\"itemscope\" itemtype=\"https:\/\/schema.org\/ImageObject\" >\n\t\t\t\t\t\t<span itemprop='url'>https:\/\/dfvcg-events.de\/hotelimmobilien-kongress\/wp-content\/uploads\/sites\/6\/2024\/03\/kucera.jpg<\/span>\n\t\t\t\t\t\t<span itemprop='height'>600<\/span>\n\t\t\t\t\t\t<span itemprop='width'>800<\/span>\n\t\t\t\t<\/span>\n\t\t\t\t<span class='av-structured-data'  itemprop=\"publisher\" itemtype=\"https:\/\/schema.org\/Organization\" itemscope=\"itemscope\" >\n\t\t\t\t\t\t<span itemprop='name'>como<\/span>\n\t\t\t\t\t\t<span itemprop='logo' itemscope itemtype='https:\/\/schema.org\/ImageObject'>\n\t\t\t\t\t\t\t<span itemprop='url'>https:\/\/dfvcg-events.de\/hotelimmobilien-kongress\/wp-content\/uploads\/sites\/6\/2021\/12\/Hotelimmobilien-2022-logo-header-2.png<\/span>\n\t\t\t\t\t\t<\/span>\n\t\t\t\t<\/span><span class='av-structured-data'  itemprop=\"author\" itemscope=\"itemscope\" itemtype=\"https:\/\/schema.org\/Person\" ><span itemprop='name'>como<\/span><\/span><span class='av-structured-data'  itemprop=\"datePublished\" datetime=\"2023-12-07T08:45:41+01:00\" >2024-03-18 11:52:48<\/span><span class='av-structured-data'  itemprop=\"dateModified\" itemtype=\"https:\/\/schema.org\/dateModified\" >2025-01-10 14:58:44<\/span><span class='av-structured-data'  itemprop=\"mainEntityOfPage\" itemtype=\"https:\/\/schema.org\/mainEntityOfPage\" ><span itemprop='name'>KUCERA Rechtsanw\u00e4lte<\/span><\/span><\/span><\/article><article class='slide-entry flex_column  post-entry post-entry-4723 slide-entry-overview slide-loop-8 slide-parity-even  post-entry-last  av_one_fourth  real-thumbnail posttype-post post-format-standard'  itemscope=\"itemscope\" itemtype=\"https:\/\/schema.org\/CreativeWork\" ><a href='https:\/\/dfvcg-events.de\/hotelimmobilien-kongress\/hotel-affairs-consulting-gmbh-2\/' data-rel='slide-1' class='slide-image' title='Hotel Affairs Consulting GmbH'><img decoding=\"async\" fetchpriority=\"high\" width=\"247\" height=\"185\" src=\"https:\/\/dfvcg-events.de\/hotelimmobilien-kongress\/wp-content\/uploads\/sites\/6\/2020\/05\/Hotel-Affairs.jpg\" class=\"wp-image-2397 avia-img-lazy-loading-not-2397 attachment-portfolio_small size-portfolio_small wp-post-image\" alt=\"\" \/><\/a><div class=\"slide-content\"><header class=\"entry-content-header\" aria-label=\"Slide: Hotel Affairs Consulting GmbH\"><\/header><\/div><footer class=\"entry-footer\"><\/footer><span class='hidden'>\n\t\t\t\t<span class='av-structured-data'  itemprop=\"image\" itemscope=\"itemscope\" itemtype=\"https:\/\/schema.org\/ImageObject\" >\n\t\t\t\t\t\t<span itemprop='url'>https:\/\/dfvcg-events.de\/hotelimmobilien-kongress\/wp-content\/uploads\/sites\/6\/2020\/05\/Hotel-Affairs.jpg<\/span>\n\t\t\t\t\t\t<span itemprop='height'>600<\/span>\n\t\t\t\t\t\t<span itemprop='width'>800<\/span>\n\t\t\t\t<\/span>\n\t\t\t\t<span class='av-structured-data'  itemprop=\"publisher\" itemtype=\"https:\/\/schema.org\/Organization\" itemscope=\"itemscope\" >\n\t\t\t\t\t\t<span itemprop='name'>como<\/span>\n\t\t\t\t\t\t<span itemprop='logo' itemscope itemtype='https:\/\/schema.org\/ImageObject'>\n\t\t\t\t\t\t\t<span itemprop='url'>https:\/\/dfvcg-events.de\/hotelimmobilien-kongress\/wp-content\/uploads\/sites\/6\/2021\/12\/Hotelimmobilien-2022-logo-header-2.png<\/span>\n\t\t\t\t\t\t<\/span>\n\t\t\t\t<\/span><span class='av-structured-data'  itemprop=\"author\" itemscope=\"itemscope\" itemtype=\"https:\/\/schema.org\/Person\" ><span itemprop='name'>como<\/span><\/span><span class='av-structured-data'  itemprop=\"datePublished\" datetime=\"2023-12-07T08:45:41+01:00\" >2024-02-15 15:01:38<\/span><span class='av-structured-data'  itemprop=\"dateModified\" itemtype=\"https:\/\/schema.org\/dateModified\" >2025-06-24 07:51:58<\/span><span class='av-structured-data'  itemprop=\"mainEntityOfPage\" itemtype=\"https:\/\/schema.org\/mainEntityOfPage\" ><span itemprop='name'>Hotel Affairs Consulting GmbH<\/span><\/span><\/span><\/article><\/div><\/div><div class='avia-slideshow-arrows avia-slideshow-controls' ><a href='#prev' class='prev-slide  avia-svg-icon avia-font-svg_entypo-fontello' data-av_svg_icon='left-open-big' data-av_iconset='svg_entypo-fontello' tabindex='-1' title=\"Zur\u00fcck\"><svg version=\"1.1\" xmlns=\"http:\/\/www.w3.org\/2000\/svg\" width=\"15\" height=\"32\" viewBox=\"0 0 15 32\" preserveAspectRatio=\"xMidYMid meet\" aria-labelledby='av-svg-title-11' aria-describedby='av-svg-desc-11' role=\"graphics-symbol\" aria-hidden=\"true\">\n<title id='av-svg-title-11'>Zur\u00fcck<\/title>\n<desc id='av-svg-desc-11'>Zur\u00fcck<\/desc>\n<path d=\"M14.464 27.84q0.832 0.832 0 1.536-0.832 0.832-1.536 0l-12.544-12.608q-0.768-0.768 0-1.6l12.544-12.608q0.704-0.832 1.536 0 0.832 0.704 0 1.536l-11.456 11.904z\"><\/path>\n<\/svg><span class='avia_hidden_link_text'>Zur\u00fcck<\/span><\/a><a href='#next' class='next-slide  avia-svg-icon avia-font-svg_entypo-fontello' data-av_svg_icon='right-open-big' data-av_iconset='svg_entypo-fontello' tabindex='-1' title=\"Weiter\"><svg version=\"1.1\" xmlns=\"http:\/\/www.w3.org\/2000\/svg\" width=\"15\" height=\"32\" viewBox=\"0 0 15 32\" preserveAspectRatio=\"xMidYMid meet\" aria-labelledby='av-svg-title-12' aria-describedby='av-svg-desc-12' role=\"graphics-symbol\" aria-hidden=\"true\">\n<title id='av-svg-title-12'>Weiter<\/title>\n<desc id='av-svg-desc-12'>Weiter<\/desc>\n<path d=\"M0.416 27.84l11.456-11.84-11.456-11.904q-0.832-0.832 0-1.536 0.832-0.832 1.536 0l12.544 12.608q0.768 0.832 0 1.6l-12.544 12.608q-0.704 0.832-1.536 0-0.832-0.704 0-1.536z\"><\/path>\n<\/svg><span class='avia_hidden_link_text'>Weiter<\/span><\/a><\/div><\/div>\n\n<\/div><\/div><\/div><!-- close content main div --><\/div><\/div><div id='av_section_8'  class='avia-section av-1vvpc7-8f6b31b007535fda63b026ead95283d0 main_color avia-section-default avia-no-shadow  avia-builder-el-38  el_after_av_section  el_before_av_section  avia-bg-style-scroll container_wrap fullsize'  ><div class='container av-section-cont-open' ><div class='template-page content  av-content-full alpha units'><div class='post-entry post-entry-type-page post-entry-4420'><div class='entry-content-wrapper clearfix'>\n\n<style type=\"text\/css\" data-created_by=\"avia_inline_auto\" id=\"style-css-av-lismv8g2-89f96e6771131e590840aed9926d425e\">\n#top .av-special-heading.av-lismv8g2-89f96e6771131e590840aed9926d425e{\npadding-bottom:10px;\n}\nbody .av-special-heading.av-lismv8g2-89f96e6771131e590840aed9926d425e .av-special-heading-tag .heading-char{\nfont-size:25px;\n}\n.av-special-heading.av-lismv8g2-89f96e6771131e590840aed9926d425e .av-subheading{\nfont-size:15px;\n}\n<\/style>\n<div  class='av-special-heading av-lismv8g2-89f96e6771131e590840aed9926d425e av-special-heading-h2 blockquote modern-quote  avia-builder-el-39  el_before_av_horizontal_gallery  avia-builder-el-no-sibling '><h2 class='av-special-heading-tag '  itemprop=\"headline\"  >Impressionen 2025<\/h2><div class=\"special-heading-border\"><div class=\"special-heading-inner-border\"><\/div><\/div><\/div>\n\n<style type=\"text\/css\" data-created_by=\"avia_inline_auto\" id=\"style-css-av-ls2zhvxd-5df4cfd61d661f88f0e1117da36713ce\">\n.av-horizontal-gallery.av-ls2zhvxd-5df4cfd61d661f88f0e1117da36713ce{\npadding:3.75% 0px;;\n}\n.av-horizontal-gallery.av-ls2zhvxd-5df4cfd61d661f88f0e1117da36713ce .av-horizontal-gallery-inner{\npadding-bottom:25%;\n}\n<\/style>\n<div  class='av-horizontal-gallery av-ls2zhvxd-5df4cfd61d661f88f0e1117da36713ce av-horizontal-gallery-large-gap av-horizontal-gallery-enlarge-effect  avia-builder-el-40  el_after_av_heading  avia-builder-el-last  av-slideshow-ui av-control-minimal av-nav-arrows-visible av-slideshow-manual av-loop-once av-loop-manual-once av-horizontal-gallery-1' data-slideshow-data=\"{&quot;enlarge&quot;:1.3,&quot;animation&quot;:&quot;slide&quot;,&quot;autoplay&quot;:false,&quot;loop_autoplay&quot;:&quot;once&quot;,&quot;interval&quot;:5,&quot;loop_manual&quot;:&quot;manual-once&quot;,&quot;autoplay_stopper&quot;:false,&quot;noNavigation&quot;:false,&quot;bg_slider&quot;:false,&quot;keep_padding&quot;:&quot;&quot;,&quot;hoverpause&quot;:false,&quot;show_slide_delay&quot;:0,&quot;initial&quot;:&quot;3&quot;}\"  itemprop=\"image\" itemscope=\"itemscope\" itemtype=\"https:\/\/schema.org\/ImageObject\" ><div class='avia-slideshow-arrows avia-slideshow-controls' ><a href='#prev' class='prev-slide av-horizontal-gallery-prev avia-svg-icon avia-font-svg_entypo-fontello' data-av_svg_icon='left-open-big' data-av_iconset='svg_entypo-fontello' tabindex='-1' title=\"Zur\u00fcck\"><svg version=\"1.1\" xmlns=\"http:\/\/www.w3.org\/2000\/svg\" width=\"15\" height=\"32\" viewBox=\"0 0 15 32\" preserveAspectRatio=\"xMidYMid meet\" aria-labelledby='av-svg-title-13' aria-describedby='av-svg-desc-13' role=\"graphics-symbol\" aria-hidden=\"true\">\n<title id='av-svg-title-13'>Zur\u00fcck<\/title>\n<desc id='av-svg-desc-13'>Zur\u00fcck<\/desc>\n<path d=\"M14.464 27.84q0.832 0.832 0 1.536-0.832 0.832-1.536 0l-12.544-12.608q-0.768-0.768 0-1.6l12.544-12.608q0.704-0.832 1.536 0 0.832 0.704 0 1.536l-11.456 11.904z\"><\/path>\n<\/svg><span class='avia_hidden_link_text'>Zur\u00fcck<\/span><\/a><a href='#next' class='next-slide av-horizontal-gallery-next avia-svg-icon avia-font-svg_entypo-fontello' data-av_svg_icon='right-open-big' data-av_iconset='svg_entypo-fontello' tabindex='-1' title=\"Weiter\"><svg version=\"1.1\" xmlns=\"http:\/\/www.w3.org\/2000\/svg\" width=\"15\" height=\"32\" viewBox=\"0 0 15 32\" preserveAspectRatio=\"xMidYMid meet\" aria-labelledby='av-svg-title-14' aria-describedby='av-svg-desc-14' role=\"graphics-symbol\" aria-hidden=\"true\">\n<title id='av-svg-title-14'>Weiter<\/title>\n<desc id='av-svg-desc-14'>Weiter<\/desc>\n<path d=\"M0.416 27.84l11.456-11.84-11.456-11.904q-0.832-0.832 0-1.536 0.832-0.832 1.536 0l12.544 12.608q0.768 0.832 0 1.6l-12.544 12.608q-0.704 0.832-1.536 0-0.832-0.704 0-1.536z\"><\/path>\n<\/svg><span class='avia_hidden_link_text'>Weiter<\/span><\/a><\/div><div class='avia-slideshow-dots avia-slideshow-controls av-horizontal-gallery-dots fade-in'><a href='#1' class='goto-slide active' >1<\/a><a href='#2' class='goto-slide ' >2<\/a><a href='#3' class='goto-slide ' >3<\/a><a href='#4' class='goto-slide ' >4<\/a><a href='#5' class='goto-slide ' >5<\/a><a href='#6' class='goto-slide ' >6<\/a><a href='#7' class='goto-slide ' >7<\/a><a href='#8' class='goto-slide ' >8<\/a><a href='#9' class='goto-slide ' >9<\/a><a href='#10' class='goto-slide ' >10<\/a><a href='#11' class='goto-slide ' >11<\/a><a href='#12' class='goto-slide ' >12<\/a><a href='#13' class='goto-slide ' >13<\/a><a href='#14' class='goto-slide ' >14<\/a><a href='#15' class='goto-slide ' >15<\/a><a href='#16' class='goto-slide ' >16<\/a><a href='#17' class='goto-slide ' >17<\/a><a href='#18' class='goto-slide ' >18<\/a><a href='#19' class='goto-slide ' >19<\/a><\/div><div class='av-horizontal-gallery-inner' data-av-height='25'><div class=\"av-horizontal-gallery-slider\"><div class=\"av-horizontal-gallery-wrap noHover\"><img decoding=\"async\" fetchpriority=\"high\" class='wp-image-5986 avia-img-lazy-loading-not-5986 av-horizontal-gallery-img' width=\"2048\" height=\"1365\" src=\"https:\/\/dfvcg-events.de\/hotelimmobilien-kongress\/wp-content\/uploads\/sites\/6\/2025\/07\/Hotelimmobilien-Kongress-7.jpg\" title='Hotelimmobilien-Kongress-7' alt='' srcset=\"https:\/\/dfvcg-events.de\/hotelimmobilien-kongress\/wp-content\/uploads\/sites\/6\/2025\/07\/Hotelimmobilien-Kongress-7.jpg 2048w, https:\/\/dfvcg-events.de\/hotelimmobilien-kongress\/wp-content\/uploads\/sites\/6\/2025\/07\/Hotelimmobilien-Kongress-7-705x470.jpg 705w\" sizes=\"(max-width: 2048px) 100vw, 2048px\" \/><a href=\"https:\/\/dfvcg-events.de\/hotelimmobilien-kongress\/wp-content\/uploads\/sites\/6\/2025\/07\/Hotelimmobilien-Kongress-7.jpg\" data-srcset=\"https:\/\/dfvcg-events.de\/hotelimmobilien-kongress\/wp-content\/uploads\/sites\/6\/2025\/07\/Hotelimmobilien-Kongress-7.jpg 2048w, https:\/\/dfvcg-events.de\/hotelimmobilien-kongress\/wp-content\/uploads\/sites\/6\/2025\/07\/Hotelimmobilien-Kongress-7-705x470.jpg 705w\" data-sizes=\"(max-width: 1030px) 100vw, 1030px\" class='av-horizontal-gallery-link avia-svg-icon avia-font-svg_entypo-fontello' data-av_svg_icon='resize-full' data-av_iconset='svg_entypo-fontello' title='Hotelimmobilien-Kongress-7' alt='' aria-label='Open image in lightbox: Hotelimmobilien-Kongress-7'><svg version=\"1.1\" xmlns=\"http:\/\/www.w3.org\/2000\/svg\" width=\"25\" height=\"32\" viewBox=\"0 0 25 32\" preserveAspectRatio=\"xMidYMid meet\" aria-labelledby='av-svg-title-15' aria-describedby='av-svg-desc-15' role=\"graphics-symbol\" aria-hidden=\"true\">\n<title id='av-svg-title-15'>Open image in lightbox: Hotelimmobilien-Kongress-7<\/title>\n<desc id='av-svg-desc-15'>Open image in lightbox: Hotelimmobilien-Kongress-7<\/desc>\n<path d=\"M15.232 3.328h10.112v10.112l-3.2-3.968-4.672 4.864-3.2-3.2 4.864-4.672zM7.872 17.536l3.2 3.2-4.864 4.672 3.904 3.2h-10.112v-10.112l3.2 3.904z\"><\/path>\n<\/svg><\/a><\/div><div class=\"av-horizontal-gallery-wrap noHover\"><img decoding=\"async\" fetchpriority=\"high\" class='wp-image-5975 avia-img-lazy-loading-not-5975 av-horizontal-gallery-img' width=\"2048\" height=\"1365\" src=\"https:\/\/dfvcg-events.de\/hotelimmobilien-kongress\/wp-content\/uploads\/sites\/6\/2025\/07\/Hotelimmobilien-Kongress_Inestment-11.jpg\" title='Hotelimmobilien-Kongress_Inestment-11' alt='' srcset=\"https:\/\/dfvcg-events.de\/hotelimmobilien-kongress\/wp-content\/uploads\/sites\/6\/2025\/07\/Hotelimmobilien-Kongress_Inestment-11.jpg 2048w, https:\/\/dfvcg-events.de\/hotelimmobilien-kongress\/wp-content\/uploads\/sites\/6\/2025\/07\/Hotelimmobilien-Kongress_Inestment-11-705x470.jpg 705w\" sizes=\"(max-width: 2048px) 100vw, 2048px\" \/><a href=\"https:\/\/dfvcg-events.de\/hotelimmobilien-kongress\/wp-content\/uploads\/sites\/6\/2025\/07\/Hotelimmobilien-Kongress_Inestment-11.jpg\" data-srcset=\"https:\/\/dfvcg-events.de\/hotelimmobilien-kongress\/wp-content\/uploads\/sites\/6\/2025\/07\/Hotelimmobilien-Kongress_Inestment-11.jpg 2048w, https:\/\/dfvcg-events.de\/hotelimmobilien-kongress\/wp-content\/uploads\/sites\/6\/2025\/07\/Hotelimmobilien-Kongress_Inestment-11-705x470.jpg 705w\" data-sizes=\"(max-width: 1030px) 100vw, 1030px\" class='av-horizontal-gallery-link avia-svg-icon avia-font-svg_entypo-fontello' data-av_svg_icon='resize-full' data-av_iconset='svg_entypo-fontello' title='Hotelimmobilien-Kongress_Inestment-11' alt='' aria-label='Open image in lightbox: Hotelimmobilien-Kongress_Inestment-11'><svg version=\"1.1\" xmlns=\"http:\/\/www.w3.org\/2000\/svg\" width=\"25\" height=\"32\" viewBox=\"0 0 25 32\" preserveAspectRatio=\"xMidYMid meet\" aria-labelledby='av-svg-title-16' aria-describedby='av-svg-desc-16' role=\"graphics-symbol\" aria-hidden=\"true\">\n<title id='av-svg-title-16'>Open image in lightbox: Hotelimmobilien-Kongress_Inestment-11<\/title>\n<desc id='av-svg-desc-16'>Open image in lightbox: Hotelimmobilien-Kongress_Inestment-11<\/desc>\n<path d=\"M15.232 3.328h10.112v10.112l-3.2-3.968-4.672 4.864-3.2-3.2 4.864-4.672zM7.872 17.536l3.2 3.2-4.864 4.672 3.904 3.2h-10.112v-10.112l3.2 3.904z\"><\/path>\n<\/svg><\/a><\/div><div class=\"av-horizontal-gallery-wrap noHover\"><img decoding=\"async\" fetchpriority=\"high\" class='wp-image-5992 avia-img-lazy-loading-not-5992 av-horizontal-gallery-img' width=\"2048\" height=\"1365\" src=\"https:\/\/dfvcg-events.de\/hotelimmobilien-kongress\/wp-content\/uploads\/sites\/6\/2025\/07\/Hotelimmobilien-Kongress-41.jpg\" title='Hotelimmobilien-Kongress-41' alt='' srcset=\"https:\/\/dfvcg-events.de\/hotelimmobilien-kongress\/wp-content\/uploads\/sites\/6\/2025\/07\/Hotelimmobilien-Kongress-41.jpg 2048w, https:\/\/dfvcg-events.de\/hotelimmobilien-kongress\/wp-content\/uploads\/sites\/6\/2025\/07\/Hotelimmobilien-Kongress-41-705x470.jpg 705w\" sizes=\"(max-width: 2048px) 100vw, 2048px\" \/><a href=\"https:\/\/dfvcg-events.de\/hotelimmobilien-kongress\/wp-content\/uploads\/sites\/6\/2025\/07\/Hotelimmobilien-Kongress-41.jpg\" data-srcset=\"https:\/\/dfvcg-events.de\/hotelimmobilien-kongress\/wp-content\/uploads\/sites\/6\/2025\/07\/Hotelimmobilien-Kongress-41.jpg 2048w, https:\/\/dfvcg-events.de\/hotelimmobilien-kongress\/wp-content\/uploads\/sites\/6\/2025\/07\/Hotelimmobilien-Kongress-41-705x470.jpg 705w\" data-sizes=\"(max-width: 1030px) 100vw, 1030px\" class='av-horizontal-gallery-link avia-svg-icon avia-font-svg_entypo-fontello' data-av_svg_icon='resize-full' data-av_iconset='svg_entypo-fontello' title='Hotelimmobilien-Kongress-41' alt='' aria-label='Open image in lightbox: Hotelimmobilien-Kongress-41'><svg version=\"1.1\" xmlns=\"http:\/\/www.w3.org\/2000\/svg\" width=\"25\" height=\"32\" viewBox=\"0 0 25 32\" preserveAspectRatio=\"xMidYMid meet\" aria-labelledby='av-svg-title-17' aria-describedby='av-svg-desc-17' role=\"graphics-symbol\" aria-hidden=\"true\">\n<title id='av-svg-title-17'>Open image in lightbox: Hotelimmobilien-Kongress-41<\/title>\n<desc id='av-svg-desc-17'>Open image in lightbox: Hotelimmobilien-Kongress-41<\/desc>\n<path d=\"M15.232 3.328h10.112v10.112l-3.2-3.968-4.672 4.864-3.2-3.2 4.864-4.672zM7.872 17.536l3.2 3.2-4.864 4.672 3.904 3.2h-10.112v-10.112l3.2 3.904z\"><\/path>\n<\/svg><\/a><\/div><div class=\"av-horizontal-gallery-wrap noHover\"><img decoding=\"async\" fetchpriority=\"high\" class='wp-image-5976 avia-img-lazy-loading-not-5976 av-horizontal-gallery-img' width=\"2048\" height=\"1365\" src=\"https:\/\/dfvcg-events.de\/hotelimmobilien-kongress\/wp-content\/uploads\/sites\/6\/2025\/07\/Hotelimmobilien-Kongress_Seeholzer-3.jpg\" title='Hotelimmobilien-Kongress_Seeholzer-3' alt='' srcset=\"https:\/\/dfvcg-events.de\/hotelimmobilien-kongress\/wp-content\/uploads\/sites\/6\/2025\/07\/Hotelimmobilien-Kongress_Seeholzer-3.jpg 2048w, https:\/\/dfvcg-events.de\/hotelimmobilien-kongress\/wp-content\/uploads\/sites\/6\/2025\/07\/Hotelimmobilien-Kongress_Seeholzer-3-705x470.jpg 705w\" sizes=\"(max-width: 2048px) 100vw, 2048px\" \/><a href=\"https:\/\/dfvcg-events.de\/hotelimmobilien-kongress\/wp-content\/uploads\/sites\/6\/2025\/07\/Hotelimmobilien-Kongress_Seeholzer-3.jpg\" data-srcset=\"https:\/\/dfvcg-events.de\/hotelimmobilien-kongress\/wp-content\/uploads\/sites\/6\/2025\/07\/Hotelimmobilien-Kongress_Seeholzer-3.jpg 2048w, https:\/\/dfvcg-events.de\/hotelimmobilien-kongress\/wp-content\/uploads\/sites\/6\/2025\/07\/Hotelimmobilien-Kongress_Seeholzer-3-705x470.jpg 705w\" data-sizes=\"(max-width: 1030px) 100vw, 1030px\" class='av-horizontal-gallery-link avia-svg-icon avia-font-svg_entypo-fontello' data-av_svg_icon='resize-full' data-av_iconset='svg_entypo-fontello' title='Hotelimmobilien-Kongress_Seeholzer-3' alt='' aria-label='Open image in lightbox: Hotelimmobilien-Kongress_Seeholzer-3'><svg version=\"1.1\" xmlns=\"http:\/\/www.w3.org\/2000\/svg\" width=\"25\" height=\"32\" viewBox=\"0 0 25 32\" preserveAspectRatio=\"xMidYMid meet\" aria-labelledby='av-svg-title-18' aria-describedby='av-svg-desc-18' role=\"graphics-symbol\" aria-hidden=\"true\">\n<title id='av-svg-title-18'>Open image in lightbox: Hotelimmobilien-Kongress_Seeholzer-3<\/title>\n<desc id='av-svg-desc-18'>Open image in lightbox: Hotelimmobilien-Kongress_Seeholzer-3<\/desc>\n<path d=\"M15.232 3.328h10.112v10.112l-3.2-3.968-4.672 4.864-3.2-3.2 4.864-4.672zM7.872 17.536l3.2 3.2-4.864 4.672 3.904 3.2h-10.112v-10.112l3.2 3.904z\"><\/path>\n<\/svg><\/a><\/div><div class=\"av-horizontal-gallery-wrap noHover\"><img decoding=\"async\" fetchpriority=\"high\" class='wp-image-5990 avia-img-lazy-loading-not-5990 av-horizontal-gallery-img' width=\"2048\" height=\"1365\" src=\"https:\/\/dfvcg-events.de\/hotelimmobilien-kongress\/wp-content\/uploads\/sites\/6\/2025\/07\/Hotelimmobilien-Kongress-37.jpg\" title='Hotelimmobilien-Kongress-37' alt='' srcset=\"https:\/\/dfvcg-events.de\/hotelimmobilien-kongress\/wp-content\/uploads\/sites\/6\/2025\/07\/Hotelimmobilien-Kongress-37.jpg 2048w, https:\/\/dfvcg-events.de\/hotelimmobilien-kongress\/wp-content\/uploads\/sites\/6\/2025\/07\/Hotelimmobilien-Kongress-37-705x470.jpg 705w\" sizes=\"(max-width: 2048px) 100vw, 2048px\" \/><a href=\"https:\/\/dfvcg-events.de\/hotelimmobilien-kongress\/wp-content\/uploads\/sites\/6\/2025\/07\/Hotelimmobilien-Kongress-37.jpg\" data-srcset=\"https:\/\/dfvcg-events.de\/hotelimmobilien-kongress\/wp-content\/uploads\/sites\/6\/2025\/07\/Hotelimmobilien-Kongress-37.jpg 2048w, https:\/\/dfvcg-events.de\/hotelimmobilien-kongress\/wp-content\/uploads\/sites\/6\/2025\/07\/Hotelimmobilien-Kongress-37-705x470.jpg 705w\" data-sizes=\"(max-width: 1030px) 100vw, 1030px\" class='av-horizontal-gallery-link avia-svg-icon avia-font-svg_entypo-fontello' data-av_svg_icon='resize-full' data-av_iconset='svg_entypo-fontello' title='Hotelimmobilien-Kongress-37' alt='' aria-label='Open image in lightbox: Hotelimmobilien-Kongress-37'><svg version=\"1.1\" xmlns=\"http:\/\/www.w3.org\/2000\/svg\" width=\"25\" height=\"32\" viewBox=\"0 0 25 32\" preserveAspectRatio=\"xMidYMid meet\" aria-labelledby='av-svg-title-19' aria-describedby='av-svg-desc-19' role=\"graphics-symbol\" aria-hidden=\"true\">\n<title id='av-svg-title-19'>Open image in lightbox: Hotelimmobilien-Kongress-37<\/title>\n<desc id='av-svg-desc-19'>Open image in lightbox: Hotelimmobilien-Kongress-37<\/desc>\n<path d=\"M15.232 3.328h10.112v10.112l-3.2-3.968-4.672 4.864-3.2-3.2 4.864-4.672zM7.872 17.536l3.2 3.2-4.864 4.672 3.904 3.2h-10.112v-10.112l3.2 3.904z\"><\/path>\n<\/svg><\/a><\/div><div class=\"av-horizontal-gallery-wrap noHover\"><img decoding=\"async\" fetchpriority=\"high\" class='wp-image-5983 avia-img-lazy-loading-not-5983 av-horizontal-gallery-img' width=\"2048\" height=\"1365\" src=\"https:\/\/dfvcg-events.de\/hotelimmobilien-kongress\/wp-content\/uploads\/sites\/6\/2025\/07\/Hotelimmobilien-Kongress_Together-36.jpg\" title='Hotelimmobilien-Kongress_Together-36' alt='' srcset=\"https:\/\/dfvcg-events.de\/hotelimmobilien-kongress\/wp-content\/uploads\/sites\/6\/2025\/07\/Hotelimmobilien-Kongress_Together-36.jpg 2048w, https:\/\/dfvcg-events.de\/hotelimmobilien-kongress\/wp-content\/uploads\/sites\/6\/2025\/07\/Hotelimmobilien-Kongress_Together-36-705x470.jpg 705w\" sizes=\"(max-width: 2048px) 100vw, 2048px\" \/><a href=\"https:\/\/dfvcg-events.de\/hotelimmobilien-kongress\/wp-content\/uploads\/sites\/6\/2025\/07\/Hotelimmobilien-Kongress_Together-36.jpg\" data-srcset=\"https:\/\/dfvcg-events.de\/hotelimmobilien-kongress\/wp-content\/uploads\/sites\/6\/2025\/07\/Hotelimmobilien-Kongress_Together-36.jpg 2048w, https:\/\/dfvcg-events.de\/hotelimmobilien-kongress\/wp-content\/uploads\/sites\/6\/2025\/07\/Hotelimmobilien-Kongress_Together-36-705x470.jpg 705w\" data-sizes=\"(max-width: 1030px) 100vw, 1030px\" class='av-horizontal-gallery-link avia-svg-icon avia-font-svg_entypo-fontello' data-av_svg_icon='resize-full' data-av_iconset='svg_entypo-fontello' title='Hotelimmobilien-Kongress_Together-36' alt='' aria-label='Open image in lightbox: Hotelimmobilien-Kongress_Together-36'><svg version=\"1.1\" xmlns=\"http:\/\/www.w3.org\/2000\/svg\" width=\"25\" height=\"32\" viewBox=\"0 0 25 32\" preserveAspectRatio=\"xMidYMid meet\" aria-labelledby='av-svg-title-20' aria-describedby='av-svg-desc-20' role=\"graphics-symbol\" aria-hidden=\"true\">\n<title id='av-svg-title-20'>Open image in lightbox: Hotelimmobilien-Kongress_Together-36<\/title>\n<desc id='av-svg-desc-20'>Open image in lightbox: Hotelimmobilien-Kongress_Together-36<\/desc>\n<path d=\"M15.232 3.328h10.112v10.112l-3.2-3.968-4.672 4.864-3.2-3.2 4.864-4.672zM7.872 17.536l3.2 3.2-4.864 4.672 3.904 3.2h-10.112v-10.112l3.2 3.904z\"><\/path>\n<\/svg><\/a><\/div><div class=\"av-horizontal-gallery-wrap noHover\"><img decoding=\"async\" fetchpriority=\"high\" class='wp-image-5978 avia-img-lazy-loading-not-5978 av-horizontal-gallery-img' width=\"2048\" height=\"1365\" src=\"https:\/\/dfvcg-events.de\/hotelimmobilien-kongress\/wp-content\/uploads\/sites\/6\/2025\/07\/Hotelimmobilien-Kongress_Together-15.jpg\" title='Hotelimmobilien-Kongress_Together-15' alt='' srcset=\"https:\/\/dfvcg-events.de\/hotelimmobilien-kongress\/wp-content\/uploads\/sites\/6\/2025\/07\/Hotelimmobilien-Kongress_Together-15.jpg 2048w, https:\/\/dfvcg-events.de\/hotelimmobilien-kongress\/wp-content\/uploads\/sites\/6\/2025\/07\/Hotelimmobilien-Kongress_Together-15-705x470.jpg 705w\" sizes=\"(max-width: 2048px) 100vw, 2048px\" \/><a href=\"https:\/\/dfvcg-events.de\/hotelimmobilien-kongress\/wp-content\/uploads\/sites\/6\/2025\/07\/Hotelimmobilien-Kongress_Together-15.jpg\" data-srcset=\"https:\/\/dfvcg-events.de\/hotelimmobilien-kongress\/wp-content\/uploads\/sites\/6\/2025\/07\/Hotelimmobilien-Kongress_Together-15.jpg 2048w, https:\/\/dfvcg-events.de\/hotelimmobilien-kongress\/wp-content\/uploads\/sites\/6\/2025\/07\/Hotelimmobilien-Kongress_Together-15-705x470.jpg 705w\" data-sizes=\"(max-width: 1030px) 100vw, 1030px\" class='av-horizontal-gallery-link avia-svg-icon avia-font-svg_entypo-fontello' data-av_svg_icon='resize-full' data-av_iconset='svg_entypo-fontello' title='Hotelimmobilien-Kongress_Together-15' alt='' aria-label='Open image in lightbox: Hotelimmobilien-Kongress_Together-15'><svg version=\"1.1\" xmlns=\"http:\/\/www.w3.org\/2000\/svg\" width=\"25\" height=\"32\" viewBox=\"0 0 25 32\" preserveAspectRatio=\"xMidYMid meet\" aria-labelledby='av-svg-title-21' aria-describedby='av-svg-desc-21' role=\"graphics-symbol\" aria-hidden=\"true\">\n<title id='av-svg-title-21'>Open image in lightbox: Hotelimmobilien-Kongress_Together-15<\/title>\n<desc id='av-svg-desc-21'>Open image in lightbox: Hotelimmobilien-Kongress_Together-15<\/desc>\n<path d=\"M15.232 3.328h10.112v10.112l-3.2-3.968-4.672 4.864-3.2-3.2 4.864-4.672zM7.872 17.536l3.2 3.2-4.864 4.672 3.904 3.2h-10.112v-10.112l3.2 3.904z\"><\/path>\n<\/svg><\/a><\/div><div class=\"av-horizontal-gallery-wrap noHover\"><img decoding=\"async\" fetchpriority=\"high\" class='wp-image-5973 avia-img-lazy-loading-not-5973 av-horizontal-gallery-img' width=\"5472\" height=\"3648\" src=\"https:\/\/dfvcg-events.de\/hotelimmobilien-kongress\/wp-content\/uploads\/sites\/6\/2025\/07\/Hotelimmobilien-Kongress_Fuehrung-4.jpg\" title='Hotelimmobilien-Kongress_Fuehrung-4' alt='' srcset=\"https:\/\/dfvcg-events.de\/hotelimmobilien-kongress\/wp-content\/uploads\/sites\/6\/2025\/07\/Hotelimmobilien-Kongress_Fuehrung-4.jpg 5472w, https:\/\/dfvcg-events.de\/hotelimmobilien-kongress\/wp-content\/uploads\/sites\/6\/2025\/07\/Hotelimmobilien-Kongress_Fuehrung-4-705x470.jpg 705w\" sizes=\"(max-width: 5472px) 100vw, 5472px\" \/><a href=\"https:\/\/dfvcg-events.de\/hotelimmobilien-kongress\/wp-content\/uploads\/sites\/6\/2025\/07\/Hotelimmobilien-Kongress_Fuehrung-4.jpg\" data-srcset=\"https:\/\/dfvcg-events.de\/hotelimmobilien-kongress\/wp-content\/uploads\/sites\/6\/2025\/07\/Hotelimmobilien-Kongress_Fuehrung-4.jpg 5472w, https:\/\/dfvcg-events.de\/hotelimmobilien-kongress\/wp-content\/uploads\/sites\/6\/2025\/07\/Hotelimmobilien-Kongress_Fuehrung-4-705x470.jpg 705w\" data-sizes=\"(max-width: 1030px) 100vw, 1030px\" class='av-horizontal-gallery-link avia-svg-icon avia-font-svg_entypo-fontello' data-av_svg_icon='resize-full' data-av_iconset='svg_entypo-fontello' title='Hotelimmobilien-Kongress_Fuehrung-4' alt='' aria-label='Open image in lightbox: Hotelimmobilien-Kongress_Fuehrung-4'><svg version=\"1.1\" xmlns=\"http:\/\/www.w3.org\/2000\/svg\" width=\"25\" height=\"32\" viewBox=\"0 0 25 32\" preserveAspectRatio=\"xMidYMid meet\" aria-labelledby='av-svg-title-22' aria-describedby='av-svg-desc-22' role=\"graphics-symbol\" aria-hidden=\"true\">\n<title id='av-svg-title-22'>Open image in lightbox: Hotelimmobilien-Kongress_Fuehrung-4<\/title>\n<desc id='av-svg-desc-22'>Open image in lightbox: Hotelimmobilien-Kongress_Fuehrung-4<\/desc>\n<path d=\"M15.232 3.328h10.112v10.112l-3.2-3.968-4.672 4.864-3.2-3.2 4.864-4.672zM7.872 17.536l3.2 3.2-4.864 4.672 3.904 3.2h-10.112v-10.112l3.2 3.904z\"><\/path>\n<\/svg><\/a><\/div><div class=\"av-horizontal-gallery-wrap noHover\"><img decoding=\"async\" fetchpriority=\"high\" class='wp-image-5974 avia-img-lazy-loading-not-5974 av-horizontal-gallery-img' width=\"5472\" height=\"3648\" src=\"https:\/\/dfvcg-events.de\/hotelimmobilien-kongress\/wp-content\/uploads\/sites\/6\/2025\/07\/Hotelimmobilien-Kongress_Fuehrung-11.jpg\" title='Hotelimmobilien-Kongress_Fuehrung-11' alt='' srcset=\"https:\/\/dfvcg-events.de\/hotelimmobilien-kongress\/wp-content\/uploads\/sites\/6\/2025\/07\/Hotelimmobilien-Kongress_Fuehrung-11.jpg 5472w, https:\/\/dfvcg-events.de\/hotelimmobilien-kongress\/wp-content\/uploads\/sites\/6\/2025\/07\/Hotelimmobilien-Kongress_Fuehrung-11-705x470.jpg 705w\" sizes=\"(max-width: 5472px) 100vw, 5472px\" \/><a href=\"https:\/\/dfvcg-events.de\/hotelimmobilien-kongress\/wp-content\/uploads\/sites\/6\/2025\/07\/Hotelimmobilien-Kongress_Fuehrung-11.jpg\" data-srcset=\"https:\/\/dfvcg-events.de\/hotelimmobilien-kongress\/wp-content\/uploads\/sites\/6\/2025\/07\/Hotelimmobilien-Kongress_Fuehrung-11.jpg 5472w, https:\/\/dfvcg-events.de\/hotelimmobilien-kongress\/wp-content\/uploads\/sites\/6\/2025\/07\/Hotelimmobilien-Kongress_Fuehrung-11-705x470.jpg 705w\" data-sizes=\"(max-width: 1030px) 100vw, 1030px\" class='av-horizontal-gallery-link avia-svg-icon avia-font-svg_entypo-fontello' data-av_svg_icon='resize-full' data-av_iconset='svg_entypo-fontello' title='Hotelimmobilien-Kongress_Fuehrung-11' alt='' aria-label='Open image in lightbox: Hotelimmobilien-Kongress_Fuehrung-11'><svg version=\"1.1\" xmlns=\"http:\/\/www.w3.org\/2000\/svg\" width=\"25\" height=\"32\" viewBox=\"0 0 25 32\" preserveAspectRatio=\"xMidYMid meet\" aria-labelledby='av-svg-title-23' aria-describedby='av-svg-desc-23' role=\"graphics-symbol\" aria-hidden=\"true\">\n<title id='av-svg-title-23'>Open image in lightbox: Hotelimmobilien-Kongress_Fuehrung-11<\/title>\n<desc id='av-svg-desc-23'>Open image in lightbox: Hotelimmobilien-Kongress_Fuehrung-11<\/desc>\n<path d=\"M15.232 3.328h10.112v10.112l-3.2-3.968-4.672 4.864-3.2-3.2 4.864-4.672zM7.872 17.536l3.2 3.2-4.864 4.672 3.904 3.2h-10.112v-10.112l3.2 3.904z\"><\/path>\n<\/svg><\/a><\/div><div class=\"av-horizontal-gallery-wrap noHover\"><img decoding=\"async\" fetchpriority=\"high\" class='wp-image-5987 avia-img-lazy-loading-not-5987 av-horizontal-gallery-img' width=\"2048\" height=\"1365\" src=\"https:\/\/dfvcg-events.de\/hotelimmobilien-kongress\/wp-content\/uploads\/sites\/6\/2025\/07\/Hotelimmobilien-Kongress-29.jpg\" title='Hotelimmobilien-Kongress-29' alt='' srcset=\"https:\/\/dfvcg-events.de\/hotelimmobilien-kongress\/wp-content\/uploads\/sites\/6\/2025\/07\/Hotelimmobilien-Kongress-29.jpg 2048w, https:\/\/dfvcg-events.de\/hotelimmobilien-kongress\/wp-content\/uploads\/sites\/6\/2025\/07\/Hotelimmobilien-Kongress-29-705x470.jpg 705w\" sizes=\"(max-width: 2048px) 100vw, 2048px\" \/><a href=\"https:\/\/dfvcg-events.de\/hotelimmobilien-kongress\/wp-content\/uploads\/sites\/6\/2025\/07\/Hotelimmobilien-Kongress-29.jpg\" data-srcset=\"https:\/\/dfvcg-events.de\/hotelimmobilien-kongress\/wp-content\/uploads\/sites\/6\/2025\/07\/Hotelimmobilien-Kongress-29.jpg 2048w, https:\/\/dfvcg-events.de\/hotelimmobilien-kongress\/wp-content\/uploads\/sites\/6\/2025\/07\/Hotelimmobilien-Kongress-29-705x470.jpg 705w\" data-sizes=\"(max-width: 1030px) 100vw, 1030px\" class='av-horizontal-gallery-link avia-svg-icon avia-font-svg_entypo-fontello' data-av_svg_icon='resize-full' data-av_iconset='svg_entypo-fontello' title='Hotelimmobilien-Kongress-29' alt='' aria-label='Open image in lightbox: Hotelimmobilien-Kongress-29'><svg version=\"1.1\" xmlns=\"http:\/\/www.w3.org\/2000\/svg\" width=\"25\" height=\"32\" viewBox=\"0 0 25 32\" preserveAspectRatio=\"xMidYMid meet\" aria-labelledby='av-svg-title-24' aria-describedby='av-svg-desc-24' role=\"graphics-symbol\" aria-hidden=\"true\">\n<title id='av-svg-title-24'>Open image in lightbox: Hotelimmobilien-Kongress-29<\/title>\n<desc id='av-svg-desc-24'>Open image in lightbox: Hotelimmobilien-Kongress-29<\/desc>\n<path d=\"M15.232 3.328h10.112v10.112l-3.2-3.968-4.672 4.864-3.2-3.2 4.864-4.672zM7.872 17.536l3.2 3.2-4.864 4.672 3.904 3.2h-10.112v-10.112l3.2 3.904z\"><\/path>\n<\/svg><\/a><\/div><div class=\"av-horizontal-gallery-wrap noHover\"><img decoding=\"async\" fetchpriority=\"high\" class='wp-image-5991 avia-img-lazy-loading-not-5991 av-horizontal-gallery-img' width=\"2048\" height=\"1365\" src=\"https:\/\/dfvcg-events.de\/hotelimmobilien-kongress\/wp-content\/uploads\/sites\/6\/2025\/07\/Hotelimmobilien-Kongress-39.jpg\" title='Hotelimmobilien-Kongress-39' alt='' srcset=\"https:\/\/dfvcg-events.de\/hotelimmobilien-kongress\/wp-content\/uploads\/sites\/6\/2025\/07\/Hotelimmobilien-Kongress-39.jpg 2048w, https:\/\/dfvcg-events.de\/hotelimmobilien-kongress\/wp-content\/uploads\/sites\/6\/2025\/07\/Hotelimmobilien-Kongress-39-705x470.jpg 705w\" sizes=\"(max-width: 2048px) 100vw, 2048px\" \/><a href=\"https:\/\/dfvcg-events.de\/hotelimmobilien-kongress\/wp-content\/uploads\/sites\/6\/2025\/07\/Hotelimmobilien-Kongress-39.jpg\" data-srcset=\"https:\/\/dfvcg-events.de\/hotelimmobilien-kongress\/wp-content\/uploads\/sites\/6\/2025\/07\/Hotelimmobilien-Kongress-39.jpg 2048w, https:\/\/dfvcg-events.de\/hotelimmobilien-kongress\/wp-content\/uploads\/sites\/6\/2025\/07\/Hotelimmobilien-Kongress-39-705x470.jpg 705w\" data-sizes=\"(max-width: 1030px) 100vw, 1030px\" class='av-horizontal-gallery-link avia-svg-icon avia-font-svg_entypo-fontello' data-av_svg_icon='resize-full' data-av_iconset='svg_entypo-fontello' title='Hotelimmobilien-Kongress-39' alt='' aria-label='Open image in lightbox: Hotelimmobilien-Kongress-39'><svg version=\"1.1\" xmlns=\"http:\/\/www.w3.org\/2000\/svg\" width=\"25\" height=\"32\" viewBox=\"0 0 25 32\" preserveAspectRatio=\"xMidYMid meet\" aria-labelledby='av-svg-title-25' aria-describedby='av-svg-desc-25' role=\"graphics-symbol\" aria-hidden=\"true\">\n<title id='av-svg-title-25'>Open image in lightbox: Hotelimmobilien-Kongress-39<\/title>\n<desc id='av-svg-desc-25'>Open image in lightbox: Hotelimmobilien-Kongress-39<\/desc>\n<path d=\"M15.232 3.328h10.112v10.112l-3.2-3.968-4.672 4.864-3.2-3.2 4.864-4.672zM7.872 17.536l3.2 3.2-4.864 4.672 3.904 3.2h-10.112v-10.112l3.2 3.904z\"><\/path>\n<\/svg><\/a><\/div><div class=\"av-horizontal-gallery-wrap noHover\"><img decoding=\"async\" fetchpriority=\"high\" class='wp-image-5993 avia-img-lazy-loading-not-5993 av-horizontal-gallery-img' width=\"2048\" height=\"1365\" src=\"https:\/\/dfvcg-events.de\/hotelimmobilien-kongress\/wp-content\/uploads\/sites\/6\/2025\/07\/Hotelimmobilien-Kongress-43.jpg\" title='Hotelimmobilien-Kongress-43' alt='' srcset=\"https:\/\/dfvcg-events.de\/hotelimmobilien-kongress\/wp-content\/uploads\/sites\/6\/2025\/07\/Hotelimmobilien-Kongress-43.jpg 2048w, https:\/\/dfvcg-events.de\/hotelimmobilien-kongress\/wp-content\/uploads\/sites\/6\/2025\/07\/Hotelimmobilien-Kongress-43-705x470.jpg 705w\" sizes=\"(max-width: 2048px) 100vw, 2048px\" \/><a href=\"https:\/\/dfvcg-events.de\/hotelimmobilien-kongress\/wp-content\/uploads\/sites\/6\/2025\/07\/Hotelimmobilien-Kongress-43.jpg\" data-srcset=\"https:\/\/dfvcg-events.de\/hotelimmobilien-kongress\/wp-content\/uploads\/sites\/6\/2025\/07\/Hotelimmobilien-Kongress-43.jpg 2048w, https:\/\/dfvcg-events.de\/hotelimmobilien-kongress\/wp-content\/uploads\/sites\/6\/2025\/07\/Hotelimmobilien-Kongress-43-705x470.jpg 705w\" data-sizes=\"(max-width: 1030px) 100vw, 1030px\" class='av-horizontal-gallery-link avia-svg-icon avia-font-svg_entypo-fontello' data-av_svg_icon='resize-full' data-av_iconset='svg_entypo-fontello' title='Hotelimmobilien-Kongress-43' alt='' aria-label='Open image in lightbox: Hotelimmobilien-Kongress-43'><svg version=\"1.1\" xmlns=\"http:\/\/www.w3.org\/2000\/svg\" width=\"25\" height=\"32\" viewBox=\"0 0 25 32\" preserveAspectRatio=\"xMidYMid meet\" aria-labelledby='av-svg-title-26' aria-describedby='av-svg-desc-26' role=\"graphics-symbol\" aria-hidden=\"true\">\n<title id='av-svg-title-26'>Open image in lightbox: Hotelimmobilien-Kongress-43<\/title>\n<desc id='av-svg-desc-26'>Open image in lightbox: Hotelimmobilien-Kongress-43<\/desc>\n<path d=\"M15.232 3.328h10.112v10.112l-3.2-3.968-4.672 4.864-3.2-3.2 4.864-4.672zM7.872 17.536l3.2 3.2-4.864 4.672 3.904 3.2h-10.112v-10.112l3.2 3.904z\"><\/path>\n<\/svg><\/a><\/div><div class=\"av-horizontal-gallery-wrap noHover\"><img decoding=\"async\" fetchpriority=\"high\" class='wp-image-5996 avia-img-lazy-loading-not-5996 av-horizontal-gallery-img' width=\"2048\" height=\"1365\" src=\"https:\/\/dfvcg-events.de\/hotelimmobilien-kongress\/wp-content\/uploads\/sites\/6\/2025\/07\/Hotelimmobilien-Kongress-40.jpg\" title='Hotelimmobilien-Kongress-40' alt='' srcset=\"https:\/\/dfvcg-events.de\/hotelimmobilien-kongress\/wp-content\/uploads\/sites\/6\/2025\/07\/Hotelimmobilien-Kongress-40.jpg 2048w, https:\/\/dfvcg-events.de\/hotelimmobilien-kongress\/wp-content\/uploads\/sites\/6\/2025\/07\/Hotelimmobilien-Kongress-40-705x470.jpg 705w\" sizes=\"(max-width: 2048px) 100vw, 2048px\" \/><a href=\"https:\/\/dfvcg-events.de\/hotelimmobilien-kongress\/wp-content\/uploads\/sites\/6\/2025\/07\/Hotelimmobilien-Kongress-40.jpg\" data-srcset=\"https:\/\/dfvcg-events.de\/hotelimmobilien-kongress\/wp-content\/uploads\/sites\/6\/2025\/07\/Hotelimmobilien-Kongress-40.jpg 2048w, https:\/\/dfvcg-events.de\/hotelimmobilien-kongress\/wp-content\/uploads\/sites\/6\/2025\/07\/Hotelimmobilien-Kongress-40-705x470.jpg 705w\" data-sizes=\"(max-width: 1030px) 100vw, 1030px\" class='av-horizontal-gallery-link avia-svg-icon avia-font-svg_entypo-fontello' data-av_svg_icon='resize-full' data-av_iconset='svg_entypo-fontello' title='Hotelimmobilien-Kongress-40' alt='' aria-label='Open image in lightbox: Hotelimmobilien-Kongress-40'><svg version=\"1.1\" xmlns=\"http:\/\/www.w3.org\/2000\/svg\" width=\"25\" height=\"32\" viewBox=\"0 0 25 32\" preserveAspectRatio=\"xMidYMid meet\" aria-labelledby='av-svg-title-27' aria-describedby='av-svg-desc-27' role=\"graphics-symbol\" aria-hidden=\"true\">\n<title id='av-svg-title-27'>Open image in lightbox: Hotelimmobilien-Kongress-40<\/title>\n<desc id='av-svg-desc-27'>Open image in lightbox: Hotelimmobilien-Kongress-40<\/desc>\n<path d=\"M15.232 3.328h10.112v10.112l-3.2-3.968-4.672 4.864-3.2-3.2 4.864-4.672zM7.872 17.536l3.2 3.2-4.864 4.672 3.904 3.2h-10.112v-10.112l3.2 3.904z\"><\/path>\n<\/svg><\/a><\/div><div class=\"av-horizontal-gallery-wrap noHover\"><img decoding=\"async\" fetchpriority=\"high\" class='wp-image-5971 avia-img-lazy-loading-not-5971 av-horizontal-gallery-img' width=\"2048\" height=\"1365\" src=\"https:\/\/dfvcg-events.de\/hotelimmobilien-kongress\/wp-content\/uploads\/sites\/6\/2025\/07\/Hotelimmobilien-Kongress_Conversion-1.jpg\" title='Hotelimmobilien-Kongress_Conversion-1' alt='' srcset=\"https:\/\/dfvcg-events.de\/hotelimmobilien-kongress\/wp-content\/uploads\/sites\/6\/2025\/07\/Hotelimmobilien-Kongress_Conversion-1.jpg 2048w, https:\/\/dfvcg-events.de\/hotelimmobilien-kongress\/wp-content\/uploads\/sites\/6\/2025\/07\/Hotelimmobilien-Kongress_Conversion-1-705x470.jpg 705w\" sizes=\"(max-width: 2048px) 100vw, 2048px\" \/><a href=\"https:\/\/dfvcg-events.de\/hotelimmobilien-kongress\/wp-content\/uploads\/sites\/6\/2025\/07\/Hotelimmobilien-Kongress_Conversion-1.jpg\" data-srcset=\"https:\/\/dfvcg-events.de\/hotelimmobilien-kongress\/wp-content\/uploads\/sites\/6\/2025\/07\/Hotelimmobilien-Kongress_Conversion-1.jpg 2048w, https:\/\/dfvcg-events.de\/hotelimmobilien-kongress\/wp-content\/uploads\/sites\/6\/2025\/07\/Hotelimmobilien-Kongress_Conversion-1-705x470.jpg 705w\" data-sizes=\"(max-width: 1030px) 100vw, 1030px\" class='av-horizontal-gallery-link avia-svg-icon avia-font-svg_entypo-fontello' data-av_svg_icon='resize-full' data-av_iconset='svg_entypo-fontello' title='Hotelimmobilien-Kongress_Conversion-1' alt='' aria-label='Open image in lightbox: Hotelimmobilien-Kongress_Conversion-1'><svg version=\"1.1\" xmlns=\"http:\/\/www.w3.org\/2000\/svg\" width=\"25\" height=\"32\" viewBox=\"0 0 25 32\" preserveAspectRatio=\"xMidYMid meet\" aria-labelledby='av-svg-title-28' aria-describedby='av-svg-desc-28' role=\"graphics-symbol\" aria-hidden=\"true\">\n<title id='av-svg-title-28'>Open image in lightbox: Hotelimmobilien-Kongress_Conversion-1<\/title>\n<desc id='av-svg-desc-28'>Open image in lightbox: Hotelimmobilien-Kongress_Conversion-1<\/desc>\n<path d=\"M15.232 3.328h10.112v10.112l-3.2-3.968-4.672 4.864-3.2-3.2 4.864-4.672zM7.872 17.536l3.2 3.2-4.864 4.672 3.904 3.2h-10.112v-10.112l3.2 3.904z\"><\/path>\n<\/svg><\/a><\/div><div class=\"av-horizontal-gallery-wrap noHover\"><img decoding=\"async\" fetchpriority=\"high\" class='wp-image-5970 avia-img-lazy-loading-not-5970 av-horizontal-gallery-img' width=\"2048\" height=\"1365\" src=\"https:\/\/dfvcg-events.de\/hotelimmobilien-kongress\/wp-content\/uploads\/sites\/6\/2025\/07\/Hotelimmobilien-Kongress_Best-Case-11.jpg\" title='Hotelimmobilien-Kongress_Best Case-11' alt='' srcset=\"https:\/\/dfvcg-events.de\/hotelimmobilien-kongress\/wp-content\/uploads\/sites\/6\/2025\/07\/Hotelimmobilien-Kongress_Best-Case-11.jpg 2048w, https:\/\/dfvcg-events.de\/hotelimmobilien-kongress\/wp-content\/uploads\/sites\/6\/2025\/07\/Hotelimmobilien-Kongress_Best-Case-11-705x470.jpg 705w\" sizes=\"(max-width: 2048px) 100vw, 2048px\" \/><a href=\"https:\/\/dfvcg-events.de\/hotelimmobilien-kongress\/wp-content\/uploads\/sites\/6\/2025\/07\/Hotelimmobilien-Kongress_Best-Case-11.jpg\" data-srcset=\"https:\/\/dfvcg-events.de\/hotelimmobilien-kongress\/wp-content\/uploads\/sites\/6\/2025\/07\/Hotelimmobilien-Kongress_Best-Case-11.jpg 2048w, https:\/\/dfvcg-events.de\/hotelimmobilien-kongress\/wp-content\/uploads\/sites\/6\/2025\/07\/Hotelimmobilien-Kongress_Best-Case-11-705x470.jpg 705w\" data-sizes=\"(max-width: 1030px) 100vw, 1030px\" class='av-horizontal-gallery-link avia-svg-icon avia-font-svg_entypo-fontello' data-av_svg_icon='resize-full' data-av_iconset='svg_entypo-fontello' title='Hotelimmobilien-Kongress_Best Case-11' alt='' aria-label='Open image in lightbox: Hotelimmobilien-Kongress_Best Case-11'><svg version=\"1.1\" xmlns=\"http:\/\/www.w3.org\/2000\/svg\" width=\"25\" height=\"32\" viewBox=\"0 0 25 32\" preserveAspectRatio=\"xMidYMid meet\" aria-labelledby='av-svg-title-29' aria-describedby='av-svg-desc-29' role=\"graphics-symbol\" aria-hidden=\"true\">\n<title id='av-svg-title-29'>Open image in lightbox: Hotelimmobilien-Kongress_Best Case-11<\/title>\n<desc id='av-svg-desc-29'>Open image in lightbox: Hotelimmobilien-Kongress_Best Case-11<\/desc>\n<path d=\"M15.232 3.328h10.112v10.112l-3.2-3.968-4.672 4.864-3.2-3.2 4.864-4.672zM7.872 17.536l3.2 3.2-4.864 4.672 3.904 3.2h-10.112v-10.112l3.2 3.904z\"><\/path>\n<\/svg><\/a><\/div><div class=\"av-horizontal-gallery-wrap noHover\"><img decoding=\"async\" fetchpriority=\"high\" class='wp-image-5979 avia-img-lazy-loading-not-5979 av-horizontal-gallery-img' width=\"2048\" height=\"1365\" src=\"https:\/\/dfvcg-events.de\/hotelimmobilien-kongress\/wp-content\/uploads\/sites\/6\/2025\/07\/Hotelimmobilien-Kongress_Together-17.jpg\" title='Hotelimmobilien-Kongress_Together-17' alt='' srcset=\"https:\/\/dfvcg-events.de\/hotelimmobilien-kongress\/wp-content\/uploads\/sites\/6\/2025\/07\/Hotelimmobilien-Kongress_Together-17.jpg 2048w, https:\/\/dfvcg-events.de\/hotelimmobilien-kongress\/wp-content\/uploads\/sites\/6\/2025\/07\/Hotelimmobilien-Kongress_Together-17-705x470.jpg 705w\" sizes=\"(max-width: 2048px) 100vw, 2048px\" \/><a href=\"https:\/\/dfvcg-events.de\/hotelimmobilien-kongress\/wp-content\/uploads\/sites\/6\/2025\/07\/Hotelimmobilien-Kongress_Together-17.jpg\" data-srcset=\"https:\/\/dfvcg-events.de\/hotelimmobilien-kongress\/wp-content\/uploads\/sites\/6\/2025\/07\/Hotelimmobilien-Kongress_Together-17.jpg 2048w, https:\/\/dfvcg-events.de\/hotelimmobilien-kongress\/wp-content\/uploads\/sites\/6\/2025\/07\/Hotelimmobilien-Kongress_Together-17-705x470.jpg 705w\" data-sizes=\"(max-width: 1030px) 100vw, 1030px\" class='av-horizontal-gallery-link avia-svg-icon avia-font-svg_entypo-fontello' data-av_svg_icon='resize-full' data-av_iconset='svg_entypo-fontello' title='Hotelimmobilien-Kongress_Together-17' alt='' aria-label='Open image in lightbox: Hotelimmobilien-Kongress_Together-17'><svg version=\"1.1\" xmlns=\"http:\/\/www.w3.org\/2000\/svg\" width=\"25\" height=\"32\" viewBox=\"0 0 25 32\" preserveAspectRatio=\"xMidYMid meet\" aria-labelledby='av-svg-title-30' aria-describedby='av-svg-desc-30' role=\"graphics-symbol\" aria-hidden=\"true\">\n<title id='av-svg-title-30'>Open image in lightbox: Hotelimmobilien-Kongress_Together-17<\/title>\n<desc id='av-svg-desc-30'>Open image in lightbox: Hotelimmobilien-Kongress_Together-17<\/desc>\n<path d=\"M15.232 3.328h10.112v10.112l-3.2-3.968-4.672 4.864-3.2-3.2 4.864-4.672zM7.872 17.536l3.2 3.2-4.864 4.672 3.904 3.2h-10.112v-10.112l3.2 3.904z\"><\/path>\n<\/svg><\/a><\/div><div class=\"av-horizontal-gallery-wrap noHover\"><img decoding=\"async\" fetchpriority=\"high\" class='wp-image-5981 avia-img-lazy-loading-not-5981 av-horizontal-gallery-img' width=\"2048\" height=\"1365\" src=\"https:\/\/dfvcg-events.de\/hotelimmobilien-kongress\/wp-content\/uploads\/sites\/6\/2025\/07\/Hotelimmobilien-Kongress_Together-28.jpg\" title='Hotelimmobilien-Kongress_Together-28' alt='' srcset=\"https:\/\/dfvcg-events.de\/hotelimmobilien-kongress\/wp-content\/uploads\/sites\/6\/2025\/07\/Hotelimmobilien-Kongress_Together-28.jpg 2048w, https:\/\/dfvcg-events.de\/hotelimmobilien-kongress\/wp-content\/uploads\/sites\/6\/2025\/07\/Hotelimmobilien-Kongress_Together-28-705x470.jpg 705w\" sizes=\"(max-width: 2048px) 100vw, 2048px\" \/><a href=\"https:\/\/dfvcg-events.de\/hotelimmobilien-kongress\/wp-content\/uploads\/sites\/6\/2025\/07\/Hotelimmobilien-Kongress_Together-28.jpg\" data-srcset=\"https:\/\/dfvcg-events.de\/hotelimmobilien-kongress\/wp-content\/uploads\/sites\/6\/2025\/07\/Hotelimmobilien-Kongress_Together-28.jpg 2048w, https:\/\/dfvcg-events.de\/hotelimmobilien-kongress\/wp-content\/uploads\/sites\/6\/2025\/07\/Hotelimmobilien-Kongress_Together-28-705x470.jpg 705w\" data-sizes=\"(max-width: 1030px) 100vw, 1030px\" class='av-horizontal-gallery-link avia-svg-icon avia-font-svg_entypo-fontello' data-av_svg_icon='resize-full' data-av_iconset='svg_entypo-fontello' title='Hotelimmobilien-Kongress_Together-28' alt='' aria-label='Open image in lightbox: Hotelimmobilien-Kongress_Together-28'><svg version=\"1.1\" xmlns=\"http:\/\/www.w3.org\/2000\/svg\" width=\"25\" height=\"32\" viewBox=\"0 0 25 32\" preserveAspectRatio=\"xMidYMid meet\" aria-labelledby='av-svg-title-31' aria-describedby='av-svg-desc-31' role=\"graphics-symbol\" aria-hidden=\"true\">\n<title id='av-svg-title-31'>Open image in lightbox: Hotelimmobilien-Kongress_Together-28<\/title>\n<desc id='av-svg-desc-31'>Open image in lightbox: Hotelimmobilien-Kongress_Together-28<\/desc>\n<path d=\"M15.232 3.328h10.112v10.112l-3.2-3.968-4.672 4.864-3.2-3.2 4.864-4.672zM7.872 17.536l3.2 3.2-4.864 4.672 3.904 3.2h-10.112v-10.112l3.2 3.904z\"><\/path>\n<\/svg><\/a><\/div><div class=\"av-horizontal-gallery-wrap noHover\"><img decoding=\"async\" fetchpriority=\"high\" class='wp-image-5980 avia-img-lazy-loading-not-5980 av-horizontal-gallery-img' width=\"2048\" height=\"1365\" src=\"https:\/\/dfvcg-events.de\/hotelimmobilien-kongress\/wp-content\/uploads\/sites\/6\/2025\/07\/Hotelimmobilien-Kongress_Together-25.jpg\" title='Hotelimmobilien-Kongress_Together-25' alt='' srcset=\"https:\/\/dfvcg-events.de\/hotelimmobilien-kongress\/wp-content\/uploads\/sites\/6\/2025\/07\/Hotelimmobilien-Kongress_Together-25.jpg 2048w, https:\/\/dfvcg-events.de\/hotelimmobilien-kongress\/wp-content\/uploads\/sites\/6\/2025\/07\/Hotelimmobilien-Kongress_Together-25-705x470.jpg 705w\" sizes=\"(max-width: 2048px) 100vw, 2048px\" \/><a href=\"https:\/\/dfvcg-events.de\/hotelimmobilien-kongress\/wp-content\/uploads\/sites\/6\/2025\/07\/Hotelimmobilien-Kongress_Together-25.jpg\" data-srcset=\"https:\/\/dfvcg-events.de\/hotelimmobilien-kongress\/wp-content\/uploads\/sites\/6\/2025\/07\/Hotelimmobilien-Kongress_Together-25.jpg 2048w, https:\/\/dfvcg-events.de\/hotelimmobilien-kongress\/wp-content\/uploads\/sites\/6\/2025\/07\/Hotelimmobilien-Kongress_Together-25-705x470.jpg 705w\" data-sizes=\"(max-width: 1030px) 100vw, 1030px\" class='av-horizontal-gallery-link avia-svg-icon avia-font-svg_entypo-fontello' data-av_svg_icon='resize-full' data-av_iconset='svg_entypo-fontello' title='Hotelimmobilien-Kongress_Together-25' alt='' aria-label='Open image in lightbox: Hotelimmobilien-Kongress_Together-25'><svg version=\"1.1\" xmlns=\"http:\/\/www.w3.org\/2000\/svg\" width=\"25\" height=\"32\" viewBox=\"0 0 25 32\" preserveAspectRatio=\"xMidYMid meet\" aria-labelledby='av-svg-title-32' aria-describedby='av-svg-desc-32' role=\"graphics-symbol\" aria-hidden=\"true\">\n<title id='av-svg-title-32'>Open image in lightbox: Hotelimmobilien-Kongress_Together-25<\/title>\n<desc id='av-svg-desc-32'>Open image in lightbox: Hotelimmobilien-Kongress_Together-25<\/desc>\n<path d=\"M15.232 3.328h10.112v10.112l-3.2-3.968-4.672 4.864-3.2-3.2 4.864-4.672zM7.872 17.536l3.2 3.2-4.864 4.672 3.904 3.2h-10.112v-10.112l3.2 3.904z\"><\/path>\n<\/svg><\/a><\/div><div class=\"av-horizontal-gallery-wrap noHover\"><img decoding=\"async\" fetchpriority=\"high\" class='wp-image-5985 avia-img-lazy-loading-not-5985 av-horizontal-gallery-img' width=\"2048\" height=\"1365\" src=\"https:\/\/dfvcg-events.de\/hotelimmobilien-kongress\/wp-content\/uploads\/sites\/6\/2025\/07\/Hotelimmobilien-Kongress_Together-43.jpg\" title='Hotelimmobilien-Kongress_Together-43' alt='' srcset=\"https:\/\/dfvcg-events.de\/hotelimmobilien-kongress\/wp-content\/uploads\/sites\/6\/2025\/07\/Hotelimmobilien-Kongress_Together-43.jpg 2048w, https:\/\/dfvcg-events.de\/hotelimmobilien-kongress\/wp-content\/uploads\/sites\/6\/2025\/07\/Hotelimmobilien-Kongress_Together-43-705x470.jpg 705w\" sizes=\"(max-width: 2048px) 100vw, 2048px\" \/><a href=\"https:\/\/dfvcg-events.de\/hotelimmobilien-kongress\/wp-content\/uploads\/sites\/6\/2025\/07\/Hotelimmobilien-Kongress_Together-43.jpg\" data-srcset=\"https:\/\/dfvcg-events.de\/hotelimmobilien-kongress\/wp-content\/uploads\/sites\/6\/2025\/07\/Hotelimmobilien-Kongress_Together-43.jpg 2048w, https:\/\/dfvcg-events.de\/hotelimmobilien-kongress\/wp-content\/uploads\/sites\/6\/2025\/07\/Hotelimmobilien-Kongress_Together-43-705x470.jpg 705w\" data-sizes=\"(max-width: 1030px) 100vw, 1030px\" class='av-horizontal-gallery-link avia-svg-icon avia-font-svg_entypo-fontello' data-av_svg_icon='resize-full' data-av_iconset='svg_entypo-fontello' title='Hotelimmobilien-Kongress_Together-43' alt='' aria-label='Open image in lightbox: Hotelimmobilien-Kongress_Together-43'><svg version=\"1.1\" xmlns=\"http:\/\/www.w3.org\/2000\/svg\" width=\"25\" height=\"32\" viewBox=\"0 0 25 32\" preserveAspectRatio=\"xMidYMid meet\" aria-labelledby='av-svg-title-33' aria-describedby='av-svg-desc-33' role=\"graphics-symbol\" aria-hidden=\"true\">\n<title id='av-svg-title-33'>Open image in lightbox: Hotelimmobilien-Kongress_Together-43<\/title>\n<desc id='av-svg-desc-33'>Open image in lightbox: Hotelimmobilien-Kongress_Together-43<\/desc>\n<path d=\"M15.232 3.328h10.112v10.112l-3.2-3.968-4.672 4.864-3.2-3.2 4.864-4.672zM7.872 17.536l3.2 3.2-4.864 4.672 3.904 3.2h-10.112v-10.112l3.2 3.904z\"><\/path>\n<\/svg><\/a><\/div><\/div><\/div><\/div>\n\n<\/div><\/div><\/div><!-- close content main div --><\/div><\/div><div id='av_section_9'  class='avia-section av-k2euylkg-4-ac7cb5bd785c12bb1915de1683bb43c6 main_color avia-section-default avia-no-shadow  avia-builder-el-41  el_after_av_section  el_before_av_section  av-desktop-hide av-medium-hide av-small-hide av-mini-hide avia-bg-style-scroll container_wrap fullsize'  ><div class='container av-section-cont-open' ><div class='template-page content  av-content-full alpha units'><div class='post-entry post-entry-type-page post-entry-4420'><div class='entry-content-wrapper clearfix'>\n\n<style type=\"text\/css\" data-created_by=\"avia_inline_auto\" id=\"style-css-av-2ioac-3-f13e8ce03a3ab5d5be9ecfdbd9e59416\">\n#top .av-special-heading.av-2ioac-3-f13e8ce03a3ab5d5be9ecfdbd9e59416{\npadding-bottom:35px;\n}\nbody .av-special-heading.av-2ioac-3-f13e8ce03a3ab5d5be9ecfdbd9e59416 .av-special-heading-tag .heading-char{\nfont-size:25px;\n}\n.av-special-heading.av-2ioac-3-f13e8ce03a3ab5d5be9ecfdbd9e59416 .av-subheading{\nfont-size:19px;\n}\n<\/style>\n<div  class='av-special-heading av-2ioac-3-f13e8ce03a3ab5d5be9ecfdbd9e59416 av-special-heading-h2 blockquote modern-quote  avia-builder-el-42  el_before_av_masonry_entries  avia-builder-el-no-sibling  av-linked-heading'><h2 class='av-special-heading-tag '  itemprop=\"headline\"  >Das waren die Vortragenden 2024<\/h2><div class=\"special-heading-border\"><div class=\"special-heading-inner-border\"><\/div><\/div><\/div>\n<div id='av-masonry-2' class='av-masonry av-k7z0uy20-2-a4e37e706336c3a9c4b425cefb35ee9b noHover av-flex-size av-large-gap av-hover-overlay- av-masonry-animation-active av-masonry-col-4 av-caption-always av-caption-style- av-masonry-entries av-medium-columns-overwrite av-medium-columns-2 av-small-columns-overwrite av-small-columns-2 av-mini-columns-overwrite av-mini-columns-1 ' data-post_id=\"4420\"><div class=\"av-masonry-container isotope av-js-disabled\"><div class='av-masonry-entry isotope-item av-masonry-item-no-image '><\/div><a href=\"https:\/\/dfvcg-events.de\/hotelimmobilien-kongress\/referent\/carsten-brzeski\/\"  id='av-masonry-2-item-4779' data-av-masonry-item='4779' class='av-masonry-entry isotope-item post-4779 portfolio type-portfolio status-publish has-post-thumbnail hentry portfolio_entries-vortragend-2024 portfolio_entries-vortragend-2024-feature  av-masonry-item-with-image' title=\"Brzeski-Carsten-ING-web\"   itemscope=\"itemscope\" itemtype=\"https:\/\/schema.org\/CreativeWork\" ><div class='av-inner-masonry-sizer'><\/div><figure class='av-inner-masonry main_color'><div class=\"av-masonry-outerimage-container\"><div class='av-masonry-image-container'  ><img decoding=\"async\" width=\"529\" height=\"705\" fetchpriority=\"high\" class=\"wp-image-4780 avia-img-lazy-loading-not-4780\"  src=\"https:\/\/dfvcg-events.de\/hotelimmobilien-kongress\/wp-content\/uploads\/sites\/6\/2024\/03\/Brzeski-Carsten-ING-web-529x705.jpg\" title=\"Brzeski-Carsten-ING-web\" alt=\"\" srcset=\"https:\/\/dfvcg-events.de\/hotelimmobilien-kongress\/wp-content\/uploads\/sites\/6\/2024\/03\/Brzeski-Carsten-ING-web-529x705.jpg 529w, https:\/\/dfvcg-events.de\/hotelimmobilien-kongress\/wp-content\/uploads\/sites\/6\/2024\/03\/Brzeski-Carsten-ING-web.jpg 600w\" sizes=\"(max-width: 529px) 100vw, 529px\" \/><\/div><\/div><figcaption class='av-inner-masonry-content site-background'><div class='av-inner-masonry-content-pos'><div class='av-inner-masonry-content-pos-content'><div class='avia-arrow'><\/div><h3 class='av-masonry-entry-title entry-title '  itemprop=\"headline\" >Carsten Brzeski<\/h3><div class='av-masonry-entry-content entry-content'  itemprop=\"text\" >ING<\/div><\/div><\/div><\/figcaption><\/figure><\/a><!--end av-masonry entry--><a href=\"https:\/\/dfvcg-events.de\/hotelimmobilien-kongress\/referent\/jens-sroka\/\"  id='av-masonry-2-item-4790' data-av-masonry-item='4790' class='av-masonry-entry isotope-item post-4790 portfolio type-portfolio status-publish has-post-thumbnail hentry portfolio_entries-vortragend-2024 portfolio_entries-vortragend-2024-feature  av-masonry-item-with-image' title=\"Sroka-Jens-Heimathafen-Hotels-web\"   itemscope=\"itemscope\" itemtype=\"https:\/\/schema.org\/CreativeWork\" ><div class='av-inner-masonry-sizer'><\/div><figure class='av-inner-masonry main_color'><div class=\"av-masonry-outerimage-container\"><div class='av-masonry-image-container'  ><img decoding=\"async\" width=\"529\" height=\"705\" fetchpriority=\"high\" class=\"wp-image-4791 avia-img-lazy-loading-not-4791\"  src=\"https:\/\/dfvcg-events.de\/hotelimmobilien-kongress\/wp-content\/uploads\/sites\/6\/2024\/03\/Sroka-Jens-Heimathafen-Hotels-web-529x705.jpg\" title=\"Sroka-Jens-Heimathafen-Hotels-web\" alt=\"\" srcset=\"https:\/\/dfvcg-events.de\/hotelimmobilien-kongress\/wp-content\/uploads\/sites\/6\/2024\/03\/Sroka-Jens-Heimathafen-Hotels-web-529x705.jpg 529w, https:\/\/dfvcg-events.de\/hotelimmobilien-kongress\/wp-content\/uploads\/sites\/6\/2024\/03\/Sroka-Jens-Heimathafen-Hotels-web.jpg 600w\" sizes=\"(max-width: 529px) 100vw, 529px\" \/><\/div><\/div><figcaption class='av-inner-masonry-content site-background'><div class='av-inner-masonry-content-pos'><div class='av-inner-masonry-content-pos-content'><div class='avia-arrow'><\/div><h3 class='av-masonry-entry-title entry-title '  itemprop=\"headline\" >Jens Sroka<\/h3><div class='av-masonry-entry-content entry-content'  itemprop=\"text\" >Heimathafen\u00ae Hotels<\/div><\/div><\/div><\/figcaption><\/figure><\/a><!--end av-masonry entry--><a href=\"https:\/\/dfvcg-events.de\/hotelimmobilien-kongress\/referent\/lior-junger\/\"  id='av-masonry-2-item-4794' data-av-masonry-item='4794' class='av-masonry-entry isotope-item post-4794 portfolio type-portfolio status-publish has-post-thumbnail hentry portfolio_entries-vortragend-2024 portfolio_entries-vortragend-2024-feature  av-masonry-item-with-image' title=\"Junger-Lior-Aareal-Bank-web\"   itemscope=\"itemscope\" itemtype=\"https:\/\/schema.org\/CreativeWork\" ><div class='av-inner-masonry-sizer'><\/div><figure class='av-inner-masonry main_color'><div class=\"av-masonry-outerimage-container\"><div class='av-masonry-image-container'  ><img decoding=\"async\" width=\"529\" height=\"705\" fetchpriority=\"high\" class=\"wp-image-4795 avia-img-lazy-loading-not-4795\"  src=\"https:\/\/dfvcg-events.de\/hotelimmobilien-kongress\/wp-content\/uploads\/sites\/6\/2024\/03\/Junger-Lior-Aareal-Bank-web-529x705.jpg\" title=\"Junger-Lior-Aareal-Bank-web\" alt=\"\" srcset=\"https:\/\/dfvcg-events.de\/hotelimmobilien-kongress\/wp-content\/uploads\/sites\/6\/2024\/03\/Junger-Lior-Aareal-Bank-web-529x705.jpg 529w, https:\/\/dfvcg-events.de\/hotelimmobilien-kongress\/wp-content\/uploads\/sites\/6\/2024\/03\/Junger-Lior-Aareal-Bank-web.jpg 600w\" sizes=\"(max-width: 529px) 100vw, 529px\" \/><\/div><\/div><figcaption class='av-inner-masonry-content site-background'><div class='av-inner-masonry-content-pos'><div class='av-inner-masonry-content-pos-content'><div class='avia-arrow'><\/div><h3 class='av-masonry-entry-title entry-title '  itemprop=\"headline\" >Lior Junger<\/h3><div class='av-masonry-entry-content entry-content'  itemprop=\"text\" >Aareal Bank<\/div><\/div><\/div><\/figcaption><\/figure><\/a><!--end av-masonry entry--><a href=\"https:\/\/dfvcg-events.de\/hotelimmobilien-kongress\/referent\/astrid-schafleitner-2\/\"  id='av-masonry-2-item-4813' data-av-masonry-item='4813' class='av-masonry-entry isotope-item post-4813 portfolio type-portfolio status-publish has-post-thumbnail hentry portfolio_entries-vortragend-2024 portfolio_entries-vortragend-2024-feature  av-masonry-item-with-image' title=\"Schafleitner-Astrid-Motel-One-web\"   itemscope=\"itemscope\" itemtype=\"https:\/\/schema.org\/CreativeWork\" ><div class='av-inner-masonry-sizer'><\/div><figure class='av-inner-masonry main_color'><div class=\"av-masonry-outerimage-container\"><div class='av-masonry-image-container'  ><img decoding=\"async\" width=\"529\" height=\"705\" fetchpriority=\"high\" class=\"wp-image-4814 avia-img-lazy-loading-not-4814\"  src=\"https:\/\/dfvcg-events.de\/hotelimmobilien-kongress\/wp-content\/uploads\/sites\/6\/2024\/03\/Schafleitner-Astrid-Motel-One-web-529x705.jpg\" title=\"Schafleitner-Astrid-Motel-One-web\" alt=\"\" srcset=\"https:\/\/dfvcg-events.de\/hotelimmobilien-kongress\/wp-content\/uploads\/sites\/6\/2024\/03\/Schafleitner-Astrid-Motel-One-web-529x705.jpg 529w, https:\/\/dfvcg-events.de\/hotelimmobilien-kongress\/wp-content\/uploads\/sites\/6\/2024\/03\/Schafleitner-Astrid-Motel-One-web.jpg 600w\" sizes=\"(max-width: 529px) 100vw, 529px\" \/><\/div><\/div><figcaption class='av-inner-masonry-content site-background'><div class='av-inner-masonry-content-pos'><div class='av-inner-masonry-content-pos-content'><div class='avia-arrow'><\/div><h3 class='av-masonry-entry-title entry-title '  itemprop=\"headline\" >Astrid Schafleitner<\/h3><div class='av-masonry-entry-content entry-content'  itemprop=\"text\" >Motel One Group<\/div><\/div><\/div><\/figcaption><\/figure><\/a><!--end av-masonry entry--><\/div><\/div>\n<div  class='avia-button-wrap av-k7xsmivx-1-ecb6fd81a53b0cfeef9db21b73d95c2b-wrap avia-button-left  avia-builder-el-44  el_after_av_masonry_entries  avia-builder-el-no-sibling '><a href='https:\/\/dfvcg-events.de\/hotelimmobilien-kongress\/vortragende\/'  class='avia-button av-k7xsmivx-1-ecb6fd81a53b0cfeef9db21b73d95c2b av-link-btn avia-icon_select-yes-left-icon avia-size-large avia-position-left avia-color-theme-color'   aria-label=\"Alle Vortragenden\"><span class='avia_button_icon avia_button_icon_left avia-iconfont avia-font-entypo-fontello' data-av_icon='\ue80b' data-av_iconfont='entypo-fontello' ><\/span><span class='avia_iconbox_title' >Alle Vortragenden<\/span><\/a><\/div>\n\n<\/div><\/div><\/div><!-- close content main div --><\/div><\/div><div id='av_section_10'  class='avia-section av-6wy2l0-79dc03bc1fd9def68d10fbc2b20290f9 alternate_color avia-section-default avia-no-shadow  avia-builder-el-45  el_after_av_section  el_before_av_section  avia-bg-style-scroll container_wrap fullsize'  ><div class='container av-section-cont-open' ><div class='template-page content  av-content-full alpha units'><div class='post-entry post-entry-type-page post-entry-4420'><div class='entry-content-wrapper clearfix'>\n<div class='flex_column_table av-6ib0tg-a6d20089a7cbb190bfd457422c98eb22 sc-av_one_fourth av-equal-height-column-flextable'><div  class='flex_column av-6ib0tg-a6d20089a7cbb190bfd457422c98eb22 av_one_fourth  avia-builder-el-46  el_before_av_three_fourth  avia-builder-el-first  first flex_column_table_cell av-equal-height-column av-align-middle  '     ><p>\n<style type=\"text\/css\" data-created_by=\"avia_inline_auto\" id=\"style-css-av-lptuaz5c-ffdac4ab4ee673affe5334c7168c178b\">\n#top .av-special-heading.av-lptuaz5c-ffdac4ab4ee673affe5334c7168c178b{\npadding-bottom:10px;\n}\nbody .av-special-heading.av-lptuaz5c-ffdac4ab4ee673affe5334c7168c178b .av-special-heading-tag .heading-char{\nfont-size:25px;\n}\n.av-special-heading.av-lptuaz5c-ffdac4ab4ee673affe5334c7168c178b .av-subheading{\nfont-size:19px;\n}\n<\/style>\n<div  class='av-special-heading av-lptuaz5c-ffdac4ab4ee673affe5334c7168c178b av-special-heading-h2 blockquote modern-quote  avia-builder-el-47  el_before_av_textblock  avia-builder-el-first '><h2 class='av-special-heading-tag '  itemprop=\"headline\"  >Location (Kongress)<\/h2><div class=\"special-heading-border\"><div class=\"special-heading-inner-border\"><\/div><\/div><\/div><br \/>\n<section  class='av_textblock_section av-lrfhe15i-c13a91cd8597abc851eefa52adebe089 '   itemscope=\"itemscope\" itemtype=\"https:\/\/schema.org\/CreativeWork\" ><div class='avia_textblock'  itemprop=\"text\" ><p><strong>Hyperion Leipzig<\/strong><\/p>\n<div class=\"slds-truncate\">Sachsenseite 7<\/div>\n<div class=\"slds-truncate\">04103 Leipzig<\/div>\n<\/div><\/section><br \/>\n<div  class='avia-button-wrap av-lrfht6pm-66c219ae8641e35f03705fbce19c110d-wrap avia-button-left  avia-builder-el-49  el_after_av_textblock  avia-builder-el-last '><a href='https:\/\/dfvcg-events.de\/hotelimmobilien-kongress\/hotel-anreise\/'  class='avia-button av-lrfht6pm-66c219ae8641e35f03705fbce19c110d av-link-btn avia-icon_select-yes-left-icon avia-size-x-large avia-position-left avia-color-theme-color'  target=\"_blank\"  rel=\"noopener noreferrer\"  aria-label=\"Location, Hotel &amp; Anreise\"><span class='avia_button_icon avia_button_icon_left avia-iconfont avia-font-entypo-fontello' data-av_icon='\ue842' data-av_iconfont='entypo-fontello' ><\/span><span class='avia_iconbox_title' >Location, Hotel &amp; Anreise<\/span><\/a><\/div><\/p><\/div><div class='av-flex-placeholder'><\/div><div  class='flex_column av-4fmu4k-5c2d955cc331a5ea07446d2de914e623 av_three_fourth  avia-builder-el-50  el_after_av_one_fourth  avia-builder-el-last  flex_column_table_cell av-equal-height-column av-align-middle  '     ><div  class='av_gmaps_sc_main_wrap av_gmaps_main_wrap '><div id='av_gmap_0' class='avia-google-map-container avia-google-map-sc av_gmaps_show_unconditionally av-no-fallback-img ' data-mapid='av_gmap_0'  style='height: 400px;'><a class=\"av_gmaps_browser_disabled av_text_confirm_link av_text_confirm_link_visible\" href=\"https:\/\/www.google.com\/maps\/search\/?api=1&#038;query=Sachsenseite%207%20%2004103%20%20Leipzig%20Sachsen%20Deutschland\" target=\"_blank\">Aufgrund deiner Datenschutz-Einstellungen k\u00f6nnen wir Ihnen die Karte nicht anzeigen. Klicken Sie hier, um die Karte in einem neuen Fenster zu \u00f6ffnen.<\/a><\/div><\/div><\/div><\/div><!--close column table wrapper. Autoclose: 1 -->\n\n<\/div><\/div><\/div><!-- close content main div --><\/div><\/div><div id='av_section_11'  class='avia-section av-2uz44-5918287e930855319cc4d2f61d587f48 main_color avia-section-default avia-no-shadow  avia-builder-el-52  el_after_av_section  avia-builder-el-last  avia-bg-style-scroll container_wrap fullsize'  ><div class='container av-section-cont-open' ><div class='template-page content  av-content-full alpha units'><div class='post-entry post-entry-type-page post-entry-4420'><div class='entry-content-wrapper clearfix'>\n\n<style type=\"text\/css\" data-created_by=\"avia_inline_auto\" id=\"style-css-av-lrfhkpta-07c11929eabe495f2809eb3aede072c0\">\n#top .av-special-heading.av-lrfhkpta-07c11929eabe495f2809eb3aede072c0{\npadding-bottom:10px;\n}\nbody .av-special-heading.av-lrfhkpta-07c11929eabe495f2809eb3aede072c0 .av-special-heading-tag .heading-char{\nfont-size:25px;\n}\n.av-special-heading.av-lrfhkpta-07c11929eabe495f2809eb3aede072c0 .av-subheading{\nfont-size:19px;\n}\n<\/style>\n<div  class='av-special-heading av-lrfhkpta-07c11929eabe495f2809eb3aede072c0 av-special-heading-h2 blockquote modern-quote  avia-builder-el-53  el_before_av_one_fourth  avia-builder-el-first '><h2 class='av-special-heading-tag '  itemprop=\"headline\"  >Ihre Ansprechpartner:innen<\/h2><div class=\"special-heading-border\"><div class=\"special-heading-inner-border\"><\/div><\/div><\/div>\n<div  class='flex_column av-5pssdg-e859c076a4c8fb6d0c867b8cf9fb014b av_one_fourth  avia-builder-el-54  el_after_av_heading  el_before_av_one_fourth  first flex_column_div  '     ><section  class='av_textblock_section av-lptuco81-4015cc6dcbecebe0a9da48263d3d9d81 '   itemscope=\"itemscope\" itemtype=\"https:\/\/schema.org\/CreativeWork\" ><div class='avia_textblock'  itemprop=\"text\" ><p><strong>Projektleitung &amp; Programm<\/strong><\/p>\n<p>Irina Kolev<strong><br \/>\n<\/strong> <a href=\"m&#97;&#x69;&#x6c;t&#111;&#x3a;&#x49;r&#105;&#x6e;&#x61;&#46;&#75;&#x6f;&#x6c;e&#118;&#x40;&#x64;f&#118;&#99;&#x67;&#x2e;d&#101;\">&#x69;&#114;i&#x6e;&#97;&#46;&#x6b;&#111;l&#x65;&#118;&#64;&#x64;&#102;v&#x63;&#103;&#46;&#x64;&#101;<\/a><br \/>\n+49 69 7595 3043<\/p>\n<\/div><\/section><\/div><div  class='flex_column av-26rqqs-9e02e3b9375c89cd731b543fbacbdbf8 av_one_fourth  avia-builder-el-56  el_after_av_one_fourth  el_before_av_one_fourth  flex_column_div  '     ><section  class='av_textblock_section av-lrfh9g72-183a922f3a44532ddb8cd3fd5eacc2fe '   itemscope=\"itemscope\" itemtype=\"https:\/\/schema.org\/CreativeWork\" ><div class='avia_textblock'  itemprop=\"text\" ><p><strong>Teilnehmer:innen &amp; Organisation<\/strong><\/p>\n<p>Nina Kunz<br \/>\n<a href=\"&#109;&#x61;i&#108;&#x74;&#111;&#x3a;n&#105;&#x6e;a&#x2e;&#x6b;&#117;&#x6e;z&#64;&#x64;f&#x76;&#x63;&#103;&#x2e;d&#101;\">n&#105;&#x6e;&#x61;&#46;&#107;&#117;&#x6e;&#x7a;&#64;&#100;&#102;&#x76;&#x63;g&#46;&#x64;&#x65;<\/a><br \/>\n+49 69 7595 3027<\/p>\n<\/div><\/section><\/div><div  class='flex_column av-48qmxw-742652330853c9231a67c721355f1411 av_one_fourth  avia-builder-el-58  el_after_av_one_fourth  el_before_av_one_fourth  flex_column_div  '     ><section  class='av_textblock_section av-lptudp28-f94c352d45035a9a1f8fd5d892d0b214 '   itemscope=\"itemscope\" itemtype=\"https:\/\/schema.org\/CreativeWork\" ><div class='avia_textblock'  itemprop=\"text\" ><p><strong>Partner &amp; Aussteller<br \/>\n<\/strong><\/p>\n<p>Gabriele Adelfinger<br \/>\n<a href=\"&#x6d;&#x61;&#x69;&#x6c;&#x74;&#x6f;&#x3a;&#x47;&#x61;&#x62;&#x72;&#105;&#101;&#108;&#101;&#46;&#65;&#100;elfing&#x65;&#x72;&#x40;&#x64;&#x66;&#x76;&#x63;&#x67;&#x2e;&#x64;&#x65;\">&#x67;&#x61;&#x62;&#x72;&#x69;&#101;&#108;&#101;&#46;ade&#x6c;&#x66;&#x69;&#x6e;&#x67;&#x65;&#114;&#64;&#100;fvc&#x67;&#x2e;&#x64;&#x65;<\/a><br \/>\n+49 69 7595 2881<\/p>\n<\/div><\/section><\/div><div  class='flex_column av-33bq3o-ea3507e4675bad89d74350a91d9c2caa av_one_fourth  avia-builder-el-60  el_after_av_one_fourth  avia-builder-el-last  flex_column_div  '     ><section  class='av_textblock_section av-lptuemo3-14258608f138828f8c78bd4ba7b86342 '   itemscope=\"itemscope\" itemtype=\"https:\/\/schema.org\/CreativeWork\" ><div class='avia_textblock'  itemprop=\"text\" ><p><strong>Marketing &amp; Social Media<br \/>\n<\/strong><\/p>\n<p>Sina Goy<br \/>\n<a href=\"&#x6d;&#97;&#105;l&#x74;&#x6f;&#58;%&#x32;&#x30;&#115;i&#x6e;&#x61;&#46;g&#x6f;&#x79;&#64;d&#x66;&#x76;&#99;g&#x2e;&#x64;&#101;\">&#x73;&#105;&#110;a&#x2e;&#x67;&#111;y&#x40;&#x64;&#102;vc&#x67;&#46;&#100;e<\/a><br \/>\n+49 69 7595 1904<\/p>\n<\/div><\/section><\/div>\n\n","protected":false},"excerpt":{"rendered":"","protected":false},"author":4,"featured_media":5269,"parent":0,"menu_order":0,"comment_status":"closed","ping_status":"closed","template":"","meta":{"footnotes":""},"class_list":["post-4420","page","type-page","status-publish","has-post-thumbnail","hentry"],"yoast_head":"<!-- This site is optimized with the Yoast SEO plugin v27.4 - https:\/\/yoast.com\/product\/yoast-seo-wordpress\/ -->\n<title>Hotelimmobilien Kongress I 30.6.\/1.7.2025 I Leipzig<\/title>\n<meta name=\"description\" content=\"Hotelimmobilien Kongress I 30. Juni \/1. Juli 2025 I Leipzig: Beim Hotelimmobilien-Kongress treffen sich die Top-Entscheider aus der Hotelimmobilien-Wirtschaft und der Hotellerie.\" \/>\n<meta name=\"robots\" content=\"index, follow, max-snippet:-1, max-image-preview:large, max-video-preview:-1\" \/>\n<link rel=\"canonical\" href=\"https:\/\/dfvcg-events.de\/hotelimmobilien-kongress\/\" \/>\n<meta property=\"og:locale\" content=\"de_DE\" \/>\n<meta property=\"og:type\" content=\"article\" \/>\n<meta property=\"og:title\" content=\"Hotelimmobilien Kongress I 30.6.\/1.7.2025 I Leipzig\" \/>\n<meta property=\"og:description\" content=\"Hotelimmobilien Kongress I 30. Juni \/1. Juli 2025 I Leipzig: Beim Hotelimmobilien-Kongress treffen sich die Top-Entscheider aus der Hotelimmobilien-Wirtschaft und der Hotellerie.\" \/>\n<meta property=\"og:url\" content=\"https:\/\/dfvcg-events.de\/hotelimmobilien-kongress\/\" \/>\n<meta property=\"og:site_name\" content=\"Deutscher Hotelimmobilien-Kongress\" \/>\n<meta property=\"article:modified_time\" content=\"2025-07-24T09:07:17+00:00\" \/>\n<meta property=\"og:image\" content=\"https:\/\/dfvcg-events.de\/hotelimmobilien-kongress\/wp-content\/uploads\/sites\/6\/2024\/12\/241202-dfvcg-HIK-Visual25-800x800px-Date-RZ.jpg\" \/>\n\t<meta property=\"og:image:width\" content=\"800\" \/>\n\t<meta property=\"og:image:height\" content=\"800\" \/>\n\t<meta property=\"og:image:type\" content=\"image\/jpeg\" \/>\n<meta name=\"twitter:card\" content=\"summary_large_image\" \/>\n<meta name=\"twitter:label1\" content=\"Gesch\u00e4tzte Lesezeit\" \/>\n\t<meta name=\"twitter:data1\" content=\"12\u00a0Minuten\" \/>\n<script type=\"application\/ld+json\" class=\"yoast-schema-graph\">{\"@context\":\"https:\\\/\\\/schema.org\",\"@graph\":[{\"@type\":\"WebPage\",\"@id\":\"https:\\\/\\\/dfvcg-events.de\\\/hotelimmobilien-kongress\\\/\",\"url\":\"https:\\\/\\\/dfvcg-events.de\\\/hotelimmobilien-kongress\\\/\",\"name\":\"Hotelimmobilien Kongress I 30.6.\\\/1.7.2025 I Leipzig\",\"isPartOf\":{\"@id\":\"https:\\\/\\\/dfvcg-events.de\\\/hotelimmobilien-kongress\\\/#website\"},\"primaryImageOfPage\":{\"@id\":\"https:\\\/\\\/dfvcg-events.de\\\/hotelimmobilien-kongress\\\/#primaryimage\"},\"image\":{\"@id\":\"https:\\\/\\\/dfvcg-events.de\\\/hotelimmobilien-kongress\\\/#primaryimage\"},\"thumbnailUrl\":\"https:\\\/\\\/dfvcg-events.de\\\/hotelimmobilien-kongress\\\/wp-content\\\/uploads\\\/sites\\\/6\\\/2024\\\/12\\\/241202-dfvcg-HIK-Visual25-800x800px-Date-RZ.jpg\",\"datePublished\":\"2023-12-07T07:45:41+00:00\",\"dateModified\":\"2025-07-24T09:07:17+00:00\",\"description\":\"Hotelimmobilien Kongress I 30. Juni \\\/1. Juli 2025 I Leipzig: Beim Hotelimmobilien-Kongress treffen sich die Top-Entscheider aus der Hotelimmobilien-Wirtschaft und der Hotellerie.\",\"breadcrumb\":{\"@id\":\"https:\\\/\\\/dfvcg-events.de\\\/hotelimmobilien-kongress\\\/#breadcrumb\"},\"inLanguage\":\"de\",\"potentialAction\":[{\"@type\":\"ReadAction\",\"target\":[\"https:\\\/\\\/dfvcg-events.de\\\/hotelimmobilien-kongress\\\/\"]}]},{\"@type\":\"ImageObject\",\"inLanguage\":\"de\",\"@id\":\"https:\\\/\\\/dfvcg-events.de\\\/hotelimmobilien-kongress\\\/#primaryimage\",\"url\":\"https:\\\/\\\/dfvcg-events.de\\\/hotelimmobilien-kongress\\\/wp-content\\\/uploads\\\/sites\\\/6\\\/2024\\\/12\\\/241202-dfvcg-HIK-Visual25-800x800px-Date-RZ.jpg\",\"contentUrl\":\"https:\\\/\\\/dfvcg-events.de\\\/hotelimmobilien-kongress\\\/wp-content\\\/uploads\\\/sites\\\/6\\\/2024\\\/12\\\/241202-dfvcg-HIK-Visual25-800x800px-Date-RZ.jpg\",\"width\":800,\"height\":800},{\"@type\":\"BreadcrumbList\",\"@id\":\"https:\\\/\\\/dfvcg-events.de\\\/hotelimmobilien-kongress\\\/#breadcrumb\",\"itemListElement\":[{\"@type\":\"ListItem\",\"position\":1,\"name\":\"Startseite\",\"item\":\"https:\\\/\\\/dfvcg-events.de\\\/hotelimmobilien-kongress\\\/\"},{\"@type\":\"ListItem\",\"position\":2,\"name\":\"Hotelimmobilien-Kongress 2025\"}]},{\"@type\":\"WebSite\",\"@id\":\"https:\\\/\\\/dfvcg-events.de\\\/hotelimmobilien-kongress\\\/#website\",\"url\":\"https:\\\/\\\/dfvcg-events.de\\\/hotelimmobilien-kongress\\\/\",\"name\":\"Deutscher Hotelimmobilien-Kongress\",\"description\":\"dfv Conference Group\",\"publisher\":{\"@id\":\"https:\\\/\\\/dfvcg-events.de\\\/hotelimmobilien-kongress\\\/#organization\"},\"potentialAction\":[{\"@type\":\"SearchAction\",\"target\":{\"@type\":\"EntryPoint\",\"urlTemplate\":\"https:\\\/\\\/dfvcg-events.de\\\/hotelimmobilien-kongress\\\/?s={search_term_string}\"},\"query-input\":{\"@type\":\"PropertyValueSpecification\",\"valueRequired\":true,\"valueName\":\"search_term_string\"}}],\"inLanguage\":\"de\"},{\"@type\":\"Organization\",\"@id\":\"https:\\\/\\\/dfvcg-events.de\\\/hotelimmobilien-kongress\\\/#organization\",\"name\":\"Deutscher Hotelimmobilien-Kongress\",\"url\":\"https:\\\/\\\/dfvcg-events.de\\\/hotelimmobilien-kongress\\\/\",\"logo\":{\"@type\":\"ImageObject\",\"inLanguage\":\"de\",\"@id\":\"https:\\\/\\\/dfvcg-events.de\\\/hotelimmobilien-kongress\\\/#\\\/schema\\\/logo\\\/image\\\/\",\"url\":\"https:\\\/\\\/dfvcg-events.de\\\/hotelimmobilien-kongress\\\/wp-content\\\/uploads\\\/sites\\\/6\\\/2022\\\/12\\\/hotelimmobilien-kongress-2023-Teaser-800x800-1.jpg\",\"contentUrl\":\"https:\\\/\\\/dfvcg-events.de\\\/hotelimmobilien-kongress\\\/wp-content\\\/uploads\\\/sites\\\/6\\\/2022\\\/12\\\/hotelimmobilien-kongress-2023-Teaser-800x800-1.jpg\",\"width\":800,\"height\":800,\"caption\":\"Deutscher Hotelimmobilien-Kongress\"},\"image\":{\"@id\":\"https:\\\/\\\/dfvcg-events.de\\\/hotelimmobilien-kongress\\\/#\\\/schema\\\/logo\\\/image\\\/\"}}]}<\/script>\n<!-- \/ Yoast SEO plugin. -->","yoast_head_json":{"title":"Hotelimmobilien Kongress I 30.6.\/1.7.2025 I Leipzig","description":"Hotelimmobilien Kongress I 30. Juni \/1. Juli 2025 I Leipzig: Beim Hotelimmobilien-Kongress treffen sich die Top-Entscheider aus der Hotelimmobilien-Wirtschaft und der Hotellerie.","robots":{"index":"index","follow":"follow","max-snippet":"max-snippet:-1","max-image-preview":"max-image-preview:large","max-video-preview":"max-video-preview:-1"},"canonical":"https:\/\/dfvcg-events.de\/hotelimmobilien-kongress\/","og_locale":"de_DE","og_type":"article","og_title":"Hotelimmobilien Kongress I 30.6.\/1.7.2025 I Leipzig","og_description":"Hotelimmobilien Kongress I 30. Juni \/1. Juli 2025 I Leipzig: Beim Hotelimmobilien-Kongress treffen sich die Top-Entscheider aus der Hotelimmobilien-Wirtschaft und der Hotellerie.","og_url":"https:\/\/dfvcg-events.de\/hotelimmobilien-kongress\/","og_site_name":"Deutscher Hotelimmobilien-Kongress","article_modified_time":"2025-07-24T09:07:17+00:00","og_image":[{"width":800,"height":800,"url":"https:\/\/dfvcg-events.de\/hotelimmobilien-kongress\/wp-content\/uploads\/sites\/6\/2024\/12\/241202-dfvcg-HIK-Visual25-800x800px-Date-RZ.jpg","type":"image\/jpeg"}],"twitter_card":"summary_large_image","twitter_misc":{"Gesch\u00e4tzte Lesezeit":"12\u00a0Minuten"},"schema":{"@context":"https:\/\/schema.org","@graph":[{"@type":"WebPage","@id":"https:\/\/dfvcg-events.de\/hotelimmobilien-kongress\/","url":"https:\/\/dfvcg-events.de\/hotelimmobilien-kongress\/","name":"Hotelimmobilien Kongress I 30.6.\/1.7.2025 I Leipzig","isPartOf":{"@id":"https:\/\/dfvcg-events.de\/hotelimmobilien-kongress\/#website"},"primaryImageOfPage":{"@id":"https:\/\/dfvcg-events.de\/hotelimmobilien-kongress\/#primaryimage"},"image":{"@id":"https:\/\/dfvcg-events.de\/hotelimmobilien-kongress\/#primaryimage"},"thumbnailUrl":"https:\/\/dfvcg-events.de\/hotelimmobilien-kongress\/wp-content\/uploads\/sites\/6\/2024\/12\/241202-dfvcg-HIK-Visual25-800x800px-Date-RZ.jpg","datePublished":"2023-12-07T07:45:41+00:00","dateModified":"2025-07-24T09:07:17+00:00","description":"Hotelimmobilien Kongress I 30. Juni \/1. Juli 2025 I Leipzig: Beim Hotelimmobilien-Kongress treffen sich die Top-Entscheider aus der Hotelimmobilien-Wirtschaft und der Hotellerie.","breadcrumb":{"@id":"https:\/\/dfvcg-events.de\/hotelimmobilien-kongress\/#breadcrumb"},"inLanguage":"de","potentialAction":[{"@type":"ReadAction","target":["https:\/\/dfvcg-events.de\/hotelimmobilien-kongress\/"]}]},{"@type":"ImageObject","inLanguage":"de","@id":"https:\/\/dfvcg-events.de\/hotelimmobilien-kongress\/#primaryimage","url":"https:\/\/dfvcg-events.de\/hotelimmobilien-kongress\/wp-content\/uploads\/sites\/6\/2024\/12\/241202-dfvcg-HIK-Visual25-800x800px-Date-RZ.jpg","contentUrl":"https:\/\/dfvcg-events.de\/hotelimmobilien-kongress\/wp-content\/uploads\/sites\/6\/2024\/12\/241202-dfvcg-HIK-Visual25-800x800px-Date-RZ.jpg","width":800,"height":800},{"@type":"BreadcrumbList","@id":"https:\/\/dfvcg-events.de\/hotelimmobilien-kongress\/#breadcrumb","itemListElement":[{"@type":"ListItem","position":1,"name":"Startseite","item":"https:\/\/dfvcg-events.de\/hotelimmobilien-kongress\/"},{"@type":"ListItem","position":2,"name":"Hotelimmobilien-Kongress 2025"}]},{"@type":"WebSite","@id":"https:\/\/dfvcg-events.de\/hotelimmobilien-kongress\/#website","url":"https:\/\/dfvcg-events.de\/hotelimmobilien-kongress\/","name":"Deutscher Hotelimmobilien-Kongress","description":"dfv Conference Group","publisher":{"@id":"https:\/\/dfvcg-events.de\/hotelimmobilien-kongress\/#organization"},"potentialAction":[{"@type":"SearchAction","target":{"@type":"EntryPoint","urlTemplate":"https:\/\/dfvcg-events.de\/hotelimmobilien-kongress\/?s={search_term_string}"},"query-input":{"@type":"PropertyValueSpecification","valueRequired":true,"valueName":"search_term_string"}}],"inLanguage":"de"},{"@type":"Organization","@id":"https:\/\/dfvcg-events.de\/hotelimmobilien-kongress\/#organization","name":"Deutscher Hotelimmobilien-Kongress","url":"https:\/\/dfvcg-events.de\/hotelimmobilien-kongress\/","logo":{"@type":"ImageObject","inLanguage":"de","@id":"https:\/\/dfvcg-events.de\/hotelimmobilien-kongress\/#\/schema\/logo\/image\/","url":"https:\/\/dfvcg-events.de\/hotelimmobilien-kongress\/wp-content\/uploads\/sites\/6\/2022\/12\/hotelimmobilien-kongress-2023-Teaser-800x800-1.jpg","contentUrl":"https:\/\/dfvcg-events.de\/hotelimmobilien-kongress\/wp-content\/uploads\/sites\/6\/2022\/12\/hotelimmobilien-kongress-2023-Teaser-800x800-1.jpg","width":800,"height":800,"caption":"Deutscher Hotelimmobilien-Kongress"},"image":{"@id":"https:\/\/dfvcg-events.de\/hotelimmobilien-kongress\/#\/schema\/logo\/image\/"}}]}},"_links":{"self":[{"href":"https:\/\/dfvcg-events.de\/hotelimmobilien-kongress\/wp-json\/wp\/v2\/pages\/4420","targetHints":{"allow":["GET"]}}],"collection":[{"href":"https:\/\/dfvcg-events.de\/hotelimmobilien-kongress\/wp-json\/wp\/v2\/pages"}],"about":[{"href":"https:\/\/dfvcg-events.de\/hotelimmobilien-kongress\/wp-json\/wp\/v2\/types\/page"}],"author":[{"embeddable":true,"href":"https:\/\/dfvcg-events.de\/hotelimmobilien-kongress\/wp-json\/wp\/v2\/users\/4"}],"replies":[{"embeddable":true,"href":"https:\/\/dfvcg-events.de\/hotelimmobilien-kongress\/wp-json\/wp\/v2\/comments?post=4420"}],"version-history":[{"count":54,"href":"https:\/\/dfvcg-events.de\/hotelimmobilien-kongress\/wp-json\/wp\/v2\/pages\/4420\/revisions"}],"predecessor-version":[{"id":6023,"href":"https:\/\/dfvcg-events.de\/hotelimmobilien-kongress\/wp-json\/wp\/v2\/pages\/4420\/revisions\/6023"}],"wp:featuredmedia":[{"embeddable":true,"href":"https:\/\/dfvcg-events.de\/hotelimmobilien-kongress\/wp-json\/wp\/v2\/media\/5269"}],"wp:attachment":[{"href":"https:\/\/dfvcg-events.de\/hotelimmobilien-kongress\/wp-json\/wp\/v2\/media?parent=4420"}],"curies":[{"name":"wp","href":"https:\/\/api.w.org\/{rel}","templated":true}]}}