{"id":3445,"date":"2022-11-07T13:12:51","date_gmt":"2022-11-07T12:12:51","guid":{"rendered":"https:\/\/dfvcg-events.de\/hotelimmobilien-kongress\/?page_id=3445"},"modified":"2023-06-05T10:18:34","modified_gmt":"2023-06-05T08:18:34","slug":"programm-2023","status":"publish","type":"page","link":"https:\/\/dfvcg-events.de\/hotelimmobilien-kongress\/programm-2023\/","title":{"rendered":"Programm 2023"},"content":{"rendered":"<div id='av_section_1'  class='avia-section av-k7yuhjt1-fa318b84dc162a0aaca03467bd8753bc main_color avia-section-default avia-no-border-styling  avia-builder-el-0  el_before_av_section  avia-builder-el-first  header-farbe avia-bg-style-scroll container_wrap fullsize'  ><div class='container av-section-cont-open' ><main  role=\"main\" itemprop=\"mainContentOfPage\"  class='template-page content  av-content-full alpha units'><div class='post-entry post-entry-type-page post-entry-3445'><div class='entry-content-wrapper clearfix'>\n\n<style type=\"text\/css\" data-created_by=\"avia_inline_auto\" id=\"style-css-av-kk6prheh-470cf8b7e862ccf712673c4adaae51ab\">\n#top .av-special-heading.av-kk6prheh-470cf8b7e862ccf712673c4adaae51ab{\npadding-bottom:0;\ncolor:#ffffff;\n}\nbody .av-special-heading.av-kk6prheh-470cf8b7e862ccf712673c4adaae51ab .av-special-heading-tag .heading-char{\nfont-size:25px;\n}\n.av-special-heading.av-kk6prheh-470cf8b7e862ccf712673c4adaae51ab .special-heading-inner-border{\nborder-color:#ffffff;\n}\n.av-special-heading.av-kk6prheh-470cf8b7e862ccf712673c4adaae51ab .av-subheading{\nfont-size:19px;\n}\n<\/style>\n<div  class='av-special-heading av-kk6prheh-470cf8b7e862ccf712673c4adaae51ab av-special-heading-h1 custom-color-heading blockquote modern-quote  avia-builder-el-1  avia-builder-el-no-sibling '><div class='av_custom_color av-subheading av-subheading_above'><p>Hotelimmobilien-Kongress<\/p>\n<\/div><h1 class='av-special-heading-tag '  itemprop=\"headline\"  >Programm<\/h1><div class=\"special-heading-border\"><div class=\"special-heading-inner-border\"><\/div><\/div><\/div>\n\n<\/div><\/div><\/main><!-- close content main element --><\/div><\/div><div id='av_section_2'  class='avia-section av-k7yuhjt1-168-8b1208f3f2330d85f6ed8856963fdd0f main_color avia-section-default avia-no-border-styling  avia-builder-el-2  el_after_av_section  el_before_av_section  avia-bg-style-scroll container_wrap fullsize'  ><div class='container av-section-cont-open' ><div class='template-page content  av-content-full alpha units'><div class='post-entry post-entry-type-page post-entry-3445'><div class='entry-content-wrapper clearfix'>\n\n<style type=\"text\/css\" data-created_by=\"avia_inline_auto\" id=\"style-css-av-ko9qlqlh-cb61a4e90d3311d654c5777bed9235f6\">\n#top .av-special-heading.av-ko9qlqlh-cb61a4e90d3311d654c5777bed9235f6{\npadding-bottom:10px;\n}\nbody .av-special-heading.av-ko9qlqlh-cb61a4e90d3311d654c5777bed9235f6 .av-special-heading-tag .heading-char{\nfont-size:25px;\n}\n.av-special-heading.av-ko9qlqlh-cb61a4e90d3311d654c5777bed9235f6 .av-subheading{\nfont-size:19px;\n}\n<\/style>\n<div  class='av-special-heading av-ko9qlqlh-cb61a4e90d3311d654c5777bed9235f6 av-special-heading-h2 blockquote modern-quote  avia-builder-el-3  el_before_av_textblock  avia-builder-el-first  av-linked-heading'><h2 class='av-special-heading-tag '  itemprop=\"headline\"  >5.\/6. Juni 2023<\/h2><div class='av-subheading av-subheading_below'><p>Scandic Frankfurt Hafenpark<\/p>\n<\/div><div class=\"special-heading-border\"><div class=\"special-heading-inner-border\"><\/div><\/div><\/div>\n<section  class='av_textblock_section av-k26gzu33-008d0285a8ed1cbf547d1c703f18f0bd '   itemscope=\"itemscope\" itemtype=\"https:\/\/schema.org\/CreativeWork\" ><div class='avia_textblock'  itemprop=\"text\" ><p><strong>Das sind die Themen 2023:<\/strong><\/p>\n<p><strong>Big Picture \u2013 Zahlen, Daten und Trends<\/strong>: Wie entwickelt sich der Hotelimmobilien-Markt? Wie k\u00f6nnen Neuentwicklungen finanziert werden und wie resilient ist die Branche?<\/p>\n<p><strong>Environmental Social Governance \u2013 Impact schaffen<\/strong>: Wie sieht ein Schritt in Richtung Nachhaltigkeit aus und was k\u00f6nnen wir noch heute daf\u00fcr tun?<\/p>\n<p><strong>Neue Zeiten \u2013 Neue Modelle<\/strong>: Was macht neue Konzepte so erfolgreich und einzigartig?<\/p>\n<\/div><\/section>\n\n<\/div><\/div><\/div><!-- close content main div --><\/div><\/div><div id='av_section_3'  class='avia-section av-l2yek9nm-3d07663cf91242dbc822530a07f4d027 main_color avia-section-default avia-no-border-styling  avia-builder-el-5  el_after_av_section  el_before_av_section  avia-bg-style-scroll container_wrap fullsize'  ><div class='container av-section-cont-open' ><div class='template-page content  av-content-full alpha units'><div class='post-entry post-entry-type-page post-entry-3445'><div class='entry-content-wrapper clearfix'>\n<div  class='flex_column av-7plrfif-cb7d08ad2a2641b867409823da79f49b av_one_third  avia-builder-el-6  el_before_av_one_third  avia-builder-el-first  first flex_column_div  '     ><p><section  class='av_textblock_section av-7nrnghz-cff02421843794d93f5e78a75ce9c4c8 '   itemscope=\"itemscope\" itemtype=\"https:\/\/schema.org\/CreativeWork\" ><div class='avia_textblock'  itemprop=\"text\" ><p><strong>Erster Tag:<\/strong><br \/>\n5. Juni 2023<\/p>\n<\/div><\/section><br \/>\n<div  class='avia-button-wrap av-7l4tj9j-128392cbfafabeccbb16b34095cf273f-wrap avia-button-left  avia-builder-el-8  el_after_av_textblock  avia-builder-el-last '><a href='#tag1'  class='avia-button av-7l4tj9j-128392cbfafabeccbb16b34095cf273f av-link-btn avia-icon_select-no avia-size-large avia-position-left avia-color-theme-color'   aria-label=\"Programm Tag 1\"><span class='avia_iconbox_title' >Programm Tag 1<\/span><\/a><\/div><\/p><\/div><div  class='flex_column av-48o0vb-a27718326e1d5867ebd3f94f09f95e9c av_one_third  avia-builder-el-9  el_after_av_one_third  avia-builder-el-last  flex_column_div  '     ><p><section  class='av_textblock_section av-l2yer5ut-8556ae1b3086adb310e7146469336abe '   itemscope=\"itemscope\" itemtype=\"https:\/\/schema.org\/CreativeWork\" ><div class='avia_textblock'  itemprop=\"text\" ><p><strong>Zweiter Tag:<\/strong><br \/>\n6. Juni 2023<\/p>\n<\/div><\/section><br \/>\n<div  class='avia-button-wrap av-l2yerf3e-4bc52143435827ecdbca42afab305e9d-wrap avia-button-left  avia-builder-el-11  el_after_av_textblock  avia-builder-el-last '><a href='#tag2'  class='avia-button av-l2yerf3e-4bc52143435827ecdbca42afab305e9d av-link-btn avia-icon_select-no avia-size-large avia-position-left avia-color-theme-color'   aria-label=\"Programm Tag 2\"><span class='avia_iconbox_title' >Programm Tag 2<\/span><\/a><\/div><\/p><\/div>\n\n<\/div><\/div><\/div><!-- close content main div --><\/div><\/div><div id='tag1'  class='avia-section av-7jil4l3-9636a9bc3144eb3551122a7d5eba023c main_color avia-section-default avia-no-shadow  avia-builder-el-12  el_after_av_section  el_before_av_section  avia-bg-style-scroll container_wrap fullsize'  ><div class='container av-section-cont-open' ><div class='template-page content  av-content-full alpha units'><div class='post-entry post-entry-type-page post-entry-3445'><div class='entry-content-wrapper clearfix'>\n\n<style type=\"text\/css\" data-created_by=\"avia_inline_auto\" id=\"style-css-av-7it59wn-68e8e84d0aaa16fdd7b037bc1afe304c\">\n#top .av-special-heading.av-7it59wn-68e8e84d0aaa16fdd7b037bc1afe304c{\npadding-bottom:10px;\n}\nbody .av-special-heading.av-7it59wn-68e8e84d0aaa16fdd7b037bc1afe304c .av-special-heading-tag .heading-char{\nfont-size:25px;\n}\n.av-special-heading.av-7it59wn-68e8e84d0aaa16fdd7b037bc1afe304c .av-subheading{\nfont-size:19px;\n}\n<\/style>\n<div  class='av-special-heading av-7it59wn-68e8e84d0aaa16fdd7b037bc1afe304c av-special-heading-h2 blockquote modern-quote  avia-builder-el-13  el_before_av_table  avia-builder-el-first  av-linked-heading'><div class='av-subheading av-subheading_above'><p>Erster Tag<\/p>\n<\/div><h2 class='av-special-heading-tag '  itemprop=\"headline\"  >5. Juni 2023<\/h2><div class=\"special-heading-border\"><div class=\"special-heading-inner-border\"><\/div><\/div><\/div>\n<div class='avia-data-table-wrap av-qvlxzr-519d9bc9606de7074886c2d91380edcf avia_responsive_table avia-table-1'><table  class='avia-table avia-data-table avia_pricing_default  avia-builder-el-14  el_after_av_heading  avia-builder-el-last  programm-tabelle'  itemscope=\"itemscope\" itemtype=\"https:\/\/schema.org\/Table\" ><tbody><tr class=''><th class='avia-desc-col'><\/th><td class=''><\/td><td class=''><\/td><\/tr><tr class=''><th class='avia-desc-col'>8.30<\/th><td class=''>Check-in und Welcome Coffee<\/td><td class=''><\/td><\/tr><tr class=''><th class='avia-desc-col'>9:30<\/th><td class=''>Begr\u00fc\u00dfung durch die Veranstalter<\/td><td class=''><span style=\"color: #556a72; font-weight: bold;\">Sarah Hille<\/span>, Projektleiterin, Heuer Dialog GmbH<br \/>\n<span style=\"color: #556a72; font-weight: bold;\">Irina Kolev<\/span>, Projektleiterin, dfv Conference Group<\/td><\/tr><tr class=''><th class='avia-desc-col'>9.40<\/th><td class=''><strong>OPENING<\/strong><\/td><td class=''><span style=\"color: #556a72; font-weight: bold;\">Olaf Steinhage<\/span>, Gesch\u00e4ftsf\u00fchrer, Artprojekt Hospitality<\/p>\n<p><span style=\"color: #556a72; font-weight: bold;\">Katharina Preiss<\/span>, Managing Director, mrp hotels<\/td><\/tr><tr class=''><th class='avia-desc-col'><\/th><td class=''><strong>Fokus I: Big Picture \u2013 Zahlen, Daten und Trends<\/strong><br \/>\n<\/td><td class=''><\/td><\/tr><tr class=''><th class='avia-desc-col'>9.45<\/th><td class=''><strong>KEYNOTE<\/strong><br \/>\n<span style=\"color: #556a72; font-weight: bold;\">\u00dcbernachtung mit Fr\u00fchst\u00fcck im<br \/>\nMetaverse: M\u00f6glichkeiten der Extended<br \/>\nReality f\u00fcr die Hotelbranche<\/span><\/td><td class=''><span style=\"color: #556a72; font-weight: bold;\">Prof Dr. Frank Steinicke<\/span>, Professor f\u00fcr<br \/>\nMensch-Computer-Interaktion, Universit\u00e4t Hamburg<\/td><\/tr><tr class=''><th class='avia-desc-col'>10.15<\/th><td class=''><strong>GESPR\u00c4CH<\/strong><br \/>\n<span style=\"color: #556a72; font-weight: bold;\">Hoteltransaktionsmarkt \u2013<br \/>\nWachstum und Prognosen<\/span><\/td><td class=''><span style=\"color: #556a72; font-weight: bold;\">Madeleine Gro\u00df<\/span>, Gruppenleiterin Investment Management<br \/>\nHospitality (D-A-CH), Union Investment<br \/>\n<span style=\"color: #556a72; font-weight: bold;\">Thorsten Faasch<\/span>, Deputy Head of Hotel Services, BNP Paribas<br \/>\nReal Estate GmbH<\/td><\/tr><tr class=''><th class='avia-desc-col'>10.35<\/th><td class=''><strong>INVESTMENT TALK<\/strong><br \/>\n<span style=\"color: #556a72; font-weight: bold;\">Finanzierung von Neuentwicklungen \u2013<br \/>\nWie herausfordernd gestaltet sich die<br \/>\nSituation aktuell?<\/span><\/td><td class=''><span style=\"color: #556a72; font-weight: bold;\">Astrid Schafleitner<\/span>, Co-Head of Development, Motel One<br \/>\n<span style=\"color: #556a72; font-weight: bold;\">Heidi Schmidtke<\/span>, Managing Director der Hotels &amp;<br \/>\nHospitality Group, JLL<br \/>\n<span style=\"color: #556a72; font-weight: bold;\">Torsten Kuttig<\/span>, Director Hotel Development, ECE Work &amp; Live<br \/>\n<span style=\"color: #556a72; font-weight: bold;\">Madeleine Gro\u00df<\/span>, Gruppenleiterin Investment Management<br \/>\nHospitality (D-A-CH), Union Investment<\/td><\/tr><tr class=''><th class='avia-desc-col'>11.15<\/th><td class=''>Coffee Break<\/td><td class=''><\/td><\/tr><tr class=''><th class='avia-desc-col'>11.45<\/th><td class=''><b>IMPULSVORTRAG<\/b><br \/>\n<span style=\"color: #556a72; font-weight: bold;\">Expansion im aktuellen Marktumfeld?<br \/>\nDer Projektentwickler muss nicht das Nadel\u00f6hr sein!<\/span><\/p>\n<\/td><td class=''><span style=\"color: #556a72; font-weight: bold;\">Michael Bleiziffer<\/span>, Senior Projektleiter Real Estate Development, LIST Develop Commercial<\/td><\/tr><tr class=''><th class='avia-desc-col'>12.00<\/th><td class=''><strong>ASSET MANAGEMENT TALK<\/strong><br \/>\n<span style=\"color: #556a72; font-weight: bold;\">Game Changer Asset Management \u2013<br \/>\nWeichenstellung f\u00fcr Hotelimmobilien-<br \/>\nFonds im \u201eNew Normal\u201c<\/span><\/td><td class=''><span style=\"color: #556a72; font-weight: bold;\">Sven N\u00f6tling<\/span>, Head of Hospitality, Commerz Real<br \/>\n<span style=\"color: #556a72; font-weight: bold;\">Constantin Hoss<\/span>, Head of Asset Management Hotels, Art-Invest Real Estate<br \/>\n<span style=\"color: #556a72; font-weight: bold;\">Christine Mayer<\/span>, Partner Valuation &amp; Advisory, Cushman &amp; Wakefield<\/p>\n<p>Moderation: <span style=\"color: #556a72; font-weight: bold;\">Philipp Linder<\/span>, Gesch\u00e4ftsf\u00fchrer, Hotour Hotel Consulting<\/td><\/tr><tr class=''><th class='avia-desc-col'>12.45<\/th><td class=''>Lunch Break<\/p>\n<\/td><td class=''><\/td><\/tr><tr class=''><th class='avia-desc-col'><\/th><td class=''><strong>Fokus II: Environmental, Social, Governance \u2013 Impact schaffen<\/strong><br \/>\n<\/td><td class=''><\/td><\/tr><tr class=''><th class='avia-desc-col'>14.15<\/th><td class=''><strong>IMPULSVORTRAG<\/strong><br \/>\n<span style=\"color: #556a72; font-weight: bold;\">Max Flex: Hotelentwicklungen zwischen Conversion Brands, Mixed-Used-Projekten und Mega-Markenportfolios<\/span><br \/>\n<\/td><td class=''><span style=\"color: #556a72; font-weight: bold;\">Thiemo Willms <\/span>,Vice President Development DACH, Accor<\/td><\/tr><tr class=''><th class='avia-desc-col'>14.45<\/th><td class=''><strong>IMPULSVORTRAG<\/strong><br \/>\n<span style=\"color: #556a72; font-weight: bold;\">Energiekrise oder Energiewende \u2013<br \/>\nNachhaltigkeit als Erfolgsfaktor in<br \/>\nder Hotellerie?<\/span><br \/>\n<\/td><td class=''><span style=\"color: #556a72; font-weight: bold;\">Frank Martin <\/span>, Senior Key Account Manager, ENGIE Deutschland<\/td><\/tr><tr class=''><th class='avia-desc-col'>15.05<\/th><td class=''><strong>IMPULSVORTRAG<\/strong><br \/>\n<span style=\"color: #556a72; font-weight: bold;\">Hotels als Kraftwerke \u2013 Solarisierung der Geb\u00e4udeh\u00fclle<\/span><\/td><td class=''><span style=\"color: #556a72; font-weight: bold;\">Christian Luft<\/span>, Senior Manager Engineering-Beratung, Drees &amp; Sommer<\/td><\/tr><tr class=''><th class='avia-desc-col'>15.25<\/th><td class=''><strong>IMPULSVORTRAG<\/strong><br \/>\n<span style=\"color: #556a72; font-weight: bold;\">ESG in der Ferienhotellerie<\/span><\/td><td class=''><span style=\"color: #556a72; font-weight: bold;\">Luana Di Caro<\/span>, Sustainability Coordinator, Engel &amp; V\u00f6lkers Asset Management<\/td><\/tr><tr class=''><th class='avia-desc-col'>15.45<\/th><td class=''>Coffee Break<\/td><td class=''><\/td><\/tr><tr class=''><th class='avia-desc-col'>16.20<\/th><td class=''><strong>Vortrag<\/strong><br \/>\nRegulatorien des nachhaltigen Investierens<\/p>\n<\/td><td class=''><span style=\"color: #556a72; font-weight: bold;\">Benjamin Ploppa<\/span>, Director &amp; Head of Hotels Germany, Christie &amp; Co<br \/>\n<\/td><\/tr><tr class=''><th class='avia-desc-col'>16.35<\/th><td class=''><strong>ESG TALK<\/strong><br \/>\n<span style=\"color: #556a72; font-weight: bold;\">ESG-konformes Investieren und was es<br \/>\ndabei zu beachten gibt<\/span><\/td><td class=''><span style=\"color: #556a72; font-weight: bold;\">Benjamin Ploppa<\/span>, Director &amp; Head of Hotels Germany, Christie &amp; Co<br \/>\n<span style=\"color: #556a72; font-weight: bold;\">Frank Hildwein<\/span>, Head of Hotel Acquisitions and Sales, Deka Immobilien Investment<br \/>\n<span style=\"color: #556a72; font-weight: bold;\">Ren\u00e9-P. Schappner<\/span>, Head of Hotel &amp; Gesch\u00e4ftsf\u00fchrer, Colliers International<\/td><\/tr><tr class=''><th class='avia-desc-col'>17.00<\/th><td class=''><strong>IMPULSVORTRAG<\/strong><br \/>\n<span style=\"color: #556a72; font-weight: bold;\">Scandic Frankfurt Hafenpark<\/span><\/td><td class=''><span style=\"color: #556a72; font-weight: bold;\">Sylvia Schnelle<\/span>, Director Business Development, Scandic Hotels Deutschland<br \/>\n<span style=\"color: #556a72; font-weight: bold;\">Heiko Kain<\/span>, General Manager, Scandic Frankfurt Hafenpark<\/td><\/tr><tr class=''><th class='avia-desc-col'>17.15<\/th><td class=''><strong>CLOSING TAG 1<\/strong><\/td><td class=''><span style=\"color: #556a72; font-weight: bold;\">Olaf Steinhage<\/span>, Gesch\u00e4ftsf\u00fchrer, Artprojekt Hospitality<br \/>\n<span style=\"color: #556a72; font-weight: bold;\">Katharina Preiss<\/span>, Managing Director, mrp hotels<\/td><\/tr><tr class=''><th class='avia-desc-col'>17.30<\/th><td class=''><strong>Abendveranstaltung<\/strong><\/td><td class=''><strong>HOTELF\u00dcHRUNG<\/strong><br \/>\nim Scandic Frankfurt Hafenpark<\/p>\n<p><strong>SEKTEMPFANG<\/strong><br \/>\npowered by Scandic Frankfurt<br \/>\nHafenpark<\/p>\n<p><strong>GET-TOGETHER &amp; NETWORKING<\/strong><br \/>\nim Restaurant<\/td><\/tr><\/tbody><\/table><\/div><style type='text\/css'>.avia-table-1 td:nth-of-type(1):before { content: ''; } <\/style>\n\n<\/div><\/div><\/div><!-- close content main div --><\/div><\/div><div id='tag2'  class='avia-section av-l2yelhk8-d1a9f3c57e011076752a9b489b948cef main_color avia-section-default avia-no-shadow  avia-builder-el-15  el_after_av_section  avia-builder-el-last  avia-bg-style-scroll container_wrap fullsize'  ><div class='container av-section-cont-open' ><div class='template-page content  av-content-full alpha units'><div class='post-entry post-entry-type-page post-entry-3445'><div class='entry-content-wrapper clearfix'>\n\n<style type=\"text\/css\" data-created_by=\"avia_inline_auto\" id=\"style-css-av-l2yelrzt-4232e2845bed1ac7efb499ab38ef9286\">\n#top .av-special-heading.av-l2yelrzt-4232e2845bed1ac7efb499ab38ef9286{\npadding-bottom:10px;\n}\nbody .av-special-heading.av-l2yelrzt-4232e2845bed1ac7efb499ab38ef9286 .av-special-heading-tag .heading-char{\nfont-size:25px;\n}\n.av-special-heading.av-l2yelrzt-4232e2845bed1ac7efb499ab38ef9286 .av-subheading{\nfont-size:19px;\n}\n<\/style>\n<div  class='av-special-heading av-l2yelrzt-4232e2845bed1ac7efb499ab38ef9286 av-special-heading-h2 blockquote modern-quote  avia-builder-el-16  el_before_av_table  avia-builder-el-first  av-linked-heading'><div class='av-subheading av-subheading_above'><p>Zweiter Tag<\/p>\n<\/div><h2 class='av-special-heading-tag '  itemprop=\"headline\"  >6. Juni 2023<\/h2><div class=\"special-heading-border\"><div class=\"special-heading-inner-border\"><\/div><\/div><\/div>\n<div class='avia-data-table-wrap av-3rboa7b-b0ec284f448605ed5553062751a77310 avia_responsive_table avia-table-2'><table  class='avia-table avia-data-table avia_pricing_default  avia-builder-el-17  el_after_av_heading  avia-builder-el-last  programm-tabelle'  itemscope=\"itemscope\" itemtype=\"https:\/\/schema.org\/Table\" ><tbody><tr class=''><th class='avia-desc-col'><\/th><td class=''><\/td><td class=''><\/td><\/tr><tr class=''><th class='avia-desc-col'>8.30<\/th><td class=''><b>Business Fr\u00fchst\u00fcck <\/b><\/p>\n<\/td><td class=''><span style=\"color: #556a72; font-weight: bold;\">Session I<\/span><br \/>\nPerspektivwechsel: Die Betreiberseite im Fokus<br \/>\nDie Learnings aus der Pandemie<\/p>\n<p><span style=\"color: #556a72; font-weight: bold;\">Philipp Linder<\/span>, Gesch\u00e4ftsf\u00fchrer, Hotour Hotel Consulting<br \/>\n<span style=\"color: #556a72; font-weight: bold;\">Johannes Auernhammer<\/span>, Senior Consultant, Hotour Hotel Consulting<\/p>\n<p><span style=\"color: #556a72; font-weight: bold;\">Session II<\/span><\/p>\n<p>Quo vadis Hospitality Investment \u2013 Viele wollen, wenige k\u00f6nnen.<\/p>\n<p><span style=\"color: #556a72; font-weight: bold;\">Martin Schaffer<\/span>, Partner, mrp hotels<br \/>\n<span style=\"color: #556a72; font-weight: bold;\">Peter Werhahn<\/span>, MD Blackstone<br \/>\n<\/td><\/tr><tr class=''><th class='avia-desc-col'>9.00<\/th><td class=''>Welcome Coffee<br \/>\n<\/td><td class=''><\/td><\/tr><tr class=''><th class='avia-desc-col'>9.30<\/th><td class=''><strong>OPENING<\/strong><\/td><td class=''><span style=\"color: #556a72; font-weight: bold;\">Olaf Steinhage<\/span>, Gesch\u00e4ftsf\u00fchrer, Artprojekt Hospitality<br \/>\n<span style=\"color: #556a72; font-weight: bold;\">Katharina Preiss<\/span>, Managing Director, mrp hotels<\/td><\/tr><tr class=''><th class='avia-desc-col'><\/th><td class=''><strong>Fokus III:<br \/>\nNeue Zeiten \u2013 Neue Modelle<\/strong><br \/>\n<\/td><td class=''><\/td><\/tr><tr class=''><th class='avia-desc-col'>9.40<\/th><td class=''><strong>IMPULS VORTRAG<\/strong><br \/>\n<span style=\"color: #556a72; font-weight: bold;\">Von der Community zu einer neuen \u00c4ra<br \/>\nder Loyalty \u2013 Paradigmen-Shift durch<br \/>\nCustomer-Centricity und Technologie<\/span><\/td><td class=''><span style=\"color: #556a72; font-weight: bold;\">Martin Egner<\/span>, Founder &amp; CEO, The Porter Group<\/td><\/tr><tr class=''><th class='avia-desc-col'>10.10<\/th><td class=''><strong>COMMUNITY TALK<\/strong><br \/>\n<span style=\"color: #556a72; font-weight: bold;\">Neues Zeitalter f\u00fcr Community-<br \/>\nBuildings \u2013 Was Serviced Apartments<br \/>\nso erfolgreich macht<\/span><\/td><td class=''><span style=\"color: #556a72; font-weight: bold;\">Anett Gregorius<\/span>, Inhaberin, Apartment Service<br \/>\n<span style=\"color: #556a72; font-weight: bold;\">Constantin Rehberg<\/span>, Gesch\u00e4ftsf\u00fchrer, lively<br \/>\n<span style=\"color: #556a72; font-weight: bold;\">Burak \u00dcnver<\/span>, Managing Director, SMARTments business<\/p>\n<p>Moderation: <span style=\"color: #556a72; font-weight: bold;\">Stefanie Zimmermanns<\/span>, Prokuristin, Hotel Affairs<\/td><\/tr><tr class=''><th class='avia-desc-col'>10.50<\/th><td class=''><strong>10 FRAGEN AN<\/strong><br \/>\n<span style=\"color: #556a72; font-weight: bold;\">Real Estate meets Gastro<\/span><\/td><td class=''><span style=\"color: #556a72; font-weight: bold;\">Tim Plasse<\/span>, Partner und Head of Strategy, F&amp;B HEROES<\/td><\/tr><tr class=''><th class='avia-desc-col'>11.10<\/th><td class=''>Coffee Break<\/td><td class=''><\/td><\/tr><tr class=''><th class='avia-desc-col'>11.40<\/th><td class=''><strong>Best Case<\/strong><br \/>\n<span style=\"color: #556a72; font-weight: bold;\">Home away from home: Wie Wohlf\u00fchlorte entstehen \u2013 Das Designhotel EmiLu in Stuttgart<\/span><\/td><td class=''><span style=\"color: #556a72; font-weight: bold;\">Anja Pangerl<\/span>, Gesch\u00e4ftsf\u00fchrung, blocher partners<\/td><\/tr><tr class=''><th class='avia-desc-col'>12.00<\/th><td class=''><strong>HOTELLERIE TALK<\/strong><br \/>\n<span style=\"color: #556a72; font-weight: bold;\">Klassisch vs. Modern: Was k\u00f6nnen klassische und moderne Hotelbetriebe voneinander lernen?<\/span><\/td><td class=''><span style=\"color: #556a72; font-weight: bold;\">Arlett Hoff MRICS<\/span>, Director Business Development, SV Hotel<br \/>\n<span style=\"color: #556a72; font-weight: bold;\">Denis H\u00fcttig<\/span>, Senior Vice President Operations, Steigenberger Hotels<br \/>\n<span style=\"color: #556a72; font-weight: bold;\">Christian Hribar<\/span>, Head of Development, Arabella Hospitality<br \/>\n<span style=\"color: #556a72; font-weight: bold;\">Antonia Sprungk<\/span>, General Manager, Gekko House<\/p>\n<p>Moderation: <span style=\"color: #556a72; font-weight: bold;\">Rolf Westermann<\/span>, Chefredaktion, ahgz<\/td><\/tr><tr class=''><th class='avia-desc-col'>12.40<\/th><td class=''><strong>KEYNOTE<\/strong><br \/>\n<span style=\"color: #556a72; font-weight: bold;\">Von Visionen und Leidenschaften \u2013 vom Konzept zur Umsetzung The C\u00f5modo<\/span><\/p>\n<\/td><td class=''><span style=\"color: #556a72; font-weight: bold;\">Barbara Elwardt<\/span>, Gesch\u00e4ftsf\u00fchrerin, ioo Elwardt + Lattermann<br \/>\n<\/td><\/tr><tr class=''><th class='avia-desc-col'>13.10<\/th><td class=''><strong>CLOSING TAG 2<\/strong><\/td><td class=''><span style=\"color: #556a72; font-weight: bold;\">Olaf Steinhage<\/span>, Gesch\u00e4ftsf\u00fchrer, Artprojekt Hospitality<br \/>\n<span style=\"color: #556a72; font-weight: bold;\">Katharina Preiss<\/span>, Managing Director, mrp hotels<\/td><\/tr><tr class=''><th class='avia-desc-col'>13.20<\/th><td class=''>GEMEINSAMES MITTAGESSEN<\/td><td class=''><\/td><\/tr><\/tbody><\/table><\/div><style type='text\/css'>.avia-table-2 td:nth-of-type(1):before { content: ''; } <\/style>\n\n","protected":false},"excerpt":{"rendered":"","protected":false},"author":1,"featured_media":0,"parent":0,"menu_order":0,"comment_status":"closed","ping_status":"closed","template":"","meta":{"footnotes":""},"class_list":["post-3445","page","type-page","status-publish","hentry"],"yoast_head":"<!-- This site is optimized with the Yoast SEO plugin v27.4 - https:\/\/yoast.com\/product\/yoast-seo-wordpress\/ -->\n<title>Programm | Hotelimmobilien-Kongress<\/title>\n<meta name=\"description\" content=\"Als Teilnehmer des Deutschen Hotelimmobilien-Kongress erwarten Sie die wichtigsten Themen, Innovationen und Highlights der Branche.\" \/>\n<meta name=\"robots\" content=\"index, follow, max-snippet:-1, max-image-preview:large, max-video-preview:-1\" \/>\n<link rel=\"canonical\" href=\"https:\/\/dfvcg-events.de\/hotelimmobilien-kongress\/programm-2023\/\" \/>\n<meta property=\"og:locale\" content=\"de_DE\" \/>\n<meta property=\"og:type\" content=\"article\" \/>\n<meta property=\"og:title\" content=\"Programm | Hotelimmobilien-Kongress\" \/>\n<meta property=\"og:description\" content=\"Als Teilnehmer des Deutschen Hotelimmobilien-Kongress erwarten Sie die wichtigsten Themen, Innovationen und Highlights der Branche.\" \/>\n<meta property=\"og:url\" content=\"https:\/\/dfvcg-events.de\/hotelimmobilien-kongress\/programm-2023\/\" \/>\n<meta property=\"og:site_name\" content=\"Deutscher Hotelimmobilien-Kongress\" \/>\n<meta property=\"article:modified_time\" content=\"2023-06-05T08:18:34+00:00\" \/>\n<meta name=\"twitter:card\" content=\"summary_large_image\" \/>\n<meta name=\"twitter:label1\" content=\"Gesch\u00e4tzte Lesezeit\" \/>\n\t<meta name=\"twitter:data1\" content=\"10\u00a0Minuten\" \/>\n<script type=\"application\/ld+json\" class=\"yoast-schema-graph\">{\"@context\":\"https:\\\/\\\/schema.org\",\"@graph\":[{\"@type\":\"WebPage\",\"@id\":\"https:\\\/\\\/dfvcg-events.de\\\/hotelimmobilien-kongress\\\/programm-2023\\\/\",\"url\":\"https:\\\/\\\/dfvcg-events.de\\\/hotelimmobilien-kongress\\\/programm-2023\\\/\",\"name\":\"Programm | Hotelimmobilien-Kongress\",\"isPartOf\":{\"@id\":\"https:\\\/\\\/dfvcg-events.de\\\/hotelimmobilien-kongress\\\/#website\"},\"datePublished\":\"2022-11-07T12:12:51+00:00\",\"dateModified\":\"2023-06-05T08:18:34+00:00\",\"description\":\"Als Teilnehmer des Deutschen Hotelimmobilien-Kongress erwarten Sie die wichtigsten Themen, Innovationen und Highlights der Branche.\",\"breadcrumb\":{\"@id\":\"https:\\\/\\\/dfvcg-events.de\\\/hotelimmobilien-kongress\\\/programm-2023\\\/#breadcrumb\"},\"inLanguage\":\"de\",\"potentialAction\":[{\"@type\":\"ReadAction\",\"target\":[\"https:\\\/\\\/dfvcg-events.de\\\/hotelimmobilien-kongress\\\/programm-2023\\\/\"]}]},{\"@type\":\"BreadcrumbList\",\"@id\":\"https:\\\/\\\/dfvcg-events.de\\\/hotelimmobilien-kongress\\\/programm-2023\\\/#breadcrumb\",\"itemListElement\":[{\"@type\":\"ListItem\",\"position\":1,\"name\":\"Startseite\",\"item\":\"https:\\\/\\\/dfvcg-events.de\\\/hotelimmobilien-kongress\\\/\"},{\"@type\":\"ListItem\",\"position\":2,\"name\":\"Programm 2023\"}]},{\"@type\":\"WebSite\",\"@id\":\"https:\\\/\\\/dfvcg-events.de\\\/hotelimmobilien-kongress\\\/#website\",\"url\":\"https:\\\/\\\/dfvcg-events.de\\\/hotelimmobilien-kongress\\\/\",\"name\":\"Deutscher Hotelimmobilien-Kongress\",\"description\":\"dfv Conference Group\",\"publisher\":{\"@id\":\"https:\\\/\\\/dfvcg-events.de\\\/hotelimmobilien-kongress\\\/#organization\"},\"potentialAction\":[{\"@type\":\"SearchAction\",\"target\":{\"@type\":\"EntryPoint\",\"urlTemplate\":\"https:\\\/\\\/dfvcg-events.de\\\/hotelimmobilien-kongress\\\/?s={search_term_string}\"},\"query-input\":{\"@type\":\"PropertyValueSpecification\",\"valueRequired\":true,\"valueName\":\"search_term_string\"}}],\"inLanguage\":\"de\"},{\"@type\":\"Organization\",\"@id\":\"https:\\\/\\\/dfvcg-events.de\\\/hotelimmobilien-kongress\\\/#organization\",\"name\":\"Deutscher Hotelimmobilien-Kongress\",\"url\":\"https:\\\/\\\/dfvcg-events.de\\\/hotelimmobilien-kongress\\\/\",\"logo\":{\"@type\":\"ImageObject\",\"inLanguage\":\"de\",\"@id\":\"https:\\\/\\\/dfvcg-events.de\\\/hotelimmobilien-kongress\\\/#\\\/schema\\\/logo\\\/image\\\/\",\"url\":\"https:\\\/\\\/dfvcg-events.de\\\/hotelimmobilien-kongress\\\/wp-content\\\/uploads\\\/sites\\\/6\\\/2022\\\/12\\\/hotelimmobilien-kongress-2023-Teaser-800x800-1.jpg\",\"contentUrl\":\"https:\\\/\\\/dfvcg-events.de\\\/hotelimmobilien-kongress\\\/wp-content\\\/uploads\\\/sites\\\/6\\\/2022\\\/12\\\/hotelimmobilien-kongress-2023-Teaser-800x800-1.jpg\",\"width\":800,\"height\":800,\"caption\":\"Deutscher Hotelimmobilien-Kongress\"},\"image\":{\"@id\":\"https:\\\/\\\/dfvcg-events.de\\\/hotelimmobilien-kongress\\\/#\\\/schema\\\/logo\\\/image\\\/\"}}]}<\/script>\n<!-- \/ Yoast SEO plugin. -->","yoast_head_json":{"title":"Programm | Hotelimmobilien-Kongress","description":"Als Teilnehmer des Deutschen Hotelimmobilien-Kongress erwarten Sie die wichtigsten Themen, Innovationen und Highlights der Branche.","robots":{"index":"index","follow":"follow","max-snippet":"max-snippet:-1","max-image-preview":"max-image-preview:large","max-video-preview":"max-video-preview:-1"},"canonical":"https:\/\/dfvcg-events.de\/hotelimmobilien-kongress\/programm-2023\/","og_locale":"de_DE","og_type":"article","og_title":"Programm | Hotelimmobilien-Kongress","og_description":"Als Teilnehmer des Deutschen Hotelimmobilien-Kongress erwarten Sie die wichtigsten Themen, Innovationen und Highlights der Branche.","og_url":"https:\/\/dfvcg-events.de\/hotelimmobilien-kongress\/programm-2023\/","og_site_name":"Deutscher Hotelimmobilien-Kongress","article_modified_time":"2023-06-05T08:18:34+00:00","twitter_card":"summary_large_image","twitter_misc":{"Gesch\u00e4tzte Lesezeit":"10\u00a0Minuten"},"schema":{"@context":"https:\/\/schema.org","@graph":[{"@type":"WebPage","@id":"https:\/\/dfvcg-events.de\/hotelimmobilien-kongress\/programm-2023\/","url":"https:\/\/dfvcg-events.de\/hotelimmobilien-kongress\/programm-2023\/","name":"Programm | Hotelimmobilien-Kongress","isPartOf":{"@id":"https:\/\/dfvcg-events.de\/hotelimmobilien-kongress\/#website"},"datePublished":"2022-11-07T12:12:51+00:00","dateModified":"2023-06-05T08:18:34+00:00","description":"Als Teilnehmer des Deutschen Hotelimmobilien-Kongress erwarten Sie die wichtigsten Themen, Innovationen und Highlights der Branche.","breadcrumb":{"@id":"https:\/\/dfvcg-events.de\/hotelimmobilien-kongress\/programm-2023\/#breadcrumb"},"inLanguage":"de","potentialAction":[{"@type":"ReadAction","target":["https:\/\/dfvcg-events.de\/hotelimmobilien-kongress\/programm-2023\/"]}]},{"@type":"BreadcrumbList","@id":"https:\/\/dfvcg-events.de\/hotelimmobilien-kongress\/programm-2023\/#breadcrumb","itemListElement":[{"@type":"ListItem","position":1,"name":"Startseite","item":"https:\/\/dfvcg-events.de\/hotelimmobilien-kongress\/"},{"@type":"ListItem","position":2,"name":"Programm 2023"}]},{"@type":"WebSite","@id":"https:\/\/dfvcg-events.de\/hotelimmobilien-kongress\/#website","url":"https:\/\/dfvcg-events.de\/hotelimmobilien-kongress\/","name":"Deutscher Hotelimmobilien-Kongress","description":"dfv Conference Group","publisher":{"@id":"https:\/\/dfvcg-events.de\/hotelimmobilien-kongress\/#organization"},"potentialAction":[{"@type":"SearchAction","target":{"@type":"EntryPoint","urlTemplate":"https:\/\/dfvcg-events.de\/hotelimmobilien-kongress\/?s={search_term_string}"},"query-input":{"@type":"PropertyValueSpecification","valueRequired":true,"valueName":"search_term_string"}}],"inLanguage":"de"},{"@type":"Organization","@id":"https:\/\/dfvcg-events.de\/hotelimmobilien-kongress\/#organization","name":"Deutscher Hotelimmobilien-Kongress","url":"https:\/\/dfvcg-events.de\/hotelimmobilien-kongress\/","logo":{"@type":"ImageObject","inLanguage":"de","@id":"https:\/\/dfvcg-events.de\/hotelimmobilien-kongress\/#\/schema\/logo\/image\/","url":"https:\/\/dfvcg-events.de\/hotelimmobilien-kongress\/wp-content\/uploads\/sites\/6\/2022\/12\/hotelimmobilien-kongress-2023-Teaser-800x800-1.jpg","contentUrl":"https:\/\/dfvcg-events.de\/hotelimmobilien-kongress\/wp-content\/uploads\/sites\/6\/2022\/12\/hotelimmobilien-kongress-2023-Teaser-800x800-1.jpg","width":800,"height":800,"caption":"Deutscher Hotelimmobilien-Kongress"},"image":{"@id":"https:\/\/dfvcg-events.de\/hotelimmobilien-kongress\/#\/schema\/logo\/image\/"}}]}},"_links":{"self":[{"href":"https:\/\/dfvcg-events.de\/hotelimmobilien-kongress\/wp-json\/wp\/v2\/pages\/3445","targetHints":{"allow":["GET"]}}],"collection":[{"href":"https:\/\/dfvcg-events.de\/hotelimmobilien-kongress\/wp-json\/wp\/v2\/pages"}],"about":[{"href":"https:\/\/dfvcg-events.de\/hotelimmobilien-kongress\/wp-json\/wp\/v2\/types\/page"}],"author":[{"embeddable":true,"href":"https:\/\/dfvcg-events.de\/hotelimmobilien-kongress\/wp-json\/wp\/v2\/users\/1"}],"replies":[{"embeddable":true,"href":"https:\/\/dfvcg-events.de\/hotelimmobilien-kongress\/wp-json\/wp\/v2\/comments?post=3445"}],"version-history":[{"count":0,"href":"https:\/\/dfvcg-events.de\/hotelimmobilien-kongress\/wp-json\/wp\/v2\/pages\/3445\/revisions"}],"wp:attachment":[{"href":"https:\/\/dfvcg-events.de\/hotelimmobilien-kongress\/wp-json\/wp\/v2\/media?parent=3445"}],"curies":[{"name":"wp","href":"https:\/\/api.w.org\/{rel}","templated":true}]}}