{"id":1654,"date":"2020-12-17T16:29:05","date_gmt":"2020-12-17T15:29:05","guid":{"rendered":"https:\/\/dfvcg-events.de\/horizont-restart\/?post_type=portfolio&#038;p=1654"},"modified":"2024-02-02T15:12:54","modified_gmt":"2024-02-02T14:12:54","slug":"nicole-agudo-berbel","status":"publish","type":"portfolio","link":"https:\/\/dfvcg-events.de\/horizont-restart\/referent\/nicole-agudo-berbel\/","title":{"rendered":"Nicole Agudo Berbel"},"content":{"rendered":"<div id='av_section_1'  class='avia-section av-ls4q58d3-a686e7aa04c3329a6b902141a97c0f53 main_color avia-section-default avia-no-border-styling  avia-builder-el-0  avia-builder-el-no-sibling  avia-bg-style-scroll av-minimum-height av-minimum-height-50 av-height-50  container_wrap fullsize'   data-av_minimum_height_pc='50' data-av_min_height_opt='50'><div class='container av-section-cont-open' ><main  role=\"main\" itemprop=\"mainContentOfPage\"  class='template-page content  av-content-full alpha units'><div class='post-entry post-entry-type-page post-entry-1654'><div class='entry-content-wrapper clearfix'>\n\n<style type=\"text\/css\" data-created_by=\"avia_inline_auto\" id=\"style-css-av-1hpil-9666fe4db9abbb55e16afcaa46b74565\">\n.flex_column.av-1hpil-9666fe4db9abbb55e16afcaa46b74565{\nborder-radius:0px 0px 0px 0px;\npadding:0px 0px 0px 0px;\n}\n<\/style>\n<div  class='flex_column av-1hpil-9666fe4db9abbb55e16afcaa46b74565 av_one_third  avia-builder-el-1  el_before_av_two_third  avia-builder-el-first  first flex_column_div av-zero-column-padding  '     ><style type=\"text\/css\" data-created_by=\"avia_inline_auto\" id=\"style-css-av-k7z57foz-708a1f16edac1d37b6411ca07febc9d4\">\n.avia-image-container.av-k7z57foz-708a1f16edac1d37b6411ca07febc9d4 img.avia_image{\nbox-shadow:none;\n}\n.avia-image-container.av-k7z57foz-708a1f16edac1d37b6411ca07febc9d4 .av-image-caption-overlay-center{\ncolor:#ffffff;\n}\n<\/style>\n<div  class='avia-image-container av-k7z57foz-708a1f16edac1d37b6411ca07febc9d4 av-styling-no-styling avia-align-center  avia-builder-el-2  avia-builder-el-no-sibling '   itemprop=\"image\" itemscope=\"itemscope\" itemtype=\"https:\/\/schema.org\/ImageObject\" ><div class=\"avia-image-container-inner\"><div class=\"avia-image-overlay-wrap\"><img decoding=\"async\" fetchpriority=\"high\" class='wp-image-1491 avia-img-lazy-loading-not-1491 avia_image ' src=\"https:\/\/dfvcg-events.de\/horizont-restart\/wp-content\/uploads\/sites\/20\/2020\/05\/Agudo-Berbel_Nicole_Agudo-Berbel_Nicole_Seven.One-Entertainment-Group_HORIZONT-RESTART-_cProSiebenSat1-Media-SE_2021_20-emailing.jpg\" alt='' title='Agudo Berbel_Nicole_Agudo Berbel_Nicole_Seven.One Entertainment Group_HORIZONT RESTART _(c)ProSiebenSat1 Media SE_2021_20-emailing'  height=\"800\" width=\"600\"  itemprop=\"thumbnailUrl\"  \/><\/div><\/div><\/div><\/div>\n<style type=\"text\/css\" data-created_by=\"avia_inline_auto\" id=\"style-css-av-q939-36bd9e2970eba44b209398e6adaba9f5\">\n.flex_column.av-q939-36bd9e2970eba44b209398e6adaba9f5{\nborder-radius:0px 0px 0px 0px;\npadding:0px 0px 0px 0px;\n}\n<\/style>\n<div  class='flex_column av-q939-36bd9e2970eba44b209398e6adaba9f5 av_two_third  avia-builder-el-3  el_after_av_one_third  avia-builder-el-last  flex_column_div av-zero-column-padding  '     ><p>\n<style type=\"text\/css\" data-created_by=\"avia_inline_auto\" id=\"style-css-av-1ty7nh-91ed6e8524317c68f76f7d48d85c098a\">\n#top .av-special-heading.av-1ty7nh-91ed6e8524317c68f76f7d48d85c098a{\npadding-bottom:10px;\n}\nbody .av-special-heading.av-1ty7nh-91ed6e8524317c68f76f7d48d85c098a .av-special-heading-tag .heading-char{\nfont-size:25px;\n}\n.av-special-heading.av-1ty7nh-91ed6e8524317c68f76f7d48d85c098a .av-subheading{\nfont-size:19px;\n}\n<\/style>\n<div  class='av-special-heading av-1ty7nh-91ed6e8524317c68f76f7d48d85c098a av-special-heading-h2 blockquote modern-quote  avia-builder-el-4  el_before_av_textblock  avia-builder-el-first '><h2 class='av-special-heading-tag '  itemprop=\"headline\"  >Nicole Agudo Berbel<\/h2><div class='av-subheading av-subheading_below'><p>Chief Distribution Officer f\u00fcr alle Plattformen und die Distribution, ProSiebenSat1.Media<\/p>\n<\/div><div class=\"special-heading-border\"><div class=\"special-heading-inner-border\"><\/div><\/div><\/div><br \/>\n<section  class='av_textblock_section av-k7yuci90-cc8f536f476c354fb273c6b3e8aa0dbd '   itemscope=\"itemscope\" itemtype=\"https:\/\/schema.org\/CreativeWork\" ><div class='avia_textblock'  itemprop=\"text\" ><p>Nicole Agudo Berbel ist Gesch\u00e4ftsf\u00fchrerin und Chief Distribution Officer der Seven.One Entertainment Group. Unter anderem verantwortet sie das Distributionsgesch\u00e4ft und die kommerziellen Verhandlungen mit externen klassischen und neuen Distributionsplattformen zur Verbreitung des linearen Free TV- und Pay TV-Senderportfolios sowie der digitalen Angebote der TV-Sendergruppe im deutschsprachigen Markt. Zudem ist Nicole Agudo Berbel Gesch\u00e4ftsf\u00fchrerin der Pay-TV Sender ProSieben FUN, SAT.1 emotions und kabel eins CLASSICS sowie des Auslands-Pay TV-Senders ProSiebenSat1. Welt.<br \/>\nBevor sie 2013 zur ProSiebenSat.1 Gruppe kam, war sie als Director Affiliate Sales and Business Development f\u00fcr die Plattform-Vertriebsstrategie des TV-Senderportfolios und der non linearen Angebote sowie f\u00fcr die Medienpolitik von Discovery Communications in D\/A\/CH zust\u00e4ndig. Bis 2007 war sie bei APS Astra Platform Services GmbH als Direktorin f\u00fcr Regulierungsfragen und Projektmanagement New Business verantwortlich. Nach ihrem Studium der Rechtswissenschaften in K\u00f6ln (u.a.) sowie einem betriebswirtschaftlichen Abschluss startete Nicole Agudo Berbel 1999 ihre berufliche Laufbahn beim VPRT, wo sie bis 2005 zuletzt als stellvertretende Gesch\u00e4ftsf\u00fchrerin t\u00e4tig war.<\/p>\n<\/div><\/section><\/p><\/div>\n","protected":false},"excerpt":{"rendered":"<p>Seven.One Entertainment Group<\/p>\n","protected":false},"author":10,"featured_media":1491,"comment_status":"closed","ping_status":"closed","template":"","meta":{"footnotes":""},"tags":[],"portfolio_entries":[4],"class_list":["post-1654","portfolio","type-portfolio","status-publish","has-post-thumbnail","hentry","portfolio_entries-referent-2020-feature"],"yoast_head":"<!-- This site is optimized with the Yoast SEO plugin v27.4 - https:\/\/yoast.com\/product\/yoast-seo-wordpress\/ -->\n<title>Referent: Nicole Agudo Berbel - Horizont Restart<\/title>\n<meta name=\"description\" content=\"Horizont Restart | Begr\u00fc\u00dfen Sie auf der B\u00fchne: Nicole Agudo Berbel\" \/>\n<meta name=\"robots\" content=\"index, follow, max-snippet:-1, max-image-preview:large, max-video-preview:-1\" \/>\n<link rel=\"canonical\" href=\"https:\/\/dfvcg-events.de\/horizont-restart\/referent\/nicole-agudo-berbel\/\" \/>\n<meta property=\"og:locale\" content=\"de_DE\" \/>\n<meta property=\"og:type\" content=\"article\" \/>\n<meta property=\"og:title\" content=\"Referent: Nicole Agudo Berbel - Horizont Restart\" \/>\n<meta property=\"og:description\" content=\"Horizont Restart | Begr\u00fc\u00dfen Sie auf der B\u00fchne: Nicole Agudo Berbel\" \/>\n<meta property=\"og:url\" content=\"https:\/\/dfvcg-events.de\/horizont-restart\/referent\/nicole-agudo-berbel\/\" \/>\n<meta property=\"og:site_name\" content=\"Horizont Restart\" \/>\n<meta property=\"article:modified_time\" content=\"2024-02-02T14:12:54+00:00\" \/>\n<meta property=\"og:image\" content=\"https:\/\/dfvcg-events.de\/horizont-restart\/wp-content\/uploads\/sites\/20\/2020\/05\/Agudo-Berbel_Nicole_Agudo-Berbel_Nicole_Seven.One-Entertainment-Group_HORIZONT-RESTART-_cProSiebenSat1-Media-SE_2021_20-emailing.jpg\" \/>\n\t<meta property=\"og:image:width\" content=\"600\" \/>\n\t<meta property=\"og:image:height\" content=\"800\" \/>\n\t<meta property=\"og:image:type\" content=\"image\/jpeg\" \/>\n<meta name=\"twitter:card\" content=\"summary_large_image\" \/>\n<meta name=\"twitter:label1\" content=\"Gesch\u00e4tzte Lesezeit\" \/>\n\t<meta name=\"twitter:data1\" content=\"5\u00a0Minuten\" \/>\n<script type=\"application\/ld+json\" class=\"yoast-schema-graph\">{\"@context\":\"https:\\\/\\\/schema.org\",\"@graph\":[{\"@type\":\"WebPage\",\"@id\":\"https:\\\/\\\/dfvcg-events.de\\\/horizont-restart\\\/referent\\\/nicole-agudo-berbel\\\/\",\"url\":\"https:\\\/\\\/dfvcg-events.de\\\/horizont-restart\\\/referent\\\/nicole-agudo-berbel\\\/\",\"name\":\"Referent: Nicole Agudo Berbel - Horizont Restart\",\"isPartOf\":{\"@id\":\"https:\\\/\\\/dfvcg-events.de\\\/horizont-restart\\\/#website\"},\"primaryImageOfPage\":{\"@id\":\"https:\\\/\\\/dfvcg-events.de\\\/horizont-restart\\\/referent\\\/nicole-agudo-berbel\\\/#primaryimage\"},\"image\":{\"@id\":\"https:\\\/\\\/dfvcg-events.de\\\/horizont-restart\\\/referent\\\/nicole-agudo-berbel\\\/#primaryimage\"},\"thumbnailUrl\":\"https:\\\/\\\/dfvcg-events.de\\\/horizont-restart\\\/wp-content\\\/uploads\\\/sites\\\/20\\\/2020\\\/05\\\/Agudo-Berbel_Nicole_Agudo-Berbel_Nicole_Seven.One-Entertainment-Group_HORIZONT-RESTART-_cProSiebenSat1-Media-SE_2021_20-emailing.jpg\",\"datePublished\":\"2020-12-17T15:29:05+00:00\",\"dateModified\":\"2024-02-02T14:12:54+00:00\",\"description\":\"Horizont Restart | Begr\u00fc\u00dfen Sie auf der B\u00fchne: Nicole Agudo Berbel\",\"breadcrumb\":{\"@id\":\"https:\\\/\\\/dfvcg-events.de\\\/horizont-restart\\\/referent\\\/nicole-agudo-berbel\\\/#breadcrumb\"},\"inLanguage\":\"de\",\"potentialAction\":[{\"@type\":\"ReadAction\",\"target\":[\"https:\\\/\\\/dfvcg-events.de\\\/horizont-restart\\\/referent\\\/nicole-agudo-berbel\\\/\"]}]},{\"@type\":\"ImageObject\",\"inLanguage\":\"de\",\"@id\":\"https:\\\/\\\/dfvcg-events.de\\\/horizont-restart\\\/referent\\\/nicole-agudo-berbel\\\/#primaryimage\",\"url\":\"https:\\\/\\\/dfvcg-events.de\\\/horizont-restart\\\/wp-content\\\/uploads\\\/sites\\\/20\\\/2020\\\/05\\\/Agudo-Berbel_Nicole_Agudo-Berbel_Nicole_Seven.One-Entertainment-Group_HORIZONT-RESTART-_cProSiebenSat1-Media-SE_2021_20-emailing.jpg\",\"contentUrl\":\"https:\\\/\\\/dfvcg-events.de\\\/horizont-restart\\\/wp-content\\\/uploads\\\/sites\\\/20\\\/2020\\\/05\\\/Agudo-Berbel_Nicole_Agudo-Berbel_Nicole_Seven.One-Entertainment-Group_HORIZONT-RESTART-_cProSiebenSat1-Media-SE_2021_20-emailing.jpg\",\"width\":600,\"height\":800,\"caption\":\"Person: Nicole Agudo-Berbel; Fotograf: ProSiebenSat1; Bildredakteur: Stephanie Bruchner; Dateiname: 1356707.tif; Rechtehinweis: Dieses Bild darf bis eine Woche nach Ausstrahlung honorarfrei fuer redaktionelle Zwecke und nur im Rahmen der Programmankuendigung verwendet werden. Spaetere Veroeffentlichungen sind nur nach Ruecksprache und ausdruecklicher Genehmigung der ProSiebenSat1 TV Deutschland GmbH moeglich. Nicht fuer EPG! Verwendung nur mit vollstaendigem Copyrightvermerk. Das Foto darf nicht veraendert, bearbeitet und nur im Ganzen verwendet werden. Es darf nicht archiviert werden. Es darf nicht an Dritte weitergeleitet werden. Bei Fragen: foto@prosiebensat1.com Voraussetzung fuer die Verwendung dieser Programmdaten ist die Zustimmung zu den Allgemeinen Geschaeftsbedingungen der Presselounges der Sender der ProSiebenSat.1 Media SE.;\"},{\"@type\":\"BreadcrumbList\",\"@id\":\"https:\\\/\\\/dfvcg-events.de\\\/horizont-restart\\\/referent\\\/nicole-agudo-berbel\\\/#breadcrumb\",\"itemListElement\":[{\"@type\":\"ListItem\",\"position\":1,\"name\":\"Startseite\",\"item\":\"https:\\\/\\\/dfvcg-events.de\\\/horizont-restart\\\/\"},{\"@type\":\"ListItem\",\"position\":2,\"name\":\"Nicole Agudo Berbel\"}]},{\"@type\":\"WebSite\",\"@id\":\"https:\\\/\\\/dfvcg-events.de\\\/horizont-restart\\\/#website\",\"url\":\"https:\\\/\\\/dfvcg-events.de\\\/horizont-restart\\\/\",\"name\":\"Horizont Restart\",\"description\":\"dfv Conference Group\",\"potentialAction\":[{\"@type\":\"SearchAction\",\"target\":{\"@type\":\"EntryPoint\",\"urlTemplate\":\"https:\\\/\\\/dfvcg-events.de\\\/horizont-restart\\\/?s={search_term_string}\"},\"query-input\":{\"@type\":\"PropertyValueSpecification\",\"valueRequired\":true,\"valueName\":\"search_term_string\"}}],\"inLanguage\":\"de\"}]}<\/script>\n<!-- \/ Yoast SEO plugin. -->","yoast_head_json":{"title":"Referent: Nicole Agudo Berbel - Horizont Restart","description":"Horizont Restart | Begr\u00fc\u00dfen Sie auf der B\u00fchne: Nicole Agudo Berbel","robots":{"index":"index","follow":"follow","max-snippet":"max-snippet:-1","max-image-preview":"max-image-preview:large","max-video-preview":"max-video-preview:-1"},"canonical":"https:\/\/dfvcg-events.de\/horizont-restart\/referent\/nicole-agudo-berbel\/","og_locale":"de_DE","og_type":"article","og_title":"Referent: Nicole Agudo Berbel - Horizont Restart","og_description":"Horizont Restart | Begr\u00fc\u00dfen Sie auf der B\u00fchne: Nicole Agudo Berbel","og_url":"https:\/\/dfvcg-events.de\/horizont-restart\/referent\/nicole-agudo-berbel\/","og_site_name":"Horizont Restart","article_modified_time":"2024-02-02T14:12:54+00:00","og_image":[{"width":600,"height":800,"url":"https:\/\/dfvcg-events.de\/horizont-restart\/wp-content\/uploads\/sites\/20\/2020\/05\/Agudo-Berbel_Nicole_Agudo-Berbel_Nicole_Seven.One-Entertainment-Group_HORIZONT-RESTART-_cProSiebenSat1-Media-SE_2021_20-emailing.jpg","type":"image\/jpeg"}],"twitter_card":"summary_large_image","twitter_misc":{"Gesch\u00e4tzte Lesezeit":"5\u00a0Minuten"},"schema":{"@context":"https:\/\/schema.org","@graph":[{"@type":"WebPage","@id":"https:\/\/dfvcg-events.de\/horizont-restart\/referent\/nicole-agudo-berbel\/","url":"https:\/\/dfvcg-events.de\/horizont-restart\/referent\/nicole-agudo-berbel\/","name":"Referent: Nicole Agudo Berbel - Horizont Restart","isPartOf":{"@id":"https:\/\/dfvcg-events.de\/horizont-restart\/#website"},"primaryImageOfPage":{"@id":"https:\/\/dfvcg-events.de\/horizont-restart\/referent\/nicole-agudo-berbel\/#primaryimage"},"image":{"@id":"https:\/\/dfvcg-events.de\/horizont-restart\/referent\/nicole-agudo-berbel\/#primaryimage"},"thumbnailUrl":"https:\/\/dfvcg-events.de\/horizont-restart\/wp-content\/uploads\/sites\/20\/2020\/05\/Agudo-Berbel_Nicole_Agudo-Berbel_Nicole_Seven.One-Entertainment-Group_HORIZONT-RESTART-_cProSiebenSat1-Media-SE_2021_20-emailing.jpg","datePublished":"2020-12-17T15:29:05+00:00","dateModified":"2024-02-02T14:12:54+00:00","description":"Horizont Restart | Begr\u00fc\u00dfen Sie auf der B\u00fchne: Nicole Agudo Berbel","breadcrumb":{"@id":"https:\/\/dfvcg-events.de\/horizont-restart\/referent\/nicole-agudo-berbel\/#breadcrumb"},"inLanguage":"de","potentialAction":[{"@type":"ReadAction","target":["https:\/\/dfvcg-events.de\/horizont-restart\/referent\/nicole-agudo-berbel\/"]}]},{"@type":"ImageObject","inLanguage":"de","@id":"https:\/\/dfvcg-events.de\/horizont-restart\/referent\/nicole-agudo-berbel\/#primaryimage","url":"https:\/\/dfvcg-events.de\/horizont-restart\/wp-content\/uploads\/sites\/20\/2020\/05\/Agudo-Berbel_Nicole_Agudo-Berbel_Nicole_Seven.One-Entertainment-Group_HORIZONT-RESTART-_cProSiebenSat1-Media-SE_2021_20-emailing.jpg","contentUrl":"https:\/\/dfvcg-events.de\/horizont-restart\/wp-content\/uploads\/sites\/20\/2020\/05\/Agudo-Berbel_Nicole_Agudo-Berbel_Nicole_Seven.One-Entertainment-Group_HORIZONT-RESTART-_cProSiebenSat1-Media-SE_2021_20-emailing.jpg","width":600,"height":800,"caption":"Person: Nicole Agudo-Berbel; Fotograf: ProSiebenSat1; Bildredakteur: Stephanie Bruchner; Dateiname: 1356707.tif; Rechtehinweis: Dieses Bild darf bis eine Woche nach Ausstrahlung honorarfrei fuer redaktionelle Zwecke und nur im Rahmen der Programmankuendigung verwendet werden. Spaetere Veroeffentlichungen sind nur nach Ruecksprache und ausdruecklicher Genehmigung der ProSiebenSat1 TV Deutschland GmbH moeglich. Nicht fuer EPG! Verwendung nur mit vollstaendigem Copyrightvermerk. Das Foto darf nicht veraendert, bearbeitet und nur im Ganzen verwendet werden. Es darf nicht archiviert werden. Es darf nicht an Dritte weitergeleitet werden. Bei Fragen: foto@prosiebensat1.com Voraussetzung fuer die Verwendung dieser Programmdaten ist die Zustimmung zu den Allgemeinen Geschaeftsbedingungen der Presselounges der Sender der ProSiebenSat.1 Media SE.;"},{"@type":"BreadcrumbList","@id":"https:\/\/dfvcg-events.de\/horizont-restart\/referent\/nicole-agudo-berbel\/#breadcrumb","itemListElement":[{"@type":"ListItem","position":1,"name":"Startseite","item":"https:\/\/dfvcg-events.de\/horizont-restart\/"},{"@type":"ListItem","position":2,"name":"Nicole Agudo Berbel"}]},{"@type":"WebSite","@id":"https:\/\/dfvcg-events.de\/horizont-restart\/#website","url":"https:\/\/dfvcg-events.de\/horizont-restart\/","name":"Horizont Restart","description":"dfv Conference Group","potentialAction":[{"@type":"SearchAction","target":{"@type":"EntryPoint","urlTemplate":"https:\/\/dfvcg-events.de\/horizont-restart\/?s={search_term_string}"},"query-input":{"@type":"PropertyValueSpecification","valueRequired":true,"valueName":"search_term_string"}}],"inLanguage":"de"}]}},"_links":{"self":[{"href":"https:\/\/dfvcg-events.de\/horizont-restart\/wp-json\/wp\/v2\/portfolio\/1654","targetHints":{"allow":["GET"]}}],"collection":[{"href":"https:\/\/dfvcg-events.de\/horizont-restart\/wp-json\/wp\/v2\/portfolio"}],"about":[{"href":"https:\/\/dfvcg-events.de\/horizont-restart\/wp-json\/wp\/v2\/types\/portfolio"}],"author":[{"embeddable":true,"href":"https:\/\/dfvcg-events.de\/horizont-restart\/wp-json\/wp\/v2\/users\/10"}],"replies":[{"embeddable":true,"href":"https:\/\/dfvcg-events.de\/horizont-restart\/wp-json\/wp\/v2\/comments?post=1654"}],"version-history":[{"count":0,"href":"https:\/\/dfvcg-events.de\/horizont-restart\/wp-json\/wp\/v2\/portfolio\/1654\/revisions"}],"wp:featuredmedia":[{"embeddable":true,"href":"https:\/\/dfvcg-events.de\/horizont-restart\/wp-json\/wp\/v2\/media\/1491"}],"wp:attachment":[{"href":"https:\/\/dfvcg-events.de\/horizont-restart\/wp-json\/wp\/v2\/media?parent=1654"}],"wp:term":[{"taxonomy":"post_tag","embeddable":true,"href":"https:\/\/dfvcg-events.de\/horizont-restart\/wp-json\/wp\/v2\/tags?post=1654"},{"taxonomy":"portfolio_entries","embeddable":true,"href":"https:\/\/dfvcg-events.de\/horizont-restart\/wp-json\/wp\/v2\/portfolio_entries?post=1654"}],"curies":[{"name":"wp","href":"https:\/\/api.w.org\/{rel}","templated":true}]}}