{"id":1180,"date":"2020-10-15T14:54:24","date_gmt":"2020-10-15T12:54:24","guid":{"rendered":"https:\/\/dfvcg-events.de\/horizont-restart\/?post_type=portfolio&#038;p=1180"},"modified":"2020-11-11T16:37:31","modified_gmt":"2020-11-11T15:37:31","slug":"annalina-behrens","status":"publish","type":"portfolio","link":"https:\/\/dfvcg-events.de\/horizont-restart\/referent\/annalina-behrens\/","title":{"rendered":"Annalina und Leonie Behrens"},"content":{"rendered":"<div class='clear'><\/div><div id='sub_menu1'  class='av-submenu-container av-k7xs13ge-fad3f24f87810bab104e79f89ce3a449 header_color av-switch-990  avia-builder-el-0  el_before_av_section  avia-builder-el-first  av-sticky-submenu container_wrap fullsize' style='z-index:301' ><div class='container av-menu-mobile-active av-submenu-pos-left'><a href=\"#\" class=\"mobile_menu_toggle\"><span class='avia-svg-icon avia-font-svg_entypo-fontello' data-av_svg_icon='list' data-av_iconset='svg_entypo-fontello'><svg version=\"1.1\" xmlns=\"http:\/\/www.w3.org\/2000\/svg\" width=\"22\" height=\"32\" viewBox=\"0 0 22 32\" preserveAspectRatio=\"xMidYMid meet\" aria-labelledby='av-svg-title-1' aria-describedby='av-svg-desc-1' role=\"graphics-symbol\" aria-hidden=\"true\">\n<title id='av-svg-title-1'>List<\/title>\n<desc id='av-svg-desc-1'>List<\/desc>\n<path d=\"M3.2 20.8q0.64 0 1.12 0.48t0.48 1.12-0.48 1.12-1.12 0.48h-1.6q-0.64 0-1.12-0.48t-0.48-1.12 0.448-1.12 1.152-0.48h1.6zM3.2 14.4q0.64 0 1.12 0.48t0.48 1.12-0.48 1.12-1.12 0.48h-1.6q-0.64 0-1.12-0.48t-0.48-1.12 0.448-1.12 1.152-0.48h1.6zM3.2 8q0.64 0 1.12 0.48t0.48 1.12-0.48 1.12-1.12 0.48h-1.6q-0.64 0-1.12-0.48t-0.48-1.12 0.448-1.12 1.152-0.48h1.6zM9.6 11.2q-0.64 0-1.12-0.48t-0.48-1.12 0.48-1.12 1.12-0.48h11.2q0.704 0 1.152 0.48t0.448 1.12-0.48 1.12-1.12 0.48h-11.2zM20.8 14.4q0.704 0 1.152 0.48t0.448 1.12-0.48 1.12-1.12 0.48h-11.2q-0.64 0-1.12-0.48t-0.48-1.12 0.48-1.12 1.12-0.48h11.2zM20.8 20.8q0.704 0 1.152 0.48t0.448 1.12-0.48 1.12-1.12 0.48h-11.2q-0.64 0-1.12-0.48t-0.48-1.12 0.48-1.12 1.12-0.48h11.2z\"><\/path>\n<\/svg><\/span><span class=\"av-current-placeholder\">Men\u00fc<\/span><\/a><ul id=\"menu-submenu\" class=\"av-subnav-menu\" role=\"menu\"><li role=\"menuitem\" id=\"menu-item-1107\" class=\"menu-item menu-item-type-post_type menu-item-object-page av-menu-button av-menu-button-colored menu-item-top-level menu-item-top-level-1\"><a href=\"https:\/\/dfvcg-events.de\/horizont-restart\/jetzt-anmelden\/\" itemprop=\"url\" tabindex=\"0\"><span class=\"avia-bullet\"><\/span><span class=\"avia-menu-text\">Jetzt Aufzeichnung sichern!<\/span><span class=\"avia-menu-fx\"><span class=\"avia-arrow-wrap\"><span class=\"avia-arrow\"><\/span><\/span><\/span><\/a><\/li>\n<li role=\"menuitem\" id=\"menu-item-36\" class=\"menu-item menu-item-type-post_type menu-item-object-page menu-item-home menu-item-top-level menu-item-top-level-2\"><a href=\"https:\/\/dfvcg-events.de\/horizont-restart\/\" itemprop=\"url\" tabindex=\"0\"><span class=\"avia-bullet\"><\/span><span class=\"avia-menu-text\">Start<\/span><span class=\"avia-menu-fx\"><span class=\"avia-arrow-wrap\"><span class=\"avia-arrow\"><\/span><\/span><\/span><\/a><\/li>\n<li role=\"menuitem\" id=\"menu-item-1407\" class=\"menu-item menu-item-type-post_type menu-item-object-page menu-item-top-level menu-item-top-level-3\"><a href=\"https:\/\/dfvcg-events.de\/horizont-restart\/programm-2021\/\" itemprop=\"url\" tabindex=\"0\"><span class=\"avia-bullet\"><\/span><span class=\"avia-menu-text\">Programm<\/span><span class=\"avia-menu-fx\"><span class=\"avia-arrow-wrap\"><span class=\"avia-arrow\"><\/span><\/span><\/span><\/a><\/li>\n<li role=\"menuitem\" id=\"menu-item-86\" class=\"menu-item menu-item-type-post_type menu-item-object-page menu-item-top-level menu-item-top-level-4\"><a href=\"https:\/\/dfvcg-events.de\/horizont-restart\/referenten-2021\/\" itemprop=\"url\" tabindex=\"0\"><span class=\"avia-bullet\"><\/span><span class=\"avia-menu-text\">Referenten<\/span><span class=\"avia-menu-fx\"><span class=\"avia-arrow-wrap\"><span class=\"avia-arrow\"><\/span><\/span><\/span><\/a><\/li>\n<li role=\"menuitem\" id=\"menu-item-175\" class=\"menu-item menu-item-type-post_type menu-item-object-page menu-item-top-level menu-item-top-level-5\"><a href=\"https:\/\/dfvcg-events.de\/horizont-restart\/aussteller-sponsoren\/\" itemprop=\"url\" tabindex=\"0\"><span class=\"avia-bullet\"><\/span><span class=\"avia-menu-text\">Aussteller &amp; Sponsoren<\/span><span class=\"avia-menu-fx\"><span class=\"avia-arrow-wrap\"><span class=\"avia-arrow\"><\/span><\/span><\/span><\/a><\/li>\n<li role=\"menuitem\" id=\"menu-item-581\" class=\"menu-item menu-item-type-custom menu-item-object-custom menu-item-has-children menu-item-top-level menu-item-top-level-6\"><a href=\"#\" itemprop=\"url\" tabindex=\"0\"><span class=\"avia-bullet\"><\/span><span class=\"avia-menu-text\">Service<\/span><span class=\"avia-menu-fx\"><span class=\"avia-arrow-wrap\"><span class=\"avia-arrow\"><\/span><\/span><\/span><\/a>\n\n\n<ul class=\"sub-menu\">\n\t<li role=\"menuitem\" id=\"menu-item-238\" class=\"menu-item menu-item-type-post_type menu-item-object-page\"><a href=\"https:\/\/dfvcg-events.de\/horizont-restart\/kontakt\/\" itemprop=\"url\" tabindex=\"0\"><span class=\"avia-bullet\"><\/span><span class=\"avia-menu-text\">Kontakt<\/span><\/a><\/li>\n\t<li role=\"menuitem\" id=\"menu-item-583\" class=\"menu-item menu-item-type-post_type menu-item-object-page\"><a href=\"https:\/\/dfvcg-events.de\/horizont-restart\/download-center-2021\/\" itemprop=\"url\" tabindex=\"0\"><span class=\"avia-bullet\"><\/span><span class=\"avia-menu-text\">Download-Center<\/span><\/a><\/li>\n<\/ul>\n<\/li>\n<\/ul><\/div><\/div><div class='sticky_placeholder'><\/div>\n<div id='av_section_1'  class='avia-section av-k7yuhjt1-676f3ed4420f2c40c202d201fc1a3016 main_color avia-section-default avia-no-border-styling  avia-builder-el-1  el_after_av_submenu  el_before_av_one_third  header-farbe avia-bg-style-scroll container_wrap fullsize'  ><div class='container av-section-cont-open' ><div class='template-page content  av-content-full alpha units'><div class='post-entry post-entry-type-page post-entry-1180'><div class='entry-content-wrapper clearfix'>\n<div class='flex_column_table av-kas60amf-cf9cba21826dfa1daefdfcd47bf67757 sc-av_three_fourth av-equal-height-column-flextable'>\n<style type=\"text\/css\" data-created_by=\"avia_inline_auto\" id=\"style-css-av-kas60amf-cf9cba21826dfa1daefdfcd47bf67757\">\n.flex_column.av-kas60amf-cf9cba21826dfa1daefdfcd47bf67757{\nborder-radius:0px 0px 0px 0px;\npadding:0px 0px 0px 0px;\n}\n<\/style>\n<div  class='flex_column av-kas60amf-cf9cba21826dfa1daefdfcd47bf67757 av_three_fourth  avia-builder-el-2  el_before_av_one_fourth  avia-builder-el-first  first flex_column_table_cell av-equal-height-column av-align-middle av-zero-column-padding  '     ><style type=\"text\/css\" data-created_by=\"avia_inline_auto\" id=\"style-css-av-kav2vwa8-f85be33a80f69c56c59bfa49a7ba1f36\">\n#top .av-special-heading.av-kav2vwa8-f85be33a80f69c56c59bfa49a7ba1f36{\npadding-bottom:0;\ncolor:#ffffff;\n}\nbody .av-special-heading.av-kav2vwa8-f85be33a80f69c56c59bfa49a7ba1f36 .av-special-heading-tag .heading-char{\nfont-size:25px;\n}\n.av-special-heading.av-kav2vwa8-f85be33a80f69c56c59bfa49a7ba1f36 .special-heading-inner-border{\nborder-color:#ffffff;\n}\n.av-special-heading.av-kav2vwa8-f85be33a80f69c56c59bfa49a7ba1f36 .av-subheading{\nfont-size:19px;\n}\n<\/style>\n<div  class='av-special-heading av-kav2vwa8-f85be33a80f69c56c59bfa49a7ba1f36 av-special-heading-h1 custom-color-heading blockquote modern-quote  avia-builder-el-3  avia-builder-el-no-sibling '><div class='av_custom_color av-subheading av-subheading_above'><p>Veranstaltung<\/p>\n<\/div><h1 class='av-special-heading-tag '  itemprop=\"headline\"  >Referenten<\/h1><div class=\"special-heading-border\"><div class=\"special-heading-inner-border\"><\/div><\/div><\/div><\/div><div class='av-flex-placeholder'><\/div>\n<style type=\"text\/css\" data-created_by=\"avia_inline_auto\" id=\"style-css-av-11jrg-8084515a15e2c0b7da7ec101b4a066a1\">\n.flex_column.av-11jrg-8084515a15e2c0b7da7ec101b4a066a1{\nborder-radius:0px 0px 0px 0px;\npadding:0px 0px 0px 0px;\n}\n<\/style>\n<div  class='flex_column av-11jrg-8084515a15e2c0b7da7ec101b4a066a1 av_one_fourth  avia-builder-el-4  el_after_av_three_fourth  avia-builder-el-last  flex_column_table_cell av-equal-height-column av-align-middle av-zero-column-padding  '     ><\/div><\/div><!--close column table wrapper. Autoclose: 1 -->\n<\/div><\/div><\/div><!-- close content main div --><\/div><\/div><div id='after_section_1'  class='main_color av_default_container_wrap container_wrap fullsize'  ><div class='container av-section-cont-open' ><div class='template-page content  av-content-full alpha units'><div class='post-entry post-entry-type-page post-entry-1180'><div class='entry-content-wrapper clearfix'>\n\n<style type=\"text\/css\" data-created_by=\"avia_inline_auto\" id=\"style-css-av-1hpil-9666fe4db9abbb55e16afcaa46b74565\">\n.flex_column.av-1hpil-9666fe4db9abbb55e16afcaa46b74565{\nborder-radius:0px 0px 0px 0px;\npadding:0px 0px 0px 0px;\n}\n<\/style>\n<div  class='flex_column av-1hpil-9666fe4db9abbb55e16afcaa46b74565 av_one_third  avia-builder-el-6  el_after_av_section  el_before_av_two_third  avia-builder-el-first  first flex_column_div av-zero-column-padding  '     ><style type=\"text\/css\" data-created_by=\"avia_inline_auto\" id=\"style-css-av-k7z57foz-b14a9e2fb409962caded516217859edb\">\n.avia-image-container.av-k7z57foz-b14a9e2fb409962caded516217859edb img.avia_image{\nbox-shadow:none;\n}\n.avia-image-container.av-k7z57foz-b14a9e2fb409962caded516217859edb .av-image-caption-overlay-center{\ncolor:#ffffff;\n}\n<\/style>\n<div  class='avia-image-container av-k7z57foz-b14a9e2fb409962caded516217859edb av-styling-no-styling avia-align-center  avia-builder-el-7  avia-builder-el-no-sibling '   itemprop=\"image\" itemscope=\"itemscope\" itemtype=\"https:\/\/schema.org\/ImageObject\" ><div class=\"avia-image-container-inner\"><div class=\"avia-image-overlay-wrap\"><img decoding=\"async\" fetchpriority=\"high\" class='wp-image-1548 avia-img-lazy-loading-not-1548 avia_image ' src=\"https:\/\/dfvcg-events.de\/horizont-restart\/wp-content\/uploads\/sites\/20\/2020\/10\/Behrens_Annalina-und-Leonie_Fuerstenhof_HORIZONT-RESTART-2021_Foto-Felix-Holland_02_20.jpg\" alt='' title='Behrens_Annalina und Leonie_F\u00fcrstenhof_HORIZONT RESTART 2021_Foto Felix Holland_02_20'  height=\"800\" width=\"600\"  itemprop=\"thumbnailUrl\"  \/><\/div><\/div><\/div><\/div>\n<style type=\"text\/css\" data-created_by=\"avia_inline_auto\" id=\"style-css-av-q939-36bd9e2970eba44b209398e6adaba9f5\">\n.flex_column.av-q939-36bd9e2970eba44b209398e6adaba9f5{\nborder-radius:0px 0px 0px 0px;\npadding:0px 0px 0px 0px;\n}\n<\/style>\n<div  class='flex_column av-q939-36bd9e2970eba44b209398e6adaba9f5 av_two_third  avia-builder-el-8  el_after_av_one_third  avia-builder-el-last  flex_column_div av-zero-column-padding  '     ><p>\n<style type=\"text\/css\" data-created_by=\"avia_inline_auto\" id=\"style-css-av-khdj0emp-5eaa69c44320f655866054a93167c79d\">\n#top .av-special-heading.av-khdj0emp-5eaa69c44320f655866054a93167c79d{\npadding-bottom:10px;\n}\nbody .av-special-heading.av-khdj0emp-5eaa69c44320f655866054a93167c79d .av-special-heading-tag .heading-char{\nfont-size:25px;\n}\n.av-special-heading.av-khdj0emp-5eaa69c44320f655866054a93167c79d .av-subheading{\nfont-size:19px;\n}\n<\/style>\n<div  class='av-special-heading av-khdj0emp-5eaa69c44320f655866054a93167c79d av-special-heading-h2 blockquote modern-quote  avia-builder-el-9  el_before_av_textblock  avia-builder-el-first '><h2 class='av-special-heading-tag '  itemprop=\"headline\"  >Annalina und Leonie Behrens<\/h2><div class='av-subheading av-subheading_below'><p>Erzeugerzusammenschluss F\u00fcrstenhof GmbH und die Macherinnen des \u201ahaehnlein\u2018-Konzeptes \u2013 die Alternative zum K\u00fckent\u00f6ten<\/p>\n<\/div><div class=\"special-heading-border\"><div class=\"special-heading-inner-border\"><\/div><\/div><\/div><br \/>\n<section  class='av_textblock_section av-k7yuci90-e77fc951f058c9b024f36a62cccd2df6 '   itemscope=\"itemscope\" itemtype=\"https:\/\/schema.org\/CreativeWork\" ><div class='avia_textblock'  itemprop=\"text\" ><p><strong>Annalina Behrens:<\/strong><\/p>\n<p>Annalina Behrens gr\u00fcndete nach Ihrem Studium Communication and Media Management (B.Sc.) an der BiTS Iserlohn die Essbar24 GmbH \u2013 eine Lebensmittelsuchmaschine f\u00fcr Menschen mit Lebensmittelallergien und \u2013unvertr\u00e4glichkeiten. Seit 2011 ist sie Gesch\u00e4ftsf\u00fchrerin Biohof Walkendorf GmbH \u2013 einer \u00f6kologischen Junghennenaufzucht. Sie verantwortet die Leitung des Tagesgesch\u00e4ftes, Finanzen, Mitarbeiterf\u00fchrung, Produktionsplanung.<\/p>\n<p>Seite 2012 ist sie zudem Produktmanagerin Marke \u201ahaehnlein\u2018, die Alternative zum K\u00fckent\u00f6ten. Ihr obliegt die Konzeptentwicklung haehnlein, Anleitung der Produktion, Markteinf\u00fchrung von Eiern und Bruderhahnenfleisch, sp\u00e4ter auch von Convenience Gerichten (haehnlein ESS-Klasse) und einer Snack-Salami (haehnlein Power Mampfer), Auditierung von Dienstleistern sowie Kommunikation mit Kunden und Medien.<\/p>\n<p>Seit 2014 ist sie zudem Gesch\u00e4ftsf\u00fchrerin FL Br\u00fcterei MV GmbH \u2013 einer Bio-Br\u00fcterei.<\/p>\n<p>Und seit 2018 ist sie zus\u00e4tzlich Gesch\u00e4ftsf\u00fchrerin Bioh\u00f6fe Mr. &amp; Mrs. Chicken GmbH \u2013 einer \u00f6kologischen Junghennenaufzucht.<\/p>\n<p>Erg\u00e4nzend zu Ihren Gesch\u00e4ftsf\u00fchrert\u00e4tigkeiten ist sie seit 2011 im Erzeugerzusammenschluss F\u00fcrstenhof GmbH engagiert \u2013 einer \u00f6kologischen Interessengemeinschaft zur Erzeugung von Bio-Lebensmitteln. Ihr obliegt die Mitarbeit an der Strategieentwicklung, Organisation von Gesellschafterversammlungen, erstellen und halten von Pr\u00e4sentationen und Netzwerken.<\/p>\n<p><strong>Leonie Behrens:<\/strong><\/p>\n<p>2006 gr\u00fcndete Leonie Behrens LeBe Design Showclothing (2006). Die Firma war auf die Anfertigung individueller Reitbekleidung auf Ma\u00df spezialisiert. Ihr oblagen die T\u00e4tigkeiten Kundenbetreuung und \u2013beratung \u00fcber Schnitt und Design bis zur Fertigung und dem internationalen Vertrieb.<\/p>\n<p>Parallel zu Ihrer Selbst\u00e4ndigkeit startete sie das Bachelorstudium in Business Psychology (B.A.) an der Hochschule Fresenius, dass Sie 2016 erfolgreich abschloss. Es folgte ein Masterstudium in Coporate Management (M.Sc.) an der University of Applied Sciences Europe. Dieses beendete sie 2017 erfolgreich.<\/p>\n<p>Seit 2016 ist sie gesch\u00e4ftsf\u00fchrende Gesellschafterin in der Biohof KaLe GmbH und seit 2017 Mitglied der Gesch\u00e4ftsleitung, Erzeugerzusammenschluss F\u00fcrstenhof GmbH in Finkenthal.<\/p>\n<\/div><\/section><\/p><\/div><\/p>\n","protected":false},"excerpt":{"rendered":"<p>Macherinnen des \u201ahaehnlein\u2018-Konzeptes<\/p>\n","protected":false},"author":10,"featured_media":1548,"comment_status":"closed","ping_status":"closed","template":"","meta":{"footnotes":""},"tags":[],"portfolio_entries":[3,4],"class_list":["post-1180","portfolio","type-portfolio","status-publish","has-post-thumbnail","hentry","portfolio_entries-referent-2020","portfolio_entries-referent-2020-feature"],"yoast_head":"<!-- This site is optimized with the Yoast SEO plugin v27.4 - https:\/\/yoast.com\/product\/yoast-seo-wordpress\/ -->\n<title>Referent: Annalina und Leonie Behrens - Horizont Restart<\/title>\n<meta name=\"description\" content=\"Horizont Restart | Begr\u00fc\u00dfen Sie auf der B\u00fchne: Annalina und Leonie Behrens\" \/>\n<meta name=\"robots\" content=\"index, follow, max-snippet:-1, max-image-preview:large, max-video-preview:-1\" \/>\n<link rel=\"canonical\" href=\"https:\/\/dfvcg-events.de\/horizont-restart\/referent\/annalina-behrens\/\" \/>\n<meta property=\"og:locale\" content=\"de_DE\" \/>\n<meta property=\"og:type\" content=\"article\" \/>\n<meta property=\"og:title\" content=\"Referent: Annalina und Leonie Behrens - Horizont Restart\" \/>\n<meta property=\"og:description\" content=\"Horizont Restart | Begr\u00fc\u00dfen Sie auf der B\u00fchne: Annalina und Leonie Behrens\" \/>\n<meta property=\"og:url\" content=\"https:\/\/dfvcg-events.de\/horizont-restart\/referent\/annalina-behrens\/\" \/>\n<meta property=\"og:site_name\" content=\"Horizont Restart\" \/>\n<meta property=\"article:modified_time\" content=\"2020-11-11T15:37:31+00:00\" \/>\n<meta property=\"og:image\" content=\"https:\/\/dfvcg-events.de\/horizont-restart\/wp-content\/uploads\/sites\/20\/2020\/10\/Behrens_Annalina-und-Leonie_Fuerstenhof_HORIZONT-RESTART-2021_Foto-Felix-Holland_02_20.jpg\" \/>\n\t<meta property=\"og:image:width\" content=\"600\" \/>\n\t<meta property=\"og:image:height\" content=\"800\" \/>\n\t<meta property=\"og:image:type\" content=\"image\/jpeg\" \/>\n<meta name=\"twitter:card\" content=\"summary_large_image\" \/>\n<meta name=\"twitter:label1\" content=\"Gesch\u00e4tzte Lesezeit\" \/>\n\t<meta name=\"twitter:data1\" content=\"7\u00a0Minuten\" \/>\n<script type=\"application\/ld+json\" class=\"yoast-schema-graph\">{\"@context\":\"https:\\\/\\\/schema.org\",\"@graph\":[{\"@type\":\"WebPage\",\"@id\":\"https:\\\/\\\/dfvcg-events.de\\\/horizont-restart\\\/referent\\\/annalina-behrens\\\/\",\"url\":\"https:\\\/\\\/dfvcg-events.de\\\/horizont-restart\\\/referent\\\/annalina-behrens\\\/\",\"name\":\"Referent: Annalina und Leonie Behrens - Horizont Restart\",\"isPartOf\":{\"@id\":\"https:\\\/\\\/dfvcg-events.de\\\/horizont-restart\\\/#website\"},\"primaryImageOfPage\":{\"@id\":\"https:\\\/\\\/dfvcg-events.de\\\/horizont-restart\\\/referent\\\/annalina-behrens\\\/#primaryimage\"},\"image\":{\"@id\":\"https:\\\/\\\/dfvcg-events.de\\\/horizont-restart\\\/referent\\\/annalina-behrens\\\/#primaryimage\"},\"thumbnailUrl\":\"https:\\\/\\\/dfvcg-events.de\\\/horizont-restart\\\/wp-content\\\/uploads\\\/sites\\\/20\\\/2020\\\/10\\\/Behrens_Annalina-und-Leonie_Fuerstenhof_HORIZONT-RESTART-2021_Foto-Felix-Holland_02_20.jpg\",\"datePublished\":\"2020-10-15T12:54:24+00:00\",\"dateModified\":\"2020-11-11T15:37:31+00:00\",\"description\":\"Horizont Restart | Begr\u00fc\u00dfen Sie auf der B\u00fchne: Annalina und Leonie Behrens\",\"breadcrumb\":{\"@id\":\"https:\\\/\\\/dfvcg-events.de\\\/horizont-restart\\\/referent\\\/annalina-behrens\\\/#breadcrumb\"},\"inLanguage\":\"de\",\"potentialAction\":[{\"@type\":\"ReadAction\",\"target\":[\"https:\\\/\\\/dfvcg-events.de\\\/horizont-restart\\\/referent\\\/annalina-behrens\\\/\"]}]},{\"@type\":\"ImageObject\",\"inLanguage\":\"de\",\"@id\":\"https:\\\/\\\/dfvcg-events.de\\\/horizont-restart\\\/referent\\\/annalina-behrens\\\/#primaryimage\",\"url\":\"https:\\\/\\\/dfvcg-events.de\\\/horizont-restart\\\/wp-content\\\/uploads\\\/sites\\\/20\\\/2020\\\/10\\\/Behrens_Annalina-und-Leonie_Fuerstenhof_HORIZONT-RESTART-2021_Foto-Felix-Holland_02_20.jpg\",\"contentUrl\":\"https:\\\/\\\/dfvcg-events.de\\\/horizont-restart\\\/wp-content\\\/uploads\\\/sites\\\/20\\\/2020\\\/10\\\/Behrens_Annalina-und-Leonie_Fuerstenhof_HORIZONT-RESTART-2021_Foto-Felix-Holland_02_20.jpg\",\"width\":600,\"height\":800},{\"@type\":\"BreadcrumbList\",\"@id\":\"https:\\\/\\\/dfvcg-events.de\\\/horizont-restart\\\/referent\\\/annalina-behrens\\\/#breadcrumb\",\"itemListElement\":[{\"@type\":\"ListItem\",\"position\":1,\"name\":\"Startseite\",\"item\":\"https:\\\/\\\/dfvcg-events.de\\\/horizont-restart\\\/\"},{\"@type\":\"ListItem\",\"position\":2,\"name\":\"Annalina und Leonie Behrens\"}]},{\"@type\":\"WebSite\",\"@id\":\"https:\\\/\\\/dfvcg-events.de\\\/horizont-restart\\\/#website\",\"url\":\"https:\\\/\\\/dfvcg-events.de\\\/horizont-restart\\\/\",\"name\":\"Horizont Restart\",\"description\":\"dfv Conference Group\",\"potentialAction\":[{\"@type\":\"SearchAction\",\"target\":{\"@type\":\"EntryPoint\",\"urlTemplate\":\"https:\\\/\\\/dfvcg-events.de\\\/horizont-restart\\\/?s={search_term_string}\"},\"query-input\":{\"@type\":\"PropertyValueSpecification\",\"valueRequired\":true,\"valueName\":\"search_term_string\"}}],\"inLanguage\":\"de\"}]}<\/script>\n<!-- \/ Yoast SEO plugin. -->","yoast_head_json":{"title":"Referent: Annalina und Leonie Behrens - Horizont Restart","description":"Horizont Restart | Begr\u00fc\u00dfen Sie auf der B\u00fchne: Annalina und Leonie Behrens","robots":{"index":"index","follow":"follow","max-snippet":"max-snippet:-1","max-image-preview":"max-image-preview:large","max-video-preview":"max-video-preview:-1"},"canonical":"https:\/\/dfvcg-events.de\/horizont-restart\/referent\/annalina-behrens\/","og_locale":"de_DE","og_type":"article","og_title":"Referent: Annalina und Leonie Behrens - Horizont Restart","og_description":"Horizont Restart | Begr\u00fc\u00dfen Sie auf der B\u00fchne: Annalina und Leonie Behrens","og_url":"https:\/\/dfvcg-events.de\/horizont-restart\/referent\/annalina-behrens\/","og_site_name":"Horizont Restart","article_modified_time":"2020-11-11T15:37:31+00:00","og_image":[{"width":600,"height":800,"url":"https:\/\/dfvcg-events.de\/horizont-restart\/wp-content\/uploads\/sites\/20\/2020\/10\/Behrens_Annalina-und-Leonie_Fuerstenhof_HORIZONT-RESTART-2021_Foto-Felix-Holland_02_20.jpg","type":"image\/jpeg"}],"twitter_card":"summary_large_image","twitter_misc":{"Gesch\u00e4tzte Lesezeit":"7\u00a0Minuten"},"schema":{"@context":"https:\/\/schema.org","@graph":[{"@type":"WebPage","@id":"https:\/\/dfvcg-events.de\/horizont-restart\/referent\/annalina-behrens\/","url":"https:\/\/dfvcg-events.de\/horizont-restart\/referent\/annalina-behrens\/","name":"Referent: Annalina und Leonie Behrens - Horizont Restart","isPartOf":{"@id":"https:\/\/dfvcg-events.de\/horizont-restart\/#website"},"primaryImageOfPage":{"@id":"https:\/\/dfvcg-events.de\/horizont-restart\/referent\/annalina-behrens\/#primaryimage"},"image":{"@id":"https:\/\/dfvcg-events.de\/horizont-restart\/referent\/annalina-behrens\/#primaryimage"},"thumbnailUrl":"https:\/\/dfvcg-events.de\/horizont-restart\/wp-content\/uploads\/sites\/20\/2020\/10\/Behrens_Annalina-und-Leonie_Fuerstenhof_HORIZONT-RESTART-2021_Foto-Felix-Holland_02_20.jpg","datePublished":"2020-10-15T12:54:24+00:00","dateModified":"2020-11-11T15:37:31+00:00","description":"Horizont Restart | Begr\u00fc\u00dfen Sie auf der B\u00fchne: Annalina und Leonie Behrens","breadcrumb":{"@id":"https:\/\/dfvcg-events.de\/horizont-restart\/referent\/annalina-behrens\/#breadcrumb"},"inLanguage":"de","potentialAction":[{"@type":"ReadAction","target":["https:\/\/dfvcg-events.de\/horizont-restart\/referent\/annalina-behrens\/"]}]},{"@type":"ImageObject","inLanguage":"de","@id":"https:\/\/dfvcg-events.de\/horizont-restart\/referent\/annalina-behrens\/#primaryimage","url":"https:\/\/dfvcg-events.de\/horizont-restart\/wp-content\/uploads\/sites\/20\/2020\/10\/Behrens_Annalina-und-Leonie_Fuerstenhof_HORIZONT-RESTART-2021_Foto-Felix-Holland_02_20.jpg","contentUrl":"https:\/\/dfvcg-events.de\/horizont-restart\/wp-content\/uploads\/sites\/20\/2020\/10\/Behrens_Annalina-und-Leonie_Fuerstenhof_HORIZONT-RESTART-2021_Foto-Felix-Holland_02_20.jpg","width":600,"height":800},{"@type":"BreadcrumbList","@id":"https:\/\/dfvcg-events.de\/horizont-restart\/referent\/annalina-behrens\/#breadcrumb","itemListElement":[{"@type":"ListItem","position":1,"name":"Startseite","item":"https:\/\/dfvcg-events.de\/horizont-restart\/"},{"@type":"ListItem","position":2,"name":"Annalina und Leonie Behrens"}]},{"@type":"WebSite","@id":"https:\/\/dfvcg-events.de\/horizont-restart\/#website","url":"https:\/\/dfvcg-events.de\/horizont-restart\/","name":"Horizont Restart","description":"dfv Conference Group","potentialAction":[{"@type":"SearchAction","target":{"@type":"EntryPoint","urlTemplate":"https:\/\/dfvcg-events.de\/horizont-restart\/?s={search_term_string}"},"query-input":{"@type":"PropertyValueSpecification","valueRequired":true,"valueName":"search_term_string"}}],"inLanguage":"de"}]}},"_links":{"self":[{"href":"https:\/\/dfvcg-events.de\/horizont-restart\/wp-json\/wp\/v2\/portfolio\/1180","targetHints":{"allow":["GET"]}}],"collection":[{"href":"https:\/\/dfvcg-events.de\/horizont-restart\/wp-json\/wp\/v2\/portfolio"}],"about":[{"href":"https:\/\/dfvcg-events.de\/horizont-restart\/wp-json\/wp\/v2\/types\/portfolio"}],"author":[{"embeddable":true,"href":"https:\/\/dfvcg-events.de\/horizont-restart\/wp-json\/wp\/v2\/users\/10"}],"replies":[{"embeddable":true,"href":"https:\/\/dfvcg-events.de\/horizont-restart\/wp-json\/wp\/v2\/comments?post=1180"}],"version-history":[{"count":0,"href":"https:\/\/dfvcg-events.de\/horizont-restart\/wp-json\/wp\/v2\/portfolio\/1180\/revisions"}],"wp:featuredmedia":[{"embeddable":true,"href":"https:\/\/dfvcg-events.de\/horizont-restart\/wp-json\/wp\/v2\/media\/1548"}],"wp:attachment":[{"href":"https:\/\/dfvcg-events.de\/horizont-restart\/wp-json\/wp\/v2\/media?parent=1180"}],"wp:term":[{"taxonomy":"post_tag","embeddable":true,"href":"https:\/\/dfvcg-events.de\/horizont-restart\/wp-json\/wp\/v2\/tags?post=1180"},{"taxonomy":"portfolio_entries","embeddable":true,"href":"https:\/\/dfvcg-events.de\/horizont-restart\/wp-json\/wp\/v2\/portfolio_entries?post=1180"}],"curies":[{"name":"wp","href":"https:\/\/api.w.org\/{rel}","templated":true}]}}