{"id":2665,"date":"2026-08-28T15:56:59","date_gmt":"2026-08-28T13:56:59","guid":{"rendered":"https:\/\/dfvcg-events.de\/horizont-preview\/?post_type=portfolio&#038;p=2665"},"modified":"2026-08-28T15:56:59","modified_gmt":"2026-08-28T13:56:59","slug":"carsten-knop","status":"publish","type":"portfolio","link":"https:\/\/dfvcg-events.de\/horizont-preview\/vortragend\/carsten-knop\/","title":{"rendered":"Carsten Knop"},"content":{"rendered":"<div id='av_section_1'  class='avia-section av-k7yuhjt1-a783d814e2fc857f3cacc95bc1ef5381 main_color avia-section-default avia-no-border-styling  avia-builder-el-0  avia-builder-el-no-sibling  avia-bg-style-scroll av-minimum-height av-minimum-height-50 av-height-50  container_wrap fullsize'   data-av_minimum_height_pc='50' data-av_min_height_opt='50'><div class='container av-section-cont-open' ><main  role=\"main\" itemprop=\"mainContentOfPage\"  class='template-page content  av-content-full alpha units'><div class='post-entry post-entry-type-page post-entry-2665'><div class='entry-content-wrapper clearfix'>\n\n<style type=\"text\/css\" data-created_by=\"avia_inline_auto\" id=\"style-css-av-1hpil-0aefe2f1e90c83a225330af7bd6248ca\">\n.flex_column.av-1hpil-0aefe2f1e90c83a225330af7bd6248ca{\nborder-radius:0px 0px 0px 0px;\npadding:0px 0px 0px 0px;\n}\n<\/style>\n<div  class='flex_column av-1hpil-0aefe2f1e90c83a225330af7bd6248ca av_one_fourth  avia-builder-el-1  el_before_av_three_fourth  avia-builder-el-first  first flex_column_div av-zero-column-padding  '     ><style type=\"text\/css\" data-created_by=\"avia_inline_auto\" id=\"style-css-av-mj8gnw32-01451e6fb8000c6d93db776eef853d31\">\n.avia-image-container.av-mj8gnw32-01451e6fb8000c6d93db776eef853d31 img.avia_image{\nbox-shadow:none;\n}\n.avia-image-container.av-mj8gnw32-01451e6fb8000c6d93db776eef853d31 .av-image-caption-overlay-center{\ncolor:#ffffff;\n}\n<\/style>\n<div  class='avia-image-container av-mj8gnw32-01451e6fb8000c6d93db776eef853d31 av-styling- avia-align-center  avia-builder-el-2  avia-builder-el-no-sibling '   itemprop=\"image\" itemscope=\"itemscope\" itemtype=\"https:\/\/schema.org\/ImageObject\" ><div class=\"avia-image-container-inner\"><div class=\"avia-image-overlay-wrap\"><img decoding=\"async\" fetchpriority=\"high\" class='wp-image-2666 avia-img-lazy-loading-not-2666 avia_image ' src=\"https:\/\/dfvcg-events.de\/horizont-preview\/wp-content\/uploads\/sites\/52\/2026\/08\/Knop-Carsten-FAZ-web.jpg\" alt='Carsten Knop-FAZ' title='Carsten Knop - Portraitaufnahme f\u00fcr das Blaue Buch &quot;Die Redaktion stellt sich vor&quot; der Frankfurter Allgemeinen Zeitung.'  height=\"500\" width=\"400\"  itemprop=\"thumbnailUrl\"  \/><\/div><\/div><\/div><\/div>\n<style type=\"text\/css\" data-created_by=\"avia_inline_auto\" id=\"style-css-av-q939-36bd9e2970eba44b209398e6adaba9f5\">\n.flex_column.av-q939-36bd9e2970eba44b209398e6adaba9f5{\nborder-radius:0px 0px 0px 0px;\npadding:0px 0px 0px 0px;\n}\n<\/style>\n<div  class='flex_column av-q939-36bd9e2970eba44b209398e6adaba9f5 av_three_fourth  avia-builder-el-3  el_after_av_one_fourth  avia-builder-el-last  flex_column_div av-zero-column-padding  '     ><p>\n<style type=\"text\/css\" data-created_by=\"avia_inline_auto\" id=\"style-css-av-kaux4tv8-2676341712c159f643ccdd692c683ac8\">\n#top .av-special-heading.av-kaux4tv8-2676341712c159f643ccdd692c683ac8{\npadding-bottom:10px;\n}\nbody .av-special-heading.av-kaux4tv8-2676341712c159f643ccdd692c683ac8 .av-special-heading-tag .heading-char{\nfont-size:25px;\n}\n.av-special-heading.av-kaux4tv8-2676341712c159f643ccdd692c683ac8 .av-subheading{\nfont-size:19px;\n}\n<\/style>\n<div  class='av-special-heading av-kaux4tv8-2676341712c159f643ccdd692c683ac8 av-special-heading-h2 blockquote modern-quote  avia-builder-el-4  el_before_av_textblock  avia-builder-el-first '><h2 class='av-special-heading-tag '  itemprop=\"headline\"  >Carsten Knop<\/h2><div class='av-subheading av-subheading_below'><p>Herausgeber<br \/>\nFrankfurter Allgemeine Zeitung<\/p>\n<\/div><div class=\"special-heading-border\"><div class=\"special-heading-inner-border\"><\/div><\/div><\/div><br \/>\n<section  class='av_textblock_section av-k7yuci90-a18c0bcded5d1c9d05f50a7123e6837d '   itemscope=\"itemscope\" itemtype=\"https:\/\/schema.org\/CreativeWork\" ><div class='avia_textblock'  itemprop=\"text\" ><p>Geboren 1969 in Dortmund. Ein Praktikum in der Redaktion der \u201eWestf\u00e4lischen Rundschau\u201c f\u00fchrte noch vor dem Abitur zur freien Mitarbeit in Lokalredaktionen dieser Zeitung. Studium der Betriebswirtschaftslehre an der Universit\u00e4t M\u00fcnster. Im Jahr 1993 folgte das Volontariat im Hause der Frankfurter Allgemeinen Zeitung. An die journalistische Ausbildung schloss sich 1995 die erste Redakteursstelle an: F\u00fcr die \u201eB\u00f6rsen-Zeitung\u201c stand schnell die Versetzung als Korrespondent nach D\u00fcsseldorf fest. Der Ortswechsel machte 1996 die R\u00fcckkehr in das D\u00fcsseldorfer B\u00fcro der F.A.Z. m\u00f6glich, das schon die Au\u00dfenstation des Volontariats gewesen war. Nach der Zeit in D\u00fcsseldorf Wirtschaftskorrespondent zun\u00e4chst in New York und dann in San Francisco. Seit 2003 wieder in Frankfurt, viele Jahre Leiter der Unternehmensberichterstattung, sp\u00e4ter auch f\u00fcr Wirtschaftsnachrichten zust\u00e4ndig. Von Anfang 2018 bis M\u00e4rz 2020 Chefredakteur f\u00fcr die digitalen Produkte. Seit April 2020 Herausgeber.<\/p>\n<p><a href=\"https:\/\/www.linkedin.com\/in\/carstenknop\/\">Carsten Knop | LinkedIn<\/a><\/p>\n<\/div><\/section><\/p><\/div>\n","protected":false},"excerpt":{"rendered":"<p>Frankfurter Allgemeine Zeitung<\/p>\n","protected":false},"author":25,"featured_media":2666,"comment_status":"closed","ping_status":"closed","template":"","meta":{"footnotes":""},"tags":[],"portfolio_entries":[58,59],"class_list":["post-2665","portfolio","type-portfolio","status-publish","has-post-thumbnail","hentry","portfolio_entries-vortragende-2027","portfolio_entries-vortragende-2027-feature"],"yoast_head":"<!-- This site is optimized with the Yoast SEO plugin v28.3 - https:\/\/yoast.com\/product\/yoast-seo-wordpress\/ -->\n<title>Referent: Carsten Knop | HORIZONT Preview<\/title>\n<meta name=\"description\" content=\"Seien Sie dabei, h\u00f6ren Sie spannende Vortr\u00e4ge und nutzten Sie die Chance vor Ort zum Networking. Wir freuen uns auf Ihre Teilnahme!\" \/>\n<meta name=\"robots\" content=\"index, follow, max-snippet:-1, max-image-preview:large, max-video-preview:-1\" \/>\n<link rel=\"canonical\" href=\"https:\/\/dfvcg-events.de\/horizont-preview\/vortragend\/carsten-knop\/\" \/>\n<meta property=\"og:locale\" content=\"de_DE\" \/>\n<meta property=\"og:type\" content=\"article\" \/>\n<meta property=\"og:title\" content=\"Referent: Carsten Knop | HORIZONT Preview\" \/>\n<meta property=\"og:description\" content=\"Seien Sie dabei, h\u00f6ren Sie spannende Vortr\u00e4ge und nutzten Sie die Chance vor Ort zum Networking. Wir freuen uns auf Ihre Teilnahme!\" \/>\n<meta property=\"og:url\" content=\"https:\/\/dfvcg-events.de\/horizont-preview\/vortragend\/carsten-knop\/\" \/>\n<meta property=\"og:site_name\" content=\"HORIZONT Preview\" \/>\n<meta property=\"article:publisher\" content=\"https:\/\/www.facebook.com\/Horizont\" \/>\n<meta property=\"og:image\" content=\"https:\/\/dfvcg-events.de\/horizont-preview\/wp-content\/uploads\/sites\/52\/2026\/08\/Knop-Carsten-FAZ-web.jpg\" \/>\n\t<meta property=\"og:image:width\" content=\"400\" \/>\n\t<meta property=\"og:image:height\" content=\"500\" \/>\n\t<meta property=\"og:image:type\" content=\"image\/jpeg\" \/>\n<meta name=\"twitter:card\" content=\"summary_large_image\" \/>\n<meta name=\"twitter:site\" content=\"@Horizont\" \/>\n<meta name=\"twitter:label1\" content=\"Gesch\u00e4tzte Lesezeit\" \/>\n\t<meta name=\"twitter:data1\" content=\"1\u00a0Minute\" \/>\n<script type=\"application\/ld+json\" class=\"yoast-schema-graph\">{\"@context\":\"https:\\\/\\\/schema.org\",\"@graph\":[{\"@type\":\"WebPage\",\"@id\":\"https:\\\/\\\/dfvcg-events.de\\\/horizont-preview\\\/vortragend\\\/carsten-knop\\\/\",\"url\":\"https:\\\/\\\/dfvcg-events.de\\\/horizont-preview\\\/vortragend\\\/carsten-knop\\\/\",\"name\":\"Referent: Carsten Knop | HORIZONT Preview\",\"isPartOf\":{\"@id\":\"https:\\\/\\\/dfvcg-events.de\\\/horizont-preview\\\/#website\"},\"primaryImageOfPage\":{\"@id\":\"https:\\\/\\\/dfvcg-events.de\\\/horizont-preview\\\/vortragend\\\/carsten-knop\\\/#primaryimage\"},\"image\":{\"@id\":\"https:\\\/\\\/dfvcg-events.de\\\/horizont-preview\\\/vortragend\\\/carsten-knop\\\/#primaryimage\"},\"thumbnailUrl\":\"https:\\\/\\\/dfvcg-events.de\\\/horizont-preview\\\/wp-content\\\/uploads\\\/sites\\\/52\\\/2026\\\/08\\\/Knop-Carsten-FAZ-web.jpg\",\"datePublished\":\"2026-08-28T13:56:59+00:00\",\"description\":\"Seien Sie dabei, h\u00f6ren Sie spannende Vortr\u00e4ge und nutzten Sie die Chance vor Ort zum Networking. Wir freuen uns auf Ihre Teilnahme!\",\"breadcrumb\":{\"@id\":\"https:\\\/\\\/dfvcg-events.de\\\/horizont-preview\\\/vortragend\\\/carsten-knop\\\/#breadcrumb\"},\"inLanguage\":\"de\",\"potentialAction\":[{\"@type\":\"ReadAction\",\"target\":[\"https:\\\/\\\/dfvcg-events.de\\\/horizont-preview\\\/vortragend\\\/carsten-knop\\\/\"]}]},{\"@type\":\"ImageObject\",\"inLanguage\":\"de\",\"@id\":\"https:\\\/\\\/dfvcg-events.de\\\/horizont-preview\\\/vortragend\\\/carsten-knop\\\/#primaryimage\",\"url\":\"https:\\\/\\\/dfvcg-events.de\\\/horizont-preview\\\/wp-content\\\/uploads\\\/sites\\\/52\\\/2026\\\/08\\\/Knop-Carsten-FAZ-web.jpg\",\"contentUrl\":\"https:\\\/\\\/dfvcg-events.de\\\/horizont-preview\\\/wp-content\\\/uploads\\\/sites\\\/52\\\/2026\\\/08\\\/Knop-Carsten-FAZ-web.jpg\",\"width\":400,\"height\":500,\"caption\":\"Portrait Carsten Knob, Chefredakteur der digitalen Produkte der Frankfurter Allgemeinen Zeitung fotografriert im Studio am Freitag, den 5. April 2019.\"},{\"@type\":\"BreadcrumbList\",\"@id\":\"https:\\\/\\\/dfvcg-events.de\\\/horizont-preview\\\/vortragend\\\/carsten-knop\\\/#breadcrumb\",\"itemListElement\":[{\"@type\":\"ListItem\",\"position\":1,\"name\":\"Startseite\",\"item\":\"https:\\\/\\\/dfvcg-events.de\\\/horizont-preview\\\/\"},{\"@type\":\"ListItem\",\"position\":2,\"name\":\"Carsten Knop\"}]},{\"@type\":\"WebSite\",\"@id\":\"https:\\\/\\\/dfvcg-events.de\\\/horizont-preview\\\/#website\",\"url\":\"https:\\\/\\\/dfvcg-events.de\\\/horizont-preview\\\/\",\"name\":\"HORIZONT Preview\",\"description\":\"Event f\u00fcr Executives in Marketing, Medien und Unternehmen\",\"publisher\":{\"@id\":\"https:\\\/\\\/dfvcg-events.de\\\/horizont-preview\\\/#organization\"},\"alternateName\":\"dfv Conference Group\",\"potentialAction\":[{\"@type\":\"SearchAction\",\"target\":{\"@type\":\"EntryPoint\",\"urlTemplate\":\"https:\\\/\\\/dfvcg-events.de\\\/horizont-preview\\\/?s={search_term_string}\"},\"query-input\":{\"@type\":\"PropertyValueSpecification\",\"valueRequired\":true,\"valueName\":\"search_term_string\"}}],\"inLanguage\":\"de\"},{\"@type\":\"Organization\",\"@id\":\"https:\\\/\\\/dfvcg-events.de\\\/horizont-preview\\\/#organization\",\"name\":\"dfv Conference Group\",\"alternateName\":\"HORIZONT Preview\",\"url\":\"https:\\\/\\\/dfvcg-events.de\\\/horizont-preview\\\/\",\"logo\":{\"@type\":\"ImageObject\",\"inLanguage\":\"de\",\"@id\":\"https:\\\/\\\/dfvcg-events.de\\\/horizont-preview\\\/#\\\/schema\\\/logo\\\/image\\\/\",\"url\":\"https:\\\/\\\/dfvcg-events.de\\\/horizont-preview\\\/wp-content\\\/uploads\\\/sites\\\/52\\\/2023\\\/09\\\/dfvcg-horizont-preview-2024-logo.jpg\",\"contentUrl\":\"https:\\\/\\\/dfvcg-events.de\\\/horizont-preview\\\/wp-content\\\/uploads\\\/sites\\\/52\\\/2023\\\/09\\\/dfvcg-horizont-preview-2024-logo.jpg\",\"width\":800,\"height\":800,\"caption\":\"dfv Conference Group\"},\"image\":{\"@id\":\"https:\\\/\\\/dfvcg-events.de\\\/horizont-preview\\\/#\\\/schema\\\/logo\\\/image\\\/\"},\"sameAs\":[\"https:\\\/\\\/www.facebook.com\\\/Horizont\",\"https:\\\/\\\/x.com\\\/Horizont\"]}]}<\/script>\n<!-- \/ Yoast SEO plugin. -->","yoast_head_json":{"title":"Referent: Carsten Knop | HORIZONT Preview","description":"Seien Sie dabei, h\u00f6ren Sie spannende Vortr\u00e4ge und nutzten Sie die Chance vor Ort zum Networking. Wir freuen uns auf Ihre Teilnahme!","robots":{"index":"index","follow":"follow","max-snippet":"max-snippet:-1","max-image-preview":"max-image-preview:large","max-video-preview":"max-video-preview:-1"},"canonical":"https:\/\/dfvcg-events.de\/horizont-preview\/vortragend\/carsten-knop\/","og_locale":"de_DE","og_type":"article","og_title":"Referent: Carsten Knop | HORIZONT Preview","og_description":"Seien Sie dabei, h\u00f6ren Sie spannende Vortr\u00e4ge und nutzten Sie die Chance vor Ort zum Networking. Wir freuen uns auf Ihre Teilnahme!","og_url":"https:\/\/dfvcg-events.de\/horizont-preview\/vortragend\/carsten-knop\/","og_site_name":"HORIZONT Preview","article_publisher":"https:\/\/www.facebook.com\/Horizont","og_image":[{"width":400,"height":500,"url":"https:\/\/dfvcg-events.de\/horizont-preview\/wp-content\/uploads\/sites\/52\/2026\/08\/Knop-Carsten-FAZ-web.jpg","type":"image\/jpeg"}],"twitter_card":"summary_large_image","twitter_site":"@Horizont","twitter_misc":{"Gesch\u00e4tzte Lesezeit":"1\u00a0Minute"},"schema":{"@context":"https:\/\/schema.org","@graph":[{"@type":"WebPage","@id":"https:\/\/dfvcg-events.de\/horizont-preview\/vortragend\/carsten-knop\/","url":"https:\/\/dfvcg-events.de\/horizont-preview\/vortragend\/carsten-knop\/","name":"Referent: Carsten Knop | HORIZONT Preview","isPartOf":{"@id":"https:\/\/dfvcg-events.de\/horizont-preview\/#website"},"primaryImageOfPage":{"@id":"https:\/\/dfvcg-events.de\/horizont-preview\/vortragend\/carsten-knop\/#primaryimage"},"image":{"@id":"https:\/\/dfvcg-events.de\/horizont-preview\/vortragend\/carsten-knop\/#primaryimage"},"thumbnailUrl":"https:\/\/dfvcg-events.de\/horizont-preview\/wp-content\/uploads\/sites\/52\/2026\/08\/Knop-Carsten-FAZ-web.jpg","datePublished":"2026-08-28T13:56:59+00:00","description":"Seien Sie dabei, h\u00f6ren Sie spannende Vortr\u00e4ge und nutzten Sie die Chance vor Ort zum Networking. Wir freuen uns auf Ihre Teilnahme!","breadcrumb":{"@id":"https:\/\/dfvcg-events.de\/horizont-preview\/vortragend\/carsten-knop\/#breadcrumb"},"inLanguage":"de","potentialAction":[{"@type":"ReadAction","target":["https:\/\/dfvcg-events.de\/horizont-preview\/vortragend\/carsten-knop\/"]}]},{"@type":"ImageObject","inLanguage":"de","@id":"https:\/\/dfvcg-events.de\/horizont-preview\/vortragend\/carsten-knop\/#primaryimage","url":"https:\/\/dfvcg-events.de\/horizont-preview\/wp-content\/uploads\/sites\/52\/2026\/08\/Knop-Carsten-FAZ-web.jpg","contentUrl":"https:\/\/dfvcg-events.de\/horizont-preview\/wp-content\/uploads\/sites\/52\/2026\/08\/Knop-Carsten-FAZ-web.jpg","width":400,"height":500,"caption":"Portrait Carsten Knob, Chefredakteur der digitalen Produkte der Frankfurter Allgemeinen Zeitung fotografriert im Studio am Freitag, den 5. April 2019."},{"@type":"BreadcrumbList","@id":"https:\/\/dfvcg-events.de\/horizont-preview\/vortragend\/carsten-knop\/#breadcrumb","itemListElement":[{"@type":"ListItem","position":1,"name":"Startseite","item":"https:\/\/dfvcg-events.de\/horizont-preview\/"},{"@type":"ListItem","position":2,"name":"Carsten Knop"}]},{"@type":"WebSite","@id":"https:\/\/dfvcg-events.de\/horizont-preview\/#website","url":"https:\/\/dfvcg-events.de\/horizont-preview\/","name":"HORIZONT Preview","description":"Event f\u00fcr Executives in Marketing, Medien und Unternehmen","publisher":{"@id":"https:\/\/dfvcg-events.de\/horizont-preview\/#organization"},"alternateName":"dfv Conference Group","potentialAction":[{"@type":"SearchAction","target":{"@type":"EntryPoint","urlTemplate":"https:\/\/dfvcg-events.de\/horizont-preview\/?s={search_term_string}"},"query-input":{"@type":"PropertyValueSpecification","valueRequired":true,"valueName":"search_term_string"}}],"inLanguage":"de"},{"@type":"Organization","@id":"https:\/\/dfvcg-events.de\/horizont-preview\/#organization","name":"dfv Conference Group","alternateName":"HORIZONT Preview","url":"https:\/\/dfvcg-events.de\/horizont-preview\/","logo":{"@type":"ImageObject","inLanguage":"de","@id":"https:\/\/dfvcg-events.de\/horizont-preview\/#\/schema\/logo\/image\/","url":"https:\/\/dfvcg-events.de\/horizont-preview\/wp-content\/uploads\/sites\/52\/2023\/09\/dfvcg-horizont-preview-2024-logo.jpg","contentUrl":"https:\/\/dfvcg-events.de\/horizont-preview\/wp-content\/uploads\/sites\/52\/2023\/09\/dfvcg-horizont-preview-2024-logo.jpg","width":800,"height":800,"caption":"dfv Conference Group"},"image":{"@id":"https:\/\/dfvcg-events.de\/horizont-preview\/#\/schema\/logo\/image\/"},"sameAs":["https:\/\/www.facebook.com\/Horizont","https:\/\/x.com\/Horizont"]}]}},"_links":{"self":[{"href":"https:\/\/dfvcg-events.de\/horizont-preview\/wp-json\/wp\/v2\/portfolio\/2665","targetHints":{"allow":["GET"]}}],"collection":[{"href":"https:\/\/dfvcg-events.de\/horizont-preview\/wp-json\/wp\/v2\/portfolio"}],"about":[{"href":"https:\/\/dfvcg-events.de\/horizont-preview\/wp-json\/wp\/v2\/types\/portfolio"}],"author":[{"embeddable":true,"href":"https:\/\/dfvcg-events.de\/horizont-preview\/wp-json\/wp\/v2\/users\/25"}],"replies":[{"embeddable":true,"href":"https:\/\/dfvcg-events.de\/horizont-preview\/wp-json\/wp\/v2\/comments?post=2665"}],"version-history":[{"count":2,"href":"https:\/\/dfvcg-events.de\/horizont-preview\/wp-json\/wp\/v2\/portfolio\/2665\/revisions"}],"predecessor-version":[{"id":2668,"href":"https:\/\/dfvcg-events.de\/horizont-preview\/wp-json\/wp\/v2\/portfolio\/2665\/revisions\/2668"}],"wp:featuredmedia":[{"embeddable":true,"href":"https:\/\/dfvcg-events.de\/horizont-preview\/wp-json\/wp\/v2\/media\/2666"}],"wp:attachment":[{"href":"https:\/\/dfvcg-events.de\/horizont-preview\/wp-json\/wp\/v2\/media?parent=2665"}],"wp:term":[{"taxonomy":"post_tag","embeddable":true,"href":"https:\/\/dfvcg-events.de\/horizont-preview\/wp-json\/wp\/v2\/tags?post=2665"},{"taxonomy":"portfolio_entries","embeddable":true,"href":"https:\/\/dfvcg-events.de\/horizont-preview\/wp-json\/wp\/v2\/portfolio_entries?post=2665"}],"curies":[{"name":"wp","href":"https:\/\/api.w.org\/{rel}","templated":true}]}}