{"id":2657,"date":"2026-08-26T13:56:43","date_gmt":"2026-08-26T11:56:43","guid":{"rendered":"https:\/\/dfvcg-events.de\/horizont-preview\/?post_type=portfolio&#038;p=2657"},"modified":"2026-09-01T17:03:00","modified_gmt":"2026-09-01T15:03:00","slug":"dr-fritzi-koehler-geib","status":"publish","type":"portfolio","link":"https:\/\/dfvcg-events.de\/horizont-preview\/vortragend\/dr-fritzi-koehler-geib\/","title":{"rendered":"Dr. Fritzi K\u00f6hler-Geib"},"content":{"rendered":"<div id='av_section_1'  class='avia-section av-k7yuhjt1-a783d814e2fc857f3cacc95bc1ef5381 main_color avia-section-default avia-no-border-styling  avia-builder-el-0  avia-builder-el-no-sibling  avia-bg-style-scroll av-minimum-height av-minimum-height-50 av-height-50  container_wrap fullsize'   data-av_minimum_height_pc='50' data-av_min_height_opt='50'><div class='container av-section-cont-open' ><main  role=\"main\" itemprop=\"mainContentOfPage\"  class='template-page content  av-content-full alpha units'><div class='post-entry post-entry-type-page post-entry-2657'><div class='entry-content-wrapper clearfix'>\n\n<style type=\"text\/css\" data-created_by=\"avia_inline_auto\" id=\"style-css-av-1hpil-0aefe2f1e90c83a225330af7bd6248ca\">\n.flex_column.av-1hpil-0aefe2f1e90c83a225330af7bd6248ca{\nborder-radius:0px 0px 0px 0px;\npadding:0px 0px 0px 0px;\n}\n<\/style>\n<div  class='flex_column av-1hpil-0aefe2f1e90c83a225330af7bd6248ca av_one_fourth  avia-builder-el-1  el_before_av_three_fourth  avia-builder-el-first  first flex_column_div av-zero-column-padding  '     ><style type=\"text\/css\" data-created_by=\"avia_inline_auto\" id=\"style-css-av-k7z57foz-3dec52b769cd444657f4955fdd043f7e\">\n.avia-image-container.av-k7z57foz-3dec52b769cd444657f4955fdd043f7e img.avia_image{\nbox-shadow:none;\n}\n.avia-image-container.av-k7z57foz-3dec52b769cd444657f4955fdd043f7e .av-image-caption-overlay-center{\ncolor:#ffffff;\n}\n<\/style>\n<div  class='avia-image-container av-k7z57foz-3dec52b769cd444657f4955fdd043f7e av-styling-no-styling avia-align-center  avia-builder-el-2  avia-builder-el-no-sibling '   itemprop=\"image\" itemscope=\"itemscope\" itemtype=\"https:\/\/schema.org\/ImageObject\" ><div class=\"avia-image-container-inner\"><div class=\"avia-image-overlay-wrap\"><img decoding=\"async\" fetchpriority=\"high\" class='wp-image-2658 avia-img-lazy-loading-not-2658 avia_image ' src=\"https:\/\/dfvcg-events.de\/horizont-preview\/wp-content\/uploads\/sites\/52\/2026\/08\/Dr.-Koehler-Geib-Fritzi-DeutscheBundesbank.jpg\" alt='Dr.-K\u00f6hler-Geib-Fritzi-DeutscheBundesbank' title='Dr.-K\u00f6hler-Geib-Fritzi-DeutscheBundesbank'  height=\"500\" width=\"400\"  itemprop=\"thumbnailUrl\"  \/><\/div><\/div><\/div><\/div>\n<style type=\"text\/css\" data-created_by=\"avia_inline_auto\" id=\"style-css-av-q939-36bd9e2970eba44b209398e6adaba9f5\">\n.flex_column.av-q939-36bd9e2970eba44b209398e6adaba9f5{\nborder-radius:0px 0px 0px 0px;\npadding:0px 0px 0px 0px;\n}\n<\/style>\n<div  class='flex_column av-q939-36bd9e2970eba44b209398e6adaba9f5 av_three_fourth  avia-builder-el-3  el_after_av_one_fourth  avia-builder-el-last  flex_column_div av-zero-column-padding  '     ><p>\n<style type=\"text\/css\" data-created_by=\"avia_inline_auto\" id=\"style-css-av-kaux4tv8-91429d307e6fb618007ce5f3a2212a5b\">\n#top .av-special-heading.av-kaux4tv8-91429d307e6fb618007ce5f3a2212a5b{\npadding-bottom:10px;\n}\nbody .av-special-heading.av-kaux4tv8-91429d307e6fb618007ce5f3a2212a5b .av-special-heading-tag .heading-char{\nfont-size:25px;\n}\n.av-special-heading.av-kaux4tv8-91429d307e6fb618007ce5f3a2212a5b .av-subheading{\nfont-size:19px;\n}\n<\/style>\n<div  class='av-special-heading av-kaux4tv8-91429d307e6fb618007ce5f3a2212a5b av-special-heading-h2 blockquote modern-quote  avia-builder-el-4  el_before_av_textblock  avia-builder-el-first '><h2 class='av-special-heading-tag '  itemprop=\"headline\"  >Dr. Fritzi K\u00f6hler-Geib<\/h2><div class='av-subheading av-subheading_below'><p>Vorst\u00e4ndin<br \/>\nDeutsche Bundesbank<\/p>\n<\/div><div class=\"special-heading-border\"><div class=\"special-heading-inner-border\"><\/div><\/div><\/div><br \/>\n<section  class='av_textblock_section av-k7yuci90-a18c0bcded5d1c9d05f50a7123e6837d '   itemscope=\"itemscope\" itemtype=\"https:\/\/schema.org\/CreativeWork\" ><div class='avia_textblock'  itemprop=\"text\" ><p>Fritzi K\u00f6hler-Geib ist Vorst\u00e4ndin der Deutschen Bundesbank und verantwortet die IT, Daten und Statistik, Risikocontrolling und das Forschungszentrum. Davor war sie Chefvolkswirtin und First Vice President der KfW Group. Bis 2019 war sie f\u00fcr \u00fcber 20 Jahre in unterschiedlichen Positionen und Regionen f\u00fcr IWF und Weltbank sowie privaten Finanzinstitutionen t\u00e4tig, zuletzt als Weltbank Chefvolkswirtin f\u00fcr Zentralamerika. Sie wurde in Wirtschaftswissenschaften an der Ludwig-Maximilians-Universit\u00e4t M\u00fcnchen und der Universit\u00e4t Pompeu Fabra, Spanien promoviert, und hat zwei Masterabschl\u00fcsse, einen in Wirtschaftswissenschaften und einen in internationalem Management von der Universit\u00e4t St. Gallen, der HEC Paris und der University of Michigan. Ihr Forschungsinteresse gilt vor allem Finanzkrisen, deren Stabilisierung und wachstumsf\u00f6rdernden Reformen. Au\u00dferdem unterrichtet sie einen Masterstudiengang zu wirtschaftliche Transformationsprozessen an der Goethe-Universit\u00e4t Frankfurt.<\/p>\n<\/div><\/section><\/p><\/div>\n","protected":false},"excerpt":{"rendered":"<p>Deutsche Bundesbank<\/p>\n","protected":false},"author":25,"featured_media":2658,"comment_status":"closed","ping_status":"closed","template":"","meta":{"footnotes":""},"tags":[],"portfolio_entries":[58,59],"class_list":["post-2657","portfolio","type-portfolio","status-publish","has-post-thumbnail","hentry","portfolio_entries-vortragende-2027","portfolio_entries-vortragende-2027-feature"],"yoast_head":"<!-- This site is optimized with the Yoast SEO plugin v28.3 - https:\/\/yoast.com\/product\/yoast-seo-wordpress\/ -->\n<title>Referent: Dr. Fritzi K\u00f6hler-Geib | HORIZONT Preview<\/title>\n<meta name=\"description\" content=\"Seien Sie dabei, h\u00f6ren Sie spannende Vortr\u00e4ge und nutzten Sie die Chance vor Ort zum Networking. Wir freuen uns auf Ihre Teilnahme!\" \/>\n<meta name=\"robots\" content=\"index, follow, max-snippet:-1, max-image-preview:large, max-video-preview:-1\" \/>\n<link rel=\"canonical\" href=\"https:\/\/dfvcg-events.de\/horizont-preview\/vortragend\/dr-fritzi-koehler-geib\/\" \/>\n<meta property=\"og:locale\" content=\"de_DE\" \/>\n<meta property=\"og:type\" content=\"article\" \/>\n<meta property=\"og:title\" content=\"Referent: Dr. Fritzi K\u00f6hler-Geib | HORIZONT Preview\" \/>\n<meta property=\"og:description\" content=\"Seien Sie dabei, h\u00f6ren Sie spannende Vortr\u00e4ge und nutzten Sie die Chance vor Ort zum Networking. Wir freuen uns auf Ihre Teilnahme!\" \/>\n<meta property=\"og:url\" content=\"https:\/\/dfvcg-events.de\/horizont-preview\/vortragend\/dr-fritzi-koehler-geib\/\" \/>\n<meta property=\"og:site_name\" content=\"HORIZONT Preview\" \/>\n<meta property=\"article:publisher\" content=\"https:\/\/www.facebook.com\/Horizont\" \/>\n<meta property=\"article:modified_time\" content=\"2026-09-01T15:03:00+00:00\" \/>\n<meta property=\"og:image\" content=\"https:\/\/dfvcg-events.de\/horizont-preview\/wp-content\/uploads\/sites\/52\/2026\/08\/Dr.-Koehler-Geib-Fritzi-DeutscheBundesbank.jpg\" \/>\n\t<meta property=\"og:image:width\" content=\"400\" \/>\n\t<meta property=\"og:image:height\" content=\"500\" \/>\n\t<meta property=\"og:image:type\" content=\"image\/jpeg\" \/>\n<meta name=\"twitter:card\" content=\"summary_large_image\" \/>\n<meta name=\"twitter:site\" content=\"@Horizont\" \/>\n<meta name=\"twitter:label1\" content=\"Gesch\u00e4tzte Lesezeit\" \/>\n\t<meta name=\"twitter:data1\" content=\"1\u00a0Minute\" \/>\n<script type=\"application\/ld+json\" class=\"yoast-schema-graph\">{\"@context\":\"https:\\\/\\\/schema.org\",\"@graph\":[{\"@type\":\"WebPage\",\"@id\":\"https:\\\/\\\/dfvcg-events.de\\\/horizont-preview\\\/vortragend\\\/dr-fritzi-koehler-geib\\\/\",\"url\":\"https:\\\/\\\/dfvcg-events.de\\\/horizont-preview\\\/vortragend\\\/dr-fritzi-koehler-geib\\\/\",\"name\":\"Referent: Dr. Fritzi K\u00f6hler-Geib | HORIZONT Preview\",\"isPartOf\":{\"@id\":\"https:\\\/\\\/dfvcg-events.de\\\/horizont-preview\\\/#website\"},\"primaryImageOfPage\":{\"@id\":\"https:\\\/\\\/dfvcg-events.de\\\/horizont-preview\\\/vortragend\\\/dr-fritzi-koehler-geib\\\/#primaryimage\"},\"image\":{\"@id\":\"https:\\\/\\\/dfvcg-events.de\\\/horizont-preview\\\/vortragend\\\/dr-fritzi-koehler-geib\\\/#primaryimage\"},\"thumbnailUrl\":\"https:\\\/\\\/dfvcg-events.de\\\/horizont-preview\\\/wp-content\\\/uploads\\\/sites\\\/52\\\/2026\\\/08\\\/Dr.-Koehler-Geib-Fritzi-DeutscheBundesbank.jpg\",\"datePublished\":\"2026-08-26T11:56:43+00:00\",\"dateModified\":\"2026-09-01T15:03:00+00:00\",\"description\":\"Seien Sie dabei, h\u00f6ren Sie spannende Vortr\u00e4ge und nutzten Sie die Chance vor Ort zum Networking. Wir freuen uns auf Ihre Teilnahme!\",\"breadcrumb\":{\"@id\":\"https:\\\/\\\/dfvcg-events.de\\\/horizont-preview\\\/vortragend\\\/dr-fritzi-koehler-geib\\\/#breadcrumb\"},\"inLanguage\":\"de\",\"potentialAction\":[{\"@type\":\"ReadAction\",\"target\":[\"https:\\\/\\\/dfvcg-events.de\\\/horizont-preview\\\/vortragend\\\/dr-fritzi-koehler-geib\\\/\"]}]},{\"@type\":\"ImageObject\",\"inLanguage\":\"de\",\"@id\":\"https:\\\/\\\/dfvcg-events.de\\\/horizont-preview\\\/vortragend\\\/dr-fritzi-koehler-geib\\\/#primaryimage\",\"url\":\"https:\\\/\\\/dfvcg-events.de\\\/horizont-preview\\\/wp-content\\\/uploads\\\/sites\\\/52\\\/2026\\\/08\\\/Dr.-Koehler-Geib-Fritzi-DeutscheBundesbank.jpg\",\"contentUrl\":\"https:\\\/\\\/dfvcg-events.de\\\/horizont-preview\\\/wp-content\\\/uploads\\\/sites\\\/52\\\/2026\\\/08\\\/Dr.-Koehler-Geib-Fritzi-DeutscheBundesbank.jpg\",\"width\":400,\"height\":500,\"caption\":\"Dr.-K\u00f6hler-Geib-Fritzi-DeutscheBundesbank\"},{\"@type\":\"BreadcrumbList\",\"@id\":\"https:\\\/\\\/dfvcg-events.de\\\/horizont-preview\\\/vortragend\\\/dr-fritzi-koehler-geib\\\/#breadcrumb\",\"itemListElement\":[{\"@type\":\"ListItem\",\"position\":1,\"name\":\"Startseite\",\"item\":\"https:\\\/\\\/dfvcg-events.de\\\/horizont-preview\\\/\"},{\"@type\":\"ListItem\",\"position\":2,\"name\":\"Dr. Fritzi K\u00f6hler-Geib\"}]},{\"@type\":\"WebSite\",\"@id\":\"https:\\\/\\\/dfvcg-events.de\\\/horizont-preview\\\/#website\",\"url\":\"https:\\\/\\\/dfvcg-events.de\\\/horizont-preview\\\/\",\"name\":\"HORIZONT Preview\",\"description\":\"Event f\u00fcr Executives in Marketing, Medien und Unternehmen\",\"publisher\":{\"@id\":\"https:\\\/\\\/dfvcg-events.de\\\/horizont-preview\\\/#organization\"},\"alternateName\":\"dfv Conference Group\",\"potentialAction\":[{\"@type\":\"SearchAction\",\"target\":{\"@type\":\"EntryPoint\",\"urlTemplate\":\"https:\\\/\\\/dfvcg-events.de\\\/horizont-preview\\\/?s={search_term_string}\"},\"query-input\":{\"@type\":\"PropertyValueSpecification\",\"valueRequired\":true,\"valueName\":\"search_term_string\"}}],\"inLanguage\":\"de\"},{\"@type\":\"Organization\",\"@id\":\"https:\\\/\\\/dfvcg-events.de\\\/horizont-preview\\\/#organization\",\"name\":\"dfv Conference Group\",\"alternateName\":\"HORIZONT Preview\",\"url\":\"https:\\\/\\\/dfvcg-events.de\\\/horizont-preview\\\/\",\"logo\":{\"@type\":\"ImageObject\",\"inLanguage\":\"de\",\"@id\":\"https:\\\/\\\/dfvcg-events.de\\\/horizont-preview\\\/#\\\/schema\\\/logo\\\/image\\\/\",\"url\":\"https:\\\/\\\/dfvcg-events.de\\\/horizont-preview\\\/wp-content\\\/uploads\\\/sites\\\/52\\\/2023\\\/09\\\/dfvcg-horizont-preview-2024-logo.jpg\",\"contentUrl\":\"https:\\\/\\\/dfvcg-events.de\\\/horizont-preview\\\/wp-content\\\/uploads\\\/sites\\\/52\\\/2023\\\/09\\\/dfvcg-horizont-preview-2024-logo.jpg\",\"width\":800,\"height\":800,\"caption\":\"dfv Conference Group\"},\"image\":{\"@id\":\"https:\\\/\\\/dfvcg-events.de\\\/horizont-preview\\\/#\\\/schema\\\/logo\\\/image\\\/\"},\"sameAs\":[\"https:\\\/\\\/www.facebook.com\\\/Horizont\",\"https:\\\/\\\/x.com\\\/Horizont\"]}]}<\/script>\n<!-- \/ Yoast SEO plugin. -->","yoast_head_json":{"title":"Referent: Dr. Fritzi K\u00f6hler-Geib | HORIZONT Preview","description":"Seien Sie dabei, h\u00f6ren Sie spannende Vortr\u00e4ge und nutzten Sie die Chance vor Ort zum Networking. Wir freuen uns auf Ihre Teilnahme!","robots":{"index":"index","follow":"follow","max-snippet":"max-snippet:-1","max-image-preview":"max-image-preview:large","max-video-preview":"max-video-preview:-1"},"canonical":"https:\/\/dfvcg-events.de\/horizont-preview\/vortragend\/dr-fritzi-koehler-geib\/","og_locale":"de_DE","og_type":"article","og_title":"Referent: Dr. Fritzi K\u00f6hler-Geib | HORIZONT Preview","og_description":"Seien Sie dabei, h\u00f6ren Sie spannende Vortr\u00e4ge und nutzten Sie die Chance vor Ort zum Networking. Wir freuen uns auf Ihre Teilnahme!","og_url":"https:\/\/dfvcg-events.de\/horizont-preview\/vortragend\/dr-fritzi-koehler-geib\/","og_site_name":"HORIZONT Preview","article_publisher":"https:\/\/www.facebook.com\/Horizont","article_modified_time":"2026-09-01T15:03:00+00:00","og_image":[{"width":400,"height":500,"url":"https:\/\/dfvcg-events.de\/horizont-preview\/wp-content\/uploads\/sites\/52\/2026\/08\/Dr.-Koehler-Geib-Fritzi-DeutscheBundesbank.jpg","type":"image\/jpeg"}],"twitter_card":"summary_large_image","twitter_site":"@Horizont","twitter_misc":{"Gesch\u00e4tzte Lesezeit":"1\u00a0Minute"},"schema":{"@context":"https:\/\/schema.org","@graph":[{"@type":"WebPage","@id":"https:\/\/dfvcg-events.de\/horizont-preview\/vortragend\/dr-fritzi-koehler-geib\/","url":"https:\/\/dfvcg-events.de\/horizont-preview\/vortragend\/dr-fritzi-koehler-geib\/","name":"Referent: Dr. Fritzi K\u00f6hler-Geib | HORIZONT Preview","isPartOf":{"@id":"https:\/\/dfvcg-events.de\/horizont-preview\/#website"},"primaryImageOfPage":{"@id":"https:\/\/dfvcg-events.de\/horizont-preview\/vortragend\/dr-fritzi-koehler-geib\/#primaryimage"},"image":{"@id":"https:\/\/dfvcg-events.de\/horizont-preview\/vortragend\/dr-fritzi-koehler-geib\/#primaryimage"},"thumbnailUrl":"https:\/\/dfvcg-events.de\/horizont-preview\/wp-content\/uploads\/sites\/52\/2026\/08\/Dr.-Koehler-Geib-Fritzi-DeutscheBundesbank.jpg","datePublished":"2026-08-26T11:56:43+00:00","dateModified":"2026-09-01T15:03:00+00:00","description":"Seien Sie dabei, h\u00f6ren Sie spannende Vortr\u00e4ge und nutzten Sie die Chance vor Ort zum Networking. Wir freuen uns auf Ihre Teilnahme!","breadcrumb":{"@id":"https:\/\/dfvcg-events.de\/horizont-preview\/vortragend\/dr-fritzi-koehler-geib\/#breadcrumb"},"inLanguage":"de","potentialAction":[{"@type":"ReadAction","target":["https:\/\/dfvcg-events.de\/horizont-preview\/vortragend\/dr-fritzi-koehler-geib\/"]}]},{"@type":"ImageObject","inLanguage":"de","@id":"https:\/\/dfvcg-events.de\/horizont-preview\/vortragend\/dr-fritzi-koehler-geib\/#primaryimage","url":"https:\/\/dfvcg-events.de\/horizont-preview\/wp-content\/uploads\/sites\/52\/2026\/08\/Dr.-Koehler-Geib-Fritzi-DeutscheBundesbank.jpg","contentUrl":"https:\/\/dfvcg-events.de\/horizont-preview\/wp-content\/uploads\/sites\/52\/2026\/08\/Dr.-Koehler-Geib-Fritzi-DeutscheBundesbank.jpg","width":400,"height":500,"caption":"Dr.-K\u00f6hler-Geib-Fritzi-DeutscheBundesbank"},{"@type":"BreadcrumbList","@id":"https:\/\/dfvcg-events.de\/horizont-preview\/vortragend\/dr-fritzi-koehler-geib\/#breadcrumb","itemListElement":[{"@type":"ListItem","position":1,"name":"Startseite","item":"https:\/\/dfvcg-events.de\/horizont-preview\/"},{"@type":"ListItem","position":2,"name":"Dr. Fritzi K\u00f6hler-Geib"}]},{"@type":"WebSite","@id":"https:\/\/dfvcg-events.de\/horizont-preview\/#website","url":"https:\/\/dfvcg-events.de\/horizont-preview\/","name":"HORIZONT Preview","description":"Event f\u00fcr Executives in Marketing, Medien und Unternehmen","publisher":{"@id":"https:\/\/dfvcg-events.de\/horizont-preview\/#organization"},"alternateName":"dfv Conference Group","potentialAction":[{"@type":"SearchAction","target":{"@type":"EntryPoint","urlTemplate":"https:\/\/dfvcg-events.de\/horizont-preview\/?s={search_term_string}"},"query-input":{"@type":"PropertyValueSpecification","valueRequired":true,"valueName":"search_term_string"}}],"inLanguage":"de"},{"@type":"Organization","@id":"https:\/\/dfvcg-events.de\/horizont-preview\/#organization","name":"dfv Conference Group","alternateName":"HORIZONT Preview","url":"https:\/\/dfvcg-events.de\/horizont-preview\/","logo":{"@type":"ImageObject","inLanguage":"de","@id":"https:\/\/dfvcg-events.de\/horizont-preview\/#\/schema\/logo\/image\/","url":"https:\/\/dfvcg-events.de\/horizont-preview\/wp-content\/uploads\/sites\/52\/2023\/09\/dfvcg-horizont-preview-2024-logo.jpg","contentUrl":"https:\/\/dfvcg-events.de\/horizont-preview\/wp-content\/uploads\/sites\/52\/2023\/09\/dfvcg-horizont-preview-2024-logo.jpg","width":800,"height":800,"caption":"dfv Conference Group"},"image":{"@id":"https:\/\/dfvcg-events.de\/horizont-preview\/#\/schema\/logo\/image\/"},"sameAs":["https:\/\/www.facebook.com\/Horizont","https:\/\/x.com\/Horizont"]}]}},"_links":{"self":[{"href":"https:\/\/dfvcg-events.de\/horizont-preview\/wp-json\/wp\/v2\/portfolio\/2657","targetHints":{"allow":["GET"]}}],"collection":[{"href":"https:\/\/dfvcg-events.de\/horizont-preview\/wp-json\/wp\/v2\/portfolio"}],"about":[{"href":"https:\/\/dfvcg-events.de\/horizont-preview\/wp-json\/wp\/v2\/types\/portfolio"}],"author":[{"embeddable":true,"href":"https:\/\/dfvcg-events.de\/horizont-preview\/wp-json\/wp\/v2\/users\/25"}],"replies":[{"embeddable":true,"href":"https:\/\/dfvcg-events.de\/horizont-preview\/wp-json\/wp\/v2\/comments?post=2657"}],"version-history":[{"count":3,"href":"https:\/\/dfvcg-events.de\/horizont-preview\/wp-json\/wp\/v2\/portfolio\/2657\/revisions"}],"predecessor-version":[{"id":2669,"href":"https:\/\/dfvcg-events.de\/horizont-preview\/wp-json\/wp\/v2\/portfolio\/2657\/revisions\/2669"}],"wp:featuredmedia":[{"embeddable":true,"href":"https:\/\/dfvcg-events.de\/horizont-preview\/wp-json\/wp\/v2\/media\/2658"}],"wp:attachment":[{"href":"https:\/\/dfvcg-events.de\/horizont-preview\/wp-json\/wp\/v2\/media?parent=2657"}],"wp:term":[{"taxonomy":"post_tag","embeddable":true,"href":"https:\/\/dfvcg-events.de\/horizont-preview\/wp-json\/wp\/v2\/tags?post=2657"},{"taxonomy":"portfolio_entries","embeddable":true,"href":"https:\/\/dfvcg-events.de\/horizont-preview\/wp-json\/wp\/v2\/portfolio_entries?post=2657"}],"curies":[{"name":"wp","href":"https:\/\/api.w.org\/{rel}","templated":true}]}}