{"id":15184,"date":"2026-03-12T09:34:06","date_gmt":"2026-03-12T08:34:06","guid":{"rendered":"https:\/\/dfvcg-events.de\/horizont-kongress\/?post_type=portfolio&#038;p=15184"},"modified":"2026-03-12T09:42:05","modified_gmt":"2026-03-12T08:42:05","slug":"praelatin-dr-anne-gidion","status":"publish","type":"portfolio","link":"https:\/\/dfvcg-events.de\/horizont-kongress\/referenten\/praelatin-dr-anne-gidion\/","title":{"rendered":"Pr\u00e4latin Dr. Anne Gidion"},"content":{"rendered":"<div id='av_section_1'  class='avia-section av-a7cpvh-4af2a67353764478dd6c5f66bd6f5bc2 main_color avia-section-default avia-no-border-styling  avia-builder-el-0  avia-builder-el-no-sibling  avia-bg-style-scroll av-minimum-height av-minimum-height-75 av-height-75  container_wrap fullsize'   data-av_minimum_height_pc='75' data-av_min_height_opt='75'><div class='container av-section-cont-open' ><main  role=\"main\" itemprop=\"mainContentOfPage\"  class='template-page content  av-content-full alpha units'><div class='post-entry post-entry-type-page post-entry-15184'><div class='entry-content-wrapper clearfix'>\n\n<style type=\"text\/css\" data-created_by=\"avia_inline_auto\" id=\"style-css-av-91z3bx-2eeb31647dc5c78499c2f83e3e21a2e6\">\n.flex_column.av-91z3bx-2eeb31647dc5c78499c2f83e3e21a2e6{\nborder-radius:0px 0px 0px 0px;\npadding:0px 0px 0px 0px;\n}\n<\/style>\n<div  class='flex_column av-91z3bx-2eeb31647dc5c78499c2f83e3e21a2e6 av_one_third  avia-builder-el-1  el_before_av_two_third  avia-builder-el-first  first flex_column_div av-zero-column-padding  '     ><p>\n<style type=\"text\/css\" data-created_by=\"avia_inline_auto\" id=\"style-css-av-7a7kfx-45d1804aa9fa1e4ee937ff5fa570bf61\">\n.avia-image-container.av-7a7kfx-45d1804aa9fa1e4ee937ff5fa570bf61 img.avia_image{\nbox-shadow:none;\n}\n.avia-image-container.av-7a7kfx-45d1804aa9fa1e4ee937ff5fa570bf61 .av-image-caption-overlay-center{\ncolor:#ffffff;\n}\n<\/style>\n<div  class='avia-image-container av-7a7kfx-45d1804aa9fa1e4ee937ff5fa570bf61 av-styling-no-styling avia-align-left  avia-builder-el-2  el_before_av_textblock  avia-builder-el-first '   itemprop=\"image\" itemscope=\"itemscope\" itemtype=\"https:\/\/schema.org\/ImageObject\" ><div class=\"avia-image-container-inner\"><div class=\"avia-image-overlay-wrap\"><img decoding=\"async\" fetchpriority=\"high\" class='wp-image-15185 avia-img-lazy-loading-not-15185 avia_image ' src=\"https:\/\/dfvcg-events.de\/horizont-kongress\/wp-content\/uploads\/2026\/03\/Gidion-Dr.-Praelatin-Anne-EKD-Copyright-K-Baumann-web.jpg\" alt='' title='Gidion-Dr.-Pr\u00e4latin-Anne-EKD-Copyright-K-Baumann-web'  height=\"500\" width=\"400\"  itemprop=\"thumbnailUrl\"  \/><\/div><\/div><\/div><br \/>\n<section  class='av_textblock_section av-mmn7pxbp-f518c870171571c98c84f0dd7e04e268 '   itemscope=\"itemscope\" itemtype=\"https:\/\/schema.org\/CreativeWork\" ><div class='avia_textblock'  itemprop=\"text\" ><p>Fotografin: Karin\u00a0Baumann<\/p>\n<\/div><\/section><\/p><\/div>\n<style type=\"text\/css\" data-created_by=\"avia_inline_auto\" id=\"style-css-av-5si1yl-f7cb215801cea4f5e15fddd624eaecfd\">\n.flex_column.av-5si1yl-f7cb215801cea4f5e15fddd624eaecfd{\nborder-radius:0px 0px 0px 0px;\npadding:0px 0px 0px 0px;\n}\n<\/style>\n<div  class='flex_column av-5si1yl-f7cb215801cea4f5e15fddd624eaecfd av_two_third  avia-builder-el-4  el_after_av_one_third  avia-builder-el-last  flex_column_div av-zero-column-padding  '     ><p>\n<style type=\"text\/css\" data-created_by=\"avia_inline_auto\" id=\"style-css-av-349dlv-83273b815b73f31c964e516e74c1b1d4\">\n#top .av-special-heading.av-349dlv-83273b815b73f31c964e516e74c1b1d4{\npadding-bottom:35px;\n}\nbody .av-special-heading.av-349dlv-83273b815b73f31c964e516e74c1b1d4 .av-special-heading-tag .heading-char{\nfont-size:25px;\n}\n.av-special-heading.av-349dlv-83273b815b73f31c964e516e74c1b1d4 .av-subheading{\nfont-size:17px;\n}\n<\/style>\n<div  class='av-special-heading av-349dlv-83273b815b73f31c964e516e74c1b1d4 av-special-heading-h2 blockquote modern-quote  avia-builder-el-5  el_before_av_textblock  avia-builder-el-first '><h2 class='av-special-heading-tag '  itemprop=\"headline\"  >Pr\u00e4latin Dr. Anne Gidion<\/h2><div class='av-subheading av-subheading_below'><p>Bevollm\u00e4chtigte des Rates der EKD bei der Bundesrepublik Deutschland und der Europ\u00e4ischen Union<br \/>\nEvangelische Kirche in Deutschland (EKD)<\/p>\n<\/div><div class=\"special-heading-border\"><div class=\"special-heading-inner-border\"><\/div><\/div><\/div><br \/>\n<section  class='av_textblock_section av-2vvrjh-0118e2eeb6461ddae872bcb34d1e015b '   itemscope=\"itemscope\" itemtype=\"https:\/\/schema.org\/CreativeWork\" ><div class='avia_textblock'  itemprop=\"text\" ><p><strong>Berufst\u00e4tigkeit<\/strong><\/p>\n<p><strong>1998-1999<\/strong><br \/>\nAssistentin der Studienleitung des Deutschen Evangelischen Kirchentages in Fulda<\/p>\n<p><strong>1999-2001<\/strong><br \/>\nPers\u00f6nliche Referentin des Bevollm\u00e4chtigten des Rates der Evangelischen Kirche in Deutschland und der Europ\u00e4ischen Union<\/p>\n<p><strong>2001-2004<\/strong><br \/>\nReferentin im Bundespr\u00e4sidialamt f\u00fcr die Verbindung zu Kirchen und Religionsgemeinschaften<\/p>\n<p><strong>2004-2007<\/strong><br \/>\nVikarin in der Kirchengemeinde St. Georg-Borgfelde, Hamburg<\/p>\n<p><strong>2007-2010<\/strong><br \/>\nPastorin in der Gemeinde St. Nikolaus Alsterdorf und im Diakonischen Begegnungszentrum Feuerherz in der Ev. Stiftung Alsterdorf, Hamburg<\/p>\n<p><strong>2010-Januar 2017<\/strong><br \/>\nPastorin im Gottesdienstinstitut der Nordkirche<\/p>\n<p><strong>Februar 2017-September 2022<\/strong><br \/>\nRektorin des Pastoralkollegs der Nordkirche<\/p>\n<p><strong>Seit 1.10.2022<\/strong><br \/>\nBevollm\u00e4chtigte des Rates der EKD bei der Bundesrepublik Deutschland und der Europ\u00e4ischen Union<\/p>\n<\/div><\/section><\/p><\/div>\n","protected":false},"excerpt":{"rendered":"<p>Evangelische Kirche in Deutschland (EKD)<\/p>\n","protected":false},"author":10,"featured_media":15185,"comment_status":"closed","ping_status":"closed","template":"","meta":{"footnotes":""},"tags":[],"portfolio_entries":[26],"class_list":["post-15184","portfolio","type-portfolio","status-publish","has-post-thumbnail","hentry","portfolio_entries-referent-2026"],"yoast_head":"<!-- This site is optimized with the Yoast SEO plugin v27.4 - https:\/\/yoast.com\/product\/yoast-seo-wordpress\/ -->\n<title>Pr\u00e4latin Dr. Anne Gidion | HORIZONT Kongress<\/title>\n<meta name=\"description\" content=\"Seien Sie dabei, h\u00f6ren Sie spannende Vortr\u00e4ge und nutzten Sie die Chance vor Ort zum Networking. Wir freuen uns auf Ihre Teilnahme!\" \/>\n<meta name=\"robots\" content=\"noindex, follow\" \/>\n<meta name=\"twitter:label1\" content=\"Gesch\u00e4tzte Lesezeit\" \/>\n\t<meta name=\"twitter:data1\" content=\"1\u00a0Minute\" \/>\n<script type=\"application\/ld+json\" class=\"yoast-schema-graph\">{\"@context\":\"https:\\\/\\\/schema.org\",\"@graph\":[{\"@type\":\"WebPage\",\"@id\":\"https:\\\/\\\/dfvcg-events.de\\\/horizont-kongress\\\/referenten\\\/praelatin-dr-anne-gidion\\\/\",\"url\":\"https:\\\/\\\/dfvcg-events.de\\\/horizont-kongress\\\/referenten\\\/praelatin-dr-anne-gidion\\\/\",\"name\":\"Pr\u00e4latin Dr. Anne Gidion | HORIZONT Kongress\",\"isPartOf\":{\"@id\":\"https:\\\/\\\/dfvcg-events.de\\\/horizont-kongress\\\/#website\"},\"primaryImageOfPage\":{\"@id\":\"https:\\\/\\\/dfvcg-events.de\\\/horizont-kongress\\\/referenten\\\/praelatin-dr-anne-gidion\\\/#primaryimage\"},\"image\":{\"@id\":\"https:\\\/\\\/dfvcg-events.de\\\/horizont-kongress\\\/referenten\\\/praelatin-dr-anne-gidion\\\/#primaryimage\"},\"thumbnailUrl\":\"https:\\\/\\\/dfvcg-events.de\\\/horizont-kongress\\\/wp-content\\\/uploads\\\/2026\\\/03\\\/Gidion-Dr.-Praelatin-Anne-EKD-Copyright-K-Baumann-web.jpg\",\"datePublished\":\"2026-03-12T08:34:06+00:00\",\"dateModified\":\"2026-03-12T08:42:05+00:00\",\"description\":\"Seien Sie dabei, h\u00f6ren Sie spannende Vortr\u00e4ge und nutzten Sie die Chance vor Ort zum Networking. Wir freuen uns auf Ihre Teilnahme!\",\"breadcrumb\":{\"@id\":\"https:\\\/\\\/dfvcg-events.de\\\/horizont-kongress\\\/referenten\\\/praelatin-dr-anne-gidion\\\/#breadcrumb\"},\"inLanguage\":\"de\",\"potentialAction\":[{\"@type\":\"ReadAction\",\"target\":[\"https:\\\/\\\/dfvcg-events.de\\\/horizont-kongress\\\/referenten\\\/praelatin-dr-anne-gidion\\\/\"]}]},{\"@type\":\"ImageObject\",\"inLanguage\":\"de\",\"@id\":\"https:\\\/\\\/dfvcg-events.de\\\/horizont-kongress\\\/referenten\\\/praelatin-dr-anne-gidion\\\/#primaryimage\",\"url\":\"https:\\\/\\\/dfvcg-events.de\\\/horizont-kongress\\\/wp-content\\\/uploads\\\/2026\\\/03\\\/Gidion-Dr.-Praelatin-Anne-EKD-Copyright-K-Baumann-web.jpg\",\"contentUrl\":\"https:\\\/\\\/dfvcg-events.de\\\/horizont-kongress\\\/wp-content\\\/uploads\\\/2026\\\/03\\\/Gidion-Dr.-Praelatin-Anne-EKD-Copyright-K-Baumann-web.jpg\",\"width\":400,\"height\":500},{\"@type\":\"BreadcrumbList\",\"@id\":\"https:\\\/\\\/dfvcg-events.de\\\/horizont-kongress\\\/referenten\\\/praelatin-dr-anne-gidion\\\/#breadcrumb\",\"itemListElement\":[{\"@type\":\"ListItem\",\"position\":1,\"name\":\"Startseite\",\"item\":\"https:\\\/\\\/dfvcg-events.de\\\/horizont-kongress\\\/\"},{\"@type\":\"ListItem\",\"position\":2,\"name\":\"Pr\u00e4latin Dr. Anne Gidion\"}]},{\"@type\":\"WebSite\",\"@id\":\"https:\\\/\\\/dfvcg-events.de\\\/horizont-kongress\\\/#website\",\"url\":\"https:\\\/\\\/dfvcg-events.de\\\/horizont-kongress\\\/\",\"name\":\"HORIZONT Kongress 2025 + HORIZONT AWARD\",\"description\":\"02.\\\/03. Juni 2026 | Radialsystem | Berlin\",\"alternateName\":\"Der Top-Jahreskongress f\u00fcr das \u201eWho is Who\u201c aus Marketing und Werbung\",\"potentialAction\":[{\"@type\":\"SearchAction\",\"target\":{\"@type\":\"EntryPoint\",\"urlTemplate\":\"https:\\\/\\\/dfvcg-events.de\\\/horizont-kongress\\\/?s={search_term_string}\"},\"query-input\":{\"@type\":\"PropertyValueSpecification\",\"valueRequired\":true,\"valueName\":\"search_term_string\"}}],\"inLanguage\":\"de\"}]}<\/script>\n<!-- \/ Yoast SEO plugin. -->","yoast_head_json":{"title":"Pr\u00e4latin Dr. Anne Gidion | HORIZONT Kongress","description":"Seien Sie dabei, h\u00f6ren Sie spannende Vortr\u00e4ge und nutzten Sie die Chance vor Ort zum Networking. Wir freuen uns auf Ihre Teilnahme!","robots":{"index":"noindex","follow":"follow"},"twitter_misc":{"Gesch\u00e4tzte Lesezeit":"1\u00a0Minute"},"schema":{"@context":"https:\/\/schema.org","@graph":[{"@type":"WebPage","@id":"https:\/\/dfvcg-events.de\/horizont-kongress\/referenten\/praelatin-dr-anne-gidion\/","url":"https:\/\/dfvcg-events.de\/horizont-kongress\/referenten\/praelatin-dr-anne-gidion\/","name":"Pr\u00e4latin Dr. Anne Gidion | HORIZONT Kongress","isPartOf":{"@id":"https:\/\/dfvcg-events.de\/horizont-kongress\/#website"},"primaryImageOfPage":{"@id":"https:\/\/dfvcg-events.de\/horizont-kongress\/referenten\/praelatin-dr-anne-gidion\/#primaryimage"},"image":{"@id":"https:\/\/dfvcg-events.de\/horizont-kongress\/referenten\/praelatin-dr-anne-gidion\/#primaryimage"},"thumbnailUrl":"https:\/\/dfvcg-events.de\/horizont-kongress\/wp-content\/uploads\/2026\/03\/Gidion-Dr.-Praelatin-Anne-EKD-Copyright-K-Baumann-web.jpg","datePublished":"2026-03-12T08:34:06+00:00","dateModified":"2026-03-12T08:42:05+00:00","description":"Seien Sie dabei, h\u00f6ren Sie spannende Vortr\u00e4ge und nutzten Sie die Chance vor Ort zum Networking. Wir freuen uns auf Ihre Teilnahme!","breadcrumb":{"@id":"https:\/\/dfvcg-events.de\/horizont-kongress\/referenten\/praelatin-dr-anne-gidion\/#breadcrumb"},"inLanguage":"de","potentialAction":[{"@type":"ReadAction","target":["https:\/\/dfvcg-events.de\/horizont-kongress\/referenten\/praelatin-dr-anne-gidion\/"]}]},{"@type":"ImageObject","inLanguage":"de","@id":"https:\/\/dfvcg-events.de\/horizont-kongress\/referenten\/praelatin-dr-anne-gidion\/#primaryimage","url":"https:\/\/dfvcg-events.de\/horizont-kongress\/wp-content\/uploads\/2026\/03\/Gidion-Dr.-Praelatin-Anne-EKD-Copyright-K-Baumann-web.jpg","contentUrl":"https:\/\/dfvcg-events.de\/horizont-kongress\/wp-content\/uploads\/2026\/03\/Gidion-Dr.-Praelatin-Anne-EKD-Copyright-K-Baumann-web.jpg","width":400,"height":500},{"@type":"BreadcrumbList","@id":"https:\/\/dfvcg-events.de\/horizont-kongress\/referenten\/praelatin-dr-anne-gidion\/#breadcrumb","itemListElement":[{"@type":"ListItem","position":1,"name":"Startseite","item":"https:\/\/dfvcg-events.de\/horizont-kongress\/"},{"@type":"ListItem","position":2,"name":"Pr\u00e4latin Dr. Anne Gidion"}]},{"@type":"WebSite","@id":"https:\/\/dfvcg-events.de\/horizont-kongress\/#website","url":"https:\/\/dfvcg-events.de\/horizont-kongress\/","name":"HORIZONT Kongress 2025 + HORIZONT AWARD","description":"02.\/03. Juni 2026 | Radialsystem | Berlin","alternateName":"Der Top-Jahreskongress f\u00fcr das \u201eWho is Who\u201c aus Marketing und Werbung","potentialAction":[{"@type":"SearchAction","target":{"@type":"EntryPoint","urlTemplate":"https:\/\/dfvcg-events.de\/horizont-kongress\/?s={search_term_string}"},"query-input":{"@type":"PropertyValueSpecification","valueRequired":true,"valueName":"search_term_string"}}],"inLanguage":"de"}]}},"_links":{"self":[{"href":"https:\/\/dfvcg-events.de\/horizont-kongress\/wp-json\/wp\/v2\/portfolio\/15184","targetHints":{"allow":["GET"]}}],"collection":[{"href":"https:\/\/dfvcg-events.de\/horizont-kongress\/wp-json\/wp\/v2\/portfolio"}],"about":[{"href":"https:\/\/dfvcg-events.de\/horizont-kongress\/wp-json\/wp\/v2\/types\/portfolio"}],"author":[{"embeddable":true,"href":"https:\/\/dfvcg-events.de\/horizont-kongress\/wp-json\/wp\/v2\/users\/10"}],"replies":[{"embeddable":true,"href":"https:\/\/dfvcg-events.de\/horizont-kongress\/wp-json\/wp\/v2\/comments?post=15184"}],"version-history":[{"count":3,"href":"https:\/\/dfvcg-events.de\/horizont-kongress\/wp-json\/wp\/v2\/portfolio\/15184\/revisions"}],"predecessor-version":[{"id":15188,"href":"https:\/\/dfvcg-events.de\/horizont-kongress\/wp-json\/wp\/v2\/portfolio\/15184\/revisions\/15188"}],"wp:featuredmedia":[{"embeddable":true,"href":"https:\/\/dfvcg-events.de\/horizont-kongress\/wp-json\/wp\/v2\/media\/15185"}],"wp:attachment":[{"href":"https:\/\/dfvcg-events.de\/horizont-kongress\/wp-json\/wp\/v2\/media?parent=15184"}],"wp:term":[{"taxonomy":"post_tag","embeddable":true,"href":"https:\/\/dfvcg-events.de\/horizont-kongress\/wp-json\/wp\/v2\/tags?post=15184"},{"taxonomy":"portfolio_entries","embeddable":true,"href":"https:\/\/dfvcg-events.de\/horizont-kongress\/wp-json\/wp\/v2\/portfolio_entries?post=15184"}],"curies":[{"name":"wp","href":"https:\/\/api.w.org\/{rel}","templated":true}]}}