{"id":15143,"date":"2026-03-10T11:27:32","date_gmt":"2026-03-10T10:27:32","guid":{"rendered":"https:\/\/dfvcg-events.de\/horizont-kongress\/?post_type=portfolio&#038;p=15143"},"modified":"2026-03-10T11:27:32","modified_gmt":"2026-03-10T10:27:32","slug":"nicola-lussana","status":"publish","type":"portfolio","link":"https:\/\/dfvcg-events.de\/horizont-kongress\/referenten\/nicola-lussana\/","title":{"rendered":"Nicola Lussana"},"content":{"rendered":"<div id='av_section_1'  class='avia-section av-a7cpvh-4af2a67353764478dd6c5f66bd6f5bc2 main_color avia-section-default avia-no-border-styling  avia-builder-el-0  avia-builder-el-no-sibling  avia-bg-style-scroll av-minimum-height av-minimum-height-75 av-height-75  container_wrap fullsize'   data-av_minimum_height_pc='75' data-av_min_height_opt='75'><div class='container av-section-cont-open' ><main  role=\"main\" itemprop=\"mainContentOfPage\"  class='template-page content  av-content-full alpha units'><div class='post-entry post-entry-type-page post-entry-15143'><div class='entry-content-wrapper clearfix'>\n\n<style type=\"text\/css\" data-created_by=\"avia_inline_auto\" id=\"style-css-av-91z3bx-2eeb31647dc5c78499c2f83e3e21a2e6\">\n.flex_column.av-91z3bx-2eeb31647dc5c78499c2f83e3e21a2e6{\nborder-radius:0px 0px 0px 0px;\npadding:0px 0px 0px 0px;\n}\n<\/style>\n<div  class='flex_column av-91z3bx-2eeb31647dc5c78499c2f83e3e21a2e6 av_one_third  avia-builder-el-1  el_before_av_two_third  avia-builder-el-first  first flex_column_div av-zero-column-padding  '     ><style type=\"text\/css\" data-created_by=\"avia_inline_auto\" id=\"style-css-av-7a7kfx-bd37e7bc8170495709f4e5bf7b34e246\">\n.avia-image-container.av-7a7kfx-bd37e7bc8170495709f4e5bf7b34e246 img.avia_image{\nbox-shadow:none;\n}\n.avia-image-container.av-7a7kfx-bd37e7bc8170495709f4e5bf7b34e246 .av-image-caption-overlay-center{\ncolor:#ffffff;\n}\n<\/style>\n<div  class='avia-image-container av-7a7kfx-bd37e7bc8170495709f4e5bf7b34e246 av-styling-no-styling avia-align-left  avia-builder-el-2  avia-builder-el-no-sibling '   itemprop=\"image\" itemscope=\"itemscope\" itemtype=\"https:\/\/schema.org\/ImageObject\" ><div class=\"avia-image-container-inner\"><div class=\"avia-image-overlay-wrap\"><img decoding=\"async\" fetchpriority=\"high\" class='wp-image-15144 avia-img-lazy-loading-not-15144 avia_image ' src=\"https:\/\/dfvcg-events.de\/horizont-kongress\/wp-content\/uploads\/2026\/03\/Lussana-Nicola-ProSiebenSat.1-web.jpg\" alt='' title='Lussana-Nicola-ProSiebenSat.1-web'  height=\"500\" width=\"400\"  itemprop=\"thumbnailUrl\"  \/><\/div><\/div><\/div><\/div>\n<style type=\"text\/css\" data-created_by=\"avia_inline_auto\" id=\"style-css-av-5si1yl-f7cb215801cea4f5e15fddd624eaecfd\">\n.flex_column.av-5si1yl-f7cb215801cea4f5e15fddd624eaecfd{\nborder-radius:0px 0px 0px 0px;\npadding:0px 0px 0px 0px;\n}\n<\/style>\n<div  class='flex_column av-5si1yl-f7cb215801cea4f5e15fddd624eaecfd av_two_third  avia-builder-el-3  el_after_av_one_third  avia-builder-el-last  flex_column_div av-zero-column-padding  '     ><p>\n<style type=\"text\/css\" data-created_by=\"avia_inline_auto\" id=\"style-css-av-349dlv-1c0052fac5bf29186cd9a1a92626310f\">\n#top .av-special-heading.av-349dlv-1c0052fac5bf29186cd9a1a92626310f{\npadding-bottom:35px;\n}\nbody .av-special-heading.av-349dlv-1c0052fac5bf29186cd9a1a92626310f .av-special-heading-tag .heading-char{\nfont-size:25px;\n}\n.av-special-heading.av-349dlv-1c0052fac5bf29186cd9a1a92626310f .av-subheading{\nfont-size:17px;\n}\n<\/style>\n<div  class='av-special-heading av-349dlv-1c0052fac5bf29186cd9a1a92626310f av-special-heading-h2 blockquote modern-quote  avia-builder-el-4  el_before_av_textblock  avia-builder-el-first '><h2 class='av-special-heading-tag '  itemprop=\"headline\"  >Nicola Lussana<\/h2><div class='av-subheading av-subheading_below'><p>Vorsitzender der Gesch\u00e4ftsf\u00fchrung und CEO<br \/>\nSeven.One Media<\/p>\n<\/div><div class=\"special-heading-border\"><div class=\"special-heading-inner-border\"><\/div><\/div><\/div><br \/>\n<section  class='av_textblock_section av-2vvrjh-0118e2eeb6461ddae872bcb34d1e015b '   itemscope=\"itemscope\" itemtype=\"https:\/\/schema.org\/CreativeWork\" ><div class='avia_textblock'  itemprop=\"text\" ><p>Nicola Lussana ist seit Herbst 2025 CEO und Vorsitzender der Gesch\u00e4ftsf\u00fchrung des ProSiebenSat.1-Vermarkters Seven.One Media. Er verf\u00fcgt \u00fcber mehr als 25 Jahre Erfahrung in der F\u00fchrung von Unternehmen in der Medien- und Unterhaltungsbranche. Lussana ist ein etablierter Cross-Media-Stratege mit fundierter Expertise in der Medienwelt und versteht es, Inhalte, Daten und kommerzielle Strategien \u00fcber TV, Digital und s\u00e4mtliche Medienkan\u00e4le hinweg zu verkn\u00fcpfen. Zu seinen bisherigen beruflichen Stationen z\u00e4hlen unter anderem seine Funktionen als Gesch\u00e4ftsf\u00fchrer von Publitalia &#8217;80, CEO von Mediamond und Mitglied des Board of Directors von Publieurope.<\/p>\n<\/div><\/section><\/p><\/div>\n","protected":false},"excerpt":{"rendered":"<p>Seven.One Media<\/p>\n","protected":false},"author":10,"featured_media":15144,"comment_status":"closed","ping_status":"closed","template":"","meta":{"footnotes":""},"tags":[],"portfolio_entries":[26],"class_list":["post-15143","portfolio","type-portfolio","status-publish","has-post-thumbnail","hentry","portfolio_entries-referent-2026"],"yoast_head":"<!-- This site is optimized with the Yoast SEO plugin v27.4 - https:\/\/yoast.com\/product\/yoast-seo-wordpress\/ -->\n<title>Nicola Lussana | HORIZONT Kongress<\/title>\n<meta name=\"description\" content=\"Seien Sie dabei, h\u00f6ren Sie spannende Vortr\u00e4ge und nutzten Sie die Chance vor Ort zum Networking. Wir freuen uns auf Ihre Teilnahme!\" \/>\n<meta name=\"robots\" content=\"noindex, follow\" \/>\n<meta name=\"twitter:label1\" content=\"Gesch\u00e4tzte Lesezeit\" \/>\n\t<meta name=\"twitter:data1\" content=\"1\u00a0Minute\" \/>\n<script type=\"application\/ld+json\" class=\"yoast-schema-graph\">{\"@context\":\"https:\\\/\\\/schema.org\",\"@graph\":[{\"@type\":\"WebPage\",\"@id\":\"https:\\\/\\\/dfvcg-events.de\\\/horizont-kongress\\\/referenten\\\/nicola-lussana\\\/\",\"url\":\"https:\\\/\\\/dfvcg-events.de\\\/horizont-kongress\\\/referenten\\\/nicola-lussana\\\/\",\"name\":\"Nicola Lussana | HORIZONT Kongress\",\"isPartOf\":{\"@id\":\"https:\\\/\\\/dfvcg-events.de\\\/horizont-kongress\\\/#website\"},\"primaryImageOfPage\":{\"@id\":\"https:\\\/\\\/dfvcg-events.de\\\/horizont-kongress\\\/referenten\\\/nicola-lussana\\\/#primaryimage\"},\"image\":{\"@id\":\"https:\\\/\\\/dfvcg-events.de\\\/horizont-kongress\\\/referenten\\\/nicola-lussana\\\/#primaryimage\"},\"thumbnailUrl\":\"https:\\\/\\\/dfvcg-events.de\\\/horizont-kongress\\\/wp-content\\\/uploads\\\/2026\\\/03\\\/Lussana-Nicola-ProSiebenSat.1-web.jpg\",\"datePublished\":\"2026-03-10T10:27:32+00:00\",\"description\":\"Seien Sie dabei, h\u00f6ren Sie spannende Vortr\u00e4ge und nutzten Sie die Chance vor Ort zum Networking. Wir freuen uns auf Ihre Teilnahme!\",\"breadcrumb\":{\"@id\":\"https:\\\/\\\/dfvcg-events.de\\\/horizont-kongress\\\/referenten\\\/nicola-lussana\\\/#breadcrumb\"},\"inLanguage\":\"de\",\"potentialAction\":[{\"@type\":\"ReadAction\",\"target\":[\"https:\\\/\\\/dfvcg-events.de\\\/horizont-kongress\\\/referenten\\\/nicola-lussana\\\/\"]}]},{\"@type\":\"ImageObject\",\"inLanguage\":\"de\",\"@id\":\"https:\\\/\\\/dfvcg-events.de\\\/horizont-kongress\\\/referenten\\\/nicola-lussana\\\/#primaryimage\",\"url\":\"https:\\\/\\\/dfvcg-events.de\\\/horizont-kongress\\\/wp-content\\\/uploads\\\/2026\\\/03\\\/Lussana-Nicola-ProSiebenSat.1-web.jpg\",\"contentUrl\":\"https:\\\/\\\/dfvcg-events.de\\\/horizont-kongress\\\/wp-content\\\/uploads\\\/2026\\\/03\\\/Lussana-Nicola-ProSiebenSat.1-web.jpg\",\"width\":400,\"height\":500,\"caption\":\"Titel: Mitarbeitershooting 2024\\\/25; Person: Nicola Lussana; Copyright: P7S1\\\/Marina Geckeler; Fotograf: Marina Geckeler; Dateiname: 3294271.jpg; Rechtehinweis: Dieses Bild darf bis Ende 2025 honorarfrei verwendet werden. Spaetere Veroeffentlichungen sind nur nach Ruecksprache und ausdruecklicher Genehmigung der Seven.One Entertainment Group GmbH moeglich. Verwendung nur mit vollstaendigem Copyrightvermerk. Das Foto darf nicht veraendert, bearbeitet und nur im Ganzen verwendet werden. Es darf nicht archiviert werden. Es darf nicht an Dritte weitergeleitet werden. Bei Fragen: foto@seven.one Voraussetzung fuer die Verwendung dieser Programmdaten ist die Zustimmung zu den Allgemeinen Geschaeftsbedingungen der Presselounges der Sender der Seven.One\"},{\"@type\":\"BreadcrumbList\",\"@id\":\"https:\\\/\\\/dfvcg-events.de\\\/horizont-kongress\\\/referenten\\\/nicola-lussana\\\/#breadcrumb\",\"itemListElement\":[{\"@type\":\"ListItem\",\"position\":1,\"name\":\"Startseite\",\"item\":\"https:\\\/\\\/dfvcg-events.de\\\/horizont-kongress\\\/\"},{\"@type\":\"ListItem\",\"position\":2,\"name\":\"Nicola Lussana\"}]},{\"@type\":\"WebSite\",\"@id\":\"https:\\\/\\\/dfvcg-events.de\\\/horizont-kongress\\\/#website\",\"url\":\"https:\\\/\\\/dfvcg-events.de\\\/horizont-kongress\\\/\",\"name\":\"HORIZONT Kongress 2025 + HORIZONT AWARD\",\"description\":\"02.\\\/03. Juni 2026 | Radialsystem | Berlin\",\"alternateName\":\"Der Top-Jahreskongress f\u00fcr das \u201eWho is Who\u201c aus Marketing und Werbung\",\"potentialAction\":[{\"@type\":\"SearchAction\",\"target\":{\"@type\":\"EntryPoint\",\"urlTemplate\":\"https:\\\/\\\/dfvcg-events.de\\\/horizont-kongress\\\/?s={search_term_string}\"},\"query-input\":{\"@type\":\"PropertyValueSpecification\",\"valueRequired\":true,\"valueName\":\"search_term_string\"}}],\"inLanguage\":\"de\"}]}<\/script>\n<!-- \/ Yoast SEO plugin. -->","yoast_head_json":{"title":"Nicola Lussana | HORIZONT Kongress","description":"Seien Sie dabei, h\u00f6ren Sie spannende Vortr\u00e4ge und nutzten Sie die Chance vor Ort zum Networking. Wir freuen uns auf Ihre Teilnahme!","robots":{"index":"noindex","follow":"follow"},"twitter_misc":{"Gesch\u00e4tzte Lesezeit":"1\u00a0Minute"},"schema":{"@context":"https:\/\/schema.org","@graph":[{"@type":"WebPage","@id":"https:\/\/dfvcg-events.de\/horizont-kongress\/referenten\/nicola-lussana\/","url":"https:\/\/dfvcg-events.de\/horizont-kongress\/referenten\/nicola-lussana\/","name":"Nicola Lussana | HORIZONT Kongress","isPartOf":{"@id":"https:\/\/dfvcg-events.de\/horizont-kongress\/#website"},"primaryImageOfPage":{"@id":"https:\/\/dfvcg-events.de\/horizont-kongress\/referenten\/nicola-lussana\/#primaryimage"},"image":{"@id":"https:\/\/dfvcg-events.de\/horizont-kongress\/referenten\/nicola-lussana\/#primaryimage"},"thumbnailUrl":"https:\/\/dfvcg-events.de\/horizont-kongress\/wp-content\/uploads\/2026\/03\/Lussana-Nicola-ProSiebenSat.1-web.jpg","datePublished":"2026-03-10T10:27:32+00:00","description":"Seien Sie dabei, h\u00f6ren Sie spannende Vortr\u00e4ge und nutzten Sie die Chance vor Ort zum Networking. Wir freuen uns auf Ihre Teilnahme!","breadcrumb":{"@id":"https:\/\/dfvcg-events.de\/horizont-kongress\/referenten\/nicola-lussana\/#breadcrumb"},"inLanguage":"de","potentialAction":[{"@type":"ReadAction","target":["https:\/\/dfvcg-events.de\/horizont-kongress\/referenten\/nicola-lussana\/"]}]},{"@type":"ImageObject","inLanguage":"de","@id":"https:\/\/dfvcg-events.de\/horizont-kongress\/referenten\/nicola-lussana\/#primaryimage","url":"https:\/\/dfvcg-events.de\/horizont-kongress\/wp-content\/uploads\/2026\/03\/Lussana-Nicola-ProSiebenSat.1-web.jpg","contentUrl":"https:\/\/dfvcg-events.de\/horizont-kongress\/wp-content\/uploads\/2026\/03\/Lussana-Nicola-ProSiebenSat.1-web.jpg","width":400,"height":500,"caption":"Titel: Mitarbeitershooting 2024\/25; Person: Nicola Lussana; Copyright: P7S1\/Marina Geckeler; Fotograf: Marina Geckeler; Dateiname: 3294271.jpg; Rechtehinweis: Dieses Bild darf bis Ende 2025 honorarfrei verwendet werden. Spaetere Veroeffentlichungen sind nur nach Ruecksprache und ausdruecklicher Genehmigung der Seven.One Entertainment Group GmbH moeglich. Verwendung nur mit vollstaendigem Copyrightvermerk. Das Foto darf nicht veraendert, bearbeitet und nur im Ganzen verwendet werden. Es darf nicht archiviert werden. Es darf nicht an Dritte weitergeleitet werden. Bei Fragen: foto@seven.one Voraussetzung fuer die Verwendung dieser Programmdaten ist die Zustimmung zu den Allgemeinen Geschaeftsbedingungen der Presselounges der Sender der Seven.One"},{"@type":"BreadcrumbList","@id":"https:\/\/dfvcg-events.de\/horizont-kongress\/referenten\/nicola-lussana\/#breadcrumb","itemListElement":[{"@type":"ListItem","position":1,"name":"Startseite","item":"https:\/\/dfvcg-events.de\/horizont-kongress\/"},{"@type":"ListItem","position":2,"name":"Nicola Lussana"}]},{"@type":"WebSite","@id":"https:\/\/dfvcg-events.de\/horizont-kongress\/#website","url":"https:\/\/dfvcg-events.de\/horizont-kongress\/","name":"HORIZONT Kongress 2025 + HORIZONT AWARD","description":"02.\/03. Juni 2026 | Radialsystem | Berlin","alternateName":"Der Top-Jahreskongress f\u00fcr das \u201eWho is Who\u201c aus Marketing und Werbung","potentialAction":[{"@type":"SearchAction","target":{"@type":"EntryPoint","urlTemplate":"https:\/\/dfvcg-events.de\/horizont-kongress\/?s={search_term_string}"},"query-input":{"@type":"PropertyValueSpecification","valueRequired":true,"valueName":"search_term_string"}}],"inLanguage":"de"}]}},"_links":{"self":[{"href":"https:\/\/dfvcg-events.de\/horizont-kongress\/wp-json\/wp\/v2\/portfolio\/15143","targetHints":{"allow":["GET"]}}],"collection":[{"href":"https:\/\/dfvcg-events.de\/horizont-kongress\/wp-json\/wp\/v2\/portfolio"}],"about":[{"href":"https:\/\/dfvcg-events.de\/horizont-kongress\/wp-json\/wp\/v2\/types\/portfolio"}],"author":[{"embeddable":true,"href":"https:\/\/dfvcg-events.de\/horizont-kongress\/wp-json\/wp\/v2\/users\/10"}],"replies":[{"embeddable":true,"href":"https:\/\/dfvcg-events.de\/horizont-kongress\/wp-json\/wp\/v2\/comments?post=15143"}],"version-history":[{"count":2,"href":"https:\/\/dfvcg-events.de\/horizont-kongress\/wp-json\/wp\/v2\/portfolio\/15143\/revisions"}],"predecessor-version":[{"id":15146,"href":"https:\/\/dfvcg-events.de\/horizont-kongress\/wp-json\/wp\/v2\/portfolio\/15143\/revisions\/15146"}],"wp:featuredmedia":[{"embeddable":true,"href":"https:\/\/dfvcg-events.de\/horizont-kongress\/wp-json\/wp\/v2\/media\/15144"}],"wp:attachment":[{"href":"https:\/\/dfvcg-events.de\/horizont-kongress\/wp-json\/wp\/v2\/media?parent=15143"}],"wp:term":[{"taxonomy":"post_tag","embeddable":true,"href":"https:\/\/dfvcg-events.de\/horizont-kongress\/wp-json\/wp\/v2\/tags?post=15143"},{"taxonomy":"portfolio_entries","embeddable":true,"href":"https:\/\/dfvcg-events.de\/horizont-kongress\/wp-json\/wp\/v2\/portfolio_entries?post=15143"}],"curies":[{"name":"wp","href":"https:\/\/api.w.org\/{rel}","templated":true}]}}