{"id":11289,"date":"2024-04-19T11:16:55","date_gmt":"2024-04-19T09:16:55","guid":{"rendered":"https:\/\/horizont.dfvcg-events.de\/deutscher-medienkongress\/?post_type=portfolio&#038;p=11289"},"modified":"2025-05-30T18:08:22","modified_gmt":"2025-05-30T16:08:22","slug":"andreas-r-heintze","status":"publish","type":"portfolio","link":"https:\/\/dfvcg-events.de\/horizont-kongress\/referenten\/andreas-r-heintze\/","title":{"rendered":"Andreas R. Heintze"},"content":{"rendered":"<div id='av_section_1'  class='avia-section av-a7cpvh-4af2a67353764478dd6c5f66bd6f5bc2 main_color avia-section-default avia-no-border-styling  avia-builder-el-0  avia-builder-el-no-sibling  avia-bg-style-scroll av-minimum-height av-minimum-height-75 av-height-75  container_wrap fullsize'   data-av_minimum_height_pc='75' data-av_min_height_opt='75'><div class='container av-section-cont-open' ><main  role=\"main\" itemprop=\"mainContentOfPage\"  class='template-page content  av-content-full alpha units'><div class='post-entry post-entry-type-page post-entry-11289'><div class='entry-content-wrapper clearfix'>\n\n<style type=\"text\/css\" data-created_by=\"avia_inline_auto\" id=\"style-css-av-91z3bx-2eeb31647dc5c78499c2f83e3e21a2e6\">\n.flex_column.av-91z3bx-2eeb31647dc5c78499c2f83e3e21a2e6{\nborder-radius:0px 0px 0px 0px;\npadding:0px 0px 0px 0px;\n}\n<\/style>\n<div  class='flex_column av-91z3bx-2eeb31647dc5c78499c2f83e3e21a2e6 av_one_third  avia-builder-el-1  el_before_av_two_third  avia-builder-el-first  first flex_column_div av-zero-column-padding  '     ><style type=\"text\/css\" data-created_by=\"avia_inline_auto\" id=\"style-css-av-7a7kfx-fb38fbb77af0a602ad9673435757f7ca\">\n.avia-image-container.av-7a7kfx-fb38fbb77af0a602ad9673435757f7ca img.avia_image{\nbox-shadow:none;\n}\n.avia-image-container.av-7a7kfx-fb38fbb77af0a602ad9673435757f7ca .av-image-caption-overlay-center{\ncolor:#ffffff;\n}\n<\/style>\n<div  class='avia-image-container av-7a7kfx-fb38fbb77af0a602ad9673435757f7ca av-styling-no-styling avia-align-left  avia-builder-el-2  avia-builder-el-no-sibling  av-has-copyright av-copyright-always'   itemprop=\"image\" itemscope=\"itemscope\" itemtype=\"https:\/\/schema.org\/ImageObject\" ><div class=\"avia-image-container-inner\"><div class=\"avia-image-overlay-wrap\"><img decoding=\"async\" fetchpriority=\"high\" class='wp-image-11290 avia-img-lazy-loading-not-11290 avia_image ' src=\"https:\/\/dfvcg-events.de\/horizont-kongress\/wp-content\/uploads\/2024\/04\/Heintze-Andreas-Stroeer-Media-Solutolns-credit-Raimar-von-Wienskowski-02.jpg\" alt='Andreas R. Heintze, Str\u00f6er' title='Heintze-Andreas-Str\u00f6er Media Solutolns-credit Raimar von Wienskowski-02'  height=\"500\" width=\"400\"  itemprop=\"thumbnailUrl\"  \/><\/div><small class=\"avia-copyright\">Raimar von Wienskowski<\/small><\/div><\/div><\/div>\n<style type=\"text\/css\" data-created_by=\"avia_inline_auto\" id=\"style-css-av-5si1yl-f7cb215801cea4f5e15fddd624eaecfd\">\n.flex_column.av-5si1yl-f7cb215801cea4f5e15fddd624eaecfd{\nborder-radius:0px 0px 0px 0px;\npadding:0px 0px 0px 0px;\n}\n<\/style>\n<div  class='flex_column av-5si1yl-f7cb215801cea4f5e15fddd624eaecfd av_two_third  avia-builder-el-3  el_after_av_one_third  avia-builder-el-last  flex_column_div av-zero-column-padding  '     ><p>\n<style type=\"text\/css\" data-created_by=\"avia_inline_auto\" id=\"style-css-av-349dlv-54f9ecfa3fa1ed42baa851a4c1723758\">\n#top .av-special-heading.av-349dlv-54f9ecfa3fa1ed42baa851a4c1723758{\npadding-bottom:35px;\n}\nbody .av-special-heading.av-349dlv-54f9ecfa3fa1ed42baa851a4c1723758 .av-special-heading-tag .heading-char{\nfont-size:25px;\n}\n.av-special-heading.av-349dlv-54f9ecfa3fa1ed42baa851a4c1723758 .av-subheading{\nfont-size:17px;\n}\n<\/style>\n<div  class='av-special-heading av-349dlv-54f9ecfa3fa1ed42baa851a4c1723758 av-special-heading-h2 blockquote modern-quote  avia-builder-el-4  el_before_av_textblock  avia-builder-el-first '><h2 class='av-special-heading-tag '  itemprop=\"headline\"  >Andreas R. Heintze<\/h2><div class='av-subheading av-subheading_below'><p>SVP Public Video, Str\u00f6er Media Solutions GmbH<br \/>\nGesch\u00e4ftsf\u00fchrer \/ Managing Director, Str\u00f6er Digital Media GmbH<\/p>\n<\/div><div class=\"special-heading-border\"><div class=\"special-heading-inner-border\"><\/div><\/div><\/div><br \/>\n<section  class='av_textblock_section av-2vvrjh-f00ff831861b4f8ee20c6f67487f06ff '   itemscope=\"itemscope\" itemtype=\"https:\/\/schema.org\/CreativeWork\" ><div class='avia_textblock'  itemprop=\"text\" ><p>Andreas Heintze verantwortet als SVP Public Video die strategische Weiterentwicklung von Public Video (DOOH) \u00fcber den gesamten Funnel \u2013 vom Produktmarketing \u00fcber die Steuerung der Entwicklung des programmatischen Tech Stacks bis zum strategischen Sales.<\/p>\n<p>Seit 2012 hatte er bei Str\u00f6er div. Gesch\u00e4ftsf\u00fchrer Positionen inne, wie Gr\u00fcndung und Aufbau des Bewegtbildvermarkters, dem digitalen Produktmarketing, dem OOH &amp; Crossmedia Produktmarketing, sowie Gr\u00fcndung und Aufbau der konvergenten Konzeptabteilung. Weitere Stationen des Dipl.-Kaufmann (univ.) waren ValueClick Deutschland (jetzt Conversant\/Epsilon), IDG Media, freenet.de sowie eigene Gr\u00fcndungen.<\/p>\n<\/div><\/section><\/p><\/div>\n","protected":false},"excerpt":{"rendered":"<p>Str\u00f6er Media Solutions<br \/>\nStr\u00f6er Digital Media GmbH<\/p>\n","protected":false},"author":10,"featured_media":11290,"comment_status":"closed","ping_status":"closed","template":"","meta":{"footnotes":""},"tags":[],"portfolio_entries":[19,21],"class_list":["post-11289","portfolio","type-portfolio","status-publish","has-post-thumbnail","hentry","portfolio_entries-referent-2024","portfolio_entries-referent-2025"],"yoast_head":"<!-- This site is optimized with the Yoast SEO plugin v27.4 - https:\/\/yoast.com\/product\/yoast-seo-wordpress\/ -->\n<title>Andreas R. Heintze | HORIZONT Kongress<\/title>\n<meta name=\"description\" content=\"Seien Sie dabei, h\u00f6ren Sie spannende Vortr\u00e4ge und nutzten Sie die Chance vor Ort zum Networking. Wir freuen uns auf Ihre Teilnahme!\" \/>\n<meta name=\"robots\" content=\"noindex, follow\" \/>\n<meta name=\"twitter:label1\" content=\"Gesch\u00e4tzte Lesezeit\" \/>\n\t<meta name=\"twitter:data1\" content=\"1\u00a0Minute\" \/>\n<script type=\"application\/ld+json\" class=\"yoast-schema-graph\">{\"@context\":\"https:\\\/\\\/schema.org\",\"@graph\":[{\"@type\":\"WebPage\",\"@id\":\"https:\\\/\\\/dfvcg-events.de\\\/horizont-kongress\\\/referenten\\\/andreas-r-heintze\\\/\",\"url\":\"https:\\\/\\\/dfvcg-events.de\\\/horizont-kongress\\\/referenten\\\/andreas-r-heintze\\\/\",\"name\":\"Andreas R. Heintze | HORIZONT Kongress\",\"isPartOf\":{\"@id\":\"https:\\\/\\\/dfvcg-events.de\\\/horizont-kongress\\\/#website\"},\"primaryImageOfPage\":{\"@id\":\"https:\\\/\\\/dfvcg-events.de\\\/horizont-kongress\\\/referenten\\\/andreas-r-heintze\\\/#primaryimage\"},\"image\":{\"@id\":\"https:\\\/\\\/dfvcg-events.de\\\/horizont-kongress\\\/referenten\\\/andreas-r-heintze\\\/#primaryimage\"},\"thumbnailUrl\":\"https:\\\/\\\/dfvcg-events.de\\\/horizont-kongress\\\/wp-content\\\/uploads\\\/2024\\\/04\\\/Heintze-Andreas-Stroeer-Media-Solutolns-credit-Raimar-von-Wienskowski-02.jpg\",\"datePublished\":\"2024-04-19T09:16:55+00:00\",\"dateModified\":\"2025-05-30T16:08:22+00:00\",\"description\":\"Seien Sie dabei, h\u00f6ren Sie spannende Vortr\u00e4ge und nutzten Sie die Chance vor Ort zum Networking. Wir freuen uns auf Ihre Teilnahme!\",\"breadcrumb\":{\"@id\":\"https:\\\/\\\/dfvcg-events.de\\\/horizont-kongress\\\/referenten\\\/andreas-r-heintze\\\/#breadcrumb\"},\"inLanguage\":\"de\",\"potentialAction\":[{\"@type\":\"ReadAction\",\"target\":[\"https:\\\/\\\/dfvcg-events.de\\\/horizont-kongress\\\/referenten\\\/andreas-r-heintze\\\/\"]}]},{\"@type\":\"ImageObject\",\"inLanguage\":\"de\",\"@id\":\"https:\\\/\\\/dfvcg-events.de\\\/horizont-kongress\\\/referenten\\\/andreas-r-heintze\\\/#primaryimage\",\"url\":\"https:\\\/\\\/dfvcg-events.de\\\/horizont-kongress\\\/wp-content\\\/uploads\\\/2024\\\/04\\\/Heintze-Andreas-Stroeer-Media-Solutolns-credit-Raimar-von-Wienskowski-02.jpg\",\"contentUrl\":\"https:\\\/\\\/dfvcg-events.de\\\/horizont-kongress\\\/wp-content\\\/uploads\\\/2024\\\/04\\\/Heintze-Andreas-Stroeer-Media-Solutolns-credit-Raimar-von-Wienskowski-02.jpg\",\"width\":400,\"height\":500,\"caption\":\"Andreas R. Heintze, Str\u00f6er\"},{\"@type\":\"BreadcrumbList\",\"@id\":\"https:\\\/\\\/dfvcg-events.de\\\/horizont-kongress\\\/referenten\\\/andreas-r-heintze\\\/#breadcrumb\",\"itemListElement\":[{\"@type\":\"ListItem\",\"position\":1,\"name\":\"Startseite\",\"item\":\"https:\\\/\\\/dfvcg-events.de\\\/horizont-kongress\\\/\"},{\"@type\":\"ListItem\",\"position\":2,\"name\":\"Andreas R. Heintze\"}]},{\"@type\":\"WebSite\",\"@id\":\"https:\\\/\\\/dfvcg-events.de\\\/horizont-kongress\\\/#website\",\"url\":\"https:\\\/\\\/dfvcg-events.de\\\/horizont-kongress\\\/\",\"name\":\"HORIZONT Kongress 2025 + HORIZONT AWARD\",\"description\":\"02.\\\/03. Juni 2026 | Radialsystem | Berlin\",\"alternateName\":\"Der Top-Jahreskongress f\u00fcr das \u201eWho is Who\u201c aus Marketing und Werbung\",\"potentialAction\":[{\"@type\":\"SearchAction\",\"target\":{\"@type\":\"EntryPoint\",\"urlTemplate\":\"https:\\\/\\\/dfvcg-events.de\\\/horizont-kongress\\\/?s={search_term_string}\"},\"query-input\":{\"@type\":\"PropertyValueSpecification\",\"valueRequired\":true,\"valueName\":\"search_term_string\"}}],\"inLanguage\":\"de\"}]}<\/script>\n<!-- \/ Yoast SEO plugin. -->","yoast_head_json":{"title":"Andreas R. Heintze | HORIZONT Kongress","description":"Seien Sie dabei, h\u00f6ren Sie spannende Vortr\u00e4ge und nutzten Sie die Chance vor Ort zum Networking. Wir freuen uns auf Ihre Teilnahme!","robots":{"index":"noindex","follow":"follow"},"twitter_misc":{"Gesch\u00e4tzte Lesezeit":"1\u00a0Minute"},"schema":{"@context":"https:\/\/schema.org","@graph":[{"@type":"WebPage","@id":"https:\/\/dfvcg-events.de\/horizont-kongress\/referenten\/andreas-r-heintze\/","url":"https:\/\/dfvcg-events.de\/horizont-kongress\/referenten\/andreas-r-heintze\/","name":"Andreas R. Heintze | HORIZONT Kongress","isPartOf":{"@id":"https:\/\/dfvcg-events.de\/horizont-kongress\/#website"},"primaryImageOfPage":{"@id":"https:\/\/dfvcg-events.de\/horizont-kongress\/referenten\/andreas-r-heintze\/#primaryimage"},"image":{"@id":"https:\/\/dfvcg-events.de\/horizont-kongress\/referenten\/andreas-r-heintze\/#primaryimage"},"thumbnailUrl":"https:\/\/dfvcg-events.de\/horizont-kongress\/wp-content\/uploads\/2024\/04\/Heintze-Andreas-Stroeer-Media-Solutolns-credit-Raimar-von-Wienskowski-02.jpg","datePublished":"2024-04-19T09:16:55+00:00","dateModified":"2025-05-30T16:08:22+00:00","description":"Seien Sie dabei, h\u00f6ren Sie spannende Vortr\u00e4ge und nutzten Sie die Chance vor Ort zum Networking. Wir freuen uns auf Ihre Teilnahme!","breadcrumb":{"@id":"https:\/\/dfvcg-events.de\/horizont-kongress\/referenten\/andreas-r-heintze\/#breadcrumb"},"inLanguage":"de","potentialAction":[{"@type":"ReadAction","target":["https:\/\/dfvcg-events.de\/horizont-kongress\/referenten\/andreas-r-heintze\/"]}]},{"@type":"ImageObject","inLanguage":"de","@id":"https:\/\/dfvcg-events.de\/horizont-kongress\/referenten\/andreas-r-heintze\/#primaryimage","url":"https:\/\/dfvcg-events.de\/horizont-kongress\/wp-content\/uploads\/2024\/04\/Heintze-Andreas-Stroeer-Media-Solutolns-credit-Raimar-von-Wienskowski-02.jpg","contentUrl":"https:\/\/dfvcg-events.de\/horizont-kongress\/wp-content\/uploads\/2024\/04\/Heintze-Andreas-Stroeer-Media-Solutolns-credit-Raimar-von-Wienskowski-02.jpg","width":400,"height":500,"caption":"Andreas R. Heintze, Str\u00f6er"},{"@type":"BreadcrumbList","@id":"https:\/\/dfvcg-events.de\/horizont-kongress\/referenten\/andreas-r-heintze\/#breadcrumb","itemListElement":[{"@type":"ListItem","position":1,"name":"Startseite","item":"https:\/\/dfvcg-events.de\/horizont-kongress\/"},{"@type":"ListItem","position":2,"name":"Andreas R. Heintze"}]},{"@type":"WebSite","@id":"https:\/\/dfvcg-events.de\/horizont-kongress\/#website","url":"https:\/\/dfvcg-events.de\/horizont-kongress\/","name":"HORIZONT Kongress 2025 + HORIZONT AWARD","description":"02.\/03. Juni 2026 | Radialsystem | Berlin","alternateName":"Der Top-Jahreskongress f\u00fcr das \u201eWho is Who\u201c aus Marketing und Werbung","potentialAction":[{"@type":"SearchAction","target":{"@type":"EntryPoint","urlTemplate":"https:\/\/dfvcg-events.de\/horizont-kongress\/?s={search_term_string}"},"query-input":{"@type":"PropertyValueSpecification","valueRequired":true,"valueName":"search_term_string"}}],"inLanguage":"de"}]}},"_links":{"self":[{"href":"https:\/\/dfvcg-events.de\/horizont-kongress\/wp-json\/wp\/v2\/portfolio\/11289","targetHints":{"allow":["GET"]}}],"collection":[{"href":"https:\/\/dfvcg-events.de\/horizont-kongress\/wp-json\/wp\/v2\/portfolio"}],"about":[{"href":"https:\/\/dfvcg-events.de\/horizont-kongress\/wp-json\/wp\/v2\/types\/portfolio"}],"author":[{"embeddable":true,"href":"https:\/\/dfvcg-events.de\/horizont-kongress\/wp-json\/wp\/v2\/users\/10"}],"replies":[{"embeddable":true,"href":"https:\/\/dfvcg-events.de\/horizont-kongress\/wp-json\/wp\/v2\/comments?post=11289"}],"version-history":[{"count":0,"href":"https:\/\/dfvcg-events.de\/horizont-kongress\/wp-json\/wp\/v2\/portfolio\/11289\/revisions"}],"wp:featuredmedia":[{"embeddable":true,"href":"https:\/\/dfvcg-events.de\/horizont-kongress\/wp-json\/wp\/v2\/media\/11290"}],"wp:attachment":[{"href":"https:\/\/dfvcg-events.de\/horizont-kongress\/wp-json\/wp\/v2\/media?parent=11289"}],"wp:term":[{"taxonomy":"post_tag","embeddable":true,"href":"https:\/\/dfvcg-events.de\/horizont-kongress\/wp-json\/wp\/v2\/tags?post=11289"},{"taxonomy":"portfolio_entries","embeddable":true,"href":"https:\/\/dfvcg-events.de\/horizont-kongress\/wp-json\/wp\/v2\/portfolio_entries?post=11289"}],"curies":[{"name":"wp","href":"https:\/\/api.w.org\/{rel}","templated":true}]}}