{"id":10882,"date":"2024-03-12T15:27:15","date_gmt":"2024-03-12T14:27:15","guid":{"rendered":"https:\/\/horizont.dfvcg-events.de\/deutscher-medienkongress\/?post_type=portfolio&#038;p=10882"},"modified":"2026-03-11T11:53:05","modified_gmt":"2026-03-11T10:53:05","slug":"stefan-moelling","status":"publish","type":"portfolio","link":"https:\/\/dfvcg-events.de\/horizont-kongress\/referenten\/stefan-moelling\/","title":{"rendered":"Stefan M\u00f6lling"},"content":{"rendered":"<div id='av_section_1'  class='avia-section av-a7cpvh-4af2a67353764478dd6c5f66bd6f5bc2 main_color avia-section-default avia-no-border-styling  avia-builder-el-0  avia-builder-el-no-sibling  avia-bg-style-scroll av-minimum-height av-minimum-height-75 av-height-75  container_wrap fullsize'   data-av_minimum_height_pc='75' data-av_min_height_opt='75'><div class='container av-section-cont-open' ><main  role=\"main\" itemprop=\"mainContentOfPage\"  class='template-page content  av-content-full alpha units'><div class='post-entry post-entry-type-page post-entry-10882'><div class='entry-content-wrapper clearfix'>\n\n<style type=\"text\/css\" data-created_by=\"avia_inline_auto\" id=\"style-css-av-91z3bx-2eeb31647dc5c78499c2f83e3e21a2e6\">\n.flex_column.av-91z3bx-2eeb31647dc5c78499c2f83e3e21a2e6{\nborder-radius:0px 0px 0px 0px;\npadding:0px 0px 0px 0px;\n}\n<\/style>\n<div  class='flex_column av-91z3bx-2eeb31647dc5c78499c2f83e3e21a2e6 av_one_third  avia-builder-el-1  el_before_av_two_third  avia-builder-el-first  first flex_column_div av-zero-column-padding  '     ><p>\n<style type=\"text\/css\" data-created_by=\"avia_inline_auto\" id=\"style-css-av-7a7kfx-b3dfcf0646df7ca53f66659271000cc7\">\n.avia-image-container.av-7a7kfx-b3dfcf0646df7ca53f66659271000cc7 img.avia_image{\nbox-shadow:none;\n}\n.avia-image-container.av-7a7kfx-b3dfcf0646df7ca53f66659271000cc7 .av-image-caption-overlay-center{\ncolor:#ffffff;\n}\n<\/style>\n<div  class='avia-image-container av-7a7kfx-b3dfcf0646df7ca53f66659271000cc7 av-styling-no-styling avia-align-left  avia-builder-el-2  el_before_av_textblock  avia-builder-el-first '   itemprop=\"image\" itemscope=\"itemscope\" itemtype=\"https:\/\/schema.org\/ImageObject\" ><div class=\"avia-image-container-inner\"><div class=\"avia-image-overlay-wrap\"><img decoding=\"async\" fetchpriority=\"high\" class='wp-image-15171 avia-img-lazy-loading-not-15171 avia_image ' src=\"https:\/\/dfvcg-events.de\/horizont-kongress\/wp-content\/uploads\/2024\/03\/Moelling-Stefan-RMS-01-Fotos-RMS-Christina-Koerte-web.jpg\" alt='' title='Evoto'  height=\"500\" width=\"400\"  itemprop=\"thumbnailUrl\"  \/><\/div><\/div><\/div><br \/>\n<section  class='av_textblock_section av-mmlx7e3i-07e0d2c3285e00e0ad1f94f6fc5e9728 '   itemscope=\"itemscope\" itemtype=\"https:\/\/schema.org\/CreativeWork\" ><div class='avia_textblock'  itemprop=\"text\" ><p>Foto: RMS\/Christina K\u00f6rte<\/p>\n<\/div><\/section><\/p><\/div>\n<style type=\"text\/css\" data-created_by=\"avia_inline_auto\" id=\"style-css-av-5si1yl-f7cb215801cea4f5e15fddd624eaecfd\">\n.flex_column.av-5si1yl-f7cb215801cea4f5e15fddd624eaecfd{\nborder-radius:0px 0px 0px 0px;\npadding:0px 0px 0px 0px;\n}\n<\/style>\n<div  class='flex_column av-5si1yl-f7cb215801cea4f5e15fddd624eaecfd av_two_third  avia-builder-el-4  el_after_av_one_third  avia-builder-el-last  flex_column_div av-zero-column-padding  '     ><p>\n<style type=\"text\/css\" data-created_by=\"avia_inline_auto\" id=\"style-css-av-349dlv-e9af7639e589c460ba8ec413af478e15\">\n#top .av-special-heading.av-349dlv-e9af7639e589c460ba8ec413af478e15{\npadding-bottom:35px;\n}\nbody .av-special-heading.av-349dlv-e9af7639e589c460ba8ec413af478e15 .av-special-heading-tag .heading-char{\nfont-size:25px;\n}\n.av-special-heading.av-349dlv-e9af7639e589c460ba8ec413af478e15 .av-subheading{\nfont-size:17px;\n}\n<\/style>\n<div  class='av-special-heading av-349dlv-e9af7639e589c460ba8ec413af478e15 av-special-heading-h2 blockquote modern-quote  avia-builder-el-5  el_before_av_textblock  avia-builder-el-first '><h2 class='av-special-heading-tag '  itemprop=\"headline\"  >Stefan M\u00f6lling<\/h2><div class='av-subheading av-subheading_below'><p>CEO<br \/>\nRMS. Der Audiovermarkter.<\/p>\n<\/div><div class=\"special-heading-border\"><div class=\"special-heading-inner-border\"><\/div><\/div><\/div><br \/>\n<section  class='av_textblock_section av-2vvrjh-0118e2eeb6461ddae872bcb34d1e015b '   itemscope=\"itemscope\" itemtype=\"https:\/\/schema.org\/CreativeWork\" ><div class='avia_textblock'  itemprop=\"text\" ><p>Stefan M\u00f6lling verantwortet seit M\u00e4rz 2024 als CEO des f\u00fchrenden Audiovermarkters RMS die Bereiche Sales, Marketing, Kommunikation und Werbewirkungsforschung.<\/p>\n<p>Zuvor war er \u00fcber zehn Jahre bei Media Impact in leitenden Positionen t\u00e4tig, zuletzt als Chief Sales Officer und Mitglied der Gesch\u00e4ftsleitung.<\/p>\n<p>Bei RMS positioniert M\u00f6lling Radio, Digital Audio und Podcasts als integriertes One-Audio-Angebot, das Reichweite, Kontext und Brand Safety verbindet.<\/p>\n<p>M\u00f6lling ist ein gefragter Gespr\u00e4chspartner in der Mediaindustrie: Auf B\u00fchnen, in Jurys und in der \u00f6ffentlichen Debatte setzt er klare Akzente zu Plattformverantwortung, fairem Wettbewerb und den Rahmenbedingungen des Audiomarkts.<\/p>\n<\/div><\/section><\/p><\/div>\n","protected":false},"excerpt":{"rendered":"<p>RMS. Der Audiovermarkter.<\/p>\n","protected":false},"author":10,"featured_media":15171,"comment_status":"closed","ping_status":"closed","template":"","meta":{"footnotes":""},"tags":[],"portfolio_entries":[19,21,26],"class_list":["post-10882","portfolio","type-portfolio","status-publish","has-post-thumbnail","hentry","portfolio_entries-referent-2024","portfolio_entries-referent-2025","portfolio_entries-referent-2026"],"yoast_head":"<!-- This site is optimized with the Yoast SEO plugin v27.4 - https:\/\/yoast.com\/product\/yoast-seo-wordpress\/ -->\n<title>Stefan M\u00f6lling | HORIZONT Kongress<\/title>\n<meta name=\"description\" content=\"Seien Sie dabei, h\u00f6ren Sie spannende Vortr\u00e4ge und nutzten Sie die Chance vor Ort zum Networking. Wir freuen uns auf Ihre Teilnahme!\" \/>\n<meta name=\"robots\" content=\"noindex, follow\" \/>\n<meta name=\"twitter:label1\" content=\"Gesch\u00e4tzte Lesezeit\" \/>\n\t<meta name=\"twitter:data1\" content=\"1\u00a0Minute\" \/>\n<script type=\"application\/ld+json\" class=\"yoast-schema-graph\">{\"@context\":\"https:\\\/\\\/schema.org\",\"@graph\":[{\"@type\":\"WebPage\",\"@id\":\"https:\\\/\\\/dfvcg-events.de\\\/horizont-kongress\\\/referenten\\\/stefan-moelling\\\/\",\"url\":\"https:\\\/\\\/dfvcg-events.de\\\/horizont-kongress\\\/referenten\\\/stefan-moelling\\\/\",\"name\":\"Stefan M\u00f6lling | HORIZONT Kongress\",\"isPartOf\":{\"@id\":\"https:\\\/\\\/dfvcg-events.de\\\/horizont-kongress\\\/#website\"},\"primaryImageOfPage\":{\"@id\":\"https:\\\/\\\/dfvcg-events.de\\\/horizont-kongress\\\/referenten\\\/stefan-moelling\\\/#primaryimage\"},\"image\":{\"@id\":\"https:\\\/\\\/dfvcg-events.de\\\/horizont-kongress\\\/referenten\\\/stefan-moelling\\\/#primaryimage\"},\"thumbnailUrl\":\"https:\\\/\\\/dfvcg-events.de\\\/horizont-kongress\\\/wp-content\\\/uploads\\\/2024\\\/03\\\/Moelling-Stefan-RMS-01-Fotos-RMS-Christina-Koerte-web.jpg\",\"datePublished\":\"2024-03-12T14:27:15+00:00\",\"dateModified\":\"2026-03-11T10:53:05+00:00\",\"description\":\"Seien Sie dabei, h\u00f6ren Sie spannende Vortr\u00e4ge und nutzten Sie die Chance vor Ort zum Networking. Wir freuen uns auf Ihre Teilnahme!\",\"breadcrumb\":{\"@id\":\"https:\\\/\\\/dfvcg-events.de\\\/horizont-kongress\\\/referenten\\\/stefan-moelling\\\/#breadcrumb\"},\"inLanguage\":\"de\",\"potentialAction\":[{\"@type\":\"ReadAction\",\"target\":[\"https:\\\/\\\/dfvcg-events.de\\\/horizont-kongress\\\/referenten\\\/stefan-moelling\\\/\"]}]},{\"@type\":\"ImageObject\",\"inLanguage\":\"de\",\"@id\":\"https:\\\/\\\/dfvcg-events.de\\\/horizont-kongress\\\/referenten\\\/stefan-moelling\\\/#primaryimage\",\"url\":\"https:\\\/\\\/dfvcg-events.de\\\/horizont-kongress\\\/wp-content\\\/uploads\\\/2024\\\/03\\\/Moelling-Stefan-RMS-01-Fotos-RMS-Christina-Koerte-web.jpg\",\"contentUrl\":\"https:\\\/\\\/dfvcg-events.de\\\/horizont-kongress\\\/wp-content\\\/uploads\\\/2024\\\/03\\\/Moelling-Stefan-RMS-01-Fotos-RMS-Christina-Koerte-web.jpg\",\"width\":400,\"height\":500,\"caption\":\"Evoto\"},{\"@type\":\"BreadcrumbList\",\"@id\":\"https:\\\/\\\/dfvcg-events.de\\\/horizont-kongress\\\/referenten\\\/stefan-moelling\\\/#breadcrumb\",\"itemListElement\":[{\"@type\":\"ListItem\",\"position\":1,\"name\":\"Startseite\",\"item\":\"https:\\\/\\\/dfvcg-events.de\\\/horizont-kongress\\\/\"},{\"@type\":\"ListItem\",\"position\":2,\"name\":\"Stefan M\u00f6lling\"}]},{\"@type\":\"WebSite\",\"@id\":\"https:\\\/\\\/dfvcg-events.de\\\/horizont-kongress\\\/#website\",\"url\":\"https:\\\/\\\/dfvcg-events.de\\\/horizont-kongress\\\/\",\"name\":\"HORIZONT Kongress 2025 + HORIZONT AWARD\",\"description\":\"02.\\\/03. Juni 2026 | Radialsystem | Berlin\",\"alternateName\":\"Der Top-Jahreskongress f\u00fcr das \u201eWho is Who\u201c aus Marketing und Werbung\",\"potentialAction\":[{\"@type\":\"SearchAction\",\"target\":{\"@type\":\"EntryPoint\",\"urlTemplate\":\"https:\\\/\\\/dfvcg-events.de\\\/horizont-kongress\\\/?s={search_term_string}\"},\"query-input\":{\"@type\":\"PropertyValueSpecification\",\"valueRequired\":true,\"valueName\":\"search_term_string\"}}],\"inLanguage\":\"de\"}]}<\/script>\n<!-- \/ Yoast SEO plugin. -->","yoast_head_json":{"title":"Stefan M\u00f6lling | HORIZONT Kongress","description":"Seien Sie dabei, h\u00f6ren Sie spannende Vortr\u00e4ge und nutzten Sie die Chance vor Ort zum Networking. Wir freuen uns auf Ihre Teilnahme!","robots":{"index":"noindex","follow":"follow"},"twitter_misc":{"Gesch\u00e4tzte Lesezeit":"1\u00a0Minute"},"schema":{"@context":"https:\/\/schema.org","@graph":[{"@type":"WebPage","@id":"https:\/\/dfvcg-events.de\/horizont-kongress\/referenten\/stefan-moelling\/","url":"https:\/\/dfvcg-events.de\/horizont-kongress\/referenten\/stefan-moelling\/","name":"Stefan M\u00f6lling | HORIZONT Kongress","isPartOf":{"@id":"https:\/\/dfvcg-events.de\/horizont-kongress\/#website"},"primaryImageOfPage":{"@id":"https:\/\/dfvcg-events.de\/horizont-kongress\/referenten\/stefan-moelling\/#primaryimage"},"image":{"@id":"https:\/\/dfvcg-events.de\/horizont-kongress\/referenten\/stefan-moelling\/#primaryimage"},"thumbnailUrl":"https:\/\/dfvcg-events.de\/horizont-kongress\/wp-content\/uploads\/2024\/03\/Moelling-Stefan-RMS-01-Fotos-RMS-Christina-Koerte-web.jpg","datePublished":"2024-03-12T14:27:15+00:00","dateModified":"2026-03-11T10:53:05+00:00","description":"Seien Sie dabei, h\u00f6ren Sie spannende Vortr\u00e4ge und nutzten Sie die Chance vor Ort zum Networking. Wir freuen uns auf Ihre Teilnahme!","breadcrumb":{"@id":"https:\/\/dfvcg-events.de\/horizont-kongress\/referenten\/stefan-moelling\/#breadcrumb"},"inLanguage":"de","potentialAction":[{"@type":"ReadAction","target":["https:\/\/dfvcg-events.de\/horizont-kongress\/referenten\/stefan-moelling\/"]}]},{"@type":"ImageObject","inLanguage":"de","@id":"https:\/\/dfvcg-events.de\/horizont-kongress\/referenten\/stefan-moelling\/#primaryimage","url":"https:\/\/dfvcg-events.de\/horizont-kongress\/wp-content\/uploads\/2024\/03\/Moelling-Stefan-RMS-01-Fotos-RMS-Christina-Koerte-web.jpg","contentUrl":"https:\/\/dfvcg-events.de\/horizont-kongress\/wp-content\/uploads\/2024\/03\/Moelling-Stefan-RMS-01-Fotos-RMS-Christina-Koerte-web.jpg","width":400,"height":500,"caption":"Evoto"},{"@type":"BreadcrumbList","@id":"https:\/\/dfvcg-events.de\/horizont-kongress\/referenten\/stefan-moelling\/#breadcrumb","itemListElement":[{"@type":"ListItem","position":1,"name":"Startseite","item":"https:\/\/dfvcg-events.de\/horizont-kongress\/"},{"@type":"ListItem","position":2,"name":"Stefan M\u00f6lling"}]},{"@type":"WebSite","@id":"https:\/\/dfvcg-events.de\/horizont-kongress\/#website","url":"https:\/\/dfvcg-events.de\/horizont-kongress\/","name":"HORIZONT Kongress 2025 + HORIZONT AWARD","description":"02.\/03. Juni 2026 | Radialsystem | Berlin","alternateName":"Der Top-Jahreskongress f\u00fcr das \u201eWho is Who\u201c aus Marketing und Werbung","potentialAction":[{"@type":"SearchAction","target":{"@type":"EntryPoint","urlTemplate":"https:\/\/dfvcg-events.de\/horizont-kongress\/?s={search_term_string}"},"query-input":{"@type":"PropertyValueSpecification","valueRequired":true,"valueName":"search_term_string"}}],"inLanguage":"de"}]}},"_links":{"self":[{"href":"https:\/\/dfvcg-events.de\/horizont-kongress\/wp-json\/wp\/v2\/portfolio\/10882","targetHints":{"allow":["GET"]}}],"collection":[{"href":"https:\/\/dfvcg-events.de\/horizont-kongress\/wp-json\/wp\/v2\/portfolio"}],"about":[{"href":"https:\/\/dfvcg-events.de\/horizont-kongress\/wp-json\/wp\/v2\/types\/portfolio"}],"author":[{"embeddable":true,"href":"https:\/\/dfvcg-events.de\/horizont-kongress\/wp-json\/wp\/v2\/users\/10"}],"replies":[{"embeddable":true,"href":"https:\/\/dfvcg-events.de\/horizont-kongress\/wp-json\/wp\/v2\/comments?post=10882"}],"version-history":[{"count":3,"href":"https:\/\/dfvcg-events.de\/horizont-kongress\/wp-json\/wp\/v2\/portfolio\/10882\/revisions"}],"predecessor-version":[{"id":15170,"href":"https:\/\/dfvcg-events.de\/horizont-kongress\/wp-json\/wp\/v2\/portfolio\/10882\/revisions\/15170"}],"wp:featuredmedia":[{"embeddable":true,"href":"https:\/\/dfvcg-events.de\/horizont-kongress\/wp-json\/wp\/v2\/media\/15171"}],"wp:attachment":[{"href":"https:\/\/dfvcg-events.de\/horizont-kongress\/wp-json\/wp\/v2\/media?parent=10882"}],"wp:term":[{"taxonomy":"post_tag","embeddable":true,"href":"https:\/\/dfvcg-events.de\/horizont-kongress\/wp-json\/wp\/v2\/tags?post=10882"},{"taxonomy":"portfolio_entries","embeddable":true,"href":"https:\/\/dfvcg-events.de\/horizont-kongress\/wp-json\/wp\/v2\/portfolio_entries?post=10882"}],"curies":[{"name":"wp","href":"https:\/\/api.w.org\/{rel}","templated":true}]}}