{"id":10317,"date":"2023-06-21T13:51:35","date_gmt":"2023-06-21T11:51:35","guid":{"rendered":"https:\/\/horizont.dfvcg-events.de\/deutscher-medienkongress\/?post_type=portfolio&#038;p=10317"},"modified":"2025-04-11T13:53:01","modified_gmt":"2025-04-11T11:53:01","slug":"robert-jozic","status":"publish","type":"portfolio","link":"https:\/\/dfvcg-events.de\/horizont-kongress\/referenten\/robert-jozic\/","title":{"rendered":"Robert Jozic"},"content":{"rendered":"<div id='av_section_1'  class='avia-section av-a7cpvh-4af2a67353764478dd6c5f66bd6f5bc2 main_color avia-section-default avia-no-border-styling  avia-builder-el-0  avia-builder-el-no-sibling  avia-bg-style-scroll av-minimum-height av-minimum-height-75 av-height-75  container_wrap fullsize'   data-av_minimum_height_pc='75' data-av_min_height_opt='75'><div class='container av-section-cont-open' ><main  role=\"main\" itemprop=\"mainContentOfPage\"  class='template-page content  av-content-full alpha units'><div class='post-entry post-entry-type-page post-entry-10317'><div class='entry-content-wrapper clearfix'>\n\n<style type=\"text\/css\" data-created_by=\"avia_inline_auto\" id=\"style-css-av-91z3bx-2eeb31647dc5c78499c2f83e3e21a2e6\">\n.flex_column.av-91z3bx-2eeb31647dc5c78499c2f83e3e21a2e6{\nborder-radius:0px 0px 0px 0px;\npadding:0px 0px 0px 0px;\n}\n<\/style>\n<div  class='flex_column av-91z3bx-2eeb31647dc5c78499c2f83e3e21a2e6 av_one_third  avia-builder-el-1  el_before_av_two_third  avia-builder-el-first  first flex_column_div av-zero-column-padding  '     ><style type=\"text\/css\" data-created_by=\"avia_inline_auto\" id=\"style-css-av-7a7kfx-f6718c20520055e02783ee79fb9718e8\">\n.avia-image-container.av-7a7kfx-f6718c20520055e02783ee79fb9718e8 img.avia_image{\nbox-shadow:none;\n}\n.avia-image-container.av-7a7kfx-f6718c20520055e02783ee79fb9718e8 .av-image-caption-overlay-center{\ncolor:#ffffff;\n}\n<\/style>\n<div  class='avia-image-container av-7a7kfx-f6718c20520055e02783ee79fb9718e8 av-styling-no-styling avia-align-left  avia-builder-el-2  avia-builder-el-no-sibling '   itemprop=\"image\" itemscope=\"itemscope\" itemtype=\"https:\/\/schema.org\/ImageObject\" ><div class=\"avia-image-container-inner\"><div class=\"avia-image-overlay-wrap\"><img decoding=\"async\" fetchpriority=\"high\" class='wp-image-10318 avia-img-lazy-loading-not-10318 avia_image ' src=\"https:\/\/dfvcg-events.de\/horizont-kongress\/wp-content\/uploads\/2023\/06\/Jozic-Robert-Schwarz-Media-web.jpg\" alt='Robert Jozic, Schwarz Media' title='Jozic-Robert-Schwarz Media-web'  height=\"500\" width=\"400\"  itemprop=\"thumbnailUrl\"  \/><\/div><\/div><\/div><\/div>\n<style type=\"text\/css\" data-created_by=\"avia_inline_auto\" id=\"style-css-av-5si1yl-f7cb215801cea4f5e15fddd624eaecfd\">\n.flex_column.av-5si1yl-f7cb215801cea4f5e15fddd624eaecfd{\nborder-radius:0px 0px 0px 0px;\npadding:0px 0px 0px 0px;\n}\n<\/style>\n<div  class='flex_column av-5si1yl-f7cb215801cea4f5e15fddd624eaecfd av_two_third  avia-builder-el-3  el_after_av_one_third  avia-builder-el-last  flex_column_div av-zero-column-padding  '     ><p>\n<style type=\"text\/css\" data-created_by=\"avia_inline_auto\" id=\"style-css-av-349dlv-6e44b64ec32abbd166e5a5539b6c6b1d\">\n#top .av-special-heading.av-349dlv-6e44b64ec32abbd166e5a5539b6c6b1d{\npadding-bottom:35px;\n}\nbody .av-special-heading.av-349dlv-6e44b64ec32abbd166e5a5539b6c6b1d .av-special-heading-tag .heading-char{\nfont-size:25px;\n}\n.av-special-heading.av-349dlv-6e44b64ec32abbd166e5a5539b6c6b1d .av-subheading{\nfont-size:17px;\n}\n<\/style>\n<div  class='av-special-heading av-349dlv-6e44b64ec32abbd166e5a5539b6c6b1d av-special-heading-h2 blockquote modern-quote  avia-builder-el-4  el_before_av_textblock  avia-builder-el-first '><h2 class='av-special-heading-tag '  itemprop=\"headline\"  >Robert Jozic<\/h2><div class='av-subheading av-subheading_below'><p>Gesch\u00e4ftsf\u00fchrer<br \/>\nSchwarz Media<\/p>\n<\/div><div class=\"special-heading-border\"><div class=\"special-heading-inner-border\"><\/div><\/div><\/div><br \/>\n<section  class='av_textblock_section av-2vvrjh-f00ff831861b4f8ee20c6f67487f06ff '   itemscope=\"itemscope\" itemtype=\"https:\/\/schema.org\/CreativeWork\" ><div class='avia_textblock'  itemprop=\"text\" ><p>Robert Jozic ist seit 2021 Gesch\u00e4ftsleiter von Schwarz Media und zust\u00e4ndig f\u00fcr die Gesch\u00e4ftsfeldentwicklung Media und Go-to-Market. Schwarz Media bietet Marken Full-Funnel-L\u00f6sungen f\u00fcr Retail-Media-Kampagnen mit einer planbaren Erfolgsgarantie. Die Begleitung der Kunden reicht von der durchg\u00e4ngigen Konzeption \u00fcber die kreative Umsetzung bis hin zur aufschlussreichen Auswertung. Schwarz Media st\u00e4rkt die Reichweite der Handelssparten Lidl und Kaufland und verbindet das Filialgesch\u00e4ft mit dem Onlinehandel.<\/p>\n<p>Seit 2019 ist Robert Jozic Gesch\u00e4ftsleiter von Schwarz Digital und verantwortet in dieser Funktion die gruppenweite Digitalisierungsstrategie, digitale Eco-Systeme und digitale Gesch\u00e4ftsmodelle. In enger Zusammenarbeit mit den Sparten und Fachbereichen der Schwarz Gruppe definiert Schwarz Digital den \u201edigitalen Weg\u201c f\u00fcr die Unternehmen der Schwarz Gruppe und entwickelt neue Trends, Innovationen und Gesch\u00e4ftsfelder zur Sicherstellung des nachhaltigen Gesch\u00e4ftserfolgs. Seit seinem Eintritt 2016 in die Unternehmen der Schwarz Gruppe ist Robert Jozic in verschiedenen verantwortungsvollen Positionen und zentralen Projekten t\u00e4tig: Zun\u00e4chst als Gesch\u00e4ftsf\u00fchrer BI &amp; Analystics in der Schwarz Business IT, dann die Begleitung der Zusammenlegung der IT (2017-18), danach Start der Digitalisierungsstrategie (2018) und Partnerschaft mit dem Deutschen Forschungszentrum f\u00fcr K\u00fcnstliche Intelligenz\u00a0(DFKI) in (2017-18).<\/p>\n<p>Robert Jozic studierte Informatik und Betriebswirtschaftslehre und war Stipendiat im VEBA\/Viterra F\u00f6rderprogramm, Schwerpunkt Business Intelligence. Er arbeitete f\u00fcr die Arthur Andersen Managementberatung, bevor er sich 2005 selbst\u00e4ndig machte. 2008 gr\u00fcndete er die Firma SIR Consulting. 2011 stieg er bei KPS Consulting als Managing Partner ein. Seit 2018 ist er Mitglied im Aufsichtsrat des DFKI.<\/p>\n<p>Robert Jozic ist in Essen geboren. Er ist verheiratet und zweifacher Familienvater.<\/p>\n<p><strong>Weitere<\/strong> <strong>Informationen<\/strong><\/p>\n<p>Weitere Informationen finden Sie unter <a href=\"http:\/\/www.schwarz-digits.de\">www.schwarz-digits.de<\/a>.<\/p>\n<\/div><\/section><\/p><\/div>\n","protected":false},"excerpt":{"rendered":"<p>Schwarz Media<\/p>\n","protected":false},"author":10,"featured_media":10318,"comment_status":"closed","ping_status":"closed","template":"","meta":{"footnotes":""},"tags":[],"portfolio_entries":[18,21],"class_list":["post-10317","portfolio","type-portfolio","status-publish","has-post-thumbnail","hentry","portfolio_entries-referent-2023","portfolio_entries-referent-2025"],"yoast_head":"<!-- This site is optimized with the Yoast SEO plugin v27.4 - https:\/\/yoast.com\/product\/yoast-seo-wordpress\/ -->\n<title>Robert Jozic | HORIZONT Kongress<\/title>\n<meta name=\"description\" content=\"Vortragende auf dem HORIZONT Kongress in Frankfurt am Main.\" \/>\n<meta name=\"robots\" content=\"noindex, follow\" \/>\n<meta name=\"twitter:label1\" content=\"Gesch\u00e4tzte Lesezeit\" \/>\n\t<meta name=\"twitter:data1\" content=\"2\u00a0Minuten\" \/>\n<script type=\"application\/ld+json\" class=\"yoast-schema-graph\">{\"@context\":\"https:\\\/\\\/schema.org\",\"@graph\":[{\"@type\":\"WebPage\",\"@id\":\"https:\\\/\\\/dfvcg-events.de\\\/horizont-kongress\\\/referenten\\\/robert-jozic\\\/\",\"url\":\"https:\\\/\\\/dfvcg-events.de\\\/horizont-kongress\\\/referenten\\\/robert-jozic\\\/\",\"name\":\"Robert Jozic | HORIZONT Kongress\",\"isPartOf\":{\"@id\":\"https:\\\/\\\/dfvcg-events.de\\\/horizont-kongress\\\/#website\"},\"primaryImageOfPage\":{\"@id\":\"https:\\\/\\\/dfvcg-events.de\\\/horizont-kongress\\\/referenten\\\/robert-jozic\\\/#primaryimage\"},\"image\":{\"@id\":\"https:\\\/\\\/dfvcg-events.de\\\/horizont-kongress\\\/referenten\\\/robert-jozic\\\/#primaryimage\"},\"thumbnailUrl\":\"https:\\\/\\\/dfvcg-events.de\\\/horizont-kongress\\\/wp-content\\\/uploads\\\/2023\\\/06\\\/Jozic-Robert-Schwarz-Media-web.jpg\",\"datePublished\":\"2023-06-21T11:51:35+00:00\",\"dateModified\":\"2025-04-11T11:53:01+00:00\",\"description\":\"Vortragende auf dem HORIZONT Kongress in Frankfurt am Main.\",\"breadcrumb\":{\"@id\":\"https:\\\/\\\/dfvcg-events.de\\\/horizont-kongress\\\/referenten\\\/robert-jozic\\\/#breadcrumb\"},\"inLanguage\":\"de\",\"potentialAction\":[{\"@type\":\"ReadAction\",\"target\":[\"https:\\\/\\\/dfvcg-events.de\\\/horizont-kongress\\\/referenten\\\/robert-jozic\\\/\"]}]},{\"@type\":\"ImageObject\",\"inLanguage\":\"de\",\"@id\":\"https:\\\/\\\/dfvcg-events.de\\\/horizont-kongress\\\/referenten\\\/robert-jozic\\\/#primaryimage\",\"url\":\"https:\\\/\\\/dfvcg-events.de\\\/horizont-kongress\\\/wp-content\\\/uploads\\\/2023\\\/06\\\/Jozic-Robert-Schwarz-Media-web.jpg\",\"contentUrl\":\"https:\\\/\\\/dfvcg-events.de\\\/horizont-kongress\\\/wp-content\\\/uploads\\\/2023\\\/06\\\/Jozic-Robert-Schwarz-Media-web.jpg\",\"width\":400,\"height\":500,\"caption\":\"Robert Jozic, Schwarz Media\"},{\"@type\":\"BreadcrumbList\",\"@id\":\"https:\\\/\\\/dfvcg-events.de\\\/horizont-kongress\\\/referenten\\\/robert-jozic\\\/#breadcrumb\",\"itemListElement\":[{\"@type\":\"ListItem\",\"position\":1,\"name\":\"Startseite\",\"item\":\"https:\\\/\\\/dfvcg-events.de\\\/horizont-kongress\\\/\"},{\"@type\":\"ListItem\",\"position\":2,\"name\":\"Robert Jozic\"}]},{\"@type\":\"WebSite\",\"@id\":\"https:\\\/\\\/dfvcg-events.de\\\/horizont-kongress\\\/#website\",\"url\":\"https:\\\/\\\/dfvcg-events.de\\\/horizont-kongress\\\/\",\"name\":\"HORIZONT Kongress 2025 + HORIZONT AWARD\",\"description\":\"02.\\\/03. Juni 2026 | Radialsystem | Berlin\",\"alternateName\":\"Der Top-Jahreskongress f\u00fcr das \u201eWho is Who\u201c aus Marketing und Werbung\",\"potentialAction\":[{\"@type\":\"SearchAction\",\"target\":{\"@type\":\"EntryPoint\",\"urlTemplate\":\"https:\\\/\\\/dfvcg-events.de\\\/horizont-kongress\\\/?s={search_term_string}\"},\"query-input\":{\"@type\":\"PropertyValueSpecification\",\"valueRequired\":true,\"valueName\":\"search_term_string\"}}],\"inLanguage\":\"de\"}]}<\/script>\n<!-- \/ Yoast SEO plugin. -->","yoast_head_json":{"title":"Robert Jozic | HORIZONT Kongress","description":"Vortragende auf dem HORIZONT Kongress in Frankfurt am Main.","robots":{"index":"noindex","follow":"follow"},"twitter_misc":{"Gesch\u00e4tzte Lesezeit":"2\u00a0Minuten"},"schema":{"@context":"https:\/\/schema.org","@graph":[{"@type":"WebPage","@id":"https:\/\/dfvcg-events.de\/horizont-kongress\/referenten\/robert-jozic\/","url":"https:\/\/dfvcg-events.de\/horizont-kongress\/referenten\/robert-jozic\/","name":"Robert Jozic | HORIZONT Kongress","isPartOf":{"@id":"https:\/\/dfvcg-events.de\/horizont-kongress\/#website"},"primaryImageOfPage":{"@id":"https:\/\/dfvcg-events.de\/horizont-kongress\/referenten\/robert-jozic\/#primaryimage"},"image":{"@id":"https:\/\/dfvcg-events.de\/horizont-kongress\/referenten\/robert-jozic\/#primaryimage"},"thumbnailUrl":"https:\/\/dfvcg-events.de\/horizont-kongress\/wp-content\/uploads\/2023\/06\/Jozic-Robert-Schwarz-Media-web.jpg","datePublished":"2023-06-21T11:51:35+00:00","dateModified":"2025-04-11T11:53:01+00:00","description":"Vortragende auf dem HORIZONT Kongress in Frankfurt am Main.","breadcrumb":{"@id":"https:\/\/dfvcg-events.de\/horizont-kongress\/referenten\/robert-jozic\/#breadcrumb"},"inLanguage":"de","potentialAction":[{"@type":"ReadAction","target":["https:\/\/dfvcg-events.de\/horizont-kongress\/referenten\/robert-jozic\/"]}]},{"@type":"ImageObject","inLanguage":"de","@id":"https:\/\/dfvcg-events.de\/horizont-kongress\/referenten\/robert-jozic\/#primaryimage","url":"https:\/\/dfvcg-events.de\/horizont-kongress\/wp-content\/uploads\/2023\/06\/Jozic-Robert-Schwarz-Media-web.jpg","contentUrl":"https:\/\/dfvcg-events.de\/horizont-kongress\/wp-content\/uploads\/2023\/06\/Jozic-Robert-Schwarz-Media-web.jpg","width":400,"height":500,"caption":"Robert Jozic, Schwarz Media"},{"@type":"BreadcrumbList","@id":"https:\/\/dfvcg-events.de\/horizont-kongress\/referenten\/robert-jozic\/#breadcrumb","itemListElement":[{"@type":"ListItem","position":1,"name":"Startseite","item":"https:\/\/dfvcg-events.de\/horizont-kongress\/"},{"@type":"ListItem","position":2,"name":"Robert Jozic"}]},{"@type":"WebSite","@id":"https:\/\/dfvcg-events.de\/horizont-kongress\/#website","url":"https:\/\/dfvcg-events.de\/horizont-kongress\/","name":"HORIZONT Kongress 2025 + HORIZONT AWARD","description":"02.\/03. Juni 2026 | Radialsystem | Berlin","alternateName":"Der Top-Jahreskongress f\u00fcr das \u201eWho is Who\u201c aus Marketing und Werbung","potentialAction":[{"@type":"SearchAction","target":{"@type":"EntryPoint","urlTemplate":"https:\/\/dfvcg-events.de\/horizont-kongress\/?s={search_term_string}"},"query-input":{"@type":"PropertyValueSpecification","valueRequired":true,"valueName":"search_term_string"}}],"inLanguage":"de"}]}},"_links":{"self":[{"href":"https:\/\/dfvcg-events.de\/horizont-kongress\/wp-json\/wp\/v2\/portfolio\/10317","targetHints":{"allow":["GET"]}}],"collection":[{"href":"https:\/\/dfvcg-events.de\/horizont-kongress\/wp-json\/wp\/v2\/portfolio"}],"about":[{"href":"https:\/\/dfvcg-events.de\/horizont-kongress\/wp-json\/wp\/v2\/types\/portfolio"}],"author":[{"embeddable":true,"href":"https:\/\/dfvcg-events.de\/horizont-kongress\/wp-json\/wp\/v2\/users\/10"}],"replies":[{"embeddable":true,"href":"https:\/\/dfvcg-events.de\/horizont-kongress\/wp-json\/wp\/v2\/comments?post=10317"}],"version-history":[{"count":0,"href":"https:\/\/dfvcg-events.de\/horizont-kongress\/wp-json\/wp\/v2\/portfolio\/10317\/revisions"}],"wp:featuredmedia":[{"embeddable":true,"href":"https:\/\/dfvcg-events.de\/horizont-kongress\/wp-json\/wp\/v2\/media\/10318"}],"wp:attachment":[{"href":"https:\/\/dfvcg-events.de\/horizont-kongress\/wp-json\/wp\/v2\/media?parent=10317"}],"wp:term":[{"taxonomy":"post_tag","embeddable":true,"href":"https:\/\/dfvcg-events.de\/horizont-kongress\/wp-json\/wp\/v2\/tags?post=10317"},{"taxonomy":"portfolio_entries","embeddable":true,"href":"https:\/\/dfvcg-events.de\/horizont-kongress\/wp-json\/wp\/v2\/portfolio_entries?post=10317"}],"curies":[{"name":"wp","href":"https:\/\/api.w.org\/{rel}","templated":true}]}}