{"id":15530,"date":"2026-04-20T10:52:44","date_gmt":"2026-04-20T08:52:44","guid":{"rendered":"https:\/\/dfvcg-events.de\/horizont-kongress\/?page_id=15530"},"modified":"2026-04-21T10:58:49","modified_gmt":"2026-04-21T08:58:49","slug":"teilnehmerbereich-2026","status":"publish","type":"page","link":"https:\/\/dfvcg-events.de\/horizont-kongress\/download-center\/teilnehmerbereich-2026\/","title":{"rendered":"Teilnehmerbereich 2026"},"content":{"rendered":"<div id='av_section_1'  class='avia-section av-2filgfv-26295986d48d878d0c11183ac7acd93c main_color avia-section-default avia-no-border-styling  avia-builder-el-0  el_before_av_section  avia-builder-el-first  header-farbe avia-bg-style-parallax container_wrap fullsize'  ><div class='container av-section-cont-open' ><main  role=\"main\" itemprop=\"mainContentOfPage\"  class='template-page content  av-content-full alpha units'><div class='post-entry post-entry-type-page post-entry-15530'><div class='entry-content-wrapper clearfix'>\n\n<style type=\"text\/css\" data-created_by=\"avia_inline_auto\" id=\"style-css-av-2dn89cb-f3825acc4833818dbf260c8cc3191fb5\">\n#top .av-special-heading.av-2dn89cb-f3825acc4833818dbf260c8cc3191fb5{\npadding-bottom:0;\ncolor:#ffffff;\n}\nbody .av-special-heading.av-2dn89cb-f3825acc4833818dbf260c8cc3191fb5 .av-special-heading-tag .heading-char{\nfont-size:25px;\n}\n.av-special-heading.av-2dn89cb-f3825acc4833818dbf260c8cc3191fb5 .special-heading-inner-border{\nborder-color:#ffffff;\n}\n.av-special-heading.av-2dn89cb-f3825acc4833818dbf260c8cc3191fb5 .av-subheading{\nfont-size:24px;\n}\n\n@media only screen and (min-width: 768px) and (max-width: 989px){ \n#top #wrap_all .av-special-heading.av-2dn89cb-f3825acc4833818dbf260c8cc3191fb5 .av-special-heading-tag{\nfont-size:56px;\n}\n}\n\n@media only screen and (min-width: 480px) and (max-width: 767px){ \n#top #wrap_all .av-special-heading.av-2dn89cb-f3825acc4833818dbf260c8cc3191fb5 .av-special-heading-tag{\nfont-size:48px;\n}\n}\n\n@media only screen and (max-width: 479px){ \n#top #wrap_all .av-special-heading.av-2dn89cb-f3825acc4833818dbf260c8cc3191fb5 .av-special-heading-tag{\nfont-size:31px;\n}\n}\n<\/style>\n<div  class='av-special-heading av-2dn89cb-f3825acc4833818dbf260c8cc3191fb5 av-special-heading-h1 custom-color-heading blockquote modern-quote  avia-builder-el-1  avia-builder-el-no-sibling '><h1 class='av-special-heading-tag '  itemprop=\"headline\"  >Teilnehmerbereich 2026<\/h1><div class=\"special-heading-border\"><div class=\"special-heading-inner-border\"><\/div><\/div><\/div>\n\n<\/div><\/div><\/main><!-- close content main element --><\/div><\/div><div id='av_section_2'  class='avia-section av-3xavuzn-d5811ddb83ed7c9745d0ae34b6018918 main_color avia-section-default avia-no-border-styling  avia-builder-el-2  el_after_av_section  el_before_av_section  avia-bg-style-scroll container_wrap fullsize'  ><div class='container av-section-cont-open' ><div class='template-page content  av-content-full alpha units'><div class='post-entry post-entry-type-page post-entry-15530'><div class='entry-content-wrapper clearfix'>\n\n<style type=\"text\/css\" data-created_by=\"avia_inline_auto\" id=\"style-css-av-mc0ub557-0ef0c45c9e55e37ad9b777e18f608817\">\n#top .av_textblock_section.av-mc0ub557-0ef0c45c9e55e37ad9b777e18f608817 .avia_textblock{\ntext-align:center;\n}\n<\/style>\n<section  class='av_textblock_section av-mc0ub557-0ef0c45c9e55e37ad9b777e18f608817 '   itemscope=\"itemscope\" itemtype=\"https:\/\/schema.org\/CreativeWork\" ><div class='avia_textblock'  itemprop=\"text\" ><h3>&#8222;Herzlich willkommen im Teilnehmerbereich des HORIZONT Kongresses 2026 \u2013 hier erhalten Sie alle relevanten Informationen rund um die Veranstaltung.&#8220;<\/h3>\n<\/div><\/section>\n\n<\/div><\/div><\/div><!-- close content main div --><\/div><\/div><div id='av_section_3'  class='avia-section av-2fq66dm-e17ccdcd0e9097ca01e126a62d1e1927 main_color avia-section-default avia-no-shadow  avia-builder-el-4  el_after_av_section  el_before_av_section  avia-bg-style-scroll container_wrap fullsize'  ><div class='container av-section-cont-open' ><div class='template-page content  av-content-full alpha units'><div class='post-entry post-entry-type-page post-entry-15530'><div class='entry-content-wrapper clearfix'>\n\n<style type=\"text\/css\" data-created_by=\"avia_inline_auto\" id=\"style-css-av-mo6yra4j-60cb600c877597eb8bfbbb2e69b7a69a\">\n#top .av-special-heading.av-mo6yra4j-60cb600c877597eb8bfbbb2e69b7a69a{\npadding-bottom:10px;\n}\nbody .av-special-heading.av-mo6yra4j-60cb600c877597eb8bfbbb2e69b7a69a .av-special-heading-tag .heading-char{\nfont-size:25px;\n}\n.av-special-heading.av-mo6yra4j-60cb600c877597eb8bfbbb2e69b7a69a .av-subheading{\nfont-size:25px;\n}\n<\/style>\n<div  class='av-special-heading av-mo6yra4j-60cb600c877597eb8bfbbb2e69b7a69a av-special-heading-h1 blockquote modern-quote modern-centered  avia-builder-el-5  el_before_av_textblock  avia-builder-el-first '><h1 class='av-special-heading-tag '  itemprop=\"headline\"  >TEILNEHMER-VISUALS F\u00dcR SOCIAL MEDIA<\/h1><div class=\"special-heading-border\"><div class=\"special-heading-inner-border\"><\/div><\/div><\/div>\n<section  class='av_textblock_section av-mo6zgfo4-543bb99cb032128129efbe9bad0920c3 '   itemscope=\"itemscope\" itemtype=\"https:\/\/schema.org\/CreativeWork\" ><div class='avia_textblock'  itemprop=\"text\" ><p style=\"text-align: center;\">Die untenstehenden Grafiken stehen Ihnen zum Download zur Verf\u00fcgung. Sie k\u00f6nnen diese gern auf LinkedIn teilen.<\/p>\n<\/div><\/section>\n<div  class='flex_column av-1waff3e-112c8ca6f3e5f9cbb6798576b710a5c7 av_one_fourth  avia-builder-el-7  el_after_av_textblock  el_before_av_one_fourth  first flex_column_div  column-top-margin'     ><style type=\"text\/css\" data-created_by=\"avia_inline_auto\" id=\"style-css-av-mo6zdk02-e85f0618a0b2fed821615cac187209a2\">\n.avia-image-container.av-mo6zdk02-e85f0618a0b2fed821615cac187209a2 img.avia_image{\nbox-shadow:none;\n}\n.avia-image-container.av-mo6zdk02-e85f0618a0b2fed821615cac187209a2 .av-image-caption-overlay-center{\ncolor:#ffffff;\n}\n<\/style>\n<div  class='avia-image-container av-mo6zdk02-e85f0618a0b2fed821615cac187209a2 av-styling- av-img-linked avia-align-center  avia-builder-el-8  avia-builder-el-no-sibling '   itemprop=\"image\" itemscope=\"itemscope\" itemtype=\"https:\/\/schema.org\/ImageObject\" ><div class=\"avia-image-container-inner\"><div class=\"avia-image-overlay-wrap\"><a href=\"https:\/\/dfvcg-events.de\/horizont-kongress\/wp-content\/uploads\/2026\/04\/dfvcg-HORKON26-inspire.png\" class='avia_image '  aria-label='dfvcg-HORKON26-inspire'><img decoding=\"async\" fetchpriority=\"high\" class='wp-image-15537 avia-img-lazy-loading-not-15537 avia_image ' src=\"https:\/\/dfvcg-events.de\/horizont-kongress\/wp-content\/uploads\/2026\/04\/dfvcg-HORKON26-inspire.png\" alt='' title='dfvcg-HORKON26-inspire'  height=\"1080\" width=\"1080\"  itemprop=\"thumbnailUrl\" srcset=\"https:\/\/dfvcg-events.de\/horizont-kongress\/wp-content\/uploads\/2026\/04\/dfvcg-HORKON26-inspire.png 1080w, https:\/\/dfvcg-events.de\/horizont-kongress\/wp-content\/uploads\/2026\/04\/dfvcg-HORKON26-inspire-36x36.png 36w, https:\/\/dfvcg-events.de\/horizont-kongress\/wp-content\/uploads\/2026\/04\/dfvcg-HORKON26-inspire-180x180.png 180w, https:\/\/dfvcg-events.de\/horizont-kongress\/wp-content\/uploads\/2026\/04\/dfvcg-HORKON26-inspire-705x705.png 705w\" sizes=\"(max-width: 1080px) 100vw, 1080px\" \/><\/a><\/div><\/div><\/div><\/div><div  class='flex_column av-1ovcd4a-aa4a508ea298434e794e5a3c3634255c av_one_fourth  avia-builder-el-9  el_after_av_one_fourth  el_before_av_one_fourth  flex_column_div  column-top-margin'     ><style type=\"text\/css\" data-created_by=\"avia_inline_auto\" id=\"style-css-av-mo6zdppu-02368e56af4962308b7e39a2ff9d9d44\">\n.avia-image-container.av-mo6zdppu-02368e56af4962308b7e39a2ff9d9d44 img.avia_image{\nbox-shadow:none;\n}\n.avia-image-container.av-mo6zdppu-02368e56af4962308b7e39a2ff9d9d44 .av-image-caption-overlay-center{\ncolor:#ffffff;\n}\n<\/style>\n<div  class='avia-image-container av-mo6zdppu-02368e56af4962308b7e39a2ff9d9d44 av-styling- av-img-linked avia-align-center  avia-builder-el-10  avia-builder-el-no-sibling '   itemprop=\"image\" itemscope=\"itemscope\" itemtype=\"https:\/\/schema.org\/ImageObject\" ><div class=\"avia-image-container-inner\"><div class=\"avia-image-overlay-wrap\"><a href=\"https:\/\/dfvcg-events.de\/horizont-kongress\/wp-content\/uploads\/2026\/04\/dfvcg-HORKON26-move.png\" class='avia_image '  aria-label='dfvcg-HORKON26-move'><img decoding=\"async\" fetchpriority=\"high\" class='wp-image-15538 avia-img-lazy-loading-not-15538 avia_image ' src=\"https:\/\/dfvcg-events.de\/horizont-kongress\/wp-content\/uploads\/2026\/04\/dfvcg-HORKON26-move.png\" alt='' title='dfvcg-HORKON26-move'  height=\"1080\" width=\"1080\"  itemprop=\"thumbnailUrl\" srcset=\"https:\/\/dfvcg-events.de\/horizont-kongress\/wp-content\/uploads\/2026\/04\/dfvcg-HORKON26-move.png 1080w, https:\/\/dfvcg-events.de\/horizont-kongress\/wp-content\/uploads\/2026\/04\/dfvcg-HORKON26-move-36x36.png 36w, https:\/\/dfvcg-events.de\/horizont-kongress\/wp-content\/uploads\/2026\/04\/dfvcg-HORKON26-move-180x180.png 180w, https:\/\/dfvcg-events.de\/horizont-kongress\/wp-content\/uploads\/2026\/04\/dfvcg-HORKON26-move-705x705.png 705w\" sizes=\"(max-width: 1080px) 100vw, 1080px\" \/><\/a><\/div><\/div><\/div><\/div><div  class='flex_column av-18mdz9m-a84bccb9bb693a22b42ffafc80d66161 av_one_fourth  avia-builder-el-11  el_after_av_one_fourth  el_before_av_one_fourth  flex_column_div  column-top-margin'     ><style type=\"text\/css\" data-created_by=\"avia_inline_auto\" id=\"style-css-av-mo6zdwc9-73a3ed71392df76cc7683306c7652a19\">\n.avia-image-container.av-mo6zdwc9-73a3ed71392df76cc7683306c7652a19 img.avia_image{\nbox-shadow:none;\n}\n.avia-image-container.av-mo6zdwc9-73a3ed71392df76cc7683306c7652a19 .av-image-caption-overlay-center{\ncolor:#ffffff;\n}\n<\/style>\n<div  class='avia-image-container av-mo6zdwc9-73a3ed71392df76cc7683306c7652a19 av-styling- av-img-linked avia-align-center  avia-builder-el-12  avia-builder-el-no-sibling '   itemprop=\"image\" itemscope=\"itemscope\" itemtype=\"https:\/\/schema.org\/ImageObject\" ><div class=\"avia-image-container-inner\"><div class=\"avia-image-overlay-wrap\"><a href=\"https:\/\/dfvcg-events.de\/horizont-kongress\/wp-content\/uploads\/2026\/04\/dfvcg-HORKON26-vision.png\" class='avia_image '  aria-label='dfvcg-HORKON26-vision'><img decoding=\"async\" fetchpriority=\"high\" class='wp-image-15539 avia-img-lazy-loading-not-15539 avia_image ' src=\"https:\/\/dfvcg-events.de\/horizont-kongress\/wp-content\/uploads\/2026\/04\/dfvcg-HORKON26-vision.png\" alt='' title='dfvcg-HORKON26-vision'  height=\"1080\" width=\"1080\"  itemprop=\"thumbnailUrl\" srcset=\"https:\/\/dfvcg-events.de\/horizont-kongress\/wp-content\/uploads\/2026\/04\/dfvcg-HORKON26-vision.png 1080w, https:\/\/dfvcg-events.de\/horizont-kongress\/wp-content\/uploads\/2026\/04\/dfvcg-HORKON26-vision-36x36.png 36w, https:\/\/dfvcg-events.de\/horizont-kongress\/wp-content\/uploads\/2026\/04\/dfvcg-HORKON26-vision-180x180.png 180w, https:\/\/dfvcg-events.de\/horizont-kongress\/wp-content\/uploads\/2026\/04\/dfvcg-HORKON26-vision-705x705.png 705w\" sizes=\"(max-width: 1080px) 100vw, 1080px\" \/><\/a><\/div><\/div><\/div><\/div><div  class='flex_column av-lu2xze-16a33f92d6191406618f3ecb22f60137 av_one_fourth  avia-builder-el-13  el_after_av_one_fourth  avia-builder-el-last  flex_column_div  column-top-margin'     ><style type=\"text\/css\" data-created_by=\"avia_inline_auto\" id=\"style-css-av-mo6ze1kf-ca75616aa6d20721739acdd9adbcc74d\">\n.avia-image-container.av-mo6ze1kf-ca75616aa6d20721739acdd9adbcc74d img.avia_image{\nbox-shadow:none;\n}\n.avia-image-container.av-mo6ze1kf-ca75616aa6d20721739acdd9adbcc74d .av-image-caption-overlay-center{\ncolor:#ffffff;\n}\n<\/style>\n<div  class='avia-image-container av-mo6ze1kf-ca75616aa6d20721739acdd9adbcc74d av-styling- av-img-linked avia-align-center  avia-builder-el-14  avia-builder-el-no-sibling '   itemprop=\"image\" itemscope=\"itemscope\" itemtype=\"https:\/\/schema.org\/ImageObject\" ><div class=\"avia-image-container-inner\"><div class=\"avia-image-overlay-wrap\"><a href=\"https:\/\/dfvcg-events.de\/horizont-kongress\/wp-content\/uploads\/2026\/04\/dfvcg-HORKON26-create.png\" class='avia_image '  aria-label='dfvcg-HORKON26-create'><img decoding=\"async\" fetchpriority=\"high\" class='wp-image-15540 avia-img-lazy-loading-not-15540 avia_image ' src=\"https:\/\/dfvcg-events.de\/horizont-kongress\/wp-content\/uploads\/2026\/04\/dfvcg-HORKON26-create.png\" alt='' title='dfvcg-HORKON26-create'  height=\"1080\" width=\"1080\"  itemprop=\"thumbnailUrl\" srcset=\"https:\/\/dfvcg-events.de\/horizont-kongress\/wp-content\/uploads\/2026\/04\/dfvcg-HORKON26-create.png 1080w, https:\/\/dfvcg-events.de\/horizont-kongress\/wp-content\/uploads\/2026\/04\/dfvcg-HORKON26-create-36x36.png 36w, https:\/\/dfvcg-events.de\/horizont-kongress\/wp-content\/uploads\/2026\/04\/dfvcg-HORKON26-create-180x180.png 180w, https:\/\/dfvcg-events.de\/horizont-kongress\/wp-content\/uploads\/2026\/04\/dfvcg-HORKON26-create-705x705.png 705w\" sizes=\"(max-width: 1080px) 100vw, 1080px\" \/><\/a><\/div><\/div><\/div><\/div><\/div><\/div><\/div><!-- close content main div --><\/div><\/div><div id='av_section_4'  class='avia-section av-2yaf26b-bb559d5f40c9ee291d38d0578e839a98 main_color avia-section-default avia-no-shadow  avia-builder-el-15  el_after_av_section  avia-builder-el-last  avia-bg-style-scroll container_wrap fullsize'  ><div class='container av-section-cont-open' ><div class='template-page content  av-content-full alpha units'><div class='post-entry post-entry-type-page post-entry-15530'><div class='entry-content-wrapper clearfix'>\n\n<style type=\"text\/css\" data-created_by=\"avia_inline_auto\" id=\"style-css-av-mc0uiaao-779eed95b6e040a7e1c68f2e12c2ed30\">\n#top .av-special-heading.av-mc0uiaao-779eed95b6e040a7e1c68f2e12c2ed30{\npadding-bottom:10px;\n}\nbody .av-special-heading.av-mc0uiaao-779eed95b6e040a7e1c68f2e12c2ed30 .av-special-heading-tag .heading-char{\nfont-size:25px;\n}\n.av-special-heading.av-mc0uiaao-779eed95b6e040a7e1c68f2e12c2ed30 .av-subheading{\nfont-size:25px;\n}\n<\/style>\n<div  class='av-special-heading av-mc0uiaao-779eed95b6e040a7e1c68f2e12c2ed30 av-special-heading-h1 blockquote modern-quote  avia-builder-el-16  el_before_av_one_half  avia-builder-el-first '><h1 class='av-special-heading-tag '  itemprop=\"headline\"  >ANREISE <span class='special_amp'>&amp;<\/span> PARKM\u00d6GLICHKEITEN<\/h1><div class=\"special-heading-border\"><div class=\"special-heading-inner-border\"><\/div><\/div><\/div>\n\n<style type=\"text\/css\" data-created_by=\"avia_inline_auto\" id=\"style-css-av-2g9ipyb-eb8387305802dbd633e25496c39af19c\">\n.flex_column.av-2g9ipyb-eb8387305802dbd633e25496c39af19c{\nborder-radius:0px 0px 0px 0px;\npadding:0px 0px 0px 0px;\n}\n<\/style>\n<div  class='flex_column av-2g9ipyb-eb8387305802dbd633e25496c39af19c av_one_half  avia-builder-el-17  el_after_av_heading  el_before_av_one_half  first flex_column_div av-zero-column-padding  '     ><section  class='av_textblock_section av-mc0uivfl-a2a595f517a7f11083d29c6e5991e7ab '   itemscope=\"itemscope\" itemtype=\"https:\/\/schema.org\/CreativeWork\" ><div class='avia_textblock'  itemprop=\"text\" ><p><strong>Anreise mit dem Auto:<\/strong><\/p>\n<p>In der Umgebung des Ostbahnhofs stehen verschiedene Parkm\u00f6glichkeiten zur Verf\u00fcgung, zum Beispiel:<\/p>\n<ul>\n<li data-end=\"265\" data-start=\"228\"><em data-end=\"263\" data-start=\"230\">Parkplatz Ostbahnhof P1, Berlin<\/em><\/li>\n<li data-end=\"325\" data-start=\"266\"><em data-end=\"284\" data-start=\"268\">Parken &amp; Laden<\/em><br data-end=\"287\" data-start=\"284\" \/><em>Adresse: Am Ostbahnhof, 10243 Berlin\u00a0<\/em><\/li>\n<\/ul>\n<\/div><\/section><\/div>\n<style type=\"text\/css\" data-created_by=\"avia_inline_auto\" id=\"style-css-av-1zw3l2b-61b34cb6cb50010ca01dc35ff34239b7\">\n.flex_column.av-1zw3l2b-61b34cb6cb50010ca01dc35ff34239b7{\nborder-radius:0px 0px 0px 0px;\npadding:0px 0px 0px 0px;\n}\n<\/style>\n<div  class='flex_column av-1zw3l2b-61b34cb6cb50010ca01dc35ff34239b7 av_one_half  avia-builder-el-19  el_after_av_one_half  avia-builder-el-last  flex_column_div av-zero-column-padding  '     ><section  class='av_textblock_section av-mc0ujd93-25f7fc9ddc47b21058097fa9d61604eb '   itemscope=\"itemscope\" itemtype=\"https:\/\/schema.org\/CreativeWork\" ><div class='avia_textblock'  itemprop=\"text\" ><p><strong>Anreise mit dem Zug:<\/strong><\/p>\n<p>Wir empfehlen grunds\u00e4tzlich die Anreise mit den \u00f6ffentlichen Verkehrsmitteln. Das Radialsystem ist bequem \u00fcber den Ostbahnhof erreichbar \u2013 per S-Bahn, Bus, Regional- oder Fernverkehr. Von dort aus sind es nur etwa 5 Gehminuten bis zur Veranstaltungslocation.<\/p>\n<\/div><\/section><\/div>\n<\/p>\n","protected":false},"excerpt":{"rendered":"","protected":false},"author":10,"featured_media":0,"parent":10328,"menu_order":0,"comment_status":"closed","ping_status":"closed","template":"","meta":{"footnotes":""},"class_list":["post-15530","page","type-page","status-publish","hentry"],"yoast_head":"<!-- This site is optimized with the Yoast SEO plugin v27.4 - https:\/\/yoast.com\/product\/yoast-seo-wordpress\/ -->\n<title>HORIZONT Kongress - Teilnehmerbereich 2026<\/title>\n<meta name=\"description\" content=\"Im Download-Center finden Sie nach kurzer Anmeldung die Teilnehmerlisten und ca. eine Woche nach Kongressende alle freigegebenen Folien der Referenten.\" \/>\n<meta name=\"robots\" content=\"noindex, nofollow\" \/>\n<meta name=\"twitter:label1\" content=\"Gesch\u00e4tzte Lesezeit\" \/>\n\t<meta name=\"twitter:data1\" content=\"2\u00a0Minuten\" \/>\n<script type=\"application\/ld+json\" class=\"yoast-schema-graph\">{\"@context\":\"https:\\\/\\\/schema.org\",\"@graph\":[{\"@type\":\"WebPage\",\"@id\":\"https:\\\/\\\/dfvcg-events.de\\\/horizont-kongress\\\/download-center\\\/teilnehmerbereich-2026\\\/\",\"url\":\"https:\\\/\\\/dfvcg-events.de\\\/horizont-kongress\\\/download-center\\\/teilnehmerbereich-2026\\\/\",\"name\":\"HORIZONT Kongress - Teilnehmerbereich 2026\",\"isPartOf\":{\"@id\":\"https:\\\/\\\/dfvcg-events.de\\\/horizont-kongress\\\/#website\"},\"datePublished\":\"2026-04-20T08:52:44+00:00\",\"dateModified\":\"2026-04-21T08:58:49+00:00\",\"description\":\"Im Download-Center finden Sie nach kurzer Anmeldung die Teilnehmerlisten und ca. eine Woche nach Kongressende alle freigegebenen Folien der Referenten.\",\"breadcrumb\":{\"@id\":\"https:\\\/\\\/dfvcg-events.de\\\/horizont-kongress\\\/download-center\\\/teilnehmerbereich-2026\\\/#breadcrumb\"},\"inLanguage\":\"de\",\"potentialAction\":[{\"@type\":\"ReadAction\",\"target\":[\"https:\\\/\\\/dfvcg-events.de\\\/horizont-kongress\\\/download-center\\\/teilnehmerbereich-2026\\\/\"]}]},{\"@type\":\"BreadcrumbList\",\"@id\":\"https:\\\/\\\/dfvcg-events.de\\\/horizont-kongress\\\/download-center\\\/teilnehmerbereich-2026\\\/#breadcrumb\",\"itemListElement\":[{\"@type\":\"ListItem\",\"position\":1,\"name\":\"Startseite\",\"item\":\"https:\\\/\\\/dfvcg-events.de\\\/horizont-kongress\\\/\"},{\"@type\":\"ListItem\",\"position\":2,\"name\":\"Teilnehmerbereich\",\"item\":\"https:\\\/\\\/dfvcg-events.de\\\/horizont-kongress\\\/download-center\\\/\"},{\"@type\":\"ListItem\",\"position\":3,\"name\":\"Teilnehmerbereich 2026\"}]},{\"@type\":\"WebSite\",\"@id\":\"https:\\\/\\\/dfvcg-events.de\\\/horizont-kongress\\\/#website\",\"url\":\"https:\\\/\\\/dfvcg-events.de\\\/horizont-kongress\\\/\",\"name\":\"HORIZONT Kongress 2025 + HORIZONT AWARD\",\"description\":\"02.\\\/03. Juni 2026 | Radialsystem | Berlin\",\"alternateName\":\"Der Top-Jahreskongress f\u00fcr das \u201eWho is Who\u201c aus Marketing und Werbung\",\"potentialAction\":[{\"@type\":\"SearchAction\",\"target\":{\"@type\":\"EntryPoint\",\"urlTemplate\":\"https:\\\/\\\/dfvcg-events.de\\\/horizont-kongress\\\/?s={search_term_string}\"},\"query-input\":{\"@type\":\"PropertyValueSpecification\",\"valueRequired\":true,\"valueName\":\"search_term_string\"}}],\"inLanguage\":\"de\"}]}<\/script>\n<!-- \/ Yoast SEO plugin. -->","yoast_head_json":{"title":"HORIZONT Kongress - Teilnehmerbereich 2026","description":"Im Download-Center finden Sie nach kurzer Anmeldung die Teilnehmerlisten und ca. eine Woche nach Kongressende alle freigegebenen Folien der Referenten.","robots":{"index":"noindex","follow":"nofollow"},"twitter_misc":{"Gesch\u00e4tzte Lesezeit":"2\u00a0Minuten"},"schema":{"@context":"https:\/\/schema.org","@graph":[{"@type":"WebPage","@id":"https:\/\/dfvcg-events.de\/horizont-kongress\/download-center\/teilnehmerbereich-2026\/","url":"https:\/\/dfvcg-events.de\/horizont-kongress\/download-center\/teilnehmerbereich-2026\/","name":"HORIZONT Kongress - Teilnehmerbereich 2026","isPartOf":{"@id":"https:\/\/dfvcg-events.de\/horizont-kongress\/#website"},"datePublished":"2026-04-20T08:52:44+00:00","dateModified":"2026-04-21T08:58:49+00:00","description":"Im Download-Center finden Sie nach kurzer Anmeldung die Teilnehmerlisten und ca. eine Woche nach Kongressende alle freigegebenen Folien der Referenten.","breadcrumb":{"@id":"https:\/\/dfvcg-events.de\/horizont-kongress\/download-center\/teilnehmerbereich-2026\/#breadcrumb"},"inLanguage":"de","potentialAction":[{"@type":"ReadAction","target":["https:\/\/dfvcg-events.de\/horizont-kongress\/download-center\/teilnehmerbereich-2026\/"]}]},{"@type":"BreadcrumbList","@id":"https:\/\/dfvcg-events.de\/horizont-kongress\/download-center\/teilnehmerbereich-2026\/#breadcrumb","itemListElement":[{"@type":"ListItem","position":1,"name":"Startseite","item":"https:\/\/dfvcg-events.de\/horizont-kongress\/"},{"@type":"ListItem","position":2,"name":"Teilnehmerbereich","item":"https:\/\/dfvcg-events.de\/horizont-kongress\/download-center\/"},{"@type":"ListItem","position":3,"name":"Teilnehmerbereich 2026"}]},{"@type":"WebSite","@id":"https:\/\/dfvcg-events.de\/horizont-kongress\/#website","url":"https:\/\/dfvcg-events.de\/horizont-kongress\/","name":"HORIZONT Kongress 2025 + HORIZONT AWARD","description":"02.\/03. Juni 2026 | Radialsystem | Berlin","alternateName":"Der Top-Jahreskongress f\u00fcr das \u201eWho is Who\u201c aus Marketing und Werbung","potentialAction":[{"@type":"SearchAction","target":{"@type":"EntryPoint","urlTemplate":"https:\/\/dfvcg-events.de\/horizont-kongress\/?s={search_term_string}"},"query-input":{"@type":"PropertyValueSpecification","valueRequired":true,"valueName":"search_term_string"}}],"inLanguage":"de"}]}},"_links":{"self":[{"href":"https:\/\/dfvcg-events.de\/horizont-kongress\/wp-json\/wp\/v2\/pages\/15530","targetHints":{"allow":["GET"]}}],"collection":[{"href":"https:\/\/dfvcg-events.de\/horizont-kongress\/wp-json\/wp\/v2\/pages"}],"about":[{"href":"https:\/\/dfvcg-events.de\/horizont-kongress\/wp-json\/wp\/v2\/types\/page"}],"author":[{"embeddable":true,"href":"https:\/\/dfvcg-events.de\/horizont-kongress\/wp-json\/wp\/v2\/users\/10"}],"replies":[{"embeddable":true,"href":"https:\/\/dfvcg-events.de\/horizont-kongress\/wp-json\/wp\/v2\/comments?post=15530"}],"version-history":[{"count":15,"href":"https:\/\/dfvcg-events.de\/horizont-kongress\/wp-json\/wp\/v2\/pages\/15530\/revisions"}],"predecessor-version":[{"id":15602,"href":"https:\/\/dfvcg-events.de\/horizont-kongress\/wp-json\/wp\/v2\/pages\/15530\/revisions\/15602"}],"up":[{"embeddable":true,"href":"https:\/\/dfvcg-events.de\/horizont-kongress\/wp-json\/wp\/v2\/pages\/10328"}],"wp:attachment":[{"href":"https:\/\/dfvcg-events.de\/horizont-kongress\/wp-json\/wp\/v2\/media?parent=15530"}],"curies":[{"name":"wp","href":"https:\/\/api.w.org\/{rel}","templated":true}]}}