{"id":2699,"date":"2023-07-04T14:48:04","date_gmt":"2023-07-04T12:48:04","guid":{"rendered":"https:\/\/dfvcg-events.de\/green-works\/?post_type=portfolio&#038;p=2699"},"modified":"2023-08-17T11:25:43","modified_gmt":"2023-08-17T09:25:43","slug":"prof-dr-stefan-spinler","status":"publish","type":"portfolio","link":"https:\/\/dfvcg-events.de\/green-works\/vortragend\/prof-dr-stefan-spinler\/","title":{"rendered":"Prof. Dr. Stefan Spinler"},"content":{"rendered":"<div id='av_section_1'  class='avia-section av-k7yuhjt1-676f3ed4420f2c40c202d201fc1a3016 main_color avia-section-default avia-no-border-styling  avia-builder-el-0  el_before_av_one_third  avia-builder-el-first  header-farbe avia-bg-style-scroll container_wrap fullsize'  ><div class='container av-section-cont-open' ><main  role=\"main\" itemprop=\"mainContentOfPage\"  class='template-page content  av-content-full alpha units'><div class='post-entry post-entry-type-page post-entry-2699'><div class='entry-content-wrapper clearfix'>\n\n<style type=\"text\/css\" data-created_by=\"avia_inline_auto\" id=\"style-css-av-kav2vwa8-032df631c35fa31fa33fa7cecf1826e2\">\n#top .av-special-heading.av-kav2vwa8-032df631c35fa31fa33fa7cecf1826e2{\npadding-bottom:0;\n}\nbody .av-special-heading.av-kav2vwa8-032df631c35fa31fa33fa7cecf1826e2 .av-special-heading-tag .heading-char{\nfont-size:25px;\n}\n.av-special-heading.av-kav2vwa8-032df631c35fa31fa33fa7cecf1826e2 .av-subheading{\nfont-size:19px;\n}\n<\/style>\n<div  class='av-special-heading av-kav2vwa8-032df631c35fa31fa33fa7cecf1826e2 av-special-heading-h1 blockquote modern-quote  avia-builder-el-1  avia-builder-el-no-sibling '><div class='av-subheading av-subheading_above'><p>GREEN.WORKS Academy<\/p>\n<\/div><h1 class='av-special-heading-tag '  itemprop=\"headline\"  >Speaker<\/h1><div class=\"special-heading-border\"><div class=\"special-heading-inner-border\"><\/div><\/div><\/div>\n<\/div><\/div><\/main><!-- close content main element --><\/div><\/div><div id='after_section_1'  class='main_color av_default_container_wrap container_wrap fullsize'  ><div class='container av-section-cont-open' ><div class='template-page content  av-content-full alpha units'><div class='post-entry post-entry-type-page post-entry-2699'><div class='entry-content-wrapper clearfix'>\n\n<style type=\"text\/css\" data-created_by=\"avia_inline_auto\" id=\"style-css-av-1hpil-9666fe4db9abbb55e16afcaa46b74565\">\n.flex_column.av-1hpil-9666fe4db9abbb55e16afcaa46b74565{\nborder-radius:0px 0px 0px 0px;\npadding:0px 0px 0px 0px;\n}\n<\/style>\n<div  class='flex_column av-1hpil-9666fe4db9abbb55e16afcaa46b74565 av_one_third  avia-builder-el-2  el_after_av_section  el_before_av_two_third  avia-builder-el-first  first flex_column_div av-zero-column-padding  '     ><style type=\"text\/css\" data-created_by=\"avia_inline_auto\" id=\"style-css-av-k7z57foz-5ea359cfab79a8c87c15df52cabdee78\">\n.avia-image-container.av-k7z57foz-5ea359cfab79a8c87c15df52cabdee78 img.avia_image{\nbox-shadow:none;\n}\n.avia-image-container.av-k7z57foz-5ea359cfab79a8c87c15df52cabdee78 .av-image-caption-overlay-center{\ncolor:#ffffff;\n}\n<\/style>\n<div  class='avia-image-container av-k7z57foz-5ea359cfab79a8c87c15df52cabdee78 av-styling-no-styling avia-align-center  avia-builder-el-3  avia-builder-el-no-sibling '   itemprop=\"image\" itemscope=\"itemscope\" itemtype=\"https:\/\/schema.org\/ImageObject\" ><div class=\"avia-image-container-inner\"><div class=\"avia-image-overlay-wrap\"><img decoding=\"async\" fetchpriority=\"high\" class='wp-image-2515 avia-img-lazy-loading-not-2515 avia_image ' src=\"https:\/\/dfvcg-events.de\/green-works\/wp-content\/uploads\/sites\/47\/2023\/06\/vbUnbenannt.png\" alt='' title='Stefan Spinler'  height=\"800\" width=\"600\"  itemprop=\"thumbnailUrl\"  \/><\/div><\/div><\/div><\/div>\n\n<style type=\"text\/css\" data-created_by=\"avia_inline_auto\" id=\"style-css-av-q939-36bd9e2970eba44b209398e6adaba9f5\">\n.flex_column.av-q939-36bd9e2970eba44b209398e6adaba9f5{\nborder-radius:0px 0px 0px 0px;\npadding:0px 0px 0px 0px;\n}\n<\/style>\n<div  class='flex_column av-q939-36bd9e2970eba44b209398e6adaba9f5 av_two_third  avia-builder-el-4  el_after_av_one_third  avia-builder-el-last  flex_column_div av-zero-column-padding  '     ><p>\n<style type=\"text\/css\" data-created_by=\"avia_inline_auto\" id=\"style-css-av-kaux4tv8-4d645ef39aa4b0dbc2b8bde0363aac53\">\n#top .av-special-heading.av-kaux4tv8-4d645ef39aa4b0dbc2b8bde0363aac53{\npadding-bottom:10px;\n}\nbody .av-special-heading.av-kaux4tv8-4d645ef39aa4b0dbc2b8bde0363aac53 .av-special-heading-tag .heading-char{\nfont-size:25px;\n}\n.av-special-heading.av-kaux4tv8-4d645ef39aa4b0dbc2b8bde0363aac53 .av-subheading{\nfont-size:19px;\n}\n<\/style>\n<div  class='av-special-heading av-kaux4tv8-4d645ef39aa4b0dbc2b8bde0363aac53 av-special-heading-h2 blockquote modern-quote  avia-builder-el-5  el_before_av_textblock  avia-builder-el-first '><h2 class='av-special-heading-tag '  itemprop=\"headline\"  >Prof. Dr. Stefan Spinler<\/h2><div class='av-subheading av-subheading_below'><p>Professor of Logistics Management, WHU \u2013 Otto Beisheim School of Management<\/p>\n<\/div><div class=\"special-heading-border\"><div class=\"special-heading-inner-border\"><\/div><\/div><\/div><br \/>\n<section  class='av_textblock_section av-k7yuci90-cc8f536f476c354fb273c6b3e8aa0dbd '   itemscope=\"itemscope\" itemtype=\"https:\/\/schema.org\/CreativeWork\" ><div class='avia_textblock'  itemprop=\"text\" ><p>Stefan Spinler<br \/>\nDer Professor of Logistics Management bei der WHU \u2013 Otto Beisheim School of Management leitet dort das K\u00fchne-Institut f\u00fcr Logistikmanagement und forscht u.a. zu den Themen Dekarbonisierung und Supply Chain Management. Der renommierte Wissenschaftler hat Lehrveranstaltungen f\u00fcr internationale F\u00fchrungskr\u00e4fte zu den Themen Industrie 4.0 und intelligente Fertigung durchgef\u00fchrt.<\/p>\n<\/div><\/section><\/p><\/div>\n","protected":false},"excerpt":{"rendered":"<p>WHU \u2013 Otto Beisheim School of Management<\/p>\n","protected":false},"author":17,"featured_media":2515,"comment_status":"closed","ping_status":"closed","template":"","meta":{"footnotes":""},"tags":[],"portfolio_entries":[3,4],"class_list":["post-2699","portfolio","type-portfolio","status-publish","has-post-thumbnail","hentry","portfolio_entries-vortragend","portfolio_entries-vortragend-feature"],"yoast_head":"<!-- This site is optimized with the Yoast SEO plugin v27.4 - https:\/\/yoast.com\/product\/yoast-seo-wordpress\/ -->\n<title>Referent: Prof. Dr. Stefan Spinler | GREEN.WORKS Academy<\/title>\n<meta name=\"description\" content=\"GREEN.WORKS Academy | Begr\u00fc\u00dfen Sie auf der B\u00fchne: Prof. Dr. Stefan Spinler\" \/>\n<meta name=\"robots\" content=\"index, follow, max-snippet:-1, max-image-preview:large, max-video-preview:-1\" \/>\n<link rel=\"canonical\" href=\"https:\/\/dfvcg-events.de\/green-works\/vortragend\/prof-dr-stefan-spinler\/\" \/>\n<meta property=\"og:locale\" content=\"de_DE\" \/>\n<meta property=\"og:type\" content=\"article\" \/>\n<meta property=\"og:title\" content=\"Referent: Prof. Dr. Stefan Spinler | GREEN.WORKS Academy\" \/>\n<meta property=\"og:description\" content=\"GREEN.WORKS Academy | Begr\u00fc\u00dfen Sie auf der B\u00fchne: Prof. Dr. Stefan Spinler\" \/>\n<meta property=\"og:url\" content=\"https:\/\/dfvcg-events.de\/green-works\/vortragend\/prof-dr-stefan-spinler\/\" \/>\n<meta property=\"og:site_name\" content=\"GREEN.WORKS Academy\" \/>\n<meta property=\"article:publisher\" content=\"https:\/\/www.facebook.com\/dfvcg.de\/\" \/>\n<meta property=\"article:modified_time\" content=\"2023-08-17T09:25:43+00:00\" \/>\n<meta property=\"og:image\" content=\"https:\/\/dfvcg-events.de\/green-works\/wp-content\/uploads\/sites\/47\/2023\/06\/vbUnbenannt.png\" \/>\n\t<meta property=\"og:image:width\" content=\"600\" \/>\n\t<meta property=\"og:image:height\" content=\"800\" \/>\n\t<meta property=\"og:image:type\" content=\"image\/png\" \/>\n<meta name=\"twitter:card\" content=\"summary_large_image\" \/>\n<meta name=\"twitter:site\" content=\"@dfvcg_\" \/>\n<meta name=\"twitter:label1\" content=\"Gesch\u00e4tzte Lesezeit\" \/>\n\t<meta name=\"twitter:data1\" content=\"3\u00a0Minuten\" \/>\n<script type=\"application\/ld+json\" class=\"yoast-schema-graph\">{\"@context\":\"https:\\\/\\\/schema.org\",\"@graph\":[{\"@type\":\"WebPage\",\"@id\":\"https:\\\/\\\/dfvcg-events.de\\\/green-works\\\/vortragend\\\/prof-dr-stefan-spinler\\\/\",\"url\":\"https:\\\/\\\/dfvcg-events.de\\\/green-works\\\/vortragend\\\/prof-dr-stefan-spinler\\\/\",\"name\":\"Referent: Prof. Dr. Stefan Spinler | GREEN.WORKS Academy\",\"isPartOf\":{\"@id\":\"https:\\\/\\\/dfvcg-events.de\\\/green-works\\\/#website\"},\"primaryImageOfPage\":{\"@id\":\"https:\\\/\\\/dfvcg-events.de\\\/green-works\\\/vortragend\\\/prof-dr-stefan-spinler\\\/#primaryimage\"},\"image\":{\"@id\":\"https:\\\/\\\/dfvcg-events.de\\\/green-works\\\/vortragend\\\/prof-dr-stefan-spinler\\\/#primaryimage\"},\"thumbnailUrl\":\"https:\\\/\\\/dfvcg-events.de\\\/green-works\\\/wp-content\\\/uploads\\\/sites\\\/47\\\/2023\\\/06\\\/vbUnbenannt.png\",\"datePublished\":\"2023-07-04T12:48:04+00:00\",\"dateModified\":\"2023-08-17T09:25:43+00:00\",\"description\":\"GREEN.WORKS Academy | Begr\u00fc\u00dfen Sie auf der B\u00fchne: Prof. Dr. Stefan Spinler\",\"breadcrumb\":{\"@id\":\"https:\\\/\\\/dfvcg-events.de\\\/green-works\\\/vortragend\\\/prof-dr-stefan-spinler\\\/#breadcrumb\"},\"inLanguage\":\"de\",\"potentialAction\":[{\"@type\":\"ReadAction\",\"target\":[\"https:\\\/\\\/dfvcg-events.de\\\/green-works\\\/vortragend\\\/prof-dr-stefan-spinler\\\/\"]}]},{\"@type\":\"ImageObject\",\"inLanguage\":\"de\",\"@id\":\"https:\\\/\\\/dfvcg-events.de\\\/green-works\\\/vortragend\\\/prof-dr-stefan-spinler\\\/#primaryimage\",\"url\":\"https:\\\/\\\/dfvcg-events.de\\\/green-works\\\/wp-content\\\/uploads\\\/sites\\\/47\\\/2023\\\/06\\\/vbUnbenannt.png\",\"contentUrl\":\"https:\\\/\\\/dfvcg-events.de\\\/green-works\\\/wp-content\\\/uploads\\\/sites\\\/47\\\/2023\\\/06\\\/vbUnbenannt.png\",\"width\":600,\"height\":800},{\"@type\":\"BreadcrumbList\",\"@id\":\"https:\\\/\\\/dfvcg-events.de\\\/green-works\\\/vortragend\\\/prof-dr-stefan-spinler\\\/#breadcrumb\",\"itemListElement\":[{\"@type\":\"ListItem\",\"position\":1,\"name\":\"Startseite\",\"item\":\"https:\\\/\\\/dfvcg-events.de\\\/green-works\\\/\"},{\"@type\":\"ListItem\",\"position\":2,\"name\":\"Prof. Dr. Stefan Spinler\"}]},{\"@type\":\"WebSite\",\"@id\":\"https:\\\/\\\/dfvcg-events.de\\\/green-works\\\/#website\",\"url\":\"https:\\\/\\\/dfvcg-events.de\\\/green-works\\\/\",\"name\":\"GREEN.WORKS Academy\",\"description\":\"dfv Conference Group\",\"publisher\":{\"@id\":\"https:\\\/\\\/dfvcg-events.de\\\/green-works\\\/#organization\"},\"alternateName\":\"Green Works Academy\",\"potentialAction\":[{\"@type\":\"SearchAction\",\"target\":{\"@type\":\"EntryPoint\",\"urlTemplate\":\"https:\\\/\\\/dfvcg-events.de\\\/green-works\\\/?s={search_term_string}\"},\"query-input\":{\"@type\":\"PropertyValueSpecification\",\"valueRequired\":true,\"valueName\":\"search_term_string\"}}],\"inLanguage\":\"de\"},{\"@type\":\"Organization\",\"@id\":\"https:\\\/\\\/dfvcg-events.de\\\/green-works\\\/#organization\",\"name\":\"GREEN.WORKS Academy\",\"url\":\"https:\\\/\\\/dfvcg-events.de\\\/green-works\\\/\",\"logo\":{\"@type\":\"ImageObject\",\"inLanguage\":\"de\",\"@id\":\"https:\\\/\\\/dfvcg-events.de\\\/green-works\\\/#\\\/schema\\\/logo\\\/image\\\/\",\"url\":\"https:\\\/\\\/dfvcg-events.de\\\/green-works\\\/wp-content\\\/uploads\\\/sites\\\/47\\\/2023\\\/01\\\/GWAcademy_Logo_RGB_RZ.png\",\"contentUrl\":\"https:\\\/\\\/dfvcg-events.de\\\/green-works\\\/wp-content\\\/uploads\\\/sites\\\/47\\\/2023\\\/01\\\/GWAcademy_Logo_RGB_RZ.png\",\"width\":500,\"height\":143,\"caption\":\"GREEN.WORKS Academy\"},\"image\":{\"@id\":\"https:\\\/\\\/dfvcg-events.de\\\/green-works\\\/#\\\/schema\\\/logo\\\/image\\\/\"},\"sameAs\":[\"https:\\\/\\\/www.facebook.com\\\/dfvcg.de\\\/\",\"https:\\\/\\\/x.com\\\/dfvcg_\"]}]}<\/script>\n<!-- \/ Yoast SEO plugin. -->","yoast_head_json":{"title":"Referent: Prof. Dr. Stefan Spinler | GREEN.WORKS Academy","description":"GREEN.WORKS Academy | Begr\u00fc\u00dfen Sie auf der B\u00fchne: Prof. Dr. Stefan Spinler","robots":{"index":"index","follow":"follow","max-snippet":"max-snippet:-1","max-image-preview":"max-image-preview:large","max-video-preview":"max-video-preview:-1"},"canonical":"https:\/\/dfvcg-events.de\/green-works\/vortragend\/prof-dr-stefan-spinler\/","og_locale":"de_DE","og_type":"article","og_title":"Referent: Prof. Dr. Stefan Spinler | GREEN.WORKS Academy","og_description":"GREEN.WORKS Academy | Begr\u00fc\u00dfen Sie auf der B\u00fchne: Prof. Dr. Stefan Spinler","og_url":"https:\/\/dfvcg-events.de\/green-works\/vortragend\/prof-dr-stefan-spinler\/","og_site_name":"GREEN.WORKS Academy","article_publisher":"https:\/\/www.facebook.com\/dfvcg.de\/","article_modified_time":"2023-08-17T09:25:43+00:00","og_image":[{"width":600,"height":800,"url":"https:\/\/dfvcg-events.de\/green-works\/wp-content\/uploads\/sites\/47\/2023\/06\/vbUnbenannt.png","type":"image\/png"}],"twitter_card":"summary_large_image","twitter_site":"@dfvcg_","twitter_misc":{"Gesch\u00e4tzte Lesezeit":"3\u00a0Minuten"},"schema":{"@context":"https:\/\/schema.org","@graph":[{"@type":"WebPage","@id":"https:\/\/dfvcg-events.de\/green-works\/vortragend\/prof-dr-stefan-spinler\/","url":"https:\/\/dfvcg-events.de\/green-works\/vortragend\/prof-dr-stefan-spinler\/","name":"Referent: Prof. Dr. Stefan Spinler | GREEN.WORKS Academy","isPartOf":{"@id":"https:\/\/dfvcg-events.de\/green-works\/#website"},"primaryImageOfPage":{"@id":"https:\/\/dfvcg-events.de\/green-works\/vortragend\/prof-dr-stefan-spinler\/#primaryimage"},"image":{"@id":"https:\/\/dfvcg-events.de\/green-works\/vortragend\/prof-dr-stefan-spinler\/#primaryimage"},"thumbnailUrl":"https:\/\/dfvcg-events.de\/green-works\/wp-content\/uploads\/sites\/47\/2023\/06\/vbUnbenannt.png","datePublished":"2023-07-04T12:48:04+00:00","dateModified":"2023-08-17T09:25:43+00:00","description":"GREEN.WORKS Academy | Begr\u00fc\u00dfen Sie auf der B\u00fchne: Prof. Dr. Stefan Spinler","breadcrumb":{"@id":"https:\/\/dfvcg-events.de\/green-works\/vortragend\/prof-dr-stefan-spinler\/#breadcrumb"},"inLanguage":"de","potentialAction":[{"@type":"ReadAction","target":["https:\/\/dfvcg-events.de\/green-works\/vortragend\/prof-dr-stefan-spinler\/"]}]},{"@type":"ImageObject","inLanguage":"de","@id":"https:\/\/dfvcg-events.de\/green-works\/vortragend\/prof-dr-stefan-spinler\/#primaryimage","url":"https:\/\/dfvcg-events.de\/green-works\/wp-content\/uploads\/sites\/47\/2023\/06\/vbUnbenannt.png","contentUrl":"https:\/\/dfvcg-events.de\/green-works\/wp-content\/uploads\/sites\/47\/2023\/06\/vbUnbenannt.png","width":600,"height":800},{"@type":"BreadcrumbList","@id":"https:\/\/dfvcg-events.de\/green-works\/vortragend\/prof-dr-stefan-spinler\/#breadcrumb","itemListElement":[{"@type":"ListItem","position":1,"name":"Startseite","item":"https:\/\/dfvcg-events.de\/green-works\/"},{"@type":"ListItem","position":2,"name":"Prof. Dr. Stefan Spinler"}]},{"@type":"WebSite","@id":"https:\/\/dfvcg-events.de\/green-works\/#website","url":"https:\/\/dfvcg-events.de\/green-works\/","name":"GREEN.WORKS Academy","description":"dfv Conference Group","publisher":{"@id":"https:\/\/dfvcg-events.de\/green-works\/#organization"},"alternateName":"Green Works Academy","potentialAction":[{"@type":"SearchAction","target":{"@type":"EntryPoint","urlTemplate":"https:\/\/dfvcg-events.de\/green-works\/?s={search_term_string}"},"query-input":{"@type":"PropertyValueSpecification","valueRequired":true,"valueName":"search_term_string"}}],"inLanguage":"de"},{"@type":"Organization","@id":"https:\/\/dfvcg-events.de\/green-works\/#organization","name":"GREEN.WORKS Academy","url":"https:\/\/dfvcg-events.de\/green-works\/","logo":{"@type":"ImageObject","inLanguage":"de","@id":"https:\/\/dfvcg-events.de\/green-works\/#\/schema\/logo\/image\/","url":"https:\/\/dfvcg-events.de\/green-works\/wp-content\/uploads\/sites\/47\/2023\/01\/GWAcademy_Logo_RGB_RZ.png","contentUrl":"https:\/\/dfvcg-events.de\/green-works\/wp-content\/uploads\/sites\/47\/2023\/01\/GWAcademy_Logo_RGB_RZ.png","width":500,"height":143,"caption":"GREEN.WORKS Academy"},"image":{"@id":"https:\/\/dfvcg-events.de\/green-works\/#\/schema\/logo\/image\/"},"sameAs":["https:\/\/www.facebook.com\/dfvcg.de\/","https:\/\/x.com\/dfvcg_"]}]}},"_links":{"self":[{"href":"https:\/\/dfvcg-events.de\/green-works\/wp-json\/wp\/v2\/portfolio\/2699","targetHints":{"allow":["GET"]}}],"collection":[{"href":"https:\/\/dfvcg-events.de\/green-works\/wp-json\/wp\/v2\/portfolio"}],"about":[{"href":"https:\/\/dfvcg-events.de\/green-works\/wp-json\/wp\/v2\/types\/portfolio"}],"author":[{"embeddable":true,"href":"https:\/\/dfvcg-events.de\/green-works\/wp-json\/wp\/v2\/users\/17"}],"replies":[{"embeddable":true,"href":"https:\/\/dfvcg-events.de\/green-works\/wp-json\/wp\/v2\/comments?post=2699"}],"version-history":[{"count":0,"href":"https:\/\/dfvcg-events.de\/green-works\/wp-json\/wp\/v2\/portfolio\/2699\/revisions"}],"wp:featuredmedia":[{"embeddable":true,"href":"https:\/\/dfvcg-events.de\/green-works\/wp-json\/wp\/v2\/media\/2515"}],"wp:attachment":[{"href":"https:\/\/dfvcg-events.de\/green-works\/wp-json\/wp\/v2\/media?parent=2699"}],"wp:term":[{"taxonomy":"post_tag","embeddable":true,"href":"https:\/\/dfvcg-events.de\/green-works\/wp-json\/wp\/v2\/tags?post=2699"},{"taxonomy":"portfolio_entries","embeddable":true,"href":"https:\/\/dfvcg-events.de\/green-works\/wp-json\/wp\/v2\/portfolio_entries?post=2699"}],"curies":[{"name":"wp","href":"https:\/\/api.w.org\/{rel}","templated":true}]}}