{"id":2296,"date":"2025-07-23T10:22:05","date_gmt":"2025-07-23T08:22:05","guid":{"rendered":"https:\/\/dfvcg-events.de\/fvw-travel-talk-kongress\/?post_type=portfolio&#038;p=2296"},"modified":"2025-07-23T10:22:05","modified_gmt":"2025-07-23T08:22:05","slug":"aleksander-kusz","status":"publish","type":"portfolio","link":"https:\/\/dfvcg-events.de\/fvw-travel-talk-kongress\/vortragend\/aleksander-kusz\/","title":{"rendered":"Aleksander Kusz"},"content":{"rendered":"\n<style type=\"text\/css\" data-created_by=\"avia_inline_auto\" id=\"style-css-av-b4ag9-25627998f9a1f6234a00f4e2a4b3e700\">\n.avia-section.av-b4ag9-25627998f9a1f6234a00f4e2a4b3e700{\nbackground-repeat:no-repeat;\nbackground-image:url(https:\/\/dfvcg-events.de\/fvw-travel-talk-kongress\/wp-content\/uploads\/sites\/59\/2024\/10\/dfvCG-fvw-Travel-Talk-header.jpg);\nbackground-position:100% 50%;\nbackground-attachment:scroll;\n}\n<\/style>\n<div id='av_section_1'  class='avia-section av-b4ag9-25627998f9a1f6234a00f4e2a4b3e700 main_color avia-section-default avia-no-border-styling  avia-builder-el-0  el_before_av_one_fourth  avia-builder-el-first  header-farbe avia-full-stretch avia-bg-style-scroll container_wrap fullsize'  data-section-bg-repeat='stretch'><div class='container av-section-cont-open' ><main  role=\"main\" itemprop=\"mainContentOfPage\"  class='template-page content  av-content-full alpha units'><div class='post-entry post-entry-type-page post-entry-2296'><div class='entry-content-wrapper clearfix'>\n\n<style type=\"text\/css\" data-created_by=\"avia_inline_auto\" id=\"style-css-av-mav4zpq1-82107486c4b6e19567db6c29d28002cc\">\n#top .av-special-heading.av-mav4zpq1-82107486c4b6e19567db6c29d28002cc{\npadding-bottom:0;\ncolor:#ffffff;\n}\nbody .av-special-heading.av-mav4zpq1-82107486c4b6e19567db6c29d28002cc .av-special-heading-tag .heading-char{\nfont-size:25px;\n}\n.av-special-heading.av-mav4zpq1-82107486c4b6e19567db6c29d28002cc .special-heading-inner-border{\nborder-color:#ffffff;\n}\n.av-special-heading.av-mav4zpq1-82107486c4b6e19567db6c29d28002cc .av-subheading{\nfont-size:15px;\n}\n<\/style>\n<div  class='av-special-heading av-mav4zpq1-82107486c4b6e19567db6c29d28002cc av-special-heading-h1 custom-color-heading blockquote modern-quote  avia-builder-el-1  avia-builder-el-no-sibling '><div class='av_custom_color av-subheading av-subheading_above'><p>fvw|TravelTalk Kongress<\/p>\n<\/div><h1 class='av-special-heading-tag '  itemprop=\"headline\"  >Vortragende<\/h1><div class=\"special-heading-border\"><div class=\"special-heading-inner-border\"><\/div><\/div><\/div>\n<\/div><\/div><\/main><!-- close content main element --><\/div><\/div><div id='after_section_1'  class='main_color av_default_container_wrap container_wrap fullsize'  ><div class='container av-section-cont-open' ><div class='template-page content  av-content-full alpha units'><div class='post-entry post-entry-type-page post-entry-2296'><div class='entry-content-wrapper clearfix'>\n\n<style type=\"text\/css\" data-created_by=\"avia_inline_auto\" id=\"style-css-av-1hpil-0aefe2f1e90c83a225330af7bd6248ca\">\n.flex_column.av-1hpil-0aefe2f1e90c83a225330af7bd6248ca{\nborder-radius:0px 0px 0px 0px;\npadding:0px 0px 0px 0px;\n}\n<\/style>\n<div  class='flex_column av-1hpil-0aefe2f1e90c83a225330af7bd6248ca av_one_fourth  avia-builder-el-2  el_after_av_section  el_before_av_three_fourth  avia-builder-el-first  first flex_column_div av-zero-column-padding  '     ><p>\n<style type=\"text\/css\" data-created_by=\"avia_inline_auto\" id=\"style-css-av-k7z57foz-d0e0293561b531e2092139db39eeb455\">\n.avia-image-container.av-k7z57foz-d0e0293561b531e2092139db39eeb455 img.avia_image{\nbox-shadow:none;\n}\n.avia-image-container.av-k7z57foz-d0e0293561b531e2092139db39eeb455 .av-image-caption-overlay-center{\ncolor:#ffffff;\n}\n<\/style>\n<div  class='avia-image-container av-k7z57foz-d0e0293561b531e2092139db39eeb455 av-styling-no-styling avia-align-center  avia-builder-el-3  el_before_av_hr  avia-builder-el-first '   itemprop=\"image\" itemscope=\"itemscope\" itemtype=\"https:\/\/schema.org\/ImageObject\" ><div class=\"avia-image-container-inner\"><div class=\"avia-image-overlay-wrap\"><img decoding=\"async\" fetchpriority=\"high\" class='wp-image-2297 avia-img-lazy-loading-not-2297 avia_image ' src=\"https:\/\/dfvcg-events.de\/fvw-travel-talk-kongress\/wp-content\/uploads\/sites\/59\/2025\/07\/Kusz-Aleksander-WP-Travel-Group-web.jpg\" alt='' title='xr:d:DAFhYdBXNiM:3,j:46066350366,t:23042809'  height=\"800\" width=\"600\"  itemprop=\"thumbnailUrl\" srcset=\"https:\/\/dfvcg-events.de\/fvw-travel-talk-kongress\/wp-content\/uploads\/sites\/59\/2025\/07\/Kusz-Aleksander-WP-Travel-Group-web.jpg 600w, https:\/\/dfvcg-events.de\/fvw-travel-talk-kongress\/wp-content\/uploads\/sites\/59\/2025\/07\/Kusz-Aleksander-WP-Travel-Group-web-529x705.jpg 529w\" sizes=\"(max-width: 600px) 100vw, 600px\" \/><\/div><\/div><\/div><br \/>\n\n<style type=\"text\/css\" data-created_by=\"avia_inline_auto\" id=\"style-css-av-mav5b70j-b1b8ff4ed3573902b041e369aa3b6820\">\n#top .hr.hr-invisible.av-mav5b70j-b1b8ff4ed3573902b041e369aa3b6820{\nheight:30px;\n}\n<\/style>\n<div  class='hr av-mav5b70j-b1b8ff4ed3573902b041e369aa3b6820 hr-invisible  avia-builder-el-4  el_after_av_image  el_before_av_icon_box '><span class='hr-inner '><span class=\"hr-inner-style\"><\/span><\/span><\/div><br \/>\n<article  class='iconbox iconbox_top av-mav595tc-6ed4c6a555405eff2d9fb31d93d5b7aa  avia-builder-el-5  el_after_av_hr  avia-builder-el-last  main_color'  itemscope=\"itemscope\" itemtype=\"https:\/\/schema.org\/CreativeWork\" ><div class=\"iconbox_content\"><header class=\"entry-content-header\" aria-label=\"Icon: \"><a href='https:\/\/www.linkedin.com\/in\/aleksander-kusz-79a30914\/' title='' aria-label=''  target=\"_blank\"  rel=\"noopener noreferrer\" class='iconbox_icon heading-color avia-svg-icon avia-font-svg_entypo-fontello' data-av_svg_icon='linkedin-circled' data-av_iconset='svg_entypo-fontello' ><svg version=\"1.1\" xmlns=\"http:\/\/www.w3.org\/2000\/svg\" width=\"31\" height=\"32\" viewBox=\"0 0 31 32\" preserveAspectRatio=\"xMidYMid meet\" aria-labelledby='av-svg-title-1' aria-describedby='av-svg-desc-1' role=\"graphics-symbol\">\n<title id='av-svg-title-1'>Linkedin-circled<\/title>\n<desc id='av-svg-desc-1'>Linkedin-circled<\/desc>\n<path d=\"M15.36 0.64q6.4 0 10.88 4.48t4.48 10.88q0 6.336-4.48 10.848t-10.88 4.512q-6.336 0-10.848-4.512t-4.512-10.848q0-6.4 4.512-10.88t10.848-4.48zM11.584 22.336v-9.984h-3.072v9.984h3.072zM10.048 11.072q1.664 0 1.664-1.536t-1.664-1.536q-0.704 0-1.184 0.448t-0.48 1.088q0 1.536 1.664 1.536zM22.976 22.336v-5.888q0-2.112-0.992-3.232t-2.592-1.12q-2.112 0-3.072 1.6h-0.064l-0.192-1.344h-2.688q0.064 0.896 0.064 3.2v6.784h3.136v-5.76q0-0.576 0.128-0.768 0.384-1.216 1.6-1.216 1.536 0 1.536 2.176v5.568h3.136z\"><\/path>\n<\/svg><\/a><\/header><div class='iconbox_content_container '  itemprop=\"text\" ><\/div><\/div><footer class=\"entry-footer\"><\/footer><\/article><\/p><\/div>\n<style type=\"text\/css\" data-created_by=\"avia_inline_auto\" id=\"style-css-av-q939-36bd9e2970eba44b209398e6adaba9f5\">\n.flex_column.av-q939-36bd9e2970eba44b209398e6adaba9f5{\nborder-radius:0px 0px 0px 0px;\npadding:0px 0px 0px 0px;\n}\n<\/style>\n<div  class='flex_column av-q939-36bd9e2970eba44b209398e6adaba9f5 av_three_fourth  avia-builder-el-6  el_after_av_one_fourth  avia-builder-el-last  flex_column_div av-zero-column-padding  '     ><p>\n<style type=\"text\/css\" data-created_by=\"avia_inline_auto\" id=\"style-css-av-kaux4tv8-396fc260f0bd2dd6735efe5eda5a2421\">\n#top .av-special-heading.av-kaux4tv8-396fc260f0bd2dd6735efe5eda5a2421{\npadding-bottom:10px;\n}\nbody .av-special-heading.av-kaux4tv8-396fc260f0bd2dd6735efe5eda5a2421 .av-special-heading-tag .heading-char{\nfont-size:25px;\n}\n.av-special-heading.av-kaux4tv8-396fc260f0bd2dd6735efe5eda5a2421 .av-subheading{\nfont-size:19px;\n}\n<\/style>\n<div  class='av-special-heading av-kaux4tv8-396fc260f0bd2dd6735efe5eda5a2421 av-special-heading-h2 blockquote modern-quote  avia-builder-el-7  el_before_av_textblock  avia-builder-el-first '><h2 class='av-special-heading-tag '  itemprop=\"headline\"  >Aleksander Kusz<\/h2><div class='av-subheading av-subheading_below'><p>VP E-commerce<br \/>\nWP Holding<\/p>\n<\/div><div class=\"special-heading-border\"><div class=\"special-heading-inner-border\"><\/div><\/div><\/div><br \/>\n<section  class='av_textblock_section av-k7yuci90-cc8f536f476c354fb273c6b3e8aa0dbd '   itemscope=\"itemscope\" itemtype=\"https:\/\/schema.org\/CreativeWork\" ><div class='avia_textblock'  itemprop=\"text\" ><p>Aleksander Kusz is an experienced executive with a strong track record in the digital and e-commerce sectors, holding leadership roles across multiple organizations over the past decade.<\/p>\n<p>He began his career at Money.pl (one of Poland\u2019s leading online business and finance portals) in 2007 as Chief Financial Officer and Member of the Management Board, later taking responsibility for the company\u2019s subsidiaries. In 2011, he was appointed CEO, succeeding the portal&#8217;s founder. He played a key role in the strategic merger with Wirtualna Polska Holding (WPH) and continued to lead the company after its acquisition by the WP Group and Holtzbrinck Digital. From 2020 to June 2021, he served as CEO of several e-commerce companies, including Totalmoney.pl, Extradom.pl, and Homebook.pl (TM, ED, HB), where he drove strategic repositioning and business growth. Under his leadership, Totalmoney.pl received the Kincentric Best Employer award for two consecutive years. From mid-2021 until the end of April 2025, he held the role of VP E-commerce at Wirtualna Polska Holding, where he was responsible for portfolio management, with a primary focus on the travel segment. Since May 2025, he has been serving as CEO of WP Travel, overseeing one of the group\u2019s most dynamic and strategic verticals. He is a graduate of Kozminski University in Management and Marketing and completed postgraduate studies in Management Accounting and Controlling at the University of \u0141\u00f3d\u017a. He has also completed the Management Program at the ICAN Institute.<\/p>\n<\/div><\/section><\/p><\/div><\/p>\n","protected":false},"excerpt":{"rendered":"<p>WP Holding<\/p>\n","protected":false},"author":4,"featured_media":2297,"comment_status":"closed","ping_status":"closed","template":"","meta":{"footnotes":""},"tags":[],"portfolio_entries":[3],"class_list":["post-2296","portfolio","type-portfolio","status-publish","has-post-thumbnail","hentry","portfolio_entries-vortragend"],"yoast_head":"<!-- This site is optimized with the Yoast SEO plugin v27.4 - https:\/\/yoast.com\/product\/yoast-seo-wordpress\/ -->\n<title>Vortragende: Aleksander Kusz | fvw|TravelTalk Kongress<\/title>\n<meta name=\"description\" content=\"fvw|TravelTalk Kongress | Begr\u00fc\u00dfen Sie auf der B\u00fchne: Aleksander Kusz\" \/>\n<meta name=\"robots\" content=\"index, follow, max-snippet:-1, max-image-preview:large, max-video-preview:-1\" \/>\n<link rel=\"canonical\" href=\"https:\/\/dfvcg-events.de\/fvw-travel-talk-kongress\/vortragend\/aleksander-kusz\/\" \/>\n<meta property=\"og:locale\" content=\"de_DE\" \/>\n<meta property=\"og:type\" content=\"article\" \/>\n<meta property=\"og:title\" content=\"Vortragende: Aleksander Kusz | fvw|TravelTalk Kongress\" \/>\n<meta property=\"og:description\" content=\"fvw|TravelTalk Kongress | Begr\u00fc\u00dfen Sie auf der B\u00fchne: Aleksander Kusz\" \/>\n<meta property=\"og:url\" content=\"https:\/\/dfvcg-events.de\/fvw-travel-talk-kongress\/vortragend\/aleksander-kusz\/\" \/>\n<meta property=\"og:site_name\" content=\"fvw|TravelTalk Kongress\" \/>\n<meta property=\"og:image\" content=\"https:\/\/dfvcg-events.de\/fvw-travel-talk-kongress\/wp-content\/uploads\/sites\/59\/2025\/07\/Kusz-Aleksander-WP-Travel-Group-web.jpg\" \/>\n\t<meta property=\"og:image:width\" content=\"600\" \/>\n\t<meta property=\"og:image:height\" content=\"800\" \/>\n\t<meta property=\"og:image:type\" content=\"image\/jpeg\" \/>\n<meta name=\"twitter:card\" content=\"summary_large_image\" \/>\n<meta name=\"twitter:label1\" content=\"Gesch\u00e4tzte Lesezeit\" \/>\n\t<meta name=\"twitter:data1\" content=\"2\u00a0Minuten\" \/>\n<script type=\"application\/ld+json\" class=\"yoast-schema-graph\">{\"@context\":\"https:\\\/\\\/schema.org\",\"@graph\":[{\"@type\":\"WebPage\",\"@id\":\"https:\\\/\\\/dfvcg-events.de\\\/fvw-travel-talk-kongress\\\/vortragend\\\/aleksander-kusz\\\/\",\"url\":\"https:\\\/\\\/dfvcg-events.de\\\/fvw-travel-talk-kongress\\\/vortragend\\\/aleksander-kusz\\\/\",\"name\":\"Vortragende: Aleksander Kusz | fvw|TravelTalk Kongress\",\"isPartOf\":{\"@id\":\"https:\\\/\\\/dfvcg-events.de\\\/fvw-travel-talk-kongress\\\/#website\"},\"primaryImageOfPage\":{\"@id\":\"https:\\\/\\\/dfvcg-events.de\\\/fvw-travel-talk-kongress\\\/vortragend\\\/aleksander-kusz\\\/#primaryimage\"},\"image\":{\"@id\":\"https:\\\/\\\/dfvcg-events.de\\\/fvw-travel-talk-kongress\\\/vortragend\\\/aleksander-kusz\\\/#primaryimage\"},\"thumbnailUrl\":\"https:\\\/\\\/dfvcg-events.de\\\/fvw-travel-talk-kongress\\\/wp-content\\\/uploads\\\/sites\\\/59\\\/2025\\\/07\\\/Kusz-Aleksander-WP-Travel-Group-web.jpg\",\"datePublished\":\"2025-07-23T08:22:05+00:00\",\"description\":\"fvw|TravelTalk Kongress | Begr\u00fc\u00dfen Sie auf der B\u00fchne: Aleksander Kusz\",\"breadcrumb\":{\"@id\":\"https:\\\/\\\/dfvcg-events.de\\\/fvw-travel-talk-kongress\\\/vortragend\\\/aleksander-kusz\\\/#breadcrumb\"},\"inLanguage\":\"de\",\"potentialAction\":[{\"@type\":\"ReadAction\",\"target\":[\"https:\\\/\\\/dfvcg-events.de\\\/fvw-travel-talk-kongress\\\/vortragend\\\/aleksander-kusz\\\/\"]}]},{\"@type\":\"ImageObject\",\"inLanguage\":\"de\",\"@id\":\"https:\\\/\\\/dfvcg-events.de\\\/fvw-travel-talk-kongress\\\/vortragend\\\/aleksander-kusz\\\/#primaryimage\",\"url\":\"https:\\\/\\\/dfvcg-events.de\\\/fvw-travel-talk-kongress\\\/wp-content\\\/uploads\\\/sites\\\/59\\\/2025\\\/07\\\/Kusz-Aleksander-WP-Travel-Group-web.jpg\",\"contentUrl\":\"https:\\\/\\\/dfvcg-events.de\\\/fvw-travel-talk-kongress\\\/wp-content\\\/uploads\\\/sites\\\/59\\\/2025\\\/07\\\/Kusz-Aleksander-WP-Travel-Group-web.jpg\",\"width\":600,\"height\":800,\"caption\":\"xr:d:DAFhYdBXNiM:3,j:46066350366,t:23042809\"},{\"@type\":\"BreadcrumbList\",\"@id\":\"https:\\\/\\\/dfvcg-events.de\\\/fvw-travel-talk-kongress\\\/vortragend\\\/aleksander-kusz\\\/#breadcrumb\",\"itemListElement\":[{\"@type\":\"ListItem\",\"position\":1,\"name\":\"Startseite\",\"item\":\"https:\\\/\\\/dfvcg-events.de\\\/fvw-travel-talk-kongress\\\/\"},{\"@type\":\"ListItem\",\"position\":2,\"name\":\"Aleksander Kusz\"}]},{\"@type\":\"WebSite\",\"@id\":\"https:\\\/\\\/dfvcg-events.de\\\/fvw-travel-talk-kongress\\\/#website\",\"url\":\"https:\\\/\\\/dfvcg-events.de\\\/fvw-travel-talk-kongress\\\/\",\"name\":\"fvw|TravelTalk Kongress\",\"description\":\"dfv Conference Group\",\"publisher\":{\"@id\":\"https:\\\/\\\/dfvcg-events.de\\\/fvw-travel-talk-kongress\\\/#organization\"},\"alternateName\":\"fvw | Travel Talk Kongress\",\"potentialAction\":[{\"@type\":\"SearchAction\",\"target\":{\"@type\":\"EntryPoint\",\"urlTemplate\":\"https:\\\/\\\/dfvcg-events.de\\\/fvw-travel-talk-kongress\\\/?s={search_term_string}\"},\"query-input\":{\"@type\":\"PropertyValueSpecification\",\"valueRequired\":true,\"valueName\":\"search_term_string\"}}],\"inLanguage\":\"de\"},{\"@type\":\"Organization\",\"@id\":\"https:\\\/\\\/dfvcg-events.de\\\/fvw-travel-talk-kongress\\\/#organization\",\"name\":\"fvw|TravelTalk Kongress\",\"alternateName\":\"fvw | Travel Talk Kongress\",\"url\":\"https:\\\/\\\/dfvcg-events.de\\\/fvw-travel-talk-kongress\\\/\",\"logo\":{\"@type\":\"ImageObject\",\"inLanguage\":\"de\",\"@id\":\"https:\\\/\\\/dfvcg-events.de\\\/fvw-travel-talk-kongress\\\/#\\\/schema\\\/logo\\\/image\\\/\",\"url\":\"https:\\\/\\\/dfvcg-events.de\\\/fvw-travel-talk-kongress\\\/wp-content\\\/uploads\\\/sites\\\/59\\\/2024\\\/10\\\/dfvCG-fvw-Travel-Talk-teaser-800px.jpg\",\"contentUrl\":\"https:\\\/\\\/dfvcg-events.de\\\/fvw-travel-talk-kongress\\\/wp-content\\\/uploads\\\/sites\\\/59\\\/2024\\\/10\\\/dfvCG-fvw-Travel-Talk-teaser-800px.jpg\",\"width\":800,\"height\":800,\"caption\":\"fvw|TravelTalk Kongress\"},\"image\":{\"@id\":\"https:\\\/\\\/dfvcg-events.de\\\/fvw-travel-talk-kongress\\\/#\\\/schema\\\/logo\\\/image\\\/\"}}]}<\/script>\n<!-- \/ Yoast SEO plugin. -->","yoast_head_json":{"title":"Vortragende: Aleksander Kusz | fvw|TravelTalk Kongress","description":"fvw|TravelTalk Kongress | Begr\u00fc\u00dfen Sie auf der B\u00fchne: Aleksander Kusz","robots":{"index":"index","follow":"follow","max-snippet":"max-snippet:-1","max-image-preview":"max-image-preview:large","max-video-preview":"max-video-preview:-1"},"canonical":"https:\/\/dfvcg-events.de\/fvw-travel-talk-kongress\/vortragend\/aleksander-kusz\/","og_locale":"de_DE","og_type":"article","og_title":"Vortragende: Aleksander Kusz | fvw|TravelTalk Kongress","og_description":"fvw|TravelTalk Kongress | Begr\u00fc\u00dfen Sie auf der B\u00fchne: Aleksander Kusz","og_url":"https:\/\/dfvcg-events.de\/fvw-travel-talk-kongress\/vortragend\/aleksander-kusz\/","og_site_name":"fvw|TravelTalk Kongress","og_image":[{"width":600,"height":800,"url":"https:\/\/dfvcg-events.de\/fvw-travel-talk-kongress\/wp-content\/uploads\/sites\/59\/2025\/07\/Kusz-Aleksander-WP-Travel-Group-web.jpg","type":"image\/jpeg"}],"twitter_card":"summary_large_image","twitter_misc":{"Gesch\u00e4tzte Lesezeit":"2\u00a0Minuten"},"schema":{"@context":"https:\/\/schema.org","@graph":[{"@type":"WebPage","@id":"https:\/\/dfvcg-events.de\/fvw-travel-talk-kongress\/vortragend\/aleksander-kusz\/","url":"https:\/\/dfvcg-events.de\/fvw-travel-talk-kongress\/vortragend\/aleksander-kusz\/","name":"Vortragende: Aleksander Kusz | fvw|TravelTalk Kongress","isPartOf":{"@id":"https:\/\/dfvcg-events.de\/fvw-travel-talk-kongress\/#website"},"primaryImageOfPage":{"@id":"https:\/\/dfvcg-events.de\/fvw-travel-talk-kongress\/vortragend\/aleksander-kusz\/#primaryimage"},"image":{"@id":"https:\/\/dfvcg-events.de\/fvw-travel-talk-kongress\/vortragend\/aleksander-kusz\/#primaryimage"},"thumbnailUrl":"https:\/\/dfvcg-events.de\/fvw-travel-talk-kongress\/wp-content\/uploads\/sites\/59\/2025\/07\/Kusz-Aleksander-WP-Travel-Group-web.jpg","datePublished":"2025-07-23T08:22:05+00:00","description":"fvw|TravelTalk Kongress | Begr\u00fc\u00dfen Sie auf der B\u00fchne: Aleksander Kusz","breadcrumb":{"@id":"https:\/\/dfvcg-events.de\/fvw-travel-talk-kongress\/vortragend\/aleksander-kusz\/#breadcrumb"},"inLanguage":"de","potentialAction":[{"@type":"ReadAction","target":["https:\/\/dfvcg-events.de\/fvw-travel-talk-kongress\/vortragend\/aleksander-kusz\/"]}]},{"@type":"ImageObject","inLanguage":"de","@id":"https:\/\/dfvcg-events.de\/fvw-travel-talk-kongress\/vortragend\/aleksander-kusz\/#primaryimage","url":"https:\/\/dfvcg-events.de\/fvw-travel-talk-kongress\/wp-content\/uploads\/sites\/59\/2025\/07\/Kusz-Aleksander-WP-Travel-Group-web.jpg","contentUrl":"https:\/\/dfvcg-events.de\/fvw-travel-talk-kongress\/wp-content\/uploads\/sites\/59\/2025\/07\/Kusz-Aleksander-WP-Travel-Group-web.jpg","width":600,"height":800,"caption":"xr:d:DAFhYdBXNiM:3,j:46066350366,t:23042809"},{"@type":"BreadcrumbList","@id":"https:\/\/dfvcg-events.de\/fvw-travel-talk-kongress\/vortragend\/aleksander-kusz\/#breadcrumb","itemListElement":[{"@type":"ListItem","position":1,"name":"Startseite","item":"https:\/\/dfvcg-events.de\/fvw-travel-talk-kongress\/"},{"@type":"ListItem","position":2,"name":"Aleksander Kusz"}]},{"@type":"WebSite","@id":"https:\/\/dfvcg-events.de\/fvw-travel-talk-kongress\/#website","url":"https:\/\/dfvcg-events.de\/fvw-travel-talk-kongress\/","name":"fvw|TravelTalk Kongress","description":"dfv Conference Group","publisher":{"@id":"https:\/\/dfvcg-events.de\/fvw-travel-talk-kongress\/#organization"},"alternateName":"fvw | Travel Talk Kongress","potentialAction":[{"@type":"SearchAction","target":{"@type":"EntryPoint","urlTemplate":"https:\/\/dfvcg-events.de\/fvw-travel-talk-kongress\/?s={search_term_string}"},"query-input":{"@type":"PropertyValueSpecification","valueRequired":true,"valueName":"search_term_string"}}],"inLanguage":"de"},{"@type":"Organization","@id":"https:\/\/dfvcg-events.de\/fvw-travel-talk-kongress\/#organization","name":"fvw|TravelTalk Kongress","alternateName":"fvw | Travel Talk Kongress","url":"https:\/\/dfvcg-events.de\/fvw-travel-talk-kongress\/","logo":{"@type":"ImageObject","inLanguage":"de","@id":"https:\/\/dfvcg-events.de\/fvw-travel-talk-kongress\/#\/schema\/logo\/image\/","url":"https:\/\/dfvcg-events.de\/fvw-travel-talk-kongress\/wp-content\/uploads\/sites\/59\/2024\/10\/dfvCG-fvw-Travel-Talk-teaser-800px.jpg","contentUrl":"https:\/\/dfvcg-events.de\/fvw-travel-talk-kongress\/wp-content\/uploads\/sites\/59\/2024\/10\/dfvCG-fvw-Travel-Talk-teaser-800px.jpg","width":800,"height":800,"caption":"fvw|TravelTalk Kongress"},"image":{"@id":"https:\/\/dfvcg-events.de\/fvw-travel-talk-kongress\/#\/schema\/logo\/image\/"}}]}},"_links":{"self":[{"href":"https:\/\/dfvcg-events.de\/fvw-travel-talk-kongress\/wp-json\/wp\/v2\/portfolio\/2296","targetHints":{"allow":["GET"]}}],"collection":[{"href":"https:\/\/dfvcg-events.de\/fvw-travel-talk-kongress\/wp-json\/wp\/v2\/portfolio"}],"about":[{"href":"https:\/\/dfvcg-events.de\/fvw-travel-talk-kongress\/wp-json\/wp\/v2\/types\/portfolio"}],"author":[{"embeddable":true,"href":"https:\/\/dfvcg-events.de\/fvw-travel-talk-kongress\/wp-json\/wp\/v2\/users\/4"}],"replies":[{"embeddable":true,"href":"https:\/\/dfvcg-events.de\/fvw-travel-talk-kongress\/wp-json\/wp\/v2\/comments?post=2296"}],"version-history":[{"count":2,"href":"https:\/\/dfvcg-events.de\/fvw-travel-talk-kongress\/wp-json\/wp\/v2\/portfolio\/2296\/revisions"}],"predecessor-version":[{"id":2299,"href":"https:\/\/dfvcg-events.de\/fvw-travel-talk-kongress\/wp-json\/wp\/v2\/portfolio\/2296\/revisions\/2299"}],"wp:featuredmedia":[{"embeddable":true,"href":"https:\/\/dfvcg-events.de\/fvw-travel-talk-kongress\/wp-json\/wp\/v2\/media\/2297"}],"wp:attachment":[{"href":"https:\/\/dfvcg-events.de\/fvw-travel-talk-kongress\/wp-json\/wp\/v2\/media?parent=2296"}],"wp:term":[{"taxonomy":"post_tag","embeddable":true,"href":"https:\/\/dfvcg-events.de\/fvw-travel-talk-kongress\/wp-json\/wp\/v2\/tags?post=2296"},{"taxonomy":"portfolio_entries","embeddable":true,"href":"https:\/\/dfvcg-events.de\/fvw-travel-talk-kongress\/wp-json\/wp\/v2\/portfolio_entries?post=2296"}],"curies":[{"name":"wp","href":"https:\/\/api.w.org\/{rel}","templated":true}]}}