{"id":2214,"date":"2025-07-20T18:30:45","date_gmt":"2025-07-20T16:30:45","guid":{"rendered":"https:\/\/dfvcg-events.de\/fvw-travel-talk-kongress\/?post_type=portfolio&#038;p=2214"},"modified":"2026-07-03T00:28:17","modified_gmt":"2026-07-02T22:28:17","slug":"rita-muenck","status":"publish","type":"portfolio","link":"https:\/\/dfvcg-events.de\/fvw-travel-talk-kongress\/vortragend\/rita-muenck\/","title":{"rendered":"Rita M\u00fcnck"},"content":{"rendered":"\n<style type=\"text\/css\" data-created_by=\"avia_inline_auto\" id=\"style-css-av-b4ag9-25627998f9a1f6234a00f4e2a4b3e700\">\n.avia-section.av-b4ag9-25627998f9a1f6234a00f4e2a4b3e700{\nbackground-repeat:no-repeat;\nbackground-image:url(https:\/\/dfvcg-events.de\/fvw-travel-talk-kongress\/wp-content\/uploads\/sites\/59\/2024\/10\/dfvCG-fvw-Travel-Talk-header.jpg);\nbackground-position:100% 50%;\nbackground-attachment:scroll;\n}\n<\/style>\n<div id='av_section_1'  class='avia-section av-b4ag9-25627998f9a1f6234a00f4e2a4b3e700 main_color avia-section-default avia-no-border-styling  avia-builder-el-0  el_before_av_one_fourth  avia-builder-el-first  header-farbe avia-full-stretch avia-bg-style-scroll container_wrap fullsize'  data-section-bg-repeat='stretch'><div class='container av-section-cont-open' ><main  role=\"main\" itemprop=\"mainContentOfPage\"  class='template-page content  av-content-full alpha units'><div class='post-entry post-entry-type-page post-entry-2214'><div class='entry-content-wrapper clearfix'>\n\n<style type=\"text\/css\" data-created_by=\"avia_inline_auto\" id=\"style-css-av-mav4zpq1-82107486c4b6e19567db6c29d28002cc\">\n#top .av-special-heading.av-mav4zpq1-82107486c4b6e19567db6c29d28002cc{\npadding-bottom:0;\ncolor:#ffffff;\n}\nbody .av-special-heading.av-mav4zpq1-82107486c4b6e19567db6c29d28002cc .av-special-heading-tag .heading-char{\nfont-size:25px;\n}\n.av-special-heading.av-mav4zpq1-82107486c4b6e19567db6c29d28002cc .special-heading-inner-border{\nborder-color:#ffffff;\n}\n.av-special-heading.av-mav4zpq1-82107486c4b6e19567db6c29d28002cc .av-subheading{\nfont-size:15px;\n}\n<\/style>\n<div  class='av-special-heading av-mav4zpq1-82107486c4b6e19567db6c29d28002cc av-special-heading-h1 custom-color-heading blockquote modern-quote  avia-builder-el-1  avia-builder-el-no-sibling '><div class='av_custom_color av-subheading av-subheading_above'><p>fvw|TravelTalk Kongress<\/p>\n<\/div><h1 class='av-special-heading-tag '  itemprop=\"headline\"  >Vortragende<\/h1><div class=\"special-heading-border\"><div class=\"special-heading-inner-border\"><\/div><\/div><\/div>\n<\/div><\/div><\/main><!-- close content main element --><\/div><\/div><div id='after_section_1'  class='main_color av_default_container_wrap container_wrap fullsize'  ><div class='container av-section-cont-open' ><div class='template-page content  av-content-full alpha units'><div class='post-entry post-entry-type-page post-entry-2214'><div class='entry-content-wrapper clearfix'>\n\n<style type=\"text\/css\" data-created_by=\"avia_inline_auto\" id=\"style-css-av-1hpil-0aefe2f1e90c83a225330af7bd6248ca\">\n.flex_column.av-1hpil-0aefe2f1e90c83a225330af7bd6248ca{\nborder-radius:0px 0px 0px 0px;\npadding:0px 0px 0px 0px;\n}\n<\/style>\n<div  class='flex_column av-1hpil-0aefe2f1e90c83a225330af7bd6248ca av_one_fourth  avia-builder-el-2  el_after_av_section  el_before_av_three_fourth  avia-builder-el-first  first flex_column_div av-zero-column-padding  '     ><p>\n<style type=\"text\/css\" data-created_by=\"avia_inline_auto\" id=\"style-css-av-k7z57foz-f487e8b49b504f4c7a67b5462e30fa38\">\n.avia-image-container.av-k7z57foz-f487e8b49b504f4c7a67b5462e30fa38 img.avia_image{\nbox-shadow:none;\n}\n.avia-image-container.av-k7z57foz-f487e8b49b504f4c7a67b5462e30fa38 .av-image-caption-overlay-center{\ncolor:#ffffff;\n}\n<\/style>\n<div  class='avia-image-container av-k7z57foz-f487e8b49b504f4c7a67b5462e30fa38 av-styling-no-styling avia-align-center  avia-builder-el-3  el_before_av_hr  avia-builder-el-first '   itemprop=\"image\" itemscope=\"itemscope\" itemtype=\"https:\/\/schema.org\/ImageObject\" ><div class=\"avia-image-container-inner\"><div class=\"avia-image-overlay-wrap\"><img decoding=\"async\" fetchpriority=\"high\" class='wp-image-2215 avia-img-lazy-loading-not-2215 avia_image ' src=\"https:\/\/dfvcg-events.de\/fvw-travel-talk-kongress\/wp-content\/uploads\/sites\/59\/2025\/07\/Muenck-Rita-fvwTravelTalk-web.jpg\" alt='' title='M\u00fcnck-Rita-fvwTravelTalk-web'  height=\"800\" width=\"600\"  itemprop=\"thumbnailUrl\" srcset=\"https:\/\/dfvcg-events.de\/fvw-travel-talk-kongress\/wp-content\/uploads\/sites\/59\/2025\/07\/Muenck-Rita-fvwTravelTalk-web.jpg 600w, https:\/\/dfvcg-events.de\/fvw-travel-talk-kongress\/wp-content\/uploads\/sites\/59\/2025\/07\/Muenck-Rita-fvwTravelTalk-web-529x705.jpg 529w\" sizes=\"(max-width: 600px) 100vw, 600px\" \/><\/div><\/div><\/div><br \/>\n\n<style type=\"text\/css\" data-created_by=\"avia_inline_auto\" id=\"style-css-av-mr42cscm-33816775108b67579fa4300192cf3cb5\">\n#top .hr.hr-invisible.av-mr42cscm-33816775108b67579fa4300192cf3cb5{\nheight:30px;\n}\n<\/style>\n<div  class='hr av-mr42cscm-33816775108b67579fa4300192cf3cb5 hr-invisible  avia-builder-el-4  el_after_av_image  el_before_av_icon_box '><span class='hr-inner '><span class=\"hr-inner-style\"><\/span><\/span><\/div><br \/>\n<article  class='iconbox iconbox_top av-mr42gl2d-436c01694e3b78a98e8201f3d6138593  avia-builder-el-5  el_after_av_hr  avia-builder-el-last  main_color'  itemscope=\"itemscope\" itemtype=\"https:\/\/schema.org\/CreativeWork\" ><div class=\"iconbox_content\"><header class=\"entry-content-header\" aria-label=\"Icon: \"><a href='https:\/\/www.linkedin.com\/in\/rita-muenck\/' title='' aria-label=''  target=\"_blank\"  rel=\"noopener noreferrer\" class='iconbox_icon heading-color avia-svg-icon avia-font-svg_entypo-fontello' data-av_svg_icon='linkedin-circled' data-av_iconset='svg_entypo-fontello' ><svg version=\"1.1\" xmlns=\"http:\/\/www.w3.org\/2000\/svg\" width=\"31\" height=\"32\" viewBox=\"0 0 31 32\" preserveAspectRatio=\"xMidYMid meet\" aria-labelledby='av-svg-title-1' aria-describedby='av-svg-desc-1' role=\"graphics-symbol\">\n<title id='av-svg-title-1'>Linkedin-circled<\/title>\n<desc id='av-svg-desc-1'>Linkedin-circled<\/desc>\n<path d=\"M15.36 0.64q6.4 0 10.88 4.48t4.48 10.88q0 6.336-4.48 10.848t-10.88 4.512q-6.336 0-10.848-4.512t-4.512-10.848q0-6.4 4.512-10.88t10.848-4.48zM11.584 22.336v-9.984h-3.072v9.984h3.072zM10.048 11.072q1.664 0 1.664-1.536t-1.664-1.536q-0.704 0-1.184 0.448t-0.48 1.088q0 1.536 1.664 1.536zM22.976 22.336v-5.888q0-2.112-0.992-3.232t-2.592-1.12q-2.112 0-3.072 1.6h-0.064l-0.192-1.344h-2.688q0.064 0.896 0.064 3.2v6.784h3.136v-5.76q0-0.576 0.128-0.768 0.384-1.216 1.6-1.216 1.536 0 1.536 2.176v5.568h3.136z\"><\/path>\n<\/svg><\/a><\/header><div class='iconbox_content_container '  itemprop=\"text\" ><\/div><\/div><footer class=\"entry-footer\"><\/footer><\/article><\/p><\/div>\n<style type=\"text\/css\" data-created_by=\"avia_inline_auto\" id=\"style-css-av-q939-36bd9e2970eba44b209398e6adaba9f5\">\n.flex_column.av-q939-36bd9e2970eba44b209398e6adaba9f5{\nborder-radius:0px 0px 0px 0px;\npadding:0px 0px 0px 0px;\n}\n<\/style>\n<div  class='flex_column av-q939-36bd9e2970eba44b209398e6adaba9f5 av_three_fourth  avia-builder-el-6  el_after_av_one_fourth  avia-builder-el-last  flex_column_div av-zero-column-padding  '     ><p>\n<style type=\"text\/css\" data-created_by=\"avia_inline_auto\" id=\"style-css-av-kaux4tv8-8dce6db77f960f59ccf3515036c940d3\">\n#top .av-special-heading.av-kaux4tv8-8dce6db77f960f59ccf3515036c940d3{\npadding-bottom:10px;\n}\nbody .av-special-heading.av-kaux4tv8-8dce6db77f960f59ccf3515036c940d3 .av-special-heading-tag .heading-char{\nfont-size:25px;\n}\n.av-special-heading.av-kaux4tv8-8dce6db77f960f59ccf3515036c940d3 .av-subheading{\nfont-size:19px;\n}\n<\/style>\n<div  class='av-special-heading av-kaux4tv8-8dce6db77f960f59ccf3515036c940d3 av-special-heading-h2 blockquote modern-quote  avia-builder-el-7  el_before_av_textblock  avia-builder-el-first '><h2 class='av-special-heading-tag '  itemprop=\"headline\"  >Rita M\u00fcnck<\/h2><div class='av-subheading av-subheading_below'><p>Leitende Redakteurin<br \/>\nfvw|TravelTalk<\/p>\n<\/div><div class=\"special-heading-border\"><div class=\"special-heading-inner-border\"><\/div><\/div><\/div><br \/>\n<section  class='av_textblock_section av-mr42b20x-d961bcf03cf351381072973ccf6f1cac '   itemscope=\"itemscope\" itemtype=\"https:\/\/schema.org\/CreativeWork\" ><div class='avia_textblock'  itemprop=\"text\" ><p>Rita M\u00fcnck startete 2004 als Redakteurin bei der heutigen fvw|TravelTalk. Es folgten Positionen im Bereich Team- und Resort-Leitung. Thematisch hat sich die Diplom-Journalistin stets mit dem Thema Luftfahrt besch\u00e4ftigt, f\u00fchlt sich aber auch auf allen anderen Feldern der Touristik heimisch und kann auf ein gro\u00dfes Netzwerk verweisen. Vor ihrem Studium hat sie eine Ausbildung zur Industriekauffrau bei der Bertelsmann AG absolviert. Ihre Laufbahn im Journalismus begann 2000 bei Focus Money. Es folgten Stationen bei der S\u00fcddeutschen Zeitung und bei Ergo Kommunikation.<\/p>\n<\/div><\/section><\/p><\/div><\/p>\n","protected":false},"excerpt":{"rendered":"<p>fvw|TravelTalk<\/p>\n","protected":false},"author":4,"featured_media":2215,"comment_status":"closed","ping_status":"closed","template":"","meta":{"footnotes":""},"tags":[],"portfolio_entries":[3,58],"class_list":["post-2214","portfolio","type-portfolio","status-publish","has-post-thumbnail","hentry","portfolio_entries-vortragend","portfolio_entries-vortragend-2026"],"yoast_head":"<!-- This site is optimized with the Yoast SEO plugin v28.3 - https:\/\/yoast.com\/product\/yoast-seo-wordpress\/ -->\n<title>Vortragende: Rita M\u00fcnck | fvw|TravelTalk Kongress<\/title>\n<meta name=\"description\" content=\"fvw|TravelTalk Kongress | Begr\u00fc\u00dfen Sie auf der B\u00fchne: Rita M\u00fcnck\" \/>\n<meta name=\"robots\" content=\"index, follow, max-snippet:-1, max-image-preview:large, max-video-preview:-1\" \/>\n<link rel=\"canonical\" href=\"https:\/\/dfvcg-events.de\/fvw-travel-talk-kongress\/vortragend\/rita-muenck\/\" \/>\n<meta property=\"og:locale\" content=\"de_DE\" \/>\n<meta property=\"og:type\" content=\"article\" \/>\n<meta property=\"og:title\" content=\"Vortragende: Rita M\u00fcnck | fvw|TravelTalk Kongress\" \/>\n<meta property=\"og:description\" content=\"fvw|TravelTalk Kongress | Begr\u00fc\u00dfen Sie auf der B\u00fchne: Rita M\u00fcnck\" \/>\n<meta property=\"og:url\" content=\"https:\/\/dfvcg-events.de\/fvw-travel-talk-kongress\/vortragend\/rita-muenck\/\" \/>\n<meta property=\"og:site_name\" content=\"fvw|TravelTalk Kongress\" \/>\n<meta property=\"article:modified_time\" content=\"2026-07-02T22:28:17+00:00\" \/>\n<meta property=\"og:image\" content=\"https:\/\/dfvcg-events.de\/fvw-travel-talk-kongress\/wp-content\/uploads\/sites\/59\/2025\/07\/Muenck-Rita-fvwTravelTalk-web.jpg\" \/>\n\t<meta property=\"og:image:width\" content=\"600\" \/>\n\t<meta property=\"og:image:height\" content=\"800\" \/>\n\t<meta property=\"og:image:type\" content=\"image\/jpeg\" \/>\n<meta name=\"twitter:card\" content=\"summary_large_image\" \/>\n<meta name=\"twitter:label1\" content=\"Gesch\u00e4tzte Lesezeit\" \/>\n\t<meta name=\"twitter:data1\" content=\"1\u00a0Minute\" \/>\n<script type=\"application\/ld+json\" class=\"yoast-schema-graph\">{\"@context\":\"https:\\\/\\\/schema.org\",\"@graph\":[{\"@type\":\"WebPage\",\"@id\":\"https:\\\/\\\/dfvcg-events.de\\\/fvw-travel-talk-kongress\\\/vortragend\\\/rita-muenck\\\/\",\"url\":\"https:\\\/\\\/dfvcg-events.de\\\/fvw-travel-talk-kongress\\\/vortragend\\\/rita-muenck\\\/\",\"name\":\"Vortragende: Rita M\u00fcnck | fvw|TravelTalk Kongress\",\"isPartOf\":{\"@id\":\"https:\\\/\\\/dfvcg-events.de\\\/fvw-travel-talk-kongress\\\/#website\"},\"primaryImageOfPage\":{\"@id\":\"https:\\\/\\\/dfvcg-events.de\\\/fvw-travel-talk-kongress\\\/vortragend\\\/rita-muenck\\\/#primaryimage\"},\"image\":{\"@id\":\"https:\\\/\\\/dfvcg-events.de\\\/fvw-travel-talk-kongress\\\/vortragend\\\/rita-muenck\\\/#primaryimage\"},\"thumbnailUrl\":\"https:\\\/\\\/dfvcg-events.de\\\/fvw-travel-talk-kongress\\\/wp-content\\\/uploads\\\/sites\\\/59\\\/2025\\\/07\\\/Muenck-Rita-fvwTravelTalk-web.jpg\",\"datePublished\":\"2025-07-20T16:30:45+00:00\",\"dateModified\":\"2026-07-02T22:28:17+00:00\",\"description\":\"fvw|TravelTalk Kongress | Begr\u00fc\u00dfen Sie auf der B\u00fchne: Rita M\u00fcnck\",\"breadcrumb\":{\"@id\":\"https:\\\/\\\/dfvcg-events.de\\\/fvw-travel-talk-kongress\\\/vortragend\\\/rita-muenck\\\/#breadcrumb\"},\"inLanguage\":\"de\",\"potentialAction\":[{\"@type\":\"ReadAction\",\"target\":[\"https:\\\/\\\/dfvcg-events.de\\\/fvw-travel-talk-kongress\\\/vortragend\\\/rita-muenck\\\/\"]}]},{\"@type\":\"ImageObject\",\"inLanguage\":\"de\",\"@id\":\"https:\\\/\\\/dfvcg-events.de\\\/fvw-travel-talk-kongress\\\/vortragend\\\/rita-muenck\\\/#primaryimage\",\"url\":\"https:\\\/\\\/dfvcg-events.de\\\/fvw-travel-talk-kongress\\\/wp-content\\\/uploads\\\/sites\\\/59\\\/2025\\\/07\\\/Muenck-Rita-fvwTravelTalk-web.jpg\",\"contentUrl\":\"https:\\\/\\\/dfvcg-events.de\\\/fvw-travel-talk-kongress\\\/wp-content\\\/uploads\\\/sites\\\/59\\\/2025\\\/07\\\/Muenck-Rita-fvwTravelTalk-web.jpg\",\"width\":600,\"height\":800},{\"@type\":\"BreadcrumbList\",\"@id\":\"https:\\\/\\\/dfvcg-events.de\\\/fvw-travel-talk-kongress\\\/vortragend\\\/rita-muenck\\\/#breadcrumb\",\"itemListElement\":[{\"@type\":\"ListItem\",\"position\":1,\"name\":\"Startseite\",\"item\":\"https:\\\/\\\/dfvcg-events.de\\\/fvw-travel-talk-kongress\\\/\"},{\"@type\":\"ListItem\",\"position\":2,\"name\":\"Rita M\u00fcnck\"}]},{\"@type\":\"WebSite\",\"@id\":\"https:\\\/\\\/dfvcg-events.de\\\/fvw-travel-talk-kongress\\\/#website\",\"url\":\"https:\\\/\\\/dfvcg-events.de\\\/fvw-travel-talk-kongress\\\/\",\"name\":\"fvw|TravelTalk Kongress\",\"description\":\"dfv Conference Group\",\"publisher\":{\"@id\":\"https:\\\/\\\/dfvcg-events.de\\\/fvw-travel-talk-kongress\\\/#organization\"},\"alternateName\":\"fvw | Travel Talk Kongress\",\"potentialAction\":[{\"@type\":\"SearchAction\",\"target\":{\"@type\":\"EntryPoint\",\"urlTemplate\":\"https:\\\/\\\/dfvcg-events.de\\\/fvw-travel-talk-kongress\\\/?s={search_term_string}\"},\"query-input\":{\"@type\":\"PropertyValueSpecification\",\"valueRequired\":true,\"valueName\":\"search_term_string\"}}],\"inLanguage\":\"de\"},{\"@type\":\"Organization\",\"@id\":\"https:\\\/\\\/dfvcg-events.de\\\/fvw-travel-talk-kongress\\\/#organization\",\"name\":\"fvw|TravelTalk Kongress\",\"alternateName\":\"fvw | Travel Talk Kongress\",\"url\":\"https:\\\/\\\/dfvcg-events.de\\\/fvw-travel-talk-kongress\\\/\",\"logo\":{\"@type\":\"ImageObject\",\"inLanguage\":\"de\",\"@id\":\"https:\\\/\\\/dfvcg-events.de\\\/fvw-travel-talk-kongress\\\/#\\\/schema\\\/logo\\\/image\\\/\",\"url\":\"https:\\\/\\\/dfvcg-events.de\\\/fvw-travel-talk-kongress\\\/wp-content\\\/uploads\\\/sites\\\/59\\\/2024\\\/10\\\/dfvCG-fvw-Travel-Talk-teaser-800px.jpg\",\"contentUrl\":\"https:\\\/\\\/dfvcg-events.de\\\/fvw-travel-talk-kongress\\\/wp-content\\\/uploads\\\/sites\\\/59\\\/2024\\\/10\\\/dfvCG-fvw-Travel-Talk-teaser-800px.jpg\",\"width\":800,\"height\":800,\"caption\":\"fvw|TravelTalk Kongress\"},\"image\":{\"@id\":\"https:\\\/\\\/dfvcg-events.de\\\/fvw-travel-talk-kongress\\\/#\\\/schema\\\/logo\\\/image\\\/\"}}]}<\/script>\n<!-- \/ Yoast SEO plugin. -->","yoast_head_json":{"title":"Vortragende: Rita M\u00fcnck | fvw|TravelTalk Kongress","description":"fvw|TravelTalk Kongress | Begr\u00fc\u00dfen Sie auf der B\u00fchne: Rita M\u00fcnck","robots":{"index":"index","follow":"follow","max-snippet":"max-snippet:-1","max-image-preview":"max-image-preview:large","max-video-preview":"max-video-preview:-1"},"canonical":"https:\/\/dfvcg-events.de\/fvw-travel-talk-kongress\/vortragend\/rita-muenck\/","og_locale":"de_DE","og_type":"article","og_title":"Vortragende: Rita M\u00fcnck | fvw|TravelTalk Kongress","og_description":"fvw|TravelTalk Kongress | Begr\u00fc\u00dfen Sie auf der B\u00fchne: Rita M\u00fcnck","og_url":"https:\/\/dfvcg-events.de\/fvw-travel-talk-kongress\/vortragend\/rita-muenck\/","og_site_name":"fvw|TravelTalk Kongress","article_modified_time":"2026-07-02T22:28:17+00:00","og_image":[{"width":600,"height":800,"url":"https:\/\/dfvcg-events.de\/fvw-travel-talk-kongress\/wp-content\/uploads\/sites\/59\/2025\/07\/Muenck-Rita-fvwTravelTalk-web.jpg","type":"image\/jpeg"}],"twitter_card":"summary_large_image","twitter_misc":{"Gesch\u00e4tzte Lesezeit":"1\u00a0Minute"},"schema":{"@context":"https:\/\/schema.org","@graph":[{"@type":"WebPage","@id":"https:\/\/dfvcg-events.de\/fvw-travel-talk-kongress\/vortragend\/rita-muenck\/","url":"https:\/\/dfvcg-events.de\/fvw-travel-talk-kongress\/vortragend\/rita-muenck\/","name":"Vortragende: Rita M\u00fcnck | fvw|TravelTalk Kongress","isPartOf":{"@id":"https:\/\/dfvcg-events.de\/fvw-travel-talk-kongress\/#website"},"primaryImageOfPage":{"@id":"https:\/\/dfvcg-events.de\/fvw-travel-talk-kongress\/vortragend\/rita-muenck\/#primaryimage"},"image":{"@id":"https:\/\/dfvcg-events.de\/fvw-travel-talk-kongress\/vortragend\/rita-muenck\/#primaryimage"},"thumbnailUrl":"https:\/\/dfvcg-events.de\/fvw-travel-talk-kongress\/wp-content\/uploads\/sites\/59\/2025\/07\/Muenck-Rita-fvwTravelTalk-web.jpg","datePublished":"2025-07-20T16:30:45+00:00","dateModified":"2026-07-02T22:28:17+00:00","description":"fvw|TravelTalk Kongress | Begr\u00fc\u00dfen Sie auf der B\u00fchne: Rita M\u00fcnck","breadcrumb":{"@id":"https:\/\/dfvcg-events.de\/fvw-travel-talk-kongress\/vortragend\/rita-muenck\/#breadcrumb"},"inLanguage":"de","potentialAction":[{"@type":"ReadAction","target":["https:\/\/dfvcg-events.de\/fvw-travel-talk-kongress\/vortragend\/rita-muenck\/"]}]},{"@type":"ImageObject","inLanguage":"de","@id":"https:\/\/dfvcg-events.de\/fvw-travel-talk-kongress\/vortragend\/rita-muenck\/#primaryimage","url":"https:\/\/dfvcg-events.de\/fvw-travel-talk-kongress\/wp-content\/uploads\/sites\/59\/2025\/07\/Muenck-Rita-fvwTravelTalk-web.jpg","contentUrl":"https:\/\/dfvcg-events.de\/fvw-travel-talk-kongress\/wp-content\/uploads\/sites\/59\/2025\/07\/Muenck-Rita-fvwTravelTalk-web.jpg","width":600,"height":800},{"@type":"BreadcrumbList","@id":"https:\/\/dfvcg-events.de\/fvw-travel-talk-kongress\/vortragend\/rita-muenck\/#breadcrumb","itemListElement":[{"@type":"ListItem","position":1,"name":"Startseite","item":"https:\/\/dfvcg-events.de\/fvw-travel-talk-kongress\/"},{"@type":"ListItem","position":2,"name":"Rita M\u00fcnck"}]},{"@type":"WebSite","@id":"https:\/\/dfvcg-events.de\/fvw-travel-talk-kongress\/#website","url":"https:\/\/dfvcg-events.de\/fvw-travel-talk-kongress\/","name":"fvw|TravelTalk Kongress","description":"dfv Conference Group","publisher":{"@id":"https:\/\/dfvcg-events.de\/fvw-travel-talk-kongress\/#organization"},"alternateName":"fvw | Travel Talk Kongress","potentialAction":[{"@type":"SearchAction","target":{"@type":"EntryPoint","urlTemplate":"https:\/\/dfvcg-events.de\/fvw-travel-talk-kongress\/?s={search_term_string}"},"query-input":{"@type":"PropertyValueSpecification","valueRequired":true,"valueName":"search_term_string"}}],"inLanguage":"de"},{"@type":"Organization","@id":"https:\/\/dfvcg-events.de\/fvw-travel-talk-kongress\/#organization","name":"fvw|TravelTalk Kongress","alternateName":"fvw | Travel Talk Kongress","url":"https:\/\/dfvcg-events.de\/fvw-travel-talk-kongress\/","logo":{"@type":"ImageObject","inLanguage":"de","@id":"https:\/\/dfvcg-events.de\/fvw-travel-talk-kongress\/#\/schema\/logo\/image\/","url":"https:\/\/dfvcg-events.de\/fvw-travel-talk-kongress\/wp-content\/uploads\/sites\/59\/2024\/10\/dfvCG-fvw-Travel-Talk-teaser-800px.jpg","contentUrl":"https:\/\/dfvcg-events.de\/fvw-travel-talk-kongress\/wp-content\/uploads\/sites\/59\/2024\/10\/dfvCG-fvw-Travel-Talk-teaser-800px.jpg","width":800,"height":800,"caption":"fvw|TravelTalk Kongress"},"image":{"@id":"https:\/\/dfvcg-events.de\/fvw-travel-talk-kongress\/#\/schema\/logo\/image\/"}}]}},"_links":{"self":[{"href":"https:\/\/dfvcg-events.de\/fvw-travel-talk-kongress\/wp-json\/wp\/v2\/portfolio\/2214","targetHints":{"allow":["GET"]}}],"collection":[{"href":"https:\/\/dfvcg-events.de\/fvw-travel-talk-kongress\/wp-json\/wp\/v2\/portfolio"}],"about":[{"href":"https:\/\/dfvcg-events.de\/fvw-travel-talk-kongress\/wp-json\/wp\/v2\/types\/portfolio"}],"author":[{"embeddable":true,"href":"https:\/\/dfvcg-events.de\/fvw-travel-talk-kongress\/wp-json\/wp\/v2\/users\/4"}],"replies":[{"embeddable":true,"href":"https:\/\/dfvcg-events.de\/fvw-travel-talk-kongress\/wp-json\/wp\/v2\/comments?post=2214"}],"version-history":[{"count":0,"href":"https:\/\/dfvcg-events.de\/fvw-travel-talk-kongress\/wp-json\/wp\/v2\/portfolio\/2214\/revisions"}],"wp:featuredmedia":[{"embeddable":true,"href":"https:\/\/dfvcg-events.de\/fvw-travel-talk-kongress\/wp-json\/wp\/v2\/media\/2215"}],"wp:attachment":[{"href":"https:\/\/dfvcg-events.de\/fvw-travel-talk-kongress\/wp-json\/wp\/v2\/media?parent=2214"}],"wp:term":[{"taxonomy":"post_tag","embeddable":true,"href":"https:\/\/dfvcg-events.de\/fvw-travel-talk-kongress\/wp-json\/wp\/v2\/tags?post=2214"},{"taxonomy":"portfolio_entries","embeddable":true,"href":"https:\/\/dfvcg-events.de\/fvw-travel-talk-kongress\/wp-json\/wp\/v2\/portfolio_entries?post=2214"}],"curies":[{"name":"wp","href":"https:\/\/api.w.org\/{rel}","templated":true}]}}