{"id":1821,"date":"2025-05-19T15:58:53","date_gmt":"2025-05-19T13:58:53","guid":{"rendered":"https:\/\/dfvcg-events.de\/fvw-travel-talk-kongress\/?post_type=portfolio&#038;p=1821"},"modified":"2025-05-19T16:34:51","modified_gmt":"2025-05-19T14:34:51","slug":"jiri-jelinek","status":"publish","type":"portfolio","link":"https:\/\/dfvcg-events.de\/fvw-travel-talk-kongress\/vortragend\/jiri-jelinek\/","title":{"rendered":"Ji\u0159\u00ed Jel\u00ednek"},"content":{"rendered":"\n<style type=\"text\/css\" data-created_by=\"avia_inline_auto\" id=\"style-css-av-b4ag9-25627998f9a1f6234a00f4e2a4b3e700\">\n.avia-section.av-b4ag9-25627998f9a1f6234a00f4e2a4b3e700{\nbackground-repeat:no-repeat;\nbackground-image:url(https:\/\/dfvcg-events.de\/fvw-travel-talk-kongress\/wp-content\/uploads\/sites\/59\/2024\/10\/dfvCG-fvw-Travel-Talk-header.jpg);\nbackground-position:100% 50%;\nbackground-attachment:scroll;\n}\n<\/style>\n<div id='av_section_1'  class='avia-section av-b4ag9-25627998f9a1f6234a00f4e2a4b3e700 main_color avia-section-default avia-no-border-styling  avia-builder-el-0  el_before_av_one_fourth  avia-builder-el-first  header-farbe avia-full-stretch avia-bg-style-scroll container_wrap fullsize'  data-section-bg-repeat='stretch'><div class='container av-section-cont-open' ><main  role=\"main\" itemprop=\"mainContentOfPage\"  class='template-page content  av-content-full alpha units'><div class='post-entry post-entry-type-page post-entry-1821'><div class='entry-content-wrapper clearfix'>\n\n<style type=\"text\/css\" data-created_by=\"avia_inline_auto\" id=\"style-css-av-mav4zpq1-82107486c4b6e19567db6c29d28002cc\">\n#top .av-special-heading.av-mav4zpq1-82107486c4b6e19567db6c29d28002cc{\npadding-bottom:0;\ncolor:#ffffff;\n}\nbody .av-special-heading.av-mav4zpq1-82107486c4b6e19567db6c29d28002cc .av-special-heading-tag .heading-char{\nfont-size:25px;\n}\n.av-special-heading.av-mav4zpq1-82107486c4b6e19567db6c29d28002cc .special-heading-inner-border{\nborder-color:#ffffff;\n}\n.av-special-heading.av-mav4zpq1-82107486c4b6e19567db6c29d28002cc .av-subheading{\nfont-size:15px;\n}\n<\/style>\n<div  class='av-special-heading av-mav4zpq1-82107486c4b6e19567db6c29d28002cc av-special-heading-h1 custom-color-heading blockquote modern-quote  avia-builder-el-1  avia-builder-el-no-sibling '><div class='av_custom_color av-subheading av-subheading_above'><p>fvw|TravelTalk Kongress<\/p>\n<\/div><h1 class='av-special-heading-tag '  itemprop=\"headline\"  >Vortragende<\/h1><div class=\"special-heading-border\"><div class=\"special-heading-inner-border\"><\/div><\/div><\/div>\n<\/div><\/div><\/main><!-- close content main element --><\/div><\/div><div id='after_section_1'  class='main_color av_default_container_wrap container_wrap fullsize'  ><div class='container av-section-cont-open' ><div class='template-page content  av-content-full alpha units'><div class='post-entry post-entry-type-page post-entry-1821'><div class='entry-content-wrapper clearfix'>\n\n<style type=\"text\/css\" data-created_by=\"avia_inline_auto\" id=\"style-css-av-1hpil-0aefe2f1e90c83a225330af7bd6248ca\">\n.flex_column.av-1hpil-0aefe2f1e90c83a225330af7bd6248ca{\nborder-radius:0px 0px 0px 0px;\npadding:0px 0px 0px 0px;\n}\n<\/style>\n<div  class='flex_column av-1hpil-0aefe2f1e90c83a225330af7bd6248ca av_one_fourth  avia-builder-el-2  el_after_av_section  el_before_av_three_fourth  avia-builder-el-first  first flex_column_div av-zero-column-padding  '     ><style type=\"text\/css\" data-created_by=\"avia_inline_auto\" id=\"style-css-av-k7z57foz-4a62c923faa4f2d5768e6a508e1402a4\">\n.avia-image-container.av-k7z57foz-4a62c923faa4f2d5768e6a508e1402a4 img.avia_image{\nbox-shadow:none;\n}\n.avia-image-container.av-k7z57foz-4a62c923faa4f2d5768e6a508e1402a4 .av-image-caption-overlay-center{\ncolor:#ffffff;\n}\n<\/style>\n<div  class='avia-image-container av-k7z57foz-4a62c923faa4f2d5768e6a508e1402a4 av-styling-no-styling avia-align-center  avia-builder-el-3  avia-builder-el-no-sibling '   itemprop=\"image\" itemscope=\"itemscope\" itemtype=\"https:\/\/schema.org\/ImageObject\" ><div class=\"avia-image-container-inner\"><div class=\"avia-image-overlay-wrap\"><img decoding=\"async\" fetchpriority=\"high\" class='wp-image-1822 avia-img-lazy-loading-not-1822 avia_image ' src=\"https:\/\/dfvcg-events.de\/fvw-travel-talk-kongress\/wp-content\/uploads\/sites\/59\/2025\/05\/Jelinek-Jiri-DERTOUR-Eastern-Europe-web.jpg\" alt='' title='Jel\u00ednek-Ji\u0159\u00ed-DERTOUR Eastern Europe-web'  height=\"800\" width=\"600\"  itemprop=\"thumbnailUrl\" srcset=\"https:\/\/dfvcg-events.de\/fvw-travel-talk-kongress\/wp-content\/uploads\/sites\/59\/2025\/05\/Jelinek-Jiri-DERTOUR-Eastern-Europe-web.jpg 600w, https:\/\/dfvcg-events.de\/fvw-travel-talk-kongress\/wp-content\/uploads\/sites\/59\/2025\/05\/Jelinek-Jiri-DERTOUR-Eastern-Europe-web-529x705.jpg 529w\" sizes=\"(max-width: 600px) 100vw, 600px\" \/><\/div><\/div><\/div><\/div>\n<style type=\"text\/css\" data-created_by=\"avia_inline_auto\" id=\"style-css-av-q939-36bd9e2970eba44b209398e6adaba9f5\">\n.flex_column.av-q939-36bd9e2970eba44b209398e6adaba9f5{\nborder-radius:0px 0px 0px 0px;\npadding:0px 0px 0px 0px;\n}\n<\/style>\n<div  class='flex_column av-q939-36bd9e2970eba44b209398e6adaba9f5 av_three_fourth  avia-builder-el-4  el_after_av_one_fourth  avia-builder-el-last  flex_column_div av-zero-column-padding  '     ><p>\n<style type=\"text\/css\" data-created_by=\"avia_inline_auto\" id=\"style-css-av-kaux4tv8-22c9f3975467b107e9700da7e547a769\">\n#top .av-special-heading.av-kaux4tv8-22c9f3975467b107e9700da7e547a769{\npadding-bottom:10px;\n}\nbody .av-special-heading.av-kaux4tv8-22c9f3975467b107e9700da7e547a769 .av-special-heading-tag .heading-char{\nfont-size:25px;\n}\n.av-special-heading.av-kaux4tv8-22c9f3975467b107e9700da7e547a769 .av-subheading{\nfont-size:19px;\n}\n<\/style>\n<div  class='av-special-heading av-kaux4tv8-22c9f3975467b107e9700da7e547a769 av-special-heading-h2 blockquote modern-quote  avia-builder-el-5  el_before_av_textblock  avia-builder-el-first '><h2 class='av-special-heading-tag '  itemprop=\"headline\"  >Ji\u0159\u00ed Jel\u00ednek<\/h2><div class='av-subheading av-subheading_below'><p>CEO<br \/>\nDertour Eastern Europe<\/p>\n<\/div><div class=\"special-heading-border\"><div class=\"special-heading-inner-border\"><\/div><\/div><\/div><br \/>\n<section  class='av_textblock_section av-k7yuci90-cc8f536f476c354fb273c6b3e8aa0dbd '   itemscope=\"itemscope\" itemtype=\"https:\/\/schema.org\/CreativeWork\" ><div class='avia_textblock'  itemprop=\"text\" ><p>A seasoned bilingual executive with a strong track record in general management across Central and Eastern Europe. Since 2004, he has held leadership roles in the travel industry, beginning as CEO of Fischer, where he successfully restructured and stabilized the company, positioning it among the market leaders in the Czech Republic. With deep expertise in business development, restructuring, and retail-focused services, he excels in team leadership, communication, and strategic negotiations. Since 2020, he has been serving as CEO Eastern Europe at DERTOUR Group, overseeing operations in the Czech Republic, Slovakia, Poland, Hungary, and Romania, driving growth and operational excellence across the region.<\/p>\n<\/div><\/section><\/p><\/div><\/p>\n","protected":false},"excerpt":{"rendered":"<p>Dertour Eastern Europe<\/p>\n","protected":false},"author":4,"featured_media":1822,"comment_status":"closed","ping_status":"closed","template":"","meta":{"footnotes":""},"tags":[],"portfolio_entries":[3,4],"class_list":["post-1821","portfolio","type-portfolio","status-publish","has-post-thumbnail","hentry","portfolio_entries-vortragend","portfolio_entries-vortragend-feature"],"yoast_head":"<!-- This site is optimized with the Yoast SEO plugin v27.4 - https:\/\/yoast.com\/product\/yoast-seo-wordpress\/ -->\n<title>Vortragende: Ji\u0159\u00ed Jel\u00ednek | fvw|TravelTalk Kongress<\/title>\n<meta name=\"description\" content=\"fvw|TravelTalk Kongress | Begr\u00fc\u00dfen Sie auf der B\u00fchne: Ji\u0159\u00ed Jel\u00ednek\" \/>\n<meta name=\"robots\" content=\"index, follow, max-snippet:-1, max-image-preview:large, max-video-preview:-1\" \/>\n<link rel=\"canonical\" href=\"https:\/\/dfvcg-events.de\/fvw-travel-talk-kongress\/vortragend\/jiri-jelinek\/\" \/>\n<meta property=\"og:locale\" content=\"de_DE\" \/>\n<meta property=\"og:type\" content=\"article\" \/>\n<meta property=\"og:title\" content=\"Vortragende: Ji\u0159\u00ed Jel\u00ednek | fvw|TravelTalk Kongress\" \/>\n<meta property=\"og:description\" content=\"fvw|TravelTalk Kongress | Begr\u00fc\u00dfen Sie auf der B\u00fchne: Ji\u0159\u00ed Jel\u00ednek\" \/>\n<meta property=\"og:url\" content=\"https:\/\/dfvcg-events.de\/fvw-travel-talk-kongress\/vortragend\/jiri-jelinek\/\" \/>\n<meta property=\"og:site_name\" content=\"fvw|TravelTalk Kongress\" \/>\n<meta property=\"article:modified_time\" content=\"2025-05-19T14:34:51+00:00\" \/>\n<meta property=\"og:image\" content=\"https:\/\/dfvcg-events.de\/fvw-travel-talk-kongress\/wp-content\/uploads\/sites\/59\/2025\/05\/Jelinek-Jiri-DERTOUR-Eastern-Europe-web.jpg\" \/>\n\t<meta property=\"og:image:width\" content=\"600\" \/>\n\t<meta property=\"og:image:height\" content=\"800\" \/>\n\t<meta property=\"og:image:type\" content=\"image\/jpeg\" \/>\n<meta name=\"twitter:card\" content=\"summary_large_image\" \/>\n<meta name=\"twitter:label1\" content=\"Gesch\u00e4tzte Lesezeit\" \/>\n\t<meta name=\"twitter:data1\" content=\"1\u00a0Minute\" \/>\n<script type=\"application\/ld+json\" class=\"yoast-schema-graph\">{\"@context\":\"https:\\\/\\\/schema.org\",\"@graph\":[{\"@type\":\"WebPage\",\"@id\":\"https:\\\/\\\/dfvcg-events.de\\\/fvw-travel-talk-kongress\\\/vortragend\\\/jiri-jelinek\\\/\",\"url\":\"https:\\\/\\\/dfvcg-events.de\\\/fvw-travel-talk-kongress\\\/vortragend\\\/jiri-jelinek\\\/\",\"name\":\"Vortragende: Ji\u0159\u00ed Jel\u00ednek | fvw|TravelTalk Kongress\",\"isPartOf\":{\"@id\":\"https:\\\/\\\/dfvcg-events.de\\\/fvw-travel-talk-kongress\\\/#website\"},\"primaryImageOfPage\":{\"@id\":\"https:\\\/\\\/dfvcg-events.de\\\/fvw-travel-talk-kongress\\\/vortragend\\\/jiri-jelinek\\\/#primaryimage\"},\"image\":{\"@id\":\"https:\\\/\\\/dfvcg-events.de\\\/fvw-travel-talk-kongress\\\/vortragend\\\/jiri-jelinek\\\/#primaryimage\"},\"thumbnailUrl\":\"https:\\\/\\\/dfvcg-events.de\\\/fvw-travel-talk-kongress\\\/wp-content\\\/uploads\\\/sites\\\/59\\\/2025\\\/05\\\/Jelinek-Jiri-DERTOUR-Eastern-Europe-web.jpg\",\"datePublished\":\"2025-05-19T13:58:53+00:00\",\"dateModified\":\"2025-05-19T14:34:51+00:00\",\"description\":\"fvw|TravelTalk Kongress | Begr\u00fc\u00dfen Sie auf der B\u00fchne: Ji\u0159\u00ed Jel\u00ednek\",\"breadcrumb\":{\"@id\":\"https:\\\/\\\/dfvcg-events.de\\\/fvw-travel-talk-kongress\\\/vortragend\\\/jiri-jelinek\\\/#breadcrumb\"},\"inLanguage\":\"de\",\"potentialAction\":[{\"@type\":\"ReadAction\",\"target\":[\"https:\\\/\\\/dfvcg-events.de\\\/fvw-travel-talk-kongress\\\/vortragend\\\/jiri-jelinek\\\/\"]}]},{\"@type\":\"ImageObject\",\"inLanguage\":\"de\",\"@id\":\"https:\\\/\\\/dfvcg-events.de\\\/fvw-travel-talk-kongress\\\/vortragend\\\/jiri-jelinek\\\/#primaryimage\",\"url\":\"https:\\\/\\\/dfvcg-events.de\\\/fvw-travel-talk-kongress\\\/wp-content\\\/uploads\\\/sites\\\/59\\\/2025\\\/05\\\/Jelinek-Jiri-DERTOUR-Eastern-Europe-web.jpg\",\"contentUrl\":\"https:\\\/\\\/dfvcg-events.de\\\/fvw-travel-talk-kongress\\\/wp-content\\\/uploads\\\/sites\\\/59\\\/2025\\\/05\\\/Jelinek-Jiri-DERTOUR-Eastern-Europe-web.jpg\",\"width\":600,\"height\":800},{\"@type\":\"BreadcrumbList\",\"@id\":\"https:\\\/\\\/dfvcg-events.de\\\/fvw-travel-talk-kongress\\\/vortragend\\\/jiri-jelinek\\\/#breadcrumb\",\"itemListElement\":[{\"@type\":\"ListItem\",\"position\":1,\"name\":\"Startseite\",\"item\":\"https:\\\/\\\/dfvcg-events.de\\\/fvw-travel-talk-kongress\\\/\"},{\"@type\":\"ListItem\",\"position\":2,\"name\":\"Ji\u0159\u00ed Jel\u00ednek\"}]},{\"@type\":\"WebSite\",\"@id\":\"https:\\\/\\\/dfvcg-events.de\\\/fvw-travel-talk-kongress\\\/#website\",\"url\":\"https:\\\/\\\/dfvcg-events.de\\\/fvw-travel-talk-kongress\\\/\",\"name\":\"fvw|TravelTalk Kongress\",\"description\":\"dfv Conference Group\",\"publisher\":{\"@id\":\"https:\\\/\\\/dfvcg-events.de\\\/fvw-travel-talk-kongress\\\/#organization\"},\"alternateName\":\"fvw | Travel Talk Kongress\",\"potentialAction\":[{\"@type\":\"SearchAction\",\"target\":{\"@type\":\"EntryPoint\",\"urlTemplate\":\"https:\\\/\\\/dfvcg-events.de\\\/fvw-travel-talk-kongress\\\/?s={search_term_string}\"},\"query-input\":{\"@type\":\"PropertyValueSpecification\",\"valueRequired\":true,\"valueName\":\"search_term_string\"}}],\"inLanguage\":\"de\"},{\"@type\":\"Organization\",\"@id\":\"https:\\\/\\\/dfvcg-events.de\\\/fvw-travel-talk-kongress\\\/#organization\",\"name\":\"fvw|TravelTalk Kongress\",\"alternateName\":\"fvw | Travel Talk Kongress\",\"url\":\"https:\\\/\\\/dfvcg-events.de\\\/fvw-travel-talk-kongress\\\/\",\"logo\":{\"@type\":\"ImageObject\",\"inLanguage\":\"de\",\"@id\":\"https:\\\/\\\/dfvcg-events.de\\\/fvw-travel-talk-kongress\\\/#\\\/schema\\\/logo\\\/image\\\/\",\"url\":\"https:\\\/\\\/dfvcg-events.de\\\/fvw-travel-talk-kongress\\\/wp-content\\\/uploads\\\/sites\\\/59\\\/2024\\\/10\\\/dfvCG-fvw-Travel-Talk-teaser-800px.jpg\",\"contentUrl\":\"https:\\\/\\\/dfvcg-events.de\\\/fvw-travel-talk-kongress\\\/wp-content\\\/uploads\\\/sites\\\/59\\\/2024\\\/10\\\/dfvCG-fvw-Travel-Talk-teaser-800px.jpg\",\"width\":800,\"height\":800,\"caption\":\"fvw|TravelTalk Kongress\"},\"image\":{\"@id\":\"https:\\\/\\\/dfvcg-events.de\\\/fvw-travel-talk-kongress\\\/#\\\/schema\\\/logo\\\/image\\\/\"}}]}<\/script>\n<!-- \/ Yoast SEO plugin. -->","yoast_head_json":{"title":"Vortragende: Ji\u0159\u00ed Jel\u00ednek | fvw|TravelTalk Kongress","description":"fvw|TravelTalk Kongress | Begr\u00fc\u00dfen Sie auf der B\u00fchne: Ji\u0159\u00ed Jel\u00ednek","robots":{"index":"index","follow":"follow","max-snippet":"max-snippet:-1","max-image-preview":"max-image-preview:large","max-video-preview":"max-video-preview:-1"},"canonical":"https:\/\/dfvcg-events.de\/fvw-travel-talk-kongress\/vortragend\/jiri-jelinek\/","og_locale":"de_DE","og_type":"article","og_title":"Vortragende: Ji\u0159\u00ed Jel\u00ednek | fvw|TravelTalk Kongress","og_description":"fvw|TravelTalk Kongress | Begr\u00fc\u00dfen Sie auf der B\u00fchne: Ji\u0159\u00ed Jel\u00ednek","og_url":"https:\/\/dfvcg-events.de\/fvw-travel-talk-kongress\/vortragend\/jiri-jelinek\/","og_site_name":"fvw|TravelTalk Kongress","article_modified_time":"2025-05-19T14:34:51+00:00","og_image":[{"width":600,"height":800,"url":"https:\/\/dfvcg-events.de\/fvw-travel-talk-kongress\/wp-content\/uploads\/sites\/59\/2025\/05\/Jelinek-Jiri-DERTOUR-Eastern-Europe-web.jpg","type":"image\/jpeg"}],"twitter_card":"summary_large_image","twitter_misc":{"Gesch\u00e4tzte Lesezeit":"1\u00a0Minute"},"schema":{"@context":"https:\/\/schema.org","@graph":[{"@type":"WebPage","@id":"https:\/\/dfvcg-events.de\/fvw-travel-talk-kongress\/vortragend\/jiri-jelinek\/","url":"https:\/\/dfvcg-events.de\/fvw-travel-talk-kongress\/vortragend\/jiri-jelinek\/","name":"Vortragende: Ji\u0159\u00ed Jel\u00ednek | fvw|TravelTalk Kongress","isPartOf":{"@id":"https:\/\/dfvcg-events.de\/fvw-travel-talk-kongress\/#website"},"primaryImageOfPage":{"@id":"https:\/\/dfvcg-events.de\/fvw-travel-talk-kongress\/vortragend\/jiri-jelinek\/#primaryimage"},"image":{"@id":"https:\/\/dfvcg-events.de\/fvw-travel-talk-kongress\/vortragend\/jiri-jelinek\/#primaryimage"},"thumbnailUrl":"https:\/\/dfvcg-events.de\/fvw-travel-talk-kongress\/wp-content\/uploads\/sites\/59\/2025\/05\/Jelinek-Jiri-DERTOUR-Eastern-Europe-web.jpg","datePublished":"2025-05-19T13:58:53+00:00","dateModified":"2025-05-19T14:34:51+00:00","description":"fvw|TravelTalk Kongress | Begr\u00fc\u00dfen Sie auf der B\u00fchne: Ji\u0159\u00ed Jel\u00ednek","breadcrumb":{"@id":"https:\/\/dfvcg-events.de\/fvw-travel-talk-kongress\/vortragend\/jiri-jelinek\/#breadcrumb"},"inLanguage":"de","potentialAction":[{"@type":"ReadAction","target":["https:\/\/dfvcg-events.de\/fvw-travel-talk-kongress\/vortragend\/jiri-jelinek\/"]}]},{"@type":"ImageObject","inLanguage":"de","@id":"https:\/\/dfvcg-events.de\/fvw-travel-talk-kongress\/vortragend\/jiri-jelinek\/#primaryimage","url":"https:\/\/dfvcg-events.de\/fvw-travel-talk-kongress\/wp-content\/uploads\/sites\/59\/2025\/05\/Jelinek-Jiri-DERTOUR-Eastern-Europe-web.jpg","contentUrl":"https:\/\/dfvcg-events.de\/fvw-travel-talk-kongress\/wp-content\/uploads\/sites\/59\/2025\/05\/Jelinek-Jiri-DERTOUR-Eastern-Europe-web.jpg","width":600,"height":800},{"@type":"BreadcrumbList","@id":"https:\/\/dfvcg-events.de\/fvw-travel-talk-kongress\/vortragend\/jiri-jelinek\/#breadcrumb","itemListElement":[{"@type":"ListItem","position":1,"name":"Startseite","item":"https:\/\/dfvcg-events.de\/fvw-travel-talk-kongress\/"},{"@type":"ListItem","position":2,"name":"Ji\u0159\u00ed Jel\u00ednek"}]},{"@type":"WebSite","@id":"https:\/\/dfvcg-events.de\/fvw-travel-talk-kongress\/#website","url":"https:\/\/dfvcg-events.de\/fvw-travel-talk-kongress\/","name":"fvw|TravelTalk Kongress","description":"dfv Conference Group","publisher":{"@id":"https:\/\/dfvcg-events.de\/fvw-travel-talk-kongress\/#organization"},"alternateName":"fvw | Travel Talk Kongress","potentialAction":[{"@type":"SearchAction","target":{"@type":"EntryPoint","urlTemplate":"https:\/\/dfvcg-events.de\/fvw-travel-talk-kongress\/?s={search_term_string}"},"query-input":{"@type":"PropertyValueSpecification","valueRequired":true,"valueName":"search_term_string"}}],"inLanguage":"de"},{"@type":"Organization","@id":"https:\/\/dfvcg-events.de\/fvw-travel-talk-kongress\/#organization","name":"fvw|TravelTalk Kongress","alternateName":"fvw | Travel Talk Kongress","url":"https:\/\/dfvcg-events.de\/fvw-travel-talk-kongress\/","logo":{"@type":"ImageObject","inLanguage":"de","@id":"https:\/\/dfvcg-events.de\/fvw-travel-talk-kongress\/#\/schema\/logo\/image\/","url":"https:\/\/dfvcg-events.de\/fvw-travel-talk-kongress\/wp-content\/uploads\/sites\/59\/2024\/10\/dfvCG-fvw-Travel-Talk-teaser-800px.jpg","contentUrl":"https:\/\/dfvcg-events.de\/fvw-travel-talk-kongress\/wp-content\/uploads\/sites\/59\/2024\/10\/dfvCG-fvw-Travel-Talk-teaser-800px.jpg","width":800,"height":800,"caption":"fvw|TravelTalk Kongress"},"image":{"@id":"https:\/\/dfvcg-events.de\/fvw-travel-talk-kongress\/#\/schema\/logo\/image\/"}}]}},"_links":{"self":[{"href":"https:\/\/dfvcg-events.de\/fvw-travel-talk-kongress\/wp-json\/wp\/v2\/portfolio\/1821","targetHints":{"allow":["GET"]}}],"collection":[{"href":"https:\/\/dfvcg-events.de\/fvw-travel-talk-kongress\/wp-json\/wp\/v2\/portfolio"}],"about":[{"href":"https:\/\/dfvcg-events.de\/fvw-travel-talk-kongress\/wp-json\/wp\/v2\/types\/portfolio"}],"author":[{"embeddable":true,"href":"https:\/\/dfvcg-events.de\/fvw-travel-talk-kongress\/wp-json\/wp\/v2\/users\/4"}],"replies":[{"embeddable":true,"href":"https:\/\/dfvcg-events.de\/fvw-travel-talk-kongress\/wp-json\/wp\/v2\/comments?post=1821"}],"version-history":[{"count":2,"href":"https:\/\/dfvcg-events.de\/fvw-travel-talk-kongress\/wp-json\/wp\/v2\/portfolio\/1821\/revisions"}],"predecessor-version":[{"id":1877,"href":"https:\/\/dfvcg-events.de\/fvw-travel-talk-kongress\/wp-json\/wp\/v2\/portfolio\/1821\/revisions\/1877"}],"wp:featuredmedia":[{"embeddable":true,"href":"https:\/\/dfvcg-events.de\/fvw-travel-talk-kongress\/wp-json\/wp\/v2\/media\/1822"}],"wp:attachment":[{"href":"https:\/\/dfvcg-events.de\/fvw-travel-talk-kongress\/wp-json\/wp\/v2\/media?parent=1821"}],"wp:term":[{"taxonomy":"post_tag","embeddable":true,"href":"https:\/\/dfvcg-events.de\/fvw-travel-talk-kongress\/wp-json\/wp\/v2\/tags?post=1821"},{"taxonomy":"portfolio_entries","embeddable":true,"href":"https:\/\/dfvcg-events.de\/fvw-travel-talk-kongress\/wp-json\/wp\/v2\/portfolio_entries?post=1821"}],"curies":[{"name":"wp","href":"https:\/\/api.w.org\/{rel}","templated":true}]}}