{"id":2802,"date":"2025-09-26T11:47:44","date_gmt":"2025-09-26T09:47:44","guid":{"rendered":"https:\/\/dfvcg-events.de\/fvw-travel-talk-kongress\/?page_id=2802"},"modified":"2025-09-26T11:49:22","modified_gmt":"2025-09-26T09:49:22","slug":"rueckblick-2025","status":"publish","type":"page","link":"https:\/\/dfvcg-events.de\/fvw-travel-talk-kongress\/rueckblick-2025\/","title":{"rendered":"R\u00fcckblick 2025"},"content":{"rendered":"\n<style type=\"text\/css\" data-created_by=\"avia_inline_auto\" id=\"style-css-av-k7yuhjt1-fc9afcda7fbdc7dc3a70dc4d2d1c71bb\">\n.avia-section.av-k7yuhjt1-fc9afcda7fbdc7dc3a70dc4d2d1c71bb{\nbackground-repeat:no-repeat;\nbackground-image:url(https:\/\/dfvcg-events.de\/fvw-travel-talk-kongress\/wp-content\/uploads\/sites\/59\/2024\/10\/dfvCG-fvw-Travel-Talk-header.jpg);\nbackground-position:100% 50%;\nbackground-attachment:scroll;\n}\n<\/style>\n<div id='av_section_1'  class='avia-section av-k7yuhjt1-fc9afcda7fbdc7dc3a70dc4d2d1c71bb main_color avia-section-default avia-no-border-styling  avia-builder-el-0  el_before_av_codeblock  avia-builder-el-first  header-farbe avia-full-stretch avia-bg-style-scroll container_wrap fullsize'  data-section-bg-repeat='stretch'><div class='container av-section-cont-open' ><main  role=\"main\" itemprop=\"mainContentOfPage\"  class='template-page content  av-content-full alpha units'><div class='post-entry post-entry-type-page post-entry-2802'><div class='entry-content-wrapper clearfix'>\n\n<style type=\"text\/css\" data-created_by=\"avia_inline_auto\" id=\"style-css-av-kki3wglu-6bb228f33b0baebc52f286036d39ba35\">\n#top .av-special-heading.av-kki3wglu-6bb228f33b0baebc52f286036d39ba35{\npadding-bottom:0;\ncolor:#ffffff;\n}\nbody .av-special-heading.av-kki3wglu-6bb228f33b0baebc52f286036d39ba35 .av-special-heading-tag .heading-char{\nfont-size:25px;\n}\n.av-special-heading.av-kki3wglu-6bb228f33b0baebc52f286036d39ba35 .special-heading-inner-border{\nborder-color:#ffffff;\n}\n.av-special-heading.av-kki3wglu-6bb228f33b0baebc52f286036d39ba35 .av-subheading{\nfont-size:15px;\n}\n<\/style>\n<div  class='av-special-heading av-kki3wglu-6bb228f33b0baebc52f286036d39ba35 av-special-heading-h1 custom-color-heading blockquote modern-quote  avia-builder-el-1  avia-builder-el-no-sibling '><div class='av_custom_color av-subheading av-subheading_above'><p>fvw|TravelTalk Kongress<\/p>\n<\/div><h1 class='av-special-heading-tag '  itemprop=\"headline\"  >R\u00fcckblick 2025<\/h1><div class=\"special-heading-border\"><div class=\"special-heading-inner-border\"><\/div><\/div><\/div>\n<\/div><\/div><\/main><!-- close content main element --><\/div><\/div><div id='after_section_1'  class='main_color av_default_container_wrap container_wrap fullsize'  ><div class='container av-section-cont-open' ><div class='template-page content  av-content-full alpha units'><div class='post-entry post-entry-type-page post-entry-2802'><div class='entry-content-wrapper clearfix'>\n\n\n<style type=\"text\/css\" data-created_by=\"avia_inline_auto\" id=\"style-css-av-mg0nrxj7-802550d5b8b42c700b97f21ceb68f397\">\n#top .av-masonry.av-mg0nrxj7-802550d5b8b42c700b97f21ceb68f397{\nbackground-color:#ffffff;\n}\n<\/style>\n<div id='av-masonry-1' class='av-masonry av-mg0nrxj7-802550d5b8b42c700b97f21ceb68f397 noHover av-flex-size av-large-gap av-hover-overlay- av-masonry-animation-active av-masonry-col-flexible av-caption-always av-caption-style- av-masonry-gallery ' data-post_id=\"2802\"><div class=\"av-masonry-container isotope av-js-disabled\"><div class='av-masonry-entry isotope-item av-masonry-item-no-image '><\/div><a href=\"https:\/\/dfvcg-events.de\/fvw-travel-talk-kongress\/wp-content\/uploads\/sites\/59\/2025\/09\/fvw-TravelTalk-Kongress-2025-01.jpg\" data-srcset=\"https:\/\/dfvcg-events.de\/fvw-travel-talk-kongress\/wp-content\/uploads\/sites\/59\/2025\/09\/fvw-TravelTalk-Kongress-2025-01.jpg 1200w, https:\/\/dfvcg-events.de\/fvw-travel-talk-kongress\/wp-content\/uploads\/sites\/59\/2025\/09\/fvw-TravelTalk-Kongress-2025-01-470x705.jpg 470w\" data-sizes=\"(max-width: 687px) 100vw, 687px\"  aria-label=\"Bild Leipzig , DEU, 15.09.2025FVW KongressFlightNight\"  id='av-masonry-1-item-2803' data-av-masonry-item='2803' class='av-masonry-entry isotope-item post-2803 attachment type-attachment status-inherit hentry  av-masonry-item-with-image' title=\"\" alt=\"\"    itemprop=\"thumbnailUrl\" ><div class='av-inner-masonry-sizer'><\/div><figure class='av-inner-masonry main_color'><div class=\"av-masonry-outerimage-container\"><div class='av-masonry-image-container'  ><img decoding=\"async\" width=\"1200\" height=\"1800\" fetchpriority=\"high\" class=\"wp-image-2803 avia-img-lazy-loading-not-2803\"  src=\"https:\/\/dfvcg-events.de\/fvw-travel-talk-kongress\/wp-content\/uploads\/sites\/59\/2025\/09\/fvw-TravelTalk-Kongress-2025-01.jpg\" title=\"\" alt=\"\" srcset=\"https:\/\/dfvcg-events.de\/fvw-travel-talk-kongress\/wp-content\/uploads\/sites\/59\/2025\/09\/fvw-TravelTalk-Kongress-2025-01.jpg 1200w, https:\/\/dfvcg-events.de\/fvw-travel-talk-kongress\/wp-content\/uploads\/sites\/59\/2025\/09\/fvw-TravelTalk-Kongress-2025-01-470x705.jpg 470w\" sizes=\"(max-width: 1200px) 100vw, 1200px\" \/><\/div><\/div><\/figure><\/a><!--end av-masonry entry--><a href=\"https:\/\/dfvcg-events.de\/fvw-travel-talk-kongress\/wp-content\/uploads\/sites\/59\/2025\/09\/fvw-TravelTalk-Kongress-2025-02.jpg\" data-srcset=\"https:\/\/dfvcg-events.de\/fvw-travel-talk-kongress\/wp-content\/uploads\/sites\/59\/2025\/09\/fvw-TravelTalk-Kongress-2025-02.jpg 1200w, https:\/\/dfvcg-events.de\/fvw-travel-talk-kongress\/wp-content\/uploads\/sites\/59\/2025\/09\/fvw-TravelTalk-Kongress-2025-02-705x470.jpg 705w\" data-sizes=\"(max-width: 1030px) 100vw, 1030px\"  aria-label=\"Bild Leipzig , DEU, 15.09.2025\r\rFVW Kongress\r\rFlightNight\"  id='av-masonry-1-item-2804' data-av-masonry-item='2804' class='av-masonry-entry isotope-item post-2804 attachment type-attachment status-inherit hentry  av-masonry-item-with-image' title=\"\" alt=\"\"    itemprop=\"thumbnailUrl\" ><div class='av-inner-masonry-sizer'><\/div><figure class='av-inner-masonry main_color'><div class=\"av-masonry-outerimage-container\"><div class='av-masonry-image-container'  ><img decoding=\"async\" width=\"1200\" height=\"800\" fetchpriority=\"high\" class=\"wp-image-2804 avia-img-lazy-loading-not-2804\"  src=\"https:\/\/dfvcg-events.de\/fvw-travel-talk-kongress\/wp-content\/uploads\/sites\/59\/2025\/09\/fvw-TravelTalk-Kongress-2025-02.jpg\" title=\"\" alt=\"\" srcset=\"https:\/\/dfvcg-events.de\/fvw-travel-talk-kongress\/wp-content\/uploads\/sites\/59\/2025\/09\/fvw-TravelTalk-Kongress-2025-02.jpg 1200w, https:\/\/dfvcg-events.de\/fvw-travel-talk-kongress\/wp-content\/uploads\/sites\/59\/2025\/09\/fvw-TravelTalk-Kongress-2025-02-705x470.jpg 705w\" sizes=\"(max-width: 1200px) 100vw, 1200px\" \/><\/div><\/div><\/figure><\/a><!--end av-masonry entry--><a href=\"https:\/\/dfvcg-events.de\/fvw-travel-talk-kongress\/wp-content\/uploads\/sites\/59\/2025\/09\/fvw-TravelTalk-Kongress-2025-03.jpg\" data-srcset=\"https:\/\/dfvcg-events.de\/fvw-travel-talk-kongress\/wp-content\/uploads\/sites\/59\/2025\/09\/fvw-TravelTalk-Kongress-2025-03.jpg 1200w, https:\/\/dfvcg-events.de\/fvw-travel-talk-kongress\/wp-content\/uploads\/sites\/59\/2025\/09\/fvw-TravelTalk-Kongress-2025-03-705x470.jpg 705w\" data-sizes=\"(max-width: 1030px) 100vw, 1030px\"  aria-label=\"Bild Leipzig , DEU, 15.09.2025\r\rFVW Kongress\r\rFlightNight\"  id='av-masonry-1-item-2805' data-av-masonry-item='2805' class='av-masonry-entry isotope-item post-2805 attachment type-attachment status-inherit hentry  av-masonry-item-with-image' title=\"\" alt=\"\"    itemprop=\"thumbnailUrl\" ><div class='av-inner-masonry-sizer'><\/div><figure class='av-inner-masonry main_color'><div class=\"av-masonry-outerimage-container\"><div class='av-masonry-image-container'  ><img decoding=\"async\" width=\"1200\" height=\"800\" fetchpriority=\"high\" class=\"wp-image-2805 avia-img-lazy-loading-not-2805\"  src=\"https:\/\/dfvcg-events.de\/fvw-travel-talk-kongress\/wp-content\/uploads\/sites\/59\/2025\/09\/fvw-TravelTalk-Kongress-2025-03.jpg\" title=\"\" alt=\"\" srcset=\"https:\/\/dfvcg-events.de\/fvw-travel-talk-kongress\/wp-content\/uploads\/sites\/59\/2025\/09\/fvw-TravelTalk-Kongress-2025-03.jpg 1200w, https:\/\/dfvcg-events.de\/fvw-travel-talk-kongress\/wp-content\/uploads\/sites\/59\/2025\/09\/fvw-TravelTalk-Kongress-2025-03-705x470.jpg 705w\" sizes=\"(max-width: 1200px) 100vw, 1200px\" \/><\/div><\/div><\/figure><\/a><!--end av-masonry entry--><a href=\"https:\/\/dfvcg-events.de\/fvw-travel-talk-kongress\/wp-content\/uploads\/sites\/59\/2025\/09\/fvw-TravelTalk-Kongress-2025-04.jpg\" data-srcset=\"https:\/\/dfvcg-events.de\/fvw-travel-talk-kongress\/wp-content\/uploads\/sites\/59\/2025\/09\/fvw-TravelTalk-Kongress-2025-04.jpg 1200w, https:\/\/dfvcg-events.de\/fvw-travel-talk-kongress\/wp-content\/uploads\/sites\/59\/2025\/09\/fvw-TravelTalk-Kongress-2025-04-705x470.jpg 705w\" data-sizes=\"(max-width: 1030px) 100vw, 1030px\"  aria-label=\"Bild Leipzig , DEU, 16.09.2025\r\rFVW Kongress im Pentahotel Leipzig\"  id='av-masonry-1-item-2806' data-av-masonry-item='2806' class='av-masonry-entry isotope-item post-2806 attachment type-attachment status-inherit hentry  av-masonry-item-with-image' title=\"\" alt=\"\"    itemprop=\"thumbnailUrl\" ><div class='av-inner-masonry-sizer'><\/div><figure class='av-inner-masonry main_color'><div class=\"av-masonry-outerimage-container\"><div class='av-masonry-image-container'  ><img decoding=\"async\" width=\"1200\" height=\"800\" fetchpriority=\"high\" class=\"wp-image-2806 avia-img-lazy-loading-not-2806\"  src=\"https:\/\/dfvcg-events.de\/fvw-travel-talk-kongress\/wp-content\/uploads\/sites\/59\/2025\/09\/fvw-TravelTalk-Kongress-2025-04.jpg\" title=\"\" alt=\"\" srcset=\"https:\/\/dfvcg-events.de\/fvw-travel-talk-kongress\/wp-content\/uploads\/sites\/59\/2025\/09\/fvw-TravelTalk-Kongress-2025-04.jpg 1200w, https:\/\/dfvcg-events.de\/fvw-travel-talk-kongress\/wp-content\/uploads\/sites\/59\/2025\/09\/fvw-TravelTalk-Kongress-2025-04-705x470.jpg 705w\" sizes=\"(max-width: 1200px) 100vw, 1200px\" \/><\/div><\/div><\/figure><\/a><!--end av-masonry entry--><a href=\"https:\/\/dfvcg-events.de\/fvw-travel-talk-kongress\/wp-content\/uploads\/sites\/59\/2025\/09\/fvw-TravelTalk-Kongress-2025-05.jpg\" data-srcset=\"https:\/\/dfvcg-events.de\/fvw-travel-talk-kongress\/wp-content\/uploads\/sites\/59\/2025\/09\/fvw-TravelTalk-Kongress-2025-05.jpg 1200w, https:\/\/dfvcg-events.de\/fvw-travel-talk-kongress\/wp-content\/uploads\/sites\/59\/2025\/09\/fvw-TravelTalk-Kongress-2025-05-705x470.jpg 705w\" data-sizes=\"(max-width: 1030px) 100vw, 1030px\"  aria-label=\"Bild Leipzig , DEU, 16.09.2025\r\rFVW Kongress im Pentahotel Leipzig\"  id='av-masonry-1-item-2807' data-av-masonry-item='2807' class='av-masonry-entry isotope-item post-2807 attachment type-attachment status-inherit hentry  av-masonry-item-with-image' title=\"\" alt=\"\"    itemprop=\"thumbnailUrl\" ><div class='av-inner-masonry-sizer'><\/div><figure class='av-inner-masonry main_color'><div class=\"av-masonry-outerimage-container\"><div class='av-masonry-image-container'  ><img decoding=\"async\" width=\"1200\" height=\"800\" fetchpriority=\"high\" class=\"wp-image-2807 avia-img-lazy-loading-not-2807\"  src=\"https:\/\/dfvcg-events.de\/fvw-travel-talk-kongress\/wp-content\/uploads\/sites\/59\/2025\/09\/fvw-TravelTalk-Kongress-2025-05.jpg\" title=\"\" alt=\"\" srcset=\"https:\/\/dfvcg-events.de\/fvw-travel-talk-kongress\/wp-content\/uploads\/sites\/59\/2025\/09\/fvw-TravelTalk-Kongress-2025-05.jpg 1200w, https:\/\/dfvcg-events.de\/fvw-travel-talk-kongress\/wp-content\/uploads\/sites\/59\/2025\/09\/fvw-TravelTalk-Kongress-2025-05-705x470.jpg 705w\" sizes=\"(max-width: 1200px) 100vw, 1200px\" \/><\/div><\/div><\/figure><\/a><!--end av-masonry entry--><a href=\"https:\/\/dfvcg-events.de\/fvw-travel-talk-kongress\/wp-content\/uploads\/sites\/59\/2025\/09\/fvw-TravelTalk-Kongress-2025-06.jpg\" data-srcset=\"https:\/\/dfvcg-events.de\/fvw-travel-talk-kongress\/wp-content\/uploads\/sites\/59\/2025\/09\/fvw-TravelTalk-Kongress-2025-06.jpg 1200w, https:\/\/dfvcg-events.de\/fvw-travel-talk-kongress\/wp-content\/uploads\/sites\/59\/2025\/09\/fvw-TravelTalk-Kongress-2025-06-705x470.jpg 705w\" data-sizes=\"(max-width: 1030px) 100vw, 1030px\"  aria-label=\"Bild Leipzig , DEU, 16.09.2025FVW Kongress im Pentahotel Leipzig\"  id='av-masonry-1-item-2808' data-av-masonry-item='2808' class='av-masonry-entry isotope-item post-2808 attachment type-attachment status-inherit hentry  av-masonry-item-with-image' title=\"\" alt=\"\"    itemprop=\"thumbnailUrl\" ><div class='av-inner-masonry-sizer'><\/div><figure class='av-inner-masonry main_color'><div class=\"av-masonry-outerimage-container\"><div class='av-masonry-image-container'  ><img decoding=\"async\" width=\"1200\" height=\"800\" fetchpriority=\"high\" class=\"wp-image-2808 avia-img-lazy-loading-not-2808\"  src=\"https:\/\/dfvcg-events.de\/fvw-travel-talk-kongress\/wp-content\/uploads\/sites\/59\/2025\/09\/fvw-TravelTalk-Kongress-2025-06.jpg\" title=\"\" alt=\"\" srcset=\"https:\/\/dfvcg-events.de\/fvw-travel-talk-kongress\/wp-content\/uploads\/sites\/59\/2025\/09\/fvw-TravelTalk-Kongress-2025-06.jpg 1200w, https:\/\/dfvcg-events.de\/fvw-travel-talk-kongress\/wp-content\/uploads\/sites\/59\/2025\/09\/fvw-TravelTalk-Kongress-2025-06-705x470.jpg 705w\" sizes=\"(max-width: 1200px) 100vw, 1200px\" \/><\/div><\/div><\/figure><\/a><!--end av-masonry entry--><a href=\"https:\/\/dfvcg-events.de\/fvw-travel-talk-kongress\/wp-content\/uploads\/sites\/59\/2025\/09\/fvw-TravelTalk-Kongress-2025-07.jpg\" data-srcset=\"https:\/\/dfvcg-events.de\/fvw-travel-talk-kongress\/wp-content\/uploads\/sites\/59\/2025\/09\/fvw-TravelTalk-Kongress-2025-07.jpg 1200w, https:\/\/dfvcg-events.de\/fvw-travel-talk-kongress\/wp-content\/uploads\/sites\/59\/2025\/09\/fvw-TravelTalk-Kongress-2025-07-705x470.jpg 705w\" data-sizes=\"(max-width: 1030px) 100vw, 1030px\"  aria-label=\"Bild Leipzig , DEU, 16.09.2025\r\rFVW Kongress im Pentahotel Leipzig\"  id='av-masonry-1-item-2809' data-av-masonry-item='2809' class='av-masonry-entry isotope-item post-2809 attachment type-attachment status-inherit hentry  av-masonry-item-with-image' title=\"\" alt=\"\"    itemprop=\"thumbnailUrl\" ><div class='av-inner-masonry-sizer'><\/div><figure class='av-inner-masonry main_color'><div class=\"av-masonry-outerimage-container\"><div class='av-masonry-image-container'  ><img decoding=\"async\" width=\"1200\" height=\"800\" fetchpriority=\"high\" class=\"wp-image-2809 avia-img-lazy-loading-not-2809\"  src=\"https:\/\/dfvcg-events.de\/fvw-travel-talk-kongress\/wp-content\/uploads\/sites\/59\/2025\/09\/fvw-TravelTalk-Kongress-2025-07.jpg\" title=\"\" alt=\"\" srcset=\"https:\/\/dfvcg-events.de\/fvw-travel-talk-kongress\/wp-content\/uploads\/sites\/59\/2025\/09\/fvw-TravelTalk-Kongress-2025-07.jpg 1200w, https:\/\/dfvcg-events.de\/fvw-travel-talk-kongress\/wp-content\/uploads\/sites\/59\/2025\/09\/fvw-TravelTalk-Kongress-2025-07-705x470.jpg 705w\" sizes=\"(max-width: 1200px) 100vw, 1200px\" \/><\/div><\/div><\/figure><\/a><!--end av-masonry entry--><a href=\"https:\/\/dfvcg-events.de\/fvw-travel-talk-kongress\/wp-content\/uploads\/sites\/59\/2025\/09\/fvw-TravelTalk-Kongress-2025-08.jpg\" data-srcset=\"https:\/\/dfvcg-events.de\/fvw-travel-talk-kongress\/wp-content\/uploads\/sites\/59\/2025\/09\/fvw-TravelTalk-Kongress-2025-08.jpg 1200w, https:\/\/dfvcg-events.de\/fvw-travel-talk-kongress\/wp-content\/uploads\/sites\/59\/2025\/09\/fvw-TravelTalk-Kongress-2025-08-705x470.jpg 705w\" data-sizes=\"(max-width: 1030px) 100vw, 1030px\"  aria-label=\"Bild Leipzig , DEU, 16.09.2025\r\rFVW Kongress im Pentahotel Leipzig\"  id='av-masonry-1-item-2810' data-av-masonry-item='2810' class='av-masonry-entry isotope-item post-2810 attachment type-attachment status-inherit hentry  av-masonry-item-with-image' title=\"\" alt=\"\"    itemprop=\"thumbnailUrl\" ><div class='av-inner-masonry-sizer'><\/div><figure class='av-inner-masonry main_color'><div class=\"av-masonry-outerimage-container\"><div class='av-masonry-image-container'  ><img decoding=\"async\" width=\"1200\" height=\"800\" fetchpriority=\"high\" class=\"wp-image-2810 avia-img-lazy-loading-not-2810\"  src=\"https:\/\/dfvcg-events.de\/fvw-travel-talk-kongress\/wp-content\/uploads\/sites\/59\/2025\/09\/fvw-TravelTalk-Kongress-2025-08.jpg\" title=\"\" alt=\"\" srcset=\"https:\/\/dfvcg-events.de\/fvw-travel-talk-kongress\/wp-content\/uploads\/sites\/59\/2025\/09\/fvw-TravelTalk-Kongress-2025-08.jpg 1200w, https:\/\/dfvcg-events.de\/fvw-travel-talk-kongress\/wp-content\/uploads\/sites\/59\/2025\/09\/fvw-TravelTalk-Kongress-2025-08-705x470.jpg 705w\" sizes=\"(max-width: 1200px) 100vw, 1200px\" \/><\/div><\/div><\/figure><\/a><!--end av-masonry entry--><a href=\"https:\/\/dfvcg-events.de\/fvw-travel-talk-kongress\/wp-content\/uploads\/sites\/59\/2025\/09\/fvw-TravelTalk-Kongress-2025-09.jpg\" data-srcset=\"https:\/\/dfvcg-events.de\/fvw-travel-talk-kongress\/wp-content\/uploads\/sites\/59\/2025\/09\/fvw-TravelTalk-Kongress-2025-09.jpg 1200w, https:\/\/dfvcg-events.de\/fvw-travel-talk-kongress\/wp-content\/uploads\/sites\/59\/2025\/09\/fvw-TravelTalk-Kongress-2025-09-705x470.jpg 705w\" data-sizes=\"(max-width: 1030px) 100vw, 1030px\"  aria-label=\"Bild Leipzig , DEU, 16.09.2025\r\rFVW Kongress im Pentahotel Leipzig\"  id='av-masonry-1-item-2811' data-av-masonry-item='2811' class='av-masonry-entry isotope-item post-2811 attachment type-attachment status-inherit hentry  av-masonry-item-with-image' title=\"\" alt=\"\"    itemprop=\"thumbnailUrl\" ><div class='av-inner-masonry-sizer'><\/div><figure class='av-inner-masonry main_color'><div class=\"av-masonry-outerimage-container\"><div class='av-masonry-image-container'  ><img decoding=\"async\" width=\"1200\" height=\"800\" fetchpriority=\"high\" class=\"wp-image-2811 avia-img-lazy-loading-not-2811\"  src=\"https:\/\/dfvcg-events.de\/fvw-travel-talk-kongress\/wp-content\/uploads\/sites\/59\/2025\/09\/fvw-TravelTalk-Kongress-2025-09.jpg\" title=\"\" alt=\"\" srcset=\"https:\/\/dfvcg-events.de\/fvw-travel-talk-kongress\/wp-content\/uploads\/sites\/59\/2025\/09\/fvw-TravelTalk-Kongress-2025-09.jpg 1200w, https:\/\/dfvcg-events.de\/fvw-travel-talk-kongress\/wp-content\/uploads\/sites\/59\/2025\/09\/fvw-TravelTalk-Kongress-2025-09-705x470.jpg 705w\" sizes=\"(max-width: 1200px) 100vw, 1200px\" \/><\/div><\/div><\/figure><\/a><!--end av-masonry entry--><a href=\"https:\/\/dfvcg-events.de\/fvw-travel-talk-kongress\/wp-content\/uploads\/sites\/59\/2025\/09\/fvw-TravelTalk-Kongress-2025-10.jpg\" data-srcset=\"https:\/\/dfvcg-events.de\/fvw-travel-talk-kongress\/wp-content\/uploads\/sites\/59\/2025\/09\/fvw-TravelTalk-Kongress-2025-10.jpg 1200w, https:\/\/dfvcg-events.de\/fvw-travel-talk-kongress\/wp-content\/uploads\/sites\/59\/2025\/09\/fvw-TravelTalk-Kongress-2025-10-705x470.jpg 705w\" data-sizes=\"(max-width: 1030px) 100vw, 1030px\"  aria-label=\"Bild Leipzig , DEU, 16.09.2025\r\rFVW Kongress im Pentahotel Leipzig\"  id='av-masonry-1-item-2812' data-av-masonry-item='2812' class='av-masonry-entry isotope-item post-2812 attachment type-attachment status-inherit hentry  av-masonry-item-with-image' title=\"\" alt=\"\"    itemprop=\"thumbnailUrl\" ><div class='av-inner-masonry-sizer'><\/div><figure class='av-inner-masonry main_color'><div class=\"av-masonry-outerimage-container\"><div class='av-masonry-image-container'  ><img decoding=\"async\" width=\"1200\" height=\"800\" fetchpriority=\"high\" class=\"wp-image-2812 avia-img-lazy-loading-not-2812\"  src=\"https:\/\/dfvcg-events.de\/fvw-travel-talk-kongress\/wp-content\/uploads\/sites\/59\/2025\/09\/fvw-TravelTalk-Kongress-2025-10.jpg\" title=\"\" alt=\"\" srcset=\"https:\/\/dfvcg-events.de\/fvw-travel-talk-kongress\/wp-content\/uploads\/sites\/59\/2025\/09\/fvw-TravelTalk-Kongress-2025-10.jpg 1200w, https:\/\/dfvcg-events.de\/fvw-travel-talk-kongress\/wp-content\/uploads\/sites\/59\/2025\/09\/fvw-TravelTalk-Kongress-2025-10-705x470.jpg 705w\" sizes=\"(max-width: 1200px) 100vw, 1200px\" \/><\/div><\/div><\/figure><\/a><!--end av-masonry entry--><a href=\"https:\/\/dfvcg-events.de\/fvw-travel-talk-kongress\/wp-content\/uploads\/sites\/59\/2025\/09\/fvw-TravelTalk-Kongress-2025-11.jpg\" data-srcset=\"https:\/\/dfvcg-events.de\/fvw-travel-talk-kongress\/wp-content\/uploads\/sites\/59\/2025\/09\/fvw-TravelTalk-Kongress-2025-11.jpg 1200w, https:\/\/dfvcg-events.de\/fvw-travel-talk-kongress\/wp-content\/uploads\/sites\/59\/2025\/09\/fvw-TravelTalk-Kongress-2025-11-705x470.jpg 705w\" data-sizes=\"(max-width: 1030px) 100vw, 1030px\"  aria-label=\"Bild Leipzig , DEU, 16.09.2025\r\rFVW Kongress im Pentahotel Leipzig\"  id='av-masonry-1-item-2813' data-av-masonry-item='2813' class='av-masonry-entry isotope-item post-2813 attachment type-attachment status-inherit hentry  av-masonry-item-with-image' title=\"\" alt=\"\"    itemprop=\"thumbnailUrl\" ><div class='av-inner-masonry-sizer'><\/div><figure class='av-inner-masonry main_color'><div class=\"av-masonry-outerimage-container\"><div class='av-masonry-image-container'  ><img decoding=\"async\" width=\"1200\" height=\"800\" fetchpriority=\"high\" class=\"wp-image-2813 avia-img-lazy-loading-not-2813\"  src=\"https:\/\/dfvcg-events.de\/fvw-travel-talk-kongress\/wp-content\/uploads\/sites\/59\/2025\/09\/fvw-TravelTalk-Kongress-2025-11.jpg\" title=\"\" alt=\"\" srcset=\"https:\/\/dfvcg-events.de\/fvw-travel-talk-kongress\/wp-content\/uploads\/sites\/59\/2025\/09\/fvw-TravelTalk-Kongress-2025-11.jpg 1200w, https:\/\/dfvcg-events.de\/fvw-travel-talk-kongress\/wp-content\/uploads\/sites\/59\/2025\/09\/fvw-TravelTalk-Kongress-2025-11-705x470.jpg 705w\" sizes=\"(max-width: 1200px) 100vw, 1200px\" \/><\/div><\/div><\/figure><\/a><!--end av-masonry entry--><a href=\"https:\/\/dfvcg-events.de\/fvw-travel-talk-kongress\/wp-content\/uploads\/sites\/59\/2025\/09\/fvw-TravelTalk-Kongress-2025-12.jpg\" data-srcset=\"https:\/\/dfvcg-events.de\/fvw-travel-talk-kongress\/wp-content\/uploads\/sites\/59\/2025\/09\/fvw-TravelTalk-Kongress-2025-12.jpg 1200w, https:\/\/dfvcg-events.de\/fvw-travel-talk-kongress\/wp-content\/uploads\/sites\/59\/2025\/09\/fvw-TravelTalk-Kongress-2025-12-705x470.jpg 705w\" data-sizes=\"(max-width: 1030px) 100vw, 1030px\"  aria-label=\"Bild Leipzig , DEU, 16.09.2025\r\rFVW Kongress im Pentahotel Leipzig\"  id='av-masonry-1-item-2814' data-av-masonry-item='2814' class='av-masonry-entry isotope-item post-2814 attachment type-attachment status-inherit hentry  av-masonry-item-with-image' title=\"\" alt=\"\"    itemprop=\"thumbnailUrl\" ><div class='av-inner-masonry-sizer'><\/div><figure class='av-inner-masonry main_color'><div class=\"av-masonry-outerimage-container\"><div class='av-masonry-image-container'  ><img decoding=\"async\" width=\"1200\" height=\"800\" fetchpriority=\"high\" class=\"wp-image-2814 avia-img-lazy-loading-not-2814\"  src=\"https:\/\/dfvcg-events.de\/fvw-travel-talk-kongress\/wp-content\/uploads\/sites\/59\/2025\/09\/fvw-TravelTalk-Kongress-2025-12.jpg\" title=\"\" alt=\"\" srcset=\"https:\/\/dfvcg-events.de\/fvw-travel-talk-kongress\/wp-content\/uploads\/sites\/59\/2025\/09\/fvw-TravelTalk-Kongress-2025-12.jpg 1200w, https:\/\/dfvcg-events.de\/fvw-travel-talk-kongress\/wp-content\/uploads\/sites\/59\/2025\/09\/fvw-TravelTalk-Kongress-2025-12-705x470.jpg 705w\" sizes=\"(max-width: 1200px) 100vw, 1200px\" \/><\/div><\/div><\/figure><\/a><!--end av-masonry entry--><a href=\"https:\/\/dfvcg-events.de\/fvw-travel-talk-kongress\/wp-content\/uploads\/sites\/59\/2025\/09\/fvw-TravelTalk-Kongress-2025-13.jpg\" data-srcset=\"https:\/\/dfvcg-events.de\/fvw-travel-talk-kongress\/wp-content\/uploads\/sites\/59\/2025\/09\/fvw-TravelTalk-Kongress-2025-13.jpg 1200w, https:\/\/dfvcg-events.de\/fvw-travel-talk-kongress\/wp-content\/uploads\/sites\/59\/2025\/09\/fvw-TravelTalk-Kongress-2025-13-705x470.jpg 705w\" data-sizes=\"(max-width: 1030px) 100vw, 1030px\"  aria-label=\"Bild Leipzig , DEU, 16.09.2025\r\rFVW Kongress im Pentahotel Leipzig\"  id='av-masonry-1-item-2815' data-av-masonry-item='2815' class='av-masonry-entry isotope-item post-2815 attachment type-attachment status-inherit hentry  av-masonry-item-with-image' title=\"\" alt=\"\"    itemprop=\"thumbnailUrl\" ><div class='av-inner-masonry-sizer'><\/div><figure class='av-inner-masonry main_color'><div class=\"av-masonry-outerimage-container\"><div class='av-masonry-image-container'  ><img decoding=\"async\" width=\"1200\" height=\"800\" fetchpriority=\"high\" class=\"wp-image-2815 avia-img-lazy-loading-not-2815\"  src=\"https:\/\/dfvcg-events.de\/fvw-travel-talk-kongress\/wp-content\/uploads\/sites\/59\/2025\/09\/fvw-TravelTalk-Kongress-2025-13.jpg\" title=\"\" alt=\"\" srcset=\"https:\/\/dfvcg-events.de\/fvw-travel-talk-kongress\/wp-content\/uploads\/sites\/59\/2025\/09\/fvw-TravelTalk-Kongress-2025-13.jpg 1200w, https:\/\/dfvcg-events.de\/fvw-travel-talk-kongress\/wp-content\/uploads\/sites\/59\/2025\/09\/fvw-TravelTalk-Kongress-2025-13-705x470.jpg 705w\" sizes=\"(max-width: 1200px) 100vw, 1200px\" \/><\/div><\/div><\/figure><\/a><!--end av-masonry entry--><a href=\"https:\/\/dfvcg-events.de\/fvw-travel-talk-kongress\/wp-content\/uploads\/sites\/59\/2025\/09\/fvw-TravelTalk-Kongress-2025-14.jpg\" data-srcset=\"https:\/\/dfvcg-events.de\/fvw-travel-talk-kongress\/wp-content\/uploads\/sites\/59\/2025\/09\/fvw-TravelTalk-Kongress-2025-14.jpg 1200w, https:\/\/dfvcg-events.de\/fvw-travel-talk-kongress\/wp-content\/uploads\/sites\/59\/2025\/09\/fvw-TravelTalk-Kongress-2025-14-705x470.jpg 705w\" data-sizes=\"(max-width: 1030px) 100vw, 1030px\"  aria-label=\"Bild Leipzig , DEU, 16.09.2025\r\rFVW Kongress im Pentahotel Leipzig\"  id='av-masonry-1-item-2816' data-av-masonry-item='2816' class='av-masonry-entry isotope-item post-2816 attachment type-attachment status-inherit hentry  av-masonry-item-with-image' title=\"\" alt=\"\"    itemprop=\"thumbnailUrl\" ><div class='av-inner-masonry-sizer'><\/div><figure class='av-inner-masonry main_color'><div class=\"av-masonry-outerimage-container\"><div class='av-masonry-image-container'  ><img decoding=\"async\" width=\"1200\" height=\"800\" fetchpriority=\"high\" class=\"wp-image-2816 avia-img-lazy-loading-not-2816\"  src=\"https:\/\/dfvcg-events.de\/fvw-travel-talk-kongress\/wp-content\/uploads\/sites\/59\/2025\/09\/fvw-TravelTalk-Kongress-2025-14.jpg\" title=\"\" alt=\"\" srcset=\"https:\/\/dfvcg-events.de\/fvw-travel-talk-kongress\/wp-content\/uploads\/sites\/59\/2025\/09\/fvw-TravelTalk-Kongress-2025-14.jpg 1200w, https:\/\/dfvcg-events.de\/fvw-travel-talk-kongress\/wp-content\/uploads\/sites\/59\/2025\/09\/fvw-TravelTalk-Kongress-2025-14-705x470.jpg 705w\" sizes=\"(max-width: 1200px) 100vw, 1200px\" \/><\/div><\/div><\/figure><\/a><!--end av-masonry entry--><a href=\"https:\/\/dfvcg-events.de\/fvw-travel-talk-kongress\/wp-content\/uploads\/sites\/59\/2025\/09\/fvw-TravelTalk-Kongress-2025-15.jpg\" data-srcset=\"https:\/\/dfvcg-events.de\/fvw-travel-talk-kongress\/wp-content\/uploads\/sites\/59\/2025\/09\/fvw-TravelTalk-Kongress-2025-15.jpg 1200w, https:\/\/dfvcg-events.de\/fvw-travel-talk-kongress\/wp-content\/uploads\/sites\/59\/2025\/09\/fvw-TravelTalk-Kongress-2025-15-705x470.jpg 705w\" data-sizes=\"(max-width: 1030px) 100vw, 1030px\"  aria-label=\"Bild Leipzig , DEU, 16.09.2025FVW Kongress im Pentahotel Leipzig\"  id='av-masonry-1-item-2817' data-av-masonry-item='2817' class='av-masonry-entry isotope-item post-2817 attachment type-attachment status-inherit hentry  av-masonry-item-with-image' title=\"\" alt=\"\"    itemprop=\"thumbnailUrl\" ><div class='av-inner-masonry-sizer'><\/div><figure class='av-inner-masonry main_color'><div class=\"av-masonry-outerimage-container\"><div class='av-masonry-image-container'  ><img decoding=\"async\" width=\"1200\" height=\"800\" fetchpriority=\"high\" class=\"wp-image-2817 avia-img-lazy-loading-not-2817\"  src=\"https:\/\/dfvcg-events.de\/fvw-travel-talk-kongress\/wp-content\/uploads\/sites\/59\/2025\/09\/fvw-TravelTalk-Kongress-2025-15.jpg\" title=\"\" alt=\"\" srcset=\"https:\/\/dfvcg-events.de\/fvw-travel-talk-kongress\/wp-content\/uploads\/sites\/59\/2025\/09\/fvw-TravelTalk-Kongress-2025-15.jpg 1200w, https:\/\/dfvcg-events.de\/fvw-travel-talk-kongress\/wp-content\/uploads\/sites\/59\/2025\/09\/fvw-TravelTalk-Kongress-2025-15-705x470.jpg 705w\" sizes=\"(max-width: 1200px) 100vw, 1200px\" \/><\/div><\/div><\/figure><\/a><!--end av-masonry entry--><a href=\"https:\/\/dfvcg-events.de\/fvw-travel-talk-kongress\/wp-content\/uploads\/sites\/59\/2025\/09\/fvw-TravelTalk-Kongress-2025-16.jpg\" data-srcset=\"https:\/\/dfvcg-events.de\/fvw-travel-talk-kongress\/wp-content\/uploads\/sites\/59\/2025\/09\/fvw-TravelTalk-Kongress-2025-16.jpg 1200w, https:\/\/dfvcg-events.de\/fvw-travel-talk-kongress\/wp-content\/uploads\/sites\/59\/2025\/09\/fvw-TravelTalk-Kongress-2025-16-705x470.jpg 705w\" data-sizes=\"(max-width: 1030px) 100vw, 1030px\"  aria-label=\"Bild Leipzig , DEU, 16.09.2025\r\rFVW Kongress im Pentahotel Leipzig\"  id='av-masonry-1-item-2818' data-av-masonry-item='2818' class='av-masonry-entry isotope-item post-2818 attachment type-attachment status-inherit hentry  av-masonry-item-with-image' title=\"\" alt=\"\"    itemprop=\"thumbnailUrl\" ><div class='av-inner-masonry-sizer'><\/div><figure class='av-inner-masonry main_color'><div class=\"av-masonry-outerimage-container\"><div class='av-masonry-image-container'  ><img decoding=\"async\" width=\"1200\" height=\"800\" fetchpriority=\"high\" class=\"wp-image-2818 avia-img-lazy-loading-not-2818\"  src=\"https:\/\/dfvcg-events.de\/fvw-travel-talk-kongress\/wp-content\/uploads\/sites\/59\/2025\/09\/fvw-TravelTalk-Kongress-2025-16.jpg\" title=\"\" alt=\"\" srcset=\"https:\/\/dfvcg-events.de\/fvw-travel-talk-kongress\/wp-content\/uploads\/sites\/59\/2025\/09\/fvw-TravelTalk-Kongress-2025-16.jpg 1200w, https:\/\/dfvcg-events.de\/fvw-travel-talk-kongress\/wp-content\/uploads\/sites\/59\/2025\/09\/fvw-TravelTalk-Kongress-2025-16-705x470.jpg 705w\" sizes=\"(max-width: 1200px) 100vw, 1200px\" \/><\/div><\/div><\/figure><\/a><!--end av-masonry entry--><a href=\"https:\/\/dfvcg-events.de\/fvw-travel-talk-kongress\/wp-content\/uploads\/sites\/59\/2025\/09\/fvw-TravelTalk-Kongress-2025-17.jpg\" data-srcset=\"https:\/\/dfvcg-events.de\/fvw-travel-talk-kongress\/wp-content\/uploads\/sites\/59\/2025\/09\/fvw-TravelTalk-Kongress-2025-17.jpg 1200w, https:\/\/dfvcg-events.de\/fvw-travel-talk-kongress\/wp-content\/uploads\/sites\/59\/2025\/09\/fvw-TravelTalk-Kongress-2025-17-705x470.jpg 705w\" data-sizes=\"(max-width: 1030px) 100vw, 1030px\"  aria-label=\"Bild Leipzig , DEU, 16.09.2025\r\rFVW Kongress im Pentahotel Leipzig\"  id='av-masonry-1-item-2819' data-av-masonry-item='2819' class='av-masonry-entry isotope-item post-2819 attachment type-attachment status-inherit hentry  av-masonry-item-with-image' title=\"\" alt=\"\"    itemprop=\"thumbnailUrl\" ><div class='av-inner-masonry-sizer'><\/div><figure class='av-inner-masonry main_color'><div class=\"av-masonry-outerimage-container\"><div class='av-masonry-image-container'  ><img decoding=\"async\" width=\"1200\" height=\"800\" fetchpriority=\"high\" class=\"wp-image-2819 avia-img-lazy-loading-not-2819\"  src=\"https:\/\/dfvcg-events.de\/fvw-travel-talk-kongress\/wp-content\/uploads\/sites\/59\/2025\/09\/fvw-TravelTalk-Kongress-2025-17.jpg\" title=\"\" alt=\"\" srcset=\"https:\/\/dfvcg-events.de\/fvw-travel-talk-kongress\/wp-content\/uploads\/sites\/59\/2025\/09\/fvw-TravelTalk-Kongress-2025-17.jpg 1200w, https:\/\/dfvcg-events.de\/fvw-travel-talk-kongress\/wp-content\/uploads\/sites\/59\/2025\/09\/fvw-TravelTalk-Kongress-2025-17-705x470.jpg 705w\" sizes=\"(max-width: 1200px) 100vw, 1200px\" \/><\/div><\/div><\/figure><\/a><!--end av-masonry entry--><a href=\"https:\/\/dfvcg-events.de\/fvw-travel-talk-kongress\/wp-content\/uploads\/sites\/59\/2025\/09\/fvw-TravelTalk-Kongress-2025-18.jpg\" data-srcset=\"https:\/\/dfvcg-events.de\/fvw-travel-talk-kongress\/wp-content\/uploads\/sites\/59\/2025\/09\/fvw-TravelTalk-Kongress-2025-18.jpg 1200w, https:\/\/dfvcg-events.de\/fvw-travel-talk-kongress\/wp-content\/uploads\/sites\/59\/2025\/09\/fvw-TravelTalk-Kongress-2025-18-705x470.jpg 705w\" data-sizes=\"(max-width: 1030px) 100vw, 1030px\"  aria-label=\"Bild Leipzig , DEU, 16.09.2025\r\rFVW Kongress im Pentahotel Leipzig\"  id='av-masonry-1-item-2820' data-av-masonry-item='2820' class='av-masonry-entry isotope-item post-2820 attachment type-attachment status-inherit hentry  av-masonry-item-with-image' title=\"\" alt=\"\"    itemprop=\"thumbnailUrl\" ><div class='av-inner-masonry-sizer'><\/div><figure class='av-inner-masonry main_color'><div class=\"av-masonry-outerimage-container\"><div class='av-masonry-image-container'  ><img decoding=\"async\" width=\"1200\" height=\"800\" fetchpriority=\"high\" class=\"wp-image-2820 avia-img-lazy-loading-not-2820\"  src=\"https:\/\/dfvcg-events.de\/fvw-travel-talk-kongress\/wp-content\/uploads\/sites\/59\/2025\/09\/fvw-TravelTalk-Kongress-2025-18.jpg\" title=\"\" alt=\"\" srcset=\"https:\/\/dfvcg-events.de\/fvw-travel-talk-kongress\/wp-content\/uploads\/sites\/59\/2025\/09\/fvw-TravelTalk-Kongress-2025-18.jpg 1200w, https:\/\/dfvcg-events.de\/fvw-travel-talk-kongress\/wp-content\/uploads\/sites\/59\/2025\/09\/fvw-TravelTalk-Kongress-2025-18-705x470.jpg 705w\" sizes=\"(max-width: 1200px) 100vw, 1200px\" \/><\/div><\/div><\/figure><\/a><!--end av-masonry entry--><a href=\"https:\/\/dfvcg-events.de\/fvw-travel-talk-kongress\/wp-content\/uploads\/sites\/59\/2025\/09\/fvw-TravelTalk-Kongress-2025-19.jpg\" data-srcset=\"https:\/\/dfvcg-events.de\/fvw-travel-talk-kongress\/wp-content\/uploads\/sites\/59\/2025\/09\/fvw-TravelTalk-Kongress-2025-19.jpg 1200w, https:\/\/dfvcg-events.de\/fvw-travel-talk-kongress\/wp-content\/uploads\/sites\/59\/2025\/09\/fvw-TravelTalk-Kongress-2025-19-705x470.jpg 705w\" data-sizes=\"(max-width: 1030px) 100vw, 1030px\"  aria-label=\"Bild Leipzig , DEU, 16.09.2025\r\rFVW Kongress im Pentahotel Leipzig\"  id='av-masonry-1-item-2821' data-av-masonry-item='2821' class='av-masonry-entry isotope-item post-2821 attachment type-attachment status-inherit hentry  av-masonry-item-with-image' title=\"\" alt=\"\"    itemprop=\"thumbnailUrl\" ><div class='av-inner-masonry-sizer'><\/div><figure class='av-inner-masonry main_color'><div class=\"av-masonry-outerimage-container\"><div class='av-masonry-image-container'  ><img decoding=\"async\" width=\"1200\" height=\"800\" fetchpriority=\"high\" class=\"wp-image-2821 avia-img-lazy-loading-not-2821\"  src=\"https:\/\/dfvcg-events.de\/fvw-travel-talk-kongress\/wp-content\/uploads\/sites\/59\/2025\/09\/fvw-TravelTalk-Kongress-2025-19.jpg\" title=\"\" alt=\"\" srcset=\"https:\/\/dfvcg-events.de\/fvw-travel-talk-kongress\/wp-content\/uploads\/sites\/59\/2025\/09\/fvw-TravelTalk-Kongress-2025-19.jpg 1200w, https:\/\/dfvcg-events.de\/fvw-travel-talk-kongress\/wp-content\/uploads\/sites\/59\/2025\/09\/fvw-TravelTalk-Kongress-2025-19-705x470.jpg 705w\" sizes=\"(max-width: 1200px) 100vw, 1200px\" \/><\/div><\/div><\/figure><\/a><!--end av-masonry entry--><a href=\"https:\/\/dfvcg-events.de\/fvw-travel-talk-kongress\/wp-content\/uploads\/sites\/59\/2025\/09\/fvw-TravelTalk-Kongress-2025-20.jpg\" data-srcset=\"https:\/\/dfvcg-events.de\/fvw-travel-talk-kongress\/wp-content\/uploads\/sites\/59\/2025\/09\/fvw-TravelTalk-Kongress-2025-20.jpg 1200w, https:\/\/dfvcg-events.de\/fvw-travel-talk-kongress\/wp-content\/uploads\/sites\/59\/2025\/09\/fvw-TravelTalk-Kongress-2025-20-705x470.jpg 705w\" data-sizes=\"(max-width: 1030px) 100vw, 1030px\"  aria-label=\"Bild Leipzig , DEU, 16.09.2025\r\rFVW Kongress im Pentahotel Leipzig\"  id='av-masonry-1-item-2822' data-av-masonry-item='2822' class='av-masonry-entry isotope-item post-2822 attachment type-attachment status-inherit hentry  av-masonry-item-with-image' title=\"\" alt=\"\"    itemprop=\"thumbnailUrl\" ><div class='av-inner-masonry-sizer'><\/div><figure class='av-inner-masonry main_color'><div class=\"av-masonry-outerimage-container\"><div class='av-masonry-image-container'  ><img decoding=\"async\" width=\"1200\" height=\"800\" fetchpriority=\"high\" class=\"wp-image-2822 avia-img-lazy-loading-not-2822\"  src=\"https:\/\/dfvcg-events.de\/fvw-travel-talk-kongress\/wp-content\/uploads\/sites\/59\/2025\/09\/fvw-TravelTalk-Kongress-2025-20.jpg\" title=\"\" alt=\"\" srcset=\"https:\/\/dfvcg-events.de\/fvw-travel-talk-kongress\/wp-content\/uploads\/sites\/59\/2025\/09\/fvw-TravelTalk-Kongress-2025-20.jpg 1200w, https:\/\/dfvcg-events.de\/fvw-travel-talk-kongress\/wp-content\/uploads\/sites\/59\/2025\/09\/fvw-TravelTalk-Kongress-2025-20-705x470.jpg 705w\" sizes=\"(max-width: 1200px) 100vw, 1200px\" \/><\/div><\/div><\/figure><\/a><!--end av-masonry entry--><a href=\"https:\/\/dfvcg-events.de\/fvw-travel-talk-kongress\/wp-content\/uploads\/sites\/59\/2025\/09\/fvw-TravelTalk-Kongress-2025-21.jpg\" data-srcset=\"https:\/\/dfvcg-events.de\/fvw-travel-talk-kongress\/wp-content\/uploads\/sites\/59\/2025\/09\/fvw-TravelTalk-Kongress-2025-21.jpg 1200w, https:\/\/dfvcg-events.de\/fvw-travel-talk-kongress\/wp-content\/uploads\/sites\/59\/2025\/09\/fvw-TravelTalk-Kongress-2025-21-705x470.jpg 705w\" data-sizes=\"(max-width: 1030px) 100vw, 1030px\"  aria-label=\"Bild Leipzig , DEU, 16.09.2025\r\rFVW Kongress im Pentahotel Leipzig\"  id='av-masonry-1-item-2823' data-av-masonry-item='2823' class='av-masonry-entry isotope-item post-2823 attachment type-attachment status-inherit hentry  av-masonry-item-with-image' title=\"\" alt=\"\"    itemprop=\"thumbnailUrl\" ><div class='av-inner-masonry-sizer'><\/div><figure class='av-inner-masonry main_color'><div class=\"av-masonry-outerimage-container\"><div class='av-masonry-image-container'  ><img decoding=\"async\" width=\"1200\" height=\"800\" fetchpriority=\"high\" class=\"wp-image-2823 avia-img-lazy-loading-not-2823\"  src=\"https:\/\/dfvcg-events.de\/fvw-travel-talk-kongress\/wp-content\/uploads\/sites\/59\/2025\/09\/fvw-TravelTalk-Kongress-2025-21.jpg\" title=\"\" alt=\"\" srcset=\"https:\/\/dfvcg-events.de\/fvw-travel-talk-kongress\/wp-content\/uploads\/sites\/59\/2025\/09\/fvw-TravelTalk-Kongress-2025-21.jpg 1200w, https:\/\/dfvcg-events.de\/fvw-travel-talk-kongress\/wp-content\/uploads\/sites\/59\/2025\/09\/fvw-TravelTalk-Kongress-2025-21-705x470.jpg 705w\" sizes=\"(max-width: 1200px) 100vw, 1200px\" \/><\/div><\/div><\/figure><\/a><!--end av-masonry entry--><a href=\"https:\/\/dfvcg-events.de\/fvw-travel-talk-kongress\/wp-content\/uploads\/sites\/59\/2025\/09\/fvw-TravelTalk-Kongress-2025-22.jpg\" data-srcset=\"https:\/\/dfvcg-events.de\/fvw-travel-talk-kongress\/wp-content\/uploads\/sites\/59\/2025\/09\/fvw-TravelTalk-Kongress-2025-22.jpg 1200w, https:\/\/dfvcg-events.de\/fvw-travel-talk-kongress\/wp-content\/uploads\/sites\/59\/2025\/09\/fvw-TravelTalk-Kongress-2025-22-705x470.jpg 705w\" data-sizes=\"(max-width: 1030px) 100vw, 1030px\"  aria-label=\"Bild Leipzig , DEU, 16.09.2025\r\rFVW Kongress im Pentahotel Leipzig\"  id='av-masonry-1-item-2824' data-av-masonry-item='2824' class='av-masonry-entry isotope-item post-2824 attachment type-attachment status-inherit hentry  av-masonry-item-with-image' title=\"\" alt=\"\"    itemprop=\"thumbnailUrl\" ><div class='av-inner-masonry-sizer'><\/div><figure class='av-inner-masonry main_color'><div class=\"av-masonry-outerimage-container\"><div class='av-masonry-image-container'  ><img decoding=\"async\" width=\"1200\" height=\"800\" fetchpriority=\"high\" class=\"wp-image-2824 avia-img-lazy-loading-not-2824\"  src=\"https:\/\/dfvcg-events.de\/fvw-travel-talk-kongress\/wp-content\/uploads\/sites\/59\/2025\/09\/fvw-TravelTalk-Kongress-2025-22.jpg\" title=\"\" alt=\"\" srcset=\"https:\/\/dfvcg-events.de\/fvw-travel-talk-kongress\/wp-content\/uploads\/sites\/59\/2025\/09\/fvw-TravelTalk-Kongress-2025-22.jpg 1200w, https:\/\/dfvcg-events.de\/fvw-travel-talk-kongress\/wp-content\/uploads\/sites\/59\/2025\/09\/fvw-TravelTalk-Kongress-2025-22-705x470.jpg 705w\" sizes=\"(max-width: 1200px) 100vw, 1200px\" \/><\/div><\/div><\/figure><\/a><!--end av-masonry entry--><a href=\"https:\/\/dfvcg-events.de\/fvw-travel-talk-kongress\/wp-content\/uploads\/sites\/59\/2025\/09\/fvw-TravelTalk-Kongress-2025-23.jpg\" data-srcset=\"https:\/\/dfvcg-events.de\/fvw-travel-talk-kongress\/wp-content\/uploads\/sites\/59\/2025\/09\/fvw-TravelTalk-Kongress-2025-23.jpg 1200w, https:\/\/dfvcg-events.de\/fvw-travel-talk-kongress\/wp-content\/uploads\/sites\/59\/2025\/09\/fvw-TravelTalk-Kongress-2025-23-705x470.jpg 705w\" data-sizes=\"(max-width: 1030px) 100vw, 1030px\"  aria-label=\"Bild Leipzig , DEU, 16.09.2025\r\rFVW Kongress im Pentahotel Leipzig\"  id='av-masonry-1-item-2825' data-av-masonry-item='2825' class='av-masonry-entry isotope-item post-2825 attachment type-attachment status-inherit hentry  av-masonry-item-with-image' title=\"\" alt=\"\"    itemprop=\"thumbnailUrl\" ><div class='av-inner-masonry-sizer'><\/div><figure class='av-inner-masonry main_color'><div class=\"av-masonry-outerimage-container\"><div class='av-masonry-image-container'  ><img decoding=\"async\" width=\"1200\" height=\"800\" fetchpriority=\"high\" class=\"wp-image-2825 avia-img-lazy-loading-not-2825\"  src=\"https:\/\/dfvcg-events.de\/fvw-travel-talk-kongress\/wp-content\/uploads\/sites\/59\/2025\/09\/fvw-TravelTalk-Kongress-2025-23.jpg\" title=\"\" alt=\"\" srcset=\"https:\/\/dfvcg-events.de\/fvw-travel-talk-kongress\/wp-content\/uploads\/sites\/59\/2025\/09\/fvw-TravelTalk-Kongress-2025-23.jpg 1200w, https:\/\/dfvcg-events.de\/fvw-travel-talk-kongress\/wp-content\/uploads\/sites\/59\/2025\/09\/fvw-TravelTalk-Kongress-2025-23-705x470.jpg 705w\" sizes=\"(max-width: 1200px) 100vw, 1200px\" \/><\/div><\/div><\/figure><\/a><!--end av-masonry entry--><a href=\"https:\/\/dfvcg-events.de\/fvw-travel-talk-kongress\/wp-content\/uploads\/sites\/59\/2025\/09\/fvw-TravelTalk-Kongress-2025-24.jpg\" data-srcset=\"https:\/\/dfvcg-events.de\/fvw-travel-talk-kongress\/wp-content\/uploads\/sites\/59\/2025\/09\/fvw-TravelTalk-Kongress-2025-24.jpg 1200w, https:\/\/dfvcg-events.de\/fvw-travel-talk-kongress\/wp-content\/uploads\/sites\/59\/2025\/09\/fvw-TravelTalk-Kongress-2025-24-705x425.jpg 705w\" data-sizes=\"(max-width: 1030px) 100vw, 1030px\"  aria-label=\"Bild Leipzig , DEU, 16.09.2025\r\rFVW Kongress im Pentahotel Leipzig\"  id='av-masonry-1-item-2826' data-av-masonry-item='2826' class='av-masonry-entry isotope-item post-2826 attachment type-attachment status-inherit hentry  av-masonry-item-with-image' title=\"\" alt=\"\"    itemprop=\"thumbnailUrl\" ><div class='av-inner-masonry-sizer'><\/div><figure class='av-inner-masonry main_color'><div class=\"av-masonry-outerimage-container\"><div class='av-masonry-image-container'  ><img decoding=\"async\" width=\"1200\" height=\"723\" fetchpriority=\"high\" class=\"wp-image-2826 avia-img-lazy-loading-not-2826\"  src=\"https:\/\/dfvcg-events.de\/fvw-travel-talk-kongress\/wp-content\/uploads\/sites\/59\/2025\/09\/fvw-TravelTalk-Kongress-2025-24.jpg\" title=\"\" alt=\"\" srcset=\"https:\/\/dfvcg-events.de\/fvw-travel-talk-kongress\/wp-content\/uploads\/sites\/59\/2025\/09\/fvw-TravelTalk-Kongress-2025-24.jpg 1200w, https:\/\/dfvcg-events.de\/fvw-travel-talk-kongress\/wp-content\/uploads\/sites\/59\/2025\/09\/fvw-TravelTalk-Kongress-2025-24-705x425.jpg 705w\" sizes=\"(max-width: 1200px) 100vw, 1200px\" \/><\/div><\/div><\/figure><\/a><!--end av-masonry entry--><a href=\"https:\/\/dfvcg-events.de\/fvw-travel-talk-kongress\/wp-content\/uploads\/sites\/59\/2025\/09\/fvw-TravelTalk-Kongress-2025-25.jpg\" data-srcset=\"https:\/\/dfvcg-events.de\/fvw-travel-talk-kongress\/wp-content\/uploads\/sites\/59\/2025\/09\/fvw-TravelTalk-Kongress-2025-25.jpg 1200w, https:\/\/dfvcg-events.de\/fvw-travel-talk-kongress\/wp-content\/uploads\/sites\/59\/2025\/09\/fvw-TravelTalk-Kongress-2025-25-705x470.jpg 705w\" data-sizes=\"(max-width: 1030px) 100vw, 1030px\"  aria-label=\"Bild Leipzig , DEU, 16.09.2025FVW Kongress im Pentahotel Leipzig\"  id='av-masonry-1-item-2827' data-av-masonry-item='2827' class='av-masonry-entry isotope-item post-2827 attachment type-attachment status-inherit hentry  av-masonry-item-with-image' title=\"\" alt=\"\"    itemprop=\"thumbnailUrl\" ><div class='av-inner-masonry-sizer'><\/div><figure class='av-inner-masonry main_color'><div class=\"av-masonry-outerimage-container\"><div class='av-masonry-image-container'  ><img decoding=\"async\" width=\"1200\" height=\"800\" fetchpriority=\"high\" class=\"wp-image-2827 avia-img-lazy-loading-not-2827\"  src=\"https:\/\/dfvcg-events.de\/fvw-travel-talk-kongress\/wp-content\/uploads\/sites\/59\/2025\/09\/fvw-TravelTalk-Kongress-2025-25.jpg\" title=\"\" alt=\"\" srcset=\"https:\/\/dfvcg-events.de\/fvw-travel-talk-kongress\/wp-content\/uploads\/sites\/59\/2025\/09\/fvw-TravelTalk-Kongress-2025-25.jpg 1200w, https:\/\/dfvcg-events.de\/fvw-travel-talk-kongress\/wp-content\/uploads\/sites\/59\/2025\/09\/fvw-TravelTalk-Kongress-2025-25-705x470.jpg 705w\" sizes=\"(max-width: 1200px) 100vw, 1200px\" \/><\/div><\/div><\/figure><\/a><!--end av-masonry entry--><a href=\"https:\/\/dfvcg-events.de\/fvw-travel-talk-kongress\/wp-content\/uploads\/sites\/59\/2025\/09\/fvw-TravelTalk-Kongress-2025-26.jpg\" data-srcset=\"https:\/\/dfvcg-events.de\/fvw-travel-talk-kongress\/wp-content\/uploads\/sites\/59\/2025\/09\/fvw-TravelTalk-Kongress-2025-26.jpg 1200w, https:\/\/dfvcg-events.de\/fvw-travel-talk-kongress\/wp-content\/uploads\/sites\/59\/2025\/09\/fvw-TravelTalk-Kongress-2025-26-705x470.jpg 705w\" data-sizes=\"(max-width: 1030px) 100vw, 1030px\"  aria-label=\"Bild Leipzig , DEU, 16.09.2025\r\rFVW Kongress im Pentahotel Leipzig\"  id='av-masonry-1-item-2828' data-av-masonry-item='2828' class='av-masonry-entry isotope-item post-2828 attachment type-attachment status-inherit hentry  av-masonry-item-with-image' title=\"\" alt=\"\"    itemprop=\"thumbnailUrl\" ><div class='av-inner-masonry-sizer'><\/div><figure class='av-inner-masonry main_color'><div class=\"av-masonry-outerimage-container\"><div class='av-masonry-image-container'  ><img decoding=\"async\" width=\"1200\" height=\"800\" fetchpriority=\"high\" class=\"wp-image-2828 avia-img-lazy-loading-not-2828\"  src=\"https:\/\/dfvcg-events.de\/fvw-travel-talk-kongress\/wp-content\/uploads\/sites\/59\/2025\/09\/fvw-TravelTalk-Kongress-2025-26.jpg\" title=\"\" alt=\"\" srcset=\"https:\/\/dfvcg-events.de\/fvw-travel-talk-kongress\/wp-content\/uploads\/sites\/59\/2025\/09\/fvw-TravelTalk-Kongress-2025-26.jpg 1200w, https:\/\/dfvcg-events.de\/fvw-travel-talk-kongress\/wp-content\/uploads\/sites\/59\/2025\/09\/fvw-TravelTalk-Kongress-2025-26-705x470.jpg 705w\" sizes=\"(max-width: 1200px) 100vw, 1200px\" \/><\/div><\/div><\/figure><\/a><!--end av-masonry entry--><a href=\"https:\/\/dfvcg-events.de\/fvw-travel-talk-kongress\/wp-content\/uploads\/sites\/59\/2025\/09\/fvw-TravelTalk-Kongress-2025-27.jpg\" data-srcset=\"https:\/\/dfvcg-events.de\/fvw-travel-talk-kongress\/wp-content\/uploads\/sites\/59\/2025\/09\/fvw-TravelTalk-Kongress-2025-27.jpg 1200w, https:\/\/dfvcg-events.de\/fvw-travel-talk-kongress\/wp-content\/uploads\/sites\/59\/2025\/09\/fvw-TravelTalk-Kongress-2025-27-705x470.jpg 705w\" data-sizes=\"(max-width: 1030px) 100vw, 1030px\"  aria-label=\"Bild Leipzig , DEU, 16.09.2025FVW Kongress im Pentahotel Leipzig\"  id='av-masonry-1-item-2829' data-av-masonry-item='2829' class='av-masonry-entry isotope-item post-2829 attachment type-attachment status-inherit hentry  av-masonry-item-with-image' title=\"\" alt=\"\"    itemprop=\"thumbnailUrl\" ><div class='av-inner-masonry-sizer'><\/div><figure class='av-inner-masonry main_color'><div class=\"av-masonry-outerimage-container\"><div class='av-masonry-image-container'  ><img decoding=\"async\" width=\"1200\" height=\"800\" fetchpriority=\"high\" class=\"wp-image-2829 avia-img-lazy-loading-not-2829\"  src=\"https:\/\/dfvcg-events.de\/fvw-travel-talk-kongress\/wp-content\/uploads\/sites\/59\/2025\/09\/fvw-TravelTalk-Kongress-2025-27.jpg\" title=\"\" alt=\"\" srcset=\"https:\/\/dfvcg-events.de\/fvw-travel-talk-kongress\/wp-content\/uploads\/sites\/59\/2025\/09\/fvw-TravelTalk-Kongress-2025-27.jpg 1200w, https:\/\/dfvcg-events.de\/fvw-travel-talk-kongress\/wp-content\/uploads\/sites\/59\/2025\/09\/fvw-TravelTalk-Kongress-2025-27-705x470.jpg 705w\" sizes=\"(max-width: 1200px) 100vw, 1200px\" \/><\/div><\/div><\/figure><\/a><!--end av-masonry entry--><a href=\"https:\/\/dfvcg-events.de\/fvw-travel-talk-kongress\/wp-content\/uploads\/sites\/59\/2025\/09\/fvw-TravelTalk-Kongress-2025-28.jpg\" data-srcset=\"https:\/\/dfvcg-events.de\/fvw-travel-talk-kongress\/wp-content\/uploads\/sites\/59\/2025\/09\/fvw-TravelTalk-Kongress-2025-28.jpg 1200w, https:\/\/dfvcg-events.de\/fvw-travel-talk-kongress\/wp-content\/uploads\/sites\/59\/2025\/09\/fvw-TravelTalk-Kongress-2025-28-705x470.jpg 705w\" data-sizes=\"(max-width: 1030px) 100vw, 1030px\"  aria-label=\"Bild Leipzig , DEU, 16.09.2025FVW Kongress im Pentahotel Leipzig\"  id='av-masonry-1-item-2830' data-av-masonry-item='2830' class='av-masonry-entry isotope-item post-2830 attachment type-attachment status-inherit hentry  av-masonry-item-with-image' title=\"\" alt=\"\"    itemprop=\"thumbnailUrl\" ><div class='av-inner-masonry-sizer'><\/div><figure class='av-inner-masonry main_color'><div class=\"av-masonry-outerimage-container\"><div class='av-masonry-image-container'  ><img decoding=\"async\" width=\"1200\" height=\"800\" fetchpriority=\"high\" class=\"wp-image-2830 avia-img-lazy-loading-not-2830\"  src=\"https:\/\/dfvcg-events.de\/fvw-travel-talk-kongress\/wp-content\/uploads\/sites\/59\/2025\/09\/fvw-TravelTalk-Kongress-2025-28.jpg\" title=\"\" alt=\"\" srcset=\"https:\/\/dfvcg-events.de\/fvw-travel-talk-kongress\/wp-content\/uploads\/sites\/59\/2025\/09\/fvw-TravelTalk-Kongress-2025-28.jpg 1200w, https:\/\/dfvcg-events.de\/fvw-travel-talk-kongress\/wp-content\/uploads\/sites\/59\/2025\/09\/fvw-TravelTalk-Kongress-2025-28-705x470.jpg 705w\" sizes=\"(max-width: 1200px) 100vw, 1200px\" \/><\/div><\/div><\/figure><\/a><!--end av-masonry entry--><a href=\"https:\/\/dfvcg-events.de\/fvw-travel-talk-kongress\/wp-content\/uploads\/sites\/59\/2025\/09\/fvw-TravelTalk-Kongress-2025-29.jpg\" data-srcset=\"https:\/\/dfvcg-events.de\/fvw-travel-talk-kongress\/wp-content\/uploads\/sites\/59\/2025\/09\/fvw-TravelTalk-Kongress-2025-29.jpg 1200w, https:\/\/dfvcg-events.de\/fvw-travel-talk-kongress\/wp-content\/uploads\/sites\/59\/2025\/09\/fvw-TravelTalk-Kongress-2025-29-705x470.jpg 705w\" data-sizes=\"(max-width: 1030px) 100vw, 1030px\"  aria-label=\"Bild Leipzig , DEU, 16.09.2025FVW Kongress im Pentahotel Leipzig\"  id='av-masonry-1-item-2831' data-av-masonry-item='2831' class='av-masonry-entry isotope-item post-2831 attachment type-attachment status-inherit hentry  av-masonry-item-with-image' title=\"\" alt=\"\"    itemprop=\"thumbnailUrl\" ><div class='av-inner-masonry-sizer'><\/div><figure class='av-inner-masonry main_color'><div class=\"av-masonry-outerimage-container\"><div class='av-masonry-image-container'  ><img decoding=\"async\" width=\"1200\" height=\"800\" fetchpriority=\"high\" class=\"wp-image-2831 avia-img-lazy-loading-not-2831\"  src=\"https:\/\/dfvcg-events.de\/fvw-travel-talk-kongress\/wp-content\/uploads\/sites\/59\/2025\/09\/fvw-TravelTalk-Kongress-2025-29.jpg\" title=\"\" alt=\"\" srcset=\"https:\/\/dfvcg-events.de\/fvw-travel-talk-kongress\/wp-content\/uploads\/sites\/59\/2025\/09\/fvw-TravelTalk-Kongress-2025-29.jpg 1200w, https:\/\/dfvcg-events.de\/fvw-travel-talk-kongress\/wp-content\/uploads\/sites\/59\/2025\/09\/fvw-TravelTalk-Kongress-2025-29-705x470.jpg 705w\" sizes=\"(max-width: 1200px) 100vw, 1200px\" \/><\/div><\/div><\/figure><\/a><!--end av-masonry entry--><a href=\"https:\/\/dfvcg-events.de\/fvw-travel-talk-kongress\/wp-content\/uploads\/sites\/59\/2025\/09\/fvw-TravelTalk-Kongress-2025-30.jpg\" data-srcset=\"https:\/\/dfvcg-events.de\/fvw-travel-talk-kongress\/wp-content\/uploads\/sites\/59\/2025\/09\/fvw-TravelTalk-Kongress-2025-30.jpg 1200w, https:\/\/dfvcg-events.de\/fvw-travel-talk-kongress\/wp-content\/uploads\/sites\/59\/2025\/09\/fvw-TravelTalk-Kongress-2025-30-705x470.jpg 705w\" data-sizes=\"(max-width: 1030px) 100vw, 1030px\"  aria-label=\"Bild Leipzig , DEU, 16.09.2025\r\rFVW Kongress im Pentahotel Leipzig\"  id='av-masonry-1-item-2832' data-av-masonry-item='2832' class='av-masonry-entry isotope-item post-2832 attachment type-attachment status-inherit hentry  av-masonry-item-with-image' title=\"\" alt=\"\"    itemprop=\"thumbnailUrl\" ><div class='av-inner-masonry-sizer'><\/div><figure class='av-inner-masonry main_color'><div class=\"av-masonry-outerimage-container\"><div class='av-masonry-image-container'  ><img decoding=\"async\" width=\"1200\" height=\"800\" fetchpriority=\"high\" class=\"wp-image-2832 avia-img-lazy-loading-not-2832\"  src=\"https:\/\/dfvcg-events.de\/fvw-travel-talk-kongress\/wp-content\/uploads\/sites\/59\/2025\/09\/fvw-TravelTalk-Kongress-2025-30.jpg\" title=\"\" alt=\"\" srcset=\"https:\/\/dfvcg-events.de\/fvw-travel-talk-kongress\/wp-content\/uploads\/sites\/59\/2025\/09\/fvw-TravelTalk-Kongress-2025-30.jpg 1200w, https:\/\/dfvcg-events.de\/fvw-travel-talk-kongress\/wp-content\/uploads\/sites\/59\/2025\/09\/fvw-TravelTalk-Kongress-2025-30-705x470.jpg 705w\" sizes=\"(max-width: 1200px) 100vw, 1200px\" \/><\/div><\/div><\/figure><\/a><!--end av-masonry entry--><a href=\"https:\/\/dfvcg-events.de\/fvw-travel-talk-kongress\/wp-content\/uploads\/sites\/59\/2025\/09\/fvw-TravelTalk-Kongress-2025-31.jpg\" data-srcset=\"https:\/\/dfvcg-events.de\/fvw-travel-talk-kongress\/wp-content\/uploads\/sites\/59\/2025\/09\/fvw-TravelTalk-Kongress-2025-31.jpg 1200w, https:\/\/dfvcg-events.de\/fvw-travel-talk-kongress\/wp-content\/uploads\/sites\/59\/2025\/09\/fvw-TravelTalk-Kongress-2025-31-705x470.jpg 705w\" data-sizes=\"(max-width: 1030px) 100vw, 1030px\"  aria-label=\"Bild Leipzig , DEU, 16.09.2025\r\rFVW Kongress im Pentahotel Leipzig\"  id='av-masonry-1-item-2833' data-av-masonry-item='2833' class='av-masonry-entry isotope-item post-2833 attachment type-attachment status-inherit hentry  av-masonry-item-with-image' title=\"\" alt=\"\"    itemprop=\"thumbnailUrl\" ><div class='av-inner-masonry-sizer'><\/div><figure class='av-inner-masonry main_color'><div class=\"av-masonry-outerimage-container\"><div class='av-masonry-image-container'  ><img decoding=\"async\" width=\"1200\" height=\"800\" fetchpriority=\"high\" class=\"wp-image-2833 avia-img-lazy-loading-not-2833\"  src=\"https:\/\/dfvcg-events.de\/fvw-travel-talk-kongress\/wp-content\/uploads\/sites\/59\/2025\/09\/fvw-TravelTalk-Kongress-2025-31.jpg\" title=\"\" alt=\"\" srcset=\"https:\/\/dfvcg-events.de\/fvw-travel-talk-kongress\/wp-content\/uploads\/sites\/59\/2025\/09\/fvw-TravelTalk-Kongress-2025-31.jpg 1200w, https:\/\/dfvcg-events.de\/fvw-travel-talk-kongress\/wp-content\/uploads\/sites\/59\/2025\/09\/fvw-TravelTalk-Kongress-2025-31-705x470.jpg 705w\" sizes=\"(max-width: 1200px) 100vw, 1200px\" \/><\/div><\/div><\/figure><\/a><!--end av-masonry entry--><a href=\"https:\/\/dfvcg-events.de\/fvw-travel-talk-kongress\/wp-content\/uploads\/sites\/59\/2025\/09\/fvw-TravelTalk-Kongress-2025-32.jpg\" data-srcset=\"https:\/\/dfvcg-events.de\/fvw-travel-talk-kongress\/wp-content\/uploads\/sites\/59\/2025\/09\/fvw-TravelTalk-Kongress-2025-32.jpg 1200w, https:\/\/dfvcg-events.de\/fvw-travel-talk-kongress\/wp-content\/uploads\/sites\/59\/2025\/09\/fvw-TravelTalk-Kongress-2025-32-705x470.jpg 705w\" data-sizes=\"(max-width: 1030px) 100vw, 1030px\"  aria-label=\"Bild Leipzig , DEU, 16.09.2025FVW Kongress im Pentahotel Leipzig\"  id='av-masonry-1-item-2834' data-av-masonry-item='2834' class='av-masonry-entry isotope-item post-2834 attachment type-attachment status-inherit hentry  av-masonry-item-with-image' title=\"\" alt=\"\"    itemprop=\"thumbnailUrl\" ><div class='av-inner-masonry-sizer'><\/div><figure class='av-inner-masonry main_color'><div class=\"av-masonry-outerimage-container\"><div class='av-masonry-image-container'  ><img decoding=\"async\" width=\"1200\" height=\"800\" fetchpriority=\"high\" class=\"wp-image-2834 avia-img-lazy-loading-not-2834\"  src=\"https:\/\/dfvcg-events.de\/fvw-travel-talk-kongress\/wp-content\/uploads\/sites\/59\/2025\/09\/fvw-TravelTalk-Kongress-2025-32.jpg\" title=\"\" alt=\"\" srcset=\"https:\/\/dfvcg-events.de\/fvw-travel-talk-kongress\/wp-content\/uploads\/sites\/59\/2025\/09\/fvw-TravelTalk-Kongress-2025-32.jpg 1200w, https:\/\/dfvcg-events.de\/fvw-travel-talk-kongress\/wp-content\/uploads\/sites\/59\/2025\/09\/fvw-TravelTalk-Kongress-2025-32-705x470.jpg 705w\" sizes=\"(max-width: 1200px) 100vw, 1200px\" \/><\/div><\/div><\/figure><\/a><!--end av-masonry entry--><a href=\"https:\/\/dfvcg-events.de\/fvw-travel-talk-kongress\/wp-content\/uploads\/sites\/59\/2025\/09\/fvw-TravelTalk-Kongress-2025-33.jpg\" data-srcset=\"https:\/\/dfvcg-events.de\/fvw-travel-talk-kongress\/wp-content\/uploads\/sites\/59\/2025\/09\/fvw-TravelTalk-Kongress-2025-33.jpg 1200w, https:\/\/dfvcg-events.de\/fvw-travel-talk-kongress\/wp-content\/uploads\/sites\/59\/2025\/09\/fvw-TravelTalk-Kongress-2025-33-705x470.jpg 705w\" data-sizes=\"(max-width: 1030px) 100vw, 1030px\"  aria-label=\"Bild Leipzig , DEU, 16.09.2025\r\rFVW Kongress im Pentahotel Leipzig\"  id='av-masonry-1-item-2835' data-av-masonry-item='2835' class='av-masonry-entry isotope-item post-2835 attachment type-attachment status-inherit hentry  av-masonry-item-with-image' title=\"\" alt=\"\"    itemprop=\"thumbnailUrl\" ><div class='av-inner-masonry-sizer'><\/div><figure class='av-inner-masonry main_color'><div class=\"av-masonry-outerimage-container\"><div class='av-masonry-image-container'  ><img decoding=\"async\" width=\"1200\" height=\"800\" fetchpriority=\"high\" class=\"wp-image-2835 avia-img-lazy-loading-not-2835\"  src=\"https:\/\/dfvcg-events.de\/fvw-travel-talk-kongress\/wp-content\/uploads\/sites\/59\/2025\/09\/fvw-TravelTalk-Kongress-2025-33.jpg\" title=\"\" alt=\"\" srcset=\"https:\/\/dfvcg-events.de\/fvw-travel-talk-kongress\/wp-content\/uploads\/sites\/59\/2025\/09\/fvw-TravelTalk-Kongress-2025-33.jpg 1200w, https:\/\/dfvcg-events.de\/fvw-travel-talk-kongress\/wp-content\/uploads\/sites\/59\/2025\/09\/fvw-TravelTalk-Kongress-2025-33-705x470.jpg 705w\" sizes=\"(max-width: 1200px) 100vw, 1200px\" \/><\/div><\/div><\/figure><\/a><!--end av-masonry entry--><a href=\"https:\/\/dfvcg-events.de\/fvw-travel-talk-kongress\/wp-content\/uploads\/sites\/59\/2025\/09\/fvw-TravelTalk-Kongress-2025-34.jpg\" data-srcset=\"https:\/\/dfvcg-events.de\/fvw-travel-talk-kongress\/wp-content\/uploads\/sites\/59\/2025\/09\/fvw-TravelTalk-Kongress-2025-34.jpg 1200w, https:\/\/dfvcg-events.de\/fvw-travel-talk-kongress\/wp-content\/uploads\/sites\/59\/2025\/09\/fvw-TravelTalk-Kongress-2025-34-705x470.jpg 705w\" data-sizes=\"(max-width: 1030px) 100vw, 1030px\"  aria-label=\"Bild Leipzig , DEU, 16.09.2025\r\rFVW Kongress im Pentahotel Leipzig\"  id='av-masonry-1-item-2836' data-av-masonry-item='2836' class='av-masonry-entry isotope-item post-2836 attachment type-attachment status-inherit hentry  av-masonry-item-with-image' title=\"\" alt=\"\"    itemprop=\"thumbnailUrl\" ><div class='av-inner-masonry-sizer'><\/div><figure class='av-inner-masonry main_color'><div class=\"av-masonry-outerimage-container\"><div class='av-masonry-image-container'  ><img decoding=\"async\" width=\"1200\" height=\"800\" fetchpriority=\"high\" class=\"wp-image-2836 avia-img-lazy-loading-not-2836\"  src=\"https:\/\/dfvcg-events.de\/fvw-travel-talk-kongress\/wp-content\/uploads\/sites\/59\/2025\/09\/fvw-TravelTalk-Kongress-2025-34.jpg\" title=\"\" alt=\"\" srcset=\"https:\/\/dfvcg-events.de\/fvw-travel-talk-kongress\/wp-content\/uploads\/sites\/59\/2025\/09\/fvw-TravelTalk-Kongress-2025-34.jpg 1200w, https:\/\/dfvcg-events.de\/fvw-travel-talk-kongress\/wp-content\/uploads\/sites\/59\/2025\/09\/fvw-TravelTalk-Kongress-2025-34-705x470.jpg 705w\" sizes=\"(max-width: 1200px) 100vw, 1200px\" \/><\/div><\/div><\/figure><\/a><!--end av-masonry entry--><a href=\"https:\/\/dfvcg-events.de\/fvw-travel-talk-kongress\/wp-content\/uploads\/sites\/59\/2025\/09\/fvw-TravelTalk-Kongress-2025-35.jpg\" data-srcset=\"https:\/\/dfvcg-events.de\/fvw-travel-talk-kongress\/wp-content\/uploads\/sites\/59\/2025\/09\/fvw-TravelTalk-Kongress-2025-35.jpg 1200w, https:\/\/dfvcg-events.de\/fvw-travel-talk-kongress\/wp-content\/uploads\/sites\/59\/2025\/09\/fvw-TravelTalk-Kongress-2025-35-705x470.jpg 705w\" data-sizes=\"(max-width: 1030px) 100vw, 1030px\"  aria-label=\"Bild Leipzig , DEU, 16.09.2025\r\rFVW Kongress im Pentahotel Leipzig\"  id='av-masonry-1-item-2837' data-av-masonry-item='2837' class='av-masonry-entry isotope-item post-2837 attachment type-attachment status-inherit hentry  av-masonry-item-with-image' title=\"\" alt=\"\"    itemprop=\"thumbnailUrl\" ><div class='av-inner-masonry-sizer'><\/div><figure class='av-inner-masonry main_color'><div class=\"av-masonry-outerimage-container\"><div class='av-masonry-image-container'  ><img decoding=\"async\" width=\"1200\" height=\"800\" fetchpriority=\"high\" class=\"wp-image-2837 avia-img-lazy-loading-not-2837\"  src=\"https:\/\/dfvcg-events.de\/fvw-travel-talk-kongress\/wp-content\/uploads\/sites\/59\/2025\/09\/fvw-TravelTalk-Kongress-2025-35.jpg\" title=\"\" alt=\"\" srcset=\"https:\/\/dfvcg-events.de\/fvw-travel-talk-kongress\/wp-content\/uploads\/sites\/59\/2025\/09\/fvw-TravelTalk-Kongress-2025-35.jpg 1200w, https:\/\/dfvcg-events.de\/fvw-travel-talk-kongress\/wp-content\/uploads\/sites\/59\/2025\/09\/fvw-TravelTalk-Kongress-2025-35-705x470.jpg 705w\" sizes=\"(max-width: 1200px) 100vw, 1200px\" \/><\/div><\/div><\/figure><\/a><!--end av-masonry entry--><a href=\"https:\/\/dfvcg-events.de\/fvw-travel-talk-kongress\/wp-content\/uploads\/sites\/59\/2025\/09\/fvw-TravelTalk-Kongress-2025-36.jpg\" data-srcset=\"https:\/\/dfvcg-events.de\/fvw-travel-talk-kongress\/wp-content\/uploads\/sites\/59\/2025\/09\/fvw-TravelTalk-Kongress-2025-36.jpg 1200w, https:\/\/dfvcg-events.de\/fvw-travel-talk-kongress\/wp-content\/uploads\/sites\/59\/2025\/09\/fvw-TravelTalk-Kongress-2025-36-705x470.jpg 705w\" data-sizes=\"(max-width: 1030px) 100vw, 1030px\"  aria-label=\"Bild Leipzig , DEU, 16.09.2025\r\rFVW Kongress im Pentahotel Leipzig\"  id='av-masonry-1-item-2838' data-av-masonry-item='2838' class='av-masonry-entry isotope-item post-2838 attachment type-attachment status-inherit hentry  av-masonry-item-with-image' title=\"\" alt=\"\"    itemprop=\"thumbnailUrl\" ><div class='av-inner-masonry-sizer'><\/div><figure class='av-inner-masonry main_color'><div class=\"av-masonry-outerimage-container\"><div class='av-masonry-image-container'  ><img decoding=\"async\" width=\"1200\" height=\"800\" fetchpriority=\"high\" class=\"wp-image-2838 avia-img-lazy-loading-not-2838\"  src=\"https:\/\/dfvcg-events.de\/fvw-travel-talk-kongress\/wp-content\/uploads\/sites\/59\/2025\/09\/fvw-TravelTalk-Kongress-2025-36.jpg\" title=\"\" alt=\"\" srcset=\"https:\/\/dfvcg-events.de\/fvw-travel-talk-kongress\/wp-content\/uploads\/sites\/59\/2025\/09\/fvw-TravelTalk-Kongress-2025-36.jpg 1200w, https:\/\/dfvcg-events.de\/fvw-travel-talk-kongress\/wp-content\/uploads\/sites\/59\/2025\/09\/fvw-TravelTalk-Kongress-2025-36-705x470.jpg 705w\" sizes=\"(max-width: 1200px) 100vw, 1200px\" \/><\/div><\/div><\/figure><\/a><!--end av-masonry entry--><a href=\"https:\/\/dfvcg-events.de\/fvw-travel-talk-kongress\/wp-content\/uploads\/sites\/59\/2025\/09\/fvw-TravelTalk-Kongress-2025-37.jpg\" data-srcset=\"https:\/\/dfvcg-events.de\/fvw-travel-talk-kongress\/wp-content\/uploads\/sites\/59\/2025\/09\/fvw-TravelTalk-Kongress-2025-37.jpg 1200w, https:\/\/dfvcg-events.de\/fvw-travel-talk-kongress\/wp-content\/uploads\/sites\/59\/2025\/09\/fvw-TravelTalk-Kongress-2025-37-705x470.jpg 705w\" data-sizes=\"(max-width: 1030px) 100vw, 1030px\"  aria-label=\"Bild Leipzig , DEU, 16.09.2025\r\rFVW Kongress im Pentahotel Leipzig\"  id='av-masonry-1-item-2839' data-av-masonry-item='2839' class='av-masonry-entry isotope-item post-2839 attachment type-attachment status-inherit hentry  av-masonry-item-with-image' title=\"\" alt=\"\"    itemprop=\"thumbnailUrl\" ><div class='av-inner-masonry-sizer'><\/div><figure class='av-inner-masonry main_color'><div class=\"av-masonry-outerimage-container\"><div class='av-masonry-image-container'  ><img decoding=\"async\" width=\"1200\" height=\"800\" fetchpriority=\"high\" class=\"wp-image-2839 avia-img-lazy-loading-not-2839\"  src=\"https:\/\/dfvcg-events.de\/fvw-travel-talk-kongress\/wp-content\/uploads\/sites\/59\/2025\/09\/fvw-TravelTalk-Kongress-2025-37.jpg\" title=\"\" alt=\"\" srcset=\"https:\/\/dfvcg-events.de\/fvw-travel-talk-kongress\/wp-content\/uploads\/sites\/59\/2025\/09\/fvw-TravelTalk-Kongress-2025-37.jpg 1200w, https:\/\/dfvcg-events.de\/fvw-travel-talk-kongress\/wp-content\/uploads\/sites\/59\/2025\/09\/fvw-TravelTalk-Kongress-2025-37-705x470.jpg 705w\" sizes=\"(max-width: 1200px) 100vw, 1200px\" \/><\/div><\/div><\/figure><\/a><!--end av-masonry entry--><a href=\"https:\/\/dfvcg-events.de\/fvw-travel-talk-kongress\/wp-content\/uploads\/sites\/59\/2025\/09\/fvw-TravelTalk-Kongress-2025-38.jpg\" data-srcset=\"https:\/\/dfvcg-events.de\/fvw-travel-talk-kongress\/wp-content\/uploads\/sites\/59\/2025\/09\/fvw-TravelTalk-Kongress-2025-38.jpg 1200w, https:\/\/dfvcg-events.de\/fvw-travel-talk-kongress\/wp-content\/uploads\/sites\/59\/2025\/09\/fvw-TravelTalk-Kongress-2025-38-705x470.jpg 705w\" data-sizes=\"(max-width: 1030px) 100vw, 1030px\"  aria-label=\"Bild Leipzig , DEU, 16.09.2025\r\rFVW Kongress im Pentahotel Leipzig\"  id='av-masonry-1-item-2840' data-av-masonry-item='2840' class='av-masonry-entry isotope-item post-2840 attachment type-attachment status-inherit hentry  av-masonry-item-with-image' title=\"\" alt=\"\"    itemprop=\"thumbnailUrl\" ><div class='av-inner-masonry-sizer'><\/div><figure class='av-inner-masonry main_color'><div class=\"av-masonry-outerimage-container\"><div class='av-masonry-image-container'  ><img decoding=\"async\" width=\"1200\" height=\"800\" fetchpriority=\"high\" class=\"wp-image-2840 avia-img-lazy-loading-not-2840\"  src=\"https:\/\/dfvcg-events.de\/fvw-travel-talk-kongress\/wp-content\/uploads\/sites\/59\/2025\/09\/fvw-TravelTalk-Kongress-2025-38.jpg\" title=\"\" alt=\"\" srcset=\"https:\/\/dfvcg-events.de\/fvw-travel-talk-kongress\/wp-content\/uploads\/sites\/59\/2025\/09\/fvw-TravelTalk-Kongress-2025-38.jpg 1200w, https:\/\/dfvcg-events.de\/fvw-travel-talk-kongress\/wp-content\/uploads\/sites\/59\/2025\/09\/fvw-TravelTalk-Kongress-2025-38-705x470.jpg 705w\" sizes=\"(max-width: 1200px) 100vw, 1200px\" \/><\/div><\/div><\/figure><\/a><!--end av-masonry entry--><a href=\"https:\/\/dfvcg-events.de\/fvw-travel-talk-kongress\/wp-content\/uploads\/sites\/59\/2025\/09\/fvw-TravelTalk-Kongress-2025-39.jpg\" data-srcset=\"https:\/\/dfvcg-events.de\/fvw-travel-talk-kongress\/wp-content\/uploads\/sites\/59\/2025\/09\/fvw-TravelTalk-Kongress-2025-39.jpg 1200w, https:\/\/dfvcg-events.de\/fvw-travel-talk-kongress\/wp-content\/uploads\/sites\/59\/2025\/09\/fvw-TravelTalk-Kongress-2025-39-705x470.jpg 705w\" data-sizes=\"(max-width: 1030px) 100vw, 1030px\"  aria-label=\"Bild Leipzig , DEU, 16.09.2025FVW Kongress im Pentahotel Leipzig\"  id='av-masonry-1-item-2841' data-av-masonry-item='2841' class='av-masonry-entry isotope-item post-2841 attachment type-attachment status-inherit hentry  av-masonry-item-with-image' title=\"\" alt=\"\"    itemprop=\"thumbnailUrl\" ><div class='av-inner-masonry-sizer'><\/div><figure class='av-inner-masonry main_color'><div class=\"av-masonry-outerimage-container\"><div class='av-masonry-image-container'  ><img decoding=\"async\" width=\"1200\" height=\"800\" fetchpriority=\"high\" class=\"wp-image-2841 avia-img-lazy-loading-not-2841\"  src=\"https:\/\/dfvcg-events.de\/fvw-travel-talk-kongress\/wp-content\/uploads\/sites\/59\/2025\/09\/fvw-TravelTalk-Kongress-2025-39.jpg\" title=\"\" alt=\"\" srcset=\"https:\/\/dfvcg-events.de\/fvw-travel-talk-kongress\/wp-content\/uploads\/sites\/59\/2025\/09\/fvw-TravelTalk-Kongress-2025-39.jpg 1200w, https:\/\/dfvcg-events.de\/fvw-travel-talk-kongress\/wp-content\/uploads\/sites\/59\/2025\/09\/fvw-TravelTalk-Kongress-2025-39-705x470.jpg 705w\" sizes=\"(max-width: 1200px) 100vw, 1200px\" \/><\/div><\/div><\/figure><\/a><!--end av-masonry entry--><a href=\"https:\/\/dfvcg-events.de\/fvw-travel-talk-kongress\/wp-content\/uploads\/sites\/59\/2025\/09\/fvw-TravelTalk-Kongress-2025-40.jpg\" data-srcset=\"https:\/\/dfvcg-events.de\/fvw-travel-talk-kongress\/wp-content\/uploads\/sites\/59\/2025\/09\/fvw-TravelTalk-Kongress-2025-40.jpg 1200w, https:\/\/dfvcg-events.de\/fvw-travel-talk-kongress\/wp-content\/uploads\/sites\/59\/2025\/09\/fvw-TravelTalk-Kongress-2025-40-705x470.jpg 705w\" data-sizes=\"(max-width: 1030px) 100vw, 1030px\"  aria-label=\"Bild Leipzig , DEU, 16.09.2025FVW Kongress im Pentahotel Leipzig\"  id='av-masonry-1-item-2842' data-av-masonry-item='2842' class='av-masonry-entry isotope-item post-2842 attachment type-attachment status-inherit hentry  av-masonry-item-with-image' title=\"\" alt=\"\"    itemprop=\"thumbnailUrl\" ><div class='av-inner-masonry-sizer'><\/div><figure class='av-inner-masonry main_color'><div class=\"av-masonry-outerimage-container\"><div class='av-masonry-image-container'  ><img decoding=\"async\" width=\"1200\" height=\"800\" fetchpriority=\"high\" class=\"wp-image-2842 avia-img-lazy-loading-not-2842\"  src=\"https:\/\/dfvcg-events.de\/fvw-travel-talk-kongress\/wp-content\/uploads\/sites\/59\/2025\/09\/fvw-TravelTalk-Kongress-2025-40.jpg\" title=\"\" alt=\"\" srcset=\"https:\/\/dfvcg-events.de\/fvw-travel-talk-kongress\/wp-content\/uploads\/sites\/59\/2025\/09\/fvw-TravelTalk-Kongress-2025-40.jpg 1200w, https:\/\/dfvcg-events.de\/fvw-travel-talk-kongress\/wp-content\/uploads\/sites\/59\/2025\/09\/fvw-TravelTalk-Kongress-2025-40-705x470.jpg 705w\" sizes=\"(max-width: 1200px) 100vw, 1200px\" \/><\/div><\/div><\/figure><\/a><!--end av-masonry entry--><a href=\"https:\/\/dfvcg-events.de\/fvw-travel-talk-kongress\/wp-content\/uploads\/sites\/59\/2025\/09\/fvw-TravelTalk-Kongress-2025-41.jpg\" data-srcset=\"https:\/\/dfvcg-events.de\/fvw-travel-talk-kongress\/wp-content\/uploads\/sites\/59\/2025\/09\/fvw-TravelTalk-Kongress-2025-41.jpg 1200w, https:\/\/dfvcg-events.de\/fvw-travel-talk-kongress\/wp-content\/uploads\/sites\/59\/2025\/09\/fvw-TravelTalk-Kongress-2025-41-705x470.jpg 705w\" data-sizes=\"(max-width: 1030px) 100vw, 1030px\"  aria-label=\"Bild Leipzig , DEU, 16.09.2025\r\rFVW Kongress im Pentahotel Leipzig\"  id='av-masonry-1-item-2843' data-av-masonry-item='2843' class='av-masonry-entry isotope-item post-2843 attachment type-attachment status-inherit hentry  av-masonry-item-with-image' title=\"\" alt=\"\"    itemprop=\"thumbnailUrl\" ><div class='av-inner-masonry-sizer'><\/div><figure class='av-inner-masonry main_color'><div class=\"av-masonry-outerimage-container\"><div class='av-masonry-image-container'  ><img decoding=\"async\" width=\"1200\" height=\"800\" fetchpriority=\"high\" class=\"wp-image-2843 avia-img-lazy-loading-not-2843\"  src=\"https:\/\/dfvcg-events.de\/fvw-travel-talk-kongress\/wp-content\/uploads\/sites\/59\/2025\/09\/fvw-TravelTalk-Kongress-2025-41.jpg\" title=\"\" alt=\"\" srcset=\"https:\/\/dfvcg-events.de\/fvw-travel-talk-kongress\/wp-content\/uploads\/sites\/59\/2025\/09\/fvw-TravelTalk-Kongress-2025-41.jpg 1200w, https:\/\/dfvcg-events.de\/fvw-travel-talk-kongress\/wp-content\/uploads\/sites\/59\/2025\/09\/fvw-TravelTalk-Kongress-2025-41-705x470.jpg 705w\" sizes=\"(max-width: 1200px) 100vw, 1200px\" \/><\/div><\/div><\/figure><\/a><!--end av-masonry entry--><\/div><\/div>\n","protected":false},"excerpt":{"rendered":"","protected":false},"author":1,"featured_media":1806,"parent":0,"menu_order":0,"comment_status":"closed","ping_status":"closed","template":"","meta":{"footnotes":""},"class_list":["post-2802","page","type-page","status-publish","has-post-thumbnail","hentry"],"yoast_head":"<!-- This site is optimized with the Yoast SEO plugin v27.4 - https:\/\/yoast.com\/product\/yoast-seo-wordpress\/ -->\n<title>R\u00fcckblick | fvw|TravelTalk Kongress | 2025 | Leipzig<\/title>\n<meta name=\"description\" content=\"Zum fvw|TravelTalk Kongress begr\u00fc\u00dfen wir Top-Vortragende aus der Branche. Freuen Sie sich auf spannende Vortr\u00e4ge zu wichtigen Themen und Innovationen.\" \/>\n<meta name=\"robots\" content=\"index, follow, max-snippet:-1, max-image-preview:large, max-video-preview:-1\" \/>\n<link rel=\"canonical\" href=\"https:\/\/dfvcg-events.de\/fvw-travel-talk-kongress\/rueckblick-2025\/\" \/>\n<meta property=\"og:locale\" content=\"de_DE\" \/>\n<meta property=\"og:type\" content=\"article\" \/>\n<meta property=\"og:title\" content=\"R\u00fcckblick | fvw|TravelTalk Kongress | 2025 | Leipzig\" \/>\n<meta property=\"og:description\" content=\"Zum fvw|TravelTalk Kongress begr\u00fc\u00dfen wir Top-Vortragende aus der Branche. Freuen Sie sich auf spannende Vortr\u00e4ge zu wichtigen Themen und Innovationen.\" \/>\n<meta property=\"og:url\" content=\"https:\/\/dfvcg-events.de\/fvw-travel-talk-kongress\/rueckblick-2025\/\" \/>\n<meta property=\"og:site_name\" content=\"fvw|TravelTalk Kongress\" \/>\n<meta property=\"article:modified_time\" content=\"2025-09-26T09:49:22+00:00\" \/>\n<meta property=\"og:image\" content=\"https:\/\/dfvcg-events.de\/fvw-travel-talk-kongress\/wp-content\/uploads\/sites\/59\/2025\/05\/241004-dfvCG-fvw-TTK-Visuel-date-800x800px.jpg\" \/>\n\t<meta property=\"og:image:width\" content=\"800\" \/>\n\t<meta property=\"og:image:height\" content=\"800\" \/>\n\t<meta property=\"og:image:type\" content=\"image\/jpeg\" \/>\n<meta name=\"twitter:card\" content=\"summary_large_image\" \/>\n<meta name=\"twitter:label1\" content=\"Gesch\u00e4tzte Lesezeit\" \/>\n\t<meta name=\"twitter:data1\" content=\"9\u00a0Minuten\" \/>\n<script type=\"application\/ld+json\" class=\"yoast-schema-graph\">{\"@context\":\"https:\\\/\\\/schema.org\",\"@graph\":[{\"@type\":\"WebPage\",\"@id\":\"https:\\\/\\\/dfvcg-events.de\\\/fvw-travel-talk-kongress\\\/rueckblick-2025\\\/\",\"url\":\"https:\\\/\\\/dfvcg-events.de\\\/fvw-travel-talk-kongress\\\/rueckblick-2025\\\/\",\"name\":\"R\u00fcckblick | fvw|TravelTalk Kongress | 2025 | Leipzig\",\"isPartOf\":{\"@id\":\"https:\\\/\\\/dfvcg-events.de\\\/fvw-travel-talk-kongress\\\/#website\"},\"primaryImageOfPage\":{\"@id\":\"https:\\\/\\\/dfvcg-events.de\\\/fvw-travel-talk-kongress\\\/rueckblick-2025\\\/#primaryimage\"},\"image\":{\"@id\":\"https:\\\/\\\/dfvcg-events.de\\\/fvw-travel-talk-kongress\\\/rueckblick-2025\\\/#primaryimage\"},\"thumbnailUrl\":\"https:\\\/\\\/dfvcg-events.de\\\/fvw-travel-talk-kongress\\\/wp-content\\\/uploads\\\/sites\\\/59\\\/2025\\\/05\\\/241004-dfvCG-fvw-TTK-Visuel-date-800x800px.jpg\",\"datePublished\":\"2025-09-26T09:47:44+00:00\",\"dateModified\":\"2025-09-26T09:49:22+00:00\",\"description\":\"Zum fvw|TravelTalk Kongress begr\u00fc\u00dfen wir Top-Vortragende aus der Branche. Freuen Sie sich auf spannende Vortr\u00e4ge zu wichtigen Themen und Innovationen.\",\"breadcrumb\":{\"@id\":\"https:\\\/\\\/dfvcg-events.de\\\/fvw-travel-talk-kongress\\\/rueckblick-2025\\\/#breadcrumb\"},\"inLanguage\":\"de\",\"potentialAction\":[{\"@type\":\"ReadAction\",\"target\":[\"https:\\\/\\\/dfvcg-events.de\\\/fvw-travel-talk-kongress\\\/rueckblick-2025\\\/\"]}]},{\"@type\":\"ImageObject\",\"inLanguage\":\"de\",\"@id\":\"https:\\\/\\\/dfvcg-events.de\\\/fvw-travel-talk-kongress\\\/rueckblick-2025\\\/#primaryimage\",\"url\":\"https:\\\/\\\/dfvcg-events.de\\\/fvw-travel-talk-kongress\\\/wp-content\\\/uploads\\\/sites\\\/59\\\/2025\\\/05\\\/241004-dfvCG-fvw-TTK-Visuel-date-800x800px.jpg\",\"contentUrl\":\"https:\\\/\\\/dfvcg-events.de\\\/fvw-travel-talk-kongress\\\/wp-content\\\/uploads\\\/sites\\\/59\\\/2025\\\/05\\\/241004-dfvCG-fvw-TTK-Visuel-date-800x800px.jpg\",\"width\":800,\"height\":800},{\"@type\":\"BreadcrumbList\",\"@id\":\"https:\\\/\\\/dfvcg-events.de\\\/fvw-travel-talk-kongress\\\/rueckblick-2025\\\/#breadcrumb\",\"itemListElement\":[{\"@type\":\"ListItem\",\"position\":1,\"name\":\"Startseite\",\"item\":\"https:\\\/\\\/dfvcg-events.de\\\/fvw-travel-talk-kongress\\\/\"},{\"@type\":\"ListItem\",\"position\":2,\"name\":\"R\u00fcckblick 2025\"}]},{\"@type\":\"WebSite\",\"@id\":\"https:\\\/\\\/dfvcg-events.de\\\/fvw-travel-talk-kongress\\\/#website\",\"url\":\"https:\\\/\\\/dfvcg-events.de\\\/fvw-travel-talk-kongress\\\/\",\"name\":\"fvw|TravelTalk Kongress\",\"description\":\"dfv Conference Group\",\"publisher\":{\"@id\":\"https:\\\/\\\/dfvcg-events.de\\\/fvw-travel-talk-kongress\\\/#organization\"},\"alternateName\":\"fvw | Travel Talk Kongress\",\"potentialAction\":[{\"@type\":\"SearchAction\",\"target\":{\"@type\":\"EntryPoint\",\"urlTemplate\":\"https:\\\/\\\/dfvcg-events.de\\\/fvw-travel-talk-kongress\\\/?s={search_term_string}\"},\"query-input\":{\"@type\":\"PropertyValueSpecification\",\"valueRequired\":true,\"valueName\":\"search_term_string\"}}],\"inLanguage\":\"de\"},{\"@type\":\"Organization\",\"@id\":\"https:\\\/\\\/dfvcg-events.de\\\/fvw-travel-talk-kongress\\\/#organization\",\"name\":\"fvw|TravelTalk Kongress\",\"alternateName\":\"fvw | Travel Talk Kongress\",\"url\":\"https:\\\/\\\/dfvcg-events.de\\\/fvw-travel-talk-kongress\\\/\",\"logo\":{\"@type\":\"ImageObject\",\"inLanguage\":\"de\",\"@id\":\"https:\\\/\\\/dfvcg-events.de\\\/fvw-travel-talk-kongress\\\/#\\\/schema\\\/logo\\\/image\\\/\",\"url\":\"https:\\\/\\\/dfvcg-events.de\\\/fvw-travel-talk-kongress\\\/wp-content\\\/uploads\\\/sites\\\/59\\\/2024\\\/10\\\/dfvCG-fvw-Travel-Talk-teaser-800px.jpg\",\"contentUrl\":\"https:\\\/\\\/dfvcg-events.de\\\/fvw-travel-talk-kongress\\\/wp-content\\\/uploads\\\/sites\\\/59\\\/2024\\\/10\\\/dfvCG-fvw-Travel-Talk-teaser-800px.jpg\",\"width\":800,\"height\":800,\"caption\":\"fvw|TravelTalk Kongress\"},\"image\":{\"@id\":\"https:\\\/\\\/dfvcg-events.de\\\/fvw-travel-talk-kongress\\\/#\\\/schema\\\/logo\\\/image\\\/\"}}]}<\/script>\n<!-- \/ Yoast SEO plugin. -->","yoast_head_json":{"title":"R\u00fcckblick | fvw|TravelTalk Kongress | 2025 | Leipzig","description":"Zum fvw|TravelTalk Kongress begr\u00fc\u00dfen wir Top-Vortragende aus der Branche. Freuen Sie sich auf spannende Vortr\u00e4ge zu wichtigen Themen und Innovationen.","robots":{"index":"index","follow":"follow","max-snippet":"max-snippet:-1","max-image-preview":"max-image-preview:large","max-video-preview":"max-video-preview:-1"},"canonical":"https:\/\/dfvcg-events.de\/fvw-travel-talk-kongress\/rueckblick-2025\/","og_locale":"de_DE","og_type":"article","og_title":"R\u00fcckblick | fvw|TravelTalk Kongress | 2025 | Leipzig","og_description":"Zum fvw|TravelTalk Kongress begr\u00fc\u00dfen wir Top-Vortragende aus der Branche. Freuen Sie sich auf spannende Vortr\u00e4ge zu wichtigen Themen und Innovationen.","og_url":"https:\/\/dfvcg-events.de\/fvw-travel-talk-kongress\/rueckblick-2025\/","og_site_name":"fvw|TravelTalk Kongress","article_modified_time":"2025-09-26T09:49:22+00:00","og_image":[{"width":800,"height":800,"url":"https:\/\/dfvcg-events.de\/fvw-travel-talk-kongress\/wp-content\/uploads\/sites\/59\/2025\/05\/241004-dfvCG-fvw-TTK-Visuel-date-800x800px.jpg","type":"image\/jpeg"}],"twitter_card":"summary_large_image","twitter_misc":{"Gesch\u00e4tzte Lesezeit":"9\u00a0Minuten"},"schema":{"@context":"https:\/\/schema.org","@graph":[{"@type":"WebPage","@id":"https:\/\/dfvcg-events.de\/fvw-travel-talk-kongress\/rueckblick-2025\/","url":"https:\/\/dfvcg-events.de\/fvw-travel-talk-kongress\/rueckblick-2025\/","name":"R\u00fcckblick | fvw|TravelTalk Kongress | 2025 | Leipzig","isPartOf":{"@id":"https:\/\/dfvcg-events.de\/fvw-travel-talk-kongress\/#website"},"primaryImageOfPage":{"@id":"https:\/\/dfvcg-events.de\/fvw-travel-talk-kongress\/rueckblick-2025\/#primaryimage"},"image":{"@id":"https:\/\/dfvcg-events.de\/fvw-travel-talk-kongress\/rueckblick-2025\/#primaryimage"},"thumbnailUrl":"https:\/\/dfvcg-events.de\/fvw-travel-talk-kongress\/wp-content\/uploads\/sites\/59\/2025\/05\/241004-dfvCG-fvw-TTK-Visuel-date-800x800px.jpg","datePublished":"2025-09-26T09:47:44+00:00","dateModified":"2025-09-26T09:49:22+00:00","description":"Zum fvw|TravelTalk Kongress begr\u00fc\u00dfen wir Top-Vortragende aus der Branche. Freuen Sie sich auf spannende Vortr\u00e4ge zu wichtigen Themen und Innovationen.","breadcrumb":{"@id":"https:\/\/dfvcg-events.de\/fvw-travel-talk-kongress\/rueckblick-2025\/#breadcrumb"},"inLanguage":"de","potentialAction":[{"@type":"ReadAction","target":["https:\/\/dfvcg-events.de\/fvw-travel-talk-kongress\/rueckblick-2025\/"]}]},{"@type":"ImageObject","inLanguage":"de","@id":"https:\/\/dfvcg-events.de\/fvw-travel-talk-kongress\/rueckblick-2025\/#primaryimage","url":"https:\/\/dfvcg-events.de\/fvw-travel-talk-kongress\/wp-content\/uploads\/sites\/59\/2025\/05\/241004-dfvCG-fvw-TTK-Visuel-date-800x800px.jpg","contentUrl":"https:\/\/dfvcg-events.de\/fvw-travel-talk-kongress\/wp-content\/uploads\/sites\/59\/2025\/05\/241004-dfvCG-fvw-TTK-Visuel-date-800x800px.jpg","width":800,"height":800},{"@type":"BreadcrumbList","@id":"https:\/\/dfvcg-events.de\/fvw-travel-talk-kongress\/rueckblick-2025\/#breadcrumb","itemListElement":[{"@type":"ListItem","position":1,"name":"Startseite","item":"https:\/\/dfvcg-events.de\/fvw-travel-talk-kongress\/"},{"@type":"ListItem","position":2,"name":"R\u00fcckblick 2025"}]},{"@type":"WebSite","@id":"https:\/\/dfvcg-events.de\/fvw-travel-talk-kongress\/#website","url":"https:\/\/dfvcg-events.de\/fvw-travel-talk-kongress\/","name":"fvw|TravelTalk Kongress","description":"dfv Conference Group","publisher":{"@id":"https:\/\/dfvcg-events.de\/fvw-travel-talk-kongress\/#organization"},"alternateName":"fvw | Travel Talk Kongress","potentialAction":[{"@type":"SearchAction","target":{"@type":"EntryPoint","urlTemplate":"https:\/\/dfvcg-events.de\/fvw-travel-talk-kongress\/?s={search_term_string}"},"query-input":{"@type":"PropertyValueSpecification","valueRequired":true,"valueName":"search_term_string"}}],"inLanguage":"de"},{"@type":"Organization","@id":"https:\/\/dfvcg-events.de\/fvw-travel-talk-kongress\/#organization","name":"fvw|TravelTalk Kongress","alternateName":"fvw | Travel Talk Kongress","url":"https:\/\/dfvcg-events.de\/fvw-travel-talk-kongress\/","logo":{"@type":"ImageObject","inLanguage":"de","@id":"https:\/\/dfvcg-events.de\/fvw-travel-talk-kongress\/#\/schema\/logo\/image\/","url":"https:\/\/dfvcg-events.de\/fvw-travel-talk-kongress\/wp-content\/uploads\/sites\/59\/2024\/10\/dfvCG-fvw-Travel-Talk-teaser-800px.jpg","contentUrl":"https:\/\/dfvcg-events.de\/fvw-travel-talk-kongress\/wp-content\/uploads\/sites\/59\/2024\/10\/dfvCG-fvw-Travel-Talk-teaser-800px.jpg","width":800,"height":800,"caption":"fvw|TravelTalk Kongress"},"image":{"@id":"https:\/\/dfvcg-events.de\/fvw-travel-talk-kongress\/#\/schema\/logo\/image\/"}}]}},"_links":{"self":[{"href":"https:\/\/dfvcg-events.de\/fvw-travel-talk-kongress\/wp-json\/wp\/v2\/pages\/2802","targetHints":{"allow":["GET"]}}],"collection":[{"href":"https:\/\/dfvcg-events.de\/fvw-travel-talk-kongress\/wp-json\/wp\/v2\/pages"}],"about":[{"href":"https:\/\/dfvcg-events.de\/fvw-travel-talk-kongress\/wp-json\/wp\/v2\/types\/page"}],"author":[{"embeddable":true,"href":"https:\/\/dfvcg-events.de\/fvw-travel-talk-kongress\/wp-json\/wp\/v2\/users\/1"}],"replies":[{"embeddable":true,"href":"https:\/\/dfvcg-events.de\/fvw-travel-talk-kongress\/wp-json\/wp\/v2\/comments?post=2802"}],"version-history":[{"count":3,"href":"https:\/\/dfvcg-events.de\/fvw-travel-talk-kongress\/wp-json\/wp\/v2\/pages\/2802\/revisions"}],"predecessor-version":[{"id":2845,"href":"https:\/\/dfvcg-events.de\/fvw-travel-talk-kongress\/wp-json\/wp\/v2\/pages\/2802\/revisions\/2845"}],"wp:featuredmedia":[{"embeddable":true,"href":"https:\/\/dfvcg-events.de\/fvw-travel-talk-kongress\/wp-json\/wp\/v2\/media\/1806"}],"wp:attachment":[{"href":"https:\/\/dfvcg-events.de\/fvw-travel-talk-kongress\/wp-json\/wp\/v2\/media?parent=2802"}],"curies":[{"name":"wp","href":"https:\/\/api.w.org\/{rel}","templated":true}]}}