{"id":240,"date":"2020-03-20T00:18:11","date_gmt":"2020-03-19T23:18:11","guid":{"rendered":"https:\/\/dfvcg-events.de\/fvw-travel-talk-kongress\/?page_id=240"},"modified":"2026-04-07T11:09:09","modified_gmt":"2026-04-07T09:09:09","slug":"programm","status":"publish","type":"page","link":"https:\/\/dfvcg-events.de\/fvw-travel-talk-kongress\/programm\/","title":{"rendered":"Programm 2026"},"content":{"rendered":"\n<style type=\"text\/css\" data-created_by=\"avia_inline_auto\" id=\"style-css-av-m1yqydj8-74b5e53890a017337bba47fd68ce46a8\">\n.avia-section.av-m1yqydj8-74b5e53890a017337bba47fd68ce46a8{\nbackground-repeat:no-repeat;\nbackground-image:url(https:\/\/dfvcg-events.de\/fvw-travel-talk-kongress\/wp-content\/uploads\/sites\/59\/2024\/10\/dfvCG-fvw-Travel-Talk-header.jpg);\nbackground-position:100% 50%;\nbackground-attachment:scroll;\n}\n<\/style>\n<div id='av_section_1'  class='avia-section av-m1yqydj8-74b5e53890a017337bba47fd68ce46a8 main_color avia-section-default avia-no-border-styling  avia-builder-el-0  el_before_av_section  avia-builder-el-first  header-farbe avia-full-stretch avia-bg-style-scroll container_wrap fullsize'  data-section-bg-repeat='stretch'><div class='container av-section-cont-open' ><main  role=\"main\" itemprop=\"mainContentOfPage\"  class='template-page content  av-content-full alpha units'><div class='post-entry post-entry-type-page post-entry-240'><div class='entry-content-wrapper clearfix'>\n\n<style type=\"text\/css\" data-created_by=\"avia_inline_auto\" id=\"style-css-av-kki429qg-868b056014656d7768fd191200643a51\">\n#top .av-special-heading.av-kki429qg-868b056014656d7768fd191200643a51{\npadding-bottom:0;\ncolor:#ffffff;\n}\nbody .av-special-heading.av-kki429qg-868b056014656d7768fd191200643a51 .av-special-heading-tag .heading-char{\nfont-size:25px;\n}\n.av-special-heading.av-kki429qg-868b056014656d7768fd191200643a51 .special-heading-inner-border{\nborder-color:#ffffff;\n}\n.av-special-heading.av-kki429qg-868b056014656d7768fd191200643a51 .av-subheading{\nfont-size:15px;\n}\n<\/style>\n<div  class='av-special-heading av-kki429qg-868b056014656d7768fd191200643a51 av-special-heading-h1 custom-color-heading blockquote modern-quote  avia-builder-el-1  avia-builder-el-no-sibling '><div class='av_custom_color av-subheading av-subheading_above'><p>fvw|TravelTalk Kongress<\/p>\n<\/div><h1 class='av-special-heading-tag '  itemprop=\"headline\"  >Programm<\/h1><div class=\"special-heading-border\"><div class=\"special-heading-inner-border\"><\/div><\/div><\/div>\n\n<\/div><\/div><\/main><!-- close content main element --><\/div><\/div><div id='fahrplan'  class='avia-section av-rw53s-5b651e19fac5cbab7cdbabd2b6a0d615 main_color avia-section-default avia-no-border-styling  avia-builder-el-2  el_after_av_section  avia-builder-el-last  avia-bg-style-scroll container_wrap fullsize'  ><div class='container av-section-cont-open' ><div class='template-page content  av-content-full alpha units'><div class='post-entry post-entry-type-page post-entry-240'><div class='entry-content-wrapper clearfix'>\n<div  class='flex_column av-la4fk-69fcc7fe1cdeedda4d1c1736076b56a3 av_one_full  avia-builder-el-3  el_before_av_hr  avia-builder-el-first  first flex_column_div  '     ><style type=\"text\/css\" data-created_by=\"avia_inline_auto\" id=\"style-css-av-3akfrk-f5359b1855f9ae6fbf2cad57ada02bf8\">\n#top .av-special-heading.av-3akfrk-f5359b1855f9ae6fbf2cad57ada02bf8{\npadding-bottom:10px;\n}\nbody .av-special-heading.av-3akfrk-f5359b1855f9ae6fbf2cad57ada02bf8 .av-special-heading-tag .heading-char{\nfont-size:25px;\n}\n.av-special-heading.av-3akfrk-f5359b1855f9ae6fbf2cad57ada02bf8 .av-subheading{\nfont-size:15px;\n}\n<\/style>\n<div  class='av-special-heading av-3akfrk-f5359b1855f9ae6fbf2cad57ada02bf8 av-special-heading-h1 blockquote modern-quote modern-centered  avia-builder-el-4  avia-builder-el-no-sibling '><h1 class='av-special-heading-tag '  itemprop=\"headline\"  >Diese Impulse pr\u00e4gen den Kongress 2026<\/h1><div class=\"special-heading-border\"><div class=\"special-heading-inner-border\"><\/div><\/div><\/div><\/div>\n<style type=\"text\/css\" data-created_by=\"avia_inline_auto\" id=\"style-css-av-mae4ryvo-b02b82eaf5cd5f21150d7fc360b46d14\">\n#top .hr.hr-invisible.av-mae4ryvo-b02b82eaf5cd5f21150d7fc360b46d14{\nheight:50px;\n}\n<\/style>\n<div  class='hr av-mae4ryvo-b02b82eaf5cd5f21150d7fc360b46d14 hr-invisible  avia-builder-el-5  el_after_av_one_full  el_before_av_one_fourth '><span class='hr-inner '><span class=\"hr-inner-style\"><\/span><\/span><\/div>\n<div  class='flex_column av-b3ftc-5016f7de9c9c7063f57a73c833e93ba5 av_one_fourth  avia-builder-el-6  el_after_av_hr  el_before_av_one_fourth  first flex_column_div  '     ><p>\n<style type=\"text\/css\" data-created_by=\"avia_inline_auto\" id=\"style-css-av-mnoe36fi-df837340ca823e389135717a6be37b1b\">\n.avia-image-container.av-mnoe36fi-df837340ca823e389135717a6be37b1b img.avia_image{\nbox-shadow:none;\n}\n.avia-image-container.av-mnoe36fi-df837340ca823e389135717a6be37b1b .av-image-caption-overlay-center{\ncolor:#ffffff;\n}\n<\/style>\n<div  class='avia-image-container av-mnoe36fi-df837340ca823e389135717a6be37b1b av-styling- avia-align-center  avia-builder-el-7  el_before_av_heading  avia-builder-el-first '   itemprop=\"image\" itemscope=\"itemscope\" itemtype=\"https:\/\/schema.org\/ImageObject\" ><div class=\"avia-image-container-inner\"><div class=\"avia-image-overlay-wrap\"><img decoding=\"async\" fetchpriority=\"high\" class='wp-image-2999 avia-img-lazy-loading-not-2999 avia_image ' src=\"https:\/\/dfvcg-events.de\/fvw-travel-talk-kongress\/wp-content\/uploads\/sites\/59\/2026\/04\/Impuls-1-Kreuzfahrt.png\" alt='' title='Impuls-1-Kreuzfahrt'  height=\"300\" width=\"300\"  itemprop=\"thumbnailUrl\" srcset=\"https:\/\/dfvcg-events.de\/fvw-travel-talk-kongress\/wp-content\/uploads\/sites\/59\/2026\/04\/Impuls-1-Kreuzfahrt.png 947w, https:\/\/dfvcg-events.de\/fvw-travel-talk-kongress\/wp-content\/uploads\/sites\/59\/2026\/04\/Impuls-1-Kreuzfahrt-36x36.png 36w, https:\/\/dfvcg-events.de\/fvw-travel-talk-kongress\/wp-content\/uploads\/sites\/59\/2026\/04\/Impuls-1-Kreuzfahrt-180x180.png 180w, https:\/\/dfvcg-events.de\/fvw-travel-talk-kongress\/wp-content\/uploads\/sites\/59\/2026\/04\/Impuls-1-Kreuzfahrt-705x705.png 705w\" sizes=\"(max-width: 300px) 100vw, 300px\" \/><\/div><\/div><\/div><br \/>\n\n<style type=\"text\/css\" data-created_by=\"avia_inline_auto\" id=\"style-css-av-2o9spc-715b5e1e42863fc284aa91f4217af521\">\n#top .av-special-heading.av-2o9spc-715b5e1e42863fc284aa91f4217af521{\npadding-bottom:10px;\ncolor:#d60a12;\n}\nbody .av-special-heading.av-2o9spc-715b5e1e42863fc284aa91f4217af521 .av-special-heading-tag .heading-char{\nfont-size:25px;\n}\n.av-special-heading.av-2o9spc-715b5e1e42863fc284aa91f4217af521 .special-heading-inner-border{\nborder-color:#d60a12;\n}\n.av-special-heading.av-2o9spc-715b5e1e42863fc284aa91f4217af521 .av-subheading{\nfont-size:15px;\n}\n<\/style>\n<div  class='av-special-heading av-2o9spc-715b5e1e42863fc284aa91f4217af521 av-special-heading-h3 custom-color-heading blockquote modern-quote modern-centered  avia-builder-el-8  el_after_av_image  el_before_av_textblock '><h3 class='av-special-heading-tag '  itemprop=\"headline\"  >Kreuzfahrt im Investitionsboom<\/h3><div class=\"special-heading-border\"><div class=\"special-heading-inner-border\"><\/div><\/div><\/div><br \/>\n<section  class='av_textblock_section av-2i2aeo-d93dfad78d72ae7026b536f27aed3cec '   itemscope=\"itemscope\" itemtype=\"https:\/\/schema.org\/CreativeWork\" ><div class='avia_textblock'  itemprop=\"text\" ><p style=\"text-align: center;\">Wie lassen sich Milliardeninvestitionen, wachsende Kapazit\u00e4ten und neue Zielgruppen in nachhaltige Nachfrage und Ertrag \u00fcbersetzen \u2013 und welche Vertriebsmodelle tragen den Boom wirklich.<\/p>\n<\/div><\/section><\/p><\/div><div  class='flex_column av-ivdqw-0f8ff6a61123389fd7d6453fa76ef61f av_one_fourth  avia-builder-el-10  el_after_av_one_fourth  el_before_av_one_fourth  flex_column_div  '     ><p>\n<style type=\"text\/css\" data-created_by=\"avia_inline_auto\" id=\"style-css-av-mnoe48u0-99e2f5bd120acbe80696a20bddc0b70b\">\n.avia-image-container.av-mnoe48u0-99e2f5bd120acbe80696a20bddc0b70b img.avia_image{\nbox-shadow:none;\n}\n.avia-image-container.av-mnoe48u0-99e2f5bd120acbe80696a20bddc0b70b .av-image-caption-overlay-center{\ncolor:#ffffff;\n}\n<\/style>\n<div  class='avia-image-container av-mnoe48u0-99e2f5bd120acbe80696a20bddc0b70b av-styling- avia-align-center  avia-builder-el-11  el_before_av_heading  avia-builder-el-first '   itemprop=\"image\" itemscope=\"itemscope\" itemtype=\"https:\/\/schema.org\/ImageObject\" ><div class=\"avia-image-container-inner\"><div class=\"avia-image-overlay-wrap\"><img decoding=\"async\" fetchpriority=\"high\" class='wp-image-3000 avia-img-lazy-loading-not-3000 avia_image ' src=\"https:\/\/dfvcg-events.de\/fvw-travel-talk-kongress\/wp-content\/uploads\/sites\/59\/2026\/04\/Impuls-2-Airline.png\" alt='' title='Impuls-2-Airline'  height=\"300\" width=\"300\"  itemprop=\"thumbnailUrl\" srcset=\"https:\/\/dfvcg-events.de\/fvw-travel-talk-kongress\/wp-content\/uploads\/sites\/59\/2026\/04\/Impuls-2-Airline.png 947w, https:\/\/dfvcg-events.de\/fvw-travel-talk-kongress\/wp-content\/uploads\/sites\/59\/2026\/04\/Impuls-2-Airline-36x36.png 36w, https:\/\/dfvcg-events.de\/fvw-travel-talk-kongress\/wp-content\/uploads\/sites\/59\/2026\/04\/Impuls-2-Airline-180x180.png 180w, https:\/\/dfvcg-events.de\/fvw-travel-talk-kongress\/wp-content\/uploads\/sites\/59\/2026\/04\/Impuls-2-Airline-705x705.png 705w\" sizes=\"(max-width: 300px) 100vw, 300px\" \/><\/div><\/div><\/div><br \/>\n\n<style type=\"text\/css\" data-created_by=\"avia_inline_auto\" id=\"style-css-av-mnoe55p5-4a6708245762d5fef0755a10cb387c60\">\n#top .av-special-heading.av-mnoe55p5-4a6708245762d5fef0755a10cb387c60{\npadding-bottom:10px;\ncolor:#d60a12;\n}\nbody .av-special-heading.av-mnoe55p5-4a6708245762d5fef0755a10cb387c60 .av-special-heading-tag .heading-char{\nfont-size:25px;\n}\n.av-special-heading.av-mnoe55p5-4a6708245762d5fef0755a10cb387c60 .special-heading-inner-border{\nborder-color:#d60a12;\n}\n.av-special-heading.av-mnoe55p5-4a6708245762d5fef0755a10cb387c60 .av-subheading{\nfont-size:15px;\n}\n<\/style>\n<div  class='av-special-heading av-mnoe55p5-4a6708245762d5fef0755a10cb387c60 av-special-heading-h3 custom-color-heading blockquote modern-quote modern-centered  avia-builder-el-12  el_after_av_image  el_before_av_textblock '><h3 class='av-special-heading-tag '  itemprop=\"headline\"  >Zukunft der Golf-Drehkreuze<\/h3><div class=\"special-heading-border\"><div class=\"special-heading-inner-border\"><\/div><\/div><\/div><br \/>\n<section  class='av_textblock_section av-mnoe8bcd-3a05bc141ee7badaced5cec5473d43df '   itemscope=\"itemscope\" itemtype=\"https:\/\/schema.org\/CreativeWork\" ><div class='avia_textblock'  itemprop=\"text\" ><p style=\"text-align: center;\">Kapazit\u00e4tsverschiebungen an den Golf Hubs ver\u00e4ndern die globale Routenf\u00fchrung \u2013 und verschieben das Gleichgewicht zwischen Nonstop Verbindungen und internationalen Drehkreuzen neu.<\/p>\n<\/div><\/section><\/p><\/div><div  class='flex_column av-fpeco-425767a48c5f039113adef99a88b28d3 av_one_fourth  avia-builder-el-14  el_after_av_one_fourth  el_before_av_one_fourth  flex_column_div  '     ><p>\n<style type=\"text\/css\" data-created_by=\"avia_inline_auto\" id=\"style-css-av-mnoe4gw0-e631fe03a0ad9287742a5a2f3c4f1310\">\n.avia-image-container.av-mnoe4gw0-e631fe03a0ad9287742a5a2f3c4f1310 img.avia_image{\nbox-shadow:none;\n}\n.avia-image-container.av-mnoe4gw0-e631fe03a0ad9287742a5a2f3c4f1310 .av-image-caption-overlay-center{\ncolor:#ffffff;\n}\n<\/style>\n<div  class='avia-image-container av-mnoe4gw0-e631fe03a0ad9287742a5a2f3c4f1310 av-styling- avia-align-center  avia-builder-el-15  el_before_av_heading  avia-builder-el-first '   itemprop=\"image\" itemscope=\"itemscope\" itemtype=\"https:\/\/schema.org\/ImageObject\" ><div class=\"avia-image-container-inner\"><div class=\"avia-image-overlay-wrap\"><img decoding=\"async\" fetchpriority=\"high\" class='wp-image-2997 avia-img-lazy-loading-not-2997 avia_image ' src=\"https:\/\/dfvcg-events.de\/fvw-travel-talk-kongress\/wp-content\/uploads\/sites\/59\/2026\/04\/Impuls-3-New-Travel.png\" alt='' title='Impuls-3-New Travel'  height=\"300\" width=\"300\"  itemprop=\"thumbnailUrl\" srcset=\"https:\/\/dfvcg-events.de\/fvw-travel-talk-kongress\/wp-content\/uploads\/sites\/59\/2026\/04\/Impuls-3-New-Travel.png 947w, https:\/\/dfvcg-events.de\/fvw-travel-talk-kongress\/wp-content\/uploads\/sites\/59\/2026\/04\/Impuls-3-New-Travel-36x36.png 36w, https:\/\/dfvcg-events.de\/fvw-travel-talk-kongress\/wp-content\/uploads\/sites\/59\/2026\/04\/Impuls-3-New-Travel-180x180.png 180w, https:\/\/dfvcg-events.de\/fvw-travel-talk-kongress\/wp-content\/uploads\/sites\/59\/2026\/04\/Impuls-3-New-Travel-705x705.png 705w\" sizes=\"(max-width: 300px) 100vw, 300px\" \/><\/div><\/div><\/div><br \/>\n\n<style type=\"text\/css\" data-created_by=\"avia_inline_auto\" id=\"style-css-av-mnoe7f73-824912fdacb4e8ca41edb4f5cf9e0c37\">\n#top .av-special-heading.av-mnoe7f73-824912fdacb4e8ca41edb4f5cf9e0c37{\npadding-bottom:10px;\ncolor:#d60a12;\n}\nbody .av-special-heading.av-mnoe7f73-824912fdacb4e8ca41edb4f5cf9e0c37 .av-special-heading-tag .heading-char{\nfont-size:25px;\n}\n.av-special-heading.av-mnoe7f73-824912fdacb4e8ca41edb4f5cf9e0c37 .special-heading-inner-border{\nborder-color:#d60a12;\n}\n.av-special-heading.av-mnoe7f73-824912fdacb4e8ca41edb4f5cf9e0c37 .av-subheading{\nfont-size:15px;\n}\n<\/style>\n<div  class='av-special-heading av-mnoe7f73-824912fdacb4e8ca41edb4f5cf9e0c37 av-special-heading-h3 custom-color-heading blockquote modern-quote modern-centered  avia-builder-el-16  el_after_av_image  el_before_av_textblock '><h3 class='av-special-heading-tag '  itemprop=\"headline\"  >New Travel<\/h3><div class=\"special-heading-border\"><div class=\"special-heading-inner-border\"><\/div><\/div><\/div><br \/>\n<section  class='av_textblock_section av-mnoe8mge-52308a15a0296cc9c1eb799a96ae456b '   itemscope=\"itemscope\" itemtype=\"https:\/\/schema.org\/CreativeWork\" ><div class='avia_textblock'  itemprop=\"text\" ><p style=\"text-align: center;\">Wie Plattformen mit KI, Daten und Hyper Personalisierung Service und Customer Experience neu definieren \u2013 und wie sie Reisende binden, ohne Individualit\u00e4t zu verlieren.<\/p>\n<\/div><\/section><\/p><\/div><div  class='flex_column av-9bxjs-741e07a14e744950fe21561454fdb12a av_one_fourth  avia-builder-el-18  el_after_av_one_fourth  avia-builder-el-last  flex_column_div  '     ><p>\n<style type=\"text\/css\" data-created_by=\"avia_inline_auto\" id=\"style-css-av-mnoe4nov-dd3fc11be149c057cd72ceb83f559d75\">\n.avia-image-container.av-mnoe4nov-dd3fc11be149c057cd72ceb83f559d75 img.avia_image{\nbox-shadow:none;\n}\n.avia-image-container.av-mnoe4nov-dd3fc11be149c057cd72ceb83f559d75 .av-image-caption-overlay-center{\ncolor:#ffffff;\n}\n<\/style>\n<div  class='avia-image-container av-mnoe4nov-dd3fc11be149c057cd72ceb83f559d75 av-styling- avia-align-center  avia-builder-el-19  el_before_av_heading  avia-builder-el-first '   itemprop=\"image\" itemscope=\"itemscope\" itemtype=\"https:\/\/schema.org\/ImageObject\" ><div class=\"avia-image-container-inner\"><div class=\"avia-image-overlay-wrap\"><img decoding=\"async\" fetchpriority=\"high\" class='wp-image-2998 avia-img-lazy-loading-not-2998 avia_image ' src=\"https:\/\/dfvcg-events.de\/fvw-travel-talk-kongress\/wp-content\/uploads\/sites\/59\/2026\/04\/Impuls-4-Investoren.png\" alt='' title='Impuls-4-Investoren'  height=\"300\" width=\"300\"  itemprop=\"thumbnailUrl\" srcset=\"https:\/\/dfvcg-events.de\/fvw-travel-talk-kongress\/wp-content\/uploads\/sites\/59\/2026\/04\/Impuls-4-Investoren.png 947w, https:\/\/dfvcg-events.de\/fvw-travel-talk-kongress\/wp-content\/uploads\/sites\/59\/2026\/04\/Impuls-4-Investoren-36x36.png 36w, https:\/\/dfvcg-events.de\/fvw-travel-talk-kongress\/wp-content\/uploads\/sites\/59\/2026\/04\/Impuls-4-Investoren-180x180.png 180w, https:\/\/dfvcg-events.de\/fvw-travel-talk-kongress\/wp-content\/uploads\/sites\/59\/2026\/04\/Impuls-4-Investoren-705x705.png 705w\" sizes=\"(max-width: 300px) 100vw, 300px\" \/><\/div><\/div><\/div><br \/>\n\n<style type=\"text\/css\" data-created_by=\"avia_inline_auto\" id=\"style-css-av-mnoe7mje-965694ba284fbd491347781c773e1260\">\n#top .av-special-heading.av-mnoe7mje-965694ba284fbd491347781c773e1260{\npadding-bottom:10px;\ncolor:#d60a12;\n}\nbody .av-special-heading.av-mnoe7mje-965694ba284fbd491347781c773e1260 .av-special-heading-tag .heading-char{\nfont-size:25px;\n}\n.av-special-heading.av-mnoe7mje-965694ba284fbd491347781c773e1260 .special-heading-inner-border{\nborder-color:#d60a12;\n}\n.av-special-heading.av-mnoe7mje-965694ba284fbd491347781c773e1260 .av-subheading{\nfont-size:15px;\n}\n<\/style>\n<div  class='av-special-heading av-mnoe7mje-965694ba284fbd491347781c773e1260 av-special-heading-h3 custom-color-heading blockquote modern-quote modern-centered  avia-builder-el-20  el_after_av_image  el_before_av_textblock '><h3 class='av-special-heading-tag '  itemprop=\"headline\"  >Die Branche aus Investorensicht<\/h3><div class=\"special-heading-border\"><div class=\"special-heading-inner-border\"><\/div><\/div><\/div><br \/>\n<section  class='av_textblock_section av-mnoe91qw-7e58137e135a969218e1369feafc4bfc '   itemscope=\"itemscope\" itemtype=\"https:\/\/schema.org\/CreativeWork\" ><div class='avia_textblock'  itemprop=\"text\" ><p style=\"text-align: center;\">Wie Investoren Chancen, Risiken und Skalierbarkeit touristischer Gesch\u00e4ftsmodelle bewerten \u2013 und welche Faktoren \u00fcber Zukunftsf\u00e4higkeit und Wachstum entscheiden.<\/p>\n<\/div><\/section><\/p><\/div>\n\n","protected":false},"excerpt":{"rendered":"","protected":false},"author":1,"featured_media":3013,"parent":0,"menu_order":0,"comment_status":"closed","ping_status":"closed","template":"","meta":{"footnotes":""},"class_list":["post-240","page","type-page","status-publish","has-post-thumbnail","hentry"],"yoast_head":"<!-- This site is optimized with the Yoast SEO plugin v27.4 - https:\/\/yoast.com\/product\/yoast-seo-wordpress\/ -->\n<title>Programm | fvw|TravelTalk Kongress | 15\/16. September 2026 | Leipzig<\/title>\n<meta name=\"description\" content=\"Als Teilnehmer:in des fvw|TravelTalk Kongresses erwarten Sie die wichtigsten Themen, Innovationen und Highlights der Branche. Hier geht es zum Programm!\" \/>\n<meta name=\"robots\" content=\"index, follow, max-snippet:-1, max-image-preview:large, max-video-preview:-1\" \/>\n<link rel=\"canonical\" href=\"https:\/\/dfvcg-events.de\/fvw-travel-talk-kongress\/programm\/\" \/>\n<meta property=\"og:locale\" content=\"de_DE\" \/>\n<meta property=\"og:type\" content=\"article\" \/>\n<meta property=\"og:title\" content=\"Programm | fvw|TravelTalk Kongress | 15\/16. September 2026 | Leipzig\" \/>\n<meta property=\"og:description\" content=\"Als Teilnehmer:in des fvw|TravelTalk Kongresses erwarten Sie die wichtigsten Themen, Innovationen und Highlights der Branche. Hier geht es zum Programm!\" \/>\n<meta property=\"og:url\" content=\"https:\/\/dfvcg-events.de\/fvw-travel-talk-kongress\/programm\/\" \/>\n<meta property=\"og:site_name\" content=\"fvw|TravelTalk Kongress\" \/>\n<meta property=\"article:modified_time\" content=\"2026-04-07T09:09:09+00:00\" \/>\n<meta property=\"og:image\" content=\"https:\/\/dfvcg-events.de\/fvw-travel-talk-kongress\/wp-content\/uploads\/sites\/59\/2026\/04\/260106-dfvCG-fvw-TTK-Visuel-2026-date-800x800px.jpg\" \/>\n\t<meta property=\"og:image:width\" content=\"800\" \/>\n\t<meta property=\"og:image:height\" content=\"800\" \/>\n\t<meta property=\"og:image:type\" content=\"image\/jpeg\" \/>\n<meta name=\"twitter:card\" content=\"summary_large_image\" \/>\n<meta name=\"twitter:label1\" content=\"Gesch\u00e4tzte Lesezeit\" \/>\n\t<meta name=\"twitter:data1\" content=\"2\u00a0Minuten\" \/>\n<script type=\"application\/ld+json\" class=\"yoast-schema-graph\">{\"@context\":\"https:\\\/\\\/schema.org\",\"@graph\":[{\"@type\":\"WebPage\",\"@id\":\"https:\\\/\\\/dfvcg-events.de\\\/fvw-travel-talk-kongress\\\/programm\\\/\",\"url\":\"https:\\\/\\\/dfvcg-events.de\\\/fvw-travel-talk-kongress\\\/programm\\\/\",\"name\":\"Programm | fvw|TravelTalk Kongress | 15\\\/16. September 2026 | Leipzig\",\"isPartOf\":{\"@id\":\"https:\\\/\\\/dfvcg-events.de\\\/fvw-travel-talk-kongress\\\/#website\"},\"primaryImageOfPage\":{\"@id\":\"https:\\\/\\\/dfvcg-events.de\\\/fvw-travel-talk-kongress\\\/programm\\\/#primaryimage\"},\"image\":{\"@id\":\"https:\\\/\\\/dfvcg-events.de\\\/fvw-travel-talk-kongress\\\/programm\\\/#primaryimage\"},\"thumbnailUrl\":\"https:\\\/\\\/dfvcg-events.de\\\/fvw-travel-talk-kongress\\\/wp-content\\\/uploads\\\/sites\\\/59\\\/2026\\\/04\\\/260106-dfvCG-fvw-TTK-Visuel-2026-date-800x800px.jpg\",\"datePublished\":\"2020-03-19T23:18:11+00:00\",\"dateModified\":\"2026-04-07T09:09:09+00:00\",\"description\":\"Als Teilnehmer:in des fvw|TravelTalk Kongresses erwarten Sie die wichtigsten Themen, Innovationen und Highlights der Branche. Hier geht es zum Programm!\",\"breadcrumb\":{\"@id\":\"https:\\\/\\\/dfvcg-events.de\\\/fvw-travel-talk-kongress\\\/programm\\\/#breadcrumb\"},\"inLanguage\":\"de\",\"potentialAction\":[{\"@type\":\"ReadAction\",\"target\":[\"https:\\\/\\\/dfvcg-events.de\\\/fvw-travel-talk-kongress\\\/programm\\\/\"]}]},{\"@type\":\"ImageObject\",\"inLanguage\":\"de\",\"@id\":\"https:\\\/\\\/dfvcg-events.de\\\/fvw-travel-talk-kongress\\\/programm\\\/#primaryimage\",\"url\":\"https:\\\/\\\/dfvcg-events.de\\\/fvw-travel-talk-kongress\\\/wp-content\\\/uploads\\\/sites\\\/59\\\/2026\\\/04\\\/260106-dfvCG-fvw-TTK-Visuel-2026-date-800x800px.jpg\",\"contentUrl\":\"https:\\\/\\\/dfvcg-events.de\\\/fvw-travel-talk-kongress\\\/wp-content\\\/uploads\\\/sites\\\/59\\\/2026\\\/04\\\/260106-dfvCG-fvw-TTK-Visuel-2026-date-800x800px.jpg\",\"width\":800,\"height\":800},{\"@type\":\"BreadcrumbList\",\"@id\":\"https:\\\/\\\/dfvcg-events.de\\\/fvw-travel-talk-kongress\\\/programm\\\/#breadcrumb\",\"itemListElement\":[{\"@type\":\"ListItem\",\"position\":1,\"name\":\"Startseite\",\"item\":\"https:\\\/\\\/dfvcg-events.de\\\/fvw-travel-talk-kongress\\\/\"},{\"@type\":\"ListItem\",\"position\":2,\"name\":\"Programm 2026\"}]},{\"@type\":\"WebSite\",\"@id\":\"https:\\\/\\\/dfvcg-events.de\\\/fvw-travel-talk-kongress\\\/#website\",\"url\":\"https:\\\/\\\/dfvcg-events.de\\\/fvw-travel-talk-kongress\\\/\",\"name\":\"fvw|TravelTalk Kongress\",\"description\":\"dfv Conference Group\",\"publisher\":{\"@id\":\"https:\\\/\\\/dfvcg-events.de\\\/fvw-travel-talk-kongress\\\/#organization\"},\"alternateName\":\"fvw | Travel Talk Kongress\",\"potentialAction\":[{\"@type\":\"SearchAction\",\"target\":{\"@type\":\"EntryPoint\",\"urlTemplate\":\"https:\\\/\\\/dfvcg-events.de\\\/fvw-travel-talk-kongress\\\/?s={search_term_string}\"},\"query-input\":{\"@type\":\"PropertyValueSpecification\",\"valueRequired\":true,\"valueName\":\"search_term_string\"}}],\"inLanguage\":\"de\"},{\"@type\":\"Organization\",\"@id\":\"https:\\\/\\\/dfvcg-events.de\\\/fvw-travel-talk-kongress\\\/#organization\",\"name\":\"fvw|TravelTalk Kongress\",\"alternateName\":\"fvw | Travel Talk Kongress\",\"url\":\"https:\\\/\\\/dfvcg-events.de\\\/fvw-travel-talk-kongress\\\/\",\"logo\":{\"@type\":\"ImageObject\",\"inLanguage\":\"de\",\"@id\":\"https:\\\/\\\/dfvcg-events.de\\\/fvw-travel-talk-kongress\\\/#\\\/schema\\\/logo\\\/image\\\/\",\"url\":\"https:\\\/\\\/dfvcg-events.de\\\/fvw-travel-talk-kongress\\\/wp-content\\\/uploads\\\/sites\\\/59\\\/2024\\\/10\\\/dfvCG-fvw-Travel-Talk-teaser-800px.jpg\",\"contentUrl\":\"https:\\\/\\\/dfvcg-events.de\\\/fvw-travel-talk-kongress\\\/wp-content\\\/uploads\\\/sites\\\/59\\\/2024\\\/10\\\/dfvCG-fvw-Travel-Talk-teaser-800px.jpg\",\"width\":800,\"height\":800,\"caption\":\"fvw|TravelTalk Kongress\"},\"image\":{\"@id\":\"https:\\\/\\\/dfvcg-events.de\\\/fvw-travel-talk-kongress\\\/#\\\/schema\\\/logo\\\/image\\\/\"}}]}<\/script>\n<!-- \/ Yoast SEO plugin. -->","yoast_head_json":{"title":"Programm | fvw|TravelTalk Kongress | 15\/16. September 2026 | Leipzig","description":"Als Teilnehmer:in des fvw|TravelTalk Kongresses erwarten Sie die wichtigsten Themen, Innovationen und Highlights der Branche. Hier geht es zum Programm!","robots":{"index":"index","follow":"follow","max-snippet":"max-snippet:-1","max-image-preview":"max-image-preview:large","max-video-preview":"max-video-preview:-1"},"canonical":"https:\/\/dfvcg-events.de\/fvw-travel-talk-kongress\/programm\/","og_locale":"de_DE","og_type":"article","og_title":"Programm | fvw|TravelTalk Kongress | 15\/16. September 2026 | Leipzig","og_description":"Als Teilnehmer:in des fvw|TravelTalk Kongresses erwarten Sie die wichtigsten Themen, Innovationen und Highlights der Branche. Hier geht es zum Programm!","og_url":"https:\/\/dfvcg-events.de\/fvw-travel-talk-kongress\/programm\/","og_site_name":"fvw|TravelTalk Kongress","article_modified_time":"2026-04-07T09:09:09+00:00","og_image":[{"width":800,"height":800,"url":"https:\/\/dfvcg-events.de\/fvw-travel-talk-kongress\/wp-content\/uploads\/sites\/59\/2026\/04\/260106-dfvCG-fvw-TTK-Visuel-2026-date-800x800px.jpg","type":"image\/jpeg"}],"twitter_card":"summary_large_image","twitter_misc":{"Gesch\u00e4tzte Lesezeit":"2\u00a0Minuten"},"schema":{"@context":"https:\/\/schema.org","@graph":[{"@type":"WebPage","@id":"https:\/\/dfvcg-events.de\/fvw-travel-talk-kongress\/programm\/","url":"https:\/\/dfvcg-events.de\/fvw-travel-talk-kongress\/programm\/","name":"Programm | fvw|TravelTalk Kongress | 15\/16. September 2026 | Leipzig","isPartOf":{"@id":"https:\/\/dfvcg-events.de\/fvw-travel-talk-kongress\/#website"},"primaryImageOfPage":{"@id":"https:\/\/dfvcg-events.de\/fvw-travel-talk-kongress\/programm\/#primaryimage"},"image":{"@id":"https:\/\/dfvcg-events.de\/fvw-travel-talk-kongress\/programm\/#primaryimage"},"thumbnailUrl":"https:\/\/dfvcg-events.de\/fvw-travel-talk-kongress\/wp-content\/uploads\/sites\/59\/2026\/04\/260106-dfvCG-fvw-TTK-Visuel-2026-date-800x800px.jpg","datePublished":"2020-03-19T23:18:11+00:00","dateModified":"2026-04-07T09:09:09+00:00","description":"Als Teilnehmer:in des fvw|TravelTalk Kongresses erwarten Sie die wichtigsten Themen, Innovationen und Highlights der Branche. Hier geht es zum Programm!","breadcrumb":{"@id":"https:\/\/dfvcg-events.de\/fvw-travel-talk-kongress\/programm\/#breadcrumb"},"inLanguage":"de","potentialAction":[{"@type":"ReadAction","target":["https:\/\/dfvcg-events.de\/fvw-travel-talk-kongress\/programm\/"]}]},{"@type":"ImageObject","inLanguage":"de","@id":"https:\/\/dfvcg-events.de\/fvw-travel-talk-kongress\/programm\/#primaryimage","url":"https:\/\/dfvcg-events.de\/fvw-travel-talk-kongress\/wp-content\/uploads\/sites\/59\/2026\/04\/260106-dfvCG-fvw-TTK-Visuel-2026-date-800x800px.jpg","contentUrl":"https:\/\/dfvcg-events.de\/fvw-travel-talk-kongress\/wp-content\/uploads\/sites\/59\/2026\/04\/260106-dfvCG-fvw-TTK-Visuel-2026-date-800x800px.jpg","width":800,"height":800},{"@type":"BreadcrumbList","@id":"https:\/\/dfvcg-events.de\/fvw-travel-talk-kongress\/programm\/#breadcrumb","itemListElement":[{"@type":"ListItem","position":1,"name":"Startseite","item":"https:\/\/dfvcg-events.de\/fvw-travel-talk-kongress\/"},{"@type":"ListItem","position":2,"name":"Programm 2026"}]},{"@type":"WebSite","@id":"https:\/\/dfvcg-events.de\/fvw-travel-talk-kongress\/#website","url":"https:\/\/dfvcg-events.de\/fvw-travel-talk-kongress\/","name":"fvw|TravelTalk Kongress","description":"dfv Conference Group","publisher":{"@id":"https:\/\/dfvcg-events.de\/fvw-travel-talk-kongress\/#organization"},"alternateName":"fvw | Travel Talk Kongress","potentialAction":[{"@type":"SearchAction","target":{"@type":"EntryPoint","urlTemplate":"https:\/\/dfvcg-events.de\/fvw-travel-talk-kongress\/?s={search_term_string}"},"query-input":{"@type":"PropertyValueSpecification","valueRequired":true,"valueName":"search_term_string"}}],"inLanguage":"de"},{"@type":"Organization","@id":"https:\/\/dfvcg-events.de\/fvw-travel-talk-kongress\/#organization","name":"fvw|TravelTalk Kongress","alternateName":"fvw | Travel Talk Kongress","url":"https:\/\/dfvcg-events.de\/fvw-travel-talk-kongress\/","logo":{"@type":"ImageObject","inLanguage":"de","@id":"https:\/\/dfvcg-events.de\/fvw-travel-talk-kongress\/#\/schema\/logo\/image\/","url":"https:\/\/dfvcg-events.de\/fvw-travel-talk-kongress\/wp-content\/uploads\/sites\/59\/2024\/10\/dfvCG-fvw-Travel-Talk-teaser-800px.jpg","contentUrl":"https:\/\/dfvcg-events.de\/fvw-travel-talk-kongress\/wp-content\/uploads\/sites\/59\/2024\/10\/dfvCG-fvw-Travel-Talk-teaser-800px.jpg","width":800,"height":800,"caption":"fvw|TravelTalk Kongress"},"image":{"@id":"https:\/\/dfvcg-events.de\/fvw-travel-talk-kongress\/#\/schema\/logo\/image\/"}}]}},"_links":{"self":[{"href":"https:\/\/dfvcg-events.de\/fvw-travel-talk-kongress\/wp-json\/wp\/v2\/pages\/240","targetHints":{"allow":["GET"]}}],"collection":[{"href":"https:\/\/dfvcg-events.de\/fvw-travel-talk-kongress\/wp-json\/wp\/v2\/pages"}],"about":[{"href":"https:\/\/dfvcg-events.de\/fvw-travel-talk-kongress\/wp-json\/wp\/v2\/types\/page"}],"author":[{"embeddable":true,"href":"https:\/\/dfvcg-events.de\/fvw-travel-talk-kongress\/wp-json\/wp\/v2\/users\/1"}],"replies":[{"embeddable":true,"href":"https:\/\/dfvcg-events.de\/fvw-travel-talk-kongress\/wp-json\/wp\/v2\/comments?post=240"}],"version-history":[{"count":113,"href":"https:\/\/dfvcg-events.de\/fvw-travel-talk-kongress\/wp-json\/wp\/v2\/pages\/240\/revisions"}],"predecessor-version":[{"id":3038,"href":"https:\/\/dfvcg-events.de\/fvw-travel-talk-kongress\/wp-json\/wp\/v2\/pages\/240\/revisions\/3038"}],"wp:featuredmedia":[{"embeddable":true,"href":"https:\/\/dfvcg-events.de\/fvw-travel-talk-kongress\/wp-json\/wp\/v2\/media\/3013"}],"wp:attachment":[{"href":"https:\/\/dfvcg-events.de\/fvw-travel-talk-kongress\/wp-json\/wp\/v2\/media?parent=240"}],"curies":[{"name":"wp","href":"https:\/\/api.w.org\/{rel}","templated":true}]}}