{"id":16,"date":"2020-03-18T21:01:25","date_gmt":"2020-03-18T20:01:25","guid":{"rendered":"https:\/\/dfvcg-events.de\/fvw-travel-talk-kongress\/?page_id=16"},"modified":"2026-04-27T11:22:13","modified_gmt":"2026-04-27T09:22:13","slug":"start","status":"publish","type":"page","link":"https:\/\/dfvcg-events.de\/fvw-travel-talk-kongress\/","title":{"rendered":"fvw|TravelTalk Kongress"},"content":{"rendered":"\n<style type=\"text\/css\" data-created_by=\"avia_inline_auto\" id=\"style-css-av-k7yuhjt1-7c16d8bd7be1e3d826a92110304355d9\">\n.avia-section.av-k7yuhjt1-7c16d8bd7be1e3d826a92110304355d9{\nbackground-repeat:no-repeat;\nbackground-image:url(https:\/\/dfvcg-events.de\/fvw-travel-talk-kongress\/wp-content\/uploads\/sites\/59\/2024\/10\/dfvCG-fvw-Travel-Talk-hintergrund.jpg);\nbackground-position:100% 50%;\nbackground-attachment:scroll;\n}\n<\/style>\n<div id='av_section_1'  class='avia-section av-k7yuhjt1-7c16d8bd7be1e3d826a92110304355d9 main_color avia-section-default avia-no-border-styling  avia-builder-el-0  el_before_av_section  avia-builder-el-first  avia-full-stretch avia-bg-style-scroll av-minimum-height av-minimum-height-75 av-height-75  container_wrap fullsize'  data-section-bg-repeat='stretch' data-av_minimum_height_pc='75' data-av_min_height_opt='75'><div class=\"av-section-color-overlay-wrap\"><a href='#next-section' title='' class='scroll-down-link  avia-svg-icon avia-font-svg_entypo-fontello' data-av_svg_icon='down-open-mini' data-av_iconset='svg_entypo-fontello'><svg version=\"1.1\" xmlns=\"http:\/\/www.w3.org\/2000\/svg\" width=\"15\" height=\"32\" viewBox=\"0 0 15 32\" preserveAspectRatio=\"xMidYMid meet\" aria-labelledby='av-svg-title-1' aria-describedby='av-svg-desc-1' role=\"graphics-symbol\" aria-hidden=\"true\">\n<title id='av-svg-title-1'>Scroll to next section<\/title>\n<desc id='av-svg-desc-1'>Scroll to next section<\/desc>\n<path d=\"M12.96 12.16q0.704-0.832 1.536 0 0.832 0.704 0 1.536l-6.272 6.144q-0.704 0.704-1.536 0l-6.272-6.144q-0.832-0.832 0-1.536 0.768-0.768 1.6 0l5.44 4.992z\"><\/path>\n<\/svg><\/a><div class='container av-section-cont-open' ><main  role=\"main\" itemprop=\"mainContentOfPage\"  class='template-page content  av-content-full alpha units'><div class='post-entry post-entry-type-page post-entry-16'><div class='entry-content-wrapper clearfix'>\n<div class='flex_column_table av-k7xsgdvc-99439a0a9a6290c3e1db4e4cb87dcccc sc-av_two_fifth av-break-at-tablet-flextable av-equal-height-column-flextable'>\n<style type=\"text\/css\" data-created_by=\"avia_inline_auto\" id=\"style-css-av-k7xsgdvc-99439a0a9a6290c3e1db4e4cb87dcccc\">\n.flex_column.av-k7xsgdvc-99439a0a9a6290c3e1db4e4cb87dcccc{\nborder-radius:0px 0px 0px 0px;\npadding:0px 0px 0px 0px;\n}\n<\/style>\n<div  class='flex_column av-k7xsgdvc-99439a0a9a6290c3e1db4e4cb87dcccc av_two_fifth  avia-builder-el-1  el_before_av_three_fifth  avia-builder-el-first  first av-break-at-tablet flex_column_table_cell av-equal-height-column av-align-middle av-zero-column-padding  '     ><style type=\"text\/css\" data-created_by=\"avia_inline_auto\" id=\"style-css-av-k7xsfvvh-a4afa6eb700e1d62da371d604b0bb8ae\">\n.avia-image-container.av-k7xsfvvh-a4afa6eb700e1d62da371d604b0bb8ae img.avia_image{\nbox-shadow:none;\n}\n.avia-image-container.av-k7xsfvvh-a4afa6eb700e1d62da371d604b0bb8ae .av-image-caption-overlay-center{\ncolor:#ffffff;\n}\n<\/style>\n<div  class='avia-image-container av-k7xsfvvh-a4afa6eb700e1d62da371d604b0bb8ae av-styling-no-styling avia-align-center  avia-builder-el-2  avia-builder-el-no-sibling '   itemprop=\"image\" itemscope=\"itemscope\" itemtype=\"https:\/\/schema.org\/ImageObject\" ><div class=\"avia-image-container-inner\"><div class=\"avia-image-overlay-wrap\"><img decoding=\"async\" fetchpriority=\"high\" class='wp-image-1345 avia-img-lazy-loading-not-1345 avia_image ' src=\"https:\/\/dfvcg-events.de\/fvw-travel-talk-kongress\/wp-content\/uploads\/sites\/59\/2024\/10\/dfvCG-fvw-Travel-Talk-key-visual.png\" alt='' title='dfvCG-fvw-Travel-Talk-key-visual'  height=\"1244\" width=\"1323\"  itemprop=\"thumbnailUrl\" srcset=\"https:\/\/dfvcg-events.de\/fvw-travel-talk-kongress\/wp-content\/uploads\/sites\/59\/2024\/10\/dfvCG-fvw-Travel-Talk-key-visual.png 1323w, https:\/\/dfvcg-events.de\/fvw-travel-talk-kongress\/wp-content\/uploads\/sites\/59\/2024\/10\/dfvCG-fvw-Travel-Talk-key-visual-705x663.png 705w\" sizes=\"(max-width: 1323px) 100vw, 1323px\" \/><\/div><\/div><\/div><\/div><div class='av-flex-placeholder'><\/div>\n<style type=\"text\/css\" data-created_by=\"avia_inline_auto\" id=\"style-css-av-13cu0-dd4d7ea449f8f02d36028f3661316b27\">\n.flex_column.av-13cu0-dd4d7ea449f8f02d36028f3661316b27{\nborder-radius:0px 0px 0px 0px;\npadding:0px 0px 0px 0px;\n}\n<\/style>\n<div  class='flex_column av-13cu0-dd4d7ea449f8f02d36028f3661316b27 av_three_fifth  avia-builder-el-3  el_after_av_two_fifth  el_before_av_hr  av-break-at-tablet flex_column_table_cell av-equal-height-column av-align-middle av-zero-column-padding  '     ><p>\n<style type=\"text\/css\" data-created_by=\"avia_inline_auto\" id=\"style-css-av-1rpj4-719626bc21ad7770ed61429383eb7203\">\n#top .av-special-heading.av-1rpj4-719626bc21ad7770ed61429383eb7203{\npadding-bottom:10px;\ncolor:#ffffff;\n}\nbody .av-special-heading.av-1rpj4-719626bc21ad7770ed61429383eb7203 .av-special-heading-tag .heading-char{\nfont-size:25px;\n}\n.av-special-heading.av-1rpj4-719626bc21ad7770ed61429383eb7203 .special-heading-inner-border{\nborder-color:#ffffff;\n}\n.av-special-heading.av-1rpj4-719626bc21ad7770ed61429383eb7203 .av-subheading{\nfont-size:21px;\n}\n<\/style>\n<div  class='av-special-heading av-1rpj4-719626bc21ad7770ed61429383eb7203 av-special-heading-h1 custom-color-heading blockquote modern-quote  avia-builder-el-4  el_before_av_heading  avia-builder-el-first  av-linked-heading'><h1 class='av-special-heading-tag '  itemprop=\"headline\"  >fvw|TravelTalk Kongress<\/h1><div class='av_custom_color av-subheading av-subheading_below'><p>15.\/16. September 2026 | Pentahotel | Leipzig<\/p>\n<\/div><div class=\"special-heading-border\"><div class=\"special-heading-inner-border\"><\/div><\/div><\/div><br \/>\n\n<style type=\"text\/css\" data-created_by=\"avia_inline_auto\" id=\"style-css-av-m207xrtx-065f46b0c1daa23edd4d307fa9e2fc1c\">\n#top .av-special-heading.av-m207xrtx-065f46b0c1daa23edd4d307fa9e2fc1c{\npadding-bottom:10px;\ncolor:#ffffff;\n}\nbody .av-special-heading.av-m207xrtx-065f46b0c1daa23edd4d307fa9e2fc1c .av-special-heading-tag .heading-char{\nfont-size:25px;\n}\n.av-special-heading.av-m207xrtx-065f46b0c1daa23edd4d307fa9e2fc1c .special-heading-inner-border{\nborder-color:#ffffff;\n}\n.av-special-heading.av-m207xrtx-065f46b0c1daa23edd4d307fa9e2fc1c .av-subheading{\nfont-size:15px;\n}\n<\/style>\n<div  class='av-special-heading av-m207xrtx-065f46b0c1daa23edd4d307fa9e2fc1c av-special-heading-h2 custom-color-heading blockquote modern-quote  avia-builder-el-5  el_after_av_heading  el_before_av_hr '><h2 class='av-special-heading-tag '  itemprop=\"headline\"  >Das Event f\u00fcr Entscheider<\/h2><div class=\"special-heading-border\"><div class=\"special-heading-inner-border\"><\/div><\/div><\/div><br \/>\n\n<style type=\"text\/css\" data-created_by=\"avia_inline_auto\" id=\"style-css-av-vceo-31e13d2abdaad617b6d8711cc8b965b0\">\n#top .hr.hr-invisible.av-vceo-31e13d2abdaad617b6d8711cc8b965b0{\nheight:35px;\n}\n<\/style>\n<div  class='hr av-vceo-31e13d2abdaad617b6d8711cc8b965b0 hr-invisible  avia-builder-el-6  el_after_av_heading  el_before_av_buttonrow  av-medium-hide av-small-hide av-mini-hide'><span class='hr-inner '><span class=\"hr-inner-style\"><\/span><\/span><\/div><br \/>\n<div  class='avia-buttonrow-wrap av-kc4mbgx3-41f3dd14f266c5a396c631fdc9d317e7 avia-buttonrow-left  avia-builder-el-7  el_after_av_hr  avia-builder-el-last '>\n\n<style type=\"text\/css\" data-created_by=\"avia_inline_auto\" id=\"style-css-av-wt14-c6c2caaf47544921b9f66eded5e4c03f\">\n#top #wrap_all .avia-button.av-wt14-c6c2caaf47544921b9f66eded5e4c03f{\nmargin-bottom:5px;\nmargin-right:5px;\n}\n<\/style>\n<a href='https:\/\/dfvcg-events.de\/fvw-travel-talk-kongress\/ticketshop\/'  class='avia-button av-wt14-c6c2caaf47544921b9f66eded5e4c03f avia-icon_select-yes-left-icon avia-size-large avia-color-theme-color'   aria-label=\"Jetzt anmelden\"><span class='avia_button_icon avia_button_icon_left avia-iconfont avia-font-entypo-fontello' data-av_icon='\ue8cb' data-av_iconfont='entypo-fontello' ><\/span><span class='avia_iconbox_title' >Jetzt anmelden<\/span><\/a>\n<\/div><\/p><\/div><\/div><!--close column table wrapper. Autoclose: 1 -->\n<style type=\"text\/css\" data-created_by=\"avia_inline_auto\" id=\"style-css-av-6mk1w-faf824cd82037814410f8c4b610a9ccf\">\n#top .hr.hr-invisible.av-6mk1w-faf824cd82037814410f8c4b610a9ccf{\nheight:30px;\n}\n<\/style>\n<div  class='hr av-6mk1w-faf824cd82037814410f8c4b610a9ccf hr-invisible  avia-builder-el-8  el_after_av_three_fifth  el_before_av_countdown  av-medium-hide av-small-hide av-mini-hide'><span class='hr-inner '><span class=\"hr-inner-style\"><\/span><\/span><\/div>\n\n<style type=\"text\/css\" data-created_by=\"avia_inline_auto\" id=\"style-css-av-m8boof2a-df2db267ea7301a14fd066c2ca5cf67c\">\n#top .av-countdown-timer.av-m8boof2a-df2db267ea7301a14fd066c2ca5cf67c .av-countdown-time-label{\ncolor:#ffffff;\n}\n#top .av-countdown-timer.av-m8boof2a-df2db267ea7301a14fd066c2ca5cf67c.av-flip-clock .flip-clock-counter.top{\nbackground-color:#d60a12;\n}\n#top .av-countdown-timer.av-m8boof2a-df2db267ea7301a14fd066c2ca5cf67c.av-flip-clock .flip-clock-counter.bottom{\nbackground-color:#d60a12;\n}\n<\/style>\n<div  class='av-countdown-timer av-m8boof2a-df2db267ea7301a14fd066c2ca5cf67c av-align-center av-custom-simple av-flip-clock av-number-space-equal  avia-builder-el-9  el_after_av_hr  avia-builder-el-last '  data-year=' 2026' data-month='8' data-day=' 15 ' data-hour='8' data-minute='0' data-timezone='120' data-interval='1000' data-maximum='5' ><span class='av-countdown-timer-inner'><span class='flip-clock__piece av-countdown-weeks'><span class='flip-clock__card av-countdown-time' data-upate-width='weeks'><span class=\"flip-clock-counter curr top card_current_top\"><\/span><span class=\"flip-clock-counter next top card_next_top\"><\/span><span class=\"flip-clock-counter next bottom card_next_bottom\"><\/span><span class=\"flip-clock-counter curr bottom card_current_bottom\"><\/span><\/span><span class='flip-clock_label av-countdown-time-label' data-label='Woche' data-label-multi='Wochen'>Wochen<\/span><\/span><span class='flip-clock__piece av-countdown-days'><span class='flip-clock__card av-countdown-time' data-upate-width='days'><span class=\"flip-clock-counter curr top card_current_top\"><\/span><span class=\"flip-clock-counter next top card_next_top\"><\/span><span class=\"flip-clock-counter next bottom card_next_bottom\"><\/span><span class=\"flip-clock-counter curr bottom card_current_bottom\"><\/span><\/span><span class='flip-clock_label av-countdown-time-label' data-label='Tag' data-label-multi='Tage'>Tage<\/span><\/span><span class='flip-clock__piece av-countdown-hours'><span class='flip-clock__card av-countdown-time' data-upate-width='hours'><span class=\"flip-clock-counter curr top card_current_top\"><\/span><span class=\"flip-clock-counter next top card_next_top\"><\/span><span class=\"flip-clock-counter next bottom card_next_bottom\"><\/span><span class=\"flip-clock-counter curr bottom card_current_bottom\"><\/span><\/span><span class='flip-clock_label av-countdown-time-label' data-label='Stunde' data-label-multi='Stunden'>Stunden<\/span><\/span><span class='flip-clock__piece av-countdown-minutes'><span class='flip-clock__card av-countdown-time' data-upate-width='minutes'><span class=\"flip-clock-counter curr top card_current_top\"><\/span><span class=\"flip-clock-counter next top card_next_top\"><\/span><span class=\"flip-clock-counter next bottom card_next_bottom\"><\/span><span class=\"flip-clock-counter curr bottom card_current_bottom\"><\/span><\/span><span class='flip-clock_label av-countdown-time-label' data-label='Minute' data-label-multi='Minuten'>Minuten<\/span><\/span><span class='flip-clock__piece av-countdown-seconds'><span class='flip-clock__card av-countdown-time' data-upate-width='seconds'><span class=\"flip-clock-counter curr top card_current_top\"><\/span><span class=\"flip-clock-counter next top card_next_top\"><\/span><span class=\"flip-clock-counter next bottom card_next_bottom\"><\/span><span class=\"flip-clock-counter curr bottom card_current_bottom\"><\/span><\/span><span class='flip-clock_label av-countdown-time-label' data-label='Zweite' data-label-multi='Sekunden'>Sekunden<\/span><\/span><\/span><\/div>\n\n<\/div><\/div><\/main><!-- close content main element --><\/div><\/div><\/div><div id='av_section_2'  class='avia-section av-2q2yc-7ad833e48ae914d3fa5082f999d3db64 main_color avia-section-default avia-no-shadow  avia-builder-el-10  el_after_av_section  el_before_av_section  avia-bg-style-scroll container_wrap fullsize'  ><div class='container av-section-cont-open' ><div class='template-page content  av-content-full alpha units'><div class='post-entry post-entry-type-page post-entry-16'><div class='entry-content-wrapper clearfix'>\n\n<style type=\"text\/css\" data-created_by=\"avia_inline_auto\" id=\"style-css-av-1zge0-847ff9f0b22bbb4efadb76a5a746c82b\">\n#top .av-special-heading.av-1zge0-847ff9f0b22bbb4efadb76a5a746c82b{\npadding-bottom:10px;\n}\nbody .av-special-heading.av-1zge0-847ff9f0b22bbb4efadb76a5a746c82b .av-special-heading-tag .heading-char{\nfont-size:25px;\n}\n.av-special-heading.av-1zge0-847ff9f0b22bbb4efadb76a5a746c82b .av-subheading{\nfont-size:19px;\n}\n<\/style>\n<div  class='av-special-heading av-1zge0-847ff9f0b22bbb4efadb76a5a746c82b av-special-heading-h1 blockquote modern-quote  avia-builder-el-11  el_before_av_textblock  avia-builder-el-first  av-linked-heading'><h1 class='av-special-heading-tag '  itemprop=\"headline\"  >Zukunft. Dialog. Leipzig. Der fvw|TravelTalk Kongress 2026.<\/h1><div class='av-subheading av-subheading_below'><p>15.\/16. September 2026 | Pentahotel | Leipzig<\/p>\n<\/div><div class=\"special-heading-border\"><div class=\"special-heading-inner-border\"><\/div><\/div><\/div>\n<section  class='av_textblock_section av-vb90-36599b8fd2356251da07ae447175ab36 '   itemscope=\"itemscope\" itemtype=\"https:\/\/schema.org\/CreativeWork\" ><div class='avia_textblock'  itemprop=\"text\" ><p>Am 15. und 16. September 2026 trifft sich die Touristik erneut in Leipzig: Entscheider und Nachwuchstalente, Vision\u00e4re und Macher. Menschen mit Leidenschaft f\u00fcr das Entdecken \u2013 und f\u00fcr das Gestalten einer Branche, die sich st\u00e4ndig weiterbewegt.<\/p>\n<p>2026 ver\u00e4ndern sich die M\u00e4rkte rasant: technologische Spr\u00fcnge, KI-getriebene Vertriebsmodelle, neue gesellschaftliche Erwartungen und globale Dynamiken stellen uns vor neue Fragen. Umso wichtiger ist es, gemeinsam Orientierung zu schaffen, Perspektiven zu teilen und die Branche aktiv weiterzuentwickeln.<\/p>\n<p>Der<strong>\u00a0fvw|TravelTalk Kongress 2026<\/strong>\u00a0bringt die Touristik genau dort zusammen, wo Antworten entstehen: im offenen Austausch, im Dialog auf Augenh\u00f6he und mit dem klaren Blick nach vorn. Freuen Sie sich auf inspirierende Impulse, starke Stimmen aus allen Bereichen der Branche und zahlreiche Gelegenheiten zum Netzwerken \u2013 im Programm und bei den Abendveranstaltungen.<\/p>\n<\/div><\/section>\n<div  class='avia-button-wrap av-3zrbk-b87e67f65eeac351b717f3e646980b26-wrap avia-button-left  avia-builder-el-13  el_after_av_textblock  el_before_av_hr '><a href='https:\/\/dfvcg-events.de\/fvw-travel-talk-kongress\/ticketshop\/'  class='avia-button av-3zrbk-b87e67f65eeac351b717f3e646980b26 av-link-btn avia-icon_select-no avia-size-x-large avia-position-left avia-color-theme-color'  target=\"_blank\"  rel=\"noopener noreferrer\"  aria-label=\"Jetzt Early-Bird-Ticket sichern!\"><span class='avia_iconbox_title' >Jetzt Early-Bird-Ticket sichern!<\/span><\/a><\/div>\n\n<style type=\"text\/css\" data-created_by=\"avia_inline_auto\" id=\"style-css-av-12v5w-eea2bc6cb6b1a3c9e1b019416442510c\">\n#top .hr.hr-invisible.av-12v5w-eea2bc6cb6b1a3c9e1b019416442510c{\nheight:30px;\n}\n<\/style>\n<div  class='hr av-12v5w-eea2bc6cb6b1a3c9e1b019416442510c hr-invisible  avia-builder-el-14  el_after_av_button  el_before_av_textblock  av-medium-hide av-small-hide av-mini-hide'><span class='hr-inner '><span class=\"hr-inner-style\"><\/span><\/span><\/div>\n<section  class='av_textblock_section av-135t8-3f3ec171a785509fb3c82a651d81c7e8 '   itemscope=\"itemscope\" itemtype=\"https:\/\/schema.org\/CreativeWork\" ><div class='avia_textblock'  itemprop=\"text\" ><p>\ud83d\udd19 Inspiration gesucht?\u00a0Werfen Sie bis dahin einen Blick zur\u00fcck: Die Highlights und die Berichterstattung zum fvw|TravelTalk Kongress 2025 finden Sie exklusiv auf fvw.de.<\/p>\n<\/div><\/section>\n<div  class='avia-button-wrap av-t5xo-f97df5bb91cd2f3e96bd77aba0e820dc-wrap avia-button-left  avia-builder-el-16  el_after_av_textblock  avia-builder-el-last '><a href='https:\/\/www.fvw.de\/suche\/schlagworte\/fvw%7CTravelTalk+Kongress\/'  class='avia-button av-t5xo-f97df5bb91cd2f3e96bd77aba0e820dc av-link-btn avia-icon_select-no avia-size-x-large avia-position-left avia-color-theme-color'  target=\"_blank\"  rel=\"noopener noreferrer\"  aria-label=\"\ud83d\udc49 R\u00fcckblick in der fvw\"><span class='avia_iconbox_title' >\ud83d\udc49 R\u00fcckblick in der fvw<\/span><\/a><\/div>\n\n<\/div><\/div><\/div><!-- close content main div --><\/div><\/div>\n<style type=\"text\/css\" data-created_by=\"avia_inline_auto\" id=\"style-css-av-13bd8-729d8e680242289ffefd35e18ba166f1\">\n.avia-section.av-13bd8-729d8e680242289ffefd35e18ba166f1{\nbackground-repeat:no-repeat;\nbackground-image:url(https:\/\/dfvcg-events.de\/fvw-travel-talk-kongress\/wp-content\/uploads\/sites\/59\/2024\/10\/dfvCG-fvw-Travel-Talk-hintergrund.jpg);\nbackground-position:100% 50%;\nbackground-attachment:scroll;\n}\n<\/style>\n<div id='av_section_3'  class='avia-section av-13bd8-729d8e680242289ffefd35e18ba166f1 main_color avia-section-default avia-no-shadow  avia-builder-el-17  el_after_av_section  el_before_av_section  avia-full-stretch avia-bg-style-scroll container_wrap fullsize'  data-section-bg-repeat='stretch'><div class='container av-section-cont-open' ><div class='template-page content  av-content-full alpha units'><div class='post-entry post-entry-type-page post-entry-16'><div class='entry-content-wrapper clearfix'>\n<div  class='flex_column av-9eh1k-7efd3f1938a162955f11c191293326a9 av_one_full  avia-builder-el-18  el_before_av_one_fourth  avia-builder-el-first  first flex_column_div  '     ><style type=\"text\/css\" data-created_by=\"avia_inline_auto\" id=\"style-css-av-ahsjw-65e17cc2b4036fdd421e2cbdc1999291\">\n#top .av-special-heading.av-ahsjw-65e17cc2b4036fdd421e2cbdc1999291{\npadding-bottom:10px;\ncolor:#ffffff;\n}\nbody .av-special-heading.av-ahsjw-65e17cc2b4036fdd421e2cbdc1999291 .av-special-heading-tag .heading-char{\nfont-size:25px;\n}\n.av-special-heading.av-ahsjw-65e17cc2b4036fdd421e2cbdc1999291 .special-heading-inner-border{\nborder-color:#ffffff;\n}\n.av-special-heading.av-ahsjw-65e17cc2b4036fdd421e2cbdc1999291 .av-subheading{\nfont-size:19px;\n}\n<\/style>\n<div  class='av-special-heading av-ahsjw-65e17cc2b4036fdd421e2cbdc1999291 av-special-heading-h2 custom-color-heading blockquote modern-quote modern-centered  avia-builder-el-19  avia-builder-el-no-sibling  av-linked-heading'><h2 class='av-special-heading-tag '  itemprop=\"headline\"  >Diese Impulse pr\u00e4gen den Kongress 2026<\/h2><div class=\"special-heading-border\"><div class=\"special-heading-inner-border\"><\/div><\/div><\/div><\/div><div  class='flex_column av-k3b4s-13be4297c6c58f52047e431b60ed9ccc av_one_fourth  avia-builder-el-20  el_after_av_one_full  el_before_av_one_fourth  first flex_column_div  column-top-margin'     ><style type=\"text\/css\" data-created_by=\"avia_inline_auto\" id=\"style-css-av-mnocxscl-e961ceb9628d5bf22d4cc3dba775257f\">\n.avia-image-container.av-mnocxscl-e961ceb9628d5bf22d4cc3dba775257f img.avia_image{\nbox-shadow:none;\n}\n.avia-image-container.av-mnocxscl-e961ceb9628d5bf22d4cc3dba775257f .av-image-caption-overlay-center{\ncolor:#ffffff;\n}\n<\/style>\n<div  class='avia-image-container av-mnocxscl-e961ceb9628d5bf22d4cc3dba775257f av-styling- avia-align-center  avia-builder-el-21  avia-builder-el-no-sibling '   itemprop=\"image\" itemscope=\"itemscope\" itemtype=\"https:\/\/schema.org\/ImageObject\" ><div class=\"avia-image-container-inner\"><div class=\"avia-image-overlay-wrap\"><img decoding=\"async\" fetchpriority=\"high\" class='wp-image-2999 avia-img-lazy-loading-not-2999 avia_image ' src=\"https:\/\/dfvcg-events.de\/fvw-travel-talk-kongress\/wp-content\/uploads\/sites\/59\/2026\/04\/Impuls-1-Kreuzfahrt-180x180.png\" alt='' title='Impuls-1-Kreuzfahrt'  height=\"180\" width=\"180\"  itemprop=\"thumbnailUrl\" srcset=\"https:\/\/dfvcg-events.de\/fvw-travel-talk-kongress\/wp-content\/uploads\/sites\/59\/2026\/04\/Impuls-1-Kreuzfahrt-180x180.png 180w, https:\/\/dfvcg-events.de\/fvw-travel-talk-kongress\/wp-content\/uploads\/sites\/59\/2026\/04\/Impuls-1-Kreuzfahrt-36x36.png 36w, https:\/\/dfvcg-events.de\/fvw-travel-talk-kongress\/wp-content\/uploads\/sites\/59\/2026\/04\/Impuls-1-Kreuzfahrt-705x705.png 705w, https:\/\/dfvcg-events.de\/fvw-travel-talk-kongress\/wp-content\/uploads\/sites\/59\/2026\/04\/Impuls-1-Kreuzfahrt.png 947w\" sizes=\"(max-width: 180px) 100vw, 180px\" \/><\/div><\/div><\/div><\/div><div  class='flex_column av-62x3w-45d62def0c698d89dc6bcfc84e9894ef av_one_fourth  avia-builder-el-22  el_after_av_one_fourth  el_before_av_one_fourth  flex_column_div  column-top-margin'     ><style type=\"text\/css\" data-created_by=\"avia_inline_auto\" id=\"style-css-av-j938w-c34ba59ec80dc186c22407a45d7a5d34\">\n#top .av_textblock_section.av-j938w-c34ba59ec80dc186c22407a45d7a5d34 .avia_textblock{\ncolor:#ffffff;\n}\n<\/style>\n<section  class='av_textblock_section av-j938w-c34ba59ec80dc186c22407a45d7a5d34 '   itemscope=\"itemscope\" itemtype=\"https:\/\/schema.org\/CreativeWork\" ><div class='avia_textblock av_inherit_color'  itemprop=\"text\" ><p style=\"text-align: left;\"><strong>Kreuzfahrt im Investitionsboom<\/strong><\/p>\n<\/div><\/section><br \/>\n\n<style type=\"text\/css\" data-created_by=\"avia_inline_auto\" id=\"style-css-av-iymxo-1a13c5c074042251e8214f12891a7148\">\n#top .togglecontainer.av-iymxo-1a13c5c074042251e8214f12891a7148 p.toggler{\ncolor:#ffffff;\nbackground-color:#d8000d;\n}\n#top .togglecontainer.av-iymxo-1a13c5c074042251e8214f12891a7148 p.toggler .toggle_icon{\ncolor:#ffffff;\nborder-color:#ffffff;\n}\n#top .togglecontainer.av-iymxo-1a13c5c074042251e8214f12891a7148 .toggle_wrap .toggle_content{\ncolor:#ffffff;\nbackground-color:#d8000d;\n}\n<\/style>\n<div  class='togglecontainer av-iymxo-1a13c5c074042251e8214f12891a7148 av-minimal-toggle  avia-builder-el-24  el_after_av_textblock  avia-builder-el-last  toggle_close_all' >\n<section class='av_toggle_section av-i4xkg-dac755f0d924d3004884a843125468fb'  itemscope=\"itemscope\" itemtype=\"https:\/\/schema.org\/CreativeWork\" ><div role=\"tablist\" class=\"single_toggle\" data-tags=\"{Alle} \"  ><p id='toggle-toggle-id-1' data-fake-id='#toggle-id-1' class='toggler  av-title-above av-inherit-font-color hasCustomColor'  itemprop=\"headline\"  role='tab' tabindex='0' aria-controls='toggle-id-1' data-slide-speed=\"200\" data-title=\"IMPULS I\" data-title-open=\"\" data-aria_collapsed=\"Click to expand: IMPULS I\" data-aria_expanded=\"Click to collapse: IMPULS I\">IMPULS I<span class=\"toggle_icon\"><span class=\"vert_icon\"><\/span><span class=\"hor_icon\"><\/span><\/span><\/p><div id='toggle-id-1' aria-labelledby='toggle-toggle-id-1' role='region' class='toggle_wrap  av-title-above'  ><div class='toggle_content invers-color av-inherit-font-color hasCustomColor'  itemprop=\"text\" ><p>Wie lassen sich Milliardeninvestitionen, wachsende Kapazit\u00e4ten und neue Zielgruppen in nachhaltige Nachfrage und Ertrag \u00fcbersetzen \u2013 und welche Vertriebsmodelle tragen den Boom wirklich.<\/p>\n<\/div><\/div><\/div><\/section>\n<\/div><\/p><\/div><div  class='flex_column av-hpydc-e9f404403a31c242fb177511e79d783f av_one_fourth  avia-builder-el-25  el_after_av_one_fourth  el_before_av_one_fourth  flex_column_div  column-top-margin'     ><style type=\"text\/css\" data-created_by=\"avia_inline_auto\" id=\"style-css-av-gxflg-1c03efec239db7679c8041574e4fe4de\">\n.avia-image-container.av-gxflg-1c03efec239db7679c8041574e4fe4de img.avia_image{\nbox-shadow:none;\n}\n.avia-image-container.av-gxflg-1c03efec239db7679c8041574e4fe4de .av-image-caption-overlay-center{\ncolor:#ffffff;\n}\n<\/style>\n<div  class='avia-image-container av-gxflg-1c03efec239db7679c8041574e4fe4de av-styling- avia-align-center  avia-builder-el-26  avia-builder-el-no-sibling '   itemprop=\"image\" itemscope=\"itemscope\" itemtype=\"https:\/\/schema.org\/ImageObject\" ><div class=\"avia-image-container-inner\"><div class=\"avia-image-overlay-wrap\"><img decoding=\"async\" fetchpriority=\"high\" class='wp-image-3000 avia-img-lazy-loading-not-3000 avia_image ' src=\"https:\/\/dfvcg-events.de\/fvw-travel-talk-kongress\/wp-content\/uploads\/sites\/59\/2026\/04\/Impuls-2-Airline-180x180.png\" alt='' title='Impuls-2-Airline'  height=\"180\" width=\"180\"  itemprop=\"thumbnailUrl\" srcset=\"https:\/\/dfvcg-events.de\/fvw-travel-talk-kongress\/wp-content\/uploads\/sites\/59\/2026\/04\/Impuls-2-Airline-180x180.png 180w, https:\/\/dfvcg-events.de\/fvw-travel-talk-kongress\/wp-content\/uploads\/sites\/59\/2026\/04\/Impuls-2-Airline-36x36.png 36w, https:\/\/dfvcg-events.de\/fvw-travel-talk-kongress\/wp-content\/uploads\/sites\/59\/2026\/04\/Impuls-2-Airline-705x705.png 705w, https:\/\/dfvcg-events.de\/fvw-travel-talk-kongress\/wp-content\/uploads\/sites\/59\/2026\/04\/Impuls-2-Airline.png 947w\" sizes=\"(max-width: 180px) 100vw, 180px\" \/><\/div><\/div><\/div><\/div><div  class='flex_column av-gd4ks-03c8865cbc1783bc320248dcacea6100 av_one_fourth  avia-builder-el-27  el_after_av_one_fourth  el_before_av_one_fourth  flex_column_div  column-top-margin'     ><style type=\"text\/css\" data-created_by=\"avia_inline_auto\" id=\"style-css-av-6ywng-040716f659583f3e0123545d86ff0ad0\">\n#top .av_textblock_section.av-6ywng-040716f659583f3e0123545d86ff0ad0 .avia_textblock{\ncolor:#ffffff;\n}\n<\/style>\n<section  class='av_textblock_section av-6ywng-040716f659583f3e0123545d86ff0ad0 '   itemscope=\"itemscope\" itemtype=\"https:\/\/schema.org\/CreativeWork\" ><div class='avia_textblock av_inherit_color'  itemprop=\"text\" ><p style=\"text-align: left;\"><strong>Zukunft der Golf-Drehkreuze<\/strong><\/p>\n<\/div><\/section><br \/>\n\n<style type=\"text\/css\" data-created_by=\"avia_inline_auto\" id=\"style-css-av-mnod2vmz-b308a413308f3675e3334ee087cafa26\">\n#top .togglecontainer.av-mnod2vmz-b308a413308f3675e3334ee087cafa26 p.toggler{\ncolor:#ffffff;\nbackground-color:#d8000d;\n}\n#top .togglecontainer.av-mnod2vmz-b308a413308f3675e3334ee087cafa26 p.toggler .toggle_icon{\ncolor:#ffffff;\nborder-color:#ffffff;\n}\n#top .togglecontainer.av-mnod2vmz-b308a413308f3675e3334ee087cafa26 .toggle_wrap .toggle_content{\ncolor:#ffffff;\nbackground-color:#d8000d;\n}\n<\/style>\n<div  class='togglecontainer av-mnod2vmz-b308a413308f3675e3334ee087cafa26 av-minimal-toggle  avia-builder-el-29  el_after_av_textblock  avia-builder-el-last  toggle_close_all' >\n<section class='av_toggle_section av-mnod0408-5824e992132b9bca895f5282ceb1cd3b'  itemscope=\"itemscope\" itemtype=\"https:\/\/schema.org\/CreativeWork\" ><div role=\"tablist\" class=\"single_toggle\" data-tags=\"{Alle} \"  ><p id='toggle-toggle-id-2' data-fake-id='#toggle-id-2' class='toggler  av-title-above av-inherit-font-color hasCustomColor'  itemprop=\"headline\"  role='tab' tabindex='0' aria-controls='toggle-id-2' data-slide-speed=\"200\" data-title=\"IMPULS II\" data-title-open=\"\" data-aria_collapsed=\"Click to expand: IMPULS II\" data-aria_expanded=\"Click to collapse: IMPULS II\">IMPULS II<span class=\"toggle_icon\"><span class=\"vert_icon\"><\/span><span class=\"hor_icon\"><\/span><\/span><\/p><div id='toggle-id-2' aria-labelledby='toggle-toggle-id-2' role='region' class='toggle_wrap  av-title-above'  ><div class='toggle_content invers-color av-inherit-font-color hasCustomColor'  itemprop=\"text\" ><p>Kapazit\u00e4tsverschiebungen an den Golf Hubs ver\u00e4ndern die globale Routenf\u00fchrung \u2013 und verschieben das Gleichgewicht zwischen Nonstop Verbindungen und internationalen Drehkreuzen neu.<\/p>\n<\/div><\/div><\/div><\/section>\n<\/div><\/p><\/div><div  class='flex_column av-gacvw-8c845283ac885bacd6f0e0dc8e2ce69e av_one_fourth  avia-builder-el-30  el_after_av_one_fourth  el_before_av_one_fourth  first flex_column_div  column-top-margin'     ><style type=\"text\/css\" data-created_by=\"avia_inline_auto\" id=\"style-css-av-fyy08-e6e7b85a35a4b1a83bac629063110e82\">\n.avia-image-container.av-fyy08-e6e7b85a35a4b1a83bac629063110e82 img.avia_image{\nbox-shadow:none;\n}\n.avia-image-container.av-fyy08-e6e7b85a35a4b1a83bac629063110e82 .av-image-caption-overlay-center{\ncolor:#ffffff;\n}\n<\/style>\n<div  class='avia-image-container av-fyy08-e6e7b85a35a4b1a83bac629063110e82 av-styling- avia-align-center  avia-builder-el-31  avia-builder-el-no-sibling '   itemprop=\"image\" itemscope=\"itemscope\" itemtype=\"https:\/\/schema.org\/ImageObject\" ><div class=\"avia-image-container-inner\"><div class=\"avia-image-overlay-wrap\"><img decoding=\"async\" fetchpriority=\"high\" class='wp-image-2997 avia-img-lazy-loading-not-2997 avia_image ' src=\"https:\/\/dfvcg-events.de\/fvw-travel-talk-kongress\/wp-content\/uploads\/sites\/59\/2026\/04\/Impuls-3-New-Travel-180x180.png\" alt='' title='Impuls-3-New Travel'  height=\"180\" width=\"180\"  itemprop=\"thumbnailUrl\" srcset=\"https:\/\/dfvcg-events.de\/fvw-travel-talk-kongress\/wp-content\/uploads\/sites\/59\/2026\/04\/Impuls-3-New-Travel-180x180.png 180w, https:\/\/dfvcg-events.de\/fvw-travel-talk-kongress\/wp-content\/uploads\/sites\/59\/2026\/04\/Impuls-3-New-Travel-36x36.png 36w, https:\/\/dfvcg-events.de\/fvw-travel-talk-kongress\/wp-content\/uploads\/sites\/59\/2026\/04\/Impuls-3-New-Travel-705x705.png 705w, https:\/\/dfvcg-events.de\/fvw-travel-talk-kongress\/wp-content\/uploads\/sites\/59\/2026\/04\/Impuls-3-New-Travel.png 947w\" sizes=\"(max-width: 180px) 100vw, 180px\" \/><\/div><\/div><\/div><\/div><div  class='flex_column av-f62nk-610f0d8b936256f2082819c8ccf0bcde av_one_fourth  avia-builder-el-32  el_after_av_one_fourth  el_before_av_one_fourth  flex_column_div  column-top-margin'     ><style type=\"text\/css\" data-created_by=\"avia_inline_auto\" id=\"style-css-av-mnod61k4-7fc0e1dd0e4d6198e4ac1e7c23b6d552\">\n#top .av_textblock_section.av-mnod61k4-7fc0e1dd0e4d6198e4ac1e7c23b6d552 .avia_textblock{\ncolor:#ffffff;\n}\n<\/style>\n<section  class='av_textblock_section av-mnod61k4-7fc0e1dd0e4d6198e4ac1e7c23b6d552 '   itemscope=\"itemscope\" itemtype=\"https:\/\/schema.org\/CreativeWork\" ><div class='avia_textblock av_inherit_color'  itemprop=\"text\" ><p style=\"text-align: left;\"><strong>New Travel<\/strong><\/p>\n<\/div><\/section><br \/>\n\n<style type=\"text\/css\" data-created_by=\"avia_inline_auto\" id=\"style-css-av-mnod67vm-3fd93ca724e8720758272aa97abb8002\">\n#top .togglecontainer.av-mnod67vm-3fd93ca724e8720758272aa97abb8002 p.toggler{\ncolor:#ffffff;\nbackground-color:#d8000d;\n}\n#top .togglecontainer.av-mnod67vm-3fd93ca724e8720758272aa97abb8002 p.toggler .toggle_icon{\ncolor:#ffffff;\nborder-color:#ffffff;\n}\n#top .togglecontainer.av-mnod67vm-3fd93ca724e8720758272aa97abb8002 .toggle_wrap .toggle_content{\ncolor:#ffffff;\nbackground-color:#d8000d;\n}\n<\/style>\n<div  class='togglecontainer av-mnod67vm-3fd93ca724e8720758272aa97abb8002 av-minimal-toggle  avia-builder-el-34  el_after_av_textblock  avia-builder-el-last  toggle_close_all' >\n<section class='av_toggle_section av-mnod6794-fb7f2c760e94e87dffafe60f8c8e777b'  itemscope=\"itemscope\" itemtype=\"https:\/\/schema.org\/CreativeWork\" ><div role=\"tablist\" class=\"single_toggle\" data-tags=\"{Alle} \"  ><p id='toggle-toggle-id-3' data-fake-id='#toggle-id-3' class='toggler  av-title-above av-inherit-font-color hasCustomColor'  itemprop=\"headline\"  role='tab' tabindex='0' aria-controls='toggle-id-3' data-slide-speed=\"200\" data-title=\"IMPULS III\" data-title-open=\"\" data-aria_collapsed=\"Click to expand: IMPULS III\" data-aria_expanded=\"Click to collapse: IMPULS III\">IMPULS III<span class=\"toggle_icon\"><span class=\"vert_icon\"><\/span><span class=\"hor_icon\"><\/span><\/span><\/p><div id='toggle-id-3' aria-labelledby='toggle-toggle-id-3' role='region' class='toggle_wrap  av-title-above'  ><div class='toggle_content invers-color av-inherit-font-color hasCustomColor'  itemprop=\"text\" ><p>Wie Plattformen mit KI, Daten und Hyper Personalisierung Service und Customer Experience neu definieren \u2013 und wie sie Reisende binden, ohne Individualit\u00e4t zu verlieren.<\/p>\n<\/div><\/div><\/div><\/section>\n<\/div><\/p><\/div><div  class='flex_column av-3ig68-3cb240a59e2be7f72b537e9bb1f9b4a8 av_one_fourth  avia-builder-el-35  el_after_av_one_fourth  el_before_av_one_fourth  flex_column_div  column-top-margin'     ><style type=\"text\/css\" data-created_by=\"avia_inline_auto\" id=\"style-css-av-mnod4idf-f3dc3938f4037d8579a55df6651448c3\">\n.avia-image-container.av-mnod4idf-f3dc3938f4037d8579a55df6651448c3 img.avia_image{\nbox-shadow:none;\n}\n.avia-image-container.av-mnod4idf-f3dc3938f4037d8579a55df6651448c3 .av-image-caption-overlay-center{\ncolor:#ffffff;\n}\n<\/style>\n<div  class='avia-image-container av-mnod4idf-f3dc3938f4037d8579a55df6651448c3 av-styling- avia-align-center  avia-builder-el-36  avia-builder-el-no-sibling '   itemprop=\"image\" itemscope=\"itemscope\" itemtype=\"https:\/\/schema.org\/ImageObject\" ><div class=\"avia-image-container-inner\"><div class=\"avia-image-overlay-wrap\"><img decoding=\"async\" fetchpriority=\"high\" class='wp-image-2998 avia-img-lazy-loading-not-2998 avia_image ' src=\"https:\/\/dfvcg-events.de\/fvw-travel-talk-kongress\/wp-content\/uploads\/sites\/59\/2026\/04\/Impuls-4-Investoren-180x180.png\" alt='' title='Impuls-4-Investoren'  height=\"180\" width=\"180\"  itemprop=\"thumbnailUrl\" srcset=\"https:\/\/dfvcg-events.de\/fvw-travel-talk-kongress\/wp-content\/uploads\/sites\/59\/2026\/04\/Impuls-4-Investoren-180x180.png 180w, https:\/\/dfvcg-events.de\/fvw-travel-talk-kongress\/wp-content\/uploads\/sites\/59\/2026\/04\/Impuls-4-Investoren-36x36.png 36w, https:\/\/dfvcg-events.de\/fvw-travel-talk-kongress\/wp-content\/uploads\/sites\/59\/2026\/04\/Impuls-4-Investoren-705x705.png 705w, https:\/\/dfvcg-events.de\/fvw-travel-talk-kongress\/wp-content\/uploads\/sites\/59\/2026\/04\/Impuls-4-Investoren.png 947w\" sizes=\"(max-width: 180px) 100vw, 180px\" \/><\/div><\/div><\/div><\/div><div  class='flex_column av-eeq5w-ef00a8cd80bd21bc1027722ea3776398 av_one_fourth  avia-builder-el-37  el_after_av_one_fourth  avia-builder-el-last  flex_column_div  column-top-margin'     ><style type=\"text\/css\" data-created_by=\"avia_inline_auto\" id=\"style-css-av-mnod6z5p-25e214aa5e6881b27e72b05022b5bb17\">\n#top .av_textblock_section.av-mnod6z5p-25e214aa5e6881b27e72b05022b5bb17 .avia_textblock{\ncolor:#ffffff;\n}\n<\/style>\n<section  class='av_textblock_section av-mnod6z5p-25e214aa5e6881b27e72b05022b5bb17 '   itemscope=\"itemscope\" itemtype=\"https:\/\/schema.org\/CreativeWork\" ><div class='avia_textblock av_inherit_color'  itemprop=\"text\" ><p style=\"text-align: left;\"><strong>Die Branche aus Investorensicht<\/strong><\/p>\n<\/div><\/section><br \/>\n\n<style type=\"text\/css\" data-created_by=\"avia_inline_auto\" id=\"style-css-av-mnod7e4s-ca21d1c6227e5059f0483cc8770c1a08\">\n#top .togglecontainer.av-mnod7e4s-ca21d1c6227e5059f0483cc8770c1a08 p.toggler{\ncolor:#ffffff;\nbackground-color:#d8000d;\n}\n#top .togglecontainer.av-mnod7e4s-ca21d1c6227e5059f0483cc8770c1a08 p.toggler .toggle_icon{\ncolor:#ffffff;\nborder-color:#ffffff;\n}\n#top .togglecontainer.av-mnod7e4s-ca21d1c6227e5059f0483cc8770c1a08 .toggle_wrap .toggle_content{\ncolor:#ffffff;\nbackground-color:#d8000d;\n}\n<\/style>\n<div  class='togglecontainer av-mnod7e4s-ca21d1c6227e5059f0483cc8770c1a08 av-minimal-toggle  avia-builder-el-39  el_after_av_textblock  avia-builder-el-last  toggle_close_all' >\n<section class='av_toggle_section av-mnod7dev-f694cec862e991bb8235b3f50c07bcbd'  itemscope=\"itemscope\" itemtype=\"https:\/\/schema.org\/CreativeWork\" ><div role=\"tablist\" class=\"single_toggle\" data-tags=\"{Alle} \"  ><p id='toggle-toggle-id-4' data-fake-id='#toggle-id-4' class='toggler  av-title-above av-inherit-font-color hasCustomColor'  itemprop=\"headline\"  role='tab' tabindex='0' aria-controls='toggle-id-4' data-slide-speed=\"200\" data-title=\"IMPULS IV\" data-title-open=\"\" data-aria_collapsed=\"Click to expand: IMPULS IV\" data-aria_expanded=\"Click to collapse: IMPULS IV\">IMPULS IV<span class=\"toggle_icon\"><span class=\"vert_icon\"><\/span><span class=\"hor_icon\"><\/span><\/span><\/p><div id='toggle-id-4' aria-labelledby='toggle-toggle-id-4' role='region' class='toggle_wrap  av-title-above'  ><div class='toggle_content invers-color av-inherit-font-color hasCustomColor'  itemprop=\"text\" ><p>Wie Investoren Chancen, Risiken und Skalierbarkeit touristischer Gesch\u00e4ftsmodelle bewerten \u2013 und welche Faktoren \u00fcber Zukunftsf\u00e4higkeit und Wachstum entscheiden.<\/p>\n<\/div><\/div><\/div><\/section>\n<\/div><\/p><\/div>\n\n<\/div><\/div><\/div><!-- close content main div --><\/div><\/div><div id='av_section_4'  class='avia-section av-e0w3c-db688fc8ad46814d6d178736e584a5db main_color avia-section-default avia-no-shadow  avia-builder-el-40  el_after_av_section  el_before_av_section  avia-bg-style-scroll container_wrap fullsize'  ><div class='container av-section-cont-open' ><div class='template-page content  av-content-full alpha units'><div class='post-entry post-entry-type-page post-entry-16'><div class='entry-content-wrapper clearfix'>\n\n<style type=\"text\/css\" data-created_by=\"avia_inline_auto\" id=\"style-css-av-ddck8-387b5917880653cb632f1ca5c3c9d8b9\">\n#top .av-special-heading.av-ddck8-387b5917880653cb632f1ca5c3c9d8b9{\npadding-bottom:10px;\n}\nbody .av-special-heading.av-ddck8-387b5917880653cb632f1ca5c3c9d8b9 .av-special-heading-tag .heading-char{\nfont-size:25px;\n}\n.av-special-heading.av-ddck8-387b5917880653cb632f1ca5c3c9d8b9 .av-subheading{\nfont-size:19px;\n}\n<\/style>\n<div  class='av-special-heading av-ddck8-387b5917880653cb632f1ca5c3c9d8b9 av-special-heading-h2 blockquote modern-quote  avia-builder-el-41  el_before_av_hr  avia-builder-el-first  av-linked-heading'><h2 class='av-special-heading-tag '  itemprop=\"headline\"  >Ihr Mehrwert auf dem fvw|TravelTalk Kongress<\/h2><div class=\"special-heading-border\"><div class=\"special-heading-inner-border\"><\/div><\/div><\/div>\n\n<style type=\"text\/css\" data-created_by=\"avia_inline_auto\" id=\"style-css-av-crmm8-63056e25a1b908abb68a0f00bc1df208\">\n#top .hr.hr-invisible.av-crmm8-63056e25a1b908abb68a0f00bc1df208{\nheight:30px;\n}\n<\/style>\n<div  class='hr av-crmm8-63056e25a1b908abb68a0f00bc1df208 hr-invisible  avia-builder-el-42  el_after_av_heading  el_before_av_one_fourth  av-medium-hide av-small-hide av-mini-hide'><span class='hr-inner '><span class=\"hr-inner-style\"><\/span><\/span><\/div>\n<div  class='flex_column av-cbr8s-1a42da6b0d28db6012bf403f1433bc66 av_one_fourth  avia-builder-el-43  el_after_av_hr  el_before_av_one_fourth  first flex_column_div  '     ><p>\n<style type=\"text\/css\" data-created_by=\"avia_inline_auto\" id=\"style-css-av-bsjvw-d2eb6dad6f805a927bbcc58a374d05aa\">\n.av_font_icon.av-bsjvw-d2eb6dad6f805a927bbcc58a374d05aa{\ncolor:#bc171d;\nborder-color:#bc171d;\n}\n.avia-svg-icon.av-bsjvw-d2eb6dad6f805a927bbcc58a374d05aa svg:first-child{\nstroke:#bc171d;\nfill:#bc171d;\n}\n.av_font_icon.av-bsjvw-d2eb6dad6f805a927bbcc58a374d05aa .av-icon-char{\nfont-size:70px;\nwidth:70px;\n}\n<\/style>\n<span  class='av_font_icon av-bsjvw-d2eb6dad6f805a927bbcc58a374d05aa avia_animate_when_visible av-icon-style-border avia-icon-pos-center avia-svg-icon avia-font-svg_entypo-fontello avia-icon-animate'><span class='av-icon-char' data-av_svg_icon='users' data-av_iconset='svg_entypo-fontello' ><svg version=\"1.1\" xmlns=\"http:\/\/www.w3.org\/2000\/svg\" width=\"32\" height=\"32\" viewBox=\"0 0 32 32\" preserveAspectRatio=\"xMidYMid meet\" aria-labelledby='av-svg-title-4' aria-describedby='av-svg-desc-4' role=\"graphics-symbol\" aria-hidden=\"true\">\n<title id='av-svg-title-4'>Users<\/title>\n<desc id='av-svg-desc-4'>Users<\/desc>\n<path d=\"M32 30.080h-7.168v-4.8q0-1.728-0.96-2.592t-4.928-2.848q1.28-0.96 1.28-2.688 0-0.512-0.416-1.056t-0.608-1.632q-0.064-0.256-0.448-0.512t-0.448-1.344q0-0.768 0.384-0.96-0.192-1.088-0.256-1.92-0.128-1.216 0.736-2.496t3.040-1.28 3.072 1.28 0.768 2.496l-0.256 1.92q0.384 0.192 0.384 0.96-0.064 1.088-0.448 1.344t-0.448 0.512q-0.192 1.088-0.608 1.632t-0.416 1.056q0 1.344 0.672 2.112t2.464 1.536q3.584 1.472 4.16 2.56 0.192 0.256 0.288 1.952t0.16 3.232v1.536zM16.384 21.696q5.824 2.496 5.824 3.968v4.416h-22.208v-5.888q0-1.408 2.688-2.496 2.432-1.024 3.328-2.048t0.896-2.816q0-0.64-0.608-1.408t-0.8-2.176q-0.064-0.32-0.576-0.704t-0.64-1.792q0-0.448 0.096-0.736t0.224-0.416l0.128-0.064q-0.192-1.472-0.32-2.624-0.128-1.6 1.056-3.296t4.064-1.696 4.064 1.696 1.056 3.296l-0.32 2.624q0.448 0.256 0.448 1.216-0.128 1.408-0.64 1.792t-0.576 0.704q-0.192 1.408-0.8 2.176t-0.608 1.408q0 1.792 0.896 2.816t3.328 2.048z\"><\/path>\n<\/svg><\/span><\/span><br \/>\n\n<style type=\"text\/css\" data-created_by=\"avia_inline_auto\" id=\"style-css-av-azzc4-7c09f63ba6d91abe650ea0a2c11c6c32\">\n#top .av-special-heading.av-azzc4-7c09f63ba6d91abe650ea0a2c11c6c32{\npadding-bottom:10px;\n}\nbody .av-special-heading.av-azzc4-7c09f63ba6d91abe650ea0a2c11c6c32 .av-special-heading-tag .heading-char{\nfont-size:25px;\n}\n.av-special-heading.av-azzc4-7c09f63ba6d91abe650ea0a2c11c6c32 .av-subheading{\nfont-size:19px;\n}\n<\/style>\n<div  class='av-special-heading av-azzc4-7c09f63ba6d91abe650ea0a2c11c6c32 av-special-heading-h3 blockquote modern-quote modern-centered  avia-builder-el-45  el_after_av_font_icon  el_before_av_hr  av-linked-heading'><h3 class='av-special-heading-tag '  itemprop=\"headline\"  >Begegnungen, die z\u00e4hlen<\/h3><div class=\"special-heading-border\"><div class=\"special-heading-inner-border\"><\/div><\/div><\/div><br \/>\n\n<style type=\"text\/css\" data-created_by=\"avia_inline_auto\" id=\"style-css-av-ah7pw-0e01ec19a6a8e2302fa1b916ca171a80\">\n#top .hr.hr-invisible.av-ah7pw-0e01ec19a6a8e2302fa1b916ca171a80{\nheight:30px;\n}\n<\/style>\n<div  class='hr av-ah7pw-0e01ec19a6a8e2302fa1b916ca171a80 hr-invisible  avia-builder-el-46  el_after_av_heading  el_before_av_textblock  av-medium-hide av-small-hide av-mini-hide'><span class='hr-inner '><span class=\"hr-inner-style\"><\/span><\/span><\/div><br \/>\n<section  class='av_textblock_section av-a1ei8-20ab84c46256b239814127e1d33ecf97 '   itemscope=\"itemscope\" itemtype=\"https:\/\/schema.org\/CreativeWork\" ><div class='avia_textblock'  itemprop=\"text\" ><p style=\"text-align: center;\">Sie treffen auf eine <strong>gewachsene Community<\/strong>\u00a0aus entscheidenden K\u00f6pfen, die Touristik denken, teilen und gemeinsam voranbringen. Hier entstehen nicht nur Gespr\u00e4che, sondern <strong>echte Partnerschaften<\/strong>\u00a0\u2013 in einer Atmosph\u00e4re, die Austausch auf Augenh\u00f6he f\u00f6rdert und das Miteinander st\u00e4rkt.<\/p>\n<\/div><\/section><\/p><\/div><div  class='flex_column av-97asc-cc5c87ef4ef00801e67f90fbcbbc3bec av_one_fourth  avia-builder-el-48  el_after_av_one_fourth  el_before_av_one_fourth  flex_column_div  '     ><p>\n<style type=\"text\/css\" data-created_by=\"avia_inline_auto\" id=\"style-css-av-8qkmk-630dc8f89bcefb0ae6d436a31f9842e8\">\n.av_font_icon.av-8qkmk-630dc8f89bcefb0ae6d436a31f9842e8{\ncolor:#bc171d;\nborder-color:#bc171d;\n}\n.avia-svg-icon.av-8qkmk-630dc8f89bcefb0ae6d436a31f9842e8 svg:first-child{\nstroke:#bc171d;\nfill:#bc171d;\n}\n.av_font_icon.av-8qkmk-630dc8f89bcefb0ae6d436a31f9842e8 .av-icon-char{\nfont-size:70px;\nline-height:70px;\nwidth:70px;\n}\n<\/style>\n<span  class='av_font_icon av-8qkmk-630dc8f89bcefb0ae6d436a31f9842e8 avia_animate_when_visible av-icon-style-border avia-icon-pos-center avia-iconfont avia-font-entypo-fontello-enfold avia-icon-animate'><span class='av-icon-char' data-av_icon='\ue808' data-av_iconfont='entypo-fontello-enfold' aria-hidden=\"true\" ><\/span><\/span><br \/>\n\n<style type=\"text\/css\" data-created_by=\"avia_inline_auto\" id=\"style-css-av-7xmyk-0a9010f61406f1ff711dde3fa08a6bc6\">\n#top .av-special-heading.av-7xmyk-0a9010f61406f1ff711dde3fa08a6bc6{\npadding-bottom:10px;\n}\nbody .av-special-heading.av-7xmyk-0a9010f61406f1ff711dde3fa08a6bc6 .av-special-heading-tag .heading-char{\nfont-size:25px;\n}\n.av-special-heading.av-7xmyk-0a9010f61406f1ff711dde3fa08a6bc6 .av-subheading{\nfont-size:19px;\n}\n<\/style>\n<div  class='av-special-heading av-7xmyk-0a9010f61406f1ff711dde3fa08a6bc6 av-special-heading-h3 blockquote modern-quote modern-centered  avia-builder-el-50  el_after_av_font_icon  el_before_av_hr  av-linked-heading'><h3 class='av-special-heading-tag '  itemprop=\"headline\"  >Kuratiertes Wissen auf den Punkt<\/h3><div class=\"special-heading-border\"><div class=\"special-heading-inner-border\"><\/div><\/div><\/div><br \/>\n\n<style type=\"text\/css\" data-created_by=\"avia_inline_auto\" id=\"style-css-av-7p30g-4f06a917376bb92bf4fa06b8ba58656f\">\n#top .hr.hr-invisible.av-7p30g-4f06a917376bb92bf4fa06b8ba58656f{\nheight:30px;\n}\n<\/style>\n<div  class='hr av-7p30g-4f06a917376bb92bf4fa06b8ba58656f hr-invisible  avia-builder-el-51  el_after_av_heading  el_before_av_textblock  av-medium-hide av-small-hide av-mini-hide'><span class='hr-inner '><span class=\"hr-inner-style\"><\/span><\/span><\/div><br \/>\n<section  class='av_textblock_section av-74szw-d01547e9e3f394113e3be05f12ec3f64 '   itemscope=\"itemscope\" itemtype=\"https:\/\/schema.org\/CreativeWork\" ><div class='avia_textblock'  itemprop=\"text\" ><p style=\"text-align: center;\">Als <strong>neutrale und unabh\u00e4ngige Plattform<\/strong>\u00a0setzen wir auf redaktionelle Qualit\u00e4t: Jede Session ist kuratiert, jedes Thema bewusst gew\u00e4hlt. Hier erhalten Sie Klarheit, Tiefe und eine B\u00fchne, auf der Perspektiven nicht nur nebeneinanderstehen, sondern miteinander wirken.<\/p>\n<\/div><\/section><\/p><\/div><div  class='flex_column av-m1x0-0a88385a61b55f9004b008563518589a av_one_fourth  avia-builder-el-53  el_after_av_one_fourth  el_before_av_one_fourth  flex_column_div  '     ><p>\n<style type=\"text\/css\" data-created_by=\"avia_inline_auto\" id=\"style-css-av-5k5q0-d050b08ec2221658c4594b44b8e25169\">\n.av_font_icon.av-5k5q0-d050b08ec2221658c4594b44b8e25169{\ncolor:#bc171d;\nborder-color:#bc171d;\n}\n.avia-svg-icon.av-5k5q0-d050b08ec2221658c4594b44b8e25169 svg:first-child{\nstroke:#bc171d;\nfill:#bc171d;\n}\n.av_font_icon.av-5k5q0-d050b08ec2221658c4594b44b8e25169 .av-icon-char{\nfont-size:70px;\nwidth:70px;\n}\n<\/style>\n<span  class='av_font_icon av-5k5q0-d050b08ec2221658c4594b44b8e25169 avia_animate_when_visible av-icon-style-border avia-icon-pos-center avia-svg-icon avia-font-svg_entypo-fontello avia-icon-animate'><span class='av-icon-char' data-av_svg_icon='lamp' data-av_iconset='svg_entypo-fontello' ><svg version=\"1.1\" xmlns=\"http:\/\/www.w3.org\/2000\/svg\" width=\"22\" height=\"32\" viewBox=\"0 0 22 32\" preserveAspectRatio=\"xMidYMid meet\" aria-labelledby='av-svg-title-5' aria-describedby='av-svg-desc-5' role=\"graphics-symbol\" aria-hidden=\"true\">\n<title id='av-svg-title-5'>Lamp<\/title>\n<desc id='av-svg-desc-5'>Lamp<\/desc>\n<path d=\"M6.688 30.72v-3.328h9.024v3.328q-2.24 1.344-4.544 1.28-2.24 0.064-4.48-1.28zM15.52 25.472h-8.64q0-2.304-1.152-4.48t-2.496-3.616-2.368-3.584-0.832-4.448q0.256-3.84 3.008-6.592t8.128-2.752q5.44 0 8.16 2.752t3.040 6.592q0.128 1.92-0.512 3.616t-1.664 3.072-2.080 2.72-1.824 3.072-0.768 3.648zM3.424 9.6q-0.128 0.128 0 0.64t0.064 0.64 0.16 0.608 0.192 0.576 0.256 0.576 0.352 0.608 0.416 0.608 0.448 0.608 0.48 0.672 0.512 0.736q2.816 3.904 3.584 6.784h2.624q0.768-3.008 3.584-6.784 0.128-0.192 0.8-1.12t0.8-1.152 0.544-0.928 0.512-1.056 0.192-0.896 0.032-1.12q-0.512-6.272-7.808-6.272-7.232 0-7.744 6.272z\"><\/path>\n<\/svg><\/span><\/span><br \/>\n\n<style type=\"text\/css\" data-created_by=\"avia_inline_auto\" id=\"style-css-av-572qg-b4b96b8919923d89ad8fe0b095d7d5d5\">\n#top .av-special-heading.av-572qg-b4b96b8919923d89ad8fe0b095d7d5d5{\npadding-bottom:10px;\n}\nbody .av-special-heading.av-572qg-b4b96b8919923d89ad8fe0b095d7d5d5 .av-special-heading-tag .heading-char{\nfont-size:25px;\n}\n.av-special-heading.av-572qg-b4b96b8919923d89ad8fe0b095d7d5d5 .av-subheading{\nfont-size:19px;\n}\n<\/style>\n<div  class='av-special-heading av-572qg-b4b96b8919923d89ad8fe0b095d7d5d5 av-special-heading-h3 blockquote modern-quote modern-centered  avia-builder-el-55  el_after_av_font_icon  el_before_av_hr  av-linked-heading'><h3 class='av-special-heading-tag '  itemprop=\"headline\"  >Expertise, die Sie weiterbringt<\/h3><div class=\"special-heading-border\"><div class=\"special-heading-inner-border\"><\/div><\/div><\/div><br \/>\n\n<style type=\"text\/css\" data-created_by=\"avia_inline_auto\" id=\"style-css-av-4ojj0-62612902b6dfb1ec79f6f0f2c204d826\">\n#top .hr.hr-invisible.av-4ojj0-62612902b6dfb1ec79f6f0f2c204d826{\nheight:30px;\n}\n<\/style>\n<div  class='hr av-4ojj0-62612902b6dfb1ec79f6f0f2c204d826 hr-invisible  avia-builder-el-56  el_after_av_heading  el_before_av_textblock  av-medium-hide av-small-hide av-mini-hide'><span class='hr-inner '><span class=\"hr-inner-style\"><\/span><\/span><\/div><br \/>\n<section  class='av_textblock_section av-3w07o-ce341db153170d764b590055bc3644a0 '   itemscope=\"itemscope\" itemtype=\"https:\/\/schema.org\/CreativeWork\" ><div class='avia_textblock'  itemprop=\"text\" ><p style=\"text-align: center;\">Erweitern Sie Ihr Portfolio in entspannter Atmosph\u00e4re. Unsere Sponsoren pr\u00e4sentieren eine konzentrierte Auswahl an L\u00f6sungen, die 2026 wirklich z\u00e4hlen. F\u00fchren Sie die \u201erichtigen\u201c Gespr\u00e4che \u2013 unverbindlich, pers\u00f6nlich und fokussiert.<\/p>\n<\/div><\/section><\/p><\/div><div  class='flex_column av-39qik-675df9b563d83de7293bd3dadde7e6f1 av_one_fourth  avia-builder-el-58  el_after_av_one_fourth  avia-builder-el-last  flex_column_div  '     ><p>\n<style type=\"text\/css\" data-created_by=\"avia_inline_auto\" id=\"style-css-av-2nzho-aab6119440d2d8e592dea22a6252e56e\">\n.av_font_icon.av-2nzho-aab6119440d2d8e592dea22a6252e56e{\ncolor:#bc171d;\nborder-color:#bc171d;\n}\n.avia-svg-icon.av-2nzho-aab6119440d2d8e592dea22a6252e56e svg:first-child{\nstroke:#bc171d;\nfill:#bc171d;\n}\n.av_font_icon.av-2nzho-aab6119440d2d8e592dea22a6252e56e .av-icon-char{\nfont-size:70px;\nwidth:70px;\n}\n<\/style>\n<span  class='av_font_icon av-2nzho-aab6119440d2d8e592dea22a6252e56e avia_animate_when_visible av-icon-style-border avia-icon-pos-center avia-svg-icon avia-font-svg_entypo-fontello avia-icon-animate'><span class='av-icon-char' data-av_svg_icon='flash' data-av_iconset='svg_entypo-fontello' ><svg version=\"1.1\" xmlns=\"http:\/\/www.w3.org\/2000\/svg\" width=\"13\" height=\"32\" viewBox=\"0 0 13 32\" preserveAspectRatio=\"xMidYMid meet\" aria-labelledby='av-svg-title-6' aria-describedby='av-svg-desc-6' role=\"graphics-symbol\" aria-hidden=\"true\">\n<title id='av-svg-title-6'>Flash<\/title>\n<desc id='av-svg-desc-6'>Flash<\/desc>\n<path d=\"M1.28 30.4q-0.128-0.128 1.12-3.008t2.528-5.824 1.216-3.136-3.008-1.44-3.136-1.76q-0.128-0.384 2.688-3.84t5.76-6.688 3.072-3.104q0.192 0.128-2.368 5.952t-2.496 5.952 3.040 1.376 3.104 1.824q0.128 0.64-5.568 7.264t-5.952 6.432z\"><\/path>\n<\/svg><\/span><\/span><br \/>\n\n<style type=\"text\/css\" data-created_by=\"avia_inline_auto\" id=\"style-css-av-1woe0-b5e61dd0c413752ac8a191605cf2565e\">\n#top .av-special-heading.av-1woe0-b5e61dd0c413752ac8a191605cf2565e{\npadding-bottom:10px;\n}\nbody .av-special-heading.av-1woe0-b5e61dd0c413752ac8a191605cf2565e .av-special-heading-tag .heading-char{\nfont-size:25px;\n}\n.av-special-heading.av-1woe0-b5e61dd0c413752ac8a191605cf2565e .av-subheading{\nfont-size:19px;\n}\n<\/style>\n<div  class='av-special-heading av-1woe0-b5e61dd0c413752ac8a191605cf2565e av-special-heading-h3 blockquote modern-quote modern-centered  avia-builder-el-60  el_after_av_font_icon  el_before_av_hr  av-linked-heading'><h3 class='av-special-heading-tag '  itemprop=\"headline\"  >In Rekordzeit zur L\u00f6sung<\/h3><div class=\"special-heading-border\"><div class=\"special-heading-inner-border\"><\/div><\/div><\/div><br \/>\n\n<style type=\"text\/css\" data-created_by=\"avia_inline_auto\" id=\"style-css-av-1l978-382ef96a186d7522f5433fe1b7423847\">\n#top .hr.hr-invisible.av-1l978-382ef96a186d7522f5433fe1b7423847{\nheight:30px;\n}\n<\/style>\n<div  class='hr av-1l978-382ef96a186d7522f5433fe1b7423847 hr-invisible  avia-builder-el-61  el_after_av_heading  el_before_av_textblock  av-medium-hide av-small-hide av-mini-hide'><span class='hr-inner '><span class=\"hr-inner-style\"><\/span><\/span><\/div><br \/>\n<section  class='av_textblock_section av-10bt0-c444e84717edeb8db080b9564f8fc6da '   itemscope=\"itemscope\" itemtype=\"https:\/\/schema.org\/CreativeWork\" ><div class='avia_textblock'  itemprop=\"text\" ><p style=\"text-align: center;\">Kompakt, fokussiert, praxiserprobt: Die Masterclasses verbinden <strong>Match-Making<\/strong>, konkrete <strong>Best Cases<\/strong>\u00a0und klare <strong>Takeaways<\/strong>. In kurzer Zeit erhalten Sie neue L\u00f6sungsans\u00e4tze, die Sie direkt anwenden k\u00f6nnen \u2013 und die Ihnen helfen, wettbewerbsf\u00e4hig zu bleiben, statt Trends nur zu beobachten.<\/p>\n<\/div><\/section><\/p><\/div>\n\n<\/div><\/div><\/div><!-- close content main div --><\/div><\/div><div id='av_section_5'  class='avia-section av-3is4s-3d58cb0b9068ceb3ba6df360f6371f7a main_color avia-section-default avia-no-shadow  avia-builder-el-63  el_after_av_section  el_before_av_section  avia-bg-style-scroll container_wrap fullsize'  ><div class='container av-section-cont-open' ><div class='template-page content  av-content-full alpha units'><div class='post-entry post-entry-type-page post-entry-16'><div class='entry-content-wrapper clearfix'>\n\n<style type=\"text\/css\" data-created_by=\"avia_inline_auto\" id=\"style-css-av-2um5c-8d7284bbb553fa5130741ca9e208ca2e\">\n#top .av-special-heading.av-2um5c-8d7284bbb553fa5130741ca9e208ca2e{\npadding-bottom:35px;\n}\nbody .av-special-heading.av-2um5c-8d7284bbb553fa5130741ca9e208ca2e .av-special-heading-tag .heading-char{\nfont-size:25px;\n}\n.av-special-heading.av-2um5c-8d7284bbb553fa5130741ca9e208ca2e .av-subheading{\nfont-size:19px;\n}\n<\/style>\n<div  class='av-special-heading av-2um5c-8d7284bbb553fa5130741ca9e208ca2e av-special-heading-h2 blockquote modern-quote  avia-builder-el-64  el_before_av_postslider  avia-builder-el-first  av-linked-heading'><h2 class='av-special-heading-tag '  itemprop=\"headline\"  >Sponsoren <\/h2><div class='av-subheading av-subheading_below'><p>Danke an die Sponsoren des fvw|TravelTalk Kongresses<\/p>\n<\/div><div class=\"special-heading-border\"><div class=\"special-heading-inner-border\"><\/div><\/div><\/div>\n<div  data-slideshow-options=\"{&quot;animation&quot;:&quot;fade&quot;,&quot;autoplay&quot;:true,&quot;loop_autoplay&quot;:&quot;endless&quot;,&quot;interval&quot;:&quot;4&quot;,&quot;loop_manual&quot;:&quot;manual-endless&quot;,&quot;autoplay_stopper&quot;:false,&quot;noNavigation&quot;:false,&quot;show_slide_delay&quot;:90}\" class='avia-content-slider avia-content-slider-active avia-content-slider1 avia-content-slider-odd  avia-builder-el-65  el_after_av_heading  el_before_av_hr  av-slideshow-ui av-control-default   av-no-slider-navigation av-slideshow-autoplay av-loop-endless av-loop-manual-endless '  itemscope=\"itemscope\" itemtype=\"https:\/\/schema.org\/Blog\" ><div class=\"avia-content-slider-inner\"><div class=\"slide-entry-wrap\"><article class='slide-entry flex_column  post-entry post-entry-3034 slide-entry-overview slide-loop-1 slide-parity-odd  av_one_fifth first real-thumbnail posttype-post post-format-standard'  itemscope=\"itemscope\" itemtype=\"https:\/\/schema.org\/CreativeWork\" ><a href='https:\/\/dfvcg-events.de\/fvw-travel-talk-kongress\/europ-assistance-services\/' data-rel='slide-1' class='slide-image' title='Europ Assistance Services'><img decoding=\"async\" fetchpriority=\"high\" width=\"260\" height=\"185\" src=\"https:\/\/dfvcg-events.de\/fvw-travel-talk-kongress\/wp-content\/uploads\/sites\/59\/2026\/04\/EA_LogoClaim-web-260x185.jpg\" class=\"wp-image-3035 avia-img-lazy-loading-not-3035 attachment-portfolio_small size-portfolio_small wp-post-image\" alt=\"\" \/><\/a><div class=\"slide-content\"><header class=\"entry-content-header\" aria-label=\"Slide: Europ Assistance Services\"><\/header><\/div><footer class=\"entry-footer\"><\/footer><span class='hidden'>\n\t\t\t\t<span class='av-structured-data'  itemprop=\"image\" itemscope=\"itemscope\" itemtype=\"https:\/\/schema.org\/ImageObject\" >\n\t\t\t\t\t\t<span itemprop='url'>https:\/\/dfvcg-events.de\/fvw-travel-talk-kongress\/wp-content\/uploads\/sites\/59\/2026\/04\/EA_LogoClaim-web.jpg<\/span>\n\t\t\t\t\t\t<span itemprop='height'>600<\/span>\n\t\t\t\t\t\t<span itemprop='width'>800<\/span>\n\t\t\t\t<\/span>\n\t\t\t\t<span class='av-structured-data'  itemprop=\"publisher\" itemtype=\"https:\/\/schema.org\/Organization\" itemscope=\"itemscope\" >\n\t\t\t\t\t\t<span itemprop='name'>como<\/span>\n\t\t\t\t\t\t<span itemprop='logo' itemscope itemtype='https:\/\/schema.org\/ImageObject'>\n\t\t\t\t\t\t\t<span itemprop='url'>https:\/\/dfvcg-events.de\/fvw-travel-talk-kongress\/wp-content\/uploads\/sites\/59\/2024\/10\/fvw-travel-talk-kongress-logo-header.png<\/span>\n\t\t\t\t\t\t<\/span>\n\t\t\t\t<\/span><span class='av-structured-data'  itemprop=\"author\" itemscope=\"itemscope\" itemtype=\"https:\/\/schema.org\/Person\" ><span itemprop='name'>como<\/span><\/span><span class='av-structured-data'  itemprop=\"datePublished\" datetime=\"2020-03-18T21:01:25+01:00\" >2026-04-19 20:38:33<\/span><span class='av-structured-data'  itemprop=\"dateModified\" itemtype=\"https:\/\/schema.org\/dateModified\" >2026-04-19 20:38:33<\/span><span class='av-structured-data'  itemprop=\"mainEntityOfPage\" itemtype=\"https:\/\/schema.org\/mainEntityOfPage\" ><span itemprop='name'>Europ Assistance Services<\/span><\/span><\/span><\/article><article class='slide-entry flex_column  post-entry post-entry-2988 slide-entry-overview slide-loop-2 slide-parity-even  av_one_fifth  real-thumbnail posttype-post post-format-standard'  itemscope=\"itemscope\" itemtype=\"https:\/\/schema.org\/CreativeWork\" ><a href='https:\/\/dfvcg-events.de\/fvw-travel-talk-kongress\/traveldesk\/' data-rel='slide-1' class='slide-image' title='TravelDesk'><img decoding=\"async\" fetchpriority=\"high\" width=\"260\" height=\"185\" src=\"https:&#x2f;\/&#x64;&#102;&#x76;&#99;g&#x2d;e&#x76;&#101;&#x6e;&#116;s&#x2e;&#100;&#x65;&#47;f&#x76;w&#x2d;&#116;&#x72;&#97;v&#x65;l&#x2d;&#116;&#x61;&#x6c;k&#x2d;&#107;&#x6f;&#110;g&#x72;e&#x73;&#115;&#x2f;&#119;p&#x2d;&#99;&#x6f;&#110;&#x74;&#x65;n&#x74;&#47;&#x75;&#112;l&#x6f;a&#x64;&#115;&#x2f;&#115;i&#x74;&#101;&#x73;&#47;5&#x39;\/&#x32;&#48;&#x32;&#54;\/&#x30;4&#x2f;&#84;&#x44;&#x2d;l&#x6f;&#103;&#x6f;&#45;d&#x61;r&#x6b;&#45;&#x73;&#116;r&#x61;&#119;&#x62;&#101;&#x72;&#x72;y&#x40;&#50;&#x78;&#45;w&#x65;b&#x2d;&#50;&#x36;&#48;x&#x31;&#56;&#x35;&#46;p&#x6e;g\" class=\"wp-image-2989 avia-img-lazy-loading-not-2989 attachment-portfolio_small size-portfolio_small wp-post-image\" alt=\"\" \/><\/a><div class=\"slide-content\"><header class=\"entry-content-header\" aria-label=\"Slide: TravelDesk\"><\/header><\/div><footer class=\"entry-footer\"><\/footer><span class='hidden'>\n\t\t\t\t<span class='av-structured-data'  itemprop=\"image\" itemscope=\"itemscope\" itemtype=\"https:\/\/schema.org\/ImageObject\" >\n\t\t\t\t\t\t<span itemprop='url'>https:\/&#47;&#100;&#102;&#x76;&#x63;&#x67;-e&#118;&#101;&#x6e;&#x74;&#x73;&#x2e;de&#47;&#102;&#x76;&#x77;&#x2d;&#x74;r&#97;&#118;&#101;&#x6c;&#x2d;&#x74;al&#107;&#45;&#107;&#x6f;&#x6e;&#x67;re&#115;&#115;&#x2f;&#x77;&#x70;&#x2d;co&#110;&#116;&#x65;&#x6e;&#x74;\/u&#112;&#108;&#111;&#x61;&#x64;&#x73;\/s&#105;&#116;&#x65;&#x73;&#x2f;&#x35;9\/&#50;&#48;&#x32;&#x36;&#x2f;04&#47;&#84;&#68;&#x2d;&#x6c;&#x6f;go&#45;&#100;&#x61;&#x72;&#x6b;&#x2d;st&#114;&#97;&#x77;&#x62;&#x65;&#x72;r&#121;&#64;&#50;&#x78;&#x2d;&#x77;eb&#46;&#112;&#x6e;&#x67;<\/span>\n\t\t\t\t\t\t<span itemprop='height'>600<\/span>\n\t\t\t\t\t\t<span itemprop='width'>800<\/span>\n\t\t\t\t<\/span>\n\t\t\t\t<span class='av-structured-data'  itemprop=\"publisher\" itemtype=\"https:\/\/schema.org\/Organization\" itemscope=\"itemscope\" >\n\t\t\t\t\t\t<span itemprop='name'>como<\/span>\n\t\t\t\t\t\t<span itemprop='logo' itemscope itemtype='https:\/\/schema.org\/ImageObject'>\n\t\t\t\t\t\t\t<span itemprop='url'>https:\/\/dfvcg-events.de\/fvw-travel-talk-kongress\/wp-content\/uploads\/sites\/59\/2024\/10\/fvw-travel-talk-kongress-logo-header.png<\/span>\n\t\t\t\t\t\t<\/span>\n\t\t\t\t<\/span><span class='av-structured-data'  itemprop=\"author\" itemscope=\"itemscope\" itemtype=\"https:\/\/schema.org\/Person\" ><span itemprop='name'>como<\/span><\/span><span class='av-structured-data'  itemprop=\"datePublished\" datetime=\"2020-03-18T21:01:25+01:00\" >2026-04-02 14:14:21<\/span><span class='av-structured-data'  itemprop=\"dateModified\" itemtype=\"https:\/\/schema.org\/dateModified\" >2026-04-02 14:14:21<\/span><span class='av-structured-data'  itemprop=\"mainEntityOfPage\" itemtype=\"https:\/\/schema.org\/mainEntityOfPage\" ><span itemprop='name'>TravelDesk<\/span><\/span><\/span><\/article><article class='slide-entry flex_column  post-entry post-entry-2964 slide-entry-overview slide-loop-3 slide-parity-odd  av_one_fifth  real-thumbnail posttype-post post-format-standard'  itemscope=\"itemscope\" itemtype=\"https:\/\/schema.org\/CreativeWork\" ><a href='https:\/\/dfvcg-events.de\/fvw-travel-talk-kongress\/hx-expeditions\/' data-rel='slide-1' class='slide-image' title='HX Expeditions'><img decoding=\"async\" fetchpriority=\"high\" width=\"260\" height=\"185\" src=\"https:\/\/dfvcg-events.de\/fvw-travel-talk-kongress\/wp-content\/uploads\/sites\/59\/2026\/02\/HX_Expeditions_Logo_Horizontal_CMYK_indigo-web-260x185.jpg\" class=\"wp-image-2965 avia-img-lazy-loading-not-2965 attachment-portfolio_small size-portfolio_small wp-post-image\" alt=\"HX Expeditions\" \/><\/a><div class=\"slide-content\"><header class=\"entry-content-header\" aria-label=\"Slide: HX Expeditions\"><\/header><\/div><footer class=\"entry-footer\"><\/footer><span class='hidden'>\n\t\t\t\t<span class='av-structured-data'  itemprop=\"image\" itemscope=\"itemscope\" itemtype=\"https:\/\/schema.org\/ImageObject\" >\n\t\t\t\t\t\t<span itemprop='url'>https:\/\/dfvcg-events.de\/fvw-travel-talk-kongress\/wp-content\/uploads\/sites\/59\/2026\/02\/HX_Expeditions_Logo_Horizontal_CMYK_indigo-web.jpg<\/span>\n\t\t\t\t\t\t<span itemprop='height'>600<\/span>\n\t\t\t\t\t\t<span itemprop='width'>800<\/span>\n\t\t\t\t<\/span>\n\t\t\t\t<span class='av-structured-data'  itemprop=\"publisher\" itemtype=\"https:\/\/schema.org\/Organization\" itemscope=\"itemscope\" >\n\t\t\t\t\t\t<span itemprop='name'>como<\/span>\n\t\t\t\t\t\t<span itemprop='logo' itemscope itemtype='https:\/\/schema.org\/ImageObject'>\n\t\t\t\t\t\t\t<span itemprop='url'>https:\/\/dfvcg-events.de\/fvw-travel-talk-kongress\/wp-content\/uploads\/sites\/59\/2024\/10\/fvw-travel-talk-kongress-logo-header.png<\/span>\n\t\t\t\t\t\t<\/span>\n\t\t\t\t<\/span><span class='av-structured-data'  itemprop=\"author\" itemscope=\"itemscope\" itemtype=\"https:\/\/schema.org\/Person\" ><span itemprop='name'>como<\/span><\/span><span class='av-structured-data'  itemprop=\"datePublished\" datetime=\"2020-03-18T21:01:25+01:00\" >2026-02-26 15:58:14<\/span><span class='av-structured-data'  itemprop=\"dateModified\" itemtype=\"https:\/\/schema.org\/dateModified\" >2026-02-26 15:58:14<\/span><span class='av-structured-data'  itemprop=\"mainEntityOfPage\" itemtype=\"https:\/\/schema.org\/mainEntityOfPage\" ><span itemprop='name'>HX Expeditions<\/span><\/span><\/span><\/article><article class='slide-entry flex_column  post-entry post-entry-2885 slide-entry-overview slide-loop-4 slide-parity-even  av_one_fifth  real-thumbnail posttype-post post-format-standard'  itemscope=\"itemscope\" itemtype=\"https:\/\/schema.org\/CreativeWork\" ><a href='https:\/\/dfvcg-events.de\/fvw-travel-talk-kongress\/awin\/' data-rel='slide-1' class='slide-image' title='AWIN'><img decoding=\"async\" fetchpriority=\"high\" width=\"260\" height=\"185\" src=\"https:\/\/dfvcg-events.de\/fvw-travel-talk-kongress\/wp-content\/uploads\/sites\/59\/2026\/01\/Awin_full-colour-black_transparent-bg_logo-web-260x185.png\" class=\"wp-image-2886 avia-img-lazy-loading-not-2886 attachment-portfolio_small size-portfolio_small wp-post-image\" alt=\"\" \/><\/a><div class=\"slide-content\"><header class=\"entry-content-header\" aria-label=\"Slide: AWIN\"><\/header><\/div><footer class=\"entry-footer\"><\/footer><span class='hidden'>\n\t\t\t\t<span class='av-structured-data'  itemprop=\"image\" itemscope=\"itemscope\" itemtype=\"https:\/\/schema.org\/ImageObject\" >\n\t\t\t\t\t\t<span itemprop='url'>https:\/\/dfvcg-events.de\/fvw-travel-talk-kongress\/wp-content\/uploads\/sites\/59\/2026\/01\/Awin_full-colour-black_transparent-bg_logo-web.png<\/span>\n\t\t\t\t\t\t<span itemprop='height'>600<\/span>\n\t\t\t\t\t\t<span itemprop='width'>800<\/span>\n\t\t\t\t<\/span>\n\t\t\t\t<span class='av-structured-data'  itemprop=\"publisher\" itemtype=\"https:\/\/schema.org\/Organization\" itemscope=\"itemscope\" >\n\t\t\t\t\t\t<span itemprop='name'>como<\/span>\n\t\t\t\t\t\t<span itemprop='logo' itemscope itemtype='https:\/\/schema.org\/ImageObject'>\n\t\t\t\t\t\t\t<span itemprop='url'>https:\/\/dfvcg-events.de\/fvw-travel-talk-kongress\/wp-content\/uploads\/sites\/59\/2024\/10\/fvw-travel-talk-kongress-logo-header.png<\/span>\n\t\t\t\t\t\t<\/span>\n\t\t\t\t<\/span><span class='av-structured-data'  itemprop=\"author\" itemscope=\"itemscope\" itemtype=\"https:\/\/schema.org\/Person\" ><span itemprop='name'>como<\/span><\/span><span class='av-structured-data'  itemprop=\"datePublished\" datetime=\"2020-03-18T21:01:25+01:00\" >2026-01-25 18:49:16<\/span><span class='av-structured-data'  itemprop=\"dateModified\" itemtype=\"https:\/\/schema.org\/dateModified\" >2026-01-25 18:49:16<\/span><span class='av-structured-data'  itemprop=\"mainEntityOfPage\" itemtype=\"https:\/\/schema.org\/mainEntityOfPage\" ><span itemprop='name'>AWIN<\/span><\/span><\/span><\/article><article class='slide-entry flex_column  post-entry post-entry-2113 slide-entry-overview slide-loop-5 slide-parity-odd  av_one_fifth  real-thumbnail posttype-post post-format-standard'  itemscope=\"itemscope\" itemtype=\"https:\/\/schema.org\/CreativeWork\" ><a href='https:\/\/dfvcg-events.de\/fvw-travel-talk-kongress\/alyza\/' data-rel='slide-1' class='slide-image' title='Alyza'><img decoding=\"async\" fetchpriority=\"high\" width=\"247\" height=\"185\" src=\"https:\/\/dfvcg-events.de\/fvw-travel-talk-kongress\/wp-content\/uploads\/sites\/59\/2025\/07\/logo_alyza_laserberry_web.png\" class=\"wp-image-2114 avia-img-lazy-loading-not-2114 attachment-portfolio_small size-portfolio_small wp-post-image\" alt=\"\" srcset=\"https:\/\/dfvcg-events.de\/fvw-travel-talk-kongress\/wp-content\/uploads\/sites\/59\/2025\/07\/logo_alyza_laserberry_web.png 800w, https:\/\/dfvcg-events.de\/fvw-travel-talk-kongress\/wp-content\/uploads\/sites\/59\/2025\/07\/logo_alyza_laserberry_web-705x529.png 705w\" sizes=\"(max-width: 247px) 100vw, 247px\" \/><\/a><div class=\"slide-content\"><header class=\"entry-content-header\" aria-label=\"Slide: Alyza\"><\/header><\/div><footer class=\"entry-footer\"><\/footer><span class='hidden'>\n\t\t\t\t<span class='av-structured-data'  itemprop=\"image\" itemscope=\"itemscope\" itemtype=\"https:\/\/schema.org\/ImageObject\" >\n\t\t\t\t\t\t<span itemprop='url'>https:\/\/dfvcg-events.de\/fvw-travel-talk-kongress\/wp-content\/uploads\/sites\/59\/2025\/07\/logo_alyza_laserberry_web.png<\/span>\n\t\t\t\t\t\t<span itemprop='height'>600<\/span>\n\t\t\t\t\t\t<span itemprop='width'>800<\/span>\n\t\t\t\t<\/span>\n\t\t\t\t<span class='av-structured-data'  itemprop=\"publisher\" itemtype=\"https:\/\/schema.org\/Organization\" itemscope=\"itemscope\" >\n\t\t\t\t\t\t<span itemprop='name'>lenafey<\/span>\n\t\t\t\t\t\t<span itemprop='logo' itemscope itemtype='https:\/\/schema.org\/ImageObject'>\n\t\t\t\t\t\t\t<span itemprop='url'>https:\/\/dfvcg-events.de\/fvw-travel-talk-kongress\/wp-content\/uploads\/sites\/59\/2024\/10\/fvw-travel-talk-kongress-logo-header.png<\/span>\n\t\t\t\t\t\t<\/span>\n\t\t\t\t<\/span><span class='av-structured-data'  itemprop=\"author\" itemscope=\"itemscope\" itemtype=\"https:\/\/schema.org\/Person\" ><span itemprop='name'>lenafey<\/span><\/span><span class='av-structured-data'  itemprop=\"datePublished\" datetime=\"2020-03-18T21:01:25+01:00\" >2025-07-07 09:24:07<\/span><span class='av-structured-data'  itemprop=\"dateModified\" itemtype=\"https:\/\/schema.org\/dateModified\" >2026-01-22 14:35:02<\/span><span class='av-structured-data'  itemprop=\"mainEntityOfPage\" itemtype=\"https:\/\/schema.org\/mainEntityOfPage\" ><span itemprop='name'>Alyza<\/span><\/span><\/span><\/article><\/div><div class=\"slide-entry-wrap\"><article class='slide-entry flex_column  post-entry post-entry-1964 slide-entry-overview slide-loop-6 slide-parity-odd  av_one_fifth first real-thumbnail posttype-post post-format-standard'  itemscope=\"itemscope\" itemtype=\"https:\/\/schema.org\/CreativeWork\" ><a href='https:\/\/dfvcg-events.de\/fvw-travel-talk-kongress\/team-neusta\/' data-rel='slide-1' class='slide-image' title='team neusta'><img decoding=\"async\" fetchpriority=\"high\" width=\"247\" height=\"185\" src=\"https:\/\/dfvcg-events.de\/fvw-travel-talk-kongress\/wp-content\/uploads\/sites\/59\/2025\/05\/team_neusta-Logo-web.jpg\" class=\"wp-image-1965 avia-img-lazy-loading-not-1965 attachment-portfolio_small size-portfolio_small wp-post-image\" alt=\"\" srcset=\"https:\/\/dfvcg-events.de\/fvw-travel-talk-kongress\/wp-content\/uploads\/sites\/59\/2025\/05\/team_neusta-Logo-web.jpg 800w, https:\/\/dfvcg-events.de\/fvw-travel-talk-kongress\/wp-content\/uploads\/sites\/59\/2025\/05\/team_neusta-Logo-web-705x529.jpg 705w\" sizes=\"(max-width: 247px) 100vw, 247px\" \/><\/a><div class=\"slide-content\"><header class=\"entry-content-header\" aria-label=\"Slide: team neusta\"><\/header><\/div><footer class=\"entry-footer\"><\/footer><span class='hidden'>\n\t\t\t\t<span class='av-structured-data'  itemprop=\"image\" itemscope=\"itemscope\" itemtype=\"https:\/\/schema.org\/ImageObject\" >\n\t\t\t\t\t\t<span itemprop='url'>https:\/\/dfvcg-events.de\/fvw-travel-talk-kongress\/wp-content\/uploads\/sites\/59\/2025\/05\/team_neusta-Logo-web.jpg<\/span>\n\t\t\t\t\t\t<span itemprop='height'>600<\/span>\n\t\t\t\t\t\t<span itemprop='width'>800<\/span>\n\t\t\t\t<\/span>\n\t\t\t\t<span class='av-structured-data'  itemprop=\"publisher\" itemtype=\"https:\/\/schema.org\/Organization\" itemscope=\"itemscope\" >\n\t\t\t\t\t\t<span itemprop='name'>como<\/span>\n\t\t\t\t\t\t<span itemprop='logo' itemscope itemtype='https:\/\/schema.org\/ImageObject'>\n\t\t\t\t\t\t\t<span itemprop='url'>https:\/\/dfvcg-events.de\/fvw-travel-talk-kongress\/wp-content\/uploads\/sites\/59\/2024\/10\/fvw-travel-talk-kongress-logo-header.png<\/span>\n\t\t\t\t\t\t<\/span>\n\t\t\t\t<\/span><span class='av-structured-data'  itemprop=\"author\" itemscope=\"itemscope\" itemtype=\"https:\/\/schema.org\/Person\" ><span itemprop='name'>como<\/span><\/span><span class='av-structured-data'  itemprop=\"datePublished\" datetime=\"2020-03-18T21:01:25+01:00\" >2025-05-27 18:06:01<\/span><span class='av-structured-data'  itemprop=\"dateModified\" itemtype=\"https:\/\/schema.org\/dateModified\" >2026-01-22 16:18:44<\/span><span class='av-structured-data'  itemprop=\"mainEntityOfPage\" itemtype=\"https:\/\/schema.org\/mainEntityOfPage\" ><span itemprop='name'>team neusta<\/span><\/span><\/span><\/article><article class='slide-entry flex_column  post-entry post-entry-1572 slide-entry-overview slide-loop-7 slide-parity-even  av_one_fifth  real-thumbnail posttype-post post-format-standard'  itemscope=\"itemscope\" itemtype=\"https:\/\/schema.org\/CreativeWork\" ><a href='https:\/\/dfvcg-events.de\/fvw-travel-talk-kongress\/urv\/' data-rel='slide-1' class='slide-image' title='URV \u2013 Union Reiseversicherung'><img decoding=\"async\" fetchpriority=\"high\" width=\"247\" height=\"185\" src=\"https:\/\/dfvcg-events.de\/fvw-travel-talk-kongress\/wp-content\/uploads\/sites\/59\/2025\/03\/URV-Logo-web.jpg\" class=\"wp-image-1574 avia-img-lazy-loading-not-1574 attachment-portfolio_small size-portfolio_small wp-post-image\" alt=\"\" srcset=\"https:\/\/dfvcg-events.de\/fvw-travel-talk-kongress\/wp-content\/uploads\/sites\/59\/2025\/03\/URV-Logo-web.jpg 800w, https:\/\/dfvcg-events.de\/fvw-travel-talk-kongress\/wp-content\/uploads\/sites\/59\/2025\/03\/URV-Logo-web-705x529.jpg 705w\" sizes=\"(max-width: 247px) 100vw, 247px\" \/><\/a><div class=\"slide-content\"><header class=\"entry-content-header\" aria-label=\"Slide: URV \u2013 Union Reiseversicherung\"><\/header><\/div><footer class=\"entry-footer\"><\/footer><span class='hidden'>\n\t\t\t\t<span class='av-structured-data'  itemprop=\"image\" itemscope=\"itemscope\" itemtype=\"https:\/\/schema.org\/ImageObject\" >\n\t\t\t\t\t\t<span itemprop='url'>https:\/\/dfvcg-events.de\/fvw-travel-talk-kongress\/wp-content\/uploads\/sites\/59\/2025\/03\/URV-Logo-web.jpg<\/span>\n\t\t\t\t\t\t<span itemprop='height'>600<\/span>\n\t\t\t\t\t\t<span itemprop='width'>800<\/span>\n\t\t\t\t<\/span>\n\t\t\t\t<span class='av-structured-data'  itemprop=\"publisher\" itemtype=\"https:\/\/schema.org\/Organization\" itemscope=\"itemscope\" >\n\t\t\t\t\t\t<span itemprop='name'>como<\/span>\n\t\t\t\t\t\t<span itemprop='logo' itemscope itemtype='https:\/\/schema.org\/ImageObject'>\n\t\t\t\t\t\t\t<span itemprop='url'>https:\/\/dfvcg-events.de\/fvw-travel-talk-kongress\/wp-content\/uploads\/sites\/59\/2024\/10\/fvw-travel-talk-kongress-logo-header.png<\/span>\n\t\t\t\t\t\t<\/span>\n\t\t\t\t<\/span><span class='av-structured-data'  itemprop=\"author\" itemscope=\"itemscope\" itemtype=\"https:\/\/schema.org\/Person\" ><span itemprop='name'>como<\/span><\/span><span class='av-structured-data'  itemprop=\"datePublished\" datetime=\"2020-03-18T21:01:25+01:00\" >2025-03-03 20:27:43<\/span><span class='av-structured-data'  itemprop=\"dateModified\" itemtype=\"https:\/\/schema.org\/dateModified\" >2026-02-16 10:59:17<\/span><span class='av-structured-data'  itemprop=\"mainEntityOfPage\" itemtype=\"https:\/\/schema.org\/mainEntityOfPage\" ><span itemprop='name'>URV \u2013 Union Reiseversicherung<\/span><\/span><\/span><\/article><article class='slide-entry flex_column  post-entry post-entry-1563 slide-entry-overview slide-loop-8 slide-parity-odd  av_one_fifth  real-thumbnail posttype-post post-format-standard'  itemscope=\"itemscope\" itemtype=\"https:\/\/schema.org\/CreativeWork\" ><a href='https:\/\/dfvcg-events.de\/fvw-travel-talk-kongress\/deutsche-bahn\/' data-rel='slide-1' class='slide-image' title='Deutsche Bahn'><img decoding=\"async\" fetchpriority=\"high\" width=\"247\" height=\"185\" src=\"https:\/\/dfvcg-events.de\/fvw-travel-talk-kongress\/wp-content\/uploads\/sites\/59\/2025\/03\/Deutsche_Bahn_AG-Logo-web.jpg\" class=\"wp-image-1564 avia-img-lazy-loading-not-1564 attachment-portfolio_small size-portfolio_small wp-post-image\" alt=\"\" srcset=\"https:\/\/dfvcg-events.de\/fvw-travel-talk-kongress\/wp-content\/uploads\/sites\/59\/2025\/03\/Deutsche_Bahn_AG-Logo-web.jpg 800w, https:\/\/dfvcg-events.de\/fvw-travel-talk-kongress\/wp-content\/uploads\/sites\/59\/2025\/03\/Deutsche_Bahn_AG-Logo-web-705x529.jpg 705w\" sizes=\"(max-width: 247px) 100vw, 247px\" \/><\/a><div class=\"slide-content\"><header class=\"entry-content-header\" aria-label=\"Slide: Deutsche Bahn\"><\/header><\/div><footer class=\"entry-footer\"><\/footer><span class='hidden'>\n\t\t\t\t<span class='av-structured-data'  itemprop=\"image\" itemscope=\"itemscope\" itemtype=\"https:\/\/schema.org\/ImageObject\" >\n\t\t\t\t\t\t<span itemprop='url'>https:\/\/dfvcg-events.de\/fvw-travel-talk-kongress\/wp-content\/uploads\/sites\/59\/2025\/03\/Deutsche_Bahn_AG-Logo-web.jpg<\/span>\n\t\t\t\t\t\t<span itemprop='height'>600<\/span>\n\t\t\t\t\t\t<span itemprop='width'>800<\/span>\n\t\t\t\t<\/span>\n\t\t\t\t<span class='av-structured-data'  itemprop=\"publisher\" itemtype=\"https:\/\/schema.org\/Organization\" itemscope=\"itemscope\" >\n\t\t\t\t\t\t<span itemprop='name'>como<\/span>\n\t\t\t\t\t\t<span itemprop='logo' itemscope itemtype='https:\/\/schema.org\/ImageObject'>\n\t\t\t\t\t\t\t<span itemprop='url'>https:\/\/dfvcg-events.de\/fvw-travel-talk-kongress\/wp-content\/uploads\/sites\/59\/2024\/10\/fvw-travel-talk-kongress-logo-header.png<\/span>\n\t\t\t\t\t\t<\/span>\n\t\t\t\t<\/span><span class='av-structured-data'  itemprop=\"author\" itemscope=\"itemscope\" itemtype=\"https:\/\/schema.org\/Person\" ><span itemprop='name'>como<\/span><\/span><span class='av-structured-data'  itemprop=\"datePublished\" datetime=\"2020-03-18T21:01:25+01:00\" >2025-03-03 20:16:18<\/span><span class='av-structured-data'  itemprop=\"dateModified\" itemtype=\"https:\/\/schema.org\/dateModified\" >2026-03-19 13:15:00<\/span><span class='av-structured-data'  itemprop=\"mainEntityOfPage\" itemtype=\"https:\/\/schema.org\/mainEntityOfPage\" ><span itemprop='name'>Deutsche Bahn<\/span><\/span><\/span><\/article><article class='slide-entry flex_column  post-entry post-entry-1554 slide-entry-overview slide-loop-9 slide-parity-even  post-entry-last  av_one_fifth  real-thumbnail posttype-post post-format-standard'  itemscope=\"itemscope\" itemtype=\"https:\/\/schema.org\/CreativeWork\" ><a href='https:\/\/dfvcg-events.de\/fvw-travel-talk-kongress\/sunny-cars\/' data-rel='slide-1' class='slide-image' title='Sunny Cars'><img decoding=\"async\" fetchpriority=\"high\" width=\"247\" height=\"185\" src=\"https:\/\/dfvcg-events.de\/fvw-travel-talk-kongress\/wp-content\/uploads\/sites\/59\/2025\/02\/Logo_auf_Flaeche-web.jpg\" class=\"wp-image-1555 avia-img-lazy-loading-not-1555 attachment-portfolio_small size-portfolio_small wp-post-image\" alt=\"\" srcset=\"https:\/\/dfvcg-events.de\/fvw-travel-talk-kongress\/wp-content\/uploads\/sites\/59\/2025\/02\/Logo_auf_Flaeche-web.jpg 800w, https:\/\/dfvcg-events.de\/fvw-travel-talk-kongress\/wp-content\/uploads\/sites\/59\/2025\/02\/Logo_auf_Flaeche-web-705x529.jpg 705w\" sizes=\"(max-width: 247px) 100vw, 247px\" \/><\/a><div class=\"slide-content\"><header class=\"entry-content-header\" aria-label=\"Slide: Sunny Cars\"><\/header><\/div><footer class=\"entry-footer\"><\/footer><span class='hidden'>\n\t\t\t\t<span class='av-structured-data'  itemprop=\"image\" itemscope=\"itemscope\" itemtype=\"https:\/\/schema.org\/ImageObject\" >\n\t\t\t\t\t\t<span itemprop='url'>https:\/\/dfvcg-events.de\/fvw-travel-talk-kongress\/wp-content\/uploads\/sites\/59\/2025\/02\/Logo_auf_Flaeche-web.jpg<\/span>\n\t\t\t\t\t\t<span itemprop='height'>600<\/span>\n\t\t\t\t\t\t<span itemprop='width'>800<\/span>\n\t\t\t\t<\/span>\n\t\t\t\t<span class='av-structured-data'  itemprop=\"publisher\" itemtype=\"https:\/\/schema.org\/Organization\" itemscope=\"itemscope\" >\n\t\t\t\t\t\t<span itemprop='name'>como<\/span>\n\t\t\t\t\t\t<span itemprop='logo' itemscope itemtype='https:\/\/schema.org\/ImageObject'>\n\t\t\t\t\t\t\t<span itemprop='url'>https:\/\/dfvcg-events.de\/fvw-travel-talk-kongress\/wp-content\/uploads\/sites\/59\/2024\/10\/fvw-travel-talk-kongress-logo-header.png<\/span>\n\t\t\t\t\t\t<\/span>\n\t\t\t\t<\/span><span class='av-structured-data'  itemprop=\"author\" itemscope=\"itemscope\" itemtype=\"https:\/\/schema.org\/Person\" ><span itemprop='name'>como<\/span><\/span><span class='av-structured-data'  itemprop=\"datePublished\" datetime=\"2020-03-18T21:01:25+01:00\" >2025-02-27 17:58:20<\/span><span class='av-structured-data'  itemprop=\"dateModified\" itemtype=\"https:\/\/schema.org\/dateModified\" >2026-02-02 23:37:02<\/span><span class='av-structured-data'  itemprop=\"mainEntityOfPage\" itemtype=\"https:\/\/schema.org\/mainEntityOfPage\" ><span itemprop='name'>Sunny Cars<\/span><\/span><\/span><\/article><\/div><\/div><div class='avia-slideshow-arrows avia-slideshow-controls' ><a href='#prev' class='prev-slide  avia-svg-icon avia-font-svg_entypo-fontello' data-av_svg_icon='left-open-big' data-av_iconset='svg_entypo-fontello' tabindex='-1' title=\"Zur\u00fcck\"><svg version=\"1.1\" xmlns=\"http:\/\/www.w3.org\/2000\/svg\" width=\"15\" height=\"32\" viewBox=\"0 0 15 32\" preserveAspectRatio=\"xMidYMid meet\" aria-labelledby='av-svg-title-16' aria-describedby='av-svg-desc-16' role=\"graphics-symbol\" aria-hidden=\"true\">\n<title id='av-svg-title-16'>Zur\u00fcck<\/title>\n<desc id='av-svg-desc-16'>Zur\u00fcck<\/desc>\n<path d=\"M14.464 27.84q0.832 0.832 0 1.536-0.832 0.832-1.536 0l-12.544-12.608q-0.768-0.768 0-1.6l12.544-12.608q0.704-0.832 1.536 0 0.832 0.704 0 1.536l-11.456 11.904z\"><\/path>\n<\/svg><span class='avia_hidden_link_text'>Zur\u00fcck<\/span><\/a><a href='#next' class='next-slide  avia-svg-icon avia-font-svg_entypo-fontello' data-av_svg_icon='right-open-big' data-av_iconset='svg_entypo-fontello' tabindex='-1' title=\"Weiter\"><svg version=\"1.1\" xmlns=\"http:\/\/www.w3.org\/2000\/svg\" width=\"15\" height=\"32\" viewBox=\"0 0 15 32\" preserveAspectRatio=\"xMidYMid meet\" aria-labelledby='av-svg-title-17' aria-describedby='av-svg-desc-17' role=\"graphics-symbol\" aria-hidden=\"true\">\n<title id='av-svg-title-17'>Weiter<\/title>\n<desc id='av-svg-desc-17'>Weiter<\/desc>\n<path d=\"M0.416 27.84l11.456-11.84-11.456-11.904q-0.832-0.832 0-1.536 0.832-0.832 1.536 0l12.544 12.608q0.768 0.832 0 1.6l-12.544 12.608q-0.704 0.832-1.536 0-0.832-0.704 0-1.536z\"><\/path>\n<\/svg><span class='avia_hidden_link_text'>Weiter<\/span><\/a><\/div><\/div>\n\n<style type=\"text\/css\" data-created_by=\"avia_inline_auto\" id=\"style-css-av-1pb6s-91fbac3b86cfed91849eddaccb941ede\">\n#top .hr.hr-invisible.av-1pb6s-91fbac3b86cfed91849eddaccb941ede{\nheight:30px;\n}\n<\/style>\n<div  class='hr av-1pb6s-91fbac3b86cfed91849eddaccb941ede hr-invisible  avia-builder-el-66  el_after_av_postslider  el_before_av_button  av-medium-hide av-small-hide av-mini-hide'><span class='hr-inner '><span class=\"hr-inner-style\"><\/span><\/span><\/div>\n<div  class='avia-button-wrap av-2enw-390b61bb8713489bcd0c39a1aa73a6d6-wrap avia-button-left  avia-builder-el-67  el_after_av_hr  avia-builder-el-last '><a href='https:\/\/dfvcg-events.de\/fvw-travel-talk-kongress\/sponsoren\/'  class='avia-button av-2enw-390b61bb8713489bcd0c39a1aa73a6d6 av-link-btn avia-icon_select-yes-left-icon avia-size-x-large avia-position-left avia-color-theme-color'   aria-label=\"Alle Sponsoren\"><span class='avia_button_icon avia_button_icon_left avia-iconfont avia-font-entypo-fontello' data-av_icon='\ue80b' data-av_iconfont='entypo-fontello' ><\/span><span class='avia_iconbox_title' >Alle Sponsoren<\/span><\/a><\/div>\n\n<\/div><\/div><\/div><!-- close content main div --><\/div><\/div><div id='av_section_6'  class='avia-section av-av_section-28578e35c74feedb7df5af76b5ef832e main_color avia-section-default avia-no-shadow  avia-builder-el-68  el_after_av_section  el_before_av_section  avia-bg-style-scroll container_wrap fullsize'  ><div class='container av-section-cont-open' ><div class='template-page content  av-content-full alpha units'><div class='post-entry post-entry-type-page post-entry-16'><div class='entry-content-wrapper clearfix'>\n\n<style type=\"text\/css\" data-created_by=\"avia_inline_auto\" id=\"style-css-av-av_heading-cbcc4e37e7251ddb1f5623bd87e0e438\">\n#top .av-special-heading.av-av_heading-cbcc4e37e7251ddb1f5623bd87e0e438{\npadding-bottom:35px;\n}\nbody .av-special-heading.av-av_heading-cbcc4e37e7251ddb1f5623bd87e0e438 .av-special-heading-tag .heading-char{\nfont-size:25px;\n}\n.av-special-heading.av-av_heading-cbcc4e37e7251ddb1f5623bd87e0e438 .av-subheading{\nfont-size:19px;\n}\n<\/style>\n<div  class='av-special-heading av-av_heading-cbcc4e37e7251ddb1f5623bd87e0e438 av-special-heading-h2 blockquote modern-quote  avia-builder-el-69  el_before_av_masonry_entries  avia-builder-el-no-sibling  av-linked-heading'><h2 class='av-special-heading-tag '  itemprop=\"headline\"  >Vortragende<\/h2><div class=\"special-heading-border\"><div class=\"special-heading-inner-border\"><\/div><\/div><\/div>\n<div id='av-masonry-1' class='av-masonry av-mogznf3t-439eb5df4e47a8795cc2ea7789daa587 noHover av-fixed-size av-large-gap av-hover-overlay- av-masonry-animation-active av-masonry-col-4 av-caption-always av-caption-style- av-masonry-entries av-medium-columns-overwrite av-medium-columns-2 av-small-columns-overwrite av-small-columns-2 av-mini-columns-overwrite av-mini-columns-1 av-orientation-portrait-large ' data-post_id=\"16\"><div class=\"av-masonry-container isotope av-js-disabled\"><div class='av-masonry-entry isotope-item av-masonry-item-no-image '><\/div><a href=\"https:\/\/dfvcg-events.de\/fvw-travel-talk-kongress\/vortragend\/peter-fankhauser\/\"  id='av-masonry-1-item-3044' data-av-masonry-item='3044' class='av-masonry-entry isotope-item post-3044 portfolio type-portfolio status-publish has-post-thumbnail hentry portfolio_entries-vortragend-2026 portfolio_entries-vortragend-feature-2026  av-masonry-item-with-image' title=\"Fankhauser-Peter-Manres-web\"   itemscope=\"itemscope\" itemtype=\"https:\/\/schema.org\/CreativeWork\" ><div class='av-inner-masonry-sizer'><\/div><figure class='av-inner-masonry main_color'><div class=\"av-masonry-outerimage-container\"><div class='av-masonry-image-container' style=\"background-image: url(https:\/\/dfvcg-events.de\/fvw-travel-talk-kongress\/wp-content\/uploads\/sites\/59\/2026\/04\/Fankhauser-Peter-Manres-web.jpg);\"  title=\"Fankhauser-Peter-Manres-web\" ><\/div><\/div><figcaption class='av-inner-masonry-content site-background'><div class='av-inner-masonry-content-pos'><div class='av-inner-masonry-content-pos-content'><div class='avia-arrow'><\/div><h3 class='av-masonry-entry-title entry-title '  itemprop=\"headline\" >Peter Fankhauser<\/h3><div class='av-masonry-entry-content entry-content'  itemprop=\"text\" >MANRES<\/div><\/div><\/div><\/figcaption><\/figure><\/a><!--end av-masonry entry--><a href=\"https:\/\/dfvcg-events.de\/fvw-travel-talk-kongress\/vortragend\/detlev-schaeferjohann\/\"  id='av-masonry-1-item-3065' data-av-masonry-item='3065' class='av-masonry-entry isotope-item post-3065 portfolio type-portfolio status-publish has-post-thumbnail hentry portfolio_entries-vortragend-2026 portfolio_entries-vortragend-feature-2026  av-masonry-item-with-image' title=\"Sch\u00e4ferjohann-Detlev-ehoi-web\"   itemscope=\"itemscope\" itemtype=\"https:\/\/schema.org\/CreativeWork\" ><div class='av-inner-masonry-sizer'><\/div><figure class='av-inner-masonry main_color'><div class=\"av-masonry-outerimage-container\"><div class='av-masonry-image-container' style=\"background-image: url(https:\/\/dfvcg-events.de\/fvw-travel-talk-kongress\/wp-content\/uploads\/sites\/59\/2026\/04\/Schaeferjohann-Detlev-ehoi-web.jpg);\"  title=\"Sch\u00e4ferjohann-Detlev-ehoi-web\" ><\/div><\/div><figcaption class='av-inner-masonry-content site-background'><div class='av-inner-masonry-content-pos'><div class='av-inner-masonry-content-pos-content'><div class='avia-arrow'><\/div><h3 class='av-masonry-entry-title entry-title '  itemprop=\"headline\" >Detlev Sch\u00e4ferjohann<\/h3><div class='av-masonry-entry-content entry-content'  itemprop=\"text\" >ehoi<\/div><\/div><\/div><\/figcaption><\/figure><\/a><!--end av-masonry entry--><a href=\"https:\/\/dfvcg-events.de\/fvw-travel-talk-kongress\/vortragend\/jan-frederik-valentin\/\"  id='av-masonry-1-item-3052' data-av-masonry-item='3052' class='av-masonry-entry isotope-item post-3052 portfolio type-portfolio status-publish has-post-thumbnail hentry portfolio_entries-vortragend-2026 portfolio_entries-vortragend-feature-2026  av-masonry-item-with-image' title=\"Valentin-Jan-Frederik-ennea-web\"   itemscope=\"itemscope\" itemtype=\"https:\/\/schema.org\/CreativeWork\" ><div class='av-inner-masonry-sizer'><\/div><figure class='av-inner-masonry main_color'><div class=\"av-masonry-outerimage-container\"><div class='av-masonry-image-container' style=\"background-image: url(https:\/\/dfvcg-events.de\/fvw-travel-talk-kongress\/wp-content\/uploads\/sites\/59\/2026\/04\/Valentin-Jan-Frederik-ennea-web.jpg);\"  title=\"Valentin-Jan-Frederik-ennea-web\" ><\/div><\/div><figcaption class='av-inner-masonry-content site-background'><div class='av-inner-masonry-content-pos'><div class='av-inner-masonry-content-pos-content'><div class='avia-arrow'><\/div><h3 class='av-masonry-entry-title entry-title '  itemprop=\"headline\" >Jan-Frederik Valentin<\/h3><div class='av-masonry-entry-content entry-content'  itemprop=\"text\" >ennea capital partners<\/div><\/div><\/div><\/figcaption><\/figure><\/a><!--end av-masonry entry--><a href=\"https:\/\/dfvcg-events.de\/fvw-travel-talk-kongress\/vortragend\/christoph-zeh\/\"  id='av-masonry-1-item-3056' data-av-masonry-item='3056' class='av-masonry-entry isotope-item post-3056 portfolio type-portfolio status-publish has-post-thumbnail hentry portfolio_entries-vortragend-2026 portfolio_entries-vortragend-feature-2026  av-masonry-item-with-image' title=\"Zeh-Christoph-YouGov-web\"   itemscope=\"itemscope\" itemtype=\"https:\/\/schema.org\/CreativeWork\" ><div class='av-inner-masonry-sizer'><\/div><figure class='av-inner-masonry main_color'><div class=\"av-masonry-outerimage-container\"><div class='av-masonry-image-container' style=\"background-image: url(https:\/\/dfvcg-events.de\/fvw-travel-talk-kongress\/wp-content\/uploads\/sites\/59\/2026\/04\/Zeh-Christoph-YouGov-web.jpg);\"  title=\"Zeh-Christoph-YouGov-web\" ><\/div><\/div><figcaption class='av-inner-masonry-content site-background'><div class='av-inner-masonry-content-pos'><div class='av-inner-masonry-content-pos-content'><div class='avia-arrow'><\/div><h3 class='av-masonry-entry-title entry-title '  itemprop=\"headline\" >Christoph Zeh<\/h3><div class='av-masonry-entry-content entry-content'  itemprop=\"text\" >YouGov<\/div><\/div><\/div><\/figcaption><\/figure><\/a><!--end av-masonry entry--><\/div><\/div>\n\n<style type=\"text\/css\" data-created_by=\"avia_inline_auto\" id=\"style-css-av-av_hr-ea85c748f81f6dd802519075ab55b833\">\n#top .hr.hr-invisible.av-av_hr-ea85c748f81f6dd802519075ab55b833{\nheight:30px;\n}\n<\/style>\n<div  class='hr av-av_hr-ea85c748f81f6dd802519075ab55b833 hr-invisible  avia-builder-el-71  el_after_av_masonry_entries  el_before_av_button  avia-builder-el-first  av-medium-hide av-small-hide av-mini-hide'><span class='hr-inner '><span class=\"hr-inner-style\"><\/span><\/span><\/div>\n<div  class='avia-button-wrap av-mogznjy7-04e3473cee651cd671b3e66525c105d9-wrap avia-button-left  avia-builder-el-72  el_after_av_hr  avia-builder-el-last '><a href='https:\/\/dfvcg-events.de\/fvw-travel-talk-kongress\/vortragende\/'  class='avia-button av-mogznjy7-04e3473cee651cd671b3e66525c105d9 av-link-btn avia-icon_select-yes-left-icon avia-size-x-large avia-position-left avia-color-theme-color'   aria-label=\"Alle Vortragenden\"><span class='avia_button_icon avia_button_icon_left avia-iconfont avia-font-entypo-fontello' data-av_icon='\ue80b' data-av_iconfont='entypo-fontello' ><\/span><span class='avia_iconbox_title' >Alle Vortragenden<\/span><\/a><\/div>\n<\/div><\/div><\/div><!-- close content main div --><\/div><\/div><div id='av_section_7'  class='avia-section av-m209d82x-1bab9a6072a79f0ea099218c80bd20b7 main_color avia-section-default avia-no-shadow  avia-builder-el-73  el_after_av_section  el_before_av_section  avia-bg-style-scroll container_wrap fullsize'  ><div class='container av-section-cont-open' ><div class='template-page content  av-content-full alpha units'><div class='post-entry post-entry-type-page post-entry-16'><div class='entry-content-wrapper clearfix'>\n\n<style type=\"text\/css\" data-created_by=\"avia_inline_auto\" id=\"style-css-av-m209c6ho-65cfffb8e2171b5a681a1415eef32356\">\n#top .av-special-heading.av-m209c6ho-65cfffb8e2171b5a681a1415eef32356{\npadding-bottom:35px;\n}\nbody .av-special-heading.av-m209c6ho-65cfffb8e2171b5a681a1415eef32356 .av-special-heading-tag .heading-char{\nfont-size:25px;\n}\n.av-special-heading.av-m209c6ho-65cfffb8e2171b5a681a1415eef32356 .av-subheading{\nfont-size:19px;\n}\n<\/style>\n<div  class='av-special-heading av-m209c6ho-65cfffb8e2171b5a681a1415eef32356 av-special-heading-h2 blockquote modern-quote  avia-builder-el-74  el_before_av_one_half  avia-builder-el-first  av-linked-heading'><h2 class='av-special-heading-tag '  itemprop=\"headline\"  >Impressionen<\/h2><div class='av-subheading av-subheading_below'><p>Das war der fvw|TravelTalk Kongress 2025<\/p>\n<\/div><div class=\"special-heading-border\"><div class=\"special-heading-inner-border\"><\/div><\/div><\/div>\n<div class='flex_column_table av-59cws-549608f88ebe37d9d6cd63918c576582 sc-av_one_half av-equal-height-column-flextable'>\n<style type=\"text\/css\" data-created_by=\"avia_inline_auto\" id=\"style-css-av-59cws-549608f88ebe37d9d6cd63918c576582\">\n.flex_column.av-59cws-549608f88ebe37d9d6cd63918c576582{\nwidth:49%;\nmargin-left:0;\n}\n#top .flex_column_table.av-equal-height-column-flextable.av-59cws-549608f88ebe37d9d6cd63918c576582 .av-flex-placeholder{\nwidth:2%;\n}\n<\/style>\n<div  class='flex_column av-59cws-549608f88ebe37d9d6cd63918c576582 av_one_half  avia-builder-el-75  el_after_av_heading  el_before_av_one_half  first flex_column_table_cell av-equal-height-column av-align-middle  '     ><style type=\"text\/css\" data-created_by=\"avia_inline_auto\" id=\"style-css-av-mg0o1njg-5444f43204eaa4251aed290e82d45aa0\">\n#top .av-masonry.av-mg0o1njg-5444f43204eaa4251aed290e82d45aa0{\nbackground-color:#ffffff;\n}\n<\/style>\n<div id='av-masonry-2' class='av-masonry av-mg0o1njg-5444f43204eaa4251aed290e82d45aa0 noHover av-flex-size av-large-gap av-hover-overlay- av-masonry-animation-active av-masonry-col-2 av-caption-always av-caption-style- av-masonry-gallery ' data-post_id=\"16\"><div class=\"av-masonry-container isotope av-js-disabled\"><div class='av-masonry-entry isotope-item av-masonry-item-no-image '><\/div><a href=\"https:\/\/dfvcg-events.de\/fvw-travel-talk-kongress\/wp-content\/uploads\/sites\/59\/2025\/09\/fvw-TravelTalk-Kongress-2025-40.jpg\" data-srcset=\"https:\/\/dfvcg-events.de\/fvw-travel-talk-kongress\/wp-content\/uploads\/sites\/59\/2025\/09\/fvw-TravelTalk-Kongress-2025-40.jpg 1200w, https:\/\/dfvcg-events.de\/fvw-travel-talk-kongress\/wp-content\/uploads\/sites\/59\/2025\/09\/fvw-TravelTalk-Kongress-2025-40-705x470.jpg 705w\" data-sizes=\"(max-width: 1030px) 100vw, 1030px\"  aria-label=\"Bild Leipzig , DEU, 16.09.2025FVW Kongress im Pentahotel Leipzig\"  id='av-masonry-2-item-2842' data-av-masonry-item='2842' class='av-masonry-entry isotope-item post-2842 attachment type-attachment status-inherit hentry  av-masonry-item-with-image' title=\"\" alt=\"\"    itemprop=\"thumbnailUrl\" ><div class='av-inner-masonry-sizer'><\/div><figure class='av-inner-masonry main_color'><div class=\"av-masonry-outerimage-container\"><div class='av-masonry-image-container'  ><img decoding=\"async\" width=\"1200\" height=\"800\" fetchpriority=\"high\" class=\"wp-image-2842 avia-img-lazy-loading-not-2842\"  src=\"https:\/\/dfvcg-events.de\/fvw-travel-talk-kongress\/wp-content\/uploads\/sites\/59\/2025\/09\/fvw-TravelTalk-Kongress-2025-40.jpg\" title=\"\" alt=\"\" srcset=\"https:\/\/dfvcg-events.de\/fvw-travel-talk-kongress\/wp-content\/uploads\/sites\/59\/2025\/09\/fvw-TravelTalk-Kongress-2025-40.jpg 1200w, https:\/\/dfvcg-events.de\/fvw-travel-talk-kongress\/wp-content\/uploads\/sites\/59\/2025\/09\/fvw-TravelTalk-Kongress-2025-40-705x470.jpg 705w\" sizes=\"(max-width: 1200px) 100vw, 1200px\" \/><\/div><\/div><\/figure><\/a><!--end av-masonry entry--><a href=\"https:\/\/dfvcg-events.de\/fvw-travel-talk-kongress\/wp-content\/uploads\/sites\/59\/2025\/09\/fvw-TravelTalk-Kongress-2025-06.jpg\" data-srcset=\"https:\/\/dfvcg-events.de\/fvw-travel-talk-kongress\/wp-content\/uploads\/sites\/59\/2025\/09\/fvw-TravelTalk-Kongress-2025-06.jpg 1200w, https:\/\/dfvcg-events.de\/fvw-travel-talk-kongress\/wp-content\/uploads\/sites\/59\/2025\/09\/fvw-TravelTalk-Kongress-2025-06-705x470.jpg 705w\" data-sizes=\"(max-width: 1030px) 100vw, 1030px\"  aria-label=\"Bild Leipzig , DEU, 16.09.2025FVW Kongress im Pentahotel Leipzig\"  id='av-masonry-2-item-2808' data-av-masonry-item='2808' class='av-masonry-entry isotope-item post-2808 attachment type-attachment status-inherit hentry  av-masonry-item-with-image' title=\"\" alt=\"\"    itemprop=\"thumbnailUrl\" ><div class='av-inner-masonry-sizer'><\/div><figure class='av-inner-masonry main_color'><div class=\"av-masonry-outerimage-container\"><div class='av-masonry-image-container'  ><img decoding=\"async\" width=\"1200\" height=\"800\" fetchpriority=\"high\" class=\"wp-image-2808 avia-img-lazy-loading-not-2808\"  src=\"https:\/\/dfvcg-events.de\/fvw-travel-talk-kongress\/wp-content\/uploads\/sites\/59\/2025\/09\/fvw-TravelTalk-Kongress-2025-06.jpg\" title=\"\" alt=\"\" srcset=\"https:\/\/dfvcg-events.de\/fvw-travel-talk-kongress\/wp-content\/uploads\/sites\/59\/2025\/09\/fvw-TravelTalk-Kongress-2025-06.jpg 1200w, https:\/\/dfvcg-events.de\/fvw-travel-talk-kongress\/wp-content\/uploads\/sites\/59\/2025\/09\/fvw-TravelTalk-Kongress-2025-06-705x470.jpg 705w\" sizes=\"(max-width: 1200px) 100vw, 1200px\" \/><\/div><\/div><\/figure><\/a><!--end av-masonry entry--><a href=\"https:\/\/dfvcg-events.de\/fvw-travel-talk-kongress\/wp-content\/uploads\/sites\/59\/2025\/09\/fvw-TravelTalk-Kongress-2025-15.jpg\" data-srcset=\"https:\/\/dfvcg-events.de\/fvw-travel-talk-kongress\/wp-content\/uploads\/sites\/59\/2025\/09\/fvw-TravelTalk-Kongress-2025-15.jpg 1200w, https:\/\/dfvcg-events.de\/fvw-travel-talk-kongress\/wp-content\/uploads\/sites\/59\/2025\/09\/fvw-TravelTalk-Kongress-2025-15-705x470.jpg 705w\" data-sizes=\"(max-width: 1030px) 100vw, 1030px\"  aria-label=\"Bild Leipzig , DEU, 16.09.2025FVW Kongress im Pentahotel Leipzig\"  id='av-masonry-2-item-2817' data-av-masonry-item='2817' class='av-masonry-entry isotope-item post-2817 attachment type-attachment status-inherit hentry  av-masonry-item-with-image' title=\"\" alt=\"\"    itemprop=\"thumbnailUrl\" ><div class='av-inner-masonry-sizer'><\/div><figure class='av-inner-masonry main_color'><div class=\"av-masonry-outerimage-container\"><div class='av-masonry-image-container'  ><img decoding=\"async\" width=\"1200\" height=\"800\" fetchpriority=\"high\" class=\"wp-image-2817 avia-img-lazy-loading-not-2817\"  src=\"https:\/\/dfvcg-events.de\/fvw-travel-talk-kongress\/wp-content\/uploads\/sites\/59\/2025\/09\/fvw-TravelTalk-Kongress-2025-15.jpg\" title=\"\" alt=\"\" srcset=\"https:\/\/dfvcg-events.de\/fvw-travel-talk-kongress\/wp-content\/uploads\/sites\/59\/2025\/09\/fvw-TravelTalk-Kongress-2025-15.jpg 1200w, https:\/\/dfvcg-events.de\/fvw-travel-talk-kongress\/wp-content\/uploads\/sites\/59\/2025\/09\/fvw-TravelTalk-Kongress-2025-15-705x470.jpg 705w\" sizes=\"(max-width: 1200px) 100vw, 1200px\" \/><\/div><\/div><\/figure><\/a><!--end av-masonry entry--><a href=\"https:\/\/dfvcg-events.de\/fvw-travel-talk-kongress\/wp-content\/uploads\/sites\/59\/2025\/09\/fvw-TravelTalk-Kongress-2025-25.jpg\" data-srcset=\"https:\/\/dfvcg-events.de\/fvw-travel-talk-kongress\/wp-content\/uploads\/sites\/59\/2025\/09\/fvw-TravelTalk-Kongress-2025-25.jpg 1200w, https:\/\/dfvcg-events.de\/fvw-travel-talk-kongress\/wp-content\/uploads\/sites\/59\/2025\/09\/fvw-TravelTalk-Kongress-2025-25-705x470.jpg 705w\" data-sizes=\"(max-width: 1030px) 100vw, 1030px\"  aria-label=\"Bild Leipzig , DEU, 16.09.2025FVW Kongress im Pentahotel Leipzig\"  id='av-masonry-2-item-2827' data-av-masonry-item='2827' class='av-masonry-entry isotope-item post-2827 attachment type-attachment status-inherit hentry  av-masonry-item-with-image' title=\"\" alt=\"\"    itemprop=\"thumbnailUrl\" ><div class='av-inner-masonry-sizer'><\/div><figure class='av-inner-masonry main_color'><div class=\"av-masonry-outerimage-container\"><div class='av-masonry-image-container'  ><img decoding=\"async\" width=\"1200\" height=\"800\" fetchpriority=\"high\" class=\"wp-image-2827 avia-img-lazy-loading-not-2827\"  src=\"https:\/\/dfvcg-events.de\/fvw-travel-talk-kongress\/wp-content\/uploads\/sites\/59\/2025\/09\/fvw-TravelTalk-Kongress-2025-25.jpg\" title=\"\" alt=\"\" srcset=\"https:\/\/dfvcg-events.de\/fvw-travel-talk-kongress\/wp-content\/uploads\/sites\/59\/2025\/09\/fvw-TravelTalk-Kongress-2025-25.jpg 1200w, https:\/\/dfvcg-events.de\/fvw-travel-talk-kongress\/wp-content\/uploads\/sites\/59\/2025\/09\/fvw-TravelTalk-Kongress-2025-25-705x470.jpg 705w\" sizes=\"(max-width: 1200px) 100vw, 1200px\" \/><\/div><\/div><\/figure><\/a><!--end av-masonry entry--><\/div><\/div><\/div><div class='av-flex-placeholder'><\/div>\n<style type=\"text\/css\" data-created_by=\"avia_inline_auto\" id=\"style-css-av-h1qw-3f2ea07a577a037f7a7d10d45e0552a4\">\n.flex_column.av-h1qw-3f2ea07a577a037f7a7d10d45e0552a4{\nwidth:49%;\nmargin-left:0;\n}\n#top .flex_column_table.av-equal-height-column-flextable.av-h1qw-3f2ea07a577a037f7a7d10d45e0552a4 .av-flex-placeholder{\nwidth:2%;\n}\n<\/style>\n<div  class='flex_column av-h1qw-3f2ea07a577a037f7a7d10d45e0552a4 av_one_half  avia-builder-el-77  el_after_av_one_half  el_before_av_hr  flex_column_table_cell av-equal-height-column av-align-middle  '     ><\/div><\/div><!--close column table wrapper. Autoclose: 1 -->\n<style type=\"text\/css\" data-created_by=\"avia_inline_auto\" id=\"style-css-av-mg0o2us7-a37c878452f1dfd8c2727038a25e9e06\">\n#top .hr.hr-invisible.av-mg0o2us7-a37c878452f1dfd8c2727038a25e9e06{\nheight:35px;\n}\n<\/style>\n<div  class='hr av-mg0o2us7-a37c878452f1dfd8c2727038a25e9e06 hr-invisible  avia-builder-el-79  el_after_av_one_half  el_before_av_button  av-medium-hide av-small-hide av-mini-hide'><span class='hr-inner '><span class=\"hr-inner-style\"><\/span><\/span><\/div>\n<div  class='avia-button-wrap av-wtvo-0f0ce49a3a8b55555bf11fba46653fe1-wrap avia-button-left  avia-builder-el-80  el_after_av_hr  avia-builder-el-last '><a href='https:\/\/dfvcg-events.de\/fvw-travel-talk-kongress\/rueckblick-2025\/'  class='avia-button av-wtvo-0f0ce49a3a8b55555bf11fba46653fe1 av-link-btn avia-icon_select-yes-left-icon avia-size-large avia-position-left avia-color-theme-color'   aria-label=\"Alle Bilder\"><span class='avia_button_icon avia_button_icon_left avia-iconfont avia-font-entypo-fontello' data-av_icon='\ue80e' data-av_iconfont='entypo-fontello' ><\/span><span class='avia_iconbox_title' >Alle Bilder<\/span><\/a><\/div>\n<\/p>\n<\/div><\/div><\/div><!-- close content main div --><\/div><\/div><div id='av_section_8'  class='avia-section av-k7yuhjt1-6-d9084ad4ee82d44f3f1656cd1f4f3235 main_color avia-section-default avia-no-shadow  avia-builder-el-81  el_after_av_section  el_before_av_section  avia-bg-style-scroll container_wrap fullsize'  ><div class='container av-section-cont-open' ><div class='template-page content  av-content-full alpha units'><div class='post-entry post-entry-type-page post-entry-16'><div class='entry-content-wrapper clearfix'>\n<div class='flex_column_table av-d7cry-f6d49bcf53b962797fe1aba793f058e1 sc-av_one_fourth av-break-at-tablet-flextable av-equal-height-column-flextable'>\n<style type=\"text\/css\" data-created_by=\"avia_inline_auto\" id=\"style-css-av-d7cry-f6d49bcf53b962797fe1aba793f058e1\">\n.flex_column.av-d7cry-f6d49bcf53b962797fe1aba793f058e1{\nborder-radius:0px 0px 0px 0px;\npadding:0px 0px 0px 0px;\n}\n<\/style>\n<div  class='flex_column av-d7cry-f6d49bcf53b962797fe1aba793f058e1 av_one_fourth  avia-builder-el-82  el_before_av_three_fourth  avia-builder-el-first  first av-break-at-tablet flex_column_table_cell av-equal-height-column av-align-middle av-zero-column-padding  '     ><p>\n<style type=\"text\/css\" data-created_by=\"avia_inline_auto\" id=\"style-css-av-8yo-be2704b89a71224bf929a791900d5761\">\n#top .av-special-heading.av-8yo-be2704b89a71224bf929a791900d5761{\npadding-bottom:35px;\n}\nbody .av-special-heading.av-8yo-be2704b89a71224bf929a791900d5761 .av-special-heading-tag .heading-char{\nfont-size:25px;\n}\n.av-special-heading.av-8yo-be2704b89a71224bf929a791900d5761 .av-subheading{\nfont-size:19px;\n}\n<\/style>\n<div  class='av-special-heading av-8yo-be2704b89a71224bf929a791900d5761 av-special-heading-h2 blockquote modern-quote  avia-builder-el-83  el_before_av_textblock  avia-builder-el-first '><h2 class='av-special-heading-tag '  itemprop=\"headline\"  >Location<\/h2><div class=\"special-heading-border\"><div class=\"special-heading-inner-border\"><\/div><\/div><\/div><br \/>\n<section  class='av_textblock_section av-vpg4-a43c40ddb99fbc93e71e680170387483 '   itemscope=\"itemscope\" itemtype=\"https:\/\/schema.org\/CreativeWork\" ><div class='avia_textblock'  itemprop=\"text\" ><p><strong>Pentahotel Leipzig<\/strong><\/p>\n<p>Gro\u00dfer Brockhaus 3<br \/>\n04103 Leipzig<\/p>\n<\/div><\/section><br \/>\n<div  class='avia-button-wrap av-k7xsmivx-1-ff0832b4af2f7e32f8082d2704eb590c-wrap avia-button-left  avia-builder-el-85  el_after_av_textblock  avia-builder-el-last '><a href='https:\/\/dfvcg-events.de\/fvw-travel-talk-kongress\/hotel-anreise\/'  class='avia-button av-k7xsmivx-1-ff0832b4af2f7e32f8082d2704eb590c av-link-btn avia-icon_select-yes-left-icon avia-size-x-large avia-position-left avia-color-theme-color'   aria-label=\"Location, Hotel &amp; Anreise\"><span class='avia_button_icon avia_button_icon_left avia-iconfont avia-font-entypo-fontello' data-av_icon='\ue842' data-av_iconfont='entypo-fontello' ><\/span><span class='avia_iconbox_title' >Location, Hotel &amp; Anreise<\/span><\/a><\/div><\/p><\/div><div class='av-flex-placeholder'><\/div>\n<style type=\"text\/css\" data-created_by=\"avia_inline_auto\" id=\"style-css-av-k7z9th4t-22beabd505fd55696bce2d170fb20ce5\">\n.flex_column.av-k7z9th4t-22beabd505fd55696bce2d170fb20ce5{\nborder-radius:0px 0px 0px 0px;\npadding:0px 0px 0px 0px;\n}\n<\/style>\n<div  class='flex_column av-k7z9th4t-22beabd505fd55696bce2d170fb20ce5 av_three_fourth  avia-builder-el-86  el_after_av_one_fourth  avia-builder-el-last  av-break-at-tablet flex_column_table_cell av-equal-height-column av-align-middle av-zero-column-padding  '     ><div  class='av_gmaps_sc_main_wrap av_gmaps_main_wrap '><div id='av_gmap_0' class='avia-google-map-container avia-google-map-sc av_gmaps_show_unconditionally av-no-fallback-img ' data-mapid='av_gmap_0'  style='height: 400px;'><a class=\"av_gmaps_browser_disabled av_text_confirm_link av_text_confirm_link_visible\" href=\"https:\/\/www.google.com\/maps\/search\/?api=1&#038;query=Gro\u00dfer%20Brockhaus%203%2004103%20Leipzig%20Sachsen%20Deutschland\" target=\"_blank\">Karten wurden vom Besucher auf dieser Webseite deaktiviert. Klicken Sie hier, um die Karte in einem neuen Fenster zu \u00f6ffnen.<\/a><\/div><\/div><\/div><\/div><!--close column table wrapper. Autoclose: 1 -->\n\n<\/div><\/div><\/div><!-- close content main div --><\/div><\/div><div id='av_section_9'  class='avia-section av-dbhqo-a824b885c4d7d590aceff9593c5490e8 main_color avia-section-default avia-no-shadow  avia-builder-el-88  el_after_av_section  avia-builder-el-last  avia-bg-style-scroll container_wrap fullsize'  ><div class='container av-section-cont-open' ><div class='template-page content  av-content-full alpha units'><div class='post-entry post-entry-type-page post-entry-16'><div class='entry-content-wrapper clearfix'>\n\n<style type=\"text\/css\" data-created_by=\"avia_inline_auto\" id=\"style-css-av-ckacc-4b589d3ac4121e20dc4d459aa4e47ea8\">\n#top .av-special-heading.av-ckacc-4b589d3ac4121e20dc4d459aa4e47ea8{\npadding-bottom:35px;\n}\nbody .av-special-heading.av-ckacc-4b589d3ac4121e20dc4d459aa4e47ea8 .av-special-heading-tag .heading-char{\nfont-size:25px;\n}\n.av-special-heading.av-ckacc-4b589d3ac4121e20dc4d459aa4e47ea8 .av-subheading{\nfont-size:19px;\n}\n<\/style>\n<div  class='av-special-heading av-ckacc-4b589d3ac4121e20dc4d459aa4e47ea8 av-special-heading-h2 blockquote modern-quote  avia-builder-el-89  el_before_av_one_fifth  avia-builder-el-first '><h2 class='av-special-heading-tag '  itemprop=\"headline\"  >Ihre Ansprechpartner:innen<\/h2><div class=\"special-heading-border\"><div class=\"special-heading-inner-border\"><\/div><\/div><\/div>\n\n<style type=\"text\/css\" data-created_by=\"avia_inline_auto\" id=\"style-css-av-bzwjo-4bac6bedeede0f34328cbd83dd06640e\">\n.flex_column.av-bzwjo-4bac6bedeede0f34328cbd83dd06640e{\nborder-radius:0px 0px 0px 0px;\npadding:0px 0px 0px 0px;\n}\n<\/style>\n<div  class='flex_column av-bzwjo-4bac6bedeede0f34328cbd83dd06640e av_one_fifth  avia-builder-el-90  el_after_av_heading  el_before_av_one_fifth  first flex_column_div av-zero-column-padding  '     ><p>\n<style type=\"text\/css\" data-created_by=\"avia_inline_auto\" id=\"style-css-av-br46s-0154d017568f58188a1b1b5bfc125ac2\">\n@keyframes av_boxShadowEffect_av-br46s-0154d017568f58188a1b1b5bfc125ac2 {\n0%   { box-shadow:  0 0 0 0 #d50911; opacity: 1; }\n100% { box-shadow:  0 0 10px 0 #d50911; opacity: 1; }\n}\n.avia-image-container.av-br46s-0154d017568f58188a1b1b5bfc125ac2 img.avia_image{\nbox-shadow: 0 0 10px 0 #d50911;\n}\n.avia-image-container.av-br46s-0154d017568f58188a1b1b5bfc125ac2 .av-image-caption-overlay-center{\ncolor:#ffffff;\n}\n<\/style>\n<div  class='avia-image-container av-br46s-0154d017568f58188a1b1b5bfc125ac2 av-styling-circle avia-align-center  avia-builder-el-91  el_before_av_hr  avia-builder-el-first  av-img-box-shadow av-box-shadow-not-animated'   itemprop=\"image\" itemscope=\"itemscope\" itemtype=\"https:\/\/schema.org\/ImageObject\" ><div class=\"avia-image-container-inner\"><div class=\"avia-image-overlay-wrap\"><img decoding=\"async\" fetchpriority=\"high\" class='wp-image-1484 avia-img-lazy-loading-not-1484 avia_image shadow-not-animated' src=\"https:\/\/dfvcg-events.de\/fvw-travel-talk-kongress\/wp-content\/uploads\/sites\/59\/2024\/10\/Portrait-LSH-1-web.jpg\" alt='' title='Portrait-LSH-1-web'  height=\"800\" width=\"600\"  itemprop=\"thumbnailUrl\" srcset=\"https:\/\/dfvcg-events.de\/fvw-travel-talk-kongress\/wp-content\/uploads\/sites\/59\/2024\/10\/Portrait-LSH-1-web.jpg 600w, https:\/\/dfvcg-events.de\/fvw-travel-talk-kongress\/wp-content\/uploads\/sites\/59\/2024\/10\/Portrait-LSH-1-web-529x705.jpg 529w\" sizes=\"(max-width: 600px) 100vw, 600px\" \/><\/div><\/div><\/div><br \/>\n\n<style type=\"text\/css\" data-created_by=\"avia_inline_auto\" id=\"style-css-av-baypg-f4b9491b3456749272c86f7661382432\">\n#top .hr.hr-invisible.av-baypg-f4b9491b3456749272c86f7661382432{\nheight:30px;\n}\n<\/style>\n<div  class='hr av-baypg-f4b9491b3456749272c86f7661382432 hr-invisible  avia-builder-el-92  el_after_av_image  el_before_av_textblock '><span class='hr-inner '><span class=\"hr-inner-style\"><\/span><\/span><\/div><br \/>\n<section  class='av_textblock_section av-11blw-30e777cb87337aa49b5deab17d0bbabf '   itemscope=\"itemscope\" itemtype=\"https:\/\/schema.org\/CreativeWork\" ><div class='avia_textblock'  itemprop=\"text\" ><p><strong>Projektleitung &amp; Programm<\/strong><\/p>\n<p>Lena Steinh\u00e4user-Heinz<br \/>\n<a href=\"&#109;&#x61;i&#108;&#x74;o&#58;&#x6c;e&#x6e;&#x61;&#46;&#x73;t&#101;&#x69;n&#104;&#x61;e&#x75;&#x73;&#101;&#x72;&#x40;&#100;&#x66;v&#99;&#x67;&#46;&#100;&#x65;\">&#x6c;&#x65;&#x6e;&#97;&#46;st&#x65;&#x69;&#x6e;&#x68;&#97;&#101;us&#x65;&#x72;&#x40;&#100;&#102;&#118;cg&#x2e;&#x64;&#x65;<\/a><br \/>\n+49 69 7595 3044<\/p>\n<\/div><\/section><\/p><\/div>\n<style type=\"text\/css\" data-created_by=\"avia_inline_auto\" id=\"style-css-av-9lwv8-76d9149076c0b4bc1a9103daa252af1b\">\n.flex_column.av-9lwv8-76d9149076c0b4bc1a9103daa252af1b{\nborder-radius:0px 0px 0px 0px;\npadding:0px 0px 0px 0px;\n}\n<\/style>\n<div  class='flex_column av-9lwv8-76d9149076c0b4bc1a9103daa252af1b av_one_fifth  avia-builder-el-94  el_after_av_one_fifth  el_before_av_one_fifth  flex_column_div av-zero-column-padding  '     ><p>\n<style type=\"text\/css\" data-created_by=\"avia_inline_auto\" id=\"style-css-av-9apxo-776a3159e7956bb2e46e40c7efac5743\">\n@keyframes av_boxShadowEffect_av-9apxo-776a3159e7956bb2e46e40c7efac5743 {\n0%   { box-shadow:  0 0 0 0 #d50911; opacity: 1; }\n100% { box-shadow:  0 0 10px 0 #d50911; opacity: 1; }\n}\n.avia-image-container.av-9apxo-776a3159e7956bb2e46e40c7efac5743 img.avia_image{\nbox-shadow: 0 0 10px 0 #d50911;\n}\n.avia-image-container.av-9apxo-776a3159e7956bb2e46e40c7efac5743 .av-image-caption-overlay-center{\ncolor:#ffffff;\n}\n<\/style>\n<div  class='avia-image-container av-9apxo-776a3159e7956bb2e46e40c7efac5743 av-styling-circle avia-align-center  avia-builder-el-95  el_before_av_hr  avia-builder-el-first  av-img-box-shadow av-box-shadow-not-animated'   itemprop=\"image\" itemscope=\"itemscope\" itemtype=\"https:\/\/schema.org\/ImageObject\" ><div class=\"avia-image-container-inner\"><div class=\"avia-image-overlay-wrap\"><img decoding=\"async\" fetchpriority=\"high\" class='wp-image-1485 avia-img-lazy-loading-not-1485 avia_image shadow-not-animated' src=\"https:\/\/dfvcg-events.de\/fvw-travel-talk-kongress\/wp-content\/uploads\/sites\/59\/2024\/10\/6TF_3399-web.jpg\" alt='' title='6TF_3399-web'  height=\"800\" width=\"600\"  itemprop=\"thumbnailUrl\" srcset=\"https:\/\/dfvcg-events.de\/fvw-travel-talk-kongress\/wp-content\/uploads\/sites\/59\/2024\/10\/6TF_3399-web.jpg 600w, https:\/\/dfvcg-events.de\/fvw-travel-talk-kongress\/wp-content\/uploads\/sites\/59\/2024\/10\/6TF_3399-web-529x705.jpg 529w\" sizes=\"(max-width: 600px) 100vw, 600px\" \/><\/div><\/div><\/div><br \/>\n\n<style type=\"text\/css\" data-created_by=\"avia_inline_auto\" id=\"style-css-av-8txb0-8d1be4360748aee0a31fbf7059f00b5c\">\n#top .hr.hr-invisible.av-8txb0-8d1be4360748aee0a31fbf7059f00b5c{\nheight:30px;\n}\n<\/style>\n<div  class='hr av-8txb0-8d1be4360748aee0a31fbf7059f00b5c hr-invisible  avia-builder-el-96  el_after_av_image  el_before_av_textblock '><span class='hr-inner '><span class=\"hr-inner-style\"><\/span><\/span><\/div><br \/>\n<section  class='av_textblock_section av-87xps-4ccdc8e168b608284bff83d87460a11f '   itemscope=\"itemscope\" itemtype=\"https:\/\/schema.org\/CreativeWork\" ><div class='avia_textblock'  itemprop=\"text\" ><p><strong>Projektmanagement &amp; Teilnehmende<\/strong><\/p>\n<p>Raphael Como<br \/>\n<a href=\"&#x6d;a&#x69;&#108;t&#x6f;&#58;&#x72;&#97;p&#x68;&#97;&#x65;&#108;&#46;&#x63;&#111;&#x6d;&#x6f;&#64;&#x64;&#102;v&#x63;&#103;&#x2e;&#100;e\">&#x72;&#x61;&#112;h&#x61;&#x65;&#x6c;&#46;c&#x6f;&#x6d;&#x6f;&#64;d&#x66;&#x76;&#x63;&#103;&#46;&#x64;&#x65;<\/a><br \/>\n+49 69 7595 3022<\/p>\n<\/div><\/section><\/p><\/div>\n<style type=\"text\/css\" data-created_by=\"avia_inline_auto\" id=\"style-css-av-rjr8-8457ff1b1f75404d63860b71be03d598\">\n.flex_column.av-rjr8-8457ff1b1f75404d63860b71be03d598{\nborder-radius:0px 0px 0px 0px;\npadding:0px 0px 0px 0px;\n}\n<\/style>\n<div  class='flex_column av-rjr8-8457ff1b1f75404d63860b71be03d598 av_one_fifth  avia-builder-el-98  el_after_av_one_fifth  el_before_av_one_fifth  flex_column_div av-zero-column-padding  '     ><p>\n<style type=\"text\/css\" data-created_by=\"avia_inline_auto\" id=\"style-css-av-73k38-14db99920a5cf88b732f48a70a0e01b5\">\n@keyframes av_boxShadowEffect_av-73k38-14db99920a5cf88b732f48a70a0e01b5 {\n0%   { box-shadow:  0 0 0 0 #d50911; opacity: 1; }\n100% { box-shadow:  0 0 10px 0 #d50911; opacity: 1; }\n}\n.avia-image-container.av-73k38-14db99920a5cf88b732f48a70a0e01b5 img.avia_image{\nbox-shadow: 0 0 10px 0 #d50911;\n}\n.avia-image-container.av-73k38-14db99920a5cf88b732f48a70a0e01b5 .av-image-caption-overlay-center{\ncolor:#ffffff;\n}\n<\/style>\n<div  class='avia-image-container av-73k38-14db99920a5cf88b732f48a70a0e01b5 av-styling-circle avia-align-center  avia-builder-el-99  el_before_av_hr  avia-builder-el-first  av-img-box-shadow av-box-shadow-not-animated'   itemprop=\"image\" itemscope=\"itemscope\" itemtype=\"https:\/\/schema.org\/ImageObject\" ><div class=\"avia-image-container-inner\"><div class=\"avia-image-overlay-wrap\"><img decoding=\"async\" fetchpriority=\"high\" class='wp-image-2878 avia-img-lazy-loading-not-2878 avia_image shadow-not-animated' src=\"https:\/\/dfvcg-events.de\/fvw-travel-talk-kongress\/wp-content\/uploads\/sites\/59\/2026\/01\/Nina-Kunz_web-1.png\" alt='' title='Nina Kunz_web'  height=\"800\" width=\"600\"  itemprop=\"thumbnailUrl\" srcset=\"https:\/\/dfvcg-events.de\/fvw-travel-talk-kongress\/wp-content\/uploads\/sites\/59\/2026\/01\/Nina-Kunz_web-1.png 600w, https:\/\/dfvcg-events.de\/fvw-travel-talk-kongress\/wp-content\/uploads\/sites\/59\/2026\/01\/Nina-Kunz_web-1-529x705.png 529w\" sizes=\"(max-width: 600px) 100vw, 600px\" \/><\/div><\/div><\/div><br \/>\n\n<style type=\"text\/css\" data-created_by=\"avia_inline_auto\" id=\"style-css-av-65pkk-fdfc6fd9bfb047a3e3d3ae72d17ffd63\">\n#top .hr.hr-invisible.av-65pkk-fdfc6fd9bfb047a3e3d3ae72d17ffd63{\nheight:30px;\n}\n<\/style>\n<div  class='hr av-65pkk-fdfc6fd9bfb047a3e3d3ae72d17ffd63 hr-invisible  avia-builder-el-100  el_after_av_image  el_before_av_textblock '><span class='hr-inner '><span class=\"hr-inner-style\"><\/span><\/span><\/div><br \/>\n<section  class='av_textblock_section av-5i2c4-cf6c83592c17e7ca199904bfd139b211 '   itemscope=\"itemscope\" itemtype=\"https:\/\/schema.org\/CreativeWork\" ><div class='avia_textblock'  itemprop=\"text\" ><p><strong>Projektmanagement &amp; Sponsoren<\/strong><\/p>\n<p><a href=\"&#109;&#x61;i&#x6c;t&#111;&#x3a;&#110;&#x69;n&#97;&#x2e;&#107;&#x75;n&#x7a;&#x40;&#100;&#x66;v&#x63;g&#46;&#x64;&#101;\">&#x6e;&#x69;&#110;a&#x2e;&#x6b;&#x75;&#110;z&#x40;&#x64;&#x66;&#118;c&#x67;&#x2e;&#x64;&#101;<\/a><br \/>\n+49 69 7595 3027<\/p>\n<\/div><\/section><\/p><\/div>\n<style type=\"text\/css\" data-created_by=\"avia_inline_auto\" id=\"style-css-av-4w758-7bc71fe80959813520e6eae9af554fe7\">\n.flex_column.av-4w758-7bc71fe80959813520e6eae9af554fe7{\nborder-radius:0px 0px 0px 0px;\npadding:0px 0px 0px 0px;\n}\n<\/style>\n<div  class='flex_column av-4w758-7bc71fe80959813520e6eae9af554fe7 av_one_fifth  avia-builder-el-102  el_after_av_one_fifth  el_before_av_one_fifth  flex_column_div av-zero-column-padding  '     ><p>\n<style type=\"text\/css\" data-created_by=\"avia_inline_auto\" id=\"style-css-av-4anzo-351cd53084eb4bd6f5600794efb69dff\">\n@keyframes av_boxShadowEffect_av-4anzo-351cd53084eb4bd6f5600794efb69dff {\n0%   { box-shadow:  0 0 0 0 #d50911; opacity: 1; }\n100% { box-shadow:  0 0 10px 0 #d50911; opacity: 1; }\n}\n.avia-image-container.av-4anzo-351cd53084eb4bd6f5600794efb69dff img.avia_image{\nbox-shadow: 0 0 10px 0 #d50911;\n}\n.avia-image-container.av-4anzo-351cd53084eb4bd6f5600794efb69dff .av-image-caption-overlay-center{\ncolor:#ffffff;\n}\n<\/style>\n<div  class='avia-image-container av-4anzo-351cd53084eb4bd6f5600794efb69dff av-styling-circle avia-align-center  avia-builder-el-103  el_before_av_hr  avia-builder-el-first  av-img-box-shadow av-box-shadow-not-animated'   itemprop=\"image\" itemscope=\"itemscope\" itemtype=\"https:\/\/schema.org\/ImageObject\" ><div class=\"avia-image-container-inner\"><div class=\"avia-image-overlay-wrap\"><img decoding=\"async\" fetchpriority=\"high\" class='wp-image-1683 avia-img-lazy-loading-not-1683 avia_image shadow-not-animated' src=\"https:\/\/dfvcg-events.de\/fvw-travel-talk-kongress\/wp-content\/uploads\/sites\/59\/2025\/04\/JSD.jpg\" alt='' title='JSD'  height=\"800\" width=\"600\"  itemprop=\"thumbnailUrl\" srcset=\"https:\/\/dfvcg-events.de\/fvw-travel-talk-kongress\/wp-content\/uploads\/sites\/59\/2025\/04\/JSD.jpg 600w, https:\/\/dfvcg-events.de\/fvw-travel-talk-kongress\/wp-content\/uploads\/sites\/59\/2025\/04\/JSD-529x705.jpg 529w\" sizes=\"(max-width: 600px) 100vw, 600px\" \/><\/div><\/div><\/div><br \/>\n\n<style type=\"text\/css\" data-created_by=\"avia_inline_auto\" id=\"style-css-av-42l90-fc8b4f17a025ac1fa26d4e535bb1e199\">\n#top .hr.hr-invisible.av-42l90-fc8b4f17a025ac1fa26d4e535bb1e199{\nheight:30px;\n}\n<\/style>\n<div  class='hr av-42l90-fc8b4f17a025ac1fa26d4e535bb1e199 hr-invisible  avia-builder-el-104  el_after_av_image  el_before_av_textblock '><span class='hr-inner '><span class=\"hr-inner-style\"><\/span><\/span><\/div><br \/>\n<section  class='av_textblock_section av-3chl8-1da890a6569178eeee2f1922a01a10c7 '   itemscope=\"itemscope\" itemtype=\"https:\/\/schema.org\/CreativeWork\" ><div class='avia_textblock'  itemprop=\"text\" ><p><strong>Sponsoren<\/strong><\/p>\n<p>J\u00f6rn Schmieding-Dieck<br \/>\n<a href=\"&#x6d;&#97;&#105;l&#x74;&#x6f;&#58;j&#x2e;&#x73;&#99;h&#x6d;&#x69;&#101;d&#x69;&#x6e;&#103;-&#x64;&#x69;&#101;c&#x6b;&#x40;&#102;&#118;w&#x2d;&#x6d;&#101;d&#x69;&#x65;&#110;&#46;&#x64;&#x65;\">&#x6a;&#x2e;&#115;&#99;&#104;m&#x69;&#x65;&#x64;&#105;&#110;g-&#x64;&#x69;&#x65;&#99;&#107;&#64;&#x66;&#x76;&#x77;&#45;&#109;&#101;d&#x69;&#x65;&#x6e;&#46;&#100;e<\/a><br \/>\n+49 40 41448 830<\/p>\n<\/div><\/section><\/p><\/div>\n<style type=\"text\/css\" data-created_by=\"avia_inline_auto\" id=\"style-css-av-2v8dc-c8265a6eefe232b17e4be2a8b1f227d7\">\n.flex_column.av-2v8dc-c8265a6eefe232b17e4be2a8b1f227d7{\nborder-radius:0px 0px 0px 0px;\npadding:0px 0px 0px 0px;\n}\n<\/style>\n<div  class='flex_column av-2v8dc-c8265a6eefe232b17e4be2a8b1f227d7 av_one_fifth  avia-builder-el-106  el_after_av_one_fifth  avia-builder-el-last  flex_column_div av-zero-column-padding  '     ><p>\n<style type=\"text\/css\" data-created_by=\"avia_inline_auto\" id=\"style-css-av-6vjk-c555708fbcd0d2da5ee6ee7fa3788b79\">\n@keyframes av_boxShadowEffect_av-6vjk-c555708fbcd0d2da5ee6ee7fa3788b79 {\n0%   { box-shadow:  0 0 0 0 #d50911; opacity: 1; }\n100% { box-shadow:  0 0 10px 0 #d50911; opacity: 1; }\n}\n.avia-image-container.av-6vjk-c555708fbcd0d2da5ee6ee7fa3788b79 img.avia_image{\nbox-shadow: 0 0 10px 0 #d50911;\n}\n.avia-image-container.av-6vjk-c555708fbcd0d2da5ee6ee7fa3788b79 .av-image-caption-overlay-center{\ncolor:#ffffff;\n}\n<\/style>\n<div  class='avia-image-container av-6vjk-c555708fbcd0d2da5ee6ee7fa3788b79 av-styling-circle avia-align-center  avia-builder-el-107  el_before_av_hr  avia-builder-el-first  av-img-box-shadow av-box-shadow-not-animated'   itemprop=\"image\" itemscope=\"itemscope\" itemtype=\"https:\/\/schema.org\/ImageObject\" ><div class=\"avia-image-container-inner\"><div class=\"avia-image-overlay-wrap\"><img decoding=\"async\" fetchpriority=\"high\" class='wp-image-1697 avia-img-lazy-loading-not-1697 avia_image shadow-not-animated' src=\"https:\/\/dfvcg-events.de\/fvw-travel-talk-kongress\/wp-content\/uploads\/sites\/59\/2025\/04\/PZ-Profilbild.jpeg\" alt='' title='PZ Profilbild'  height=\"800\" width=\"601\"  itemprop=\"thumbnailUrl\" srcset=\"https:\/\/dfvcg-events.de\/fvw-travel-talk-kongress\/wp-content\/uploads\/sites\/59\/2025\/04\/PZ-Profilbild.jpeg 601w, https:\/\/dfvcg-events.de\/fvw-travel-talk-kongress\/wp-content\/uploads\/sites\/59\/2025\/04\/PZ-Profilbild-530x705.jpeg 530w\" sizes=\"(max-width: 601px) 100vw, 601px\" \/><\/div><\/div><\/div><br \/>\n\n<style type=\"text\/css\" data-created_by=\"avia_inline_auto\" id=\"style-css-av-1au1o-401e85520f51a20a6be6747001a7e4d1\">\n#top .hr.hr-invisible.av-1au1o-401e85520f51a20a6be6747001a7e4d1{\nheight:30px;\n}\n<\/style>\n<div  class='hr av-1au1o-401e85520f51a20a6be6747001a7e4d1 hr-invisible  avia-builder-el-108  el_after_av_image  el_before_av_textblock '><span class='hr-inner '><span class=\"hr-inner-style\"><\/span><\/span><\/div><br \/>\n<section  class='av_textblock_section av-nlh0-4a8bfbe102d156f806b57bb7b67adefe '   itemscope=\"itemscope\" itemtype=\"https:\/\/schema.org\/CreativeWork\" ><div class='avia_textblock'  itemprop=\"text\" ><p><strong>Marketing &amp; Social Media<\/strong><\/p>\n<p>Philipp Zymolka<br \/>\n<a href=\"&#x6d;&#x61;&#105;&#108;t&#x6f;&#x3a;&#x70;&#104;&#105;l&#x69;&#x70;&#x70;&#46;&#122;y&#x6d;&#x6f;&#x6c;&#107;&#97;&#64;&#x64;&#x66;&#x76;&#99;g&#46;&#x64;&#x65;\">&#112;&#x68;i&#108;&#x69;p&#112;&#x2e;z&#121;&#x6d;o&#108;&#x6b;&#97;&#x40;&#x64;&#102;&#x76;&#x63;&#103;&#x2e;d&#101;<\/a><br \/>\n+49 69 7595 3014<\/p>\n<\/div><\/section><\/p><\/div>\n\n","protected":false},"excerpt":{"rendered":"","protected":false},"author":1,"featured_media":1506,"parent":0,"menu_order":0,"comment_status":"closed","ping_status":"closed","template":"","meta":{"footnotes":""},"class_list":["post-16","page","type-page","status-publish","has-post-thumbnail","hentry"],"yoast_head":"<!-- This site is optimized with the Yoast SEO plugin v27.4 - https:\/\/yoast.com\/product\/yoast-seo-wordpress\/ -->\n<title>fvw|TravelTalk Kongress | 15.\/16. September 2026 | Leipzig<\/title>\n<meta name=\"description\" content=\"Der f\u00fchrende Fachkongress der Touristik findet am 16.\/17. September 2025 in Leipzig statt. Hochkar\u00e4tige Vortragende, Top-Themen der Touristik\" \/>\n<meta name=\"robots\" content=\"index, follow, max-snippet:-1, max-image-preview:large, max-video-preview:-1\" \/>\n<link rel=\"canonical\" href=\"https:\/\/dfvcg-events.de\/fvw-travel-talk-kongress\/\" \/>\n<meta property=\"og:locale\" content=\"de_DE\" \/>\n<meta property=\"og:type\" content=\"article\" \/>\n<meta property=\"og:title\" content=\"fvw|TravelTalk Kongress | 15.\/16. September 2026 | Leipzig\" \/>\n<meta property=\"og:description\" content=\"Der f\u00fchrende Fachkongress der Touristik findet am 16.\/17. September 2025 in Leipzig statt. Hochkar\u00e4tige Vortragende, Top-Themen der Touristik\" \/>\n<meta property=\"og:url\" content=\"https:\/\/dfvcg-events.de\/fvw-travel-talk-kongress\/\" \/>\n<meta property=\"og:site_name\" content=\"fvw|TravelTalk Kongress\" \/>\n<meta property=\"article:modified_time\" content=\"2026-04-27T09:22:13+00:00\" \/>\n<meta property=\"og:image\" content=\"https:\/\/dfvcg-events.de\/fvw-travel-talk-kongress\/wp-content\/uploads\/sites\/59\/2024\/10\/dfvCG-fvw-Travel-Talk-teaser-800px.jpg\" \/>\n\t<meta property=\"og:image:width\" content=\"800\" \/>\n\t<meta property=\"og:image:height\" content=\"800\" \/>\n\t<meta property=\"og:image:type\" content=\"image\/jpeg\" \/>\n<meta name=\"twitter:card\" content=\"summary_large_image\" \/>\n<meta name=\"twitter:label1\" content=\"Gesch\u00e4tzte Lesezeit\" \/>\n\t<meta name=\"twitter:data1\" content=\"9\u00a0Minuten\" \/>\n<script type=\"application\/ld+json\" class=\"yoast-schema-graph\">{\"@context\":\"https:\\\/\\\/schema.org\",\"@graph\":[{\"@type\":\"WebPage\",\"@id\":\"https:\\\/\\\/dfvcg-events.de\\\/fvw-travel-talk-kongress\\\/\",\"url\":\"https:\\\/\\\/dfvcg-events.de\\\/fvw-travel-talk-kongress\\\/\",\"name\":\"fvw|TravelTalk Kongress | 15.\\\/16. September 2026 | Leipzig\",\"isPartOf\":{\"@id\":\"https:\\\/\\\/dfvcg-events.de\\\/fvw-travel-talk-kongress\\\/#website\"},\"primaryImageOfPage\":{\"@id\":\"https:\\\/\\\/dfvcg-events.de\\\/fvw-travel-talk-kongress\\\/#primaryimage\"},\"image\":{\"@id\":\"https:\\\/\\\/dfvcg-events.de\\\/fvw-travel-talk-kongress\\\/#primaryimage\"},\"thumbnailUrl\":\"https:\\\/\\\/dfvcg-events.de\\\/fvw-travel-talk-kongress\\\/wp-content\\\/uploads\\\/sites\\\/59\\\/2024\\\/10\\\/dfvCG-fvw-Travel-Talk-teaser-800px.jpg\",\"datePublished\":\"2020-03-18T20:01:25+00:00\",\"dateModified\":\"2026-04-27T09:22:13+00:00\",\"description\":\"Der f\u00fchrende Fachkongress der Touristik findet am 16.\\\/17. September 2025 in Leipzig statt. Hochkar\u00e4tige Vortragende, Top-Themen der Touristik\",\"breadcrumb\":{\"@id\":\"https:\\\/\\\/dfvcg-events.de\\\/fvw-travel-talk-kongress\\\/#breadcrumb\"},\"inLanguage\":\"de\",\"potentialAction\":[{\"@type\":\"ReadAction\",\"target\":[\"https:\\\/\\\/dfvcg-events.de\\\/fvw-travel-talk-kongress\\\/\"]}]},{\"@type\":\"ImageObject\",\"inLanguage\":\"de\",\"@id\":\"https:\\\/\\\/dfvcg-events.de\\\/fvw-travel-talk-kongress\\\/#primaryimage\",\"url\":\"https:\\\/\\\/dfvcg-events.de\\\/fvw-travel-talk-kongress\\\/wp-content\\\/uploads\\\/sites\\\/59\\\/2024\\\/10\\\/dfvCG-fvw-Travel-Talk-teaser-800px.jpg\",\"contentUrl\":\"https:\\\/\\\/dfvcg-events.de\\\/fvw-travel-talk-kongress\\\/wp-content\\\/uploads\\\/sites\\\/59\\\/2024\\\/10\\\/dfvCG-fvw-Travel-Talk-teaser-800px.jpg\",\"width\":800,\"height\":800},{\"@type\":\"BreadcrumbList\",\"@id\":\"https:\\\/\\\/dfvcg-events.de\\\/fvw-travel-talk-kongress\\\/#breadcrumb\",\"itemListElement\":[{\"@type\":\"ListItem\",\"position\":1,\"name\":\"Startseite\",\"item\":\"https:\\\/\\\/dfvcg-events.de\\\/fvw-travel-talk-kongress\\\/\"},{\"@type\":\"ListItem\",\"position\":2,\"name\":\"fvw|TravelTalk Kongress\"}]},{\"@type\":\"WebSite\",\"@id\":\"https:\\\/\\\/dfvcg-events.de\\\/fvw-travel-talk-kongress\\\/#website\",\"url\":\"https:\\\/\\\/dfvcg-events.de\\\/fvw-travel-talk-kongress\\\/\",\"name\":\"fvw|TravelTalk Kongress\",\"description\":\"dfv Conference Group\",\"publisher\":{\"@id\":\"https:\\\/\\\/dfvcg-events.de\\\/fvw-travel-talk-kongress\\\/#organization\"},\"alternateName\":\"fvw | Travel Talk Kongress\",\"potentialAction\":[{\"@type\":\"SearchAction\",\"target\":{\"@type\":\"EntryPoint\",\"urlTemplate\":\"https:\\\/\\\/dfvcg-events.de\\\/fvw-travel-talk-kongress\\\/?s={search_term_string}\"},\"query-input\":{\"@type\":\"PropertyValueSpecification\",\"valueRequired\":true,\"valueName\":\"search_term_string\"}}],\"inLanguage\":\"de\"},{\"@type\":\"Organization\",\"@id\":\"https:\\\/\\\/dfvcg-events.de\\\/fvw-travel-talk-kongress\\\/#organization\",\"name\":\"fvw|TravelTalk Kongress\",\"alternateName\":\"fvw | Travel Talk Kongress\",\"url\":\"https:\\\/\\\/dfvcg-events.de\\\/fvw-travel-talk-kongress\\\/\",\"logo\":{\"@type\":\"ImageObject\",\"inLanguage\":\"de\",\"@id\":\"https:\\\/\\\/dfvcg-events.de\\\/fvw-travel-talk-kongress\\\/#\\\/schema\\\/logo\\\/image\\\/\",\"url\":\"https:\\\/\\\/dfvcg-events.de\\\/fvw-travel-talk-kongress\\\/wp-content\\\/uploads\\\/sites\\\/59\\\/2024\\\/10\\\/dfvCG-fvw-Travel-Talk-teaser-800px.jpg\",\"contentUrl\":\"https:\\\/\\\/dfvcg-events.de\\\/fvw-travel-talk-kongress\\\/wp-content\\\/uploads\\\/sites\\\/59\\\/2024\\\/10\\\/dfvCG-fvw-Travel-Talk-teaser-800px.jpg\",\"width\":800,\"height\":800,\"caption\":\"fvw|TravelTalk Kongress\"},\"image\":{\"@id\":\"https:\\\/\\\/dfvcg-events.de\\\/fvw-travel-talk-kongress\\\/#\\\/schema\\\/logo\\\/image\\\/\"}}]}<\/script>\n<!-- \/ Yoast SEO plugin. -->","yoast_head_json":{"title":"fvw|TravelTalk Kongress | 15.\/16. September 2026 | Leipzig","description":"Der f\u00fchrende Fachkongress der Touristik findet am 16.\/17. September 2025 in Leipzig statt. Hochkar\u00e4tige Vortragende, Top-Themen der Touristik","robots":{"index":"index","follow":"follow","max-snippet":"max-snippet:-1","max-image-preview":"max-image-preview:large","max-video-preview":"max-video-preview:-1"},"canonical":"https:\/\/dfvcg-events.de\/fvw-travel-talk-kongress\/","og_locale":"de_DE","og_type":"article","og_title":"fvw|TravelTalk Kongress | 15.\/16. September 2026 | Leipzig","og_description":"Der f\u00fchrende Fachkongress der Touristik findet am 16.\/17. September 2025 in Leipzig statt. Hochkar\u00e4tige Vortragende, Top-Themen der Touristik","og_url":"https:\/\/dfvcg-events.de\/fvw-travel-talk-kongress\/","og_site_name":"fvw|TravelTalk Kongress","article_modified_time":"2026-04-27T09:22:13+00:00","og_image":[{"width":800,"height":800,"url":"https:\/\/dfvcg-events.de\/fvw-travel-talk-kongress\/wp-content\/uploads\/sites\/59\/2024\/10\/dfvCG-fvw-Travel-Talk-teaser-800px.jpg","type":"image\/jpeg"}],"twitter_card":"summary_large_image","twitter_misc":{"Gesch\u00e4tzte Lesezeit":"9\u00a0Minuten"},"schema":{"@context":"https:\/\/schema.org","@graph":[{"@type":"WebPage","@id":"https:\/\/dfvcg-events.de\/fvw-travel-talk-kongress\/","url":"https:\/\/dfvcg-events.de\/fvw-travel-talk-kongress\/","name":"fvw|TravelTalk Kongress | 15.\/16. September 2026 | Leipzig","isPartOf":{"@id":"https:\/\/dfvcg-events.de\/fvw-travel-talk-kongress\/#website"},"primaryImageOfPage":{"@id":"https:\/\/dfvcg-events.de\/fvw-travel-talk-kongress\/#primaryimage"},"image":{"@id":"https:\/\/dfvcg-events.de\/fvw-travel-talk-kongress\/#primaryimage"},"thumbnailUrl":"https:\/\/dfvcg-events.de\/fvw-travel-talk-kongress\/wp-content\/uploads\/sites\/59\/2024\/10\/dfvCG-fvw-Travel-Talk-teaser-800px.jpg","datePublished":"2020-03-18T20:01:25+00:00","dateModified":"2026-04-27T09:22:13+00:00","description":"Der f\u00fchrende Fachkongress der Touristik findet am 16.\/17. September 2025 in Leipzig statt. Hochkar\u00e4tige Vortragende, Top-Themen der Touristik","breadcrumb":{"@id":"https:\/\/dfvcg-events.de\/fvw-travel-talk-kongress\/#breadcrumb"},"inLanguage":"de","potentialAction":[{"@type":"ReadAction","target":["https:\/\/dfvcg-events.de\/fvw-travel-talk-kongress\/"]}]},{"@type":"ImageObject","inLanguage":"de","@id":"https:\/\/dfvcg-events.de\/fvw-travel-talk-kongress\/#primaryimage","url":"https:\/\/dfvcg-events.de\/fvw-travel-talk-kongress\/wp-content\/uploads\/sites\/59\/2024\/10\/dfvCG-fvw-Travel-Talk-teaser-800px.jpg","contentUrl":"https:\/\/dfvcg-events.de\/fvw-travel-talk-kongress\/wp-content\/uploads\/sites\/59\/2024\/10\/dfvCG-fvw-Travel-Talk-teaser-800px.jpg","width":800,"height":800},{"@type":"BreadcrumbList","@id":"https:\/\/dfvcg-events.de\/fvw-travel-talk-kongress\/#breadcrumb","itemListElement":[{"@type":"ListItem","position":1,"name":"Startseite","item":"https:\/\/dfvcg-events.de\/fvw-travel-talk-kongress\/"},{"@type":"ListItem","position":2,"name":"fvw|TravelTalk Kongress"}]},{"@type":"WebSite","@id":"https:\/\/dfvcg-events.de\/fvw-travel-talk-kongress\/#website","url":"https:\/\/dfvcg-events.de\/fvw-travel-talk-kongress\/","name":"fvw|TravelTalk Kongress","description":"dfv Conference Group","publisher":{"@id":"https:\/\/dfvcg-events.de\/fvw-travel-talk-kongress\/#organization"},"alternateName":"fvw | Travel Talk Kongress","potentialAction":[{"@type":"SearchAction","target":{"@type":"EntryPoint","urlTemplate":"https:\/\/dfvcg-events.de\/fvw-travel-talk-kongress\/?s={search_term_string}"},"query-input":{"@type":"PropertyValueSpecification","valueRequired":true,"valueName":"search_term_string"}}],"inLanguage":"de"},{"@type":"Organization","@id":"https:\/\/dfvcg-events.de\/fvw-travel-talk-kongress\/#organization","name":"fvw|TravelTalk Kongress","alternateName":"fvw | Travel Talk Kongress","url":"https:\/\/dfvcg-events.de\/fvw-travel-talk-kongress\/","logo":{"@type":"ImageObject","inLanguage":"de","@id":"https:\/\/dfvcg-events.de\/fvw-travel-talk-kongress\/#\/schema\/logo\/image\/","url":"https:\/\/dfvcg-events.de\/fvw-travel-talk-kongress\/wp-content\/uploads\/sites\/59\/2024\/10\/dfvCG-fvw-Travel-Talk-teaser-800px.jpg","contentUrl":"https:\/\/dfvcg-events.de\/fvw-travel-talk-kongress\/wp-content\/uploads\/sites\/59\/2024\/10\/dfvCG-fvw-Travel-Talk-teaser-800px.jpg","width":800,"height":800,"caption":"fvw|TravelTalk Kongress"},"image":{"@id":"https:\/\/dfvcg-events.de\/fvw-travel-talk-kongress\/#\/schema\/logo\/image\/"}}]}},"_links":{"self":[{"href":"https:\/\/dfvcg-events.de\/fvw-travel-talk-kongress\/wp-json\/wp\/v2\/pages\/16","targetHints":{"allow":["GET"]}}],"collection":[{"href":"https:\/\/dfvcg-events.de\/fvw-travel-talk-kongress\/wp-json\/wp\/v2\/pages"}],"about":[{"href":"https:\/\/dfvcg-events.de\/fvw-travel-talk-kongress\/wp-json\/wp\/v2\/types\/page"}],"author":[{"embeddable":true,"href":"https:\/\/dfvcg-events.de\/fvw-travel-talk-kongress\/wp-json\/wp\/v2\/users\/1"}],"replies":[{"embeddable":true,"href":"https:\/\/dfvcg-events.de\/fvw-travel-talk-kongress\/wp-json\/wp\/v2\/comments?post=16"}],"version-history":[{"count":86,"href":"https:\/\/dfvcg-events.de\/fvw-travel-talk-kongress\/wp-json\/wp\/v2\/pages\/16\/revisions"}],"predecessor-version":[{"id":3073,"href":"https:\/\/dfvcg-events.de\/fvw-travel-talk-kongress\/wp-json\/wp\/v2\/pages\/16\/revisions\/3073"}],"wp:featuredmedia":[{"embeddable":true,"href":"https:\/\/dfvcg-events.de\/fvw-travel-talk-kongress\/wp-json\/wp\/v2\/media\/1506"}],"wp:attachment":[{"href":"https:\/\/dfvcg-events.de\/fvw-travel-talk-kongress\/wp-json\/wp\/v2\/media?parent=16"}],"curies":[{"name":"wp","href":"https:\/\/api.w.org\/{rel}","templated":true}]}}