{"id":158,"date":"2020-03-19T22:30:05","date_gmt":"2020-03-19T21:30:05","guid":{"rendered":"https:\/\/dfvcg-events.de\/forum\/?page_id=158"},"modified":"2022-06-22T22:07:38","modified_gmt":"2022-06-22T20:07:38","slug":"hotel","status":"publish","type":"page","link":"https:\/\/dfvcg-events.de\/forum\/hotel\/","title":{"rendered":"Hotel"},"content":{"rendered":"<div id='av_section_1'  class='avia-section av-k7yuhjt1-676f3ed4420f2c40c202d201fc1a3016 main_color avia-section-default avia-no-border-styling  avia-builder-el-0  el_before_av_section  avia-builder-el-first  header-farbe avia-bg-style-scroll container_wrap fullsize'  ><div class='container av-section-cont-open' ><main  role=\"main\" itemprop=\"mainContentOfPage\"  class='template-page content  av-content-full alpha units'><div class='post-entry post-entry-type-page post-entry-158'><div class='entry-content-wrapper clearfix'>\n\n<style type=\"text\/css\" data-created_by=\"avia_inline_auto\" id=\"style-css-av-csac6-1bf0dd8f248ce37d2397644530df3b26\">\n#top .av-special-heading.av-csac6-1bf0dd8f248ce37d2397644530df3b26{\npadding-bottom:0;\n}\nbody .av-special-heading.av-csac6-1bf0dd8f248ce37d2397644530df3b26 .av-special-heading-tag .heading-char{\nfont-size:25px;\n}\n.av-special-heading.av-csac6-1bf0dd8f248ce37d2397644530df3b26 .av-subheading{\nfont-size:19px;\n}\n<\/style>\n<div  class='av-special-heading av-csac6-1bf0dd8f248ce37d2397644530df3b26 av-special-heading-h1 blockquote modern-quote  avia-builder-el-1  avia-builder-el-no-sibling '><div class='av-subheading av-subheading_above'><p>Forum der TextilWirtschaft | 4. Juli 2022 | Gesellschaftshaus Palmengarten | Frankfurt<\/p>\n<\/div><h1 class='av-special-heading-tag '  itemprop=\"headline\"  >Hotelinformationen<\/h1><div class=\"special-heading-border\"><div class=\"special-heading-inner-border\"><\/div><\/div><\/div>\n\n<\/div><\/div><\/main><!-- close content main element --><\/div><\/div><div id='av_section_2'  class='avia-section av-k7z9vjbr-123ee54f101eeae4cdef398889f1d4fd main_color avia-section-default avia-no-shadow  avia-builder-el-2  el_after_av_section  el_before_av_section  avia-bg-style-scroll container_wrap fullsize'  ><div class='container av-section-cont-open' ><div class='template-page content  av-content-full alpha units'><div class='post-entry post-entry-type-page post-entry-158'><div class='entry-content-wrapper clearfix'>\n<section  class='av_textblock_section av-k7z3il24-e1616f05ba37c0df16747ba5a58b87ef '   itemscope=\"itemscope\" itemtype=\"https:\/\/schema.org\/CreativeWork\" ><div class='avia_textblock'  itemprop=\"text\" ><p>Die folgenden Hotels halten ein Zimmerkontingent f\u00fcr die G\u00e4ste des TW-Forums bereit, auf das Sie bei Bedarf zur\u00fcckgreifen k\u00f6nnen. Bitte beachten Sie die unterschiedlichen Abruftermine und nehmen Sie die Buchung direkt im Hotel unter dem Stichwort &#8222;<strong>TW FORUM<\/strong>&#8220; vor.<\/p>\n<p><a href=\"https:\/\/www.flemings-hotels.de\/selection-hotel-frankfurt-city\"><strong>Flemings<\/strong><\/a><br \/>\nTel: +49 69 3700 3300<br \/>\nE-Mail: &#x72;&#101;s&#x65;&#114;v&#x61;&#x74;&#105;&#x6f;&#x6e;&#46;f&#x72;&#97;&#46;&#x63;&#x69;&#116;&#x79;&#x40;&#102;l&#x65;&#109;i&#x6e;&#x67;&#115;&#x2d;&#x68;&#111;t&#x65;&#108;s&#x2e;&#x63;&#111;&#x6d;<br \/>\nEZ: 174\u20ac | inkl. Fr\u00fchst\u00fcck<br \/>\nAbrufbar: nach Verf\u00fcgbarkeit<\/p>\n<p><strong><a href=\"https:\/\/www.hilton.com\/en\/hotels\/frahitw-hilton-frankfurt-city-centre\/?SEO_id=GMB-EMEA-TW-FRAHITW\">Hilton City Centre Frankfurt<\/a> <\/strong><br \/>\nTel: +49 69 1338 000<br \/>\nE-Mail: re&#115;&#101;&#114;&#x76;&#x61;&#x74;&#x69;on&#116;&#101;&#97;&#x6d;&#x2e;&#x66;&#x72;an&#107;&#102;&#117;&#x72;&#x74;&#x40;&#x68;il&#116;&#111;&#110;&#x2e;&#x63;&#x6f;&#x6d;<br \/>\nEZ: 209\u20ac | inkl. Fr\u00fchst\u00fcck<br \/>\nAbrufbar: nach Verf\u00fcgbarkeit<\/p>\n<p><a href=\"https:\/\/www.marriott.com\/hotels\/travel\/frajw-jw-marriott-hotel-frankfurt\/\"><strong>JW Marriott Hotel Frankfurt<\/strong><\/a><br \/>\nTel: +49 69 297 237 4444<br \/>\nE-Mail: J&#70;&#x52;&#x65;s&#101;&#114;&#x76;&#x61;t&#105;&#x6f;&#x6e;s&#64;&#106;&#x75;&#x6d;e&#105;&#x72;&#x61;h&#46;&#99;&#x6f;&#x6d;<br \/>\nDZ: 249 \u20ac | inkl. Fr\u00fchst\u00fcck<br \/>\nAbrufbar: nach Verf\u00fcgbarkeit<\/p>\n<p><a href=\"https:\/\/www.marriott.de\/event-reservations\/reservation-link.mi?id=1645106281077&amp;key=GRP&amp;app=resvlink\"><strong>Marriott Frankfurt<\/strong><\/a><br \/>\n<!-- &#091;if gte mso 9&#093;&gt;--><\/p>\n<p>Normal<br \/>\n0<\/p>\n<p>21<\/p>\n<p>false<br \/>\nfalse<br \/>\nfalse<\/p>\n<p>DE<br \/>\nX-NONE<br \/>\nX-NONE<\/p>\n<p>MicrosoftInternetExplorer4<\/p>\n<p><!-- &#091;if gte mso 9&#093;&gt;--><\/p>\n<p><!-- &#091;if gte mso 10&#093;&gt;--><\/p>\n<p> \/* Style Definitions *\/<br \/> table.MsoNormalTable<br \/>\t{mso-style-name:&#8220;Normale Tabelle&#8220;;<br \/>\tmso-tstyle-rowband-size:0;<br \/>\tmso-tstyle-colband-size:0;<br \/>\tmso-style-noshow:yes;<br \/>\tmso-style-priority:99;<br \/>\tmso-style-parent:&#8220;&#8220;;<br \/>\tmso-padding-alt:0cm 5.4pt 0cm 5.4pt;<br \/>\tmso-para-margin:0cm;<br \/>\tmso-pagination:widow-orphan;<br \/>\tfont-size:10.0pt;<br \/>\tfont-family:&#8220;Times New Roman&#8220;,serif;}<br \/><span style=\"font-family: 'Arial',sans-serif\"><a href=\"https:\/\/eur06.safelinks.protection.outlook.com\/?url=https%3A%2F%2Fwww.marriott.com%2Fevents%2Fstart.mi%3Fid%3D1645106281077%26key%3DGRP&amp;data=04%7C01%7C%7Cdd560f77ac50462ddb4b08d9f21f3527%7Ce5bf410228a64fe9b51e3e3149f83bb3%7C0%7C0%7C637807038229633742%7CUnknown%7CTWFpbGZsb3d8eyJWIjoiMC4wLjAwMDAiLCJQIjoiV2luMzIiLCJBTiI6Ik1haWwiLCJXVCI6Mn0%3D%7C3000&amp;sdata=uiOQVlTvbVpCikP9JRy6qBYXcJXS07iuu6Hi7b9pBfw%3D&amp;reserved=0\" target=\"_blank\" rel=\"noopener\">Hier direkt Ihr Zimmer buchen<\/a><\/span><strong><span style=\"font-family: 'Arial',sans-serif\"><br \/>\n<\/span><\/strong> Tel: +49 69 7955 2222<br \/>\nDZ: 149 \u20ac \/ 179 \u20ac | inkl. Fr\u00fchst\u00fcck<br \/>\nAbrufbar bis: 24.06.2022<\/p>\n<p><strong><a href=\"https:\/\/events.melia.com\/de\/events\/melia-frankfurt-city\/DFV17998493.html\">Meli\u00e1 Frankfurt City<\/a><br \/>\n<\/strong><a href=\"https:\/\/events.melia.com\/de\/events\/melia-frankfurt-city\/DFV17998493.html\" target=\"_blank\" rel=\"noopener\">Hier direkt Ihr Zimmer buchen<\/a><br \/>\nTel: +49 69 668 198 0<br \/>\nEZ: 145\u20ac | inkl. Fr\u00fchst\u00fcck<br \/>\nAbrufbar bis: 04.07.2022<\/p>\n<p><strong><a href=\"https:\/\/www.scandichotels.de\/hotelsuche\/deutschland\/frankfurt\/scandic-frankfurt-museumsufer?bookingCode=EVENT\">Scandic Museumsufer<\/a><br \/>\n<\/strong><a href=\"https:\/\/www.scandichotels.de\/hotelsuche\/deutschland\/frankfurt\/scandic-frankfurt-museumsufer?bookingCode=EVENT\" target=\"_blank\" rel=\"noopener\">Hier direkt Ihr Zimmer buchen<\/a><br \/>\nDZ: 15 % auf den Buchungspreis<\/p>\n<\/div><\/section>\n<\/div><\/div><\/div><!-- close content main div --><\/div><\/div><div id='av_section_3'  class='avia-section av-k7yuhjt1-2-f054c51d04aad6f63e45dc24d1a695a5 main_color avia-section-default avia-no-shadow  avia-builder-el-4  el_after_av_section  avia-builder-el-last  avia-bg-style-scroll container_wrap fullsize'  ><div class='container av-section-cont-open' ><div class='template-page content  av-content-full alpha units'><div class='post-entry post-entry-type-page post-entry-158'><div class='entry-content-wrapper clearfix'>\n<div class='flex_column_table av-d7cry-f6d49bcf53b962797fe1aba793f058e1 sc-av_one_fourth av-break-at-tablet-flextable av-equal-height-column-flextable'>\n<style type=\"text\/css\" data-created_by=\"avia_inline_auto\" id=\"style-css-av-d7cry-f6d49bcf53b962797fe1aba793f058e1\">\n.flex_column.av-d7cry-f6d49bcf53b962797fe1aba793f058e1{\nborder-radius:0px 0px 0px 0px;\npadding:0px 0px 0px 0px;\n}\n<\/style>\n<div  class='flex_column av-d7cry-f6d49bcf53b962797fe1aba793f058e1 av_one_fourth  avia-builder-el-5  el_before_av_three_fourth  avia-builder-el-first  first av-break-at-tablet flex_column_table_cell av-equal-height-column av-align-middle av-zero-column-padding  '     ><p>\n<style type=\"text\/css\" data-created_by=\"avia_inline_auto\" id=\"style-css-av-8kd7a-e8fa257f1e107624c4ba23bd59ae165b\">\n#top .av-special-heading.av-8kd7a-e8fa257f1e107624c4ba23bd59ae165b{\npadding-bottom:35px;\n}\nbody .av-special-heading.av-8kd7a-e8fa257f1e107624c4ba23bd59ae165b .av-special-heading-tag .heading-char{\nfont-size:25px;\n}\n.av-special-heading.av-8kd7a-e8fa257f1e107624c4ba23bd59ae165b .av-subheading{\nfont-size:19px;\n}\n<\/style>\n<div  class='av-special-heading av-8kd7a-e8fa257f1e107624c4ba23bd59ae165b av-special-heading-h3 blockquote modern-quote  avia-builder-el-6  el_before_av_textblock  avia-builder-el-first '><h3 class='av-special-heading-tag '  itemprop=\"headline\"  >Veranstaltungsort<\/h3><div class=\"special-heading-border\"><div class=\"special-heading-inner-border\"><\/div><\/div><\/div><br \/>\n<section  class='av_textblock_section av-k7z3il24-1-7ab8ae6fefab06630a405ceebee78e2a '   itemscope=\"itemscope\" itemtype=\"https:\/\/schema.org\/CreativeWork\" ><div class='avia_textblock'  itemprop=\"text\" ><p><strong>Gesellschaftshaus Palmengarten<\/strong><\/p>\n<p>Palmengartenstrasse 11<br \/>\n60325 Frankfurt am Main<\/p>\n<\/div><\/section><\/p><\/div><div class='av-flex-placeholder'><\/div>\n<style type=\"text\/css\" data-created_by=\"avia_inline_auto\" id=\"style-css-av-k7z9th4t-22beabd505fd55696bce2d170fb20ce5\">\n.flex_column.av-k7z9th4t-22beabd505fd55696bce2d170fb20ce5{\nborder-radius:0px 0px 0px 0px;\npadding:0px 0px 0px 0px;\n}\n<\/style>\n<div  class='flex_column av-k7z9th4t-22beabd505fd55696bce2d170fb20ce5 av_three_fourth  avia-builder-el-8  el_after_av_one_fourth  avia-builder-el-last  av-break-at-tablet flex_column_table_cell av-equal-height-column av-align-middle av-zero-column-padding  '     ><div  class='av_gmaps_sc_main_wrap av_gmaps_main_wrap '><div id='av_gmap_0' class='avia-google-map-container avia-google-map-sc av_gmaps_show_unconditionally av-no-fallback-img ' data-mapid='av_gmap_0'  style='height: 400px;'><a class=\"av_gmaps_browser_disabled av_text_confirm_link av_text_confirm_link_visible\" href=\"https:\/\/www.google.com\/maps\/search\/?api=1&#038;query=Palmengartenstrasse%2011%2060325%20%20Frankfurt%20am%20Main%20%20Hessen\" target=\"_blank\">Karten wurden vom Besucher auf dieser Webseite deaktiviert. Klicken Sie hier, um die Karte in einem neuen Fenster zu \u00f6ffnen.<\/a><\/div><\/div><\/div><\/div><!--close column table wrapper. Autoclose: 1 -->\n<\/p>\n","protected":false},"excerpt":{"rendered":"","protected":false},"author":1,"featured_media":0,"parent":0,"menu_order":0,"comment_status":"closed","ping_status":"closed","template":"","meta":{"footnotes":""},"class_list":["post-158","page","type-page","status-publish","hentry"],"yoast_head":"<!-- This site is optimized with the Yoast SEO plugin v27.4 - https:\/\/yoast.com\/product\/yoast-seo-wordpress\/ -->\n<title>Hotel - TextilWirtschaft Forum<\/title>\n<meta name=\"robots\" content=\"noindex, follow, max-snippet:-1, max-image-preview:large, max-video-preview:-1\" \/>\n<meta property=\"og:locale\" content=\"de_DE\" \/>\n<meta property=\"og:type\" content=\"article\" \/>\n<meta property=\"og:title\" content=\"Hotel - TextilWirtschaft Forum\" \/>\n<meta property=\"og:url\" content=\"https:\/\/dfvcg-events.de\/forum\/hotel\/\" \/>\n<meta property=\"og:site_name\" content=\"TextilWirtschaft Forum\" \/>\n<meta property=\"article:modified_time\" content=\"2022-06-22T20:07:38+00:00\" \/>\n<meta name=\"twitter:card\" content=\"summary_large_image\" \/>\n<meta name=\"twitter:label1\" content=\"Gesch\u00e4tzte Lesezeit\" \/>\n\t<meta name=\"twitter:data1\" content=\"7\u00a0Minuten\" \/>\n<script type=\"application\/ld+json\" class=\"yoast-schema-graph\">{\"@context\":\"https:\\\/\\\/schema.org\",\"@graph\":[{\"@type\":\"WebPage\",\"@id\":\"https:\\\/\\\/dfvcg-events.de\\\/forum\\\/hotel\\\/\",\"url\":\"https:\\\/\\\/dfvcg-events.de\\\/forum\\\/hotel\\\/\",\"name\":\"Hotel - TextilWirtschaft Forum\",\"isPartOf\":{\"@id\":\"https:\\\/\\\/dfvcg-events.de\\\/forum\\\/#website\"},\"datePublished\":\"2020-03-19T21:30:05+00:00\",\"dateModified\":\"2022-06-22T20:07:38+00:00\",\"breadcrumb\":{\"@id\":\"https:\\\/\\\/dfvcg-events.de\\\/forum\\\/hotel\\\/#breadcrumb\"},\"inLanguage\":\"de\",\"potentialAction\":[{\"@type\":\"ReadAction\",\"target\":[\"https:\\\/\\\/dfvcg-events.de\\\/forum\\\/hotel\\\/\"]}]},{\"@type\":\"BreadcrumbList\",\"@id\":\"https:\\\/\\\/dfvcg-events.de\\\/forum\\\/hotel\\\/#breadcrumb\",\"itemListElement\":[{\"@type\":\"ListItem\",\"position\":1,\"name\":\"Startseite\",\"item\":\"https:\\\/\\\/dfvcg-events.de\\\/forum\\\/\"},{\"@type\":\"ListItem\",\"position\":2,\"name\":\"Hotel\"}]},{\"@type\":\"WebSite\",\"@id\":\"https:\\\/\\\/dfvcg-events.de\\\/forum\\\/#website\",\"url\":\"https:\\\/\\\/dfvcg-events.de\\\/forum\\\/\",\"name\":\"TextilWirtschaft Forum\",\"description\":\"dfv Conference Group\",\"potentialAction\":[{\"@type\":\"SearchAction\",\"target\":{\"@type\":\"EntryPoint\",\"urlTemplate\":\"https:\\\/\\\/dfvcg-events.de\\\/forum\\\/?s={search_term_string}\"},\"query-input\":{\"@type\":\"PropertyValueSpecification\",\"valueRequired\":true,\"valueName\":\"search_term_string\"}}],\"inLanguage\":\"de\"}]}<\/script>\n<!-- \/ Yoast SEO plugin. -->","yoast_head_json":{"title":"Hotel - TextilWirtschaft Forum","robots":{"index":"noindex","follow":"follow","max-snippet":"max-snippet:-1","max-image-preview":"max-image-preview:large","max-video-preview":"max-video-preview:-1"},"og_locale":"de_DE","og_type":"article","og_title":"Hotel - TextilWirtschaft Forum","og_url":"https:\/\/dfvcg-events.de\/forum\/hotel\/","og_site_name":"TextilWirtschaft Forum","article_modified_time":"2022-06-22T20:07:38+00:00","twitter_card":"summary_large_image","twitter_misc":{"Gesch\u00e4tzte Lesezeit":"7\u00a0Minuten"},"schema":{"@context":"https:\/\/schema.org","@graph":[{"@type":"WebPage","@id":"https:\/\/dfvcg-events.de\/forum\/hotel\/","url":"https:\/\/dfvcg-events.de\/forum\/hotel\/","name":"Hotel - TextilWirtschaft Forum","isPartOf":{"@id":"https:\/\/dfvcg-events.de\/forum\/#website"},"datePublished":"2020-03-19T21:30:05+00:00","dateModified":"2022-06-22T20:07:38+00:00","breadcrumb":{"@id":"https:\/\/dfvcg-events.de\/forum\/hotel\/#breadcrumb"},"inLanguage":"de","potentialAction":[{"@type":"ReadAction","target":["https:\/\/dfvcg-events.de\/forum\/hotel\/"]}]},{"@type":"BreadcrumbList","@id":"https:\/\/dfvcg-events.de\/forum\/hotel\/#breadcrumb","itemListElement":[{"@type":"ListItem","position":1,"name":"Startseite","item":"https:\/\/dfvcg-events.de\/forum\/"},{"@type":"ListItem","position":2,"name":"Hotel"}]},{"@type":"WebSite","@id":"https:\/\/dfvcg-events.de\/forum\/#website","url":"https:\/\/dfvcg-events.de\/forum\/","name":"TextilWirtschaft Forum","description":"dfv Conference Group","potentialAction":[{"@type":"SearchAction","target":{"@type":"EntryPoint","urlTemplate":"https:\/\/dfvcg-events.de\/forum\/?s={search_term_string}"},"query-input":{"@type":"PropertyValueSpecification","valueRequired":true,"valueName":"search_term_string"}}],"inLanguage":"de"}]}},"_links":{"self":[{"href":"https:\/\/dfvcg-events.de\/forum\/wp-json\/wp\/v2\/pages\/158","targetHints":{"allow":["GET"]}}],"collection":[{"href":"https:\/\/dfvcg-events.de\/forum\/wp-json\/wp\/v2\/pages"}],"about":[{"href":"https:\/\/dfvcg-events.de\/forum\/wp-json\/wp\/v2\/types\/page"}],"author":[{"embeddable":true,"href":"https:\/\/dfvcg-events.de\/forum\/wp-json\/wp\/v2\/users\/1"}],"replies":[{"embeddable":true,"href":"https:\/\/dfvcg-events.de\/forum\/wp-json\/wp\/v2\/comments?post=158"}],"version-history":[{"count":0,"href":"https:\/\/dfvcg-events.de\/forum\/wp-json\/wp\/v2\/pages\/158\/revisions"}],"wp:attachment":[{"href":"https:\/\/dfvcg-events.de\/forum\/wp-json\/wp\/v2\/media?parent=158"}],"curies":[{"name":"wp","href":"https:\/\/api.w.org\/{rel}","templated":true}]}}