{"id":3472,"date":"2023-08-22T16:11:18","date_gmt":"2023-08-22T14:11:18","guid":{"rendered":"https:\/\/dfvcg-events.de\/fachmarktimmobilien-kongress\/?post_type=portfolio&#038;p=3472"},"modified":"2024-07-01T13:54:34","modified_gmt":"2024-07-01T11:54:34","slug":"marcel-sohn","status":"publish","type":"portfolio","link":"https:\/\/dfvcg-events.de\/fachmarktimmobilien-kongress\/vortragend\/marcel-sohn\/","title":{"rendered":"Marcel Sohn"},"content":{"rendered":"\n<style type=\"text\/css\" data-created_by=\"avia_inline_auto\" id=\"style-css-av-1hpil-9666fe4db9abbb55e16afcaa46b74565\">\n.flex_column.av-1hpil-9666fe4db9abbb55e16afcaa46b74565{\nborder-radius:0px 0px 0px 0px;\npadding:0px 0px 0px 0px;\n}\n<\/style>\n<div  class='flex_column av-1hpil-9666fe4db9abbb55e16afcaa46b74565 av_one_third  avia-builder-el-0  el_before_av_two_third  avia-builder-el-first  first flex_column_div av-zero-column-padding  '     ><style type=\"text\/css\" data-created_by=\"avia_inline_auto\" id=\"style-css-av-k7z57z19-eb89daa8ba8ce08d87b664ac07173f90\">\n.avia-image-container.av-k7z57z19-eb89daa8ba8ce08d87b664ac07173f90 img.avia_image{\nbox-shadow:none;\n}\n.avia-image-container.av-k7z57z19-eb89daa8ba8ce08d87b664ac07173f90 .av-image-caption-overlay-center{\ncolor:#ffffff;\n}\n<\/style>\n<div  class='avia-image-container av-k7z57z19-eb89daa8ba8ce08d87b664ac07173f90 av-styling-no-styling avia-align-center  avia-builder-el-1  avia-builder-el-no-sibling '   itemprop=\"image\" itemscope=\"itemscope\" itemtype=\"https:\/\/schema.org\/ImageObject\" ><div class=\"avia-image-container-inner\"><div class=\"avia-image-overlay-wrap\"><img decoding=\"async\" fetchpriority=\"high\" class='wp-image-3469 avia-img-lazy-loading-not-3469 avia_image ' src=\"https:\/\/dfvcg-events.de\/fachmarktimmobilien-kongress\/wp-content\/uploads\/sites\/5\/2023\/08\/Sohn_Marcel_web.jpg\" alt='' title='Sohn_Marcel_web'  height=\"800\" width=\"600\"  itemprop=\"thumbnailUrl\"  \/><\/div><\/div><\/div><\/div>\n<style type=\"text\/css\" data-created_by=\"avia_inline_auto\" id=\"style-css-av-q939-36bd9e2970eba44b209398e6adaba9f5\">\n.flex_column.av-q939-36bd9e2970eba44b209398e6adaba9f5{\nborder-radius:0px 0px 0px 0px;\npadding:0px 0px 0px 0px;\n}\n<\/style>\n<div  class='flex_column av-q939-36bd9e2970eba44b209398e6adaba9f5 av_two_third  avia-builder-el-2  el_after_av_one_third  avia-builder-el-last  flex_column_div av-zero-column-padding  '     ><p>\n<style type=\"text\/css\" data-created_by=\"avia_inline_auto\" id=\"style-css-av-ket0otey-51181a9c3b4f4aead69902516aef62d4\">\n#top .av-special-heading.av-ket0otey-51181a9c3b4f4aead69902516aef62d4{\npadding-bottom:10px;\n}\nbody .av-special-heading.av-ket0otey-51181a9c3b4f4aead69902516aef62d4 .av-special-heading-tag .heading-char{\nfont-size:25px;\n}\n.av-special-heading.av-ket0otey-51181a9c3b4f4aead69902516aef62d4 .av-subheading{\nfont-size:19px;\n}\n<\/style>\n<div  class='av-special-heading av-ket0otey-51181a9c3b4f4aead69902516aef62d4 av-special-heading-h2 blockquote modern-quote  avia-builder-el-3  el_before_av_textblock  avia-builder-el-first '><h2 class='av-special-heading-tag '  itemprop=\"headline\"  >Marcel Sohn<\/h2><div class='av-subheading av-subheading_below'><p>CEO und Founder<br \/>\nEnergie 5<\/p>\n<\/div><div class=\"special-heading-border\"><div class=\"special-heading-inner-border\"><\/div><\/div><\/div><br \/>\n<section  class='av_textblock_section av-k7yuci90-cc8f536f476c354fb273c6b3e8aa0dbd '   itemscope=\"itemscope\" itemtype=\"https:\/\/schema.org\/CreativeWork\" ><div class='avia_textblock'  itemprop=\"text\" ><p>Ganzheitliche Energiel\u00f6sungen um Autark zu leben. Unabh\u00e4ngigkeit durch KnowHow und Netzwerk<br \/>\nBergisch Gladbach, Nordrhein-Westfalen, Deutschland<\/p>\n<p><em><strong>Berufserfahrung<\/strong><\/em><\/p>\n<p><strong>Energie-5 GmbH<\/strong><br \/>\nCEO und Gr\u00fcnder<br \/>\nKerpen, Deutschland<br \/>\nGanzheitliche Energiel\u00f6sungen um Autark zu leben. Unabh\u00e4ngigkeit durch KnowHow und Netzwerk Intelligente Vernetzung der Leistungskomponenten mittels Innovationen IoT L\u00f6sungen und Energy as a Service.<\/p>\n<p><strong>WATTwins GmbH<\/strong><br \/>\nCo-CEO<br \/>\nKerpen, Deutschland<\/p>\n<p>Mit ihrer ganzheitlichen Betrachtung der erneuerbaren Energien bietet die WATTwins ein breites Spektrum an Leistungen an, von der Besichtigung und Bewertung von Liegenschaften \u00fcber die Anbringung von beispielsweise Photovoltaik-Modulen oder Errichtung von Ladeinfrastrukturen, bis hin zum Monitoring und der Wartung neuer und vorhandener Einrichtungen.<br \/>\nEin weiteres wichtiges Anliegen der WATTwins ist das Thema Recycling, dem sie sich mit gro\u00dfem Engagement widmen.<br \/>\nDiese geb\u00fcnbdelten Kompetenzen machen die WattWins GmbH zu dem richtigen Ansprechpartner in allen Fragen der gr\u00fcnen Energie.<\/p>\n<p><strong>Energia 5 Service<\/strong><br \/>\nFounder<br \/>\nBia\u0142ogard, Voivod Westpommern, Polen<br \/>\nMontage Service f\u00fcr Energieanlagen im Bereich PV, Speicher und E-Mobilit\u00e4t. AC\/DC inkl. Zertifizierung<\/p>\n<p><strong>Gatter 3 Technik GmbH<\/strong><br \/>\nGesch\u00e4ftsf\u00fchrer<br \/>\nHolzwickede, Nordrhein-Westfalen, Deutschland<br \/>\nSystemanbieter f\u00fcr Infrastruktur mit ganzheitlichem Serviceansatz im Bereich PV, E-Mob und Digitalisierung<\/p>\n<p><strong>Gatter 3 Infra GmbH<\/strong><br \/>\nGesch\u00e4ftsf\u00fchrender Gesellschafter Januar 2018 &#8211; Dezember 2022 (5 Jahre)<br \/>\nSiegen, Nordrhein-Westfalen, Deutschland<br \/>\nInfrastruktur- und Energiedienstleistungen zertifiziert nach DVGW<\/p>\n<p><strong>Qualitas-AMS GmbH &#8211; (geh\u00f6rt heute zu e.on)<\/strong><br \/>\nGesch\u00e4ftsf\u00fchrender Gesellschafter<br \/>\nSiegen und K\u00f6ln<br \/>\nDie Qualitas-AMS GmbH ist ein mittelst\u00e4ndiges und inhabergef\u00fchrtes Unternehmen mit Hauptsitz in Siegen und Niederlassung in Bergisch Gladbach mit qualifizierten Mitarbeitern im Bereich Beratung, Elektrotechnik, Montage und Lichtkonzepte.<\/p>\n<p><em><strong>Ausbildung<\/strong><\/em><\/p>\n<p><strong>Universit\u00e4t Siegen<\/strong><br \/>\nDiplom, Informatiker<\/p>\n<p><strong>Techniker Schule Siegen<\/strong><br \/>\nFachbereich Elektrotechnik<\/p>\n<p><strong>Berufsschule Siegen<\/strong><br \/>\nElektroinstallateur<\/p>\n<\/div><\/section><\/p><\/div><\/p>\n","protected":false},"excerpt":{"rendered":"<p>Energie 5 <\/p>\n","protected":false},"author":24,"featured_media":3469,"comment_status":"closed","ping_status":"closed","template":"","meta":{"footnotes":""},"tags":[],"portfolio_entries":[61],"class_list":["post-3472","portfolio","type-portfolio","status-publish","has-post-thumbnail","hentry","portfolio_entries-vortragend-2023"],"yoast_head":"<!-- This site is optimized with the Yoast SEO plugin v27.4 - https:\/\/yoast.com\/product\/yoast-seo-wordpress\/ -->\n<title>Referent: Marcel Sohn | Fachmarktimmobilien-Kongress<\/title>\n<meta name=\"description\" content=\"Fachmarktimmobilien-Kongress | Begr\u00fc\u00dfen Sie auf der B\u00fchne: Marcel Sohn\" \/>\n<meta name=\"robots\" content=\"index, follow, max-snippet:-1, max-image-preview:large, max-video-preview:-1\" \/>\n<link rel=\"canonical\" href=\"https:\/\/dfvcg-events.de\/fachmarktimmobilien-kongress\/vortragend\/marcel-sohn\/\" \/>\n<meta property=\"og:locale\" content=\"de_DE\" \/>\n<meta property=\"og:type\" content=\"article\" \/>\n<meta property=\"og:title\" content=\"Referent: Marcel Sohn | Fachmarktimmobilien-Kongress\" \/>\n<meta property=\"og:description\" content=\"Fachmarktimmobilien-Kongress | Begr\u00fc\u00dfen Sie auf der B\u00fchne: Marcel Sohn\" \/>\n<meta property=\"og:url\" content=\"https:\/\/dfvcg-events.de\/fachmarktimmobilien-kongress\/vortragend\/marcel-sohn\/\" \/>\n<meta property=\"og:site_name\" content=\"Fachmarktimmobilien-Kongress\" \/>\n<meta property=\"article:modified_time\" content=\"2024-07-01T11:54:34+00:00\" \/>\n<meta property=\"og:image\" content=\"https:\/\/dfvcg-events.de\/fachmarktimmobilien-kongress\/wp-content\/uploads\/sites\/5\/2023\/08\/Sohn_Marcel_web.jpg\" \/>\n\t<meta property=\"og:image:width\" content=\"600\" \/>\n\t<meta property=\"og:image:height\" content=\"800\" \/>\n\t<meta property=\"og:image:type\" content=\"image\/jpeg\" \/>\n<meta name=\"twitter:card\" content=\"summary_large_image\" \/>\n<meta name=\"twitter:label1\" content=\"Gesch\u00e4tzte Lesezeit\" \/>\n\t<meta name=\"twitter:data1\" content=\"2\u00a0Minuten\" \/>\n<script type=\"application\/ld+json\" class=\"yoast-schema-graph\">{\"@context\":\"https:\\\/\\\/schema.org\",\"@graph\":[{\"@type\":\"WebPage\",\"@id\":\"https:\\\/\\\/dfvcg-events.de\\\/fachmarktimmobilien-kongress\\\/vortragend\\\/marcel-sohn\\\/\",\"url\":\"https:\\\/\\\/dfvcg-events.de\\\/fachmarktimmobilien-kongress\\\/vortragend\\\/marcel-sohn\\\/\",\"name\":\"Referent: Marcel Sohn | Fachmarktimmobilien-Kongress\",\"isPartOf\":{\"@id\":\"https:\\\/\\\/dfvcg-events.de\\\/fachmarktimmobilien-kongress\\\/#website\"},\"primaryImageOfPage\":{\"@id\":\"https:\\\/\\\/dfvcg-events.de\\\/fachmarktimmobilien-kongress\\\/vortragend\\\/marcel-sohn\\\/#primaryimage\"},\"image\":{\"@id\":\"https:\\\/\\\/dfvcg-events.de\\\/fachmarktimmobilien-kongress\\\/vortragend\\\/marcel-sohn\\\/#primaryimage\"},\"thumbnailUrl\":\"https:\\\/\\\/dfvcg-events.de\\\/fachmarktimmobilien-kongress\\\/wp-content\\\/uploads\\\/sites\\\/5\\\/2023\\\/08\\\/Sohn_Marcel_web.jpg\",\"datePublished\":\"2023-08-22T14:11:18+00:00\",\"dateModified\":\"2024-07-01T11:54:34+00:00\",\"description\":\"Fachmarktimmobilien-Kongress | Begr\u00fc\u00dfen Sie auf der B\u00fchne: Marcel Sohn\",\"breadcrumb\":{\"@id\":\"https:\\\/\\\/dfvcg-events.de\\\/fachmarktimmobilien-kongress\\\/vortragend\\\/marcel-sohn\\\/#breadcrumb\"},\"inLanguage\":\"de\",\"potentialAction\":[{\"@type\":\"ReadAction\",\"target\":[\"https:\\\/\\\/dfvcg-events.de\\\/fachmarktimmobilien-kongress\\\/vortragend\\\/marcel-sohn\\\/\"]}]},{\"@type\":\"ImageObject\",\"inLanguage\":\"de\",\"@id\":\"https:\\\/\\\/dfvcg-events.de\\\/fachmarktimmobilien-kongress\\\/vortragend\\\/marcel-sohn\\\/#primaryimage\",\"url\":\"https:\\\/\\\/dfvcg-events.de\\\/fachmarktimmobilien-kongress\\\/wp-content\\\/uploads\\\/sites\\\/5\\\/2023\\\/08\\\/Sohn_Marcel_web.jpg\",\"contentUrl\":\"https:\\\/\\\/dfvcg-events.de\\\/fachmarktimmobilien-kongress\\\/wp-content\\\/uploads\\\/sites\\\/5\\\/2023\\\/08\\\/Sohn_Marcel_web.jpg\",\"width\":600,\"height\":800},{\"@type\":\"BreadcrumbList\",\"@id\":\"https:\\\/\\\/dfvcg-events.de\\\/fachmarktimmobilien-kongress\\\/vortragend\\\/marcel-sohn\\\/#breadcrumb\",\"itemListElement\":[{\"@type\":\"ListItem\",\"position\":1,\"name\":\"Startseite\",\"item\":\"https:\\\/\\\/dfvcg-events.de\\\/fachmarktimmobilien-kongress\\\/\"},{\"@type\":\"ListItem\",\"position\":2,\"name\":\"Marcel Sohn\"}]},{\"@type\":\"WebSite\",\"@id\":\"https:\\\/\\\/dfvcg-events.de\\\/fachmarktimmobilien-kongress\\\/#website\",\"url\":\"https:\\\/\\\/dfvcg-events.de\\\/fachmarktimmobilien-kongress\\\/\",\"name\":\"Fachmarktimmobilien-Kongress\",\"description\":\"dfv Conference Group\",\"publisher\":{\"@id\":\"https:\\\/\\\/dfvcg-events.de\\\/fachmarktimmobilien-kongress\\\/#organization\"},\"potentialAction\":[{\"@type\":\"SearchAction\",\"target\":{\"@type\":\"EntryPoint\",\"urlTemplate\":\"https:\\\/\\\/dfvcg-events.de\\\/fachmarktimmobilien-kongress\\\/?s={search_term_string}\"},\"query-input\":{\"@type\":\"PropertyValueSpecification\",\"valueRequired\":true,\"valueName\":\"search_term_string\"}}],\"inLanguage\":\"de\"},{\"@type\":\"Organization\",\"@id\":\"https:\\\/\\\/dfvcg-events.de\\\/fachmarktimmobilien-kongress\\\/#organization\",\"name\":\"Deutscher Fachmarktimmobilien-Kongress\",\"url\":\"https:\\\/\\\/dfvcg-events.de\\\/fachmarktimmobilien-kongress\\\/\",\"logo\":{\"@type\":\"ImageObject\",\"inLanguage\":\"de\",\"@id\":\"https:\\\/\\\/dfvcg-events.de\\\/fachmarktimmobilien-kongress\\\/#\\\/schema\\\/logo\\\/image\\\/\",\"url\":\"https:\\\/\\\/dfvcg-events.de\\\/deutscher-fachmarktimmobilien-kongress\\\/wp-content\\\/uploads\\\/sites\\\/5\\\/2022\\\/06\\\/Fachmarkt-2022-450x300px.jpg\",\"contentUrl\":\"https:\\\/\\\/dfvcg-events.de\\\/deutscher-fachmarktimmobilien-kongress\\\/wp-content\\\/uploads\\\/sites\\\/5\\\/2022\\\/06\\\/Fachmarkt-2022-450x300px.jpg\",\"width\":450,\"height\":300,\"caption\":\"Deutscher Fachmarktimmobilien-Kongress\"},\"image\":{\"@id\":\"https:\\\/\\\/dfvcg-events.de\\\/fachmarktimmobilien-kongress\\\/#\\\/schema\\\/logo\\\/image\\\/\"}}]}<\/script>\n<!-- \/ Yoast SEO plugin. -->","yoast_head_json":{"title":"Referent: Marcel Sohn | Fachmarktimmobilien-Kongress","description":"Fachmarktimmobilien-Kongress | Begr\u00fc\u00dfen Sie auf der B\u00fchne: Marcel Sohn","robots":{"index":"index","follow":"follow","max-snippet":"max-snippet:-1","max-image-preview":"max-image-preview:large","max-video-preview":"max-video-preview:-1"},"canonical":"https:\/\/dfvcg-events.de\/fachmarktimmobilien-kongress\/vortragend\/marcel-sohn\/","og_locale":"de_DE","og_type":"article","og_title":"Referent: Marcel Sohn | Fachmarktimmobilien-Kongress","og_description":"Fachmarktimmobilien-Kongress | Begr\u00fc\u00dfen Sie auf der B\u00fchne: Marcel Sohn","og_url":"https:\/\/dfvcg-events.de\/fachmarktimmobilien-kongress\/vortragend\/marcel-sohn\/","og_site_name":"Fachmarktimmobilien-Kongress","article_modified_time":"2024-07-01T11:54:34+00:00","og_image":[{"width":600,"height":800,"url":"https:\/\/dfvcg-events.de\/fachmarktimmobilien-kongress\/wp-content\/uploads\/sites\/5\/2023\/08\/Sohn_Marcel_web.jpg","type":"image\/jpeg"}],"twitter_card":"summary_large_image","twitter_misc":{"Gesch\u00e4tzte Lesezeit":"2\u00a0Minuten"},"schema":{"@context":"https:\/\/schema.org","@graph":[{"@type":"WebPage","@id":"https:\/\/dfvcg-events.de\/fachmarktimmobilien-kongress\/vortragend\/marcel-sohn\/","url":"https:\/\/dfvcg-events.de\/fachmarktimmobilien-kongress\/vortragend\/marcel-sohn\/","name":"Referent: Marcel Sohn | Fachmarktimmobilien-Kongress","isPartOf":{"@id":"https:\/\/dfvcg-events.de\/fachmarktimmobilien-kongress\/#website"},"primaryImageOfPage":{"@id":"https:\/\/dfvcg-events.de\/fachmarktimmobilien-kongress\/vortragend\/marcel-sohn\/#primaryimage"},"image":{"@id":"https:\/\/dfvcg-events.de\/fachmarktimmobilien-kongress\/vortragend\/marcel-sohn\/#primaryimage"},"thumbnailUrl":"https:\/\/dfvcg-events.de\/fachmarktimmobilien-kongress\/wp-content\/uploads\/sites\/5\/2023\/08\/Sohn_Marcel_web.jpg","datePublished":"2023-08-22T14:11:18+00:00","dateModified":"2024-07-01T11:54:34+00:00","description":"Fachmarktimmobilien-Kongress | Begr\u00fc\u00dfen Sie auf der B\u00fchne: Marcel Sohn","breadcrumb":{"@id":"https:\/\/dfvcg-events.de\/fachmarktimmobilien-kongress\/vortragend\/marcel-sohn\/#breadcrumb"},"inLanguage":"de","potentialAction":[{"@type":"ReadAction","target":["https:\/\/dfvcg-events.de\/fachmarktimmobilien-kongress\/vortragend\/marcel-sohn\/"]}]},{"@type":"ImageObject","inLanguage":"de","@id":"https:\/\/dfvcg-events.de\/fachmarktimmobilien-kongress\/vortragend\/marcel-sohn\/#primaryimage","url":"https:\/\/dfvcg-events.de\/fachmarktimmobilien-kongress\/wp-content\/uploads\/sites\/5\/2023\/08\/Sohn_Marcel_web.jpg","contentUrl":"https:\/\/dfvcg-events.de\/fachmarktimmobilien-kongress\/wp-content\/uploads\/sites\/5\/2023\/08\/Sohn_Marcel_web.jpg","width":600,"height":800},{"@type":"BreadcrumbList","@id":"https:\/\/dfvcg-events.de\/fachmarktimmobilien-kongress\/vortragend\/marcel-sohn\/#breadcrumb","itemListElement":[{"@type":"ListItem","position":1,"name":"Startseite","item":"https:\/\/dfvcg-events.de\/fachmarktimmobilien-kongress\/"},{"@type":"ListItem","position":2,"name":"Marcel Sohn"}]},{"@type":"WebSite","@id":"https:\/\/dfvcg-events.de\/fachmarktimmobilien-kongress\/#website","url":"https:\/\/dfvcg-events.de\/fachmarktimmobilien-kongress\/","name":"Fachmarktimmobilien-Kongress","description":"dfv Conference Group","publisher":{"@id":"https:\/\/dfvcg-events.de\/fachmarktimmobilien-kongress\/#organization"},"potentialAction":[{"@type":"SearchAction","target":{"@type":"EntryPoint","urlTemplate":"https:\/\/dfvcg-events.de\/fachmarktimmobilien-kongress\/?s={search_term_string}"},"query-input":{"@type":"PropertyValueSpecification","valueRequired":true,"valueName":"search_term_string"}}],"inLanguage":"de"},{"@type":"Organization","@id":"https:\/\/dfvcg-events.de\/fachmarktimmobilien-kongress\/#organization","name":"Deutscher Fachmarktimmobilien-Kongress","url":"https:\/\/dfvcg-events.de\/fachmarktimmobilien-kongress\/","logo":{"@type":"ImageObject","inLanguage":"de","@id":"https:\/\/dfvcg-events.de\/fachmarktimmobilien-kongress\/#\/schema\/logo\/image\/","url":"https:\/\/dfvcg-events.de\/deutscher-fachmarktimmobilien-kongress\/wp-content\/uploads\/sites\/5\/2022\/06\/Fachmarkt-2022-450x300px.jpg","contentUrl":"https:\/\/dfvcg-events.de\/deutscher-fachmarktimmobilien-kongress\/wp-content\/uploads\/sites\/5\/2022\/06\/Fachmarkt-2022-450x300px.jpg","width":450,"height":300,"caption":"Deutscher Fachmarktimmobilien-Kongress"},"image":{"@id":"https:\/\/dfvcg-events.de\/fachmarktimmobilien-kongress\/#\/schema\/logo\/image\/"}}]}},"_links":{"self":[{"href":"https:\/\/dfvcg-events.de\/fachmarktimmobilien-kongress\/wp-json\/wp\/v2\/portfolio\/3472","targetHints":{"allow":["GET"]}}],"collection":[{"href":"https:\/\/dfvcg-events.de\/fachmarktimmobilien-kongress\/wp-json\/wp\/v2\/portfolio"}],"about":[{"href":"https:\/\/dfvcg-events.de\/fachmarktimmobilien-kongress\/wp-json\/wp\/v2\/types\/portfolio"}],"author":[{"embeddable":true,"href":"https:\/\/dfvcg-events.de\/fachmarktimmobilien-kongress\/wp-json\/wp\/v2\/users\/24"}],"replies":[{"embeddable":true,"href":"https:\/\/dfvcg-events.de\/fachmarktimmobilien-kongress\/wp-json\/wp\/v2\/comments?post=3472"}],"version-history":[{"count":2,"href":"https:\/\/dfvcg-events.de\/fachmarktimmobilien-kongress\/wp-json\/wp\/v2\/portfolio\/3472\/revisions"}],"predecessor-version":[{"id":4180,"href":"https:\/\/dfvcg-events.de\/fachmarktimmobilien-kongress\/wp-json\/wp\/v2\/portfolio\/3472\/revisions\/4180"}],"wp:featuredmedia":[{"embeddable":true,"href":"https:\/\/dfvcg-events.de\/fachmarktimmobilien-kongress\/wp-json\/wp\/v2\/media\/3469"}],"wp:attachment":[{"href":"https:\/\/dfvcg-events.de\/fachmarktimmobilien-kongress\/wp-json\/wp\/v2\/media?parent=3472"}],"wp:term":[{"taxonomy":"post_tag","embeddable":true,"href":"https:\/\/dfvcg-events.de\/fachmarktimmobilien-kongress\/wp-json\/wp\/v2\/tags?post=3472"},{"taxonomy":"portfolio_entries","embeddable":true,"href":"https:\/\/dfvcg-events.de\/fachmarktimmobilien-kongress\/wp-json\/wp\/v2\/portfolio_entries?post=3472"}],"curies":[{"name":"wp","href":"https:\/\/api.w.org\/{rel}","templated":true}]}}