{"id":2909,"date":"2022-11-08T09:50:19","date_gmt":"2022-11-08T08:50:19","guid":{"rendered":"https:\/\/dfvcg-events.de\/deutscher-fachmarktimmobilien-kongress\/?post_type=portfolio&#038;p=2909"},"modified":"2022-11-16T13:37:08","modified_gmt":"2022-11-16T12:37:08","slug":"melissa-mikulic","status":"publish","type":"portfolio","link":"https:\/\/dfvcg-events.de\/fachmarktimmobilien-kongress\/vortragend\/melissa-mikulic\/","title":{"rendered":"Melissa Mikulic"},"content":{"rendered":"\n<style type=\"text\/css\" data-created_by=\"avia_inline_auto\" id=\"style-css-av-1hpil-9666fe4db9abbb55e16afcaa46b74565\">\n.flex_column.av-1hpil-9666fe4db9abbb55e16afcaa46b74565{\nborder-radius:0px 0px 0px 0px;\npadding:0px 0px 0px 0px;\n}\n<\/style>\n<div  class='flex_column av-1hpil-9666fe4db9abbb55e16afcaa46b74565 av_one_third  avia-builder-el-0  el_before_av_two_third  avia-builder-el-first  first flex_column_div av-zero-column-padding  '     ><style type=\"text\/css\" data-created_by=\"avia_inline_auto\" id=\"style-css-av-k7z57z19-10b3e50f5b7d84c760b6b9f456fa82e6\">\n.avia-image-container.av-k7z57z19-10b3e50f5b7d84c760b6b9f456fa82e6 img.avia_image{\nbox-shadow:none;\n}\n.avia-image-container.av-k7z57z19-10b3e50f5b7d84c760b6b9f456fa82e6 .av-image-caption-overlay-center{\ncolor:#ffffff;\n}\n<\/style>\n<div  class='avia-image-container av-k7z57z19-10b3e50f5b7d84c760b6b9f456fa82e6 av-styling-no-styling avia-align-center  avia-builder-el-1  avia-builder-el-no-sibling '   itemprop=\"image\" itemscope=\"itemscope\" itemtype=\"https:\/\/schema.org\/ImageObject\" ><div class=\"avia-image-container-inner\"><div class=\"avia-image-overlay-wrap\"><img decoding=\"async\" fetchpriority=\"high\" class='wp-image-2901 avia-img-lazy-loading-not-2901 avia_image ' src=\"https:\/\/dfvcg-events.de\/fachmarktimmobilien-kongress\/wp-content\/uploads\/sites\/5\/2022\/11\/Melissa-Mikulic.jpg\" alt='' title='Foto Behrendt'  height=\"4117\" width=\"3088\"  itemprop=\"thumbnailUrl\"  \/><\/div><\/div><\/div><\/div>\n\n<style type=\"text\/css\" data-created_by=\"avia_inline_auto\" id=\"style-css-av-q939-36bd9e2970eba44b209398e6adaba9f5\">\n.flex_column.av-q939-36bd9e2970eba44b209398e6adaba9f5{\nborder-radius:0px 0px 0px 0px;\npadding:0px 0px 0px 0px;\n}\n<\/style>\n<div  class='flex_column av-q939-36bd9e2970eba44b209398e6adaba9f5 av_two_third  avia-builder-el-2  el_after_av_one_third  avia-builder-el-last  flex_column_div av-zero-column-padding  '     ><p>\n<style type=\"text\/css\" data-created_by=\"avia_inline_auto\" id=\"style-css-av-8752u-0e330e63b144e9036eb5be18b940b78f\">\n#top .av-special-heading.av-8752u-0e330e63b144e9036eb5be18b940b78f{\npadding-bottom:10px;\n}\nbody .av-special-heading.av-8752u-0e330e63b144e9036eb5be18b940b78f .av-special-heading-tag .heading-char{\nfont-size:25px;\n}\n.av-special-heading.av-8752u-0e330e63b144e9036eb5be18b940b78f .av-subheading{\nfont-size:19px;\n}\n<\/style>\n<div  class='av-special-heading av-8752u-0e330e63b144e9036eb5be18b940b78f av-special-heading-h2 blockquote modern-quote  avia-builder-el-3  el_before_av_textblock  avia-builder-el-first '><h2 class='av-special-heading-tag '  itemprop=\"headline\"  >Melissa Mikulic <\/h2><div class='av-subheading av-subheading_below'><p>Projekt- und ESG-Managerin<br \/>\nHahn Fonds und Asset Management GmbH<\/p>\n<\/div><div class=\"special-heading-border\"><div class=\"special-heading-inner-border\"><\/div><\/div><\/div><br \/>\n<section  class='av_textblock_section av-k7yuci90-a0c3d3186c8617336a3c3e947585f947 '   itemscope=\"itemscope\" itemtype=\"https:\/\/schema.org\/CreativeWork\" ><div class='avia_textblock'  itemprop=\"text\" ><p>Melissa Mikulic, Master of Business Administration, ist bei der HAHN Fonds und Asset Management GmbH als Projekt- und ESG-Managerin f\u00fcr die Koordination und Durchf\u00fchrung der operativen Nachhaltigkeitsprojekte verantwortlich.<\/p>\n<p>Frau Mikulic ist 2016 als kaufm\u00e4nnische Property Managerin in die HAHN Gruppe eingetreten. Seit 2020 identifiziert und koordiniert sie nachhaltige Projekte und Ma\u00dfnahmen f\u00fcr das gesamte Immobilienportfolio der HAHN Fonds und Asset Management GmbH.<\/p>\n<\/div><\/section><\/p><\/div>\n","protected":false},"excerpt":{"rendered":"<p>Hahn<\/p>\n","protected":false},"author":24,"featured_media":2901,"comment_status":"closed","ping_status":"closed","template":"","meta":{"footnotes":""},"tags":[],"portfolio_entries":[47,48],"class_list":["post-2909","portfolio","type-portfolio","status-publish","has-post-thumbnail","hentry","portfolio_entries-referent-2022","portfolio_entries-referent-2022-feature"],"yoast_head":"<!-- This site is optimized with the Yoast SEO plugin v27.4 - https:\/\/yoast.com\/product\/yoast-seo-wordpress\/ -->\n<title>Referent: Melissa Mikulic | Fachmarktimmobilien-Kongress<\/title>\n<meta name=\"description\" content=\"Fachmarktimmobilien-Kongress | Begr\u00fc\u00dfen Sie auf der B\u00fchne: Melissa Mikulic\" \/>\n<meta name=\"robots\" content=\"index, follow, max-snippet:-1, max-image-preview:large, max-video-preview:-1\" \/>\n<link rel=\"canonical\" href=\"https:\/\/dfvcg-events.de\/fachmarktimmobilien-kongress\/vortragend\/melissa-mikulic\/\" \/>\n<meta property=\"og:locale\" content=\"de_DE\" \/>\n<meta property=\"og:type\" content=\"article\" \/>\n<meta property=\"og:title\" content=\"Referent: Melissa Mikulic | Fachmarktimmobilien-Kongress\" \/>\n<meta property=\"og:description\" content=\"Fachmarktimmobilien-Kongress | Begr\u00fc\u00dfen Sie auf der B\u00fchne: Melissa Mikulic\" \/>\n<meta property=\"og:url\" content=\"https:\/\/dfvcg-events.de\/fachmarktimmobilien-kongress\/vortragend\/melissa-mikulic\/\" \/>\n<meta property=\"og:site_name\" content=\"Fachmarktimmobilien-Kongress\" \/>\n<meta property=\"article:modified_time\" content=\"2022-11-16T12:37:08+00:00\" \/>\n<meta property=\"og:image\" content=\"https:\/\/dfvcg-events.de\/fachmarktimmobilien-kongress\/wp-content\/uploads\/sites\/5\/2022\/11\/Melissa-Mikulic.jpg\" \/>\n\t<meta property=\"og:image:width\" content=\"773\" \/>\n\t<meta property=\"og:image:height\" content=\"1030\" \/>\n\t<meta property=\"og:image:type\" content=\"image\/jpeg\" \/>\n<meta name=\"twitter:card\" content=\"summary_large_image\" \/>\n<meta name=\"twitter:label1\" content=\"Gesch\u00e4tzte Lesezeit\" \/>\n\t<meta name=\"twitter:data1\" content=\"2\u00a0Minuten\" \/>\n<script type=\"application\/ld+json\" class=\"yoast-schema-graph\">{\"@context\":\"https:\\\/\\\/schema.org\",\"@graph\":[{\"@type\":\"WebPage\",\"@id\":\"https:\\\/\\\/dfvcg-events.de\\\/fachmarktimmobilien-kongress\\\/vortragend\\\/melissa-mikulic\\\/\",\"url\":\"https:\\\/\\\/dfvcg-events.de\\\/fachmarktimmobilien-kongress\\\/vortragend\\\/melissa-mikulic\\\/\",\"name\":\"Referent: Melissa Mikulic | Fachmarktimmobilien-Kongress\",\"isPartOf\":{\"@id\":\"https:\\\/\\\/dfvcg-events.de\\\/fachmarktimmobilien-kongress\\\/#website\"},\"primaryImageOfPage\":{\"@id\":\"https:\\\/\\\/dfvcg-events.de\\\/fachmarktimmobilien-kongress\\\/vortragend\\\/melissa-mikulic\\\/#primaryimage\"},\"image\":{\"@id\":\"https:\\\/\\\/dfvcg-events.de\\\/fachmarktimmobilien-kongress\\\/vortragend\\\/melissa-mikulic\\\/#primaryimage\"},\"thumbnailUrl\":\"https:\\\/\\\/dfvcg-events.de\\\/fachmarktimmobilien-kongress\\\/wp-content\\\/uploads\\\/sites\\\/5\\\/2022\\\/11\\\/Melissa-Mikulic.jpg\",\"datePublished\":\"2022-11-08T08:50:19+00:00\",\"dateModified\":\"2022-11-16T12:37:08+00:00\",\"description\":\"Fachmarktimmobilien-Kongress | Begr\u00fc\u00dfen Sie auf der B\u00fchne: Melissa Mikulic\",\"breadcrumb\":{\"@id\":\"https:\\\/\\\/dfvcg-events.de\\\/fachmarktimmobilien-kongress\\\/vortragend\\\/melissa-mikulic\\\/#breadcrumb\"},\"inLanguage\":\"de\",\"potentialAction\":[{\"@type\":\"ReadAction\",\"target\":[\"https:\\\/\\\/dfvcg-events.de\\\/fachmarktimmobilien-kongress\\\/vortragend\\\/melissa-mikulic\\\/\"]}]},{\"@type\":\"ImageObject\",\"inLanguage\":\"de\",\"@id\":\"https:\\\/\\\/dfvcg-events.de\\\/fachmarktimmobilien-kongress\\\/vortragend\\\/melissa-mikulic\\\/#primaryimage\",\"url\":\"https:\\\/\\\/dfvcg-events.de\\\/fachmarktimmobilien-kongress\\\/wp-content\\\/uploads\\\/sites\\\/5\\\/2022\\\/11\\\/Melissa-Mikulic.jpg\",\"contentUrl\":\"https:\\\/\\\/dfvcg-events.de\\\/fachmarktimmobilien-kongress\\\/wp-content\\\/uploads\\\/sites\\\/5\\\/2022\\\/11\\\/Melissa-Mikulic.jpg\",\"width\":3088,\"height\":4117,\"caption\":\"Foto Behrendt\"},{\"@type\":\"BreadcrumbList\",\"@id\":\"https:\\\/\\\/dfvcg-events.de\\\/fachmarktimmobilien-kongress\\\/vortragend\\\/melissa-mikulic\\\/#breadcrumb\",\"itemListElement\":[{\"@type\":\"ListItem\",\"position\":1,\"name\":\"Startseite\",\"item\":\"https:\\\/\\\/dfvcg-events.de\\\/fachmarktimmobilien-kongress\\\/\"},{\"@type\":\"ListItem\",\"position\":2,\"name\":\"Melissa Mikulic\"}]},{\"@type\":\"WebSite\",\"@id\":\"https:\\\/\\\/dfvcg-events.de\\\/fachmarktimmobilien-kongress\\\/#website\",\"url\":\"https:\\\/\\\/dfvcg-events.de\\\/fachmarktimmobilien-kongress\\\/\",\"name\":\"Fachmarktimmobilien-Kongress\",\"description\":\"dfv Conference Group\",\"publisher\":{\"@id\":\"https:\\\/\\\/dfvcg-events.de\\\/fachmarktimmobilien-kongress\\\/#organization\"},\"potentialAction\":[{\"@type\":\"SearchAction\",\"target\":{\"@type\":\"EntryPoint\",\"urlTemplate\":\"https:\\\/\\\/dfvcg-events.de\\\/fachmarktimmobilien-kongress\\\/?s={search_term_string}\"},\"query-input\":{\"@type\":\"PropertyValueSpecification\",\"valueRequired\":true,\"valueName\":\"search_term_string\"}}],\"inLanguage\":\"de\"},{\"@type\":\"Organization\",\"@id\":\"https:\\\/\\\/dfvcg-events.de\\\/fachmarktimmobilien-kongress\\\/#organization\",\"name\":\"Deutscher Fachmarktimmobilien-Kongress\",\"url\":\"https:\\\/\\\/dfvcg-events.de\\\/fachmarktimmobilien-kongress\\\/\",\"logo\":{\"@type\":\"ImageObject\",\"inLanguage\":\"de\",\"@id\":\"https:\\\/\\\/dfvcg-events.de\\\/fachmarktimmobilien-kongress\\\/#\\\/schema\\\/logo\\\/image\\\/\",\"url\":\"https:\\\/\\\/dfvcg-events.de\\\/deutscher-fachmarktimmobilien-kongress\\\/wp-content\\\/uploads\\\/sites\\\/5\\\/2022\\\/06\\\/Fachmarkt-2022-450x300px.jpg\",\"contentUrl\":\"https:\\\/\\\/dfvcg-events.de\\\/deutscher-fachmarktimmobilien-kongress\\\/wp-content\\\/uploads\\\/sites\\\/5\\\/2022\\\/06\\\/Fachmarkt-2022-450x300px.jpg\",\"width\":450,\"height\":300,\"caption\":\"Deutscher Fachmarktimmobilien-Kongress\"},\"image\":{\"@id\":\"https:\\\/\\\/dfvcg-events.de\\\/fachmarktimmobilien-kongress\\\/#\\\/schema\\\/logo\\\/image\\\/\"}}]}<\/script>\n<!-- \/ Yoast SEO plugin. -->","yoast_head_json":{"title":"Referent: Melissa Mikulic | Fachmarktimmobilien-Kongress","description":"Fachmarktimmobilien-Kongress | Begr\u00fc\u00dfen Sie auf der B\u00fchne: Melissa Mikulic","robots":{"index":"index","follow":"follow","max-snippet":"max-snippet:-1","max-image-preview":"max-image-preview:large","max-video-preview":"max-video-preview:-1"},"canonical":"https:\/\/dfvcg-events.de\/fachmarktimmobilien-kongress\/vortragend\/melissa-mikulic\/","og_locale":"de_DE","og_type":"article","og_title":"Referent: Melissa Mikulic | Fachmarktimmobilien-Kongress","og_description":"Fachmarktimmobilien-Kongress | Begr\u00fc\u00dfen Sie auf der B\u00fchne: Melissa Mikulic","og_url":"https:\/\/dfvcg-events.de\/fachmarktimmobilien-kongress\/vortragend\/melissa-mikulic\/","og_site_name":"Fachmarktimmobilien-Kongress","article_modified_time":"2022-11-16T12:37:08+00:00","og_image":[{"url":"https:\/\/dfvcg-events.de\/fachmarktimmobilien-kongress\/wp-content\/uploads\/sites\/5\/2022\/11\/Melissa-Mikulic.jpg","width":773,"height":1030,"type":"image\/jpeg"}],"twitter_card":"summary_large_image","twitter_misc":{"Gesch\u00e4tzte Lesezeit":"2\u00a0Minuten"},"schema":{"@context":"https:\/\/schema.org","@graph":[{"@type":"WebPage","@id":"https:\/\/dfvcg-events.de\/fachmarktimmobilien-kongress\/vortragend\/melissa-mikulic\/","url":"https:\/\/dfvcg-events.de\/fachmarktimmobilien-kongress\/vortragend\/melissa-mikulic\/","name":"Referent: Melissa Mikulic | Fachmarktimmobilien-Kongress","isPartOf":{"@id":"https:\/\/dfvcg-events.de\/fachmarktimmobilien-kongress\/#website"},"primaryImageOfPage":{"@id":"https:\/\/dfvcg-events.de\/fachmarktimmobilien-kongress\/vortragend\/melissa-mikulic\/#primaryimage"},"image":{"@id":"https:\/\/dfvcg-events.de\/fachmarktimmobilien-kongress\/vortragend\/melissa-mikulic\/#primaryimage"},"thumbnailUrl":"https:\/\/dfvcg-events.de\/fachmarktimmobilien-kongress\/wp-content\/uploads\/sites\/5\/2022\/11\/Melissa-Mikulic.jpg","datePublished":"2022-11-08T08:50:19+00:00","dateModified":"2022-11-16T12:37:08+00:00","description":"Fachmarktimmobilien-Kongress | Begr\u00fc\u00dfen Sie auf der B\u00fchne: Melissa Mikulic","breadcrumb":{"@id":"https:\/\/dfvcg-events.de\/fachmarktimmobilien-kongress\/vortragend\/melissa-mikulic\/#breadcrumb"},"inLanguage":"de","potentialAction":[{"@type":"ReadAction","target":["https:\/\/dfvcg-events.de\/fachmarktimmobilien-kongress\/vortragend\/melissa-mikulic\/"]}]},{"@type":"ImageObject","inLanguage":"de","@id":"https:\/\/dfvcg-events.de\/fachmarktimmobilien-kongress\/vortragend\/melissa-mikulic\/#primaryimage","url":"https:\/\/dfvcg-events.de\/fachmarktimmobilien-kongress\/wp-content\/uploads\/sites\/5\/2022\/11\/Melissa-Mikulic.jpg","contentUrl":"https:\/\/dfvcg-events.de\/fachmarktimmobilien-kongress\/wp-content\/uploads\/sites\/5\/2022\/11\/Melissa-Mikulic.jpg","width":3088,"height":4117,"caption":"Foto Behrendt"},{"@type":"BreadcrumbList","@id":"https:\/\/dfvcg-events.de\/fachmarktimmobilien-kongress\/vortragend\/melissa-mikulic\/#breadcrumb","itemListElement":[{"@type":"ListItem","position":1,"name":"Startseite","item":"https:\/\/dfvcg-events.de\/fachmarktimmobilien-kongress\/"},{"@type":"ListItem","position":2,"name":"Melissa Mikulic"}]},{"@type":"WebSite","@id":"https:\/\/dfvcg-events.de\/fachmarktimmobilien-kongress\/#website","url":"https:\/\/dfvcg-events.de\/fachmarktimmobilien-kongress\/","name":"Fachmarktimmobilien-Kongress","description":"dfv Conference Group","publisher":{"@id":"https:\/\/dfvcg-events.de\/fachmarktimmobilien-kongress\/#organization"},"potentialAction":[{"@type":"SearchAction","target":{"@type":"EntryPoint","urlTemplate":"https:\/\/dfvcg-events.de\/fachmarktimmobilien-kongress\/?s={search_term_string}"},"query-input":{"@type":"PropertyValueSpecification","valueRequired":true,"valueName":"search_term_string"}}],"inLanguage":"de"},{"@type":"Organization","@id":"https:\/\/dfvcg-events.de\/fachmarktimmobilien-kongress\/#organization","name":"Deutscher Fachmarktimmobilien-Kongress","url":"https:\/\/dfvcg-events.de\/fachmarktimmobilien-kongress\/","logo":{"@type":"ImageObject","inLanguage":"de","@id":"https:\/\/dfvcg-events.de\/fachmarktimmobilien-kongress\/#\/schema\/logo\/image\/","url":"https:\/\/dfvcg-events.de\/deutscher-fachmarktimmobilien-kongress\/wp-content\/uploads\/sites\/5\/2022\/06\/Fachmarkt-2022-450x300px.jpg","contentUrl":"https:\/\/dfvcg-events.de\/deutscher-fachmarktimmobilien-kongress\/wp-content\/uploads\/sites\/5\/2022\/06\/Fachmarkt-2022-450x300px.jpg","width":450,"height":300,"caption":"Deutscher Fachmarktimmobilien-Kongress"},"image":{"@id":"https:\/\/dfvcg-events.de\/fachmarktimmobilien-kongress\/#\/schema\/logo\/image\/"}}]}},"_links":{"self":[{"href":"https:\/\/dfvcg-events.de\/fachmarktimmobilien-kongress\/wp-json\/wp\/v2\/portfolio\/2909","targetHints":{"allow":["GET"]}}],"collection":[{"href":"https:\/\/dfvcg-events.de\/fachmarktimmobilien-kongress\/wp-json\/wp\/v2\/portfolio"}],"about":[{"href":"https:\/\/dfvcg-events.de\/fachmarktimmobilien-kongress\/wp-json\/wp\/v2\/types\/portfolio"}],"author":[{"embeddable":true,"href":"https:\/\/dfvcg-events.de\/fachmarktimmobilien-kongress\/wp-json\/wp\/v2\/users\/24"}],"replies":[{"embeddable":true,"href":"https:\/\/dfvcg-events.de\/fachmarktimmobilien-kongress\/wp-json\/wp\/v2\/comments?post=2909"}],"version-history":[{"count":0,"href":"https:\/\/dfvcg-events.de\/fachmarktimmobilien-kongress\/wp-json\/wp\/v2\/portfolio\/2909\/revisions"}],"wp:featuredmedia":[{"embeddable":true,"href":"https:\/\/dfvcg-events.de\/fachmarktimmobilien-kongress\/wp-json\/wp\/v2\/media\/2901"}],"wp:attachment":[{"href":"https:\/\/dfvcg-events.de\/fachmarktimmobilien-kongress\/wp-json\/wp\/v2\/media?parent=2909"}],"wp:term":[{"taxonomy":"post_tag","embeddable":true,"href":"https:\/\/dfvcg-events.de\/fachmarktimmobilien-kongress\/wp-json\/wp\/v2\/tags?post=2909"},{"taxonomy":"portfolio_entries","embeddable":true,"href":"https:\/\/dfvcg-events.de\/fachmarktimmobilien-kongress\/wp-json\/wp\/v2\/portfolio_entries?post=2909"}],"curies":[{"name":"wp","href":"https:\/\/api.w.org\/{rel}","templated":true}]}}