{"id":2610,"date":"2022-09-14T21:26:00","date_gmt":"2022-09-14T19:26:00","guid":{"rendered":"https:\/\/dfvcg-events.de\/deutscher-fachmarktimmobilien-kongress\/?post_type=portfolio&#038;p=2610"},"modified":"2022-09-14T21:26:00","modified_gmt":"2022-09-14T19:26:00","slug":"lars-jaehnichen","status":"publish","type":"portfolio","link":"https:\/\/dfvcg-events.de\/fachmarktimmobilien-kongress\/vortragend\/lars-jaehnichen\/","title":{"rendered":"Lars J\u00e4hnichen"},"content":{"rendered":"\n<style type=\"text\/css\" data-created_by=\"avia_inline_auto\" id=\"style-css-av-1hpil-9666fe4db9abbb55e16afcaa46b74565\">\n.flex_column.av-1hpil-9666fe4db9abbb55e16afcaa46b74565{\nborder-radius:0px 0px 0px 0px;\npadding:0px 0px 0px 0px;\n}\n<\/style>\n<div  class='flex_column av-1hpil-9666fe4db9abbb55e16afcaa46b74565 av_one_third  avia-builder-el-0  el_before_av_two_third  avia-builder-el-first  first flex_column_div av-zero-column-padding  '     ><style type=\"text\/css\" data-created_by=\"avia_inline_auto\" id=\"style-css-av-k7z57z19-24189bc5e8632df76e74ee1b6eb260e6\">\n.avia-image-container.av-k7z57z19-24189bc5e8632df76e74ee1b6eb260e6 img.avia_image{\nbox-shadow:none;\n}\n.avia-image-container.av-k7z57z19-24189bc5e8632df76e74ee1b6eb260e6 .av-image-caption-overlay-center{\ncolor:#ffffff;\n}\n<\/style>\n<div  class='avia-image-container av-k7z57z19-24189bc5e8632df76e74ee1b6eb260e6 av-styling-no-styling avia-align-center  avia-builder-el-1  avia-builder-el-no-sibling '   itemprop=\"image\" itemscope=\"itemscope\" itemtype=\"https:\/\/schema.org\/ImageObject\" ><div class=\"avia-image-container-inner\"><div class=\"avia-image-overlay-wrap\"><img decoding=\"async\" fetchpriority=\"high\" class='wp-image-2611 avia-img-lazy-loading-not-2611 avia_image ' src=\"https:\/\/dfvcg-events.de\/fachmarktimmobilien-kongress\/wp-content\/uploads\/sites\/5\/2022\/09\/Lars-Jaehnichen.jpg\" alt='' title='BBE 23.09.2020Copyright Quirin Leppert'  height=\"800\" width=\"600\"  itemprop=\"thumbnailUrl\"  \/><\/div><\/div><\/div><\/div>\n<style type=\"text\/css\" data-created_by=\"avia_inline_auto\" id=\"style-css-av-q939-36bd9e2970eba44b209398e6adaba9f5\">\n.flex_column.av-q939-36bd9e2970eba44b209398e6adaba9f5{\nborder-radius:0px 0px 0px 0px;\npadding:0px 0px 0px 0px;\n}\n<\/style>\n<div  class='flex_column av-q939-36bd9e2970eba44b209398e6adaba9f5 av_two_third  avia-builder-el-2  el_after_av_one_third  avia-builder-el-last  flex_column_div av-zero-column-padding  '     ><p>\n<style type=\"text\/css\" data-created_by=\"avia_inline_auto\" id=\"style-css-av-8752u-22938ea751bbafff309ef6de6fcb7938\">\n#top .av-special-heading.av-8752u-22938ea751bbafff309ef6de6fcb7938{\npadding-bottom:10px;\n}\nbody .av-special-heading.av-8752u-22938ea751bbafff309ef6de6fcb7938 .av-special-heading-tag .heading-char{\nfont-size:25px;\n}\n.av-special-heading.av-8752u-22938ea751bbafff309ef6de6fcb7938 .av-subheading{\nfont-size:19px;\n}\n<\/style>\n<div  class='av-special-heading av-8752u-22938ea751bbafff309ef6de6fcb7938 av-special-heading-h2 blockquote modern-quote  avia-builder-el-3  el_before_av_textblock  avia-builder-el-first '><h2 class='av-special-heading-tag '  itemprop=\"headline\"  >Lars J\u00e4hnichen<\/h2><div class='av-subheading av-subheading_below'><p>Gesch\u00e4ftsf\u00fchrer<br \/>\nIPH Gruppe<\/p>\n<\/div><div class=\"special-heading-border\"><div class=\"special-heading-inner-border\"><\/div><\/div><\/div><br \/>\n<section  class='av_textblock_section av-k7yuci90-f8534781240039b49d63e38b610912bf '   itemscope=\"itemscope\" itemtype=\"https:\/\/schema.org\/CreativeWork\" ><div class='avia_textblock'  itemprop=\"text\" ><p>Lars J\u00e4hnichen ist seit 2017 Gesch\u00e4ftsf\u00fchrer und Gesellschafter der IPH Handelsimmobilien GmbH.<\/p>\n<p>Als Immobilienberater, Projektentwickler und Vermietungsexperte ist Lars J\u00e4hnichen sowohl f\u00fcr die Weichenstellung bei der Positionierung einzelner Objekte\/Mandate als auch f\u00fcr das Wachstum der IPH-Gruppe als Ganzes zust\u00e4ndig.<\/p>\n<p>Herr J\u00e4hnichen blickt auf eine \u00fcber 25-j\u00e4hrige Berufserfahrung im Bereich gro\u00dfer Einzelhandelsimmobilien zur\u00fcck. Zuletzt war der studierte Wirtschaftsingenieur bis 2016 bei Unibail Rodamco Germany als Gesch\u00e4ftsf\u00fchrer f\u00fcr das Assetmanagement zust\u00e4ndig und steuerte mit seinen Teams ein Shoppingcenter-Portfolio mit einer Gesamtmietfl\u00e4che von ca. 850.000 m\u00b2. In dieser Zeit erarbeitete er mehrere Revitalisierungskonzepte und Projektentwicklungen, unter anderem die mehrfach auch international ausgezeichneten Pasing Arcaden in M\u00fcnchen.<\/p>\n<p>Herr J\u00e4hnichen verf\u00fcgt \u00fcber eine sehr umf\u00e4ngliche Expertise in der gesamten Wertsch\u00f6pfungskette deutscher Gewerbeimmobilien von der Projektentwicklung \u00fcber Planung\/Realisation und Vermietung bis hin zum ertrags-\/wertoptimierten Betrieb. Er ver\u00f6ffentlicht Fachbeitr\u00e4ge und spricht regelm\u00e4\u00dfig auf Kongressen des Handels und der Immobilienwirtschaft.<\/p>\n<p>Herr J\u00e4hnichen verantwortet bei der IPH Handelsimmobilien GmbH die Bereiche Immobilienberatung, Vermietung, Technik, Projektentwicklung sowie Transaktionsmanagement.<\/p>\n<\/div><\/section><\/p><\/div><\/p>\n","protected":false},"excerpt":{"rendered":"<p>IPH<\/p>\n","protected":false},"author":24,"featured_media":2611,"comment_status":"closed","ping_status":"closed","template":"","meta":{"footnotes":""},"tags":[],"portfolio_entries":[47,48],"class_list":["post-2610","portfolio","type-portfolio","status-publish","has-post-thumbnail","hentry","portfolio_entries-referent-2022","portfolio_entries-referent-2022-feature"],"yoast_head":"<!-- This site is optimized with the Yoast SEO plugin v27.4 - https:\/\/yoast.com\/product\/yoast-seo-wordpress\/ -->\n<title>Referent: Lars J\u00e4hnichen | Fachmarktimmobilien-Kongress<\/title>\n<meta name=\"description\" content=\"Fachmarktimmobilien-Kongress | Begr\u00fc\u00dfen Sie auf der B\u00fchne: Lars J\u00e4hnichen\" \/>\n<meta name=\"robots\" content=\"index, follow, max-snippet:-1, max-image-preview:large, max-video-preview:-1\" \/>\n<link rel=\"canonical\" href=\"https:\/\/dfvcg-events.de\/fachmarktimmobilien-kongress\/vortragend\/lars-jaehnichen\/\" \/>\n<meta property=\"og:locale\" content=\"de_DE\" \/>\n<meta property=\"og:type\" content=\"article\" \/>\n<meta property=\"og:title\" content=\"Referent: Lars J\u00e4hnichen | Fachmarktimmobilien-Kongress\" \/>\n<meta property=\"og:description\" content=\"Fachmarktimmobilien-Kongress | Begr\u00fc\u00dfen Sie auf der B\u00fchne: Lars J\u00e4hnichen\" \/>\n<meta property=\"og:url\" content=\"https:\/\/dfvcg-events.de\/fachmarktimmobilien-kongress\/vortragend\/lars-jaehnichen\/\" \/>\n<meta property=\"og:site_name\" content=\"Fachmarktimmobilien-Kongress\" \/>\n<meta property=\"og:image\" content=\"https:\/\/dfvcg-events.de\/fachmarktimmobilien-kongress\/wp-content\/uploads\/sites\/5\/2022\/09\/Lars-Jaehnichen.jpg\" \/>\n\t<meta property=\"og:image:width\" content=\"600\" \/>\n\t<meta property=\"og:image:height\" content=\"800\" \/>\n\t<meta property=\"og:image:type\" content=\"image\/jpeg\" \/>\n<meta name=\"twitter:card\" content=\"summary_large_image\" \/>\n<meta name=\"twitter:label1\" content=\"Gesch\u00e4tzte Lesezeit\" \/>\n\t<meta name=\"twitter:data1\" content=\"2\u00a0Minuten\" \/>\n<script type=\"application\/ld+json\" class=\"yoast-schema-graph\">{\"@context\":\"https:\\\/\\\/schema.org\",\"@graph\":[{\"@type\":\"WebPage\",\"@id\":\"https:\\\/\\\/dfvcg-events.de\\\/fachmarktimmobilien-kongress\\\/vortragend\\\/lars-jaehnichen\\\/\",\"url\":\"https:\\\/\\\/dfvcg-events.de\\\/fachmarktimmobilien-kongress\\\/vortragend\\\/lars-jaehnichen\\\/\",\"name\":\"Referent: Lars J\u00e4hnichen | Fachmarktimmobilien-Kongress\",\"isPartOf\":{\"@id\":\"https:\\\/\\\/dfvcg-events.de\\\/fachmarktimmobilien-kongress\\\/#website\"},\"primaryImageOfPage\":{\"@id\":\"https:\\\/\\\/dfvcg-events.de\\\/fachmarktimmobilien-kongress\\\/vortragend\\\/lars-jaehnichen\\\/#primaryimage\"},\"image\":{\"@id\":\"https:\\\/\\\/dfvcg-events.de\\\/fachmarktimmobilien-kongress\\\/vortragend\\\/lars-jaehnichen\\\/#primaryimage\"},\"thumbnailUrl\":\"https:\\\/\\\/dfvcg-events.de\\\/fachmarktimmobilien-kongress\\\/wp-content\\\/uploads\\\/sites\\\/5\\\/2022\\\/09\\\/Lars-Jaehnichen.jpg\",\"datePublished\":\"2022-09-14T19:26:00+00:00\",\"description\":\"Fachmarktimmobilien-Kongress | Begr\u00fc\u00dfen Sie auf der B\u00fchne: Lars J\u00e4hnichen\",\"breadcrumb\":{\"@id\":\"https:\\\/\\\/dfvcg-events.de\\\/fachmarktimmobilien-kongress\\\/vortragend\\\/lars-jaehnichen\\\/#breadcrumb\"},\"inLanguage\":\"de\",\"potentialAction\":[{\"@type\":\"ReadAction\",\"target\":[\"https:\\\/\\\/dfvcg-events.de\\\/fachmarktimmobilien-kongress\\\/vortragend\\\/lars-jaehnichen\\\/\"]}]},{\"@type\":\"ImageObject\",\"inLanguage\":\"de\",\"@id\":\"https:\\\/\\\/dfvcg-events.de\\\/fachmarktimmobilien-kongress\\\/vortragend\\\/lars-jaehnichen\\\/#primaryimage\",\"url\":\"https:\\\/\\\/dfvcg-events.de\\\/fachmarktimmobilien-kongress\\\/wp-content\\\/uploads\\\/sites\\\/5\\\/2022\\\/09\\\/Lars-Jaehnichen.jpg\",\"contentUrl\":\"https:\\\/\\\/dfvcg-events.de\\\/fachmarktimmobilien-kongress\\\/wp-content\\\/uploads\\\/sites\\\/5\\\/2022\\\/09\\\/Lars-Jaehnichen.jpg\",\"width\":600,\"height\":800,\"caption\":\"BBE 23.09.2020 Copyright Quirin Leppert\"},{\"@type\":\"BreadcrumbList\",\"@id\":\"https:\\\/\\\/dfvcg-events.de\\\/fachmarktimmobilien-kongress\\\/vortragend\\\/lars-jaehnichen\\\/#breadcrumb\",\"itemListElement\":[{\"@type\":\"ListItem\",\"position\":1,\"name\":\"Startseite\",\"item\":\"https:\\\/\\\/dfvcg-events.de\\\/fachmarktimmobilien-kongress\\\/\"},{\"@type\":\"ListItem\",\"position\":2,\"name\":\"Lars J\u00e4hnichen\"}]},{\"@type\":\"WebSite\",\"@id\":\"https:\\\/\\\/dfvcg-events.de\\\/fachmarktimmobilien-kongress\\\/#website\",\"url\":\"https:\\\/\\\/dfvcg-events.de\\\/fachmarktimmobilien-kongress\\\/\",\"name\":\"Fachmarktimmobilien-Kongress\",\"description\":\"dfv Conference Group\",\"publisher\":{\"@id\":\"https:\\\/\\\/dfvcg-events.de\\\/fachmarktimmobilien-kongress\\\/#organization\"},\"potentialAction\":[{\"@type\":\"SearchAction\",\"target\":{\"@type\":\"EntryPoint\",\"urlTemplate\":\"https:\\\/\\\/dfvcg-events.de\\\/fachmarktimmobilien-kongress\\\/?s={search_term_string}\"},\"query-input\":{\"@type\":\"PropertyValueSpecification\",\"valueRequired\":true,\"valueName\":\"search_term_string\"}}],\"inLanguage\":\"de\"},{\"@type\":\"Organization\",\"@id\":\"https:\\\/\\\/dfvcg-events.de\\\/fachmarktimmobilien-kongress\\\/#organization\",\"name\":\"Deutscher Fachmarktimmobilien-Kongress\",\"url\":\"https:\\\/\\\/dfvcg-events.de\\\/fachmarktimmobilien-kongress\\\/\",\"logo\":{\"@type\":\"ImageObject\",\"inLanguage\":\"de\",\"@id\":\"https:\\\/\\\/dfvcg-events.de\\\/fachmarktimmobilien-kongress\\\/#\\\/schema\\\/logo\\\/image\\\/\",\"url\":\"https:\\\/\\\/dfvcg-events.de\\\/deutscher-fachmarktimmobilien-kongress\\\/wp-content\\\/uploads\\\/sites\\\/5\\\/2022\\\/06\\\/Fachmarkt-2022-450x300px.jpg\",\"contentUrl\":\"https:\\\/\\\/dfvcg-events.de\\\/deutscher-fachmarktimmobilien-kongress\\\/wp-content\\\/uploads\\\/sites\\\/5\\\/2022\\\/06\\\/Fachmarkt-2022-450x300px.jpg\",\"width\":450,\"height\":300,\"caption\":\"Deutscher Fachmarktimmobilien-Kongress\"},\"image\":{\"@id\":\"https:\\\/\\\/dfvcg-events.de\\\/fachmarktimmobilien-kongress\\\/#\\\/schema\\\/logo\\\/image\\\/\"}}]}<\/script>\n<!-- \/ Yoast SEO plugin. -->","yoast_head_json":{"title":"Referent: Lars J\u00e4hnichen | Fachmarktimmobilien-Kongress","description":"Fachmarktimmobilien-Kongress | Begr\u00fc\u00dfen Sie auf der B\u00fchne: Lars J\u00e4hnichen","robots":{"index":"index","follow":"follow","max-snippet":"max-snippet:-1","max-image-preview":"max-image-preview:large","max-video-preview":"max-video-preview:-1"},"canonical":"https:\/\/dfvcg-events.de\/fachmarktimmobilien-kongress\/vortragend\/lars-jaehnichen\/","og_locale":"de_DE","og_type":"article","og_title":"Referent: Lars J\u00e4hnichen | Fachmarktimmobilien-Kongress","og_description":"Fachmarktimmobilien-Kongress | Begr\u00fc\u00dfen Sie auf der B\u00fchne: Lars J\u00e4hnichen","og_url":"https:\/\/dfvcg-events.de\/fachmarktimmobilien-kongress\/vortragend\/lars-jaehnichen\/","og_site_name":"Fachmarktimmobilien-Kongress","og_image":[{"width":600,"height":800,"url":"https:\/\/dfvcg-events.de\/fachmarktimmobilien-kongress\/wp-content\/uploads\/sites\/5\/2022\/09\/Lars-Jaehnichen.jpg","type":"image\/jpeg"}],"twitter_card":"summary_large_image","twitter_misc":{"Gesch\u00e4tzte Lesezeit":"2\u00a0Minuten"},"schema":{"@context":"https:\/\/schema.org","@graph":[{"@type":"WebPage","@id":"https:\/\/dfvcg-events.de\/fachmarktimmobilien-kongress\/vortragend\/lars-jaehnichen\/","url":"https:\/\/dfvcg-events.de\/fachmarktimmobilien-kongress\/vortragend\/lars-jaehnichen\/","name":"Referent: Lars J\u00e4hnichen | Fachmarktimmobilien-Kongress","isPartOf":{"@id":"https:\/\/dfvcg-events.de\/fachmarktimmobilien-kongress\/#website"},"primaryImageOfPage":{"@id":"https:\/\/dfvcg-events.de\/fachmarktimmobilien-kongress\/vortragend\/lars-jaehnichen\/#primaryimage"},"image":{"@id":"https:\/\/dfvcg-events.de\/fachmarktimmobilien-kongress\/vortragend\/lars-jaehnichen\/#primaryimage"},"thumbnailUrl":"https:\/\/dfvcg-events.de\/fachmarktimmobilien-kongress\/wp-content\/uploads\/sites\/5\/2022\/09\/Lars-Jaehnichen.jpg","datePublished":"2022-09-14T19:26:00+00:00","description":"Fachmarktimmobilien-Kongress | Begr\u00fc\u00dfen Sie auf der B\u00fchne: Lars J\u00e4hnichen","breadcrumb":{"@id":"https:\/\/dfvcg-events.de\/fachmarktimmobilien-kongress\/vortragend\/lars-jaehnichen\/#breadcrumb"},"inLanguage":"de","potentialAction":[{"@type":"ReadAction","target":["https:\/\/dfvcg-events.de\/fachmarktimmobilien-kongress\/vortragend\/lars-jaehnichen\/"]}]},{"@type":"ImageObject","inLanguage":"de","@id":"https:\/\/dfvcg-events.de\/fachmarktimmobilien-kongress\/vortragend\/lars-jaehnichen\/#primaryimage","url":"https:\/\/dfvcg-events.de\/fachmarktimmobilien-kongress\/wp-content\/uploads\/sites\/5\/2022\/09\/Lars-Jaehnichen.jpg","contentUrl":"https:\/\/dfvcg-events.de\/fachmarktimmobilien-kongress\/wp-content\/uploads\/sites\/5\/2022\/09\/Lars-Jaehnichen.jpg","width":600,"height":800,"caption":"BBE 23.09.2020 Copyright Quirin Leppert"},{"@type":"BreadcrumbList","@id":"https:\/\/dfvcg-events.de\/fachmarktimmobilien-kongress\/vortragend\/lars-jaehnichen\/#breadcrumb","itemListElement":[{"@type":"ListItem","position":1,"name":"Startseite","item":"https:\/\/dfvcg-events.de\/fachmarktimmobilien-kongress\/"},{"@type":"ListItem","position":2,"name":"Lars J\u00e4hnichen"}]},{"@type":"WebSite","@id":"https:\/\/dfvcg-events.de\/fachmarktimmobilien-kongress\/#website","url":"https:\/\/dfvcg-events.de\/fachmarktimmobilien-kongress\/","name":"Fachmarktimmobilien-Kongress","description":"dfv Conference Group","publisher":{"@id":"https:\/\/dfvcg-events.de\/fachmarktimmobilien-kongress\/#organization"},"potentialAction":[{"@type":"SearchAction","target":{"@type":"EntryPoint","urlTemplate":"https:\/\/dfvcg-events.de\/fachmarktimmobilien-kongress\/?s={search_term_string}"},"query-input":{"@type":"PropertyValueSpecification","valueRequired":true,"valueName":"search_term_string"}}],"inLanguage":"de"},{"@type":"Organization","@id":"https:\/\/dfvcg-events.de\/fachmarktimmobilien-kongress\/#organization","name":"Deutscher Fachmarktimmobilien-Kongress","url":"https:\/\/dfvcg-events.de\/fachmarktimmobilien-kongress\/","logo":{"@type":"ImageObject","inLanguage":"de","@id":"https:\/\/dfvcg-events.de\/fachmarktimmobilien-kongress\/#\/schema\/logo\/image\/","url":"https:\/\/dfvcg-events.de\/deutscher-fachmarktimmobilien-kongress\/wp-content\/uploads\/sites\/5\/2022\/06\/Fachmarkt-2022-450x300px.jpg","contentUrl":"https:\/\/dfvcg-events.de\/deutscher-fachmarktimmobilien-kongress\/wp-content\/uploads\/sites\/5\/2022\/06\/Fachmarkt-2022-450x300px.jpg","width":450,"height":300,"caption":"Deutscher Fachmarktimmobilien-Kongress"},"image":{"@id":"https:\/\/dfvcg-events.de\/fachmarktimmobilien-kongress\/#\/schema\/logo\/image\/"}}]}},"_links":{"self":[{"href":"https:\/\/dfvcg-events.de\/fachmarktimmobilien-kongress\/wp-json\/wp\/v2\/portfolio\/2610","targetHints":{"allow":["GET"]}}],"collection":[{"href":"https:\/\/dfvcg-events.de\/fachmarktimmobilien-kongress\/wp-json\/wp\/v2\/portfolio"}],"about":[{"href":"https:\/\/dfvcg-events.de\/fachmarktimmobilien-kongress\/wp-json\/wp\/v2\/types\/portfolio"}],"author":[{"embeddable":true,"href":"https:\/\/dfvcg-events.de\/fachmarktimmobilien-kongress\/wp-json\/wp\/v2\/users\/24"}],"replies":[{"embeddable":true,"href":"https:\/\/dfvcg-events.de\/fachmarktimmobilien-kongress\/wp-json\/wp\/v2\/comments?post=2610"}],"version-history":[{"count":0,"href":"https:\/\/dfvcg-events.de\/fachmarktimmobilien-kongress\/wp-json\/wp\/v2\/portfolio\/2610\/revisions"}],"wp:featuredmedia":[{"embeddable":true,"href":"https:\/\/dfvcg-events.de\/fachmarktimmobilien-kongress\/wp-json\/wp\/v2\/media\/2611"}],"wp:attachment":[{"href":"https:\/\/dfvcg-events.de\/fachmarktimmobilien-kongress\/wp-json\/wp\/v2\/media?parent=2610"}],"wp:term":[{"taxonomy":"post_tag","embeddable":true,"href":"https:\/\/dfvcg-events.de\/fachmarktimmobilien-kongress\/wp-json\/wp\/v2\/tags?post=2610"},{"taxonomy":"portfolio_entries","embeddable":true,"href":"https:\/\/dfvcg-events.de\/fachmarktimmobilien-kongress\/wp-json\/wp\/v2\/portfolio_entries?post=2610"}],"curies":[{"name":"wp","href":"https:\/\/api.w.org\/{rel}","templated":true}]}}