{"id":1223,"date":"2020-09-07T22:55:33","date_gmt":"2020-09-07T20:55:33","guid":{"rendered":"http:\/\/dfvcg-events.de\/deutscher-fachmarktimmobilien-kongress\/?post_type=portfolio&#038;p=1223"},"modified":"2024-08-27T15:00:02","modified_gmt":"2024-08-27T13:00:02","slug":"sandra-ludwig","status":"publish","type":"portfolio","link":"https:\/\/dfvcg-events.de\/fachmarktimmobilien-kongress\/vortragend\/sandra-ludwig\/","title":{"rendered":"Sandra Ludwig"},"content":{"rendered":"<div id='av_section_1'  class='avia-section av-m0cfo5ed-76f9f2db5006d13eb74f2a4fdd234d63 main_color avia-section-default avia-no-border-styling  avia-builder-el-0  el_before_av_section  avia-builder-el-first  header-verlauf avia-bg-style-scroll container_wrap fullsize'  ><div class='container av-section-cont-open' ><main  role=\"main\" itemprop=\"mainContentOfPage\"  class='template-page content  av-content-full alpha units'><div class='post-entry post-entry-type-page post-entry-1223'><div class='entry-content-wrapper clearfix'>\n\n<style type=\"text\/css\" data-created_by=\"avia_inline_auto\" id=\"style-css-av-m0cfpmc7-6f2ecaccf715a3291cbb2855cdeb94eb\">\n#top .av-special-heading.av-m0cfpmc7-6f2ecaccf715a3291cbb2855cdeb94eb{\npadding-bottom:10px;\n}\nbody .av-special-heading.av-m0cfpmc7-6f2ecaccf715a3291cbb2855cdeb94eb .av-special-heading-tag .heading-char{\nfont-size:25px;\n}\n.av-special-heading.av-m0cfpmc7-6f2ecaccf715a3291cbb2855cdeb94eb .av-subheading{\nfont-size:15px;\n}\n<\/style>\n<div  class='av-special-heading av-m0cfpmc7-6f2ecaccf715a3291cbb2855cdeb94eb av-special-heading-h1 blockquote modern-quote  avia-builder-el-1  avia-builder-el-no-sibling '><div class='av-subheading av-subheading_above'><p>Fachmarkt-Immobilienkongress<\/p>\n<\/div><h1 class='av-special-heading-tag '  itemprop=\"headline\"  >Vortragende<\/h1><div class=\"special-heading-border\"><div class=\"special-heading-inner-border\"><\/div><\/div><\/div>\n<\/div><\/div><\/main><!-- close content main element --><\/div><\/div><div id='av_section_2'  class='avia-section av-av_section-e4ef95e6d64daa5d43c9bd2540e73530 main_color avia-section-default avia-no-border-styling  avia-builder-el-2  el_after_av_section  avia-builder-el-last  avia-bg-style-scroll container_wrap fullsize'  ><div class='container av-section-cont-open' ><div class='template-page content  av-content-full alpha units'><div class='post-entry post-entry-type-page post-entry-1223'><div class='entry-content-wrapper clearfix'>\n\n<style type=\"text\/css\" data-created_by=\"avia_inline_auto\" id=\"style-css-av-1hpil-9666fe4db9abbb55e16afcaa46b74565\">\n.flex_column.av-1hpil-9666fe4db9abbb55e16afcaa46b74565{\nborder-radius:0px 0px 0px 0px;\npadding:0px 0px 0px 0px;\n}\n<\/style>\n<div  class='flex_column av-1hpil-9666fe4db9abbb55e16afcaa46b74565 av_one_third  avia-builder-el-3  el_before_av_two_third  avia-builder-el-first  first flex_column_div av-zero-column-padding  '     ><style type=\"text\/css\" data-created_by=\"avia_inline_auto\" id=\"style-css-av-k7z57z19-ba9a01fb83878ff8d30f25f1cab39e9b\">\n.avia-image-container.av-k7z57z19-ba9a01fb83878ff8d30f25f1cab39e9b img.avia_image{\nbox-shadow:none;\n}\n.avia-image-container.av-k7z57z19-ba9a01fb83878ff8d30f25f1cab39e9b .av-image-caption-overlay-center{\ncolor:#ffffff;\n}\n<\/style>\n<div  class='avia-image-container av-k7z57z19-ba9a01fb83878ff8d30f25f1cab39e9b av-styling-no-styling avia-align-center  avia-builder-el-4  avia-builder-el-no-sibling '   itemprop=\"image\" itemscope=\"itemscope\" itemtype=\"https:\/\/schema.org\/ImageObject\" ><div class=\"avia-image-container-inner\"><div class=\"avia-image-overlay-wrap\"><img decoding=\"async\" fetchpriority=\"high\" class='wp-image-1224 avia-img-lazy-loading-not-1224 avia_image ' src=\"https:\/\/dfvcg-events.de\/fachmarktimmobilien-kongress\/wp-content\/uploads\/sites\/5\/2020\/09\/Ludwig_Sandra_Fachmarktimmobilien-2020_Duesseldorf_web-neu.jpg\" alt='' title='Ludwig_Sandra_Fachmarktimmobilien 2020_D\u00fcsseldorf_web-neu'  height=\"800\" width=\"600\"  itemprop=\"thumbnailUrl\"  \/><\/div><\/div><\/div><\/div>\n<style type=\"text\/css\" data-created_by=\"avia_inline_auto\" id=\"style-css-av-q939-36bd9e2970eba44b209398e6adaba9f5\">\n.flex_column.av-q939-36bd9e2970eba44b209398e6adaba9f5{\nborder-radius:0px 0px 0px 0px;\npadding:0px 0px 0px 0px;\n}\n<\/style>\n<div  class='flex_column av-q939-36bd9e2970eba44b209398e6adaba9f5 av_two_third  avia-builder-el-5  el_after_av_one_third  avia-builder-el-last  flex_column_div av-zero-column-padding  '     ><p>\n<style type=\"text\/css\" data-created_by=\"avia_inline_auto\" id=\"style-css-av-ket078xs-aab963ed3c0153434b95efaad13ffee4\">\n#top .av-special-heading.av-ket078xs-aab963ed3c0153434b95efaad13ffee4{\npadding-bottom:10px;\n}\nbody .av-special-heading.av-ket078xs-aab963ed3c0153434b95efaad13ffee4 .av-special-heading-tag .heading-char{\nfont-size:25px;\n}\n.av-special-heading.av-ket078xs-aab963ed3c0153434b95efaad13ffee4 .av-subheading{\nfont-size:19px;\n}\n<\/style>\n<div  class='av-special-heading av-ket078xs-aab963ed3c0153434b95efaad13ffee4 av-special-heading-h2 blockquote modern-quote  avia-builder-el-6  el_before_av_textblock  avia-builder-el-first '><h2 class='av-special-heading-tag '  itemprop=\"headline\"  >Sandra Ludwig<\/h2><div class='av-subheading av-subheading_below'><p>Head of Retail Capital Markets EMEA<br \/>\nJonas Lang LaSalle SE<\/p>\n<\/div><div class=\"special-heading-border\"><div class=\"special-heading-inner-border\"><\/div><\/div><\/div><br \/>\n<section  class='av_textblock_section av-k7yuci90-cc8f536f476c354fb273c6b3e8aa0dbd '   itemscope=\"itemscope\" itemtype=\"https:\/\/schema.org\/CreativeWork\" ><div class='avia_textblock'  itemprop=\"text\" ><p>Sandra Ludwig hat mehr als 19 Jahre Erfahrung in der Immobilienbranche. Seit 2023 leitet Sie als Head of Retail Capital Markets den Gesch\u00e4ftsbereich in Europa bei Jones Lang LaSalle. Zuvor war sie zwei Jahre als Gesch\u00e4ftsf\u00fchrerin f\u00fcr den Bereich bei Grossmann &amp; Berger GmbH t\u00e4tig.<\/p>\n<p>Von 2016 bis 2021 hat Sandra Ludwig in der Head Funktion f\u00fcnf Jahre lang das Retail Investment Team Germany von JLL gef\u00fchrt. Von 2005 bis 2010 war sie Leiterin An-und Verkauf der Immobiliensparte der Hamburger Rickmers Reederei. Sie verf\u00fcgt \u00fcber umfangreiche Erfahrung im gesamten Immobilien-lebenszyklus und fundiertes Wissen \u00fcber gewerbliche Immobilien, insbesondere Einzelhandelsimmobilien.<\/p>\n<\/div><\/section><\/p><\/div><\/p>\n","protected":false},"excerpt":{"rendered":"<p>Jonas Lang LaSalle<\/p>\n","protected":false},"author":4,"featured_media":1224,"comment_status":"closed","ping_status":"closed","template":"","meta":{"footnotes":""},"tags":[],"portfolio_entries":[3,71,61,62,73,72],"class_list":["post-1223","portfolio","type-portfolio","status-publish","has-post-thumbnail","hentry","portfolio_entries-referent-2020","portfolio_entries-referent-2024","portfolio_entries-vortragend-2023","portfolio_entries-vortragend-2023-feature","portfolio_entries-vortragend-2024-feature","portfolio_entries-vortragende-2024"],"yoast_head":"<!-- This site is optimized with the Yoast SEO plugin v27.4 - https:\/\/yoast.com\/product\/yoast-seo-wordpress\/ -->\n<title>Sandra Ludwig | Fachmarktimmobilien-Kongress<\/title>\n<meta name=\"description\" content=\"Als Teilnehmende des Fachmarktimmobilien-Kongresses erwarten Sie wichtige Themen, Innovationen und Highlights der Branche von unseren Vortragenden.\" \/>\n<meta name=\"robots\" content=\"index, follow, max-snippet:-1, max-image-preview:large, max-video-preview:-1\" \/>\n<link rel=\"canonical\" href=\"https:\/\/dfvcg-events.de\/fachmarktimmobilien-kongress\/vortragend\/sandra-ludwig\/\" \/>\n<meta property=\"og:locale\" content=\"de_DE\" \/>\n<meta property=\"og:type\" content=\"article\" \/>\n<meta property=\"og:title\" content=\"Sandra Ludwig | Fachmarktimmobilien-Kongress\" \/>\n<meta property=\"og:description\" content=\"Als Teilnehmende des Fachmarktimmobilien-Kongresses erwarten Sie wichtige Themen, Innovationen und Highlights der Branche von unseren Vortragenden.\" \/>\n<meta property=\"og:url\" content=\"https:\/\/dfvcg-events.de\/fachmarktimmobilien-kongress\/vortragend\/sandra-ludwig\/\" \/>\n<meta property=\"og:site_name\" content=\"Fachmarktimmobilien-Kongress\" \/>\n<meta property=\"article:modified_time\" content=\"2024-08-27T13:00:02+00:00\" \/>\n<meta property=\"og:image\" content=\"https:\/\/dfvcg-events.de\/fachmarktimmobilien-kongress\/wp-content\/uploads\/sites\/5\/2020\/09\/Ludwig_Sandra_Fachmarktimmobilien-2020_Duesseldorf_web-neu.jpg\" \/>\n\t<meta property=\"og:image:width\" content=\"600\" \/>\n\t<meta property=\"og:image:height\" content=\"800\" \/>\n\t<meta property=\"og:image:type\" content=\"image\/jpeg\" \/>\n<meta name=\"twitter:card\" content=\"summary_large_image\" \/>\n<meta name=\"twitter:label1\" content=\"Gesch\u00e4tzte Lesezeit\" \/>\n\t<meta name=\"twitter:data1\" content=\"1\u00a0Minute\" \/>\n<script type=\"application\/ld+json\" class=\"yoast-schema-graph\">{\"@context\":\"https:\\\/\\\/schema.org\",\"@graph\":[{\"@type\":\"WebPage\",\"@id\":\"https:\\\/\\\/dfvcg-events.de\\\/fachmarktimmobilien-kongress\\\/vortragend\\\/sandra-ludwig\\\/\",\"url\":\"https:\\\/\\\/dfvcg-events.de\\\/fachmarktimmobilien-kongress\\\/vortragend\\\/sandra-ludwig\\\/\",\"name\":\"Sandra Ludwig | Fachmarktimmobilien-Kongress\",\"isPartOf\":{\"@id\":\"https:\\\/\\\/dfvcg-events.de\\\/fachmarktimmobilien-kongress\\\/#website\"},\"primaryImageOfPage\":{\"@id\":\"https:\\\/\\\/dfvcg-events.de\\\/fachmarktimmobilien-kongress\\\/vortragend\\\/sandra-ludwig\\\/#primaryimage\"},\"image\":{\"@id\":\"https:\\\/\\\/dfvcg-events.de\\\/fachmarktimmobilien-kongress\\\/vortragend\\\/sandra-ludwig\\\/#primaryimage\"},\"thumbnailUrl\":\"https:\\\/\\\/dfvcg-events.de\\\/fachmarktimmobilien-kongress\\\/wp-content\\\/uploads\\\/sites\\\/5\\\/2020\\\/09\\\/Ludwig_Sandra_Fachmarktimmobilien-2020_Duesseldorf_web-neu.jpg\",\"datePublished\":\"2020-09-07T20:55:33+00:00\",\"dateModified\":\"2024-08-27T13:00:02+00:00\",\"description\":\"Als Teilnehmende des Fachmarktimmobilien-Kongresses erwarten Sie wichtige Themen, Innovationen und Highlights der Branche von unseren Vortragenden.\",\"breadcrumb\":{\"@id\":\"https:\\\/\\\/dfvcg-events.de\\\/fachmarktimmobilien-kongress\\\/vortragend\\\/sandra-ludwig\\\/#breadcrumb\"},\"inLanguage\":\"de\",\"potentialAction\":[{\"@type\":\"ReadAction\",\"target\":[\"https:\\\/\\\/dfvcg-events.de\\\/fachmarktimmobilien-kongress\\\/vortragend\\\/sandra-ludwig\\\/\"]}]},{\"@type\":\"ImageObject\",\"inLanguage\":\"de\",\"@id\":\"https:\\\/\\\/dfvcg-events.de\\\/fachmarktimmobilien-kongress\\\/vortragend\\\/sandra-ludwig\\\/#primaryimage\",\"url\":\"https:\\\/\\\/dfvcg-events.de\\\/fachmarktimmobilien-kongress\\\/wp-content\\\/uploads\\\/sites\\\/5\\\/2020\\\/09\\\/Ludwig_Sandra_Fachmarktimmobilien-2020_Duesseldorf_web-neu.jpg\",\"contentUrl\":\"https:\\\/\\\/dfvcg-events.de\\\/fachmarktimmobilien-kongress\\\/wp-content\\\/uploads\\\/sites\\\/5\\\/2020\\\/09\\\/Ludwig_Sandra_Fachmarktimmobilien-2020_Duesseldorf_web-neu.jpg\",\"width\":600,\"height\":800},{\"@type\":\"BreadcrumbList\",\"@id\":\"https:\\\/\\\/dfvcg-events.de\\\/fachmarktimmobilien-kongress\\\/vortragend\\\/sandra-ludwig\\\/#breadcrumb\",\"itemListElement\":[{\"@type\":\"ListItem\",\"position\":1,\"name\":\"Startseite\",\"item\":\"https:\\\/\\\/dfvcg-events.de\\\/fachmarktimmobilien-kongress\\\/\"},{\"@type\":\"ListItem\",\"position\":2,\"name\":\"Sandra Ludwig\"}]},{\"@type\":\"WebSite\",\"@id\":\"https:\\\/\\\/dfvcg-events.de\\\/fachmarktimmobilien-kongress\\\/#website\",\"url\":\"https:\\\/\\\/dfvcg-events.de\\\/fachmarktimmobilien-kongress\\\/\",\"name\":\"Fachmarktimmobilien-Kongress\",\"description\":\"dfv Conference Group\",\"publisher\":{\"@id\":\"https:\\\/\\\/dfvcg-events.de\\\/fachmarktimmobilien-kongress\\\/#organization\"},\"potentialAction\":[{\"@type\":\"SearchAction\",\"target\":{\"@type\":\"EntryPoint\",\"urlTemplate\":\"https:\\\/\\\/dfvcg-events.de\\\/fachmarktimmobilien-kongress\\\/?s={search_term_string}\"},\"query-input\":{\"@type\":\"PropertyValueSpecification\",\"valueRequired\":true,\"valueName\":\"search_term_string\"}}],\"inLanguage\":\"de\"},{\"@type\":\"Organization\",\"@id\":\"https:\\\/\\\/dfvcg-events.de\\\/fachmarktimmobilien-kongress\\\/#organization\",\"name\":\"Deutscher Fachmarktimmobilien-Kongress\",\"url\":\"https:\\\/\\\/dfvcg-events.de\\\/fachmarktimmobilien-kongress\\\/\",\"logo\":{\"@type\":\"ImageObject\",\"inLanguage\":\"de\",\"@id\":\"https:\\\/\\\/dfvcg-events.de\\\/fachmarktimmobilien-kongress\\\/#\\\/schema\\\/logo\\\/image\\\/\",\"url\":\"https:\\\/\\\/dfvcg-events.de\\\/deutscher-fachmarktimmobilien-kongress\\\/wp-content\\\/uploads\\\/sites\\\/5\\\/2022\\\/06\\\/Fachmarkt-2022-450x300px.jpg\",\"contentUrl\":\"https:\\\/\\\/dfvcg-events.de\\\/deutscher-fachmarktimmobilien-kongress\\\/wp-content\\\/uploads\\\/sites\\\/5\\\/2022\\\/06\\\/Fachmarkt-2022-450x300px.jpg\",\"width\":450,\"height\":300,\"caption\":\"Deutscher Fachmarktimmobilien-Kongress\"},\"image\":{\"@id\":\"https:\\\/\\\/dfvcg-events.de\\\/fachmarktimmobilien-kongress\\\/#\\\/schema\\\/logo\\\/image\\\/\"}}]}<\/script>\n<!-- \/ Yoast SEO plugin. -->","yoast_head_json":{"title":"Sandra Ludwig | Fachmarktimmobilien-Kongress","description":"Als Teilnehmende des Fachmarktimmobilien-Kongresses erwarten Sie wichtige Themen, Innovationen und Highlights der Branche von unseren Vortragenden.","robots":{"index":"index","follow":"follow","max-snippet":"max-snippet:-1","max-image-preview":"max-image-preview:large","max-video-preview":"max-video-preview:-1"},"canonical":"https:\/\/dfvcg-events.de\/fachmarktimmobilien-kongress\/vortragend\/sandra-ludwig\/","og_locale":"de_DE","og_type":"article","og_title":"Sandra Ludwig | Fachmarktimmobilien-Kongress","og_description":"Als Teilnehmende des Fachmarktimmobilien-Kongresses erwarten Sie wichtige Themen, Innovationen und Highlights der Branche von unseren Vortragenden.","og_url":"https:\/\/dfvcg-events.de\/fachmarktimmobilien-kongress\/vortragend\/sandra-ludwig\/","og_site_name":"Fachmarktimmobilien-Kongress","article_modified_time":"2024-08-27T13:00:02+00:00","og_image":[{"width":600,"height":800,"url":"https:\/\/dfvcg-events.de\/fachmarktimmobilien-kongress\/wp-content\/uploads\/sites\/5\/2020\/09\/Ludwig_Sandra_Fachmarktimmobilien-2020_Duesseldorf_web-neu.jpg","type":"image\/jpeg"}],"twitter_card":"summary_large_image","twitter_misc":{"Gesch\u00e4tzte Lesezeit":"1\u00a0Minute"},"schema":{"@context":"https:\/\/schema.org","@graph":[{"@type":"WebPage","@id":"https:\/\/dfvcg-events.de\/fachmarktimmobilien-kongress\/vortragend\/sandra-ludwig\/","url":"https:\/\/dfvcg-events.de\/fachmarktimmobilien-kongress\/vortragend\/sandra-ludwig\/","name":"Sandra Ludwig | Fachmarktimmobilien-Kongress","isPartOf":{"@id":"https:\/\/dfvcg-events.de\/fachmarktimmobilien-kongress\/#website"},"primaryImageOfPage":{"@id":"https:\/\/dfvcg-events.de\/fachmarktimmobilien-kongress\/vortragend\/sandra-ludwig\/#primaryimage"},"image":{"@id":"https:\/\/dfvcg-events.de\/fachmarktimmobilien-kongress\/vortragend\/sandra-ludwig\/#primaryimage"},"thumbnailUrl":"https:\/\/dfvcg-events.de\/fachmarktimmobilien-kongress\/wp-content\/uploads\/sites\/5\/2020\/09\/Ludwig_Sandra_Fachmarktimmobilien-2020_Duesseldorf_web-neu.jpg","datePublished":"2020-09-07T20:55:33+00:00","dateModified":"2024-08-27T13:00:02+00:00","description":"Als Teilnehmende des Fachmarktimmobilien-Kongresses erwarten Sie wichtige Themen, Innovationen und Highlights der Branche von unseren Vortragenden.","breadcrumb":{"@id":"https:\/\/dfvcg-events.de\/fachmarktimmobilien-kongress\/vortragend\/sandra-ludwig\/#breadcrumb"},"inLanguage":"de","potentialAction":[{"@type":"ReadAction","target":["https:\/\/dfvcg-events.de\/fachmarktimmobilien-kongress\/vortragend\/sandra-ludwig\/"]}]},{"@type":"ImageObject","inLanguage":"de","@id":"https:\/\/dfvcg-events.de\/fachmarktimmobilien-kongress\/vortragend\/sandra-ludwig\/#primaryimage","url":"https:\/\/dfvcg-events.de\/fachmarktimmobilien-kongress\/wp-content\/uploads\/sites\/5\/2020\/09\/Ludwig_Sandra_Fachmarktimmobilien-2020_Duesseldorf_web-neu.jpg","contentUrl":"https:\/\/dfvcg-events.de\/fachmarktimmobilien-kongress\/wp-content\/uploads\/sites\/5\/2020\/09\/Ludwig_Sandra_Fachmarktimmobilien-2020_Duesseldorf_web-neu.jpg","width":600,"height":800},{"@type":"BreadcrumbList","@id":"https:\/\/dfvcg-events.de\/fachmarktimmobilien-kongress\/vortragend\/sandra-ludwig\/#breadcrumb","itemListElement":[{"@type":"ListItem","position":1,"name":"Startseite","item":"https:\/\/dfvcg-events.de\/fachmarktimmobilien-kongress\/"},{"@type":"ListItem","position":2,"name":"Sandra Ludwig"}]},{"@type":"WebSite","@id":"https:\/\/dfvcg-events.de\/fachmarktimmobilien-kongress\/#website","url":"https:\/\/dfvcg-events.de\/fachmarktimmobilien-kongress\/","name":"Fachmarktimmobilien-Kongress","description":"dfv Conference Group","publisher":{"@id":"https:\/\/dfvcg-events.de\/fachmarktimmobilien-kongress\/#organization"},"potentialAction":[{"@type":"SearchAction","target":{"@type":"EntryPoint","urlTemplate":"https:\/\/dfvcg-events.de\/fachmarktimmobilien-kongress\/?s={search_term_string}"},"query-input":{"@type":"PropertyValueSpecification","valueRequired":true,"valueName":"search_term_string"}}],"inLanguage":"de"},{"@type":"Organization","@id":"https:\/\/dfvcg-events.de\/fachmarktimmobilien-kongress\/#organization","name":"Deutscher Fachmarktimmobilien-Kongress","url":"https:\/\/dfvcg-events.de\/fachmarktimmobilien-kongress\/","logo":{"@type":"ImageObject","inLanguage":"de","@id":"https:\/\/dfvcg-events.de\/fachmarktimmobilien-kongress\/#\/schema\/logo\/image\/","url":"https:\/\/dfvcg-events.de\/deutscher-fachmarktimmobilien-kongress\/wp-content\/uploads\/sites\/5\/2022\/06\/Fachmarkt-2022-450x300px.jpg","contentUrl":"https:\/\/dfvcg-events.de\/deutscher-fachmarktimmobilien-kongress\/wp-content\/uploads\/sites\/5\/2022\/06\/Fachmarkt-2022-450x300px.jpg","width":450,"height":300,"caption":"Deutscher Fachmarktimmobilien-Kongress"},"image":{"@id":"https:\/\/dfvcg-events.de\/fachmarktimmobilien-kongress\/#\/schema\/logo\/image\/"}}]}},"_links":{"self":[{"href":"https:\/\/dfvcg-events.de\/fachmarktimmobilien-kongress\/wp-json\/wp\/v2\/portfolio\/1223","targetHints":{"allow":["GET"]}}],"collection":[{"href":"https:\/\/dfvcg-events.de\/fachmarktimmobilien-kongress\/wp-json\/wp\/v2\/portfolio"}],"about":[{"href":"https:\/\/dfvcg-events.de\/fachmarktimmobilien-kongress\/wp-json\/wp\/v2\/types\/portfolio"}],"author":[{"embeddable":true,"href":"https:\/\/dfvcg-events.de\/fachmarktimmobilien-kongress\/wp-json\/wp\/v2\/users\/4"}],"replies":[{"embeddable":true,"href":"https:\/\/dfvcg-events.de\/fachmarktimmobilien-kongress\/wp-json\/wp\/v2\/comments?post=1223"}],"version-history":[{"count":3,"href":"https:\/\/dfvcg-events.de\/fachmarktimmobilien-kongress\/wp-json\/wp\/v2\/portfolio\/1223\/revisions"}],"predecessor-version":[{"id":4531,"href":"https:\/\/dfvcg-events.de\/fachmarktimmobilien-kongress\/wp-json\/wp\/v2\/portfolio\/1223\/revisions\/4531"}],"wp:featuredmedia":[{"embeddable":true,"href":"https:\/\/dfvcg-events.de\/fachmarktimmobilien-kongress\/wp-json\/wp\/v2\/media\/1224"}],"wp:attachment":[{"href":"https:\/\/dfvcg-events.de\/fachmarktimmobilien-kongress\/wp-json\/wp\/v2\/media?parent=1223"}],"wp:term":[{"taxonomy":"post_tag","embeddable":true,"href":"https:\/\/dfvcg-events.de\/fachmarktimmobilien-kongress\/wp-json\/wp\/v2\/tags?post=1223"},{"taxonomy":"portfolio_entries","embeddable":true,"href":"https:\/\/dfvcg-events.de\/fachmarktimmobilien-kongress\/wp-json\/wp\/v2\/portfolio_entries?post=1223"}],"curies":[{"name":"wp","href":"https:\/\/api.w.org\/{rel}","templated":true}]}}