{"id":3054,"date":"2022-11-30T17:23:20","date_gmt":"2022-11-30T16:23:20","guid":{"rendered":"https:\/\/dfvcg-events.de\/deutscher-fachmarktimmobilien-kongress\/?page_id=3054"},"modified":"2023-11-21T22:02:25","modified_gmt":"2023-11-21T21:02:25","slug":"programm","status":"publish","type":"page","link":"https:\/\/dfvcg-events.de\/fachmarktimmobilien-kongress\/programm\/","title":{"rendered":"Programm 2023"},"content":{"rendered":"<div id='av_section_1'  class='avia-section av-k7yuhjt1-8d29fde1c5e88eed191d58bb12fb77ba main_color avia-section-default avia-no-border-styling  avia-builder-el-0  el_before_av_section  avia-builder-el-first  header-verlauf avia-bg-style-scroll container_wrap fullsize'  ><div class='container av-section-cont-open' ><main  role=\"main\" itemprop=\"mainContentOfPage\"  class='template-page content  av-content-full alpha units'><div class='post-entry post-entry-type-page post-entry-3054'><div class='entry-content-wrapper clearfix'>\n\n<style type=\"text\/css\" data-created_by=\"avia_inline_auto\" id=\"style-css-av-4c4yk9-f885027315ca24f6fa1546ffb37785b1\">\n#top .av-special-heading.av-4c4yk9-f885027315ca24f6fa1546ffb37785b1{\npadding-bottom:0;\n}\nbody .av-special-heading.av-4c4yk9-f885027315ca24f6fa1546ffb37785b1 .av-special-heading-tag .heading-char{\nfont-size:25px;\n}\n.av-special-heading.av-4c4yk9-f885027315ca24f6fa1546ffb37785b1 .av-subheading{\nfont-size:19px;\n}\n<\/style>\n<div  class='av-special-heading av-4c4yk9-f885027315ca24f6fa1546ffb37785b1 av-special-heading-h1 blockquote modern-quote  avia-builder-el-1  avia-builder-el-no-sibling '><div class='av-subheading av-subheading_above'><p>Fachmarktimmobilien-Kongress<\/p>\n<\/div><h1 class='av-special-heading-tag '  itemprop=\"headline\"  >Programm<\/h1><div class=\"special-heading-border\"><div class=\"special-heading-inner-border\"><\/div><\/div><\/div>\n\n<\/div><\/div><\/main><!-- close content main element --><\/div><\/div><div id='av_section_2'  class='avia-section av-lm60xkh5-42c9048f144c534d00769f09a1de2cd3 main_color avia-section-default avia-no-shadow  avia-builder-el-2  el_after_av_section  el_before_av_section  avia-bg-style-scroll container_wrap fullsize'  ><div class='container av-section-cont-open' ><div class='template-page content  av-content-full alpha units'><div class='post-entry post-entry-type-page post-entry-3054'><div class='entry-content-wrapper clearfix'>\n<div  class='avia-buttonrow-wrap av-lmk82kks-4cd969e07769b3ad835435082b0a58ca avia-buttonrow-center  avia-builder-el-3  avia-builder-el-no-sibling '>\n\n<style type=\"text\/css\" data-created_by=\"avia_inline_auto\" id=\"style-css-av-lmk80ek1-99cfdf87424705e3b7c754ee6698d584\">\n#top #wrap_all .avia-button.av-lmk80ek1-99cfdf87424705e3b7c754ee6698d584{\nmargin-bottom:15px;\nmargin-right:8px;\nmargin-left:8px;\n}\n<\/style>\n<a href='https:\/\/dfvcg-events.de\/fachmarktimmobilien-kongress\/wp-content\/uploads\/sites\/5\/2023\/11\/231121_FMIK_Programm23_A4-6-seiter_RZ2.pdf'  class='avia-button av-lmk80ek1-99cfdf87424705e3b7c754ee6698d584 avia-icon_select-yes-left-icon avia-size-large avia-color-theme-color'  target=\"_blank\"  rel=\"noopener noreferrer\"  aria-label=\"Programm PDF\"><span class='avia_button_icon avia_button_icon_left avia-iconfont avia-font-entypo-fontello' data-av_icon='\ue84b' data-av_iconfont='entypo-fontello' ><\/span><span class='avia_iconbox_title' >Programm PDF<\/span><\/a>\n\n<style type=\"text\/css\" data-created_by=\"avia_inline_auto\" id=\"style-css-av-lmk82io2-fbfc09519961d26d098b05ecad35ae88\">\n#top #wrap_all .avia-button.av-lmk82io2-fbfc09519961d26d098b05ecad35ae88{\nmargin-bottom:15px;\nmargin-right:8px;\nmargin-left:8px;\n}\n<\/style>\n<a href='#tag1'  class='avia-button av-lmk82io2-fbfc09519961d26d098b05ecad35ae88 avia-icon_select-no avia-size-large avia-color-theme-color'   aria-label=\"Tag 1 | 22.11.2023\"><span class='avia_iconbox_title' >Tag 1 | 22.11.2023<\/span><\/a>\n\n<style type=\"text\/css\" data-created_by=\"avia_inline_auto\" id=\"style-css-av-lmk83vpr-bca583956d129f08d1ce481e5d70d855\">\n#top #wrap_all .avia-button.av-lmk83vpr-bca583956d129f08d1ce481e5d70d855{\nmargin-bottom:15px;\nmargin-right:8px;\nmargin-left:8px;\n}\n<\/style>\n<a href='#tag2'  class='avia-button av-lmk83vpr-bca583956d129f08d1ce481e5d70d855 avia-icon_select-no avia-size-large avia-color-theme-color'   aria-label=\"Tag 2 | 23.11.2023\"><span class='avia_iconbox_title' >Tag 2 | 23.11.2023<\/span><\/a>\n<\/div>\n\n<p><\/div><\/div><\/div><!-- close content main div --><\/div><\/div>\n<style type=\"text\/css\" data-created_by=\"avia_inline_auto\" id=\"style-css-av-lmk833ok-4d5d30403929a3a2406fd6420fe35b8e\">\n.avia-section.av-lmk833ok-4d5d30403929a3a2406fd6420fe35b8e{\nz-index:0;\nposition:relative;\n}\n.av-curtain-footer.av-curtain-activated #main .avia-section.av-lmk833ok-4d5d30403929a3a2406fd6420fe35b8e{\nz-index:0;\n}\n<\/style>\n<div id='tag1'  class='avia-section av-lmk833ok-4d5d30403929a3a2406fd6420fe35b8e main_color avia-section-default avia-no-shadow  avia-builder-el-4  el_after_av_section  el_before_av_section  avia-bg-style-scroll av-custom-positioned container_wrap fullsize'  ><div class='container av-section-cont-open' ><div class='template-page content  av-content-full alpha units'><div class='post-entry post-entry-type-page post-entry-3054'><div class='entry-content-wrapper clearfix'>\n\n<style type=\"text\/css\" data-created_by=\"avia_inline_auto\" id=\"style-css-av-4ctovmm-acacc3594ad4bdd36b0fefc261e907ff\">\n#top .av-special-heading.av-4ctovmm-acacc3594ad4bdd36b0fefc261e907ff{\npadding-bottom:0;\n}\nbody .av-special-heading.av-4ctovmm-acacc3594ad4bdd36b0fefc261e907ff .av-special-heading-tag .heading-char{\nfont-size:25px;\n}\n.av-special-heading.av-4ctovmm-acacc3594ad4bdd36b0fefc261e907ff .av-subheading{\nfont-size:19px;\n}\n<\/style>\n<div  class='av-special-heading av-4ctovmm-acacc3594ad4bdd36b0fefc261e907ff av-special-heading-h2 blockquote modern-quote  avia-builder-el-5  el_before_av_table  avia-builder-el-first '><h2 class='av-special-heading-tag '  itemprop=\"headline\"  >Tag 1 | 22. November 2023<\/h2><div class=\"special-heading-border\"><div class=\"special-heading-inner-border\"><\/div><\/div><\/div>\n<div class='avia-data-table-wrap av-4auhv3y-b73a3b4d2c6a9dcb47eca163ee697bf8 avia_responsive_table avia-table-1'><table  id=\"programm-tabelle\"  class='avia-table avia-data-table avia_pricing_default  avia-builder-el-6  el_after_av_heading  avia-builder-el-last  programm-tabelle'  itemscope=\"itemscope\" itemtype=\"https:\/\/schema.org\/Table\" ><tbody><tr class=''><th class='avia-desc-col'><\/th><td class=''><\/td><td class=''><\/td><\/tr><tr class=''><th class='avia-desc-col'>8:00<\/th><td class=''><strong>BREAKFAST &amp; NETWORKING<\/strong><\/td><td class=''><\/td><\/tr><tr class=''><th class='avia-desc-col'>9:00<\/th><td class=''><strong>WELCOME<\/strong><\/td><td class=''>Lisa Jung, Projektleiterin, dfv Conference Group<br \/>\nKarin Hanten, Projektleiterin, Heuer Dialog<\/td><\/tr><tr class=''><th class='avia-desc-col'>9:10<\/th><td class=''><strong>OPENING<\/strong><\/td><td class=''>Moderation: <a href=\"https:\/\/dfvcg-events.de\/fachmarktimmobilien-kongress\/vortragend\/susanne-osadnik\/ \">Susanne Osadnik<\/a>, Freie Wirtschaftsjournalistin<\/td><\/tr><tr class='avia-heading-row'><th class='avia-desc-col'><\/th><th class=''>\n<h4>Was bedeutet das allgemeine Handelsklima f\u00fcr Fachm\u00e4rkte?<\/h4>\n<\/th><th class=''><\/th><\/tr><tr class=''><th class='avia-desc-col'>9:20<br \/>\n<\/th><td class=''><strong>KEYNOTE<\/strong><br \/>\nFuture of Retail \u2013 Bedeutende Trends und die zuk\u00fcnftige Rolle der Erlebnis\u00f6konomie im Handel<\/td><td class=''><a href=\"https:\/\/dfvcg-events.de\/fachmarktimmobilien-kongress\/vortragend\/marc-schumacher\/ \">Dr. Marc Schumacher<\/a>, CEO, AVANTGARDE Group<\/td><\/tr><tr class=''><th class='avia-desc-col'>10:10<\/th><td class=''><strong>RETAIL TALK<\/strong><br \/>\nHandelsrunde: Wie ver\u00e4ndert sich der Konsum \u2013 Was bedeutet das f\u00fcr das Segment Fachmarkt?<br \/>\n<\/td><td class=''><a href=\"https:\/\/dfvcg-events.de\/fachmarktimmobilien-kongress\/vortragend\/sebastian-engels-2\/\">Sebastian Engels<\/a>, Head of Real Estate Asset Management, REWE GROUP \u2013 Handel Deutschland<br \/>\n<a href=\"https:\/\/dfvcg-events.de\/fachmarktimmobilien-kongress\/vortragend\/thomas-fink\/\">Thomas Fink<\/a>, Gesch\u00e4ftsf\u00fchrer, CENTERSHOP &amp; WREESMANN Immobilien GmbH &amp; Co. KG<br \/>\n<a href=\"https:\/\/dfvcg-events.de\/fachmarktimmobilien-kongress\/vortragend\/ulrike-kundt-abend\/\">Ulrike Kundt-Abend<\/a>, Senior Centermanagerin, Retail Match GmbH<\/p>\n<p>Moderation: <a href=\"https:\/\/dfvcg-events.de\/fachmarktimmobilien-kongress\/vortragend\/marc-schumacher\/ \">Dr. Marc Schumacher<\/a>, CEO, Avantgarde Group<\/td><\/tr><tr class=''><th class='avia-desc-col'>10:45<\/th><td class=''><strong>NETWORKING BREAK<\/strong><br \/>\n<\/td><td class=''><\/td><\/tr><tr class='avia-heading-row'><th class='avia-desc-col'><\/th><th class=''>\n<h4>Mietverh\u00e4ltnisse in rauer Immobilienlandschaft: die komplexe Mieter-Vermieter-Beziehung<\/h4>\n<\/th><th class=''><\/th><\/tr><tr class=''><th class='avia-desc-col'>11:45<\/th><td class=''><strong>IMPULS PROJEKTENTWICKLER<\/strong><br \/>\nSpotlight: Das \u00dcberleben der Projektentwickler<br \/>\n<\/td><td class=''><a href=\"https:\/\/dfvcg-events.de\/fachmarktimmobilien-kongress\/vortragend\/mohamed-younis\/\">Mohamed Younis<\/a>, Gesch\u00e4ftsf\u00fchrung, Schoofs Immobilien GmbH Frankfurt<\/td><\/tr><tr class=''><th class='avia-desc-col'>12:00<\/th><td class=''><strong>IMPULS VERMIETER<\/strong><br \/>\nNachhaltige Konzepte trotz attraktiver Mietpreise \u2013 Wie k\u00f6nnen diese Gegens\u00e4tze aus Vermietersicht vereint werden?<\/td><td class=''><a href=\"https:\/\/dfvcg-events.de\/fachmarktimmobilien-kongress\/vortragend\/volker-halbig\/\">Volker Halbig<\/a>, Asset Manager Retail, Deka Immobilien Investment<\/td><\/tr><tr class=''><th class='avia-desc-col'>12:15<\/th><td class=''><strong>TALK<\/strong><br \/>\nNeue Konzepte f\u00fcr Mietpreisgestaltung \u2013 Perspektiven im Spannungsfeld von Immobilienentwicklung und -vermietung<br \/>\n\u2022 Indexmieten, Umsatzmieten, Frequenzmieten, Staffelmieten<br \/>\n\u2022 Green Lease<br \/>\n\u2022 Zus\u00e4tzliche Frequenz und Mietertr\u00e4ge durch Kurzzeitvermietungen \u2013 Chancen und Risiken<br \/>\n<\/td><td class=''><a href=\"https:\/\/dfvcg-events.de\/fachmarktimmobilien-kongress\/vortragend\/uwe-hillemeyer\/\">Uwe Hillemeyer<\/a>, Gesch\u00e4ftsf\u00fchrer, Hillemeyer Immobilien GmbH<br \/>\n<a href=\"https:\/\/dfvcg-events.de\/fachmarktimmobilien-kongress\/vortragend\/andre-stromeyer\/\">Andr\u00e9 Stromeyer<\/a>, Gesch\u00e4ftsf\u00fchrer, HBB Centermanagement GmbH &amp; Co. KG<br \/>\n<a href=\"https:\/\/dfvcg-events.de\/fachmarktimmobilien-kongress\/vortragend\/zulfukar-tosun\/\">Zulfukar Tosun<\/a>, Gesch\u00e4ftsf\u00fchrer, Torvik Gruen AI<br \/>\n<a href=\"https:\/\/dfvcg-events.de\/fachmarktimmobilien-kongress\/vortragend\/thomas-weidner\/\">Thomas Weidner<\/a>, Asset Management und Real Estate Controlling, DECATHLON Deutschland SE &amp; Co. KG<\/p>\n<p>Moderation: <a href=\"https:\/\/dfvcg-events.de\/fachmarktimmobilien-kongress\/vortragend\/susanne-osadnik\/ \">Susanne Osadnik<\/a>, Freie Wirtschaftsjournalistin<br \/>\n<\/td><\/tr><tr class=''><th class='avia-desc-col'>13:00 &#8211; 14:30<\/th><td class=''><strong>LUNCH BREAK<\/strong><br \/>\n<b><\/td><td class=''><\/td><\/tr><tr class=''><th class='avia-desc-col'>14:00 &#8211; 14:30<\/th><td class=''><strong>EXPERTENTREFF<\/strong><br \/>\nStaatliche F\u00f6rdermittel f\u00fcr Ladeinfrastruktur &amp; E-Mobilit\u00e4t sinnvoll und clever nutzen.<br \/>\nSo steigern Sie die Attraktivit\u00e4t Ihrer Immobilie mit Schnellladeinfrastruktur, Pufferspeicher und PV.<br \/>\n<\/td><td class=''><a href=\"https:\/\/dfvcg-events.de\/fachmarktimmobilien-kongress\/vortragend\/juergen-keck\/\">J\u00fcrgen Keck<\/a>, Mitglied der Gesch\u00e4ftsf\u00fchrung, e-cuno GmbH<\/td><\/tr><tr class='avia-heading-row'><th class='avia-desc-col'><\/th><th class=''><\/b><\/p>\n<h4>Redevelopment: Wie Fachmarktzentren wettbewerbsf\u00e4hig bleiben<\/h4>\n<\/th><th class=''><\/th><\/tr><tr class=''><th class='avia-desc-col'>14:30<\/th><td class=''><strong>IMPULS<\/strong><br \/>\nNeue \u201cReal\u201cit\u00e4t: Redevelopment, weil ein H\u00e4ndler aus dem Markt austritt<\/td><td class=''><a href=\"https:\/\/dfvcg-events.de\/fachmarktimmobilien-kongress\/vortragend\/christian-thiele\/\">Christian Thiele<\/a>, Head of Leasing Management, MEC<\/td><\/tr><tr class=''><th class='avia-desc-col'>14:50<\/th><td class=''><strong>IMPULS<\/strong><br \/>\nRedevelopment aus Mietersicht<\/td><td class=''><a href=\"https:\/\/dfvcg-events.de\/fachmarktimmobilien-kongress\/vortragend\/jan-lerke\/\">Jan Lerke<\/a>, Gesch\u00e4ftsf\u00fchrer, FIM Unternehmensgruppe<\/td><\/tr><tr class=''><th class='avia-desc-col'>15:10<\/th><td class=''><strong>NETWORKING BREAK<\/strong><\/td><td class=''><\/td><\/tr><tr class=''><th class='avia-desc-col'>16:00<\/th><td class=''><strong>BEST CASE<\/strong><br \/>\nF\u00fcr eine &#8222;Neue Kultur des Bauens&#8220;: Die R\u00fcckeroberung des Marktplatzes<\/td><td class=''><a href=\"https:\/\/dfvcg-events.de\/fachmarktimmobilien-kongress\/vortragend\/sebastian-schels\/\">Sebastian Schels<\/a>, Chief Environmental Officer RATISBONA Handelsimmobilien <\/td><\/tr><tr class=''><th class='avia-desc-col'>16:20<\/th><td class=''><strong>IMPULS<\/strong><br \/>\nKreislauff\u00e4hig und CO2-reduziert \u2013 Potenziale nachhaltiger Betone bei Bauvorhaben<\/td><td class=''><a href=\"https:\/\/dfvcg-events.de\/fachmarktimmobilien-kongress\/vortragend\/hoang-nguyen\/\">Hoang Nguyen<\/a>, Head of Communications &amp; Sustainable Construction, alcemy GmbH<\/td><\/tr><tr class=''><th class='avia-desc-col'>16:45<\/th><td class=''><strong>CLOSING<\/strong><\/td><td class=''><\/td><\/tr><tr class=''><th class='avia-desc-col'>ab 17:30<\/th><td class=''><strong>ABFAHRT BUSSE ZUM D\u00dcSSELDORFER ABEND<strong><\/td><td class=''><\/td><\/tr><\/tbody><\/table><\/div><style type='text\/css'>.avia-table-1 td:nth-of-type(1):before { content: ''; } <\/style>\n<\/strong><\/strong><\/p>\n<\/div><\/div><\/div><!-- close content main div --><\/div><\/div>\n<style type=\"text\/css\" data-created_by=\"avia_inline_auto\" id=\"style-css-av-lo5ni11j-e9a6d14a9341a0accc9268fbf90b136e\">\n.avia-section.av-lo5ni11j-e9a6d14a9341a0accc9268fbf90b136e{\nbackground-color:#772330;\nbackground-image:unset;\n}\n<\/style>\n<div id='av_section_4'  class='avia-section av-lo5ni11j-e9a6d14a9341a0accc9268fbf90b136e main_color avia-section-default avia-no-shadow  avia-builder-el-7  el_after_av_section  el_before_av_section  avia-bg-style-scroll container_wrap fullsize'  ><div class='container av-section-cont-open' ><div class='template-page content  av-content-full alpha units'><div class='post-entry post-entry-type-page post-entry-3054'><div class='entry-content-wrapper clearfix'>\n<div  class='flex_column av-3lak32-fe2a3471f520e6726149b3ece2529db4 av_two_third  avia-builder-el-8  el_before_av_one_third  avia-builder-el-first  first flex_column_div  '     ><p>\n<style type=\"text\/css\" data-created_by=\"avia_inline_auto\" id=\"style-css-av-lo5nw2rr-69c619ef529b2b54b2ac5eca9a9dc312\">\n#top .av-special-heading.av-lo5nw2rr-69c619ef529b2b54b2ac5eca9a9dc312{\npadding-bottom:0;\ncolor:#ffffff;\n}\nbody .av-special-heading.av-lo5nw2rr-69c619ef529b2b54b2ac5eca9a9dc312 .av-special-heading-tag .heading-char{\nfont-size:25px;\n}\n.av-special-heading.av-lo5nw2rr-69c619ef529b2b54b2ac5eca9a9dc312 .special-heading-inner-border{\nborder-color:#ffffff;\n}\n.av-special-heading.av-lo5nw2rr-69c619ef529b2b54b2ac5eca9a9dc312 .av-subheading{\nfont-size:19px;\n}\n<\/style>\n<div  class='av-special-heading av-lo5nw2rr-69c619ef529b2b54b2ac5eca9a9dc312 av-special-heading-h2 custom-color-heading blockquote modern-quote  avia-builder-el-9  el_before_av_textblock  avia-builder-el-first '><h2 class='av-special-heading-tag '  itemprop=\"headline\"  >D\u00dcSSELDORFER ABEND<\/h2><div class=\"special-heading-border\"><div class=\"special-heading-inner-border\"><\/div><\/div><\/div><br \/>\n<section  class='av_textblock_section av-lo5nomid-1ec9f746d3867df7cfe67f95d07d4905 '   itemscope=\"itemscope\" itemtype=\"https:\/\/schema.org\/CreativeWork\" ><div class='avia_textblock'  itemprop=\"text\" ><p style=\"text-align: left\"><span style=\"color: #000000\"><span style=\"color: #ffffff\">Nach Ende des ersten Kongresstages am<\/span> <strong><span style=\"color: #ffffff\">22. November 2023<\/span><\/strong> <span style=\"color: #ffffff\">laden wir Sie herzlich zur<\/span> <strong><span style=\"color: #ffffff\">Abendveranstaltung im Uerige<\/span><\/strong> <span style=\"color: #ffffff\">ein. <\/span><\/span><br \/>\n<span style=\"color: #000000\"><span style=\"color: #ffffff\">Freuen Sie sich auf<\/span> <strong><span style=\"color: #ffffff\">D\u00fcsseldorfer Altbier und leckere regionale Speisen<\/span><\/strong> <span style=\"color: #ffffff\">in entspannter Atmosph\u00e4re zum Austausch und Erweiterung Ihres Netzwerkes. <\/span><\/span><\/p>\n<p style=\"text-align: left\"><span style=\"color: #ffffff\"><em>Wir freuen uns auf Sie!<\/em><\/span><\/p>\n<\/div><\/section><\/p><\/div><div  class='flex_column av-34hhoe-a097c7cab48e88a07259010462067ad4 av_one_third  avia-builder-el-11  el_after_av_two_third  avia-builder-el-last  flex_column_div  '     ><style type=\"text\/css\" data-created_by=\"avia_inline_auto\" id=\"style-css-av-loe1x7w7-6a18f0403e2850ec2dfc9327ab3732c3\">\n@keyframes av_boxShadowEffect_av-loe1x7w7-6a18f0403e2850ec2dfc9327ab3732c3 {\n0%   { box-shadow:  0 0 0 0 #ffffff; opacity: 1; }\n100% { box-shadow:  0 0 10px 0 #ffffff; opacity: 1; }\n}\n.avia-image-container.av-loe1x7w7-6a18f0403e2850ec2dfc9327ab3732c3 img.avia_image{\nbox-shadow: 0 0 10px 0 #ffffff;\n}\n.avia-image-container.av-loe1x7w7-6a18f0403e2850ec2dfc9327ab3732c3 .av-image-caption-overlay-center{\ncolor:#ffffff;\n}\n<\/style>\n<div  class='avia-image-container av-loe1x7w7-6a18f0403e2850ec2dfc9327ab3732c3 av-styling-circle avia-align-center  avia-builder-el-12  avia-builder-el-no-sibling  av-img-box-shadow av-box-shadow-not-animated'   itemprop=\"image\" itemscope=\"itemscope\" itemtype=\"https:\/\/schema.org\/ImageObject\" ><div class=\"avia-image-container-inner\"><div class=\"avia-image-overlay-wrap\"><img decoding=\"async\" fetchpriority=\"high\" class='wp-image-3771 avia-img-lazy-loading-not-3771 avia_image shadow-not-animated' src=\"https:\/\/dfvcg-events.de\/fachmarktimmobilien-kongress\/wp-content\/uploads\/sites\/5\/2023\/10\/Brauhaus.jpg\" alt='' title='Brauhaus'  height=\"3042\" width=\"4566\"  itemprop=\"thumbnailUrl\"  \/><\/div><\/div><\/div><\/div>\n\n<\/div><\/div><\/div><!-- close content main div --><\/div><\/div><div id='tag2'  class='avia-section av-lm60xrfj-4a2b3c047a7e9022e3a22069cc08f2c1 main_color avia-section-default avia-no-shadow  avia-builder-el-13  el_after_av_section  avia-builder-el-last  avia-bg-style-scroll container_wrap fullsize'  ><div class='container av-section-cont-open' ><div class='template-page content  av-content-full alpha units'><div class='post-entry post-entry-type-page post-entry-3054'><div class='entry-content-wrapper clearfix'>\n\n<style type=\"text\/css\" data-created_by=\"avia_inline_auto\" id=\"style-css-av-321lir2-6f6354b4fb3014274be3595f8285f2cf\">\n#top .av-special-heading.av-321lir2-6f6354b4fb3014274be3595f8285f2cf{\npadding-bottom:0;\n}\nbody .av-special-heading.av-321lir2-6f6354b4fb3014274be3595f8285f2cf .av-special-heading-tag .heading-char{\nfont-size:25px;\n}\n.av-special-heading.av-321lir2-6f6354b4fb3014274be3595f8285f2cf .av-subheading{\nfont-size:19px;\n}\n<\/style>\n<div  class='av-special-heading av-321lir2-6f6354b4fb3014274be3595f8285f2cf av-special-heading-h2 blockquote modern-quote  avia-builder-el-14  el_before_av_table  avia-builder-el-first '><h2 class='av-special-heading-tag '  itemprop=\"headline\"  >Tag 2 | 23. November 2023<\/h2><div class=\"special-heading-border\"><div class=\"special-heading-inner-border\"><\/div><\/div><\/div>\n<div class='avia-data-table-wrap av-augzqm-dadc05f86d8a3c07920a3d92fdfaa5b9 avia_responsive_table avia-table-2'><table  id=\"programm-tabelle\"  class='avia-table avia-data-table avia_pricing_default  avia-builder-el-15  el_after_av_heading  avia-builder-el-last  programm-tabelle'  itemscope=\"itemscope\" itemtype=\"https:\/\/schema.org\/Table\" ><tbody><tr class=''><th class='avia-desc-col'><\/th><td class=''><\/td><td class=''><\/td><\/tr><tr class=''><th class='avia-desc-col'>9:00<\/th><td class=''><strong>WELCOME<\/strong><\/td><td class=''>Moderation: <a href=\"https:\/\/dfvcg-events.de\/fachmarktimmobilien-kongress\/vortragend\/susanne-osadnik\/ \">Susanne Osadnik<\/a>, Freie Wirtschaftsjournalistin<\/td><\/tr><tr class='avia-heading-row'><th class='avia-desc-col'><\/th><th class=''>\n<h4>ESG in der Praxis bei Fachmarktimmobilien: wichtige To-dos<\/h4>\n<\/th><th class=''><\/th><\/tr><tr class=''><th class='avia-desc-col'>9:10<\/th><td class=''><strong>IMPULS<\/strong><br \/>\nWie kommt man nur ans Netz? Aktuelle Hindernisse und technische L\u00f6sungsm\u00f6glichkeiten f\u00fcr die Zukunft<\/td><td class=''><a href=\"https:\/\/dfvcg-events.de\/fachmarktimmobilien-kongress\/vortragend\/marcel-sohn\/\">Marcel Sohn<\/a>, CEO und Founder, Energie-5 GmbH<br \/>\n<\/td><\/tr><tr class=''><th class='avia-desc-col'>9:20<\/th><td class=''><strong>ESG TALK<\/strong><br \/>\nBesondere Herausforderungen f\u00fcr zukunftsf\u00e4hige Haustechnik<br \/>\n\u2022 Lades\u00e4ulen, PV-Strom und Heizungstausch \u2013 was muss<br \/>\nwie passieren?<br \/>\n\u2022 Was rechnet sich wirtschaftlich? Kosten- \/ Nutzen von<br \/>\nW\u00e4rmepumpen, PV-Anlagen und Lades\u00e4ulen im aktuellen Zinsumfeld<br \/>\n\u2022 Energiebedarfe richtig auffangen: Welche M\u00e4rkte brauchen was?<br \/>\n\u2022 Gewinnung von Eigenenergie \u2013 M\u00f6glichkeiten und Grenzen<br \/>\n\u2022 Wie soll es nur bezahlt werden?<\/td><td class=''><a href=\"https:\/\/dfvcg-events.de\/fachmarktimmobilien-kongress\/vortragend\/alexander-dahlke\/\">Alexander Dahlke<\/a>, Gesch\u00e4ftsf\u00fchrer, Dria<br \/>\n<a href=\"https:\/\/dfvcg-events.de\/fachmarktimmobilien-kongress\/vortragend\/joaquin-jimenez-zabala\/\">Joaquin Jimenez Zabala<\/a>, General Manager, WISAG Facility Management Retail GmbH &amp; CO. KG<br \/>\n<a href=\"https:\/\/dfvcg-events.de\/fachmarktimmobilien-kongress\/vortragend\/marcel-sohn\/\">Marcel Sohn<\/a>, CEO und Founder, Energie-5 GmbH<br \/>\n<a href=\"https:\/\/dfvcg-events.de\/fachmarktimmobilien-kongress\/vortragend\/markus-wunderling\/\">Markus Wunderling<\/a>, Transaction Manager BRAWO Invest, Volksbank BRAWO<\/p>\n<p>Moderation: <a href=\"https:\/\/dfvcg-events.de\/fachmarktimmobilien-kongress\/vortragend\/manuel-gerlach\/\">Manuel Gerlach<\/a>, Head of Sales, Recogizer<\/td><\/tr><tr class=''><th class='avia-desc-col'>10:25<\/th><td class=''><strong>IMPULS<\/strong><br \/>\nNachhaltigkeit in Bezug auf das \u201cS\u201d in ESG \u2013 wie weit sind wir heute?<\/td><td class=''><a href=\"https:\/\/dfvcg-events.de\/fachmarktimmobilien-kongress\/vortragend\/ralf-pimiskern\/\">Ralf Pimiskern<\/a>, Abteilungsleiter Zertifizierung, DGNB GmbH<\/td><\/tr><tr class=''><th class='avia-desc-col'>10:45<\/th><td class=''><strong>NETWORKING BREAK<\/strong><br \/>\n<\/td><td class=''><\/td><\/tr><tr class=''><th class='avia-desc-col'>11:30<\/th><td class=''><strong>COFFEE TALK<\/strong><br \/>\nESG: Im Spannungsfeld von Investment und Asset Management<\/td><td class=''><a href=\"https:\/\/dfvcg-events.de\/fachmarktimmobilien-kongress\/vortragend\/andreas-dittmar\/\">Andreas Dittmar<\/a>, Leiter Asset Management, GRR Real Estate Management GmbH<br \/>\n<a href=\"https:\/\/dfvcg-events.de\/fachmarktimmobilien-kongress\/vortragend\/roman-mueller\/\">Roman M\u00fcller<\/a>, Head of Investment Management Retail, Union Investment Real Estate GmbH<\/td><\/tr><tr class='avia-heading-row'><th class='avia-desc-col'><\/th><th class=''>\n<h4>Finanzen und Investment: Fachmarkt als sichere Bank?<\/h4>\n<\/th><th class=''><\/th><\/tr><tr class=''><th class='avia-desc-col'>11:55<\/th><td class=''><strong>VORTRAG<\/strong><br \/>\nWas ist ein Fachmarkt wert?<br \/>\nWertdefinierende Faktoren: Branche, H\u00e4ndler, Geb\u00e4ude, Standort, etc.<\/td><td class=''><a href=\"https:\/\/dfvcg-events.de\/fachmarktimmobilien-kongress\/vortragend\/jacqueline-ziegler\/\">Jacqueline Ziegler<\/a>, Sachverst\u00e4ndige, E|N|A| EXPERTS GmbH &amp; Co. KG<\/td><\/tr><tr class=''><th class='avia-desc-col'>12:20<\/th><td class=''><strong>IMPULS<\/strong><br \/>\nInvestmentfokus 2023\/24: Welche Immobilienobjekte und Lagen<br \/>\nsind bei Investoren gefragt?<\/td><td class=''><a href=\"https:\/\/dfvcg-events.de\/fachmarktimmobilien-kongress\/vortragend\/kio-tindl\/\/\">Kio Tindl<\/a>, Gesch\u00e4ftsf\u00fchrer, HAHN Fonds und Asset Management<\/td><\/tr><tr class=''><th class='avia-desc-col'>12:40<\/th><td class=''><strong>TALK<\/strong><br \/>\nInvestment im FMZ-Segment<br \/>\n\u2022 Transaktionsgeschehen im Wandel \u2013 Liquidit\u00e4t (EK &amp; FK) als Nadel\u00f6hr<br \/>\n\u2022 R\u00fcckenwind f\u00fcr Retail (anhaltende Nachfrage von nationalen und internationalen Investoren)<br \/>\n\u2022 Die gro\u00dfe Preisfrage \u2013 wohin entwickeln sich Renditen im FMZ Segment<br \/>\n\u2022 Jahresendrally oder ruhige Zeiten \u2013 Marktpotenziale im Q4 und Ausblick auf 2024<\/td><td class=''><a href=\"https:\/\/dfvcg-events.de\/fachmarktimmobilien-kongress\/vortragend\/susanne-gehle\/\">Susanne Gehle<\/a>, Gesch\u00e4ftsf\u00fchrerin Immobilien, Kaufland Deutschland<br \/>\n<a href=\"https:\/\/dfvcg-events.de\/fachmarktimmobilien-kongress\/vortragend\/martin-raubacher\/\">Martin Raubacher<\/a>, Senior Acquisition Manager, MEAG<br \/>\n<a href=\"https:\/\/dfvcg-events.de\/fachmarktimmobilien-kongress\/vortragend\/sven-vollenbruch\/\">Sven Vollenbruch<\/a>, Senior Vice President, Slate Asset Management<\/p>\n<p>Moderation: <a href=\"https:\/\/dfvcg-events.de\/fachmarktimmobilien-kongress\/vortragend\/sandra-ludwig\/\">Sandra Ludwig<\/a>, Head of Retail Capital Markets EMEA, JLL<\/td><\/tr><tr class=''><th class='avia-desc-col'>13:20<\/th><td class=''><strong>CLOSING<\/strong><\/td><td class=''><\/td><\/tr><tr class=''><th class='avia-desc-col'>13:30<\/th><td class=''><strong>LUNCH BREAK &amp; ENDE DES 14. FACHMARKTIMMOBILIEN-<br \/>\nKONGRESSES<\/strong><\/td><td class=''><\/td><\/tr><\/tbody><\/table><\/div><style type='text\/css'>.avia-table-2 td:nth-of-type(1):before { content: ''; } <\/style>\n\n","protected":false},"excerpt":{"rendered":"","protected":false},"author":1,"featured_media":0,"parent":0,"menu_order":0,"comment_status":"closed","ping_status":"closed","template":"","meta":{"footnotes":""},"class_list":["post-3054","page","type-page","status-publish","hentry"],"yoast_head":"<!-- This site is optimized with the Yoast SEO plugin v27.4 - https:\/\/yoast.com\/product\/yoast-seo-wordpress\/ -->\n<title>Programm | Fachmarktimmobilien-Kongress | 22.\/23. November 2023<\/title>\n<meta name=\"description\" content=\"Als Teilnehmer:innen des Deutscher Fachmarktimmobilien-Kongress erwarten Sie die wichtigsten Themen, Innovationen und Highlights der Branche. Hier geht es zum Programm!\" \/>\n<meta name=\"robots\" content=\"index, follow, max-snippet:-1, max-image-preview:large, max-video-preview:-1\" \/>\n<link rel=\"canonical\" href=\"https:\/\/dfvcg-events.de\/fachmarktimmobilien-kongress\/programm\/\" \/>\n<meta property=\"og:locale\" content=\"de_DE\" \/>\n<meta property=\"og:type\" content=\"article\" \/>\n<meta property=\"og:title\" content=\"Programm | Fachmarktimmobilien-Kongress | 22.\/23. November 2023\" \/>\n<meta property=\"og:description\" content=\"Als Teilnehmer:innen des Deutscher Fachmarktimmobilien-Kongress erwarten Sie die wichtigsten Themen, Innovationen und Highlights der Branche. Hier geht es zum Programm!\" \/>\n<meta property=\"og:url\" content=\"https:\/\/dfvcg-events.de\/fachmarktimmobilien-kongress\/programm\/\" \/>\n<meta property=\"og:site_name\" content=\"Fachmarktimmobilien-Kongress\" \/>\n<meta property=\"article:modified_time\" content=\"2023-11-21T21:02:25+00:00\" \/>\n<meta name=\"twitter:card\" content=\"summary_large_image\" \/>\n<meta name=\"twitter:label1\" content=\"Gesch\u00e4tzte Lesezeit\" \/>\n\t<meta name=\"twitter:data1\" content=\"5\u00a0Minuten\" \/>\n<script type=\"application\/ld+json\" class=\"yoast-schema-graph\">{\"@context\":\"https:\\\/\\\/schema.org\",\"@graph\":[{\"@type\":\"WebPage\",\"@id\":\"https:\\\/\\\/dfvcg-events.de\\\/fachmarktimmobilien-kongress\\\/programm\\\/\",\"url\":\"https:\\\/\\\/dfvcg-events.de\\\/fachmarktimmobilien-kongress\\\/programm\\\/\",\"name\":\"Programm | Fachmarktimmobilien-Kongress | 22.\\\/23. November 2023\",\"isPartOf\":{\"@id\":\"https:\\\/\\\/dfvcg-events.de\\\/fachmarktimmobilien-kongress\\\/#website\"},\"datePublished\":\"2022-11-30T16:23:20+00:00\",\"dateModified\":\"2023-11-21T21:02:25+00:00\",\"description\":\"Als Teilnehmer:innen des Deutscher Fachmarktimmobilien-Kongress erwarten Sie die wichtigsten Themen, Innovationen und Highlights der Branche. Hier geht es zum Programm!\",\"breadcrumb\":{\"@id\":\"https:\\\/\\\/dfvcg-events.de\\\/fachmarktimmobilien-kongress\\\/programm\\\/#breadcrumb\"},\"inLanguage\":\"de\",\"potentialAction\":[{\"@type\":\"ReadAction\",\"target\":[\"https:\\\/\\\/dfvcg-events.de\\\/fachmarktimmobilien-kongress\\\/programm\\\/\"]}]},{\"@type\":\"BreadcrumbList\",\"@id\":\"https:\\\/\\\/dfvcg-events.de\\\/fachmarktimmobilien-kongress\\\/programm\\\/#breadcrumb\",\"itemListElement\":[{\"@type\":\"ListItem\",\"position\":1,\"name\":\"Startseite\",\"item\":\"https:\\\/\\\/dfvcg-events.de\\\/fachmarktimmobilien-kongress\\\/\"},{\"@type\":\"ListItem\",\"position\":2,\"name\":\"Programm 2023\"}]},{\"@type\":\"WebSite\",\"@id\":\"https:\\\/\\\/dfvcg-events.de\\\/fachmarktimmobilien-kongress\\\/#website\",\"url\":\"https:\\\/\\\/dfvcg-events.de\\\/fachmarktimmobilien-kongress\\\/\",\"name\":\"Fachmarktimmobilien-Kongress\",\"description\":\"dfv Conference Group\",\"publisher\":{\"@id\":\"https:\\\/\\\/dfvcg-events.de\\\/fachmarktimmobilien-kongress\\\/#organization\"},\"potentialAction\":[{\"@type\":\"SearchAction\",\"target\":{\"@type\":\"EntryPoint\",\"urlTemplate\":\"https:\\\/\\\/dfvcg-events.de\\\/fachmarktimmobilien-kongress\\\/?s={search_term_string}\"},\"query-input\":{\"@type\":\"PropertyValueSpecification\",\"valueRequired\":true,\"valueName\":\"search_term_string\"}}],\"inLanguage\":\"de\"},{\"@type\":\"Organization\",\"@id\":\"https:\\\/\\\/dfvcg-events.de\\\/fachmarktimmobilien-kongress\\\/#organization\",\"name\":\"Deutscher Fachmarktimmobilien-Kongress\",\"url\":\"https:\\\/\\\/dfvcg-events.de\\\/fachmarktimmobilien-kongress\\\/\",\"logo\":{\"@type\":\"ImageObject\",\"inLanguage\":\"de\",\"@id\":\"https:\\\/\\\/dfvcg-events.de\\\/fachmarktimmobilien-kongress\\\/#\\\/schema\\\/logo\\\/image\\\/\",\"url\":\"https:\\\/\\\/dfvcg-events.de\\\/deutscher-fachmarktimmobilien-kongress\\\/wp-content\\\/uploads\\\/sites\\\/5\\\/2022\\\/06\\\/Fachmarkt-2022-450x300px.jpg\",\"contentUrl\":\"https:\\\/\\\/dfvcg-events.de\\\/deutscher-fachmarktimmobilien-kongress\\\/wp-content\\\/uploads\\\/sites\\\/5\\\/2022\\\/06\\\/Fachmarkt-2022-450x300px.jpg\",\"width\":450,\"height\":300,\"caption\":\"Deutscher Fachmarktimmobilien-Kongress\"},\"image\":{\"@id\":\"https:\\\/\\\/dfvcg-events.de\\\/fachmarktimmobilien-kongress\\\/#\\\/schema\\\/logo\\\/image\\\/\"}}]}<\/script>\n<!-- \/ Yoast SEO plugin. -->","yoast_head_json":{"title":"Programm | Fachmarktimmobilien-Kongress | 22.\/23. November 2023","description":"Als Teilnehmer:innen des Deutscher Fachmarktimmobilien-Kongress erwarten Sie die wichtigsten Themen, Innovationen und Highlights der Branche. Hier geht es zum Programm!","robots":{"index":"index","follow":"follow","max-snippet":"max-snippet:-1","max-image-preview":"max-image-preview:large","max-video-preview":"max-video-preview:-1"},"canonical":"https:\/\/dfvcg-events.de\/fachmarktimmobilien-kongress\/programm\/","og_locale":"de_DE","og_type":"article","og_title":"Programm | Fachmarktimmobilien-Kongress | 22.\/23. November 2023","og_description":"Als Teilnehmer:innen des Deutscher Fachmarktimmobilien-Kongress erwarten Sie die wichtigsten Themen, Innovationen und Highlights der Branche. Hier geht es zum Programm!","og_url":"https:\/\/dfvcg-events.de\/fachmarktimmobilien-kongress\/programm\/","og_site_name":"Fachmarktimmobilien-Kongress","article_modified_time":"2023-11-21T21:02:25+00:00","twitter_card":"summary_large_image","twitter_misc":{"Gesch\u00e4tzte Lesezeit":"5\u00a0Minuten"},"schema":{"@context":"https:\/\/schema.org","@graph":[{"@type":"WebPage","@id":"https:\/\/dfvcg-events.de\/fachmarktimmobilien-kongress\/programm\/","url":"https:\/\/dfvcg-events.de\/fachmarktimmobilien-kongress\/programm\/","name":"Programm | Fachmarktimmobilien-Kongress | 22.\/23. November 2023","isPartOf":{"@id":"https:\/\/dfvcg-events.de\/fachmarktimmobilien-kongress\/#website"},"datePublished":"2022-11-30T16:23:20+00:00","dateModified":"2023-11-21T21:02:25+00:00","description":"Als Teilnehmer:innen des Deutscher Fachmarktimmobilien-Kongress erwarten Sie die wichtigsten Themen, Innovationen und Highlights der Branche. Hier geht es zum Programm!","breadcrumb":{"@id":"https:\/\/dfvcg-events.de\/fachmarktimmobilien-kongress\/programm\/#breadcrumb"},"inLanguage":"de","potentialAction":[{"@type":"ReadAction","target":["https:\/\/dfvcg-events.de\/fachmarktimmobilien-kongress\/programm\/"]}]},{"@type":"BreadcrumbList","@id":"https:\/\/dfvcg-events.de\/fachmarktimmobilien-kongress\/programm\/#breadcrumb","itemListElement":[{"@type":"ListItem","position":1,"name":"Startseite","item":"https:\/\/dfvcg-events.de\/fachmarktimmobilien-kongress\/"},{"@type":"ListItem","position":2,"name":"Programm 2023"}]},{"@type":"WebSite","@id":"https:\/\/dfvcg-events.de\/fachmarktimmobilien-kongress\/#website","url":"https:\/\/dfvcg-events.de\/fachmarktimmobilien-kongress\/","name":"Fachmarktimmobilien-Kongress","description":"dfv Conference Group","publisher":{"@id":"https:\/\/dfvcg-events.de\/fachmarktimmobilien-kongress\/#organization"},"potentialAction":[{"@type":"SearchAction","target":{"@type":"EntryPoint","urlTemplate":"https:\/\/dfvcg-events.de\/fachmarktimmobilien-kongress\/?s={search_term_string}"},"query-input":{"@type":"PropertyValueSpecification","valueRequired":true,"valueName":"search_term_string"}}],"inLanguage":"de"},{"@type":"Organization","@id":"https:\/\/dfvcg-events.de\/fachmarktimmobilien-kongress\/#organization","name":"Deutscher Fachmarktimmobilien-Kongress","url":"https:\/\/dfvcg-events.de\/fachmarktimmobilien-kongress\/","logo":{"@type":"ImageObject","inLanguage":"de","@id":"https:\/\/dfvcg-events.de\/fachmarktimmobilien-kongress\/#\/schema\/logo\/image\/","url":"https:\/\/dfvcg-events.de\/deutscher-fachmarktimmobilien-kongress\/wp-content\/uploads\/sites\/5\/2022\/06\/Fachmarkt-2022-450x300px.jpg","contentUrl":"https:\/\/dfvcg-events.de\/deutscher-fachmarktimmobilien-kongress\/wp-content\/uploads\/sites\/5\/2022\/06\/Fachmarkt-2022-450x300px.jpg","width":450,"height":300,"caption":"Deutscher Fachmarktimmobilien-Kongress"},"image":{"@id":"https:\/\/dfvcg-events.de\/fachmarktimmobilien-kongress\/#\/schema\/logo\/image\/"}}]}},"_links":{"self":[{"href":"https:\/\/dfvcg-events.de\/fachmarktimmobilien-kongress\/wp-json\/wp\/v2\/pages\/3054","targetHints":{"allow":["GET"]}}],"collection":[{"href":"https:\/\/dfvcg-events.de\/fachmarktimmobilien-kongress\/wp-json\/wp\/v2\/pages"}],"about":[{"href":"https:\/\/dfvcg-events.de\/fachmarktimmobilien-kongress\/wp-json\/wp\/v2\/types\/page"}],"author":[{"embeddable":true,"href":"https:\/\/dfvcg-events.de\/fachmarktimmobilien-kongress\/wp-json\/wp\/v2\/users\/1"}],"replies":[{"embeddable":true,"href":"https:\/\/dfvcg-events.de\/fachmarktimmobilien-kongress\/wp-json\/wp\/v2\/comments?post=3054"}],"version-history":[{"count":1,"href":"https:\/\/dfvcg-events.de\/fachmarktimmobilien-kongress\/wp-json\/wp\/v2\/pages\/3054\/revisions"}],"predecessor-version":[{"id":4128,"href":"https:\/\/dfvcg-events.de\/fachmarktimmobilien-kongress\/wp-json\/wp\/v2\/pages\/3054\/revisions\/4128"}],"wp:attachment":[{"href":"https:\/\/dfvcg-events.de\/fachmarktimmobilien-kongress\/wp-json\/wp\/v2\/media?parent=3054"}],"curies":[{"name":"wp","href":"https:\/\/api.w.org\/{rel}","templated":true}]}}