{"id":2419,"date":"2025-10-20T18:32:49","date_gmt":"2025-10-20T16:32:49","guid":{"rendered":"https:\/\/dfvcg-events.de\/experience-day\/?post_type=portfolio&#038;p=2419"},"modified":"2025-10-20T18:32:49","modified_gmt":"2025-10-20T16:32:49","slug":"claus-dominique-otto","status":"publish","type":"portfolio","link":"https:\/\/dfvcg-events.de\/experience-day\/vortragend\/claus-dominique-otto\/","title":{"rendered":"Claus-Dominique Otto"},"content":{"rendered":"<div id='av_section_1'  class='avia-section av-k7yuhjt1-a783d814e2fc857f3cacc95bc1ef5381 main_color avia-section-default avia-no-border-styling  avia-builder-el-0  avia-builder-el-no-sibling  avia-bg-style-scroll av-minimum-height av-minimum-height-50 av-height-50  container_wrap fullsize'   data-av_minimum_height_pc='50' data-av_min_height_opt='50'><div class='container av-section-cont-open' ><main  role=\"main\" itemprop=\"mainContentOfPage\"  class='template-page content  av-content-full alpha units'><div class='post-entry post-entry-type-page post-entry-2419'><div class='entry-content-wrapper clearfix'>\n\n<style type=\"text\/css\" data-created_by=\"avia_inline_auto\" id=\"style-css-av-1hpil-0aefe2f1e90c83a225330af7bd6248ca\">\n.flex_column.av-1hpil-0aefe2f1e90c83a225330af7bd6248ca{\nborder-radius:0px 0px 0px 0px;\npadding:0px 0px 0px 0px;\n}\n<\/style>\n<div  class='flex_column av-1hpil-0aefe2f1e90c83a225330af7bd6248ca av_one_fourth  avia-builder-el-1  el_before_av_three_fourth  avia-builder-el-first  first flex_column_div av-zero-column-padding  '     ><style type=\"text\/css\" data-created_by=\"avia_inline_auto\" id=\"style-css-av-k7z57foz-0f214410627381e28532d8c06e74ede8\">\n.avia-image-container.av-k7z57foz-0f214410627381e28532d8c06e74ede8 img.avia_image{\nbox-shadow:none;\n}\n.avia-image-container.av-k7z57foz-0f214410627381e28532d8c06e74ede8 .av-image-caption-overlay-center{\ncolor:#ffffff;\n}\n<\/style>\n<div  class='avia-image-container av-k7z57foz-0f214410627381e28532d8c06e74ede8 av-styling-no-styling avia-align-center  avia-builder-el-2  avia-builder-el-no-sibling '   itemprop=\"image\" itemscope=\"itemscope\" itemtype=\"https:\/\/schema.org\/ImageObject\" ><div class=\"avia-image-container-inner\"><div class=\"avia-image-overlay-wrap\"><img decoding=\"async\" fetchpriority=\"high\" class='wp-image-2420 avia-img-lazy-loading-not-2420 avia_image ' src=\"https:\/\/dfvcg-events.de\/experience-day\/wp-content\/uploads\/sites\/60\/2025\/10\/Otto-Claus-Dominique-congstar-web.jpg\" alt='' title='Otto-Claus-Dominique-congstar-web'  height=\"500\" width=\"400\"  itemprop=\"thumbnailUrl\"  \/><\/div><\/div><\/div><\/div>\n<style type=\"text\/css\" data-created_by=\"avia_inline_auto\" id=\"style-css-av-q939-36bd9e2970eba44b209398e6adaba9f5\">\n.flex_column.av-q939-36bd9e2970eba44b209398e6adaba9f5{\nborder-radius:0px 0px 0px 0px;\npadding:0px 0px 0px 0px;\n}\n<\/style>\n<div  class='flex_column av-q939-36bd9e2970eba44b209398e6adaba9f5 av_three_fourth  avia-builder-el-3  el_after_av_one_fourth  avia-builder-el-last  flex_column_div av-zero-column-padding  '     ><p>\n<style type=\"text\/css\" data-created_by=\"avia_inline_auto\" id=\"style-css-av-kaux4tv8-bd9715ca0d446f6dfb58a478952fb137\">\n#top .av-special-heading.av-kaux4tv8-bd9715ca0d446f6dfb58a478952fb137{\npadding-bottom:10px;\n}\nbody .av-special-heading.av-kaux4tv8-bd9715ca0d446f6dfb58a478952fb137 .av-special-heading-tag .heading-char{\nfont-size:25px;\n}\n.av-special-heading.av-kaux4tv8-bd9715ca0d446f6dfb58a478952fb137 .av-subheading{\nfont-size:19px;\n}\n<\/style>\n<div  class='av-special-heading av-kaux4tv8-bd9715ca0d446f6dfb58a478952fb137 av-special-heading-h2 meta-heading blockquote modern-quote  avia-builder-el-4  el_before_av_textblock  avia-builder-el-first '><h2 class='av-special-heading-tag '  itemprop=\"headline\"  >Claus-Dominique Otto<\/h2><div class='av-subheading av-subheading_below'><p>Leiter Brand &amp; Content<br \/>\ncongstar<\/p>\n<\/div><div class=\"special-heading-border\"><div class=\"special-heading-inner-border\"><\/div><\/div><\/div><br \/>\n<section  class='av_textblock_section av-k7yuci90-a18c0bcded5d1c9d05f50a7123e6837d '   itemscope=\"itemscope\" itemtype=\"https:\/\/schema.org\/CreativeWork\" ><div class='avia_textblock'  itemprop=\"text\" ><p>Claus-Dominique Otto leitet gemeinsam mit Maike Schmidt das Team Brand &amp; Content bei congstar und verantwortet die Neukundengewinnung durch die Marken- und Produktkommunikation. Nach seinem Start in der Media-Branche bei MediaCom, wo er in der strategischen Planung f\u00fcr Marken wie Procter &amp; Gamble und die Deutsche Telekom t\u00e4tig war, wechselte er 2011 zu congstar. Dort baute er die strategische Kommunikation mit auf und \u00fcbernahm 2021 die Teamleitung. Sein Fokus liegt darauf, Kundinnen und Kunden wirklich zu verstehen, um sie mit mutigen und relevanten Kommunikationsans\u00e4tzen effizient und effektiv zu erreichen \u2013 ein entscheidender Erfolgsfaktor f\u00fcr congstar im wettbewerbsintensiven Telekommunikationsmarkt.<\/p>\n<\/div><\/section><\/p><\/div>\n","protected":false},"excerpt":{"rendered":"<p>congstar<\/p>\n","protected":false},"author":34,"featured_media":2420,"comment_status":"closed","ping_status":"closed","template":"","meta":{"footnotes":""},"tags":[],"portfolio_entries":[4,52],"class_list":["post-2419","portfolio","type-portfolio","status-publish","has-post-thumbnail","hentry","portfolio_entries-vortragend-feature","portfolio_entries-vortragende-2025"],"yoast_head":"<!-- This site is optimized with the Yoast SEO plugin v27.4 - https:\/\/yoast.com\/product\/yoast-seo-wordpress\/ -->\n<title>Referent: Claus-Dominique Otto | Experience Day<\/title>\n<meta name=\"description\" content=\"Experience Day | Begr\u00fc\u00dfen Sie auf der B\u00fchne: Claus-Dominique Otto\" \/>\n<meta name=\"robots\" content=\"index, follow, max-snippet:-1, max-image-preview:large, max-video-preview:-1\" \/>\n<link rel=\"canonical\" href=\"https:\/\/dfvcg-events.de\/experience-day\/vortragend\/claus-dominique-otto\/\" \/>\n<meta property=\"og:locale\" content=\"de_DE\" \/>\n<meta property=\"og:type\" content=\"article\" \/>\n<meta property=\"og:title\" content=\"Referent: Claus-Dominique Otto | Experience Day\" \/>\n<meta property=\"og:description\" content=\"Experience Day | Begr\u00fc\u00dfen Sie auf der B\u00fchne: Claus-Dominique Otto\" \/>\n<meta property=\"og:url\" content=\"https:\/\/dfvcg-events.de\/experience-day\/vortragend\/claus-dominique-otto\/\" \/>\n<meta property=\"og:site_name\" content=\"Experience Day\" \/>\n<meta property=\"og:image\" content=\"https:\/\/dfvcg-events.de\/experience-day\/wp-content\/uploads\/sites\/60\/2025\/10\/Otto-Claus-Dominique-congstar-web.jpg\" \/>\n\t<meta property=\"og:image:width\" content=\"400\" \/>\n\t<meta property=\"og:image:height\" content=\"500\" \/>\n\t<meta property=\"og:image:type\" content=\"image\/jpeg\" \/>\n<meta name=\"twitter:card\" content=\"summary_large_image\" \/>\n<meta name=\"twitter:label1\" content=\"Gesch\u00e4tzte Lesezeit\" \/>\n\t<meta name=\"twitter:data1\" content=\"1\u00a0Minute\" \/>\n<script type=\"application\/ld+json\" class=\"yoast-schema-graph\">{\"@context\":\"https:\\\/\\\/schema.org\",\"@graph\":[{\"@type\":\"WebPage\",\"@id\":\"https:\\\/\\\/dfvcg-events.de\\\/experience-day\\\/vortragend\\\/claus-dominique-otto\\\/\",\"url\":\"https:\\\/\\\/dfvcg-events.de\\\/experience-day\\\/vortragend\\\/claus-dominique-otto\\\/\",\"name\":\"Referent: Claus-Dominique Otto | Experience Day\",\"isPartOf\":{\"@id\":\"https:\\\/\\\/dfvcg-events.de\\\/experience-day\\\/#website\"},\"primaryImageOfPage\":{\"@id\":\"https:\\\/\\\/dfvcg-events.de\\\/experience-day\\\/vortragend\\\/claus-dominique-otto\\\/#primaryimage\"},\"image\":{\"@id\":\"https:\\\/\\\/dfvcg-events.de\\\/experience-day\\\/vortragend\\\/claus-dominique-otto\\\/#primaryimage\"},\"thumbnailUrl\":\"https:\\\/\\\/dfvcg-events.de\\\/experience-day\\\/wp-content\\\/uploads\\\/sites\\\/60\\\/2025\\\/10\\\/Otto-Claus-Dominique-congstar-web.jpg\",\"datePublished\":\"2025-10-20T16:32:49+00:00\",\"description\":\"Experience Day | Begr\u00fc\u00dfen Sie auf der B\u00fchne: Claus-Dominique Otto\",\"breadcrumb\":{\"@id\":\"https:\\\/\\\/dfvcg-events.de\\\/experience-day\\\/vortragend\\\/claus-dominique-otto\\\/#breadcrumb\"},\"inLanguage\":\"de\",\"potentialAction\":[{\"@type\":\"ReadAction\",\"target\":[\"https:\\\/\\\/dfvcg-events.de\\\/experience-day\\\/vortragend\\\/claus-dominique-otto\\\/\"]}]},{\"@type\":\"ImageObject\",\"inLanguage\":\"de\",\"@id\":\"https:\\\/\\\/dfvcg-events.de\\\/experience-day\\\/vortragend\\\/claus-dominique-otto\\\/#primaryimage\",\"url\":\"https:\\\/\\\/dfvcg-events.de\\\/experience-day\\\/wp-content\\\/uploads\\\/sites\\\/60\\\/2025\\\/10\\\/Otto-Claus-Dominique-congstar-web.jpg\",\"contentUrl\":\"https:\\\/\\\/dfvcg-events.de\\\/experience-day\\\/wp-content\\\/uploads\\\/sites\\\/60\\\/2025\\\/10\\\/Otto-Claus-Dominique-congstar-web.jpg\",\"width\":400,\"height\":500},{\"@type\":\"BreadcrumbList\",\"@id\":\"https:\\\/\\\/dfvcg-events.de\\\/experience-day\\\/vortragend\\\/claus-dominique-otto\\\/#breadcrumb\",\"itemListElement\":[{\"@type\":\"ListItem\",\"position\":1,\"name\":\"Startseite\",\"item\":\"https:\\\/\\\/dfvcg-events.de\\\/experience-day\\\/\"},{\"@type\":\"ListItem\",\"position\":2,\"name\":\"Claus-Dominique Otto\"}]},{\"@type\":\"WebSite\",\"@id\":\"https:\\\/\\\/dfvcg-events.de\\\/experience-day\\\/#website\",\"url\":\"https:\\\/\\\/dfvcg-events.de\\\/experience-day\\\/\",\"name\":\"Experience Day\",\"description\":\"Jahrestreff f\u00fcr Marketeers, Mediamacher:innen und Medien\",\"publisher\":{\"@id\":\"https:\\\/\\\/dfvcg-events.de\\\/experience-day\\\/#organization\"},\"alternateName\":\"dfv Conference Group\",\"potentialAction\":[{\"@type\":\"SearchAction\",\"target\":{\"@type\":\"EntryPoint\",\"urlTemplate\":\"https:\\\/\\\/dfvcg-events.de\\\/experience-day\\\/?s={search_term_string}\"},\"query-input\":{\"@type\":\"PropertyValueSpecification\",\"valueRequired\":true,\"valueName\":\"search_term_string\"}}],\"inLanguage\":\"de\"},{\"@type\":\"Organization\",\"@id\":\"https:\\\/\\\/dfvcg-events.de\\\/experience-day\\\/#organization\",\"name\":\"Experience Day\",\"alternateName\":\"dfv Conference Group\",\"url\":\"https:\\\/\\\/dfvcg-events.de\\\/experience-day\\\/\",\"logo\":{\"@type\":\"ImageObject\",\"inLanguage\":\"de\",\"@id\":\"https:\\\/\\\/dfvcg-events.de\\\/experience-day\\\/#\\\/schema\\\/logo\\\/image\\\/\",\"url\":\"https:\\\/\\\/dfvcg-events.de\\\/experience-day\\\/wp-content\\\/uploads\\\/sites\\\/60\\\/2025\\\/01\\\/dfvcg-experience-Teaser-800x800-Datum.jpg\",\"contentUrl\":\"https:\\\/\\\/dfvcg-events.de\\\/experience-day\\\/wp-content\\\/uploads\\\/sites\\\/60\\\/2025\\\/01\\\/dfvcg-experience-Teaser-800x800-Datum.jpg\",\"width\":800,\"height\":800,\"caption\":\"Experience Day\"},\"image\":{\"@id\":\"https:\\\/\\\/dfvcg-events.de\\\/experience-day\\\/#\\\/schema\\\/logo\\\/image\\\/\"}}]}<\/script>\n<!-- \/ Yoast SEO plugin. -->","yoast_head_json":{"title":"Referent: Claus-Dominique Otto | Experience Day","description":"Experience Day | Begr\u00fc\u00dfen Sie auf der B\u00fchne: Claus-Dominique Otto","robots":{"index":"index","follow":"follow","max-snippet":"max-snippet:-1","max-image-preview":"max-image-preview:large","max-video-preview":"max-video-preview:-1"},"canonical":"https:\/\/dfvcg-events.de\/experience-day\/vortragend\/claus-dominique-otto\/","og_locale":"de_DE","og_type":"article","og_title":"Referent: Claus-Dominique Otto | Experience Day","og_description":"Experience Day | Begr\u00fc\u00dfen Sie auf der B\u00fchne: Claus-Dominique Otto","og_url":"https:\/\/dfvcg-events.de\/experience-day\/vortragend\/claus-dominique-otto\/","og_site_name":"Experience Day","og_image":[{"width":400,"height":500,"url":"https:\/\/dfvcg-events.de\/experience-day\/wp-content\/uploads\/sites\/60\/2025\/10\/Otto-Claus-Dominique-congstar-web.jpg","type":"image\/jpeg"}],"twitter_card":"summary_large_image","twitter_misc":{"Gesch\u00e4tzte Lesezeit":"1\u00a0Minute"},"schema":{"@context":"https:\/\/schema.org","@graph":[{"@type":"WebPage","@id":"https:\/\/dfvcg-events.de\/experience-day\/vortragend\/claus-dominique-otto\/","url":"https:\/\/dfvcg-events.de\/experience-day\/vortragend\/claus-dominique-otto\/","name":"Referent: Claus-Dominique Otto | Experience Day","isPartOf":{"@id":"https:\/\/dfvcg-events.de\/experience-day\/#website"},"primaryImageOfPage":{"@id":"https:\/\/dfvcg-events.de\/experience-day\/vortragend\/claus-dominique-otto\/#primaryimage"},"image":{"@id":"https:\/\/dfvcg-events.de\/experience-day\/vortragend\/claus-dominique-otto\/#primaryimage"},"thumbnailUrl":"https:\/\/dfvcg-events.de\/experience-day\/wp-content\/uploads\/sites\/60\/2025\/10\/Otto-Claus-Dominique-congstar-web.jpg","datePublished":"2025-10-20T16:32:49+00:00","description":"Experience Day | Begr\u00fc\u00dfen Sie auf der B\u00fchne: Claus-Dominique Otto","breadcrumb":{"@id":"https:\/\/dfvcg-events.de\/experience-day\/vortragend\/claus-dominique-otto\/#breadcrumb"},"inLanguage":"de","potentialAction":[{"@type":"ReadAction","target":["https:\/\/dfvcg-events.de\/experience-day\/vortragend\/claus-dominique-otto\/"]}]},{"@type":"ImageObject","inLanguage":"de","@id":"https:\/\/dfvcg-events.de\/experience-day\/vortragend\/claus-dominique-otto\/#primaryimage","url":"https:\/\/dfvcg-events.de\/experience-day\/wp-content\/uploads\/sites\/60\/2025\/10\/Otto-Claus-Dominique-congstar-web.jpg","contentUrl":"https:\/\/dfvcg-events.de\/experience-day\/wp-content\/uploads\/sites\/60\/2025\/10\/Otto-Claus-Dominique-congstar-web.jpg","width":400,"height":500},{"@type":"BreadcrumbList","@id":"https:\/\/dfvcg-events.de\/experience-day\/vortragend\/claus-dominique-otto\/#breadcrumb","itemListElement":[{"@type":"ListItem","position":1,"name":"Startseite","item":"https:\/\/dfvcg-events.de\/experience-day\/"},{"@type":"ListItem","position":2,"name":"Claus-Dominique Otto"}]},{"@type":"WebSite","@id":"https:\/\/dfvcg-events.de\/experience-day\/#website","url":"https:\/\/dfvcg-events.de\/experience-day\/","name":"Experience Day","description":"Jahrestreff f\u00fcr Marketeers, Mediamacher:innen und Medien","publisher":{"@id":"https:\/\/dfvcg-events.de\/experience-day\/#organization"},"alternateName":"dfv Conference Group","potentialAction":[{"@type":"SearchAction","target":{"@type":"EntryPoint","urlTemplate":"https:\/\/dfvcg-events.de\/experience-day\/?s={search_term_string}"},"query-input":{"@type":"PropertyValueSpecification","valueRequired":true,"valueName":"search_term_string"}}],"inLanguage":"de"},{"@type":"Organization","@id":"https:\/\/dfvcg-events.de\/experience-day\/#organization","name":"Experience Day","alternateName":"dfv Conference Group","url":"https:\/\/dfvcg-events.de\/experience-day\/","logo":{"@type":"ImageObject","inLanguage":"de","@id":"https:\/\/dfvcg-events.de\/experience-day\/#\/schema\/logo\/image\/","url":"https:\/\/dfvcg-events.de\/experience-day\/wp-content\/uploads\/sites\/60\/2025\/01\/dfvcg-experience-Teaser-800x800-Datum.jpg","contentUrl":"https:\/\/dfvcg-events.de\/experience-day\/wp-content\/uploads\/sites\/60\/2025\/01\/dfvcg-experience-Teaser-800x800-Datum.jpg","width":800,"height":800,"caption":"Experience Day"},"image":{"@id":"https:\/\/dfvcg-events.de\/experience-day\/#\/schema\/logo\/image\/"}}]}},"_links":{"self":[{"href":"https:\/\/dfvcg-events.de\/experience-day\/wp-json\/wp\/v2\/portfolio\/2419","targetHints":{"allow":["GET"]}}],"collection":[{"href":"https:\/\/dfvcg-events.de\/experience-day\/wp-json\/wp\/v2\/portfolio"}],"about":[{"href":"https:\/\/dfvcg-events.de\/experience-day\/wp-json\/wp\/v2\/types\/portfolio"}],"author":[{"embeddable":true,"href":"https:\/\/dfvcg-events.de\/experience-day\/wp-json\/wp\/v2\/users\/34"}],"replies":[{"embeddable":true,"href":"https:\/\/dfvcg-events.de\/experience-day\/wp-json\/wp\/v2\/comments?post=2419"}],"version-history":[{"count":2,"href":"https:\/\/dfvcg-events.de\/experience-day\/wp-json\/wp\/v2\/portfolio\/2419\/revisions"}],"predecessor-version":[{"id":2422,"href":"https:\/\/dfvcg-events.de\/experience-day\/wp-json\/wp\/v2\/portfolio\/2419\/revisions\/2422"}],"wp:featuredmedia":[{"embeddable":true,"href":"https:\/\/dfvcg-events.de\/experience-day\/wp-json\/wp\/v2\/media\/2420"}],"wp:attachment":[{"href":"https:\/\/dfvcg-events.de\/experience-day\/wp-json\/wp\/v2\/media?parent=2419"}],"wp:term":[{"taxonomy":"post_tag","embeddable":true,"href":"https:\/\/dfvcg-events.de\/experience-day\/wp-json\/wp\/v2\/tags?post=2419"},{"taxonomy":"portfolio_entries","embeddable":true,"href":"https:\/\/dfvcg-events.de\/experience-day\/wp-json\/wp\/v2\/portfolio_entries?post=2419"}],"curies":[{"name":"wp","href":"https:\/\/api.w.org\/{rel}","templated":true}]}}