{"id":2030,"date":"2025-07-30T11:29:04","date_gmt":"2025-07-30T09:29:04","guid":{"rendered":"https:\/\/dfvcg-events.de\/experience-day\/?post_type=portfolio&#038;p=2030"},"modified":"2025-08-01T19:07:37","modified_gmt":"2025-08-01T17:07:37","slug":"dr-med-traugott-ullrich","status":"publish","type":"portfolio","link":"https:\/\/dfvcg-events.de\/experience-day\/vortragend\/dr-med-traugott-ullrich\/","title":{"rendered":"Dr. med. Traugott Ullrich"},"content":{"rendered":"<div id='av_section_1'  class='avia-section av-k7yuhjt1-a783d814e2fc857f3cacc95bc1ef5381 main_color avia-section-default avia-no-border-styling  avia-builder-el-0  el_before_av_textblock  avia-builder-el-first  avia-bg-style-scroll av-minimum-height av-minimum-height-50 av-height-50  container_wrap fullsize'   data-av_minimum_height_pc='50' data-av_min_height_opt='50'><div class='container av-section-cont-open' ><main  role=\"main\" itemprop=\"mainContentOfPage\"  class='template-page content  av-content-full alpha units'><div class='post-entry post-entry-type-page post-entry-2030'><div class='entry-content-wrapper clearfix'>\n\n<style type=\"text\/css\" data-created_by=\"avia_inline_auto\" id=\"style-css-av-1hpil-0aefe2f1e90c83a225330af7bd6248ca\">\n.flex_column.av-1hpil-0aefe2f1e90c83a225330af7bd6248ca{\nborder-radius:0px 0px 0px 0px;\npadding:0px 0px 0px 0px;\n}\n<\/style>\n<div  class='flex_column av-1hpil-0aefe2f1e90c83a225330af7bd6248ca av_one_fourth  avia-builder-el-1  el_before_av_three_fourth  avia-builder-el-first  first flex_column_div av-zero-column-padding  '     ><style type=\"text\/css\" data-created_by=\"avia_inline_auto\" id=\"style-css-av-k7z57foz-1e693978c0a445995674423de017962b\">\n.avia-image-container.av-k7z57foz-1e693978c0a445995674423de017962b img.avia_image{\nbox-shadow:none;\n}\n.avia-image-container.av-k7z57foz-1e693978c0a445995674423de017962b .av-image-caption-overlay-center{\ncolor:#ffffff;\n}\n<\/style>\n<div  class='avia-image-container av-k7z57foz-1e693978c0a445995674423de017962b av-styling-no-styling avia-align-center  avia-builder-el-2  avia-builder-el-no-sibling '   itemprop=\"image\" itemscope=\"itemscope\" itemtype=\"https:\/\/schema.org\/ImageObject\" ><div class=\"avia-image-container-inner\"><div class=\"avia-image-overlay-wrap\"><img decoding=\"async\" fetchpriority=\"high\" class='wp-image-2031 avia-img-lazy-loading-not-2031 avia_image ' src=\"https:\/\/dfvcg-events.de\/experience-day\/wp-content\/uploads\/sites\/60\/2025\/07\/Ullrich-Dr.-Traugott-Dr.-Willmar-Schwabe-Copyright-BAH_Mike-Fuchs-web.jpg\" alt='' title='Ullrich-Dr.-Traugott-Dr. Willmar Schwabe-Copyright BAH_Mike Fuchs-web'  height=\"500\" width=\"400\"  itemprop=\"thumbnailUrl\"  \/><\/div><\/div><\/div><\/div>\n<style type=\"text\/css\" data-created_by=\"avia_inline_auto\" id=\"style-css-av-q939-36bd9e2970eba44b209398e6adaba9f5\">\n.flex_column.av-q939-36bd9e2970eba44b209398e6adaba9f5{\nborder-radius:0px 0px 0px 0px;\npadding:0px 0px 0px 0px;\n}\n<\/style>\n<div  class='flex_column av-q939-36bd9e2970eba44b209398e6adaba9f5 av_three_fourth  avia-builder-el-3  el_after_av_one_fourth  avia-builder-el-last  flex_column_div av-zero-column-padding  '     ><p>\n<style type=\"text\/css\" data-created_by=\"avia_inline_auto\" id=\"style-css-av-kaux4tv8-fd72680d3adc62de78f0a63751cb8fd3\">\n#top .av-special-heading.av-kaux4tv8-fd72680d3adc62de78f0a63751cb8fd3{\npadding-bottom:10px;\n}\nbody .av-special-heading.av-kaux4tv8-fd72680d3adc62de78f0a63751cb8fd3 .av-special-heading-tag .heading-char{\nfont-size:25px;\n}\n.av-special-heading.av-kaux4tv8-fd72680d3adc62de78f0a63751cb8fd3 .av-subheading{\nfont-size:19px;\n}\n<\/style>\n<div  class='av-special-heading av-kaux4tv8-fd72680d3adc62de78f0a63751cb8fd3 av-special-heading-h2 meta-heading blockquote modern-quote  avia-builder-el-4  el_before_av_textblock  avia-builder-el-first '><h2 class='av-special-heading-tag '  itemprop=\"headline\"  >Dr. med. Traugott Ullrich<\/h2><div class='av-subheading av-subheading_below'><p>General Manager Marketing,<br \/>\nMedical &amp; Sales Germany<br \/>\nDr. Willmar Schwabe<\/p>\n<\/div><div class=\"special-heading-border\"><div class=\"special-heading-inner-border\"><\/div><\/div><\/div><br \/>\n<section  class='av_textblock_section av-mdprkf37-386880d950bb5de138315e3d7462d6b4 '   itemscope=\"itemscope\" itemtype=\"https:\/\/schema.org\/CreativeWork\" ><div class='avia_textblock'  itemprop=\"text\" ><p>Der Mediziner und Betriebswirt verantwortet als General Manager Marketing, Medical &amp; Sales das Deutschlandgesch\u00e4ft von Dr. Willmar Schwabe, einem global agierenden mittelst\u00e4ndischen Unternehmen, das weltweit eine f\u00fchrende Stellung im Bereich pflanzlicher Arzneimittel einnimmt.<br \/>\nJenseits der operativen Aufgaben ist er intensiv eingebunden in die internationale strategische Gesch\u00e4ftsentwicklung einschlie\u00dflich der Digitalperspektive. Als stv. Vorsitzender des Vorstandes von Pharma Deutschland e.V. und stv. Vorsitzender des Vorstandes der Association of the European Self-Medication Industry (AESGP) arbeitet er aktiv an der Gestaltung der gesundheitspolitischen Rahmenbedingungen f\u00fcr OTC-Unternehmen in Deutschland und Europa mit.<\/p>\n<\/div><\/section><\/p><\/div><\/div><\/div><\/main><!-- close content main element --><\/div><\/div><div id='after_section_1'  class='main_color av_default_container_wrap container_wrap fullsize'  ><div class='container av-section-cont-open' ><div class='template-page content  av-content-full alpha units'><div class='post-entry post-entry-type-page post-entry-2030'><div class='entry-content-wrapper clearfix'><section  class='av_textblock_section av-av_textblock-9ee6daaf882f31bf75966532cda9493c '   itemscope=\"itemscope\" itemtype=\"https:\/\/schema.org\/CreativeWork\" ><div class='avia_textblock'  itemprop=\"text\" ><p>Klicke hier, um Ihren eigenen Text einzuf\u00fcgen<\/p>\n<\/div><\/section><\/p>\n","protected":false},"excerpt":{"rendered":"<p>Dr. Willmar Schwabe<\/p>\n","protected":false},"author":34,"featured_media":2031,"comment_status":"closed","ping_status":"closed","template":"","meta":{"footnotes":""},"tags":[],"portfolio_entries":[4,52],"class_list":["post-2030","portfolio","type-portfolio","status-publish","has-post-thumbnail","hentry","portfolio_entries-vortragend-feature","portfolio_entries-vortragende-2025"],"yoast_head":"<!-- This site is optimized with the Yoast SEO plugin v27.4 - https:\/\/yoast.com\/product\/yoast-seo-wordpress\/ -->\n<title>Referent: Dr. med. Traugott Ullrich | Experience Day<\/title>\n<meta name=\"description\" content=\"Experience Day | Begr\u00fc\u00dfen Sie auf der B\u00fchne: Dr. med. Traugott Ullrich\" \/>\n<meta name=\"robots\" content=\"index, follow, max-snippet:-1, max-image-preview:large, max-video-preview:-1\" \/>\n<link rel=\"canonical\" href=\"https:\/\/dfvcg-events.de\/experience-day\/vortragend\/dr-med-traugott-ullrich\/\" \/>\n<meta property=\"og:locale\" content=\"de_DE\" \/>\n<meta property=\"og:type\" content=\"article\" \/>\n<meta property=\"og:title\" content=\"Referent: Dr. med. Traugott Ullrich | Experience Day\" \/>\n<meta property=\"og:description\" content=\"Experience Day | Begr\u00fc\u00dfen Sie auf der B\u00fchne: Dr. med. Traugott Ullrich\" \/>\n<meta property=\"og:url\" content=\"https:\/\/dfvcg-events.de\/experience-day\/vortragend\/dr-med-traugott-ullrich\/\" \/>\n<meta property=\"og:site_name\" content=\"Experience Day\" \/>\n<meta property=\"article:modified_time\" content=\"2025-08-01T17:07:37+00:00\" \/>\n<meta property=\"og:image\" content=\"https:\/\/dfvcg-events.de\/experience-day\/wp-content\/uploads\/sites\/60\/2025\/07\/Ullrich-Dr.-Traugott-Dr.-Willmar-Schwabe-Copyright-BAH_Mike-Fuchs-web.jpg\" \/>\n\t<meta property=\"og:image:width\" content=\"400\" \/>\n\t<meta property=\"og:image:height\" content=\"500\" \/>\n\t<meta property=\"og:image:type\" content=\"image\/jpeg\" \/>\n<meta name=\"twitter:card\" content=\"summary_large_image\" \/>\n<meta name=\"twitter:label1\" content=\"Gesch\u00e4tzte Lesezeit\" \/>\n\t<meta name=\"twitter:data1\" content=\"1\u00a0Minute\" \/>\n<script type=\"application\/ld+json\" class=\"yoast-schema-graph\">{\"@context\":\"https:\\\/\\\/schema.org\",\"@graph\":[{\"@type\":\"WebPage\",\"@id\":\"https:\\\/\\\/dfvcg-events.de\\\/experience-day\\\/vortragend\\\/dr-med-traugott-ullrich\\\/\",\"url\":\"https:\\\/\\\/dfvcg-events.de\\\/experience-day\\\/vortragend\\\/dr-med-traugott-ullrich\\\/\",\"name\":\"Referent: Dr. med. Traugott Ullrich | Experience Day\",\"isPartOf\":{\"@id\":\"https:\\\/\\\/dfvcg-events.de\\\/experience-day\\\/#website\"},\"primaryImageOfPage\":{\"@id\":\"https:\\\/\\\/dfvcg-events.de\\\/experience-day\\\/vortragend\\\/dr-med-traugott-ullrich\\\/#primaryimage\"},\"image\":{\"@id\":\"https:\\\/\\\/dfvcg-events.de\\\/experience-day\\\/vortragend\\\/dr-med-traugott-ullrich\\\/#primaryimage\"},\"thumbnailUrl\":\"https:\\\/\\\/dfvcg-events.de\\\/experience-day\\\/wp-content\\\/uploads\\\/sites\\\/60\\\/2025\\\/07\\\/Ullrich-Dr.-Traugott-Dr.-Willmar-Schwabe-Copyright-BAH_Mike-Fuchs-web.jpg\",\"datePublished\":\"2025-07-30T09:29:04+00:00\",\"dateModified\":\"2025-08-01T17:07:37+00:00\",\"description\":\"Experience Day | Begr\u00fc\u00dfen Sie auf der B\u00fchne: Dr. med. Traugott Ullrich\",\"breadcrumb\":{\"@id\":\"https:\\\/\\\/dfvcg-events.de\\\/experience-day\\\/vortragend\\\/dr-med-traugott-ullrich\\\/#breadcrumb\"},\"inLanguage\":\"de\",\"potentialAction\":[{\"@type\":\"ReadAction\",\"target\":[\"https:\\\/\\\/dfvcg-events.de\\\/experience-day\\\/vortragend\\\/dr-med-traugott-ullrich\\\/\"]}]},{\"@type\":\"ImageObject\",\"inLanguage\":\"de\",\"@id\":\"https:\\\/\\\/dfvcg-events.de\\\/experience-day\\\/vortragend\\\/dr-med-traugott-ullrich\\\/#primaryimage\",\"url\":\"https:\\\/\\\/dfvcg-events.de\\\/experience-day\\\/wp-content\\\/uploads\\\/sites\\\/60\\\/2025\\\/07\\\/Ullrich-Dr.-Traugott-Dr.-Willmar-Schwabe-Copyright-BAH_Mike-Fuchs-web.jpg\",\"contentUrl\":\"https:\\\/\\\/dfvcg-events.de\\\/experience-day\\\/wp-content\\\/uploads\\\/sites\\\/60\\\/2025\\\/07\\\/Ullrich-Dr.-Traugott-Dr.-Willmar-Schwabe-Copyright-BAH_Mike-Fuchs-web.jpg\",\"width\":400,\"height\":500},{\"@type\":\"BreadcrumbList\",\"@id\":\"https:\\\/\\\/dfvcg-events.de\\\/experience-day\\\/vortragend\\\/dr-med-traugott-ullrich\\\/#breadcrumb\",\"itemListElement\":[{\"@type\":\"ListItem\",\"position\":1,\"name\":\"Startseite\",\"item\":\"https:\\\/\\\/dfvcg-events.de\\\/experience-day\\\/\"},{\"@type\":\"ListItem\",\"position\":2,\"name\":\"Dr. med. Traugott Ullrich\"}]},{\"@type\":\"WebSite\",\"@id\":\"https:\\\/\\\/dfvcg-events.de\\\/experience-day\\\/#website\",\"url\":\"https:\\\/\\\/dfvcg-events.de\\\/experience-day\\\/\",\"name\":\"Experience Day\",\"description\":\"Jahrestreff f\u00fcr Marketeers, Mediamacher:innen und Medien\",\"publisher\":{\"@id\":\"https:\\\/\\\/dfvcg-events.de\\\/experience-day\\\/#organization\"},\"alternateName\":\"dfv Conference Group\",\"potentialAction\":[{\"@type\":\"SearchAction\",\"target\":{\"@type\":\"EntryPoint\",\"urlTemplate\":\"https:\\\/\\\/dfvcg-events.de\\\/experience-day\\\/?s={search_term_string}\"},\"query-input\":{\"@type\":\"PropertyValueSpecification\",\"valueRequired\":true,\"valueName\":\"search_term_string\"}}],\"inLanguage\":\"de\"},{\"@type\":\"Organization\",\"@id\":\"https:\\\/\\\/dfvcg-events.de\\\/experience-day\\\/#organization\",\"name\":\"Experience Day\",\"alternateName\":\"dfv Conference Group\",\"url\":\"https:\\\/\\\/dfvcg-events.de\\\/experience-day\\\/\",\"logo\":{\"@type\":\"ImageObject\",\"inLanguage\":\"de\",\"@id\":\"https:\\\/\\\/dfvcg-events.de\\\/experience-day\\\/#\\\/schema\\\/logo\\\/image\\\/\",\"url\":\"https:\\\/\\\/dfvcg-events.de\\\/experience-day\\\/wp-content\\\/uploads\\\/sites\\\/60\\\/2025\\\/01\\\/dfvcg-experience-Teaser-800x800-Datum.jpg\",\"contentUrl\":\"https:\\\/\\\/dfvcg-events.de\\\/experience-day\\\/wp-content\\\/uploads\\\/sites\\\/60\\\/2025\\\/01\\\/dfvcg-experience-Teaser-800x800-Datum.jpg\",\"width\":800,\"height\":800,\"caption\":\"Experience Day\"},\"image\":{\"@id\":\"https:\\\/\\\/dfvcg-events.de\\\/experience-day\\\/#\\\/schema\\\/logo\\\/image\\\/\"}}]}<\/script>\n<!-- \/ Yoast SEO plugin. -->","yoast_head_json":{"title":"Referent: Dr. med. Traugott Ullrich | Experience Day","description":"Experience Day | Begr\u00fc\u00dfen Sie auf der B\u00fchne: Dr. med. Traugott Ullrich","robots":{"index":"index","follow":"follow","max-snippet":"max-snippet:-1","max-image-preview":"max-image-preview:large","max-video-preview":"max-video-preview:-1"},"canonical":"https:\/\/dfvcg-events.de\/experience-day\/vortragend\/dr-med-traugott-ullrich\/","og_locale":"de_DE","og_type":"article","og_title":"Referent: Dr. med. Traugott Ullrich | Experience Day","og_description":"Experience Day | Begr\u00fc\u00dfen Sie auf der B\u00fchne: Dr. med. Traugott Ullrich","og_url":"https:\/\/dfvcg-events.de\/experience-day\/vortragend\/dr-med-traugott-ullrich\/","og_site_name":"Experience Day","article_modified_time":"2025-08-01T17:07:37+00:00","og_image":[{"width":400,"height":500,"url":"https:\/\/dfvcg-events.de\/experience-day\/wp-content\/uploads\/sites\/60\/2025\/07\/Ullrich-Dr.-Traugott-Dr.-Willmar-Schwabe-Copyright-BAH_Mike-Fuchs-web.jpg","type":"image\/jpeg"}],"twitter_card":"summary_large_image","twitter_misc":{"Gesch\u00e4tzte Lesezeit":"1\u00a0Minute"},"schema":{"@context":"https:\/\/schema.org","@graph":[{"@type":"WebPage","@id":"https:\/\/dfvcg-events.de\/experience-day\/vortragend\/dr-med-traugott-ullrich\/","url":"https:\/\/dfvcg-events.de\/experience-day\/vortragend\/dr-med-traugott-ullrich\/","name":"Referent: Dr. med. Traugott Ullrich | Experience Day","isPartOf":{"@id":"https:\/\/dfvcg-events.de\/experience-day\/#website"},"primaryImageOfPage":{"@id":"https:\/\/dfvcg-events.de\/experience-day\/vortragend\/dr-med-traugott-ullrich\/#primaryimage"},"image":{"@id":"https:\/\/dfvcg-events.de\/experience-day\/vortragend\/dr-med-traugott-ullrich\/#primaryimage"},"thumbnailUrl":"https:\/\/dfvcg-events.de\/experience-day\/wp-content\/uploads\/sites\/60\/2025\/07\/Ullrich-Dr.-Traugott-Dr.-Willmar-Schwabe-Copyright-BAH_Mike-Fuchs-web.jpg","datePublished":"2025-07-30T09:29:04+00:00","dateModified":"2025-08-01T17:07:37+00:00","description":"Experience Day | Begr\u00fc\u00dfen Sie auf der B\u00fchne: Dr. med. Traugott Ullrich","breadcrumb":{"@id":"https:\/\/dfvcg-events.de\/experience-day\/vortragend\/dr-med-traugott-ullrich\/#breadcrumb"},"inLanguage":"de","potentialAction":[{"@type":"ReadAction","target":["https:\/\/dfvcg-events.de\/experience-day\/vortragend\/dr-med-traugott-ullrich\/"]}]},{"@type":"ImageObject","inLanguage":"de","@id":"https:\/\/dfvcg-events.de\/experience-day\/vortragend\/dr-med-traugott-ullrich\/#primaryimage","url":"https:\/\/dfvcg-events.de\/experience-day\/wp-content\/uploads\/sites\/60\/2025\/07\/Ullrich-Dr.-Traugott-Dr.-Willmar-Schwabe-Copyright-BAH_Mike-Fuchs-web.jpg","contentUrl":"https:\/\/dfvcg-events.de\/experience-day\/wp-content\/uploads\/sites\/60\/2025\/07\/Ullrich-Dr.-Traugott-Dr.-Willmar-Schwabe-Copyright-BAH_Mike-Fuchs-web.jpg","width":400,"height":500},{"@type":"BreadcrumbList","@id":"https:\/\/dfvcg-events.de\/experience-day\/vortragend\/dr-med-traugott-ullrich\/#breadcrumb","itemListElement":[{"@type":"ListItem","position":1,"name":"Startseite","item":"https:\/\/dfvcg-events.de\/experience-day\/"},{"@type":"ListItem","position":2,"name":"Dr. med. Traugott Ullrich"}]},{"@type":"WebSite","@id":"https:\/\/dfvcg-events.de\/experience-day\/#website","url":"https:\/\/dfvcg-events.de\/experience-day\/","name":"Experience Day","description":"Jahrestreff f\u00fcr Marketeers, Mediamacher:innen und Medien","publisher":{"@id":"https:\/\/dfvcg-events.de\/experience-day\/#organization"},"alternateName":"dfv Conference Group","potentialAction":[{"@type":"SearchAction","target":{"@type":"EntryPoint","urlTemplate":"https:\/\/dfvcg-events.de\/experience-day\/?s={search_term_string}"},"query-input":{"@type":"PropertyValueSpecification","valueRequired":true,"valueName":"search_term_string"}}],"inLanguage":"de"},{"@type":"Organization","@id":"https:\/\/dfvcg-events.de\/experience-day\/#organization","name":"Experience Day","alternateName":"dfv Conference Group","url":"https:\/\/dfvcg-events.de\/experience-day\/","logo":{"@type":"ImageObject","inLanguage":"de","@id":"https:\/\/dfvcg-events.de\/experience-day\/#\/schema\/logo\/image\/","url":"https:\/\/dfvcg-events.de\/experience-day\/wp-content\/uploads\/sites\/60\/2025\/01\/dfvcg-experience-Teaser-800x800-Datum.jpg","contentUrl":"https:\/\/dfvcg-events.de\/experience-day\/wp-content\/uploads\/sites\/60\/2025\/01\/dfvcg-experience-Teaser-800x800-Datum.jpg","width":800,"height":800,"caption":"Experience Day"},"image":{"@id":"https:\/\/dfvcg-events.de\/experience-day\/#\/schema\/logo\/image\/"}}]}},"_links":{"self":[{"href":"https:\/\/dfvcg-events.de\/experience-day\/wp-json\/wp\/v2\/portfolio\/2030","targetHints":{"allow":["GET"]}}],"collection":[{"href":"https:\/\/dfvcg-events.de\/experience-day\/wp-json\/wp\/v2\/portfolio"}],"about":[{"href":"https:\/\/dfvcg-events.de\/experience-day\/wp-json\/wp\/v2\/types\/portfolio"}],"author":[{"embeddable":true,"href":"https:\/\/dfvcg-events.de\/experience-day\/wp-json\/wp\/v2\/users\/34"}],"replies":[{"embeddable":true,"href":"https:\/\/dfvcg-events.de\/experience-day\/wp-json\/wp\/v2\/comments?post=2030"}],"version-history":[{"count":2,"href":"https:\/\/dfvcg-events.de\/experience-day\/wp-json\/wp\/v2\/portfolio\/2030\/revisions"}],"predecessor-version":[{"id":2453,"href":"https:\/\/dfvcg-events.de\/experience-day\/wp-json\/wp\/v2\/portfolio\/2030\/revisions\/2453"}],"wp:featuredmedia":[{"embeddable":true,"href":"https:\/\/dfvcg-events.de\/experience-day\/wp-json\/wp\/v2\/media\/2031"}],"wp:attachment":[{"href":"https:\/\/dfvcg-events.de\/experience-day\/wp-json\/wp\/v2\/media?parent=2030"}],"wp:term":[{"taxonomy":"post_tag","embeddable":true,"href":"https:\/\/dfvcg-events.de\/experience-day\/wp-json\/wp\/v2\/tags?post=2030"},{"taxonomy":"portfolio_entries","embeddable":true,"href":"https:\/\/dfvcg-events.de\/experience-day\/wp-json\/wp\/v2\/portfolio_entries?post=2030"}],"curies":[{"name":"wp","href":"https:\/\/api.w.org\/{rel}","templated":true}]}}