{"id":1362,"date":"2025-01-20T09:59:46","date_gmt":"2025-01-20T08:59:46","guid":{"rendered":"https:\/\/dfvcg-events.de\/experience-day\/?page_id=1362"},"modified":"2026-03-20T18:06:08","modified_gmt":"2026-03-20T17:06:08","slug":"mvfp","status":"publish","type":"page","link":"https:\/\/dfvcg-events.de\/experience-day\/mvfp\/","title":{"rendered":"MVFP"},"content":{"rendered":"\n<style type=\"text\/css\" data-created_by=\"avia_inline_auto\" id=\"style-css-av-k7yuhjt1-f7a9753df3a06286b422ef7f5509b087\">\n.avia-section.av-k7yuhjt1-f7a9753df3a06286b422ef7f5509b087{\nbackground-color:#000000;\nbackground:linear-gradient( to bottom, #000000, rgba(227,5,19,0.5), #000000 );\n}\n<\/style>\n<div id='av_section_1'  class='avia-section av-k7yuhjt1-f7a9753df3a06286b422ef7f5509b087 main_color avia-section-default avia-no-border-styling  avia-builder-el-0  avia-builder-el-no-sibling  header-farbe avia-bg-style-scroll container_wrap fullsize'  ><div class='container av-section-cont-open' ><main  role=\"main\" itemprop=\"mainContentOfPage\"  class='template-page content  av-content-full alpha units'><div class='post-entry post-entry-type-page post-entry-1362'><div class='entry-content-wrapper clearfix'>\n\n<style type=\"text\/css\" data-created_by=\"avia_inline_auto\" id=\"style-css-av-mdsx3mf9-caeeb8a56c441b977d427dd4780754b9\">\n.avia-image-container.av-mdsx3mf9-caeeb8a56c441b977d427dd4780754b9 img.avia_image{\nbox-shadow:none;\n}\n.avia-image-container.av-mdsx3mf9-caeeb8a56c441b977d427dd4780754b9 .av-image-caption-overlay-center{\ncolor:#ffffff;\n}\n<\/style>\n<div  class='avia-image-container av-mdsx3mf9-caeeb8a56c441b977d427dd4780754b9 av-styling- avia-align-left  avia-builder-el-1  el_before_av_hr  avia-builder-el-first '   itemprop=\"image\" itemscope=\"itemscope\" itemtype=\"https:\/\/schema.org\/ImageObject\" ><div class=\"avia-image-container-inner\"><div class=\"avia-image-overlay-wrap\"><img decoding=\"async\" fetchpriority=\"high\" class='wp-image-1562 avia-img-lazy-loading-not-1562 avia_image ' src=\"https:\/\/dfvcg-events.de\/experience-day\/wp-content\/uploads\/sites\/60\/2025\/01\/mvfp_negativ_vom-Markus.png\" alt='' title='mvfp_negativ_vom Markus'  height=\"92\" width=\"180\"  itemprop=\"thumbnailUrl\" srcset=\"https:\/\/dfvcg-events.de\/experience-day\/wp-content\/uploads\/sites\/60\/2025\/01\/mvfp_negativ_vom-Markus.png 5592w, https:\/\/dfvcg-events.de\/experience-day\/wp-content\/uploads\/sites\/60\/2025\/01\/mvfp_negativ_vom-Markus-705x359.png 705w\" sizes=\"(max-width: 180px) 100vw, 180px\" \/><\/div><\/div><\/div>\n\n<style type=\"text\/css\" data-created_by=\"avia_inline_auto\" id=\"style-css-av-m66o5l4n-df36890fde84efa185cba8d5bf7fad63\">\n#top .hr.hr-invisible.av-m66o5l4n-df36890fde84efa185cba8d5bf7fad63{\nheight:50px;\n}\n<\/style>\n<div  class='hr av-m66o5l4n-df36890fde84efa185cba8d5bf7fad63 hr-invisible  avia-builder-el-2  el_after_av_image  el_before_av_textblock '><span class='hr-inner '><span class=\"hr-inner-style\"><\/span><\/span><\/div>\n\n<style type=\"text\/css\" data-created_by=\"avia_inline_auto\" id=\"style-css-av-m64wgajv-0141ab47f7d681bbabca435c8a9b4999\">\n#top .av_textblock_section.av-m64wgajv-0141ab47f7d681bbabca435c8a9b4999 .avia_textblock{\nfont-size:18px;\n}\n<\/style>\n<section  class='av_textblock_section av-m64wgajv-0141ab47f7d681bbabca435c8a9b4999 '   itemscope=\"itemscope\" itemtype=\"https:\/\/schema.org\/CreativeWork\" ><div class='avia_textblock'  itemprop=\"text\" ><p><span style=\"color: #ffffff\">Der Experience Day ist eine Initiative der Publikumsmedien im MVFP Medienverband der freien Presse, die die Leistungsf\u00e4higkeit und Relevanz professioneller journalistischer Medien aufzeigt und ihre Rolle als wirksame Werbeumfelder im Media-Mix verdeutlicht.<\/span><\/p>\n<p><span style=\"color: #ffffff\">Die Gemeinschaft der Presseverlage im MVFP vereint rund 350 gro\u00dfe, mittlere und kleine Medienh\u00e4user, mit gedruckten und digitalen Medienmarken der Publikums-, der Fach- sowie der konfessionellen Presse, darunter u. a. Axel Springer, \u00c4rzteverlag, Bauer, Burda, dfv Mediengruppe, Evangelischer Verlag, FAZ, Funke, Gruner + Jahr, Haufe, Heise, Landwirtschaftsverlag, Liborius Verlag, Spiegel, VNR, Vogel, Wort &amp; Bild, Zeit und viele weitere mehr.<\/span><\/p>\n<p><span style=\"color: #ffffff\">Als moderner Bundesverband mit starker mitgliedernaher Pr\u00e4senz in den Landesvertretungen Bayern, Berlin-Brandenburg, Nord, NRW, S\u00fcdwest sieht der MVFP seine Aufgabe darin, den Fortbestand der freien Presse, die Freiheit und Vielfalt der Meinungen und die Zukunft des marktwirtschaftlich finanzierten Journalismus als Garant der freiheitlich-demokratischen Grundordnung zu sichern.<\/span><\/p>\n<p><span style=\"color: #ffffff\">Seine Mitglieder unterst\u00fctzt der Verband mit Service-, Beratungs- und Bildungsangeboten in den dr\u00e4ngenden Fragen der Ver\u00e4nderung der M\u00e4rkte und der Digitalisierung. Gegen\u00fcber der Politik setzt sich der Medienverband der freien Presse auf regionaler, nationaler und auf europ\u00e4ischer Ebene f\u00fcr ordnungspolitische Rahmenbedingungen, f\u00fcr faire und transparente Wettbewerbsbedingungen ein.<\/span><\/p>\n<p><span style=\"color: #ffffff\">Mit Initiativen wie dem Experience Day unterstreicht der MVFP seine Rolle als starke Stimme f\u00fcr die freie Presse und als engagierter Partner der Medienbranche.<\/span><\/p>\n<p><span style=\"color: #ffffff\">Weitere Informationen \u00fcber den MVFP:<\/span><br \/>\n<a href=\"https:\/\/www.mvfp.de\/ueber-uns\/verband-ziele\">https:\/\/www.mvfp.de\/ueber-uns\/verband-ziele<\/a><\/p>\n<\/div><\/section>\n\n","protected":false},"excerpt":{"rendered":"","protected":false},"author":34,"featured_media":0,"parent":0,"menu_order":0,"comment_status":"closed","ping_status":"closed","template":"","meta":{"footnotes":""},"class_list":["post-1362","page","type-page","status-publish","hentry"],"yoast_head":"<!-- This site is optimized with the Yoast SEO plugin v27.4 - https:\/\/yoast.com\/product\/yoast-seo-wordpress\/ -->\n<title>MVFP | Experience Day<\/title>\n<meta name=\"description\" content=\"Zu \u2026 begr\u00fc\u00dfen wir Top-Vortragende aus der Branche. Freuen Sie sich auf spannende Vortr\u00e4ge zu wichtigen Themen und Innovationen.\" \/>\n<meta name=\"robots\" content=\"index, follow, max-snippet:-1, max-image-preview:large, max-video-preview:-1\" \/>\n<link rel=\"canonical\" href=\"https:\/\/dfvcg-events.de\/experience-day\/mvfp\/\" \/>\n<meta property=\"og:locale\" content=\"de_DE\" \/>\n<meta property=\"og:type\" content=\"article\" \/>\n<meta property=\"og:title\" content=\"MVFP | Experience Day\" \/>\n<meta property=\"og:description\" content=\"Zu \u2026 begr\u00fc\u00dfen wir Top-Vortragende aus der Branche. Freuen Sie sich auf spannende Vortr\u00e4ge zu wichtigen Themen und Innovationen.\" \/>\n<meta property=\"og:url\" content=\"https:\/\/dfvcg-events.de\/experience-day\/mvfp\/\" \/>\n<meta property=\"og:site_name\" content=\"Experience Day\" \/>\n<meta property=\"article:modified_time\" content=\"2026-03-20T17:06:08+00:00\" \/>\n<meta property=\"og:image\" content=\"https:\/\/dfvcg-events.de\/experience-day\/wp-content\/uploads\/sites\/60\/2025\/02\/experience-day-2025-logo-header-02.png\" \/>\n\t<meta property=\"og:image:width\" content=\"708\" \/>\n\t<meta property=\"og:image:height\" content=\"325\" \/>\n\t<meta property=\"og:image:type\" content=\"image\/png\" \/>\n<meta name=\"twitter:card\" content=\"summary_large_image\" \/>\n<meta name=\"twitter:label1\" content=\"Gesch\u00e4tzte Lesezeit\" \/>\n\t<meta name=\"twitter:data1\" content=\"2\u00a0Minuten\" \/>\n<script type=\"application\/ld+json\" class=\"yoast-schema-graph\">{\"@context\":\"https:\\\/\\\/schema.org\",\"@graph\":[{\"@type\":\"WebPage\",\"@id\":\"https:\\\/\\\/dfvcg-events.de\\\/experience-day\\\/mvfp\\\/\",\"url\":\"https:\\\/\\\/dfvcg-events.de\\\/experience-day\\\/mvfp\\\/\",\"name\":\"MVFP | Experience Day\",\"isPartOf\":{\"@id\":\"https:\\\/\\\/dfvcg-events.de\\\/experience-day\\\/#website\"},\"datePublished\":\"2025-01-20T08:59:46+00:00\",\"dateModified\":\"2026-03-20T17:06:08+00:00\",\"description\":\"Zu \u2026 begr\u00fc\u00dfen wir Top-Vortragende aus der Branche. Freuen Sie sich auf spannende Vortr\u00e4ge zu wichtigen Themen und Innovationen.\",\"breadcrumb\":{\"@id\":\"https:\\\/\\\/dfvcg-events.de\\\/experience-day\\\/mvfp\\\/#breadcrumb\"},\"inLanguage\":\"de\",\"potentialAction\":[{\"@type\":\"ReadAction\",\"target\":[\"https:\\\/\\\/dfvcg-events.de\\\/experience-day\\\/mvfp\\\/\"]}]},{\"@type\":\"BreadcrumbList\",\"@id\":\"https:\\\/\\\/dfvcg-events.de\\\/experience-day\\\/mvfp\\\/#breadcrumb\",\"itemListElement\":[{\"@type\":\"ListItem\",\"position\":1,\"name\":\"Startseite\",\"item\":\"https:\\\/\\\/dfvcg-events.de\\\/experience-day\\\/\"},{\"@type\":\"ListItem\",\"position\":2,\"name\":\"MVFP\"}]},{\"@type\":\"WebSite\",\"@id\":\"https:\\\/\\\/dfvcg-events.de\\\/experience-day\\\/#website\",\"url\":\"https:\\\/\\\/dfvcg-events.de\\\/experience-day\\\/\",\"name\":\"Experience Day\",\"description\":\"Jahrestreff f\u00fcr Marketeers, Mediamacher:innen und Medien\",\"publisher\":{\"@id\":\"https:\\\/\\\/dfvcg-events.de\\\/experience-day\\\/#organization\"},\"alternateName\":\"dfv Conference Group\",\"potentialAction\":[{\"@type\":\"SearchAction\",\"target\":{\"@type\":\"EntryPoint\",\"urlTemplate\":\"https:\\\/\\\/dfvcg-events.de\\\/experience-day\\\/?s={search_term_string}\"},\"query-input\":{\"@type\":\"PropertyValueSpecification\",\"valueRequired\":true,\"valueName\":\"search_term_string\"}}],\"inLanguage\":\"de\"},{\"@type\":\"Organization\",\"@id\":\"https:\\\/\\\/dfvcg-events.de\\\/experience-day\\\/#organization\",\"name\":\"Experience Day\",\"alternateName\":\"dfv Conference Group\",\"url\":\"https:\\\/\\\/dfvcg-events.de\\\/experience-day\\\/\",\"logo\":{\"@type\":\"ImageObject\",\"inLanguage\":\"de\",\"@id\":\"https:\\\/\\\/dfvcg-events.de\\\/experience-day\\\/#\\\/schema\\\/logo\\\/image\\\/\",\"url\":\"https:\\\/\\\/dfvcg-events.de\\\/experience-day\\\/wp-content\\\/uploads\\\/sites\\\/60\\\/2025\\\/01\\\/dfvcg-experience-Teaser-800x800-Datum.jpg\",\"contentUrl\":\"https:\\\/\\\/dfvcg-events.de\\\/experience-day\\\/wp-content\\\/uploads\\\/sites\\\/60\\\/2025\\\/01\\\/dfvcg-experience-Teaser-800x800-Datum.jpg\",\"width\":800,\"height\":800,\"caption\":\"Experience Day\"},\"image\":{\"@id\":\"https:\\\/\\\/dfvcg-events.de\\\/experience-day\\\/#\\\/schema\\\/logo\\\/image\\\/\"}}]}<\/script>\n<!-- \/ Yoast SEO plugin. -->","yoast_head_json":{"title":"MVFP | Experience Day","description":"Zu \u2026 begr\u00fc\u00dfen wir Top-Vortragende aus der Branche. Freuen Sie sich auf spannende Vortr\u00e4ge zu wichtigen Themen und Innovationen.","robots":{"index":"index","follow":"follow","max-snippet":"max-snippet:-1","max-image-preview":"max-image-preview:large","max-video-preview":"max-video-preview:-1"},"canonical":"https:\/\/dfvcg-events.de\/experience-day\/mvfp\/","og_locale":"de_DE","og_type":"article","og_title":"MVFP | Experience Day","og_description":"Zu \u2026 begr\u00fc\u00dfen wir Top-Vortragende aus der Branche. Freuen Sie sich auf spannende Vortr\u00e4ge zu wichtigen Themen und Innovationen.","og_url":"https:\/\/dfvcg-events.de\/experience-day\/mvfp\/","og_site_name":"Experience Day","article_modified_time":"2026-03-20T17:06:08+00:00","og_image":[{"width":708,"height":325,"url":"https:\/\/dfvcg-events.de\/experience-day\/wp-content\/uploads\/sites\/60\/2025\/02\/experience-day-2025-logo-header-02.png","type":"image\/png"}],"twitter_card":"summary_large_image","twitter_misc":{"Gesch\u00e4tzte Lesezeit":"2\u00a0Minuten"},"schema":{"@context":"https:\/\/schema.org","@graph":[{"@type":"WebPage","@id":"https:\/\/dfvcg-events.de\/experience-day\/mvfp\/","url":"https:\/\/dfvcg-events.de\/experience-day\/mvfp\/","name":"MVFP | Experience Day","isPartOf":{"@id":"https:\/\/dfvcg-events.de\/experience-day\/#website"},"datePublished":"2025-01-20T08:59:46+00:00","dateModified":"2026-03-20T17:06:08+00:00","description":"Zu \u2026 begr\u00fc\u00dfen wir Top-Vortragende aus der Branche. Freuen Sie sich auf spannende Vortr\u00e4ge zu wichtigen Themen und Innovationen.","breadcrumb":{"@id":"https:\/\/dfvcg-events.de\/experience-day\/mvfp\/#breadcrumb"},"inLanguage":"de","potentialAction":[{"@type":"ReadAction","target":["https:\/\/dfvcg-events.de\/experience-day\/mvfp\/"]}]},{"@type":"BreadcrumbList","@id":"https:\/\/dfvcg-events.de\/experience-day\/mvfp\/#breadcrumb","itemListElement":[{"@type":"ListItem","position":1,"name":"Startseite","item":"https:\/\/dfvcg-events.de\/experience-day\/"},{"@type":"ListItem","position":2,"name":"MVFP"}]},{"@type":"WebSite","@id":"https:\/\/dfvcg-events.de\/experience-day\/#website","url":"https:\/\/dfvcg-events.de\/experience-day\/","name":"Experience Day","description":"Jahrestreff f\u00fcr Marketeers, Mediamacher:innen und Medien","publisher":{"@id":"https:\/\/dfvcg-events.de\/experience-day\/#organization"},"alternateName":"dfv Conference Group","potentialAction":[{"@type":"SearchAction","target":{"@type":"EntryPoint","urlTemplate":"https:\/\/dfvcg-events.de\/experience-day\/?s={search_term_string}"},"query-input":{"@type":"PropertyValueSpecification","valueRequired":true,"valueName":"search_term_string"}}],"inLanguage":"de"},{"@type":"Organization","@id":"https:\/\/dfvcg-events.de\/experience-day\/#organization","name":"Experience Day","alternateName":"dfv Conference Group","url":"https:\/\/dfvcg-events.de\/experience-day\/","logo":{"@type":"ImageObject","inLanguage":"de","@id":"https:\/\/dfvcg-events.de\/experience-day\/#\/schema\/logo\/image\/","url":"https:\/\/dfvcg-events.de\/experience-day\/wp-content\/uploads\/sites\/60\/2025\/01\/dfvcg-experience-Teaser-800x800-Datum.jpg","contentUrl":"https:\/\/dfvcg-events.de\/experience-day\/wp-content\/uploads\/sites\/60\/2025\/01\/dfvcg-experience-Teaser-800x800-Datum.jpg","width":800,"height":800,"caption":"Experience Day"},"image":{"@id":"https:\/\/dfvcg-events.de\/experience-day\/#\/schema\/logo\/image\/"}}]}},"_links":{"self":[{"href":"https:\/\/dfvcg-events.de\/experience-day\/wp-json\/wp\/v2\/pages\/1362","targetHints":{"allow":["GET"]}}],"collection":[{"href":"https:\/\/dfvcg-events.de\/experience-day\/wp-json\/wp\/v2\/pages"}],"about":[{"href":"https:\/\/dfvcg-events.de\/experience-day\/wp-json\/wp\/v2\/types\/page"}],"author":[{"embeddable":true,"href":"https:\/\/dfvcg-events.de\/experience-day\/wp-json\/wp\/v2\/users\/34"}],"replies":[{"embeddable":true,"href":"https:\/\/dfvcg-events.de\/experience-day\/wp-json\/wp\/v2\/comments?post=1362"}],"version-history":[{"count":9,"href":"https:\/\/dfvcg-events.de\/experience-day\/wp-json\/wp\/v2\/pages\/1362\/revisions"}],"predecessor-version":[{"id":2699,"href":"https:\/\/dfvcg-events.de\/experience-day\/wp-json\/wp\/v2\/pages\/1362\/revisions\/2699"}],"wp:attachment":[{"href":"https:\/\/dfvcg-events.de\/experience-day\/wp-json\/wp\/v2\/media?parent=1362"}],"curies":[{"name":"wp","href":"https:\/\/api.w.org\/{rel}","templated":true}]}}