{"id":8740,"date":"2022-10-12T11:06:14","date_gmt":"2022-10-12T09:06:14","guid":{"rendered":"https:\/\/dfvcg-events.de\/digital-talk\/?post_type=portfolio&#038;p=8740"},"modified":"2023-11-16T16:15:48","modified_gmt":"2023-11-16T15:15:48","slug":"digital-talk-gastmarketing-in-turbulenten-zeiten","status":"publish","type":"portfolio","link":"https:\/\/dfvcg-events.de\/digital-talk\/veranstaltung\/digital-talk-gastmarketing-in-turbulenten-zeiten\/","title":{"rendered":"digital talk: Gastmarketing in turbulenten Zeiten"},"content":{"rendered":"<div class='clear'><\/div><div id='sub_menu1'  class='av-submenu-container av-kawv0if6-b4e37991045abd8a15205f662d77aaf5 header_color av-switch-990  avia-builder-el-0  el_before_av_section  avia-builder-el-first  av-sticky-submenu container_wrap fullsize' style='z-index:301' ><div class='container av-menu-mobile-active av-submenu-pos-left'><a href=\"#\" class=\"mobile_menu_toggle\"><span class='avia-svg-icon avia-font-svg_entypo-fontello' data-av_svg_icon='list' data-av_iconset='svg_entypo-fontello'><svg version=\"1.1\" xmlns=\"http:\/\/www.w3.org\/2000\/svg\" width=\"22\" height=\"32\" viewBox=\"0 0 22 32\" preserveAspectRatio=\"xMidYMid meet\" aria-labelledby='av-svg-title-1' aria-describedby='av-svg-desc-1' role=\"graphics-symbol\" aria-hidden=\"true\">\n<title id='av-svg-title-1'>List<\/title>\n<desc id='av-svg-desc-1'>List<\/desc>\n<path d=\"M3.2 20.8q0.64 0 1.12 0.48t0.48 1.12-0.48 1.12-1.12 0.48h-1.6q-0.64 0-1.12-0.48t-0.48-1.12 0.448-1.12 1.152-0.48h1.6zM3.2 14.4q0.64 0 1.12 0.48t0.48 1.12-0.48 1.12-1.12 0.48h-1.6q-0.64 0-1.12-0.48t-0.48-1.12 0.448-1.12 1.152-0.48h1.6zM3.2 8q0.64 0 1.12 0.48t0.48 1.12-0.48 1.12-1.12 0.48h-1.6q-0.64 0-1.12-0.48t-0.48-1.12 0.448-1.12 1.152-0.48h1.6zM9.6 11.2q-0.64 0-1.12-0.48t-0.48-1.12 0.48-1.12 1.12-0.48h11.2q0.704 0 1.152 0.48t0.448 1.12-0.48 1.12-1.12 0.48h-11.2zM20.8 14.4q0.704 0 1.152 0.48t0.448 1.12-0.48 1.12-1.12 0.48h-11.2q-0.64 0-1.12-0.48t-0.48-1.12 0.48-1.12 1.12-0.48h11.2zM20.8 20.8q0.704 0 1.152 0.48t0.448 1.12-0.48 1.12-1.12 0.48h-11.2q-0.64 0-1.12-0.48t-0.48-1.12 0.48-1.12 1.12-0.48h11.2z\"><\/path>\n<\/svg><\/span><span class=\"av-current-placeholder\">Men\u00fc<\/span><\/a><ul id='av-custom-submenu-1' class='av-subnav-menu' role='menu'>\n<li class='menu-item av-2kckn4-ca906d751475ddc7493c675c2737567f menu-item-top-level av-menu-button av-menu-button-bordered menu-item-top-level-1' role='menuitem'><a href='https:\/\/dfvcg-events.de\/digital-talk\/'  ><span class='avia-bullet'><\/span><span class='avia-menu-text'>digital talks<\/span><\/a><\/li>\n<li class='menu-item av-cpa6i-1b75602378caa96f87b042471b888caa menu-item-top-level av-menu-button av-menu-button-colored menu-item-top-level-2' role='menuitem'><a href='#anmelden'  ><span class='avia-bullet'><\/span><span class='avia-menu-text'>Jetzt anmelden<\/span><\/a><\/li>\n<li class='menu-item av-2u4alb-907784f4dd7a489356826104c0410433 menu-item-top-level menu-item-top-level-3' role='menuitem'><a href='#'  ><span class='avia-bullet'><\/span><span class='avia-menu-text'>Start<\/span><\/a><\/li>\n<li class='menu-item av-4qodp5-cf944fa2d392eff918f0b85e15f02e44 menu-item-top-level menu-item-top-level-4' role='menuitem'><a href='#referenten'  ><span class='avia-bullet'><\/span><span class='avia-menu-text'>Vortragende<\/span><\/a><\/li>\n<\/ul><\/div><\/div><div class='sticky_placeholder'><\/div>\n<div id='av_section_1'  class='avia-section av-srk2y-112106500345416558fb7b75c6b4ce9b main_color avia-section-default avia-no-border-styling  avia-builder-el-1  el_after_av_submenu  el_before_av_section  avia-bg-style-scroll container_wrap fullsize'  ><div class='container av-section-cont-open' ><div class='template-page content  av-content-full alpha units'><div class='post-entry post-entry-type-page post-entry-8740'><div class='entry-content-wrapper clearfix'>\n<div class='flex_column_table av-prli-64bf6691d8e0f71fe37b32964844bca4 sc-av_two_fifth av-equal-height-column-flextable'>\n<style type=\"text\/css\" data-created_by=\"avia_inline_auto\" id=\"style-css-av-prli-64bf6691d8e0f71fe37b32964844bca4\">\n.flex_column.av-prli-64bf6691d8e0f71fe37b32964844bca4{\nborder-radius:0px 0px 0px 0px;\npadding:0px 0px 0px 0px;\n}\n<\/style>\n<div  class='flex_column av-prli-64bf6691d8e0f71fe37b32964844bca4 av_two_fifth  avia-builder-el-2  el_before_av_three_fifth  avia-builder-el-first  first flex_column_table_cell av-equal-height-column av-align-top av-zero-column-padding  '     ><p><br \/>\n\n<style type=\"text\/css\" data-created_by=\"avia_inline_auto\" id=\"style-css-av-kk6miykd-6e01100ac53ed33d97ab18e99148207d\">\n.avia-image-container.av-kk6miykd-6e01100ac53ed33d97ab18e99148207d img.avia_image{\nbox-shadow:none;\n}\n.avia-image-container.av-kk6miykd-6e01100ac53ed33d97ab18e99148207d .av-image-caption-overlay-center{\ncolor:#ffffff;\n}\n<\/style>\n<div  class='avia-image-container av-kk6miykd-6e01100ac53ed33d97ab18e99148207d av-styling- avia-align-center  avia-builder-el-4  el_after_av_image  avia-builder-el-last '   itemprop=\"image\" itemscope=\"itemscope\" itemtype=\"https:\/\/schema.org\/ImageObject\" ><div class=\"avia-image-container-inner\"><div class=\"avia-image-overlay-wrap\"><img decoding=\"async\" fetchpriority=\"high\" class='wp-image-8792 avia-img-lazy-loading-not-8792 avia_image ' src=\"https:\/\/dfvcg-events.de\/digital-talk\/wp-content\/uploads\/sites\/14\/2022\/10\/Gastmarketing_800x800.jpg\" alt='' title='Gastmarketing_800x800'  height=\"800\" width=\"800\"  itemprop=\"thumbnailUrl\"  \/><\/div><\/div><\/div><\/p><\/div><div class='av-flex-placeholder'><\/div>\n<style type=\"text\/css\" data-created_by=\"avia_inline_auto\" id=\"style-css-av-k26i2v6p-2688042be07242d734261d0b65f3805f\">\n.flex_column.av-k26i2v6p-2688042be07242d734261d0b65f3805f{\nborder-radius:0px 0px 0px 0px;\npadding:0px 35px 0px 0px;\n}\n<\/style>\n<div  class='flex_column av-k26i2v6p-2688042be07242d734261d0b65f3805f av_three_fifth  avia-builder-el-5  el_after_av_two_fifth  avia-builder-el-last  flex_column_table_cell av-equal-height-column av-align-top  '     ><p>\n<style type=\"text\/css\" data-created_by=\"avia_inline_auto\" id=\"style-css-av-280ihu-3cee9b3ded24939742218442df98af42\">\n#top .av-special-heading.av-280ihu-3cee9b3ded24939742218442df98af42{\npadding-bottom:10px;\ncolor:#1f6cd1;\n}\nbody .av-special-heading.av-280ihu-3cee9b3ded24939742218442df98af42 .av-special-heading-tag .heading-char{\nfont-size:25px;\n}\n.av-special-heading.av-280ihu-3cee9b3ded24939742218442df98af42 .special-heading-inner-border{\nborder-color:#1f6cd1;\n}\n.av-special-heading.av-280ihu-3cee9b3ded24939742218442df98af42 .av-subheading{\nfont-size:19px;\ncolor:#000000;\n}\n<\/style>\n<div  class='av-special-heading av-280ihu-3cee9b3ded24939742218442df98af42 av-special-heading-h1 custom-color-heading blockquote modern-quote  avia-builder-el-6  el_before_av_textblock  avia-builder-el-first  av-linked-heading'><div class='av_custom_color av-subheading av-subheading_above'><p>digital talk:<\/p>\n<\/div><h1 class='av-special-heading-tag '  itemprop=\"headline\"  >Gastmarketing in turbulenten Zeiten<\/h1><div class=\"special-heading-border\"><div class=\"special-heading-inner-border\"><\/div><\/div><\/div><br \/>\n\n<style type=\"text\/css\" data-created_by=\"avia_inline_auto\" id=\"style-css-av-kk6mwm01-5c7e4a911c1e0776b212db18eef86498\">\n#top .av_textblock_section.av-kk6mwm01-5c7e4a911c1e0776b212db18eef86498 .avia_textblock{\nfont-size:21px;\n}\n<\/style>\n<section  class='av_textblock_section av-kk6mwm01-5c7e4a911c1e0776b212db18eef86498 '   itemscope=\"itemscope\" itemtype=\"https:\/\/schema.org\/CreativeWork\" ><div class='avia_textblock'  itemprop=\"text\" ><p><strong>Wie G\u00e4ste gewinnen und binden \u2013 zur aktuellen Lage im Hospitality Markt\u00a0<\/strong><\/p>\n<p>8. November 2022<br \/>\n15:00 &#8211; 16:00 Uhr<\/p>\n<\/div><\/section><br \/>\n<div  class='avia-buttonrow-wrap av-kcn3m3gt-fff65312e5a8530eff99563e24d61bb2 avia-buttonrow-left  avia-builder-el-8  el_after_av_textblock  avia-builder-el-last '>\n\n<style type=\"text\/css\" data-created_by=\"avia_inline_auto\" id=\"style-css-av-3k12xc-99b93ef71a50537f9becdfb82b5fbef1\">\n#top #wrap_all .avia-button.av-3k12xc-99b93ef71a50537f9becdfb82b5fbef1{\nbackground-color:#1f6cd1;\nborder-color:#1f6cd1;\ncolor:#ffffff;\ntransition:all 0.4s ease-in-out;\nmargin-bottom:5px;\nmargin-right:5px;\n}\n#top #wrap_all .avia-button.av-3k12xc-99b93ef71a50537f9becdfb82b5fbef1 .avia-svg-icon svg:first-child{\nfill:#ffffff;\nstroke:#ffffff;\n}\n<\/style>\n<a href='#anmelden'  class='avia-button av-3k12xc-99b93ef71a50537f9becdfb82b5fbef1 avia-icon_select-yes-left-icon avia-size-large'   aria-label=\"jetzt anmelden\"><span class='avia_button_icon avia_button_icon_left avia-iconfont avia-font-entypo-fontello' data-av_icon='\ue8cb' data-av_iconfont='entypo-fontello' ><\/span><span class='avia_iconbox_title' >jetzt anmelden<\/span><\/a>\n\n<style type=\"text\/css\" data-created_by=\"avia_inline_auto\" id=\"style-css-av-2000oy-ee16f9ff1b78bf37b5f20ec63fb7251d\">\n#top #wrap_all .avia-button.av-2000oy-ee16f9ff1b78bf37b5f20ec63fb7251d{\nbackground-color:#6493d1;\nborder-color:#6493d1;\ncolor:#ffffff;\ntransition:all 0.4s ease-in-out;\nmargin-bottom:5px;\nmargin-right:5px;\n}\n#top #wrap_all .avia-button.av-2000oy-ee16f9ff1b78bf37b5f20ec63fb7251d .avia-svg-icon svg:first-child{\nfill:#ffffff;\nstroke:#ffffff;\n}\n<\/style>\n<a href='https:\/\/dfvcg-events.de\/digital-talk\/wp-content\/uploads\/sites\/14\/2022\/10\/digital-talk-Gastmarketing-in-turbulenten-Zeiten-.ics'  class='avia-button av-2000oy-ee16f9ff1b78bf37b5f20ec63fb7251d avia-icon_select-yes-left-icon avia-size-large'  target=\"_blank\"  rel=\"noopener noreferrer\"  aria-label=\"Save the Date\"><span class='avia_button_icon avia_button_icon_left avia-iconfont avia-font-entypo-fontello' data-av_icon='\ue85b' data-av_iconfont='entypo-fontello' ><\/span><span class='avia_iconbox_title' >Save the Date<\/span><\/a>\n<\/div><\/p><\/div><\/div><!--close column table wrapper. Autoclose: 1 -->\n\n<\/div><\/div><\/div><!-- close content main div --><\/div><\/div>\n<style type=\"text\/css\" data-created_by=\"avia_inline_auto\" id=\"style-css-av-kawtoycl-8d773766d0b5a89845c215ed4a953596\">\n.avia-section.av-kawtoycl-8d773766d0b5a89845c215ed4a953596{\nbackground-color:#1f6cd1;\nbackground:linear-gradient( to bottom, #1f6cd1, #6e99d1 );\n}\n<\/style>\n<div id='av_section_2'  class='avia-section av-kawtoycl-8d773766d0b5a89845c215ed4a953596 main_color avia-section-large avia-no-shadow  avia-builder-el-9  el_after_av_section  el_before_av_section  avia-bg-style-scroll container_wrap fullsize'  ><div class='container av-section-cont-open' ><div class='template-page content  av-content-full alpha units'><div class='post-entry post-entry-type-page post-entry-8740'><div class='entry-content-wrapper clearfix'>\n\n<style type=\"text\/css\" data-created_by=\"avia_inline_auto\" id=\"style-css-av-k26gzu33-ba03e7f7cc033f8f171cb4cf9bcee095\">\n#top .av_textblock_section.av-k26gzu33-ba03e7f7cc033f8f171cb4cf9bcee095 .avia_textblock{\nfont-size:20px;\ncolor:#ffffff;\n}\n<\/style>\n<section  class='av_textblock_section av-k26gzu33-ba03e7f7cc033f8f171cb4cf9bcee095 '   itemscope=\"itemscope\" itemtype=\"https:\/\/schema.org\/CreativeWork\" ><div class='avia_textblock av_inherit_color'  itemprop=\"text\" ><p>Der Au\u00dfer-Haus-Markt steht enorm unter Kostendruck, muss die steigenden Energie- und Lebensmittelpreise verarbeiten. Gleichzeitig bew\u00e4ltigen die Gastro-Profis Lieferengp\u00e4sse und stemmen den Fachkr\u00e4ftemangel samt Mindestlohnerh\u00f6hung. Dessen ungeachtet steigen die Anspr\u00fcche der G\u00e4ste und ver\u00e4ndern sich im Eiltempo.<\/p>\n<p>Im Digital Talk berichtet der Handelsexperte Hans-Gerd Janssen \u00fcber die j\u00fcngsten Verwerfungen und Perspektiven auf Handelsseite. Zuvor zeigt Marktforscher Jochen Pinsker, wie der Gast aktuell tickt und auf welche Top-Trends wir uns mittel- und langfristig einstellen m\u00fcssen. Eine Expertenrunde besch\u00e4ftigt sich im Anschluss mit dem Gastmarketing der Zukunft und gibt Ein- und Ausblicke in die aktuelle Marktsituation. Die Moderation \u00fcbernimmt gvpraxis-Herausgeber Burkart Schmid.<\/p>\n<\/div><\/section>\n\n<\/div><\/div><\/div><!-- close content main div --><\/div><\/div><div id='av_section_3'  class='avia-section av-kawtoycl-2-71b44ba9a2c73b1ead911c394031f77b main_color avia-section-default avia-no-shadow  avia-builder-el-11  el_after_av_section  el_before_av_section  avia-bg-style-scroll container_wrap fullsize'  ><div class='container av-section-cont-open' ><div class='template-page content  av-content-full alpha units'><div class='post-entry post-entry-type-page post-entry-8740'><div class='entry-content-wrapper clearfix'>\n\n<style type=\"text\/css\" data-created_by=\"avia_inline_auto\" id=\"style-css-av-l9myrh51-e54330e5ea3a15960ad080377982f38c\">\n#top .av-special-heading.av-l9myrh51-e54330e5ea3a15960ad080377982f38c{\npadding-bottom:25px;\n}\nbody .av-special-heading.av-l9myrh51-e54330e5ea3a15960ad080377982f38c .av-special-heading-tag .heading-char{\nfont-size:25px;\n}\n.av-special-heading.av-l9myrh51-e54330e5ea3a15960ad080377982f38c .av-subheading{\nfont-size:15px;\n}\n<\/style>\n<div  class='av-special-heading av-l9myrh51-e54330e5ea3a15960ad080377982f38c av-special-heading-h2 blockquote modern-quote  avia-builder-el-12  el_before_av_table  avia-builder-el-first '><h2 class='av-special-heading-tag '  itemprop=\"headline\"  >Programm<\/h2><div class=\"special-heading-border\"><div class=\"special-heading-inner-border\"><\/div><\/div><\/div>\n<div class='avia-data-table-wrap av-2khil1g-1101361f6b5f20bb097484a0abffa31f avia_responsive_table avia-table-1'><table  class='avia-table avia-data-table avia_pricing_default  avia-builder-el-13  el_after_av_heading  avia-builder-el-last '  itemscope=\"itemscope\" itemtype=\"https:\/\/schema.org\/Table\" ><tbody><tr class=''><td class=''><\/td><td class=''><strong>Wie eine Branche G\u00e4ste gewinnt und bindet \u2013 zur aktuellen Lage im Hospitality Markt <\/td><td class=''><\/td><\/tr><tr class=''><td class=''>15.00 Uhr<\/td><td class=''><strong>Begr\u00fc\u00dfung<\/td><td class=''><strong>Burkart Schmid<\/strong>, Herausgeber gvpraxis <\/td><\/tr><tr class=''><td class=''>15.05 Uhr<\/td><td class=''><strong>Update zum aktuellen Konsumverhalten <\/strong><\/strong><\/strong><\/p>\n<p>\u2022 Aktuelle Trends und Zahlen zu den Segmenten im Out-of-Home-Markt<br \/>\n\u2022 Zu den Chancen der Fu\u00dfball-WM als G\u00e4ste-Magnet<br \/>\n<\/td><td class=''><strong>Jochen Pinsker<\/strong>, Senior Vice President Europe, npdgroup, N\u00fcrnberg <\/td><\/tr><tr class=''><td class=''>15.20 Uhr<\/td><td class=''><strong>Feedback und Stimmungslage aus der Sicht eines f\u00fchrenden Handelspartners<\/strong><br \/>\n\u2022 Was sind die Key Facts hinsichtlich Produzenten und Lieferanten \u2013 worauf m\u00fcssen wir uns einstellen bei Preisen, Foodinnovationen, Konzepten? <\/td><td class=''><strong>Hans-Gerd Janssen<\/strong>, Gesch\u00e4ftsf\u00fchrer, Chefs Culinar, Weeze <\/td><\/tr><tr class=''><td class=''>15.30 Uhr<\/td><td class=''><strong>Paneldiskussion:<br \/>\nDie Roadmap der n\u00e4chsten Monate \u2013 worauf es jetzt ankommt<\/strong><\/td><td class=''><strong>Michael Buchczyk<\/strong>, Leiter Gastronomie und Konferenz-infrastruktur, Deutsche Bundesbank, Frankfurt am Main<br \/>\n<strong>Arnd Rune Thomas<\/strong>, CEO, Aramark, Neu-Isenburg<br \/>\n<strong>Sebastian Finkbeiner<\/strong>, Managing Director and Proprietor bei Hotel Traube Tonbach<\/p>\n<p>Moderation: <strong>Burkart Schmid<\/strong>, Herausgeber gvpraxis<\/td><\/tr><tr class=''><td class=''>15.55 Uhr<\/td><td class=''>Q&amp;A <\/td><td class=''><\/td><\/tr><tr class=''><td class=''>ca. 16 Uhr Ende <\/td><td class=''><\/td><td class=''><\/td><\/tr><\/tbody><\/table><\/div>\n<\/div><\/div><\/div><!-- close content main div --><\/div><\/div><div id='referenten'  class='avia-section av-17ko0us-521d164c7cb7f0c8bbe64a0904f7d02b main_color avia-section-default avia-no-shadow  avia-builder-el-14  el_after_av_section  el_before_av_section  avia-bg-style-scroll container_wrap fullsize'  ><div class='container av-section-cont-open' ><div class='template-page content  av-content-full alpha units'><div class='post-entry post-entry-type-page post-entry-8740'><div class='entry-content-wrapper clearfix'>\n\n<style type=\"text\/css\" data-created_by=\"avia_inline_auto\" id=\"style-css-av-16jan7o-8aa1e6c101c753f21d1c1193ca0548bb\">\n#top .av-special-heading.av-16jan7o-8aa1e6c101c753f21d1c1193ca0548bb{\npadding-bottom:25px;\n}\nbody .av-special-heading.av-16jan7o-8aa1e6c101c753f21d1c1193ca0548bb .av-special-heading-tag .heading-char{\nfont-size:25px;\n}\n.av-special-heading.av-16jan7o-8aa1e6c101c753f21d1c1193ca0548bb .av-subheading{\nfont-size:15px;\n}\n<\/style>\n<div  class='av-special-heading av-16jan7o-8aa1e6c101c753f21d1c1193ca0548bb av-special-heading-h2 blockquote modern-quote  avia-builder-el-15  el_before_av_one_third  avia-builder-el-first '><h2 class='av-special-heading-tag '  itemprop=\"headline\"  >Vortragende<\/h2><div class='av-subheading av-subheading_below'><p>Freuen Sie sich mit unserer Moderation auf folgende Vortragende<\/p>\n<\/div><div class=\"special-heading-border\"><div class=\"special-heading-inner-border\"><\/div><\/div><\/div>\n\n<style type=\"text\/css\" data-created_by=\"avia_inline_auto\" id=\"style-css-av-14vtvb8-a2ddfe41ea40126fc2f430bedebf5c39\">\n.flex_column.av-14vtvb8-a2ddfe41ea40126fc2f430bedebf5c39{\nborder-radius:0px 0px 0px 0px;\npadding:0px 0px 0px 0px;\n}\n<\/style>\n<div  class='flex_column av-14vtvb8-a2ddfe41ea40126fc2f430bedebf5c39 av_one_third  avia-builder-el-16  el_after_av_heading  el_before_av_one_third  first flex_column_div av-zero-column-padding  '     ><p><section  class='avia-team-member av-12tgtus-48c1260ae4592f362ce6c0f0a1023e63  avia-builder-el-17  el_before_av_toggle_container  avia-builder-el-first '  itemscope=\"itemscope\" itemtype=\"https:\/\/schema.org\/Person\" ><div class=\"team-img-container\"><img decoding=\"async\" fetchpriority=\"high\" class='wp-image-8754 avia-img-lazy-loading-not-8754 avia_image avia_image_team' src=\"https:\/\/dfvcg-events.de\/digital-talk\/wp-content\/uploads\/sites\/14\/2022\/10\/Buchczyk_Michael_2022_web.jpg\" alt='Michael Buchczyk'  itemprop=\"image\"   height=\"800\" width=\"600\" \/><\/div><h3 class='team-member-name '  itemprop=\"name\" >Michael Buchczyk<\/h3><div class='team-member-job-title '  itemprop=\"jobTitle\" >Leiter Gastronomie und Konferenzinfrastruktur, Deutsche Bundesbank, Frankfurt am Main<\/div><span class='hidden team-member-affiliation'  itemprop=\"affiliation\" >Digital Talk<\/span><\/section><br \/>\n<div  class='togglecontainer av-11fmuis-2fdada2658b1fd3845bd6a1d051d4954  avia-builder-el-18  el_after_av_team_member  avia-builder-el-last  toggle_close_all' >\n<section class='av_toggle_section av-zy3z8k-933761d2da62de81adf84bada6a61695'  itemscope=\"itemscope\" itemtype=\"https:\/\/schema.org\/CreativeWork\" ><div role=\"tablist\" class=\"single_toggle\" data-tags=\"{Alle} \"  ><p id='toggle-toggle-id-1' data-fake-id='#toggle-id-1' class='toggler  av-title-above '  itemprop=\"headline\"  role='tab' tabindex='0' aria-controls='toggle-id-1' data-slide-speed=\"200\" data-title=\"Info\" data-title-open=\"\" data-aria_collapsed=\"Click to expand: Info\" data-aria_expanded=\"Click to collapse: Info\">Info<span class=\"toggle_icon\"><span class=\"vert_icon\"><\/span><span class=\"hor_icon\"><\/span><\/span><\/p><div id='toggle-id-1' aria-labelledby='toggle-toggle-id-1' role='region' class='toggle_wrap  av-title-above'  ><div class='toggle_content invers-color '  itemprop=\"text\" ><p>Er ist seit 20 Jahren Leiter der Gastronomie und Konferenzinfrastruktur bei der Deutschen Bundesbank mit Hauptsitz in Frankfurt am Main. Mit seinem Team sorgt er in unterschiedlichen Gesch\u00e4ftsfeldern daf\u00fcr, dass die rund 10.000 Besch\u00e4ftigten an acht Standorten reibungslos und hochwertig gastronomisch versorgt werden.<\/p>\n<\/div><\/div><\/div><\/section>\n<\/div><\/p><\/div>\n<style type=\"text\/css\" data-created_by=\"avia_inline_auto\" id=\"style-css-av-xy8j38-fb9a30f7d8009faa1b60bdd4622aa47f\">\n.flex_column.av-xy8j38-fb9a30f7d8009faa1b60bdd4622aa47f{\nborder-radius:0px 0px 0px 0px;\npadding:0px 0px 0px 0px;\n}\n<\/style>\n<div  class='flex_column av-xy8j38-fb9a30f7d8009faa1b60bdd4622aa47f av_one_third  avia-builder-el-19  el_after_av_one_third  el_before_av_one_third  flex_column_div av-zero-column-padding  '     ><p><section  class='avia-team-member av-wmiuo4-e6fdeadf961b3ee28fe8748d7a549c29  avia-builder-el-20  el_before_av_toggle_container  avia-builder-el-first '  itemscope=\"itemscope\" itemtype=\"https:\/\/schema.org\/Person\" ><div class=\"team-img-container\"><img decoding=\"async\" fetchpriority=\"high\" class='wp-image-8816 avia-img-lazy-loading-not-8816 avia_image avia_image_team' src=\"https:\/\/dfvcg-events.de\/digital-talk\/wp-content\/uploads\/sites\/14\/2022\/10\/Finkbeiner_Sebastian_2022_web-1.jpg\" alt='Sebastian Finkbeiner'  itemprop=\"image\"   height=\"800\" width=\"600\" \/><\/div><h3 class='team-member-name '  itemprop=\"name\" >Sebastian Finkbeiner<\/h3><div class='team-member-job-title '  itemprop=\"jobTitle\" >Managing Director, Traube Group, Baiersbronn<\/div><span class='hidden team-member-affiliation'  itemprop=\"affiliation\" >Digital Talk<\/span><\/section><br \/>\n<div  class='togglecontainer av-uz77yc-4acd223c5f17ccad42a81ceb46028ef2  avia-builder-el-21  el_after_av_team_member  avia-builder-el-last  toggle_close_all' >\n<section class='av_toggle_section av-stziic-2acd523d50687ddac472c25c56e44c24'  itemscope=\"itemscope\" itemtype=\"https:\/\/schema.org\/CreativeWork\" ><div role=\"tablist\" class=\"single_toggle\" data-tags=\"{Alle} \"  ><p id='toggle-toggle-id-2' data-fake-id='#toggle-id-2' class='toggler  av-title-above '  itemprop=\"headline\"  role='tab' tabindex='0' aria-controls='toggle-id-2' data-slide-speed=\"200\" data-title=\"Info\" data-title-open=\"\" data-aria_collapsed=\"Click to expand: Info\" data-aria_expanded=\"Click to collapse: Info\">Info<span class=\"toggle_icon\"><span class=\"vert_icon\"><\/span><span class=\"hor_icon\"><\/span><\/span><\/p><div id='toggle-id-2' aria-labelledby='toggle-toggle-id-2' role='region' class='toggle_wrap  av-title-above'  ><div class='toggle_content invers-color '  itemprop=\"text\" ><p>Sebastian Finkbeiner stieg zusammen mit seinem Bruder Matthias 2009 in das Familienunternehmen ein. Das traditionsreiche Fu\u0308nf-Sterne-Superior-Hotel befindet sich seit u\u0308ber 230 Jahren in Familienbesitz. Seit 2011 erweitert die Hoteliersfamilie ihr Unternehmensportfolio und betreibt drei Hotels samt Restauration sowie die Betriebsgastronomie eines Softwareunternehmens und ab 2023 das Catering im Hospitalitybereich des Karlsruher Wildparkstadions. An den vier Unternehmens-bereichen bescha\u0308ftigt die Traube Group u\u0308ber 500 Mitarbeiter.<\/p>\n<\/div><\/div><\/div><\/section>\n<\/div><\/p><\/div>\n<style type=\"text\/css\" data-created_by=\"avia_inline_auto\" id=\"style-css-av-qymyk4-8fa1026649f9ccc56869d68dd56f8c7d\">\n.flex_column.av-qymyk4-8fa1026649f9ccc56869d68dd56f8c7d{\nborder-radius:0px 0px 0px 0px;\npadding:0px 0px 0px 0px;\n}\n<\/style>\n<div  class='flex_column av-qymyk4-8fa1026649f9ccc56869d68dd56f8c7d av_one_third  avia-builder-el-22  el_after_av_one_third  el_before_av_one_third  flex_column_div av-zero-column-padding  '     ><p><section  class='avia-team-member av-q9blx0-a44853df3ab53c319d956279ccc53d74  avia-builder-el-23  el_before_av_toggle_container  avia-builder-el-first '  itemscope=\"itemscope\" itemtype=\"https:\/\/schema.org\/Person\" ><div class=\"team-img-container\"><img decoding=\"async\" fetchpriority=\"high\" class='wp-image-8817 avia-img-lazy-loading-not-8817 avia_image avia_image_team' src=\"https:\/\/dfvcg-events.de\/digital-talk\/wp-content\/uploads\/sites\/14\/2022\/10\/Janssen_Hans_Gerd_2022-web-1.jpg\" alt='Hans-Gerd Janssen'  itemprop=\"image\"   height=\"801\" width=\"600\" \/><\/div><h3 class='team-member-name '  itemprop=\"name\" >Hans-Gerd Janssen<\/h3><div class='team-member-job-title '  itemprop=\"jobTitle\" >Gesch\u00e4ftsf\u00fchrer, Chefs Culinar, Weeze<\/div><span class='hidden team-member-affiliation'  itemprop=\"affiliation\" >Digital Talk<\/span><\/section><br \/>\n<div  class='togglecontainer av-orogb8-288ca5145eccbb93109a77e0a7607610  avia-builder-el-24  el_after_av_team_member  avia-builder-el-last  toggle_close_all' >\n<section class='av_toggle_section av-m79ric-8055203ff77e2bc94aef8470c100b771'  itemscope=\"itemscope\" itemtype=\"https:\/\/schema.org\/CreativeWork\" ><div role=\"tablist\" class=\"single_toggle\" data-tags=\"{Alle} \"  ><p id='toggle-toggle-id-3' data-fake-id='#toggle-id-3' class='toggler  av-title-above '  itemprop=\"headline\"  role='tab' tabindex='0' aria-controls='toggle-id-3' data-slide-speed=\"200\" data-title=\"Info\" data-title-open=\"\" data-aria_collapsed=\"Click to expand: Info\" data-aria_expanded=\"Click to collapse: Info\">Info<span class=\"toggle_icon\"><span class=\"vert_icon\"><\/span><span class=\"hor_icon\"><\/span><\/span><\/p><div id='toggle-id-3' aria-labelledby='toggle-toggle-id-3' role='region' class='toggle_wrap  av-title-above'  ><div class='toggle_content invers-color '  itemprop=\"text\" ><p>Hans-Gerd Janssen hat nach kaufm\u00e4nnischer Lehre eine Trainee- und Management-Ausbildung bei Unilever Deutschland absolviert und war danach in verschiedenen Gesch\u00e4ftsbereichen in Marketing, Human Resources und Vertriebsmanagement t\u00e4tig. Seit 1994 ist er bei Chefs Culinar und seit vielen Jahren Gesch\u00e4ftsf\u00fchrer der Chefs Culinar GmbH &amp; Co. KG, Kiel, sowie diverser Tochter- und Schwesterfirmen in Deutschland und Niederlande.<\/p>\n<\/div><\/div><\/div><\/section>\n<\/div><\/p><\/div>\n<style type=\"text\/css\" data-created_by=\"avia_inline_auto\" id=\"style-css-av-21id38-8efefc1a2b3112382f102084283111b5\">\n.flex_column.av-21id38-8efefc1a2b3112382f102084283111b5{\nborder-radius:0px 0px 0px 0px;\npadding:0px 0px 0px 0px;\n}\n<\/style>\n<div  class='flex_column av-21id38-8efefc1a2b3112382f102084283111b5 av_one_third  avia-builder-el-25  el_after_av_one_third  el_before_av_one_third  first flex_column_div av-zero-column-padding  column-top-margin'     ><p><section  class='avia-team-member av-jetibo-588c9eec8dffb9ef85e32add98f23e85  avia-builder-el-26  el_before_av_toggle_container  avia-builder-el-first '  itemscope=\"itemscope\" itemtype=\"https:\/\/schema.org\/Person\" ><div class=\"team-img-container\"><img decoding=\"async\" fetchpriority=\"high\" class='wp-image-8820 avia-img-lazy-loading-not-8820 avia_image avia_image_team' src=\"https:\/\/dfvcg-events.de\/digital-talk\/wp-content\/uploads\/sites\/14\/2022\/10\/Pinsker_NEU-web.jpg\" alt='Jochen Pinsker'  itemprop=\"image\"   height=\"800\" width=\"600\" \/><\/div><h3 class='team-member-name '  itemprop=\"name\" >Jochen Pinsker<\/h3><div class='team-member-job-title '  itemprop=\"jobTitle\" >Senior Vice President npdgroup, N\u00fcrnberg<\/div><span class='hidden team-member-affiliation'  itemprop=\"affiliation\" >Digital Talk<\/span><\/section><br \/>\n<div  class='togglecontainer av-hddous-37ff3b771e421183d2cd50830b863969  avia-builder-el-27  el_after_av_team_member  avia-builder-el-last  toggle_close_all' >\n<section class='av_toggle_section av-gg3k50-d538d0c73d5f09363000807caeccfd81'  itemscope=\"itemscope\" itemtype=\"https:\/\/schema.org\/CreativeWork\" ><div role=\"tablist\" class=\"single_toggle\" data-tags=\"{Alle} \"  ><p id='toggle-toggle-id-4' data-fake-id='#toggle-id-4' class='toggler  av-title-above '  itemprop=\"headline\"  role='tab' tabindex='0' aria-controls='toggle-id-4' data-slide-speed=\"200\" data-title=\"Info\" data-title-open=\"\" data-aria_collapsed=\"Click to expand: Info\" data-aria_expanded=\"Click to collapse: Info\">Info<span class=\"toggle_icon\"><span class=\"vert_icon\"><\/span><span class=\"hor_icon\"><\/span><\/span><\/p><div id='toggle-id-4' aria-labelledby='toggle-toggle-id-4' role='region' class='toggle_wrap  av-title-above'  ><div class='toggle_content invers-color '  itemprop=\"text\" ><p>Der diplomierte Sport\u00f6konom verantwortet die Marktforschung der npdgroup Deutschland GmbH, N\u00fcrnberg. Das Unternehmen ist spezialisiert auf Analysen und konzeptionelle, strategische L\u00f6sungen f\u00fcr die Profi-Gastronomie sowie deren Partner. Im Vordergrund stehen eigene Instrumente der Prim\u00e4rforschung wie das Verbraucherpanel CREST sowie das Benchmarking Panel SalesTrack.<\/p>\n<\/div><\/div><\/div><\/section>\n<\/div><\/p><\/div>\n<style type=\"text\/css\" data-created_by=\"avia_inline_auto\" id=\"style-css-av-e3lpys-31d4bfc2285a8678a936244cf2bb81d4\">\n.flex_column.av-e3lpys-31d4bfc2285a8678a936244cf2bb81d4{\nborder-radius:0px 0px 0px 0px;\npadding:0px 0px 0px 0px;\n}\n<\/style>\n<div  class='flex_column av-e3lpys-31d4bfc2285a8678a936244cf2bb81d4 av_one_third  avia-builder-el-28  el_after_av_one_third  el_before_av_one_third  flex_column_div av-zero-column-padding  column-top-margin'     ><p><section  class='avia-team-member av-c7u5w4-d08a0162b3b3ea310b93bf3f1aa62112  avia-builder-el-29  el_before_av_toggle_container  avia-builder-el-first '  itemscope=\"itemscope\" itemtype=\"https:\/\/schema.org\/Person\" ><div class=\"team-img-container\"><img decoding=\"async\" fetchpriority=\"high\" class='wp-image-8818 avia-img-lazy-loading-not-8818 avia_image avia_image_team' src=\"https:\/\/dfvcg-events.de\/digital-talk\/wp-content\/uploads\/sites\/14\/2022\/10\/Thomas_Arnd_Rune_web-1.jpg\" alt='Arnd Rune Thomas'  itemprop=\"image\"   height=\"801\" width=\"600\" \/><\/div><h3 class='team-member-name '  itemprop=\"name\" >Arnd Rune Thomas<\/h3><div class='team-member-job-title '  itemprop=\"jobTitle\" >Vorsitzender der Gesch\u00e4ftsf\u00fchrung Aramark, Neu Isenburg<\/div><span class='hidden team-member-affiliation'  itemprop=\"affiliation\" >Digital Talk<\/span><\/section><br \/>\n<div  class='togglecontainer av-amj6x0-03822315cd54254defe06bf2c218030e  avia-builder-el-30  el_after_av_team_member  avia-builder-el-last  toggle_close_all' >\n<section class='av_toggle_section av-9pihpg-e64c07187dbfc276af0137a887f6a0bf'  itemscope=\"itemscope\" itemtype=\"https:\/\/schema.org\/CreativeWork\" ><div role=\"tablist\" class=\"single_toggle\" data-tags=\"{Alle} \"  ><p id='toggle-toggle-id-5' data-fake-id='#toggle-id-5' class='toggler  av-title-above '  itemprop=\"headline\"  role='tab' tabindex='0' aria-controls='toggle-id-5' data-slide-speed=\"200\" data-title=\"Info\" data-title-open=\"\" data-aria_collapsed=\"Click to expand: Info\" data-aria_expanded=\"Click to collapse: Info\">Info<span class=\"toggle_icon\"><span class=\"vert_icon\"><\/span><span class=\"hor_icon\"><\/span><\/span><\/p><div id='toggle-id-5' aria-labelledby='toggle-toggle-id-5' role='region' class='toggle_wrap  av-title-above'  ><div class='toggle_content invers-color '  itemprop=\"text\" ><p>Arnd Rune Thomas ist K\u00fcchenmeister und neuer Chef von Aramark Deutschland. Thomas\u00a0ist seit 20 Jahren bei Aramark und verf\u00fcgt \u00fcber langj\u00e4hrige Erfahrung im operativen Gesch\u00e4ft und Vertrieb, sowohl im Inland als auch Ausland.<\/p>\n<\/div><\/div><\/div><\/section>\n<\/div><\/p><\/div>\n<style type=\"text\/css\" data-created_by=\"avia_inline_auto\" id=\"style-css-av-7382ms-e2bf6d697db7951500e3e60646bfd309\">\n.flex_column.av-7382ms-e2bf6d697db7951500e3e60646bfd309{\nborder-radius:0px 0px 0px 0px;\npadding:0px 0px 0px 0px;\n}\n<\/style>\n<div  class='flex_column av-7382ms-e2bf6d697db7951500e3e60646bfd309 av_one_third  avia-builder-el-31  el_after_av_one_third  avia-builder-el-last  flex_column_div av-zero-column-padding  column-top-margin'     ><p><section  class='avia-team-member av-693yus-5cf8dc81adadefda5cac8cb2ea04a5a4  avia-builder-el-32  el_before_av_toggle_container  avia-builder-el-first '  itemscope=\"itemscope\" itemtype=\"https:\/\/schema.org\/Person\" ><div class=\"team-img-container\"><img decoding=\"async\" fetchpriority=\"high\" class='wp-image-8827 avia-img-lazy-loading-not-8827 avia_image avia_image_team' src=\"https:\/\/dfvcg-events.de\/digital-talk\/wp-content\/uploads\/sites\/14\/2022\/10\/Schmid_Burkart-web.jpg\" alt='Burkart Schmid '  itemprop=\"image\"   height=\"800\" width=\"600\" \/><\/div><h3 class='team-member-name '  itemprop=\"name\" >Burkart Schmid <\/h3><div class='team-member-job-title '  itemprop=\"jobTitle\" > Herausgeber gvpraxis | dfv Mediengruppe, Frankfurt am Main<\/div><span class='hidden team-member-affiliation'  itemprop=\"affiliation\" >Digital Talk<\/span><\/section><br \/>\n<div  class='togglecontainer av-4fkcv8-20c2bc326d0643eca8c12f046f27d9d6  avia-builder-el-33  el_after_av_team_member  avia-builder-el-last  toggle_close_all' >\n<section class='av_toggle_section av-2xi750-a08b8a74579027fa4051bad4404a5704'  itemscope=\"itemscope\" itemtype=\"https:\/\/schema.org\/CreativeWork\" ><div role=\"tablist\" class=\"single_toggle\" data-tags=\"{Alle} \"  ><p id='toggle-toggle-id-6' data-fake-id='#toggle-id-6' class='toggler  av-title-above '  itemprop=\"headline\"  role='tab' tabindex='0' aria-controls='toggle-id-6' data-slide-speed=\"200\" data-title=\"Info\" data-title-open=\"\" data-aria_collapsed=\"Click to expand: Info\" data-aria_expanded=\"Click to collapse: Info\">Info<span class=\"toggle_icon\"><span class=\"vert_icon\"><\/span><span class=\"hor_icon\"><\/span><\/span><\/p><div id='toggle-id-6' aria-labelledby='toggle-toggle-id-6' role='region' class='toggle_wrap  av-title-above'  ><div class='toggle_content invers-color '  itemprop=\"text\" ><p>Burkart Schmid, Diplom-Betriebswirt, leitete 22 Jahre als Chefredakteur die Redaktion der Wirtschaftsfachzeitschrift gvpraxis (dfv Mediengruppe). Seit Juli 2022 ist er deren Herausgeber. Als Experte in Sachen Au\u00dfer-Haus-Markt und Catering ist er bundesweit auch als Referent und Moderator bekannt.<\/p>\n<\/div><\/div><\/div><\/section>\n<\/div><\/p><\/div>\n<\/p>\n<\/div><\/div><\/div><!-- close content main div --><\/div><\/div><div id='anmelden'  class='avia-section av-kawtoycl-1-b06506d3f004b7712fe681922b309195 main_color avia-section-default avia-no-shadow  avia-builder-el-34  el_after_av_section  el_before_av_section  avia-bg-style-scroll container_wrap fullsize'  ><div class='container av-section-cont-open' ><div class='template-page content  av-content-full alpha units'><div class='post-entry post-entry-type-page post-entry-8740'><div class='entry-content-wrapper clearfix'>\n\n<style type=\"text\/css\" data-created_by=\"avia_inline_auto\" id=\"style-css-av-24jcbm-8c324757c17a2c614a074b796b39e0e9\">\n#top .av-special-heading.av-24jcbm-8c324757c17a2c614a074b796b39e0e9{\npadding-bottom:25px;\n}\nbody .av-special-heading.av-24jcbm-8c324757c17a2c614a074b796b39e0e9 .av-special-heading-tag .heading-char{\nfont-size:25px;\n}\n.av-special-heading.av-24jcbm-8c324757c17a2c614a074b796b39e0e9 .av-subheading{\nfont-size:15px;\n}\n<\/style>\n<div  class='av-special-heading av-24jcbm-8c324757c17a2c614a074b796b39e0e9 av-special-heading-h2 blockquote modern-quote  avia-builder-el-35  el_before_av_codeblock  avia-builder-el-first '><h2 class='av-special-heading-tag '  itemprop=\"headline\"  >Jetzt anmelden<\/h2><div class='av-subheading av-subheading_below'><p>Vielen Dank f\u00fcr Ihr Interesse!<\/p>\n<\/div><div class=\"special-heading-border\"><div class=\"special-heading-inner-border\"><\/div><\/div><\/div>\n\n\n<\/div><\/div><\/div><!-- close content main div --><\/div><\/div><div id='anmelden'  class='avia-section av-6jdo0d-464e601b1f59adf36cc188b8c8aa0b5f main_color avia-section-default avia-no-shadow  avia-builder-el-37  el_after_av_section  el_before_av_section  avia-bg-style-scroll container_wrap fullsize'  ><div class='container av-section-cont-open' ><div class='template-page content  av-content-full alpha units'><div class='post-entry post-entry-type-page post-entry-8740'><div class='entry-content-wrapper clearfix'>\n\n<style type=\"text\/css\" data-created_by=\"avia_inline_auto\" id=\"style-css-av-l5ckfg8u-16af3331bf0cd447e478062e5a839513\">\n#top .av-special-heading.av-l5ckfg8u-16af3331bf0cd447e478062e5a839513{\npadding-bottom:25px;\n}\nbody .av-special-heading.av-l5ckfg8u-16af3331bf0cd447e478062e5a839513 .av-special-heading-tag .heading-char{\nfont-size:25px;\n}\n.av-special-heading.av-l5ckfg8u-16af3331bf0cd447e478062e5a839513 .av-subheading{\nfont-size:15px;\n}\n<\/style>\n<div  class='av-special-heading av-l5ckfg8u-16af3331bf0cd447e478062e5a839513 av-special-heading-h2 blockquote modern-quote  avia-builder-el-38  el_before_av_one_fourth  avia-builder-el-first '><h2 class='av-special-heading-tag '  itemprop=\"headline\"  >Powered by<\/h2><div class=\"special-heading-border\"><div class=\"special-heading-inner-border\"><\/div><\/div><\/div>\n<div  class='flex_column av-6lufhg-7578240adb5680f044f53494b9cae4bf av_one_fourth  avia-builder-el-39  el_after_av_heading  el_before_av_one_fourth  first flex_column_div  '     ><style type=\"text\/css\" data-created_by=\"avia_inline_auto\" id=\"style-css-av-crpyc-78d596259d632024dba44866e941daa6\">\n.avia-image-container.av-crpyc-78d596259d632024dba44866e941daa6 img.avia_image{\nbox-shadow:none;\n}\n.avia-image-container.av-crpyc-78d596259d632024dba44866e941daa6 .av-image-caption-overlay-center{\ncolor:#ffffff;\n}\n<\/style>\n<div  class='avia-image-container av-crpyc-78d596259d632024dba44866e941daa6 av-styling- av-img-linked avia-align-center  avia-builder-el-40  avia-builder-el-no-sibling '   itemprop=\"image\" itemscope=\"itemscope\" itemtype=\"https:\/\/schema.org\/ImageObject\" ><div class=\"avia-image-container-inner\"><div class=\"avia-image-overlay-wrap\"><a href=\"https:\/\/www.chefsculinar.de\/index.htm\" class='avia_image '  aria-label='chefsCulinar-web'><img decoding=\"async\" fetchpriority=\"high\" class='wp-image-8751 avia-img-lazy-loading-not-8751 avia_image ' src=\"https:\/\/dfvcg-events.de\/digital-talk\/wp-content\/uploads\/sites\/14\/2022\/10\/chefsCulinar-web.jpg\" alt='' title='chefsCulinar-web'  height=\"600\" width=\"800\"  itemprop=\"thumbnailUrl\"  \/><\/a><\/div><\/div><\/div><\/div><div  class='flex_column av-36o250-138df03a2b5fd0fbf31648529133fb37 av_one_fourth  avia-builder-el-41  el_after_av_one_fourth  el_before_av_one_fourth  flex_column_div  '     ><style type=\"text\/css\" data-created_by=\"avia_inline_auto\" id=\"style-css-av-l95kfacw-0ca6ace408c4b530200a61a4ffeac63a\">\n.avia-image-container.av-l95kfacw-0ca6ace408c4b530200a61a4ffeac63a img.avia_image{\nbox-shadow:none;\n}\n.avia-image-container.av-l95kfacw-0ca6ace408c4b530200a61a4ffeac63a .av-image-caption-overlay-center{\ncolor:#ffffff;\n}\n<\/style>\n<div  class='avia-image-container av-l95kfacw-0ca6ace408c4b530200a61a4ffeac63a av-styling- av-img-linked avia-align-center  avia-builder-el-42  avia-builder-el-no-sibling '   itemprop=\"image\" itemscope=\"itemscope\" itemtype=\"https:\/\/schema.org\/ImageObject\" ><div class=\"avia-image-container-inner\"><div class=\"avia-image-overlay-wrap\"><a href=\"https:\/\/www.food-service.de\/\" class='avia_image '  aria-label='dfvcg-partner-foodservice'><img decoding=\"async\" fetchpriority=\"high\" class='wp-image-1813 avia-img-lazy-loading-not-1813 avia_image ' src=\"https:\/\/dfvcg-events.de\/digital-talk\/wp-content\/uploads\/sites\/14\/2020\/11\/dfvcg-partner-foodservice.jpg\" alt='' title='dfvcg-partner-foodservice'  height=\"600\" width=\"800\"  itemprop=\"thumbnailUrl\"  \/><\/a><\/div><\/div><\/div><\/div><div  class='flex_column av-2l3pkt-336435611e730f4b15c3651b1ff79788 av_one_fourth  avia-builder-el-43  el_after_av_one_fourth  el_before_av_one_fourth  flex_column_div  '     ><style type=\"text\/css\" data-created_by=\"avia_inline_auto\" id=\"style-css-av-l5ckj38z-528ad78d0be385a27e9e9895a9b124d0\">\n.avia-image-container.av-l5ckj38z-528ad78d0be385a27e9e9895a9b124d0 img.avia_image{\nbox-shadow:none;\n}\n.avia-image-container.av-l5ckj38z-528ad78d0be385a27e9e9895a9b124d0 .av-image-caption-overlay-center{\ncolor:#ffffff;\n}\n<\/style>\n<div  class='avia-image-container av-l5ckj38z-528ad78d0be385a27e9e9895a9b124d0 av-styling- av-img-linked avia-align-center  avia-builder-el-44  avia-builder-el-no-sibling '   itemprop=\"image\" itemscope=\"itemscope\" itemtype=\"https:\/\/schema.org\/ImageObject\" ><div class=\"avia-image-container-inner\"><div class=\"avia-image-overlay-wrap\"><a href=\"https:\/\/gvpraxis.food-service.de\/\" class='avia_image '  aria-label='gvpraxis_WEB'><img decoding=\"async\" fetchpriority=\"high\" class='wp-image-7109 avia-img-lazy-loading-not-7109 avia_image ' src=\"https:\/\/dfvcg-events.de\/digital-talk\/wp-content\/uploads\/sites\/14\/2022\/05\/gvpraxis_WEB.jpg\" alt='' title='gvpraxis_WEB'  height=\"600\" width=\"800\"  itemprop=\"thumbnailUrl\"  \/><\/a><\/div><\/div><\/div><\/div><div  class='flex_column av-4rt8s4-e57b80b05e26dc1520271667867a5729 av_one_fourth  avia-builder-el-45  el_after_av_one_fourth  avia-builder-el-last  flex_column_div  '     ><style type=\"text\/css\" data-created_by=\"avia_inline_auto\" id=\"style-css-av-2otp50-07b78708ece03827cfc4def30862bf55\">\n.avia-image-container.av-2otp50-07b78708ece03827cfc4def30862bf55 img.avia_image{\nbox-shadow:none;\n}\n.avia-image-container.av-2otp50-07b78708ece03827cfc4def30862bf55 .av-image-caption-overlay-center{\ncolor:#ffffff;\n}\n<\/style>\n<div  class='avia-image-container av-2otp50-07b78708ece03827cfc4def30862bf55 av-styling- av-img-linked avia-align-center  avia-builder-el-46  avia-builder-el-no-sibling '   itemprop=\"image\" itemscope=\"itemscope\" itemtype=\"https:\/\/schema.org\/ImageObject\" ><div class=\"avia-image-container-inner\"><div class=\"avia-image-overlay-wrap\"><a href=\"https:\/\/dfvcg-events.de\/\" class='avia_image '  aria-label='dfvcg-conference-group'><img decoding=\"async\" fetchpriority=\"high\" class='wp-image-1064 avia-img-lazy-loading-not-1064 avia_image ' src=\"https:\/\/dfvcg-events.de\/digital-talk\/wp-content\/uploads\/sites\/14\/2020\/05\/dfvcg-conference-group.jpg\" alt='' title='dfvcg-conference-group'  height=\"600\" width=\"800\"  itemprop=\"thumbnailUrl\"  \/><\/a><\/div><\/div><\/div><\/div>\n\n<\/div><\/div><\/div><!-- close content main div --><\/div><\/div><div id='av_section_7'  class='avia-section av-475lki-bf6368de126dfa81a99faf90a82d92dd main_color avia-section-default avia-no-shadow  avia-builder-el-47  el_after_av_section  avia-builder-el-last  avia-bg-style-scroll container_wrap fullsize'  ><div class='container av-section-cont-open' ><div class='template-page content  av-content-full alpha units'><div class='post-entry post-entry-type-page post-entry-8740'><div class='entry-content-wrapper clearfix'>\n\n<style type=\"text\/css\" data-created_by=\"avia_inline_auto\" id=\"style-css-av-kq10tixo-68a9598d948a26142e95c8289f7aa81a\">\n#top .av-special-heading.av-kq10tixo-68a9598d948a26142e95c8289f7aa81a{\npadding-bottom:25px;\n}\nbody .av-special-heading.av-kq10tixo-68a9598d948a26142e95c8289f7aa81a .av-special-heading-tag .heading-char{\nfont-size:25px;\n}\n.av-special-heading.av-kq10tixo-68a9598d948a26142e95c8289f7aa81a .av-subheading{\nfont-size:15px;\n}\n<\/style>\n<div  class='av-special-heading av-kq10tixo-68a9598d948a26142e95c8289f7aa81a av-special-heading-h2 blockquote modern-quote  avia-builder-el-48  el_before_av_textblock  avia-builder-el-first '><h2 class='av-special-heading-tag '  itemprop=\"headline\"  >Gut zu wissen<\/h2><div class='av-subheading av-subheading_below'><p>Wichtige Informationen rund um Ihre digitale Teilnahme<\/p>\n<\/div><div class=\"special-heading-border\"><div class=\"special-heading-inner-border\"><\/div><\/div><\/div>\n<section  class='av_textblock_section av-l3lcumer-46ad0e4fcd8b794391a7106de3528920 '   itemscope=\"itemscope\" itemtype=\"https:\/\/schema.org\/CreativeWork\" ><div class='avia_textblock'  itemprop=\"text\" ><p>Nach Ihrer Registrierung erhalten Sie Ihre Anmeldebest\u00e4tigung sowie einen Link f\u00fcr Ihren Kalendereintrag. Die Zugangsdaten zum Einloggen erhalten Sie rechtzeitig vor Beginn des Digital Talks.<\/p>\n<\/div><\/section>\n\n<style type=\"text\/css\" data-created_by=\"avia_inline_auto\" id=\"style-css-av-l7sw8cmb-0676cbe4e448c6d8e1c4bf7ee72aefed\">\n#top .av-special-heading.av-l7sw8cmb-0676cbe4e448c6d8e1c4bf7ee72aefed{\npadding-bottom:25px;\n}\nbody .av-special-heading.av-l7sw8cmb-0676cbe4e448c6d8e1c4bf7ee72aefed .av-special-heading-tag .heading-char{\nfont-size:25px;\n}\n.av-special-heading.av-l7sw8cmb-0676cbe4e448c6d8e1c4bf7ee72aefed .av-subheading{\nfont-size:15px;\n}\n<\/style>\n<div  class='av-special-heading av-l7sw8cmb-0676cbe4e448c6d8e1c4bf7ee72aefed av-special-heading-h2 blockquote modern-quote  avia-builder-el-50  el_after_av_textblock  el_before_av_one_third '><h2 class='av-special-heading-tag '  itemprop=\"headline\"  >Ihre Ansprechpartner:innen<\/h2><div class='av-subheading av-subheading_below'><p>Wir sind f\u00fcr Sie da<\/p>\n<\/div><div class=\"special-heading-border\"><div class=\"special-heading-inner-border\"><\/div><\/div><\/div>\n\n<style type=\"text\/css\" data-created_by=\"avia_inline_auto\" id=\"style-css-av-27mso2-cfa34feba85c0db605763ef9d21e2a8c\">\n.flex_column.av-27mso2-cfa34feba85c0db605763ef9d21e2a8c{\nborder-radius:0px 0px 0px 0px;\npadding:0px 0px 0px 0px;\n}\n<\/style>\n<div  class='flex_column av-27mso2-cfa34feba85c0db605763ef9d21e2a8c av_one_third  avia-builder-el-51  el_after_av_heading  el_before_av_one_third  first flex_column_div av-zero-column-padding  '     ><section  class='av_textblock_section av-kq10u44p-e8342b699bb2d67c0a239898158ae5dd '   itemscope=\"itemscope\" itemtype=\"https:\/\/schema.org\/CreativeWork\" ><div class='avia_textblock'  itemprop=\"text\" ><p><strong>Projektleitung<\/strong><\/p>\n<p>Sarah Sternberger<br \/>\n<a href=\"&#109;&#x61;&#x69;l&#116;&#x6f;&#x3a;s&#97;&#x72;a&#104;&#x2e;&#x73;t&#101;&#x72;n&#98;&#x65;&#x72;g&#101;&#x72;&#x40;&#100;&#x66;&#x76;c&#103;&#x2e;&#x64;e\">&#x73;a&#x72;&#97;h&#x2e;&#115;&#x74;&#101;r&#x6e;&#98;&#x65;&#114;g&#x65;&#114;&#x40;&#x64;f&#x76;&#99;g&#x2e;&#100;&#x65;<\/a><br \/>\n+49 69 7595 3039<\/p>\n<\/div><\/section><\/div>\n<style type=\"text\/css\" data-created_by=\"avia_inline_auto\" id=\"style-css-av-2vgfir-687df2430d92d1170b55329da4e0ed66\">\n.flex_column.av-2vgfir-687df2430d92d1170b55329da4e0ed66{\nborder-radius:0px 0px 0px 0px;\npadding:0px 0px 0px 0px;\n}\n<\/style>\n<div  class='flex_column av-2vgfir-687df2430d92d1170b55329da4e0ed66 av_one_third  avia-builder-el-53  el_after_av_one_third  avia-builder-el-last  flex_column_div av-zero-column-padding  '     ><section  class='av_textblock_section av-l3lcwp2u-98b9aea16bb42d7bcabc3974fd04bb7e '   itemscope=\"itemscope\" itemtype=\"https:\/\/schema.org\/CreativeWork\" ><div class='avia_textblock'  itemprop=\"text\" ><p><strong>Organisation<\/strong><\/p>\n<p>Marie Hartmann<br \/>\n<a href=\"&#x6d;&#x61;&#x69;&#x6c;&#x74;&#x6f;&#x3a;&#x6d;&#x61;&#x72;&#x69;&#x65;&#x2e;&#x68;&#97;&#114;&#116;&#109;&#97;&#110;&#110;&#64;&#100;&#102;&#118;cg&#46;de\">&#109;&#97;&#x72;i&#101;&#x2e;&#x68;a&#114;&#x74;&#x6d;a&#110;&#x6e;&#64;&#100;&#x66;&#x76;c&#103;&#x2e;&#x64;e<\/a><br \/>\n+49 69 7595 3028<\/p>\n<\/div><\/section><\/div>\n\n","protected":false},"excerpt":{"rendered":"<p>8. November 2022<br \/>\n15:00 &#8211; 16:00 Uhr<\/p>\n","protected":false},"author":10,"featured_media":8792,"comment_status":"closed","ping_status":"closed","template":"","meta":{"footnotes":""},"tags":[],"portfolio_entries":[47],"class_list":["post-8740","portfolio","type-portfolio","status-publish","has-post-thumbnail","hentry","portfolio_entries-archiv"],"yoast_head":"<!-- This site is optimized with the Yoast SEO plugin v27.4 - https:\/\/yoast.com\/product\/yoast-seo-wordpress\/ -->\n<title>digital talk: Gastmarketing in turbulenten Zeiten - Digital Talk<\/title>\n<meta name=\"description\" content=\"Live. Aktuell. Inspirierend: digital talk: Gastmarketing in turbulenten Zeiten\" \/>\n<meta name=\"robots\" content=\"index, follow, max-snippet:-1, max-image-preview:large, max-video-preview:-1\" \/>\n<link rel=\"canonical\" href=\"https:\/\/dfvcg-events.de\/digital-talk\/veranstaltung\/digital-talk-gastmarketing-in-turbulenten-zeiten\/\" \/>\n<meta property=\"og:locale\" content=\"de_DE\" \/>\n<meta property=\"og:type\" content=\"article\" \/>\n<meta property=\"og:title\" content=\"digital talk: Gastmarketing in turbulenten Zeiten - Digital Talk\" \/>\n<meta property=\"og:description\" content=\"Live. Aktuell. Inspirierend: digital talk: Gastmarketing in turbulenten Zeiten\" \/>\n<meta property=\"og:url\" content=\"https:\/\/dfvcg-events.de\/digital-talk\/veranstaltung\/digital-talk-gastmarketing-in-turbulenten-zeiten\/\" \/>\n<meta property=\"og:site_name\" content=\"Digital Talk\" \/>\n<meta property=\"article:modified_time\" content=\"2023-11-16T15:15:48+00:00\" \/>\n<meta property=\"og:image\" content=\"https:\/\/dfvcg-events.de\/digital-talk\/wp-content\/uploads\/sites\/14\/2022\/10\/Gastmarketing_800x800.jpg\" \/>\n\t<meta property=\"og:image:width\" content=\"800\" \/>\n\t<meta property=\"og:image:height\" content=\"800\" \/>\n\t<meta property=\"og:image:type\" content=\"image\/jpeg\" \/>\n<meta name=\"twitter:card\" content=\"summary_large_image\" \/>\n<meta name=\"twitter:label1\" content=\"Gesch\u00e4tzte Lesezeit\" \/>\n\t<meta name=\"twitter:data1\" content=\"21\u00a0Minuten\" \/>\n<script type=\"application\/ld+json\" class=\"yoast-schema-graph\">{\"@context\":\"https:\\\/\\\/schema.org\",\"@graph\":[{\"@type\":\"WebPage\",\"@id\":\"https:\\\/\\\/dfvcg-events.de\\\/digital-talk\\\/veranstaltung\\\/digital-talk-gastmarketing-in-turbulenten-zeiten\\\/\",\"url\":\"https:\\\/\\\/dfvcg-events.de\\\/digital-talk\\\/veranstaltung\\\/digital-talk-gastmarketing-in-turbulenten-zeiten\\\/\",\"name\":\"digital talk: Gastmarketing in turbulenten Zeiten - Digital Talk\",\"isPartOf\":{\"@id\":\"https:\\\/\\\/dfvcg-events.de\\\/digital-talk\\\/#website\"},\"primaryImageOfPage\":{\"@id\":\"https:\\\/\\\/dfvcg-events.de\\\/digital-talk\\\/veranstaltung\\\/digital-talk-gastmarketing-in-turbulenten-zeiten\\\/#primaryimage\"},\"image\":{\"@id\":\"https:\\\/\\\/dfvcg-events.de\\\/digital-talk\\\/veranstaltung\\\/digital-talk-gastmarketing-in-turbulenten-zeiten\\\/#primaryimage\"},\"thumbnailUrl\":\"https:\\\/\\\/dfvcg-events.de\\\/digital-talk\\\/wp-content\\\/uploads\\\/sites\\\/14\\\/2022\\\/10\\\/Gastmarketing_800x800.jpg\",\"datePublished\":\"2022-10-12T09:06:14+00:00\",\"dateModified\":\"2023-11-16T15:15:48+00:00\",\"description\":\"Live. Aktuell. Inspirierend: digital talk: Gastmarketing in turbulenten Zeiten\",\"breadcrumb\":{\"@id\":\"https:\\\/\\\/dfvcg-events.de\\\/digital-talk\\\/veranstaltung\\\/digital-talk-gastmarketing-in-turbulenten-zeiten\\\/#breadcrumb\"},\"inLanguage\":\"de\",\"potentialAction\":[{\"@type\":\"ReadAction\",\"target\":[\"https:\\\/\\\/dfvcg-events.de\\\/digital-talk\\\/veranstaltung\\\/digital-talk-gastmarketing-in-turbulenten-zeiten\\\/\"]}]},{\"@type\":\"ImageObject\",\"inLanguage\":\"de\",\"@id\":\"https:\\\/\\\/dfvcg-events.de\\\/digital-talk\\\/veranstaltung\\\/digital-talk-gastmarketing-in-turbulenten-zeiten\\\/#primaryimage\",\"url\":\"https:\\\/\\\/dfvcg-events.de\\\/digital-talk\\\/wp-content\\\/uploads\\\/sites\\\/14\\\/2022\\\/10\\\/Gastmarketing_800x800.jpg\",\"contentUrl\":\"https:\\\/\\\/dfvcg-events.de\\\/digital-talk\\\/wp-content\\\/uploads\\\/sites\\\/14\\\/2022\\\/10\\\/Gastmarketing_800x800.jpg\",\"width\":800,\"height\":800},{\"@type\":\"BreadcrumbList\",\"@id\":\"https:\\\/\\\/dfvcg-events.de\\\/digital-talk\\\/veranstaltung\\\/digital-talk-gastmarketing-in-turbulenten-zeiten\\\/#breadcrumb\",\"itemListElement\":[{\"@type\":\"ListItem\",\"position\":1,\"name\":\"Startseite\",\"item\":\"https:\\\/\\\/dfvcg-events.de\\\/digital-talk\\\/\"},{\"@type\":\"ListItem\",\"position\":2,\"name\":\"digital talk: Gastmarketing in turbulenten Zeiten\"}]},{\"@type\":\"WebSite\",\"@id\":\"https:\\\/\\\/dfvcg-events.de\\\/digital-talk\\\/#website\",\"url\":\"https:\\\/\\\/dfvcg-events.de\\\/digital-talk\\\/\",\"name\":\"Digital Talk\",\"description\":\"dfv Conference Group\",\"publisher\":{\"@id\":\"https:\\\/\\\/dfvcg-events.de\\\/digital-talk\\\/#organization\"},\"potentialAction\":[{\"@type\":\"SearchAction\",\"target\":{\"@type\":\"EntryPoint\",\"urlTemplate\":\"https:\\\/\\\/dfvcg-events.de\\\/digital-talk\\\/?s={search_term_string}\"},\"query-input\":{\"@type\":\"PropertyValueSpecification\",\"valueRequired\":true,\"valueName\":\"search_term_string\"}}],\"inLanguage\":\"de\"},{\"@type\":\"Organization\",\"@id\":\"https:\\\/\\\/dfvcg-events.de\\\/digital-talk\\\/#organization\",\"name\":\"Digital Talks | dfv Conference Group\",\"url\":\"https:\\\/\\\/dfvcg-events.de\\\/digital-talk\\\/\",\"logo\":{\"@type\":\"ImageObject\",\"inLanguage\":\"de\",\"@id\":\"https:\\\/\\\/dfvcg-events.de\\\/digital-talk\\\/#\\\/schema\\\/logo\\\/image\\\/\",\"url\":\"https:\\\/\\\/dfvcg-events.de\\\/digital-talk\\\/wp-content\\\/uploads\\\/sites\\\/14\\\/2021\\\/02\\\/digital-talks-start.jpg\",\"contentUrl\":\"https:\\\/\\\/dfvcg-events.de\\\/digital-talk\\\/wp-content\\\/uploads\\\/sites\\\/14\\\/2021\\\/02\\\/digital-talks-start.jpg\",\"width\":800,\"height\":800,\"caption\":\"Digital Talks | dfv Conference Group\"},\"image\":{\"@id\":\"https:\\\/\\\/dfvcg-events.de\\\/digital-talk\\\/#\\\/schema\\\/logo\\\/image\\\/\"}}]}<\/script>\n<!-- \/ Yoast SEO plugin. -->","yoast_head_json":{"title":"digital talk: Gastmarketing in turbulenten Zeiten - Digital Talk","description":"Live. Aktuell. Inspirierend: digital talk: Gastmarketing in turbulenten Zeiten","robots":{"index":"index","follow":"follow","max-snippet":"max-snippet:-1","max-image-preview":"max-image-preview:large","max-video-preview":"max-video-preview:-1"},"canonical":"https:\/\/dfvcg-events.de\/digital-talk\/veranstaltung\/digital-talk-gastmarketing-in-turbulenten-zeiten\/","og_locale":"de_DE","og_type":"article","og_title":"digital talk: Gastmarketing in turbulenten Zeiten - Digital Talk","og_description":"Live. Aktuell. Inspirierend: digital talk: Gastmarketing in turbulenten Zeiten","og_url":"https:\/\/dfvcg-events.de\/digital-talk\/veranstaltung\/digital-talk-gastmarketing-in-turbulenten-zeiten\/","og_site_name":"Digital Talk","article_modified_time":"2023-11-16T15:15:48+00:00","og_image":[{"width":800,"height":800,"url":"https:\/\/dfvcg-events.de\/digital-talk\/wp-content\/uploads\/sites\/14\/2022\/10\/Gastmarketing_800x800.jpg","type":"image\/jpeg"}],"twitter_card":"summary_large_image","twitter_misc":{"Gesch\u00e4tzte Lesezeit":"21\u00a0Minuten"},"schema":{"@context":"https:\/\/schema.org","@graph":[{"@type":"WebPage","@id":"https:\/\/dfvcg-events.de\/digital-talk\/veranstaltung\/digital-talk-gastmarketing-in-turbulenten-zeiten\/","url":"https:\/\/dfvcg-events.de\/digital-talk\/veranstaltung\/digital-talk-gastmarketing-in-turbulenten-zeiten\/","name":"digital talk: Gastmarketing in turbulenten Zeiten - Digital Talk","isPartOf":{"@id":"https:\/\/dfvcg-events.de\/digital-talk\/#website"},"primaryImageOfPage":{"@id":"https:\/\/dfvcg-events.de\/digital-talk\/veranstaltung\/digital-talk-gastmarketing-in-turbulenten-zeiten\/#primaryimage"},"image":{"@id":"https:\/\/dfvcg-events.de\/digital-talk\/veranstaltung\/digital-talk-gastmarketing-in-turbulenten-zeiten\/#primaryimage"},"thumbnailUrl":"https:\/\/dfvcg-events.de\/digital-talk\/wp-content\/uploads\/sites\/14\/2022\/10\/Gastmarketing_800x800.jpg","datePublished":"2022-10-12T09:06:14+00:00","dateModified":"2023-11-16T15:15:48+00:00","description":"Live. Aktuell. Inspirierend: digital talk: Gastmarketing in turbulenten Zeiten","breadcrumb":{"@id":"https:\/\/dfvcg-events.de\/digital-talk\/veranstaltung\/digital-talk-gastmarketing-in-turbulenten-zeiten\/#breadcrumb"},"inLanguage":"de","potentialAction":[{"@type":"ReadAction","target":["https:\/\/dfvcg-events.de\/digital-talk\/veranstaltung\/digital-talk-gastmarketing-in-turbulenten-zeiten\/"]}]},{"@type":"ImageObject","inLanguage":"de","@id":"https:\/\/dfvcg-events.de\/digital-talk\/veranstaltung\/digital-talk-gastmarketing-in-turbulenten-zeiten\/#primaryimage","url":"https:\/\/dfvcg-events.de\/digital-talk\/wp-content\/uploads\/sites\/14\/2022\/10\/Gastmarketing_800x800.jpg","contentUrl":"https:\/\/dfvcg-events.de\/digital-talk\/wp-content\/uploads\/sites\/14\/2022\/10\/Gastmarketing_800x800.jpg","width":800,"height":800},{"@type":"BreadcrumbList","@id":"https:\/\/dfvcg-events.de\/digital-talk\/veranstaltung\/digital-talk-gastmarketing-in-turbulenten-zeiten\/#breadcrumb","itemListElement":[{"@type":"ListItem","position":1,"name":"Startseite","item":"https:\/\/dfvcg-events.de\/digital-talk\/"},{"@type":"ListItem","position":2,"name":"digital talk: Gastmarketing in turbulenten Zeiten"}]},{"@type":"WebSite","@id":"https:\/\/dfvcg-events.de\/digital-talk\/#website","url":"https:\/\/dfvcg-events.de\/digital-talk\/","name":"Digital Talk","description":"dfv Conference Group","publisher":{"@id":"https:\/\/dfvcg-events.de\/digital-talk\/#organization"},"potentialAction":[{"@type":"SearchAction","target":{"@type":"EntryPoint","urlTemplate":"https:\/\/dfvcg-events.de\/digital-talk\/?s={search_term_string}"},"query-input":{"@type":"PropertyValueSpecification","valueRequired":true,"valueName":"search_term_string"}}],"inLanguage":"de"},{"@type":"Organization","@id":"https:\/\/dfvcg-events.de\/digital-talk\/#organization","name":"Digital Talks | dfv Conference Group","url":"https:\/\/dfvcg-events.de\/digital-talk\/","logo":{"@type":"ImageObject","inLanguage":"de","@id":"https:\/\/dfvcg-events.de\/digital-talk\/#\/schema\/logo\/image\/","url":"https:\/\/dfvcg-events.de\/digital-talk\/wp-content\/uploads\/sites\/14\/2021\/02\/digital-talks-start.jpg","contentUrl":"https:\/\/dfvcg-events.de\/digital-talk\/wp-content\/uploads\/sites\/14\/2021\/02\/digital-talks-start.jpg","width":800,"height":800,"caption":"Digital Talks | dfv Conference Group"},"image":{"@id":"https:\/\/dfvcg-events.de\/digital-talk\/#\/schema\/logo\/image\/"}}]}},"_links":{"self":[{"href":"https:\/\/dfvcg-events.de\/digital-talk\/wp-json\/wp\/v2\/portfolio\/8740","targetHints":{"allow":["GET"]}}],"collection":[{"href":"https:\/\/dfvcg-events.de\/digital-talk\/wp-json\/wp\/v2\/portfolio"}],"about":[{"href":"https:\/\/dfvcg-events.de\/digital-talk\/wp-json\/wp\/v2\/types\/portfolio"}],"author":[{"embeddable":true,"href":"https:\/\/dfvcg-events.de\/digital-talk\/wp-json\/wp\/v2\/users\/10"}],"replies":[{"embeddable":true,"href":"https:\/\/dfvcg-events.de\/digital-talk\/wp-json\/wp\/v2\/comments?post=8740"}],"version-history":[{"count":0,"href":"https:\/\/dfvcg-events.de\/digital-talk\/wp-json\/wp\/v2\/portfolio\/8740\/revisions"}],"wp:featuredmedia":[{"embeddable":true,"href":"https:\/\/dfvcg-events.de\/digital-talk\/wp-json\/wp\/v2\/media\/8792"}],"wp:attachment":[{"href":"https:\/\/dfvcg-events.de\/digital-talk\/wp-json\/wp\/v2\/media?parent=8740"}],"wp:term":[{"taxonomy":"post_tag","embeddable":true,"href":"https:\/\/dfvcg-events.de\/digital-talk\/wp-json\/wp\/v2\/tags?post=8740"},{"taxonomy":"portfolio_entries","embeddable":true,"href":"https:\/\/dfvcg-events.de\/digital-talk\/wp-json\/wp\/v2\/portfolio_entries?post=8740"}],"curies":[{"name":"wp","href":"https:\/\/api.w.org\/{rel}","templated":true}]}}