{"id":8683,"date":"2022-10-07T09:31:19","date_gmt":"2022-10-07T07:31:19","guid":{"rendered":"https:\/\/dfvcg-events.de\/digital-talk\/?post_type=portfolio&#038;p=8683"},"modified":"2023-11-16T16:15:46","modified_gmt":"2023-11-16T15:15:46","slug":"digital-talk-droht-der-energie-lockdown","status":"publish","type":"portfolio","link":"https:\/\/dfvcg-events.de\/digital-talk\/veranstaltung\/digital-talk-droht-der-energie-lockdown\/","title":{"rendered":"digital talk: Droht der \u201eEnergie-Lockdown\u201c?"},"content":{"rendered":"<div class='clear'><\/div><div id='sub_menu1'  class='av-submenu-container av-kawv0if6-b4e37991045abd8a15205f662d77aaf5 header_color av-switch-990  avia-builder-el-0  el_before_av_section  avia-builder-el-first  av-sticky-submenu container_wrap fullsize' style='z-index:301' ><div class='container av-menu-mobile-active av-submenu-pos-left'><a href=\"#\" class=\"mobile_menu_toggle\"><span class='avia-svg-icon avia-font-svg_entypo-fontello' data-av_svg_icon='list' data-av_iconset='svg_entypo-fontello'><svg version=\"1.1\" xmlns=\"http:\/\/www.w3.org\/2000\/svg\" width=\"22\" height=\"32\" viewBox=\"0 0 22 32\" preserveAspectRatio=\"xMidYMid meet\" aria-labelledby='av-svg-title-1' aria-describedby='av-svg-desc-1' role=\"graphics-symbol\" aria-hidden=\"true\">\n<title id='av-svg-title-1'>List<\/title>\n<desc id='av-svg-desc-1'>List<\/desc>\n<path d=\"M3.2 20.8q0.64 0 1.12 0.48t0.48 1.12-0.48 1.12-1.12 0.48h-1.6q-0.64 0-1.12-0.48t-0.48-1.12 0.448-1.12 1.152-0.48h1.6zM3.2 14.4q0.64 0 1.12 0.48t0.48 1.12-0.48 1.12-1.12 0.48h-1.6q-0.64 0-1.12-0.48t-0.48-1.12 0.448-1.12 1.152-0.48h1.6zM3.2 8q0.64 0 1.12 0.48t0.48 1.12-0.48 1.12-1.12 0.48h-1.6q-0.64 0-1.12-0.48t-0.48-1.12 0.448-1.12 1.152-0.48h1.6zM9.6 11.2q-0.64 0-1.12-0.48t-0.48-1.12 0.48-1.12 1.12-0.48h11.2q0.704 0 1.152 0.48t0.448 1.12-0.48 1.12-1.12 0.48h-11.2zM20.8 14.4q0.704 0 1.152 0.48t0.448 1.12-0.48 1.12-1.12 0.48h-11.2q-0.64 0-1.12-0.48t-0.48-1.12 0.48-1.12 1.12-0.48h11.2zM20.8 20.8q0.704 0 1.152 0.48t0.448 1.12-0.48 1.12-1.12 0.48h-11.2q-0.64 0-1.12-0.48t-0.48-1.12 0.48-1.12 1.12-0.48h11.2z\"><\/path>\n<\/svg><\/span><span class=\"av-current-placeholder\">Men\u00fc<\/span><\/a><ul id='av-custom-submenu-1' class='av-subnav-menu' role='menu'>\n<li class='menu-item av-2kckn4-ca906d751475ddc7493c675c2737567f menu-item-top-level av-menu-button av-menu-button-bordered menu-item-top-level-1' role='menuitem'><a href='https:\/\/dfvcg-events.de\/digital-talk\/'  ><span class='avia-bullet'><\/span><span class='avia-menu-text'>digital talks<\/span><\/a><\/li>\n<li class='menu-item av-cpa6i-1b75602378caa96f87b042471b888caa menu-item-top-level av-menu-button av-menu-button-colored menu-item-top-level-2' role='menuitem'><a href='#anmelden'  ><span class='avia-bullet'><\/span><span class='avia-menu-text'>Jetzt anmelden<\/span><\/a><\/li>\n<li class='menu-item av-2u4alb-907784f4dd7a489356826104c0410433 menu-item-top-level menu-item-top-level-3' role='menuitem'><a href='#'  ><span class='avia-bullet'><\/span><span class='avia-menu-text'>Start<\/span><\/a><\/li>\n<li class='menu-item av-4qodp5-cf944fa2d392eff918f0b85e15f02e44 menu-item-top-level menu-item-top-level-4' role='menuitem'><a href='#referenten'  ><span class='avia-bullet'><\/span><span class='avia-menu-text'>Vortragende<\/span><\/a><\/li>\n<\/ul><\/div><\/div><div class='sticky_placeholder'><\/div>\n<div id='av_section_1'  class='avia-section av-srk2y-112106500345416558fb7b75c6b4ce9b main_color avia-section-default avia-no-border-styling  avia-builder-el-1  el_after_av_submenu  el_before_av_section  avia-bg-style-scroll container_wrap fullsize'  ><div class='container av-section-cont-open' ><div class='template-page content  av-content-full alpha units'><div class='post-entry post-entry-type-page post-entry-8683'><div class='entry-content-wrapper clearfix'>\n<div class='flex_column_table av-prli-64bf6691d8e0f71fe37b32964844bca4 sc-av_two_fifth av-equal-height-column-flextable'>\n<style type=\"text\/css\" data-created_by=\"avia_inline_auto\" id=\"style-css-av-prli-64bf6691d8e0f71fe37b32964844bca4\">\n.flex_column.av-prli-64bf6691d8e0f71fe37b32964844bca4{\nborder-radius:0px 0px 0px 0px;\npadding:0px 0px 0px 0px;\n}\n<\/style>\n<div  class='flex_column av-prli-64bf6691d8e0f71fe37b32964844bca4 av_two_fifth  avia-builder-el-2  el_before_av_three_fifth  avia-builder-el-first  first flex_column_table_cell av-equal-height-column av-align-top av-zero-column-padding  '     ><p><br \/>\n\n<style type=\"text\/css\" data-created_by=\"avia_inline_auto\" id=\"style-css-av-kk6miykd-ef1280b5fc4d50d47b887d0b793611e4\">\n.avia-image-container.av-kk6miykd-ef1280b5fc4d50d47b887d0b793611e4 img.avia_image{\nbox-shadow:none;\n}\n.avia-image-container.av-kk6miykd-ef1280b5fc4d50d47b887d0b793611e4 .av-image-caption-overlay-center{\ncolor:#ffffff;\n}\n<\/style>\n<div  class='avia-image-container av-kk6miykd-ef1280b5fc4d50d47b887d0b793611e4 av-styling- avia-align-center  avia-builder-el-4  el_after_av_image  avia-builder-el-last '   itemprop=\"image\" itemscope=\"itemscope\" itemtype=\"https:\/\/schema.org\/ImageObject\" ><div class=\"avia-image-container-inner\"><div class=\"avia-image-overlay-wrap\"><img decoding=\"async\" fetchpriority=\"high\" class='wp-image-8860 avia-img-lazy-loading-not-8860 avia_image ' src=\"https:\/\/dfvcg-events.de\/digital-talk\/wp-content\/uploads\/sites\/14\/2022\/10\/dfvcg_DigiTalkEnergie-Lockdown_800x800_o.jpg\" alt='' title='dfvcg_DigiTalkEnergie-Lockdown_800x800_o'  height=\"800\" width=\"800\"  itemprop=\"thumbnailUrl\"  \/><\/div><\/div><\/div><\/p><\/div><div class='av-flex-placeholder'><\/div>\n<style type=\"text\/css\" data-created_by=\"avia_inline_auto\" id=\"style-css-av-k26i2v6p-2688042be07242d734261d0b65f3805f\">\n.flex_column.av-k26i2v6p-2688042be07242d734261d0b65f3805f{\nborder-radius:0px 0px 0px 0px;\npadding:0px 35px 0px 0px;\n}\n<\/style>\n<div  class='flex_column av-k26i2v6p-2688042be07242d734261d0b65f3805f av_three_fifth  avia-builder-el-5  el_after_av_two_fifth  avia-builder-el-last  flex_column_table_cell av-equal-height-column av-align-top  '     ><p>\n<style type=\"text\/css\" data-created_by=\"avia_inline_auto\" id=\"style-css-av-280ihu-50926d5fcc22defa4552de68abf2ed50\">\n#top .av-special-heading.av-280ihu-50926d5fcc22defa4552de68abf2ed50{\npadding-bottom:10px;\ncolor:#db2033;\n}\nbody .av-special-heading.av-280ihu-50926d5fcc22defa4552de68abf2ed50 .av-special-heading-tag .heading-char{\nfont-size:25px;\n}\n.av-special-heading.av-280ihu-50926d5fcc22defa4552de68abf2ed50 .special-heading-inner-border{\nborder-color:#db2033;\n}\n.av-special-heading.av-280ihu-50926d5fcc22defa4552de68abf2ed50 .av-subheading{\nfont-size:19px;\ncolor:#000000;\n}\n<\/style>\n<div  class='av-special-heading av-280ihu-50926d5fcc22defa4552de68abf2ed50 av-special-heading-h1 custom-color-heading blockquote modern-quote  avia-builder-el-6  el_before_av_textblock  avia-builder-el-first  av-linked-heading'><div class='av_custom_color av-subheading av-subheading_above'><p>digital talk:<\/p>\n<\/div><h1 class='av-special-heading-tag '  itemprop=\"headline\"  >Droht der <span class='special_amp'>\u201e<\/span>Energie-Lockdown<span class='special_amp'>\u201c<\/span>?<\/h1><div class=\"special-heading-border\"><div class=\"special-heading-inner-border\"><\/div><\/div><\/div><br \/>\n\n<style type=\"text\/css\" data-created_by=\"avia_inline_auto\" id=\"style-css-av-kk6mwm01-5c7e4a911c1e0776b212db18eef86498\">\n#top .av_textblock_section.av-kk6mwm01-5c7e4a911c1e0776b212db18eef86498 .avia_textblock{\nfont-size:21px;\n}\n<\/style>\n<section  class='av_textblock_section av-kk6mwm01-5c7e4a911c1e0776b212db18eef86498 '   itemscope=\"itemscope\" itemtype=\"https:\/\/schema.org\/CreativeWork\" ><div class='avia_textblock'  itemprop=\"text\" ><p><strong>So stemmen Gastro-Profis die Krise<\/strong><\/p>\n<p>30. November 2022<br \/>\n11:00 &#8211; 12:00 Uhr<\/p>\n<\/div><\/section><br \/>\n<div  class='avia-buttonrow-wrap av-kcn3m3gt-fff65312e5a8530eff99563e24d61bb2 avia-buttonrow-left  avia-builder-el-8  el_after_av_textblock  avia-builder-el-last '>\n\n<style type=\"text\/css\" data-created_by=\"avia_inline_auto\" id=\"style-css-av-3k12xc-6ec28a73d2490c87c1defe2b4f4cc55f\">\n#top #wrap_all .avia-button.av-3k12xc-6ec28a73d2490c87c1defe2b4f4cc55f{\nbackground-color:#db2033;\nborder-color:#db2033;\ncolor:#ffffff;\ntransition:all 0.4s ease-in-out;\nmargin-bottom:5px;\nmargin-right:5px;\n}\n#top #wrap_all .avia-button.av-3k12xc-6ec28a73d2490c87c1defe2b4f4cc55f .avia-svg-icon svg:first-child{\nfill:#ffffff;\nstroke:#ffffff;\n}\n<\/style>\n<a href='#anmelden'  class='avia-button av-3k12xc-6ec28a73d2490c87c1defe2b4f4cc55f avia-icon_select-yes-left-icon avia-size-large'   aria-label=\"jetzt anmelden\"><span class='avia_button_icon avia_button_icon_left avia-iconfont avia-font-entypo-fontello' data-av_icon='\ue8cb' data-av_iconfont='entypo-fontello' ><\/span><span class='avia_iconbox_title' >jetzt anmelden<\/span><\/a>\n\n<style type=\"text\/css\" data-created_by=\"avia_inline_auto\" id=\"style-css-av-2000oy-db4a79fab6252fd70e74729019139d29\">\n#top #wrap_all .avia-button.av-2000oy-db4a79fab6252fd70e74729019139d29{\nbackground-color:#db838d;\nborder-color:#db838d;\ncolor:#ffffff;\ntransition:all 0.4s ease-in-out;\nmargin-bottom:5px;\nmargin-right:5px;\n}\n#top #wrap_all .avia-button.av-2000oy-db4a79fab6252fd70e74729019139d29 .avia-svg-icon svg:first-child{\nfill:#ffffff;\nstroke:#ffffff;\n}\n<\/style>\n<a href='https:\/\/dfvcg-events.de\/digital-talk\/wp-content\/uploads\/sites\/14\/2022\/10\/digital-talk-Droht-der-\u201eEnergie-Lockdown.ics'  class='avia-button av-2000oy-db4a79fab6252fd70e74729019139d29 avia-icon_select-yes-left-icon avia-size-large'  target=\"_blank\"  rel=\"noopener noreferrer\"  aria-label=\"Save the Date\"><span class='avia_button_icon avia_button_icon_left avia-iconfont avia-font-entypo-fontello' data-av_icon='\ue85b' data-av_iconfont='entypo-fontello' ><\/span><span class='avia_iconbox_title' >Save the Date<\/span><\/a>\n<\/div><\/p><\/div><\/div><!--close column table wrapper. Autoclose: 1 -->\n\n<\/div><\/div><\/div><!-- close content main div --><\/div><\/div>\n<style type=\"text\/css\" data-created_by=\"avia_inline_auto\" id=\"style-css-av-kawtoycl-57decafe73f4bc1a6614779b62877c6b\">\n.avia-section.av-kawtoycl-57decafe73f4bc1a6614779b62877c6b{\nbackground-color:#db0015;\nbackground:linear-gradient( to bottom, #db0015, #db5360 );\n}\n<\/style>\n<div id='av_section_2'  class='avia-section av-kawtoycl-57decafe73f4bc1a6614779b62877c6b main_color avia-section-large avia-no-shadow  avia-builder-el-9  el_after_av_section  el_before_av_section  avia-bg-style-scroll container_wrap fullsize'  ><div class='container av-section-cont-open' ><div class='template-page content  av-content-full alpha units'><div class='post-entry post-entry-type-page post-entry-8683'><div class='entry-content-wrapper clearfix'>\n\n<style type=\"text\/css\" data-created_by=\"avia_inline_auto\" id=\"style-css-av-k26gzu33-ba03e7f7cc033f8f171cb4cf9bcee095\">\n#top .av_textblock_section.av-k26gzu33-ba03e7f7cc033f8f171cb4cf9bcee095 .avia_textblock{\nfont-size:20px;\ncolor:#ffffff;\n}\n<\/style>\n<section  class='av_textblock_section av-k26gzu33-ba03e7f7cc033f8f171cb4cf9bcee095 '   itemscope=\"itemscope\" itemtype=\"https:\/\/schema.org\/CreativeWork\" ><div class='avia_textblock av_inherit_color'  itemprop=\"text\" ><p>Die Branche steht vor einem nie dagewesenen Winter: Die durch den Krieg steigenden Energie- und Lebensmittelpreise haben die Inflation auf einen neuen H\u00f6chstwert gehoben \u2013 und die kalte Jahreszeit kommt erst noch. Gleichzeitig k\u00e4mpfen die Gastro-Profis mit Lieferengp\u00e4ssen, Fachkr\u00e4ftemangel, steigenden Tarifgeh\u00e4ltern und Mindestlohn. Im digital talk gibt Christian Seelos von energate einen \u00dcberblick \u00fcber den Energie-Markt und die Auswirkungen der Preissteigerungen auf die Gastro-Branche. Die Hamburger Gastronomin Yvonne Tschebull berichtet, wie sie die Krise managt. Planer Peter Adam-Luketic verr\u00e4t, welche Top-Energie-Sparma\u00dfnahmen sich kurz-, mittel- und langfristig umsetzen lassen. Einkaufs-Experte Manfred Hofer gew\u00e4hrt Ein- und Ausblicke in die aktuelle Marktsituation. Die Moderation \u00fcbernimmt Claudia Zilz, Chefredaktion gvpraxis.<\/p>\n<\/div><\/section>\n<\/div><\/div><\/div><!-- close content main div --><\/div><\/div><div id='av_section_3'  class='avia-section av-kawtoycl-4-b8300bec985b420df55dc282f9db1f9d main_color avia-section-default avia-no-shadow  avia-builder-el-11  el_after_av_section  el_before_av_section  avia-bg-style-fixed container_wrap fullsize'  ><div class='container av-section-cont-open' ><div class='template-page content  av-content-full alpha units'><div class='post-entry post-entry-type-page post-entry-8683'><div class='entry-content-wrapper clearfix'>\n<section  class='av_textblock_section av-k26gzu33-3-ad483d0d477eec48869a467de9ec76ed '   itemscope=\"itemscope\" itemtype=\"https:\/\/schema.org\/CreativeWork\" ><div class='avia_textblock'  itemprop=\"text\" ><p><strong>Inhalte des digital talks:<\/strong><\/p>\n<ul>\n<li><strong>Markt:<\/strong> Was richten die hohen Energiepreise in der Lieferkette an?<\/li>\n<li><strong>Preise:<\/strong> Wie entwickeln sich die Preise weiter, wo drohen Lieferengp\u00e4sse?<\/li>\n<li><strong>Inside:<\/strong> Was sind die gr\u00f6\u00dften Energiefresser im Betrieb?<\/li>\n<li><strong>Kostensenker:<\/strong> Welche Energiespar-Ma\u00dfnahmen bieten sich kurz-, mittel- und langfristig an?<\/li>\n<li><strong>Management:<\/strong> Lohnt sich ein teilweiser Energie- und Arbeitskr\u00e4fte-Lockdown?<\/li>\n<li><strong>Preisgestaltung:<\/strong> Wie lassen sich die Preise bestm\u00f6glich anpassen?<\/li>\n<li><strong>No-Gos:<\/strong> Welche Fehler sollten Gastro-Profis jetzt vermeiden?<\/li>\n<\/ul>\n<\/div><\/section>\n<\/p>\n<\/div><\/div><\/div><!-- close content main div --><\/div><\/div><div id='referenten'  class='avia-section av-kawtoycl-2-78da10da102b5a8008fa0a3080b815f9 main_color avia-section-default avia-no-shadow  avia-builder-el-13  el_after_av_section  el_before_av_section  avia-bg-style-scroll container_wrap fullsize'  ><div class='container av-section-cont-open' ><div class='template-page content  av-content-full alpha units'><div class='post-entry post-entry-type-page post-entry-8683'><div class='entry-content-wrapper clearfix'>\n\n<style type=\"text\/css\" data-created_by=\"avia_inline_auto\" id=\"style-css-av-28h0mq-558580e0efa716fd8398a3a56dc4ff61\">\n#top .av-special-heading.av-28h0mq-558580e0efa716fd8398a3a56dc4ff61{\npadding-bottom:25px;\n}\nbody .av-special-heading.av-28h0mq-558580e0efa716fd8398a3a56dc4ff61 .av-special-heading-tag .heading-char{\nfont-size:25px;\n}\n.av-special-heading.av-28h0mq-558580e0efa716fd8398a3a56dc4ff61 .av-subheading{\nfont-size:15px;\n}\n<\/style>\n<div  class='av-special-heading av-28h0mq-558580e0efa716fd8398a3a56dc4ff61 av-special-heading-h2 blockquote modern-quote  avia-builder-el-14  el_before_av_one_third  avia-builder-el-first '><h2 class='av-special-heading-tag '  itemprop=\"headline\"  >Vortragende<\/h2><div class='av-subheading av-subheading_below'><p>Freuen Sie sich mit unserer Moderation auf folgende Vortragende<\/p>\n<\/div><div class=\"special-heading-border\"><div class=\"special-heading-inner-border\"><\/div><\/div><\/div>\n\n<style type=\"text\/css\" data-created_by=\"avia_inline_auto\" id=\"style-css-av-4f4x60-d13f72b964dc4e14c29ae9c4695a013b\">\n.flex_column.av-4f4x60-d13f72b964dc4e14c29ae9c4695a013b{\nborder-radius:0px 0px 0px 0px;\npadding:0px 0px 0px 0px;\n}\n<\/style>\n<div  class='flex_column av-4f4x60-d13f72b964dc4e14c29ae9c4695a013b av_one_third  avia-builder-el-15  el_after_av_heading  el_before_av_one_third  first flex_column_div av-zero-column-padding  '     ><p><section  class='avia-team-member av-l8vi0z2x-43667a647db0e8637237390f0605087f  avia-builder-el-16  el_before_av_toggle_container  avia-builder-el-first '  itemscope=\"itemscope\" itemtype=\"https:\/\/schema.org\/Person\" ><div class=\"team-img-container\"><img decoding=\"async\" fetchpriority=\"high\" class='wp-image-8688 avia-img-lazy-loading-not-8688 avia_image avia_image_team' src=\"https:\/\/dfvcg-events.de\/digital-talk\/wp-content\/uploads\/sites\/14\/2022\/10\/Adam_Luketic_Peter-web.jpg\" alt='Peter Adam-Luketic'  itemprop=\"image\"   height=\"800\" width=\"600\" \/><\/div><h3 class='team-member-name '  itemprop=\"name\" >Peter Adam-Luketic<\/h3><div class='team-member-job-title '  itemprop=\"jobTitle\" >Gr\u00fcnder und Gesch\u00e4ftsf\u00fchrer von vtechnik Planung, Gaggenau<\/div><span class='hidden team-member-affiliation'  itemprop=\"affiliation\" >Digital Talk<\/span><\/section><br \/>\n<div  class='togglecontainer av-l8vi27xe-2ed67ded726f9c2b26d07894004683b4  avia-builder-el-17  el_after_av_team_member  avia-builder-el-last  toggle_close_all' >\n<section class='av_toggle_section av-l8vi26lh-f50cacabf661aa2e66014b557e49ee9d'  itemscope=\"itemscope\" itemtype=\"https:\/\/schema.org\/CreativeWork\" ><div role=\"tablist\" class=\"single_toggle\" data-tags=\"{Alle} \"  ><p id='toggle-toggle-id-1' data-fake-id='#toggle-id-1' class='toggler  av-title-above '  itemprop=\"headline\"  role='tab' tabindex='0' aria-controls='toggle-id-1' data-slide-speed=\"200\" data-title=\"Info\" data-title-open=\"\" data-aria_collapsed=\"Click to expand: Info\" data-aria_expanded=\"Click to collapse: Info\">Info<span class=\"toggle_icon\"><span class=\"vert_icon\"><\/span><span class=\"hor_icon\"><\/span><\/span><\/p><div id='toggle-id-1' aria-labelledby='toggle-toggle-id-1' role='region' class='toggle_wrap  av-title-above'  ><div class='toggle_content invers-color '  itemprop=\"text\" ><p>Peter Adam-Luketic ist Gr\u00fcnder und Gesch\u00e4ftsf\u00fchrer von vtechnik Planung im badischen Gaggenau. Der gelernte Koch wechselte nach Stationen in der gehobenen Gastronomie in die Gro\u00dfk\u00fcchenindustrie, plante unter anderem thermische Arbeitsbereiche und Sp\u00fclr\u00e4ume, um dann vor \u00fcber 30 Jahren mit dem eigenen Planungsb\u00fcro zukunftsf\u00e4hige Konzepte zu entwickeln. Effizienz, Wirtschaftlichkeit, Nachhaltigkeit \u2013 das alles pr\u00e4gt heute seine \u00fcber 400 Planungsprojekte im europ\u00e4isch-deutschsprachigen Raum. 2014 erhielt er den wichtigsten Planerpreis der Branche: den Future Kitchen Award f\u00fcr Konzept und Umsetzung der nachhaltig-wirtschaftlichsten Mitarbeitergastronomie Deutschlands (Juwi AG). In \u00fcber 200 Projekten f\u00fcr \u00fcber 30 Studierendenwerke entwickelte er f\u00fcr junge G\u00e4ste moderne Angebote, die auch wirtschaftlich \u00fcberzeugen. Peter Adam-Luketic ist Mitglied im FCSI, im Freien Arbeitskreis der Krankenhaus-K\u00fcchenleiterInnen und im Verband der K\u00f6che Deutschlands.<\/p>\n<p>Sein Motto: Planen hei\u00dft wissen und nicht glauben. Als Koch sch\u00e4tzt er gutes Essen und gute Gastgeber \u2013 und als Gro\u00dfk\u00fcchenplaner vision\u00e4re Konzepte, die funktionieren.<\/p>\n<\/div><\/div><\/div><\/section>\n<\/div><\/p><\/div>\n<style type=\"text\/css\" data-created_by=\"avia_inline_auto\" id=\"style-css-av-7rdch4-be555dad82cb2c811cf22a89df1e8c80\">\n.flex_column.av-7rdch4-be555dad82cb2c811cf22a89df1e8c80{\nborder-radius:0px 0px 0px 0px;\npadding:0px 0px 0px 0px;\n}\n<\/style>\n<div  class='flex_column av-7rdch4-be555dad82cb2c811cf22a89df1e8c80 av_one_third  avia-builder-el-18  el_after_av_one_third  el_before_av_one_third  flex_column_div av-zero-column-padding  '     ><p><section  class='avia-team-member av-5cws08-e7e5bbf0da99038eb25f728f44de62ba  avia-builder-el-19  el_before_av_toggle_container  avia-builder-el-first '  itemscope=\"itemscope\" itemtype=\"https:\/\/schema.org\/Person\" ><div class=\"team-img-container\"><img decoding=\"async\" fetchpriority=\"high\" class='wp-image-3332 avia-img-lazy-loading-not-3332 avia_image avia_image_team' src=\"https:\/\/dfvcg-events.de\/digital-talk\/wp-content\/uploads\/sites\/14\/2021\/04\/Hofer_Manfred_2021_Digital-Talk-web-1.jpg\" alt='Manfred Hofer'  itemprop=\"image\"   height=\"800\" width=\"600\" \/><\/div><h3 class='team-member-name '  itemprop=\"name\" >Manfred Hofer<\/h3><div class='team-member-job-title '  itemprop=\"jobTitle\" >Gesch\u00e4ftsf\u00fchrer, Transgourmet Deutschland <\/div><span class='hidden team-member-affiliation'  itemprop=\"affiliation\" >Digital Talk<\/span><\/section><br \/>\n<div  class='togglecontainer av-4d3zeg-64d9e1c929650b10edc6f78f0d7365a6  avia-builder-el-20  el_after_av_team_member  avia-builder-el-last  toggle_close_all' >\n<section class='av_toggle_section av-2a2alk-c36094d1a93715246780e62e17bd3cb3'  itemscope=\"itemscope\" itemtype=\"https:\/\/schema.org\/CreativeWork\" ><div role=\"tablist\" class=\"single_toggle\" data-tags=\"{Alle} \"  ><p id='toggle-toggle-id-2' data-fake-id='#toggle-id-2' class='toggler  av-title-above '  itemprop=\"headline\"  role='tab' tabindex='0' aria-controls='toggle-id-2' data-slide-speed=\"200\" data-title=\"Info\" data-title-open=\"\" data-aria_collapsed=\"Click to expand: Info\" data-aria_expanded=\"Click to collapse: Info\">Info<span class=\"toggle_icon\"><span class=\"vert_icon\"><\/span><span class=\"hor_icon\"><\/span><\/span><\/p><div id='toggle-id-2' aria-labelledby='toggle-toggle-id-2' role='region' class='toggle_wrap  av-title-above'  ><div class='toggle_content invers-color '  itemprop=\"text\" ><p>Manfred Hofer startete\u00a0sein Berufsleben mit einer gastronomischen Ausbildung\u00a0und begann nach dem Studium seine Laufbahn im Marketing und Vertrieb in der Foodservice Branche. Seit 2004 ist er bei Transgourmet und verantwortet heute als Gesch\u00e4ftsf\u00fchrer die Beschaffung und die Produktionseinheiten der Transgourmet Deutschland.<\/p>\n<\/div><\/div><\/div><\/section>\n<\/div><\/p><\/div>\n<style type=\"text\/css\" data-created_by=\"avia_inline_auto\" id=\"style-css-av-6t5mqz-7a3b9bc20a15f294ca5f70abf650e339\">\n.flex_column.av-6t5mqz-7a3b9bc20a15f294ca5f70abf650e339{\nborder-radius:0px 0px 0px 0px;\npadding:0px 0px 0px 0px;\n}\n<\/style>\n<div  class='flex_column av-6t5mqz-7a3b9bc20a15f294ca5f70abf650e339 av_one_third  avia-builder-el-21  el_after_av_one_third  el_before_av_one_third  flex_column_div av-zero-column-padding  '     ><p><section  class='avia-team-member av-l3knv-161730f08da3eb3c6bbfb06a914bd12e  avia-builder-el-22  el_before_av_toggle_container  avia-builder-el-first '  itemscope=\"itemscope\" itemtype=\"https:\/\/schema.org\/Person\" ><div class=\"team-img-container\"><img decoding=\"async\" fetchpriority=\"high\" class='wp-image-8687 avia-img-lazy-loading-not-8687 avia_image avia_image_team' src=\"https:\/\/dfvcg-events.de\/digital-talk\/wp-content\/uploads\/sites\/14\/2022\/10\/Tschebull_Yvonne_credit_Jenner_Egberts-web.jpg\" alt='Yvonne Tschebull'  itemprop=\"image\"   height=\"800\" width=\"600\" \/><\/div><h3 class='team-member-name '  itemprop=\"name\" >Yvonne Tschebull<\/h3><div class='team-member-job-title '  itemprop=\"jobTitle\" >Gesch\u00e4ftsf\u00fchrerin, Allegria Gastronomie Tschebull, Hamburg<\/div><span class='hidden team-member-affiliation'  itemprop=\"affiliation\" >Digital Talk<\/span><\/section><br \/>\n<div  class='togglecontainer av-4nqf8r-8de6ee1ffe33e4e91f58877d3affbb3a  avia-builder-el-23  el_after_av_team_member  avia-builder-el-last  toggle_close_all' >\n<section class='av_toggle_section av-2kcy23-5342fe64b20ee9c1243489d7c7a3097a'  itemscope=\"itemscope\" itemtype=\"https:\/\/schema.org\/CreativeWork\" ><div role=\"tablist\" class=\"single_toggle\" data-tags=\"{Alle} \"  ><p id='toggle-toggle-id-3' data-fake-id='#toggle-id-3' class='toggler  av-title-above '  itemprop=\"headline\"  role='tab' tabindex='0' aria-controls='toggle-id-3' data-slide-speed=\"200\" data-title=\"Info\" data-title-open=\"\" data-aria_collapsed=\"Click to expand: Info\" data-aria_expanded=\"Click to collapse: Info\">Info<span class=\"toggle_icon\"><span class=\"vert_icon\"><\/span><span class=\"hor_icon\"><\/span><\/span><\/p><div id='toggle-id-3' aria-labelledby='toggle-toggle-id-3' role='region' class='toggle_wrap  av-title-above'  ><div class='toggle_content invers-color '  itemprop=\"text\" ><p>Wer glaubt, Bayern und Hanseaten h\u00e4tten nicht viele Gemeinsamkeiten, der kennt Yvonne Tschebull nicht. Die Gastronomin ist \u201ebayerisch by nature\u201c und \u201enordisch by heart\u201c, bringt Hamburger Eleganz locker mit s\u00fcddeutscher Herzlichkeit in Einklang. Wie auch ihr Restaurant Tschebull mit \u00f6sterreichischer K\u00fcche im Levantehaus in Hamburg, das sie seit 2009 gemeinsam mit ihrem Mann Alexander betreibt. Es geh\u00f6rt \u00fcber Hamburgs Grenzen hinaus zu den bekanntesten Adressen der Hansestadt. Seit 2017 z\u00e4hlt mit dem Seafood-Konzept Rive ein zweites Restaurant zu ihrem Unternehmen. Die Gastronomin aus Leidenschaft absolvierte eine Ausbildung zur Hotelfachfrau im Hotel Wei\u00dfer Hase in Passau. Anschlie\u00dfend heuerte sie im Ferienressort Dampf 2000 an der Ostsee an. Berufliche Wanderjahre f\u00fchrten sie nach drei Saisons im Hotel Bellevue erneut in den hohen Norden zu J\u00f6rg M\u00fcller nach Sylt. Es folgten weitere Stationen unter anderem als Restaurantleiterin in der Alten Oper Frankfurt und als Gesch\u00e4ftsleiterin in Josef Vierhausers Restaurant Wattkorn in Langenhorn. 1999 wagte Yvonne Tschebull gemeinsam mit ihrem Mann den Schritt in die Selbstst\u00e4ndigkeit mit dem Restaurant Allegria im Winterhuder F\u00e4hrhaus, das sich als ein ausgesprochen schwieriges Objekt entpuppte. Im schicken Einkaufscenter Levantehaus er\u00f6ffneten sie schlie\u00dflich 2009 ihr Tschebull Restaurant-Beisl-Bar \u2013 seither ihre gastronomische und unternehmerische Heimat.<\/p>\n<\/div><\/div><\/div><\/section>\n<\/div><\/p><\/div>\n<style type=\"text\/css\" data-created_by=\"avia_inline_auto\" id=\"style-css-av-2csb54-a5e60db08ee8919f8e7f0fb3bccab35d\">\n.flex_column.av-2csb54-a5e60db08ee8919f8e7f0fb3bccab35d{\nborder-radius:0px 0px 0px 0px;\npadding:0px 0px 0px 0px;\n}\n<\/style>\n<div  class='flex_column av-2csb54-a5e60db08ee8919f8e7f0fb3bccab35d av_one_third  avia-builder-el-24  el_after_av_one_third  el_before_av_one_third  first flex_column_div av-zero-column-padding  column-top-margin'     ><p><section  class='avia-team-member av-l8vi1bqx-d483a6ecf94fcdaa398d6de8a645e679  avia-builder-el-25  el_before_av_toggle_container  avia-builder-el-first '  itemscope=\"itemscope\" itemtype=\"https:\/\/schema.org\/Person\" ><div class=\"team-img-container\"><img decoding=\"async\" fetchpriority=\"high\" class='wp-image-7852 avia-img-lazy-loading-not-7852 avia_image avia_image_team' src=\"https:\/\/dfvcg-events.de\/digital-talk\/wp-content\/uploads\/sites\/14\/2022\/08\/Seelos_Christian_Energate_WEB.jpg\" alt='Christian Seelos'  itemprop=\"image\"   height=\"385\" width=\"289\" \/><\/div><h3 class='team-member-name '  itemprop=\"name\" >Christian Seelos<\/h3><div class='team-member-job-title '  itemprop=\"jobTitle\" > Chefredakteur, energate GmbH<\/div><span class='hidden team-member-affiliation'  itemprop=\"affiliation\" >Digital Talk<\/span><\/section><br \/>\n<div  class='togglecontainer av-l8y47ta0-7ff943838ced5384e051d4fb2613fdd8  avia-builder-el-26  el_after_av_team_member  avia-builder-el-last  toggle_close_all' >\n<section class='av_toggle_section av-l8y47sdc-53e5f5ee4a9c9932faa8302a46ab82d7'  itemscope=\"itemscope\" itemtype=\"https:\/\/schema.org\/CreativeWork\" ><div role=\"tablist\" class=\"single_toggle\" data-tags=\"{Alle} \"  ><p id='toggle-toggle-id-4' data-fake-id='#toggle-id-4' class='toggler  av-title-above '  itemprop=\"headline\"  role='tab' tabindex='0' aria-controls='toggle-id-4' data-slide-speed=\"200\" data-title=\"Info\" data-title-open=\"\" data-aria_collapsed=\"Click to expand: Info\" data-aria_expanded=\"Click to collapse: Info\">Info<span class=\"toggle_icon\"><span class=\"vert_icon\"><\/span><span class=\"hor_icon\"><\/span><\/span><\/p><div id='toggle-id-4' aria-labelledby='toggle-toggle-id-4' role='region' class='toggle_wrap  av-title-above'  ><div class='toggle_content invers-color '  itemprop=\"text\" ><p>Christian Seelos ist ausgebildeter Kommuni\u00adkationswissenschaftler und Anglist. Schon w\u00e4hrend seines Studiums arbeitete er f\u00fcr den Energienach\u00adrichtendienst energate. Sp\u00e4ter baute er das Berliner Redaktionsb\u00fcro von energate auf, wodurch sein journalistischer Arbeitsschwerpunkt lange Zeit auf der Bericht\u00aderstattung \u00fcber die Energiepolitik und die Energiewende lag. Seit 2016 ist Christian Seelos Chefredakteur der energate GmbH und verantwortet in dieser Funktion s\u00e4mtliche Medien von energate in Deutschland, \u00d6sterreich und der Schweiz. Seit 2021 analysiert er w\u00f6chentlich in einem eigenen Podcast aktuelle Themen rund um die Energiewende und den Umbau der Energie\u00adversorgung.<\/p>\n<\/div><\/div><\/div><\/section>\n<\/div><\/p><\/div>\n<style type=\"text\/css\" data-created_by=\"avia_inline_auto\" id=\"style-css-av-2at5ij-51771617c610b87246baa3c61aef7e21\">\n.flex_column.av-2at5ij-51771617c610b87246baa3c61aef7e21{\nborder-radius:0px 0px 0px 0px;\npadding:0px 0px 0px 0px;\n}\n<\/style>\n<div  class='flex_column av-2at5ij-51771617c610b87246baa3c61aef7e21 av_one_third  avia-builder-el-27  el_after_av_one_third  avia-builder-el-last  flex_column_div av-zero-column-padding  column-top-margin'     ><p><section  class='avia-team-member av-l8y5sqqc-75d0c21a95d336a62ab8ba0fa6dfb5e6  avia-builder-el-28  el_before_av_toggle_container  avia-builder-el-first '  itemscope=\"itemscope\" itemtype=\"https:\/\/schema.org\/Person\" ><div class=\"team-img-container\"><img decoding=\"async\" fetchpriority=\"high\" class='wp-image-3215 avia-img-lazy-loading-not-3215 avia_image avia_image_team' src=\"https:\/\/dfvcg-events.de\/digital-talk\/wp-content\/uploads\/sites\/14\/2021\/04\/Zilz_Claudia_2021_Digital-Talk-web.jpg\" alt='Claudia Zilz'  itemprop=\"image\"   height=\"800\" width=\"600\" \/><\/div><h3 class='team-member-name '  itemprop=\"name\" >Claudia Zilz<\/h3><div class='team-member-job-title '  itemprop=\"jobTitle\" >Chefredaktion gvpraxis | dfv Mediengruppe, Frankfurt am Main<\/div><span class='hidden team-member-affiliation'  itemprop=\"affiliation\" >Digital Talk<\/span><\/section><br \/>\n<div  class='togglecontainer av-l8y5swh2-0972f443f12403fd222263bd93c77fe1  avia-builder-el-29  el_after_av_team_member  avia-builder-el-last  toggle_close_all' >\n<section class='av_toggle_section av-l8y5sw1i-934140b75bfd6db204676d03342af335'  itemscope=\"itemscope\" itemtype=\"https:\/\/schema.org\/CreativeWork\" ><div role=\"tablist\" class=\"single_toggle\" data-tags=\"{Alle} \"  ><p id='toggle-toggle-id-5' data-fake-id='#toggle-id-5' class='toggler  av-title-above '  itemprop=\"headline\"  role='tab' tabindex='0' aria-controls='toggle-id-5' data-slide-speed=\"200\" data-title=\"Info\" data-title-open=\"\" data-aria_collapsed=\"Click to expand: Info\" data-aria_expanded=\"Click to collapse: Info\">Info<span class=\"toggle_icon\"><span class=\"vert_icon\"><\/span><span class=\"hor_icon\"><\/span><\/span><\/p><div id='toggle-id-5' aria-labelledby='toggle-toggle-id-5' role='region' class='toggle_wrap  av-title-above'  ><div class='toggle_content invers-color '  itemprop=\"text\" ><p>Claudia Zilz, Diplom-Agraringenieurin, arbeitet seit 15 Jahren als Redakteurin bei der Wirtschaftsfachzeitschrift gvpraxis der dfv Mediengruppe und ist seit Juli 2022 Mitglied der Chefredaktion Hotel- und Gastromedien mit den Titeln ahgz, foodservice und gvpraxis. Als Expertin in Sachen Nachhaltigkeit ist sie bundesweit auch als Referentin und Moderatorin t\u00e4tig. Zuvor arbeitete die geb\u00fcrtige Oldenburgerin f\u00fcr ein Beratungsunternehmen in der Au\u00dfer-Haus-Branche. Ihre dortigen Schwerpunkte: Schulungen und Coachings von Gro\u00dfk\u00fcchen und Gastronomie zum Einsatz von Bio-Lebensmitteln. Zudem verantwortete sie die Presse- und \u00d6ffentlichkeitsarbeit f\u00fcr bundesweite Kampagnen im Au\u00dfer-Haus-Markt. Neben ihrem Studium der Agrarwissenschaft absolvierte sie eine Zusatzausbildung in Kommunikation und Marketing und arbeitete als PR-Managerin in einem Musikverlag.<\/p>\n<\/div><\/div><\/div><\/section>\n<\/div><\/p><\/div><\/div><\/div><\/div><!-- close content main div --><\/div><\/div><div id='anmelden'  class='avia-section av-kawtoycl-1-b06506d3f004b7712fe681922b309195 main_color avia-section-default avia-no-shadow  avia-builder-el-30  el_after_av_section  el_before_av_section  avia-bg-style-scroll container_wrap fullsize'  ><div class='container av-section-cont-open' ><div class='template-page content  av-content-full alpha units'><div class='post-entry post-entry-type-page post-entry-8683'><div class='entry-content-wrapper clearfix'>\n\n<style type=\"text\/css\" data-created_by=\"avia_inline_auto\" id=\"style-css-av-24jcbm-8c324757c17a2c614a074b796b39e0e9\">\n#top .av-special-heading.av-24jcbm-8c324757c17a2c614a074b796b39e0e9{\npadding-bottom:25px;\n}\nbody .av-special-heading.av-24jcbm-8c324757c17a2c614a074b796b39e0e9 .av-special-heading-tag .heading-char{\nfont-size:25px;\n}\n.av-special-heading.av-24jcbm-8c324757c17a2c614a074b796b39e0e9 .av-subheading{\nfont-size:15px;\n}\n<\/style>\n<div  class='av-special-heading av-24jcbm-8c324757c17a2c614a074b796b39e0e9 av-special-heading-h2 blockquote modern-quote  avia-builder-el-31  el_before_av_codeblock  avia-builder-el-first '><h2 class='av-special-heading-tag '  itemprop=\"headline\"  >Jetzt anmelden<\/h2><div class='av-subheading av-subheading_below'><p>Vielen Dank f\u00fcr Ihr Interesse!<\/p>\n<\/div><div class=\"special-heading-border\"><div class=\"special-heading-inner-border\"><\/div><\/div><\/div>\n\n<\/p>\n<\/div><\/div><\/div><!-- close content main div --><\/div><\/div><div id='anmelden'  class='avia-section av-6jdo0d-464e601b1f59adf36cc188b8c8aa0b5f main_color avia-section-default avia-no-shadow  avia-builder-el-33  el_after_av_section  el_before_av_section  avia-bg-style-scroll container_wrap fullsize'  ><div class='container av-section-cont-open' ><div class='template-page content  av-content-full alpha units'><div class='post-entry post-entry-type-page post-entry-8683'><div class='entry-content-wrapper clearfix'>\n\n<style type=\"text\/css\" data-created_by=\"avia_inline_auto\" id=\"style-css-av-l5ckfg8u-16af3331bf0cd447e478062e5a839513\">\n#top .av-special-heading.av-l5ckfg8u-16af3331bf0cd447e478062e5a839513{\npadding-bottom:25px;\n}\nbody .av-special-heading.av-l5ckfg8u-16af3331bf0cd447e478062e5a839513 .av-special-heading-tag .heading-char{\nfont-size:25px;\n}\n.av-special-heading.av-l5ckfg8u-16af3331bf0cd447e478062e5a839513 .av-subheading{\nfont-size:15px;\n}\n<\/style>\n<div  class='av-special-heading av-l5ckfg8u-16af3331bf0cd447e478062e5a839513 av-special-heading-h2 blockquote modern-quote  avia-builder-el-34  el_before_av_one_fourth  avia-builder-el-first '><h2 class='av-special-heading-tag '  itemprop=\"headline\"  >Powered by<\/h2><div class=\"special-heading-border\"><div class=\"special-heading-inner-border\"><\/div><\/div><\/div>\n<div  class='flex_column av-5zetd7-c4a666948ab1d4a6bf7b8e1789021f58 av_one_fourth  avia-builder-el-35  el_after_av_heading  el_before_av_one_fourth  first flex_column_div  '     ><style type=\"text\/css\" data-created_by=\"avia_inline_auto\" id=\"style-css-av-3jfdl7-9bf46648f2ac3baf456de8019c23aa71\">\n.avia-image-container.av-3jfdl7-9bf46648f2ac3baf456de8019c23aa71 img.avia_image{\nbox-shadow:none;\n}\n.avia-image-container.av-3jfdl7-9bf46648f2ac3baf456de8019c23aa71 .av-image-caption-overlay-center{\ncolor:#ffffff;\n}\n<\/style>\n<div  class='avia-image-container av-3jfdl7-9bf46648f2ac3baf456de8019c23aa71 av-styling- av-img-linked avia-align-center  avia-builder-el-36  avia-builder-el-no-sibling '   itemprop=\"image\" itemscope=\"itemscope\" itemtype=\"https:\/\/schema.org\/ImageObject\" ><div class=\"avia-image-container-inner\"><div class=\"avia-image-overlay-wrap\"><a href=\"https:\/\/www.transgourmet.de\/\" class='avia_image '  aria-label='dfvcg-partner-transgourmet'><img decoding=\"async\" fetchpriority=\"high\" class='wp-image-1930 avia-img-lazy-loading-not-1930 avia_image ' src=\"https:\/\/dfvcg-events.de\/digital-talk\/wp-content\/uploads\/sites\/14\/2020\/11\/dfvcg-partner-transgourmet.jpg\" alt='' title='dfvcg-partner-transgourmet'  height=\"600\" width=\"800\"  itemprop=\"thumbnailUrl\"  \/><\/a><\/div><\/div><\/div><\/div><div  class='flex_column av-31j357-e11b5cc350d7fc9672147ed3e0eabd07 av_one_fourth  avia-builder-el-37  el_after_av_one_fourth  el_before_av_one_fourth  flex_column_div  '     ><style type=\"text\/css\" data-created_by=\"avia_inline_auto\" id=\"style-css-av-l93ur89p-be639376c006d47e39bf01e4704269c4\">\n.avia-image-container.av-l93ur89p-be639376c006d47e39bf01e4704269c4 img.avia_image{\nbox-shadow:none;\n}\n.avia-image-container.av-l93ur89p-be639376c006d47e39bf01e4704269c4 .av-image-caption-overlay-center{\ncolor:#ffffff;\n}\n<\/style>\n<div  class='avia-image-container av-l93ur89p-be639376c006d47e39bf01e4704269c4 av-styling- av-img-linked avia-align-center  avia-builder-el-38  avia-builder-el-no-sibling '   itemprop=\"image\" itemscope=\"itemscope\" itemtype=\"https:\/\/schema.org\/ImageObject\" ><div class=\"avia-image-container-inner\"><div class=\"avia-image-overlay-wrap\"><a href=\"https:\/\/www.energate.de\/\" class='avia_image '  aria-label='energate-webs'><img decoding=\"async\" fetchpriority=\"high\" class='wp-image-7510 avia-img-lazy-loading-not-7510 avia_image ' src=\"https:\/\/dfvcg-events.de\/digital-talk\/wp-content\/uploads\/sites\/14\/2022\/07\/energate-webs.jpg\" alt='' title='energate-webs'  height=\"600\" width=\"800\"  itemprop=\"thumbnailUrl\"  \/><\/a><\/div><\/div><\/div><\/div><div  class='flex_column av-3qji9n-48f0a8b20f344d7795156dea5fa9f0f5 av_one_fourth  avia-builder-el-39  el_after_av_one_fourth  el_before_av_one_fourth  flex_column_div  '     ><style type=\"text\/css\" data-created_by=\"avia_inline_auto\" id=\"style-css-av-1uly57-d7b8b7064430cfcf674eb57a84ffb25e\">\n.avia-image-container.av-1uly57-d7b8b7064430cfcf674eb57a84ffb25e img.avia_image{\nbox-shadow:none;\n}\n.avia-image-container.av-1uly57-d7b8b7064430cfcf674eb57a84ffb25e .av-image-caption-overlay-center{\ncolor:#ffffff;\n}\n<\/style>\n<div  class='avia-image-container av-1uly57-d7b8b7064430cfcf674eb57a84ffb25e av-styling- av-img-linked avia-align-center  avia-builder-el-40  avia-builder-el-no-sibling '   itemprop=\"image\" itemscope=\"itemscope\" itemtype=\"https:\/\/schema.org\/ImageObject\" ><div class=\"avia-image-container-inner\"><div class=\"avia-image-overlay-wrap\"><a href=\"https:\/\/www.food-service.de\/\" class='avia_image '  aria-label='dfvcg-partner-foodservice'><img decoding=\"async\" fetchpriority=\"high\" class='wp-image-1813 avia-img-lazy-loading-not-1813 avia_image ' src=\"https:\/\/dfvcg-events.de\/digital-talk\/wp-content\/uploads\/sites\/14\/2020\/11\/dfvcg-partner-foodservice.jpg\" alt='' title='dfvcg-partner-foodservice'  height=\"600\" width=\"800\"  itemprop=\"thumbnailUrl\"  \/><\/a><\/div><\/div><\/div><\/div><div  class='flex_column av-44o3gt-fe0ea3aed6f92880cfc7c1ac38fe39a2 av_one_fourth  avia-builder-el-41  el_after_av_one_fourth  el_before_av_one_fourth  flex_column_div  '     ><style type=\"text\/css\" data-created_by=\"avia_inline_auto\" id=\"style-css-av-l5ckid94-cd609efecdf7b11fd3fb9ae23a656d6e\">\n.avia-image-container.av-l5ckid94-cd609efecdf7b11fd3fb9ae23a656d6e img.avia_image{\nbox-shadow:none;\n}\n.avia-image-container.av-l5ckid94-cd609efecdf7b11fd3fb9ae23a656d6e .av-image-caption-overlay-center{\ncolor:#ffffff;\n}\n<\/style>\n<div  class='avia-image-container av-l5ckid94-cd609efecdf7b11fd3fb9ae23a656d6e av-styling- av-img-linked avia-align-center  avia-builder-el-42  avia-builder-el-no-sibling '   itemprop=\"image\" itemscope=\"itemscope\" itemtype=\"https:\/\/schema.org\/ImageObject\" ><div class=\"avia-image-container-inner\"><div class=\"avia-image-overlay-wrap\"><a href=\"https:\/\/gvpraxis.food-service.de\/\" class='avia_image '  aria-label='gvpraxis_WEB'><img decoding=\"async\" fetchpriority=\"high\" class='wp-image-7109 avia-img-lazy-loading-not-7109 avia_image ' src=\"https:\/\/dfvcg-events.de\/digital-talk\/wp-content\/uploads\/sites\/14\/2022\/05\/gvpraxis_WEB.jpg\" alt='' title='gvpraxis_WEB'  height=\"600\" width=\"800\"  itemprop=\"thumbnailUrl\"  \/><\/a><\/div><\/div><\/div><\/div><div  class='flex_column av-2l3pkt-aa66f7b799f89cf2481e30973d4889ab av_one_fourth  avia-builder-el-43  el_after_av_one_fourth  avia-builder-el-last  first flex_column_div  column-top-margin'     ><style type=\"text\/css\" data-created_by=\"avia_inline_auto\" id=\"style-css-av-l5ckj38z-5ada5c46ce60abac591d9d5b62531df3\">\n.avia-image-container.av-l5ckj38z-5ada5c46ce60abac591d9d5b62531df3 img.avia_image{\nbox-shadow:none;\n}\n.avia-image-container.av-l5ckj38z-5ada5c46ce60abac591d9d5b62531df3 .av-image-caption-overlay-center{\ncolor:#ffffff;\n}\n<\/style>\n<div  class='avia-image-container av-l5ckj38z-5ada5c46ce60abac591d9d5b62531df3 av-styling- av-img-linked avia-align-center  avia-builder-el-44  avia-builder-el-no-sibling '   itemprop=\"image\" itemscope=\"itemscope\" itemtype=\"https:\/\/schema.org\/ImageObject\" ><div class=\"avia-image-container-inner\"><div class=\"avia-image-overlay-wrap\"><a href=\"https:\/\/dfvcg-events.de\/\" class='avia_image '  aria-label='dfvcg-conference-group'><img decoding=\"async\" fetchpriority=\"high\" class='wp-image-1064 avia-img-lazy-loading-not-1064 avia_image ' src=\"https:\/\/dfvcg-events.de\/digital-talk\/wp-content\/uploads\/sites\/14\/2020\/05\/dfvcg-conference-group.jpg\" alt='' title='dfvcg-conference-group'  height=\"600\" width=\"800\"  itemprop=\"thumbnailUrl\"  \/><\/a><\/div><\/div><\/div><\/div>\n\n<\/div><\/div><\/div><!-- close content main div --><\/div><\/div><div id='av_section_7'  class='avia-section av-475lki-bf6368de126dfa81a99faf90a82d92dd main_color avia-section-default avia-no-shadow  avia-builder-el-45  el_after_av_section  avia-builder-el-last  avia-bg-style-scroll container_wrap fullsize'  ><div class='container av-section-cont-open' ><div class='template-page content  av-content-full alpha units'><div class='post-entry post-entry-type-page post-entry-8683'><div class='entry-content-wrapper clearfix'>\n\n<style type=\"text\/css\" data-created_by=\"avia_inline_auto\" id=\"style-css-av-kq10tixo-68a9598d948a26142e95c8289f7aa81a\">\n#top .av-special-heading.av-kq10tixo-68a9598d948a26142e95c8289f7aa81a{\npadding-bottom:25px;\n}\nbody .av-special-heading.av-kq10tixo-68a9598d948a26142e95c8289f7aa81a .av-special-heading-tag .heading-char{\nfont-size:25px;\n}\n.av-special-heading.av-kq10tixo-68a9598d948a26142e95c8289f7aa81a .av-subheading{\nfont-size:15px;\n}\n<\/style>\n<div  class='av-special-heading av-kq10tixo-68a9598d948a26142e95c8289f7aa81a av-special-heading-h2 blockquote modern-quote  avia-builder-el-46  el_before_av_textblock  avia-builder-el-first '><h2 class='av-special-heading-tag '  itemprop=\"headline\"  >Gut zu wissen<\/h2><div class='av-subheading av-subheading_below'><p>Wichtige Informationen rund um Ihre digitale Teilnahme<\/p>\n<\/div><div class=\"special-heading-border\"><div class=\"special-heading-inner-border\"><\/div><\/div><\/div>\n<section  class='av_textblock_section av-l3lcumer-46ad0e4fcd8b794391a7106de3528920 '   itemscope=\"itemscope\" itemtype=\"https:\/\/schema.org\/CreativeWork\" ><div class='avia_textblock'  itemprop=\"text\" ><p>Nach Ihrer Registrierung erhalten Sie Ihre Anmeldebest\u00e4tigung sowie einen Link f\u00fcr Ihren Kalendereintrag. Die Zugangsdaten zum Einloggen erhalten Sie rechtzeitig vor Beginn des Digital Talks.<\/p>\n<\/div><\/section>\n\n<style type=\"text\/css\" data-created_by=\"avia_inline_auto\" id=\"style-css-av-l7sw8cmb-0676cbe4e448c6d8e1c4bf7ee72aefed\">\n#top .av-special-heading.av-l7sw8cmb-0676cbe4e448c6d8e1c4bf7ee72aefed{\npadding-bottom:25px;\n}\nbody .av-special-heading.av-l7sw8cmb-0676cbe4e448c6d8e1c4bf7ee72aefed .av-special-heading-tag .heading-char{\nfont-size:25px;\n}\n.av-special-heading.av-l7sw8cmb-0676cbe4e448c6d8e1c4bf7ee72aefed .av-subheading{\nfont-size:15px;\n}\n<\/style>\n<div  class='av-special-heading av-l7sw8cmb-0676cbe4e448c6d8e1c4bf7ee72aefed av-special-heading-h2 blockquote modern-quote  avia-builder-el-48  el_after_av_textblock  el_before_av_one_third '><h2 class='av-special-heading-tag '  itemprop=\"headline\"  >Ihre Ansprechpartner:innen<\/h2><div class='av-subheading av-subheading_below'><p>Wir sind f\u00fcr Sie da<\/p>\n<\/div><div class=\"special-heading-border\"><div class=\"special-heading-inner-border\"><\/div><\/div><\/div>\n\n<style type=\"text\/css\" data-created_by=\"avia_inline_auto\" id=\"style-css-av-27mso2-cfa34feba85c0db605763ef9d21e2a8c\">\n.flex_column.av-27mso2-cfa34feba85c0db605763ef9d21e2a8c{\nborder-radius:0px 0px 0px 0px;\npadding:0px 0px 0px 0px;\n}\n<\/style>\n<div  class='flex_column av-27mso2-cfa34feba85c0db605763ef9d21e2a8c av_one_third  avia-builder-el-49  el_after_av_heading  el_before_av_one_third  first flex_column_div av-zero-column-padding  '     ><section  class='av_textblock_section av-kq10u44p-e8342b699bb2d67c0a239898158ae5dd '   itemscope=\"itemscope\" itemtype=\"https:\/\/schema.org\/CreativeWork\" ><div class='avia_textblock'  itemprop=\"text\" ><p><strong>Projektleitung<\/strong><\/p>\n<p>Sarah Sternberger<br \/>\n<a href=\"&#x6d;&#97;&#x69;&#x6c;t&#x6f;&#58;s&#x61;&#114;a&#x68;&#46;&#x73;&#x74;e&#x72;&#110;b&#x65;&#114;g&#x65;&#114;&#x40;&#x64;&#102;&#x76;&#x63;g&#x2e;&#100;e\">&#x73;&#x61;&#114;&#97;&#104;&#46;&#x73;&#x74;&#x65;&#114;&#110;be&#x72;&#x67;&#x65;&#114;&#64;d&#x66;&#x76;&#x63;&#103;&#46;&#100;e<\/a><br \/>\n+49 69 7595 3039<\/p>\n<\/div><\/section><\/div>\n<style type=\"text\/css\" data-created_by=\"avia_inline_auto\" id=\"style-css-av-2vgfir-687df2430d92d1170b55329da4e0ed66\">\n.flex_column.av-2vgfir-687df2430d92d1170b55329da4e0ed66{\nborder-radius:0px 0px 0px 0px;\npadding:0px 0px 0px 0px;\n}\n<\/style>\n<div  class='flex_column av-2vgfir-687df2430d92d1170b55329da4e0ed66 av_one_third  avia-builder-el-51  el_after_av_one_third  avia-builder-el-last  flex_column_div av-zero-column-padding  '     ><section  class='av_textblock_section av-l3lcwp2u-98b9aea16bb42d7bcabc3974fd04bb7e '   itemscope=\"itemscope\" itemtype=\"https:\/\/schema.org\/CreativeWork\" ><div class='avia_textblock'  itemprop=\"text\" ><p><strong>Organisation<\/strong><\/p>\n<p>Marie Hartmann<br \/>\n<a href=\"&#109;&#x61;&#105;&#x6c;&#116;&#x6f;&#58;&#x6d;&#97;&#x72;&#105;&#x65;&#46;&#x68;&#97;&#x72;&#116;&#x6d;&#97;&#x6e;&#110;&#x40;&#100;&#x66;&#118;&#x63;g&#x2e;d&#x65;\">&#109;&#x61;&#x72;i&#101;&#x2e;h&#97;&#x72;&#x74;&#109;&#x61;&#x6e;n&#64;&#x64;f&#118;&#x63;&#x67;&#46;&#x64;&#x65;<\/a><br \/>\n+49 69 7595 3028<\/p>\n<\/div><\/section><\/div>\n\n","protected":false},"excerpt":{"rendered":"<p>30. November 2022<br \/>\n11:00 &#8211; 12:00 Uhr<\/p>\n","protected":false},"author":10,"featured_media":8860,"comment_status":"closed","ping_status":"closed","template":"","meta":{"footnotes":""},"tags":[],"portfolio_entries":[47],"class_list":["post-8683","portfolio","type-portfolio","status-publish","has-post-thumbnail","hentry","portfolio_entries-archiv"],"yoast_head":"<!-- This site is optimized with the Yoast SEO plugin v27.4 - https:\/\/yoast.com\/product\/yoast-seo-wordpress\/ -->\n<title>digital talk: Droht der \u201eEnergie-Lockdown\u201c? - Digital Talk<\/title>\n<meta name=\"description\" content=\"Live. Aktuell. Inspirierend: digital talk: Droht der \u201eEnergie-Lockdown\u201c?\" \/>\n<meta name=\"robots\" content=\"index, follow, max-snippet:-1, max-image-preview:large, max-video-preview:-1\" \/>\n<link rel=\"canonical\" href=\"https:\/\/dfvcg-events.de\/digital-talk\/veranstaltung\/digital-talk-droht-der-energie-lockdown\/\" \/>\n<meta property=\"og:locale\" content=\"de_DE\" \/>\n<meta property=\"og:type\" content=\"article\" \/>\n<meta property=\"og:title\" content=\"digital talk: Droht der \u201eEnergie-Lockdown\u201c? - Digital Talk\" \/>\n<meta property=\"og:description\" content=\"Live. Aktuell. Inspirierend: digital talk: Droht der \u201eEnergie-Lockdown\u201c?\" \/>\n<meta property=\"og:url\" content=\"https:\/\/dfvcg-events.de\/digital-talk\/veranstaltung\/digital-talk-droht-der-energie-lockdown\/\" \/>\n<meta property=\"og:site_name\" content=\"Digital Talk\" \/>\n<meta property=\"article:modified_time\" content=\"2023-11-16T15:15:46+00:00\" \/>\n<meta property=\"og:image\" content=\"https:\/\/dfvcg-events.de\/digital-talk\/wp-content\/uploads\/sites\/14\/2022\/10\/dfvcg_DigiTalkEnergie-Lockdown_800x800_o.jpg\" \/>\n\t<meta property=\"og:image:width\" content=\"800\" \/>\n\t<meta property=\"og:image:height\" content=\"800\" \/>\n\t<meta property=\"og:image:type\" content=\"image\/jpeg\" \/>\n<meta name=\"twitter:card\" content=\"summary_large_image\" \/>\n<meta name=\"twitter:label1\" content=\"Gesch\u00e4tzte Lesezeit\" \/>\n\t<meta name=\"twitter:data1\" content=\"22\u00a0Minuten\" \/>\n<script type=\"application\/ld+json\" class=\"yoast-schema-graph\">{\"@context\":\"https:\\\/\\\/schema.org\",\"@graph\":[{\"@type\":\"WebPage\",\"@id\":\"https:\\\/\\\/dfvcg-events.de\\\/digital-talk\\\/veranstaltung\\\/digital-talk-droht-der-energie-lockdown\\\/\",\"url\":\"https:\\\/\\\/dfvcg-events.de\\\/digital-talk\\\/veranstaltung\\\/digital-talk-droht-der-energie-lockdown\\\/\",\"name\":\"digital talk: Droht der \u201eEnergie-Lockdown\u201c? - Digital Talk\",\"isPartOf\":{\"@id\":\"https:\\\/\\\/dfvcg-events.de\\\/digital-talk\\\/#website\"},\"primaryImageOfPage\":{\"@id\":\"https:\\\/\\\/dfvcg-events.de\\\/digital-talk\\\/veranstaltung\\\/digital-talk-droht-der-energie-lockdown\\\/#primaryimage\"},\"image\":{\"@id\":\"https:\\\/\\\/dfvcg-events.de\\\/digital-talk\\\/veranstaltung\\\/digital-talk-droht-der-energie-lockdown\\\/#primaryimage\"},\"thumbnailUrl\":\"https:\\\/\\\/dfvcg-events.de\\\/digital-talk\\\/wp-content\\\/uploads\\\/sites\\\/14\\\/2022\\\/10\\\/dfvcg_DigiTalkEnergie-Lockdown_800x800_o.jpg\",\"datePublished\":\"2022-10-07T07:31:19+00:00\",\"dateModified\":\"2023-11-16T15:15:46+00:00\",\"description\":\"Live. Aktuell. Inspirierend: digital talk: Droht der \u201eEnergie-Lockdown\u201c?\",\"breadcrumb\":{\"@id\":\"https:\\\/\\\/dfvcg-events.de\\\/digital-talk\\\/veranstaltung\\\/digital-talk-droht-der-energie-lockdown\\\/#breadcrumb\"},\"inLanguage\":\"de\",\"potentialAction\":[{\"@type\":\"ReadAction\",\"target\":[\"https:\\\/\\\/dfvcg-events.de\\\/digital-talk\\\/veranstaltung\\\/digital-talk-droht-der-energie-lockdown\\\/\"]}]},{\"@type\":\"ImageObject\",\"inLanguage\":\"de\",\"@id\":\"https:\\\/\\\/dfvcg-events.de\\\/digital-talk\\\/veranstaltung\\\/digital-talk-droht-der-energie-lockdown\\\/#primaryimage\",\"url\":\"https:\\\/\\\/dfvcg-events.de\\\/digital-talk\\\/wp-content\\\/uploads\\\/sites\\\/14\\\/2022\\\/10\\\/dfvcg_DigiTalkEnergie-Lockdown_800x800_o.jpg\",\"contentUrl\":\"https:\\\/\\\/dfvcg-events.de\\\/digital-talk\\\/wp-content\\\/uploads\\\/sites\\\/14\\\/2022\\\/10\\\/dfvcg_DigiTalkEnergie-Lockdown_800x800_o.jpg\",\"width\":800,\"height\":800},{\"@type\":\"BreadcrumbList\",\"@id\":\"https:\\\/\\\/dfvcg-events.de\\\/digital-talk\\\/veranstaltung\\\/digital-talk-droht-der-energie-lockdown\\\/#breadcrumb\",\"itemListElement\":[{\"@type\":\"ListItem\",\"position\":1,\"name\":\"Startseite\",\"item\":\"https:\\\/\\\/dfvcg-events.de\\\/digital-talk\\\/\"},{\"@type\":\"ListItem\",\"position\":2,\"name\":\"digital talk: Droht der \u201eEnergie-Lockdown\u201c?\"}]},{\"@type\":\"WebSite\",\"@id\":\"https:\\\/\\\/dfvcg-events.de\\\/digital-talk\\\/#website\",\"url\":\"https:\\\/\\\/dfvcg-events.de\\\/digital-talk\\\/\",\"name\":\"Digital Talk\",\"description\":\"dfv Conference Group\",\"publisher\":{\"@id\":\"https:\\\/\\\/dfvcg-events.de\\\/digital-talk\\\/#organization\"},\"potentialAction\":[{\"@type\":\"SearchAction\",\"target\":{\"@type\":\"EntryPoint\",\"urlTemplate\":\"https:\\\/\\\/dfvcg-events.de\\\/digital-talk\\\/?s={search_term_string}\"},\"query-input\":{\"@type\":\"PropertyValueSpecification\",\"valueRequired\":true,\"valueName\":\"search_term_string\"}}],\"inLanguage\":\"de\"},{\"@type\":\"Organization\",\"@id\":\"https:\\\/\\\/dfvcg-events.de\\\/digital-talk\\\/#organization\",\"name\":\"Digital Talks | dfv Conference Group\",\"url\":\"https:\\\/\\\/dfvcg-events.de\\\/digital-talk\\\/\",\"logo\":{\"@type\":\"ImageObject\",\"inLanguage\":\"de\",\"@id\":\"https:\\\/\\\/dfvcg-events.de\\\/digital-talk\\\/#\\\/schema\\\/logo\\\/image\\\/\",\"url\":\"https:\\\/\\\/dfvcg-events.de\\\/digital-talk\\\/wp-content\\\/uploads\\\/sites\\\/14\\\/2021\\\/02\\\/digital-talks-start.jpg\",\"contentUrl\":\"https:\\\/\\\/dfvcg-events.de\\\/digital-talk\\\/wp-content\\\/uploads\\\/sites\\\/14\\\/2021\\\/02\\\/digital-talks-start.jpg\",\"width\":800,\"height\":800,\"caption\":\"Digital Talks | dfv Conference Group\"},\"image\":{\"@id\":\"https:\\\/\\\/dfvcg-events.de\\\/digital-talk\\\/#\\\/schema\\\/logo\\\/image\\\/\"}}]}<\/script>\n<!-- \/ Yoast SEO plugin. -->","yoast_head_json":{"title":"digital talk: Droht der \u201eEnergie-Lockdown\u201c? - Digital Talk","description":"Live. Aktuell. Inspirierend: digital talk: Droht der \u201eEnergie-Lockdown\u201c?","robots":{"index":"index","follow":"follow","max-snippet":"max-snippet:-1","max-image-preview":"max-image-preview:large","max-video-preview":"max-video-preview:-1"},"canonical":"https:\/\/dfvcg-events.de\/digital-talk\/veranstaltung\/digital-talk-droht-der-energie-lockdown\/","og_locale":"de_DE","og_type":"article","og_title":"digital talk: Droht der \u201eEnergie-Lockdown\u201c? - Digital Talk","og_description":"Live. Aktuell. Inspirierend: digital talk: Droht der \u201eEnergie-Lockdown\u201c?","og_url":"https:\/\/dfvcg-events.de\/digital-talk\/veranstaltung\/digital-talk-droht-der-energie-lockdown\/","og_site_name":"Digital Talk","article_modified_time":"2023-11-16T15:15:46+00:00","og_image":[{"width":800,"height":800,"url":"https:\/\/dfvcg-events.de\/digital-talk\/wp-content\/uploads\/sites\/14\/2022\/10\/dfvcg_DigiTalkEnergie-Lockdown_800x800_o.jpg","type":"image\/jpeg"}],"twitter_card":"summary_large_image","twitter_misc":{"Gesch\u00e4tzte Lesezeit":"22\u00a0Minuten"},"schema":{"@context":"https:\/\/schema.org","@graph":[{"@type":"WebPage","@id":"https:\/\/dfvcg-events.de\/digital-talk\/veranstaltung\/digital-talk-droht-der-energie-lockdown\/","url":"https:\/\/dfvcg-events.de\/digital-talk\/veranstaltung\/digital-talk-droht-der-energie-lockdown\/","name":"digital talk: Droht der \u201eEnergie-Lockdown\u201c? - Digital Talk","isPartOf":{"@id":"https:\/\/dfvcg-events.de\/digital-talk\/#website"},"primaryImageOfPage":{"@id":"https:\/\/dfvcg-events.de\/digital-talk\/veranstaltung\/digital-talk-droht-der-energie-lockdown\/#primaryimage"},"image":{"@id":"https:\/\/dfvcg-events.de\/digital-talk\/veranstaltung\/digital-talk-droht-der-energie-lockdown\/#primaryimage"},"thumbnailUrl":"https:\/\/dfvcg-events.de\/digital-talk\/wp-content\/uploads\/sites\/14\/2022\/10\/dfvcg_DigiTalkEnergie-Lockdown_800x800_o.jpg","datePublished":"2022-10-07T07:31:19+00:00","dateModified":"2023-11-16T15:15:46+00:00","description":"Live. Aktuell. Inspirierend: digital talk: Droht der \u201eEnergie-Lockdown\u201c?","breadcrumb":{"@id":"https:\/\/dfvcg-events.de\/digital-talk\/veranstaltung\/digital-talk-droht-der-energie-lockdown\/#breadcrumb"},"inLanguage":"de","potentialAction":[{"@type":"ReadAction","target":["https:\/\/dfvcg-events.de\/digital-talk\/veranstaltung\/digital-talk-droht-der-energie-lockdown\/"]}]},{"@type":"ImageObject","inLanguage":"de","@id":"https:\/\/dfvcg-events.de\/digital-talk\/veranstaltung\/digital-talk-droht-der-energie-lockdown\/#primaryimage","url":"https:\/\/dfvcg-events.de\/digital-talk\/wp-content\/uploads\/sites\/14\/2022\/10\/dfvcg_DigiTalkEnergie-Lockdown_800x800_o.jpg","contentUrl":"https:\/\/dfvcg-events.de\/digital-talk\/wp-content\/uploads\/sites\/14\/2022\/10\/dfvcg_DigiTalkEnergie-Lockdown_800x800_o.jpg","width":800,"height":800},{"@type":"BreadcrumbList","@id":"https:\/\/dfvcg-events.de\/digital-talk\/veranstaltung\/digital-talk-droht-der-energie-lockdown\/#breadcrumb","itemListElement":[{"@type":"ListItem","position":1,"name":"Startseite","item":"https:\/\/dfvcg-events.de\/digital-talk\/"},{"@type":"ListItem","position":2,"name":"digital talk: Droht der \u201eEnergie-Lockdown\u201c?"}]},{"@type":"WebSite","@id":"https:\/\/dfvcg-events.de\/digital-talk\/#website","url":"https:\/\/dfvcg-events.de\/digital-talk\/","name":"Digital Talk","description":"dfv Conference Group","publisher":{"@id":"https:\/\/dfvcg-events.de\/digital-talk\/#organization"},"potentialAction":[{"@type":"SearchAction","target":{"@type":"EntryPoint","urlTemplate":"https:\/\/dfvcg-events.de\/digital-talk\/?s={search_term_string}"},"query-input":{"@type":"PropertyValueSpecification","valueRequired":true,"valueName":"search_term_string"}}],"inLanguage":"de"},{"@type":"Organization","@id":"https:\/\/dfvcg-events.de\/digital-talk\/#organization","name":"Digital Talks | dfv Conference Group","url":"https:\/\/dfvcg-events.de\/digital-talk\/","logo":{"@type":"ImageObject","inLanguage":"de","@id":"https:\/\/dfvcg-events.de\/digital-talk\/#\/schema\/logo\/image\/","url":"https:\/\/dfvcg-events.de\/digital-talk\/wp-content\/uploads\/sites\/14\/2021\/02\/digital-talks-start.jpg","contentUrl":"https:\/\/dfvcg-events.de\/digital-talk\/wp-content\/uploads\/sites\/14\/2021\/02\/digital-talks-start.jpg","width":800,"height":800,"caption":"Digital Talks | dfv Conference Group"},"image":{"@id":"https:\/\/dfvcg-events.de\/digital-talk\/#\/schema\/logo\/image\/"}}]}},"_links":{"self":[{"href":"https:\/\/dfvcg-events.de\/digital-talk\/wp-json\/wp\/v2\/portfolio\/8683","targetHints":{"allow":["GET"]}}],"collection":[{"href":"https:\/\/dfvcg-events.de\/digital-talk\/wp-json\/wp\/v2\/portfolio"}],"about":[{"href":"https:\/\/dfvcg-events.de\/digital-talk\/wp-json\/wp\/v2\/types\/portfolio"}],"author":[{"embeddable":true,"href":"https:\/\/dfvcg-events.de\/digital-talk\/wp-json\/wp\/v2\/users\/10"}],"replies":[{"embeddable":true,"href":"https:\/\/dfvcg-events.de\/digital-talk\/wp-json\/wp\/v2\/comments?post=8683"}],"version-history":[{"count":0,"href":"https:\/\/dfvcg-events.de\/digital-talk\/wp-json\/wp\/v2\/portfolio\/8683\/revisions"}],"wp:featuredmedia":[{"embeddable":true,"href":"https:\/\/dfvcg-events.de\/digital-talk\/wp-json\/wp\/v2\/media\/8860"}],"wp:attachment":[{"href":"https:\/\/dfvcg-events.de\/digital-talk\/wp-json\/wp\/v2\/media?parent=8683"}],"wp:term":[{"taxonomy":"post_tag","embeddable":true,"href":"https:\/\/dfvcg-events.de\/digital-talk\/wp-json\/wp\/v2\/tags?post=8683"},{"taxonomy":"portfolio_entries","embeddable":true,"href":"https:\/\/dfvcg-events.de\/digital-talk\/wp-json\/wp\/v2\/portfolio_entries?post=8683"}],"curies":[{"name":"wp","href":"https:\/\/api.w.org\/{rel}","templated":true}]}}