{"id":7986,"date":"2022-08-22T16:41:30","date_gmt":"2022-08-22T14:41:30","guid":{"rendered":"https:\/\/dfvcg-events.de\/digital-talk\/?post_type=portfolio&#038;p=7986"},"modified":"2023-11-16T16:15:49","modified_gmt":"2023-11-16T15:15:49","slug":"sourcing-in-volatilen-zeiten","status":"publish","type":"portfolio","link":"https:\/\/dfvcg-events.de\/digital-talk\/veranstaltung\/sourcing-in-volatilen-zeiten\/","title":{"rendered":"digital talk: Sourcing in volatilen Zeiten"},"content":{"rendered":"<div class='clear'><\/div><div id='sub_menu1'  class='av-submenu-container av-kawv0if6-b4e37991045abd8a15205f662d77aaf5 header_color av-switch-990  avia-builder-el-0  el_before_av_section  avia-builder-el-first  av-sticky-submenu container_wrap fullsize' style='z-index:301' ><div class='container av-menu-mobile-active av-submenu-pos-left'><a href=\"#\" class=\"mobile_menu_toggle\"><span class='avia-svg-icon avia-font-svg_entypo-fontello' data-av_svg_icon='list' data-av_iconset='svg_entypo-fontello'><svg version=\"1.1\" xmlns=\"http:\/\/www.w3.org\/2000\/svg\" width=\"22\" height=\"32\" viewBox=\"0 0 22 32\" preserveAspectRatio=\"xMidYMid meet\" aria-labelledby='av-svg-title-1' aria-describedby='av-svg-desc-1' role=\"graphics-symbol\" aria-hidden=\"true\">\n<title id='av-svg-title-1'>List<\/title>\n<desc id='av-svg-desc-1'>List<\/desc>\n<path d=\"M3.2 20.8q0.64 0 1.12 0.48t0.48 1.12-0.48 1.12-1.12 0.48h-1.6q-0.64 0-1.12-0.48t-0.48-1.12 0.448-1.12 1.152-0.48h1.6zM3.2 14.4q0.64 0 1.12 0.48t0.48 1.12-0.48 1.12-1.12 0.48h-1.6q-0.64 0-1.12-0.48t-0.48-1.12 0.448-1.12 1.152-0.48h1.6zM3.2 8q0.64 0 1.12 0.48t0.48 1.12-0.48 1.12-1.12 0.48h-1.6q-0.64 0-1.12-0.48t-0.48-1.12 0.448-1.12 1.152-0.48h1.6zM9.6 11.2q-0.64 0-1.12-0.48t-0.48-1.12 0.48-1.12 1.12-0.48h11.2q0.704 0 1.152 0.48t0.448 1.12-0.48 1.12-1.12 0.48h-11.2zM20.8 14.4q0.704 0 1.152 0.48t0.448 1.12-0.48 1.12-1.12 0.48h-11.2q-0.64 0-1.12-0.48t-0.48-1.12 0.48-1.12 1.12-0.48h11.2zM20.8 20.8q0.704 0 1.152 0.48t0.448 1.12-0.48 1.12-1.12 0.48h-11.2q-0.64 0-1.12-0.48t-0.48-1.12 0.48-1.12 1.12-0.48h11.2z\"><\/path>\n<\/svg><\/span><span class=\"av-current-placeholder\">Men\u00fc<\/span><\/a><ul id='av-custom-submenu-1' class='av-subnav-menu' role='menu'>\n<li class='menu-item av-2kckn4-ca906d751475ddc7493c675c2737567f menu-item-top-level av-menu-button av-menu-button-bordered menu-item-top-level-1' role='menuitem'><a href='https:\/\/dfvcg-events.de\/digital-talk\/'  ><span class='avia-bullet'><\/span><span class='avia-menu-text'>digital talks<\/span><\/a><\/li>\n<li class='menu-item av-cpa6i-1b75602378caa96f87b042471b888caa menu-item-top-level av-menu-button av-menu-button-colored menu-item-top-level-2' role='menuitem'><a href='#anmelden'  ><span class='avia-bullet'><\/span><span class='avia-menu-text'>Jetzt anmelden<\/span><\/a><\/li>\n<li class='menu-item av-2u4alb-907784f4dd7a489356826104c0410433 menu-item-top-level menu-item-top-level-3' role='menuitem'><a href='#'  ><span class='avia-bullet'><\/span><span class='avia-menu-text'>Start<\/span><\/a><\/li>\n<li class='menu-item av-m4nru-d281245decf91fbc0fabc46dbf9ef3f0 menu-item-top-level menu-item-top-level-4' role='menuitem'><a href='#referenten'  ><span class='avia-bullet'><\/span><span class='avia-menu-text'>Vortragende<\/span><\/a><\/li>\n<\/ul><\/div><\/div><div class='sticky_placeholder'><\/div>\n<div id='av_section_1'  class='avia-section av-srk2y-112106500345416558fb7b75c6b4ce9b main_color avia-section-default avia-no-border-styling  avia-builder-el-1  el_after_av_submenu  el_before_av_section  avia-bg-style-scroll container_wrap fullsize'  ><div class='container av-section-cont-open' ><div class='template-page content  av-content-full alpha units'><div class='post-entry post-entry-type-page post-entry-7986'><div class='entry-content-wrapper clearfix'>\n<div class='flex_column_table av-prli-64bf6691d8e0f71fe37b32964844bca4 sc-av_two_fifth av-equal-height-column-flextable'>\n<style type=\"text\/css\" data-created_by=\"avia_inline_auto\" id=\"style-css-av-prli-64bf6691d8e0f71fe37b32964844bca4\">\n.flex_column.av-prli-64bf6691d8e0f71fe37b32964844bca4{\nborder-radius:0px 0px 0px 0px;\npadding:0px 0px 0px 0px;\n}\n<\/style>\n<div  class='flex_column av-prli-64bf6691d8e0f71fe37b32964844bca4 av_two_fifth  avia-builder-el-2  el_before_av_three_fifth  avia-builder-el-first  first flex_column_table_cell av-equal-height-column av-align-top av-zero-column-padding  '     ><p><br \/>\n\n<style type=\"text\/css\" data-created_by=\"avia_inline_auto\" id=\"style-css-av-kzmv825q-09f489999b5c19c43ee2face9cbd6ce5\">\n.avia-image-container.av-kzmv825q-09f489999b5c19c43ee2face9cbd6ce5 img.avia_image{\nbox-shadow:none;\n}\n.avia-image-container.av-kzmv825q-09f489999b5c19c43ee2face9cbd6ce5 .av-image-caption-overlay-center{\ncolor:#ffffff;\n}\n<\/style>\n<div  class='avia-image-container av-kzmv825q-09f489999b5c19c43ee2face9cbd6ce5 av-styling- avia-align-center  avia-builder-el-4  el_after_av_image  avia-builder-el-last '   itemprop=\"image\" itemscope=\"itemscope\" itemtype=\"https:\/\/schema.org\/ImageObject\" ><div class=\"avia-image-container-inner\"><div class=\"avia-image-overlay-wrap\"><img decoding=\"async\" fetchpriority=\"high\" class='wp-image-8327 avia-img-lazy-loading-not-8327 avia_image ' src=\"https:\/\/dfvcg-events.de\/digital-talk\/wp-content\/uploads\/sites\/14\/2022\/08\/dfvcg_DigiTalkPaper_Teaser_800x800-1.jpg\" alt='' title='dfvcg_DigiTalkPaper_Teaser_800x800'  height=\"800\" width=\"800\"  itemprop=\"thumbnailUrl\"  \/><\/div><\/div><\/div><\/p><\/div><div class='av-flex-placeholder'><\/div>\n<style type=\"text\/css\" data-created_by=\"avia_inline_auto\" id=\"style-css-av-k26i2v6p-2688042be07242d734261d0b65f3805f\">\n.flex_column.av-k26i2v6p-2688042be07242d734261d0b65f3805f{\nborder-radius:0px 0px 0px 0px;\npadding:0px 35px 0px 0px;\n}\n<\/style>\n<div  class='flex_column av-k26i2v6p-2688042be07242d734261d0b65f3805f av_three_fifth  avia-builder-el-5  el_after_av_two_fifth  avia-builder-el-last  flex_column_table_cell av-equal-height-column av-align-top  '     ><p>\n<style type=\"text\/css\" data-created_by=\"avia_inline_auto\" id=\"style-css-av-2lzyki-d4296549219dba97789e2e1adb6cad42\">\n#top .av-special-heading.av-2lzyki-d4296549219dba97789e2e1adb6cad42{\npadding-bottom:10px;\ncolor:#dc3c5c;\n}\nbody .av-special-heading.av-2lzyki-d4296549219dba97789e2e1adb6cad42 .av-special-heading-tag .heading-char{\nfont-size:25px;\n}\n.av-special-heading.av-2lzyki-d4296549219dba97789e2e1adb6cad42 .special-heading-inner-border{\nborder-color:#dc3c5c;\n}\n.av-special-heading.av-2lzyki-d4296549219dba97789e2e1adb6cad42 .av-subheading{\nfont-size:19px;\ncolor:#000000;\n}\n<\/style>\n<div  class='av-special-heading av-2lzyki-d4296549219dba97789e2e1adb6cad42 av-special-heading-h1 custom-color-heading blockquote modern-quote  avia-builder-el-6  el_before_av_textblock  avia-builder-el-first  av-linked-heading'><div class='av_custom_color av-subheading av-subheading_above'><p>digital talk:<\/p>\n<\/div><h1 class='av-special-heading-tag '  itemprop=\"headline\"  >Sourcing in volatilen Zeiten<\/h1><div class=\"special-heading-border\"><div class=\"special-heading-inner-border\"><\/div><\/div><\/div><br \/>\n\n<style type=\"text\/css\" data-created_by=\"avia_inline_auto\" id=\"style-css-av-k26gzu33-6a980798dde70dc60945e854043b783a\">\n#top .av_textblock_section.av-k26gzu33-6a980798dde70dc60945e854043b783a .avia_textblock{\nfont-size:21px;\n}\n<\/style>\n<section  class='av_textblock_section av-k26gzu33-6a980798dde70dc60945e854043b783a '   itemscope=\"itemscope\" itemtype=\"https:\/\/schema.org\/CreativeWork\" ><div class='avia_textblock'  itemprop=\"text\" ><p><strong>\u00a0Wie Lieferketten resistenter werden<\/strong><\/p>\n<p>13. Oktober 2022 | 15.00 \u2013 16.00 Uhr<\/p>\n<\/div><\/section><br \/>\n\n<style type=\"text\/css\" data-created_by=\"avia_inline_auto\" id=\"style-css-av-l09hbj39-270aaf9dc25061771398ef24df41c365\">\n#top .hr.hr-invisible.av-l09hbj39-270aaf9dc25061771398ef24df41c365{\nheight:30px;\n}\n<\/style>\n<div  class='hr av-l09hbj39-270aaf9dc25061771398ef24df41c365 hr-invisible  avia-builder-el-8  el_after_av_textblock  el_before_av_buttonrow '><span class='hr-inner '><span class=\"hr-inner-style\"><\/span><\/span><\/div><br \/>\n<div  class='avia-buttonrow-wrap av-kcn3m3gt-1724f466cf571880678c88d2cafefd62 avia-buttonrow-left  avia-builder-el-9  el_after_av_hr  avia-builder-el-last '>\n\n<style type=\"text\/css\" data-created_by=\"avia_inline_auto\" id=\"style-css-av-3k12xc-affadd4986cb33a89dc44dac9ede72cc\">\n#top #wrap_all .avia-button.av-3k12xc-affadd4986cb33a89dc44dac9ede72cc{\nbackground-color:#95a8ad;\nborder-color:#95a8ad;\ncolor:#ffffff;\ntransition:all 0.4s ease-in-out;\nmargin-bottom:5px;\nmargin-right:5px;\n}\n#top #wrap_all .avia-button.av-3k12xc-affadd4986cb33a89dc44dac9ede72cc .avia-svg-icon svg:first-child{\nfill:#ffffff;\nstroke:#ffffff;\n}\n<\/style>\n<a href='#anmelden'  class='avia-button av-3k12xc-affadd4986cb33a89dc44dac9ede72cc avia-icon_select-yes-left-icon avia-size-large'   aria-label=\"Jetzt anmelden\"><span class='avia_button_icon avia_button_icon_left avia-iconfont avia-font-entypo-fontello' data-av_icon='\ue8cb' data-av_iconfont='entypo-fontello' ><\/span><span class='avia_iconbox_title' >Jetzt anmelden<\/span><\/a>\n\n<style type=\"text\/css\" data-created_by=\"avia_inline_auto\" id=\"style-css-av-4okpsy-642d5f75c831213e0adb7a5d8cef3a1a\">\n#top #wrap_all .avia-button.av-4okpsy-642d5f75c831213e0adb7a5d8cef3a1a{\nbackground-color:#95a8ad;\nborder-color:#95a8ad;\ncolor:#ffffff;\ntransition:all 0.4s ease-in-out;\nmargin-bottom:5px;\nmargin-right:5px;\n}\n#top #wrap_all .avia-button.av-4okpsy-642d5f75c831213e0adb7a5d8cef3a1a .avia-svg-icon svg:first-child{\nfill:#ffffff;\nstroke:#ffffff;\n}\n<\/style>\n<a href='https:\/\/dfvcg-events.de\/digital-talk\/wp-content\/uploads\/sites\/14\/2022\/08\/event-2.ics'  class='avia-button av-4okpsy-642d5f75c831213e0adb7a5d8cef3a1a avia-icon_select-yes-left-icon avia-size-large'  target=\"_blank\"  rel=\"noopener noreferrer\"  aria-label=\"Save the Date\"><span class='avia_button_icon avia_button_icon_left avia-iconfont avia-font-entypo-fontello' data-av_icon='\ue85b' data-av_iconfont='entypo-fontello' ><\/span><span class='avia_iconbox_title' >Save the Date<\/span><\/a>\n<\/div><\/p><\/div><\/div><!--close column table wrapper. Autoclose: 1 -->\n\n<\/div><\/div><\/div><!-- close content main div --><\/div><\/div>\n<style type=\"text\/css\" data-created_by=\"avia_inline_auto\" id=\"style-css-av-cxfpa-86985ca81cad9cbd9fb2796731efe849\">\n.avia-section.av-cxfpa-86985ca81cad9cbd9fb2796731efe849{\nbackground-color:#95a8ad;\nbackground:linear-gradient( to top right, #95a8ad, #dc3c5c );\n}\n<\/style>\n<div id='av_section_2'  class='avia-section av-cxfpa-86985ca81cad9cbd9fb2796731efe849 main_color avia-section-large avia-no-shadow  avia-builder-el-10  el_after_av_section  el_before_av_section  avia-bg-style-scroll container_wrap fullsize'  ><div class='container av-section-cont-open' ><div class='template-page content  av-content-full alpha units'><div class='post-entry post-entry-type-page post-entry-7986'><div class='entry-content-wrapper clearfix'>\n\n<style type=\"text\/css\" data-created_by=\"avia_inline_auto\" id=\"style-css-av-awk8u-6702474259a0fee5a4936736e28052d0\">\n#top .av_textblock_section.av-awk8u-6702474259a0fee5a4936736e28052d0 .avia_textblock{\nfont-size:19px;\ncolor:#ffffff;\n}\n<\/style>\n<section  class='av_textblock_section av-awk8u-6702474259a0fee5a4936736e28052d0 '   itemscope=\"itemscope\" itemtype=\"https:\/\/schema.org\/CreativeWork\" ><div class='avia_textblock av_inherit_color'  itemprop=\"text\" ><p>Beim Digital Talk \u201eSourcing in volatilen Zeiten\u201c diskutieren wir mit Supply-Chain-Experten und Logistik-Verantwortlichen \u00fcber die aktuellen Herausforderungen beim Sourcing. Dabei im Fokus stehen vor allem die anhaltenden Lieferkettenprobleme und -engp\u00e4sse sowie der Ressourcenmangel und damit verbundenen Probleme bei der Beschaffung und Produktion.<\/p>\n<\/div><\/section>\n\n<\/div><\/div><\/div><!-- close content main div --><\/div><\/div><div id='programm'  class='avia-section av-1tji7l-e7b2e7bdc94ac5fb39c89284d61edd5a main_color avia-section-default avia-no-shadow  avia-builder-el-12  el_after_av_section  el_before_av_section  av-desktop-hide av-medium-hide av-small-hide av-mini-hide avia-bg-style-scroll container_wrap fullsize'  ><div class='container av-section-cont-open' ><div class='template-page content  av-content-full alpha units'><div class='post-entry post-entry-type-page post-entry-7986'><div class='entry-content-wrapper clearfix'>\n\n<style type=\"text\/css\" data-created_by=\"avia_inline_auto\" id=\"style-css-av-ky9zoxqo-f0a6fb7b098558d0f78bc4e377805a53\">\n#top .av-special-heading.av-ky9zoxqo-f0a6fb7b098558d0f78bc4e377805a53{\npadding-bottom:10px;\ncolor:#95a8ad;\n}\nbody .av-special-heading.av-ky9zoxqo-f0a6fb7b098558d0f78bc4e377805a53 .av-special-heading-tag .heading-char{\nfont-size:25px;\n}\n.av-special-heading.av-ky9zoxqo-f0a6fb7b098558d0f78bc4e377805a53 .special-heading-inner-border{\nborder-color:#95a8ad;\n}\n.av-special-heading.av-ky9zoxqo-f0a6fb7b098558d0f78bc4e377805a53 .av-subheading{\nfont-size:15px;\ncolor:#000000;\n}\n<\/style>\n<div  class='av-special-heading av-ky9zoxqo-f0a6fb7b098558d0f78bc4e377805a53 av-special-heading-h2 custom-color-heading blockquote modern-quote  avia-builder-el-13  el_before_av_textblock  avia-builder-el-first '><h2 class='av-special-heading-tag '  itemprop=\"headline\"  >Programm<\/h2><div class='av_custom_color av-subheading av-subheading_below'><p>Freuen Sie sich auf folgende Inhalte<\/p>\n<\/div><div class=\"special-heading-border\"><div class=\"special-heading-inner-border\"><\/div><\/div><\/div>\n\n<style type=\"text\/css\" data-created_by=\"avia_inline_auto\" id=\"style-css-av-l6xf1k1q-bd2ec779ed1f47aa1eef885c3a2fe5ef\">\n#top .av_textblock_section.av-l6xf1k1q-bd2ec779ed1f47aa1eef885c3a2fe5ef .avia_textblock{\nfont-size:19px;\ncolor:#000000;\n}\n<\/style>\n<section  class='av_textblock_section av-l6xf1k1q-bd2ec779ed1f47aa1eef885c3a2fe5ef '   itemscope=\"itemscope\" itemtype=\"https:\/\/schema.org\/CreativeWork\" ><div class='avia_textblock av_inherit_color'  itemprop=\"text\" ><p>Das Programm wird bald ver\u00f6ffentlicht.<\/p>\n<\/div><\/section>\n<section  class='av_textblock_section av-kx7d2sa7-492b2cef777cffc9b6e0902199fa29c0 '   itemscope=\"itemscope\" itemtype=\"https:\/\/schema.org\/CreativeWork\" ><div class='av-desktop-hide av-medium-hide av-small-hide av-mini-hide avia_textblock'  itemprop=\"text\" ><p><strong><span style=\"color: #7e442c\">14.00 \u2013 14.05 Uhr WELCOME<\/span><\/strong><strong><span style=\"color: #7e442c\"><br \/>\n<\/span><\/strong><strong>Dirk Lenders<\/strong><em><strong>, <\/strong>Ressortleiter Frischware, Lebensmittel Zeitung<\/em><\/p>\n<p><strong><span style=\"color: #7e442c\">14.00 \u2013 14.20Uhr IMPULSVORTRAG<br \/>\n<\/span><\/strong>Haltungswechsel: QM+ \u2013 was ist der aktuelle Stand? Wo liegen die Knackpunkte in der Umsetzung?<br \/>\n<strong>Klaus Rufli<\/strong><em><strong>, <\/strong>Projektleiter Qualit\u00e4tsmanagement und Nachhaltigkeit, QM Milch e.V.<\/em><\/p>\n<p><strong><span style=\"color: #7e442c\">14.20\u2013 15.00 Uhr LZ TALK<br \/>\n<\/span><\/strong>Im Gespr\u00e4ch mit <strong>Dirk Lenders<\/strong>, <em>Ressortleiter Frischware der Lebensmittel Zeitung<\/em><\/p>\n<ul>\n<li><strong>Klaus Rufli<\/strong>, <em>Projektleiter Qualit\u00e4tsmanagement und Nachhaltigkeit, QM Milch e.V.<\/em><\/li>\n<li><strong>Dr. Hans-J\u00fcrgen Seufferlein<\/strong>, <em>Gesch\u00e4ftsf\u00fchrung, Verband der Milcherzeuger Bayern e.V.<\/em><\/li>\n<li><strong>Dr. Lars Schildwach<\/strong>, <em>Gesch\u00e4ftsleiter Marketing\/Vertrieb, Molkerei Ammerland eG<\/em><\/li>\n<\/ul>\n<p><span style=\"color: #ffffff\">#<\/span><\/p>\n<p>Dar\u00fcber wird diskutiert:<\/p>\n<ul>\n<li>Wie kann die Haltungsform als Beitrag zu mehr Tierwohl kommuniziert werden?<\/li>\n<li>Welche Herausforderungen bringt eine Herkunftskennzeichnung?<\/li>\n<li>Gewinnen am Ende also nur der Handel und die Verbraucher?<\/li>\n<li>Was bedeutet das f\u00fcr k\u00fcnftige Vertriebskonzepte?<\/li>\n<li>Wie l\u00e4sst sich eine echte Partnerschaft in der Wertsch\u00f6pfungskette aufbauen?<\/li>\n<\/ul>\n<\/div><\/section>\n\n<\/div><\/div><\/div><!-- close content main div --><\/div><\/div><div id='referenten'  class='avia-section av-kawtoycl-f4d66d187d7d75e449ef1c18e61bd2ac main_color avia-section-default avia-no-shadow  avia-builder-el-16  el_after_av_section  el_before_av_section  avia-bg-style-scroll container_wrap fullsize'  ><div class='container av-section-cont-open' ><div class='template-page content  av-content-full alpha units'><div class='post-entry post-entry-type-page post-entry-7986'><div class='entry-content-wrapper clearfix'>\n\n<style type=\"text\/css\" data-created_by=\"avia_inline_auto\" id=\"style-css-av-6k1k2q-d81f9618260b87196063c79a3b6d5187\">\n#top .av-special-heading.av-6k1k2q-d81f9618260b87196063c79a3b6d5187{\npadding-bottom:25px;\ncolor:#95a8ad;\n}\nbody .av-special-heading.av-6k1k2q-d81f9618260b87196063c79a3b6d5187 .av-special-heading-tag .heading-char{\nfont-size:25px;\n}\n.av-special-heading.av-6k1k2q-d81f9618260b87196063c79a3b6d5187 .special-heading-inner-border{\nborder-color:#95a8ad;\n}\n.av-special-heading.av-6k1k2q-d81f9618260b87196063c79a3b6d5187 .av-subheading{\nfont-size:15px;\ncolor:#000000;\n}\n<\/style>\n<div  class='av-special-heading av-6k1k2q-d81f9618260b87196063c79a3b6d5187 av-special-heading-h2 custom-color-heading blockquote modern-quote  avia-builder-el-17  el_before_av_one_third  avia-builder-el-first '><h2 class='av-special-heading-tag '  itemprop=\"headline\"  >Vortragende<\/h2><div class='av_custom_color av-subheading av-subheading_below'><p>Freuen Sie sich mit unserer Moderation auf folgende Vortragende<\/p>\n<\/div><div class=\"special-heading-border\"><div class=\"special-heading-inner-border\"><\/div><\/div><\/div>\n\n<style type=\"text\/css\" data-created_by=\"avia_inline_auto\" id=\"style-css-av-gsbe2-ff485947e3818d239122fbbcf5f5bda8\">\n.flex_column.av-gsbe2-ff485947e3818d239122fbbcf5f5bda8{\nborder-radius:0px 0px 0px 0px;\npadding:0px 0px 0px 0px;\n}\n<\/style>\n<div  class='flex_column av-gsbe2-ff485947e3818d239122fbbcf5f5bda8 av_one_third  avia-builder-el-18  el_after_av_heading  el_before_av_one_third  first flex_column_div av-zero-column-padding  '     ><p><section  class='avia-team-member av-kcn2g54d-bfb3ff44eb5bbe6838006509c68e1fb3  avia-builder-el-19  el_before_av_toggle_container  avia-builder-el-first '  itemscope=\"itemscope\" itemtype=\"https:\/\/schema.org\/Person\" ><div class=\"team-img-container\"><img decoding=\"async\" fetchpriority=\"high\" class='wp-image-7991 avia-img-lazy-loading-not-7991 avia_image avia_image_team' src=\"https:\/\/dfvcg-events.de\/digital-talk\/wp-content\/uploads\/sites\/14\/2022\/08\/Braun_Florian_flexport_2022_WEB.jpg\" alt='Florian Braun'  itemprop=\"image\"   height=\"396\" width=\"297\" \/><\/div><h3 class='team-member-name '  itemprop=\"name\" >Florian Braun<\/h3><div class='team-member-job-title '  itemprop=\"jobTitle\" >Head of Ocean EMEA, Flexport<\/div><span class='hidden team-member-affiliation'  itemprop=\"affiliation\" >Digital Talk<\/span><\/section><br \/>\n<div  class='togglecontainer av-vt3oj-b6d3b44decb19d8c25ae8d79aceb8d19  avia-builder-el-20  el_after_av_team_member  avia-builder-el-last  toggle_close_all' >\n<section class='av_toggle_section av-86fu1v-45a706df8b566427e4a60fc9c2999f3d'  itemscope=\"itemscope\" itemtype=\"https:\/\/schema.org\/CreativeWork\" ><div role=\"tablist\" class=\"single_toggle\" data-tags=\"{Alle} \"  ><p id='toggle-toggle-id-1' data-fake-id='#toggle-id-1' class='toggler  av-title-above '  itemprop=\"headline\"  role='tab' tabindex='0' aria-controls='toggle-id-1' data-slide-speed=\"200\" data-title=\"Info\" data-title-open=\"\" data-aria_collapsed=\"Click to expand: Info\" data-aria_expanded=\"Click to collapse: Info\">Info<span class=\"toggle_icon\"><span class=\"vert_icon\"><\/span><span class=\"hor_icon\"><\/span><\/span><\/p><div id='toggle-id-1' aria-labelledby='toggle-toggle-id-1' role='region' class='toggle_wrap  av-title-above'  ><div class='toggle_content invers-color '  itemprop=\"text\" ><p>Florian Braun ist seit Ende 2020 \u201eHead of Ocean EMEA\u201c bei Flexport. Er ist seit \u00fcber 14 Jahren in der Logistikbranche t\u00e4tig, davon sieben Jahre in China. Vor Flexport verantwortete er bei DB Schenker als Vice President des Ocean 4.0-Bereichs die digitale Ocean-Strategie des Unternehmens. Davor war er bei DHL als Trade Lane Manager in China t\u00e4tig.<\/p>\n<\/div><\/div><\/div><\/section>\n<\/div><\/p><\/div>\n<style type=\"text\/css\" data-created_by=\"avia_inline_auto\" id=\"style-css-av-h6qoi-3ecdf49e6607f67a10578b32831d5e45\">\n.flex_column.av-h6qoi-3ecdf49e6607f67a10578b32831d5e45{\nborder-radius:0px 0px 0px 0px;\npadding:0px 0px 0px 0px;\n}\n<\/style>\n<div  class='flex_column av-h6qoi-3ecdf49e6607f67a10578b32831d5e45 av_one_third  avia-builder-el-21  el_after_av_one_third  el_before_av_one_third  flex_column_div av-zero-column-padding  '     ><p><section  class='avia-team-member av-l84fpmsq-685ca639d7dc36e1d7ea36686bd400b8  avia-builder-el-22  el_before_av_toggle_container  avia-builder-el-first '  itemscope=\"itemscope\" itemtype=\"https:\/\/schema.org\/Person\" ><div class=\"team-img-container\"><img decoding=\"async\" fetchpriority=\"high\" class='wp-image-8385 avia-img-lazy-loading-not-8385 avia_image avia_image_team' src=\"https:\/\/dfvcg-events.de\/digital-talk\/wp-content\/uploads\/sites\/14\/2022\/08\/Otto_Joern_Bonprix_2022_WEB-1.jpg\" alt='J\u00f6rn Otto'  itemprop=\"image\"   height=\"5973\" width=\"4480\" \/><\/div><h3 class='team-member-name '  itemprop=\"name\" >J\u00f6rn Otto<\/h3><div class='team-member-job-title '  itemprop=\"jobTitle\" >Vice President Sourcing and Supply Chain, bonprix<\/div><span class='hidden team-member-affiliation'  itemprop=\"affiliation\" >Digital Talk<\/span><\/section><br \/>\n<div  class='togglecontainer av-l84frqfz-7e39e50bcc6f50747ef6e42297f55072  avia-builder-el-23  el_after_av_team_member  avia-builder-el-last  toggle_close_all' >\n<section class='av_toggle_section av-38i9te-d51fd260dba3ebfc647602d6959bd30a'  itemscope=\"itemscope\" itemtype=\"https:\/\/schema.org\/CreativeWork\" ><div role=\"tablist\" class=\"single_toggle\" data-tags=\"{Alle} \"  ><p id='toggle-toggle-id-2' data-fake-id='#toggle-id-2' class='toggler  av-title-above '  itemprop=\"headline\"  role='tab' tabindex='0' aria-controls='toggle-id-2' data-slide-speed=\"200\" data-title=\"Info\" data-title-open=\"\" data-aria_collapsed=\"Click to expand: Info\" data-aria_expanded=\"Click to collapse: Info\">Info<span class=\"toggle_icon\"><span class=\"vert_icon\"><\/span><span class=\"hor_icon\"><\/span><\/span><\/p><div id='toggle-id-2' aria-labelledby='toggle-toggle-id-2' role='region' class='toggle_wrap  av-title-above'  ><div class='toggle_content invers-color '  itemprop=\"text\" ><p class=\"Default\"><span style=\"font-size: 11.0pt\">Der studierte Diplom-Kaufmann J\u00f6rn Otto (*1960) startete 1986 seinen beruflichen Werdegang bei OTTO im Controlling und war dann in verschiedenen leitenden Positionen im Sales-Bereich f\u00fcr Gro\u00dfhandel, Retail und Versandhandel t\u00e4tig. 1999 wechselte er zu bonprix, wo er in F\u00fchrungspositionen im Bereich Supply Chain arbeitete, u.a. f\u00fcr Einkaufssteuerung, Import und Qualit\u00e4tsentwicklung. J\u00f6rn Otto war von 2006 bis 2008 f\u00fcr bonprix auch im Ausland t\u00e4tig. So leitete er in Hongkong und China spezifische Sourcing-Projekte. Im Rahmen der Zentralisierung der internationalen Beschaffung \u00fcbernahm er dann das gesamte textile Sourcing (Bekleidung) und ist seit 2012 als Vice President Sourcing and Supply Chain zust\u00e4ndig f\u00fcr die Bereiche interne Beschaffung, Sourcing und Import.<\/span><\/p>\n<\/div><\/div><\/div><\/section>\n<\/div><\/p><\/div>\n<style type=\"text\/css\" data-created_by=\"avia_inline_auto\" id=\"style-css-av-7lhf6a-7e2f8539ca8743bdcceb2a1025f3a384\">\n.flex_column.av-7lhf6a-7e2f8539ca8743bdcceb2a1025f3a384{\nborder-radius:0px 0px 0px 0px;\npadding:0px 0px 0px 0px;\n}\n<\/style>\n<div  class='flex_column av-7lhf6a-7e2f8539ca8743bdcceb2a1025f3a384 av_one_third  avia-builder-el-24  el_after_av_one_third  el_before_av_one_third  flex_column_div av-zero-column-padding  '     ><p><section  class='avia-team-member av-6liesy-7f60bc64191d54558fa82a52e89c31cd  avia-builder-el-25  el_before_av_toggle_container  avia-builder-el-first '  itemscope=\"itemscope\" itemtype=\"https:\/\/schema.org\/Person\" ><div class=\"team-img-container\"><img decoding=\"async\" fetchpriority=\"high\" class='wp-image-8365 avia-img-lazy-loading-not-8365 avia_image avia_image_team' src=\"https:\/\/dfvcg-events.de\/digital-talk\/wp-content\/uploads\/sites\/14\/2022\/08\/Trischberger_-Johann_OLYMP_web.jpg\" alt='Johann Trischberger'  itemprop=\"image\"   height=\"800\" width=\"600\" \/><\/div><h3 class='team-member-name '  itemprop=\"name\" >Johann Trischberger<\/h3><div class='team-member-job-title '  itemprop=\"jobTitle\" >Direktor Produktion und Beschaffung, OLYMP<\/div><span class='hidden team-member-affiliation'  itemprop=\"affiliation\" >Digital Talk<\/span><\/section><br \/>\n<div  class='togglecontainer av-3x91pu-9cf9a64f16f80538b862fd417f9825b0  avia-builder-el-26  el_after_av_team_member  avia-builder-el-last  toggle_close_all' >\n<section class='av_toggle_section av-2pzwma-107bf1ad09d168dd44bd450fd1f98498'  itemscope=\"itemscope\" itemtype=\"https:\/\/schema.org\/CreativeWork\" ><div role=\"tablist\" class=\"single_toggle\" data-tags=\"{Alle} \"  ><p id='toggle-toggle-id-3' data-fake-id='#toggle-id-3' class='toggler  av-title-above '  itemprop=\"headline\"  role='tab' tabindex='0' aria-controls='toggle-id-3' data-slide-speed=\"200\" data-title=\"Info\" data-title-open=\"\" data-aria_collapsed=\"Click to expand: Info\" data-aria_expanded=\"Click to collapse: Info\">Info<span class=\"toggle_icon\"><span class=\"vert_icon\"><\/span><span class=\"hor_icon\"><\/span><\/span><\/p><div id='toggle-id-3' aria-labelledby='toggle-toggle-id-3' role='region' class='toggle_wrap  av-title-above'  ><div class='toggle_content invers-color '  itemprop=\"text\" ><p>Johann Trischberger, 45, ist bereits seit 2006 in der Textilbranche t\u00e4tig. Nach vielen Jahren als Senior Sales Manager bei einer der f\u00fchrenden Vertriebsagenturen f\u00fcr hochwertige Bekleidungstextilien im deutschsprachigen Raum und in Europa \u00fcbernahm er von 2013 bis 2017 die Gesch\u00e4ftsf\u00fchrung beim italienischen Stoffgro\u00dfh\u00e4ndler Fabric House S.r.l. Ab September 2017 bis Februar 2018 war er in leitender Funktion bei der Manifattura Pezzetti S.r.l., einem der f\u00fchrenden italienischen Produzenten f\u00fcr hochwertige Futterstoffe f\u00fcr die Bekleidungsbranche. Im M\u00e4rz 2018 wurde Johann Trischberger in die Position des Technischen Direktors beim Bekleidungshersteller OLYMP Bezner KG in Bietigheim-Bissingen (Landkreis Ludwigsburg, Baden-W\u00fcrttemberg, Deutschland) berufen, wo er seither in der erweiterten Funktion des Technischen Direktors f\u00fcr die Bereiche Produktion, Beschaffung und Corporate Responsibility zust\u00e4ndig ist.<\/p>\n<\/div><\/div><\/div><\/section>\n<\/div><\/p><\/div>\n<style type=\"text\/css\" data-created_by=\"avia_inline_auto\" id=\"style-css-av-4jlg1u-784669f3be2bd7a9b7481c6d77e5ed3b\">\n.flex_column.av-4jlg1u-784669f3be2bd7a9b7481c6d77e5ed3b{\nborder-radius:0px 0px 0px 0px;\npadding:0px 0px 0px 0px;\n}\n<\/style>\n<div  class='flex_column av-4jlg1u-784669f3be2bd7a9b7481c6d77e5ed3b av_one_third  avia-builder-el-27  el_after_av_one_third  avia-builder-el-last  first flex_column_div av-zero-column-padding  column-top-margin'     ><p><section  class='avia-team-member av-l6xf7nf9-85a419251abe82c602fe25c3ba7f895b  avia-builder-el-28  el_before_av_toggle_container  avia-builder-el-first '  itemscope=\"itemscope\" itemtype=\"https:\/\/schema.org\/Person\" ><div class=\"team-img-container\"><img decoding=\"async\" fetchpriority=\"high\" class='wp-image-6689 avia-img-lazy-loading-not-6689 avia_image avia_image_team' src=\"https:\/\/dfvcg-events.de\/digital-talk\/wp-content\/uploads\/sites\/14\/2022\/04\/Wollenschlaeger_Ulrike_Moderation_web.jpg\" alt='Moderation: Ulrike Wollenschl\u00e4ger'  itemprop=\"image\"   height=\"800\" width=\"600\" \/><\/div><h3 class='team-member-name '  itemprop=\"name\" >Moderation: Ulrike Wollenschl\u00e4ger<\/h3><div class='team-member-job-title '  itemprop=\"jobTitle\" >TextilWirtschaft<\/div><span class='hidden team-member-affiliation'  itemprop=\"affiliation\" >Digital Talk<\/span><\/section><br \/>\n<div  class='togglecontainer av-l6xfa3uz-076dbf887c5b74a837193a202765b3ca  avia-builder-el-29  el_after_av_team_member  avia-builder-el-last  av-desktop-hide av-medium-hide av-small-hide av-mini-hide toggle_close_all' >\n<section class='av_toggle_section av-2elgdu-65648f90896380b14f2511f2a6fac309'  itemscope=\"itemscope\" itemtype=\"https:\/\/schema.org\/CreativeWork\" ><div role=\"tablist\" class=\"single_toggle\" data-tags=\"{Alle} \"  ><p id='toggle-toggle-id-4' data-fake-id='#toggle-id-4' class='toggler  av-title-above '  itemprop=\"headline\"  role='tab' tabindex='0' aria-controls='toggle-id-4' data-slide-speed=\"200\" data-title=\"Info\" data-title-open=\"\" data-aria_collapsed=\"Click to expand: Info\" data-aria_expanded=\"Click to collapse: Info\">Info<span class=\"toggle_icon\"><span class=\"vert_icon\"><\/span><span class=\"hor_icon\"><\/span><\/span><\/p><div id='toggle-id-4' aria-labelledby='toggle-toggle-id-4' role='region' class='toggle_wrap  av-title-above'  ><div class='toggle_content invers-color '  itemprop=\"text\" ><p>Nach \u00fcber 10 Jahren in verschiedenen Leitungsfunktionen in der Ingredientsbranche mit globalem Fokus (u.A. Kerry Ingredients and Flavors, Frutarom Savory Solutions und International Flavors and Fragrances) hat der gelernte Koch und Diplom Ern\u00e4hrungswissenschaftler den Weg zur R\u00fcgenwalder M\u00fchle eingeschlagen, wo er seit April letzten Jahres den Posten des \u201eHead of R&amp;D\u201c ausf\u00fcllt. In dieser Funktion ist er verantwortlich f\u00fcr Produktinnovationen und die sensorische Qualit\u00e4t der R\u00fcgenwalder M\u00fchle Produkte tierischer und pflanzlicher Herkunft.<\/p>\n<\/div><\/div><\/div><\/section>\n<\/div><\/p><\/div><\/div><\/div><\/div><!-- close content main div --><\/div><\/div><div id='partner'  class='avia-section av-kawtoycl-4-b219551c61a13d265979c6c0e476ef89 main_color avia-section-default avia-no-shadow  avia-builder-el-30  el_after_av_section  el_before_av_section  avia-bg-style-scroll container_wrap fullsize'  ><div class='container av-section-cont-open' ><div class='template-page content  av-content-full alpha units'><div class='post-entry post-entry-type-page post-entry-7986'><div class='entry-content-wrapper clearfix'>\n\n<style type=\"text\/css\" data-created_by=\"avia_inline_auto\" id=\"style-css-av-kx7d2z73-aae125aca778a436e05bbd9dee823c10\">\n#top .av-special-heading.av-kx7d2z73-aae125aca778a436e05bbd9dee823c10{\npadding-bottom:10px;\ncolor:#95a8ad;\n}\nbody .av-special-heading.av-kx7d2z73-aae125aca778a436e05bbd9dee823c10 .av-special-heading-tag .heading-char{\nfont-size:25px;\n}\n.av-special-heading.av-kx7d2z73-aae125aca778a436e05bbd9dee823c10 .special-heading-inner-border{\nborder-color:#95a8ad;\n}\n.av-special-heading.av-kx7d2z73-aae125aca778a436e05bbd9dee823c10 .av-subheading{\nfont-size:15px;\ncolor:#000000;\n}\n<\/style>\n<div  class='av-special-heading av-kx7d2z73-aae125aca778a436e05bbd9dee823c10 av-special-heading-h2 custom-color-heading blockquote modern-quote  avia-builder-el-31  el_before_av_one_third  avia-builder-el-first '><h2 class='av-special-heading-tag '  itemprop=\"headline\"  >Powered by<\/h2><div class='av_custom_color av-subheading av-subheading_below'><p>Wir bedanken uns bei&#8230;<\/p>\n<\/div><div class=\"special-heading-border\"><div class=\"special-heading-inner-border\"><\/div><\/div><\/div>\n\n<style type=\"text\/css\" data-created_by=\"avia_inline_auto\" id=\"style-css-av-2dfts0-b03bc50ecac444ae5ff8b4c0e8a703cd\">\n.flex_column.av-2dfts0-b03bc50ecac444ae5ff8b4c0e8a703cd{\nborder-radius:0px 0px 0px 0px;\npadding:0px 0px 0px 0px;\n}\n<\/style>\n<div  class='flex_column av-2dfts0-b03bc50ecac444ae5ff8b4c0e8a703cd av_one_third  avia-builder-el-32  el_after_av_heading  avia-builder-el-last  first flex_column_div av-zero-column-padding  '     ><style type=\"text\/css\" data-created_by=\"avia_inline_auto\" id=\"style-css-av-kzmsovdk-4b5a0768d35a27d72c0842ae7aa3fcef\">\n.avia-image-container.av-kzmsovdk-4b5a0768d35a27d72c0842ae7aa3fcef img.avia_image{\nbox-shadow:none;\n}\n.avia-image-container.av-kzmsovdk-4b5a0768d35a27d72c0842ae7aa3fcef .av-image-caption-overlay-center{\ncolor:#ffffff;\n}\n<\/style>\n<div  class='avia-image-container av-kzmsovdk-4b5a0768d35a27d72c0842ae7aa3fcef av-styling-no-styling av-img-linked avia-align-left  avia-builder-el-33  avia-builder-el-no-sibling '   itemprop=\"image\" itemscope=\"itemscope\" itemtype=\"https:\/\/schema.org\/ImageObject\" ><div class=\"avia-image-container-inner\"><div class=\"avia-image-overlay-wrap\"><a href=\"https:\/\/www.itg.de\/\" class='avia_image '  target=\"_blank\"  rel=\"noopener noreferrer\" aria-label='ITG_web'><img decoding=\"async\" fetchpriority=\"high\" class='wp-image-8171 avia-img-lazy-loading-not-8171 avia_image ' src=\"https:\/\/dfvcg-events.de\/digital-talk\/wp-content\/uploads\/sites\/14\/2022\/08\/ITG_web.jpg\" alt='' title='ITG_web'  height=\"600\" width=\"800\"  itemprop=\"thumbnailUrl\"  \/><\/a><\/div><\/div><\/div><\/div>\n<\/p>\n<\/div><\/div><\/div><!-- close content main div --><\/div><\/div><div id='anmelden'  class='avia-section av-kawtoycl-3-2d88ea1841b7c2b25702247b1dd3fe9a main_color avia-section-default avia-no-shadow  avia-builder-el-34  el_after_av_section  el_before_av_section  avia-bg-style-scroll container_wrap fullsize'  ><div class='container av-section-cont-open' ><div class='template-page content  av-content-full alpha units'><div class='post-entry post-entry-type-page post-entry-7986'><div class='entry-content-wrapper clearfix'>\n\n<style type=\"text\/css\" data-created_by=\"avia_inline_auto\" id=\"style-css-av-1x2jgy-da4c26137f74d89303a5aa532300f874\">\n#top .av-special-heading.av-1x2jgy-da4c26137f74d89303a5aa532300f874{\npadding-bottom:25px;\ncolor:#95a8ad;\n}\nbody .av-special-heading.av-1x2jgy-da4c26137f74d89303a5aa532300f874 .av-special-heading-tag .heading-char{\nfont-size:25px;\n}\n.av-special-heading.av-1x2jgy-da4c26137f74d89303a5aa532300f874 .special-heading-inner-border{\nborder-color:#95a8ad;\n}\n.av-special-heading.av-1x2jgy-da4c26137f74d89303a5aa532300f874 .av-subheading{\nfont-size:15px;\ncolor:#000000;\n}\n<\/style>\n<div  class='av-special-heading av-1x2jgy-da4c26137f74d89303a5aa532300f874 av-special-heading-h2 custom-color-heading blockquote modern-quote  avia-builder-el-35  el_before_av_codeblock  avia-builder-el-first '><h2 class='av-special-heading-tag '  itemprop=\"headline\"  >Jetzt anmelden<\/h2><div class='av_custom_color av-subheading av-subheading_below'><p>Wir freuen uns auf Sie<\/p>\n<\/div><div class=\"special-heading-border\"><div class=\"special-heading-inner-border\"><\/div><\/div><\/div>\n\n\n<\/div><\/div><\/div><!-- close content main div --><\/div><\/div><div id='av_section_7'  class='avia-section av-5q9r00-929d384ada66a6e4c2b7ff3e1c965ec7 main_color avia-section-default avia-no-shadow  avia-builder-el-37  el_after_av_section  el_before_av_section  avia-bg-style-scroll container_wrap fullsize'  ><div class='container av-section-cont-open' ><div class='template-page content  av-content-full alpha units'><div class='post-entry post-entry-type-page post-entry-7986'><div class='entry-content-wrapper clearfix'>\n\n<style type=\"text\/css\" data-created_by=\"avia_inline_auto\" id=\"style-css-av-4lu7b4-c8ff7c1af134c34db7745ec9299169f4\">\n#top .av-special-heading.av-4lu7b4-c8ff7c1af134c34db7745ec9299169f4{\npadding-bottom:10px;\ncolor:#95a8ad;\n}\nbody .av-special-heading.av-4lu7b4-c8ff7c1af134c34db7745ec9299169f4 .av-special-heading-tag .heading-char{\nfont-size:25px;\n}\n.av-special-heading.av-4lu7b4-c8ff7c1af134c34db7745ec9299169f4 .special-heading-inner-border{\nborder-color:#95a8ad;\n}\n.av-special-heading.av-4lu7b4-c8ff7c1af134c34db7745ec9299169f4 .av-subheading{\nfont-size:15px;\ncolor:#000000;\n}\n<\/style>\n<div  class='av-special-heading av-4lu7b4-c8ff7c1af134c34db7745ec9299169f4 av-special-heading-h2 custom-color-heading blockquote modern-quote  avia-builder-el-38  el_before_av_textblock  avia-builder-el-first '><h2 class='av-special-heading-tag '  itemprop=\"headline\"  >Gut zu wissen<\/h2><div class='av_custom_color av-subheading av-subheading_below'><p>Wichtige Informationen rund um Ihre digitale Teilnahme<\/p>\n<\/div><div class=\"special-heading-border\"><div class=\"special-heading-inner-border\"><\/div><\/div><\/div>\n<section  class='av_textblock_section av-1xd4g0-7727a03ea417436ace6519b4aec0f0c8 '   itemscope=\"itemscope\" itemtype=\"https:\/\/schema.org\/CreativeWork\" ><div class='avia_textblock'  itemprop=\"text\" ><p>Nach Ihrer Registrierung erhalten Sie Ihre Anmeldebest\u00e4tigung sowie einen Link f\u00fcr Ihren Kalendereintrag. Die Zugangsdaten zum Einloggen erhalten Sie rechtzeitig vor Beginn des Digital Talks.<\/p>\n<\/div><\/section>\n\n<\/div><\/div><\/div><!-- close content main div --><\/div><\/div><div id='av_section_8'  class='avia-section av-81j7y8-6f90dd296c7a38ca4420dfd12090237f main_color avia-section-default avia-no-shadow  avia-builder-el-40  el_after_av_section  el_before_av_section  avia-bg-style-scroll container_wrap fullsize'  ><div class='container av-section-cont-open' ><div class='template-page content  av-content-full alpha units'><div class='post-entry post-entry-type-page post-entry-7986'><div class='entry-content-wrapper clearfix'>\n\n<style type=\"text\/css\" data-created_by=\"avia_inline_auto\" id=\"style-css-av-kzmt51hy-e56de09a031deb97e548b8fe343c401b\">\n#top .av-special-heading.av-kzmt51hy-e56de09a031deb97e548b8fe343c401b{\npadding-bottom:10px;\ncolor:#95a8ad;\n}\nbody .av-special-heading.av-kzmt51hy-e56de09a031deb97e548b8fe343c401b .av-special-heading-tag .heading-char{\nfont-size:25px;\n}\n.av-special-heading.av-kzmt51hy-e56de09a031deb97e548b8fe343c401b .special-heading-inner-border{\nborder-color:#95a8ad;\n}\n.av-special-heading.av-kzmt51hy-e56de09a031deb97e548b8fe343c401b .av-subheading{\nfont-size:15px;\ncolor:#000000;\n}\n<\/style>\n<div  class='av-special-heading av-kzmt51hy-e56de09a031deb97e548b8fe343c401b av-special-heading-h2 custom-color-heading blockquote modern-quote  avia-builder-el-41  el_before_av_one_fourth  avia-builder-el-first '><h2 class='av-special-heading-tag '  itemprop=\"headline\"  >Medienpartner<\/h2><div class='av_custom_color av-subheading av-subheading_below'><p>Unterst\u00fctzend dabei sind&#8230;<\/p>\n<\/div><div class=\"special-heading-border\"><div class=\"special-heading-inner-border\"><\/div><\/div><\/div>\n\n<style type=\"text\/css\" data-created_by=\"avia_inline_auto\" id=\"style-css-av-47knnk-d0af9099341dfa1c64899dcfcbdc76d1\">\n.flex_column.av-47knnk-d0af9099341dfa1c64899dcfcbdc76d1{\nborder-radius:0px 0px 0px 0px;\npadding:0px 0px 0px 0px;\n}\n<\/style>\n<div  class='flex_column av-47knnk-d0af9099341dfa1c64899dcfcbdc76d1 av_one_fourth  avia-builder-el-42  el_after_av_heading  el_before_av_one_fourth  first flex_column_div av-zero-column-padding  '     ><style type=\"text\/css\" data-created_by=\"avia_inline_auto\" id=\"style-css-av-kzmtuave-6c50b6605daea3b432233ca6f1dd72b5\">\n.avia-image-container.av-kzmtuave-6c50b6605daea3b432233ca6f1dd72b5 img.avia_image{\nbox-shadow:none;\n}\n.avia-image-container.av-kzmtuave-6c50b6605daea3b432233ca6f1dd72b5 .av-image-caption-overlay-center{\ncolor:#ffffff;\n}\n<\/style>\n<div  class='avia-image-container av-kzmtuave-6c50b6605daea3b432233ca6f1dd72b5 av-styling-no-styling av-img-linked avia-align-left  avia-builder-el-43  avia-builder-el-no-sibling '   itemprop=\"image\" itemscope=\"itemscope\" itemtype=\"https:\/\/schema.org\/ImageObject\" ><div class=\"avia-image-container-inner\"><div class=\"avia-image-overlay-wrap\"><a href=\"https:\/\/www.textilwirtschaft.de\/\" class='avia_image '  target=\"_blank\"  rel=\"noopener noreferrer\" aria-label='TW Logo Webseite dfvcg'><img decoding=\"async\" fetchpriority=\"high\" class='wp-image-5402 avia-img-lazy-loading-not-5402 avia_image ' src=\"https:\/\/dfvcg-events.de\/digital-talk\/wp-content\/uploads\/sites\/14\/2022\/01\/TW-Logo-Webseite-dfvcg.jpg\" alt='' title='TW Logo Webseite dfvcg'  height=\"600\" width=\"800\"  itemprop=\"thumbnailUrl\"  \/><\/a><\/div><\/div><\/div><\/div>\n<style type=\"text\/css\" data-created_by=\"avia_inline_auto\" id=\"style-css-av-2tho8w-f6f2ef86e1287ad926001bfc2ac35e97\">\n.flex_column.av-2tho8w-f6f2ef86e1287ad926001bfc2ac35e97{\nborder-radius:0px 0px 0px 0px;\npadding:0px 0px 0px 0px;\n}\n<\/style>\n<div  class='flex_column av-2tho8w-f6f2ef86e1287ad926001bfc2ac35e97 av_one_fourth  avia-builder-el-44  el_after_av_one_fourth  avia-builder-el-last  flex_column_div av-zero-column-padding  '     ><style type=\"text\/css\" data-created_by=\"avia_inline_auto\" id=\"style-css-av-kzmtv26b-e1e80fe1e646c04261981535e2d44fe3\">\n.avia-image-container.av-kzmtv26b-e1e80fe1e646c04261981535e2d44fe3 img.avia_image{\nbox-shadow:none;\n}\n.avia-image-container.av-kzmtv26b-e1e80fe1e646c04261981535e2d44fe3 .av-image-caption-overlay-center{\ncolor:#ffffff;\n}\n<\/style>\n<div  class='avia-image-container av-kzmtv26b-e1e80fe1e646c04261981535e2d44fe3 av-styling-no-styling av-img-linked avia-align-left  avia-builder-el-45  avia-builder-el-no-sibling '   itemprop=\"image\" itemscope=\"itemscope\" itemtype=\"https:\/\/schema.org\/ImageObject\" ><div class=\"avia-image-container-inner\"><div class=\"avia-image-overlay-wrap\"><a href=\"https:\/\/dfvcg-events.de\/\" class='avia_image '  target=\"_blank\"  rel=\"noopener noreferrer\" aria-label='dfvcg-conference-group'><img decoding=\"async\" fetchpriority=\"high\" class='wp-image-1064 avia-img-lazy-loading-not-1064 avia_image ' src=\"https:\/\/dfvcg-events.de\/digital-talk\/wp-content\/uploads\/sites\/14\/2020\/05\/dfvcg-conference-group.jpg\" alt='' title='dfvcg-conference-group'  height=\"600\" width=\"800\"  itemprop=\"thumbnailUrl\"  \/><\/a><\/div><\/div><\/div><\/div>\n\n<\/div><\/div><\/div><!-- close content main div --><\/div><\/div><div id='av_section_9'  class='avia-section av-57cd5d-34a88ae3c57e3c8fff32d55393d7eed3 main_color avia-section-default avia-no-shadow  avia-builder-el-46  el_after_av_section  avia-builder-el-last  avia-bg-style-scroll container_wrap fullsize'  ><div class='container av-section-cont-open' ><div class='template-page content  av-content-full alpha units'><div class='post-entry post-entry-type-page post-entry-7986'><div class='entry-content-wrapper clearfix'>\n\n<style type=\"text\/css\" data-created_by=\"avia_inline_auto\" id=\"style-css-av-ky9zqosx-5eed284a3bfb729a9f8b778d3f587d5d\">\n#top .av-special-heading.av-ky9zqosx-5eed284a3bfb729a9f8b778d3f587d5d{\npadding-bottom:25px;\ncolor:#95a8ad;\n}\nbody .av-special-heading.av-ky9zqosx-5eed284a3bfb729a9f8b778d3f587d5d .av-special-heading-tag .heading-char{\nfont-size:25px;\n}\n.av-special-heading.av-ky9zqosx-5eed284a3bfb729a9f8b778d3f587d5d .special-heading-inner-border{\nborder-color:#95a8ad;\n}\n.av-special-heading.av-ky9zqosx-5eed284a3bfb729a9f8b778d3f587d5d .av-subheading{\nfont-size:15px;\ncolor:#000000;\n}\n<\/style>\n<div  class='av-special-heading av-ky9zqosx-5eed284a3bfb729a9f8b778d3f587d5d av-special-heading-h2 custom-color-heading blockquote modern-quote  avia-builder-el-47  el_before_av_one_third  avia-builder-el-first '><h2 class='av-special-heading-tag '  itemprop=\"headline\"  >Ihre Ansprechpartner:innen<\/h2><div class='av_custom_color av-subheading av-subheading_below'><p>Wir sind f\u00fcr Sie da<\/p>\n<\/div><div class=\"special-heading-border\"><div class=\"special-heading-inner-border\"><\/div><\/div><\/div>\n<div  class='flex_column av-4nh4ox-95be2c5a318148baa57e7ed91aee1d53 av_one_third  avia-builder-el-48  el_after_av_heading  el_before_av_one_third  first flex_column_div  '     ><section  class='av_textblock_section av-ky9zwawv-e253348a15222e82e95d7e5bd7c8e183 '   itemscope=\"itemscope\" itemtype=\"https:\/\/schema.org\/CreativeWork\" ><div class='avia_textblock'  itemprop=\"text\" ><p><strong>Programm &amp; Projektleitung<\/strong><\/p>\n<p>Sarah Sternberger<br \/>\n<a href=\"&#109;&#x61;&#x69;&#108;&#x74;&#x6f;&#58;&#x73;&#x61;&#114;&#x61;&#x68;&#46;&#x73;&#x74;&#101;&#x72;&#x6e;&#98;&#x65;&#x72;&#103;&#x65;&#x72;&#64;&#x64;&#x66;v&#x63;&#x67;&#46;&#x64;&#x65;\">&#x73;&#x61;&#114;a&#x68;&#x2e;&#115;te&#x72;&#x6e;&#98;e&#x72;&#x67;&#101;&#114;&#64;&#x64;&#x66;&#118;c&#x67;&#x2e;&#100;&#101;<\/a><br \/>\n+49 69 7595 3039<\/p>\n<\/div><\/section><\/div><div  class='flex_column av-3624ap-f2c35afdc73ca95192ad6a153e5054f3 av_one_third  avia-builder-el-50  el_after_av_one_third  avia-builder-el-last  flex_column_div  '     ><section  class='av_textblock_section av-ky9zx86r-fb9a6ed34d3bc94eba53947442a1e96a '   itemscope=\"itemscope\" itemtype=\"https:\/\/schema.org\/CreativeWork\" ><div class='avia_textblock'  itemprop=\"text\" ><p><strong>Organisation<\/strong><\/p>\n<p>Marie Hartmann<br \/>\n<a href=\"&#109;&#x61;&#x69;l&#116;&#x6f;:&#109;&#x61;r&#105;&#x65;&#46;&#104;&#x61;&#x72;&#116;&#x6d;&#x61;n&#110;&#x40;d&#102;&#x76;c&#103;&#x2e;&#x64;&#101;\">mar&#105;&#101;&#46;&#x68;&#x61;&#x72;&#x74;&#x6d;&#x61;nn&#64;&#100;&#102;&#118;&#99;&#x67;&#x2e;&#x64;&#x65;<\/a><br \/>\n+49 69 7595 3028<\/p>\n<\/div><\/section><\/div>\n\n","protected":false},"excerpt":{"rendered":"<p>13. Oktober 2022<br \/>\n15.00 \u2013 16.00 Uhr<\/p>\n","protected":false},"author":21,"featured_media":8327,"comment_status":"closed","ping_status":"closed","template":"","meta":{"footnotes":""},"tags":[],"portfolio_entries":[47],"class_list":["post-7986","portfolio","type-portfolio","status-publish","has-post-thumbnail","hentry","portfolio_entries-archiv"],"yoast_head":"<!-- This site is optimized with the Yoast SEO plugin v27.4 - https:\/\/yoast.com\/product\/yoast-seo-wordpress\/ -->\n<title>digital talk: Sourcing in volatilen Zeiten - Digital Talk<\/title>\n<meta name=\"description\" content=\"Live. Aktuell. Inspirierend: digital talk: Sourcing in volatilen Zeiten. \u00a0Wie Lieferketten resistenter werden\" \/>\n<meta name=\"robots\" content=\"index, follow, max-snippet:-1, max-image-preview:large, max-video-preview:-1\" \/>\n<link rel=\"canonical\" href=\"https:\/\/dfvcg-events.de\/digital-talk\/veranstaltung\/sourcing-in-volatilen-zeiten\/\" \/>\n<meta property=\"og:locale\" content=\"de_DE\" \/>\n<meta property=\"og:type\" content=\"article\" \/>\n<meta property=\"og:title\" content=\"digital talk: Sourcing in volatilen Zeiten - Digital Talk\" \/>\n<meta property=\"og:description\" content=\"Live. Aktuell. Inspirierend: digital talk: Sourcing in volatilen Zeiten. \u00a0Wie Lieferketten resistenter werden\" \/>\n<meta property=\"og:url\" content=\"https:\/\/dfvcg-events.de\/digital-talk\/veranstaltung\/sourcing-in-volatilen-zeiten\/\" \/>\n<meta property=\"og:site_name\" content=\"Digital Talk\" \/>\n<meta property=\"article:modified_time\" content=\"2023-11-16T15:15:49+00:00\" \/>\n<meta property=\"og:image\" content=\"https:\/\/dfvcg-events.de\/digital-talk\/wp-content\/uploads\/sites\/14\/2022\/08\/dfvcg_DigiTalkPaper_Teaser_800x800-1.jpg\" \/>\n\t<meta property=\"og:image:width\" content=\"800\" \/>\n\t<meta property=\"og:image:height\" content=\"800\" \/>\n\t<meta property=\"og:image:type\" content=\"image\/jpeg\" \/>\n<meta name=\"twitter:card\" content=\"summary_large_image\" \/>\n<meta name=\"twitter:label1\" content=\"Gesch\u00e4tzte Lesezeit\" \/>\n\t<meta name=\"twitter:data1\" content=\"17\u00a0Minuten\" \/>\n<script type=\"application\/ld+json\" class=\"yoast-schema-graph\">{\"@context\":\"https:\\\/\\\/schema.org\",\"@graph\":[{\"@type\":\"WebPage\",\"@id\":\"https:\\\/\\\/dfvcg-events.de\\\/digital-talk\\\/veranstaltung\\\/sourcing-in-volatilen-zeiten\\\/\",\"url\":\"https:\\\/\\\/dfvcg-events.de\\\/digital-talk\\\/veranstaltung\\\/sourcing-in-volatilen-zeiten\\\/\",\"name\":\"digital talk: Sourcing in volatilen Zeiten - Digital Talk\",\"isPartOf\":{\"@id\":\"https:\\\/\\\/dfvcg-events.de\\\/digital-talk\\\/#website\"},\"primaryImageOfPage\":{\"@id\":\"https:\\\/\\\/dfvcg-events.de\\\/digital-talk\\\/veranstaltung\\\/sourcing-in-volatilen-zeiten\\\/#primaryimage\"},\"image\":{\"@id\":\"https:\\\/\\\/dfvcg-events.de\\\/digital-talk\\\/veranstaltung\\\/sourcing-in-volatilen-zeiten\\\/#primaryimage\"},\"thumbnailUrl\":\"https:\\\/\\\/dfvcg-events.de\\\/digital-talk\\\/wp-content\\\/uploads\\\/sites\\\/14\\\/2022\\\/08\\\/dfvcg_DigiTalkPaper_Teaser_800x800-1.jpg\",\"datePublished\":\"2022-08-22T14:41:30+00:00\",\"dateModified\":\"2023-11-16T15:15:49+00:00\",\"description\":\"Live. Aktuell. Inspirierend: digital talk: Sourcing in volatilen Zeiten. \u00a0Wie Lieferketten resistenter werden\",\"breadcrumb\":{\"@id\":\"https:\\\/\\\/dfvcg-events.de\\\/digital-talk\\\/veranstaltung\\\/sourcing-in-volatilen-zeiten\\\/#breadcrumb\"},\"inLanguage\":\"de\",\"potentialAction\":[{\"@type\":\"ReadAction\",\"target\":[\"https:\\\/\\\/dfvcg-events.de\\\/digital-talk\\\/veranstaltung\\\/sourcing-in-volatilen-zeiten\\\/\"]}]},{\"@type\":\"ImageObject\",\"inLanguage\":\"de\",\"@id\":\"https:\\\/\\\/dfvcg-events.de\\\/digital-talk\\\/veranstaltung\\\/sourcing-in-volatilen-zeiten\\\/#primaryimage\",\"url\":\"https:\\\/\\\/dfvcg-events.de\\\/digital-talk\\\/wp-content\\\/uploads\\\/sites\\\/14\\\/2022\\\/08\\\/dfvcg_DigiTalkPaper_Teaser_800x800-1.jpg\",\"contentUrl\":\"https:\\\/\\\/dfvcg-events.de\\\/digital-talk\\\/wp-content\\\/uploads\\\/sites\\\/14\\\/2022\\\/08\\\/dfvcg_DigiTalkPaper_Teaser_800x800-1.jpg\",\"width\":800,\"height\":800},{\"@type\":\"BreadcrumbList\",\"@id\":\"https:\\\/\\\/dfvcg-events.de\\\/digital-talk\\\/veranstaltung\\\/sourcing-in-volatilen-zeiten\\\/#breadcrumb\",\"itemListElement\":[{\"@type\":\"ListItem\",\"position\":1,\"name\":\"Startseite\",\"item\":\"https:\\\/\\\/dfvcg-events.de\\\/digital-talk\\\/\"},{\"@type\":\"ListItem\",\"position\":2,\"name\":\"digital talk: Sourcing in volatilen Zeiten\"}]},{\"@type\":\"WebSite\",\"@id\":\"https:\\\/\\\/dfvcg-events.de\\\/digital-talk\\\/#website\",\"url\":\"https:\\\/\\\/dfvcg-events.de\\\/digital-talk\\\/\",\"name\":\"Digital Talk\",\"description\":\"dfv Conference Group\",\"publisher\":{\"@id\":\"https:\\\/\\\/dfvcg-events.de\\\/digital-talk\\\/#organization\"},\"potentialAction\":[{\"@type\":\"SearchAction\",\"target\":{\"@type\":\"EntryPoint\",\"urlTemplate\":\"https:\\\/\\\/dfvcg-events.de\\\/digital-talk\\\/?s={search_term_string}\"},\"query-input\":{\"@type\":\"PropertyValueSpecification\",\"valueRequired\":true,\"valueName\":\"search_term_string\"}}],\"inLanguage\":\"de\"},{\"@type\":\"Organization\",\"@id\":\"https:\\\/\\\/dfvcg-events.de\\\/digital-talk\\\/#organization\",\"name\":\"Digital Talks | dfv Conference Group\",\"url\":\"https:\\\/\\\/dfvcg-events.de\\\/digital-talk\\\/\",\"logo\":{\"@type\":\"ImageObject\",\"inLanguage\":\"de\",\"@id\":\"https:\\\/\\\/dfvcg-events.de\\\/digital-talk\\\/#\\\/schema\\\/logo\\\/image\\\/\",\"url\":\"https:\\\/\\\/dfvcg-events.de\\\/digital-talk\\\/wp-content\\\/uploads\\\/sites\\\/14\\\/2021\\\/02\\\/digital-talks-start.jpg\",\"contentUrl\":\"https:\\\/\\\/dfvcg-events.de\\\/digital-talk\\\/wp-content\\\/uploads\\\/sites\\\/14\\\/2021\\\/02\\\/digital-talks-start.jpg\",\"width\":800,\"height\":800,\"caption\":\"Digital Talks | dfv Conference Group\"},\"image\":{\"@id\":\"https:\\\/\\\/dfvcg-events.de\\\/digital-talk\\\/#\\\/schema\\\/logo\\\/image\\\/\"}}]}<\/script>\n<!-- \/ Yoast SEO plugin. -->","yoast_head_json":{"title":"digital talk: Sourcing in volatilen Zeiten - Digital Talk","description":"Live. Aktuell. Inspirierend: digital talk: Sourcing in volatilen Zeiten. \u00a0Wie Lieferketten resistenter werden","robots":{"index":"index","follow":"follow","max-snippet":"max-snippet:-1","max-image-preview":"max-image-preview:large","max-video-preview":"max-video-preview:-1"},"canonical":"https:\/\/dfvcg-events.de\/digital-talk\/veranstaltung\/sourcing-in-volatilen-zeiten\/","og_locale":"de_DE","og_type":"article","og_title":"digital talk: Sourcing in volatilen Zeiten - Digital Talk","og_description":"Live. Aktuell. Inspirierend: digital talk: Sourcing in volatilen Zeiten. \u00a0Wie Lieferketten resistenter werden","og_url":"https:\/\/dfvcg-events.de\/digital-talk\/veranstaltung\/sourcing-in-volatilen-zeiten\/","og_site_name":"Digital Talk","article_modified_time":"2023-11-16T15:15:49+00:00","og_image":[{"width":800,"height":800,"url":"https:\/\/dfvcg-events.de\/digital-talk\/wp-content\/uploads\/sites\/14\/2022\/08\/dfvcg_DigiTalkPaper_Teaser_800x800-1.jpg","type":"image\/jpeg"}],"twitter_card":"summary_large_image","twitter_misc":{"Gesch\u00e4tzte Lesezeit":"17\u00a0Minuten"},"schema":{"@context":"https:\/\/schema.org","@graph":[{"@type":"WebPage","@id":"https:\/\/dfvcg-events.de\/digital-talk\/veranstaltung\/sourcing-in-volatilen-zeiten\/","url":"https:\/\/dfvcg-events.de\/digital-talk\/veranstaltung\/sourcing-in-volatilen-zeiten\/","name":"digital talk: Sourcing in volatilen Zeiten - Digital Talk","isPartOf":{"@id":"https:\/\/dfvcg-events.de\/digital-talk\/#website"},"primaryImageOfPage":{"@id":"https:\/\/dfvcg-events.de\/digital-talk\/veranstaltung\/sourcing-in-volatilen-zeiten\/#primaryimage"},"image":{"@id":"https:\/\/dfvcg-events.de\/digital-talk\/veranstaltung\/sourcing-in-volatilen-zeiten\/#primaryimage"},"thumbnailUrl":"https:\/\/dfvcg-events.de\/digital-talk\/wp-content\/uploads\/sites\/14\/2022\/08\/dfvcg_DigiTalkPaper_Teaser_800x800-1.jpg","datePublished":"2022-08-22T14:41:30+00:00","dateModified":"2023-11-16T15:15:49+00:00","description":"Live. Aktuell. Inspirierend: digital talk: Sourcing in volatilen Zeiten. \u00a0Wie Lieferketten resistenter werden","breadcrumb":{"@id":"https:\/\/dfvcg-events.de\/digital-talk\/veranstaltung\/sourcing-in-volatilen-zeiten\/#breadcrumb"},"inLanguage":"de","potentialAction":[{"@type":"ReadAction","target":["https:\/\/dfvcg-events.de\/digital-talk\/veranstaltung\/sourcing-in-volatilen-zeiten\/"]}]},{"@type":"ImageObject","inLanguage":"de","@id":"https:\/\/dfvcg-events.de\/digital-talk\/veranstaltung\/sourcing-in-volatilen-zeiten\/#primaryimage","url":"https:\/\/dfvcg-events.de\/digital-talk\/wp-content\/uploads\/sites\/14\/2022\/08\/dfvcg_DigiTalkPaper_Teaser_800x800-1.jpg","contentUrl":"https:\/\/dfvcg-events.de\/digital-talk\/wp-content\/uploads\/sites\/14\/2022\/08\/dfvcg_DigiTalkPaper_Teaser_800x800-1.jpg","width":800,"height":800},{"@type":"BreadcrumbList","@id":"https:\/\/dfvcg-events.de\/digital-talk\/veranstaltung\/sourcing-in-volatilen-zeiten\/#breadcrumb","itemListElement":[{"@type":"ListItem","position":1,"name":"Startseite","item":"https:\/\/dfvcg-events.de\/digital-talk\/"},{"@type":"ListItem","position":2,"name":"digital talk: Sourcing in volatilen Zeiten"}]},{"@type":"WebSite","@id":"https:\/\/dfvcg-events.de\/digital-talk\/#website","url":"https:\/\/dfvcg-events.de\/digital-talk\/","name":"Digital Talk","description":"dfv Conference Group","publisher":{"@id":"https:\/\/dfvcg-events.de\/digital-talk\/#organization"},"potentialAction":[{"@type":"SearchAction","target":{"@type":"EntryPoint","urlTemplate":"https:\/\/dfvcg-events.de\/digital-talk\/?s={search_term_string}"},"query-input":{"@type":"PropertyValueSpecification","valueRequired":true,"valueName":"search_term_string"}}],"inLanguage":"de"},{"@type":"Organization","@id":"https:\/\/dfvcg-events.de\/digital-talk\/#organization","name":"Digital Talks | dfv Conference Group","url":"https:\/\/dfvcg-events.de\/digital-talk\/","logo":{"@type":"ImageObject","inLanguage":"de","@id":"https:\/\/dfvcg-events.de\/digital-talk\/#\/schema\/logo\/image\/","url":"https:\/\/dfvcg-events.de\/digital-talk\/wp-content\/uploads\/sites\/14\/2021\/02\/digital-talks-start.jpg","contentUrl":"https:\/\/dfvcg-events.de\/digital-talk\/wp-content\/uploads\/sites\/14\/2021\/02\/digital-talks-start.jpg","width":800,"height":800,"caption":"Digital Talks | dfv Conference Group"},"image":{"@id":"https:\/\/dfvcg-events.de\/digital-talk\/#\/schema\/logo\/image\/"}}]}},"_links":{"self":[{"href":"https:\/\/dfvcg-events.de\/digital-talk\/wp-json\/wp\/v2\/portfolio\/7986","targetHints":{"allow":["GET"]}}],"collection":[{"href":"https:\/\/dfvcg-events.de\/digital-talk\/wp-json\/wp\/v2\/portfolio"}],"about":[{"href":"https:\/\/dfvcg-events.de\/digital-talk\/wp-json\/wp\/v2\/types\/portfolio"}],"author":[{"embeddable":true,"href":"https:\/\/dfvcg-events.de\/digital-talk\/wp-json\/wp\/v2\/users\/21"}],"replies":[{"embeddable":true,"href":"https:\/\/dfvcg-events.de\/digital-talk\/wp-json\/wp\/v2\/comments?post=7986"}],"version-history":[{"count":0,"href":"https:\/\/dfvcg-events.de\/digital-talk\/wp-json\/wp\/v2\/portfolio\/7986\/revisions"}],"wp:featuredmedia":[{"embeddable":true,"href":"https:\/\/dfvcg-events.de\/digital-talk\/wp-json\/wp\/v2\/media\/8327"}],"wp:attachment":[{"href":"https:\/\/dfvcg-events.de\/digital-talk\/wp-json\/wp\/v2\/media?parent=7986"}],"wp:term":[{"taxonomy":"post_tag","embeddable":true,"href":"https:\/\/dfvcg-events.de\/digital-talk\/wp-json\/wp\/v2\/tags?post=7986"},{"taxonomy":"portfolio_entries","embeddable":true,"href":"https:\/\/dfvcg-events.de\/digital-talk\/wp-json\/wp\/v2\/portfolio_entries?post=7986"}],"curies":[{"name":"wp","href":"https:\/\/api.w.org\/{rel}","templated":true}]}}