{"id":7907,"date":"2022-08-15T16:18:00","date_gmt":"2022-08-15T14:18:00","guid":{"rendered":"https:\/\/dfvcg-events.de\/digital-talk\/?post_type=portfolio&#038;p=7907"},"modified":"2023-11-16T16:15:49","modified_gmt":"2023-11-16T15:15:49","slug":"papier-im-visier","status":"publish","type":"portfolio","link":"https:\/\/dfvcg-events.de\/digital-talk\/veranstaltung\/papier-im-visier\/","title":{"rendered":"digital talk: Papier im Visier"},"content":{"rendered":"<div class='clear'><\/div><div id='sub_menu1'  class='av-submenu-container av-kawv0if6-b4e37991045abd8a15205f662d77aaf5 header_color av-switch-990  avia-builder-el-0  el_before_av_section  avia-builder-el-first  av-sticky-submenu container_wrap fullsize' style='z-index:301' ><div class='container av-menu-mobile-active av-submenu-pos-left'><a href=\"#\" class=\"mobile_menu_toggle\"><span class='avia-svg-icon avia-font-svg_entypo-fontello' data-av_svg_icon='list' data-av_iconset='svg_entypo-fontello'><svg version=\"1.1\" xmlns=\"http:\/\/www.w3.org\/2000\/svg\" width=\"22\" height=\"32\" viewBox=\"0 0 22 32\" preserveAspectRatio=\"xMidYMid meet\" aria-labelledby='av-svg-title-1' aria-describedby='av-svg-desc-1' role=\"graphics-symbol\" aria-hidden=\"true\">\n<title id='av-svg-title-1'>List<\/title>\n<desc id='av-svg-desc-1'>List<\/desc>\n<path d=\"M3.2 20.8q0.64 0 1.12 0.48t0.48 1.12-0.48 1.12-1.12 0.48h-1.6q-0.64 0-1.12-0.48t-0.48-1.12 0.448-1.12 1.152-0.48h1.6zM3.2 14.4q0.64 0 1.12 0.48t0.48 1.12-0.48 1.12-1.12 0.48h-1.6q-0.64 0-1.12-0.48t-0.48-1.12 0.448-1.12 1.152-0.48h1.6zM3.2 8q0.64 0 1.12 0.48t0.48 1.12-0.48 1.12-1.12 0.48h-1.6q-0.64 0-1.12-0.48t-0.48-1.12 0.448-1.12 1.152-0.48h1.6zM9.6 11.2q-0.64 0-1.12-0.48t-0.48-1.12 0.48-1.12 1.12-0.48h11.2q0.704 0 1.152 0.48t0.448 1.12-0.48 1.12-1.12 0.48h-11.2zM20.8 14.4q0.704 0 1.152 0.48t0.448 1.12-0.48 1.12-1.12 0.48h-11.2q-0.64 0-1.12-0.48t-0.48-1.12 0.48-1.12 1.12-0.48h11.2zM20.8 20.8q0.704 0 1.152 0.48t0.448 1.12-0.48 1.12-1.12 0.48h-11.2q-0.64 0-1.12-0.48t-0.48-1.12 0.48-1.12 1.12-0.48h11.2z\"><\/path>\n<\/svg><\/span><span class=\"av-current-placeholder\">Men\u00fc<\/span><\/a><ul id='av-custom-submenu-1' class='av-subnav-menu' role='menu'>\n<li class='menu-item av-2kckn4-ca906d751475ddc7493c675c2737567f menu-item-top-level av-menu-button av-menu-button-bordered menu-item-top-level-1' role='menuitem'><a href='https:\/\/dfvcg-events.de\/digital-talk\/'  ><span class='avia-bullet'><\/span><span class='avia-menu-text'>digital talks<\/span><\/a><\/li>\n<li class='menu-item av-cpa6i-1b75602378caa96f87b042471b888caa menu-item-top-level av-menu-button av-menu-button-colored menu-item-top-level-2' role='menuitem'><a href='#anmelden'  ><span class='avia-bullet'><\/span><span class='avia-menu-text'>Jetzt anmelden<\/span><\/a><\/li>\n<li class='menu-item av-2u4alb-907784f4dd7a489356826104c0410433 menu-item-top-level menu-item-top-level-3' role='menuitem'><a href='#'  ><span class='avia-bullet'><\/span><span class='avia-menu-text'>Start<\/span><\/a><\/li>\n<li class='menu-item av-4qodp5-1e95b4373ae143509040787e99e4c165 menu-item-top-level menu-item-top-level-4' role='menuitem'><a href='#referenten'  ><span class='avia-bullet'><\/span><span class='avia-menu-text'>Speaker<\/span><\/a><\/li>\n<\/ul><\/div><\/div><div class='sticky_placeholder'><\/div>\n<div id='av_section_1'  class='avia-section av-srk2y-112106500345416558fb7b75c6b4ce9b main_color avia-section-default avia-no-border-styling  avia-builder-el-1  el_after_av_submenu  el_before_av_section  avia-bg-style-scroll container_wrap fullsize'  ><div class='container av-section-cont-open' ><div class='template-page content  av-content-full alpha units'><div class='post-entry post-entry-type-page post-entry-7907'><div class='entry-content-wrapper clearfix'>\n<div class='flex_column_table av-prli-64bf6691d8e0f71fe37b32964844bca4 sc-av_two_fifth av-equal-height-column-flextable'>\n<style type=\"text\/css\" data-created_by=\"avia_inline_auto\" id=\"style-css-av-prli-64bf6691d8e0f71fe37b32964844bca4\">\n.flex_column.av-prli-64bf6691d8e0f71fe37b32964844bca4{\nborder-radius:0px 0px 0px 0px;\npadding:0px 0px 0px 0px;\n}\n<\/style>\n<div  class='flex_column av-prli-64bf6691d8e0f71fe37b32964844bca4 av_two_fifth  avia-builder-el-2  el_before_av_three_fifth  avia-builder-el-first  first flex_column_table_cell av-equal-height-column av-align-top av-zero-column-padding  '     ><p><br \/>\n\n<style type=\"text\/css\" data-created_by=\"avia_inline_auto\" id=\"style-css-av-kk6miykd-5839bf038a6619ea5c6a18ef3942937e\">\n.avia-image-container.av-kk6miykd-5839bf038a6619ea5c6a18ef3942937e img.avia_image{\nbox-shadow:none;\n}\n.avia-image-container.av-kk6miykd-5839bf038a6619ea5c6a18ef3942937e .av-image-caption-overlay-center{\ncolor:#ffffff;\n}\n<\/style>\n<div  class='avia-image-container av-kk6miykd-5839bf038a6619ea5c6a18ef3942937e av-styling- avia-align-center  avia-builder-el-4  el_after_av_image  avia-builder-el-last '   itemprop=\"image\" itemscope=\"itemscope\" itemtype=\"https:\/\/schema.org\/ImageObject\" ><div class=\"avia-image-container-inner\"><div class=\"avia-image-overlay-wrap\"><img decoding=\"async\" fetchpriority=\"high\" class='wp-image-7934 avia-img-lazy-loading-not-7934 avia_image ' src=\"https:\/\/dfvcg-events.de\/digital-talk\/wp-content\/uploads\/sites\/14\/2022\/08\/dfvcg_DigiTalkPaper_Teaser_800x800_opx.jpg\" alt='' title='dfvcg_DigiTalkPaper_Teaser_800x800_opx'  height=\"800\" width=\"800\"  itemprop=\"thumbnailUrl\"  \/><\/div><\/div><\/div><\/p><\/div><div class='av-flex-placeholder'><\/div>\n<style type=\"text\/css\" data-created_by=\"avia_inline_auto\" id=\"style-css-av-k26i2v6p-2688042be07242d734261d0b65f3805f\">\n.flex_column.av-k26i2v6p-2688042be07242d734261d0b65f3805f{\nborder-radius:0px 0px 0px 0px;\npadding:0px 35px 0px 0px;\n}\n<\/style>\n<div  class='flex_column av-k26i2v6p-2688042be07242d734261d0b65f3805f av_three_fifth  avia-builder-el-5  el_after_av_two_fifth  avia-builder-el-last  flex_column_table_cell av-equal-height-column av-align-top  '     ><p>\n<style type=\"text\/css\" data-created_by=\"avia_inline_auto\" id=\"style-css-av-280ihu-60fa59992d2423cea646dc4245998cd0\">\n#top .av-special-heading.av-280ihu-60fa59992d2423cea646dc4245998cd0{\npadding-bottom:10px;\ncolor:#a4cede;\n}\nbody .av-special-heading.av-280ihu-60fa59992d2423cea646dc4245998cd0 .av-special-heading-tag .heading-char{\nfont-size:25px;\n}\n.av-special-heading.av-280ihu-60fa59992d2423cea646dc4245998cd0 .special-heading-inner-border{\nborder-color:#a4cede;\n}\n.av-special-heading.av-280ihu-60fa59992d2423cea646dc4245998cd0 .av-subheading{\nfont-size:19px;\ncolor:#000000;\n}\n<\/style>\n<div  class='av-special-heading av-280ihu-60fa59992d2423cea646dc4245998cd0 av-special-heading-h1 custom-color-heading blockquote modern-quote  avia-builder-el-6  el_before_av_textblock  avia-builder-el-first  av-linked-heading'><div class='av_custom_color av-subheading av-subheading_above'><p>digital talk:<\/p>\n<\/div><h1 class='av-special-heading-tag '  itemprop=\"headline\"  >Papier im Visier<\/h1><div class=\"special-heading-border\"><div class=\"special-heading-inner-border\"><\/div><\/div><\/div><br \/>\n\n<style type=\"text\/css\" data-created_by=\"avia_inline_auto\" id=\"style-css-av-kk6mwm01-d1f8669125ad76a6e5abae65a35671d0\">\n#top .av_textblock_section.av-kk6mwm01-d1f8669125ad76a6e5abae65a35671d0 .avia_textblock{\nfont-size:21px;\n}\n<\/style>\n<section  class='av_textblock_section av-kk6mwm01-d1f8669125ad76a6e5abae65a35671d0 '   itemscope=\"itemscope\" itemtype=\"https:\/\/schema.org\/CreativeWork\" ><div class='avia_textblock'  itemprop=\"text\" ><p><strong>Nachhaltig, innovativ, voll im Trend<\/strong><\/p>\n<p>18. Oktober 2022 | 11:00 &#8211; 12:00 Uhr<\/p>\n<\/div><\/section><br \/>\n<div  class='hr av-kaz5acoo-b78fa01771143abfb53ff655947cbd6e hr-default  avia-builder-el-8  el_after_av_textblock  el_before_av_buttonrow '><span class='hr-inner '><span class=\"hr-inner-style\"><\/span><\/span><\/div><br \/>\n<div  class='avia-buttonrow-wrap av-kcn3m3gt-1724f466cf571880678c88d2cafefd62 avia-buttonrow-left  avia-builder-el-9  el_after_av_hr  avia-builder-el-last '>\n\n<style type=\"text\/css\" data-created_by=\"avia_inline_auto\" id=\"style-css-av-3k12xc-3e73836d7323da77f6966100b9cfc0ec\">\n#top #wrap_all .avia-button.av-3k12xc-3e73836d7323da77f6966100b9cfc0ec{\nbackground-color:#a4cede;\nborder-color:#a4cede;\ncolor:#ffffff;\ntransition:all 0.4s ease-in-out;\nmargin-bottom:5px;\nmargin-right:5px;\n}\n#top #wrap_all .avia-button.av-3k12xc-3e73836d7323da77f6966100b9cfc0ec .avia-svg-icon svg:first-child{\nfill:#ffffff;\nstroke:#ffffff;\n}\n<\/style>\n<a href='#anmelden'  class='avia-button av-3k12xc-3e73836d7323da77f6966100b9cfc0ec avia-icon_select-yes-left-icon avia-size-large'   aria-label=\"Jetzt anmelden\"><span class='avia_button_icon avia_button_icon_left avia-iconfont avia-font-entypo-fontello' data-av_icon='\ue8cb' data-av_iconfont='entypo-fontello' ><\/span><span class='avia_iconbox_title' >Jetzt anmelden<\/span><\/a>\n\n<style type=\"text\/css\" data-created_by=\"avia_inline_auto\" id=\"style-css-av-2000oy-f203734d273f43b59744c32380095c7b\">\n#top #wrap_all .avia-button.av-2000oy-f203734d273f43b59744c32380095c7b{\nbackground-color:#5f7a85;\nborder-color:#5f7a85;\ncolor:#ffffff;\ntransition:all 0.4s ease-in-out;\nmargin-bottom:5px;\nmargin-right:5px;\n}\n#top #wrap_all .avia-button.av-2000oy-f203734d273f43b59744c32380095c7b .avia-svg-icon svg:first-child{\nfill:#ffffff;\nstroke:#ffffff;\n}\n<\/style>\n<a href='https:\/\/dfvcg-events.de\/digital-talk\/wp-content\/uploads\/sites\/14\/2022\/08\/event-1.ics'  class='avia-button av-2000oy-f203734d273f43b59744c32380095c7b avia-icon_select-yes-left-icon avia-size-large'  target=\"_blank\"  rel=\"noopener noreferrer\"  aria-label=\"Save the Date\"><span class='avia_button_icon avia_button_icon_left avia-iconfont avia-font-entypo-fontello' data-av_icon='\ue85b' data-av_iconfont='entypo-fontello' ><\/span><span class='avia_iconbox_title' >Save the Date<\/span><\/a>\n<\/div><\/p><\/div><\/div><!--close column table wrapper. Autoclose: 1 -->\n\n<\/div><\/div><\/div><!-- close content main div --><\/div><\/div>\n<style type=\"text\/css\" data-created_by=\"avia_inline_auto\" id=\"style-css-av-l5kph19m-2166edb8c8a9137e1b1ec49a728b78b1\">\n.avia-section.av-l5kph19m-2166edb8c8a9137e1b1ec49a728b78b1{\nbackground-color:#5f7a85;\nbackground:linear-gradient( to bottom, #5f7a85, #a4cede );\n}\n<\/style>\n<div id='av_section_2'  class='avia-section av-l5kph19m-2166edb8c8a9137e1b1ec49a728b78b1 main_color avia-section-large avia-no-shadow  avia-builder-el-10  el_after_av_section  el_before_av_section  avia-bg-style-scroll container_wrap fullsize'  ><div class='container av-section-cont-open' ><div class='template-page content  av-content-full alpha units'><div class='post-entry post-entry-type-page post-entry-7907'><div class='entry-content-wrapper clearfix'>\n\n<style type=\"text\/css\" data-created_by=\"avia_inline_auto\" id=\"style-css-av-2nenot-9c4aac73c7acff273e86091885c3d804\">\n#top .av_textblock_section.av-2nenot-9c4aac73c7acff273e86091885c3d804 .avia_textblock{\nfont-size:20px;\ncolor:#ffffff;\n}\n<\/style>\n<section  class='av_textblock_section av-2nenot-9c4aac73c7acff273e86091885c3d804 '   itemscope=\"itemscope\" itemtype=\"https:\/\/schema.org\/CreativeWork\" ><div class='avia_textblock av_inherit_color'  itemprop=\"text\" ><p>Papier, Karton und Wellpappe sind wichtige Prozessg\u00fcter im t\u00e4glichen Gesch\u00e4ft, sei es in der Lebensmittel-, Textil-, Agrar oder Medienbranche. Ohne Papier geht es nicht. Im Kampf gegen den Klimawandel wird dieser nachwachsende Rohstoff immer wichtiger und ist eine willkommene Alternative zu den \u00fcblichen Verpackungsmaterialien aus Kunststoff. Aber die Energiesituation, Lieferkettenproblematiken und der Krieg in der Ukraine beeinflussen die Papiernutzer stark. Im Fokus bei der Entwicklung neuer Sorten stehen Umweltvertr\u00e4glichkeit sowie Nachhaltigkeit der Produkte und Prozesse.<\/p>\n<p>Erfahren Sie von Experten aus der Papierbranche, was die neuesten Herausforderungen und Entwicklungen sind und wieso diese f\u00fcr Ihre Business-Entscheidungen relevant sind.<\/p>\n<\/div><\/section>\n\n<\/div><\/div><\/div><!-- close content main div --><\/div><\/div><div id='av_section_3'  class='avia-section av-kawtoycl-4-f0ca0f61565e0528bef72acd4b177905 main_color avia-section-default avia-no-shadow  avia-builder-el-12  el_after_av_section  el_before_av_section  avia-bg-style-fixed container_wrap fullsize'  ><div class='container av-section-cont-open' ><div class='template-page content  av-content-full alpha units'><div class='post-entry post-entry-type-page post-entry-7907'><div class='entry-content-wrapper clearfix'>\n<section  class='av_textblock_section av-k26gzu33-3-cd66e5f28ea9b6b0e2c10ae1e18634c6 '   itemscope=\"itemscope\" itemtype=\"https:\/\/schema.org\/CreativeWork\" ><div class='avia_textblock'  itemprop=\"text\" ><p><strong>Im<\/strong><strong> Digital Talk stehen folgende Themen im Fokus:<\/strong><\/p>\n<ul>\n<li>Welche Bedeutung hat die Energiekrise in der Papierindustrie auf Ihre Branche?<\/li>\n<li>Welche Produktionsengp\u00e4sse k\u00f6nnten Ihrem Business drohen?<\/li>\n<li>Welche umweltvertr\u00e4glichen Verpackungsmaterialien gibt es im Bereich der Lebensmittelverpackung?<\/li>\n<li>Wie schafft man mit Papier und Karton eine wirklich gute Umweltbilanz?<\/li>\n<li>Wie steht es um die Systemrelevanz und Verf\u00fcgbarkeit von Papier und Karton?<\/li>\n<li>Transformation mit Innovation am Beispiel der Spezialpapierherstellung<\/li>\n<li>Dekarbonisierung, Produktentwicklung, Kreislaufwirtschaft<\/li>\n<\/ul>\n<\/div><\/section>\n\n<\/div><\/div><\/div><!-- close content main div --><\/div><\/div><div id='referenten'  class='avia-section av-kawtoycl-2-c267b9033c980c43d4b959b44d8daf48 main_color avia-section-default avia-no-shadow  avia-builder-el-14  el_after_av_section  el_before_av_section  avia-bg-style-scroll container_wrap fullsize'  ><div class='container av-section-cont-open' ><div class='template-page content  av-content-full alpha units'><div class='post-entry post-entry-type-page post-entry-7907'><div class='entry-content-wrapper clearfix'>\n\n<style type=\"text\/css\" data-created_by=\"avia_inline_auto\" id=\"style-css-av-28h0mq-4531fb867441781a06b52dfc7293c75a\">\n#top .av-special-heading.av-28h0mq-4531fb867441781a06b52dfc7293c75a{\npadding-bottom:25px;\ncolor:#5f7a85;\n}\nbody .av-special-heading.av-28h0mq-4531fb867441781a06b52dfc7293c75a .av-special-heading-tag .heading-char{\nfont-size:25px;\n}\n.av-special-heading.av-28h0mq-4531fb867441781a06b52dfc7293c75a .special-heading-inner-border{\nborder-color:#5f7a85;\n}\n.av-special-heading.av-28h0mq-4531fb867441781a06b52dfc7293c75a .av-subheading{\nfont-size:15px;\n}\n<\/style>\n<div  class='av-special-heading av-28h0mq-4531fb867441781a06b52dfc7293c75a av-special-heading-h2 custom-color-heading blockquote modern-quote  avia-builder-el-15  el_before_av_one_third  avia-builder-el-first '><h2 class='av-special-heading-tag '  itemprop=\"headline\"  >Vortragende<\/h2><div class='av_custom_color av-subheading av-subheading_below'><p>Freuen Sie sich auf folgende Vortragende:<\/p>\n<\/div><div class=\"special-heading-border\"><div class=\"special-heading-inner-border\"><\/div><\/div><\/div>\n\n<style type=\"text\/css\" data-created_by=\"avia_inline_auto\" id=\"style-css-av-7iybsj-348cf0a8357250d3a10aae2c0819dd3e\">\n.flex_column.av-7iybsj-348cf0a8357250d3a10aae2c0819dd3e{\nborder-radius:0px 0px 0px 0px;\npadding:0px 0px 0px 0px;\n}\n<\/style>\n<div  class='flex_column av-7iybsj-348cf0a8357250d3a10aae2c0819dd3e av_one_third  avia-builder-el-16  el_after_av_heading  el_before_av_one_third  first flex_column_div av-zero-column-padding  '     ><p><section  class='avia-team-member av-6im8qr-981b315d3e023d9fb2451633d426f299  avia-builder-el-17  el_before_av_toggle_container  avia-builder-el-first '  itemscope=\"itemscope\" itemtype=\"https:\/\/schema.org\/Person\" ><div class=\"team-img-container\"><img decoding=\"async\" fetchpriority=\"high\" class='wp-image-8138 avia-img-lazy-loading-not-8138 avia_image avia_image_team' src=\"https:\/\/dfvcg-events.de\/digital-talk\/wp-content\/uploads\/sites\/14\/2022\/08\/von-Reibnitz_Alexander-credit-Raimar-von-Wienskowski_2022-web.jpg\" alt='Alexander von Reibnitz'  itemprop=\"image\"   height=\"800\" width=\"600\" \/><\/div><h3 class='team-member-name '  itemprop=\"name\" >Alexander von Reibnitz<\/h3><div class='team-member-job-title '  itemprop=\"jobTitle\" >Hauptgesch\u00e4ftsf\u00fchrer des Verbandes DIE PAPIERINDUSTRIE<\/div><span class='hidden team-member-affiliation'  itemprop=\"affiliation\" >Digital Talk<\/span><\/section><br \/>\n<div  class='togglecontainer av-48sfcz-2380a571fe23b8f0a164cd586b0ce9d2  avia-builder-el-18  el_after_av_team_member  avia-builder-el-last  toggle_close_all' >\n<section class='av_toggle_section av-26mvyr-1ee8884cfa58ba3f07295e6f8766e50e'  itemscope=\"itemscope\" itemtype=\"https:\/\/schema.org\/CreativeWork\" ><div role=\"tablist\" class=\"single_toggle\" data-tags=\"{Alle} \"  ><p id='toggle-toggle-id-1' data-fake-id='#toggle-id-1' class='toggler  av-title-above '  itemprop=\"headline\"  role='tab' tabindex='0' aria-controls='toggle-id-1' data-slide-speed=\"200\" data-title=\"Info\" data-title-open=\"\" data-aria_collapsed=\"Click to expand: Info\" data-aria_expanded=\"Click to collapse: Info\">Info<span class=\"toggle_icon\"><span class=\"vert_icon\"><\/span><span class=\"hor_icon\"><\/span><\/span><\/p><div id='toggle-id-1' aria-labelledby='toggle-toggle-id-1' role='region' class='toggle_wrap  av-title-above'  ><div class='toggle_content invers-color '  itemprop=\"text\" ><p>Alexander von Reibnitz ist Hauptgesch\u00e4ftsf\u00fchrer des Verbandes DIE PAPIERINDUSTRIE. Zuvor arbeitete er beim Wort &amp; Bild Verlag als Mitglied der Gesch\u00e4ftsleitung und Gesch\u00e4ftsf\u00fchrer der Tochter Isartal Health Media. Vorher war er fast 18 Jahre in verschiedenen Positionen beim Verband Deutscher Zeitschriftenverleger, seit 2006 als Gesch\u00e4ftsf\u00fchrer, in Berlin t\u00e4tig. Seine Laufbahn begann von Reibnitz bei einem gro\u00dfen Konsumg\u00fcterhersteller, im Beratungsgesch\u00e4ft und in einem Start-up. Sein BWL-Studium absolvierte er an der LMU M\u00fcnchen und schloss es als Diplom-Kaufmann ab.<\/p>\n<\/div><\/div><\/div><\/section>\n<\/div><\/p><\/div>\n<style type=\"text\/css\" data-created_by=\"avia_inline_auto\" id=\"style-css-av-2bzzql-0fb42813b050720661962fb5c2c289ad\">\n.flex_column.av-2bzzql-0fb42813b050720661962fb5c2c289ad{\nborder-radius:0px 0px 0px 0px;\npadding:0px 0px 0px 0px;\n}\n<\/style>\n<div  class='flex_column av-2bzzql-0fb42813b050720661962fb5c2c289ad av_one_third  avia-builder-el-19  el_after_av_one_third  el_before_av_one_third  flex_column_div av-zero-column-padding  '     ><p><section  class='avia-team-member av-l5l6ai23-b8c0685597f0c5bdfba11d286e4d104a  avia-builder-el-20  el_before_av_toggle_container  avia-builder-el-first '  itemscope=\"itemscope\" itemtype=\"https:\/\/schema.org\/Person\" ><div class=\"team-img-container\"><img decoding=\"async\" fetchpriority=\"high\" class='wp-image-8137 avia-img-lazy-loading-not-8137 avia_image avia_image_team' src=\"https:\/\/dfvcg-events.de\/digital-talk\/wp-content\/uploads\/sites\/14\/2022\/08\/Wildberger_Markus_2022-web.jpg\" alt='Dr. Markus Wildberger '  itemprop=\"image\"   height=\"800\" width=\"600\" \/><\/div><h3 class='team-member-name '  itemprop=\"name\" >Dr. Markus Wildberger <\/h3><div class='team-member-job-title '  itemprop=\"jobTitle\" >Corporate Director Technology, Koehler Innovation &amp; Technology GmbH<\/div><span class='hidden team-member-affiliation'  itemprop=\"affiliation\" >Digital Talk<\/span><\/section><br \/>\n<div  class='togglecontainer av-4d3zeg-64d9e1c929650b10edc6f78f0d7365a6  avia-builder-el-21  el_after_av_team_member  avia-builder-el-last  toggle_close_all' >\n<section class='av_toggle_section av-2a2alk-c36094d1a93715246780e62e17bd3cb3'  itemscope=\"itemscope\" itemtype=\"https:\/\/schema.org\/CreativeWork\" ><div role=\"tablist\" class=\"single_toggle\" data-tags=\"{Alle} \"  ><p id='toggle-toggle-id-2' data-fake-id='#toggle-id-2' class='toggler  av-title-above '  itemprop=\"headline\"  role='tab' tabindex='0' aria-controls='toggle-id-2' data-slide-speed=\"200\" data-title=\"Info\" data-title-open=\"\" data-aria_collapsed=\"Click to expand: Info\" data-aria_expanded=\"Click to collapse: Info\">Info<span class=\"toggle_icon\"><span class=\"vert_icon\"><\/span><span class=\"hor_icon\"><\/span><\/span><\/p><div id='toggle-id-2' aria-labelledby='toggle-toggle-id-2' role='region' class='toggle_wrap  av-title-above'  ><div class='toggle_content invers-color '  itemprop=\"text\" ><p>Dr. Markus Wildberger ist seit 18 Jahren in der Papierindustrie in den Bereichen Technologie, Forschung &amp; Entwicklung und Innovation t\u00e4tig. Als Corporate Director Technology der Koehler Innovation &amp; Technology GmbH verantwortet er die strategische Entwicklung und Transformation der Innovations-, Forschungs- und Entwicklungsagenden der Koehler Group. Im Rahmen der Bio\u00f6konomie ist \u201eNachhaltigkeit \u00fcber System Innovation\u201c von funktionsbeschichteten faserbasierten Materialien eines der Schwerpunktthemen. Seit 2021 ist er Vorsitzender des Gesellschafterausschusses der Modellfabrik Papier, einem zuk\u00fcnftigen physischen Innovations- und Forschungscampus, dessen Ziel es ist, eine signifikante Energieeinsparung im Papierfertigungsprozess zu erreichen. Des Weiteren ist er im INFOR Forschungsrat (Kuratorium f\u00fcr Forschung und Technik) t\u00e4tig.<\/p>\n<\/div><\/div><\/div><\/section>\n<\/div><\/p><\/div>\n<style type=\"text\/css\" data-created_by=\"avia_inline_auto\" id=\"style-css-av-7rdch4-be555dad82cb2c811cf22a89df1e8c80\">\n.flex_column.av-7rdch4-be555dad82cb2c811cf22a89df1e8c80{\nborder-radius:0px 0px 0px 0px;\npadding:0px 0px 0px 0px;\n}\n<\/style>\n<div  class='flex_column av-7rdch4-be555dad82cb2c811cf22a89df1e8c80 av_one_third  avia-builder-el-22  el_after_av_one_third  avia-builder-el-last  flex_column_div av-zero-column-padding  '     ><p><section  class='avia-team-member av-5cws08-c94a1daac3922da4b3dd2e6fcbf822f1  avia-builder-el-23  el_before_av_toggle_container  avia-builder-el-first '  itemscope=\"itemscope\" itemtype=\"https:\/\/schema.org\/Person\" ><div class=\"team-img-container\"><img decoding=\"async\" fetchpriority=\"high\" class='wp-image-8330 avia-img-lazy-loading-not-8330 avia_image avia_image_team' src=\"https:\/\/dfvcg-events.de\/digital-talk\/wp-content\/uploads\/sites\/14\/2022\/08\/Graf_Kerstin_2022_web.jpg\" alt='Moderation: Kerstin Graf'  itemprop=\"image\"   height=\"800\" width=\"600\" \/><\/div><h3 class='team-member-name '  itemprop=\"name\" >Moderation: Kerstin Graf<\/h3><div class='team-member-job-title '  itemprop=\"jobTitle\" >Chefredakteurin, Wochenblatt f\u00fcr Papierfabrikation, Professional Papermaking und www.fibers-in-process.de<\/div><span class='hidden team-member-affiliation'  itemprop=\"affiliation\" >Digital Talk<\/span><\/section><br \/>\n<div  class='togglecontainer av-3ytez7-13f564a9cd03c2ca0e25960ea19764d3  avia-builder-el-24  el_after_av_team_member  avia-builder-el-last  toggle_close_all' >\n<section class='av_toggle_section av-20xc9v-8cdbe1785f072435402ee88f370b2e7b'  itemscope=\"itemscope\" itemtype=\"https:\/\/schema.org\/CreativeWork\" ><div role=\"tablist\" class=\"single_toggle\" data-tags=\"{Alle} \"  ><p id='toggle-toggle-id-3' data-fake-id='#toggle-id-3' class='toggler  av-title-above '  itemprop=\"headline\"  role='tab' tabindex='0' aria-controls='toggle-id-3' data-slide-speed=\"200\" data-title=\"Info\" data-title-open=\"\" data-aria_collapsed=\"Click to expand: Info\" data-aria_expanded=\"Click to collapse: Info\">Info<span class=\"toggle_icon\"><span class=\"vert_icon\"><\/span><span class=\"hor_icon\"><\/span><\/span><\/p><div id='toggle-id-3' aria-labelledby='toggle-toggle-id-3' role='region' class='toggle_wrap  av-title-above'  ><div class='toggle_content invers-color '  itemprop=\"text\" ><p>Dr.-Ing. Kerstin Graf studierte Maschinenbau, Verarbeitungs- und Verfahrenstechnik, Papiertechnik an der TU Dresden. Sie wurde zu einem papiertechnischen Thema promoviert. Anschlie\u00dfend war sie in der Papierindustrie in verschiedenen Positionen, u.a. in der strategischen Entwicklung, im Produktmanagement, sowie als Verkaufsleiterin eines bekannten deutschen Papierherstellers. Seit 2008 ist sie im Deutschen Fachverlag t\u00e4tig und verantwortet die Position der Chefredakteurin f\u00fcr die Printmagazine Wochenblatt f\u00fcr Papierfabrikation, Professional Papermaking sowie das Onlineportal www.fibers-in-process.de.<\/p>\n<\/div><\/div><\/div><\/section>\n<\/div><\/p><\/div><\/div><\/div><\/div><!-- close content main div --><\/div><\/div><div id='anmelden'  class='avia-section av-kawtoycl-1-b06506d3f004b7712fe681922b309195 main_color avia-section-default avia-no-shadow  avia-builder-el-25  el_after_av_section  el_before_av_section  avia-bg-style-scroll container_wrap fullsize'  ><div class='container av-section-cont-open' ><div class='template-page content  av-content-full alpha units'><div class='post-entry post-entry-type-page post-entry-7907'><div class='entry-content-wrapper clearfix'>\n\n<style type=\"text\/css\" data-created_by=\"avia_inline_auto\" id=\"style-css-av-24jcbm-33a43504f0a82cd9376881e547374cb1\">\n#top .av-special-heading.av-24jcbm-33a43504f0a82cd9376881e547374cb1{\npadding-bottom:25px;\ncolor:#5f7a85;\n}\nbody .av-special-heading.av-24jcbm-33a43504f0a82cd9376881e547374cb1 .av-special-heading-tag .heading-char{\nfont-size:25px;\n}\n.av-special-heading.av-24jcbm-33a43504f0a82cd9376881e547374cb1 .special-heading-inner-border{\nborder-color:#5f7a85;\n}\n.av-special-heading.av-24jcbm-33a43504f0a82cd9376881e547374cb1 .av-subheading{\nfont-size:15px;\n}\n<\/style>\n<div  class='av-special-heading av-24jcbm-33a43504f0a82cd9376881e547374cb1 av-special-heading-h2 custom-color-heading blockquote modern-quote  avia-builder-el-26  el_before_av_codeblock  avia-builder-el-first '><h2 class='av-special-heading-tag '  itemprop=\"headline\"  >Jetzt anmelden<\/h2><div class='av_custom_color av-subheading av-subheading_below'><p>Wir freuen uns auf Sie!<\/p>\n<\/div><div class=\"special-heading-border\"><div class=\"special-heading-inner-border\"><\/div><\/div><\/div>\n\n\n<style type=\"text\/css\" data-created_by=\"avia_inline_auto\" id=\"style-css-av-kq10tixo-12580bed81290123e3d491ed37c5aa5f\">\n#top .av-special-heading.av-kq10tixo-12580bed81290123e3d491ed37c5aa5f{\npadding-bottom:25px;\ncolor:#5f7a85;\n}\nbody .av-special-heading.av-kq10tixo-12580bed81290123e3d491ed37c5aa5f .av-special-heading-tag .heading-char{\nfont-size:25px;\n}\n.av-special-heading.av-kq10tixo-12580bed81290123e3d491ed37c5aa5f .special-heading-inner-border{\nborder-color:#5f7a85;\n}\n.av-special-heading.av-kq10tixo-12580bed81290123e3d491ed37c5aa5f .av-subheading{\nfont-size:15px;\n}\n<\/style>\n<div  class='av-special-heading av-kq10tixo-12580bed81290123e3d491ed37c5aa5f av-special-heading-h2 custom-color-heading blockquote modern-quote  avia-builder-el-28  el_after_av_codeblock  el_before_av_textblock '><h2 class='av-special-heading-tag '  itemprop=\"headline\"  >Gut zu wissen<\/h2><div class=\"special-heading-border\"><div class=\"special-heading-inner-border\"><\/div><\/div><\/div>\n<section  class='av_textblock_section av-l3lcumer-46ad0e4fcd8b794391a7106de3528920 '   itemscope=\"itemscope\" itemtype=\"https:\/\/schema.org\/CreativeWork\" ><div class='avia_textblock'  itemprop=\"text\" ><p>Nach Ihrer Registrierung erhalten Sie Ihre Anmeldebest\u00e4tigung sowie einen Link f\u00fcr Ihren Kalendereintrag. Die Zugangsdaten zum Einloggen erhalten Sie rechtzeitig vor Beginn des Digital Talks.<\/p>\n<\/div><\/section>\n<\/p>\n<\/div><\/div><\/div><!-- close content main div --><\/div><\/div><div id='anmelden'  class='avia-section av-iu23fh-96452cf74278da41336c138040878f9b main_color avia-section-default avia-no-shadow  avia-builder-el-30  el_after_av_section  el_before_av_section  avia-bg-style-scroll container_wrap fullsize'  ><div class='container av-section-cont-open' ><div class='template-page content  av-content-full alpha units'><div class='post-entry post-entry-type-page post-entry-7907'><div class='entry-content-wrapper clearfix'>\n\n<style type=\"text\/css\" data-created_by=\"avia_inline_auto\" id=\"style-css-av-i1wxnx-5e80fa243d2c6cec61a3686defcbff4e\">\n#top .av-special-heading.av-i1wxnx-5e80fa243d2c6cec61a3686defcbff4e{\npadding-bottom:25px;\ncolor:#5f7a85;\n}\nbody .av-special-heading.av-i1wxnx-5e80fa243d2c6cec61a3686defcbff4e .av-special-heading-tag .heading-char{\nfont-size:25px;\n}\n.av-special-heading.av-i1wxnx-5e80fa243d2c6cec61a3686defcbff4e .special-heading-inner-border{\nborder-color:#5f7a85;\n}\n.av-special-heading.av-i1wxnx-5e80fa243d2c6cec61a3686defcbff4e .av-subheading{\nfont-size:15px;\n}\n<\/style>\n<div  class='av-special-heading av-i1wxnx-5e80fa243d2c6cec61a3686defcbff4e av-special-heading-h2 custom-color-heading blockquote modern-quote  avia-builder-el-31  el_before_av_one_fourth  avia-builder-el-first '><h2 class='av-special-heading-tag '  itemprop=\"headline\"  >Medienpartner:<\/h2><div class=\"special-heading-border\"><div class=\"special-heading-inner-border\"><\/div><\/div><\/div>\n<div  class='flex_column av-wn53h-36b55908eb78eb1dd246bf78953a4cb7 av_one_fourth  avia-builder-el-32  el_after_av_heading  el_before_av_one_fourth  first flex_column_div  '     ><style type=\"text\/css\" data-created_by=\"avia_inline_auto\" id=\"style-css-av-765a6l-abb14dc630527fb65761070773b3dc2d\">\n.avia-image-container.av-765a6l-abb14dc630527fb65761070773b3dc2d img.avia_image{\nbox-shadow:none;\n}\n.avia-image-container.av-765a6l-abb14dc630527fb65761070773b3dc2d .av-image-caption-overlay-center{\ncolor:#ffffff;\n}\n<\/style>\n<div  class='avia-image-container av-765a6l-abb14dc630527fb65761070773b3dc2d av-styling- av-img-linked avia-align-center  avia-builder-el-33  avia-builder-el-no-sibling '   itemprop=\"image\" itemscope=\"itemscope\" itemtype=\"https:\/\/schema.org\/ImageObject\" ><div class=\"avia-image-container-inner\"><div class=\"avia-image-overlay-wrap\"><a href=\"https:\/\/enstroga.de\/\" class='avia_image '  target=\"_blank\"  rel=\"noopener noreferrer\" aria-label='Entsorga_Logo_WEB'><img decoding=\"async\" fetchpriority=\"high\" class='wp-image-7917 avia-img-lazy-loading-not-7917 avia_image ' src=\"https:\/\/dfvcg-events.de\/digital-talk\/wp-content\/uploads\/sites\/14\/2022\/08\/Entsorga_Logo_WEB.jpg\" alt='' title='Entsorga_Logo_WEB'  height=\"600\" width=\"800\"  itemprop=\"thumbnailUrl\"  \/><\/a><\/div><\/div><\/div><\/div><div  class='flex_column av-cykpn1-04401ae4b81f6d8eaa0a1a6e9c826f56 av_one_fourth  avia-builder-el-34  el_after_av_one_fourth  el_before_av_one_fourth  flex_column_div  '     ><style type=\"text\/css\" data-created_by=\"avia_inline_auto\" id=\"style-css-av-406wd-40953e4fe6a2f66fa7a5b052fac80b7b\">\n.avia-image-container.av-406wd-40953e4fe6a2f66fa7a5b052fac80b7b img.avia_image{\nbox-shadow:none;\n}\n.avia-image-container.av-406wd-40953e4fe6a2f66fa7a5b052fac80b7b .av-image-caption-overlay-center{\ncolor:#ffffff;\n}\n<\/style>\n<div  class='avia-image-container av-406wd-40953e4fe6a2f66fa7a5b052fac80b7b av-styling- av-img-linked avia-align-center  avia-builder-el-35  avia-builder-el-no-sibling '   itemprop=\"image\" itemscope=\"itemscope\" itemtype=\"https:\/\/schema.org\/ImageObject\" ><div class=\"avia-image-container-inner\"><div class=\"avia-image-overlay-wrap\"><a href=\"https:\/\/www.packaktuell.ch\/\" class='avia_image '  target=\"_blank\"  rel=\"noopener noreferrer\" aria-label='Packaktuell_Logo_WEB'><img decoding=\"async\" fetchpriority=\"high\" class='wp-image-7915 avia-img-lazy-loading-not-7915 avia_image ' src=\"https:\/\/dfvcg-events.de\/digital-talk\/wp-content\/uploads\/sites\/14\/2022\/08\/Packaktuell_Logo_WEB.jpg\" alt='' title='Packaktuell_Logo_WEB'  height=\"600\" width=\"800\"  itemprop=\"thumbnailUrl\"  \/><\/a><\/div><\/div><\/div><\/div><div  class='flex_column av-fd0myl-8b36bf55e2cc3434cd38d26bb0db9f69 av_one_fourth  avia-builder-el-36  el_after_av_one_fourth  el_before_av_one_fourth  flex_column_div  '     ><style type=\"text\/css\" data-created_by=\"avia_inline_auto\" id=\"style-css-av-evoa3x-7824bf7935a8c9b1433377b321d3152f\">\n.avia-image-container.av-evoa3x-7824bf7935a8c9b1433377b321d3152f img.avia_image{\nbox-shadow:none;\n}\n.avia-image-container.av-evoa3x-7824bf7935a8c9b1433377b321d3152f .av-image-caption-overlay-center{\ncolor:#ffffff;\n}\n<\/style>\n<div  class='avia-image-container av-evoa3x-7824bf7935a8c9b1433377b321d3152f av-styling- av-img-linked avia-align-center  avia-builder-el-37  avia-builder-el-no-sibling '   itemprop=\"image\" itemscope=\"itemscope\" itemtype=\"https:\/\/schema.org\/ImageObject\" ><div class=\"avia-image-container-inner\"><div class=\"avia-image-overlay-wrap\"><a href=\"https:\/\/www.packreport.de\/\" class='avia_image '  target=\"_blank\"  rel=\"noopener noreferrer\" aria-label='packreport'><img decoding=\"async\" fetchpriority=\"high\" class='wp-image-7487 avia-img-lazy-loading-not-7487 avia_image ' src=\"https:\/\/dfvcg-events.de\/digital-talk\/wp-content\/uploads\/sites\/14\/2022\/07\/packreport-1.jpg\" alt='' title='packreport'  height=\"600\" width=\"800\"  itemprop=\"thumbnailUrl\"  \/><\/a><\/div><\/div><\/div><\/div><div  class='flex_column av-5z42kt-028992a8d0afdbbf55f1e2ef46e2c106 av_one_fourth  avia-builder-el-38  el_after_av_one_fourth  avia-builder-el-last  flex_column_div  '     ><style type=\"text\/css\" data-created_by=\"avia_inline_auto\" id=\"style-css-av-4ij2fh-87153667f8e7c4a7936c58e32b7c44c5\">\n.avia-image-container.av-4ij2fh-87153667f8e7c4a7936c58e32b7c44c5 img.avia_image{\nbox-shadow:none;\n}\n.avia-image-container.av-4ij2fh-87153667f8e7c4a7936c58e32b7c44c5 .av-image-caption-overlay-center{\ncolor:#ffffff;\n}\n<\/style>\n<div  class='avia-image-container av-4ij2fh-87153667f8e7c4a7936c58e32b7c44c5 av-styling- av-img-linked avia-align-center  avia-builder-el-39  avia-builder-el-no-sibling '   itemprop=\"image\" itemscope=\"itemscope\" itemtype=\"https:\/\/schema.org\/ImageObject\" ><div class=\"avia-image-container-inner\"><div class=\"avia-image-overlay-wrap\"><a href=\"https:\/\/www.wochenblatt.de\/\" class='avia_image '  target=\"_blank\"  rel=\"noopener noreferrer\" aria-label='Papierfabrikation_Logo_WEB'><img decoding=\"async\" fetchpriority=\"high\" class='wp-image-7916 avia-img-lazy-loading-not-7916 avia_image ' src=\"https:\/\/dfvcg-events.de\/digital-talk\/wp-content\/uploads\/sites\/14\/2022\/08\/Papierfabrikation_Logo_WEB.jpg\" alt='' title='Papierfabrikation_Logo_WEB'  height=\"391\" width=\"521\"  itemprop=\"thumbnailUrl\"  \/><\/a><\/div><\/div><\/div><\/div>\n\n<\/div><\/div><\/div><!-- close content main div --><\/div><\/div><div id='av_section_7'  class='avia-section av-475lki-bf6368de126dfa81a99faf90a82d92dd main_color avia-section-default avia-no-shadow  avia-builder-el-40  el_after_av_section  el_before_av_one_half  avia-bg-style-scroll container_wrap fullsize'  ><div class='container av-section-cont-open' ><div class='template-page content  av-content-full alpha units'><div class='post-entry post-entry-type-page post-entry-7907'><div class='entry-content-wrapper clearfix'>\n\n<style type=\"text\/css\" data-created_by=\"avia_inline_auto\" id=\"style-css-av-l3lcwdzr-644b25d47f71b9f4ca83e4b3fc145ad1\">\n#top .av-special-heading.av-l3lcwdzr-644b25d47f71b9f4ca83e4b3fc145ad1{\npadding-bottom:25px;\ncolor:#5f7a85;\n}\nbody .av-special-heading.av-l3lcwdzr-644b25d47f71b9f4ca83e4b3fc145ad1 .av-special-heading-tag .heading-char{\nfont-size:25px;\n}\n.av-special-heading.av-l3lcwdzr-644b25d47f71b9f4ca83e4b3fc145ad1 .special-heading-inner-border{\nborder-color:#5f7a85;\n}\n.av-special-heading.av-l3lcwdzr-644b25d47f71b9f4ca83e4b3fc145ad1 .av-subheading{\nfont-size:15px;\n}\n<\/style>\n<div  class='av-special-heading av-l3lcwdzr-644b25d47f71b9f4ca83e4b3fc145ad1 av-special-heading-h3 custom-color-heading blockquote modern-quote  avia-builder-el-41  el_before_av_one_third  avia-builder-el-first '><h3 class='av-special-heading-tag '  itemprop=\"headline\"  >Ihre Ansprechpartner:innen<\/h3><div class=\"special-heading-border\"><div class=\"special-heading-inner-border\"><\/div><\/div><\/div>\n\n<style type=\"text\/css\" data-created_by=\"avia_inline_auto\" id=\"style-css-av-27mso2-cfa34feba85c0db605763ef9d21e2a8c\">\n.flex_column.av-27mso2-cfa34feba85c0db605763ef9d21e2a8c{\nborder-radius:0px 0px 0px 0px;\npadding:0px 0px 0px 0px;\n}\n<\/style>\n<div  class='flex_column av-27mso2-cfa34feba85c0db605763ef9d21e2a8c av_one_third  avia-builder-el-42  el_after_av_heading  el_before_av_one_third  first flex_column_div av-zero-column-padding  '     ><section  class='av_textblock_section av-kq10u44p-e8342b699bb2d67c0a239898158ae5dd '   itemscope=\"itemscope\" itemtype=\"https:\/\/schema.org\/CreativeWork\" ><div class='avia_textblock'  itemprop=\"text\" ><p><strong>Programm<\/strong><\/p>\n<p>Sarah Sternberger<br \/>\n<a href=\"m&#97;&#105;&#x6c;&#x74;&#x6f;:s&#97;&#114;&#x61;&#x68;&#x2e;s&#116;&#101;&#114;&#x6e;&#x62;&#x65;r&#103;&#101;&#x72;&#x40;&#x64;fv&#99;&#103;&#x2e;&#x64;&#x65;\">&#x73;&#x61;&#x72;&#97;&#104;&#46;st&#x65;&#x72;&#x6e;&#x62;&#101;&#114;ge&#x72;&#x40;&#x64;&#x66;&#118;&#99;g&#46;&#x64;&#x65;<\/a><br \/>\n+49 69 7595 3039<\/p>\n<\/div><\/section><\/div>\n<style type=\"text\/css\" data-created_by=\"avia_inline_auto\" id=\"style-css-av-2vgfir-687df2430d92d1170b55329da4e0ed66\">\n.flex_column.av-2vgfir-687df2430d92d1170b55329da4e0ed66{\nborder-radius:0px 0px 0px 0px;\npadding:0px 0px 0px 0px;\n}\n<\/style>\n<div  class='flex_column av-2vgfir-687df2430d92d1170b55329da4e0ed66 av_one_third  avia-builder-el-44  el_after_av_one_third  avia-builder-el-last  flex_column_div av-zero-column-padding  '     ><section  class='av_textblock_section av-l3lcwp2u-98b9aea16bb42d7bcabc3974fd04bb7e '   itemscope=\"itemscope\" itemtype=\"https:\/\/schema.org\/CreativeWork\" ><div class='avia_textblock'  itemprop=\"text\" ><p><strong>Organisation<\/strong><\/p>\n<p>Marie Hartmann<br \/>\n<a href=\"&#x6d;&#x61;&#105;&#108;t&#x6f;&#x3a;&#x6d;&#97;ri&#x65;&#x2e;&#104;&#97;r&#x74;&#x6d;&#x61;&#110;n&#64;&#x64;&#x66;&#118;&#99;g&#x2e;&#x64;&#x65;\">&#109;&#x61;&#114;&#x69;e&#x2e;h&#97;&#x72;&#116;&#x6d;&#97;&#x6e;n&#x40;d&#102;&#x76;&#99;&#x67;&#46;&#x64;e<\/a><br \/>\n+49 69 7595 3028<\/p>\n<\/div><\/section><\/div>\n<\/div><\/div><\/div><!-- close content main div --><\/div><\/div><div id='after_section_7'  class='main_color av_default_container_wrap container_wrap fullsize'  ><div class='container av-section-cont-open' ><div class='template-page content  av-content-full alpha units'><div class='post-entry post-entry-type-page post-entry-7907'><div class='entry-content-wrapper clearfix'>\n<div  class='flex_column av-1zqoe5-9df98207bba60846740329415bccf2d5 av_one_half  avia-builder-el-46  el_after_av_section  avia-builder-el-no-sibling  first flex_column_div  '     ><\/div>\n","protected":false},"excerpt":{"rendered":"<p>18. Oktober 2022<br \/>\n11.00 &#8211; 12.00 Uhr<\/p>\n","protected":false},"author":21,"featured_media":7934,"comment_status":"closed","ping_status":"closed","template":"","meta":{"footnotes":""},"tags":[],"portfolio_entries":[47],"class_list":["post-7907","portfolio","type-portfolio","status-publish","has-post-thumbnail","hentry","portfolio_entries-archiv"],"yoast_head":"<!-- This site is optimized with the Yoast SEO plugin v27.4 - https:\/\/yoast.com\/product\/yoast-seo-wordpress\/ -->\n<title>digital talk: Papier im Visier - Digital Talk<\/title>\n<meta name=\"description\" content=\"Live. Aktuell. Inspirierend: digital talk: Papier im Visier . Nachhaltig, innovativ, voll im Trend\" \/>\n<meta name=\"robots\" content=\"index, follow, max-snippet:-1, max-image-preview:large, max-video-preview:-1\" \/>\n<link rel=\"canonical\" href=\"https:\/\/dfvcg-events.de\/digital-talk\/veranstaltung\/papier-im-visier\/\" \/>\n<meta property=\"og:locale\" content=\"de_DE\" \/>\n<meta property=\"og:type\" content=\"article\" \/>\n<meta property=\"og:title\" content=\"digital talk: Papier im Visier - Digital Talk\" \/>\n<meta property=\"og:description\" content=\"Live. Aktuell. Inspirierend: digital talk: Papier im Visier . Nachhaltig, innovativ, voll im Trend\" \/>\n<meta property=\"og:url\" content=\"https:\/\/dfvcg-events.de\/digital-talk\/veranstaltung\/papier-im-visier\/\" \/>\n<meta property=\"og:site_name\" content=\"Digital Talk\" \/>\n<meta property=\"article:modified_time\" content=\"2023-11-16T15:15:49+00:00\" \/>\n<meta property=\"og:image\" content=\"https:\/\/dfvcg-events.de\/digital-talk\/wp-content\/uploads\/sites\/14\/2022\/08\/dfvcg_DigiTalkPaper_Teaser_800x800_opx.jpg\" \/>\n\t<meta property=\"og:image:width\" content=\"800\" \/>\n\t<meta property=\"og:image:height\" content=\"800\" \/>\n\t<meta property=\"og:image:type\" content=\"image\/jpeg\" \/>\n<meta name=\"twitter:card\" content=\"summary_large_image\" \/>\n<meta name=\"twitter:label1\" content=\"Gesch\u00e4tzte Lesezeit\" \/>\n\t<meta name=\"twitter:data1\" content=\"16\u00a0Minuten\" \/>\n<script type=\"application\/ld+json\" class=\"yoast-schema-graph\">{\"@context\":\"https:\\\/\\\/schema.org\",\"@graph\":[{\"@type\":\"WebPage\",\"@id\":\"https:\\\/\\\/dfvcg-events.de\\\/digital-talk\\\/veranstaltung\\\/papier-im-visier\\\/\",\"url\":\"https:\\\/\\\/dfvcg-events.de\\\/digital-talk\\\/veranstaltung\\\/papier-im-visier\\\/\",\"name\":\"digital talk: Papier im Visier - Digital Talk\",\"isPartOf\":{\"@id\":\"https:\\\/\\\/dfvcg-events.de\\\/digital-talk\\\/#website\"},\"primaryImageOfPage\":{\"@id\":\"https:\\\/\\\/dfvcg-events.de\\\/digital-talk\\\/veranstaltung\\\/papier-im-visier\\\/#primaryimage\"},\"image\":{\"@id\":\"https:\\\/\\\/dfvcg-events.de\\\/digital-talk\\\/veranstaltung\\\/papier-im-visier\\\/#primaryimage\"},\"thumbnailUrl\":\"https:\\\/\\\/dfvcg-events.de\\\/digital-talk\\\/wp-content\\\/uploads\\\/sites\\\/14\\\/2022\\\/08\\\/dfvcg_DigiTalkPaper_Teaser_800x800_opx.jpg\",\"datePublished\":\"2022-08-15T14:18:00+00:00\",\"dateModified\":\"2023-11-16T15:15:49+00:00\",\"description\":\"Live. Aktuell. Inspirierend: digital talk: Papier im Visier . Nachhaltig, innovativ, voll im Trend\",\"breadcrumb\":{\"@id\":\"https:\\\/\\\/dfvcg-events.de\\\/digital-talk\\\/veranstaltung\\\/papier-im-visier\\\/#breadcrumb\"},\"inLanguage\":\"de\",\"potentialAction\":[{\"@type\":\"ReadAction\",\"target\":[\"https:\\\/\\\/dfvcg-events.de\\\/digital-talk\\\/veranstaltung\\\/papier-im-visier\\\/\"]}]},{\"@type\":\"ImageObject\",\"inLanguage\":\"de\",\"@id\":\"https:\\\/\\\/dfvcg-events.de\\\/digital-talk\\\/veranstaltung\\\/papier-im-visier\\\/#primaryimage\",\"url\":\"https:\\\/\\\/dfvcg-events.de\\\/digital-talk\\\/wp-content\\\/uploads\\\/sites\\\/14\\\/2022\\\/08\\\/dfvcg_DigiTalkPaper_Teaser_800x800_opx.jpg\",\"contentUrl\":\"https:\\\/\\\/dfvcg-events.de\\\/digital-talk\\\/wp-content\\\/uploads\\\/sites\\\/14\\\/2022\\\/08\\\/dfvcg_DigiTalkPaper_Teaser_800x800_opx.jpg\",\"width\":800,\"height\":800},{\"@type\":\"BreadcrumbList\",\"@id\":\"https:\\\/\\\/dfvcg-events.de\\\/digital-talk\\\/veranstaltung\\\/papier-im-visier\\\/#breadcrumb\",\"itemListElement\":[{\"@type\":\"ListItem\",\"position\":1,\"name\":\"Startseite\",\"item\":\"https:\\\/\\\/dfvcg-events.de\\\/digital-talk\\\/\"},{\"@type\":\"ListItem\",\"position\":2,\"name\":\"digital talk: Papier im Visier\"}]},{\"@type\":\"WebSite\",\"@id\":\"https:\\\/\\\/dfvcg-events.de\\\/digital-talk\\\/#website\",\"url\":\"https:\\\/\\\/dfvcg-events.de\\\/digital-talk\\\/\",\"name\":\"Digital Talk\",\"description\":\"dfv Conference Group\",\"publisher\":{\"@id\":\"https:\\\/\\\/dfvcg-events.de\\\/digital-talk\\\/#organization\"},\"potentialAction\":[{\"@type\":\"SearchAction\",\"target\":{\"@type\":\"EntryPoint\",\"urlTemplate\":\"https:\\\/\\\/dfvcg-events.de\\\/digital-talk\\\/?s={search_term_string}\"},\"query-input\":{\"@type\":\"PropertyValueSpecification\",\"valueRequired\":true,\"valueName\":\"search_term_string\"}}],\"inLanguage\":\"de\"},{\"@type\":\"Organization\",\"@id\":\"https:\\\/\\\/dfvcg-events.de\\\/digital-talk\\\/#organization\",\"name\":\"Digital Talks | dfv Conference Group\",\"url\":\"https:\\\/\\\/dfvcg-events.de\\\/digital-talk\\\/\",\"logo\":{\"@type\":\"ImageObject\",\"inLanguage\":\"de\",\"@id\":\"https:\\\/\\\/dfvcg-events.de\\\/digital-talk\\\/#\\\/schema\\\/logo\\\/image\\\/\",\"url\":\"https:\\\/\\\/dfvcg-events.de\\\/digital-talk\\\/wp-content\\\/uploads\\\/sites\\\/14\\\/2021\\\/02\\\/digital-talks-start.jpg\",\"contentUrl\":\"https:\\\/\\\/dfvcg-events.de\\\/digital-talk\\\/wp-content\\\/uploads\\\/sites\\\/14\\\/2021\\\/02\\\/digital-talks-start.jpg\",\"width\":800,\"height\":800,\"caption\":\"Digital Talks | dfv Conference Group\"},\"image\":{\"@id\":\"https:\\\/\\\/dfvcg-events.de\\\/digital-talk\\\/#\\\/schema\\\/logo\\\/image\\\/\"}}]}<\/script>\n<!-- \/ Yoast SEO plugin. -->","yoast_head_json":{"title":"digital talk: Papier im Visier - Digital Talk","description":"Live. Aktuell. Inspirierend: digital talk: Papier im Visier . Nachhaltig, innovativ, voll im Trend","robots":{"index":"index","follow":"follow","max-snippet":"max-snippet:-1","max-image-preview":"max-image-preview:large","max-video-preview":"max-video-preview:-1"},"canonical":"https:\/\/dfvcg-events.de\/digital-talk\/veranstaltung\/papier-im-visier\/","og_locale":"de_DE","og_type":"article","og_title":"digital talk: Papier im Visier - Digital Talk","og_description":"Live. Aktuell. Inspirierend: digital talk: Papier im Visier . Nachhaltig, innovativ, voll im Trend","og_url":"https:\/\/dfvcg-events.de\/digital-talk\/veranstaltung\/papier-im-visier\/","og_site_name":"Digital Talk","article_modified_time":"2023-11-16T15:15:49+00:00","og_image":[{"width":800,"height":800,"url":"https:\/\/dfvcg-events.de\/digital-talk\/wp-content\/uploads\/sites\/14\/2022\/08\/dfvcg_DigiTalkPaper_Teaser_800x800_opx.jpg","type":"image\/jpeg"}],"twitter_card":"summary_large_image","twitter_misc":{"Gesch\u00e4tzte Lesezeit":"16\u00a0Minuten"},"schema":{"@context":"https:\/\/schema.org","@graph":[{"@type":"WebPage","@id":"https:\/\/dfvcg-events.de\/digital-talk\/veranstaltung\/papier-im-visier\/","url":"https:\/\/dfvcg-events.de\/digital-talk\/veranstaltung\/papier-im-visier\/","name":"digital talk: Papier im Visier - Digital Talk","isPartOf":{"@id":"https:\/\/dfvcg-events.de\/digital-talk\/#website"},"primaryImageOfPage":{"@id":"https:\/\/dfvcg-events.de\/digital-talk\/veranstaltung\/papier-im-visier\/#primaryimage"},"image":{"@id":"https:\/\/dfvcg-events.de\/digital-talk\/veranstaltung\/papier-im-visier\/#primaryimage"},"thumbnailUrl":"https:\/\/dfvcg-events.de\/digital-talk\/wp-content\/uploads\/sites\/14\/2022\/08\/dfvcg_DigiTalkPaper_Teaser_800x800_opx.jpg","datePublished":"2022-08-15T14:18:00+00:00","dateModified":"2023-11-16T15:15:49+00:00","description":"Live. Aktuell. Inspirierend: digital talk: Papier im Visier . Nachhaltig, innovativ, voll im Trend","breadcrumb":{"@id":"https:\/\/dfvcg-events.de\/digital-talk\/veranstaltung\/papier-im-visier\/#breadcrumb"},"inLanguage":"de","potentialAction":[{"@type":"ReadAction","target":["https:\/\/dfvcg-events.de\/digital-talk\/veranstaltung\/papier-im-visier\/"]}]},{"@type":"ImageObject","inLanguage":"de","@id":"https:\/\/dfvcg-events.de\/digital-talk\/veranstaltung\/papier-im-visier\/#primaryimage","url":"https:\/\/dfvcg-events.de\/digital-talk\/wp-content\/uploads\/sites\/14\/2022\/08\/dfvcg_DigiTalkPaper_Teaser_800x800_opx.jpg","contentUrl":"https:\/\/dfvcg-events.de\/digital-talk\/wp-content\/uploads\/sites\/14\/2022\/08\/dfvcg_DigiTalkPaper_Teaser_800x800_opx.jpg","width":800,"height":800},{"@type":"BreadcrumbList","@id":"https:\/\/dfvcg-events.de\/digital-talk\/veranstaltung\/papier-im-visier\/#breadcrumb","itemListElement":[{"@type":"ListItem","position":1,"name":"Startseite","item":"https:\/\/dfvcg-events.de\/digital-talk\/"},{"@type":"ListItem","position":2,"name":"digital talk: Papier im Visier"}]},{"@type":"WebSite","@id":"https:\/\/dfvcg-events.de\/digital-talk\/#website","url":"https:\/\/dfvcg-events.de\/digital-talk\/","name":"Digital Talk","description":"dfv Conference Group","publisher":{"@id":"https:\/\/dfvcg-events.de\/digital-talk\/#organization"},"potentialAction":[{"@type":"SearchAction","target":{"@type":"EntryPoint","urlTemplate":"https:\/\/dfvcg-events.de\/digital-talk\/?s={search_term_string}"},"query-input":{"@type":"PropertyValueSpecification","valueRequired":true,"valueName":"search_term_string"}}],"inLanguage":"de"},{"@type":"Organization","@id":"https:\/\/dfvcg-events.de\/digital-talk\/#organization","name":"Digital Talks | dfv Conference Group","url":"https:\/\/dfvcg-events.de\/digital-talk\/","logo":{"@type":"ImageObject","inLanguage":"de","@id":"https:\/\/dfvcg-events.de\/digital-talk\/#\/schema\/logo\/image\/","url":"https:\/\/dfvcg-events.de\/digital-talk\/wp-content\/uploads\/sites\/14\/2021\/02\/digital-talks-start.jpg","contentUrl":"https:\/\/dfvcg-events.de\/digital-talk\/wp-content\/uploads\/sites\/14\/2021\/02\/digital-talks-start.jpg","width":800,"height":800,"caption":"Digital Talks | dfv Conference Group"},"image":{"@id":"https:\/\/dfvcg-events.de\/digital-talk\/#\/schema\/logo\/image\/"}}]}},"_links":{"self":[{"href":"https:\/\/dfvcg-events.de\/digital-talk\/wp-json\/wp\/v2\/portfolio\/7907","targetHints":{"allow":["GET"]}}],"collection":[{"href":"https:\/\/dfvcg-events.de\/digital-talk\/wp-json\/wp\/v2\/portfolio"}],"about":[{"href":"https:\/\/dfvcg-events.de\/digital-talk\/wp-json\/wp\/v2\/types\/portfolio"}],"author":[{"embeddable":true,"href":"https:\/\/dfvcg-events.de\/digital-talk\/wp-json\/wp\/v2\/users\/21"}],"replies":[{"embeddable":true,"href":"https:\/\/dfvcg-events.de\/digital-talk\/wp-json\/wp\/v2\/comments?post=7907"}],"version-history":[{"count":0,"href":"https:\/\/dfvcg-events.de\/digital-talk\/wp-json\/wp\/v2\/portfolio\/7907\/revisions"}],"wp:featuredmedia":[{"embeddable":true,"href":"https:\/\/dfvcg-events.de\/digital-talk\/wp-json\/wp\/v2\/media\/7934"}],"wp:attachment":[{"href":"https:\/\/dfvcg-events.de\/digital-talk\/wp-json\/wp\/v2\/media?parent=7907"}],"wp:term":[{"taxonomy":"post_tag","embeddable":true,"href":"https:\/\/dfvcg-events.de\/digital-talk\/wp-json\/wp\/v2\/tags?post=7907"},{"taxonomy":"portfolio_entries","embeddable":true,"href":"https:\/\/dfvcg-events.de\/digital-talk\/wp-json\/wp\/v2\/portfolio_entries?post=7907"}],"curies":[{"name":"wp","href":"https:\/\/api.w.org\/{rel}","templated":true}]}}