{"id":6405,"date":"2022-03-31T23:39:40","date_gmt":"2022-03-31T21:39:40","guid":{"rendered":"https:\/\/dfvcg-events.de\/digital-talk\/?post_type=portfolio&#038;p=6405"},"modified":"2023-11-16T16:15:53","modified_gmt":"2023-11-16T15:15:53","slug":"digital-talk-eine-branche-stellt-sich-neu-auf","status":"publish","type":"portfolio","link":"https:\/\/dfvcg-events.de\/digital-talk\/veranstaltung\/digital-talk-eine-branche-stellt-sich-neu-auf\/","title":{"rendered":"digital talk: Eine Branche stellt sich neu auf &#8211; \u00dcber die aktuelle Lage im Hospitality Markt"},"content":{"rendered":"<div class='clear'><\/div><div id='sub_menu1'  class='av-submenu-container av-kawv0if6-b4e37991045abd8a15205f662d77aaf5 header_color av-switch-990  avia-builder-el-0  el_before_av_section  avia-builder-el-first  av-sticky-submenu container_wrap fullsize' style='z-index:301' ><div class='container av-menu-mobile-active av-submenu-pos-left'><a href=\"#\" class=\"mobile_menu_toggle\"><span class='avia-svg-icon avia-font-svg_entypo-fontello' data-av_svg_icon='list' data-av_iconset='svg_entypo-fontello'><svg version=\"1.1\" xmlns=\"http:\/\/www.w3.org\/2000\/svg\" width=\"22\" height=\"32\" viewBox=\"0 0 22 32\" preserveAspectRatio=\"xMidYMid meet\" aria-labelledby='av-svg-title-1' aria-describedby='av-svg-desc-1' role=\"graphics-symbol\" aria-hidden=\"true\">\n<title id='av-svg-title-1'>List<\/title>\n<desc id='av-svg-desc-1'>List<\/desc>\n<path d=\"M3.2 20.8q0.64 0 1.12 0.48t0.48 1.12-0.48 1.12-1.12 0.48h-1.6q-0.64 0-1.12-0.48t-0.48-1.12 0.448-1.12 1.152-0.48h1.6zM3.2 14.4q0.64 0 1.12 0.48t0.48 1.12-0.48 1.12-1.12 0.48h-1.6q-0.64 0-1.12-0.48t-0.48-1.12 0.448-1.12 1.152-0.48h1.6zM3.2 8q0.64 0 1.12 0.48t0.48 1.12-0.48 1.12-1.12 0.48h-1.6q-0.64 0-1.12-0.48t-0.48-1.12 0.448-1.12 1.152-0.48h1.6zM9.6 11.2q-0.64 0-1.12-0.48t-0.48-1.12 0.48-1.12 1.12-0.48h11.2q0.704 0 1.152 0.48t0.448 1.12-0.48 1.12-1.12 0.48h-11.2zM20.8 14.4q0.704 0 1.152 0.48t0.448 1.12-0.48 1.12-1.12 0.48h-11.2q-0.64 0-1.12-0.48t-0.48-1.12 0.48-1.12 1.12-0.48h11.2zM20.8 20.8q0.704 0 1.152 0.48t0.448 1.12-0.48 1.12-1.12 0.48h-11.2q-0.64 0-1.12-0.48t-0.48-1.12 0.48-1.12 1.12-0.48h11.2z\"><\/path>\n<\/svg><\/span><span class=\"av-current-placeholder\">Men\u00fc<\/span><\/a><ul id='av-custom-submenu-1' class='av-subnav-menu' role='menu'>\n<li class='menu-item av-2kckn4-ca906d751475ddc7493c675c2737567f menu-item-top-level av-menu-button av-menu-button-bordered menu-item-top-level-1' role='menuitem'><a href='https:\/\/dfvcg-events.de\/digital-talk\/'  ><span class='avia-bullet'><\/span><span class='avia-menu-text'>digital talks<\/span><\/a><\/li>\n<li class='menu-item av-cpa6i-1b75602378caa96f87b042471b888caa menu-item-top-level av-menu-button av-menu-button-colored menu-item-top-level-2' role='menuitem'><a href='#anmelden'  ><span class='avia-bullet'><\/span><span class='avia-menu-text'>Jetzt anmelden<\/span><\/a><\/li>\n<li class='menu-item av-2u4alb-907784f4dd7a489356826104c0410433 menu-item-top-level menu-item-top-level-3' role='menuitem'><a href='#'  ><span class='avia-bullet'><\/span><span class='avia-menu-text'>Start<\/span><\/a><\/li>\n<li class='menu-item av-m4nru-d281245decf91fbc0fabc46dbf9ef3f0 menu-item-top-level menu-item-top-level-4' role='menuitem'><a href='#referenten'  ><span class='avia-bullet'><\/span><span class='avia-menu-text'>Vortragende<\/span><\/a><\/li>\n<li class='menu-item av-l32u65x1-a9682ad208d642f5624da16785d286dc menu-item-top-level menu-item-top-level-5' role='menuitem'><a href=''  ><span class='avia-bullet'><\/span><span class='avia-menu-text'>Download-Center<\/span><\/a><\/li>\n<\/ul><\/div><\/div><div class='sticky_placeholder'><\/div>\n<div id='av_section_1'  class='avia-section av-srk2y-112106500345416558fb7b75c6b4ce9b main_color avia-section-default avia-no-border-styling  avia-builder-el-1  el_after_av_submenu  el_before_av_promobox  avia-bg-style-scroll container_wrap fullsize'  ><div class='container av-section-cont-open' ><div class='template-page content  av-content-full alpha units'><div class='post-entry post-entry-type-page post-entry-6405'><div class='entry-content-wrapper clearfix'>\n<div class='flex_column_table av-prli-64bf6691d8e0f71fe37b32964844bca4 sc-av_two_fifth av-equal-height-column-flextable'>\n<style type=\"text\/css\" data-created_by=\"avia_inline_auto\" id=\"style-css-av-prli-64bf6691d8e0f71fe37b32964844bca4\">\n.flex_column.av-prli-64bf6691d8e0f71fe37b32964844bca4{\nborder-radius:0px 0px 0px 0px;\npadding:0px 0px 0px 0px;\n}\n<\/style>\n<div  class='flex_column av-prli-64bf6691d8e0f71fe37b32964844bca4 av_two_fifth  avia-builder-el-2  el_before_av_three_fifth  avia-builder-el-first  first flex_column_table_cell av-equal-height-column av-align-top av-zero-column-padding  '     ><p><br \/>\n\n<style type=\"text\/css\" data-created_by=\"avia_inline_auto\" id=\"style-css-av-kzmv825q-44989b522b2f1c3a67cc75f5a26b6681\">\n.avia-image-container.av-kzmv825q-44989b522b2f1c3a67cc75f5a26b6681 img.avia_image{\nbox-shadow:none;\n}\n.avia-image-container.av-kzmv825q-44989b522b2f1c3a67cc75f5a26b6681 .av-image-caption-overlay-center{\ncolor:#ffffff;\n}\n<\/style>\n<div  class='avia-image-container av-kzmv825q-44989b522b2f1c3a67cc75f5a26b6681 av-styling- avia-align-center  avia-builder-el-4  el_after_av_image  avia-builder-el-last '   itemprop=\"image\" itemscope=\"itemscope\" itemtype=\"https:\/\/schema.org\/ImageObject\" ><div class=\"avia-image-container-inner\"><div class=\"avia-image-overlay-wrap\"><img decoding=\"async\" fetchpriority=\"high\" class='wp-image-6406 avia-img-lazy-loading-not-6406 avia_image ' src=\"https:\/\/dfvcg-events.de\/digital-talk\/wp-content\/uploads\/sites\/14\/2022\/03\/dt_Hospitality_800x800.jpg\" alt='' title='dt_Hospitality_800x800'  height=\"800\" width=\"800\"  itemprop=\"thumbnailUrl\"  \/><\/div><\/div><\/div><\/p><\/div><div class='av-flex-placeholder'><\/div>\n<style type=\"text\/css\" data-created_by=\"avia_inline_auto\" id=\"style-css-av-k26i2v6p-2688042be07242d734261d0b65f3805f\">\n.flex_column.av-k26i2v6p-2688042be07242d734261d0b65f3805f{\nborder-radius:0px 0px 0px 0px;\npadding:0px 35px 0px 0px;\n}\n<\/style>\n<div  class='flex_column av-k26i2v6p-2688042be07242d734261d0b65f3805f av_three_fifth  avia-builder-el-5  el_after_av_two_fifth  avia-builder-el-last  flex_column_table_cell av-equal-height-column av-align-top  '     ><p>\n<style type=\"text\/css\" data-created_by=\"avia_inline_auto\" id=\"style-css-av-2lzyki-0a41eab59441d8ddd628d73669b080d4\">\n#top .av-special-heading.av-2lzyki-0a41eab59441d8ddd628d73669b080d4{\npadding-bottom:10px;\ncolor:#af6053;\n}\nbody .av-special-heading.av-2lzyki-0a41eab59441d8ddd628d73669b080d4 .av-special-heading-tag .heading-char{\nfont-size:25px;\n}\n.av-special-heading.av-2lzyki-0a41eab59441d8ddd628d73669b080d4 .special-heading-inner-border{\nborder-color:#af6053;\n}\n.av-special-heading.av-2lzyki-0a41eab59441d8ddd628d73669b080d4 .av-subheading{\nfont-size:19px;\ncolor:#000000;\n}\n<\/style>\n<div  class='av-special-heading av-2lzyki-0a41eab59441d8ddd628d73669b080d4 av-special-heading-h1 custom-color-heading blockquote modern-quote  avia-builder-el-6  el_before_av_textblock  avia-builder-el-first '><div class='av_custom_color av-subheading av-subheading_above'><p>digital talk:<\/p>\n<\/div><h1 class='av-special-heading-tag '  itemprop=\"headline\"  >Eine Branche stellt sich neu auf<\/h1><div class=\"special-heading-border\"><div class=\"special-heading-inner-border\"><\/div><\/div><\/div><br \/>\n\n<style type=\"text\/css\" data-created_by=\"avia_inline_auto\" id=\"style-css-av-k26gzu33-6a980798dde70dc60945e854043b783a\">\n#top .av_textblock_section.av-k26gzu33-6a980798dde70dc60945e854043b783a .avia_textblock{\nfont-size:21px;\n}\n<\/style>\n<section  class='av_textblock_section av-k26gzu33-6a980798dde70dc60945e854043b783a '   itemscope=\"itemscope\" itemtype=\"https:\/\/schema.org\/CreativeWork\" ><div class='avia_textblock'  itemprop=\"text\" ><p><strong>\u00dcber die aktuelle Lage im Hospitality Markt<\/strong><\/p>\n<p>12. Mai 2022 | 11.00 \u2013 12.00 Uhr<\/p>\n<\/div><\/section><br \/>\n\n<style type=\"text\/css\" data-created_by=\"avia_inline_auto\" id=\"style-css-av-l09hbj39-270aaf9dc25061771398ef24df41c365\">\n#top .hr.hr-invisible.av-l09hbj39-270aaf9dc25061771398ef24df41c365{\nheight:30px;\n}\n<\/style>\n<div  class='hr av-l09hbj39-270aaf9dc25061771398ef24df41c365 hr-invisible  avia-builder-el-8  el_after_av_textblock  el_before_av_buttonrow '><span class='hr-inner '><span class=\"hr-inner-style\"><\/span><\/span><\/div><br \/>\n<div  class='avia-buttonrow-wrap av-kcn3m3gt-1724f466cf571880678c88d2cafefd62 avia-buttonrow-left  avia-builder-el-9  el_after_av_hr  avia-builder-el-last '>\n\n<style type=\"text\/css\" data-created_by=\"avia_inline_auto\" id=\"style-css-av-3k12xc-0f59d708e2b6b2f0b44225f66d08a4ad\">\n#top #wrap_all .avia-button.av-3k12xc-0f59d708e2b6b2f0b44225f66d08a4ad{\nbackground-color:#af6053;\nborder-color:#af6053;\ncolor:#ffffff;\ntransition:all 0.4s ease-in-out;\nmargin-bottom:5px;\nmargin-right:5px;\n}\n#top #wrap_all .avia-button.av-3k12xc-0f59d708e2b6b2f0b44225f66d08a4ad .avia-svg-icon svg:first-child{\nfill:#ffffff;\nstroke:#ffffff;\n}\n<\/style>\n<a href='#anmelden'  class='avia-button av-3k12xc-0f59d708e2b6b2f0b44225f66d08a4ad avia-icon_select-yes-left-icon avia-size-large'   aria-label=\"Jetzt anmelden\"><span class='avia_button_icon avia_button_icon_left avia-iconfont avia-font-entypo-fontello' data-av_icon='\ue8cb' data-av_iconfont='entypo-fontello' ><\/span><span class='avia_iconbox_title' >Jetzt anmelden<\/span><\/a>\n\n<style type=\"text\/css\" data-created_by=\"avia_inline_auto\" id=\"style-css-av-4okpsy-9f9f2b9badc7af4b13ed41f002967fd1\">\n#top #wrap_all .avia-button.av-4okpsy-9f9f2b9badc7af4b13ed41f002967fd1{\nbackground-color:#000000;\nborder-color:#000000;\ncolor:#ffffff;\ntransition:all 0.4s ease-in-out;\nmargin-bottom:5px;\nmargin-right:5px;\n}\n#top #wrap_all .avia-button.av-4okpsy-9f9f2b9badc7af4b13ed41f002967fd1 .avia-svg-icon svg:first-child{\nfill:#ffffff;\nstroke:#ffffff;\n}\n<\/style>\n<a href='https:\/\/dfvcg-events.de\/digital-talk\/wp-content\/uploads\/sites\/14\/2022\/03\/digital-talk-Eine-Branche-stellt-sich-neu-auf-Ueber-die-aktuelle-Lage-im-Hospi.ics'  class='avia-button av-4okpsy-9f9f2b9badc7af4b13ed41f002967fd1 avia-icon_select-yes-left-icon avia-size-large'  target=\"_blank\"  rel=\"noopener noreferrer\"  aria-label=\"Save the Date\"><span class='avia_button_icon avia_button_icon_left avia-iconfont avia-font-entypo-fontello' data-av_icon='\ue85b' data-av_iconfont='entypo-fontello' ><\/span><span class='avia_iconbox_title' >Save the Date<\/span><\/a>\n<\/div><\/p><\/div><\/div><!--close column table wrapper. Autoclose: 1 -->\n<\/div><\/div><\/div><!-- close content main div --><\/div><\/div><div id='after_section_1'  class='main_color av_default_container_wrap container_wrap fullsize'  ><div class='container av-section-cont-open' ><div class='template-page content  av-content-full alpha units'><div class='post-entry post-entry-type-page post-entry-6405'><div class='entry-content-wrapper clearfix'>\n<div  class='av_promobox av-l336lb2i-b1f3ae430f550e80602047261f3d734b avia-button-yes  avia-builder-el-10  el_after_av_section  el_before_av_section  avia-builder-el-no-sibling '><div class='avia-promocontent'><p>\nInnovationen und Neuheiten auf der Internorga<\/p>\n<\/div><div  class='avia-button-wrap av-l336lb2i-a912b2522a07549407f5f7f2aaa57b5a-wrap avia-button-right '><a href='https:\/\/dfvcg-events.de\/digital-talk\/download-internorga\/'  class='avia-button av-l336lb2i-a912b2522a07549407f5f7f2aaa57b5a av-link-btn avia-icon_select-yes-left-icon avia-size-large avia-position-right avia-color-theme-color'  target=\"_blank\"  rel=\"noopener noreferrer\"  aria-label=\"PDF download\"><span class='avia_button_icon avia_button_icon_left avia-iconfont avia-font-entypo-fontello' data-av_icon='\ue832' data-av_iconfont='entypo-fontello' ><\/span><span class='avia_iconbox_title' >PDF download<\/span><\/a><\/div><\/div>\n<\/div><\/div><\/div><!-- close content main div --><\/div><\/div>\n<style type=\"text\/css\" data-created_by=\"avia_inline_auto\" id=\"style-css-av-cxfpa-8495b447c85732848de03f0e8d345aad\">\n.avia-section.av-cxfpa-8495b447c85732848de03f0e8d345aad{\nbackground-color:#af6053;\nbackground:linear-gradient( to top right, #af6053, #ff9b6f );\n}\n<\/style>\n<div id='av_section_2'  class='avia-section av-cxfpa-8495b447c85732848de03f0e8d345aad main_color avia-section-large avia-no-shadow  avia-builder-el-11  el_after_av_promobox  el_before_av_section  avia-bg-style-scroll container_wrap fullsize'  ><div class='container av-section-cont-open' ><div class='template-page content  av-content-full alpha units'><div class='post-entry post-entry-type-page post-entry-6405'><div class='entry-content-wrapper clearfix'>\n\n<style type=\"text\/css\" data-created_by=\"avia_inline_auto\" id=\"style-css-av-awk8u-6702474259a0fee5a4936736e28052d0\">\n#top .av_textblock_section.av-awk8u-6702474259a0fee5a4936736e28052d0 .avia_textblock{\nfont-size:19px;\ncolor:#ffffff;\n}\n<\/style>\n<section  class='av_textblock_section av-awk8u-6702474259a0fee5a4936736e28052d0 '   itemscope=\"itemscope\" itemtype=\"https:\/\/schema.org\/CreativeWork\" ><div class='avia_textblock av_inherit_color'  itemprop=\"text\" ><p>Die Verwerfungen im Au\u00dfer-Haus-Markt sind offensichtlich und haben in den beiden Corona-Jahren f\u00fcr deutliche Umsatzeinbu\u00dfen gesorgt.<\/p>\n<p>Aktuell spitzt sich die Lage zum Beispiel hinsichtlich der unterbrochenen Lieferketten, Personalmangel und gestiegener Preise weiter zu.<\/p>\n<p>Die Verunsicherung bei den Verbrauchern ist enorm. Der Handlungsbedarf auf operativer Seite entsprechend hoch.<\/p>\n<p>Umso wichtiger die Fragen:<\/p>\n<ul>\n<li>Wie sieht die Roadmap f\u00fcr die n\u00e4chsten Monate aus?<\/li>\n<li>K\u00f6nnen Foodinnovationen und digitale Neuheiten, die ein Plus an Prozesseffizienz bieten, helfen?<\/li>\n<\/ul>\n<p>Der Digital Talk m\u00f6chte L\u00f6sungen diskutieren und \u00a0Antworten aufzeigen.<\/p>\n<\/div><\/section>\n\n<\/div><\/div><\/div><!-- close content main div --><\/div><\/div><div id='programm'  class='avia-section av-1tji7l-302803a7038c052af54392079bbc5b86 main_color avia-section-default avia-no-shadow  avia-builder-el-13  el_after_av_section  el_before_av_section  avia-bg-style-scroll container_wrap fullsize'  ><div class='container av-section-cont-open' ><div class='template-page content  av-content-full alpha units'><div class='post-entry post-entry-type-page post-entry-6405'><div class='entry-content-wrapper clearfix'>\n\n<style type=\"text\/css\" data-created_by=\"avia_inline_auto\" id=\"style-css-av-ky9zoxqo-a418ded9b7952891a69eb75851151b8e\">\n#top .av-special-heading.av-ky9zoxqo-a418ded9b7952891a69eb75851151b8e{\npadding-bottom:10px;\ncolor:#af6053;\n}\nbody .av-special-heading.av-ky9zoxqo-a418ded9b7952891a69eb75851151b8e .av-special-heading-tag .heading-char{\nfont-size:25px;\n}\n.av-special-heading.av-ky9zoxqo-a418ded9b7952891a69eb75851151b8e .special-heading-inner-border{\nborder-color:#af6053;\n}\n.av-special-heading.av-ky9zoxqo-a418ded9b7952891a69eb75851151b8e .av-subheading{\nfont-size:15px;\ncolor:#000000;\n}\n<\/style>\n<div  class='av-special-heading av-ky9zoxqo-a418ded9b7952891a69eb75851151b8e av-special-heading-h2 custom-color-heading blockquote modern-quote  avia-builder-el-14  el_before_av_textblock  avia-builder-el-first '><h2 class='av-special-heading-tag '  itemprop=\"headline\"  >Programm<\/h2><div class='av_custom_color av-subheading av-subheading_below'><p>Freuen Sie sich auf folgende Inhalte<\/p>\n<\/div><div class=\"special-heading-border\"><div class=\"special-heading-inner-border\"><\/div><\/div><\/div>\n<section  class='av_textblock_section av-kx7d2sa7-19afcdf8a45ca7b429d9f9a7138fd17b '   itemscope=\"itemscope\" itemtype=\"https:\/\/schema.org\/CreativeWork\" ><div class='avia_textblock'  itemprop=\"text\" ><p><strong>Eine Branche stellt sich neu auf \u2013 \u00fcber die aktuelle Lage im Hospitality Markt\u00a0\u00a0 <\/strong><\/p>\n<p><strong>11:00 Uhr Begr\u00fc\u00dfung<br \/>\n<\/strong>Burkart Schmid, Chefredaktion Hotel- und Gastromedien<\/p>\n<p><strong>11:05 Uhr<\/strong> <strong>Update zu Innovationen und Neuheiten auf der Internorga<br \/>\n<\/strong>Was bietet die Vorstufe an innovativen Neuheiten in Technik und Food\u00a0 &#8211; ein R\u00fcckblick auf die Internorga<br \/>\nFrauke Brodkorb-Kettenbach, Redaktion, dfv Hotel- und Gastromedien<\/p>\n<p><strong>11:20 Uhr Feedback und Stimmungslage aus der Sicht eines wichtigen Industriepartners<\/strong><\/p>\n<p>Was sind die Key Facts hinsichtlich Besucherresonanz bei Stimmung, Pricing, Foodinnovationen, Konzepten?<br \/>\nJochen Kramer, Gesch\u00e4ftsleitung, Salomon Food World<\/p>\n<p><strong>11:30 Uhr Paneldiskussion<\/strong><\/p>\n<p><strong>Die Roadmap der n\u00e4chsten Wochen \u2013 worauf es jetzt ankommt<br \/>\n<\/strong><\/p>\n<p>Ulrich H\u00f6ngen, Gesch\u00e4ftsf\u00fchrer, WISAG Catering GmbH &amp; Co. KG, Frankfurt am Main<br \/>\nStefan Weber, Gesch\u00e4ftsf\u00fchrender Gesellschafter, Casualfood GmbH, Frankfurt am Main<br \/>\nPeter Prislin, CMO, Hans im Gl\u00fcck Franchise GmbH, M\u00fcnchen<br \/>\nModeration: Burkart Schmid, Chefredaktion, dfv Hotel- und Gastromedien<\/p>\n<p><strong>11:55 Uhr Q + A <\/strong><\/p>\n<p><strong>12:00 Uhr Abschluss \u00a0<\/strong><\/p>\n<\/div><\/section>\n\n<\/div><\/div><\/div><!-- close content main div --><\/div><\/div><div id='referenten'  class='avia-section av-kawtoycl-f4d66d187d7d75e449ef1c18e61bd2ac main_color avia-section-default avia-no-shadow  avia-builder-el-16  el_after_av_section  el_before_av_section  avia-bg-style-scroll container_wrap fullsize'  ><div class='container av-section-cont-open' ><div class='template-page content  av-content-full alpha units'><div class='post-entry post-entry-type-page post-entry-6405'><div class='entry-content-wrapper clearfix'>\n\n<style type=\"text\/css\" data-created_by=\"avia_inline_auto\" id=\"style-css-av-6k1k2q-87ad645cc7b3e2b11f42424b7fd00140\">\n#top .av-special-heading.av-6k1k2q-87ad645cc7b3e2b11f42424b7fd00140{\npadding-bottom:25px;\ncolor:#af6053;\n}\nbody .av-special-heading.av-6k1k2q-87ad645cc7b3e2b11f42424b7fd00140 .av-special-heading-tag .heading-char{\nfont-size:25px;\n}\n.av-special-heading.av-6k1k2q-87ad645cc7b3e2b11f42424b7fd00140 .special-heading-inner-border{\nborder-color:#af6053;\n}\n.av-special-heading.av-6k1k2q-87ad645cc7b3e2b11f42424b7fd00140 .av-subheading{\nfont-size:15px;\ncolor:#000000;\n}\n<\/style>\n<div  class='av-special-heading av-6k1k2q-87ad645cc7b3e2b11f42424b7fd00140 av-special-heading-h2 custom-color-heading blockquote modern-quote  avia-builder-el-17  el_before_av_one_third  avia-builder-el-first '><h2 class='av-special-heading-tag '  itemprop=\"headline\"  >Vortragende<\/h2><div class='av_custom_color av-subheading av-subheading_below'><p>Freuen Sie sich mit unserer Moderation auf folgende Vortragende<\/p>\n<\/div><div class=\"special-heading-border\"><div class=\"special-heading-inner-border\"><\/div><\/div><\/div>\n\n<style type=\"text\/css\" data-created_by=\"avia_inline_auto\" id=\"style-css-av-gsbe2-ff485947e3818d239122fbbcf5f5bda8\">\n.flex_column.av-gsbe2-ff485947e3818d239122fbbcf5f5bda8{\nborder-radius:0px 0px 0px 0px;\npadding:0px 0px 0px 0px;\n}\n<\/style>\n<div  class='flex_column av-gsbe2-ff485947e3818d239122fbbcf5f5bda8 av_one_third  avia-builder-el-18  el_after_av_heading  el_before_av_one_third  first flex_column_div av-zero-column-padding  '     ><p><section  class='avia-team-member av-kcn2g54d-50e60764b48322fb4f69069acba3c3e4  avia-builder-el-19  el_before_av_toggle_container  avia-builder-el-first '  itemscope=\"itemscope\" itemtype=\"https:\/\/schema.org\/Person\" ><div class=\"team-img-container\"><img decoding=\"async\" fetchpriority=\"high\" class='wp-image-6742 avia-img-lazy-loading-not-6742 avia_image avia_image_team' src=\"https:\/\/dfvcg-events.de\/digital-talk\/wp-content\/uploads\/sites\/14\/2022\/04\/1Unbenannt1-1.jpg\" alt='Ulrich H\u00f6ngen'  itemprop=\"image\"   height=\"800\" width=\"600\" \/><\/div><h3 class='team-member-name '  itemprop=\"name\" >Ulrich H\u00f6ngen<\/h3><div class='team-member-job-title '  itemprop=\"jobTitle\" >Gesch\u00e4ftsf\u00fchrer, WISAG Catering GmbH &amp; Co.KG, Frankfurt am Main<\/div><span class='hidden team-member-affiliation'  itemprop=\"affiliation\" >Digital Talk<\/span><\/section><br \/>\n<div  class='togglecontainer av-vt3oj-8927ed7cf0169bd857a0ed7a013ba60e  avia-builder-el-20  el_after_av_team_member  avia-builder-el-last  av-desktop-hide av-medium-hide av-small-hide av-mini-hide toggle_close_all' >\n<section class='av_toggle_section av-86fu1v-45a706df8b566427e4a60fc9c2999f3d'  itemscope=\"itemscope\" itemtype=\"https:\/\/schema.org\/CreativeWork\" ><div role=\"tablist\" class=\"single_toggle\" data-tags=\"{Alle} \"  ><p id='toggle-toggle-id-1' data-fake-id='#toggle-id-1' class='toggler  av-title-above '  itemprop=\"headline\"  role='tab' tabindex='0' aria-controls='toggle-id-1' data-slide-speed=\"200\" data-title=\"Info\" data-title-open=\"\" data-aria_collapsed=\"Click to expand: Info\" data-aria_expanded=\"Click to collapse: Info\">Info<span class=\"toggle_icon\"><span class=\"vert_icon\"><\/span><span class=\"hor_icon\"><\/span><\/span><\/p><div id='toggle-id-1' aria-labelledby='toggle-toggle-id-1' role='region' class='toggle_wrap  av-title-above'  ><div class='toggle_content invers-color '  itemprop=\"text\" ><p>Nach \u00fcber 10 Jahren in verschiedenen Leitungsfunktionen in der Ingredientsbranche mit globalem Fokus (u.A. Kerry Ingredients and Flavors, Frutarom Savory Solutions und International Flavors and Fragrances) hat der gelernte Koch und Diplom Ern\u00e4hrungswissenschaftler den Weg zur R\u00fcgenwalder M\u00fchle eingeschlagen, wo er seit April letzten Jahres den Posten des \u201eHead of R&amp;D\u201c ausf\u00fcllt. In dieser Funktion ist er verantwortlich f\u00fcr Produktinnovationen und die sensorische Qualit\u00e4t der R\u00fcgenwalder M\u00fchle Produkte tierischer und pflanzlicher Herkunft.<\/p>\n<\/div><\/div><\/div><\/section>\n<\/div><\/p><\/div>\n<style type=\"text\/css\" data-created_by=\"avia_inline_auto\" id=\"style-css-av-btour9-1898a6e7b07867f9cb10ea6b7ca2a365\">\n.flex_column.av-btour9-1898a6e7b07867f9cb10ea6b7ca2a365{\nborder-radius:0px 0px 0px 0px;\npadding:0px 0px 0px 0px;\n}\n<\/style>\n<div  class='flex_column av-btour9-1898a6e7b07867f9cb10ea6b7ca2a365 av_one_third  avia-builder-el-21  el_after_av_one_third  el_before_av_one_third  flex_column_div av-zero-column-padding  '     ><p><section  class='avia-team-member av-l2j23mro-7a806f0df7d3c21009fee11eb2bb08f4  avia-builder-el-22  el_before_av_toggle_container  avia-builder-el-first '  itemscope=\"itemscope\" itemtype=\"https:\/\/schema.org\/Person\" ><div class=\"team-img-container\"><img decoding=\"async\" fetchpriority=\"high\" class='wp-image-6741 avia-img-lazy-loading-not-6741 avia_image avia_image_team' src=\"https:\/\/dfvcg-events.de\/digital-talk\/wp-content\/uploads\/sites\/14\/2022\/04\/2Unbenannt3-1.jpg\" alt='Frauke Brodkorb-Kettenbach'  itemprop=\"image\"   height=\"800\" width=\"600\" \/><\/div><h3 class='team-member-name '  itemprop=\"name\" >Frauke Brodkorb-Kettenbach<\/h3><div class='team-member-job-title '  itemprop=\"jobTitle\" >Redaktion dfv Hotel- und Gastromedien<\/div><span class='hidden team-member-affiliation'  itemprop=\"affiliation\" >Digital Talk<\/span><\/section><br \/>\n<div  class='togglecontainer av-alqulh-c31e06a5def3ad1724e47210c3fab9ba  avia-builder-el-23  el_after_av_team_member  avia-builder-el-last  av-desktop-hide av-medium-hide av-small-hide av-mini-hide toggle_close_all' >\n<section class='av_toggle_section av-9oh5b9-fbc8cf0f6fcb52edd4d94f10bb7cee62'  itemscope=\"itemscope\" itemtype=\"https:\/\/schema.org\/CreativeWork\" ><div role=\"tablist\" class=\"single_toggle\" data-tags=\"{Alle} \"  ><p id='toggle-toggle-id-2' data-fake-id='#toggle-id-2' class='toggler  av-title-above '  itemprop=\"headline\"  role='tab' tabindex='0' aria-controls='toggle-id-2' data-slide-speed=\"200\" data-title=\"Info\" data-title-open=\"\" data-aria_collapsed=\"Click to expand: Info\" data-aria_expanded=\"Click to collapse: Info\">Info<span class=\"toggle_icon\"><span class=\"vert_icon\"><\/span><span class=\"hor_icon\"><\/span><\/span><\/p><div id='toggle-id-2' aria-labelledby='toggle-toggle-id-2' role='region' class='toggle_wrap  av-title-above'  ><div class='toggle_content invers-color '  itemprop=\"text\" ><p>Nach \u00fcber 10 Jahren in verschiedenen Leitungsfunktionen in der Ingredientsbranche mit globalem Fokus (u.A. Kerry Ingredients and Flavors, Frutarom Savory Solutions und International Flavors and Fragrances) hat der gelernte Koch und Diplom Ern\u00e4hrungswissenschaftler den Weg zur R\u00fcgenwalder M\u00fchle eingeschlagen, wo er seit April letzten Jahres den Posten des \u201eHead of R&amp;D\u201c ausf\u00fcllt. In dieser Funktion ist er verantwortlich f\u00fcr Produktinnovationen und die sensorische Qualit\u00e4t der R\u00fcgenwalder M\u00fchle Produkte tierischer und pflanzlicher Herkunft.<\/p>\n<\/div><\/div><\/div><\/section>\n<\/div><\/p><\/div>\n<style type=\"text\/css\" data-created_by=\"avia_inline_auto\" id=\"style-css-av-7f9u45-6e67a9c251cc9062ddde4adbc75be926\">\n.flex_column.av-7f9u45-6e67a9c251cc9062ddde4adbc75be926{\nborder-radius:0px 0px 0px 0px;\npadding:0px 0px 0px 0px;\n}\n<\/style>\n<div  class='flex_column av-7f9u45-6e67a9c251cc9062ddde4adbc75be926 av_one_third  avia-builder-el-24  el_after_av_one_third  el_before_av_one_third  flex_column_div av-zero-column-padding  '     ><p><section  class='avia-team-member av-674rbp-4a12e152b77dfec55221a01cd82110c5  avia-builder-el-25  el_before_av_toggle_container  avia-builder-el-first '  itemscope=\"itemscope\" itemtype=\"https:\/\/schema.org\/Person\" ><div class=\"team-img-container\"><img decoding=\"async\" fetchpriority=\"high\" class='wp-image-6408 avia-img-lazy-loading-not-6408 avia_image avia_image_team' src=\"https:\/\/dfvcg-events.de\/digital-talk\/wp-content\/uploads\/sites\/14\/2022\/03\/Kramer_Jochen_Salomon_2022_web-neu.jpg\" alt='Jochen Kramer'  itemprop=\"image\"   height=\"800\" width=\"600\" \/><\/div><h3 class='team-member-name '  itemprop=\"name\" >Jochen Kramer<\/h3><div class='team-member-job-title '  itemprop=\"jobTitle\" >Mitglied der Gesch\u00e4ftsleitung f\u00fcr Marketing &amp; Innovation, SALOMON FoodWorld<\/div><span class='hidden team-member-affiliation'  itemprop=\"affiliation\" >Digital Talk<\/span><\/section><br \/>\n<div  class='togglecontainer av-3vvadh-93708e3afb4f072deeae28aed2da985d  avia-builder-el-26  el_after_av_team_member  avia-builder-el-last  av-desktop-hide av-medium-hide av-small-hide av-mini-hide toggle_close_all' >\n<section class='av_toggle_section av-2qvdnp-04216569dd7176ee0e449dac36863826'  itemscope=\"itemscope\" itemtype=\"https:\/\/schema.org\/CreativeWork\" ><div role=\"tablist\" class=\"single_toggle\" data-tags=\"{Alle} \"  ><p id='toggle-toggle-id-3' data-fake-id='#toggle-id-3' class='toggler  av-title-above '  itemprop=\"headline\"  role='tab' tabindex='0' aria-controls='toggle-id-3' data-slide-speed=\"200\" data-title=\"Info\" data-title-open=\"\" data-aria_collapsed=\"Click to expand: Info\" data-aria_expanded=\"Click to collapse: Info\">Info<span class=\"toggle_icon\"><span class=\"vert_icon\"><\/span><span class=\"hor_icon\"><\/span><\/span><\/p><div id='toggle-id-3' aria-labelledby='toggle-toggle-id-3' role='region' class='toggle_wrap  av-title-above'  ><div class='toggle_content invers-color '  itemprop=\"text\" ><p>Nach \u00fcber 10 Jahren in verschiedenen Leitungsfunktionen in der Ingredientsbranche mit globalem Fokus (u.A. Kerry Ingredients and Flavors, Frutarom Savory Solutions und International Flavors and Fragrances) hat der gelernte Koch und Diplom Ern\u00e4hrungswissenschaftler den Weg zur R\u00fcgenwalder M\u00fchle eingeschlagen, wo er seit April letzten Jahres den Posten des \u201eHead of R&amp;D\u201c ausf\u00fcllt. In dieser Funktion ist er verantwortlich f\u00fcr Produktinnovationen und die sensorische Qualit\u00e4t der R\u00fcgenwalder M\u00fchle Produkte tierischer und pflanzlicher Herkunft.<\/p>\n<\/div><\/div><\/div><\/section>\n<\/div><\/p><\/div>\n<style type=\"text\/css\" data-created_by=\"avia_inline_auto\" id=\"style-css-av-a9hj91-603635b73b8fa69528b213a78edade03\">\n.flex_column.av-a9hj91-603635b73b8fa69528b213a78edade03{\nborder-radius:0px 0px 0px 0px;\npadding:0px 0px 0px 0px;\n}\n<\/style>\n<div  class='flex_column av-a9hj91-603635b73b8fa69528b213a78edade03 av_one_third  avia-builder-el-27  el_after_av_one_third  el_before_av_one_third  first flex_column_div av-zero-column-padding  column-top-margin'     ><p><section  class='avia-team-member av-l24iuoh1-092e5b709efa59968c0d5c2386fc53cd  avia-builder-el-28  el_before_av_toggle_container  avia-builder-el-first '  itemscope=\"itemscope\" itemtype=\"https:\/\/schema.org\/Person\" ><div class=\"team-img-container\"><img decoding=\"async\" fetchpriority=\"high\" class='wp-image-6562 avia-img-lazy-loading-not-6562 avia_image avia_image_team' src=\"https:\/\/dfvcg-events.de\/digital-talk\/wp-content\/uploads\/sites\/14\/2022\/04\/1Unbenannt1.jpg\" alt='Peter Prislin'  itemprop=\"image\"   height=\"800\" width=\"600\" \/><\/div><h3 class='team-member-name '  itemprop=\"name\" >Peter Prislin<\/h3><div class='team-member-job-title '  itemprop=\"jobTitle\" >CMO, Hans im Gl\u00fcck Franchise GmbH<\/div><span class='hidden team-member-affiliation'  itemprop=\"affiliation\" >Digital Talk<\/span><\/section><br \/>\n<div  class='togglecontainer av-9ihiyt-5217e602dcd63cb7fe671c6b610b86bc  avia-builder-el-29  el_after_av_team_member  avia-builder-el-last  av-desktop-hide av-medium-hide av-small-hide av-mini-hide toggle_close_all' >\n<section class='av_toggle_section av-7xok51-ef201664b7d99d719f897444d8c33951'  itemscope=\"itemscope\" itemtype=\"https:\/\/schema.org\/CreativeWork\" ><div role=\"tablist\" class=\"single_toggle\" data-tags=\"{Alle} \"  ><p id='toggle-toggle-id-4' data-fake-id='#toggle-id-4' class='toggler  av-title-above '  itemprop=\"headline\"  role='tab' tabindex='0' aria-controls='toggle-id-4' data-slide-speed=\"200\" data-title=\"Info\" data-title-open=\"\" data-aria_collapsed=\"Click to expand: Info\" data-aria_expanded=\"Click to collapse: Info\">Info<span class=\"toggle_icon\"><span class=\"vert_icon\"><\/span><span class=\"hor_icon\"><\/span><\/span><\/p><div id='toggle-id-4' aria-labelledby='toggle-toggle-id-4' role='region' class='toggle_wrap  av-title-above'  ><div class='toggle_content invers-color '  itemprop=\"text\" ><p>Nach \u00fcber 10 Jahren in verschiedenen Leitungsfunktionen in der Ingredientsbranche mit globalem Fokus (u.A. Kerry Ingredients and Flavors, Frutarom Savory Solutions und International Flavors and Fragrances) hat der gelernte Koch und Diplom Ern\u00e4hrungswissenschaftler den Weg zur R\u00fcgenwalder M\u00fchle eingeschlagen, wo er seit April letzten Jahres den Posten des \u201eHead of R&amp;D\u201c ausf\u00fcllt. In dieser Funktion ist er verantwortlich f\u00fcr Produktinnovationen und die sensorische Qualit\u00e4t der R\u00fcgenwalder M\u00fchle Produkte tierischer und pflanzlicher Herkunft.<\/p>\n<\/div><\/div><\/div><\/section>\n<\/div><\/p><\/div>\n<style type=\"text\/css\" data-created_by=\"avia_inline_auto\" id=\"style-css-av-58kjnp-5133edf585a5ce582a3fbe57999953ec\">\n.flex_column.av-58kjnp-5133edf585a5ce582a3fbe57999953ec{\nborder-radius:0px 0px 0px 0px;\npadding:0px 0px 0px 0px;\n}\n<\/style>\n<div  class='flex_column av-58kjnp-5133edf585a5ce582a3fbe57999953ec av_one_third  avia-builder-el-30  el_after_av_one_third  el_before_av_one_third  flex_column_div av-zero-column-padding  column-top-margin'     ><p><section  class='avia-team-member av-l24iwc0b-07826c54630646ad254d40553757ee82  avia-builder-el-31  el_before_av_toggle_container  avia-builder-el-first '  itemscope=\"itemscope\" itemtype=\"https:\/\/schema.org\/Person\" ><div class=\"team-img-container\"><img decoding=\"async\" fetchpriority=\"high\" class='wp-image-6563 avia-img-lazy-loading-not-6563 avia_image avia_image_team' src=\"https:\/\/dfvcg-events.de\/digital-talk\/wp-content\/uploads\/sites\/14\/2022\/04\/2Unbenannt3.jpg\" alt='Stefan Weber'  itemprop=\"image\"   height=\"800\" width=\"600\" \/><\/div><h3 class='team-member-name '  itemprop=\"name\" >Stefan Weber<\/h3><div class='team-member-job-title '  itemprop=\"jobTitle\" >Gesch\u00e4ftsf\u00fchrender Gesellschafter, Casualfood GmbH<\/div><span class='hidden team-member-affiliation'  itemprop=\"affiliation\" >Digital Talk<\/span><\/section><br \/>\n<div  class='togglecontainer av-4vvl1h-aa232768a67410beaf613ecfcbd79269  avia-builder-el-32  el_after_av_team_member  avia-builder-el-last  av-desktop-hide av-medium-hide av-small-hide av-mini-hide toggle_close_all' >\n<section class='av_toggle_section av-1uigxh-98c43898305926ab96fe46736ab40249'  itemscope=\"itemscope\" itemtype=\"https:\/\/schema.org\/CreativeWork\" ><div role=\"tablist\" class=\"single_toggle\" data-tags=\"{Alle} \"  ><p id='toggle-toggle-id-5' data-fake-id='#toggle-id-5' class='toggler  av-title-above '  itemprop=\"headline\"  role='tab' tabindex='0' aria-controls='toggle-id-5' data-slide-speed=\"200\" data-title=\"Info\" data-title-open=\"\" data-aria_collapsed=\"Click to expand: Info\" data-aria_expanded=\"Click to collapse: Info\">Info<span class=\"toggle_icon\"><span class=\"vert_icon\"><\/span><span class=\"hor_icon\"><\/span><\/span><\/p><div id='toggle-id-5' aria-labelledby='toggle-toggle-id-5' role='region' class='toggle_wrap  av-title-above'  ><div class='toggle_content invers-color '  itemprop=\"text\" ><p>Nach \u00fcber 10 Jahren in verschiedenen Leitungsfunktionen in der Ingredientsbranche mit globalem Fokus (u.A. Kerry Ingredients and Flavors, Frutarom Savory Solutions und International Flavors and Fragrances) hat der gelernte Koch und Diplom Ern\u00e4hrungswissenschaftler den Weg zur R\u00fcgenwalder M\u00fchle eingeschlagen, wo er seit April letzten Jahres den Posten des \u201eHead of R&amp;D\u201c ausf\u00fcllt. In dieser Funktion ist er verantwortlich f\u00fcr Produktinnovationen und die sensorische Qualit\u00e4t der R\u00fcgenwalder M\u00fchle Produkte tierischer und pflanzlicher Herkunft.<\/p>\n<\/div><\/div><\/div><\/section>\n<\/div><\/p><\/div>\n<style type=\"text\/css\" data-created_by=\"avia_inline_auto\" id=\"style-css-av-2o0p9v-63844448321696c80b447f7744b1013f\">\n.flex_column.av-2o0p9v-63844448321696c80b447f7744b1013f{\nborder-radius:0px 0px 0px 0px;\npadding:0px 0px 0px 0px;\n}\n<\/style>\n<div  class='flex_column av-2o0p9v-63844448321696c80b447f7744b1013f av_one_third  avia-builder-el-33  el_after_av_one_third  avia-builder-el-last  flex_column_div av-zero-column-padding  column-top-margin'     ><p><section  class='avia-team-member av-l0teoesc-b01199d7315f9a900eef1b03fac7d447  avia-builder-el-34  el_before_av_toggle_container  avia-builder-el-first '  itemscope=\"itemscope\" itemtype=\"https:\/\/schema.org\/Person\" ><div class=\"team-img-container\"><img decoding=\"async\" fetchpriority=\"high\" class='wp-image-6409 avia-img-lazy-loading-not-6409 avia_image avia_image_team' src=\"https:\/\/dfvcg-events.de\/digital-talk\/wp-content\/uploads\/sites\/14\/2022\/03\/Schmid_Burkart_web-neu.jpg\" alt='MODERATION: Burkart Schmid'  itemprop=\"image\"   height=\"800\" width=\"600\" \/><\/div><h3 class='team-member-name '  itemprop=\"name\" >MODERATION: Burkart Schmid<\/h3><div class='team-member-job-title '  itemprop=\"jobTitle\" >Chefredakteur gv-praxis | Chefredaktion Hotel- und Gastromedien<\/div><span class='hidden team-member-affiliation'  itemprop=\"affiliation\" >Digital Talk<\/span><\/section><br \/>\n<div  class='togglecontainer av-kaza29gw-22c0d43abda73f99748f7d1a1d143e84  avia-builder-el-35  el_after_av_team_member  avia-builder-el-last  av-desktop-hide av-medium-hide av-small-hide av-mini-hide toggle_close_all' >\n<section class='av_toggle_section av-3zafqq-3950c7722cb76c06775e7391dac658d6'  itemscope=\"itemscope\" itemtype=\"https:\/\/schema.org\/CreativeWork\" ><div role=\"tablist\" class=\"single_toggle\" data-tags=\"{Alle} \"  ><p id='toggle-toggle-id-6' data-fake-id='#toggle-id-6' class='toggler  av-title-above '  itemprop=\"headline\"  role='tab' tabindex='0' aria-controls='toggle-id-6' data-slide-speed=\"200\" data-title=\"Info\" data-title-open=\"\" data-aria_collapsed=\"Click to expand: Info\" data-aria_expanded=\"Click to collapse: Info\">Info<span class=\"toggle_icon\"><span class=\"vert_icon\"><\/span><span class=\"hor_icon\"><\/span><\/span><\/p><div id='toggle-id-6' aria-labelledby='toggle-toggle-id-6' role='region' class='toggle_wrap  av-title-above'  ><div class='toggle_content invers-color '  itemprop=\"text\" ><p>Nach \u00fcber 10 Jahren in verschiedenen Leitungsfunktionen in der Ingredientsbranche mit globalem Fokus (u.A. Kerry Ingredients and Flavors, Frutarom Savory Solutions und International Flavors and Fragrances) hat der gelernte Koch und Diplom Ern\u00e4hrungswissenschaftler den Weg zur R\u00fcgenwalder M\u00fchle eingeschlagen, wo er seit April letzten Jahres den Posten des \u201eHead of R&amp;D\u201c ausf\u00fcllt. In dieser Funktion ist er verantwortlich f\u00fcr Produktinnovationen und die sensorische Qualit\u00e4t der R\u00fcgenwalder M\u00fchle Produkte tierischer und pflanzlicher Herkunft.<\/p>\n<\/div><\/div><\/div><\/section>\n<\/div><\/p><\/div>\n\n<\/div><\/div><\/div><!-- close content main div --><\/div><\/div><div id='partner'  class='avia-section av-kawtoycl-2-477e0fbdbb50d9f7074d6d28ddf748f7 main_color avia-section-default avia-no-shadow  avia-builder-el-36  el_after_av_section  el_before_av_section  avia-bg-style-scroll container_wrap fullsize'  ><div class='container av-section-cont-open' ><div class='template-page content  av-content-full alpha units'><div class='post-entry post-entry-type-page post-entry-6405'><div class='entry-content-wrapper clearfix'>\n\n<style type=\"text\/css\" data-created_by=\"avia_inline_auto\" id=\"style-css-av-kx7d2z73-cbc1734441ff4e9423eeb1a69a39c748\">\n#top .av-special-heading.av-kx7d2z73-cbc1734441ff4e9423eeb1a69a39c748{\npadding-bottom:10px;\ncolor:#af6053;\n}\nbody .av-special-heading.av-kx7d2z73-cbc1734441ff4e9423eeb1a69a39c748 .av-special-heading-tag .heading-char{\nfont-size:25px;\n}\n.av-special-heading.av-kx7d2z73-cbc1734441ff4e9423eeb1a69a39c748 .special-heading-inner-border{\nborder-color:#af6053;\n}\n.av-special-heading.av-kx7d2z73-cbc1734441ff4e9423eeb1a69a39c748 .av-subheading{\nfont-size:15px;\ncolor:#000000;\n}\n<\/style>\n<div  class='av-special-heading av-kx7d2z73-cbc1734441ff4e9423eeb1a69a39c748 av-special-heading-h2 custom-color-heading blockquote modern-quote  avia-builder-el-37  el_before_av_one_third  avia-builder-el-first '><h2 class='av-special-heading-tag '  itemprop=\"headline\"  >Powered by<\/h2><div class='av_custom_color av-subheading av-subheading_below'><p>Wir bedanken uns bei&#8230;<\/p>\n<\/div><div class=\"special-heading-border\"><div class=\"special-heading-inner-border\"><\/div><\/div><\/div>\n\n<style type=\"text\/css\" data-created_by=\"avia_inline_auto\" id=\"style-css-av-2dfts0-b03bc50ecac444ae5ff8b4c0e8a703cd\">\n.flex_column.av-2dfts0-b03bc50ecac444ae5ff8b4c0e8a703cd{\nborder-radius:0px 0px 0px 0px;\npadding:0px 0px 0px 0px;\n}\n<\/style>\n<div  class='flex_column av-2dfts0-b03bc50ecac444ae5ff8b4c0e8a703cd av_one_third  avia-builder-el-38  el_after_av_heading  avia-builder-el-last  first flex_column_div av-zero-column-padding  '     ><style type=\"text\/css\" data-created_by=\"avia_inline_auto\" id=\"style-css-av-kzmsovdk-e567bfe7e1aec57ce5bcb61385579fba\">\n.avia-image-container.av-kzmsovdk-e567bfe7e1aec57ce5bcb61385579fba img.avia_image{\nbox-shadow:none;\n}\n.avia-image-container.av-kzmsovdk-e567bfe7e1aec57ce5bcb61385579fba .av-image-caption-overlay-center{\ncolor:#ffffff;\n}\n<\/style>\n<div  class='avia-image-container av-kzmsovdk-e567bfe7e1aec57ce5bcb61385579fba av-styling-no-styling av-img-linked avia-align-left  avia-builder-el-39  avia-builder-el-no-sibling '   itemprop=\"image\" itemscope=\"itemscope\" itemtype=\"https:\/\/schema.org\/ImageObject\" ><div class=\"avia-image-container-inner\"><div class=\"avia-image-overlay-wrap\"><a href=\"https:\/\/www.salomon-foodworld.com\/de\" class='avia_image '  target=\"_blank\"  rel=\"noopener noreferrer\" aria-label='SFW_Logo_Claim_deutsch_RGB_web-neu'><img decoding=\"async\" fetchpriority=\"high\" class='wp-image-6407 avia-img-lazy-loading-not-6407 avia_image ' src=\"https:\/\/dfvcg-events.de\/digital-talk\/wp-content\/uploads\/sites\/14\/2022\/03\/SFW_Logo_Claim_deutsch_RGB_web-neu.jpg\" alt='' title='SFW_Logo_Claim_deutsch_RGB_web-neu'  height=\"600\" width=\"800\"  itemprop=\"thumbnailUrl\"  \/><\/a><\/div><\/div><\/div><\/div>\n\n<\/div><\/div><\/div><!-- close content main div --><\/div><\/div><div id='anmelden'  class='avia-section av-kawtoycl-1-b06506d3f004b7712fe681922b309195 main_color avia-section-default avia-no-shadow  avia-builder-el-40  el_after_av_section  el_before_av_section  avia-bg-style-scroll container_wrap fullsize'  ><div class='container av-section-cont-open' ><div class='template-page content  av-content-full alpha units'><div class='post-entry post-entry-type-page post-entry-6405'><div class='entry-content-wrapper clearfix'>\n\n<style type=\"text\/css\" data-created_by=\"avia_inline_auto\" id=\"style-css-av-1x2jgy-9c24f1285b51aa65fd279f3eb52c7fb1\">\n#top .av-special-heading.av-1x2jgy-9c24f1285b51aa65fd279f3eb52c7fb1{\npadding-bottom:25px;\ncolor:#af6053;\n}\nbody .av-special-heading.av-1x2jgy-9c24f1285b51aa65fd279f3eb52c7fb1 .av-special-heading-tag .heading-char{\nfont-size:25px;\n}\n.av-special-heading.av-1x2jgy-9c24f1285b51aa65fd279f3eb52c7fb1 .special-heading-inner-border{\nborder-color:#af6053;\n}\n.av-special-heading.av-1x2jgy-9c24f1285b51aa65fd279f3eb52c7fb1 .av-subheading{\nfont-size:15px;\ncolor:#000000;\n}\n<\/style>\n<div  class='av-special-heading av-1x2jgy-9c24f1285b51aa65fd279f3eb52c7fb1 av-special-heading-h2 custom-color-heading blockquote modern-quote  avia-builder-el-41  el_before_av_codeblock  avia-builder-el-first '><h2 class='av-special-heading-tag '  itemprop=\"headline\"  >Jetzt anmelden<\/h2><div class='av_custom_color av-subheading av-subheading_below'><p>Wir freuen uns auf Sie<\/p>\n<\/div><div class=\"special-heading-border\"><div class=\"special-heading-inner-border\"><\/div><\/div><\/div>\n\n\n<\/div><\/div><\/div><!-- close content main div --><\/div><\/div><div id='av_section_7'  class='avia-section av-5q9r00-929d384ada66a6e4c2b7ff3e1c965ec7 main_color avia-section-default avia-no-shadow  avia-builder-el-43  el_after_av_section  el_before_av_section  avia-bg-style-scroll container_wrap fullsize'  ><div class='container av-section-cont-open' ><div class='template-page content  av-content-full alpha units'><div class='post-entry post-entry-type-page post-entry-6405'><div class='entry-content-wrapper clearfix'>\n\n<style type=\"text\/css\" data-created_by=\"avia_inline_auto\" id=\"style-css-av-4lu7b4-dd173bbe2072d82c677de7e847f1e47b\">\n#top .av-special-heading.av-4lu7b4-dd173bbe2072d82c677de7e847f1e47b{\npadding-bottom:10px;\ncolor:#af6053;\n}\nbody .av-special-heading.av-4lu7b4-dd173bbe2072d82c677de7e847f1e47b .av-special-heading-tag .heading-char{\nfont-size:25px;\n}\n.av-special-heading.av-4lu7b4-dd173bbe2072d82c677de7e847f1e47b .special-heading-inner-border{\nborder-color:#af6053;\n}\n.av-special-heading.av-4lu7b4-dd173bbe2072d82c677de7e847f1e47b .av-subheading{\nfont-size:15px;\ncolor:#000000;\n}\n<\/style>\n<div  class='av-special-heading av-4lu7b4-dd173bbe2072d82c677de7e847f1e47b av-special-heading-h2 custom-color-heading blockquote modern-quote  avia-builder-el-44  el_before_av_textblock  avia-builder-el-first '><h2 class='av-special-heading-tag '  itemprop=\"headline\"  >Gut zu wissen<\/h2><div class='av_custom_color av-subheading av-subheading_below'><p>Wichtige Informationen rund um Ihre digitale Teilnahme<\/p>\n<\/div><div class=\"special-heading-border\"><div class=\"special-heading-inner-border\"><\/div><\/div><\/div>\n<section  class='av_textblock_section av-1xd4g0-7727a03ea417436ace6519b4aec0f0c8 '   itemscope=\"itemscope\" itemtype=\"https:\/\/schema.org\/CreativeWork\" ><div class='avia_textblock'  itemprop=\"text\" ><p>Nach Ihrer Registrierung erhalten Sie Ihre Anmeldebest\u00e4tigung sowie einen Link f\u00fcr Ihren Kalendereintrag. Die Zugangsdaten zum Einloggen erhalten Sie rechtzeitig vor Beginn des Digital Talks.<\/p>\n<\/div><\/section>\n\n<\/div><\/div><\/div><!-- close content main div --><\/div><\/div><div id='av_section_8'  class='avia-section av-81j7y8-6f90dd296c7a38ca4420dfd12090237f main_color avia-section-default avia-no-shadow  avia-builder-el-46  el_after_av_section  el_before_av_section  avia-bg-style-scroll container_wrap fullsize'  ><div class='container av-section-cont-open' ><div class='template-page content  av-content-full alpha units'><div class='post-entry post-entry-type-page post-entry-6405'><div class='entry-content-wrapper clearfix'>\n\n<style type=\"text\/css\" data-created_by=\"avia_inline_auto\" id=\"style-css-av-kzmt51hy-2add484d38596dbe5eaa9f33d905b614\">\n#top .av-special-heading.av-kzmt51hy-2add484d38596dbe5eaa9f33d905b614{\npadding-bottom:10px;\ncolor:#af6053;\n}\nbody .av-special-heading.av-kzmt51hy-2add484d38596dbe5eaa9f33d905b614 .av-special-heading-tag .heading-char{\nfont-size:25px;\n}\n.av-special-heading.av-kzmt51hy-2add484d38596dbe5eaa9f33d905b614 .special-heading-inner-border{\nborder-color:#af6053;\n}\n.av-special-heading.av-kzmt51hy-2add484d38596dbe5eaa9f33d905b614 .av-subheading{\nfont-size:15px;\ncolor:#000000;\n}\n<\/style>\n<div  class='av-special-heading av-kzmt51hy-2add484d38596dbe5eaa9f33d905b614 av-special-heading-h2 custom-color-heading blockquote modern-quote  avia-builder-el-47  el_before_av_one_fourth  avia-builder-el-first '><h2 class='av-special-heading-tag '  itemprop=\"headline\"  >Medienpartner<\/h2><div class='av_custom_color av-subheading av-subheading_below'><p>Unterst\u00fctzend dabei sind&#8230;<\/p>\n<\/div><div class=\"special-heading-border\"><div class=\"special-heading-inner-border\"><\/div><\/div><\/div>\n\n<style type=\"text\/css\" data-created_by=\"avia_inline_auto\" id=\"style-css-av-3048ol-d5c704f4c553491b0c5caac5fadb13c7\">\n.flex_column.av-3048ol-d5c704f4c553491b0c5caac5fadb13c7{\nborder-radius:0px 0px 0px 0px;\npadding:0px 0px 0px 0px;\n}\n<\/style>\n<div  class='flex_column av-3048ol-d5c704f4c553491b0c5caac5fadb13c7 av_one_fourth  avia-builder-el-48  el_after_av_heading  el_before_av_one_fourth  first flex_column_div av-zero-column-padding  '     ><style type=\"text\/css\" data-created_by=\"avia_inline_auto\" id=\"style-css-av-l1fhs93r-c42ccc7a5582ad47a9789264aeb258d4\">\n.avia-image-container.av-l1fhs93r-c42ccc7a5582ad47a9789264aeb258d4 img.avia_image{\nbox-shadow:none;\n}\n.avia-image-container.av-l1fhs93r-c42ccc7a5582ad47a9789264aeb258d4 .av-image-caption-overlay-center{\ncolor:#ffffff;\n}\n<\/style>\n<div  class='avia-image-container av-l1fhs93r-c42ccc7a5582ad47a9789264aeb258d4 av-styling-no-styling av-img-linked avia-align-left  avia-builder-el-49  avia-builder-el-no-sibling '   itemprop=\"image\" itemscope=\"itemscope\" itemtype=\"https:\/\/schema.org\/ImageObject\" ><div class=\"avia-image-container-inner\"><div class=\"avia-image-overlay-wrap\"><a href=\"https:\/\/dfvcg-events.de\/\" class='avia_image '  target=\"_blank\"  rel=\"noopener noreferrer\" aria-label='dfvcg-conference-group'><img decoding=\"async\" fetchpriority=\"high\" class='wp-image-1064 avia-img-lazy-loading-not-1064 avia_image ' src=\"https:\/\/dfvcg-events.de\/digital-talk\/wp-content\/uploads\/sites\/14\/2020\/05\/dfvcg-conference-group.jpg\" alt='' title='dfvcg-conference-group'  height=\"600\" width=\"800\"  itemprop=\"thumbnailUrl\"  \/><\/a><\/div><\/div><\/div><\/div>\n<style type=\"text\/css\" data-created_by=\"avia_inline_auto\" id=\"style-css-av-47knnk-b8883fcae3a23c79948e6f635cecf4f2\">\n.flex_column.av-47knnk-b8883fcae3a23c79948e6f635cecf4f2{\nborder-radius:0px 0px 0px 0px;\npadding:0px 0px 0px 0px;\n}\n<\/style>\n<div  class='flex_column av-47knnk-b8883fcae3a23c79948e6f635cecf4f2 av_one_fourth  avia-builder-el-50  el_after_av_one_fourth  avia-builder-el-last  flex_column_div av-zero-column-padding  '     ><style type=\"text\/css\" data-created_by=\"avia_inline_auto\" id=\"style-css-av-kzmtuave-b3b132d7e739d3bd39a6dba803ac2d41\">\n.avia-image-container.av-kzmtuave-b3b132d7e739d3bd39a6dba803ac2d41 img.avia_image{\nbox-shadow:none;\n}\n.avia-image-container.av-kzmtuave-b3b132d7e739d3bd39a6dba803ac2d41 .av-image-caption-overlay-center{\ncolor:#ffffff;\n}\n<\/style>\n<div  class='avia-image-container av-kzmtuave-b3b132d7e739d3bd39a6dba803ac2d41 av-styling-no-styling av-img-linked avia-align-left  avia-builder-el-51  avia-builder-el-no-sibling '   itemprop=\"image\" itemscope=\"itemscope\" itemtype=\"https:\/\/schema.org\/ImageObject\" ><div class=\"avia-image-container-inner\"><div class=\"avia-image-overlay-wrap\"><a href=\"https:\/\/www.food-service.de\/\" class='avia_image '  target=\"_blank\"  rel=\"noopener noreferrer\" aria-label='dfvcg-partner-foodservice'><img decoding=\"async\" fetchpriority=\"high\" class='wp-image-1813 avia-img-lazy-loading-not-1813 avia_image ' src=\"https:\/\/dfvcg-events.de\/digital-talk\/wp-content\/uploads\/sites\/14\/2020\/11\/dfvcg-partner-foodservice.jpg\" alt='' title='dfvcg-partner-foodservice'  height=\"600\" width=\"800\"  itemprop=\"thumbnailUrl\"  \/><\/a><\/div><\/div><\/div><\/div>\n\n<\/div><\/div><\/div><!-- close content main div --><\/div><\/div><div id='av_section_9'  class='avia-section av-57cd5d-34a88ae3c57e3c8fff32d55393d7eed3 main_color avia-section-default avia-no-shadow  avia-builder-el-52  el_after_av_section  avia-builder-el-last  avia-bg-style-scroll container_wrap fullsize'  ><div class='container av-section-cont-open' ><div class='template-page content  av-content-full alpha units'><div class='post-entry post-entry-type-page post-entry-6405'><div class='entry-content-wrapper clearfix'>\n\n<style type=\"text\/css\" data-created_by=\"avia_inline_auto\" id=\"style-css-av-ky9zqosx-00b0901c51f9ccd15348b45333fbaf9d\">\n#top .av-special-heading.av-ky9zqosx-00b0901c51f9ccd15348b45333fbaf9d{\npadding-bottom:25px;\ncolor:#af6053;\n}\nbody .av-special-heading.av-ky9zqosx-00b0901c51f9ccd15348b45333fbaf9d .av-special-heading-tag .heading-char{\nfont-size:25px;\n}\n.av-special-heading.av-ky9zqosx-00b0901c51f9ccd15348b45333fbaf9d .special-heading-inner-border{\nborder-color:#af6053;\n}\n.av-special-heading.av-ky9zqosx-00b0901c51f9ccd15348b45333fbaf9d .av-subheading{\nfont-size:15px;\ncolor:#000000;\n}\n<\/style>\n<div  class='av-special-heading av-ky9zqosx-00b0901c51f9ccd15348b45333fbaf9d av-special-heading-h2 custom-color-heading blockquote modern-quote  avia-builder-el-53  el_before_av_one_third  avia-builder-el-first '><h2 class='av-special-heading-tag '  itemprop=\"headline\"  >Ihre Ansprechpartner:innen<\/h2><div class='av_custom_color av-subheading av-subheading_below'><p>Wir sind f\u00fcr Sie da<\/p>\n<\/div><div class=\"special-heading-border\"><div class=\"special-heading-inner-border\"><\/div><\/div><\/div>\n<div  class='flex_column av-4nh4ox-95be2c5a318148baa57e7ed91aee1d53 av_one_third  avia-builder-el-54  el_after_av_heading  el_before_av_one_third  first flex_column_div  '     ><section  class='av_textblock_section av-ky9zwawv-e253348a15222e82e95d7e5bd7c8e183 '   itemscope=\"itemscope\" itemtype=\"https:\/\/schema.org\/CreativeWork\" ><div class='avia_textblock'  itemprop=\"text\" ><p><strong>Programm &amp; Projektleitung<\/strong><\/p>\n<p>Sarah Sternberger<strong><br \/>\n<\/strong><a href=\"&#109;&#97;&#x69;l&#116;&#x6f;&#x3a;s&#97;&#x72;&#x61;h&#46;&#x73;&#x74;e&#114;&#x6e;&#x62;e&#114;&#x67;&#x65;r&#64;&#x64;f&#118;&#99;&#x67;&#46;&#100;&#x65;\">&#x73;&#x61;&#x72;&#x61;&#x68;&#x2e;&#x73;&#x74;&#x65;&#x72;&#x6e;&#x62;&#x65;&#x72;&#103;&#101;&#114;&#64;&#100;&#102;&#118;&#99;&#103;&#46;&#100;e<\/a><br \/>\n+49 69 7595 3039<\/p>\n<\/div><\/section><\/div><div  class='flex_column av-3624ap-f2c35afdc73ca95192ad6a153e5054f3 av_one_third  avia-builder-el-56  el_after_av_one_third  avia-builder-el-last  flex_column_div  '     ><section  class='av_textblock_section av-ky9zx86r-fb9a6ed34d3bc94eba53947442a1e96a '   itemscope=\"itemscope\" itemtype=\"https:\/\/schema.org\/CreativeWork\" ><div class='avia_textblock'  itemprop=\"text\" ><p><strong>Organisation<\/strong><\/p>\n<p>Helene Vogel<br \/>\n<a href=\"mail&#116;&#111;&#58;&#74;&#101;&#97;&#110;&#x6e;&#x65;&#x74;&#x74;&#x65;&#x2e;&#x47;&#x61;&#x72;dyan&#99;&#122;&#121;&#107;&#64;&#100;&#102;&#x76;&#x63;&#x67;&#x2e;&#x64;&#x65;\">&#x68;&#x65;&#x6c;&#x65;&#x6e;&#x65;&#x2e;&#x76;&#x6f;&#x67;&#x65;&#x6c;&#x40;&#x64;&#x66;&#x76;&#x63;&#x67;&#x2e;&#x64;&#x65;<\/a><br \/>\n+49 69 7595 3013<\/p>\n<\/div><\/section><\/div>\n\n","protected":false},"excerpt":{"rendered":"<p>12. Mai 2022<br \/>\n11.00 \u2013 12.00<\/p>\n","protected":false},"author":4,"featured_media":6406,"comment_status":"closed","ping_status":"closed","template":"","meta":{"footnotes":""},"tags":[],"portfolio_entries":[47],"class_list":["post-6405","portfolio","type-portfolio","status-publish","has-post-thumbnail","hentry","portfolio_entries-archiv"],"yoast_head":"<!-- This site is optimized with the Yoast SEO plugin v27.4 - https:\/\/yoast.com\/product\/yoast-seo-wordpress\/ -->\n<title>digital talk: Eine Branche stellt sich neu auf - \u00dcber die aktuelle Lage im Hospitality Markt - Digital Talk<\/title>\n<meta name=\"description\" content=\"Live. Aktuell. Inspirierend: digital talk: Eine Branche stellt sich neu auf - \u00dcber die aktuelle Lage im Hospitality Markt.\" \/>\n<meta name=\"robots\" content=\"index, follow, max-snippet:-1, max-image-preview:large, max-video-preview:-1\" \/>\n<link rel=\"canonical\" href=\"https:\/\/dfvcg-events.de\/digital-talk\/veranstaltung\/digital-talk-eine-branche-stellt-sich-neu-auf\/\" \/>\n<meta property=\"og:locale\" content=\"de_DE\" \/>\n<meta property=\"og:type\" content=\"article\" \/>\n<meta property=\"og:title\" content=\"digital talk: Eine Branche stellt sich neu auf - \u00dcber die aktuelle Lage im Hospitality Markt - Digital Talk\" \/>\n<meta property=\"og:description\" content=\"Live. Aktuell. Inspirierend: digital talk: Eine Branche stellt sich neu auf - \u00dcber die aktuelle Lage im Hospitality Markt.\" \/>\n<meta property=\"og:url\" content=\"https:\/\/dfvcg-events.de\/digital-talk\/veranstaltung\/digital-talk-eine-branche-stellt-sich-neu-auf\/\" \/>\n<meta property=\"og:site_name\" content=\"Digital Talk\" \/>\n<meta property=\"article:modified_time\" content=\"2023-11-16T15:15:53+00:00\" \/>\n<meta property=\"og:image\" content=\"https:\/\/dfvcg-events.de\/digital-talk\/wp-content\/uploads\/sites\/14\/2022\/03\/dt_Hospitality_800x800.jpg\" \/>\n\t<meta property=\"og:image:width\" content=\"800\" \/>\n\t<meta property=\"og:image:height\" content=\"800\" \/>\n\t<meta property=\"og:image:type\" content=\"image\/jpeg\" \/>\n<meta name=\"twitter:card\" content=\"summary_large_image\" \/>\n<meta name=\"twitter:label1\" content=\"Gesch\u00e4tzte Lesezeit\" \/>\n\t<meta name=\"twitter:data1\" content=\"13\u00a0Minuten\" \/>\n<script type=\"application\/ld+json\" class=\"yoast-schema-graph\">{\"@context\":\"https:\\\/\\\/schema.org\",\"@graph\":[{\"@type\":\"WebPage\",\"@id\":\"https:\\\/\\\/dfvcg-events.de\\\/digital-talk\\\/veranstaltung\\\/digital-talk-eine-branche-stellt-sich-neu-auf\\\/\",\"url\":\"https:\\\/\\\/dfvcg-events.de\\\/digital-talk\\\/veranstaltung\\\/digital-talk-eine-branche-stellt-sich-neu-auf\\\/\",\"name\":\"digital talk: Eine Branche stellt sich neu auf - \u00dcber die aktuelle Lage im Hospitality Markt - Digital Talk\",\"isPartOf\":{\"@id\":\"https:\\\/\\\/dfvcg-events.de\\\/digital-talk\\\/#website\"},\"primaryImageOfPage\":{\"@id\":\"https:\\\/\\\/dfvcg-events.de\\\/digital-talk\\\/veranstaltung\\\/digital-talk-eine-branche-stellt-sich-neu-auf\\\/#primaryimage\"},\"image\":{\"@id\":\"https:\\\/\\\/dfvcg-events.de\\\/digital-talk\\\/veranstaltung\\\/digital-talk-eine-branche-stellt-sich-neu-auf\\\/#primaryimage\"},\"thumbnailUrl\":\"https:\\\/\\\/dfvcg-events.de\\\/digital-talk\\\/wp-content\\\/uploads\\\/sites\\\/14\\\/2022\\\/03\\\/dt_Hospitality_800x800.jpg\",\"datePublished\":\"2022-03-31T21:39:40+00:00\",\"dateModified\":\"2023-11-16T15:15:53+00:00\",\"description\":\"Live. Aktuell. Inspirierend: digital talk: Eine Branche stellt sich neu auf - \u00dcber die aktuelle Lage im Hospitality Markt.\",\"breadcrumb\":{\"@id\":\"https:\\\/\\\/dfvcg-events.de\\\/digital-talk\\\/veranstaltung\\\/digital-talk-eine-branche-stellt-sich-neu-auf\\\/#breadcrumb\"},\"inLanguage\":\"de\",\"potentialAction\":[{\"@type\":\"ReadAction\",\"target\":[\"https:\\\/\\\/dfvcg-events.de\\\/digital-talk\\\/veranstaltung\\\/digital-talk-eine-branche-stellt-sich-neu-auf\\\/\"]}]},{\"@type\":\"ImageObject\",\"inLanguage\":\"de\",\"@id\":\"https:\\\/\\\/dfvcg-events.de\\\/digital-talk\\\/veranstaltung\\\/digital-talk-eine-branche-stellt-sich-neu-auf\\\/#primaryimage\",\"url\":\"https:\\\/\\\/dfvcg-events.de\\\/digital-talk\\\/wp-content\\\/uploads\\\/sites\\\/14\\\/2022\\\/03\\\/dt_Hospitality_800x800.jpg\",\"contentUrl\":\"https:\\\/\\\/dfvcg-events.de\\\/digital-talk\\\/wp-content\\\/uploads\\\/sites\\\/14\\\/2022\\\/03\\\/dt_Hospitality_800x800.jpg\",\"width\":800,\"height\":800},{\"@type\":\"BreadcrumbList\",\"@id\":\"https:\\\/\\\/dfvcg-events.de\\\/digital-talk\\\/veranstaltung\\\/digital-talk-eine-branche-stellt-sich-neu-auf\\\/#breadcrumb\",\"itemListElement\":[{\"@type\":\"ListItem\",\"position\":1,\"name\":\"Startseite\",\"item\":\"https:\\\/\\\/dfvcg-events.de\\\/digital-talk\\\/\"},{\"@type\":\"ListItem\",\"position\":2,\"name\":\"digital talk: Eine Branche stellt sich neu auf &#8211; \u00dcber die aktuelle Lage im Hospitality Markt\"}]},{\"@type\":\"WebSite\",\"@id\":\"https:\\\/\\\/dfvcg-events.de\\\/digital-talk\\\/#website\",\"url\":\"https:\\\/\\\/dfvcg-events.de\\\/digital-talk\\\/\",\"name\":\"Digital Talk\",\"description\":\"dfv Conference Group\",\"publisher\":{\"@id\":\"https:\\\/\\\/dfvcg-events.de\\\/digital-talk\\\/#organization\"},\"potentialAction\":[{\"@type\":\"SearchAction\",\"target\":{\"@type\":\"EntryPoint\",\"urlTemplate\":\"https:\\\/\\\/dfvcg-events.de\\\/digital-talk\\\/?s={search_term_string}\"},\"query-input\":{\"@type\":\"PropertyValueSpecification\",\"valueRequired\":true,\"valueName\":\"search_term_string\"}}],\"inLanguage\":\"de\"},{\"@type\":\"Organization\",\"@id\":\"https:\\\/\\\/dfvcg-events.de\\\/digital-talk\\\/#organization\",\"name\":\"Digital Talks | dfv Conference Group\",\"url\":\"https:\\\/\\\/dfvcg-events.de\\\/digital-talk\\\/\",\"logo\":{\"@type\":\"ImageObject\",\"inLanguage\":\"de\",\"@id\":\"https:\\\/\\\/dfvcg-events.de\\\/digital-talk\\\/#\\\/schema\\\/logo\\\/image\\\/\",\"url\":\"https:\\\/\\\/dfvcg-events.de\\\/digital-talk\\\/wp-content\\\/uploads\\\/sites\\\/14\\\/2021\\\/02\\\/digital-talks-start.jpg\",\"contentUrl\":\"https:\\\/\\\/dfvcg-events.de\\\/digital-talk\\\/wp-content\\\/uploads\\\/sites\\\/14\\\/2021\\\/02\\\/digital-talks-start.jpg\",\"width\":800,\"height\":800,\"caption\":\"Digital Talks | dfv Conference Group\"},\"image\":{\"@id\":\"https:\\\/\\\/dfvcg-events.de\\\/digital-talk\\\/#\\\/schema\\\/logo\\\/image\\\/\"}}]}<\/script>\n<!-- \/ Yoast SEO plugin. -->","yoast_head_json":{"title":"digital talk: Eine Branche stellt sich neu auf - \u00dcber die aktuelle Lage im Hospitality Markt - Digital Talk","description":"Live. Aktuell. Inspirierend: digital talk: Eine Branche stellt sich neu auf - \u00dcber die aktuelle Lage im Hospitality Markt.","robots":{"index":"index","follow":"follow","max-snippet":"max-snippet:-1","max-image-preview":"max-image-preview:large","max-video-preview":"max-video-preview:-1"},"canonical":"https:\/\/dfvcg-events.de\/digital-talk\/veranstaltung\/digital-talk-eine-branche-stellt-sich-neu-auf\/","og_locale":"de_DE","og_type":"article","og_title":"digital talk: Eine Branche stellt sich neu auf - \u00dcber die aktuelle Lage im Hospitality Markt - Digital Talk","og_description":"Live. Aktuell. Inspirierend: digital talk: Eine Branche stellt sich neu auf - \u00dcber die aktuelle Lage im Hospitality Markt.","og_url":"https:\/\/dfvcg-events.de\/digital-talk\/veranstaltung\/digital-talk-eine-branche-stellt-sich-neu-auf\/","og_site_name":"Digital Talk","article_modified_time":"2023-11-16T15:15:53+00:00","og_image":[{"width":800,"height":800,"url":"https:\/\/dfvcg-events.de\/digital-talk\/wp-content\/uploads\/sites\/14\/2022\/03\/dt_Hospitality_800x800.jpg","type":"image\/jpeg"}],"twitter_card":"summary_large_image","twitter_misc":{"Gesch\u00e4tzte Lesezeit":"13\u00a0Minuten"},"schema":{"@context":"https:\/\/schema.org","@graph":[{"@type":"WebPage","@id":"https:\/\/dfvcg-events.de\/digital-talk\/veranstaltung\/digital-talk-eine-branche-stellt-sich-neu-auf\/","url":"https:\/\/dfvcg-events.de\/digital-talk\/veranstaltung\/digital-talk-eine-branche-stellt-sich-neu-auf\/","name":"digital talk: Eine Branche stellt sich neu auf - \u00dcber die aktuelle Lage im Hospitality Markt - Digital Talk","isPartOf":{"@id":"https:\/\/dfvcg-events.de\/digital-talk\/#website"},"primaryImageOfPage":{"@id":"https:\/\/dfvcg-events.de\/digital-talk\/veranstaltung\/digital-talk-eine-branche-stellt-sich-neu-auf\/#primaryimage"},"image":{"@id":"https:\/\/dfvcg-events.de\/digital-talk\/veranstaltung\/digital-talk-eine-branche-stellt-sich-neu-auf\/#primaryimage"},"thumbnailUrl":"https:\/\/dfvcg-events.de\/digital-talk\/wp-content\/uploads\/sites\/14\/2022\/03\/dt_Hospitality_800x800.jpg","datePublished":"2022-03-31T21:39:40+00:00","dateModified":"2023-11-16T15:15:53+00:00","description":"Live. Aktuell. Inspirierend: digital talk: Eine Branche stellt sich neu auf - \u00dcber die aktuelle Lage im Hospitality Markt.","breadcrumb":{"@id":"https:\/\/dfvcg-events.de\/digital-talk\/veranstaltung\/digital-talk-eine-branche-stellt-sich-neu-auf\/#breadcrumb"},"inLanguage":"de","potentialAction":[{"@type":"ReadAction","target":["https:\/\/dfvcg-events.de\/digital-talk\/veranstaltung\/digital-talk-eine-branche-stellt-sich-neu-auf\/"]}]},{"@type":"ImageObject","inLanguage":"de","@id":"https:\/\/dfvcg-events.de\/digital-talk\/veranstaltung\/digital-talk-eine-branche-stellt-sich-neu-auf\/#primaryimage","url":"https:\/\/dfvcg-events.de\/digital-talk\/wp-content\/uploads\/sites\/14\/2022\/03\/dt_Hospitality_800x800.jpg","contentUrl":"https:\/\/dfvcg-events.de\/digital-talk\/wp-content\/uploads\/sites\/14\/2022\/03\/dt_Hospitality_800x800.jpg","width":800,"height":800},{"@type":"BreadcrumbList","@id":"https:\/\/dfvcg-events.de\/digital-talk\/veranstaltung\/digital-talk-eine-branche-stellt-sich-neu-auf\/#breadcrumb","itemListElement":[{"@type":"ListItem","position":1,"name":"Startseite","item":"https:\/\/dfvcg-events.de\/digital-talk\/"},{"@type":"ListItem","position":2,"name":"digital talk: Eine Branche stellt sich neu auf &#8211; \u00dcber die aktuelle Lage im Hospitality Markt"}]},{"@type":"WebSite","@id":"https:\/\/dfvcg-events.de\/digital-talk\/#website","url":"https:\/\/dfvcg-events.de\/digital-talk\/","name":"Digital Talk","description":"dfv Conference Group","publisher":{"@id":"https:\/\/dfvcg-events.de\/digital-talk\/#organization"},"potentialAction":[{"@type":"SearchAction","target":{"@type":"EntryPoint","urlTemplate":"https:\/\/dfvcg-events.de\/digital-talk\/?s={search_term_string}"},"query-input":{"@type":"PropertyValueSpecification","valueRequired":true,"valueName":"search_term_string"}}],"inLanguage":"de"},{"@type":"Organization","@id":"https:\/\/dfvcg-events.de\/digital-talk\/#organization","name":"Digital Talks | dfv Conference Group","url":"https:\/\/dfvcg-events.de\/digital-talk\/","logo":{"@type":"ImageObject","inLanguage":"de","@id":"https:\/\/dfvcg-events.de\/digital-talk\/#\/schema\/logo\/image\/","url":"https:\/\/dfvcg-events.de\/digital-talk\/wp-content\/uploads\/sites\/14\/2021\/02\/digital-talks-start.jpg","contentUrl":"https:\/\/dfvcg-events.de\/digital-talk\/wp-content\/uploads\/sites\/14\/2021\/02\/digital-talks-start.jpg","width":800,"height":800,"caption":"Digital Talks | dfv Conference Group"},"image":{"@id":"https:\/\/dfvcg-events.de\/digital-talk\/#\/schema\/logo\/image\/"}}]}},"_links":{"self":[{"href":"https:\/\/dfvcg-events.de\/digital-talk\/wp-json\/wp\/v2\/portfolio\/6405","targetHints":{"allow":["GET"]}}],"collection":[{"href":"https:\/\/dfvcg-events.de\/digital-talk\/wp-json\/wp\/v2\/portfolio"}],"about":[{"href":"https:\/\/dfvcg-events.de\/digital-talk\/wp-json\/wp\/v2\/types\/portfolio"}],"author":[{"embeddable":true,"href":"https:\/\/dfvcg-events.de\/digital-talk\/wp-json\/wp\/v2\/users\/4"}],"replies":[{"embeddable":true,"href":"https:\/\/dfvcg-events.de\/digital-talk\/wp-json\/wp\/v2\/comments?post=6405"}],"version-history":[{"count":0,"href":"https:\/\/dfvcg-events.de\/digital-talk\/wp-json\/wp\/v2\/portfolio\/6405\/revisions"}],"wp:featuredmedia":[{"embeddable":true,"href":"https:\/\/dfvcg-events.de\/digital-talk\/wp-json\/wp\/v2\/media\/6406"}],"wp:attachment":[{"href":"https:\/\/dfvcg-events.de\/digital-talk\/wp-json\/wp\/v2\/media?parent=6405"}],"wp:term":[{"taxonomy":"post_tag","embeddable":true,"href":"https:\/\/dfvcg-events.de\/digital-talk\/wp-json\/wp\/v2\/tags?post=6405"},{"taxonomy":"portfolio_entries","embeddable":true,"href":"https:\/\/dfvcg-events.de\/digital-talk\/wp-json\/wp\/v2\/portfolio_entries?post=6405"}],"curies":[{"name":"wp","href":"https:\/\/api.w.org\/{rel}","templated":true}]}}