{"id":2224,"date":"2021-01-21T10:41:13","date_gmt":"2021-01-21T09:41:13","guid":{"rendered":"https:\/\/dfvcg-events.de\/digital-talk\/?post_type=portfolio&#038;p=2224"},"modified":"2023-11-16T16:16:02","modified_gmt":"2023-11-16T15:16:02","slug":"interim-management-profis-fuer-die-krise","status":"publish","type":"portfolio","link":"https:\/\/dfvcg-events.de\/digital-talk\/veranstaltung\/interim-management-profis-fuer-die-krise\/","title":{"rendered":"Interim Management \u2013 Profis f\u00fcr die Krise"},"content":{"rendered":"<div class='clear'><\/div><div id='sub_menu1'  class='av-submenu-container av-kawv0if6-292d8581c600329ec82df22532e4bb63 header_color av-switch-990  avia-builder-el-0  el_before_av_section  avia-builder-el-first  av-sticky-submenu container_wrap fullsize' style='z-index:301' ><div class='container av-menu-mobile-active av-submenu-pos-left'><a href=\"#\" class=\"mobile_menu_toggle\"><span class='avia-svg-icon avia-font-svg_entypo-fontello' data-av_svg_icon='list' data-av_iconset='svg_entypo-fontello'><svg version=\"1.1\" xmlns=\"http:\/\/www.w3.org\/2000\/svg\" width=\"22\" height=\"32\" viewBox=\"0 0 22 32\" preserveAspectRatio=\"xMidYMid meet\" aria-labelledby='av-svg-title-1' aria-describedby='av-svg-desc-1' role=\"graphics-symbol\" aria-hidden=\"true\">\n<title id='av-svg-title-1'>List<\/title>\n<desc id='av-svg-desc-1'>List<\/desc>\n<path d=\"M3.2 20.8q0.64 0 1.12 0.48t0.48 1.12-0.48 1.12-1.12 0.48h-1.6q-0.64 0-1.12-0.48t-0.48-1.12 0.448-1.12 1.152-0.48h1.6zM3.2 14.4q0.64 0 1.12 0.48t0.48 1.12-0.48 1.12-1.12 0.48h-1.6q-0.64 0-1.12-0.48t-0.48-1.12 0.448-1.12 1.152-0.48h1.6zM3.2 8q0.64 0 1.12 0.48t0.48 1.12-0.48 1.12-1.12 0.48h-1.6q-0.64 0-1.12-0.48t-0.48-1.12 0.448-1.12 1.152-0.48h1.6zM9.6 11.2q-0.64 0-1.12-0.48t-0.48-1.12 0.48-1.12 1.12-0.48h11.2q0.704 0 1.152 0.48t0.448 1.12-0.48 1.12-1.12 0.48h-11.2zM20.8 14.4q0.704 0 1.152 0.48t0.448 1.12-0.48 1.12-1.12 0.48h-11.2q-0.64 0-1.12-0.48t-0.48-1.12 0.48-1.12 1.12-0.48h11.2zM20.8 20.8q0.704 0 1.152 0.48t0.448 1.12-0.48 1.12-1.12 0.48h-11.2q-0.64 0-1.12-0.48t-0.48-1.12 0.48-1.12 1.12-0.48h11.2z\"><\/path>\n<\/svg><\/span><span class=\"av-current-placeholder\">Men\u00fc<\/span><\/a><ul id=\"menu-subnavigation\" class=\"av-subnav-menu\" role=\"menu\"><li role=\"menuitem\" id=\"menu-item-1546\" class=\"menu-item menu-item-type-custom menu-item-object-custom menu-item-home av-menu-button av-menu-button-bordered menu-item-top-level menu-item-top-level-1\"><a href=\"https:\/\/dfvcg-events.de\/digital-talk\/\" itemprop=\"url\" tabindex=\"0\"><span class=\"avia-bullet\"><\/span><span class=\"avia-menu-text\">digital talks<\/span><span class=\"avia-menu-fx\"><span class=\"avia-arrow-wrap\"><span class=\"avia-arrow\"><\/span><\/span><\/span><\/a><\/li>\n<li role=\"menuitem\" id=\"menu-item-1547\" class=\"menu-item menu-item-type-custom menu-item-object-custom av-menu-button av-menu-button-colored menu-item-top-level menu-item-top-level-2\"><a href=\"#anmelden\" itemprop=\"url\" tabindex=\"0\"><span class=\"avia-bullet\"><\/span><span class=\"avia-menu-text\">Jetzt anmelden<\/span><span class=\"avia-menu-fx\"><span class=\"avia-arrow-wrap\"><span class=\"avia-arrow\"><\/span><\/span><\/span><\/a><\/li>\n<li role=\"menuitem\" id=\"menu-item-1548\" class=\"menu-item menu-item-type-custom menu-item-object-custom menu-item-top-level menu-item-top-level-3\"><a href=\"#\" itemprop=\"url\" tabindex=\"0\"><span class=\"avia-bullet\"><\/span><span class=\"avia-menu-text\">Start<\/span><span class=\"avia-menu-fx\"><span class=\"avia-arrow-wrap\"><span class=\"avia-arrow\"><\/span><\/span><\/span><\/a><\/li>\n<li role=\"menuitem\" id=\"menu-item-1549\" class=\"menu-item menu-item-type-custom menu-item-object-custom menu-item-top-level menu-item-top-level-4\"><a href=\"#referenten\" itemprop=\"url\" tabindex=\"0\"><span class=\"avia-bullet\"><\/span><span class=\"avia-menu-text\">Vortragende<\/span><span class=\"avia-menu-fx\"><span class=\"avia-arrow-wrap\"><span class=\"avia-arrow\"><\/span><\/span><\/span><\/a><\/li>\n<li role=\"menuitem\" id=\"menu-item-1545\" class=\"menu-item menu-item-type-post_type menu-item-object-page menu-item-top-level menu-item-top-level-5\"><a href=\"https:\/\/dfvcg-events.de\/digital-talk\/archiv\/\" itemprop=\"url\" tabindex=\"0\"><span class=\"avia-bullet\"><\/span><span class=\"avia-menu-text\">Archiv<\/span><span class=\"avia-menu-fx\"><span class=\"avia-arrow-wrap\"><span class=\"avia-arrow\"><\/span><\/span><\/span><\/a><\/li>\n<\/ul><\/div><\/div><div class='sticky_placeholder'><\/div>\n<div id='av_section_1'  class='avia-section av-srk2y-112106500345416558fb7b75c6b4ce9b main_color avia-section-default avia-no-border-styling  avia-builder-el-1  el_after_av_submenu  el_before_av_section  avia-bg-style-scroll container_wrap fullsize'  ><div class='container av-section-cont-open' ><div class='template-page content  av-content-full alpha units'><div class='post-entry post-entry-type-page post-entry-2224'><div class='entry-content-wrapper clearfix'>\n<div class='flex_column_table av-prli-6fda8d297c5cf8b3ee3a25748c2882ab sc-av_two_fifth av-equal-height-column-flextable'>\n<style type=\"text\/css\" data-created_by=\"avia_inline_auto\" id=\"style-css-av-prli-6fda8d297c5cf8b3ee3a25748c2882ab\">\n.flex_column.av-prli-6fda8d297c5cf8b3ee3a25748c2882ab{\nborder-radius:0px 0px 0px 0px;\npadding:0px 0px 0px 0px;\n}\n<\/style>\n<div  class='flex_column av-prli-6fda8d297c5cf8b3ee3a25748c2882ab av_two_fifth  avia-builder-el-2  el_before_av_three_fifth  avia-builder-el-first  first flex_column_table_cell av-equal-height-column av-align-middle av-zero-column-padding  '     ><style type=\"text\/css\" data-created_by=\"avia_inline_auto\" id=\"style-css-av-k26gzj57-69f5067c44a421981f391a3f3bbd3d0d\">\n.avia-image-container.av-k26gzj57-69f5067c44a421981f391a3f3bbd3d0d img.avia_image{\nbox-shadow:none;\n}\n.avia-image-container.av-k26gzj57-69f5067c44a421981f391a3f3bbd3d0d .av-image-caption-overlay-center{\ncolor:#ffffff;\n}\n<\/style>\n<div  class='avia-image-container av-k26gzj57-69f5067c44a421981f391a3f3bbd3d0d av-styling- avia-align-center  avia-builder-el-3  avia-builder-el-no-sibling '   itemprop=\"image\" itemscope=\"itemscope\" itemtype=\"https:\/\/schema.org\/ImageObject\" ><div class=\"avia-image-container-inner\"><div class=\"avia-image-overlay-wrap\"><img decoding=\"async\" fetchpriority=\"high\" class='wp-image-2225 avia-img-lazy-loading-not-2225 avia_image ' src=\"https:\/\/dfvcg-events.de\/digital-talk\/wp-content\/uploads\/sites\/14\/2021\/01\/digital-talk-Interim-Management-800x800px.jpg\" alt='' title='digital-talk-Interim-Management-800x800px'  height=\"800\" width=\"800\"  itemprop=\"thumbnailUrl\"  \/><\/div><\/div><\/div><\/div><div class='av-flex-placeholder'><\/div>\n<style type=\"text\/css\" data-created_by=\"avia_inline_auto\" id=\"style-css-av-k26i2v6p-2688042be07242d734261d0b65f3805f\">\n.flex_column.av-k26i2v6p-2688042be07242d734261d0b65f3805f{\nborder-radius:0px 0px 0px 0px;\npadding:0px 35px 0px 0px;\n}\n<\/style>\n<div  class='flex_column av-k26i2v6p-2688042be07242d734261d0b65f3805f av_three_fifth  avia-builder-el-4  el_after_av_two_fifth  avia-builder-el-last  flex_column_table_cell av-equal-height-column av-align-middle  '     ><p>\n<style type=\"text\/css\" data-created_by=\"avia_inline_auto\" id=\"style-css-av-av_heading-a143a0d4b81162a7c6bd925f5c89febd\">\n#top .av-special-heading.av-av_heading-a143a0d4b81162a7c6bd925f5c89febd{\npadding-bottom:10px;\n}\nbody .av-special-heading.av-av_heading-a143a0d4b81162a7c6bd925f5c89febd .av-special-heading-tag .heading-char{\nfont-size:25px;\n}\n.av-special-heading.av-av_heading-a143a0d4b81162a7c6bd925f5c89febd .av-subheading{\nfont-size:19px;\n}\n<\/style>\n<div  class='av-special-heading av-av_heading-a143a0d4b81162a7c6bd925f5c89febd av-special-heading-h1 blockquote modern-quote  avia-builder-el-5  el_before_av_textblock  avia-builder-el-first  av-linked-heading'><div class='av-subheading av-subheading_above'><p>digital talk:<\/p>\n<\/div><h1 class='av-special-heading-tag '  itemprop=\"headline\"  >Interim Management \u2013 Profis f\u00fcr die Krise<\/h1><div class=\"special-heading-border\"><div class=\"special-heading-inner-border\"><\/div><\/div><\/div><br \/>\n\n<style type=\"text\/css\" data-created_by=\"avia_inline_auto\" id=\"style-css-av-k26gzu33-312eb8c588df77f92fccfdf51afbb07e\">\n#top .av_textblock_section.av-k26gzu33-312eb8c588df77f92fccfdf51afbb07e .avia_textblock{\nfont-size:21px;\n}\n<\/style>\n<section  class='av_textblock_section av-k26gzu33-312eb8c588df77f92fccfdf51afbb07e '   itemscope=\"itemscope\" itemtype=\"https:\/\/schema.org\/CreativeWork\" ><div class='avia_textblock'  itemprop=\"text\" ><p><strong>Donnerstag, 25.02.2021, 11:00 Uhr<\/strong><\/p>\n<p>Chef\/in auf Zeit \u2013 wo ich sie finde und was sie k\u00f6nnen m\u00fcssen<\/p>\n<\/div><\/section><br \/>\n<div  class='avia-buttonrow-wrap av-kb8fxn3q-fed5d22b0d015a443e0fb78f6fef69db avia-buttonrow-left  avia-builder-el-7  el_after_av_textblock  avia-builder-el-last '>\n\n<style type=\"text\/css\" data-created_by=\"avia_inline_auto\" id=\"style-css-av-49j2py-fed45d2b6391cd69a5526a259ebdda62\">\n#top #wrap_all .avia-button.av-49j2py-fed45d2b6391cd69a5526a259ebdda62{\nmargin-bottom:5px;\nmargin-right:5px;\n}\n<\/style>\n<a href='#anmelden'  class='avia-button av-49j2py-fed45d2b6391cd69a5526a259ebdda62 avia-icon_select-yes-left-icon avia-size-large avia-color-theme-color'   aria-label=\"Jetzt anmelden\"><span class='avia_button_icon avia_button_icon_left avia-iconfont avia-font-entypo-fontello' data-av_icon='\ue8cb' data-av_iconfont='entypo-fontello' ><\/span><span class='avia_iconbox_title' >Jetzt anmelden<\/span><\/a>\n\n<style type=\"text\/css\" data-created_by=\"avia_inline_auto\" id=\"style-css-av-av_buttonrow_item-606f66cec66da82ee03a27a880a5ad65\">\n#top #wrap_all .avia-button.av-av_buttonrow_item-606f66cec66da82ee03a27a880a5ad65{\nmargin-bottom:5px;\nmargin-right:5px;\n}\n<\/style>\n<a href='https:\/\/dfvcg-events.de\/digital-talk\/wp-content\/uploads\/sites\/14\/2021\/02\/digital-talk-Interim-Management.ics'  class='avia-button av-av_buttonrow_item-606f66cec66da82ee03a27a880a5ad65 avia-icon_select-yes-left-icon avia-size-large avia-color-theme-color-highlight'   aria-label=\"Save the Date\"><span class='avia_button_icon avia_button_icon_left avia-iconfont avia-font-entypo-fontello' data-av_icon='\ue85b' data-av_iconfont='entypo-fontello' ><\/span><span class='avia_iconbox_title' >Save the Date<\/span><\/a>\n<\/div><\/p><\/div><\/div><!--close column table wrapper. Autoclose: 1 --><\/div><\/div><\/div><!-- close content main div --><\/div><\/div>\n<style type=\"text\/css\" data-created_by=\"avia_inline_auto\" id=\"style-css-av-kawtoycl-96fba542b87a888d9d92758c79c964e9\">\n.avia-section.av-kawtoycl-96fba542b87a888d9d92758c79c964e9{\nbackground-repeat:no-repeat;\nbackground-image:url(https:\/\/dfvcg-events.de\/digital-talk\/wp-content\/uploads\/sites\/14\/2021\/01\/dfvcg-Making-Future-background.png);\nbackground-position:50% 50%;\nbackground-attachment:fixed;\n}\n<\/style>\n<div id='av_section_2'  class='avia-section av-kawtoycl-96fba542b87a888d9d92758c79c964e9 main_color avia-section-default avia-no-shadow  avia-builder-el-8  el_after_av_section  el_before_av_section  avia-full-stretch avia-bg-style-fixed container_wrap fullsize'  data-section-bg-repeat='stretch'><div class='container av-section-cont-open' ><div class='template-page content  av-content-full alpha units'><div class='post-entry post-entry-type-page post-entry-2224'><div class='entry-content-wrapper clearfix'>\n\n<style type=\"text\/css\" data-created_by=\"avia_inline_auto\" id=\"style-css-av-k26gzu33-b70cf87c5e675605e23a843c5828974f\">\n#top .av_textblock_section.av-k26gzu33-b70cf87c5e675605e23a843c5828974f .avia_textblock{\nfont-size:19px;\ncolor:#ffffff;\n}\n<\/style>\n<section  class='av_textblock_section av-k26gzu33-b70cf87c5e675605e23a843c5828974f '   itemscope=\"itemscope\" itemtype=\"https:\/\/schema.org\/CreativeWork\" ><div class='avia_textblock av_inherit_color'  itemprop=\"text\" ><p>L\u00fccken im Top-Management und in der prozessbegleitenden zweiten F\u00fchrungsebene sind immer gef\u00e4hrlich, in der aktuellen Krisenzeit sogar betriebsgef\u00e4hrdend. Doch die passende F\u00fchrungskraft auf Anhieb zu finden und schnell permanent an Bord zu holen ist gerade heute nicht einfach. Da kann es helfen, mit dem richtigen Krisen\u2014- bzw. Projektmanager, die Zeit zu nutzen und die Prozesse neu aufzusetzen und zu stabilisieren. Genau hier helfen Spezialisten auf Zeit. Wie sich solche Experten finden lassen, welche Kriterien sie erf\u00fcllen sollten, und warum sie ihre Tagess\u00e4tze in aller Regel wert sind, erfahren Sie in diesem Digital Talk. Lernen Sie aus erster Hand, wie ein Interim Manager vorgeht und wie Sie als Unternehmen davon profitieren. Anschlie\u00dfend k\u00f6nnen Sie sicher beurteilen, ob ein Interim Manager oder Managerin f\u00fcr Ihr Unternehmen die richtige L\u00f6sung in ihrer aktuellen Situation ist.<\/p>\n<\/div><\/section>\n<\/p>\n<\/div><\/div><\/div><!-- close content main div --><\/div><\/div><div id='referenten'  class='avia-section av-kawtoycl-ee4cfd86a482571a458aee517986f0e1 main_color avia-section-default avia-no-shadow  avia-builder-el-10  el_after_av_section  el_before_av_section  avia-bg-style-scroll container_wrap fullsize'  ><div class='container av-section-cont-open' ><div class='template-page content  av-content-full alpha units'><div class='post-entry post-entry-type-page post-entry-2224'><div class='entry-content-wrapper clearfix'>\n\n<style type=\"text\/css\" data-created_by=\"avia_inline_auto\" id=\"style-css-av-7kd7ts-87e9d0d6fe524d9706b52e3bea18a70f\">\n#top .av-special-heading.av-7kd7ts-87e9d0d6fe524d9706b52e3bea18a70f{\npadding-bottom:25px;\n}\nbody .av-special-heading.av-7kd7ts-87e9d0d6fe524d9706b52e3bea18a70f .av-special-heading-tag .heading-char{\nfont-size:25px;\n}\n.av-special-heading.av-7kd7ts-87e9d0d6fe524d9706b52e3bea18a70f .av-subheading{\nfont-size:15px;\n}\n<\/style>\n<div  class='av-special-heading av-7kd7ts-87e9d0d6fe524d9706b52e3bea18a70f av-special-heading-h2 blockquote modern-quote  avia-builder-el-11  el_before_av_one_third  avia-builder-el-first '><h2 class='av-special-heading-tag '  itemprop=\"headline\"  >Referenten<\/h2><div class='av-subheading av-subheading_below'><p>Freuen Sie sich dabei auf folgende Referenten:<\/p>\n<\/div><div class=\"special-heading-border\"><div class=\"special-heading-inner-border\"><\/div><\/div><\/div>\n\n<style type=\"text\/css\" data-created_by=\"avia_inline_auto\" id=\"style-css-av-n49eq-699138f82a613619200f30f079890830\">\n.flex_column.av-n49eq-699138f82a613619200f30f079890830{\nborder-radius:0px 0px 0px 0px;\npadding:0px 0px 0px 0px;\n}\n<\/style>\n<div  class='flex_column av-n49eq-699138f82a613619200f30f079890830 av_one_third  avia-builder-el-12  el_after_av_heading  el_before_av_one_third  first flex_column_div av-zero-column-padding  '     ><p><section  class='avia-team-member av-kawu3n9b-6952eb7ec182fe8a25dd292ec1eb5a38  avia-builder-el-13  el_before_av_toggle_container  avia-builder-el-first '  itemscope=\"itemscope\" itemtype=\"https:\/\/schema.org\/Person\" ><div class=\"team-img-container\"><img decoding=\"async\" fetchpriority=\"high\" class='wp-image-2256 avia-img-lazy-loading-not-2256 avia_image avia_image_team' src=\"https:\/\/dfvcg-events.de\/digital-talk\/wp-content\/uploads\/sites\/14\/2021\/01\/massow_neu.jpg\" alt='Ralf Massow'  itemprop=\"image\"   height=\"300\" width=\"225\" \/><\/div><h3 class='team-member-name '  itemprop=\"name\" >Ralf Massow<\/h3><div class='team-member-job-title '  itemprop=\"jobTitle\" >Interim Manager, Interim4Finance<\/div><span class='hidden team-member-affiliation'  itemprop=\"affiliation\" >Digital Talk<\/span><\/section><br \/>\n<div  class='togglecontainer av-kk2gyp13-bac73081b29daca0533d08cb6cb27285  avia-builder-el-14  el_after_av_team_member  avia-builder-el-last  toggle_close_all' >\n<section class='av_toggle_section av-5b7mcw-6c4dc49c5db61c9883c14df12cc2ce85'  itemscope=\"itemscope\" itemtype=\"https:\/\/schema.org\/CreativeWork\" ><div role=\"tablist\" class=\"single_toggle\" data-tags=\"{Alle} \"  ><p id='toggle-toggle-id-1' data-fake-id='#toggle-id-1' class='toggler  av-title-above '  itemprop=\"headline\"  role='tab' tabindex='0' aria-controls='toggle-id-1' data-slide-speed=\"200\" data-title=\"Info\" data-title-open=\"\" data-aria_collapsed=\"Click to expand: Info\" data-aria_expanded=\"Click to collapse: Info\">Info<span class=\"toggle_icon\"><span class=\"vert_icon\"><\/span><span class=\"hor_icon\"><\/span><\/span><\/p><div id='toggle-id-1' aria-labelledby='toggle-toggle-id-1' role='region' class='toggle_wrap  av-title-above'  ><div class='toggle_content invers-color '  itemprop=\"text\" ><p>Ralf Massow ist seit 2011 als selbstst\u00e4ndiger Interim Manager freiberuflich t\u00e4tig und wird \u00fcberwiegend f\u00fcr Vakanz-\u00dcberbr\u00fcckungen auf der ersten oder zweiten F\u00fchrungsebene im Bereich Finance, Controlling, Accounting insbesondere aber im Rahmen von Projekten bei der Begleitung von Mergers &amp; Acquisitions oder f\u00fcr Restrukturierungen beauftragt. Zuletzt unterst\u00fctzte der studierte Diplom-Kaufmann einen international f\u00fchrenden Produzenten der Konsumg\u00fcterindustrie in der F\u00fchrung des Controllings von 9 Produktionsbetrieben in 5 L\u00e4ndern (Deutschland und S\u00fcdosteuropa). Davor war er unter anderem als Finanzdirektor in Konzernen mit mehreren tausend Mitarbeitern sowie als Kaufm\u00e4nnischer Leiter im familiengef\u00fchrten Mittelstand t\u00e4tig.<\/p>\n<\/div><\/div><\/div><\/section>\n<\/div><\/p><\/div>\n<style type=\"text\/css\" data-created_by=\"avia_inline_auto\" id=\"style-css-av-gsbe2-81f5c8938ef7459c893fc369242ff3c4\">\n.flex_column.av-gsbe2-81f5c8938ef7459c893fc369242ff3c4{\nborder-radius:0px 0px 0px 0px;\npadding:0px 0px 0px 0px;\n}\n<\/style>\n<div  class='flex_column av-gsbe2-81f5c8938ef7459c893fc369242ff3c4 av_one_third  avia-builder-el-15  el_after_av_one_third  el_before_av_one_third  flex_column_div av-zero-column-padding  '     ><p><section  class='avia-team-member av-kawu3n9b-b5ed887752205c241a539de604fda2ce  avia-builder-el-16  el_before_av_toggle_container  avia-builder-el-first '  itemscope=\"itemscope\" itemtype=\"https:\/\/schema.org\/Person\" ><div class=\"team-img-container\"><img decoding=\"async\" fetchpriority=\"high\" class='wp-image-2257 avia-img-lazy-loading-not-2257 avia_image avia_image_team' src=\"https:\/\/dfvcg-events.de\/digital-talk\/wp-content\/uploads\/sites\/14\/2021\/01\/schulz_thomas_neu.jpg\" alt='Thomas Schulz'  itemprop=\"image\"   height=\"300\" width=\"225\" \/><\/div><h3 class='team-member-name '  itemprop=\"name\" >Thomas Schulz<\/h3><div class='team-member-job-title '  itemprop=\"jobTitle\" >Gesch\u00e4ftsf\u00fchrer, Rau | Interim GmbH <\/div><span class='hidden team-member-affiliation'  itemprop=\"affiliation\" >Digital Talk<\/span><\/section><br \/>\n<div  class='togglecontainer av-kk2gyp13-bac73081b29daca0533d08cb6cb27285  avia-builder-el-17  el_after_av_team_member  avia-builder-el-last  toggle_close_all' >\n<section class='av_toggle_section av-4oukvk-610a01d0a5bff1caf5587e568560bed3'  itemscope=\"itemscope\" itemtype=\"https:\/\/schema.org\/CreativeWork\" ><div role=\"tablist\" class=\"single_toggle\" data-tags=\"{Alle} \"  ><p id='toggle-toggle-id-2' data-fake-id='#toggle-id-2' class='toggler  av-title-above '  itemprop=\"headline\"  role='tab' tabindex='0' aria-controls='toggle-id-2' data-slide-speed=\"200\" data-title=\"Info\" data-title-open=\"\" data-aria_collapsed=\"Click to expand: Info\" data-aria_expanded=\"Click to collapse: Info\">Info<span class=\"toggle_icon\"><span class=\"vert_icon\"><\/span><span class=\"hor_icon\"><\/span><\/span><\/p><div id='toggle-id-2' aria-labelledby='toggle-toggle-id-2' role='region' class='toggle_wrap  av-title-above'  ><div class='toggle_content invers-color '  itemprop=\"text\" ><p>Die Rau | Interim GmbH ist der erste Interim Management-Partner im deutschsprachigen Raum, der sich ausschlie\u00dflich auf die Lebensmittelindustrie konzentriert. Gesch\u00e4ftsf\u00fchrer Thomas Schulz verf\u00fcgt als Personalmanager, Trainer und Rechtsanwalt \u00fcber eine langj\u00e4hrige industriespezifische Erfahrung, er strebt nach transparenter Augenh\u00f6he im Dreiecksverh\u00e4ltnis zwischen Unternehmen, Manager und Provider in der Aufgabe, die richtigen Menschen mit den wichtigen Aufgaben zusammen zu bringen. Zuvor war Schulz als Personalleiter auf Konzernebene und als Freiberuflicher Rechtsanwalt und Human Resources Interim Manager t\u00e4tig.<\/p>\n<\/div><\/div><\/div><\/section>\n<\/div><\/p><\/div>\n<style type=\"text\/css\" data-created_by=\"avia_inline_auto\" id=\"style-css-av-73mx6-a84262e8ad39ea95e4bdcad84a347e0e\">\n.flex_column.av-73mx6-a84262e8ad39ea95e4bdcad84a347e0e{\nborder-radius:0px 0px 0px 0px;\npadding:0px 0px 0px 0px;\n}\n<\/style>\n<div  class='flex_column av-73mx6-a84262e8ad39ea95e4bdcad84a347e0e av_one_third  avia-builder-el-18  el_after_av_one_third  avia-builder-el-last  flex_column_div av-zero-column-padding  '     ><p><section  class='avia-team-member av-kawu3n9b-d54016f42370b6096b7ec968bdc7aef2  avia-builder-el-19  el_before_av_toggle_container  avia-builder-el-first '  itemscope=\"itemscope\" itemtype=\"https:\/\/schema.org\/Person\" ><div class=\"team-img-container\"><img decoding=\"async\" fetchpriority=\"high\" class='wp-image-2258 avia-img-lazy-loading-not-2258 avia_image avia_image_team' src=\"https:\/\/dfvcg-events.de\/digital-talk\/wp-content\/uploads\/sites\/14\/2021\/01\/Boeer-4_1.jpg\" alt='Prof. Dr. Bj\u00f6rn P. B\u00f6er'  itemprop=\"image\"   height=\"300\" width=\"225\" \/><\/div><h3 class='team-member-name '  itemprop=\"name\" >Prof. Dr. Bj\u00f6rn P. B\u00f6er<\/h3><div class='team-member-job-title '  itemprop=\"jobTitle\" >Chefredakteur Wirtschaftsmedien, dfv Mediengruppe<\/div><span class='hidden team-member-affiliation'  itemprop=\"affiliation\" >Digital Talk<\/span><\/section><br \/>\n<div  class='togglecontainer av-kk2gyp13-bac73081b29daca0533d08cb6cb27285  avia-builder-el-20  el_after_av_team_member  avia-builder-el-last  toggle_close_all' >\n<section class='av_toggle_section av-1u53b4-50aaa12faeef1a0f876c7202dc414d40'  itemscope=\"itemscope\" itemtype=\"https:\/\/schema.org\/CreativeWork\" ><div role=\"tablist\" class=\"single_toggle\" data-tags=\"{Alle} \"  ><p id='toggle-toggle-id-3' data-fake-id='#toggle-id-3' class='toggler  av-title-above '  itemprop=\"headline\"  role='tab' tabindex='0' aria-controls='toggle-id-3' data-slide-speed=\"200\" data-title=\"Info\" data-title-open=\"\" data-aria_collapsed=\"Click to expand: Info\" data-aria_expanded=\"Click to collapse: Info\">Info<span class=\"toggle_icon\"><span class=\"vert_icon\"><\/span><span class=\"hor_icon\"><\/span><\/span><\/p><div id='toggle-id-3' aria-labelledby='toggle-toggle-id-3' role='region' class='toggle_wrap  av-title-above'  ><div class='toggle_content invers-color '  itemprop=\"text\" ><p>Bj\u00f6rn B\u00f6er verantwortet als Chefredakteur Wirtschaftsmedien neben dem \u201eMaking Future Newsguide\u201c unter anderem das Fachmagazin \u201eDer Handel\u201c sowie die Digital-Commerce-Plattform \u201eetailment.de\u201c. Dar\u00fcber hinaus entwickelt der promovierte Volkswirt Medien f\u00fcr Unternehmen und lehrt Corporate Communication an der Fachhochschule M\u00fcnster sowie an der Deutschen Presseakademie in Berlin und der Medienakademie in M\u00fcnchen.<\/p>\n<\/div><\/div><\/div><\/section>\n<\/div><\/p><\/div>\n\n<\/div><\/div><\/div><!-- close content main div --><\/div><\/div><div id='anmelden'  class='avia-section av-kawtoycl-0cceb7e9e03ad1fe0dc91fafcb35da91 main_color avia-section-default avia-no-shadow  avia-builder-el-21  el_after_av_section  avia-builder-el-last  avia-bg-style-scroll container_wrap fullsize'  ><div class='container av-section-cont-open' ><div class='template-page content  av-content-full alpha units'><div class='post-entry post-entry-type-page post-entry-2224'><div class='entry-content-wrapper clearfix'>\n\n<style type=\"text\/css\" data-created_by=\"avia_inline_auto\" id=\"style-css-av-kkgqrauy-fecd755cd18a949f1b06e7636a762111\">\n#top .av-special-heading.av-kkgqrauy-fecd755cd18a949f1b06e7636a762111{\npadding-bottom:25px;\n}\nbody .av-special-heading.av-kkgqrauy-fecd755cd18a949f1b06e7636a762111 .av-special-heading-tag .heading-char{\nfont-size:25px;\n}\n.av-special-heading.av-kkgqrauy-fecd755cd18a949f1b06e7636a762111 .av-subheading{\nfont-size:15px;\n}\n<\/style>\n<div  class='av-special-heading av-kkgqrauy-fecd755cd18a949f1b06e7636a762111 av-special-heading-h2 blockquote modern-quote  avia-builder-el-22  el_before_av_codeblock  avia-builder-el-first '><h2 class='av-special-heading-tag '  itemprop=\"headline\"  >Jetzt anmelden<\/h2><div class=\"special-heading-border\"><div class=\"special-heading-inner-border\"><\/div><\/div><\/div>\n\n\n","protected":false},"excerpt":{"rendered":"<p>Donnerstag, 25. Februar 2021<br \/>\n11.00 Uhr<\/p>\n","protected":false},"author":1,"featured_media":2225,"comment_status":"closed","ping_status":"closed","template":"","meta":{"footnotes":""},"tags":[],"portfolio_entries":[47],"class_list":["post-2224","portfolio","type-portfolio","status-publish","has-post-thumbnail","hentry","portfolio_entries-archiv"],"yoast_head":"<!-- This site is optimized with the Yoast SEO plugin v27.4 - https:\/\/yoast.com\/product\/yoast-seo-wordpress\/ -->\n<title>Interim Management \u2013 Profis f\u00fcr die Krise - Digital Talk<\/title>\n<meta name=\"description\" content=\"Live. Aktuell. Inspirierend: Interim Management \u2013 Profis f\u00fcr die Krise\" \/>\n<meta name=\"robots\" content=\"index, follow, max-snippet:-1, max-image-preview:large, max-video-preview:-1\" \/>\n<link rel=\"canonical\" href=\"https:\/\/dfvcg-events.de\/digital-talk\/veranstaltung\/interim-management-profis-fuer-die-krise\/\" \/>\n<meta property=\"og:locale\" content=\"de_DE\" \/>\n<meta property=\"og:type\" content=\"article\" \/>\n<meta property=\"og:title\" content=\"Interim Management \u2013 Profis f\u00fcr die Krise - Digital Talk\" \/>\n<meta property=\"og:description\" content=\"Live. Aktuell. Inspirierend: Interim Management \u2013 Profis f\u00fcr die Krise\" \/>\n<meta property=\"og:url\" content=\"https:\/\/dfvcg-events.de\/digital-talk\/veranstaltung\/interim-management-profis-fuer-die-krise\/\" \/>\n<meta property=\"og:site_name\" content=\"Digital Talk\" \/>\n<meta property=\"article:modified_time\" content=\"2023-11-16T15:16:02+00:00\" \/>\n<meta property=\"og:image\" content=\"https:\/\/dfvcg-events.de\/digital-talk\/wp-content\/uploads\/sites\/14\/2021\/01\/digital-talk-Interim-Management-800x800px.jpg\" \/>\n\t<meta property=\"og:image:width\" content=\"800\" \/>\n\t<meta property=\"og:image:height\" content=\"800\" \/>\n\t<meta property=\"og:image:type\" content=\"image\/jpeg\" \/>\n<meta name=\"twitter:card\" content=\"summary_large_image\" \/>\n<meta name=\"twitter:label1\" content=\"Gesch\u00e4tzte Lesezeit\" \/>\n\t<meta name=\"twitter:data1\" content=\"14\u00a0Minuten\" \/>\n<script type=\"application\/ld+json\" class=\"yoast-schema-graph\">{\"@context\":\"https:\\\/\\\/schema.org\",\"@graph\":[{\"@type\":\"WebPage\",\"@id\":\"https:\\\/\\\/dfvcg-events.de\\\/digital-talk\\\/veranstaltung\\\/interim-management-profis-fuer-die-krise\\\/\",\"url\":\"https:\\\/\\\/dfvcg-events.de\\\/digital-talk\\\/veranstaltung\\\/interim-management-profis-fuer-die-krise\\\/\",\"name\":\"Interim Management \u2013 Profis f\u00fcr die Krise - Digital Talk\",\"isPartOf\":{\"@id\":\"https:\\\/\\\/dfvcg-events.de\\\/digital-talk\\\/#website\"},\"primaryImageOfPage\":{\"@id\":\"https:\\\/\\\/dfvcg-events.de\\\/digital-talk\\\/veranstaltung\\\/interim-management-profis-fuer-die-krise\\\/#primaryimage\"},\"image\":{\"@id\":\"https:\\\/\\\/dfvcg-events.de\\\/digital-talk\\\/veranstaltung\\\/interim-management-profis-fuer-die-krise\\\/#primaryimage\"},\"thumbnailUrl\":\"https:\\\/\\\/dfvcg-events.de\\\/digital-talk\\\/wp-content\\\/uploads\\\/sites\\\/14\\\/2021\\\/01\\\/digital-talk-Interim-Management-800x800px.jpg\",\"datePublished\":\"2021-01-21T09:41:13+00:00\",\"dateModified\":\"2023-11-16T15:16:02+00:00\",\"description\":\"Live. Aktuell. Inspirierend: Interim Management \u2013 Profis f\u00fcr die Krise\",\"breadcrumb\":{\"@id\":\"https:\\\/\\\/dfvcg-events.de\\\/digital-talk\\\/veranstaltung\\\/interim-management-profis-fuer-die-krise\\\/#breadcrumb\"},\"inLanguage\":\"de\",\"potentialAction\":[{\"@type\":\"ReadAction\",\"target\":[\"https:\\\/\\\/dfvcg-events.de\\\/digital-talk\\\/veranstaltung\\\/interim-management-profis-fuer-die-krise\\\/\"]}]},{\"@type\":\"ImageObject\",\"inLanguage\":\"de\",\"@id\":\"https:\\\/\\\/dfvcg-events.de\\\/digital-talk\\\/veranstaltung\\\/interim-management-profis-fuer-die-krise\\\/#primaryimage\",\"url\":\"https:\\\/\\\/dfvcg-events.de\\\/digital-talk\\\/wp-content\\\/uploads\\\/sites\\\/14\\\/2021\\\/01\\\/digital-talk-Interim-Management-800x800px.jpg\",\"contentUrl\":\"https:\\\/\\\/dfvcg-events.de\\\/digital-talk\\\/wp-content\\\/uploads\\\/sites\\\/14\\\/2021\\\/01\\\/digital-talk-Interim-Management-800x800px.jpg\",\"width\":800,\"height\":800},{\"@type\":\"BreadcrumbList\",\"@id\":\"https:\\\/\\\/dfvcg-events.de\\\/digital-talk\\\/veranstaltung\\\/interim-management-profis-fuer-die-krise\\\/#breadcrumb\",\"itemListElement\":[{\"@type\":\"ListItem\",\"position\":1,\"name\":\"Startseite\",\"item\":\"https:\\\/\\\/dfvcg-events.de\\\/digital-talk\\\/\"},{\"@type\":\"ListItem\",\"position\":2,\"name\":\"Interim Management \u2013 Profis f\u00fcr die Krise\"}]},{\"@type\":\"WebSite\",\"@id\":\"https:\\\/\\\/dfvcg-events.de\\\/digital-talk\\\/#website\",\"url\":\"https:\\\/\\\/dfvcg-events.de\\\/digital-talk\\\/\",\"name\":\"Digital Talk\",\"description\":\"dfv Conference Group\",\"publisher\":{\"@id\":\"https:\\\/\\\/dfvcg-events.de\\\/digital-talk\\\/#organization\"},\"potentialAction\":[{\"@type\":\"SearchAction\",\"target\":{\"@type\":\"EntryPoint\",\"urlTemplate\":\"https:\\\/\\\/dfvcg-events.de\\\/digital-talk\\\/?s={search_term_string}\"},\"query-input\":{\"@type\":\"PropertyValueSpecification\",\"valueRequired\":true,\"valueName\":\"search_term_string\"}}],\"inLanguage\":\"de\"},{\"@type\":\"Organization\",\"@id\":\"https:\\\/\\\/dfvcg-events.de\\\/digital-talk\\\/#organization\",\"name\":\"Digital Talks | dfv Conference Group\",\"url\":\"https:\\\/\\\/dfvcg-events.de\\\/digital-talk\\\/\",\"logo\":{\"@type\":\"ImageObject\",\"inLanguage\":\"de\",\"@id\":\"https:\\\/\\\/dfvcg-events.de\\\/digital-talk\\\/#\\\/schema\\\/logo\\\/image\\\/\",\"url\":\"https:\\\/\\\/dfvcg-events.de\\\/digital-talk\\\/wp-content\\\/uploads\\\/sites\\\/14\\\/2021\\\/02\\\/digital-talks-start.jpg\",\"contentUrl\":\"https:\\\/\\\/dfvcg-events.de\\\/digital-talk\\\/wp-content\\\/uploads\\\/sites\\\/14\\\/2021\\\/02\\\/digital-talks-start.jpg\",\"width\":800,\"height\":800,\"caption\":\"Digital Talks | dfv Conference Group\"},\"image\":{\"@id\":\"https:\\\/\\\/dfvcg-events.de\\\/digital-talk\\\/#\\\/schema\\\/logo\\\/image\\\/\"}}]}<\/script>\n<!-- \/ Yoast SEO plugin. -->","yoast_head_json":{"title":"Interim Management \u2013 Profis f\u00fcr die Krise - Digital Talk","description":"Live. Aktuell. Inspirierend: Interim Management \u2013 Profis f\u00fcr die Krise","robots":{"index":"index","follow":"follow","max-snippet":"max-snippet:-1","max-image-preview":"max-image-preview:large","max-video-preview":"max-video-preview:-1"},"canonical":"https:\/\/dfvcg-events.de\/digital-talk\/veranstaltung\/interim-management-profis-fuer-die-krise\/","og_locale":"de_DE","og_type":"article","og_title":"Interim Management \u2013 Profis f\u00fcr die Krise - Digital Talk","og_description":"Live. Aktuell. Inspirierend: Interim Management \u2013 Profis f\u00fcr die Krise","og_url":"https:\/\/dfvcg-events.de\/digital-talk\/veranstaltung\/interim-management-profis-fuer-die-krise\/","og_site_name":"Digital Talk","article_modified_time":"2023-11-16T15:16:02+00:00","og_image":[{"width":800,"height":800,"url":"https:\/\/dfvcg-events.de\/digital-talk\/wp-content\/uploads\/sites\/14\/2021\/01\/digital-talk-Interim-Management-800x800px.jpg","type":"image\/jpeg"}],"twitter_card":"summary_large_image","twitter_misc":{"Gesch\u00e4tzte Lesezeit":"14\u00a0Minuten"},"schema":{"@context":"https:\/\/schema.org","@graph":[{"@type":"WebPage","@id":"https:\/\/dfvcg-events.de\/digital-talk\/veranstaltung\/interim-management-profis-fuer-die-krise\/","url":"https:\/\/dfvcg-events.de\/digital-talk\/veranstaltung\/interim-management-profis-fuer-die-krise\/","name":"Interim Management \u2013 Profis f\u00fcr die Krise - Digital Talk","isPartOf":{"@id":"https:\/\/dfvcg-events.de\/digital-talk\/#website"},"primaryImageOfPage":{"@id":"https:\/\/dfvcg-events.de\/digital-talk\/veranstaltung\/interim-management-profis-fuer-die-krise\/#primaryimage"},"image":{"@id":"https:\/\/dfvcg-events.de\/digital-talk\/veranstaltung\/interim-management-profis-fuer-die-krise\/#primaryimage"},"thumbnailUrl":"https:\/\/dfvcg-events.de\/digital-talk\/wp-content\/uploads\/sites\/14\/2021\/01\/digital-talk-Interim-Management-800x800px.jpg","datePublished":"2021-01-21T09:41:13+00:00","dateModified":"2023-11-16T15:16:02+00:00","description":"Live. Aktuell. Inspirierend: Interim Management \u2013 Profis f\u00fcr die Krise","breadcrumb":{"@id":"https:\/\/dfvcg-events.de\/digital-talk\/veranstaltung\/interim-management-profis-fuer-die-krise\/#breadcrumb"},"inLanguage":"de","potentialAction":[{"@type":"ReadAction","target":["https:\/\/dfvcg-events.de\/digital-talk\/veranstaltung\/interim-management-profis-fuer-die-krise\/"]}]},{"@type":"ImageObject","inLanguage":"de","@id":"https:\/\/dfvcg-events.de\/digital-talk\/veranstaltung\/interim-management-profis-fuer-die-krise\/#primaryimage","url":"https:\/\/dfvcg-events.de\/digital-talk\/wp-content\/uploads\/sites\/14\/2021\/01\/digital-talk-Interim-Management-800x800px.jpg","contentUrl":"https:\/\/dfvcg-events.de\/digital-talk\/wp-content\/uploads\/sites\/14\/2021\/01\/digital-talk-Interim-Management-800x800px.jpg","width":800,"height":800},{"@type":"BreadcrumbList","@id":"https:\/\/dfvcg-events.de\/digital-talk\/veranstaltung\/interim-management-profis-fuer-die-krise\/#breadcrumb","itemListElement":[{"@type":"ListItem","position":1,"name":"Startseite","item":"https:\/\/dfvcg-events.de\/digital-talk\/"},{"@type":"ListItem","position":2,"name":"Interim Management \u2013 Profis f\u00fcr die Krise"}]},{"@type":"WebSite","@id":"https:\/\/dfvcg-events.de\/digital-talk\/#website","url":"https:\/\/dfvcg-events.de\/digital-talk\/","name":"Digital Talk","description":"dfv Conference Group","publisher":{"@id":"https:\/\/dfvcg-events.de\/digital-talk\/#organization"},"potentialAction":[{"@type":"SearchAction","target":{"@type":"EntryPoint","urlTemplate":"https:\/\/dfvcg-events.de\/digital-talk\/?s={search_term_string}"},"query-input":{"@type":"PropertyValueSpecification","valueRequired":true,"valueName":"search_term_string"}}],"inLanguage":"de"},{"@type":"Organization","@id":"https:\/\/dfvcg-events.de\/digital-talk\/#organization","name":"Digital Talks | dfv Conference Group","url":"https:\/\/dfvcg-events.de\/digital-talk\/","logo":{"@type":"ImageObject","inLanguage":"de","@id":"https:\/\/dfvcg-events.de\/digital-talk\/#\/schema\/logo\/image\/","url":"https:\/\/dfvcg-events.de\/digital-talk\/wp-content\/uploads\/sites\/14\/2021\/02\/digital-talks-start.jpg","contentUrl":"https:\/\/dfvcg-events.de\/digital-talk\/wp-content\/uploads\/sites\/14\/2021\/02\/digital-talks-start.jpg","width":800,"height":800,"caption":"Digital Talks | dfv Conference Group"},"image":{"@id":"https:\/\/dfvcg-events.de\/digital-talk\/#\/schema\/logo\/image\/"}}]}},"_links":{"self":[{"href":"https:\/\/dfvcg-events.de\/digital-talk\/wp-json\/wp\/v2\/portfolio\/2224","targetHints":{"allow":["GET"]}}],"collection":[{"href":"https:\/\/dfvcg-events.de\/digital-talk\/wp-json\/wp\/v2\/portfolio"}],"about":[{"href":"https:\/\/dfvcg-events.de\/digital-talk\/wp-json\/wp\/v2\/types\/portfolio"}],"author":[{"embeddable":true,"href":"https:\/\/dfvcg-events.de\/digital-talk\/wp-json\/wp\/v2\/users\/1"}],"replies":[{"embeddable":true,"href":"https:\/\/dfvcg-events.de\/digital-talk\/wp-json\/wp\/v2\/comments?post=2224"}],"version-history":[{"count":0,"href":"https:\/\/dfvcg-events.de\/digital-talk\/wp-json\/wp\/v2\/portfolio\/2224\/revisions"}],"wp:featuredmedia":[{"embeddable":true,"href":"https:\/\/dfvcg-events.de\/digital-talk\/wp-json\/wp\/v2\/media\/2225"}],"wp:attachment":[{"href":"https:\/\/dfvcg-events.de\/digital-talk\/wp-json\/wp\/v2\/media?parent=2224"}],"wp:term":[{"taxonomy":"post_tag","embeddable":true,"href":"https:\/\/dfvcg-events.de\/digital-talk\/wp-json\/wp\/v2\/tags?post=2224"},{"taxonomy":"portfolio_entries","embeddable":true,"href":"https:\/\/dfvcg-events.de\/digital-talk\/wp-json\/wp\/v2\/portfolio_entries?post=2224"}],"curies":[{"name":"wp","href":"https:\/\/api.w.org\/{rel}","templated":true}]}}