{"id":20970,"date":"2026-07-31T12:35:20","date_gmt":"2026-07-31T10:35:20","guid":{"rendered":"https:\/\/dfvcg-events.de\/digital-talk\/?post_type=portfolio&#038;p=20970"},"modified":"2026-08-12T08:50:39","modified_gmt":"2026-08-12T06:50:39","slug":"experience-digital-europas-stunde","status":"publish","type":"portfolio","link":"https:\/\/dfvcg-events.de\/digital-talk\/veranstaltung\/experience-digital-europas-stunde\/","title":{"rendered":"experience digital: Europas Stunde?"},"content":{"rendered":"<div class='clear'><\/div><div id='sub_menu1'  class='av-submenu-container av-kawv0if6-b4e37991045abd8a15205f662d77aaf5 header_color av-switch-990  avia-builder-el-0  el_before_av_section  avia-builder-el-first  av-sticky-submenu container_wrap fullsize' style='z-index:301' ><div class='container av-menu-mobile-active av-submenu-pos-left'><a href=\"#\" class=\"mobile_menu_toggle\"><span class='avia-svg-icon avia-font-svg_entypo-fontello' data-av_svg_icon='list' data-av_iconset='svg_entypo-fontello'><svg version=\"1.1\" xmlns=\"http:\/\/www.w3.org\/2000\/svg\" width=\"22\" height=\"32\" viewBox=\"0 0 22 32\" preserveAspectRatio=\"xMidYMid meet\" aria-labelledby='av-svg-title-1' aria-describedby='av-svg-desc-1' role=\"graphics-symbol\" aria-hidden=\"true\">\n<title id='av-svg-title-1'>List<\/title>\n<desc id='av-svg-desc-1'>List<\/desc>\n<path d=\"M3.2 20.8q0.64 0 1.12 0.48t0.48 1.12-0.48 1.12-1.12 0.48h-1.6q-0.64 0-1.12-0.48t-0.48-1.12 0.448-1.12 1.152-0.48h1.6zM3.2 14.4q0.64 0 1.12 0.48t0.48 1.12-0.48 1.12-1.12 0.48h-1.6q-0.64 0-1.12-0.48t-0.48-1.12 0.448-1.12 1.152-0.48h1.6zM3.2 8q0.64 0 1.12 0.48t0.48 1.12-0.48 1.12-1.12 0.48h-1.6q-0.64 0-1.12-0.48t-0.48-1.12 0.448-1.12 1.152-0.48h1.6zM9.6 11.2q-0.64 0-1.12-0.48t-0.48-1.12 0.48-1.12 1.12-0.48h11.2q0.704 0 1.152 0.48t0.448 1.12-0.48 1.12-1.12 0.48h-11.2zM20.8 14.4q0.704 0 1.152 0.48t0.448 1.12-0.48 1.12-1.12 0.48h-11.2q-0.64 0-1.12-0.48t-0.48-1.12 0.48-1.12 1.12-0.48h11.2zM20.8 20.8q0.704 0 1.152 0.48t0.448 1.12-0.48 1.12-1.12 0.48h-11.2q-0.64 0-1.12-0.48t-0.48-1.12 0.48-1.12 1.12-0.48h11.2z\"><\/path>\n<\/svg><\/span><span class=\"av-current-placeholder\">Men\u00fc<\/span><\/a><ul id='av-custom-submenu-1' class='av-subnav-menu' role='menu'>\n<li class='menu-item av-2kckn4-9fe15d835008297e4dc3ac7b92701925 menu-item-top-level av-menu-button av-menu-button-bordered menu-item-top-level-1' role='menuitem'><a href='https:\/\/dfvcg-events.de\/digital-talk\/'  ><span class='avia-bullet'><\/span><span class='avia-menu-text'>digital talks<\/span><\/a><\/li>\n<li class='menu-item av-cpa6i-8d6bb4ede07349652eb663382c7819db menu-item-top-level av-menu-button av-menu-button-colored menu-item-top-level-2' role='menuitem'><a href='#anmelden'  ><span class='avia-bullet'><\/span><span class='avia-menu-text'>Jetzt anmelden<\/span><\/a><\/li>\n<li class='menu-item av-2u4alb-1b31b1e7230e25c3456ab2518c73b2e0 menu-item-top-level menu-item-top-level-3' role='menuitem'><a href='#'  ><span class='avia-bullet'><\/span><span class='avia-menu-text'>Start<\/span><\/a><\/li>\n<li class='menu-item av-4qodp5-7f29a1eafc0789e1f9565eb00033fa1e menu-item-top-level menu-item-top-level-4' role='menuitem'><a href='#referenten'  ><span class='avia-bullet'><\/span><span class='avia-menu-text'>Vortragende<\/span><\/a><\/li>\n<\/ul><\/div><\/div><div class='sticky_placeholder'><\/div>\n<div id='av_section_1'  class='avia-section av-srk2y-112106500345416558fb7b75c6b4ce9b main_color avia-section-default avia-no-border-styling  avia-builder-el-1  el_after_av_submenu  el_before_av_section  avia-bg-style-scroll container_wrap fullsize'  ><div class='container av-section-cont-open' ><div class='template-page content  av-content-full alpha units'><div class='post-entry post-entry-type-page post-entry-20970'><div class='entry-content-wrapper clearfix'>\n<div class='flex_column_table av-prli-64bf6691d8e0f71fe37b32964844bca4 sc-av_two_fifth av-equal-height-column-flextable'>\n<style type=\"text\/css\" data-created_by=\"avia_inline_auto\" id=\"style-css-av-prli-64bf6691d8e0f71fe37b32964844bca4\">\n.flex_column.av-prli-64bf6691d8e0f71fe37b32964844bca4{\nborder-radius:0px 0px 0px 0px;\npadding:0px 0px 0px 0px;\n}\n<\/style>\n<div  class='flex_column av-prli-64bf6691d8e0f71fe37b32964844bca4 av_two_fifth  avia-builder-el-2  el_before_av_three_fifth  avia-builder-el-first  first flex_column_table_cell av-equal-height-column av-align-top av-zero-column-padding  '     ><style type=\"text\/css\" data-created_by=\"avia_inline_auto\" id=\"style-css-av-kgj4bohl-f97ef892e964647c90e73bca782881a1\">\n.avia-image-container.av-kgj4bohl-f97ef892e964647c90e73bca782881a1 img.avia_image{\nbox-shadow:none;\n}\n.avia-image-container.av-kgj4bohl-f97ef892e964647c90e73bca782881a1 .av-image-caption-overlay-center{\ncolor:#ffffff;\n}\n<\/style>\n<div  class='avia-image-container av-kgj4bohl-f97ef892e964647c90e73bca782881a1 av-styling- avia-align-center  avia-builder-el-3  avia-builder-el-no-sibling '   itemprop=\"image\" itemscope=\"itemscope\" itemtype=\"https:\/\/schema.org\/ImageObject\" ><div class=\"avia-image-container-inner\"><div class=\"avia-image-overlay-wrap\"><img decoding=\"async\" fetchpriority=\"high\" class='wp-image-20998 avia-img-lazy-loading-not-20998 avia_image ' src=\"https:\/\/dfvcg-events.de\/digital-talk\/wp-content\/uploads\/sites\/14\/2026\/07\/dfvcg-experience26-DigitalTalk-Teaser-800x800-1.png\" alt='' title='dfvcg-experience26-DigitalTalk-Teaser-800x800'  height=\"800\" width=\"800\"  itemprop=\"thumbnailUrl\" srcset=\"https:\/\/dfvcg-events.de\/digital-talk\/wp-content\/uploads\/sites\/14\/2026\/07\/dfvcg-experience26-DigitalTalk-Teaser-800x800-1.png 800w, https:\/\/dfvcg-events.de\/digital-talk\/wp-content\/uploads\/sites\/14\/2026\/07\/dfvcg-experience26-DigitalTalk-Teaser-800x800-1-180x180.png 180w, https:\/\/dfvcg-events.de\/digital-talk\/wp-content\/uploads\/sites\/14\/2026\/07\/dfvcg-experience26-DigitalTalk-Teaser-800x800-1-705x705.png 705w\" sizes=\"(max-width: 800px) 100vw, 800px\" \/><\/div><\/div><\/div><\/div><div class='av-flex-placeholder'><\/div>\n<style type=\"text\/css\" data-created_by=\"avia_inline_auto\" id=\"style-css-av-k26i2v6p-951306163077e809ad9a51a16327ecec\">\n.flex_column.av-k26i2v6p-951306163077e809ad9a51a16327ecec{\nborder-radius:0px 0px 0px 0px;\npadding:0px 35px 0px 0px;\n}\n<\/style>\n<div  class='flex_column av-k26i2v6p-951306163077e809ad9a51a16327ecec av_three_fifth  avia-builder-el-4  el_after_av_two_fifth  avia-builder-el-last  flex_column_table_cell av-equal-height-column av-align-top  '     ><p>\n<style type=\"text\/css\" data-created_by=\"avia_inline_auto\" id=\"style-css-av-280ihu-62b11651cfd4597d7b2b7c0658481f1b\">\n#top .av-special-heading.av-280ihu-62b11651cfd4597d7b2b7c0658481f1b{\npadding-bottom:10px;\ncolor:#1d303e;\n}\nbody .av-special-heading.av-280ihu-62b11651cfd4597d7b2b7c0658481f1b .av-special-heading-tag .heading-char{\nfont-size:25px;\n}\n.av-special-heading.av-280ihu-62b11651cfd4597d7b2b7c0658481f1b .special-heading-inner-border{\nborder-color:#1d303e;\n}\n.av-special-heading.av-280ihu-62b11651cfd4597d7b2b7c0658481f1b .av-subheading{\nfont-size:19px;\ncolor:#000000;\n}\n<\/style>\n<div  class='av-special-heading av-280ihu-62b11651cfd4597d7b2b7c0658481f1b av-special-heading-h1 custom-color-heading blockquote modern-quote  avia-builder-el-5  el_before_av_textblock  avia-builder-el-first  av-linked-heading'><div class='av_custom_color av-subheading av-subheading_above'><p>experience digital:<\/p>\n<\/div><h1 class='av-special-heading-tag '  itemprop=\"headline\"  >Europas Stunde? Wie bereit ist der Markt wirklich f\u00fcr eine Alternative zu Google <span class='special_amp'>&amp;<\/span> Meta<\/h1><div class=\"special-heading-border\"><div class=\"special-heading-inner-border\"><\/div><\/div><\/div><br \/>\n\n<style type=\"text\/css\" data-created_by=\"avia_inline_auto\" id=\"style-css-av-o9nuhn-17b88a79e613047c880543702edc622e\">\n#top .av_textblock_section.av-o9nuhn-17b88a79e613047c880543702edc622e .avia_textblock{\nfont-size:21px;\n}\n<\/style>\n<section  class='av_textblock_section av-o9nuhn-17b88a79e613047c880543702edc622e '   itemscope=\"itemscope\" itemtype=\"https:\/\/schema.org\/CreativeWork\" ><div class='avia_textblock'  itemprop=\"text\" ><p><strong>Ein europ\u00e4ischer Media-Marktplatz nimmt Form an \u2013 aber ist die Branche tats\u00e4chlich bereit f\u00fcr den Shift, oder bleibt die Abh\u00e4ngigkeit von den US-Plattformen am Ende doch der bequemere Weg?<\/strong><\/p>\n<p>3. September 2026<br \/>\n10:30 \u2013 12:00 Uhr<\/p>\n<\/div><\/section><br \/>\n<div  class='hr av-kaz5acoo-b78fa01771143abfb53ff655947cbd6e hr-default  avia-builder-el-7  el_after_av_textblock  el_before_av_buttonrow '><span class='hr-inner '><span class=\"hr-inner-style\"><\/span><\/span><\/div><br \/>\n<div  class='avia-buttonrow-wrap av-kcn3m3gt-fff65312e5a8530eff99563e24d61bb2 avia-buttonrow-left  avia-builder-el-8  el_after_av_hr  avia-builder-el-last '>\n\n<style type=\"text\/css\" data-created_by=\"avia_inline_auto\" id=\"style-css-av-3k12xc-b0a8a3656a52a3e6bdad7f34dbdd2d2f\">\n#top #wrap_all .avia-button.av-3k12xc-b0a8a3656a52a3e6bdad7f34dbdd2d2f{\nbackground-color:#b83c78;\nborder-color:#b83c78;\ncolor:#ffffff;\ntransition:all 0.4s ease-in-out;\nmargin-bottom:5px;\nmargin-right:5px;\n}\n#top #wrap_all .avia-button.av-3k12xc-b0a8a3656a52a3e6bdad7f34dbdd2d2f .avia-svg-icon svg:first-child{\nfill:#ffffff;\nstroke:#ffffff;\n}\n<\/style>\n<a href='#anmelden'  class='avia-button av-3k12xc-b0a8a3656a52a3e6bdad7f34dbdd2d2f avia-icon_select-yes-left-icon avia-size-large'   aria-label=\"Jetzt anmelden\"><span class='avia_button_icon avia_button_icon_left avia-iconfont avia-font-entypo-fontello' data-av_icon='\ue8cb' data-av_iconfont='entypo-fontello' ><\/span><span class='avia_iconbox_title' >Jetzt anmelden<\/span><\/a>\n\n<style type=\"text\/css\" data-created_by=\"avia_inline_auto\" id=\"style-css-av-2000oy-1dd5ca45be261d842cd6a8bc6bdeb8d4\">\n#top #wrap_all .avia-button.av-2000oy-1dd5ca45be261d842cd6a8bc6bdeb8d4{\nbackground-color:#000000;\nborder-color:#000000;\ncolor:#ffffff;\ntransition:all 0.4s ease-in-out;\nmargin-bottom:5px;\nmargin-right:5px;\n}\n#top #wrap_all .avia-button.av-2000oy-1dd5ca45be261d842cd6a8bc6bdeb8d4 .avia-svg-icon svg:first-child{\nfill:#ffffff;\nstroke:#ffffff;\n}\n<\/style>\n<a href='https:\/\/dfvcg-events.de\/digital-talk\/wp-content\/uploads\/sites\/14\/2026\/07\/experience-digital-Der-Gegenangriff-aufs-Walled-Garden.ics'  class='avia-button av-2000oy-1dd5ca45be261d842cd6a8bc6bdeb8d4 avia-icon_select-yes-left-icon avia-size-large'  target=\"_blank\"  rel=\"noopener noreferrer\"  aria-label=\"Save the Date\"><span class='avia_button_icon avia_button_icon_left avia-iconfont avia-font-entypo-fontello' data-av_icon='\ue85b' data-av_iconfont='entypo-fontello' ><\/span><span class='avia_iconbox_title' >Save the Date<\/span><\/a>\n<\/div><\/p><\/div><\/div><!--close column table wrapper. Autoclose: 1 -->\n\n<\/div><\/div><\/div><!-- close content main div --><\/div><\/div>\n<style type=\"text\/css\" data-created_by=\"avia_inline_auto\" id=\"style-css-av-l5kph19m-54cea334491aa401a6ecd8e1f234a552\">\n.avia-section.av-l5kph19m-54cea334491aa401a6ecd8e1f234a552{\nbackground-color:#0a0a0a;\nbackground:linear-gradient( to bottom, #0a0a0a, #0a0a0a );\n}\n<\/style>\n<div id='av_section_2'  class='avia-section av-l5kph19m-54cea334491aa401a6ecd8e1f234a552 main_color avia-section-large avia-no-shadow  avia-builder-el-9  el_after_av_section  el_before_av_section  avia-bg-style-scroll container_wrap fullsize'  ><div class='container av-section-cont-open' ><div class='template-page content  av-content-full alpha units'><div class='post-entry post-entry-type-page post-entry-20970'><div class='entry-content-wrapper clearfix'>\n\n<style type=\"text\/css\" data-created_by=\"avia_inline_auto\" id=\"style-css-av-2nenot-9c9de4ec81c61b607c36d393064398e4\">\n#top .av_textblock_section.av-2nenot-9c9de4ec81c61b607c36d393064398e4 .avia_textblock{\nfont-size:20px;\ncolor:#ffffff;\n}\n<\/style>\n<section  class='av_textblock_section av-2nenot-9c9de4ec81c61b607c36d393064398e4 '   itemscope=\"itemscope\" itemtype=\"https:\/\/schema.org\/CreativeWork\" ><div class='avia_textblock av_inherit_color'  itemprop=\"text\" ><p>Erstmals b\u00fcndeln zehn europ\u00e4ische Media-, Daten- und Telekommunikationsunternehmen Reichweite, Inventar und First-Party-Daten zu einer gemeinsamen Werbeinfrastruktur \u2013 als Antwort auf einen Markt, in dem laut Branchensch\u00e4tzungen rund 80 Prozent der digitalen Werbewertsch\u00f6pfung bei wenigen globalen Plattformen liegen. Doch eine neue Infrastruktur allein ver\u00e4ndert noch keinen Markt. Unter dem Thema \u201eEuropas Stunde?&#8220; werden unter anderem Antworten auf die folgenden Fragen gegeben:<\/p>\n<ul>\n<li>Angenommen, eine europ\u00e4ische Alternative mit echter Reichweite, Datentiefe und Messbarkeit entsteht tats\u00e4chlich: W\u00e4ren Publisher wirklich bereit, daf\u00fcr einen Teil ihrer Eigenst\u00e4ndigkeit und Vermarktungshoheit aufzugeben? Oder \u00fcberwiegt am Ende doch der Reflex, lieber allein zu bleiben?<\/li>\n<\/ul>\n<ul>\n<li>Werbungtreibende fordern seit Jahren mehr Wettbewerb zu den Walled Gardens \u2013 aber sind sie im Ernstfall auch bereit, Budgets tats\u00e4chlich umzuschichten, wenn Reporting, Targeting und Skaleneffekte (noch) nicht ganz mit Google und Meta mithalten k\u00f6nnen? Wie gro\u00df ist der Vertrauensvorschuss, den eine europ\u00e4ische L\u00f6sung bekommen m\u00fcsste?<\/li>\n<\/ul>\n<ul>\n<li>Ist die Diskussion um &#8222;digitale Souver\u00e4nit\u00e4t&#8220; in der Werbewirtschaft mittlerweile mehr als ein politisches Lippenbekenntnis? Was m\u00fcsste 2027 tats\u00e4chlich messbar anders sein, damit man von einem echten Shift sprechen kann \u2013 und nicht nur von einem weiteren gut gemeinten Branchenprojekt?<\/li>\n<\/ul>\n<\/div><\/section>\n\n<\/div><\/div><\/div><!-- close content main div --><\/div><\/div><div id='referenten'  class='avia-section av-kawtoycl-2-c267b9033c980c43d4b959b44d8daf48 main_color avia-section-default avia-no-shadow  avia-builder-el-11  el_after_av_section  el_before_av_section  avia-bg-style-scroll container_wrap fullsize'  ><div class='container av-section-cont-open' ><div class='template-page content  av-content-full alpha units'><div class='post-entry post-entry-type-page post-entry-20970'><div class='entry-content-wrapper clearfix'>\n\n<style type=\"text\/css\" data-created_by=\"avia_inline_auto\" id=\"style-css-av-28h0mq-01ef7016dae5162c8988b5db341127b0\">\n#top .av-special-heading.av-28h0mq-01ef7016dae5162c8988b5db341127b0{\npadding-bottom:25px;\n}\nbody .av-special-heading.av-28h0mq-01ef7016dae5162c8988b5db341127b0 .av-special-heading-tag .heading-char{\nfont-size:25px;\n}\n.av-special-heading.av-28h0mq-01ef7016dae5162c8988b5db341127b0 .av-subheading{\nfont-size:15px;\n}\n<\/style>\n<div  class='av-special-heading av-28h0mq-01ef7016dae5162c8988b5db341127b0 av-special-heading-h2 blockquote modern-quote  avia-builder-el-12  el_before_av_one_third  avia-builder-el-first '><h2 class='av-special-heading-tag '  itemprop=\"headline\"  >Vortragende<\/h2><div class='av-subheading av-subheading_below'><p>Freuen Sie sich auf:<\/p>\n<\/div><div class=\"special-heading-border\"><div class=\"special-heading-inner-border\"><\/div><\/div><\/div>\n\n<style type=\"text\/css\" data-created_by=\"avia_inline_auto\" id=\"style-css-av-2yiecx8-2b8d0c271cdcdec7d9a00fa76ac2de10\">\n.flex_column.av-2yiecx8-2b8d0c271cdcdec7d9a00fa76ac2de10{\nborder-radius:0px 0px 0px 0px;\npadding:0px 0px 0px 0px;\n}\n<\/style>\n<div  class='flex_column av-2yiecx8-2b8d0c271cdcdec7d9a00fa76ac2de10 av_one_third  avia-builder-el-13  el_after_av_heading  el_before_av_one_third  first flex_column_div av-zero-column-padding  '     ><p><section  class='avia-team-member av-m8he8p2d-fd74e19c7e7de942dbd7723762429a64  avia-builder-el-14  el_before_av_toggle_container  avia-builder-el-first '  itemscope=\"itemscope\" itemtype=\"https:\/\/schema.org\/Person\" ><div class=\"team-img-container\"><img decoding=\"async\" fetchpriority=\"high\" class='wp-image-21005 avia-img-lazy-loading-not-21005 avia_image avia_image_team' src=\"https:\/\/dfvcg-events.de\/digital-talk\/wp-content\/uploads\/sites\/14\/2026\/07\/Hegge-Ulrich-European-netID-credit-Raimar-v.-Wienskowski-web.jpg\" alt='Uli Hegge'  itemprop=\"image\"   height=\"500\" width=\"400\" \/><\/div><h3 class='team-member-name '  itemprop=\"name\" >Uli Hegge<\/h3><div class='team-member-job-title '  itemprop=\"jobTitle\" >CEO, European NetID Foundation (netID)<\/div><span class='hidden team-member-affiliation'  itemprop=\"affiliation\" >Digital Talk<\/span><\/section><br \/>\n<div  class='togglecontainer av-1cx0cw1-ab15d051d38865a53208d1f131da2b5d  avia-builder-el-15  el_after_av_team_member  avia-builder-el-last  toggle_close_all' >\n<section class='av_toggle_section av-pxz4gx-706d4f85c728c5e7293cecc365713b15'  itemscope=\"itemscope\" itemtype=\"https:\/\/schema.org\/CreativeWork\" ><div role=\"tablist\" class=\"single_toggle\" data-tags=\"{Alle} \"  ><p id='toggle-toggle-id-1' data-fake-id='#toggle-id-1' class='toggler  av-title-above '  itemprop=\"headline\"  role='tab' tabindex='0' aria-controls='toggle-id-1' data-slide-speed=\"200\" data-title=\"Info\" data-title-open=\"\" data-aria_collapsed=\"Click to expand: Info\" data-aria_expanded=\"Click to collapse: Info\">Info<span class=\"toggle_icon\"><span class=\"vert_icon\"><\/span><span class=\"hor_icon\"><\/span><\/span><\/p><div id='toggle-id-1' aria-labelledby='toggle-toggle-id-1' role='region' class='toggle_wrap  av-title-above'  ><div class='toggle_content invers-color '  itemprop=\"text\" ><p>Uli Hegge ist CEO der European netID Foundation (netID). Er verf\u00fcgt \u00fcber jahrelange Expertise als F\u00fchrungskraft in Konzernen sowie als Gr\u00fcnder, Investor und Gesch\u00e4ftsf\u00fchrer von Startups. Dazu geh\u00f6ren Stationen bei Projekten des Deutschen Forschungsnetzes DFN, beim Start von stern.de, als Mitglied der Gesch\u00e4ftsleitung von G+J EMS und als Mitgr\u00fcnder und CEO von wunderloop. Dar\u00fcber hinaus war er Gesch\u00e4ftsf\u00fchrer von Burda-Unternehmen und hat als CSO der comdirect Bank und VP bei AppNexus (heute Microsoft Advertising) weitere Aspekte des Marktes kennengelernt. Seit 2022 ist er Lehrbeauftragter im Master-Studiengang der HSBA f\u00fcr Service &amp; Product Design. Hegge ist Mitglied in verschiedenen Non-Executive und Advisory Boards.<\/p>\n<\/div><\/div><\/div><\/section>\n<\/div><\/p><\/div>\n<style type=\"text\/css\" data-created_by=\"avia_inline_auto\" id=\"style-css-av-av_one_third-49f6e875884219cf77c24341e550af53\">\n.flex_column.av-av_one_third-49f6e875884219cf77c24341e550af53{\nborder-radius:0px 0px 0px 0px;\npadding:0px 0px 0px 0px;\n}\n<\/style>\n<div  class='flex_column av-av_one_third-49f6e875884219cf77c24341e550af53 av_one_third  avia-builder-el-16  el_after_av_one_third  el_before_av_one_third  flex_column_div av-zero-column-padding  '     ><p><section  class='avia-team-member av-mspq80uv-d9bdca912ef4fe68f92ec0b5abf65c1d  avia-builder-el-17  el_before_av_toggle_container  avia-builder-el-first '  itemscope=\"itemscope\" itemtype=\"https:\/\/schema.org\/Person\" ><div class=\"team-img-container\"><img decoding=\"async\" fetchpriority=\"high\" class='wp-image-21006 avia-img-lazy-loading-not-21006 avia_image avia_image_team' src=\"https:\/\/dfvcg-events.de\/digital-talk\/wp-content\/uploads\/sites\/14\/2026\/07\/stephan-jaeckel-T-AdvertisingSolutions-web.jpg\" alt='Stephan J\u00e4ckel'  itemprop=\"image\"   height=\"500\" width=\"400\" \/><\/div><h3 class='team-member-name '  itemprop=\"name\" >Stephan J\u00e4ckel<\/h3><div class='team-member-job-title '  itemprop=\"jobTitle\" >Gesch\u00e4ftsf\u00fchrer, T Advertising Solutions<\/div><span class='hidden team-member-affiliation'  itemprop=\"affiliation\" >Digital Talk<\/span><\/section><br \/>\n<div  class='togglecontainer av-mspqa05z-8bd6eb7a10cf05b8f5cf724d56e46b7a  avia-builder-el-18  el_after_av_team_member  avia-builder-el-last  toggle_close_all' >\n<section class='av_toggle_section av-mspq9zaw-2441f742d4f648ff6568807315a5063b'  itemscope=\"itemscope\" itemtype=\"https:\/\/schema.org\/CreativeWork\" ><div role=\"tablist\" class=\"single_toggle\" data-tags=\"{Alle} \"  ><p id='toggle-toggle-id-2' data-fake-id='#toggle-id-2' class='toggler  av-title-above '  itemprop=\"headline\"  role='tab' tabindex='0' aria-controls='toggle-id-2' data-slide-speed=\"200\" data-title=\"Info\" data-title-open=\"\" data-aria_collapsed=\"Click to expand: Info\" data-aria_expanded=\"Click to collapse: Info\">Info<span class=\"toggle_icon\"><span class=\"vert_icon\"><\/span><span class=\"hor_icon\"><\/span><\/span><\/p><div id='toggle-id-2' aria-labelledby='toggle-toggle-id-2' role='region' class='toggle_wrap  av-title-above'  ><div class='toggle_content invers-color '  itemprop=\"text\" ><p>Stephan J\u00e4ckel ist Gesch\u00e4ftsf\u00fchrer von T Advertising Solutions, dem neuen Werbe\u00f6kosystem der Deutschen Telekom und Marke der hundertprozentigen Tochter emetriq. Strategisch im Konzern verankert und von emetriq operativ umgesetzt, erm\u00f6glicht T Advertising Solutions auf Basis anonymisierter Telekom-Netzdaten, Privacy-First-Technologien und eines kuratierten Media-Netzwerks eine pr\u00e4zise, datenschutzkonforme und wirtschaftlich effiziente Werbeausspielung im Open Web und Connected TV. Dar\u00fcber hinaus verantwortet J\u00e4ckel die operativen Gesch\u00e4fte von emetriq, ber\u00e4t den Telekom-Vorstand zu Advertising- und Datenthemen und initiierte das AdTech-Joint-Venture Utiq, dessen Aufsichtsrat er angeh\u00f6rt. Zuvor war er u. a. bei xplosion und Interactive Media t\u00e4tig und baute bei emetriq den gr\u00f6\u00dften kollaborativen Datenpool der deutschen Digitalwirtschaft auf.<\/p>\n<\/div><\/div><\/div><\/section>\n<\/div><\/p><\/div>\n<style type=\"text\/css\" data-created_by=\"avia_inline_auto\" id=\"style-css-av-av_one_third-49f6e875884219cf77c24341e550af53\">\n.flex_column.av-av_one_third-49f6e875884219cf77c24341e550af53{\nborder-radius:0px 0px 0px 0px;\npadding:0px 0px 0px 0px;\n}\n<\/style>\n<div  class='flex_column av-av_one_third-49f6e875884219cf77c24341e550af53 av_one_third  avia-builder-el-19  el_after_av_one_third  el_before_av_one_third  flex_column_div av-zero-column-padding  '     ><p><section  class='avia-team-member av-av_team_member-8dcac71f2b96051a915a9b1f0eb30149  avia-builder-el-20  el_before_av_toggle_container  avia-builder-el-first '  itemscope=\"itemscope\" itemtype=\"https:\/\/schema.org\/Person\" ><div class=\"team-img-container\"><img decoding=\"async\" fetchpriority=\"high\" class='wp-image-20993 avia-img-lazy-loading-not-20993 avia_image avia_image_team' src=\"https:\/\/dfvcg-events.de\/digital-talk\/wp-content\/uploads\/sites\/14\/2026\/07\/Kluge-Manfred-Initiative18-web.jpg\" alt='Manfred Kluge'  itemprop=\"image\"   height=\"500\" width=\"400\" \/><\/div><h3 class='team-member-name '  itemprop=\"name\" >Manfred Kluge<\/h3><div class='team-member-job-title '  itemprop=\"jobTitle\" >Chairman, Omnicom Media Group &amp; Co-Founder, Initiative18 <\/div><span class='hidden team-member-affiliation'  itemprop=\"affiliation\" >Digital Talk<\/span><\/section><br \/>\n<div  class='togglecontainer av-av_toggle_container-0d23d522d20859f94d59c7485c451e65  avia-builder-el-21  el_after_av_team_member  avia-builder-el-last  toggle_close_all' >\n<section class='av_toggle_section av-av_toggle-f306761c78c31d47bfc115eb5d4620f8'  itemscope=\"itemscope\" itemtype=\"https:\/\/schema.org\/CreativeWork\" ><div role=\"tablist\" class=\"single_toggle\" data-tags=\"{Alle} \"  ><p id='toggle-toggle-id-3' data-fake-id='#toggle-id-3' class='toggler  av-title-above '  itemprop=\"headline\"  role='tab' tabindex='0' aria-controls='toggle-id-3' data-slide-speed=\"200\" data-title=\"Info\" data-title-open=\"\" data-aria_collapsed=\"Click to expand: Info\" data-aria_expanded=\"Click to collapse: Info\">Info<span class=\"toggle_icon\"><span class=\"vert_icon\"><\/span><span class=\"hor_icon\"><\/span><\/span><\/p><div id='toggle-id-3' aria-labelledby='toggle-toggle-id-3' role='region' class='toggle_wrap  av-title-above'  ><div class='toggle_content invers-color '  itemprop=\"text\" ><p>Manfred Kluge ist seit mehr als 35 Jahren eine der pr\u00e4genden Pers\u00f6nlichkeiten der deutschen Mediaagentur-Landschaft. Seit 1995 im Omnicom-Netzwerk aktiv, hat er entscheidend zur Entwicklung und Expansion der Omnicom Media Group Germany beigetragen, die er ab 2006 fast 10 Jahre lang als CEO leitete. 2015 wurde Kluge zum Chairman der D-A-CH-Region ernannt, gefolgt von seiner zus\u00e4tzlichen Berufung zum Verwaltungsratspr\u00e4sidenten der Omnicom Media Group Schweiz AG im Jahr 2016. Seit 2006 engagiert er sich zudem als Vorstandsmitglied der Organisation der Mediaagenturen im GWA (OMG e.V.). Seine Expertise macht ihn zu einem gefragten Key Note Speaker und Juror bei renommierten Award Festivals wie dem GWA Effie oder den Cannes Media Lions. Doch Kluge engagiert sich nicht nur in der Branche, sondern auch dar\u00fcber hinaus: Seit 2020 ist er Co-Founder der Tshembo Africa Foundation (NPO), die sich f\u00fcr den Schutz der Tierwelt und die Unterst\u00fctzung lokaler Communities in S\u00fcdafrika einsetzt. Als Mitgr\u00fcnder und 1. Vorsitzender der 2024 ins Leben gerufenen \u201eINITIATIVE18 \u2013 freie, sichere und nachhaltige Medien\u201c setzt er sich f\u00fcr den Erhalt der Medienvielfalt und vertrauensw\u00fcrdige Inhalte ein.<\/p>\n<\/div><\/div><\/div><\/section>\n<\/div><\/p><\/div>\n<style type=\"text\/css\" data-created_by=\"avia_inline_auto\" id=\"style-css-av-1wnahyi-37b4aad4ce4de4ce5580b8e1db1b3d5c\">\n.flex_column.av-1wnahyi-37b4aad4ce4de4ce5580b8e1db1b3d5c{\nborder-radius:0px 0px 0px 0px;\npadding:0px 0px 0px 0px;\n}\n<\/style>\n<div  class='flex_column av-1wnahyi-37b4aad4ce4de4ce5580b8e1db1b3d5c av_one_third  avia-builder-el-22  el_after_av_one_third  avia-builder-el-last  first flex_column_div av-zero-column-padding  column-top-margin'     ><p><section  class='avia-team-member av-1kpo3u2-f0376005f202d448bf9ebd6436700f27  avia-builder-el-23  el_before_av_toggle_container  avia-builder-el-first '  itemscope=\"itemscope\" itemtype=\"https:\/\/schema.org\/Person\" ><div class=\"team-img-container\"><img decoding=\"async\" fetchpriority=\"high\" class='wp-image-20490 avia-img-lazy-loading-not-20490 avia_image avia_image_team' src=\"https:\/\/dfvcg-events.de\/digital-talk\/wp-content\/uploads\/sites\/14\/2026\/05\/Paperlein-Juliane-HORIZONT.jpg\" alt='Juliane Paperlein'  itemprop=\"image\"   height=\"500\" width=\"400\" \/><\/div><h3 class='team-member-name '  itemprop=\"name\" >Juliane Paperlein<\/h3><div class='team-member-job-title '  itemprop=\"jobTitle\" >freie Journalistin, HORIZONT<\/div><span class='hidden team-member-affiliation'  itemprop=\"affiliation\" >Digital Talk<\/span><\/section><br \/>\n<div  class='togglecontainer av-1634cfe-e319594065c319e9dff2ee5605e1e7b4  avia-builder-el-24  el_after_av_team_member  avia-builder-el-last  toggle_close_all' >\n<section class='av_toggle_section av-rzsvuy-068cbc703b741e258e76f991ed64d2ca'  itemscope=\"itemscope\" itemtype=\"https:\/\/schema.org\/CreativeWork\" ><div role=\"tablist\" class=\"single_toggle\" data-tags=\"{Alle} \"  ><p id='toggle-toggle-id-4' data-fake-id='#toggle-id-4' class='toggler  av-title-above '  itemprop=\"headline\"  role='tab' tabindex='0' aria-controls='toggle-id-4' data-slide-speed=\"200\" data-title=\"Info\" data-title-open=\"\" data-aria_collapsed=\"Click to expand: Info\" data-aria_expanded=\"Click to collapse: Info\">Info<span class=\"toggle_icon\"><span class=\"vert_icon\"><\/span><span class=\"hor_icon\"><\/span><\/span><\/p><div id='toggle-id-4' aria-labelledby='toggle-toggle-id-4' role='region' class='toggle_wrap  av-title-above'  ><div class='toggle_content invers-color '  itemprop=\"text\" ><p>Juliane Paperlein ist Journalistin und Moderatorin mit einer ausgepr\u00e4gten Leidenschaft f\u00fcr die Medienwelt. Die Volkswirtin blickt auf eine langj\u00e4hrige Erfahrung als Fachjournalistin zur\u00fcck und leitete unter anderem von 2008 bis 2019 das Medienressort von HORIZONT, dem Fachmedium f\u00fcr Marketing, Werbung und Medien. Von Mitte 2019 bis April 2023 war sie Leiterin der Unternehmenskommunikation der AGF-Videoforschung und kennt daher auch die andere Seite. Sie besch\u00e4ftigt sich prim\u00e4r mit den Ver\u00e4nderungen im Medien- und Mediagesch\u00e4ft und interessiert sich vor allem f\u00fcr die wirtschaftliche Dimension, die die Digitalisierung der Branche mit sich bringt.<\/p>\n<\/div><\/div><\/div><\/section>\n<\/div><\/p><\/div><\/div><\/div><\/div><!-- close content main div --><\/div><\/div><div id='anmelden'  class='avia-section av-kawtoycl-1-b06506d3f004b7712fe681922b309195 main_color avia-section-default avia-no-shadow  avia-builder-el-25  el_after_av_section  el_before_av_section  avia-bg-style-scroll container_wrap fullsize'  ><div class='container av-section-cont-open' ><div class='template-page content  av-content-full alpha units'><div class='post-entry post-entry-type-page post-entry-20970'><div class='entry-content-wrapper clearfix'>\n\n<style type=\"text\/css\" data-created_by=\"avia_inline_auto\" id=\"style-css-av-24jcbm-ad0b7721e982000c2ae5e91464b9403a\">\n#top .av-special-heading.av-24jcbm-ad0b7721e982000c2ae5e91464b9403a{\npadding-bottom:25px;\n}\nbody .av-special-heading.av-24jcbm-ad0b7721e982000c2ae5e91464b9403a .av-special-heading-tag .heading-char{\nfont-size:25px;\n}\n.av-special-heading.av-24jcbm-ad0b7721e982000c2ae5e91464b9403a .av-subheading{\nfont-size:15px;\n}\n<\/style>\n<div  class='av-special-heading av-24jcbm-ad0b7721e982000c2ae5e91464b9403a av-special-heading-h2 blockquote modern-quote  avia-builder-el-26  el_before_av_codeblock  avia-builder-el-first '><h2 class='av-special-heading-tag '  itemprop=\"headline\"  >Jetzt anmelden<\/h2><div class='av-subheading av-subheading_below'><p>Wir freuen uns auf Sie!<\/p>\n<\/div><div class=\"special-heading-border\"><div class=\"special-heading-inner-border\"><\/div><\/div><\/div>\n\n<\/p>\n<\/div><\/div><\/div><!-- close content main div --><\/div><\/div><div id='av_section_5'  class='avia-section av-475lki-bf6368de126dfa81a99faf90a82d92dd main_color avia-section-default avia-no-shadow  avia-builder-el-28  el_after_av_section  el_before_av_section  avia-bg-style-scroll container_wrap fullsize'  ><div class='container av-section-cont-open' ><div class='template-page content  av-content-full alpha units'><div class='post-entry post-entry-type-page post-entry-20970'><div class='entry-content-wrapper clearfix'>\n\n<style type=\"text\/css\" data-created_by=\"avia_inline_auto\" id=\"style-css-av-kq10tixo-f1545c9e93128453a14e460581fe618c\">\n#top .av-special-heading.av-kq10tixo-f1545c9e93128453a14e460581fe618c{\npadding-bottom:25px;\n}\nbody .av-special-heading.av-kq10tixo-f1545c9e93128453a14e460581fe618c .av-special-heading-tag .heading-char{\nfont-size:25px;\n}\n.av-special-heading.av-kq10tixo-f1545c9e93128453a14e460581fe618c .av-subheading{\nfont-size:15px;\n}\n<\/style>\n<div  class='av-special-heading av-kq10tixo-f1545c9e93128453a14e460581fe618c av-special-heading-h2 blockquote modern-quote  avia-builder-el-29  el_before_av_textblock  avia-builder-el-first '><h2 class='av-special-heading-tag '  itemprop=\"headline\"  >Gut zu wissen<\/h2><div class=\"special-heading-border\"><div class=\"special-heading-inner-border\"><\/div><\/div><\/div>\n<section  class='av_textblock_section av-l3lcumer-46ad0e4fcd8b794391a7106de3528920 '   itemscope=\"itemscope\" itemtype=\"https:\/\/schema.org\/CreativeWork\" ><div class='avia_textblock'  itemprop=\"text\" ><p>Nach Ihrer Registrierung erhalten Sie Ihre Anmeldebest\u00e4tigung sowie einen Link f\u00fcr Ihren Kalendereintrag. Die Zugangsdaten zum Einloggen erhalten Sie rechtzeitig vor Beginn des digital talks.<\/p>\n<\/div><\/section>\n\n<\/div><\/div><\/div><!-- close content main div --><\/div><\/div><div id='av_section_6'  class='avia-section av-24m9czw-db2bf0e8817bb720dc76fbfba9028945 main_color avia-section-default avia-no-shadow  avia-builder-el-31  el_after_av_section  el_before_av_section  avia-bg-style-scroll container_wrap fullsize'  ><div class='container av-section-cont-open' ><div class='template-page content  av-content-full alpha units'><div class='post-entry post-entry-type-page post-entry-20970'><div class='entry-content-wrapper clearfix'>\n\n<style type=\"text\/css\" data-created_by=\"avia_inline_auto\" id=\"style-css-av-m5xsecer-4720bb368111d1dfee84383eb569a254\">\n#top .av-special-heading.av-m5xsecer-4720bb368111d1dfee84383eb569a254{\npadding-bottom:25px;\n}\nbody .av-special-heading.av-m5xsecer-4720bb368111d1dfee84383eb569a254 .av-special-heading-tag .heading-char{\nfont-size:25px;\n}\n.av-special-heading.av-m5xsecer-4720bb368111d1dfee84383eb569a254 .av-subheading{\nfont-size:15px;\n}\n<\/style>\n<div  class='av-special-heading av-m5xsecer-4720bb368111d1dfee84383eb569a254 av-special-heading-h2 blockquote modern-quote  avia-builder-el-32  el_before_av_one_fourth  avia-builder-el-first '><h2 class='av-special-heading-tag '  itemprop=\"headline\"  >Partner<\/h2><div class=\"special-heading-border\"><div class=\"special-heading-inner-border\"><\/div><\/div><\/div>\n<div  class='flex_column av-1fav05o-24f30314ea5331dc443012a56928860f av_one_fourth  avia-builder-el-33  el_after_av_heading  el_before_av_one_fourth  first flex_column_div  '     ><style type=\"text\/css\" data-created_by=\"avia_inline_auto\" id=\"style-css-av-m8n2udp6-ae1d91d57911adc59086e9af2a93dc98\">\n.avia-image-container.av-m8n2udp6-ae1d91d57911adc59086e9af2a93dc98 img.avia_image{\nbox-shadow:none;\n}\n.avia-image-container.av-m8n2udp6-ae1d91d57911adc59086e9af2a93dc98 .av-image-caption-overlay-center{\ncolor:#ffffff;\n}\n<\/style>\n<div  class='avia-image-container av-m8n2udp6-ae1d91d57911adc59086e9af2a93dc98 av-styling- avia-align-center  avia-builder-el-34  avia-builder-el-no-sibling '   itemprop=\"image\" itemscope=\"itemscope\" itemtype=\"https:\/\/schema.org\/ImageObject\" ><div class=\"avia-image-container-inner\"><div class=\"avia-image-overlay-wrap\"><img decoding=\"async\" fetchpriority=\"high\" class='wp-image-18218 avia-img-lazy-loading-not-18218 avia_image ' src=\"https:\/\/dfvcg-events.de\/digital-talk\/wp-content\/uploads\/sites\/14\/2025\/03\/MVFP-FV-Publikumsmedien_Logo_800x640.jpg\" alt='' title='MVFP FV Publikumsmedien'  height=\"640\" width=\"800\"  itemprop=\"thumbnailUrl\" srcset=\"https:\/\/dfvcg-events.de\/digital-talk\/wp-content\/uploads\/sites\/14\/2025\/03\/MVFP-FV-Publikumsmedien_Logo_800x640.jpg 800w, https:\/\/dfvcg-events.de\/digital-talk\/wp-content\/uploads\/sites\/14\/2025\/03\/MVFP-FV-Publikumsmedien_Logo_800x640-705x564.jpg 705w\" sizes=\"(max-width: 800px) 100vw, 800px\" \/><\/div><\/div><\/div><\/div><div  class='flex_column av-11ftgwc-4490008d6130a5f393c9774b40e4bc21 av_one_fourth  avia-builder-el-35  el_after_av_one_fourth  el_before_av_one_fourth  flex_column_div  '     ><\/div><div  class='flex_column av-tdiibw-c1444555b0737cf0cec5cb950bf8bac4 av_one_fourth  avia-builder-el-36  el_after_av_one_fourth  avia-builder-el-last  flex_column_div  '     ><\/div>\n\n<\/div><\/div><\/div><!-- close content main div --><\/div><\/div><div id='av_section_7'  class='avia-section av-3r9vfsh-331342aa4f27194722c1633472ac8c18 main_color avia-section-default avia-no-shadow  avia-builder-el-37  el_after_av_section  el_before_av_section  avia-bg-style-scroll container_wrap fullsize'  ><div class='container av-section-cont-open' ><div class='template-page content  av-content-full alpha units'><div class='post-entry post-entry-type-page post-entry-20970'><div class='entry-content-wrapper clearfix'>\n\n<style type=\"text\/css\" data-created_by=\"avia_inline_auto\" id=\"style-css-av-d0t2xd-0c966900607adcf4477e8dc85473fa73\">\n#top .av-special-heading.av-d0t2xd-0c966900607adcf4477e8dc85473fa73{\npadding-bottom:25px;\n}\nbody .av-special-heading.av-d0t2xd-0c966900607adcf4477e8dc85473fa73 .av-special-heading-tag .heading-char{\nfont-size:25px;\n}\n.av-special-heading.av-d0t2xd-0c966900607adcf4477e8dc85473fa73 .av-subheading{\nfont-size:15px;\n}\n<\/style>\n<div  class='av-special-heading av-d0t2xd-0c966900607adcf4477e8dc85473fa73 av-special-heading-h2 blockquote modern-quote  avia-builder-el-38  el_before_av_one_fourth  avia-builder-el-first '><h2 class='av-special-heading-tag '  itemprop=\"headline\"  >Ein Business-Event von<\/h2><div class=\"special-heading-border\"><div class=\"special-heading-inner-border\"><\/div><\/div><\/div>\n<div  class='flex_column av-344afpt-2da2314c69c9d7011c036209989de2e2 av_one_fourth  avia-builder-el-39  el_after_av_heading  el_before_av_one_fourth  first flex_column_div  '     ><style type=\"text\/css\" data-created_by=\"avia_inline_auto\" id=\"style-css-av-t048s1-479053c866b11c41069166b98e2f42db\">\n.avia-image-container.av-t048s1-479053c866b11c41069166b98e2f42db img.avia_image{\nbox-shadow:none;\n}\n.avia-image-container.av-t048s1-479053c866b11c41069166b98e2f42db .av-image-caption-overlay-center{\ncolor:#ffffff;\n}\n<\/style>\n<div  class='avia-image-container av-t048s1-479053c866b11c41069166b98e2f42db av-styling- av-img-linked avia-align-center  avia-builder-el-40  avia-builder-el-no-sibling '   itemprop=\"image\" itemscope=\"itemscope\" itemtype=\"https:\/\/schema.org\/ImageObject\" ><div class=\"avia-image-container-inner\"><div class=\"avia-image-overlay-wrap\"><a href=\"https:\/\/dfvcg-events.de\/\" class='avia_image '  target=\"_blank\"  rel=\"noopener noreferrer\" aria-label='dfvcg-conference-group'><img decoding=\"async\" fetchpriority=\"high\" class='wp-image-1064 avia-img-lazy-loading-not-1064 avia_image ' src=\"https:\/\/dfvcg-events.de\/digital-talk\/wp-content\/uploads\/sites\/14\/2020\/05\/dfvcg-conference-group.jpg\" alt='' title='dfvcg-conference-group'  height=\"600\" width=\"800\"  itemprop=\"thumbnailUrl\"  \/><\/a><\/div><\/div><\/div><\/div><div  class='flex_column av-240gvtd-95b650036ed3695914e3695149c1143e av_one_fourth  avia-builder-el-41  el_after_av_one_fourth  el_before_av_one_fourth  flex_column_div  '     ><\/div><div  class='flex_column av-13natpt-b3e571ff5a8e5031a989664dde407381 av_one_fourth  avia-builder-el-42  el_after_av_one_fourth  avia-builder-el-last  flex_column_div  '     ><\/div>\n\n<\/div><\/div><\/div><!-- close content main div --><\/div><\/div><div id='av_section_8'  class='avia-section av-25gbog9-c9674875bda05e0c8b647aaff2c8dea7 main_color avia-section-default avia-no-border-styling  avia-builder-el-43  el_after_av_section  avia-builder-el-last  avia-bg-style-scroll container_wrap fullsize'  ><div class='container av-section-cont-open' ><div class='template-page content  av-content-full alpha units'><div class='post-entry post-entry-type-page post-entry-20970'><div class='entry-content-wrapper clearfix'>\n\n<style type=\"text\/css\" data-created_by=\"avia_inline_auto\" id=\"style-css-av-ls33cm5m-541430d9cf75d90b920a72e63d114445\">\n#top .av-special-heading.av-ls33cm5m-541430d9cf75d90b920a72e63d114445{\npadding-bottom:25px;\n}\nbody .av-special-heading.av-ls33cm5m-541430d9cf75d90b920a72e63d114445 .av-special-heading-tag .heading-char{\nfont-size:25px;\n}\n.av-special-heading.av-ls33cm5m-541430d9cf75d90b920a72e63d114445 .av-subheading{\nfont-size:15px;\n}\n<\/style>\n<div  class='av-special-heading av-ls33cm5m-541430d9cf75d90b920a72e63d114445 av-special-heading-h2 blockquote modern-quote  avia-builder-el-44  el_before_av_one_third  avia-builder-el-first '><h2 class='av-special-heading-tag '  itemprop=\"headline\"  >Ihre Ansprechpartner:innen<\/h2><div class=\"special-heading-border\"><div class=\"special-heading-inner-border\"><\/div><\/div><\/div>\n<div  class='flex_column av-1s831nt-7a383a82d0df2195e89dcaf2e267aa9e av_one_third  avia-builder-el-45  el_after_av_heading  el_before_av_one_third  first flex_column_div  '     ><section  class='av_textblock_section av-ls33811t-7e38eb1f3b07ce1d16076c9a75ab2479 '   itemscope=\"itemscope\" itemtype=\"https:\/\/schema.org\/CreativeWork\" ><div class='avia_textblock'  itemprop=\"text\" ><p><strong>Programm &amp; Projektleitung<\/strong><\/p>\n<p>David Pfeiffer<strong><br \/>\n<\/strong><a href=\"&#109;&#x61;&#x69;l&#116;&#x6f;:&#100;&#x61;&#x76;&#105;&#x64;&#x2e;p&#102;&#x65;i&#102;&#x66;&#x65;&#114;&#x40;&#x64;f&#118;&#x63;g&#46;&#x64;&#x65;\">&#x64;&#x61;&#118;i&#x64;&#x2e;&#112;&#102;e&#x69;&#x66;&#102;&#101;r&#x40;&#x64;&#102;vc&#x67;&#x2e;&#100;e<\/a><br \/>\n+49 69 7595 3034<\/p>\n<\/div><\/section><\/div><div  class='flex_column av-1am4oq1-c1e2a1e8e2b5f03ded135d8ba9bd8e41 av_one_third  avia-builder-el-47  el_after_av_one_third  el_before_av_one_third  flex_column_div  '     ><section  class='av_textblock_section av-ls338haj-e56630fbf99235c2b44d3e1e4c6c24a4 '   itemscope=\"itemscope\" itemtype=\"https:\/\/schema.org\/CreativeWork\" ><div class='avia_textblock'  itemprop=\"text\" ><p><strong>Organisation<\/strong><\/p>\n<p>Marie Hartmann<br \/>\n<a href=\"&#x6d;&#x61;&#105;&#108;t&#x6f;&#x3a;&#x6d;&#97;&#114;i&#x65;&#x2e;&#x68;&#97;&#114;t&#x6d;&#x61;&#x6e;&#110;&#64;d&#x66;&#x76;&#x63;&#103;&#46;d&#x65;\">&#109;&#x61;r&#105;&#x65;&#46;&#104;&#x61;r&#116;&#x6d;a&#110;&#x6e;&#64;&#x64;&#x66;&#118;&#x63;&#x67;&#46;&#x64;e<\/a><br \/>\n+49 69 7595 3028<\/p>\n<\/div><\/section><\/div><div  class='flex_column av-mooljd-63a582ab221514121a84fd350bab0fc9 av_one_third  avia-builder-el-49  el_after_av_one_third  avia-builder-el-last  flex_column_div  '     ><section  class='av_textblock_section av-ls338wg1-5f28b13795a4963eb78f3cf8d7b5fdfc '   itemscope=\"itemscope\" itemtype=\"https:\/\/schema.org\/CreativeWork\" ><div class='avia_textblock'  itemprop=\"text\" ><p><strong>Marketing<\/strong><\/p>\n<p>Elisa Grimm<br \/>\n<a href=\"&#x6d;&#x61;&#x69;&#x6c;&#x74;&#x6f;&#x3a;&#101;&#108;&#105;&#115;&#97;&#46;gri&#x6d;&#x6d;&#x40;&#x64;&#x66;&#x76;&#x63;&#x67;&#46;&#100;&#101;\">&#101;&#x6c;&#105;&#x73;&#97;&#x2e;g&#x72;i&#109;&#x6d;&#64;&#x64;&#102;&#x76;c&#x67;&#46;&#100;&#x65;<\/a><br \/>\n+49 69 7595 3038<\/p>\n<\/div><\/section><\/div>\n\n","protected":false},"excerpt":{"rendered":"<p>3. September 2026<br \/>\n10:30 \u2013 12:00 Uhr<\/p>\n","protected":false},"author":10,"featured_media":20998,"comment_status":"closed","ping_status":"closed","template":"","meta":{"footnotes":""},"tags":[],"portfolio_entries":[37],"class_list":["post-20970","portfolio","type-portfolio","status-publish","has-post-thumbnail","hentry","portfolio_entries-digital-talk"],"yoast_head":"<!-- This site is optimized with the Yoast SEO plugin v28.3 - https:\/\/yoast.com\/product\/yoast-seo-wordpress\/ -->\n<title>experience digital: Europas Stunde? - Digital Talk<\/title>\n<meta name=\"description\" content=\"Live. Aktuell. Inspirierend: experience digital: Europas Stunde? .\" \/>\n<meta name=\"robots\" content=\"index, follow, max-snippet:-1, max-image-preview:large, max-video-preview:-1\" \/>\n<link rel=\"canonical\" href=\"https:\/\/dfvcg-events.de\/digital-talk\/veranstaltung\/experience-digital-europas-stunde\/\" \/>\n<meta property=\"og:locale\" content=\"de_DE\" \/>\n<meta property=\"og:type\" content=\"article\" \/>\n<meta property=\"og:title\" content=\"experience digital: Europas Stunde? - Digital Talk\" \/>\n<meta property=\"og:description\" content=\"Live. Aktuell. Inspirierend: experience digital: Europas Stunde? .\" \/>\n<meta property=\"og:url\" content=\"https:\/\/dfvcg-events.de\/digital-talk\/veranstaltung\/experience-digital-europas-stunde\/\" \/>\n<meta property=\"og:site_name\" content=\"Digital Talk\" \/>\n<meta property=\"article:modified_time\" content=\"2026-08-12T06:50:39+00:00\" \/>\n<meta property=\"og:image\" content=\"https:\/\/dfvcg-events.de\/digital-talk\/wp-content\/uploads\/sites\/14\/2026\/07\/dfvcg-experience26-DigitalTalk-Teaser-800x800-1.png\" \/>\n\t<meta property=\"og:image:width\" content=\"800\" \/>\n\t<meta property=\"og:image:height\" content=\"800\" \/>\n\t<meta property=\"og:image:type\" content=\"image\/png\" \/>\n<meta name=\"twitter:card\" content=\"summary_large_image\" \/>\n<meta name=\"twitter:label1\" content=\"Gesch\u00e4tzte Lesezeit\" \/>\n\t<meta name=\"twitter:data1\" content=\"6\u00a0Minuten\" \/>\n<script type=\"application\/ld+json\" class=\"yoast-schema-graph\">{\"@context\":\"https:\\\/\\\/schema.org\",\"@graph\":[{\"@type\":\"WebPage\",\"@id\":\"https:\\\/\\\/dfvcg-events.de\\\/digital-talk\\\/veranstaltung\\\/experience-digital-europas-stunde\\\/\",\"url\":\"https:\\\/\\\/dfvcg-events.de\\\/digital-talk\\\/veranstaltung\\\/experience-digital-europas-stunde\\\/\",\"name\":\"experience digital: Europas Stunde? - Digital Talk\",\"isPartOf\":{\"@id\":\"https:\\\/\\\/dfvcg-events.de\\\/digital-talk\\\/#website\"},\"primaryImageOfPage\":{\"@id\":\"https:\\\/\\\/dfvcg-events.de\\\/digital-talk\\\/veranstaltung\\\/experience-digital-europas-stunde\\\/#primaryimage\"},\"image\":{\"@id\":\"https:\\\/\\\/dfvcg-events.de\\\/digital-talk\\\/veranstaltung\\\/experience-digital-europas-stunde\\\/#primaryimage\"},\"thumbnailUrl\":\"https:\\\/\\\/dfvcg-events.de\\\/digital-talk\\\/wp-content\\\/uploads\\\/sites\\\/14\\\/2026\\\/07\\\/dfvcg-experience26-DigitalTalk-Teaser-800x800-1.png\",\"datePublished\":\"2026-07-31T10:35:20+00:00\",\"dateModified\":\"2026-08-12T06:50:39+00:00\",\"description\":\"Live. Aktuell. Inspirierend: experience digital: Europas Stunde? .\",\"breadcrumb\":{\"@id\":\"https:\\\/\\\/dfvcg-events.de\\\/digital-talk\\\/veranstaltung\\\/experience-digital-europas-stunde\\\/#breadcrumb\"},\"inLanguage\":\"de\",\"potentialAction\":[{\"@type\":\"ReadAction\",\"target\":[\"https:\\\/\\\/dfvcg-events.de\\\/digital-talk\\\/veranstaltung\\\/experience-digital-europas-stunde\\\/\"]}]},{\"@type\":\"ImageObject\",\"inLanguage\":\"de\",\"@id\":\"https:\\\/\\\/dfvcg-events.de\\\/digital-talk\\\/veranstaltung\\\/experience-digital-europas-stunde\\\/#primaryimage\",\"url\":\"https:\\\/\\\/dfvcg-events.de\\\/digital-talk\\\/wp-content\\\/uploads\\\/sites\\\/14\\\/2026\\\/07\\\/dfvcg-experience26-DigitalTalk-Teaser-800x800-1.png\",\"contentUrl\":\"https:\\\/\\\/dfvcg-events.de\\\/digital-talk\\\/wp-content\\\/uploads\\\/sites\\\/14\\\/2026\\\/07\\\/dfvcg-experience26-DigitalTalk-Teaser-800x800-1.png\",\"width\":800,\"height\":800},{\"@type\":\"BreadcrumbList\",\"@id\":\"https:\\\/\\\/dfvcg-events.de\\\/digital-talk\\\/veranstaltung\\\/experience-digital-europas-stunde\\\/#breadcrumb\",\"itemListElement\":[{\"@type\":\"ListItem\",\"position\":1,\"name\":\"Startseite\",\"item\":\"https:\\\/\\\/dfvcg-events.de\\\/digital-talk\\\/\"},{\"@type\":\"ListItem\",\"position\":2,\"name\":\"experience digital: Europas Stunde?\"}]},{\"@type\":\"WebSite\",\"@id\":\"https:\\\/\\\/dfvcg-events.de\\\/digital-talk\\\/#website\",\"url\":\"https:\\\/\\\/dfvcg-events.de\\\/digital-talk\\\/\",\"name\":\"Digital Talk\",\"description\":\"dfv Conference Group\",\"publisher\":{\"@id\":\"https:\\\/\\\/dfvcg-events.de\\\/digital-talk\\\/#organization\"},\"potentialAction\":[{\"@type\":\"SearchAction\",\"target\":{\"@type\":\"EntryPoint\",\"urlTemplate\":\"https:\\\/\\\/dfvcg-events.de\\\/digital-talk\\\/?s={search_term_string}\"},\"query-input\":{\"@type\":\"PropertyValueSpecification\",\"valueRequired\":true,\"valueName\":\"search_term_string\"}}],\"inLanguage\":\"de\"},{\"@type\":\"Organization\",\"@id\":\"https:\\\/\\\/dfvcg-events.de\\\/digital-talk\\\/#organization\",\"name\":\"Digital Talks | dfv Conference Group\",\"url\":\"https:\\\/\\\/dfvcg-events.de\\\/digital-talk\\\/\",\"logo\":{\"@type\":\"ImageObject\",\"inLanguage\":\"de\",\"@id\":\"https:\\\/\\\/dfvcg-events.de\\\/digital-talk\\\/#\\\/schema\\\/logo\\\/image\\\/\",\"url\":\"https:\\\/\\\/dfvcg-events.de\\\/digital-talk\\\/wp-content\\\/uploads\\\/sites\\\/14\\\/2021\\\/02\\\/digital-talks-start.jpg\",\"contentUrl\":\"https:\\\/\\\/dfvcg-events.de\\\/digital-talk\\\/wp-content\\\/uploads\\\/sites\\\/14\\\/2021\\\/02\\\/digital-talks-start.jpg\",\"width\":800,\"height\":800,\"caption\":\"Digital Talks | dfv Conference Group\"},\"image\":{\"@id\":\"https:\\\/\\\/dfvcg-events.de\\\/digital-talk\\\/#\\\/schema\\\/logo\\\/image\\\/\"}}]}<\/script>\n<!-- \/ Yoast SEO plugin. -->","yoast_head_json":{"title":"experience digital: Europas Stunde? - Digital Talk","description":"Live. Aktuell. Inspirierend: experience digital: Europas Stunde? .","robots":{"index":"index","follow":"follow","max-snippet":"max-snippet:-1","max-image-preview":"max-image-preview:large","max-video-preview":"max-video-preview:-1"},"canonical":"https:\/\/dfvcg-events.de\/digital-talk\/veranstaltung\/experience-digital-europas-stunde\/","og_locale":"de_DE","og_type":"article","og_title":"experience digital: Europas Stunde? - Digital Talk","og_description":"Live. Aktuell. Inspirierend: experience digital: Europas Stunde? .","og_url":"https:\/\/dfvcg-events.de\/digital-talk\/veranstaltung\/experience-digital-europas-stunde\/","og_site_name":"Digital Talk","article_modified_time":"2026-08-12T06:50:39+00:00","og_image":[{"width":800,"height":800,"url":"https:\/\/dfvcg-events.de\/digital-talk\/wp-content\/uploads\/sites\/14\/2026\/07\/dfvcg-experience26-DigitalTalk-Teaser-800x800-1.png","type":"image\/png"}],"twitter_card":"summary_large_image","twitter_misc":{"Gesch\u00e4tzte Lesezeit":"6\u00a0Minuten"},"schema":{"@context":"https:\/\/schema.org","@graph":[{"@type":"WebPage","@id":"https:\/\/dfvcg-events.de\/digital-talk\/veranstaltung\/experience-digital-europas-stunde\/","url":"https:\/\/dfvcg-events.de\/digital-talk\/veranstaltung\/experience-digital-europas-stunde\/","name":"experience digital: Europas Stunde? - Digital Talk","isPartOf":{"@id":"https:\/\/dfvcg-events.de\/digital-talk\/#website"},"primaryImageOfPage":{"@id":"https:\/\/dfvcg-events.de\/digital-talk\/veranstaltung\/experience-digital-europas-stunde\/#primaryimage"},"image":{"@id":"https:\/\/dfvcg-events.de\/digital-talk\/veranstaltung\/experience-digital-europas-stunde\/#primaryimage"},"thumbnailUrl":"https:\/\/dfvcg-events.de\/digital-talk\/wp-content\/uploads\/sites\/14\/2026\/07\/dfvcg-experience26-DigitalTalk-Teaser-800x800-1.png","datePublished":"2026-07-31T10:35:20+00:00","dateModified":"2026-08-12T06:50:39+00:00","description":"Live. Aktuell. Inspirierend: experience digital: Europas Stunde? .","breadcrumb":{"@id":"https:\/\/dfvcg-events.de\/digital-talk\/veranstaltung\/experience-digital-europas-stunde\/#breadcrumb"},"inLanguage":"de","potentialAction":[{"@type":"ReadAction","target":["https:\/\/dfvcg-events.de\/digital-talk\/veranstaltung\/experience-digital-europas-stunde\/"]}]},{"@type":"ImageObject","inLanguage":"de","@id":"https:\/\/dfvcg-events.de\/digital-talk\/veranstaltung\/experience-digital-europas-stunde\/#primaryimage","url":"https:\/\/dfvcg-events.de\/digital-talk\/wp-content\/uploads\/sites\/14\/2026\/07\/dfvcg-experience26-DigitalTalk-Teaser-800x800-1.png","contentUrl":"https:\/\/dfvcg-events.de\/digital-talk\/wp-content\/uploads\/sites\/14\/2026\/07\/dfvcg-experience26-DigitalTalk-Teaser-800x800-1.png","width":800,"height":800},{"@type":"BreadcrumbList","@id":"https:\/\/dfvcg-events.de\/digital-talk\/veranstaltung\/experience-digital-europas-stunde\/#breadcrumb","itemListElement":[{"@type":"ListItem","position":1,"name":"Startseite","item":"https:\/\/dfvcg-events.de\/digital-talk\/"},{"@type":"ListItem","position":2,"name":"experience digital: Europas Stunde?"}]},{"@type":"WebSite","@id":"https:\/\/dfvcg-events.de\/digital-talk\/#website","url":"https:\/\/dfvcg-events.de\/digital-talk\/","name":"Digital Talk","description":"dfv Conference Group","publisher":{"@id":"https:\/\/dfvcg-events.de\/digital-talk\/#organization"},"potentialAction":[{"@type":"SearchAction","target":{"@type":"EntryPoint","urlTemplate":"https:\/\/dfvcg-events.de\/digital-talk\/?s={search_term_string}"},"query-input":{"@type":"PropertyValueSpecification","valueRequired":true,"valueName":"search_term_string"}}],"inLanguage":"de"},{"@type":"Organization","@id":"https:\/\/dfvcg-events.de\/digital-talk\/#organization","name":"Digital Talks | dfv Conference Group","url":"https:\/\/dfvcg-events.de\/digital-talk\/","logo":{"@type":"ImageObject","inLanguage":"de","@id":"https:\/\/dfvcg-events.de\/digital-talk\/#\/schema\/logo\/image\/","url":"https:\/\/dfvcg-events.de\/digital-talk\/wp-content\/uploads\/sites\/14\/2021\/02\/digital-talks-start.jpg","contentUrl":"https:\/\/dfvcg-events.de\/digital-talk\/wp-content\/uploads\/sites\/14\/2021\/02\/digital-talks-start.jpg","width":800,"height":800,"caption":"Digital Talks | dfv Conference Group"},"image":{"@id":"https:\/\/dfvcg-events.de\/digital-talk\/#\/schema\/logo\/image\/"}}]}},"_links":{"self":[{"href":"https:\/\/dfvcg-events.de\/digital-talk\/wp-json\/wp\/v2\/portfolio\/20970","targetHints":{"allow":["GET"]}}],"collection":[{"href":"https:\/\/dfvcg-events.de\/digital-talk\/wp-json\/wp\/v2\/portfolio"}],"about":[{"href":"https:\/\/dfvcg-events.de\/digital-talk\/wp-json\/wp\/v2\/types\/portfolio"}],"author":[{"embeddable":true,"href":"https:\/\/dfvcg-events.de\/digital-talk\/wp-json\/wp\/v2\/users\/10"}],"replies":[{"embeddable":true,"href":"https:\/\/dfvcg-events.de\/digital-talk\/wp-json\/wp\/v2\/comments?post=20970"}],"version-history":[{"count":0,"href":"https:\/\/dfvcg-events.de\/digital-talk\/wp-json\/wp\/v2\/portfolio\/20970\/revisions"}],"wp:featuredmedia":[{"embeddable":true,"href":"https:\/\/dfvcg-events.de\/digital-talk\/wp-json\/wp\/v2\/media\/20998"}],"wp:attachment":[{"href":"https:\/\/dfvcg-events.de\/digital-talk\/wp-json\/wp\/v2\/media?parent=20970"}],"wp:term":[{"taxonomy":"post_tag","embeddable":true,"href":"https:\/\/dfvcg-events.de\/digital-talk\/wp-json\/wp\/v2\/tags?post=20970"},{"taxonomy":"portfolio_entries","embeddable":true,"href":"https:\/\/dfvcg-events.de\/digital-talk\/wp-json\/wp\/v2\/portfolio_entries?post=20970"}],"curies":[{"name":"wp","href":"https:\/\/api.w.org\/{rel}","templated":true}]}}