{"id":20301,"date":"2026-04-21T13:46:53","date_gmt":"2026-04-21T11:46:53","guid":{"rendered":"https:\/\/dfvcg-events.de\/digital-talk\/?post_type=portfolio&#038;p=20301"},"modified":"2026-04-22T08:16:35","modified_gmt":"2026-04-22T06:16:35","slug":"digital-talk-budgetdruck-vs-business-impact","status":"publish","type":"portfolio","link":"https:\/\/dfvcg-events.de\/digital-talk\/veranstaltung\/digital-talk-budgetdruck-vs-business-impact\/","title":{"rendered":"digital talk: Budgetdruck vs. Business Impact"},"content":{"rendered":"<div class='clear'><\/div><div id='sub_menu1'  class='av-submenu-container av-kawv0if6-b4e37991045abd8a15205f662d77aaf5 header_color av-switch-990  avia-builder-el-0  el_before_av_section  avia-builder-el-first  av-sticky-submenu container_wrap fullsize' style='z-index:301' ><div class='container av-menu-mobile-active av-submenu-pos-left'><a href=\"#\" class=\"mobile_menu_toggle\"><span class='avia-svg-icon avia-font-svg_entypo-fontello' data-av_svg_icon='list' data-av_iconset='svg_entypo-fontello'><svg version=\"1.1\" xmlns=\"http:\/\/www.w3.org\/2000\/svg\" width=\"22\" height=\"32\" viewBox=\"0 0 22 32\" preserveAspectRatio=\"xMidYMid meet\" aria-labelledby='av-svg-title-1' aria-describedby='av-svg-desc-1' role=\"graphics-symbol\" aria-hidden=\"true\">\n<title id='av-svg-title-1'>List<\/title>\n<desc id='av-svg-desc-1'>List<\/desc>\n<path d=\"M3.2 20.8q0.64 0 1.12 0.48t0.48 1.12-0.48 1.12-1.12 0.48h-1.6q-0.64 0-1.12-0.48t-0.48-1.12 0.448-1.12 1.152-0.48h1.6zM3.2 14.4q0.64 0 1.12 0.48t0.48 1.12-0.48 1.12-1.12 0.48h-1.6q-0.64 0-1.12-0.48t-0.48-1.12 0.448-1.12 1.152-0.48h1.6zM3.2 8q0.64 0 1.12 0.48t0.48 1.12-0.48 1.12-1.12 0.48h-1.6q-0.64 0-1.12-0.48t-0.48-1.12 0.448-1.12 1.152-0.48h1.6zM9.6 11.2q-0.64 0-1.12-0.48t-0.48-1.12 0.48-1.12 1.12-0.48h11.2q0.704 0 1.152 0.48t0.448 1.12-0.48 1.12-1.12 0.48h-11.2zM20.8 14.4q0.704 0 1.152 0.48t0.448 1.12-0.48 1.12-1.12 0.48h-11.2q-0.64 0-1.12-0.48t-0.48-1.12 0.48-1.12 1.12-0.48h11.2zM20.8 20.8q0.704 0 1.152 0.48t0.448 1.12-0.48 1.12-1.12 0.48h-11.2q-0.64 0-1.12-0.48t-0.48-1.12 0.48-1.12 1.12-0.48h11.2z\"><\/path>\n<\/svg><\/span><span class=\"av-current-placeholder\">Men\u00fc<\/span><\/a><ul id='av-custom-submenu-1' class='av-subnav-menu' role='menu'>\n<li class='menu-item av-2kckn4-9fe15d835008297e4dc3ac7b92701925 menu-item-top-level av-menu-button av-menu-button-bordered menu-item-top-level-1' role='menuitem'><a href='https:\/\/dfvcg-events.de\/digital-talk\/'  ><span class='avia-bullet'><\/span><span class='avia-menu-text'>digital talks<\/span><\/a><\/li>\n<li class='menu-item av-cpa6i-8d6bb4ede07349652eb663382c7819db menu-item-top-level av-menu-button av-menu-button-colored menu-item-top-level-2' role='menuitem'><a href='#anmelden'  ><span class='avia-bullet'><\/span><span class='avia-menu-text'>Jetzt anmelden<\/span><\/a><\/li>\n<li class='menu-item av-2u4alb-1b31b1e7230e25c3456ab2518c73b2e0 menu-item-top-level menu-item-top-level-3' role='menuitem'><a href='#'  ><span class='avia-bullet'><\/span><span class='avia-menu-text'>Start<\/span><\/a><\/li>\n<li class='menu-item av-4qodp5-7f29a1eafc0789e1f9565eb00033fa1e menu-item-top-level menu-item-top-level-4' role='menuitem'><a href='#referenten'  ><span class='avia-bullet'><\/span><span class='avia-menu-text'>Vortragende<\/span><\/a><\/li>\n<\/ul><\/div><\/div><div class='sticky_placeholder'><\/div>\n<div id='av_section_1'  class='avia-section av-srk2y-112106500345416558fb7b75c6b4ce9b main_color avia-section-default avia-no-border-styling  avia-builder-el-1  el_after_av_submenu  el_before_av_section  avia-bg-style-scroll container_wrap fullsize'  ><div class='container av-section-cont-open' ><div class='template-page content  av-content-full alpha units'><div class='post-entry post-entry-type-page post-entry-20301'><div class='entry-content-wrapper clearfix'>\n<div class='flex_column_table av-prli-64bf6691d8e0f71fe37b32964844bca4 sc-av_two_fifth av-equal-height-column-flextable'>\n<style type=\"text\/css\" data-created_by=\"avia_inline_auto\" id=\"style-css-av-prli-64bf6691d8e0f71fe37b32964844bca4\">\n.flex_column.av-prli-64bf6691d8e0f71fe37b32964844bca4{\nborder-radius:0px 0px 0px 0px;\npadding:0px 0px 0px 0px;\n}\n<\/style>\n<div  class='flex_column av-prli-64bf6691d8e0f71fe37b32964844bca4 av_two_fifth  avia-builder-el-2  el_before_av_three_fifth  avia-builder-el-first  first flex_column_table_cell av-equal-height-column av-align-top av-zero-column-padding  '     ><p><br \/>\n\n<style type=\"text\/css\" data-created_by=\"avia_inline_auto\" id=\"style-css-av-kk6miykd-20501572900b5cf0466ae5ebe3f19187\">\n.avia-image-container.av-kk6miykd-20501572900b5cf0466ae5ebe3f19187 img.avia_image{\nbox-shadow:none;\n}\n.avia-image-container.av-kk6miykd-20501572900b5cf0466ae5ebe3f19187 .av-image-caption-overlay-center{\ncolor:#ffffff;\n}\n<\/style>\n<div  class='avia-image-container av-kk6miykd-20501572900b5cf0466ae5ebe3f19187 av-styling- avia-align-center  avia-builder-el-4  el_after_av_image  avia-builder-el-last '   itemprop=\"image\" itemscope=\"itemscope\" itemtype=\"https:\/\/schema.org\/ImageObject\" ><div class=\"avia-image-container-inner\"><div class=\"avia-image-overlay-wrap\"><img decoding=\"async\" fetchpriority=\"high\" class='wp-image-20302 avia-img-lazy-loading-not-20302 avia_image ' src=\"https:\/\/dfvcg-events.de\/digital-talk\/wp-content\/uploads\/sites\/14\/2026\/04\/Budgetdruck-800x800-1.jpg\" alt='' title='Budgetdruck-800x800'  height=\"800\" width=\"800\"  itemprop=\"thumbnailUrl\" srcset=\"https:\/\/dfvcg-events.de\/digital-talk\/wp-content\/uploads\/sites\/14\/2026\/04\/Budgetdruck-800x800-1.jpg 800w, https:\/\/dfvcg-events.de\/digital-talk\/wp-content\/uploads\/sites\/14\/2026\/04\/Budgetdruck-800x800-1-36x36.jpg 36w, https:\/\/dfvcg-events.de\/digital-talk\/wp-content\/uploads\/sites\/14\/2026\/04\/Budgetdruck-800x800-1-180x180.jpg 180w, https:\/\/dfvcg-events.de\/digital-talk\/wp-content\/uploads\/sites\/14\/2026\/04\/Budgetdruck-800x800-1-705x705.jpg 705w\" sizes=\"(max-width: 800px) 100vw, 800px\" \/><\/div><\/div><\/div><\/p><\/div><div class='av-flex-placeholder'><\/div>\n<style type=\"text\/css\" data-created_by=\"avia_inline_auto\" id=\"style-css-av-k26i2v6p-951306163077e809ad9a51a16327ecec\">\n.flex_column.av-k26i2v6p-951306163077e809ad9a51a16327ecec{\nborder-radius:0px 0px 0px 0px;\npadding:0px 35px 0px 0px;\n}\n<\/style>\n<div  class='flex_column av-k26i2v6p-951306163077e809ad9a51a16327ecec av_three_fifth  avia-builder-el-5  el_after_av_two_fifth  avia-builder-el-last  flex_column_table_cell av-equal-height-column av-align-top  '     ><p>\n<style type=\"text\/css\" data-created_by=\"avia_inline_auto\" id=\"style-css-av-280ihu-f4758f25842319d1838a2b7f9023637a\">\n#top .av-special-heading.av-280ihu-f4758f25842319d1838a2b7f9023637a{\npadding-bottom:10px;\ncolor:#58256a;\n}\nbody .av-special-heading.av-280ihu-f4758f25842319d1838a2b7f9023637a .av-special-heading-tag .heading-char{\nfont-size:25px;\n}\n.av-special-heading.av-280ihu-f4758f25842319d1838a2b7f9023637a .special-heading-inner-border{\nborder-color:#58256a;\n}\n.av-special-heading.av-280ihu-f4758f25842319d1838a2b7f9023637a .av-subheading{\nfont-size:19px;\ncolor:#000000;\n}\n<\/style>\n<div  class='av-special-heading av-280ihu-f4758f25842319d1838a2b7f9023637a av-special-heading-h1 custom-color-heading blockquote modern-quote  avia-builder-el-6  el_before_av_textblock  avia-builder-el-first  av-linked-heading'><div class='av_custom_color av-subheading av-subheading_above'><p>digital talk:<\/p>\n<\/div><h1 class='av-special-heading-tag '  itemprop=\"headline\"  >Budgetdruck vs. Business Impact: <\/h1><div class=\"special-heading-border\"><div class=\"special-heading-inner-border\"><\/div><\/div><\/div><br \/>\n\n<style type=\"text\/css\" data-created_by=\"avia_inline_auto\" id=\"style-css-av-o9nuhn-17b88a79e613047c880543702edc622e\">\n#top .av_textblock_section.av-o9nuhn-17b88a79e613047c880543702edc622e .avia_textblock{\nfont-size:21px;\n}\n<\/style>\n<section  class='av_textblock_section av-o9nuhn-17b88a79e613047c880543702edc622e '   itemscope=\"itemscope\" itemtype=\"https:\/\/schema.org\/CreativeWork\" ><div class='avia_textblock'  itemprop=\"text\" ><p><strong>Warum Unternehmen trotz Multikrisen auf Messepr\u00e4senz setzen<\/strong><\/p>\n<p>17. Juni 2026<\/p>\n<p>14:00 &#8211; 15:00 Uhr<\/p>\n<\/div><\/section><br \/>\n<div  class='hr av-kaz5acoo-b78fa01771143abfb53ff655947cbd6e hr-default  avia-builder-el-8  el_after_av_textblock  el_before_av_buttonrow '><span class='hr-inner '><span class=\"hr-inner-style\"><\/span><\/span><\/div><br \/>\n<div  class='avia-buttonrow-wrap av-kcn3m3gt-fff65312e5a8530eff99563e24d61bb2 avia-buttonrow-left  avia-builder-el-9  el_after_av_hr  avia-builder-el-last '>\n\n<style type=\"text\/css\" data-created_by=\"avia_inline_auto\" id=\"style-css-av-3k12xc-b17e37456467e932cc401f6b325a4801\">\n#top #wrap_all .avia-button.av-3k12xc-b17e37456467e932cc401f6b325a4801{\nbackground-color:#58256a;\nborder-color:#58256a;\ncolor:#ffffff;\ntransition:all 0.4s ease-in-out;\nmargin-bottom:5px;\nmargin-right:5px;\n}\n#top #wrap_all .avia-button.av-3k12xc-b17e37456467e932cc401f6b325a4801 .avia-svg-icon svg:first-child{\nfill:#ffffff;\nstroke:#ffffff;\n}\n<\/style>\n<a href='#anmelden'  class='avia-button av-3k12xc-b17e37456467e932cc401f6b325a4801 avia-icon_select-yes-left-icon avia-size-large'   aria-label=\"Jetzt anmelden\"><span class='avia_button_icon avia_button_icon_left avia-iconfont avia-font-entypo-fontello' data-av_icon='\ue8cb' data-av_iconfont='entypo-fontello' ><\/span><span class='avia_iconbox_title' >Jetzt anmelden<\/span><\/a>\n<\/div><\/p><\/div><\/div><!--close column table wrapper. Autoclose: 1 -->\n\n<\/div><\/div><\/div><!-- close content main div --><\/div><\/div>\n<style type=\"text\/css\" data-created_by=\"avia_inline_auto\" id=\"style-css-av-l5kph19m-6cebb766a1567a3985a29c37ccc61b07\">\n.avia-section.av-l5kph19m-6cebb766a1567a3985a29c37ccc61b07{\nbackground-color:#58256a;\nbackground:linear-gradient( to bottom, #58256a, #ba2a7a );\n}\n<\/style>\n<div id='av_section_2'  class='avia-section av-l5kph19m-6cebb766a1567a3985a29c37ccc61b07 main_color avia-section-large avia-no-shadow  avia-builder-el-10  el_after_av_section  el_before_av_section  avia-bg-style-scroll container_wrap fullsize'  ><div class='container av-section-cont-open' ><div class='template-page content  av-content-full alpha units'><div class='post-entry post-entry-type-page post-entry-20301'><div class='entry-content-wrapper clearfix'>\n\n<style type=\"text\/css\" data-created_by=\"avia_inline_auto\" id=\"style-css-av-2nenot-85f753fc36857fdd80a59c28abed74e0\">\n#top .av_textblock_section.av-2nenot-85f753fc36857fdd80a59c28abed74e0 .avia_textblock{\nfont-size:20px;\ncolor:#ffffff;\n}\n<\/style>\n<section  class='av_textblock_section av-2nenot-85f753fc36857fdd80a59c28abed74e0 '   itemscope=\"itemscope\" itemtype=\"https:\/\/schema.org\/CreativeWork\" ><div class='avia_textblock av_inherit_color'  itemprop=\"text\" ><p>Der Digital Talk \u201eBudgetdruck vs. Business Impact\u201c greift eine der zentralen Fragen auf, mit denen sich aktuell viele Aussteller und Marketingverantwortliche besch\u00e4ftigen: Warum investieren Unternehmen trotz wirtschaftlicher Unsicherheit weiterhin in Messeauftritte \u2013 und wie l\u00e4sst sich deren Wirkung gezielt maximieren?<\/p>\n<p>Im Mittelpunkt steht die Erkenntnis aus dem aktuellen Ausblick des AUMA \u2013 Verband der deutschen Messewirtschaft, dass Messen auch in Zeiten von Kostensteigerungen und Budgetrestriktionen zu den wirksamsten Marketinginstrumenten z\u00e4hlen. Gleichzeitig ver\u00e4ndert sich der Umgang mit ihnen: weniger Beteiligungen, daf\u00fcr klarer priorisiert, strategisch ausgerichtet und st\u00e4rker an messbaren Gesch\u00e4ftszielen orientiert.<\/p>\n<p>Der Talk beleuchtet, wie Unternehmen diesen Spagat zwischen Budgetdruck und Business Impact konkret meistern. Diskutiert wird unter anderem:<\/p>\n<ul>\n<li>wie Messebeteiligungen heute intern gerechtfertigt werden<\/li>\n<li>welche KPIs und Erfolgsmodelle wirklich z\u00e4hlen<\/li>\n<li>wie sich Qualit\u00e4t und Wirkung von Auftritten steigern lassen<\/li>\n<li>und welche Rolle Messen im Zusammenspiel mit digitalen Ma\u00dfnahmen spielen<\/li>\n<\/ul>\n<p>F\u00fcr Aussteller, Dienstleister und Messeverantwortliche bietet der Digital Talk praxisnahe Einblicke, aktuelle Marktdaten und konkrete Ans\u00e4tze, um Messeengagements zukunftssicher, effizient und wirkungsvoll zu gestalten.<\/p>\n<\/div><\/section>\n\n<\/div><\/div><\/div><!-- close content main div --><\/div><\/div><div id='referenten'  class='avia-section av-kawtoycl-2-c267b9033c980c43d4b959b44d8daf48 main_color avia-section-default avia-no-shadow  avia-builder-el-12  el_after_av_section  el_before_av_section  avia-bg-style-scroll container_wrap fullsize'  ><div class='container av-section-cont-open' ><div class='template-page content  av-content-full alpha units'><div class='post-entry post-entry-type-page post-entry-20301'><div class='entry-content-wrapper clearfix'>\n\n<style type=\"text\/css\" data-created_by=\"avia_inline_auto\" id=\"style-css-av-28h0mq-01ef7016dae5162c8988b5db341127b0\">\n#top .av-special-heading.av-28h0mq-01ef7016dae5162c8988b5db341127b0{\npadding-bottom:25px;\n}\nbody .av-special-heading.av-28h0mq-01ef7016dae5162c8988b5db341127b0 .av-special-heading-tag .heading-char{\nfont-size:25px;\n}\n.av-special-heading.av-28h0mq-01ef7016dae5162c8988b5db341127b0 .av-subheading{\nfont-size:15px;\n}\n<\/style>\n<div  class='av-special-heading av-28h0mq-01ef7016dae5162c8988b5db341127b0 av-special-heading-h2 blockquote modern-quote  avia-builder-el-13  el_before_av_one_third  avia-builder-el-first '><h2 class='av-special-heading-tag '  itemprop=\"headline\"  >Vortragende<\/h2><div class='av-subheading av-subheading_below'><p>Freuen Sie sich auf:<\/p>\n<\/div><div class=\"special-heading-border\"><div class=\"special-heading-inner-border\"><\/div><\/div><\/div>\n\n<style type=\"text\/css\" data-created_by=\"avia_inline_auto\" id=\"style-css-av-1cfkagr-eba6952230b37478a3e3c0629459d8a5\">\n.flex_column.av-1cfkagr-eba6952230b37478a3e3c0629459d8a5{\nborder-radius:0px 0px 0px 0px;\npadding:0px 0px 0px 0px;\n}\n<\/style>\n<div  class='flex_column av-1cfkagr-eba6952230b37478a3e3c0629459d8a5 av_one_third  avia-builder-el-14  el_after_av_heading  avia-builder-el-last  first flex_column_div av-zero-column-padding  '     ><p><section  class='avia-team-member av-m6rofde8-14835ded57ab73ab2f679a9570bd35f3  avia-builder-el-15  el_before_av_toggle_container  avia-builder-el-first '  itemscope=\"itemscope\" itemtype=\"https:\/\/schema.org\/Person\" ><div class=\"team-img-container\"><img decoding=\"async\" fetchpriority=\"high\" class='wp-image-18559 avia-img-lazy-loading-not-18559 avia_image avia_image_team' src=\"https:\/\/dfvcg-events.de\/digital-talk\/wp-content\/uploads\/sites\/14\/2025\/04\/Hochheim-Hendrik-AUMA-web.jpg\" alt='Hendrik Hochheim'  itemprop=\"image\"   height=\"800\" width=\"600\" srcset=\"https:\/\/dfvcg-events.de\/digital-talk\/wp-content\/uploads\/sites\/14\/2025\/04\/Hochheim-Hendrik-AUMA-web.jpg 600w, https:\/\/dfvcg-events.de\/digital-talk\/wp-content\/uploads\/sites\/14\/2025\/04\/Hochheim-Hendrik-AUMA-web-529x705.jpg 529w\" sizes=\"(max-width: 600px) 100vw, 600px\" \/><\/div><h3 class='team-member-name '  itemprop=\"name\" >Hendrik Hochheim<\/h3><div class='team-member-job-title '  itemprop=\"jobTitle\" >Gesch\u00e4ftsf\u00fchrer, FKM<\/div><span class='hidden team-member-affiliation'  itemprop=\"affiliation\" >Digital Talk<\/span><\/section><br \/>\n<div  class='togglecontainer av-1xbvndo-d17a271971b57a3501c6e3da2319896d  avia-builder-el-16  el_after_av_team_member  avia-builder-el-last  toggle_close_all' >\n<section class='av_toggle_section av-1tmkp18-8bc5ae9db3042f9a196214c855877b1c'  itemscope=\"itemscope\" itemtype=\"https:\/\/schema.org\/CreativeWork\" ><div role=\"tablist\" class=\"single_toggle\" data-tags=\"{Alle} \"  ><p id='toggle-toggle-id-1' data-fake-id='#toggle-id-1' class='toggler  av-title-above '  itemprop=\"headline\"  role='tab' tabindex='0' aria-controls='toggle-id-1' data-slide-speed=\"200\" data-title=\"Info\" data-title-open=\"\" data-aria_collapsed=\"Click to expand: Info\" data-aria_expanded=\"Click to collapse: Info\">Info<span class=\"toggle_icon\"><span class=\"vert_icon\"><\/span><span class=\"hor_icon\"><\/span><\/span><\/p><div id='toggle-id-1' aria-labelledby='toggle-toggle-id-1' role='region' class='toggle_wrap  av-title-above'  ><div class='toggle_content invers-color '  itemprop=\"text\" ><p>Hendrik Hochheim leitet derzeit den Gesch\u00e4ftsbereich Messen Deutschland, ist Mitglied der Gesch\u00e4ftsleitung im AUMA \u2013 Verband der deutschen Messewirtschaft \u2013 und Gesch\u00e4ftsf\u00fchrer der FKM, der Gesellschaft zur Freiwilligen Kontrolle von Messe- und Ausstellungszahlen.<\/p>\n<p>Er verf\u00fcgt \u00fcber mehr als zwei Jahrzehnte Erfahrung im Messebereich, die er zun\u00e4chst als Messe- und Kongressveranstalter sammelte.<\/p>\n<p>Seit dem Jahr 2001 ist er in verschiedenen Funktionen beim AUMA t\u00e4tig, unter anderem war er am Aufbau und der Leitung des Instituts der deutschen Messewirtschaft beteiligt.<\/p>\n<p>Zudem hat er zahlreiche Ver\u00f6ffentlichungen und Studien zu Themen rund um Messen und Marketing verfasst.<\/p>\n<p>Er h\u00e4lt regelm\u00e4\u00dfig Fachvortr\u00e4ge und leitet Seminare f\u00fcr Kammern, Verb\u00e4nde, Hochschulen und Unternehmen.<\/p>\n<\/div><\/div><\/div><\/section>\n<\/div><\/p><\/div><\/div><\/div><\/div><!-- close content main div --><\/div><\/div><div id='anmelden'  class='avia-section av-kawtoycl-1-b06506d3f004b7712fe681922b309195 main_color avia-section-default avia-no-shadow  avia-builder-el-17  el_after_av_section  el_before_av_section  avia-bg-style-scroll container_wrap fullsize'  ><div class='container av-section-cont-open' ><div class='template-page content  av-content-full alpha units'><div class='post-entry post-entry-type-page post-entry-20301'><div class='entry-content-wrapper clearfix'>\n\n<style type=\"text\/css\" data-created_by=\"avia_inline_auto\" id=\"style-css-av-24jcbm-ad0b7721e982000c2ae5e91464b9403a\">\n#top .av-special-heading.av-24jcbm-ad0b7721e982000c2ae5e91464b9403a{\npadding-bottom:25px;\n}\nbody .av-special-heading.av-24jcbm-ad0b7721e982000c2ae5e91464b9403a .av-special-heading-tag .heading-char{\nfont-size:25px;\n}\n.av-special-heading.av-24jcbm-ad0b7721e982000c2ae5e91464b9403a .av-subheading{\nfont-size:15px;\n}\n<\/style>\n<div  class='av-special-heading av-24jcbm-ad0b7721e982000c2ae5e91464b9403a av-special-heading-h2 blockquote modern-quote  avia-builder-el-18  el_before_av_codeblock  avia-builder-el-first '><h2 class='av-special-heading-tag '  itemprop=\"headline\"  >Jetzt anmelden<\/h2><div class='av-subheading av-subheading_below'><p>Wir freuen uns auf Sie!<\/p>\n<\/div><div class=\"special-heading-border\"><div class=\"special-heading-inner-border\"><\/div><\/div><\/div>\n\n<\/p>\n<\/div><\/div><\/div><!-- close content main div --><\/div><\/div><div id='av_section_5'  class='avia-section av-2f457bw-12b1a1a07990f6a94b6d3ebe43b29f14 main_color avia-section-default avia-no-shadow  avia-builder-el-20  el_after_av_section  el_before_av_section  avia-bg-style-scroll container_wrap fullsize'  ><div class='container av-section-cont-open' ><div class='template-page content  av-content-full alpha units'><div class='post-entry post-entry-type-page post-entry-20301'><div class='entry-content-wrapper clearfix'>\n\n<style type=\"text\/css\" data-created_by=\"avia_inline_auto\" id=\"style-css-av-28ldzi4-e1cbd685483d2a074e184d431eb31d86\">\n#top .av-special-heading.av-28ldzi4-e1cbd685483d2a074e184d431eb31d86{\npadding-bottom:25px;\n}\nbody .av-special-heading.av-28ldzi4-e1cbd685483d2a074e184d431eb31d86 .av-special-heading-tag .heading-char{\nfont-size:25px;\n}\n.av-special-heading.av-28ldzi4-e1cbd685483d2a074e184d431eb31d86 .av-subheading{\nfont-size:15px;\n}\n<\/style>\n<div  class='av-special-heading av-28ldzi4-e1cbd685483d2a074e184d431eb31d86 av-special-heading-h2 blockquote modern-quote  avia-builder-el-21  el_before_av_textblock  avia-builder-el-first '><h2 class='av-special-heading-tag '  itemprop=\"headline\"  >Gut zu wissen<\/h2><div class=\"special-heading-border\"><div class=\"special-heading-inner-border\"><\/div><\/div><\/div>\n<section  class='av_textblock_section av-1glf4cc-793cf49d0baf98d507d6042a35e0936b '   itemscope=\"itemscope\" itemtype=\"https:\/\/schema.org\/CreativeWork\" ><div class='avia_textblock'  itemprop=\"text\" ><p>Nach Ihrer Registrierung erhalten Sie Ihre Anmeldebest\u00e4tigung sowie einen Link f\u00fcr Ihren Kalendereintrag. Die Zugangsdaten zum Einloggen erhalten Sie rechtzeitig vor Beginn des digital talks.<\/p>\n<\/div><\/section>\n\n<\/div><\/div><\/div><!-- close content main div --><\/div><\/div><div id='av_section_6'  class='avia-section av-475lki-bf6368de126dfa81a99faf90a82d92dd main_color avia-section-default avia-no-shadow  avia-builder-el-23  el_after_av_section  el_before_av_section  avia-bg-style-scroll container_wrap fullsize'  ><div class='container av-section-cont-open' ><div class='template-page content  av-content-full alpha units'><div class='post-entry post-entry-type-page post-entry-20301'><div class='entry-content-wrapper clearfix'>\n\n<style type=\"text\/css\" data-created_by=\"avia_inline_auto\" id=\"style-css-av-kq10tixo-eaf52619ce395da1d90ebe919e1157a0\">\n#top .av-special-heading.av-kq10tixo-eaf52619ce395da1d90ebe919e1157a0{\npadding-bottom:25px;\n}\nbody .av-special-heading.av-kq10tixo-eaf52619ce395da1d90ebe919e1157a0 .av-special-heading-tag .heading-char{\nfont-size:25px;\n}\n.av-special-heading.av-kq10tixo-eaf52619ce395da1d90ebe919e1157a0 .av-subheading{\nfont-size:15px;\n}\n<\/style>\n<div  class='av-special-heading av-kq10tixo-eaf52619ce395da1d90ebe919e1157a0 av-special-heading-h2 blockquote modern-quote  avia-builder-el-24  el_before_av_three_fifth  avia-builder-el-first '><h2 class='av-special-heading-tag '  itemprop=\"headline\"  >Jetzt Ticket sichern: M1 \u2013 Zukunftskongress Messe <\/h2><div class=\"special-heading-border\"><div class=\"special-heading-inner-border\"><\/div><\/div><\/div>\n<div  class='flex_column av-39pl4gs-dd08c8fc71c2c94fdac58806b7f9c07d av_three_fifth  avia-builder-el-25  el_after_av_heading  el_before_av_two_fifth  first flex_column_div  '     ><section  class='av_textblock_section av-m99z0o21-cc5ad3fef642f4d0a8e1831007ae3c87 '   itemscope=\"itemscope\" itemtype=\"https:\/\/schema.org\/CreativeWork\" ><div class='avia_textblock'  itemprop=\"text\" ><p>Der\u00a0<strong>M1 \u2013 Zukunftskongress Messe<\/strong>\u00a0ist die neue Leitveranstaltung f\u00fcr die\u00a0<strong>ausstellende Wirtschaft<\/strong>\u00a0und richtet sich gezielt an Unternehmen, die Messen als strategisches Marketinginstrument nutzen. Er bietet Marketing-Entscheider:innen, Messemanager:innen und Kommunikationsprofis praxisnahe Strategien, um Messeauftritte zukunftssicher und wirkungsvoll zu gestalten.<\/p>\n<\/div><\/section><\/div><div  class='flex_column av-32dat18-eea1e5838cc1f34a87986789732b37a6 av_two_fifth  avia-builder-el-27  el_after_av_three_fifth  avia-builder-el-last  flex_column_div  '     ><style type=\"text\/css\" data-created_by=\"avia_inline_auto\" id=\"style-css-av-m99yzuif-b9038821cd6b3a41a16f2a4b1d748076\">\n.avia-image-container.av-m99yzuif-b9038821cd6b3a41a16f2a4b1d748076 img.avia_image{\nbox-shadow:none;\n}\n.avia-image-container.av-m99yzuif-b9038821cd6b3a41a16f2a4b1d748076 .av-image-caption-overlay-center{\ncolor:#ffffff;\n}\n<\/style>\n<div  class='avia-image-container av-m99yzuif-b9038821cd6b3a41a16f2a4b1d748076 av-styling- av-img-linked avia-align-center  avia-builder-el-28  avia-builder-el-no-sibling '   itemprop=\"image\" itemscope=\"itemscope\" itemtype=\"https:\/\/schema.org\/ImageObject\" ><div class=\"avia-image-container-inner\"><div class=\"avia-image-overlay-wrap\"><a href=\"https:\/\/dfvcg-events.de\/m1-zukunftskongress-messe\/\" class='avia_image '  target=\"_blank\"  rel=\"noopener noreferrer\" aria-label='Banner_M1_AUMA_ (630 x 250 px)'><img decoding=\"async\" fetchpriority=\"high\" class='wp-image-20303 avia-img-lazy-loading-not-20303 avia_image ' src=\"https:\/\/dfvcg-events.de\/digital-talk\/wp-content\/uploads\/sites\/14\/2026\/04\/Banner_M1_AUMA_-630-x-250-px.png\" alt='' title='Banner_M1_AUMA_ (630 x 250 px)'  height=\"250\" width=\"630\"  itemprop=\"thumbnailUrl\"  \/><\/a><\/div><\/div><\/div><\/div>\n\n<\/div><\/div><\/div><!-- close content main div --><\/div><\/div><div id='av_section_7'  class='avia-section av-24m9czw-db2bf0e8817bb720dc76fbfba9028945 main_color avia-section-default avia-no-shadow  avia-builder-el-29  el_after_av_section  el_before_av_section  avia-bg-style-scroll container_wrap fullsize'  ><div class='container av-section-cont-open' ><div class='template-page content  av-content-full alpha units'><div class='post-entry post-entry-type-page post-entry-20301'><div class='entry-content-wrapper clearfix'>\n\n<style type=\"text\/css\" data-created_by=\"avia_inline_auto\" id=\"style-css-av-m5xsecer-4720bb368111d1dfee84383eb569a254\">\n#top .av-special-heading.av-m5xsecer-4720bb368111d1dfee84383eb569a254{\npadding-bottom:25px;\n}\nbody .av-special-heading.av-m5xsecer-4720bb368111d1dfee84383eb569a254 .av-special-heading-tag .heading-char{\nfont-size:25px;\n}\n.av-special-heading.av-m5xsecer-4720bb368111d1dfee84383eb569a254 .av-subheading{\nfont-size:15px;\n}\n<\/style>\n<div  class='av-special-heading av-m5xsecer-4720bb368111d1dfee84383eb569a254 av-special-heading-h2 blockquote modern-quote  avia-builder-el-30  el_before_av_one_fourth  avia-builder-el-first '><h2 class='av-special-heading-tag '  itemprop=\"headline\"  >Partner<\/h2><div class=\"special-heading-border\"><div class=\"special-heading-inner-border\"><\/div><\/div><\/div>\n<div  class='flex_column av-1fav05o-24f30314ea5331dc443012a56928860f av_one_fourth  avia-builder-el-31  el_after_av_heading  el_before_av_one_fourth  first flex_column_div  '     ><style type=\"text\/css\" data-created_by=\"avia_inline_auto\" id=\"style-css-av-m6robkyd-9fd30c54fa70461fc86bb622d95115b9\">\n.avia-image-container.av-m6robkyd-9fd30c54fa70461fc86bb622d95115b9 img.avia_image{\nbox-shadow:none;\n}\n.avia-image-container.av-m6robkyd-9fd30c54fa70461fc86bb622d95115b9 .av-image-caption-overlay-center{\ncolor:#ffffff;\n}\n<\/style>\n<div  class='avia-image-container av-m6robkyd-9fd30c54fa70461fc86bb622d95115b9 av-styling- av-img-linked avia-align-center  avia-builder-el-32  avia-builder-el-no-sibling '   itemprop=\"image\" itemscope=\"itemscope\" itemtype=\"https:\/\/schema.org\/ImageObject\" ><div class=\"avia-image-container-inner\"><div class=\"avia-image-overlay-wrap\"><a href=\"https:\/\/www.auma.de\/\" class='avia_image '  aria-label='CMYK_Wortbildmarke-Zusatz-Schutzzone-web'><img decoding=\"async\" fetchpriority=\"high\" class='wp-image-18560 avia-img-lazy-loading-not-18560 avia_image ' src=\"https:\/\/dfvcg-events.de\/digital-talk\/wp-content\/uploads\/sites\/14\/2025\/04\/CMYK_Wortbildmarke-Zusatz-Schutzzone-web.png\" alt='' title='CMYK_Wortbildmarke-Zusatz-Schutzzone-web'  height=\"600\" width=\"800\"  itemprop=\"thumbnailUrl\" srcset=\"https:\/\/dfvcg-events.de\/digital-talk\/wp-content\/uploads\/sites\/14\/2025\/04\/CMYK_Wortbildmarke-Zusatz-Schutzzone-web.png 800w, https:\/\/dfvcg-events.de\/digital-talk\/wp-content\/uploads\/sites\/14\/2025\/04\/CMYK_Wortbildmarke-Zusatz-Schutzzone-web-705x529.png 705w\" sizes=\"(max-width: 800px) 100vw, 800px\" \/><\/a><\/div><\/div><\/div><\/div><div  class='flex_column av-11ftgwc-4490008d6130a5f393c9774b40e4bc21 av_one_fourth  avia-builder-el-33  el_after_av_one_fourth  el_before_av_one_fourth  flex_column_div  '     ><\/div><div  class='flex_column av-tdiibw-c1444555b0737cf0cec5cb950bf8bac4 av_one_fourth  avia-builder-el-34  el_after_av_one_fourth  avia-builder-el-last  flex_column_div  '     ><\/div>\n\n<\/div><\/div><\/div><!-- close content main div --><\/div><\/div><div id='av_section_8'  class='avia-section av-3r9vfsh-331342aa4f27194722c1633472ac8c18 main_color avia-section-default avia-no-shadow  avia-builder-el-35  el_after_av_section  el_before_av_section  avia-bg-style-scroll container_wrap fullsize'  ><div class='container av-section-cont-open' ><div class='template-page content  av-content-full alpha units'><div class='post-entry post-entry-type-page post-entry-20301'><div class='entry-content-wrapper clearfix'>\n\n<style type=\"text\/css\" data-created_by=\"avia_inline_auto\" id=\"style-css-av-d0t2xd-0c966900607adcf4477e8dc85473fa73\">\n#top .av-special-heading.av-d0t2xd-0c966900607adcf4477e8dc85473fa73{\npadding-bottom:25px;\n}\nbody .av-special-heading.av-d0t2xd-0c966900607adcf4477e8dc85473fa73 .av-special-heading-tag .heading-char{\nfont-size:25px;\n}\n.av-special-heading.av-d0t2xd-0c966900607adcf4477e8dc85473fa73 .av-subheading{\nfont-size:15px;\n}\n<\/style>\n<div  class='av-special-heading av-d0t2xd-0c966900607adcf4477e8dc85473fa73 av-special-heading-h2 blockquote modern-quote  avia-builder-el-36  el_before_av_one_fourth  avia-builder-el-first '><h2 class='av-special-heading-tag '  itemprop=\"headline\"  >Ein Business-Event von<\/h2><div class=\"special-heading-border\"><div class=\"special-heading-inner-border\"><\/div><\/div><\/div>\n<div  class='flex_column av-13natpt-eda4d6191ab14b6f8adc73125ee3b3b4 av_one_fourth  avia-builder-el-37  el_after_av_heading  el_before_av_one_fourth  first flex_column_div  '     ><style type=\"text\/css\" data-created_by=\"avia_inline_auto\" id=\"style-css-av-t048s1-edd2195c1e745d64c337ff83ab07cebd\">\n.avia-image-container.av-t048s1-edd2195c1e745d64c337ff83ab07cebd img.avia_image{\nbox-shadow:none;\n}\n.avia-image-container.av-t048s1-edd2195c1e745d64c337ff83ab07cebd .av-image-caption-overlay-center{\ncolor:#ffffff;\n}\n<\/style>\n<div  class='avia-image-container av-t048s1-edd2195c1e745d64c337ff83ab07cebd av-styling- avia-align-center  avia-builder-el-38  avia-builder-el-no-sibling '   itemprop=\"image\" itemscope=\"itemscope\" itemtype=\"https:\/\/schema.org\/ImageObject\" ><div class=\"avia-image-container-inner\"><div class=\"avia-image-overlay-wrap\"><img decoding=\"async\" fetchpriority=\"high\" class='wp-image-5648 avia-img-lazy-loading-not-5648 avia_image ' src=\"https:\/\/dfvcg-events.de\/digital-talk\/wp-content\/uploads\/sites\/14\/2022\/01\/ma_kurz_LOGO_web.jpg\" alt='' title='m+a_kurz_LOGO_web'  height=\"300\" width=\"400\"  itemprop=\"thumbnailUrl\"  \/><\/div><\/div><\/div><\/div><div  class='flex_column av-17v4e3g-f888c7dda8d100bdd4a247ab639e5b24 av_one_fourth  avia-builder-el-39  el_after_av_one_fourth  avia-builder-el-last  flex_column_div  '     ><style type=\"text\/css\" data-created_by=\"avia_inline_auto\" id=\"style-css-av-2xkjvg-95231590c120519b7cbc09792bdc8769\">\n.avia-image-container.av-2xkjvg-95231590c120519b7cbc09792bdc8769 img.avia_image{\nbox-shadow:none;\n}\n.avia-image-container.av-2xkjvg-95231590c120519b7cbc09792bdc8769 .av-image-caption-overlay-center{\ncolor:#ffffff;\n}\n<\/style>\n<div  class='avia-image-container av-2xkjvg-95231590c120519b7cbc09792bdc8769 av-styling- av-img-linked avia-align-center  avia-builder-el-40  avia-builder-el-no-sibling '   itemprop=\"image\" itemscope=\"itemscope\" itemtype=\"https:\/\/schema.org\/ImageObject\" ><div class=\"avia-image-container-inner\"><div class=\"avia-image-overlay-wrap\"><a href=\"https:\/\/dfvcg-events.de\/\" class='avia_image '  target=\"_blank\"  rel=\"noopener noreferrer\" aria-label='dfvcg-conference-group'><img decoding=\"async\" fetchpriority=\"high\" class='wp-image-1064 avia-img-lazy-loading-not-1064 avia_image ' src=\"https:\/\/dfvcg-events.de\/digital-talk\/wp-content\/uploads\/sites\/14\/2020\/05\/dfvcg-conference-group.jpg\" alt='' title='dfvcg-conference-group'  height=\"600\" width=\"800\"  itemprop=\"thumbnailUrl\"  \/><\/a><\/div><\/div><\/div><\/div>\n\n<\/div><\/div><\/div><!-- close content main div --><\/div><\/div><div id='av_section_9'  class='avia-section av-25gbog9-c9674875bda05e0c8b647aaff2c8dea7 main_color avia-section-default avia-no-border-styling  avia-builder-el-41  el_after_av_section  avia-builder-el-last  avia-bg-style-scroll container_wrap fullsize'  ><div class='container av-section-cont-open' ><div class='template-page content  av-content-full alpha units'><div class='post-entry post-entry-type-page post-entry-20301'><div class='entry-content-wrapper clearfix'>\n\n<style type=\"text\/css\" data-created_by=\"avia_inline_auto\" id=\"style-css-av-ls33cm5m-541430d9cf75d90b920a72e63d114445\">\n#top .av-special-heading.av-ls33cm5m-541430d9cf75d90b920a72e63d114445{\npadding-bottom:25px;\n}\nbody .av-special-heading.av-ls33cm5m-541430d9cf75d90b920a72e63d114445 .av-special-heading-tag .heading-char{\nfont-size:25px;\n}\n.av-special-heading.av-ls33cm5m-541430d9cf75d90b920a72e63d114445 .av-subheading{\nfont-size:15px;\n}\n<\/style>\n<div  class='av-special-heading av-ls33cm5m-541430d9cf75d90b920a72e63d114445 av-special-heading-h2 blockquote modern-quote  avia-builder-el-42  el_before_av_one_third  avia-builder-el-first '><h2 class='av-special-heading-tag '  itemprop=\"headline\"  >Ihre Ansprechpartner:innen<\/h2><div class=\"special-heading-border\"><div class=\"special-heading-inner-border\"><\/div><\/div><\/div>\n<div  class='flex_column av-1s831nt-7a383a82d0df2195e89dcaf2e267aa9e av_one_third  avia-builder-el-43  el_after_av_heading  el_before_av_one_third  first flex_column_div  '     ><section  class='av_textblock_section av-ls33811t-7e38eb1f3b07ce1d16076c9a75ab2479 '   itemscope=\"itemscope\" itemtype=\"https:\/\/schema.org\/CreativeWork\" ><div class='avia_textblock'  itemprop=\"text\" ><p><strong>Programm &amp; Projektleitung<\/strong><\/p>\n<p><strong>Irina Niemann<br \/>\n<\/strong><a href=\"m&#97;&#x69;&#x6c;t&#111;&#x3a;&#x69;r&#105;&#x6e;&#x61;&#46;&#110;&#x69;&#x65;m&#97;&#x6e;&#x6e;&#64;&#100;&#102;&#x76;&#x63;g&#46;&#x64;&#x65;\">&#x69;r&#x69;&#110;a&#x2e;&#110;&#x69;&#101;m&#x61;&#110;&#x6e;&#64;d&#x66;&#118;&#x63;&#x67;&#46;&#x64;&#101;<\/a><br \/>\n+49 69 7595 3043<\/p>\n<\/div><\/section><\/div><div  class='flex_column av-1am4oq1-c1e2a1e8e2b5f03ded135d8ba9bd8e41 av_one_third  avia-builder-el-45  el_after_av_one_third  el_before_av_one_third  flex_column_div  '     ><section  class='av_textblock_section av-ls338haj-e56630fbf99235c2b44d3e1e4c6c24a4 '   itemscope=\"itemscope\" itemtype=\"https:\/\/schema.org\/CreativeWork\" ><div class='avia_textblock'  itemprop=\"text\" ><p><strong>Organisation<\/strong><\/p>\n<p>Marie Hartmann<br \/>\n<a href=\"m&#97;&#x69;&#x6c;t&#111;&#58;&#x6d;&#x61;r&#105;&#x65;&#x2e;h&#97;&#114;&#x74;&#x6d;a&#110;&#x6e;&#x40;d&#102;&#118;&#x63;&#x67;&#46;&#100;&#x65;\">&#109;&#x61;&#x72;&#105;&#x65;&#x2e;h&#x61;&#x72;t&#109;&#x61;n&#110;&#x40;d&#102;&#x76;c&#103;&#x2e;d&#101;<\/a><br \/>\n+49 69 7595 3028<\/p>\n<\/div><\/section><\/div><div  class='flex_column av-mooljd-63a582ab221514121a84fd350bab0fc9 av_one_third  avia-builder-el-47  el_after_av_one_third  avia-builder-el-last  flex_column_div  '     ><section  class='av_textblock_section av-ls338wg1-5f28b13795a4963eb78f3cf8d7b5fdfc '   itemscope=\"itemscope\" itemtype=\"https:\/\/schema.org\/CreativeWork\" ><div class='avia_textblock'  itemprop=\"text\" ><p><strong>Marketing<\/strong><\/p>\n<p>Sina Goy<br \/>\n<a href=\"m&#97;&#x69;&#x6c;&#x74;o&#58;&#x53;&#x69;&#x6e;a&#46;&#x67;&#x6f;&#x79;&#64;&#100;&#x66;&#x76;&#x63;g&#46;&#x64;&#x65;\">&#115;&#x69;&#110;&#x61;&#46;&#x67;&#111;&#x79;&#64;&#x64;f&#x76;c&#x67;&#46;&#100;&#x65;<\/a><br \/>\n+49 69 7595 1904<\/p>\n<\/div><\/section><\/div>\n\n","protected":false},"excerpt":{"rendered":"<p>17. Juni 2026<br \/>\n14:00 &#8211; 15:00 Uhr<\/p>\n","protected":false},"author":10,"featured_media":20302,"comment_status":"closed","ping_status":"closed","template":"","meta":{"footnotes":""},"tags":[],"portfolio_entries":[37],"class_list":["post-20301","portfolio","type-portfolio","status-publish","has-post-thumbnail","hentry","portfolio_entries-digital-talk"],"yoast_head":"<!-- This site is optimized with the Yoast SEO plugin v27.4 - https:\/\/yoast.com\/product\/yoast-seo-wordpress\/ -->\n<title>digital talk: Budgetdruck vs. Business Impact - Digital Talk<\/title>\n<meta name=\"description\" content=\"Live. Aktuell. Inspirierend: digital talk: Budgetdruck vs. Business Impact .\" \/>\n<meta name=\"robots\" content=\"index, follow, max-snippet:-1, max-image-preview:large, max-video-preview:-1\" \/>\n<link rel=\"canonical\" href=\"https:\/\/dfvcg-events.de\/digital-talk\/veranstaltung\/digital-talk-budgetdruck-vs-business-impact\/\" \/>\n<meta property=\"og:locale\" content=\"de_DE\" \/>\n<meta property=\"og:type\" content=\"article\" \/>\n<meta property=\"og:title\" content=\"digital talk: Budgetdruck vs. Business Impact - Digital Talk\" \/>\n<meta property=\"og:description\" content=\"Live. Aktuell. Inspirierend: digital talk: Budgetdruck vs. Business Impact .\" \/>\n<meta property=\"og:url\" content=\"https:\/\/dfvcg-events.de\/digital-talk\/veranstaltung\/digital-talk-budgetdruck-vs-business-impact\/\" \/>\n<meta property=\"og:site_name\" content=\"Digital Talk\" \/>\n<meta property=\"article:modified_time\" content=\"2026-04-22T06:16:35+00:00\" \/>\n<meta property=\"og:image\" content=\"https:\/\/dfvcg-events.de\/digital-talk\/wp-content\/uploads\/sites\/14\/2026\/04\/Budgetdruck-800x800-1.jpg\" \/>\n\t<meta property=\"og:image:width\" content=\"800\" \/>\n\t<meta property=\"og:image:height\" content=\"800\" \/>\n\t<meta property=\"og:image:type\" content=\"image\/jpeg\" \/>\n<meta name=\"twitter:card\" content=\"summary_large_image\" \/>\n<meta name=\"twitter:label1\" content=\"Gesch\u00e4tzte Lesezeit\" \/>\n\t<meta name=\"twitter:data1\" content=\"4\u00a0Minuten\" \/>\n<script type=\"application\/ld+json\" class=\"yoast-schema-graph\">{\"@context\":\"https:\\\/\\\/schema.org\",\"@graph\":[{\"@type\":\"WebPage\",\"@id\":\"https:\\\/\\\/dfvcg-events.de\\\/digital-talk\\\/veranstaltung\\\/digital-talk-budgetdruck-vs-business-impact\\\/\",\"url\":\"https:\\\/\\\/dfvcg-events.de\\\/digital-talk\\\/veranstaltung\\\/digital-talk-budgetdruck-vs-business-impact\\\/\",\"name\":\"digital talk: Budgetdruck vs. Business Impact - Digital Talk\",\"isPartOf\":{\"@id\":\"https:\\\/\\\/dfvcg-events.de\\\/digital-talk\\\/#website\"},\"primaryImageOfPage\":{\"@id\":\"https:\\\/\\\/dfvcg-events.de\\\/digital-talk\\\/veranstaltung\\\/digital-talk-budgetdruck-vs-business-impact\\\/#primaryimage\"},\"image\":{\"@id\":\"https:\\\/\\\/dfvcg-events.de\\\/digital-talk\\\/veranstaltung\\\/digital-talk-budgetdruck-vs-business-impact\\\/#primaryimage\"},\"thumbnailUrl\":\"https:\\\/\\\/dfvcg-events.de\\\/digital-talk\\\/wp-content\\\/uploads\\\/sites\\\/14\\\/2026\\\/04\\\/Budgetdruck-800x800-1.jpg\",\"datePublished\":\"2026-04-21T11:46:53+00:00\",\"dateModified\":\"2026-04-22T06:16:35+00:00\",\"description\":\"Live. Aktuell. Inspirierend: digital talk: Budgetdruck vs. Business Impact .\",\"breadcrumb\":{\"@id\":\"https:\\\/\\\/dfvcg-events.de\\\/digital-talk\\\/veranstaltung\\\/digital-talk-budgetdruck-vs-business-impact\\\/#breadcrumb\"},\"inLanguage\":\"de\",\"potentialAction\":[{\"@type\":\"ReadAction\",\"target\":[\"https:\\\/\\\/dfvcg-events.de\\\/digital-talk\\\/veranstaltung\\\/digital-talk-budgetdruck-vs-business-impact\\\/\"]}]},{\"@type\":\"ImageObject\",\"inLanguage\":\"de\",\"@id\":\"https:\\\/\\\/dfvcg-events.de\\\/digital-talk\\\/veranstaltung\\\/digital-talk-budgetdruck-vs-business-impact\\\/#primaryimage\",\"url\":\"https:\\\/\\\/dfvcg-events.de\\\/digital-talk\\\/wp-content\\\/uploads\\\/sites\\\/14\\\/2026\\\/04\\\/Budgetdruck-800x800-1.jpg\",\"contentUrl\":\"https:\\\/\\\/dfvcg-events.de\\\/digital-talk\\\/wp-content\\\/uploads\\\/sites\\\/14\\\/2026\\\/04\\\/Budgetdruck-800x800-1.jpg\",\"width\":800,\"height\":800},{\"@type\":\"BreadcrumbList\",\"@id\":\"https:\\\/\\\/dfvcg-events.de\\\/digital-talk\\\/veranstaltung\\\/digital-talk-budgetdruck-vs-business-impact\\\/#breadcrumb\",\"itemListElement\":[{\"@type\":\"ListItem\",\"position\":1,\"name\":\"Startseite\",\"item\":\"https:\\\/\\\/dfvcg-events.de\\\/digital-talk\\\/\"},{\"@type\":\"ListItem\",\"position\":2,\"name\":\"digital talk: Budgetdruck vs. Business Impact\"}]},{\"@type\":\"WebSite\",\"@id\":\"https:\\\/\\\/dfvcg-events.de\\\/digital-talk\\\/#website\",\"url\":\"https:\\\/\\\/dfvcg-events.de\\\/digital-talk\\\/\",\"name\":\"Digital Talk\",\"description\":\"dfv Conference Group\",\"publisher\":{\"@id\":\"https:\\\/\\\/dfvcg-events.de\\\/digital-talk\\\/#organization\"},\"potentialAction\":[{\"@type\":\"SearchAction\",\"target\":{\"@type\":\"EntryPoint\",\"urlTemplate\":\"https:\\\/\\\/dfvcg-events.de\\\/digital-talk\\\/?s={search_term_string}\"},\"query-input\":{\"@type\":\"PropertyValueSpecification\",\"valueRequired\":true,\"valueName\":\"search_term_string\"}}],\"inLanguage\":\"de\"},{\"@type\":\"Organization\",\"@id\":\"https:\\\/\\\/dfvcg-events.de\\\/digital-talk\\\/#organization\",\"name\":\"Digital Talks | dfv Conference Group\",\"url\":\"https:\\\/\\\/dfvcg-events.de\\\/digital-talk\\\/\",\"logo\":{\"@type\":\"ImageObject\",\"inLanguage\":\"de\",\"@id\":\"https:\\\/\\\/dfvcg-events.de\\\/digital-talk\\\/#\\\/schema\\\/logo\\\/image\\\/\",\"url\":\"https:\\\/\\\/dfvcg-events.de\\\/digital-talk\\\/wp-content\\\/uploads\\\/sites\\\/14\\\/2021\\\/02\\\/digital-talks-start.jpg\",\"contentUrl\":\"https:\\\/\\\/dfvcg-events.de\\\/digital-talk\\\/wp-content\\\/uploads\\\/sites\\\/14\\\/2021\\\/02\\\/digital-talks-start.jpg\",\"width\":800,\"height\":800,\"caption\":\"Digital Talks | dfv Conference Group\"},\"image\":{\"@id\":\"https:\\\/\\\/dfvcg-events.de\\\/digital-talk\\\/#\\\/schema\\\/logo\\\/image\\\/\"}}]}<\/script>\n<!-- \/ Yoast SEO plugin. -->","yoast_head_json":{"title":"digital talk: Budgetdruck vs. Business Impact - Digital Talk","description":"Live. Aktuell. Inspirierend: digital talk: Budgetdruck vs. Business Impact .","robots":{"index":"index","follow":"follow","max-snippet":"max-snippet:-1","max-image-preview":"max-image-preview:large","max-video-preview":"max-video-preview:-1"},"canonical":"https:\/\/dfvcg-events.de\/digital-talk\/veranstaltung\/digital-talk-budgetdruck-vs-business-impact\/","og_locale":"de_DE","og_type":"article","og_title":"digital talk: Budgetdruck vs. Business Impact - Digital Talk","og_description":"Live. Aktuell. Inspirierend: digital talk: Budgetdruck vs. Business Impact .","og_url":"https:\/\/dfvcg-events.de\/digital-talk\/veranstaltung\/digital-talk-budgetdruck-vs-business-impact\/","og_site_name":"Digital Talk","article_modified_time":"2026-04-22T06:16:35+00:00","og_image":[{"width":800,"height":800,"url":"https:\/\/dfvcg-events.de\/digital-talk\/wp-content\/uploads\/sites\/14\/2026\/04\/Budgetdruck-800x800-1.jpg","type":"image\/jpeg"}],"twitter_card":"summary_large_image","twitter_misc":{"Gesch\u00e4tzte Lesezeit":"4\u00a0Minuten"},"schema":{"@context":"https:\/\/schema.org","@graph":[{"@type":"WebPage","@id":"https:\/\/dfvcg-events.de\/digital-talk\/veranstaltung\/digital-talk-budgetdruck-vs-business-impact\/","url":"https:\/\/dfvcg-events.de\/digital-talk\/veranstaltung\/digital-talk-budgetdruck-vs-business-impact\/","name":"digital talk: Budgetdruck vs. Business Impact - Digital Talk","isPartOf":{"@id":"https:\/\/dfvcg-events.de\/digital-talk\/#website"},"primaryImageOfPage":{"@id":"https:\/\/dfvcg-events.de\/digital-talk\/veranstaltung\/digital-talk-budgetdruck-vs-business-impact\/#primaryimage"},"image":{"@id":"https:\/\/dfvcg-events.de\/digital-talk\/veranstaltung\/digital-talk-budgetdruck-vs-business-impact\/#primaryimage"},"thumbnailUrl":"https:\/\/dfvcg-events.de\/digital-talk\/wp-content\/uploads\/sites\/14\/2026\/04\/Budgetdruck-800x800-1.jpg","datePublished":"2026-04-21T11:46:53+00:00","dateModified":"2026-04-22T06:16:35+00:00","description":"Live. Aktuell. Inspirierend: digital talk: Budgetdruck vs. Business Impact .","breadcrumb":{"@id":"https:\/\/dfvcg-events.de\/digital-talk\/veranstaltung\/digital-talk-budgetdruck-vs-business-impact\/#breadcrumb"},"inLanguage":"de","potentialAction":[{"@type":"ReadAction","target":["https:\/\/dfvcg-events.de\/digital-talk\/veranstaltung\/digital-talk-budgetdruck-vs-business-impact\/"]}]},{"@type":"ImageObject","inLanguage":"de","@id":"https:\/\/dfvcg-events.de\/digital-talk\/veranstaltung\/digital-talk-budgetdruck-vs-business-impact\/#primaryimage","url":"https:\/\/dfvcg-events.de\/digital-talk\/wp-content\/uploads\/sites\/14\/2026\/04\/Budgetdruck-800x800-1.jpg","contentUrl":"https:\/\/dfvcg-events.de\/digital-talk\/wp-content\/uploads\/sites\/14\/2026\/04\/Budgetdruck-800x800-1.jpg","width":800,"height":800},{"@type":"BreadcrumbList","@id":"https:\/\/dfvcg-events.de\/digital-talk\/veranstaltung\/digital-talk-budgetdruck-vs-business-impact\/#breadcrumb","itemListElement":[{"@type":"ListItem","position":1,"name":"Startseite","item":"https:\/\/dfvcg-events.de\/digital-talk\/"},{"@type":"ListItem","position":2,"name":"digital talk: Budgetdruck vs. Business Impact"}]},{"@type":"WebSite","@id":"https:\/\/dfvcg-events.de\/digital-talk\/#website","url":"https:\/\/dfvcg-events.de\/digital-talk\/","name":"Digital Talk","description":"dfv Conference Group","publisher":{"@id":"https:\/\/dfvcg-events.de\/digital-talk\/#organization"},"potentialAction":[{"@type":"SearchAction","target":{"@type":"EntryPoint","urlTemplate":"https:\/\/dfvcg-events.de\/digital-talk\/?s={search_term_string}"},"query-input":{"@type":"PropertyValueSpecification","valueRequired":true,"valueName":"search_term_string"}}],"inLanguage":"de"},{"@type":"Organization","@id":"https:\/\/dfvcg-events.de\/digital-talk\/#organization","name":"Digital Talks | dfv Conference Group","url":"https:\/\/dfvcg-events.de\/digital-talk\/","logo":{"@type":"ImageObject","inLanguage":"de","@id":"https:\/\/dfvcg-events.de\/digital-talk\/#\/schema\/logo\/image\/","url":"https:\/\/dfvcg-events.de\/digital-talk\/wp-content\/uploads\/sites\/14\/2021\/02\/digital-talks-start.jpg","contentUrl":"https:\/\/dfvcg-events.de\/digital-talk\/wp-content\/uploads\/sites\/14\/2021\/02\/digital-talks-start.jpg","width":800,"height":800,"caption":"Digital Talks | dfv Conference Group"},"image":{"@id":"https:\/\/dfvcg-events.de\/digital-talk\/#\/schema\/logo\/image\/"}}]}},"_links":{"self":[{"href":"https:\/\/dfvcg-events.de\/digital-talk\/wp-json\/wp\/v2\/portfolio\/20301","targetHints":{"allow":["GET"]}}],"collection":[{"href":"https:\/\/dfvcg-events.de\/digital-talk\/wp-json\/wp\/v2\/portfolio"}],"about":[{"href":"https:\/\/dfvcg-events.de\/digital-talk\/wp-json\/wp\/v2\/types\/portfolio"}],"author":[{"embeddable":true,"href":"https:\/\/dfvcg-events.de\/digital-talk\/wp-json\/wp\/v2\/users\/10"}],"replies":[{"embeddable":true,"href":"https:\/\/dfvcg-events.de\/digital-talk\/wp-json\/wp\/v2\/comments?post=20301"}],"version-history":[{"count":6,"href":"https:\/\/dfvcg-events.de\/digital-talk\/wp-json\/wp\/v2\/portfolio\/20301\/revisions"}],"predecessor-version":[{"id":20321,"href":"https:\/\/dfvcg-events.de\/digital-talk\/wp-json\/wp\/v2\/portfolio\/20301\/revisions\/20321"}],"wp:featuredmedia":[{"embeddable":true,"href":"https:\/\/dfvcg-events.de\/digital-talk\/wp-json\/wp\/v2\/media\/20302"}],"wp:attachment":[{"href":"https:\/\/dfvcg-events.de\/digital-talk\/wp-json\/wp\/v2\/media?parent=20301"}],"wp:term":[{"taxonomy":"post_tag","embeddable":true,"href":"https:\/\/dfvcg-events.de\/digital-talk\/wp-json\/wp\/v2\/tags?post=20301"},{"taxonomy":"portfolio_entries","embeddable":true,"href":"https:\/\/dfvcg-events.de\/digital-talk\/wp-json\/wp\/v2\/portfolio_entries?post=20301"}],"curies":[{"name":"wp","href":"https:\/\/api.w.org\/{rel}","templated":true}]}}